{"id":62325,"date":"2023-12-07T17:03:28","date_gmt":"2023-12-07T16:03:28","guid":{"rendered":"https:\/\/www.keturist.sk\/info\/?page_id=62325"},"modified":"2023-12-12T17:35:35","modified_gmt":"2023-12-12T16:35:35","slug":"obec-velka-trna","status":"publish","type":"page","link":"https:\/\/www.keturist.sk\/info\/turisticke-vychodiska\/smer-dolny-zemplin\/obec-velka-trna\/","title":{"rendered":"Obec Ve\u013ek\u00e1 T\u0155\u0148a"},"content":{"rendered":"<a href=\"https:\/\/www.keturist.sk\/info\/\" class=\"su-button su-button-style-default\" style=\"color:#000000;background-color:#FFCF2F;border-color:#cca626;border-radius:5px\" target=\"_self\"><span style=\"color:#000000;padding:6px 16px;font-size:13px;line-height:20px;border-color:#ffde6e;border-radius:5px;text-shadow:none\"><i class=\"sui sui-arrow-right\" style=\"font-size:13px;color:#000000\"><\/i>  Spravodaj <\/span><\/a>\n<a href=\"https:\/\/www.keturist.sk\/info\/tipy-na-vylety\/\" class=\"su-button su-button-style-default\" style=\"color:#000000;background-color:#FFCF2F;border-color:#cca626;border-radius:5px\" target=\"_self\"><span style=\"color:#000000;padding:6px 16px;font-size:13px;line-height:20px;border-color:#ffde6e;border-radius:5px;text-shadow:none\"><i class=\"sui sui-arrow-right\" style=\"font-size:13px;color:#000000\"><\/i>  TIPY NA V\u00ddLETY <\/span><\/a>\n<a href=\"https:\/\/www.keturist.sk\/info\/turisticke-vychodiska\/\" class=\"su-button su-button-style-default\" style=\"color:#000000;background-color:#FFCF2F;border-color:#cca626;border-radius:5px\" target=\"_self\"><span style=\"color:#000000;padding:6px 16px;font-size:13px;line-height:20px;border-color:#ffde6e;border-radius:5px;text-shadow:none\"><i class=\"sui sui-arrow-right\" style=\"font-size:13px;color:#000000\"><\/i>  Turistick\u00e9 v\u00fdchodisk\u00e1 <\/span><\/a>\n<a href=\"https:\/\/www.keturist.sk\/info\/turisticke-vychodiska\/smer-dolny-zemplin\/\" class=\"su-button su-button-style-default\" style=\"color:#000000;background-color:#FFCF2F;border-color:#cca626;border-radius:5px\" target=\"_self\"><span style=\"color:#000000;padding:6px 16px;font-size:13px;line-height:20px;border-color:#ffde6e;border-radius:5px;text-shadow:none\"><i class=\"sui sui-arrow-right\" style=\"font-size:13px;color:#000000\"><\/i> Smer Doln\u00fd Zempl\u00edn <\/span><\/a>\n<div class=\"su-divider su-divider-style-default\" style=\"margin:15px 0;border-width:2px;border-color:#000000\"><\/div>\n<div class=\"su-accordion su-u-trim\">\n<div class=\"su-spoiler su-spoiler-style-fancy su-spoiler-icon-plus su-spoiler-closed\" data-scroll-offset=\"0\" data-anchor-in-url=\"no\"><div class=\"su-spoiler-title\" tabindex=\"0\" role=\"button\"><span class=\"su-spoiler-icon\"><\/span>Textov\u00e9 menu - Turistick\u00e9 v\u00fdchodisk\u00e1 - Smer Doln\u00fd Zempl\u00edn<\/div><div class=\"su-spoiler-content su-u-clearfix su-u-trim\">\n<code><div class=\"column-group columns-2\"><div class=\"column column-number-1 column-span-1\"><p><\/code><br \/>\n<strong>Mest\u00e1:<\/strong><br \/>\n<a href=\"https:\/\/www.keturist.sk\/info\/turisticke-vychodiska\/smer-dolny-zemplin\/mesto-kralovsky-chlmec\/\">Kr\u00e1\u013eovsk\u00fd Chlmec<\/a><br \/>\n<a href=\"https:\/\/www.keturist.sk\/info\/turisticke-vychodiska\/smer-dolny-zemplin\/mesto-michalovce\/\">Michalovce<\/a><br \/>\n<a href=\"https:\/\/www.keturist.sk\/info\/turisticke-vychodiska\/smer-dolny-zemplin\/mesto-trebisov\/\">Trebi\u0161ov<\/a><br \/>\n<strong>Obce:<\/strong><br \/>\n<a href=\"https:\/\/www.keturist.sk\/info\/turisticke-vychodiska\/smer-dolny-zemplin\/obec-cerhov\/\">\u010cerhov<\/a><br \/>\n<a href=\"https:\/\/www.keturist.sk\/info\/turisticke-vychodiska\/smer-dolny-zemplin\/obec-bara\/\">Bara<\/a><br \/>\n<a href=\"https:\/\/www.keturist.sk\/info\/turisticke-vychodiska\/smer-dolny-zemplin\/obec-borsa\/\">Bor\u0161a<\/a><\/p>\n<\/div><div class=\"column column-number-2 last column-span-1\"><p><a href=\"https:\/\/www.keturist.sk\/info\/turisticke-vychodiska\/smer-dolny-zemplin\/obec-kazimir\/\">Kazim\u00edr<\/a><br \/>\n<a href=\"https:\/\/www.keturist.sk\/info\/turisticke-vychodiska\/smer-dolny-zemplin\/obec-mala-trna\/\">Mal\u00e1 T\u0155\u0148a<\/a><br \/>\n<a href=\"https:\/\/www.keturist.sk\/info\/turisticke-vychodiska\/smer-dolny-zemplin\/obec-senne\/\">Senn\u00e9<\/a><br \/>\n<a href=\"https:\/\/www.keturist.sk\/info\/turisticke-vychodiska\/smer-dolny-zemplin\/obec-velky-kamenec\/\">Ve\u013ek\u00fd Kamenec<\/a><br \/>\n<a href=\"https:\/\/www.keturist.sk\/info\/turisticke-vychodiska\/smer-dolny-zemplin\/obec-velka-trna\/\">Ve\u013ek\u00e1 T\u0155\u0148a<\/a><br \/>\n<a href=\"https:\/\/www.keturist.sk\/info\/turisticke-vychodiska\/smer-dolny-zemplin\/obec-vinicky\/\">Vini\u010dky<\/a><br \/>\n<a href=\"https:\/\/www.keturist.sk\/info\/turisticke-vychodiska\/smer-dolny-zemplin\/obec-vinne\/\">Vinn\u00e9<\/a><br \/>\n<a href=\"https:\/\/www.keturist.sk\/info\/turisticke-vychodiska\/smer-dolny-zemplin\/obec-zemplin\/\">Zempl\u00edn<\/a><\/p>\n<\/div><\/div><\/div><\/div><\/div>\n<div class=\"su-divider su-divider-style-default\" style=\"margin:15px 0;border-width:2px;border-color:#000000\"><\/div>\n<h3><span style=\"color: #808000;\">V\u0161eobecn\u00e9 inform\u00e1cie<\/span><\/h3>\n<p>Obec Ve\u013ek\u00e1 T\u0155\u0148a sa nach\u00e1dza v srdci vinohradn\u00edckeho regi\u00f3nu Tokaj pribli\u017ene 4 km od slovensko-ma\u010farskej \u0161t\u00e1tnej hranice a pribli\u017ene 7 km od hrani\u010dn\u00e9ho priechodu Slovensk\u00e9 Nov\u00e9 Mesto \u2013 S\u00e1toralja\u00fajhely.<\/p>\n<figure id=\"attachment_62545\" aria-describedby=\"caption-attachment-62545\" style=\"width: 800px\" class=\"wp-caption aligncenter\"><a href=\"https:\/\/www.keturist.sk\/info\/wp-content\/uploads\/2023\/12\/velka-trna5.jpg\"><img loading=\"lazy\" decoding=\"async\" class=\"wp-image-62545 size-medium\" src=\"https:\/\/www.keturist.sk\/info\/wp-content\/uploads\/2023\/12\/velka-trna5-800x534.jpg\" alt=\"\" width=\"800\" height=\"534\" srcset=\"https:\/\/www.keturist.sk\/info\/wp-content\/uploads\/2023\/12\/velka-trna5-800x534.jpg 800w, https:\/\/www.keturist.sk\/info\/wp-content\/uploads\/2023\/12\/velka-trna5-270x180.jpg 270w, https:\/\/www.keturist.sk\/info\/wp-content\/uploads\/2023\/12\/velka-trna5-768x512.jpg 768w, https:\/\/www.keturist.sk\/info\/wp-content\/uploads\/2023\/12\/velka-trna5.jpg 1000w\" sizes=\"auto, (max-width: 800px) 100vw, 800px\" \/><\/a><figcaption id=\"caption-attachment-62545\" class=\"wp-caption-text\">Obec Ve\u013ek\u00e1 T\u0155\u0148a, Fotograf: Jozef Mare\u010dek (https:\/\/www.facebook.com\/jozef.marecek.94)<\/figcaption><\/figure>\n<p>Le\u017e\u00ed ju\u017enej \u010dasti V\u00fdchodoslovenskej n\u00ed\u017einy, na juhoz\u00e1padnom up\u00e4t\u00ed Zempl\u00ednskych vrchov obklopen\u00e1 vinicami a pahorkatinou.<\/p>\n<p>Obec je s\u00fa\u010das\u0165ou Tokajskej v\u00ednnej cesty.<\/p>\n<figure id=\"attachment_62544\" aria-describedby=\"caption-attachment-62544\" style=\"width: 800px\" class=\"wp-caption aligncenter\"><a href=\"https:\/\/www.keturist.sk\/info\/wp-content\/uploads\/2023\/12\/velka-trna4.jpg\"><img loading=\"lazy\" decoding=\"async\" class=\"wp-image-62544 size-medium\" src=\"https:\/\/www.keturist.sk\/info\/wp-content\/uploads\/2023\/12\/velka-trna4-800x534.jpg\" alt=\"\" width=\"800\" height=\"534\" srcset=\"https:\/\/www.keturist.sk\/info\/wp-content\/uploads\/2023\/12\/velka-trna4-800x534.jpg 800w, https:\/\/www.keturist.sk\/info\/wp-content\/uploads\/2023\/12\/velka-trna4-270x180.jpg 270w, https:\/\/www.keturist.sk\/info\/wp-content\/uploads\/2023\/12\/velka-trna4-768x512.jpg 768w, https:\/\/www.keturist.sk\/info\/wp-content\/uploads\/2023\/12\/velka-trna4.jpg 1000w\" sizes=\"auto, (max-width: 800px) 100vw, 800px\" \/><\/a><figcaption id=\"caption-attachment-62544\" class=\"wp-caption-text\">Obec Ve\u013ek\u00e1 T\u0155\u0148a, Fotograf: Jozef Mare\u010dek (https:\/\/www.facebook.com\/jozef.marecek.94)<\/figcaption><\/figure>\n<p>Pri n\u00e1v\u0161teve obce m\u00e1te mo\u017enos\u0165 ochutna\u0165 tokajsk\u00e9 v\u00edno.<\/p>\n<p>Pri ochutn\u00e1vke si vyberiete a\u017e z desiatich druhov tohto kr\u00e1\u013eovsk\u00e9ho moku (najzn\u00e1mej\u0161\u00ed je 3 \u2013 6 put\u0148ov\u00fd Tokajsk\u00fd v\u00fdber).<\/p>\n<figure id=\"attachment_62543\" aria-describedby=\"caption-attachment-62543\" style=\"width: 800px\" class=\"wp-caption aligncenter\"><a href=\"https:\/\/www.keturist.sk\/info\/wp-content\/uploads\/2023\/12\/velka-trna3.jpg\"><img loading=\"lazy\" decoding=\"async\" class=\"wp-image-62543 size-medium\" src=\"https:\/\/www.keturist.sk\/info\/wp-content\/uploads\/2023\/12\/velka-trna3-800x534.jpg\" alt=\"\" width=\"800\" height=\"534\" srcset=\"https:\/\/www.keturist.sk\/info\/wp-content\/uploads\/2023\/12\/velka-trna3-800x534.jpg 800w, https:\/\/www.keturist.sk\/info\/wp-content\/uploads\/2023\/12\/velka-trna3-270x180.jpg 270w, https:\/\/www.keturist.sk\/info\/wp-content\/uploads\/2023\/12\/velka-trna3-768x512.jpg 768w, https:\/\/www.keturist.sk\/info\/wp-content\/uploads\/2023\/12\/velka-trna3.jpg 1000w\" sizes=\"auto, (max-width: 800px) 100vw, 800px\" \/><\/a><figcaption id=\"caption-attachment-62543\" class=\"wp-caption-text\">Obec Ve\u013ek\u00e1 T\u0155\u0148a, Fotograf: Jozef Mare\u010dek (https:\/\/www.facebook.com\/jozef.marecek.94)<\/figcaption><\/figure>\n<p>E\u0161te z \u010dias tureck\u00fdch vojen poch\u00e1dzaj\u00fa niektor\u00e9 historick\u00e9 v\u00ednne pivnice, vytesan\u00e9 do sk\u00e1l, hlbok\u00e9 8 a\u017e 16 metrov.<\/p>\n<p>Pon\u00fakaj\u00fa pr\u00edjemn\u00e9 ochladenie organizmu po\u010das letn\u00fdch hor\u00fa\u010dav spojen\u00e9 s ochutn\u00e1vkou miestnych v\u00ednnych a gastronomick\u00fdch produktov.<\/p>\n<figure id=\"attachment_62542\" aria-describedby=\"caption-attachment-62542\" style=\"width: 800px\" class=\"wp-caption aligncenter\"><a href=\"https:\/\/www.keturist.sk\/info\/wp-content\/uploads\/2023\/12\/velka-trna2.jpg\"><img loading=\"lazy\" decoding=\"async\" class=\"wp-image-62542 size-medium\" src=\"https:\/\/www.keturist.sk\/info\/wp-content\/uploads\/2023\/12\/velka-trna2-800x535.jpg\" alt=\"\" width=\"800\" height=\"535\" srcset=\"https:\/\/www.keturist.sk\/info\/wp-content\/uploads\/2023\/12\/velka-trna2-800x535.jpg 800w, https:\/\/www.keturist.sk\/info\/wp-content\/uploads\/2023\/12\/velka-trna2-270x180.jpg 270w, https:\/\/www.keturist.sk\/info\/wp-content\/uploads\/2023\/12\/velka-trna2-768x514.jpg 768w, https:\/\/www.keturist.sk\/info\/wp-content\/uploads\/2023\/12\/velka-trna2.jpg 1000w\" sizes=\"auto, (max-width: 800px) 100vw, 800px\" \/><\/a><figcaption id=\"caption-attachment-62542\" class=\"wp-caption-text\">Obec Ve\u013ek\u00e1 T\u0155\u0148a, Fotograf: Jozef Mare\u010dek (https:\/\/www.facebook.com\/jozef.marecek.94)<\/figcaption><\/figure>\n<p>Obcou pretek\u00e1 <strong>Ve\u013ekot\u0155\u0148ansk\u00fd potok<\/strong>, ktor\u00fd pramen\u00ed pod vrchom <strong>Rozh\u013ead\u0148a (469 m n.m.)<\/strong> a vlieva sa do rieky Ro\u0148ava na slovensko-ma\u010farskej hranici.<\/p>\n<p>Najzn\u00e1mej\u0161\u00edm v\u00fdrobcom tokajsk\u00e9ho v\u00edna vo Ve\u013ekej T\u0155ni s\u00fa J&amp;J Ostro\u017eovi\u010d a V\u00edno Vdovjak.<\/p>\n<h3><span style=\"color: #808000;\">Pamiatky<\/span><\/h3>\n<h4><span style=\"color: #800000;\">Reformovan\u00fd kostol<\/span><\/h4>\n<p>Reformovan\u00fd kostol je jednolo\u010fov\u00e1 rom\u00e1nska stavba s polygon\u00e1lnym z\u00e1verom a ve\u017eou tvoriacou s\u00fa\u010das\u0165 jej hmoty z druhej \u0161tvrtiny 13. storo\u010dia.<\/p>\n<p>Objekt je aj n\u00e1rodnou kult\u00farnou pamiatkou, ktor\u00fd sa dominantne vyn\u00edma na kopci nad dedinou.<\/p>\n<p>Zauj\u00edmavos\u0165ou s\u00fa jeho bohato zdoben\u00e9 fas\u00e1dy, \u010d\u00edm sa rad\u00ed k najozdobenej\u0161\u00edm rom\u00e1nskym chr\u00e1mom na vidieku.<\/p>\n<p>Najstar\u0161ia rom\u00e1nska \u010das\u0165 kostola je postaven\u00e1 z tenk\u00fdch teh\u00e1l.<\/p>\n<p>P\u00f4vodn\u00fa apsidu zb\u00farali v 15. storo\u010d\u00ed a nahradili ju gotick\u00fdm presbyt\u00e9riom.<\/p>\n<p>Z tejto etapy sa dochovalo gotick\u00e9 okno s lomen\u00fdm obl\u00fakom a kru\u017ebou na ju\u017enej stene lode.<\/p>\n<p>Od reform\u00e1cie patr\u00ed kostol reformovan\u00fdm veriacim.<\/p>\n<p>V roku 1936 pre\u0161iel poslednou prestavbou, kedy bolo zb\u00faran\u00e9 gotick\u00e9 polygon\u00e1lne presbyt\u00e9rium a nahraden\u00e9 novostavbou.<\/p>\n<p>V rokoch 2003-2004 tu prebehol archeologick\u00fd v\u00fdskum a n\u00e1sledn\u00e1 obnova rom\u00e1nskej \u010dasti stavby.<\/p>\n<p>V interi\u00e9ri sa nach\u00e1dza asi najlep\u0161ie zachovan\u00e1 rom\u00e1nska empora na Slovensku.<\/p>\n<p>Sklad\u00e1 sa z troch ark\u00e1dov\u00fdch obl\u00fakov podopret\u00fdch valcov\u00fdmi st\u013apmi.<\/p>\n<p>Zaklenut\u00e1 je valenou klenbou.<\/p>\n<p>V lodi boli objaven\u00e9 zvy\u0161ky v\u00fdma\u013eby.<\/p>\n<p>Vz\u00e1cna rom\u00e1nska ma\u013eba z obdobia po polovici 13. storo\u010dia sa dochovala v exteri\u00e9ri, v tympan\u00f3ne zamurovan\u00e9o ju\u017en\u00e9ho port\u00e1lu.<\/p>\n<p>Zobrazuje polfig\u00faru Panny M\u00e1rie s die\u0165a\u0165om a anjelmi.<\/p>\n<p>Fas\u00e1da kostola je plej\u00e1dou typick\u00fdch rom\u00e1nskych prvkov.<\/p>\n<p>Je \u010dlenen\u00e1 liz\u00e9nami a p\u00edlovit\u00fdm vlysom v podstre\u0161\u00ed.<\/p>\n<p>Dochovali sa tu \u00fazke rom\u00e1nske okn\u00e1 s obl\u00fakov\u00fdm z\u00e1klenkom.<\/p>\n<p>Na ve\u017ei sa nach\u00e1dzaj\u00fa rom\u00e1nske zdvojen\u00e9 okn\u00e1, bif\u00f3ri\u00e1, v dvoch radoch.<\/p>\n<p>\u010clenen\u00e1 je taktie\u017e liz\u00e9nami a ukon\u010den\u00e1 p\u00edlovit\u00fdm vlysom a ilancovou helmicou.<\/p>\n<h4><span style=\"color: #800000;\">Gr\u00e9ckokatol\u00edcky kostol<\/span><\/h4>\n<p>Gr\u00e9ckokatol\u00edcky kostol Najsv\u00e4tej\u0161ej Trojice je jednolo\u010fov\u00e1 klasicistick\u00e1 stavba s polygon\u00e1lnym ukon\u010den\u00edm presbyt\u00e9ria a predstavanou ve\u017eou zo za\u010diatku 19. storo\u010dia.<\/p>\n<p>V roku 1899 bol roz\u0161\u00edren\u00fd predstavan\u00edm lode z\u00e1padn\u00fdm smerom.<\/p>\n<p>Interi\u00e9r je zaklenut\u00fd plytkou valenou klenbou.<\/p>\n<p>V interi\u00e9ri sa nach\u00e1dza hlavn\u00fd olt\u00e1r a bo\u010dn\u00e9 olt\u00e1re z obdobia vzniku stavby.<\/p>\n<p>Fas\u00e1dy kostola s\u00fa hladk\u00e9 so segmentovo ukon\u010den\u00fdmi oknami.<\/p>\n<p>Ve\u017ea je \u010dlenen\u00e1 liz\u00e9nov\u00fdmi r\u00e1mami a ukon\u010den\u00e1 korunnou r\u00edmsou s ter\u010d\u00edkom a barokovou helmicou.<\/p>\n<h4><span style=\"color: #800000;\">Pamiatkov\u00e1 z\u00f3na vo Ve\u013ekej T\u0155ni<\/span><\/h4>\n<p>Gazdovsk\u00e9 pivni\u010dky v obci Ve\u013ek\u00e1 T\u0155\u0148a predstavuj\u00fa s\u00fabor 33 kamenn\u00fdch port\u00e1lov, ktor\u00e9 V\u00e1s zaved\u00fa do historick\u00fdch tokajsk\u00fdch v\u00ednnych pivni\u010diek.<\/p>\n<figure id=\"attachment_62540\" aria-describedby=\"caption-attachment-62540\" style=\"width: 800px\" class=\"wp-caption aligncenter\"><a href=\"https:\/\/www.keturist.sk\/info\/wp-content\/uploads\/2023\/12\/velka-trna6.jpg\"><img loading=\"lazy\" decoding=\"async\" class=\"wp-image-62540 size-medium\" src=\"https:\/\/www.keturist.sk\/info\/wp-content\/uploads\/2023\/12\/velka-trna6-800x534.jpg\" alt=\"\" width=\"800\" height=\"534\" srcset=\"https:\/\/www.keturist.sk\/info\/wp-content\/uploads\/2023\/12\/velka-trna6-800x534.jpg 800w, https:\/\/www.keturist.sk\/info\/wp-content\/uploads\/2023\/12\/velka-trna6-270x180.jpg 270w, https:\/\/www.keturist.sk\/info\/wp-content\/uploads\/2023\/12\/velka-trna6-768x513.jpg 768w, https:\/\/www.keturist.sk\/info\/wp-content\/uploads\/2023\/12\/velka-trna6.jpg 1000w\" sizes=\"auto, (max-width: 800px) 100vw, 800px\" \/><\/a><figcaption id=\"caption-attachment-62540\" class=\"wp-caption-text\">Obec Ve\u013ek\u00e1 T\u0155\u0148a, Fotograf: Jozef Mare\u010dek (https:\/\/www.facebook.com\/jozef.marecek.94)<\/figcaption><\/figure>\n<p>\u00dazemie tokajsk\u00fdch pivn\u00edc vo Ve\u013ekej T\u0155ni bolo vyhl\u00e1sen\u00e9 za pamiatkov\u00fa z\u00f3nu.<\/p>\n<p><strong>Viac info o pivniciach:<\/strong><\/p>\n<ul>\n<li><a href=\"https:\/\/www.keturist.sk\/info\/kam-za-pamiatkami\/kam-za-pamiatkami-smer-zemplin\/ludova-architektura\/tokajske-vinne-pivnice\/\" target=\"_blank\" rel=\"noopener\">Tokajsk\u00e9 v\u00ednne pivnice a pamiatkov\u00e1 z\u00f3na vo Ve\u013ekej T\u0155ni (\u010d\u00edtaj viac v novom okne&#8230;)<\/a><\/li>\n<\/ul>\n<h3><span style=\"color: #808000;\">Vinohradn\u00edcka oblas\u0165 Tokaj<\/span><\/h3>\n<p>Vinohradn\u00edcka oblas\u0165 Tokaj je geograficky uzatvoren\u00e1 oblas\u0165 vinohradn\u00edctva a vin\u00e1rstva v povod\u00ed rieky <a href=\"https:\/\/www.keturist.sk\/info\/kam-do-prirody\/kam-do-prirody-smer-zemplin\/vodopady-jazierka-rieky\/rieka-bodrog\/\">Bodrog<\/a>, severne na Slovensku ohrani\u010den\u00e1 <a href=\"https:\/\/sk.wikipedia.org\/wiki\/Zempl%C3%ADnske_vrchy\" target=\"_blank\" rel=\"noopener\">Zempl\u00ednskymi vrchmi<\/a>, vrchom <strong>Rozh\u013ead\u0148a (469 m n.m.)<\/strong> a na juhu v Ma\u010farsku ohrani\u010den\u00e1 s\u00fatokom riek <a href=\"https:\/\/www.keturist.sk\/info\/kam-do-prirody\/kam-do-prirody-smer-zemplin\/vodopady-jazierka-rieky\/rieka-tisa\/\">Tisa<\/a> a <a href=\"https:\/\/www.keturist.sk\/info\/kam-do-prirody\/kam-do-prirody-smer-zemplin\/vodopady-jazierka-rieky\/rieka-bodrog\/\">Bodrog<\/a>.<\/p>\n<figure id=\"attachment_43798\" aria-describedby=\"caption-attachment-43798\" style=\"width: 800px\" class=\"wp-caption aligncenter\"><a href=\"https:\/\/www.keturist.sk\/info\/wp-content\/uploads\/2021\/11\/tokaj3.jpg\"><img loading=\"lazy\" decoding=\"async\" class=\"wp-image-43798 size-medium\" src=\"https:\/\/www.keturist.sk\/info\/wp-content\/uploads\/2021\/11\/tokaj3-800x534.jpg\" alt=\"\" width=\"800\" height=\"534\" srcset=\"https:\/\/www.keturist.sk\/info\/wp-content\/uploads\/2021\/11\/tokaj3-800x534.jpg 800w, https:\/\/www.keturist.sk\/info\/wp-content\/uploads\/2021\/11\/tokaj3-270x180.jpg 270w, https:\/\/www.keturist.sk\/info\/wp-content\/uploads\/2021\/11\/tokaj3-768x512.jpg 768w, https:\/\/www.keturist.sk\/info\/wp-content\/uploads\/2021\/11\/tokaj3.jpg 1000w\" sizes=\"auto, (max-width: 800px) 100vw, 800px\" \/><\/a><figcaption id=\"caption-attachment-43798\" class=\"wp-caption-text\">Vinohradn\u00edcka oblas\u0165 Tokaj, Fotograf: Jozef Mare\u010dek (https:\/\/www.facebook.com\/jozef.marecek.94)<\/figcaption><\/figure>\n<p>Je historickou aj teritori\u00e1lnou s\u00fa\u010das\u0165ou ve\u013ek\u00e9ho tokajsk\u00e9ho regi\u00f3nu, ktor\u00e9ho v\u00e4\u010d\u0161ia \u010das\u0165 sa rozprestiera na \u00fazem\u00ed Ma\u010farska (cca 5 000 ha).<\/p>\n<p>Na Slovensku je z\u00e1konom delimitovan\u00fdch 907 ha.<\/p>\n<p>Oblas\u0165 Tokaja, je zn\u00e1ma po celom svete najm\u00e4 v\u010faka odrode v\u00edna, ktor\u00fa ob\u013euboval u\u017e v 17. storo\u010d\u00ed aj \u013dudov\u00edt XIV. toto v\u00edno prv\u00fd kr\u00e1t vyrobil Sepsi Laczko Mat\u00e9 v roku 1650.<\/p>\n<p><strong>Viac info o Tokaji: <\/strong><\/p>\n<ul>\n<li><a href=\"https:\/\/www.keturist.sk\/info\/tipy-na-vylety\/vinna-turistika\/vinohradnicka-oblast-tokaj\/\" target=\"_blank\" rel=\"noopener\">Vinohradn\u00edcka oblas\u0165 Tokaj (\u010d\u00edtaj viac v novom okne&#8230;)<\/a><\/li>\n<\/ul>\n<h3><span style=\"color: #808000;\">V\u00ednne pivnice a vinot\u00e9ky:<\/span><\/h3>\n<div id=\"metaslider-id-41466\" style=\"max-width: 800px; margin: 0 auto;\" class=\"ml-slider-3-108-0 metaslider metaslider-flex metaslider-41466 ml-slider ms-theme-default nav-hidden\" role=\"region\" aria-label=\"J &amp; J Ostro\u017eovi\u010d Ve\u013ek\u00e1 T\u0155\u0148a\" data-height=\"250\" data-width=\"800\">\n    <div id=\"metaslider_container_41466\">\n        <div id=\"metaslider_41466\" class=\"flexslider\">\n            <ul class='slides'>\n                <li style=\"display: block; width: 100%;\" class=\"slide-41468 ms-image \" aria-roledescription=\"slide\" data-date=\"2021-08-27 16:47:06\" data-filename=\"ostrozovic-banner.jpg\" data-slide-type=\"image\"><a href=\"https:\/\/www.ostrozovic.sk\/\" target=\"_blank\" aria-label=\"View Slide Details\" class=\"metaslider_image_link\" rel=\"noopener\"><img loading=\"lazy\" decoding=\"async\" src=\"https:\/\/www.keturist.sk\/info\/wp-content\/uploads\/2020\/05\/ostrozovic-banner.jpg\" height=\"250\" width=\"800\" alt=\"\" class=\"slider-41466 slide-41468 msDefaultImage\" title=\"ostrozovic banner\" \/><\/a><div class=\"caption-wrap\"><div class=\"caption\"><b><a href=\"https:\/\/www.ostrozovic.sk\/\" target=\"_blank\" rel=\"noreferrer noopener\"><span style=\"color:#FFFF00;\"> J &amp; J Ostro\u017eovi\u010d Ve\u013ek\u00e1 T\u0155\u0148a\n<\/span><\/a><\/b><\/div><\/div><\/li>\n            <\/ul>\n        <\/div>\n        \n    <\/div>\n<\/div><div id=\"metaslider-id-41480\" style=\"max-width: 800px; margin: 0 auto;\" class=\"ml-slider-3-108-0 metaslider metaslider-flex metaslider-41480 ml-slider ms-theme-default nav-hidden nav-hidden\" role=\"region\" aria-label=\"V\u00cdNO VDOVJAK\" data-height=\"250\" data-width=\"800\">\n    <div id=\"metaslider_container_41480\">\n        <div id=\"metaslider_41480\" class=\"flexslider\">\n            <ul class='slides'>\n                <li style=\"display: block; width: 100%;\" class=\"slide-41482 ms-image \" aria-roledescription=\"slide\" data-date=\"2021-08-28 11:10:16\" data-filename=\"vinovdovjak-banner.jpg\" data-slide-type=\"image\"><a href=\"http:\/\/www.vinovdovjak.sk\/\" target=\"_blank\" aria-label=\"View Slide Details\" class=\"metaslider_image_link\" rel=\"noopener\"><img loading=\"lazy\" decoding=\"async\" src=\"https:\/\/www.keturist.sk\/info\/wp-content\/uploads\/2020\/05\/vinovdovjak-banner.jpg\" height=\"250\" width=\"800\" alt=\"\" class=\"slider-41480 slide-41482 msDefaultImage\" title=\"vinovdovjak banner\" \/><\/a><div class=\"caption-wrap\"><div class=\"caption\"><b><a href=\"http:\/\/www.vinovdovjak.sk\/\" target=\"_blank\" rel=\"noreferrer noopener\"><span style=\"color:#FFFF00;\"> V\u00cdNO VDOVJAK Ve\u013ek\u00e1 T\u0155\u0148a\n<\/span><\/a><\/b><\/div><\/div><\/li>\n            <\/ul>\n        <\/div>\n        \n    <\/div>\n<\/div>\n<h3><span style=\"color: #808000;\">Hist\u00f3ria<\/span><\/h3>\n<p>Obec sa m\u00f4\u017ee pop\u00fd\u0161i\u0165 bohatou hist\u00f3riou, po\u010diatky os\u00eddlenia potvrdili v\u00fdskumy u\u017e z \u010dias doby kamennej.<\/p>\n<figure id=\"attachment_62541\" aria-describedby=\"caption-attachment-62541\" style=\"width: 800px\" class=\"wp-caption aligncenter\"><a href=\"https:\/\/www.keturist.sk\/info\/wp-content\/uploads\/2023\/12\/velka-trna1.jpg\"><img loading=\"lazy\" decoding=\"async\" class=\"wp-image-62541 size-medium\" src=\"https:\/\/www.keturist.sk\/info\/wp-content\/uploads\/2023\/12\/velka-trna1-800x534.jpg\" alt=\"\" width=\"800\" height=\"534\" srcset=\"https:\/\/www.keturist.sk\/info\/wp-content\/uploads\/2023\/12\/velka-trna1-800x534.jpg 800w, https:\/\/www.keturist.sk\/info\/wp-content\/uploads\/2023\/12\/velka-trna1-270x180.jpg 270w, https:\/\/www.keturist.sk\/info\/wp-content\/uploads\/2023\/12\/velka-trna1-768x512.jpg 768w, https:\/\/www.keturist.sk\/info\/wp-content\/uploads\/2023\/12\/velka-trna1.jpg 1000w\" sizes=\"auto, (max-width: 800px) 100vw, 800px\" \/><\/a><figcaption id=\"caption-attachment-62541\" class=\"wp-caption-text\">Obec Ve\u013ek\u00e1 T\u0155\u0148a, Fotograf: Jozef Mare\u010dek (https:\/\/www.facebook.com\/jozef.marecek.94)<\/figcaption><\/figure>\n<p>Z roku 1222 je evidovan\u00e1 prv\u00e1 p\u00edsomn\u00e1 zmienka o obci, kde je veden\u00e1 ako majetok tunaj\u0161\u00edch zemanov.<\/p>\n<p>Vystriedala viacero p\u00e1nov, \u010di u\u017e z oblasti miestneho panstva alebo cirkvi.<\/p>\n<p>V\u00fdrazne do chodu obce zasiahli vp\u00e1dy Turkov a krymsk\u00fdch Tat\u00e1rov.<\/p>\n<p>Samotn\u00ed Turci s\u00edce v\u00edno nepili, ale postarali sa o rozvoj vinohradn\u00edctva a obnovu pivn\u00edc.<\/p>\n<p>Pochopili, \u017ee miestne v\u00edno je v\u00fdborn\u00fdm obchodn\u00fdm artiklom.<\/p>\n<p>Obec bola v minulosti k\u00fape\u013en\u00fdm miestom, vyvierali tu miner\u00e1lne lie\u010div\u00e9 pramene, ktor\u00e9 podporovali lie\u010dbu reumatick\u00fdch ochoren\u00ed a z dosia\u013e nezisten\u00fdch pr\u00ed\u010din v\u0161ak zanikli.<\/p>\n<h3><span style=\"color: #808000;\">Mapy<\/span><\/h3>\n<p><strong>Vrstvy: <\/strong>Turistick\u00e1 mapa, Automapa, Cyklomapa, Ly\u017eiarska mapa, Satelitn\u00e1 mapa a OpenStreetMap.<\/p>\n<p><strong>Kliknut\u00edm na logo &#8222;Freemap.sk&#8220; sa V\u00e1m mapa zobraz\u00ed na celej ploche obrazovky.<\/strong><\/p>\n<p><iframe style=\"width: 800px; height: 500px; border: 0;\" src=\"https:\/\/www.freemap.sk\/?map=15\/48.468728\/21.680038&amp;&amp;info-point=48.468728\/21.680038&amp;,Obec Ve\u013ek\u00e1 T\u0155\u0148a&amp;layers=T&amp;embed=search\" allowfullscreen=\"allowfullscreen\"><\/iframe><\/p>\n<h3><span style=\"color: #808000;\">Po\u010dasie<\/span><\/h3>\n<p><iframe style=\"width: 805px; height: 613px;\" src=\"https:\/\/www.meteoblue.com\/sk\/po%C4%8Dasie\/widget\/three\/ve%c4%bek%c3%a1-t%c5%95%c5%88a_slovensk%c3%a1-republika_723269?geoloc=fixed&amp;nocurrent=0&amp;noforecast=0&amp;days=7&amp;tempunit=CELSIUS&amp;windunit=KILOMETER_PER_HOUR&amp;layout=image\" frameborder=\"0\" scrolling=\"NO\" sandbox=\"allow-same-origin allow-scripts allow-popups allow-popups-to-escape-sandbox\"><\/iframe><\/p>\n<div><!-- DO NOT REMOVE THIS LINK --><a href=\"https:\/\/www.meteoblue.com\/sk\/po%C4%8Dasie\/t%C3%BD%C5%BEde%C5%88\/ve%c4%bek%c3%a1-t%c5%95%c5%88a_slovensk%c3%a1-republika_723269?utm_source=weather_widget&amp;utm_medium=linkus&amp;utm_content=three&amp;utm_campaign=Weather%2BWidget\" target=\"_blank\" rel=\"noopener\">meteoblue<\/a><\/div>\n","protected":false},"excerpt":{"rendered":"<p>V\u0161eobecn\u00e9 inform\u00e1cie Obec Ve\u013ek\u00e1 T\u0155\u0148a sa nach\u00e1dza v srdci vinohradn\u00edckeho regi\u00f3nu Tokaj pribli\u017ene 4 km od slovensko-ma\u010farskej \u0161t\u00e1tnej hranice a pribli\u017ene 7 km od hrani\u010dn\u00e9ho priechodu Slovensk\u00e9 Nov\u00e9 Mesto \u2013 [&hellip;]<\/p>\n","protected":false},"author":1,"featured_media":0,"parent":62309,"menu_order":0,"comment_status":"closed","ping_status":"closed","template":"","meta":{"_uag_custom_page_level_css":"","_monsterinsights_skip_tracking":false,"_monsterinsights_sitenote_active":false,"_monsterinsights_sitenote_note":"","_monsterinsights_sitenote_category":0,"footnotes":""},"class_list":["post-62325","page","type-page","status-publish","hentry"],"featured_image_src":"","featured_image_src_square":false,"rbea_author_info":{"display_name":"admin","author_link":"https:\/\/www.keturist.sk\/info\/author\/admin\/"},"rbea_excerpt_info":"V\u0161eobecn\u00e9 inform\u00e1cie Obec Ve\u013ek\u00e1 T\u0155\u0148a sa nach\u00e1dza v srdci vinohradn\u00edckeho regi\u00f3nu Tokaj pribli\u017ene 4 km od slovensko-ma\u010farskej \u0161t\u00e1tnej hranice a pribli\u017ene 7 km od hrani\u010dn\u00e9ho priechodu Slovensk\u00e9 Nov\u00e9 Mesto \u2013 [&hellip;]","uagb_featured_image_src":{"full":false,"thumbnail":false,"medium":false,"medium_large":false,"large":false,"1536x1536":false,"2048x2048":false},"uagb_author_info":{"display_name":"admin","author_link":"https:\/\/www.keturist.sk\/info\/author\/admin\/"},"uagb_comment_info":0,"uagb_excerpt":"V\u0161eobecn\u00e9 inform\u00e1cie Obec Ve\u013ek\u00e1 T\u0155\u0148a sa nach\u00e1dza v srdci vinohradn\u00edckeho regi\u00f3nu Tokaj pribli\u017ene 4 km od slovensko-ma\u010farskej \u0161t\u00e1tnej hranice a pribli\u017ene 7 km od hrani\u010dn\u00e9ho priechodu Slovensk\u00e9 Nov\u00e9 Mesto \u2013 [&hellip;]","_links":{"self":[{"href":"https:\/\/www.keturist.sk\/info\/wp-json\/wp\/v2\/pages\/62325","targetHints":{"allow":["GET"]}}],"collection":[{"href":"https:\/\/www.keturist.sk\/info\/wp-json\/wp\/v2\/pages"}],"about":[{"href":"https:\/\/www.keturist.sk\/info\/wp-json\/wp\/v2\/types\/page"}],"author":[{"embeddable":true,"href":"https:\/\/www.keturist.sk\/info\/wp-json\/wp\/v2\/users\/1"}],"replies":[{"embeddable":true,"href":"https:\/\/www.keturist.sk\/info\/wp-json\/wp\/v2\/comments?post=62325"}],"version-history":[{"count":24,"href":"https:\/\/www.keturist.sk\/info\/wp-json\/wp\/v2\/pages\/62325\/revisions"}],"predecessor-version":[{"id":62843,"href":"https:\/\/www.keturist.sk\/info\/wp-json\/wp\/v2\/pages\/62325\/revisions\/62843"}],"up":[{"embeddable":true,"href":"https:\/\/www.keturist.sk\/info\/wp-json\/wp\/v2\/pages\/62309"}],"wp:attachment":[{"href":"https:\/\/www.keturist.sk\/info\/wp-json\/wp\/v2\/media?parent=62325"}],"curies":[{"name":"wp","href":"https:\/\/api.w.org\/{rel}","templated":true}]}}