{"id":59489,"date":"2023-09-07T13:00:31","date_gmt":"2023-09-07T11:00:31","guid":{"rendered":"https:\/\/www.keturist.sk\/info\/?page_id=59489"},"modified":"2026-02-08T09:21:45","modified_gmt":"2026-02-08T08:21:45","slug":"hrad-kazimir-zrucanina","status":"publish","type":"page","link":"https:\/\/www.keturist.sk\/info\/kam-za-pamiatkami\/kam-za-pamiatkami-smer-zemplin\/hrady-a-kastiele\/hrad-kazimir-zrucanina\/","title":{"rendered":"Hrad Kazim\u00edr (zr\u00facanina)"},"content":{"rendered":"<a href=\"https:\/\/www.keturist.sk\/info\/\" class=\"su-button su-button-style-default\" style=\"color:#000000;background-color:#FFCF2F;border-color:#cca626;border-radius:5px\" target=\"_self\"><span style=\"color:#000000;padding:6px 16px;font-size:13px;line-height:20px;border-color:#ffde6e;border-radius:5px;text-shadow:none\"><i class=\"sui sui-arrow-right\" style=\"font-size:13px;color:#000000\"><\/i>  Spravodaj <\/span><\/a>\n<a href=\"https:\/\/www.keturist.sk\/info\/tipy-na-vylety\/\" class=\"su-button su-button-style-default\" style=\"color:#000000;background-color:#FFCF2F;border-color:#cca626;border-radius:5px\" target=\"_self\"><span style=\"color:#000000;padding:6px 16px;font-size:13px;line-height:20px;border-color:#ffde6e;border-radius:5px;text-shadow:none\"><i class=\"sui sui-arrow-right\" style=\"font-size:13px;color:#000000\"><\/i>  TIPY NA V\u00ddLETY <\/span><\/a>\n<a href=\"https:\/\/www.keturist.sk\/info\/kam-za-pamiatkami\/\" class=\"su-button su-button-style-default\" style=\"color:#000000;background-color:#FFCF2F;border-color:#cca626;border-radius:5px\" target=\"_self\"><span style=\"color:#000000;padding:6px 16px;font-size:13px;line-height:20px;border-color:#ffde6e;border-radius:5px;text-shadow:none\"><i class=\"sui sui-arrow-right\" style=\"font-size:13px;color:#000000\"><\/i>  Kam za pamiatkami <\/span><\/a>\n<a href=\"https:\/\/www.keturist.sk\/info\/kam-za-pamiatkami\/kam-za-pamiatkami-smer-zemplin\/\" class=\"su-button su-button-style-default\" style=\"color:#000000;background-color:#FFCF2F;border-color:#cca626;border-radius:5px\" target=\"_self\"><span style=\"color:#000000;padding:6px 16px;font-size:13px;line-height:20px;border-color:#ffde6e;border-radius:5px;text-shadow:none\"><i class=\"sui sui-arrow-right\" style=\"font-size:13px;color:#000000\"><\/i>  smer Doln\u00fd Zempl\u00edn <\/span><\/a>\n<div class=\"su-divider su-divider-style-default\" style=\"margin:15px 0;border-width:0px;border-color:#000000\"><\/div>\n<p><strong>Podkateg\u00f3ria: <\/strong> <a href=\"https:\/\/www.keturist.sk\/info\/kam-za-pamiatkami\/kam-za-pamiatkami-smer-zemplin\/hrady-a-kastiele\/\" class=\"su-button su-button-style-default\" style=\"color:#000000;background-color:#afd144;border-color:#8ca837;border-radius:5px\" target=\"_self\"><span style=\"color:#000000;padding:6px 16px;font-size:13px;line-height:20px;border-color:#c7df7d;border-radius:5px;text-shadow:none\"><i class=\"sui sui-arrow-right\" style=\"font-size:13px;color:#000000\"><\/i>  Hrady a ka\u0161tiele <\/span><\/a>\n<div class=\"su-divider su-divider-style-default\" style=\"margin:15px 0;border-width:0px;border-color:#000000\"><\/div>\n<p><strong>Lokaliz\u00e1cia: <\/strong> <a href=\"https:\/\/www.keturist.sk\/info\/vseobecne-informacie\/zemplin\/\">Doln\u00fd Zempl\u00edn<\/a><\/p>\n<div class=\"su-divider su-divider-style-default\" style=\"margin:15px 0;border-width:2px;border-color:#000000\"><\/div>\n<figure id=\"attachment_59400\" aria-describedby=\"caption-attachment-59400\" style=\"width: 900px\" class=\"wp-caption aligncenter\"><a href=\"https:\/\/www.keturist.sk\/info\/wp-content\/uploads\/2023\/09\/hrad-kazimir.jpg\"><img loading=\"lazy\" decoding=\"async\" class=\"wp-image-59400\" src=\"https:\/\/www.keturist.sk\/info\/wp-content\/uploads\/2023\/09\/hrad-kazimir-800x573.jpg\" alt=\"Hrad Kazim\u00edr (zr\u00facanina)\" width=\"900\" height=\"644\" srcset=\"https:\/\/www.keturist.sk\/info\/wp-content\/uploads\/2023\/09\/hrad-kazimir-800x573.jpg 800w, https:\/\/www.keturist.sk\/info\/wp-content\/uploads\/2023\/09\/hrad-kazimir-251x180.jpg 251w, https:\/\/www.keturist.sk\/info\/wp-content\/uploads\/2023\/09\/hrad-kazimir-768x550.jpg 768w, https:\/\/www.keturist.sk\/info\/wp-content\/uploads\/2023\/09\/hrad-kazimir.jpg 1000w\" sizes=\"auto, (max-width: 900px) 100vw, 900px\" \/><\/a><figcaption id=\"caption-attachment-59400\" class=\"wp-caption-text\">Hrad Kazim\u00edr (zr\u00facanina), fotograf: Denisa Denisa Bia\u0142ko (<\/figcaption><\/figure>\n<div class=\"su-divider su-divider-style-default\" style=\"margin:15px 0;border-width:2px;border-color:#000000\"><\/div>\n<h2 data-start=\"175\" data-end=\"229\"><span style=\"color: #800000;\">Ke\u010f hrad e\u0161te str\u00e1\u017eil cestu a vietor niesol spr\u00e1vy<\/span><\/h2>\n<p data-start=\"273\" data-end=\"678\">Predstav si ticho, ktor\u00e9 preru\u0161uje len <strong data-start=\"312\" data-end=\"322\">vietor<\/strong> a \u0161um <strong data-start=\"329\" data-end=\"344\">potoka Izra<\/strong>. Stoj\u00ed\u0161 na n\u00e1vr\u0161\u00ed <strong data-start=\"363\" data-end=\"373\">Hrunok<\/strong> a pred tebou sa dv\u00edha osamel\u00e1 <strong data-start=\"404\" data-end=\"421\">kamenn\u00e1 stena<\/strong> \u2013 posledn\u00fd svedok \u010dasu, ke\u010f tadia\u013eto kr\u00e1\u010dali <strong data-start=\"467\" data-end=\"476\">kupci<\/strong>, <strong data-start=\"478\" data-end=\"490\">poslovia<\/strong> aj <strong data-start=\"494\" data-end=\"515\">ozbrojen\u00e9 dru\u017einy<\/strong>. <strong data-start=\"517\" data-end=\"533\">Hrad Kazim\u00edr<\/strong> nebol ve\u013ek\u00fd, no mal v\u00fdnimo\u010dn\u00fd v\u00fdznam. Dohliadal na <strong data-start=\"585\" data-end=\"641\">strategick\u00fa cestu zo Zempl\u00edna do Slansk\u00e9ho priesmyku<\/strong> a kontroloval ka\u017ed\u00fd pohyb v krajine.<\/p>\n<p data-start=\"680\" data-end=\"1045\">Ke\u010f sa zotmie a dolinou sa za\u010dne plazi\u0165 <strong data-start=\"720\" data-end=\"728\">hmla<\/strong>, kamene hradu akoby znovu o\u017eili. V predstav\u00e1ch n\u00e1v\u0161tevn\u00edka stoj\u00ed na hradb\u00e1ch <strong data-start=\"806\" data-end=\"818\">str\u00e1\u017enik<\/strong>, sleduj\u00faci obzor, zatia\u013e \u010do ticho preru\u0161uje len vzdialen\u00fd <strong data-start=\"877\" data-end=\"905\">zvon kalv\u00ednskeho kostola<\/strong>. Nie je to pr\u00edbeh o sl\u00e1ve kr\u00e1\u013eov, ale o <strong data-start=\"946\" data-end=\"1044\">mieste, ktor\u00e9 po st\u00e1ro\u010dia str\u00e1\u017eilo krajinu a zachovalo si svoj tich\u00fd doh\u013ead a\u017e do dne\u0161n\u00fdch dn\u00ed<\/strong>.<\/p>\n<p data-start=\"1047\" data-end=\"1187\">Ak sa na chv\u00ed\u013eu zastav\u00ed\u0161, sadne\u0161 si k star\u00e9mu m\u00faru a nech\u00e1\u0161 pracova\u0165 <strong data-start=\"1116\" data-end=\"1128\">fant\u00e1ziu<\/strong>, <strong data-start=\"1130\" data-end=\"1157\">zr\u00facanina Hradu Kazim\u00edr<\/strong> ti svoj pr\u00edbeh prezrad\u00ed sama.<\/p>\n<h2 class=\"ds-markdown-paragraph\"><span style=\"color: #800000;\">Kde sa nach\u00e1dza a \u010do je dnes Hrad Kazim\u00edr?<\/span><\/h2>\n<p class=\"ds-markdown-paragraph\"><strong>Hrad Kazim\u00edr<\/strong> je dnes impozantnou a atmosf\u00e9rickou zr\u00facaninou, ktor\u00e1 sa t\u00fd\u010di na kopci\u00a0<strong>Hrunok (157 m n. m.)<\/strong>\u00a0v obci Kazim\u00edr. Priamo v jeho tesnej bl\u00edzkosti, na strategickom predpol\u00ed, n\u00e1v\u0161tevn\u00edci n\u00e1jdu p\u00f4vabn\u00fd\u00a0<strong>kalv\u00ednsky kostol<\/strong>\u00a0poch\u00e1dzaj\u00faci e\u0161te zo stredoveku, ktor\u00fd dnes sl\u00fa\u017ei miestnej kalv\u00ednskej farnosti a dotv\u00e1ra autentick\u00fa historick\u00fa kulisu.<\/p>\n<h2 class=\"ds-markdown-paragraph\"><span style=\"color: #800000;\">Ako vznikla obec Kazim\u00edr?<\/span><\/h2>\n<p class=\"ds-markdown-paragraph\">S\u00fa\u010dasn\u00e1 obec Kazim\u00edr, v ktorej hrad le\u017e\u00ed, vznikla a\u017e v 50. rokov 20. storo\u010dia. Vtedy sa zl\u00fa\u010dili dve tesne susediace obce, ktor\u00e9 dnes tvoria jej miestne \u010dasti:\u00a0<strong>Ve\u013ek\u00fd Kazim\u00edr a Mal\u00fd Kazim\u00edr<\/strong>.\u00a0<strong>Zr\u00facanina samotn\u00e1 stoj\u00ed v \u010dasti Ve\u013ek\u00fd Kazim\u00edr<\/strong>, na n\u00e1vr\u0161\u00ed nad potokom Izra, pribli\u017ene\u00a0<strong>20 km juhoz\u00e1padne od Trebi\u0161ova<\/strong> a relat\u00edvne ve\u013emi <strong>bl\u00edzko ma\u010farsk\u00fdch hran\u00edc<\/strong>.<\/p>\n<h2 class=\"ds-markdown-paragraph\"><span style=\"color: #800000;\">\u010co sa z Hradu Kazim\u00edr dodnes zachovalo?<\/span><\/h2>\n<p class=\"ds-markdown-paragraph\">Z p\u00f4vodn\u00e9ho hradu sa do dne\u0161n\u00fdch \u010dias zachovala najmohutnej\u0161ia \u010das\u0165 \u2013 jedin\u00e1 stena b\u00fdvalej hlavnej obytnej ve\u017ee, zn\u00e1mej ako typ\u00a0<strong>Donjon<\/strong>. T\u00e1to stena s vidite\u013en\u00fdm\u00a0<strong>okenn\u00fdm otvorom (kavernou)<\/strong>\u00a0je dominantou cel\u00e9ho miesta. Okrem nej s\u00fa v\u00a0<strong>hradnom are\u00e1li<\/strong>\u00a0k viden\u00ed len rozpt\u00fdlen\u00e9\u00a0<strong>zvy\u0161ky muriva a ter\u00e9nne \u0161trukt\u00fary<\/strong>. Zachovan\u00e1\u00a0<strong>ve\u017ea obd\u013a\u017enikov\u00e9ho p\u00f4dorysu<\/strong>\u00a0sl\u00fa\u017eila prim\u00e1rne ako obytn\u00e1, no v pr\u00edpade potreby mohla plni\u0165 aj funkciu\u00a0<strong>\u00fato\u010diskovej ve\u017ee<\/strong>.<\/p>\n<h2 class=\"ds-markdown-paragraph\"><span style=\"color: #800000;\">Ak\u00fa mal hrad ve\u013ekos\u0165, podobu a ak\u00e1 bola jeho stavba?<\/span><\/h2>\n<p class=\"ds-markdown-paragraph\"><strong>Hrad Kazim\u00edr<\/strong>\u00a0bol pomerne mal\u00fd a kompaktn\u00fd s\u00a0<strong>ov\u00e1lnym p\u00f4dorysom<\/strong>\u00a0(cca 50 x 30 metrov). Jeho p\u00f4dorys sa po\u010das celej existencie v\u00fdrazne nemenil. V strede st\u00e1la dominantn\u00e1\u00a0<strong>trojposchodov\u00e1 pal\u00e1cov\u00e1 budova<\/strong>\u00a0(14\u201321 x 14\u201320 m) s pivnicami, ktorej\u00a0<strong>m\u00fary z lomov\u00e9ho kame\u0148a<\/strong>\u00a0boli hrub\u00e9 a\u017e jeden meter. P\u00f4vodn\u00fd obrann\u00fd syst\u00e9m dop\u013a\u0148ala\u00a0<strong>palis\u00e1da<\/strong>\u00a0a\u00a0<strong>kruhov\u00e1 ve\u017ea<\/strong>.<\/p>\n<h2 class=\"ds-markdown-paragraph\"><span style=\"color: #800000;\">Ak\u00fa \u00falohu Hrad Kazim\u00edr historicky plnil a kto ho vlastnil?<\/span><\/h2>\n<p class=\"ds-markdown-paragraph\">Predpoklad\u00e1 sa, \u017ee\u00a0<strong>hrad plnil d\u00f4le\u017eit\u00fa str\u00e1\u017enu funkciu<\/strong>. Svojou polohou kontroloval strategick\u00fa a obchodn\u00fa\u00a0<strong>cestu zo Zempl\u00edna do Slansk\u00e9ho priesmyku<\/strong>, \u010do z neho robilo k\u013e\u00fa\u010dov\u00fd bod v region\u00e1lnej obrane.\u00a0<strong>Prv\u00e1 p\u00edsomn\u00e1 zmienka<\/strong>\u00a0poch\u00e1dza z\u00a0<strong>roku 1270<\/strong>\u00a0z listiny o hraniciach panstva F\u00fcz\u00e9r, kde je spomenut\u00fd\u00a0<strong>Peter de Kazmer<\/strong>\u00a0ako jeho majite\u013e.<\/p>\n<h2 class=\"ds-markdown-paragraph\"><span style=\"color: #800000;\">Kedy bol Hrad Kazim\u00edr postaven\u00fd a kedy zanikol?<\/span><\/h2>\n<p class=\"ds-markdown-paragraph\"><strong>Hrad bol postaven\u00fd pravdepodobne koncom 13. storo\u010dia<\/strong>. Toto obdobie nasledovalo po ni\u010divom\u00a0<strong>mongolskom vp\u00e1de v rokoch 1241 \u2013 1242<\/strong>, kedy uhorsk\u00fd kr\u00e1\u013e\u00a0<strong>Belo IV.<\/strong>\u00a0intenz\u00edvne podporoval v\u00fdstavbu\u00a0<strong>kamenn\u00fdch hradov<\/strong>\u00a0na posilnenie obrany krajiny a ude\u013eoval \u0161\u013eachticom na tento \u00fa\u010del rozsiahle don\u00e1cie.\u00a0<strong>Hrad zanikol v 16. storo\u010d\u00ed<\/strong>, a to takmer s\u00fa\u010dasne so z\u00e1nikom\u00a0<strong>rodu Kazim\u00edrskych<\/strong>, ktor\u00fd ho vlastnil.<\/p>\n<h2 class=\"ds-markdown-paragraph\"><span style=\"color: #800000;\">Ak\u00fd je ofici\u00e1lny pamiatkov\u00fd status Hradu Kazim\u00edr?<\/span><\/h2>\n<p class=\"ds-markdown-paragraph\">Historick\u00e1 hodnota tohto miesta bola ofici\u00e1lne uznan\u00e1, ke\u010f bol\u00a0<strong>v roku 1997 vyhl\u00e1sen\u00fd za n\u00e1rodn\u00fa kult\u00farnu pamiatku<\/strong>, a to spolu s pri\u013eahl\u00fdm\u00a0<strong>miestnym kostolom<\/strong>.<\/p>\n<h2 data-start=\"150\" data-end=\"201\"><span style=\"color: #800000;\">Legenda o <strong data-start=\"164\" data-end=\"201\">duchu mladej \u017eeny z Hradu Kazim\u00edr<\/strong><\/span><\/h2>\n<p data-start=\"231\" data-end=\"530\">V <strong data-start=\"233\" data-end=\"248\">17. storo\u010d\u00ed<\/strong>, ke\u010f bol <strong data-start=\"258\" data-end=\"274\">Hrad Kazim\u00edr<\/strong> u\u017e opusten\u00fd a jeho m\u00fary pomaly podliehali \u010dasu, za\u010dali sa medzi obyvate\u013emi obce \u0161\u00edri\u0165 tich\u00e9, no vytrval\u00e9 ch\u00fdry. Po zotmen\u00ed sa vraj na hradnom n\u00e1vr\u0161\u00ed zjavovala <strong data-start=\"434\" data-end=\"472\">postava mladej \u017eeny v bielom odeve<\/strong>, ktor\u00e1 kr\u00e1\u010dala pomedzi ruiny a mizla v tieni starej ve\u017ee.<\/p>\n<p data-start=\"532\" data-end=\"797\">Miestny <strong data-start=\"540\" data-end=\"550\">mlad\u00edk<\/strong>, syn ro\u013en\u00edka z podhradia, ju uvidel ako prv\u00fd. Nez\u013eakol sa. Naopak \u2013 jej <strong data-start=\"623\" data-end=\"639\">smutn\u00e1 kr\u00e1sa<\/strong> a tich\u00fd poh\u013ead ho o\u010darili. Ka\u017ed\u00fd ve\u010der sa vracal pod hrad, d\u00fafaj\u00fac, \u017ee ju znovu uzrie. Postupne sa do nej <strong data-start=\"746\" data-end=\"759\">zamiloval<\/strong>, hoci vedel, \u017ee nepatr\u00ed medzi \u017eiv\u00fdch.<\/p>\n<p data-start=\"799\" data-end=\"1073\">Hovor\u00ed sa, \u017ee duch mladej \u017eeny bol <strong data-start=\"834\" data-end=\"858\">dc\u00e9rou hradn\u00e9ho p\u00e1na<\/strong>, ktor\u00e1 zomrela priskoro \u2013 opusten\u00e1 a bez splnenej l\u00e1sky. K mlad\u00edkovi sa vraj prihov\u00e1rala len poh\u013eadom a tich\u00fdm \u0161elestom \u0161iat, akoby mu chcela poveda\u0165 viac, no bola nav\u017edy uv\u00e4znen\u00e1 medzi <strong data-start=\"1045\" data-end=\"1072\">svetom \u017eiv\u00fdch a m\u0155tvych<\/strong>.<\/p>\n<p data-start=\"1075\" data-end=\"1310\">Jednej noci sa jej zjavenie uk\u00e1zalo naposledy. Ke\u010f sa rann\u00e1 hmla rozplynula, duch zmizol a u\u017e sa nikdy viac nevr\u00e1til. Mlad\u00edk odvtedy pod hrad nechodil, no a\u017e do konca \u017eivota tvrdil, \u017ee <strong data-start=\"1260\" data-end=\"1309\">prav\u00e1 l\u00e1ska dok\u00e1\u017ee prekro\u010di\u0165 aj hranicu smrti<\/strong>.<\/p>\n<p data-start=\"1312\" data-end=\"1462\">Dodnes miestni veria, \u017ee v tich\u00fdch ve\u010deroch, ke\u010f vietor obch\u00e1dza <strong data-start=\"1377\" data-end=\"1404\">zr\u00facaninu Hradu Kazim\u00edr<\/strong>, mo\u017eno e\u0161te st\u00e1le c\u00edti\u0165 <strong data-start=\"1429\" data-end=\"1461\">pr\u00edtomnos\u0165 nenaplnenej l\u00e1sky<\/strong>.<\/p>\n<h2><span style=\"color: #800000;\">Fotogal\u00e9ria<\/span><\/h2>\n<style type=\"text\/css\">\n#foogallery-gallery-73838 .fg-image { width: 200px; }<\/style>\n\t\t\t<div class=\"foogallery foogallery-container foogallery-carousel foogallery-lightbox-foogallery fg-carousel fg-ready fg-light fg-border-medium fg-round-small fg-shadow-medium fg-loading-default fg-loaded-fade-in fg-hover-semi-zoomed fg-hover-fade fg-hover-circle-plus2\" id=\"foogallery-gallery-73838\" data-foogallery=\"{&quot;item&quot;:{&quot;showCaptionTitle&quot;:true,&quot;showCaptionDescription&quot;:true},&quot;lazy&quot;:true,&quot;template&quot;:{&quot;maxItems&quot;:5,&quot;scale&quot;:0.11999999999999999555910790149937383830547332763671875,&quot;gutter&quot;:{&quot;min&quot;:-40,&quot;max&quot;:-20,&quot;unit&quot;:&quot;%&quot;},&quot;autoplay&quot;:{&quot;time&quot;:0,&quot;interaction&quot;:&quot;pause&quot;},&quot;centerOnClick&quot;:true,&quot;align&quot;:&quot;center&quot;,&quot;activePosition&quot;:&quot;center&quot;}}\" data-foogallery-lightbox=\"{&quot;thumbs&quot;:&quot;bottom&quot;,&quot;thumbsCaptions&quot;:false,&quot;thumbsBestFit&quot;:false,&quot;thumbsSmall&quot;:false,&quot;thumbsCaptionsAlign&quot;:&quot;default&quot;,&quot;info&quot;:&quot;bottom&quot;,&quot;infoVisible&quot;:true,&quot;infoOverlay&quot;:true,&quot;infoAlign&quot;:&quot;default&quot;,&quot;transition&quot;:&quot;fade&quot;,&quot;hoverButtons&quot;:false,&quot;fitMedia&quot;:false,&quot;noScrollbars&quot;:true,&quot;preserveButtonSpace&quot;:true,&quot;buttons&quot;:{&quot;fullscreen&quot;:true,&quot;info&quot;:true,&quot;thumbs&quot;:false},&quot;video&quot;:{&quot;autoPlay&quot;:true}}\" style=\"--fg-title-line-clamp: 1; --fg-description-line-clamp: 2;\" >\n\t<button type=\"button\" class=\"fg-carousel-prev\" title=\"Previous\"><\/button>\n\t<div class=\"fg-carousel-inner\">\n\t\t<div class=\"fg-carousel-center\"><\/div>\n\t\t<div class=\"fg-item fg-type-image fg-idle\"><figure class=\"fg-item-inner\"><a href=\"https:\/\/www.keturist.sk\/info\/wp-content\/uploads\/2023\/09\/hrad-kazimir-2.jpg\" data-caption-title=\"Hrad Kazim\u00edr (zr\u00facanina), fotograf: Denisa Denisa Bia\u0142ko\" data-caption-desc=\"Hrad Kazim\u00edr (zr\u00facanina), fotograf: Denisa Denisa Bia\u0142ko\" data-attachment-id=\"59518\" data-type=\"image\" class=\"fg-thumb\"><span class=\"fg-image-wrap\"><img decoding=\"async\" alt=\"Hrad Kazim\u00edr (zr\u00facanina)\" title=\"Hrad Kazim\u00edr (zr\u00facanina), fotograf: Denisa Denisa Bia\u0142ko\" width=\"200\" height=\"200\" class=\"skip-lazy fg-image\" data-src-fg=\"https:\/\/www.keturist.sk\/info\/wp-content\/uploads\/cache\/2023\/09\/hrad-kazimir-2\/1965505347.jpg\" src=\"data:image\/svg+xml,%3Csvg%20xmlns%3D%22http%3A%2F%2Fwww.w3.org%2F2000%2Fsvg%22%20width%3D%22200%22%20height%3D%22200%22%20viewBox%3D%220%200%20200%20200%22%3E%3C%2Fsvg%3E\" loading=\"eager\"><\/span><span class=\"fg-image-overlay\"><\/span><\/a><figcaption class=\"fg-caption\"><div class=\"fg-caption-inner\"><div class=\"fg-caption-title\">Hrad Kazim\u00edr (zr\u00facanina), fotograf: Denisa Denisa Bia\u0142ko<\/div><div class=\"fg-caption-desc\">Hrad Kazim\u00edr (zr\u00facanina), fotograf: Denisa Denisa Bia\u0142ko<\/div><\/div><\/figcaption><\/figure><div class=\"fg-loader\"><\/div><\/div><div class=\"fg-item fg-type-image fg-idle\"><figure class=\"fg-item-inner\"><a href=\"https:\/\/www.keturist.sk\/info\/wp-content\/uploads\/2023\/09\/hrad-kazimir.jpg\" data-caption-title=\"Hrad Kazim\u00edr (zr\u00facanina), fotograf: Denisa Denisa Bia\u0142ko\" data-caption-desc=\"Hrad Kazim\u00edr (zr\u00facanina), fotograf: Denisa Denisa Bia\u0142ko\" data-attachment-id=\"59400\" data-type=\"image\" class=\"fg-thumb\"><span class=\"fg-image-wrap\"><img decoding=\"async\" alt=\"Hrad Kazim\u00edr (zr\u00facanina)\" title=\"Hrad Kazim\u00edr (zr\u00facanina), fotograf: Denisa Denisa Bia\u0142ko\" width=\"200\" height=\"200\" class=\"skip-lazy fg-image\" data-src-fg=\"https:\/\/www.keturist.sk\/info\/wp-content\/uploads\/cache\/2023\/09\/hrad-kazimir\/279902166.jpg\" src=\"data:image\/svg+xml,%3Csvg%20xmlns%3D%22http%3A%2F%2Fwww.w3.org%2F2000%2Fsvg%22%20width%3D%22200%22%20height%3D%22200%22%20viewBox%3D%220%200%20200%20200%22%3E%3C%2Fsvg%3E\" loading=\"eager\"><\/span><span class=\"fg-image-overlay\"><\/span><\/a><figcaption class=\"fg-caption\"><div class=\"fg-caption-inner\"><div class=\"fg-caption-title\">Hrad Kazim\u00edr (zr\u00facanina), fotograf: Denisa Denisa Bia\u0142ko<\/div><div class=\"fg-caption-desc\">Hrad Kazim\u00edr (zr\u00facanina), fotograf: Denisa Denisa Bia\u0142ko<\/div><\/div><\/figcaption><\/figure><div class=\"fg-loader\"><\/div><\/div>\t<\/div>\n\t<div class=\"fg-carousel-bottom\"><\/div>\n\t<div class=\"fg-carousel-progress\"><\/div>\n\t<button type=\"button\" class=\"fg-carousel-next\" title=\"Next\"><\/button>\n<\/div>\n<h2><span style=\"color: #800000;\">Zauj\u00edmav\u00e9 odkazy<\/span><\/h2>\n<h3><span style=\"color: #808000;\">Bl\u00edzke stredisko, turistick\u00e9 centrum, obec alebo mesto:<\/span><\/h3>\n<ul>\n<li>Obec Ve\u013ek\u00fd Kamenec (\u010d\u00edtaj viac&#8230;)<\/li>\n<\/ul>\n<h2><span style=\"color: #800000;\">Mapy<\/span><\/h2>\n<p><strong>Vrstvy: <\/strong>Turistick\u00e1 mapa, Automapa, Cyklomapa, Ly\u017eiarska mapa, Satelitn\u00e1 mapa a OpenStreetMap.<\/p>\n<p><strong>Kliknut\u00edm na logo &#8222;Freemap.sk&#8220; sa V\u00e1m mapa zobraz\u00ed na celej ploche obrazovky.<\/strong><\/p>\n<p><iframe style=\"width: 900px; height: 500px; border: 0;\" src=\"https:\/\/www.freemap.sk\/?map=14\/48.525089\/21.582615&amp;&amp;info-point=48.525089\/21.582615&amp;,Hrad Kazim\u00edr&amp;layers=X&amp;embed=search\" allowfullscreen=\"allowfullscreen\"><span data-mce-type=\"bookmark\" style=\"display: inline-block; width: 0px; overflow: hidden; line-height: 0;\" class=\"mce_SELRES_start\">\ufeff<\/span><\/iframe><\/p>\n<h2><span style=\"color: #800000;\">Po\u010dasie<\/span><\/h2>\n<p><iframe style=\"width: 900px; height: 611px;\" src=\"https:\/\/www.meteoblue.com\/sk\/po%C4%8Dasie\/widget\/three\/ve%c4%bek%c3%bd-kazim%c3%adr_slovensk%c3%a1-republika_723250?geoloc=fixed&amp;nocurrent=0&amp;noforecast=0&amp;days=7&amp;tempunit=CELSIUS&amp;windunit=KILOMETER_PER_HOUR&amp;layout=image\" frameborder=\"0\" scrolling=\"NO\" sandbox=\"allow-same-origin allow-scripts allow-popups allow-popups-to-escape-sandbox\"><\/iframe><\/p>\n<div><!-- DO NOT REMOVE THIS LINK --><a href=\"https:\/\/www.meteoblue.com\/sk\/po%C4%8Dasie\/t%C3%BD%C5%BEde%C5%88\/ve%c4%bek%c3%bd-kazim%c3%adr_slovensk%c3%a1-republika_723250?utm_source=weather_widget&amp;utm_medium=linkus&amp;utm_content=three&amp;utm_campaign=Weather%2BWidget\" target=\"_blank\" rel=\"noopener\">meteoblue<\/a><\/div>\n","protected":false},"excerpt":{"rendered":"<p>Podkateg\u00f3ria: Lokaliz\u00e1cia: Doln\u00fd Zempl\u00edn Ke\u010f hrad e\u0161te str\u00e1\u017eil cestu a vietor niesol spr\u00e1vy Predstav si ticho, ktor\u00e9 preru\u0161uje len vietor a \u0161um potoka Izra. Stoj\u00ed\u0161 na n\u00e1vr\u0161\u00ed Hrunok a pred [&hellip;]<\/p>\n","protected":false},"author":1,"featured_media":59400,"parent":39934,"menu_order":0,"comment_status":"closed","ping_status":"closed","template":"","meta":{"_uag_custom_page_level_css":"","_monsterinsights_skip_tracking":false,"_monsterinsights_sitenote_active":false,"_monsterinsights_sitenote_note":"","_monsterinsights_sitenote_category":0,"footnotes":""},"class_list":["post-59489","page","type-page","status-publish","has-post-thumbnail","hentry"],"featured_image_src":"https:\/\/www.keturist.sk\/info\/wp-content\/uploads\/2023\/09\/hrad-kazimir.jpg","featured_image_src_square":"https:\/\/www.keturist.sk\/info\/wp-content\/uploads\/2023\/09\/hrad-kazimir.jpg","rbea_author_info":{"display_name":"admin","author_link":"https:\/\/www.keturist.sk\/info\/author\/admin\/"},"rbea_excerpt_info":"Podkateg\u00f3ria: Lokaliz\u00e1cia: Doln\u00fd Zempl\u00edn Ke\u010f hrad e\u0161te str\u00e1\u017eil cestu a vietor niesol spr\u00e1vy Predstav si ticho, ktor\u00e9 preru\u0161uje len vietor a \u0161um potoka Izra. Stoj\u00ed\u0161 na n\u00e1vr\u0161\u00ed Hrunok a pred [&hellip;]","uagb_featured_image_src":{"full":["https:\/\/www.keturist.sk\/info\/wp-content\/uploads\/2023\/09\/hrad-kazimir.jpg",1000,716,false],"thumbnail":["https:\/\/www.keturist.sk\/info\/wp-content\/uploads\/2023\/09\/hrad-kazimir-251x180.jpg",251,180,true],"medium":["https:\/\/www.keturist.sk\/info\/wp-content\/uploads\/2023\/09\/hrad-kazimir-800x573.jpg",800,573,true],"medium_large":["https:\/\/www.keturist.sk\/info\/wp-content\/uploads\/2023\/09\/hrad-kazimir-768x550.jpg",768,550,true],"large":["https:\/\/www.keturist.sk\/info\/wp-content\/uploads\/2023\/09\/hrad-kazimir.jpg",1000,716,false],"1536x1536":["https:\/\/www.keturist.sk\/info\/wp-content\/uploads\/2023\/09\/hrad-kazimir.jpg",1000,716,false],"2048x2048":["https:\/\/www.keturist.sk\/info\/wp-content\/uploads\/2023\/09\/hrad-kazimir.jpg",1000,716,false]},"uagb_author_info":{"display_name":"admin","author_link":"https:\/\/www.keturist.sk\/info\/author\/admin\/"},"uagb_comment_info":0,"uagb_excerpt":"Podkateg\u00f3ria: Lokaliz\u00e1cia: Doln\u00fd Zempl\u00edn Ke\u010f hrad e\u0161te str\u00e1\u017eil cestu a vietor niesol spr\u00e1vy Predstav si ticho, ktor\u00e9 preru\u0161uje len vietor a \u0161um potoka Izra. Stoj\u00ed\u0161 na n\u00e1vr\u0161\u00ed Hrunok a pred [&hellip;]","_links":{"self":[{"href":"https:\/\/www.keturist.sk\/info\/wp-json\/wp\/v2\/pages\/59489","targetHints":{"allow":["GET"]}}],"collection":[{"href":"https:\/\/www.keturist.sk\/info\/wp-json\/wp\/v2\/pages"}],"about":[{"href":"https:\/\/www.keturist.sk\/info\/wp-json\/wp\/v2\/types\/page"}],"author":[{"embeddable":true,"href":"https:\/\/www.keturist.sk\/info\/wp-json\/wp\/v2\/users\/1"}],"replies":[{"embeddable":true,"href":"https:\/\/www.keturist.sk\/info\/wp-json\/wp\/v2\/comments?post=59489"}],"version-history":[{"count":33,"href":"https:\/\/www.keturist.sk\/info\/wp-json\/wp\/v2\/pages\/59489\/revisions"}],"predecessor-version":[{"id":73842,"href":"https:\/\/www.keturist.sk\/info\/wp-json\/wp\/v2\/pages\/59489\/revisions\/73842"}],"up":[{"embeddable":true,"href":"https:\/\/www.keturist.sk\/info\/wp-json\/wp\/v2\/pages\/39934"}],"wp:featuredmedia":[{"embeddable":true,"href":"https:\/\/www.keturist.sk\/info\/wp-json\/wp\/v2\/media\/59400"}],"wp:attachment":[{"href":"https:\/\/www.keturist.sk\/info\/wp-json\/wp\/v2\/media?parent=59489"}],"curies":[{"name":"wp","href":"https:\/\/api.w.org\/{rel}","templated":true}]}}