{"id":59367,"date":"2023-09-06T17:08:12","date_gmt":"2023-09-06T15:08:12","guid":{"rendered":"https:\/\/www.keturist.sk\/info\/?page_id=59367"},"modified":"2026-02-05T06:02:58","modified_gmt":"2026-02-05T05:02:58","slug":"zrucanina-hradu-conkavar-csonkavar","status":"publish","type":"page","link":"https:\/\/www.keturist.sk\/info\/kam-za-pamiatkami\/kam-za-pamiatkami-smer-zemplin\/hrady-a-kastiele\/zrucanina-hradu-conkavar-csonkavar\/","title":{"rendered":"Zr\u00facanina hradu \u010conkav\u00e1r (Csonkav\u00e1r)"},"content":{"rendered":"<a href=\"https:\/\/www.keturist.sk\/info\/\" class=\"su-button su-button-style-default\" style=\"color:#000000;background-color:#FFCF2F;border-color:#cca626;border-radius:5px\" target=\"_self\"><span style=\"color:#000000;padding:6px 16px;font-size:13px;line-height:20px;border-color:#ffde6e;border-radius:5px;text-shadow:none\"><i class=\"sui sui-arrow-right\" style=\"font-size:13px;color:#000000\"><\/i>  Spravodaj <\/span><\/a>\n<a href=\"https:\/\/www.keturist.sk\/info\/tipy-na-vylety\/\" class=\"su-button su-button-style-default\" style=\"color:#000000;background-color:#FFCF2F;border-color:#cca626;border-radius:5px\" target=\"_self\"><span style=\"color:#000000;padding:6px 16px;font-size:13px;line-height:20px;border-color:#ffde6e;border-radius:5px;text-shadow:none\"><i class=\"sui sui-arrow-right\" style=\"font-size:13px;color:#000000\"><\/i>  TIPY NA V\u00ddLETY <\/span><\/a>\n<a href=\"https:\/\/www.keturist.sk\/info\/kam-za-pamiatkami\/\" class=\"su-button su-button-style-default\" style=\"color:#000000;background-color:#FFCF2F;border-color:#cca626;border-radius:5px\" target=\"_self\"><span style=\"color:#000000;padding:6px 16px;font-size:13px;line-height:20px;border-color:#ffde6e;border-radius:5px;text-shadow:none\"><i class=\"sui sui-arrow-right\" style=\"font-size:13px;color:#000000\"><\/i>  Kam za pamiatkami <\/span><\/a>\n<a href=\"https:\/\/www.keturist.sk\/info\/kam-za-pamiatkami\/kam-za-pamiatkami-smer-zemplin\/\" class=\"su-button su-button-style-default\" style=\"color:#000000;background-color:#FFCF2F;border-color:#cca626;border-radius:5px\" target=\"_self\"><span style=\"color:#000000;padding:6px 16px;font-size:13px;line-height:20px;border-color:#ffde6e;border-radius:5px;text-shadow:none\"><i class=\"sui sui-arrow-right\" style=\"font-size:13px;color:#000000\"><\/i>  smer Doln\u00fd Zempl\u00edn <\/span><\/a>\n<div class=\"su-divider su-divider-style-default\" style=\"margin:15px 0;border-width:0px;border-color:#000000\"><\/div>\n<p><strong>Podkateg\u00f3ria: <\/strong> <a href=\"https:\/\/www.keturist.sk\/info\/kam-za-pamiatkami\/kam-za-pamiatkami-smer-zemplin\/hrady-a-kastiele\/\" class=\"su-button su-button-style-default\" style=\"color:#000000;background-color:#afd144;border-color:#8ca837;border-radius:5px\" target=\"_self\"><span style=\"color:#000000;padding:6px 16px;font-size:13px;line-height:20px;border-color:#c7df7d;border-radius:5px;text-shadow:none\"><i class=\"sui sui-arrow-right\" style=\"font-size:13px;color:#000000\"><\/i>  Hrady a ka\u0161tiele <\/span><\/a>\n<div class=\"su-divider su-divider-style-default\" style=\"margin:15px 0;border-width:0px;border-color:#000000\"><\/div>\n<p><strong>Lokaliz\u00e1cia: <\/strong> <a href=\"https:\/\/www.keturist.sk\/info\/vseobecne-informacie\/zemplin\/\">Doln\u00fd Zempl\u00edn<\/a><\/p>\n<div class=\"su-divider su-divider-style-default\" style=\"margin:15px 0;border-width:2px;border-color:#000000\"><\/div>\n<figure id=\"attachment_59398\" aria-describedby=\"caption-attachment-59398\" style=\"width: 800px\" class=\"wp-caption aligncenter\"><a href=\"https:\/\/www.keturist.sk\/info\/wp-content\/uploads\/2023\/09\/Conkavar-Csonkavar1.jpg\"><img loading=\"lazy\" decoding=\"async\" class=\"wp-image-59398 size-medium\" src=\"https:\/\/www.keturist.sk\/info\/wp-content\/uploads\/2023\/09\/Conkavar-Csonkavar1-800x534.jpg\" alt=\"Zr\u00facanina hradu \u010conkav\u00e1r (Csonkav\u00e1r)\" width=\"800\" height=\"534\" srcset=\"https:\/\/www.keturist.sk\/info\/wp-content\/uploads\/2023\/09\/Conkavar-Csonkavar1-800x534.jpg 800w, https:\/\/www.keturist.sk\/info\/wp-content\/uploads\/2023\/09\/Conkavar-Csonkavar1-270x180.jpg 270w, https:\/\/www.keturist.sk\/info\/wp-content\/uploads\/2023\/09\/Conkavar-Csonkavar1-768x512.jpg 768w, https:\/\/www.keturist.sk\/info\/wp-content\/uploads\/2023\/09\/Conkavar-Csonkavar1.jpg 1000w\" sizes=\"auto, (max-width: 800px) 100vw, 800px\" \/><\/a><figcaption id=\"caption-attachment-59398\" class=\"wp-caption-text\">Zr\u00facanina hradu \u010conkav\u00e1r (Csonkav\u00e1r), fotograf: Marcin\u010din Jozef<\/figcaption><\/figure>\n<div class=\"su-divider su-divider-style-default\" style=\"margin:15px 0;border-width:2px;border-color:#000000\"><\/div>\n<h2 data-start=\"477\" data-end=\"513\"><span style=\"color: #800000;\"><strong data-start=\"481\" data-end=\"513\">Ticho nad Kr\u00e1\u013eovsk\u00fdm Chlmcom<\/strong><\/span><\/h2>\n<p data-start=\"148\" data-end=\"403\">Ke\u010f som vyst\u00fapil na pahorok nad <strong data-start=\"180\" data-end=\"202\">Kr\u00e1\u013eovsk\u00fdm Chlmcom<\/strong>, priv\u00edtalo ma ticho a v\u00fdh\u013ead na krajinu podo mnou.<\/p>\n<p data-start=\"148\" data-end=\"403\">Zvy\u0161ky m\u00farov hradu <strong data-start=\"273\" data-end=\"285\">\u010conkav\u00e1r<\/strong> p\u00f4sobili nen\u00e1padne, no \u010d\u00edm dlh\u0161ie som medzi nimi st\u00e1l, t\u00fdm silnej\u0161\u00ed bol pocit, \u017ee toto miesto m\u00e1 svoj vlastn\u00fd pr\u00edbeh.<\/p>\n<p data-start=\"405\" data-end=\"760\">Prech\u00e1dzal som sa pomedzi kamene a predstavoval si \u013eud\u00ed, ktor\u00ed tadia\u013eto kedysi prech\u00e1dzali \u2013 \u0161\u013eachticov, spr\u00e1vcov aj vojakov. Hrad nepadol v boji, nezni\u010dilo ho obliehanie.<\/p>\n<p data-start=\"405\" data-end=\"760\"><strong data-start=\"577\" data-end=\"691\">Dozvedel som sa, \u017ee jeho osud spe\u010datil kr\u00e1\u013eovsk\u00fd rozkaz, vydan\u00fd pre politick\u00fa nelojalitu vtedaj\u0161ieho majite\u013ea.<\/strong><\/p>\n<p data-start=\"405\" data-end=\"760\">Mo\u017eno pr\u00e1ve preto z neho dnes c\u00edti\u0165 pokoj a zvl\u00e1\u0161tnu nedopovedanos\u0165.<\/p>\n<p data-start=\"762\" data-end=\"1009\">Zastal som pri jednom z kamenn\u00fdch obl\u00fakov a pozrel sa do dia\u013eky.<\/p>\n<p data-start=\"762\" data-end=\"1009\">V tej chv\u00edli som si uvedomil, \u017ee \u010conkav\u00e1r si svoje tajomstv\u00e1 <strong data-start=\"888\" data-end=\"909\">ponechal pre seba<\/strong>.<\/p>\n<p data-start=\"762\" data-end=\"1009\">\u010ci bol len tich\u00fdm s\u00eddlom, alebo nem\u00fdm svedkom nepokojn\u00fdch \u010dias, dnes u\u017e nevieme s istotou poveda\u0165.<\/p>\n<p data-start=\"1011\" data-end=\"1144\">Odch\u00e1dzal som pomaly a potichu. Niektor\u00e9 miesta si nep\u00fdtaj\u00fa pozornos\u0165 hlasno. Sta\u010d\u00ed sa na chv\u00ed\u013eu zastavi\u0165 \u2013 a <strong data-start=\"1121\" data-end=\"1143\">pr\u00edbeh sa ozve s\u00e1m<\/strong>.<\/p>\n<h2 data-start=\"126\" data-end=\"174\"><span style=\"color: #800000;\">\u010co je hrad \u010conkav\u00e1r a kde sa nach\u00e1dza?<\/span><\/h2>\n<p data-start=\"175\" data-end=\"417\"><strong data-start=\"175\" data-end=\"203\">Zr\u00facanina hradu \u010conkav\u00e1r<\/strong>, zn\u00e1ma aj ako <strong data-start=\"218\" data-end=\"235\">Chlmeck\u00fd hrad<\/strong>, sa nach\u00e1dza na <strong data-start=\"252\" data-end=\"294\">vyv\u00fd\u0161enine nad mestom Kr\u00e1\u013eovsk\u00fd Chlmec<\/strong> v <strong data-start=\"297\" data-end=\"316\">okrese Trebi\u0161ov<\/strong>. Jeho <strong data-start=\"323\" data-end=\"351\">ma\u010farsk\u00fd n\u00e1zov Csonkav\u00e1r<\/strong> znamen\u00e1 \u201e<strong data-start=\"361\" data-end=\"377\">hrad trosiek<\/strong>\u201c, \u010do presne vystihuje jeho dne\u0161n\u00fd stav.<\/p>\n<h2 data-start=\"424\" data-end=\"486\"><span style=\"color: #800000;\">Ak\u00e1 je hist\u00f3ria hradu \u010conkav\u00e1r a pre\u010do je v\u00fdnimo\u010dn\u00fd?<\/span><\/h2>\n<p data-start=\"487\" data-end=\"919\">Hist\u00f3ria <strong data-start=\"496\" data-end=\"514\">hradu \u010conkav\u00e1r<\/strong> je v p\u00edsomn\u00fdch prame\u0148och len \u010diasto\u010dne zachovan\u00e1, no aj dostupn\u00e9 inform\u00e1cie odha\u013euj\u00fa <strong data-start=\"600\" data-end=\"657\">dynamick\u00fd pr\u00edbeh \u0161\u013eachtick\u00e9ho s\u00eddla v regi\u00f3ne Zempl\u00edn<\/strong>.<\/p>\n<p data-start=\"487\" data-end=\"919\">Prv\u00e1 p\u00edsomn\u00e1 zmienka poch\u00e1dza z obdobia <strong data-start=\"701\" data-end=\"717\">po roku 1414<\/strong>, ke\u010f hrad dal postavi\u0165 <strong data-start=\"741\" data-end=\"769\">Mikul\u00e1\u0161 Pal\u00f3ci (P\u00e1l\u00f3czi)<\/strong> z <strong data-start=\"772\" data-end=\"794\">Pavloviec nad Uhom<\/strong>. P\u00f4vodne i\u0161lo o <strong data-start=\"811\" data-end=\"843\">jednoduch\u00fa trojpodla\u017en\u00fa ve\u017eu<\/strong>, ktor\u00e1 sl\u00fa\u017eila ako <strong data-start=\"863\" data-end=\"885\">do\u010dasn\u00e9 ubytovanie<\/strong> po\u010das ciest medzi jeho majetkami.<\/p>\n<h2 data-start=\"926\" data-end=\"977\"><span style=\"color: #800000;\"><strong data-start=\"930\" data-end=\"975\">Kto bol prv\u00fdm v\u00fdznamn\u00fdm vlastn\u00edkom hradu?<\/strong><\/span><\/h2>\n<p data-start=\"978\" data-end=\"1372\">Prv\u00fdmi v\u00fdznamn\u00fdmi vlastn\u00edkmi bol <strong data-start=\"1011\" data-end=\"1045\">rod Pal\u00f3ciovcov (P\u00e1l\u00f3cziovcov)<\/strong>, ktor\u00fd hrad vlastnil v rokoch <strong data-start=\"1076\" data-end=\"1091\">1414 \u2013 1526<\/strong>.<\/p>\n<p data-start=\"978\" data-end=\"1372\"><strong data-start=\"1095\" data-end=\"1113\">Mikul\u00e1\u0161 Pal\u00f3ci<\/strong>, syn <strong data-start=\"1119\" data-end=\"1136\">J\u00e1na Pal\u00f3ciho<\/strong>, patril medzi <strong data-start=\"1151\" data-end=\"1185\">vplyvn\u00fdch uhorsk\u00fdch \u0161\u013eachticov<\/strong> a hrad vyu\u017e\u00edval ako <strong data-start=\"1206\" data-end=\"1228\">rodinn\u00fa rezidenciu<\/strong>. Ich vl\u00e1da sa skon\u010dila po tom, \u010do <strong data-start=\"1263\" data-end=\"1281\">Mikul\u00e1\u0161 mlad\u0161\u00ed<\/strong> zahynul v roku <strong data-start=\"1297\" data-end=\"1324\">1526 v bitke pri Moh\u00e1\u010di<\/strong>, \u010d\u00edm sa majetok uvo\u013enil pre \u010fal\u0161\u00edch vlastn\u00edkov.<\/p>\n<h2 data-start=\"1379\" data-end=\"1428\"><span style=\"color: #800000;\">Ako s\u00favis\u00ed s hradom bar\u00f3n Peter Per\u00e9ni?<\/span><\/h2>\n<p data-start=\"1429\" data-end=\"1842\">Po <strong data-start=\"1432\" data-end=\"1452\">bitke pri Moh\u00e1\u010di<\/strong> z\u00edskal <strong data-start=\"1460\" data-end=\"1477\">hrad \u010conkav\u00e1r<\/strong> <strong data-start=\"1478\" data-end=\"1514\">bar\u00f3n Peter Per\u00e9ni (1497 \u2013 1548)<\/strong>, <strong data-start=\"1516\" data-end=\"1554\">str\u00e1\u017eca uhorskej kr\u00e1\u013eovskej koruny<\/strong> a majite\u013e viacer\u00fdch hradov.<\/p>\n<p data-start=\"1429\" data-end=\"1842\">Po roku <strong data-start=\"1593\" data-end=\"1601\">1526<\/strong> pravdepodobne hrad <strong data-start=\"1621\" data-end=\"1666\">roz\u0161\u00edril na pohodlnej\u0161ie \u0161\u013eachtick\u00e9 s\u00eddlo<\/strong>, vyu\u017e\u00edvaj\u00fac jeho <strong data-start=\"1684\" data-end=\"1717\">strategick\u00fa polohu na pahorku<\/strong>.<\/p>\n<p data-start=\"1429\" data-end=\"1842\">Toto vlastn\u00edctvo si dal potvrdi\u0165 <strong>uhorsk\u00fdm kr\u00e1\u013eom<\/strong> (protikr\u00e1\u013eom Ferdinanda I.) J\u00e1nom Z\u00e1po\u013esk\u00fdm (J\u00e1n I.).<\/p>\n<p data-start=\"1429\" data-end=\"1842\">Ako <strong data-start=\"1723\" data-end=\"1757\">vern\u00fd st\u00fapenec J\u00e1na Z\u00e1po\u013esk\u00e9ho<\/strong> sa v\u0161ak dostal do konfliktu s <strong data-start=\"1788\" data-end=\"1806\">Ferdinandom I.<\/strong>, \u010do malo pre hrad fat\u00e1lne n\u00e1sledky.<\/p>\n<h2 data-start=\"1849\" data-end=\"1891\"><span style=\"color: #800000;\">Pre\u010do bol hrad \u010conkav\u00e1r zb\u00faran\u00fd?<\/span><\/h2>\n<p data-start=\"1892\" data-end=\"2305\">V polovici 16. storo\u010dia vydal kr\u00e1\u013e <strong>Ferdinand I. Habsbursk\u00fd<\/strong> nariadenie na <strong>zb\u00faranie hradu<\/strong> v d\u00f4sledku politickej <strong>nelojality<\/strong> bar\u00f3na Per\u00e9niho.<\/p>\n<p data-start=\"1892\" data-end=\"2305\">Pr\u00e1ve t\u00e1to udalos\u0165 dala hradu jeho n\u00e1zov \u2013 <strong data-start=\"2124\" data-end=\"2137\">Csonkav\u00e1r<\/strong>, teda \u201e<strong data-start=\"2145\" data-end=\"2157\">pust\u00fd<\/strong>\u201c, \u201e<strong data-start=\"2166\" data-end=\"2182\">okliesnen\u00fd<\/strong>\u201c\u00a0alebo \u201e<strong data-start=\"2166\" data-end=\"2182\">zr\u00facan\u00fd hrad<\/strong>\u201c. V\u010faka svojej <strong data-start=\"2198\" data-end=\"2236\">kr\u00e1tkej, no dramatickej existencii<\/strong> je pova\u017eovan\u00fd za <strong data-start=\"2254\" data-end=\"2304\">najkrat\u0161ie funguj\u00faci hrad v dejin\u00e1ch Slovenska<\/strong>.<\/p>\n<h2 data-start=\"2312\" data-end=\"2368\"><span style=\"color: #800000;\">Ako vyzer\u00e1 architekt\u00fara a stav zr\u00facaniny dnes?<\/span><\/h2>\n<p data-start=\"2369\" data-end=\"2696\">Hrad mal podobu <strong data-start=\"2385\" data-end=\"2442\">dvojpodla\u017enej obytnej stavby s obd\u013a\u017enikov\u00fdm p\u00f4dorysom<\/strong>. Pravdepodobne <strong data-start=\"2458\" data-end=\"2489\">nikdy nebol \u00faplne dostavan\u00fd<\/strong>, \u010do dokazuje aj <strong data-start=\"2506\" data-end=\"2538\">absencia v\u00fdrazn\u00e9ho opevnenia<\/strong>.<\/p>\n<p data-start=\"2369\" data-end=\"2696\">Dodnes sa zachovali <strong data-start=\"2562\" data-end=\"2587\">mas\u00edvne zvy\u0161ky muriva<\/strong> a zauj\u00edmav\u00fdm detailom s\u00fa <strong data-start=\"2613\" data-end=\"2650\">dve okn\u00e1 s polkruhov\u00fdm zaklenut\u00edm<\/strong> v <strong data-start=\"2653\" data-end=\"2695\">severov\u00fdchodnej stene prv\u00e9ho poschodia<\/strong>.<\/p>\n<h2 data-start=\"2703\" data-end=\"2747\"><span style=\"color: #800000;\">Prebieha na hrade \u010conkav\u00e1r obnova?<\/span><\/h2>\n<p data-start=\"2748\" data-end=\"3082\">\u00c1no, <strong data-start=\"2753\" data-end=\"2807\">na zr\u00facanine hradu \u010conkav\u00e1r prebieha rekon\u0161trukcia<\/strong>. Cie\u013eom je <strong data-start=\"2819\" data-end=\"2861\">revitaliz\u00e1cia a nov\u00e9 vyu\u017eitie lokality<\/strong>.<\/p>\n<p data-start=\"2748\" data-end=\"3082\">Po jej dokon\u010den\u00ed tu vznikne <strong data-start=\"2893\" data-end=\"2933\">vin\u00e1re\u0148 s prezent\u00e1ciou miestnych v\u00edn<\/strong>, <strong data-start=\"2935\" data-end=\"2950\">infocentrum<\/strong> a <strong data-start=\"2953\" data-end=\"2967\">lapid\u00e1rium<\/strong>, kde si n\u00e1v\u0161tevn\u00edci bud\u00fa m\u00f4c\u0165 prezrie\u0165 <strong data-start=\"3007\" data-end=\"3043\">n\u00e1lezy z archeologick\u00e9ho v\u00fdskumu<\/strong> a spozna\u0165 <strong data-start=\"3054\" data-end=\"3081\">podrobn\u00fa hist\u00f3riu hradu<\/strong>.<\/p>\n<h2><span style=\"color: #800000;\">Fotogal\u00e9ria<\/span><\/h2>\n<style type=\"text\/css\">\n#foogallery-gallery-73794 .fg-image { width: 200px; }<\/style>\n\t\t\t<div class=\"foogallery foogallery-container foogallery-carousel foogallery-lightbox-foogallery fg-carousel fg-ready fg-light fg-border-medium fg-round-small fg-shadow-medium fg-loading-default fg-loaded-fade-in fg-hover-semi-zoomed fg-hover-fade fg-hover-circle-plus2\" id=\"foogallery-gallery-73794\" data-foogallery=\"{&quot;item&quot;:{&quot;showCaptionTitle&quot;:true,&quot;showCaptionDescription&quot;:true},&quot;lazy&quot;:true,&quot;template&quot;:{&quot;maxItems&quot;:5,&quot;scale&quot;:0.11999999999999999555910790149937383830547332763671875,&quot;gutter&quot;:{&quot;min&quot;:-40,&quot;max&quot;:-20,&quot;unit&quot;:&quot;%&quot;},&quot;autoplay&quot;:{&quot;time&quot;:0,&quot;interaction&quot;:&quot;pause&quot;},&quot;centerOnClick&quot;:true,&quot;align&quot;:&quot;center&quot;,&quot;activePosition&quot;:&quot;center&quot;}}\" data-foogallery-lightbox=\"{&quot;thumbs&quot;:&quot;bottom&quot;,&quot;thumbsCaptions&quot;:false,&quot;thumbsBestFit&quot;:false,&quot;thumbsSmall&quot;:false,&quot;thumbsCaptionsAlign&quot;:&quot;default&quot;,&quot;info&quot;:&quot;bottom&quot;,&quot;infoVisible&quot;:true,&quot;infoOverlay&quot;:true,&quot;infoAlign&quot;:&quot;default&quot;,&quot;transition&quot;:&quot;fade&quot;,&quot;hoverButtons&quot;:false,&quot;fitMedia&quot;:false,&quot;noScrollbars&quot;:true,&quot;preserveButtonSpace&quot;:true,&quot;buttons&quot;:{&quot;fullscreen&quot;:true,&quot;info&quot;:true,&quot;thumbs&quot;:false},&quot;video&quot;:{&quot;autoPlay&quot;:true}}\" style=\"--fg-title-line-clamp: 1; --fg-description-line-clamp: 2;\" >\n\t<button type=\"button\" class=\"fg-carousel-prev\" title=\"Previous\"><\/button>\n\t<div class=\"fg-carousel-inner\">\n\t\t<div class=\"fg-carousel-center\"><\/div>\n\t\t<div class=\"fg-item fg-type-image fg-idle\"><figure class=\"fg-item-inner\"><a href=\"https:\/\/www.keturist.sk\/info\/wp-content\/uploads\/2023\/09\/Hrad-Kralovsky-Chlmec-Csonkavar.-denisa2.jpg\" data-caption-title=\"Zr\u00facanina hradu \u010conkav\u00e1r (Csonkav\u00e1r)\" data-caption-desc=\"Zr\u00facanina hradu \u010conkav\u00e1r (Csonkav\u00e1r), fotograf: Denisa Denisa Bia\u0142ko\" data-attachment-id=\"59402\" data-type=\"image\" class=\"fg-thumb\"><span class=\"fg-image-wrap\"><img decoding=\"async\" title=\"Zr\u00facanina hradu \u010conkav\u00e1r (Csonkav\u00e1r)\" width=\"200\" height=\"200\" class=\"skip-lazy fg-image\" data-src-fg=\"https:\/\/www.keturist.sk\/info\/wp-content\/uploads\/cache\/2023\/09\/Hrad-Kralovsky-Chlmec-Csonkavar_-denisa2\/1573120585.jpg\" src=\"data:image\/svg+xml,%3Csvg%20xmlns%3D%22http%3A%2F%2Fwww.w3.org%2F2000%2Fsvg%22%20width%3D%22200%22%20height%3D%22200%22%20viewBox%3D%220%200%20200%20200%22%3E%3C%2Fsvg%3E\" loading=\"eager\"><\/span><span class=\"fg-image-overlay\"><\/span><\/a><figcaption class=\"fg-caption\"><div class=\"fg-caption-inner\"><div class=\"fg-caption-title\">Zr\u00facanina hradu \u010conkav\u00e1r (Csonkav\u00e1r)<\/div><div class=\"fg-caption-desc\">Zr\u00facanina hradu \u010conkav\u00e1r (Csonkav\u00e1r), fotograf: Denisa Denisa Bia\u0142ko<\/div><\/div><\/figcaption><\/figure><div class=\"fg-loader\"><\/div><\/div><div class=\"fg-item fg-type-image fg-idle\"><figure class=\"fg-item-inner\"><a href=\"https:\/\/www.keturist.sk\/info\/wp-content\/uploads\/2023\/09\/Hrad-Kralovsky-Chlmec-Csonkavar.-denisa1.jpg\" data-caption-title=\"Zr\u00facanina hradu \u010conkav\u00e1r (Csonkav\u00e1r)\" data-caption-desc=\"Zr\u00facanina hradu \u010conkav\u00e1r (Csonkav\u00e1r), fotograf: Denisa Denisa Bia\u0142ko\" data-attachment-id=\"59401\" data-type=\"image\" class=\"fg-thumb\"><span class=\"fg-image-wrap\"><img decoding=\"async\" title=\"Zr\u00facanina hradu \u010conkav\u00e1r (Csonkav\u00e1r)\" width=\"200\" height=\"200\" class=\"skip-lazy fg-image\" data-src-fg=\"https:\/\/www.keturist.sk\/info\/wp-content\/uploads\/cache\/2023\/09\/Hrad-Kralovsky-Chlmec-Csonkavar_-denisa1\/2557306716.jpg\" src=\"data:image\/svg+xml,%3Csvg%20xmlns%3D%22http%3A%2F%2Fwww.w3.org%2F2000%2Fsvg%22%20width%3D%22200%22%20height%3D%22200%22%20viewBox%3D%220%200%20200%20200%22%3E%3C%2Fsvg%3E\" loading=\"eager\"><\/span><span class=\"fg-image-overlay\"><\/span><\/a><figcaption class=\"fg-caption\"><div class=\"fg-caption-inner\"><div class=\"fg-caption-title\">Zr\u00facanina hradu \u010conkav\u00e1r (Csonkav\u00e1r)<\/div><div class=\"fg-caption-desc\">Zr\u00facanina hradu \u010conkav\u00e1r (Csonkav\u00e1r), fotograf: Denisa Denisa Bia\u0142ko<\/div><\/div><\/figcaption><\/figure><div class=\"fg-loader\"><\/div><\/div><div class=\"fg-item fg-type-image fg-idle\"><figure class=\"fg-item-inner\"><a href=\"https:\/\/www.keturist.sk\/info\/wp-content\/uploads\/2023\/09\/pivnice-vinne-kralovsky-chlmec.jpg\" data-caption-title=\"Vinn\u00e9 pivnice pri hrade \u010conkav\u00e1r\" data-caption-desc=\"Vinn\u00e9 pivnice pri hrade \u010conkav\u00e1r, fotograf: Denisa Denisa Bia\u0142ko\" data-attachment-id=\"59397\" data-type=\"image\" class=\"fg-thumb\"><span class=\"fg-image-wrap\"><img decoding=\"async\" title=\"Vinn\u00e9 pivnice pri hrade \u010conkav\u00e1r\" width=\"200\" height=\"200\" class=\"skip-lazy fg-image\" data-src-fg=\"https:\/\/www.keturist.sk\/info\/wp-content\/uploads\/cache\/2023\/09\/pivnice-vinne-kralovsky-chlmec\/1347489499.jpg\" src=\"data:image\/svg+xml,%3Csvg%20xmlns%3D%22http%3A%2F%2Fwww.w3.org%2F2000%2Fsvg%22%20width%3D%22200%22%20height%3D%22200%22%20viewBox%3D%220%200%20200%20200%22%3E%3C%2Fsvg%3E\" loading=\"eager\"><\/span><span class=\"fg-image-overlay\"><\/span><\/a><figcaption class=\"fg-caption\"><div class=\"fg-caption-inner\"><div class=\"fg-caption-title\">Vinn\u00e9 pivnice pri hrade \u010conkav\u00e1r<\/div><div class=\"fg-caption-desc\">Vinn\u00e9 pivnice pri hrade \u010conkav\u00e1r, fotograf: Denisa Denisa Bia\u0142ko<\/div><\/div><\/figcaption><\/figure><div class=\"fg-loader\"><\/div><\/div><div class=\"fg-item fg-type-image fg-idle\"><figure class=\"fg-item-inner\"><a href=\"https:\/\/www.keturist.sk\/info\/wp-content\/uploads\/2023\/09\/Conkavar-Csonkavar2.jpg\" data-caption-title=\"Zr\u00facanina hradu \u010conkav\u00e1r (Csonkav\u00e1r)\" data-caption-desc=\"Zr\u00facanina hradu \u010conkav\u00e1r (Csonkav\u00e1r), fotograf: Marcin\u010din Jozef\" data-attachment-id=\"59399\" data-type=\"image\" class=\"fg-thumb\"><span class=\"fg-image-wrap\"><img decoding=\"async\" title=\"Zr\u00facanina hradu \u010conkav\u00e1r (Csonkav\u00e1r)\" width=\"200\" height=\"200\" class=\"skip-lazy fg-image\" data-src-fg=\"https:\/\/www.keturist.sk\/info\/wp-content\/uploads\/cache\/2023\/09\/Conkavar-Csonkavar2\/2734241554.jpg\" src=\"data:image\/svg+xml,%3Csvg%20xmlns%3D%22http%3A%2F%2Fwww.w3.org%2F2000%2Fsvg%22%20width%3D%22200%22%20height%3D%22200%22%20viewBox%3D%220%200%20200%20200%22%3E%3C%2Fsvg%3E\" loading=\"eager\"><\/span><span class=\"fg-image-overlay\"><\/span><\/a><figcaption class=\"fg-caption\"><div class=\"fg-caption-inner\"><div class=\"fg-caption-title\">Zr\u00facanina hradu \u010conkav\u00e1r (Csonkav\u00e1r)<\/div><div class=\"fg-caption-desc\">Zr\u00facanina hradu \u010conkav\u00e1r (Csonkav\u00e1r), fotograf: Marcin\u010din Jozef<\/div><\/div><\/figcaption><\/figure><div class=\"fg-loader\"><\/div><\/div><div class=\"fg-item fg-type-image fg-idle\"><figure class=\"fg-item-inner\"><a href=\"https:\/\/www.keturist.sk\/info\/wp-content\/uploads\/2023\/09\/Conkavar-Csonkavar1.jpg\" data-caption-title=\"Zr\u00facanina hradu \u010conkav\u00e1r (Csonkav\u00e1r)\" data-caption-desc=\"Zr\u00facanina hradu \u010conkav\u00e1r (Csonkav\u00e1r), fotograf: Marcin\u010din Jozef\" data-attachment-id=\"59398\" data-type=\"image\" class=\"fg-thumb\"><span class=\"fg-image-wrap\"><img decoding=\"async\" title=\"Zr\u00facanina hradu \u010conkav\u00e1r (Csonkav\u00e1r)\" width=\"200\" height=\"200\" class=\"skip-lazy fg-image\" data-src-fg=\"https:\/\/www.keturist.sk\/info\/wp-content\/uploads\/cache\/2023\/09\/Conkavar-Csonkavar1\/1388788668.jpg\" src=\"data:image\/svg+xml,%3Csvg%20xmlns%3D%22http%3A%2F%2Fwww.w3.org%2F2000%2Fsvg%22%20width%3D%22200%22%20height%3D%22200%22%20viewBox%3D%220%200%20200%20200%22%3E%3C%2Fsvg%3E\" loading=\"eager\"><\/span><span class=\"fg-image-overlay\"><\/span><\/a><figcaption class=\"fg-caption\"><div class=\"fg-caption-inner\"><div class=\"fg-caption-title\">Zr\u00facanina hradu \u010conkav\u00e1r (Csonkav\u00e1r)<\/div><div class=\"fg-caption-desc\">Zr\u00facanina hradu \u010conkav\u00e1r (Csonkav\u00e1r), fotograf: Marcin\u010din Jozef<\/div><\/div><\/figcaption><\/figure><div class=\"fg-loader\"><\/div><\/div>\t<\/div>\n\t<div class=\"fg-carousel-bottom\"><\/div>\n\t<div class=\"fg-carousel-progress\"><\/div>\n\t<button type=\"button\" class=\"fg-carousel-next\" title=\"Next\"><\/button>\n<\/div>\n<h2><span style=\"color: #800000;\">Zauj\u00edmav\u00e9 odkazy<\/span><\/h2>\n<h3><span style=\"color: #808000;\">Bl\u00edzke stredisko, turistick\u00e9 centrum, obec alebo mesto:<\/span><\/h3>\n<ul>\n<li>Kr\u00e1\u013eovsk\u00fd Chlmec (\u010d\u00edtaj viac&#8230;)<\/li>\n<\/ul>\n<h2><span style=\"color: #800000;\">Mapy<\/span><\/h2>\n<p><strong>Vrstvy: <\/strong>Turistick\u00e1 mapa, Automapa, Cyklomapa, Ly\u017eiarska mapa, Satelitn\u00e1 mapa a OpenStreetMap.<\/p>\n<p><strong>Kliknut\u00edm na logo &#8222;Freemap.sk&#8220; sa V\u00e1m mapa zobraz\u00ed na celej ploche obrazovky.<\/strong><\/p>\n<p><iframe style=\"width: 900px; height: 500px; border: 0;\" src=\"https:\/\/www.freemap.sk\/?map=14\/48.423946\/21.974579&amp;info-point=48.423946\/21.974579,Hrad \u010conkav\u00e1r (Csonkav\u00e1r) (zr\u00facanina)&amp;layers=X&amp;embed=search\" allowfullscreen=\"allowfullscreen\"><\/iframe><\/p>\n<h2><span style=\"color: #800000;\">Po\u010dasie<\/span><\/h2>\n<p><iframe style=\"width: 900px; height: 611px;\" src=\"https:\/\/www.meteoblue.com\/sk\/po%C4%8Dasie\/widget\/three\/kr%c3%a1%c4%beovsk%c3%bd-chlmec_slovensk%c3%a1-republika_724411?geoloc=fixed&amp;nocurrent=0&amp;noforecast=0&amp;days=7&amp;tempunit=CELSIUS&amp;windunit=KILOMETER_PER_HOUR&amp;layout=image\" frameborder=\"0\" scrolling=\"NO\" sandbox=\"allow-same-origin allow-scripts allow-popups allow-popups-to-escape-sandbox\"><\/iframe><\/p>\n<div><!-- DO NOT REMOVE THIS LINK --><a href=\"https:\/\/www.meteoblue.com\/sk\/po%C4%8Dasie\/t%C3%BD%C5%BEde%C5%88\/kr%c3%a1%c4%beovsk%c3%bd-chlmec_slovensk%c3%a1-republika_724411?utm_source=weather_widget&amp;utm_medium=linkus&amp;utm_content=three&amp;utm_campaign=Weather%2BWidget\" target=\"_blank\" rel=\"noopener\">meteoblue<\/a><\/div>\n","protected":false},"excerpt":{"rendered":"<p>Podkateg\u00f3ria: Lokaliz\u00e1cia: Doln\u00fd Zempl\u00edn Ticho nad Kr\u00e1\u013eovsk\u00fdm Chlmcom Ke\u010f som vyst\u00fapil na pahorok nad Kr\u00e1\u013eovsk\u00fdm Chlmcom, priv\u00edtalo ma ticho a v\u00fdh\u013ead na krajinu podo mnou. Zvy\u0161ky m\u00farov hradu \u010conkav\u00e1r p\u00f4sobili [&hellip;]<\/p>\n","protected":false},"author":1,"featured_media":59398,"parent":39934,"menu_order":0,"comment_status":"closed","ping_status":"closed","template":"","meta":{"_uag_custom_page_level_css":"","_monsterinsights_skip_tracking":false,"_monsterinsights_sitenote_active":false,"_monsterinsights_sitenote_note":"","_monsterinsights_sitenote_category":0,"footnotes":""},"class_list":["post-59367","page","type-page","status-publish","has-post-thumbnail","hentry"],"featured_image_src":"https:\/\/www.keturist.sk\/info\/wp-content\/uploads\/2023\/09\/Conkavar-Csonkavar1.jpg","featured_image_src_square":"https:\/\/www.keturist.sk\/info\/wp-content\/uploads\/2023\/09\/Conkavar-Csonkavar1.jpg","rbea_author_info":{"display_name":"admin","author_link":"https:\/\/www.keturist.sk\/info\/author\/admin\/"},"rbea_excerpt_info":"Podkateg\u00f3ria: Lokaliz\u00e1cia: Doln\u00fd Zempl\u00edn Ticho nad Kr\u00e1\u013eovsk\u00fdm Chlmcom Ke\u010f som vyst\u00fapil na pahorok nad Kr\u00e1\u013eovsk\u00fdm Chlmcom, priv\u00edtalo ma ticho a v\u00fdh\u013ead na krajinu podo mnou. Zvy\u0161ky m\u00farov hradu \u010conkav\u00e1r p\u00f4sobili [&hellip;]","uagb_featured_image_src":{"full":["https:\/\/www.keturist.sk\/info\/wp-content\/uploads\/2023\/09\/Conkavar-Csonkavar1.jpg",1000,667,false],"thumbnail":["https:\/\/www.keturist.sk\/info\/wp-content\/uploads\/2023\/09\/Conkavar-Csonkavar1-270x180.jpg",270,180,true],"medium":["https:\/\/www.keturist.sk\/info\/wp-content\/uploads\/2023\/09\/Conkavar-Csonkavar1-800x534.jpg",800,534,true],"medium_large":["https:\/\/www.keturist.sk\/info\/wp-content\/uploads\/2023\/09\/Conkavar-Csonkavar1-768x512.jpg",768,512,true],"large":["https:\/\/www.keturist.sk\/info\/wp-content\/uploads\/2023\/09\/Conkavar-Csonkavar1.jpg",1000,667,false],"1536x1536":["https:\/\/www.keturist.sk\/info\/wp-content\/uploads\/2023\/09\/Conkavar-Csonkavar1.jpg",1000,667,false],"2048x2048":["https:\/\/www.keturist.sk\/info\/wp-content\/uploads\/2023\/09\/Conkavar-Csonkavar1.jpg",1000,667,false]},"uagb_author_info":{"display_name":"admin","author_link":"https:\/\/www.keturist.sk\/info\/author\/admin\/"},"uagb_comment_info":0,"uagb_excerpt":"Podkateg\u00f3ria: Lokaliz\u00e1cia: Doln\u00fd Zempl\u00edn Ticho nad Kr\u00e1\u013eovsk\u00fdm Chlmcom Ke\u010f som vyst\u00fapil na pahorok nad Kr\u00e1\u013eovsk\u00fdm Chlmcom, priv\u00edtalo ma ticho a v\u00fdh\u013ead na krajinu podo mnou. Zvy\u0161ky m\u00farov hradu \u010conkav\u00e1r p\u00f4sobili [&hellip;]","_links":{"self":[{"href":"https:\/\/www.keturist.sk\/info\/wp-json\/wp\/v2\/pages\/59367","targetHints":{"allow":["GET"]}}],"collection":[{"href":"https:\/\/www.keturist.sk\/info\/wp-json\/wp\/v2\/pages"}],"about":[{"href":"https:\/\/www.keturist.sk\/info\/wp-json\/wp\/v2\/types\/page"}],"author":[{"embeddable":true,"href":"https:\/\/www.keturist.sk\/info\/wp-json\/wp\/v2\/users\/1"}],"replies":[{"embeddable":true,"href":"https:\/\/www.keturist.sk\/info\/wp-json\/wp\/v2\/comments?post=59367"}],"version-history":[{"count":38,"href":"https:\/\/www.keturist.sk\/info\/wp-json\/wp\/v2\/pages\/59367\/revisions"}],"predecessor-version":[{"id":73800,"href":"https:\/\/www.keturist.sk\/info\/wp-json\/wp\/v2\/pages\/59367\/revisions\/73800"}],"up":[{"embeddable":true,"href":"https:\/\/www.keturist.sk\/info\/wp-json\/wp\/v2\/pages\/39934"}],"wp:featuredmedia":[{"embeddable":true,"href":"https:\/\/www.keturist.sk\/info\/wp-json\/wp\/v2\/media\/59398"}],"wp:attachment":[{"href":"https:\/\/www.keturist.sk\/info\/wp-json\/wp\/v2\/media?parent=59367"}],"curies":[{"name":"wp","href":"https:\/\/api.w.org\/{rel}","templated":true}]}}