{"id":59182,"date":"2023-09-01T10:02:34","date_gmt":"2023-09-01T08:02:34","guid":{"rendered":"https:\/\/www.keturist.sk\/info\/?page_id=59182"},"modified":"2026-02-16T07:36:10","modified_gmt":"2026-02-16T06:36:10","slug":"skanzenovy-dom-1776-v-obci-mala-trna","status":"publish","type":"page","link":"https:\/\/www.keturist.sk\/info\/kam-za-pamiatkami\/kam-za-pamiatkami-smer-zemplin\/ludova-architektura\/skanzenovy-dom-1776-v-obci-mala-trna\/","title":{"rendered":"SKANZENOV\u00dd DOM 1776 v obci Mal\u00e1 T\u0155\u0148a"},"content":{"rendered":"<a href=\"https:\/\/www.keturist.sk\/info\/\" class=\"su-button su-button-style-default\" style=\"color:#000000;background-color:#FFCF2F;border-color:#cca626;border-radius:5px\" target=\"_self\"><span style=\"color:#000000;padding:6px 16px;font-size:13px;line-height:20px;border-color:#ffde6e;border-radius:5px;text-shadow:none\"><i class=\"sui sui-arrow-right\" style=\"font-size:13px;color:#000000\"><\/i>  Spravodaj <\/span><\/a>\n<a href=\"https:\/\/www.keturist.sk\/info\/tipy-na-vylety\/\" class=\"su-button su-button-style-default\" style=\"color:#000000;background-color:#FFCF2F;border-color:#cca626;border-radius:5px\" target=\"_self\"><span style=\"color:#000000;padding:6px 16px;font-size:13px;line-height:20px;border-color:#ffde6e;border-radius:5px;text-shadow:none\"><i class=\"sui sui-arrow-right\" style=\"font-size:13px;color:#000000\"><\/i>  TIPY NA V\u00ddLETY <\/span><\/a>\n<a href=\"https:\/\/www.keturist.sk\/info\/kam-za-pamiatkami\/\" class=\"su-button su-button-style-default\" style=\"color:#000000;background-color:#FFCF2F;border-color:#cca626;border-radius:5px\" target=\"_self\"><span style=\"color:#000000;padding:6px 16px;font-size:13px;line-height:20px;border-color:#ffde6e;border-radius:5px;text-shadow:none\"><i class=\"sui sui-arrow-right\" style=\"font-size:13px;color:#000000\"><\/i>  Kam za pamiatkami <\/span><\/a>\n<a href=\"https:\/\/www.keturist.sk\/info\/kam-za-pamiatkami\/kam-za-pamiatkami-smer-zemplin\/\" class=\"su-button su-button-style-default\" style=\"color:#000000;background-color:#FFCF2F;border-color:#cca626;border-radius:5px\" target=\"_self\"><span style=\"color:#000000;padding:6px 16px;font-size:13px;line-height:20px;border-color:#ffde6e;border-radius:5px;text-shadow:none\"><i class=\"sui sui-arrow-right\" style=\"font-size:13px;color:#000000\"><\/i>  smer Doln\u00fd Zempl\u00edn <\/span><\/a>\n<div class=\"su-divider su-divider-style-default\" style=\"margin:15px 0;border-width:0px;border-color:#000000\"><\/div>\n<p><strong>Podkateg\u00f3ria: <\/strong> <a href=\"https:\/\/www.keturist.sk\/info\/kam-za-pamiatkami\/kam-za-pamiatkami-smer-zemplin\/ludova-architektura\/\" class=\"su-button su-button-style-default\" style=\"color:#000000;background-color:#afd144;border-color:#8ca837;border-radius:5px\" target=\"_self\"><span style=\"color:#000000;padding:6px 16px;font-size:13px;line-height:20px;border-color:#c7df7d;border-radius:5px;text-shadow:none\"><i class=\"sui sui-arrow-right\" style=\"font-size:13px;color:#000000\"><\/i>  \u013dudov\u00e1 architekt\u00fara <\/span><\/a>\n<div class=\"su-divider su-divider-style-default\" style=\"margin:15px 0;border-width:0px;border-color:#000000\"><\/div>\n<p><strong>Lokaliz\u00e1cia: <\/strong> <a href=\"https:\/\/www.keturist.sk\/info\/vseobecne-informacie\/zemplin\/\">Doln\u00fd Zempl\u00edn<\/a><\/p>\n<div class=\"su-divider su-divider-style-default\" style=\"margin:15px 0;border-width:2px;border-color:#000000\"><\/div>\n<figure id=\"attachment_59195\" aria-describedby=\"caption-attachment-59195\" style=\"width: 900px\" class=\"wp-caption aligncenter\"><a href=\"https:\/\/www.keturist.sk\/info\/wp-content\/uploads\/2023\/09\/SKANZENOVY-DOM-1776-mala-trna.jpg\"><img loading=\"lazy\" decoding=\"async\" class=\"wp-image-59195\" src=\"https:\/\/www.keturist.sk\/info\/wp-content\/uploads\/2023\/09\/SKANZENOVY-DOM-1776-mala-trna-800x450.jpg\" alt=\"SKANZENOV\u00dd DOM 1776 v obci Mal\u00e1 T\u0155\u0148a\" width=\"900\" height=\"507\" srcset=\"https:\/\/www.keturist.sk\/info\/wp-content\/uploads\/2023\/09\/SKANZENOVY-DOM-1776-mala-trna-800x450.jpg 800w, https:\/\/www.keturist.sk\/info\/wp-content\/uploads\/2023\/09\/SKANZENOVY-DOM-1776-mala-trna-270x152.jpg 270w, https:\/\/www.keturist.sk\/info\/wp-content\/uploads\/2023\/09\/SKANZENOVY-DOM-1776-mala-trna-768x432.jpg 768w, https:\/\/www.keturist.sk\/info\/wp-content\/uploads\/2023\/09\/SKANZENOVY-DOM-1776-mala-trna.jpg 1000w\" sizes=\"auto, (max-width: 900px) 100vw, 900px\" \/><\/a><figcaption id=\"caption-attachment-59195\" class=\"wp-caption-text\">SKANZENOV\u00dd DOM 1776 v obci Mal\u00e1 T\u0155\u0148a, Fotograf: Jozef Mare\u010dek (https:\/\/www.facebook.com\/jozef.marecek.94)<\/figcaption><\/figure>\n<div class=\"su-divider su-divider-style-default\" style=\"margin:15px 0;border-width:2px;border-color:#000000\"><\/div>\n<h2 data-path-to-node=\"2\"><span style=\"color: #800000;\">Ozveny hist\u00f3rie v kamenn\u00fdch m\u00faroch Malej T\u0155ne<\/span><\/h2>\n<p data-path-to-node=\"3\">Predstavte si rann\u00fd opar nad tokajsk\u00fdmi vinicami a v\u00f4\u0148u star\u00e9ho kame\u0148a, ktor\u00fd si pam\u00e4t\u00e1 \u010dasy M\u00e1rie Ter\u00e9zie.<\/p>\n<p data-path-to-node=\"3\">Ke\u010f kr\u00e1\u010date uli\u010dkami Malej T\u0155ne, naraz\u00edte na miesto, kde sa zastavil \u010das.<\/p>\n<p data-path-to-node=\"3\"><b data-path-to-node=\"3\" data-index-in-node=\"182\">Skanzenov\u00fd dom 1776<\/b> nie je len oby\u010dajn\u00e1 zr\u00facanina; je to nem\u00fd svedok osudov gener\u00e1ci\u00ed, ktor\u00e9 tu pred dvestop\u00e4\u0165desiatimi rokmi v\u00edtali svitanie.<\/p>\n<p data-path-to-node=\"3\">Sta\u010d\u00ed zavrie\u0165 o\u010di a za\u010dujete praskanie oh\u0148a v \u010diernej kuchyni a uvid\u00edte farebn\u00e9 mu\u0161k\u00e1ty v okn\u00e1ch, ktor\u00e9 kedysi zdobili toto prie\u010delie.<\/p>\n<p data-path-to-node=\"3\">Pr\u00ed\u010fte sa dotkn\u00fa\u0165 drsn\u00e9ho kame\u0148a a odha\u013ete tajomstv\u00e1 predkov, ktor\u00e9 s\u00fa vp\u00edsan\u00e9 do ka\u017ed\u00e9ho milimetra tejto unik\u00e1tnej historickej pamiatky.<\/p>\n<h2 data-path-to-node=\"5\"><span style=\"color: #800000;\">Kde sa nach\u00e1dza historick\u00fd skanzenov\u00fd dom 1776 a ak\u00fd je jeho v\u00fdznam?<\/span><\/h2>\n<p data-path-to-node=\"6\"><b data-path-to-node=\"6\" data-index-in-node=\"0\">Skanzenov\u00fd dom 1776<\/b> predstavuje vz\u00e1cne zachovan\u00e9 ruiny situovan\u00e9 v malebnej obci Mal\u00e1 T\u0155\u0148a.<\/p>\n<p data-path-to-node=\"6\">Tento fascinuj\u00faci objekt je autentickou <b data-path-to-node=\"6\" data-index-in-node=\"132\">pamiatkou \u013eudov\u00e9ho stavite\u013estva<\/b>, ktor\u00e1 n\u00e1v\u0161tevn\u00edkom pribli\u017euje historick\u00fa architekt\u00faru regi\u00f3nu.<\/p>\n<p data-path-to-node=\"6\">P\u00f4vodne i\u0161lo o dvojpriestorov\u00fd murovan\u00fd <b data-path-to-node=\"6\" data-index-in-node=\"268\">tradi\u010dn\u00fd dom<\/b> postaven\u00fd z kame\u0148a, ktor\u00fd pozost\u00e1val z izby a pitvora.<\/p>\n<p data-path-to-node=\"6\">Do dne\u0161n\u00fdch \u010dias sa z tejto <b data-path-to-node=\"6\" data-index-in-node=\"364\">historickej stavby<\/b> zachovala len \u010das\u0165 prie\u010delia budovy a fragmenty obvodov\u00fdch m\u00farov.<\/p>\n<h2 data-path-to-node=\"7\"><span style=\"color: #800000;\">Ako sa vyv\u00edjala dispoz\u00edcia a architekt\u00fara tejto pamiatky \u013eudovej architekt\u00fary?<\/span><\/h2>\n<p data-path-to-node=\"8\">Nesk\u00f4r v 19. storo\u010d\u00ed pre\u0161iel tento <b data-path-to-node=\"8\" data-index-in-node=\"35\">vidiecky dom<\/b> prestavbou na trojpriestorov\u00fd objekt, ktor\u00fd zah\u0155\u0148al izbu, pitvor (bud\u00facu kuchy\u0148u) a komoru.<\/p>\n<p data-path-to-node=\"8\">Hlavnou funkciou pitvora v r\u00e1mci <b data-path-to-node=\"8\" data-index-in-node=\"173\">\u013eudovej architekt\u00fary<\/b> bolo chr\u00e1ni\u0165 obytn\u00fd priestor izby pred nepriazniv\u00fdmi poveternostn\u00fdmi vplyvmi.<\/p>\n<p data-path-to-node=\"8\">Z\u00e1sadn\u00e1 zmena v pou\u017e\u00edvan\u00ed pitvora nastala na prelome 18. a 19. storo\u010dia, kedy sa do jeho zadnej \u010dasti premiestnilo z izby otvoren\u00e9 ohnisko a \u010de\u013euste pece.<\/p>\n<h2 data-path-to-node=\"9\"><span style=\"color: #800000;\">Ak\u00fdmi premenami pre\u0161lo interi\u00e9rov\u00e9 vybavenie a funkcia miestnost\u00ed?<\/span><\/h2>\n<p data-path-to-node=\"10\">Od polovice 19. storo\u010dia, so zav\u00e1dzan\u00edm murovan\u00fdch spor\u00e1kov, prestala by\u0165 kuchy\u0148a v objekte <b data-path-to-node=\"10\" data-index-in-node=\"92\">skanzenov\u00fd dom 1776<\/b> zadymen\u00fdm a studen\u00fdm priestorom, pri\u010dom sa v nej za\u010dalo aj stolova\u0165.<\/p>\n<p data-path-to-node=\"10\">Z p\u00f4vodn\u00e9ho pitvora sa postupne stala plnohodnotn\u00e1 kuchy\u0148a, ktor\u00fa obyvatelia za\u010dali vyu\u017e\u00edva\u0165 na be\u017en\u00e9 b\u00fdvanie.<\/p>\n<p data-path-to-node=\"10\">V tomto priestore postavili st\u00f4l s lavicami a v niektor\u00fdch pr\u00edpadoch aj poste\u013e.<\/p>\n<p data-path-to-node=\"10\"><b data-path-to-node=\"10\" data-index-in-node=\"372\">Dobov\u00e9 b\u00fdvanie<\/b> dop\u013a\u0148ala v izb\u00e1ch hlinen\u00e1 podlaha, ktor\u00e1 bola vymazan\u00e1 blatom s plevami.<\/p>\n<h2 data-path-to-node=\"11\"><span style=\"color: #800000;\">Ak\u00e9 technick\u00e9 detaily charakterizuj\u00fa strechu a okn\u00e1 tejto historickej pamiatky?<\/span><\/h2>\n<p data-path-to-node=\"12\">Tento <b data-path-to-node=\"12\" data-index-in-node=\"6\">kamenn\u00fd dom<\/b> mal p\u00f4vodne valbov\u00fa strechu, ktor\u00e1 bola v minulosti pokryt\u00e1 tradi\u010dn\u00fdm dreven\u00fdm \u0161ind\u013eom alebo slamou.<\/p>\n<p data-path-to-node=\"12\">V druhej polovici 20. storo\u010dia v\u0161ak bola t\u00e1to krytina vymenen\u00e1 za eternit.<\/p>\n<p data-path-to-node=\"12\">Na hlavnej fas\u00e1de budovy s\u00fa e\u0161te aj dnes vidite\u013en\u00e9 dva otvory okien, v ktor\u00fdch boli osaden\u00e9 <b data-path-to-node=\"12\" data-index-in-node=\"286\">\u0161paletov\u00e9 okn\u00e1<\/b> (skrinkov\u00e9) alebo <b data-path-to-node=\"12\" data-index-in-node=\"319\">kastlov\u00e9 okn\u00e1<\/b>.<\/p>\n<h2 data-path-to-node=\"13\"><span style=\"color: #800000;\">\u010c\u00edm s\u00fa \u0161pecifick\u00e9 historick\u00e9 v\u00fdplne otvorov pou\u017eit\u00e9 na tejto stavbe?<\/span><\/h2>\n<p data-path-to-node=\"14\"><b data-path-to-node=\"14\" data-index-in-node=\"0\">\u0160paletov\u00e9 a kastlov\u00e9 okn\u00e1<\/b> predstavuj\u00fa dvojdielne okn\u00e1, ktor\u00e9 maj\u00fa vonkaj\u0161ie aj vn\u00fatorn\u00e9 kr\u00eddla, pri\u010dom medzi nimi sa nach\u00e1dza \u010das\u0165 okenn\u00e9ho v\u00fdklenku, naz\u00fdvan\u00e1 \u0161paleta.<\/p>\n<p data-path-to-node=\"14\">Pri kastlov\u00fdch variantoch sa vonkaj\u0161ie kr\u00eddla otv\u00e1raj\u00fa dovn\u00fatra, zatia\u013e \u010do pri \u0161paletov\u00fdch smerom von.<\/p>\n<p data-path-to-node=\"14\"><b data-path-to-node=\"14\" data-index-in-node=\"271\">Skrinkov\u00e9 okn\u00e1<\/b> maj\u00fa z\u00e1sadn\u00fa v\u00fdhodu vo vyu\u017eite\u013enosti medziokenn\u00e9ho priestoru, ktor\u00fd sa v r\u00e1mci <b data-path-to-node=\"14\" data-index-in-node=\"365\">tradi\u010dn\u00e9ho b\u00fdvania<\/b> vyu\u017e\u00edval napr\u00edklad na dekor\u00e1ciu kvetmi.<\/p>\n<h2 data-path-to-node=\"14\"><span style=\"color: #800000;\">Zauj\u00edmav\u00e9 odkazy<\/span><\/h2>\n<h3><span style=\"color: #808000;\">Bl\u00edzke stredisko, turistick\u00e9 centrum, obec alebo mesto<\/span><\/h3>\n<ul>\n<li><a href=\"https:\/\/www.keturist.sk\/info\/turisticke-vychodiska\/smer-dolny-zemplin\/obec-mala-trna\/\">Obec Mal\u00e1 T\u0155\u0148a (\u010d\u00edtaj viac&#8230;)<\/a><\/li>\n<\/ul>\n<h2><span style=\"color: #800000;\">Mapy<\/span><\/h2>\n<p><strong>Vrstvy: <\/strong>Turistick\u00e1 mapa, Automapa, Cyklomapa, Ly\u017eiarska mapa, Satelitn\u00e1 mapa a OpenStreetMap.<\/p>\n<p><strong>Kliknut\u00edm na logo &#8222;Freemap.sk&#8220; sa V\u00e1m mapa zobraz\u00ed na celej ploche obrazovky.<\/strong><\/p>\n<p><iframe style=\"width: 900px; height: 500px; border: 0;\" src=\"https:\/\/www.freemap.sk\/?map=13\/48.443063\/21.691481&amp;info-point=48.443063\/21.691481,Tokaj&amp;layers=X&amp;embed=search\" allowfullscreen=\"allowfullscreen\"><span data-mce-type=\"bookmark\" style=\"display: inline-block; width: 0px; overflow: hidden; line-height: 0;\" class=\"mce_SELRES_start\">\ufeff<\/span><span data-mce-type=\"bookmark\" style=\"display: inline-block; width: 0px; overflow: hidden; line-height: 0;\" class=\"mce_SELRES_start\">\ufeff<\/span><\/iframe><\/p>\n<h2><span style=\"color: #800000;\">Po\u010dasie<\/span><\/h2>\n<p><iframe style=\"width: 900px; height: 618px;\" src=\"https:\/\/www.meteoblue.com\/sk\/po%C4%8Dasie\/widget\/three\/mal%c3%a1-t%c5%95%c5%88a_slovensko_724207?geoloc=fixed&amp;nocurrent=0&amp;noforecast=0&amp;days=7&amp;tempunit=CELSIUS&amp;windunit=KILOMETER_PER_HOUR&amp;layout=image\" frameborder=\"0\" scrolling=\"NO\" sandbox=\"allow-same-origin allow-scripts allow-popups allow-popups-to-escape-sandbox\"><\/iframe><\/p>\n<div><!-- DO NOT REMOVE THIS LINK --><a href=\"https:\/\/www.meteoblue.com\/sk\/po%C4%8Dasie\/t%C3%BD%C5%BEde%C5%88\/mal%c3%a1-t%c5%95%c5%88a_slovensko_724207?utm_source=weather_widget&amp;utm_medium=linkus&amp;utm_content=three&amp;utm_campaign=Weather%2BWidget\" target=\"_blank\" rel=\"noopener\">meteoblue<\/a><\/div>\n","protected":false},"excerpt":{"rendered":"<p>Podkateg\u00f3ria: Lokaliz\u00e1cia: Doln\u00fd Zempl\u00edn Ozveny hist\u00f3rie v kamenn\u00fdch m\u00faroch Malej T\u0155ne Predstavte si rann\u00fd opar nad tokajsk\u00fdmi vinicami a v\u00f4\u0148u star\u00e9ho kame\u0148a, ktor\u00fd si pam\u00e4t\u00e1 \u010dasy M\u00e1rie Ter\u00e9zie. Ke\u010f kr\u00e1\u010date [&hellip;]<\/p>\n","protected":false},"author":1,"featured_media":59195,"parent":43755,"menu_order":0,"comment_status":"closed","ping_status":"closed","template":"","meta":{"_uag_custom_page_level_css":"","_monsterinsights_skip_tracking":false,"_monsterinsights_sitenote_active":false,"_monsterinsights_sitenote_note":"","_monsterinsights_sitenote_category":0,"footnotes":""},"class_list":["post-59182","page","type-page","status-publish","has-post-thumbnail","hentry"],"featured_image_src":"https:\/\/www.keturist.sk\/info\/wp-content\/uploads\/2023\/09\/SKANZENOVY-DOM-1776-mala-trna.jpg","featured_image_src_square":"https:\/\/www.keturist.sk\/info\/wp-content\/uploads\/2023\/09\/SKANZENOVY-DOM-1776-mala-trna.jpg","rbea_author_info":{"display_name":"admin","author_link":"https:\/\/www.keturist.sk\/info\/author\/admin\/"},"rbea_excerpt_info":"Podkateg\u00f3ria: Lokaliz\u00e1cia: Doln\u00fd Zempl\u00edn Ozveny hist\u00f3rie v kamenn\u00fdch m\u00faroch Malej T\u0155ne Predstavte si rann\u00fd opar nad tokajsk\u00fdmi vinicami a v\u00f4\u0148u star\u00e9ho kame\u0148a, ktor\u00fd si pam\u00e4t\u00e1 \u010dasy M\u00e1rie Ter\u00e9zie. Ke\u010f kr\u00e1\u010date [&hellip;]","uagb_featured_image_src":{"full":["https:\/\/www.keturist.sk\/info\/wp-content\/uploads\/2023\/09\/SKANZENOVY-DOM-1776-mala-trna.jpg",1000,563,false],"thumbnail":["https:\/\/www.keturist.sk\/info\/wp-content\/uploads\/2023\/09\/SKANZENOVY-DOM-1776-mala-trna-270x152.jpg",270,152,true],"medium":["https:\/\/www.keturist.sk\/info\/wp-content\/uploads\/2023\/09\/SKANZENOVY-DOM-1776-mala-trna-800x450.jpg",800,450,true],"medium_large":["https:\/\/www.keturist.sk\/info\/wp-content\/uploads\/2023\/09\/SKANZENOVY-DOM-1776-mala-trna-768x432.jpg",768,432,true],"large":["https:\/\/www.keturist.sk\/info\/wp-content\/uploads\/2023\/09\/SKANZENOVY-DOM-1776-mala-trna.jpg",1000,563,false],"1536x1536":["https:\/\/www.keturist.sk\/info\/wp-content\/uploads\/2023\/09\/SKANZENOVY-DOM-1776-mala-trna.jpg",1000,563,false],"2048x2048":["https:\/\/www.keturist.sk\/info\/wp-content\/uploads\/2023\/09\/SKANZENOVY-DOM-1776-mala-trna.jpg",1000,563,false]},"uagb_author_info":{"display_name":"admin","author_link":"https:\/\/www.keturist.sk\/info\/author\/admin\/"},"uagb_comment_info":0,"uagb_excerpt":"Podkateg\u00f3ria: Lokaliz\u00e1cia: Doln\u00fd Zempl\u00edn Ozveny hist\u00f3rie v kamenn\u00fdch m\u00faroch Malej T\u0155ne Predstavte si rann\u00fd opar nad tokajsk\u00fdmi vinicami a v\u00f4\u0148u star\u00e9ho kame\u0148a, ktor\u00fd si pam\u00e4t\u00e1 \u010dasy M\u00e1rie Ter\u00e9zie. Ke\u010f kr\u00e1\u010date [&hellip;]","_links":{"self":[{"href":"https:\/\/www.keturist.sk\/info\/wp-json\/wp\/v2\/pages\/59182","targetHints":{"allow":["GET"]}}],"collection":[{"href":"https:\/\/www.keturist.sk\/info\/wp-json\/wp\/v2\/pages"}],"about":[{"href":"https:\/\/www.keturist.sk\/info\/wp-json\/wp\/v2\/types\/page"}],"author":[{"embeddable":true,"href":"https:\/\/www.keturist.sk\/info\/wp-json\/wp\/v2\/users\/1"}],"replies":[{"embeddable":true,"href":"https:\/\/www.keturist.sk\/info\/wp-json\/wp\/v2\/comments?post=59182"}],"version-history":[{"count":16,"href":"https:\/\/www.keturist.sk\/info\/wp-json\/wp\/v2\/pages\/59182\/revisions"}],"predecessor-version":[{"id":73995,"href":"https:\/\/www.keturist.sk\/info\/wp-json\/wp\/v2\/pages\/59182\/revisions\/73995"}],"up":[{"embeddable":true,"href":"https:\/\/www.keturist.sk\/info\/wp-json\/wp\/v2\/pages\/43755"}],"wp:featuredmedia":[{"embeddable":true,"href":"https:\/\/www.keturist.sk\/info\/wp-json\/wp\/v2\/media\/59195"}],"wp:attachment":[{"href":"https:\/\/www.keturist.sk\/info\/wp-json\/wp\/v2\/media?parent=59182"}],"curies":[{"name":"wp","href":"https:\/\/api.w.org\/{rel}","templated":true}]}}