{"id":56905,"date":"2023-05-29T03:40:29","date_gmt":"2023-05-29T01:40:29","guid":{"rendered":"https:\/\/www.keturist.sk\/info\/?page_id=56905"},"modified":"2025-12-16T17:31:31","modified_gmt":"2025-12-16T16:31:31","slug":"rieka-tisa","status":"publish","type":"page","link":"https:\/\/www.keturist.sk\/info\/kam-do-prirody\/kam-do-prirody-smer-zemplin\/vodopady-jazierka-rieky\/rieka-tisa\/","title":{"rendered":"Rieka Tisa  a Zlat\u00e9 piesky pri Mal\u00fdch Trakanoch"},"content":{"rendered":"<a href=\"https:\/\/www.keturist.sk\/info\/\" class=\"su-button su-button-style-default\" style=\"color:#000000;background-color:#FFCF2F;border-color:#cca626;border-radius:5px\" target=\"_self\"><span style=\"color:#000000;padding:6px 16px;font-size:13px;line-height:20px;border-color:#ffde6e;border-radius:5px;text-shadow:none\"><i class=\"sui sui-arrow-right\" style=\"font-size:13px;color:#000000\"><\/i>  Spravodaj <\/span><\/a>\n<a href=\"https:\/\/www.keturist.sk\/info\/tipy-na-vylety\/\" class=\"su-button su-button-style-default\" style=\"color:#000000;background-color:#FFCF2F;border-color:#cca626;border-radius:5px\" target=\"_self\"><span style=\"color:#000000;padding:6px 16px;font-size:13px;line-height:20px;border-color:#ffde6e;border-radius:5px;text-shadow:none\"><i class=\"sui sui-arrow-right\" style=\"font-size:13px;color:#000000\"><\/i>  TIPY NA V\u00ddLETY <\/span><\/a>\n<a href=\"https:\/\/www.keturist.sk\/info\/kam-do-prirody\/\" class=\"su-button su-button-style-default\" style=\"color:#000000;background-color:#FFCF2F;border-color:#cca626;border-radius:5px\" target=\"_self\"><span style=\"color:#000000;padding:6px 16px;font-size:13px;line-height:20px;border-color:#ffde6e;border-radius:5px;text-shadow:none\"><i class=\"sui sui-arrow-right\" style=\"font-size:13px;color:#000000\"><\/i>  Kam do pr\u00edrody <\/span><\/a>\n<a href=\"https:\/\/www.keturist.sk\/info\/kam-do-prirody\/kam-do-prirody-smer-zemplin\/\" class=\"su-button su-button-style-default\" style=\"color:#000000;background-color:#FFCF2F;border-color:#cca626;border-radius:5px\" target=\"_self\"><span style=\"color:#000000;padding:6px 16px;font-size:13px;line-height:20px;border-color:#ffde6e;border-radius:5px;text-shadow:none\"><i class=\"sui sui-arrow-right\" style=\"font-size:13px;color:#000000\"><\/i>  Smer Doln\u00fd Zempl\u00edn <\/span><\/a>\n<div class=\"su-divider su-divider-style-default\" style=\"margin:15px 0;border-width:0px;border-color:#000000\"><\/div>\n<strong>Podkateg\u00f3ria: <\/strong> <a href=\"https:\/\/www.keturist.sk\/info\/kam-do-prirody\/kam-do-prirody-smer-zemplin\/vodopady-jazierka-rieky\/\" class=\"su-button su-button-style-default\" style=\"color:#000000;background-color:#afd144;border-color:#8ca837;border-radius:5px\" target=\"_self\"><span style=\"color:#000000;padding:6px 16px;font-size:13px;line-height:20px;border-color:#c7df7d;border-radius:5px;text-shadow:none\"><i class=\"sui sui-arrow-right\" style=\"font-size:13px;color:#000000\"><\/i>  Vodop\u00e1dy, jazierka, rieky \u2026 <\/span><\/a>\n<p><strong>Lokaliz\u00e1cia: <\/strong><a href=\"https:\/\/www.keturist.sk\/info\/vseobecne-informacie\/zemplin\/\"> Doln\u00fd Zempl\u00edn<\/a><\/p>\n<div class=\"su-divider su-divider-style-default\" style=\"margin:15px 0;border-width:2px;border-color:#000000\"><\/div>\n<figure id=\"attachment_57034\" aria-describedby=\"caption-attachment-57034\" style=\"width: 900px\" class=\"wp-caption aligncenter\"><a href=\"https:\/\/www.keturist.sk\/info\/wp-content\/uploads\/2023\/06\/tisa2.jpg\"><img loading=\"lazy\" decoding=\"async\" class=\"wp-image-57034\" src=\"https:\/\/www.keturist.sk\/info\/wp-content\/uploads\/2023\/06\/tisa2-800x450.jpg\" alt=\"Rieka Tisa a Zlat\u00e9 piesky pri Mal\u00fdch Trakanoch\" width=\"900\" height=\"506\" srcset=\"https:\/\/www.keturist.sk\/info\/wp-content\/uploads\/2023\/06\/tisa2-800x450.jpg 800w, https:\/\/www.keturist.sk\/info\/wp-content\/uploads\/2023\/06\/tisa2-270x152.jpg 270w, https:\/\/www.keturist.sk\/info\/wp-content\/uploads\/2023\/06\/tisa2-768x432.jpg 768w, https:\/\/www.keturist.sk\/info\/wp-content\/uploads\/2023\/06\/tisa2.jpg 1000w\" sizes=\"auto, (max-width: 900px) 100vw, 900px\" \/><\/a><figcaption id=\"caption-attachment-57034\" class=\"wp-caption-text\">Rieka Tisa a Zlat\u00e9 piesky pri Mal\u00fdch Trakanoch, Fotograf: Jozef Mare\u010dek (https:\/\/www.facebook.com\/jozef.marecek.94)<\/figcaption><\/figure>\n<div class=\"su-divider su-divider-style-default\" style=\"margin:15px 0;border-width:2px;border-color:#000000\"><\/div>\n<h2 class=\"ds-markdown-paragraph\"><span style=\"color: #800000;\">Pre\u010do je Rieka Tisa pri Mal\u00fdch Trakanoch v\u00fdnimo\u010dn\u00e1 a \u010do ju rob\u00ed atrakt\u00edvnou pre turistov?<\/span><\/h2>\n<p class=\"ds-markdown-paragraph\">Rieka Tisa je druh\u00e1 najvodnatej\u0161ia rieka Slovenska a z\u00e1rove\u0148 n\u00e1\u0161 <strong>najkrat\u0161\u00ed aj najkraj\u0161\u00ed ve\u013etok<\/strong>. Celkov\u00e1 d\u013a\u017eka tohto ve\u013ekolep\u00e9ho vodn\u00e9ho toku je pribli\u017ene 1000 km.<\/p>\n<p class=\"ds-markdown-paragraph\">Je to\u00a0<strong>najdlh\u0161\u00ed \u013eavostrann\u00fd pr\u00edtok<\/strong>\u00a0rieky Dunaj. D\u013a\u017eka jej toku na \u00fazem\u00ed Slovenska je len pribli\u017ene 6 km, pri\u010dom tvor\u00ed \u0161t\u00e1tnu hranicu medzi Slovenskom a Ma\u010farskom.<\/p>\n<p class=\"ds-markdown-paragraph\">Slovensku patr\u00ed iba prav\u00fd breh rieky. Vodn\u00fd tok na na\u0161om spolo\u010dnom \u00faseku s Ma\u010farskom m\u00e1 \u0161\u00edrku pribli\u017ene 100 metrov.<\/p>\n<h2 class=\"ds-markdown-paragraph\"><span style=\"color: #800000;\">Ako pretek\u00e1 Rieka Tisa a ak\u00e9 s\u00fa jej hlavn\u00e9 pr\u00edtoky?<\/span><\/h2>\n<p class=\"ds-markdown-paragraph\">Rieka Tisa pramen\u00ed vo V\u00fdchodn\u00fdch Karpatoch na Ukrajine (vo ve\u013evyso\u010din\u00e1ch Gorgany, 1 880 m n. m., a \u010cierna Hora (\u010cernogora), 2 061 m n. m.), a to \u010cierna Tisa na severoz\u00e1padnom \u00fabo\u010d\u00ed mas\u00edvu Bliznice a Biela Tisa na ju\u017enom \u00fabo\u010d\u00ed mas\u00edvu Hoverla.<\/p>\n<p class=\"ds-markdown-paragraph\">Potom te\u010die v pohrani\u010dnom \u00fazem\u00ed Ukrajiny a Rumunska, pokra\u010duje cez Ma\u010farsko, na kr\u00e1tkom \u00faseku tvor\u00ed slovensko-ma\u010farsk\u00fa hranicu, \u010falej te\u010die cez Ma\u010farsko a vo Vojvodine pri Novom Sade v Srbsku \u00fasti do Dunaja.<\/p>\n<p class=\"ds-markdown-paragraph\">Najv\u00e4\u010d\u0161\u00edmi <strong>pravostrann\u00fdmi pr\u00edtokmi<\/strong>\u00a0rieky s\u00fa\u00a0<strong>Bodrog, Slan\u00e1 a Horn\u00e1d<\/strong>. K\u00a0<strong>\u013eavostrann\u00fdm pr\u00edtokom<\/strong>\u00a0patr\u00ed\u00a0<strong>Szamos, Kri\u0161 a Mure\u0161<\/strong>.<\/p>\n<h2 class=\"ds-markdown-paragraph\"><span style=\"color: #800000;\">Je Rieka Tisa splavn\u00e1 a ak\u00e9 turistick\u00e9 mo\u017enosti pon\u00faka na Slovensku?<\/span><\/h2>\n<p class=\"ds-markdown-paragraph\">Rieka je splavn\u00e1 a\u017e od Dombr\u00e1du, ktor\u00fd sa nach\u00e1dza pri slovensk\u00fdch hraniciach.<\/p>\n<p class=\"ds-markdown-paragraph\">Samotn\u00e1 <strong>Rieka Tisa na slovenskej strane<\/strong>\u00a0a jej\u00a0<strong>m\u0155tve rameno<\/strong>\u00a0s n\u00e1zvom\u00a0<strong>M\u0155tva Tisa<\/strong>\u00a0s\u00fa vyh\u013ead\u00e1vanou\u00a0<strong>turistickou lokalitou<\/strong>.<\/p>\n<p class=\"ds-markdown-paragraph\">T\u00e1to lokalita je mimoriadne\u00a0<strong>bohat\u00e1 na ryby<\/strong>\u00a0a pri obciach\u00a0<strong>Mal\u00e9 a Ve\u013ek\u00e9 Trakany<\/strong>\u00a0sa nach\u00e1dzaj\u00fa\u00a0<strong>pies\u010dit\u00e9 mini pl\u00e1\u017ee<\/strong>.<\/p>\n<h2 class=\"ds-markdown-paragraph\"><span style=\"color: #800000;\">\u010co s\u00fa to Zlat\u00e9 piesky na Tise a pre\u010do s\u00fa tak\u00fdm l\u00e1kadlom?<\/span><\/h2>\n<p class=\"ds-markdown-paragraph\">Na slovenskej strane, ne\u010faleko obce <strong>Mal\u00e9 Trakany<\/strong>, sa nach\u00e1dza unik\u00e1tna\u00a0<strong>pieso\u010dnat\u00e1 pl\u00e1\u017e<\/strong>, ktor\u00e1 je vytvoren\u00e1 naplaven\u00fdm jemn\u00fdm\u00a0<strong>rie\u010dnym pieskom<\/strong>.<\/p>\n<p class=\"ds-markdown-paragraph\"><strong>Zlat\u00e9 piesky na Tise<\/strong>, ako t\u00fato mal\u00fa pl\u00e1\u017e l\u00e1skyplne naz\u00fdvaj\u00fa miestni obyvatelia, boli v 90. rokoch minul\u00e9ho storo\u010dia ve\u013emi vyh\u013ead\u00e1van\u00fdm\u00a0<strong>pr\u00edrodn\u00fdm k\u00fapaliskom<\/strong>.<\/p>\n<p class=\"ds-markdown-paragraph\">Dodnes je to miesto, kde sa\u00a0<strong>zadarmo<\/strong>\u00a0m\u00f4\u017eete opa\u013eova\u0165 aj ok\u00fapa\u0165 v pokojnom rie\u010dnom prostred\u00ed.<\/p>\n<h2 class=\"ds-markdown-paragraph\"><span style=\"color: #800000;\">Ak\u00e9 ryby mo\u017eno v tomto \u00faseku Tisy zachyti\u0165?<\/span><\/h2>\n<p class=\"ds-markdown-paragraph\">V rev\u00edri <strong>rieky Tisa<\/strong>\u00a0sa lov\u00ed najm\u00e4\u00a0<strong>sumec ve\u013ek\u00fd, sum\u010dek \u010dierny, zub\u00e1\u010d ve\u013eko\u00fasty, bole\u0148 drav\u00fd, mrena severn\u00e1, plotica oby\u010dajn\u00e1, \u010dervenica ostrobruch\u00e1, mie\u0148 sladkovodn\u00fd a kapor oby\u010dajn\u00fd<\/strong>.<\/p>\n<h2><span style=\"color: #800000;\">Fotogal\u00e9ria<\/span><\/h2>\n<style type=\"text\/css\">\n#foogallery-gallery-72210 .fg-image { width: 200px; }<\/style>\n\t\t\t<div class=\"foogallery foogallery-container foogallery-carousel foogallery-lightbox-foogallery fg-carousel fg-ready fg-light fg-border-medium fg-round-small fg-shadow-medium fg-loading-default fg-loaded-fade-in fg-hover-semi-zoomed fg-hover-fade fg-hover-circle-plus2\" id=\"foogallery-gallery-72210\" data-foogallery=\"{&quot;item&quot;:{&quot;showCaptionTitle&quot;:true,&quot;showCaptionDescription&quot;:true},&quot;lazy&quot;:true,&quot;template&quot;:{&quot;maxItems&quot;:5,&quot;scale&quot;:0.11999999999999999555910790149937383830547332763671875,&quot;gutter&quot;:{&quot;min&quot;:-40,&quot;max&quot;:-20,&quot;unit&quot;:&quot;%&quot;},&quot;autoplay&quot;:{&quot;time&quot;:0,&quot;interaction&quot;:&quot;pause&quot;},&quot;centerOnClick&quot;:true,&quot;align&quot;:&quot;center&quot;,&quot;activePosition&quot;:&quot;center&quot;}}\" data-foogallery-lightbox=\"{&quot;thumbs&quot;:&quot;bottom&quot;,&quot;thumbsCaptions&quot;:false,&quot;thumbsBestFit&quot;:false,&quot;thumbsSmall&quot;:false,&quot;thumbsCaptionsAlign&quot;:&quot;default&quot;,&quot;info&quot;:&quot;bottom&quot;,&quot;infoVisible&quot;:true,&quot;infoOverlay&quot;:true,&quot;infoAlign&quot;:&quot;default&quot;,&quot;transition&quot;:&quot;fade&quot;,&quot;hoverButtons&quot;:false,&quot;fitMedia&quot;:false,&quot;noScrollbars&quot;:true,&quot;preserveButtonSpace&quot;:true,&quot;buttons&quot;:{&quot;fullscreen&quot;:true,&quot;info&quot;:true,&quot;thumbs&quot;:false},&quot;video&quot;:{&quot;autoPlay&quot;:true}}\" style=\"--fg-title-line-clamp: 1; --fg-description-line-clamp: 2;\" >\n\t<button type=\"button\" class=\"fg-carousel-prev\" title=\"Previous\"><\/button>\n\t<div class=\"fg-carousel-inner\">\n\t\t<div class=\"fg-carousel-center\"><\/div>\n\t\t<div class=\"fg-item fg-type-image fg-idle\"><figure class=\"fg-item-inner\"><a href=\"https:\/\/www.keturist.sk\/info\/wp-content\/uploads\/2023\/06\/tisa5.jpg\" data-caption-title=\"Rieka Tisa a Zlat\u00e9 piesky pri Mal\u00fdch Trakanoch\" data-caption-desc=\"Rieka Tisa a Zlat\u00e9 piesky pri Mal\u00fdch Trakanoch, Fotograf: Jozef Mare\u010dek (https:\/\/www.facebook.com\/jozef.marecek.94)\" data-attachment-id=\"57037\" data-type=\"image\" class=\"fg-thumb\"><span class=\"fg-image-wrap\"><img decoding=\"async\" alt=\"Rieka Tisa a Zlat\u00e9 piesky pri Mal\u00fdch Trakanoch\" title=\"Rieka Tisa a Zlat\u00e9 piesky pri Mal\u00fdch Trakanoch\" width=\"200\" height=\"200\" class=\"skip-lazy fg-image\" data-src-fg=\"https:\/\/www.keturist.sk\/info\/wp-content\/uploads\/cache\/2023\/06\/tisa5\/2137296416.jpg\" src=\"data:image\/svg+xml,%3Csvg%20xmlns%3D%22http%3A%2F%2Fwww.w3.org%2F2000%2Fsvg%22%20width%3D%22200%22%20height%3D%22200%22%20viewBox%3D%220%200%20200%20200%22%3E%3C%2Fsvg%3E\" loading=\"eager\"><\/span><span class=\"fg-image-overlay\"><\/span><\/a><figcaption class=\"fg-caption\"><div class=\"fg-caption-inner\"><div class=\"fg-caption-title\">Rieka Tisa a Zlat\u00e9 piesky pri Mal\u00fdch Trakanoch<\/div><div class=\"fg-caption-desc\">Rieka Tisa a Zlat\u00e9 piesky pri Mal\u00fdch Trakanoch, Fotograf: Jozef Mare\u010dek (https:\/\/www.facebook.com\/jozef.marecek.94)<\/div><\/div><\/figcaption><\/figure><div class=\"fg-loader\"><\/div><\/div><div class=\"fg-item fg-type-image fg-idle\"><figure class=\"fg-item-inner\"><a href=\"https:\/\/www.keturist.sk\/info\/wp-content\/uploads\/2023\/06\/tisa4.jpg\" data-caption-title=\"Rieka Tisa a Zlat\u00e9 piesky pri Mal\u00fdch Trakanoch\" data-caption-desc=\"Rieka Tisa a Zlat\u00e9 piesky pri Mal\u00fdch Trakanoch, Fotograf: Jozef Mare\u010dek (https:\/\/www.facebook.com\/jozef.marecek.94)\" data-attachment-id=\"57036\" data-type=\"image\" class=\"fg-thumb\"><span class=\"fg-image-wrap\"><img decoding=\"async\" alt=\"Rieka Tisa a Zlat\u00e9 piesky pri Mal\u00fdch Trakanoch\" title=\"Rieka Tisa a Zlat\u00e9 piesky pri Mal\u00fdch Trakanoch\" width=\"200\" height=\"200\" class=\"skip-lazy fg-image\" data-src-fg=\"https:\/\/www.keturist.sk\/info\/wp-content\/uploads\/cache\/2023\/06\/tisa4\/968449942.jpg\" src=\"data:image\/svg+xml,%3Csvg%20xmlns%3D%22http%3A%2F%2Fwww.w3.org%2F2000%2Fsvg%22%20width%3D%22200%22%20height%3D%22200%22%20viewBox%3D%220%200%20200%20200%22%3E%3C%2Fsvg%3E\" loading=\"eager\"><\/span><span class=\"fg-image-overlay\"><\/span><\/a><figcaption class=\"fg-caption\"><div class=\"fg-caption-inner\"><div class=\"fg-caption-title\">Rieka Tisa a Zlat\u00e9 piesky pri Mal\u00fdch Trakanoch<\/div><div class=\"fg-caption-desc\">Rieka Tisa a Zlat\u00e9 piesky pri Mal\u00fdch Trakanoch, Fotograf: Jozef Mare\u010dek (https:\/\/www.facebook.com\/jozef.marecek.94)<\/div><\/div><\/figcaption><\/figure><div class=\"fg-loader\"><\/div><\/div><div class=\"fg-item fg-type-image fg-idle\"><figure class=\"fg-item-inner\"><a href=\"https:\/\/www.keturist.sk\/info\/wp-content\/uploads\/2023\/06\/tisa3.jpg\" data-caption-title=\"Rieka Tisa a Zlat\u00e9 piesky pri Mal\u00fdch Trakanoch\" data-caption-desc=\"Rieka Tisa a Zlat\u00e9 piesky pri Mal\u00fdch Trakanoch, Fotograf: Jozef Mare\u010dek (https:\/\/www.facebook.com\/jozef.marecek.94)\" data-attachment-id=\"57035\" data-type=\"image\" class=\"fg-thumb\"><span class=\"fg-image-wrap\"><img decoding=\"async\" alt=\"Rieka Tisa a Zlat\u00e9 piesky pri Mal\u00fdch Trakanoch\" title=\"Rieka Tisa a Zlat\u00e9 piesky pri Mal\u00fdch Trakanoch\" width=\"200\" height=\"200\" class=\"skip-lazy fg-image\" data-src-fg=\"https:\/\/www.keturist.sk\/info\/wp-content\/uploads\/cache\/2023\/06\/tisa3\/159025899.jpg\" src=\"data:image\/svg+xml,%3Csvg%20xmlns%3D%22http%3A%2F%2Fwww.w3.org%2F2000%2Fsvg%22%20width%3D%22200%22%20height%3D%22200%22%20viewBox%3D%220%200%20200%20200%22%3E%3C%2Fsvg%3E\" loading=\"eager\"><\/span><span class=\"fg-image-overlay\"><\/span><\/a><figcaption class=\"fg-caption\"><div class=\"fg-caption-inner\"><div class=\"fg-caption-title\">Rieka Tisa a Zlat\u00e9 piesky pri Mal\u00fdch Trakanoch<\/div><div class=\"fg-caption-desc\">Rieka Tisa a Zlat\u00e9 piesky pri Mal\u00fdch Trakanoch, Fotograf: Jozef Mare\u010dek (https:\/\/www.facebook.com\/jozef.marecek.94)<\/div><\/div><\/figcaption><\/figure><div class=\"fg-loader\"><\/div><\/div><div class=\"fg-item fg-type-image fg-idle\"><figure class=\"fg-item-inner\"><a href=\"https:\/\/www.keturist.sk\/info\/wp-content\/uploads\/2023\/06\/tisa2.jpg\" data-caption-title=\"Rieka Tisa a Zlat\u00e9 piesky pri Mal\u00fdch Trakanoch\" data-caption-desc=\"Rieka Tisa a Zlat\u00e9 piesky pri Mal\u00fdch Trakanoch, Fotograf: Jozef Mare\u010dek (https:\/\/www.facebook.com\/jozef.marecek.94)\" data-attachment-id=\"57034\" data-type=\"image\" class=\"fg-thumb\"><span class=\"fg-image-wrap\"><img decoding=\"async\" alt=\"Rieka Tisa a Zlat\u00e9 piesky pri Mal\u00fdch Trakanoch\" title=\"Rieka Tisa a Zlat\u00e9 piesky pri Mal\u00fdch Trakanoch\" width=\"200\" height=\"200\" class=\"skip-lazy fg-image\" data-src-fg=\"https:\/\/www.keturist.sk\/info\/wp-content\/uploads\/cache\/2023\/06\/tisa2\/3553804713.jpg\" src=\"data:image\/svg+xml,%3Csvg%20xmlns%3D%22http%3A%2F%2Fwww.w3.org%2F2000%2Fsvg%22%20width%3D%22200%22%20height%3D%22200%22%20viewBox%3D%220%200%20200%20200%22%3E%3C%2Fsvg%3E\" loading=\"eager\"><\/span><span class=\"fg-image-overlay\"><\/span><\/a><figcaption class=\"fg-caption\"><div class=\"fg-caption-inner\"><div class=\"fg-caption-title\">Rieka Tisa a Zlat\u00e9 piesky pri Mal\u00fdch Trakanoch<\/div><div class=\"fg-caption-desc\">Rieka Tisa a Zlat\u00e9 piesky pri Mal\u00fdch Trakanoch, Fotograf: Jozef Mare\u010dek (https:\/\/www.facebook.com\/jozef.marecek.94)<\/div><\/div><\/figcaption><\/figure><div class=\"fg-loader\"><\/div><\/div><div class=\"fg-item fg-type-image fg-idle\"><figure class=\"fg-item-inner\"><a href=\"https:\/\/www.keturist.sk\/info\/wp-content\/uploads\/2023\/06\/tisa1.jpg\" data-caption-title=\"Rieka Tisa a Zlat\u00e9 piesky pri Mal\u00fdch Trakanoch\" data-caption-desc=\"Rieka Tisa a Zlat\u00e9 piesky pri Mal\u00fdch Trakanoch, Fotograf: Jozef Mare\u010dek (https:\/\/www.facebook.com\/jozef.marecek.94)\" data-attachment-id=\"57033\" data-type=\"image\" class=\"fg-thumb\"><span class=\"fg-image-wrap\"><img decoding=\"async\" alt=\"Rieka Tisa a Zlat\u00e9 piesky pri Mal\u00fdch Trakanoch\" title=\"Rieka Tisa a Zlat\u00e9 piesky pri Mal\u00fdch Trakanoch\" width=\"200\" height=\"200\" class=\"skip-lazy fg-image\" data-src-fg=\"https:\/\/www.keturist.sk\/info\/wp-content\/uploads\/cache\/2023\/06\/tisa1\/1062352222.jpg\" src=\"data:image\/svg+xml,%3Csvg%20xmlns%3D%22http%3A%2F%2Fwww.w3.org%2F2000%2Fsvg%22%20width%3D%22200%22%20height%3D%22200%22%20viewBox%3D%220%200%20200%20200%22%3E%3C%2Fsvg%3E\" loading=\"eager\"><\/span><span class=\"fg-image-overlay\"><\/span><\/a><figcaption class=\"fg-caption\"><div class=\"fg-caption-inner\"><div class=\"fg-caption-title\">Rieka Tisa a Zlat\u00e9 piesky pri Mal\u00fdch Trakanoch<\/div><div class=\"fg-caption-desc\">Rieka Tisa a Zlat\u00e9 piesky pri Mal\u00fdch Trakanoch, Fotograf: Jozef Mare\u010dek (https:\/\/www.facebook.com\/jozef.marecek.94)<\/div><\/div><\/figcaption><\/figure><div class=\"fg-loader\"><\/div><\/div>\t<\/div>\n\t<div class=\"fg-carousel-bottom\"><\/div>\n\t<div class=\"fg-carousel-progress\"><\/div>\n\t<button type=\"button\" class=\"fg-carousel-next\" title=\"Next\"><\/button>\n<\/div>\n<p>&nbsp;<\/p>\n","protected":false},"excerpt":{"rendered":"<p>Podkateg\u00f3ria: Lokaliz\u00e1cia: Doln\u00fd Zempl\u00edn Pre\u010do je Rieka Tisa pri Mal\u00fdch Trakanoch v\u00fdnimo\u010dn\u00e1 a \u010do ju rob\u00ed atrakt\u00edvnou pre turistov? Rieka Tisa je druh\u00e1 najvodnatej\u0161ia rieka Slovenska a z\u00e1rove\u0148 n\u00e1\u0161 najkrat\u0161\u00ed [&hellip;]<\/p>\n","protected":false},"author":1,"featured_media":57037,"parent":39454,"menu_order":0,"comment_status":"closed","ping_status":"closed","template":"","meta":{"_uag_custom_page_level_css":"","_monsterinsights_skip_tracking":false,"_monsterinsights_sitenote_active":false,"_monsterinsights_sitenote_note":"","_monsterinsights_sitenote_category":0,"footnotes":""},"class_list":["post-56905","page","type-page","status-publish","has-post-thumbnail","hentry"],"featured_image_src":"https:\/\/www.keturist.sk\/info\/wp-content\/uploads\/2023\/06\/tisa5.jpg","featured_image_src_square":"https:\/\/www.keturist.sk\/info\/wp-content\/uploads\/2023\/06\/tisa5.jpg","rbea_author_info":{"display_name":"admin","author_link":"https:\/\/www.keturist.sk\/info\/author\/admin\/"},"rbea_excerpt_info":"Podkateg\u00f3ria: Lokaliz\u00e1cia: Doln\u00fd Zempl\u00edn Pre\u010do je Rieka Tisa pri Mal\u00fdch Trakanoch v\u00fdnimo\u010dn\u00e1 a \u010do ju rob\u00ed atrakt\u00edvnou pre turistov? Rieka Tisa je druh\u00e1 najvodnatej\u0161ia rieka Slovenska a z\u00e1rove\u0148 n\u00e1\u0161 najkrat\u0161\u00ed [&hellip;]","uagb_featured_image_src":{"full":["https:\/\/www.keturist.sk\/info\/wp-content\/uploads\/2023\/06\/tisa5.jpg",1000,562,false],"thumbnail":["https:\/\/www.keturist.sk\/info\/wp-content\/uploads\/2023\/06\/tisa5-270x152.jpg",270,152,true],"medium":["https:\/\/www.keturist.sk\/info\/wp-content\/uploads\/2023\/06\/tisa5-800x450.jpg",800,450,true],"medium_large":["https:\/\/www.keturist.sk\/info\/wp-content\/uploads\/2023\/06\/tisa5-768x432.jpg",768,432,true],"large":["https:\/\/www.keturist.sk\/info\/wp-content\/uploads\/2023\/06\/tisa5.jpg",1000,562,false],"1536x1536":["https:\/\/www.keturist.sk\/info\/wp-content\/uploads\/2023\/06\/tisa5.jpg",1000,562,false],"2048x2048":["https:\/\/www.keturist.sk\/info\/wp-content\/uploads\/2023\/06\/tisa5.jpg",1000,562,false]},"uagb_author_info":{"display_name":"admin","author_link":"https:\/\/www.keturist.sk\/info\/author\/admin\/"},"uagb_comment_info":0,"uagb_excerpt":"Podkateg\u00f3ria: Lokaliz\u00e1cia: Doln\u00fd Zempl\u00edn Pre\u010do je Rieka Tisa pri Mal\u00fdch Trakanoch v\u00fdnimo\u010dn\u00e1 a \u010do ju rob\u00ed atrakt\u00edvnou pre turistov? Rieka Tisa je druh\u00e1 najvodnatej\u0161ia rieka Slovenska a z\u00e1rove\u0148 n\u00e1\u0161 najkrat\u0161\u00ed [&hellip;]","_links":{"self":[{"href":"https:\/\/www.keturist.sk\/info\/wp-json\/wp\/v2\/pages\/56905","targetHints":{"allow":["GET"]}}],"collection":[{"href":"https:\/\/www.keturist.sk\/info\/wp-json\/wp\/v2\/pages"}],"about":[{"href":"https:\/\/www.keturist.sk\/info\/wp-json\/wp\/v2\/types\/page"}],"author":[{"embeddable":true,"href":"https:\/\/www.keturist.sk\/info\/wp-json\/wp\/v2\/users\/1"}],"replies":[{"embeddable":true,"href":"https:\/\/www.keturist.sk\/info\/wp-json\/wp\/v2\/comments?post=56905"}],"version-history":[{"count":19,"href":"https:\/\/www.keturist.sk\/info\/wp-json\/wp\/v2\/pages\/56905\/revisions"}],"predecessor-version":[{"id":72211,"href":"https:\/\/www.keturist.sk\/info\/wp-json\/wp\/v2\/pages\/56905\/revisions\/72211"}],"up":[{"embeddable":true,"href":"https:\/\/www.keturist.sk\/info\/wp-json\/wp\/v2\/pages\/39454"}],"wp:featuredmedia":[{"embeddable":true,"href":"https:\/\/www.keturist.sk\/info\/wp-json\/wp\/v2\/media\/57037"}],"wp:attachment":[{"href":"https:\/\/www.keturist.sk\/info\/wp-json\/wp\/v2\/media?parent=56905"}],"curies":[{"name":"wp","href":"https:\/\/api.w.org\/{rel}","templated":true}]}}