{"id":526,"date":"2013-08-03T13:10:40","date_gmt":"2013-08-03T11:10:40","guid":{"rendered":"https:\/\/www.keturist.sk\/info\/?page_id=526"},"modified":"2025-12-17T09:04:57","modified_gmt":"2025-12-17T08:04:57","slug":"rokokovy-kastiel-v-saci","status":"publish","type":"page","link":"https:\/\/www.keturist.sk\/info\/kam-za-pamiatkami\/rokokovy-kastiel-v-saci\/","title":{"rendered":"Ka\u0161tiel rodiny Semsey v \u0160aci a \u0160a\u010diansky tis"},"content":{"rendered":"<a href=\"https:\/\/www.keturist.sk\/info\/\" class=\"su-button su-button-style-default\" style=\"color:#000000;background-color:#FFCF2F;border-color:#cca626;border-radius:5px\" target=\"_self\"><span style=\"color:#000000;padding:6px 16px;font-size:13px;line-height:20px;border-color:#ffde6e;border-radius:5px;text-shadow:none\"><i class=\"sui sui-arrow-right\" style=\"font-size:13px;color:#000000\"><\/i>  Spravodaj <\/span><\/a>\n<a href=\"https:\/\/www.keturist.sk\/info\/tipy-na-vylety\/\" class=\"su-button su-button-style-default\" style=\"color:#000000;background-color:#FFCF2F;border-color:#cca626;border-radius:5px\" target=\"_self\"><span style=\"color:#000000;padding:6px 16px;font-size:13px;line-height:20px;border-color:#ffde6e;border-radius:5px;text-shadow:none\"><i class=\"sui sui-arrow-right\" style=\"font-size:13px;color:#000000\"><\/i>  TIPY NA V\u00ddLETY <\/span><\/a>\n<a href=\"https:\/\/www.keturist.sk\/info\/kam-do-prirody\/\" class=\"su-button su-button-style-default\" style=\"color:#000000;background-color:#FFCF2F;border-color:#cca626;border-radius:5px\" target=\"_self\"><span style=\"color:#000000;padding:6px 16px;font-size:13px;line-height:20px;border-color:#ffde6e;border-radius:5px;text-shadow:none\"><i class=\"sui sui-arrow-right\" style=\"font-size:13px;color:#000000\"><\/i>  Kam do pr\u00edrody <\/span><\/a>\n<a href=\"https:\/\/www.keturist.sk\/info\/kam-do-prirody\/kam-do-prirody-smer-kosice\/\" class=\"su-button su-button-style-default\" style=\"color:#000000;background-color:#FFCF2F;border-color:#cca626;border-radius:5px\" target=\"_self\"><span style=\"color:#000000;padding:6px 16px;font-size:13px;line-height:20px;border-color:#ffde6e;border-radius:5px;text-shadow:none\"><i class=\"sui sui-arrow-right\" style=\"font-size:13px;color:#000000\"><\/i>  Smer Ko\u0161ice <\/span><\/a>\n<div class=\"su-divider su-divider-style-default\" style=\"margin:15px 0;border-width:0px;border-color:#000000\"><\/div>\n<strong>Podkateg\u00f3ria:<\/strong> <span style=\"color: #ff0000;\">Ochrana pr\u00edrody<\/span><br \/>\n<div class=\"su-divider su-divider-style-default\" style=\"margin:15px 0;border-width:2px;border-color:#000000\"><\/div>\n<a href=\"https:\/\/www.keturist.sk\/info\/\" class=\"su-button su-button-style-default\" style=\"color:#000000;background-color:#FFCF2F;border-color:#cca626;border-radius:5px\" target=\"_self\"><span style=\"color:#000000;padding:6px 16px;font-size:13px;line-height:20px;border-color:#ffde6e;border-radius:5px;text-shadow:none\"><i class=\"sui sui-arrow-right\" style=\"font-size:13px;color:#000000\"><\/i>  Spravodaj <\/span><\/a>\n<a href=\"https:\/\/www.keturist.sk\/info\/tipy-na-vylety\/\" class=\"su-button su-button-style-default\" style=\"color:#000000;background-color:#FFCF2F;border-color:#cca626;border-radius:5px\" target=\"_self\"><span style=\"color:#000000;padding:6px 16px;font-size:13px;line-height:20px;border-color:#ffde6e;border-radius:5px;text-shadow:none\"><i class=\"sui sui-arrow-right\" style=\"font-size:13px;color:#000000\"><\/i>  TIPY NA V\u00ddLETY <\/span><\/a>\n<a href=\"https:\/\/www.keturist.sk\/info\/kam-za-pamiatkami\/\" class=\"su-button su-button-style-default\" style=\"color:#000000;background-color:#FFCF2F;border-color:#cca626;border-radius:5px\" target=\"_self\"><span style=\"color:#000000;padding:6px 16px;font-size:13px;line-height:20px;border-color:#ffde6e;border-radius:5px;text-shadow:none\"><i class=\"sui sui-arrow-right\" style=\"font-size:13px;color:#000000\"><\/i>  Kam za pamiatkami <\/span><\/a>\n<a href=\"https:\/\/www.keturist.sk\/info\/kam-za-pamiatkami\/kam-za-pamiatkami-smer-kosice\/\" class=\"su-button su-button-style-default\" style=\"color:#000000;background-color:#FFCF2F;border-color:#cca626;border-radius:5px\" target=\"_self\"><span style=\"color:#000000;padding:6px 16px;font-size:13px;line-height:20px;border-color:#ffde6e;border-radius:5px;text-shadow:none\"><i class=\"sui sui-arrow-right\" style=\"font-size:13px;color:#000000\"><\/i>  smer Ko\u0161ice <\/span><\/a>\n<div class=\"su-divider su-divider-style-default\" style=\"margin:15px 0;border-width:0px;border-color:#000000\"><\/div>\n<strong>Podkateg\u00f3ria: <\/strong> <a href=\"https:\/\/www.keturist.sk\/info\/kam-za-pamiatkami\/kam-za-pamiatkami-smer-kosice\/hrady-a-kastiele\/\" class=\"su-button su-button-style-default\" style=\"color:#000000;background-color:#afd144;border-color:#8ca837;border-radius:5px\" target=\"_self\"><span style=\"color:#000000;padding:6px 16px;font-size:13px;line-height:20px;border-color:#c7df7d;border-radius:5px;text-shadow:none\"><i class=\"sui sui-arrow-right\" style=\"font-size:13px;color:#000000\"><\/i>  Hrady a ka\u0161tiele <\/span><\/a>\n<p><strong>Lokaliz\u00e1cia: <\/strong><a href=\"https:\/\/www.keturist.sk\/info\/vseobecne-informacie\/\">Ko\u0161ice<\/a><br \/>\n<div class=\"su-divider su-divider-style-default\" style=\"margin:15px 0;border-width:2px;border-color:#000000\"><\/div>\n<figure id=\"attachment_36886\" aria-describedby=\"caption-attachment-36886\" style=\"width: 900px\" class=\"wp-caption aligncenter\"><a href=\"https:\/\/www.keturist.sk\/info\/wp-content\/uploads\/2020\/12\/saca-kastiel.jpg\"><img loading=\"lazy\" decoding=\"async\" class=\"wp-image-36886\" src=\"https:\/\/www.keturist.sk\/info\/wp-content\/uploads\/2020\/12\/saca-kastiel.jpg\" alt=\"Ka\u0161tiel rodiny Semsey v \u0160aci a \u0160a\u010diansky tis\" width=\"900\" height=\"675\" srcset=\"https:\/\/www.keturist.sk\/info\/wp-content\/uploads\/2020\/12\/saca-kastiel.jpg 800w, https:\/\/www.keturist.sk\/info\/wp-content\/uploads\/2020\/12\/saca-kastiel-240x180.jpg 240w, https:\/\/www.keturist.sk\/info\/wp-content\/uploads\/2020\/12\/saca-kastiel-768x576.jpg 768w\" sizes=\"auto, (max-width: 900px) 100vw, 900px\" \/><\/a><figcaption id=\"caption-attachment-36886\" class=\"wp-caption-text\">ka\u0161tie\u013e rodiny Semsey<\/figcaption><\/figure>\n<div class=\"su-divider su-divider-style-default\" style=\"margin:15px 0;border-width:2px;border-color:#000000\"><\/div>\n<p class=\"ds-markdown-paragraph\"><strong>Ka\u0161tie\u013e rodiny Semsey v \u0160aci a \u0160a\u010diansky tis<\/strong>\u00a0pon\u00faka p\u00fatav\u00fd poh\u013ead do hist\u00f3rie aj pr\u00edrody. Ak pl\u00e1nujete n\u00e1v\u0161tevu, tu s\u00fa odpovede na va\u0161e ot\u00e1zky.<\/p>\n<h2 class=\"ds-markdown-paragraph\"><span style=\"color: #800000;\">Ako star\u00fd je Ka\u0161tie\u013e rodiny Semsey a ak\u00fd je jeho architektonick\u00fd \u0161t\u00fdl?<\/span><\/h2>\n<p class=\"ds-markdown-paragraph\">Ka\u0161tie\u013e bol postaven\u00fd v roku 1776. Je to <strong>jednoposchodov\u00e1 barokov\u00e1 budova<\/strong>\u00a0s ov\u00e1lnou \u00fastrednou s\u00e1lou vytv\u00e1raj\u00facou prev\u00fd\u0161en\u00fd rizalit. Bo\u010dn\u00e9 kr\u00eddla s\u00fa zakon\u010den\u00e9 roz\u0161\u00edren\u00fdmi n\u00e1ro\u017en\u00fdmi rizalitmi a objekt je zastre\u0161en\u00fd manzardovou strechou.<\/p>\n<h2 class=\"ds-markdown-paragraph\"><span style=\"color: #800000;\">\u010co je najv\u00fdznamnej\u0161ou umeleckou v\u00fdzdobou interi\u00e9ru ka\u0161tie\u013ea?<\/span><\/h2>\n<p class=\"ds-markdown-paragraph\">Najp\u00f4sobivej\u0161ou v\u00fdzdobou s\u00fa <strong>iluz\u00edvne barokov\u00e9 fresky<\/strong>\u00a0z druhej polovice 18. storo\u010dia od E. Schrota, ktor\u00e9 zdobia klenbu s\u00e1ly. Sl\u00e1vnostn\u00e1 s\u00e1la je vyma\u013eovan\u00e1 iluz\u00edvnou barokovou ma\u013ebou.<\/p>\n<h2 class=\"ds-markdown-paragraph\"><span style=\"color: #800000;\">Ak\u00fa pohnut\u00fa hist\u00f3riu m\u00e1 ka\u0161tie\u013e za sebou?<\/span><\/h2>\n<p class=\"ds-markdown-paragraph\">Od roku 1944 bol pou\u017e\u00edvan\u00fd ako po\u013enohospod\u00e1rska budova \u2013 liahe\u0148 a v\u00fdkrm\u0148a hydiny, ako aj opravov\u0148a strojov a skladov\u00e9 priestory. Sl\u00fa\u017eila aj ako mestsk\u00e1 autobusov\u00e1 stanica a opravov\u0148a. V 50-tych rokoch budova \u010diasto\u010dne vyhorela, \u010do nesk\u00f4r viedlo k tot\u00e1lnemu zdevastovaniu budovy a jej pou\u017eite\u013enosti.<\/p>\n<p class=\"ds-markdown-paragraph\">Od 70-tych rokov po \u010diasto\u010dnej rekon\u0161trukcii sl\u00fa\u017eil ako budova depozitu a dieln\u00ed pre \u00fa\u010dely V\u00fdchodoslovensk\u00e9ho m\u00fazea v Ko\u0161iciach.<\/p>\n<h2 class=\"ds-markdown-paragraph\"><span style=\"color: #800000;\">Ako prebiehala obnova a kto je s\u00fa\u010dasn\u00fdm majite\u013eom?<\/span><\/h2>\n<p class=\"ds-markdown-paragraph\">Po re\u0161tit\u00faci\u00ed a n\u00e1slednej zmene majite\u013ea, od roku 2001 prebieha komplexn\u00e1 rekon\u0161trukcia ka\u0161tie\u013ea.<\/p>\n<p class=\"ds-markdown-paragraph\">V s\u00fa\u010dasnosti je <strong>ka\u0161tie\u013e<\/strong>\u00a0vo vlastn\u00edctve Ob\u010dianskeho zdru\u017eenia \u201cRokokov\u00fd ka\u0161tie\u013e \u0160aca\u201d. D\u0148a 18.6.2011 zaznela po dlh\u00fdch desa\u0165ro\u010diach v Rytierskej s\u00e1le op\u00e4\u0165 barokov\u00e1 hudba.<\/p>\n<h2 class=\"ds-markdown-paragraph\"><span style=\"color: #800000;\">Na ak\u00e9 \u00fa\u010dely sa dnes ka\u0161tie\u013e vyu\u017e\u00edva?<\/span><\/h2>\n<p class=\"ds-markdown-paragraph\"><strong>Ka\u0161tie\u013e sa vyu\u017e\u00edva na pren\u00e1jom priestorov<\/strong>\u00a0pre r\u00f4zne akcie, ktor\u00e9 je mo\u017en\u00e9 realizova\u0165 bu\u010f v interi\u00e9rovej alebo exteri\u00e9rovej \u010dasti. Z t\u00fdchto\u00a0<strong>akci\u00ed<\/strong>\u00a0m\u00f4\u017eeme spomen\u00fa\u0165 hudobn\u00e9 koncerty, firemn\u00e9 akcie, m\u00f3dne show, garden party, svadby a mnoho \u010fal\u0161\u00edch.<\/p>\n<p class=\"ds-markdown-paragraph\"><strong>Ka\u0161tie\u013e je ve\u013emi ob\u013e\u00faben\u00fd<\/strong>\u00a0aj medzi fotografmi, ktor\u00ed radi vyu\u017eij\u00fa jedine\u010dn\u00e9 priestorov\u00e9 mo\u017enosti pri svadobnom fotografovan\u00ed a taktie\u017e pri foten\u00ed pre r\u00f4zne reklamn\u00e9 a propaga\u010dn\u00e9 \u00fa\u010dely.<\/p>\n<h2 class=\"ds-markdown-paragraph\"><span style=\"color: #800000;\">\u010co je \u0160a\u010diansky tis a kde sa nach\u00e1dza?<\/span><\/h2>\n<p class=\"ds-markdown-paragraph\">Ju\u017ene od <strong>ka\u0161tie\u013ea<\/strong>\u00a0sa zachoval pozostatok pr\u00edrodne krajin\u00e1rsk\u00e9ho parku \u2013\u00a0<strong>\u0160a\u010diansky tis<\/strong>. Tento park bol zalo\u017een\u00fd v rovinatom ter\u00e9ne, do ktor\u00e9ho bola vyh\u013aben\u00e1 priekopa s meandrovit\u00fdm p\u00f4dorysom. Jej brehy vystupuj\u00fa nad okolit\u00fd ter\u00e9n a vytv\u00e1raj\u00fa vyv\u00fd\u0161en\u00e9 ostrov\u010deky. Obl\u00fakovit\u00e1 chodn\u00edkov\u00e1 sie\u0165 pravdepodobne kop\u00edrovala meandrovit\u00fd p\u00f4dorys vodnej priekopy.<\/p>\n<h2 class=\"ds-markdown-paragraph\"><span style=\"color: #800000;\">Pre\u010do je \u0160a\u010diansky tis tak\u00fd v\u00fdnimo\u010dn\u00fd a chr\u00e1nen\u00fd?<\/span><\/h2>\n<p class=\"ds-markdown-paragraph\"><strong>\u0160a\u010diansky tis<\/strong>\u00a0je\u00a0<strong>chr\u00e1nenou drevinou<\/strong>\u00a0najm\u00e4 kult\u00farneho a vedeck\u00e9ho v\u00fdznamu, ktor\u00e1 sa svojim v\u00fdskytom ojedinele v r\u00e1mci sveta v po\u010dte 29 kusov.<\/p>\n<h2 class=\"ds-markdown-paragraph\"><span style=\"color: #800000;\"><strong>Ako sa m\u00f4\u017eem informova\u0165 o prehliadkach, akci\u00e1ch alebo si rezervova\u0165 priestor v ka\u0161tieli?<\/strong><\/span><\/h2>\n<p><strong>ROKOKOV\u00dd KA\u0160TIE\u013d \u0160ACA<\/strong><br \/>\n\u0160em\u0161ianska 139\/4,<br \/>\n040 15 Ko\u0161ice \u2013 \u0160aca<br \/>\n<strong>Tel.:<\/strong> 0903 666 910<br \/>\n<strong>E-mal:<\/strong> <a href=\"mailto:kastielsaca@kastielsaca.sk\">kastielsaca@kastielsaca.sk<\/a><br \/>\n<strong>web:<\/strong> <a href=\"http:\/\/kastielsaca.sk\/\" target=\"_blank\" rel=\"noopener noreferrer\">kastielsaca.sk<\/a><\/p>\n<h2><span style=\"color: #800000;\">Fotogal\u00e9ria<\/span><\/h2>\n<style type=\"text\/css\">\n#foogallery-gallery-72238 .fg-image { width: 200px; }<\/style>\n\t\t\t<div class=\"foogallery foogallery-container foogallery-carousel foogallery-lightbox-foogallery fg-carousel fg-ready fg-light fg-border-medium fg-round-small fg-shadow-medium fg-loading-default fg-loaded-fade-in fg-hover-semi-zoomed fg-hover-fade fg-hover-circle-plus2\" id=\"foogallery-gallery-72238\" data-foogallery=\"{&quot;item&quot;:{&quot;showCaptionTitle&quot;:true,&quot;showCaptionDescription&quot;:true},&quot;lazy&quot;:true,&quot;template&quot;:{&quot;maxItems&quot;:5,&quot;scale&quot;:0.11999999999999999555910790149937383830547332763671875,&quot;gutter&quot;:{&quot;min&quot;:-40,&quot;max&quot;:-20,&quot;unit&quot;:&quot;%&quot;},&quot;autoplay&quot;:{&quot;time&quot;:0,&quot;interaction&quot;:&quot;pause&quot;},&quot;centerOnClick&quot;:true,&quot;align&quot;:&quot;center&quot;,&quot;activePosition&quot;:&quot;center&quot;}}\" data-foogallery-lightbox=\"{&quot;thumbs&quot;:&quot;bottom&quot;,&quot;thumbsCaptions&quot;:false,&quot;thumbsBestFit&quot;:false,&quot;thumbsSmall&quot;:false,&quot;thumbsCaptionsAlign&quot;:&quot;default&quot;,&quot;info&quot;:&quot;bottom&quot;,&quot;infoVisible&quot;:true,&quot;infoOverlay&quot;:true,&quot;infoAlign&quot;:&quot;default&quot;,&quot;transition&quot;:&quot;fade&quot;,&quot;hoverButtons&quot;:false,&quot;fitMedia&quot;:false,&quot;noScrollbars&quot;:true,&quot;preserveButtonSpace&quot;:true,&quot;buttons&quot;:{&quot;fullscreen&quot;:true,&quot;info&quot;:true,&quot;thumbs&quot;:false},&quot;video&quot;:{&quot;autoPlay&quot;:true}}\" style=\"--fg-title-line-clamp: 1; --fg-description-line-clamp: 2;\" >\n\t<button type=\"button\" class=\"fg-carousel-prev\" title=\"Previous\"><\/button>\n\t<div class=\"fg-carousel-inner\">\n\t\t<div class=\"fg-carousel-center\"><\/div>\n\t\t<div class=\"fg-item fg-type-image fg-idle\"><figure class=\"fg-item-inner\"><a href=\"https:\/\/www.keturist.sk\/info\/wp-content\/uploads\/2020\/12\/saca-kastiel.jpg\" data-caption-title=\"Ka\u0161tiel rodiny Semsey v \u0160aci a \u0160a\u010diansky tis\" data-attachment-id=\"36886\" data-type=\"image\" class=\"fg-thumb\"><span class=\"fg-image-wrap\"><img decoding=\"async\" alt=\"Ka\u0161tiel rodiny Semsey v \u0160aci a \u0160a\u010diansky tis\" title=\"Ka\u0161tiel rodiny Semsey v \u0160aci a \u0160a\u010diansky tis\" width=\"200\" height=\"200\" class=\"skip-lazy fg-image\" data-src-fg=\"https:\/\/www.keturist.sk\/info\/wp-content\/uploads\/cache\/2020\/12\/saca-kastiel\/1611954515.jpg\" src=\"data:image\/svg+xml,%3Csvg%20xmlns%3D%22http%3A%2F%2Fwww.w3.org%2F2000%2Fsvg%22%20width%3D%22200%22%20height%3D%22200%22%20viewBox%3D%220%200%20200%20200%22%3E%3C%2Fsvg%3E\" loading=\"eager\"><\/span><span class=\"fg-image-overlay\"><\/span><\/a><figcaption class=\"fg-caption\"><div class=\"fg-caption-inner\"><div class=\"fg-caption-title\">Ka\u0161tiel rodiny Semsey v \u0160aci a \u0160a\u010diansky tis<\/div><\/div><\/figcaption><\/figure><div class=\"fg-loader\"><\/div><\/div><div class=\"fg-item fg-type-image fg-idle\"><figure class=\"fg-item-inner\"><a href=\"https:\/\/www.keturist.sk\/info\/wp-content\/uploads\/2020\/12\/saca-interier.jpg\" data-caption-title=\"Ka\u0161tiel rodiny Semsey v \u0160aci a \u0160a\u010diansky tis\" data-attachment-id=\"36883\" data-type=\"image\" class=\"fg-thumb\"><span class=\"fg-image-wrap\"><img decoding=\"async\" alt=\"Ka\u0161tiel rodiny Semsey v \u0160aci a \u0160a\u010diansky tis\" title=\"Ka\u0161tiel rodiny Semsey v \u0160aci a \u0160a\u010diansky tis\" width=\"200\" height=\"200\" class=\"skip-lazy fg-image\" data-src-fg=\"https:\/\/www.keturist.sk\/info\/wp-content\/uploads\/cache\/2020\/12\/saca-interier\/2746343047.jpg\" src=\"data:image\/svg+xml,%3Csvg%20xmlns%3D%22http%3A%2F%2Fwww.w3.org%2F2000%2Fsvg%22%20width%3D%22200%22%20height%3D%22200%22%20viewBox%3D%220%200%20200%20200%22%3E%3C%2Fsvg%3E\" loading=\"eager\"><\/span><span class=\"fg-image-overlay\"><\/span><\/a><figcaption class=\"fg-caption\"><div class=\"fg-caption-inner\"><div class=\"fg-caption-title\">Ka\u0161tiel rodiny Semsey v \u0160aci a \u0160a\u010diansky tis<\/div><\/div><\/figcaption><\/figure><div class=\"fg-loader\"><\/div><\/div><div class=\"fg-item fg-type-image fg-idle\"><figure class=\"fg-item-inner\"><a href=\"https:\/\/www.keturist.sk\/info\/wp-content\/uploads\/2020\/12\/saca-kastiel2.jpg\" data-caption-title=\"Ka\u0161tiel rodiny Semsey v \u0160aci a \u0160a\u010diansky tis\" data-attachment-id=\"36882\" data-type=\"image\" class=\"fg-thumb\"><span class=\"fg-image-wrap\"><img decoding=\"async\" alt=\"Ka\u0161tiel rodiny Semsey v \u0160aci a \u0160a\u010diansky tis\" title=\"Ka\u0161tiel rodiny Semsey v \u0160aci a \u0160a\u010diansky tis\" width=\"200\" height=\"200\" class=\"skip-lazy fg-image\" data-src-fg=\"https:\/\/www.keturist.sk\/info\/wp-content\/uploads\/cache\/2020\/12\/saca-kastiel2\/275655269.jpg\" src=\"data:image\/svg+xml,%3Csvg%20xmlns%3D%22http%3A%2F%2Fwww.w3.org%2F2000%2Fsvg%22%20width%3D%22200%22%20height%3D%22200%22%20viewBox%3D%220%200%20200%20200%22%3E%3C%2Fsvg%3E\" loading=\"eager\"><\/span><span class=\"fg-image-overlay\"><\/span><\/a><figcaption class=\"fg-caption\"><div class=\"fg-caption-inner\"><div class=\"fg-caption-title\">Ka\u0161tiel rodiny Semsey v \u0160aci a \u0160a\u010diansky tis<\/div><\/div><\/figcaption><\/figure><div class=\"fg-loader\"><\/div><\/div><div class=\"fg-item fg-type-image fg-idle\"><figure class=\"fg-item-inner\"><a href=\"https:\/\/www.keturist.sk\/info\/wp-content\/uploads\/2020\/12\/saca-1-800x534-1.jpg\" data-caption-title=\"Ka\u0161tiel rodiny Semsey v \u0160aci a \u0160a\u010diansky tis\" data-attachment-id=\"36881\" data-type=\"image\" class=\"fg-thumb\"><span class=\"fg-image-wrap\"><img decoding=\"async\" alt=\"Ka\u0161tiel rodiny Semsey v \u0160aci a \u0160a\u010diansky tis\" title=\"Ka\u0161tiel rodiny Semsey v \u0160aci a \u0160a\u010diansky tis\" width=\"200\" height=\"200\" class=\"skip-lazy fg-image\" data-src-fg=\"https:\/\/www.keturist.sk\/info\/wp-content\/uploads\/cache\/2020\/12\/saca-1-800x534-1\/1495388619.jpg\" src=\"data:image\/svg+xml,%3Csvg%20xmlns%3D%22http%3A%2F%2Fwww.w3.org%2F2000%2Fsvg%22%20width%3D%22200%22%20height%3D%22200%22%20viewBox%3D%220%200%20200%20200%22%3E%3C%2Fsvg%3E\" loading=\"eager\"><\/span><span class=\"fg-image-overlay\"><\/span><\/a><figcaption class=\"fg-caption\"><div class=\"fg-caption-inner\"><div class=\"fg-caption-title\">Ka\u0161tiel rodiny Semsey v \u0160aci a \u0160a\u010diansky tis<\/div><\/div><\/figcaption><\/figure><div class=\"fg-loader\"><\/div><\/div><div class=\"fg-item fg-type-image fg-idle\"><figure class=\"fg-item-inner\"><a href=\"https:\/\/www.keturist.sk\/info\/wp-content\/uploads\/2020\/11\/saca-kastiel.jpg\" data-caption-title=\"Ka\u0161tiel rodiny Semsey v \u0160aci a \u0160a\u010diansky tis\" data-attachment-id=\"35750\" data-type=\"image\" class=\"fg-thumb\"><span class=\"fg-image-wrap\"><img decoding=\"async\" alt=\"Ka\u0161tiel rodiny Semsey v \u0160aci a \u0160a\u010diansky tis\" title=\"Ka\u0161tiel rodiny Semsey v \u0160aci a \u0160a\u010diansky tis\" width=\"200\" height=\"200\" class=\"skip-lazy fg-image\" data-src-fg=\"https:\/\/www.keturist.sk\/info\/wp-content\/uploads\/cache\/2020\/11\/saca-kastiel\/2808890802.jpg\" src=\"data:image\/svg+xml,%3Csvg%20xmlns%3D%22http%3A%2F%2Fwww.w3.org%2F2000%2Fsvg%22%20width%3D%22200%22%20height%3D%22200%22%20viewBox%3D%220%200%20200%20200%22%3E%3C%2Fsvg%3E\" loading=\"eager\"><\/span><span class=\"fg-image-overlay\"><\/span><\/a><figcaption class=\"fg-caption\"><div class=\"fg-caption-inner\"><div class=\"fg-caption-title\">Ka\u0161tiel rodiny Semsey v \u0160aci a \u0160a\u010diansky tis<\/div><\/div><\/figcaption><\/figure><div class=\"fg-loader\"><\/div><\/div><div class=\"fg-item fg-type-image fg-idle\"><figure class=\"fg-item-inner\"><a href=\"https:\/\/www.keturist.sk\/info\/wp-content\/uploads\/2016\/03\/saca-tis1.jpg\" data-caption-title=\"Ka\u0161tiel rodiny Semsey v \u0160aci a \u0160a\u010diansky tis\" data-attachment-id=\"16052\" data-type=\"image\" class=\"fg-thumb\"><span class=\"fg-image-wrap\"><img decoding=\"async\" alt=\"Ka\u0161tiel rodiny Semsey v \u0160aci a \u0160a\u010diansky tis\" title=\"Ka\u0161tiel rodiny Semsey v \u0160aci a \u0160a\u010diansky tis\" width=\"200\" height=\"200\" class=\"skip-lazy fg-image\" data-src-fg=\"https:\/\/www.keturist.sk\/info\/wp-content\/uploads\/cache\/2016\/03\/saca-tis1\/797061372.jpg\" src=\"data:image\/svg+xml,%3Csvg%20xmlns%3D%22http%3A%2F%2Fwww.w3.org%2F2000%2Fsvg%22%20width%3D%22200%22%20height%3D%22200%22%20viewBox%3D%220%200%20200%20200%22%3E%3C%2Fsvg%3E\" loading=\"eager\"><\/span><span class=\"fg-image-overlay\"><\/span><\/a><figcaption class=\"fg-caption\"><div class=\"fg-caption-inner\"><div class=\"fg-caption-title\">Ka\u0161tiel rodiny Semsey v \u0160aci a \u0160a\u010diansky tis<\/div><\/div><\/figcaption><\/figure><div class=\"fg-loader\"><\/div><\/div>\t<\/div>\n\t<div class=\"fg-carousel-bottom\"><\/div>\n\t<div class=\"fg-carousel-progress\"><\/div>\n\t<button type=\"button\" class=\"fg-carousel-next\" title=\"Next\"><\/button>\n<\/div>\n<h2><span style=\"color: #800000;\">Zauj\u00edmav\u00e9 odkazy<\/span><\/h2>\n<h3><span style=\"color: #808000;\">Bl\u00edzke stredisko, turistick\u00e9 centrum, obec alebo mesto:<\/span><\/h3>\n<ul>\n<li><a href=\"https:\/\/www.keturist.sk\/info\/strediska-a-centra\/mc-saca\/\">Ko\u0161ice &#8211; M\u010c \u0160a\u010da (\u010d\u00edtaj viac&#8230;)<\/a><\/li>\n<\/ul>\n<h2><span style=\"color: #800000;\">Mapy<\/span><\/h2>\n<p><strong>Vrstvy: <\/strong>Turistick\u00e1 mapa, Automapa, Cyklomapa, Ly\u017eiarska mapa, Satelitn\u00e1 mapa a OpenStreetMap.<\/p>\n<p><strong>Kliknut\u00edm na logo &#8222;Freemap.sk&#8220; sa V\u00e1m mapa zobraz\u00ed na celej ploche obrazovky.<\/strong><\/p>\n<p><iframe style=\"width: 900px; height: 500px; border: 0;\" src=\"https:\/\/www.freemap.sk\/?map=15\/48.636135\/21.164056&amp;info-point=48.636135\/21.164056,Ka\u0161tiel rodiny Semsey&amp;layers=X&amp;embed=search\" allowfullscreen=\"allowfullscreen\"><span data-mce-type=\"bookmark\" style=\"display: inline-block; width: 0px; overflow: hidden; line-height: 0;\" class=\"mce_SELRES_start\">\ufeff<\/span><span data-mce-type=\"bookmark\" style=\"display: inline-block; width: 0px; overflow: hidden; line-height: 0;\" class=\"mce_SELRES_start\">\ufeff<\/span><\/iframe><\/p>\n<h2><span style=\"color: #800000;\">Po\u010dasie<\/span><\/h2>\n<p><iframe style=\"width: 900px; height: 606px;\" src=\"https:\/\/www.meteoblue.com\/sk\/po%C4%8Dasie\/widget\/three\/%c5%a0aca_slovensk%c3%a1-republika_723672?geoloc=fixed&amp;nocurrent=0&amp;noforecast=0&amp;days=5&amp;tempunit=CELSIUS&amp;windunit=KILOMETER_PER_HOUR&amp;layout=image\" frameborder=\"0\" scrolling=\"NO\" sandbox=\"allow-same-origin allow-scripts allow-popups allow-popups-to-escape-sandbox\"><\/iframe><\/p>\n<div><!-- DO NOT REMOVE THIS LINK --><a href=\"https:\/\/www.meteoblue.com\/sk\/po%C4%8Dasie\/predpove%C4%8F\/t%C3%BD%C5%BEde%C5%88\/%c5%a0aca_slovensk%c3%a1-republika_723672?utm_source=weather_widget&amp;utm_medium=linkus&amp;utm_content=three&amp;utm_campaign=Weather%2BWidget\" target=\"_blank\" rel=\"noopener noreferrer\">meteoblue<\/a><\/div>\n<p>&nbsp;<\/p>\n","protected":false},"excerpt":{"rendered":"<p>Podkateg\u00f3ria: Ochrana pr\u00edrody Podkateg\u00f3ria: Lokaliz\u00e1cia: Ko\u0161ice Ka\u0161tie\u013e rodiny Semsey v \u0160aci a \u0160a\u010diansky tis\u00a0pon\u00faka p\u00fatav\u00fd poh\u013ead do hist\u00f3rie aj pr\u00edrody. Ak pl\u00e1nujete n\u00e1v\u0161tevu, tu s\u00fa odpovede na va\u0161e ot\u00e1zky. Ako [&hellip;]<\/p>\n","protected":false},"author":1,"featured_media":36886,"parent":51,"menu_order":0,"comment_status":"closed","ping_status":"closed","template":"","meta":{"_uag_custom_page_level_css":"","_monsterinsights_skip_tracking":false,"_monsterinsights_sitenote_active":false,"_monsterinsights_sitenote_note":"","_monsterinsights_sitenote_category":0,"footnotes":""},"class_list":["post-526","page","type-page","status-publish","has-post-thumbnail","hentry"],"featured_image_src":"https:\/\/www.keturist.sk\/info\/wp-content\/uploads\/2020\/12\/saca-kastiel.jpg","featured_image_src_square":"https:\/\/www.keturist.sk\/info\/wp-content\/uploads\/2020\/12\/saca-kastiel.jpg","rbea_author_info":{"display_name":"admin","author_link":"https:\/\/www.keturist.sk\/info\/author\/admin\/"},"rbea_excerpt_info":"Podkateg\u00f3ria: Ochrana pr\u00edrody Podkateg\u00f3ria: Lokaliz\u00e1cia: Ko\u0161ice Ka\u0161tie\u013e rodiny Semsey v \u0160aci a \u0160a\u010diansky tis\u00a0pon\u00faka p\u00fatav\u00fd poh\u013ead do hist\u00f3rie aj pr\u00edrody. Ak pl\u00e1nujete n\u00e1v\u0161tevu, tu s\u00fa odpovede na va\u0161e ot\u00e1zky. Ako [&hellip;]","uagb_featured_image_src":{"full":["https:\/\/www.keturist.sk\/info\/wp-content\/uploads\/2020\/12\/saca-kastiel.jpg",800,600,false],"thumbnail":["https:\/\/www.keturist.sk\/info\/wp-content\/uploads\/2020\/12\/saca-kastiel-240x180.jpg",240,180,true],"medium":["https:\/\/www.keturist.sk\/info\/wp-content\/uploads\/2020\/12\/saca-kastiel.jpg",800,600,false],"medium_large":["https:\/\/www.keturist.sk\/info\/wp-content\/uploads\/2020\/12\/saca-kastiel-768x576.jpg",768,576,true],"large":["https:\/\/www.keturist.sk\/info\/wp-content\/uploads\/2020\/12\/saca-kastiel.jpg",800,600,false],"1536x1536":["https:\/\/www.keturist.sk\/info\/wp-content\/uploads\/2020\/12\/saca-kastiel.jpg",800,600,false],"2048x2048":["https:\/\/www.keturist.sk\/info\/wp-content\/uploads\/2020\/12\/saca-kastiel.jpg",800,600,false]},"uagb_author_info":{"display_name":"admin","author_link":"https:\/\/www.keturist.sk\/info\/author\/admin\/"},"uagb_comment_info":0,"uagb_excerpt":"Podkateg\u00f3ria: Ochrana pr\u00edrody Podkateg\u00f3ria: Lokaliz\u00e1cia: Ko\u0161ice Ka\u0161tie\u013e rodiny Semsey v \u0160aci a \u0160a\u010diansky tis\u00a0pon\u00faka p\u00fatav\u00fd poh\u013ead do hist\u00f3rie aj pr\u00edrody. Ak pl\u00e1nujete n\u00e1v\u0161tevu, tu s\u00fa odpovede na va\u0161e ot\u00e1zky. Ako [&hellip;]","_links":{"self":[{"href":"https:\/\/www.keturist.sk\/info\/wp-json\/wp\/v2\/pages\/526","targetHints":{"allow":["GET"]}}],"collection":[{"href":"https:\/\/www.keturist.sk\/info\/wp-json\/wp\/v2\/pages"}],"about":[{"href":"https:\/\/www.keturist.sk\/info\/wp-json\/wp\/v2\/types\/page"}],"author":[{"embeddable":true,"href":"https:\/\/www.keturist.sk\/info\/wp-json\/wp\/v2\/users\/1"}],"replies":[{"embeddable":true,"href":"https:\/\/www.keturist.sk\/info\/wp-json\/wp\/v2\/comments?post=526"}],"version-history":[{"count":6,"href":"https:\/\/www.keturist.sk\/info\/wp-json\/wp\/v2\/pages\/526\/revisions"}],"predecessor-version":[{"id":72239,"href":"https:\/\/www.keturist.sk\/info\/wp-json\/wp\/v2\/pages\/526\/revisions\/72239"}],"up":[{"embeddable":true,"href":"https:\/\/www.keturist.sk\/info\/wp-json\/wp\/v2\/pages\/51"}],"wp:featuredmedia":[{"embeddable":true,"href":"https:\/\/www.keturist.sk\/info\/wp-json\/wp\/v2\/media\/36886"}],"wp:attachment":[{"href":"https:\/\/www.keturist.sk\/info\/wp-json\/wp\/v2\/media?parent=526"}],"curies":[{"name":"wp","href":"https:\/\/api.w.org\/{rel}","templated":true}]}}