{"id":512,"date":"2013-08-03T12:52:24","date_gmt":"2013-08-03T10:52:24","guid":{"rendered":"https:\/\/www.keturist.sk\/info\/?page_id=512"},"modified":"2026-01-13T16:39:28","modified_gmt":"2026-01-13T15:39:28","slug":"pamatnik-neznameho-protifasistickeho-bojovnika","status":"publish","type":"page","link":"https:\/\/www.keturist.sk\/info\/kam-za-pamiatkami\/pamatnik-neznameho-protifasistickeho-bojovnika\/","title":{"rendered":"Pam\u00e4tn\u00edk nezn\u00e1meho protifa\u0161istick\u00e9ho bojovn\u00edka"},"content":{"rendered":"<a href=\"https:\/\/www.keturist.sk\/info\/\" class=\"su-button su-button-style-default\" style=\"color:#000000;background-color:#FFCF2F;border-color:#cca626;border-radius:5px\" target=\"_self\"><span style=\"color:#000000;padding:6px 16px;font-size:13px;line-height:20px;border-color:#ffde6e;border-radius:5px;text-shadow:none\"><i class=\"sui sui-arrow-right\" style=\"font-size:13px;color:#000000\"><\/i>  Spravodaj <\/span><\/a>\n<a href=\"https:\/\/www.keturist.sk\/info\/tipy-na-vylety\/\" class=\"su-button su-button-style-default\" style=\"color:#000000;background-color:#FFCF2F;border-color:#cca626;border-radius:5px\" target=\"_self\"><span style=\"color:#000000;padding:6px 16px;font-size:13px;line-height:20px;border-color:#ffde6e;border-radius:5px;text-shadow:none\"><i class=\"sui sui-arrow-right\" style=\"font-size:13px;color:#000000\"><\/i>  TIPY NA V\u00ddLETY <\/span><\/a>\n<a href=\"https:\/\/www.keturist.sk\/info\/kam-za-pamiatkami\/\" class=\"su-button su-button-style-default\" style=\"color:#000000;background-color:#FFCF2F;border-color:#cca626;border-radius:5px\" target=\"_self\"><span style=\"color:#000000;padding:6px 16px;font-size:13px;line-height:20px;border-color:#ffde6e;border-radius:5px;text-shadow:none\"><i class=\"sui sui-arrow-right\" style=\"font-size:13px;color:#000000\"><\/i>  Kam za pamiatkami <\/span><\/a>\n<a href=\"https:\/\/www.keturist.sk\/info\/kam-za-pamiatkami\/kam-za-pamiatkami-smer-kosice\/\" class=\"su-button su-button-style-default\" style=\"color:#000000;background-color:#FFCF2F;border-color:#cca626;border-radius:5px\" target=\"_self\"><span style=\"color:#000000;padding:6px 16px;font-size:13px;line-height:20px;border-color:#ffde6e;border-radius:5px;text-shadow:none\"><i class=\"sui sui-arrow-right\" style=\"font-size:13px;color:#000000\"><\/i>  smer Ko\u0161ice <\/span><\/a>\n<div class=\"su-divider su-divider-style-default\" style=\"margin:15px 0;border-width:0px;border-color:#000000\"><\/div>\n<p><strong>Podkateg\u00f3ria: <\/strong> <a href=\"https:\/\/www.keturist.sk\/info\/kam-za-pamiatkami\/kam-za-pamiatkami-smer-kosice\/pamatniky-sochy-susosia\/\" class=\"su-button su-button-style-default\" style=\"color:#000000;background-color:#afd144;border-color:#8ca837;border-radius:5px\" target=\"_self\"><span style=\"color:#000000;padding:6px 16px;font-size:13px;line-height:20px;border-color:#c7df7d;border-radius:5px;text-shadow:none\"><i class=\"sui sui-arrow-right\" style=\"font-size:13px;color:#000000\"><\/i>  Pam\u00e4tn\u00edky, sochy, s\u00faso\u0161ia &#8230; <\/span><\/a>\n<p><strong>Lokaliz\u00e1cia: <\/strong><a href=\"https:\/\/www.keturist.sk\/info\/vseobecne-informacie\/\">Ko\u0161ice<\/a> a <a href=\"https:\/\/www.keturist.sk\/info\/turisticke-vychodiska\/strediska-a-centra\/m\">M\u010c Star\u00e9 mesto<\/a><br \/>\n<div class=\"su-divider su-divider-style-default\" style=\"margin:15px 0;border-width:2px;border-color:#000000\"><\/div>\n<figure id=\"attachment_37863\" aria-describedby=\"caption-attachment-37863\" style=\"width: 900px\" class=\"wp-caption aligncenter\"><a href=\"https:\/\/www.keturist.sk\/info\/wp-content\/uploads\/2021\/01\/vojak1.jpg\"><img loading=\"lazy\" decoding=\"async\" class=\"wp-image-37863\" src=\"https:\/\/www.keturist.sk\/info\/wp-content\/uploads\/2021\/01\/vojak1-800x600.jpg\" alt=\"Pam\u00e4tn\u00edk nezn\u00e1meho protifa\u0161istick\u00e9ho bojovn\u00edka\" width=\"900\" height=\"675\" srcset=\"https:\/\/www.keturist.sk\/info\/wp-content\/uploads\/2021\/01\/vojak1-800x600.jpg 800w, https:\/\/www.keturist.sk\/info\/wp-content\/uploads\/2021\/01\/vojak1-240x180.jpg 240w, https:\/\/www.keturist.sk\/info\/wp-content\/uploads\/2021\/01\/vojak1-768x576.jpg 768w, https:\/\/www.keturist.sk\/info\/wp-content\/uploads\/2021\/01\/vojak1.jpg 1000w\" sizes=\"auto, (max-width: 900px) 100vw, 900px\" \/><\/a><figcaption id=\"caption-attachment-37863\" class=\"wp-caption-text\">Pam\u00e4tn\u00edk nezn\u00e1meho protifa\u0161istick\u00e9ho bojovn\u00edka<\/figcaption><\/figure>\n<div class=\"su-divider su-divider-style-default\" style=\"margin:15px 0;border-width:2px;border-color:#000000\"><\/div>\n<h2><span style=\"color: #800000;\">Kde sa nach\u00e1dza Pam\u00e4tn\u00edk nezn\u00e1meho protifa\u0161istick\u00e9ho bojovn\u00edka a \u010do ho obklopuje?<\/span><\/h2>\n<p class=\"ds-markdown-paragraph\"><strong>Pam\u00e4tn\u00edk nezn\u00e1meho protifa\u0161istick\u00e9ho bojovn\u00edka<\/strong>\u00a0sa nach\u00e1dza na\u00a0<strong>N\u00e1mest\u00ed Oslobodite\u013eov v Ko\u0161iciach<\/strong>, priamo oproti\u00a0<a href=\"https:\/\/www.keturist.sk\/info\/kam-za-pamiatkami\/pamatnik-vojakov-sovietskej-armady\/\"><strong>pam\u00e4tn\u00edku vojakov Sovietskej arm\u00e1dy<\/strong><\/a>. Toto umiestnenie vytv\u00e1ra v\u00fdrazn\u00fd historick\u00fd a pietny priestor.<\/p>\n<h2><span style=\"color: #800000;\">Kto je autorom pam\u00e4tn\u00edka a kedy bol odhalen\u00fd?<\/span><\/h2>\n<p class=\"ds-markdown-paragraph\">Pam\u00e4tn\u00edk bol postaven\u00fd pod\u013ea n\u00e1vrhu\u00a0<strong>Ing. Karola Milersk\u00e9ho a architekta Viliama Columbyho<\/strong>. Autorom p\u00f4sobiv\u00fdch\u00a0<strong>soch\u00e1rskych diel<\/strong>\u00a0je v\u00fdznamn\u00fd\u00a0<strong>akademick\u00fd soch\u00e1r Vojtech L\u00f6ffler<\/strong>. T\u00e1to\u00a0<strong>n\u00e1rodn\u00e1 kult\u00farna pamiatka<\/strong>\u00a0bola sl\u00e1vnostne odhalen\u00e1 v roku\u00a0<strong>1948<\/strong>\u00a0pri pr\u00edle\u017eitosti osl\u00e1v \u0161tvrt\u00e9ho v\u00fdro\u010dia\u00a0<a href=\"https:\/\/sk.wikipedia.org\/wiki\/Slovensk%C3%A9_n%C3%A1rodn%C3%A9_povstanie\" target=\"_blank\" rel=\"noopener\"><strong>Slovensk\u00e9ho n\u00e1rodn\u00e9ho povstania<\/strong><\/a>.<\/p>\n<h2><span style=\"color: #800000;\">Ako je pam\u00e4tn\u00edk architektonicky a symbolicky kon\u0161truovan\u00fd?<\/span><\/h2>\n<p class=\"ds-markdown-paragraph\">Pam\u00e4tn\u00edk tvor\u00ed\u00a0<strong>pietna obradn\u00e1 sie\u0148<\/strong>, nad ktorou sa vyp\u00edna monument\u00e1lny\u00a0<strong>symbolick\u00fd pilier<\/strong>.\u00a0<strong>Sie\u0148<\/strong>\u00a0je umiestnen\u00e1 centr\u00e1lne v polkruhu a z troch str\u00e1n ju ohradzuj\u00fa\u00a0<strong>\u017eelezn\u00e9 mre\u017ee<\/strong>, \u010do vytv\u00e1ra d\u00f4stojn\u00fd a int\u00edmny priestor. Pri v\u00fdstavbe boli pou\u017eit\u00e9 u\u0161\u013eachtil\u00e9 materi\u00e1ly:\u00a0<strong>trachyt, andezit a travert\u00edn<\/strong>.<\/p>\n<h2><span style=\"color: #800000;\">Ak\u00e9 postavy a symboly s\u00fa umiestnen\u00e9 v obradnej sieni?<\/span><\/h2>\n<p class=\"ds-markdown-paragraph\">V\u00a0<strong>obradnej sieni<\/strong>\u00a0s\u00fa umiestnen\u00e9 dve ve\u013emi v\u00fdrazn\u00e9\u00a0<strong>soch\u00e1rske diela<\/strong>:\u00a0<strong>postava \u010deskoslovensk\u00e9ho vojaka<\/strong>\u00a0a\u00a0<strong>postava partiz\u00e1na<\/strong>. Medzi nimi sa nach\u00e1dza presn\u00fd n\u00e1pis:\u00a0<strong>\u201eVzdaj \u00factu ka\u017ed\u00fd, kto ide\u0161 okolo t\u00fdch, ktor\u00ed umreli, aby si ty \u017eil\u201c<\/strong>. Priamo pod t\u00fdmto n\u00e1pisom, medzi fig\u00farami, je umiestnen\u00fd\u00a0<strong>znak Zv\u00e4zu \u013dudov\u00fdch protifa\u0161istick\u00fdch bojovn\u00edkov (S\u013dUB)<\/strong>. Tento\u00a0<strong>znak<\/strong>\u00a0obsahuje\u00a0<strong>p\u00e4\u0165c\u00edpu hviezdu<\/strong>, v ktorej s\u00fa\u00a0<strong>me\u010d a kladivo<\/strong>, a\u00a0<strong>dla\u0148 zovret\u00fa v pr\u00edsa\u017enom geste<\/strong>\u00a0s n\u00e1pisom\u00a0<strong>\u201eS\u013dUB\u201c<\/strong>.<\/p>\n<h2><span style=\"color: #800000;\">\u010co je centr\u00e1lnym symbolom pam\u00e4tn\u00edka?<\/span><\/h2>\n<p class=\"ds-markdown-paragraph\">Centr\u00e1lnym prvkom je\u00a0<strong>symbolick\u00e1 tumba<\/strong>\u00a0(n\u00e1hrobn\u00e1 doska), na ktorej je vyobrazen\u00fd\u00a0<strong>\u010deskoslovensk\u00fd \u0161t\u00e1tny znak<\/strong>\u00a0a s n\u00edm spojen\u00fd d\u00f4le\u017eit\u00fd n\u00e1pis:\u00a0<strong>\u201eNezn\u00e1my bojovn\u00edk za slobodu \u013eudu\u201c<\/strong>. Tento n\u00e1pis jasne definuje posolstvo a \u00factu cel\u00e9ho\u00a0<strong>pam\u00e4tn\u00edka<\/strong>.<\/p>\n<h2><span style=\"color: #800000;\">Fotogal\u00e9ria<\/span><\/h2>\n<style type=\"text\/css\">\n#foogallery-gallery-73307 .fg-image { width: 200px; }<\/style>\n\t\t\t<div class=\"foogallery foogallery-container foogallery-carousel foogallery-lightbox-foogallery fg-carousel fg-ready fg-light fg-border-medium fg-round-small fg-shadow-medium fg-loading-default fg-loaded-fade-in fg-hover-semi-zoomed fg-hover-fade fg-hover-circle-plus2\" id=\"foogallery-gallery-73307\" data-foogallery=\"{&quot;item&quot;:{&quot;showCaptionTitle&quot;:true,&quot;showCaptionDescription&quot;:true},&quot;lazy&quot;:true,&quot;template&quot;:{&quot;maxItems&quot;:5,&quot;scale&quot;:0.11999999999999999555910790149937383830547332763671875,&quot;gutter&quot;:{&quot;min&quot;:-40,&quot;max&quot;:-20,&quot;unit&quot;:&quot;%&quot;},&quot;autoplay&quot;:{&quot;time&quot;:0,&quot;interaction&quot;:&quot;pause&quot;},&quot;centerOnClick&quot;:true,&quot;align&quot;:&quot;center&quot;,&quot;activePosition&quot;:&quot;center&quot;}}\" data-foogallery-lightbox=\"{&quot;thumbs&quot;:&quot;bottom&quot;,&quot;thumbsCaptions&quot;:false,&quot;thumbsBestFit&quot;:false,&quot;thumbsSmall&quot;:false,&quot;thumbsCaptionsAlign&quot;:&quot;default&quot;,&quot;info&quot;:&quot;bottom&quot;,&quot;infoVisible&quot;:true,&quot;infoOverlay&quot;:true,&quot;infoAlign&quot;:&quot;default&quot;,&quot;transition&quot;:&quot;fade&quot;,&quot;hoverButtons&quot;:false,&quot;fitMedia&quot;:false,&quot;noScrollbars&quot;:true,&quot;preserveButtonSpace&quot;:true,&quot;buttons&quot;:{&quot;fullscreen&quot;:true,&quot;info&quot;:true,&quot;thumbs&quot;:false},&quot;video&quot;:{&quot;autoPlay&quot;:true}}\" style=\"--fg-title-line-clamp: 1; --fg-description-line-clamp: 2;\" >\n\t<button type=\"button\" class=\"fg-carousel-prev\" title=\"Previous\"><\/button>\n\t<div class=\"fg-carousel-inner\">\n\t\t<div class=\"fg-carousel-center\"><\/div>\n\t\t<div class=\"fg-item fg-type-image fg-idle\"><figure class=\"fg-item-inner\"><a href=\"https:\/\/www.keturist.sk\/info\/wp-content\/uploads\/2021\/01\/vojak2.jpg\" data-caption-title=\"Pam\u00e4tn\u00edk nezn\u00e1meho protifa\u0161istick\u00e9ho bojovn\u00edka\" data-attachment-id=\"37864\" data-type=\"image\" class=\"fg-thumb\"><span class=\"fg-image-wrap\"><img decoding=\"async\" alt=\"Pam\u00e4tn\u00edk nezn\u00e1meho protifa\u0161istick\u00e9ho bojovn\u00edka\" title=\"Pam\u00e4tn\u00edk nezn\u00e1meho protifa\u0161istick\u00e9ho bojovn\u00edka\" width=\"200\" height=\"200\" class=\"skip-lazy fg-image\" data-src-fg=\"https:\/\/www.keturist.sk\/info\/wp-content\/uploads\/cache\/2021\/01\/vojak2\/2027377426.jpg\" src=\"data:image\/svg+xml,%3Csvg%20xmlns%3D%22http%3A%2F%2Fwww.w3.org%2F2000%2Fsvg%22%20width%3D%22200%22%20height%3D%22200%22%20viewBox%3D%220%200%20200%20200%22%3E%3C%2Fsvg%3E\" loading=\"eager\"><\/span><span class=\"fg-image-overlay\"><\/span><\/a><figcaption class=\"fg-caption\"><div class=\"fg-caption-inner\"><div class=\"fg-caption-title\">Pam\u00e4tn\u00edk nezn\u00e1meho protifa\u0161istick\u00e9ho bojovn\u00edka<\/div><\/div><\/figcaption><\/figure><div class=\"fg-loader\"><\/div><\/div><div class=\"fg-item fg-type-image fg-idle\"><figure class=\"fg-item-inner\"><a href=\"https:\/\/www.keturist.sk\/info\/wp-content\/uploads\/2021\/01\/vojak1.jpg\" data-caption-title=\"Pam\u00e4tn\u00edk nezn\u00e1meho protifa\u0161istick\u00e9ho bojovn\u00edka\" data-attachment-id=\"37863\" data-type=\"image\" class=\"fg-thumb\"><span class=\"fg-image-wrap\"><img decoding=\"async\" alt=\"Pam\u00e4tn\u00edk nezn\u00e1meho protifa\u0161istick\u00e9ho bojovn\u00edka\" title=\"Pam\u00e4tn\u00edk nezn\u00e1meho protifa\u0161istick\u00e9ho bojovn\u00edka\" width=\"200\" height=\"200\" class=\"skip-lazy fg-image\" data-src-fg=\"https:\/\/www.keturist.sk\/info\/wp-content\/uploads\/cache\/2021\/01\/vojak1\/1778516908.jpg\" src=\"data:image\/svg+xml,%3Csvg%20xmlns%3D%22http%3A%2F%2Fwww.w3.org%2F2000%2Fsvg%22%20width%3D%22200%22%20height%3D%22200%22%20viewBox%3D%220%200%20200%20200%22%3E%3C%2Fsvg%3E\" loading=\"eager\"><\/span><span class=\"fg-image-overlay\"><\/span><\/a><figcaption class=\"fg-caption\"><div class=\"fg-caption-inner\"><div class=\"fg-caption-title\">Pam\u00e4tn\u00edk nezn\u00e1meho protifa\u0161istick\u00e9ho bojovn\u00edka<\/div><\/div><\/figcaption><\/figure><div class=\"fg-loader\"><\/div><\/div>\t<\/div>\n\t<div class=\"fg-carousel-bottom\"><\/div>\n\t<div class=\"fg-carousel-progress\"><\/div>\n\t<button type=\"button\" class=\"fg-carousel-next\" title=\"Next\"><\/button>\n<\/div>\n<h2><span style=\"color: #800000;\">Zauj\u00edmav\u00e9 odkazy<\/span><\/h2>\n<h3><span style=\"color: #808000;\">Bl\u00edzke stredisko, turistick\u00e9 centrum, obec alebo mesto:<\/span><\/h3>\n<ul>\n<li><a href=\"https:\/\/www.keturist.sk\/info\/strediska-a-centra\/mc-stare-mesto\/\">Ko\u0161ice &#8211; M\u010c Star\u00e9 mesto (\u010d\u00edtaj viac&#8230;)<\/a><\/li>\n<\/ul>\n<h2><span style=\"color: #800000;\">Mapy<\/span><\/h2>\n<p><strong>Vrstvy: <\/strong>Turistick\u00e1 mapa, Automapa, Cyklomapa, Ly\u017eiarska mapa, Satelitn\u00e1 mapa a OpenStreetMap.<\/p>\n<p><strong>Kliknut\u00edm na logo &#8222;Freemap.sk&#8220; sa V\u00e1m mapa zobraz\u00ed na celej ploche obrazovky.<\/strong><\/p>\n<p><iframe style=\"width: 900px; height: 500px; border: 0;\" src=\"https:\/\/www.freemap.sk\/?map=16\/48.716556\/21.259843&amp;info-point=48.716556\/21.259843,Pam\u00e4tn\u00edk nezn\u00e1meho protifa\u0161istick\u00e9ho bojovn\u00edka&amp;layers=X&amp;embed=search\" allowfullscreen=\"allowfullscreen\"><span data-mce-type=\"bookmark\" style=\"display: inline-block; width: 0px; overflow: hidden; line-height: 0;\" class=\"mce_SELRES_start\">\ufeff<\/span><span data-mce-type=\"bookmark\" style=\"display: inline-block; width: 0px; overflow: hidden; line-height: 0;\" class=\"mce_SELRES_start\">\ufeff<\/span><\/iframe><\/p>\n<h2><span style=\"color: #800000;\">Po\u010dasie<\/span><\/h2>\n<p><iframe style=\"width: 900px; height: 600px;\" src=\"https:\/\/www.meteoblue.com\/sk\/po%C4%8Dasie\/widget\/three\/ko%c5%a1ice_slovensk%c3%a1-republika_724443?geoloc=fixed&amp;nocurrent=0&amp;noforecast=0&amp;days=5&amp;tempunit=CELSIUS&amp;windunit=KILOMETER_PER_HOUR&amp;layout=image\" frameborder=\"0\" scrolling=\"NO\" sandbox=\"allow-same-origin allow-scripts allow-popups allow-popups-to-escape-sandbox\"><\/iframe><\/p>\n<div><!-- DO NOT REMOVE THIS LINK --><a href=\"https:\/\/www.meteoblue.com\/sk\/po%C4%8Dasie\/predpove%C4%8F\/t%C3%BD%C5%BEde%C5%88\/ko%c5%a1ice_slovensk%c3%a1-republika_724443?utm_source=weather_widget&amp;utm_medium=linkus&amp;utm_content=three&amp;utm_campaign=Weather%2BWidget\" target=\"_blank\" rel=\"noopener\">meteoblue<\/a><\/div>\n","protected":false},"excerpt":{"rendered":"<p>Podkateg\u00f3ria: Lokaliz\u00e1cia: Ko\u0161ice a M\u010c Star\u00e9 mesto Kde sa nach\u00e1dza Pam\u00e4tn\u00edk nezn\u00e1meho protifa\u0161istick\u00e9ho bojovn\u00edka a \u010do ho obklopuje? Pam\u00e4tn\u00edk nezn\u00e1meho protifa\u0161istick\u00e9ho bojovn\u00edka\u00a0sa nach\u00e1dza na\u00a0N\u00e1mest\u00ed Oslobodite\u013eov v Ko\u0161iciach, priamo oproti\u00a0pam\u00e4tn\u00edku vojakov [&hellip;]<\/p>\n","protected":false},"author":1,"featured_media":37863,"parent":51,"menu_order":0,"comment_status":"closed","ping_status":"closed","template":"","meta":{"_uag_custom_page_level_css":"","_monsterinsights_skip_tracking":false,"_monsterinsights_sitenote_active":false,"_monsterinsights_sitenote_note":"","_monsterinsights_sitenote_category":0,"footnotes":""},"class_list":["post-512","page","type-page","status-publish","has-post-thumbnail","hentry"],"featured_image_src":"https:\/\/www.keturist.sk\/info\/wp-content\/uploads\/2021\/01\/vojak1.jpg","featured_image_src_square":"https:\/\/www.keturist.sk\/info\/wp-content\/uploads\/2021\/01\/vojak1.jpg","rbea_author_info":{"display_name":"admin","author_link":"https:\/\/www.keturist.sk\/info\/author\/admin\/"},"rbea_excerpt_info":"Podkateg\u00f3ria: Lokaliz\u00e1cia: Ko\u0161ice a M\u010c Star\u00e9 mesto Kde sa nach\u00e1dza Pam\u00e4tn\u00edk nezn\u00e1meho protifa\u0161istick\u00e9ho bojovn\u00edka a \u010do ho obklopuje? Pam\u00e4tn\u00edk nezn\u00e1meho protifa\u0161istick\u00e9ho bojovn\u00edka\u00a0sa nach\u00e1dza na\u00a0N\u00e1mest\u00ed Oslobodite\u013eov v Ko\u0161iciach, priamo oproti\u00a0pam\u00e4tn\u00edku vojakov [&hellip;]","uagb_featured_image_src":{"full":["https:\/\/www.keturist.sk\/info\/wp-content\/uploads\/2021\/01\/vojak1.jpg",1000,750,false],"thumbnail":["https:\/\/www.keturist.sk\/info\/wp-content\/uploads\/2021\/01\/vojak1-240x180.jpg",240,180,true],"medium":["https:\/\/www.keturist.sk\/info\/wp-content\/uploads\/2021\/01\/vojak1-800x600.jpg",800,600,true],"medium_large":["https:\/\/www.keturist.sk\/info\/wp-content\/uploads\/2021\/01\/vojak1-768x576.jpg",768,576,true],"large":["https:\/\/www.keturist.sk\/info\/wp-content\/uploads\/2021\/01\/vojak1.jpg",1000,750,false],"1536x1536":["https:\/\/www.keturist.sk\/info\/wp-content\/uploads\/2021\/01\/vojak1.jpg",1000,750,false],"2048x2048":["https:\/\/www.keturist.sk\/info\/wp-content\/uploads\/2021\/01\/vojak1.jpg",1000,750,false]},"uagb_author_info":{"display_name":"admin","author_link":"https:\/\/www.keturist.sk\/info\/author\/admin\/"},"uagb_comment_info":0,"uagb_excerpt":"Podkateg\u00f3ria: Lokaliz\u00e1cia: Ko\u0161ice a M\u010c Star\u00e9 mesto Kde sa nach\u00e1dza Pam\u00e4tn\u00edk nezn\u00e1meho protifa\u0161istick\u00e9ho bojovn\u00edka a \u010do ho obklopuje? Pam\u00e4tn\u00edk nezn\u00e1meho protifa\u0161istick\u00e9ho bojovn\u00edka\u00a0sa nach\u00e1dza na\u00a0N\u00e1mest\u00ed Oslobodite\u013eov v Ko\u0161iciach, priamo oproti\u00a0pam\u00e4tn\u00edku vojakov [&hellip;]","_links":{"self":[{"href":"https:\/\/www.keturist.sk\/info\/wp-json\/wp\/v2\/pages\/512","targetHints":{"allow":["GET"]}}],"collection":[{"href":"https:\/\/www.keturist.sk\/info\/wp-json\/wp\/v2\/pages"}],"about":[{"href":"https:\/\/www.keturist.sk\/info\/wp-json\/wp\/v2\/types\/page"}],"author":[{"embeddable":true,"href":"https:\/\/www.keturist.sk\/info\/wp-json\/wp\/v2\/users\/1"}],"replies":[{"embeddable":true,"href":"https:\/\/www.keturist.sk\/info\/wp-json\/wp\/v2\/comments?post=512"}],"version-history":[{"count":4,"href":"https:\/\/www.keturist.sk\/info\/wp-json\/wp\/v2\/pages\/512\/revisions"}],"predecessor-version":[{"id":73308,"href":"https:\/\/www.keturist.sk\/info\/wp-json\/wp\/v2\/pages\/512\/revisions\/73308"}],"up":[{"embeddable":true,"href":"https:\/\/www.keturist.sk\/info\/wp-json\/wp\/v2\/pages\/51"}],"wp:featuredmedia":[{"embeddable":true,"href":"https:\/\/www.keturist.sk\/info\/wp-json\/wp\/v2\/media\/37863"}],"wp:attachment":[{"href":"https:\/\/www.keturist.sk\/info\/wp-json\/wp\/v2\/media?parent=512"}],"curies":[{"name":"wp","href":"https:\/\/api.w.org\/{rel}","templated":true}]}}