{"id":504,"date":"2013-08-03T12:46:32","date_gmt":"2013-08-03T10:46:32","guid":{"rendered":"https:\/\/www.keturist.sk\/info\/?page_id=504"},"modified":"2026-01-13T16:45:36","modified_gmt":"2026-01-13T15:45:36","slug":"pomnik-medzinarodneho-maratonu-mieru","status":"publish","type":"page","link":"https:\/\/www.keturist.sk\/info\/kam-za-pamiatkami\/pomnik-medzinarodneho-maratonu-mieru\/","title":{"rendered":"Pam\u00e4tn\u00edk Medzin\u00e1rodn\u00e9ho marat\u00f3nu mieru"},"content":{"rendered":"<a href=\"https:\/\/www.keturist.sk\/info\/\" class=\"su-button su-button-style-default\" style=\"color:#000000;background-color:#FFCF2F;border-color:#cca626;border-radius:5px\" target=\"_self\"><span style=\"color:#000000;padding:6px 16px;font-size:13px;line-height:20px;border-color:#ffde6e;border-radius:5px;text-shadow:none\"><i class=\"sui sui-arrow-right\" style=\"font-size:13px;color:#000000\"><\/i>  Spravodaj <\/span><\/a>\n<a href=\"https:\/\/www.keturist.sk\/info\/tipy-na-vylety\/\" class=\"su-button su-button-style-default\" style=\"color:#000000;background-color:#FFCF2F;border-color:#cca626;border-radius:5px\" target=\"_self\"><span style=\"color:#000000;padding:6px 16px;font-size:13px;line-height:20px;border-color:#ffde6e;border-radius:5px;text-shadow:none\"><i class=\"sui sui-arrow-right\" style=\"font-size:13px;color:#000000\"><\/i>  TIPY NA V\u00ddLETY <\/span><\/a>\n<a href=\"https:\/\/www.keturist.sk\/info\/kam-za-pamiatkami\/\" class=\"su-button su-button-style-default\" style=\"color:#000000;background-color:#FFCF2F;border-color:#cca626;border-radius:5px\" target=\"_self\"><span style=\"color:#000000;padding:6px 16px;font-size:13px;line-height:20px;border-color:#ffde6e;border-radius:5px;text-shadow:none\"><i class=\"sui sui-arrow-right\" style=\"font-size:13px;color:#000000\"><\/i>  Kam za pamiatkami <\/span><\/a>\n<a href=\"https:\/\/www.keturist.sk\/info\/kam-za-pamiatkami\/kam-za-pamiatkami-smer-kosice\/\" class=\"su-button su-button-style-default\" style=\"color:#000000;background-color:#FFCF2F;border-color:#cca626;border-radius:5px\" target=\"_self\"><span style=\"color:#000000;padding:6px 16px;font-size:13px;line-height:20px;border-color:#ffde6e;border-radius:5px;text-shadow:none\"><i class=\"sui sui-arrow-right\" style=\"font-size:13px;color:#000000\"><\/i>  smer Ko\u0161ice <\/span><\/a>\n<div class=\"su-divider su-divider-style-default\" style=\"margin:15px 0;border-width:0px;border-color:#000000\"><\/div>\n<strong>Podkateg\u00f3ria: <\/strong> <a href=\"https:\/\/www.keturist.sk\/info\/kam-za-pamiatkami\/kam-za-pamiatkami-smer-kosice\/pamatniky-sochy-susosia\/\" class=\"su-button su-button-style-default\" style=\"color:#000000;background-color:#afd144;border-color:#8ca837;border-radius:5px\" target=\"_self\"><span style=\"color:#000000;padding:6px 16px;font-size:13px;line-height:20px;border-color:#c7df7d;border-radius:5px;text-shadow:none\"><i class=\"sui sui-arrow-right\" style=\"font-size:13px;color:#000000\"><\/i>  Pam\u00e4tn\u00edky, sochy, s\u00faso\u0161ia &#8230; <\/span><\/a>\n<p><strong>Lokaliz\u00e1cia: <\/strong><a href=\"https:\/\/www.keturist.sk\/info\/vseobecne-informacie\/\">Ko\u0161ice<\/a> a <a href=\"https:\/\/www.keturist.sk\/info\/turisticke-vychodiska\/strediska-a-centra\/m\">M\u010c Star\u00e9 mesto<\/a><br \/>\n<div class=\"su-divider su-divider-style-default\" style=\"margin:15px 0;border-width:2px;border-color:#000000\"><\/div>\n<figure id=\"attachment_37868\" aria-describedby=\"caption-attachment-37868\" style=\"width: 900px\" class=\"wp-caption aligncenter\"><a href=\"https:\/\/www.keturist.sk\/info\/wp-content\/uploads\/2021\/01\/maratonec1.jpg\"><img loading=\"lazy\" decoding=\"async\" class=\"wp-image-37868\" src=\"https:\/\/www.keturist.sk\/info\/wp-content\/uploads\/2021\/01\/maratonec1-800x600.jpg\" alt=\"Pam\u00e4tn\u00edk Medzin\u00e1rodn\u00e9ho marat\u00f3nu mieru\" width=\"900\" height=\"675\" srcset=\"https:\/\/www.keturist.sk\/info\/wp-content\/uploads\/2021\/01\/maratonec1-800x600.jpg 800w, https:\/\/www.keturist.sk\/info\/wp-content\/uploads\/2021\/01\/maratonec1-240x180.jpg 240w, https:\/\/www.keturist.sk\/info\/wp-content\/uploads\/2021\/01\/maratonec1-768x576.jpg 768w, https:\/\/www.keturist.sk\/info\/wp-content\/uploads\/2021\/01\/maratonec1.jpg 1000w\" sizes=\"auto, (max-width: 900px) 100vw, 900px\" \/><\/a><figcaption id=\"caption-attachment-37868\" class=\"wp-caption-text\">Pam\u00e4tn\u00edk Medzin\u00e1rodn\u00e9ho marat\u00f3nu mieru<\/figcaption><\/figure>\n<div class=\"su-divider su-divider-style-default\" style=\"margin:15px 0;border-width:2px;border-color:#000000\"><\/div>\n<h2><span style=\"color: #800000;\">Kde sa nach\u00e1dza a \u010do je Pam\u00e4tn\u00edk Medzin\u00e1rodn\u00e9ho marat\u00f3nu mieru?<\/span><\/h2>\n<p class=\"ds-markdown-paragraph\"><strong>Pam\u00e4tn\u00edk Medzin\u00e1rodn\u00e9ho marat\u00f3nu mieru<\/strong>\u00a0sa nach\u00e1dza v par\u010d\u00edku pred historickou budovou\u00a0<strong>V\u00fdchodoslovensk\u00e9ho m\u00fazea<\/strong>\u00a0v Ko\u0161iciach. Toto bronzov\u00e9 dielo pripom\u00edna jednu z najv\u00fdznamnej\u0161\u00edch \u0161portov\u00fdch udalost\u00ed v regi\u00f3ne.<\/p>\n<h2><span style=\"color: #800000;\">Ako vznikol a ak\u00fa hist\u00f3riu pripom\u00edna Medzin\u00e1rodn\u00fd marat\u00f3n mieru?<\/span><\/h2>\n<p class=\"ds-markdown-paragraph\">Pam\u00e4tn\u00edk pripom\u00edna\u00a0<strong>tradi\u010dn\u00e9 \u0161portov\u00e9 podujatie<\/strong>, ktor\u00e9 sa prv\u00fdkr\u00e1t uskuto\u010dnilo u\u017e v roku 1924 a odvtedy sa kon\u00e1 ka\u017edoro\u010dne.\u00a0<strong>Medzin\u00e1rodn\u00fd marat\u00f3n mieru<\/strong>\u00a0patr\u00ed medzi\u00a0<strong>najstar\u0161ie a najprest\u00ed\u017enej\u0161ie podujatia<\/strong>\u00a0svojej kateg\u00f3rie na svete.<\/p>\n<h2><span style=\"color: #800000;\">Pre\u010do je Medzin\u00e1rodn\u00fd marat\u00f3n mieru tak\u00fd v\u00fdnimo\u010dn\u00fd?<\/span><\/h2>\n<p class=\"ds-markdown-paragraph\"><strong>MEDZIN\u00c1RODN\u00dd MARAT\u00d3N MIERU<\/strong>\u00a0je jedn\u00fdm z\u00a0<strong>najv\u00fdznamnej\u0161\u00edch marat\u00f3nskych behov na svete<\/strong>. Je to z\u00e1rove\u0148\u00a0<strong>najstar\u0161\u00ed marat\u00f3n v Eur\u00f3pe<\/strong>\u00a0a tret\u00ed\u00a0<strong>najstar\u0161\u00ed marat\u00f3n na svete<\/strong>, \u010do z neho rob\u00ed glob\u00e1lnu \u0161portov\u00fa legendu.<\/p>\n<h2><span style=\"color: #800000;\">Ak\u00e9 symboly a n\u00e1pisy n\u00e1jdeme na samotnom pam\u00e4tn\u00edku?<\/span><\/h2>\n<p class=\"ds-markdown-paragraph\">Na podstavci pod\u00a0<strong>sochou marat\u00f3nca<\/strong>\u00a0je umiestnen\u00fd starogr\u00e9cky n\u00e1pis\u00a0<strong>&#8222;Nenikhamen&#8220;<\/strong>, \u010do v preklade znamen\u00e1\u00a0<strong>&#8222;Zv\u00ed\u0165azili sme&#8220;<\/strong>. Pod\u013ea legendy to bol v\u00fdkrik be\u017eca oznamuj\u00faceho v\u00ed\u0165azstvo po bitke pri Marat\u00f3ne. Na pam\u00e4tn\u00edku s\u00fa uveden\u00e9 aj\u00a0<strong>men\u00e1 v\u00ed\u0165azov jednotliv\u00fdch ro\u010dn\u00edkov<\/strong>\u00a0t\u00fdchto medzin\u00e1rodn\u00fdch pretekov.<\/p>\n<h2><span style=\"color: #800000;\">Kto je autorom tohto v\u00fdnimo\u010dn\u00e9ho umeleck\u00e9ho diela?<\/span><\/h2>\n<p class=\"ds-markdown-paragraph\">Autorom\u00a0<strong>pam\u00e4tn\u00edka<\/strong>\u00a0je v\u00fdznamn\u00fd slovensk\u00fd\u00a0<strong>akademick\u00fd soch\u00e1r<\/strong>\u00a0a\u00a0<strong>n\u00e1rodn\u00fd umelec Arp\u00e1d Ra\u010dko<\/strong>.<\/p>\n<h2><span style=\"color: #800000;\">Kedy bol pam\u00e4tn\u00edk odhalen\u00fd a ak\u00e9 s\u00fa jeho technick\u00e9 parametre?<\/span><\/h2>\n<p class=\"ds-markdown-paragraph\"><strong>Socha bola odhalen\u00e1 v roku 1959<\/strong>. Je odliata\u00a0<strong>z bronzu<\/strong>\u00a0a jej celkov\u00e1\u00a0<strong>v\u00fd\u0161ka dosahuje 320 cm<\/strong>, \u010do jej dod\u00e1va na monument\u00e1lnosti a umeleckej v\u00fdpovednej hodnote.<\/p>\n<h2><span style=\"color: #800000;\">Zauj\u00edmav\u00e9 odkazy<\/span><\/h2>\n<h3><span style=\"color: #808000;\">Bl\u00edzke stredisko, turistick\u00e9 centrum, obec alebo mesto:<\/span><\/h3>\n<ul>\n<li><a href=\"https:\/\/www.keturist.sk\/info\/strediska-a-centra\/mc-stare-mesto\/\">Ko\u0161ice &#8211; M\u010c Star\u00e9 mesto (\u010d\u00edtaj viac&#8230;)<\/a><\/li>\n<\/ul>\n<h2><span style=\"color: #800000;\">Mapy<\/span><\/h2>\n<p><strong>Vrstvy: <\/strong>Turistick\u00e1 mapa, Automapa, Cyklomapa, Ly\u017eiarska mapa, Satelitn\u00e1 mapa a OpenStreetMap.<\/p>\n<p><strong>Kliknut\u00edm na logo &#8222;Freemap.sk&#8220; sa V\u00e1m mapa zobraz\u00ed na celej ploche obrazovky.<\/strong><\/p>\n<p><iframe style=\"width: 900px; height: 500px; border: 0;\" src=\"https:\/\/www.freemap.sk\/?map=16\/48.727103\/21.253899&amp;info-point=48.727103\/21.253899,Pam\u00e4tn\u00edk Medzin\u00e1rodn\u00e9ho marat\u00f3nu mieru&amp;layers=X&amp;embed=search\" allowfullscreen=\"allowfullscreen\"><span data-mce-type=\"bookmark\" style=\"display: inline-block; width: 0px; overflow: hidden; line-height: 0;\" class=\"mce_SELRES_start\">\ufeff<\/span><\/iframe><\/p>\n<h2><span style=\"color: #800000;\">Po\u010dasie<\/span><\/h2>\n<p><iframe style=\"width: 900px; height: 600px;\" src=\"https:\/\/www.meteoblue.com\/sk\/po%C4%8Dasie\/widget\/three\/ko%c5%a1ice_slovensk%c3%a1-republika_724443?geoloc=fixed&amp;nocurrent=0&amp;noforecast=0&amp;days=5&amp;tempunit=CELSIUS&amp;windunit=KILOMETER_PER_HOUR&amp;layout=image\" frameborder=\"0\" scrolling=\"NO\" sandbox=\"allow-same-origin allow-scripts allow-popups allow-popups-to-escape-sandbox\"><\/iframe><\/p>\n<div><!-- DO NOT REMOVE THIS LINK --><a href=\"https:\/\/www.meteoblue.com\/sk\/po%C4%8Dasie\/predpove%C4%8F\/t%C3%BD%C5%BEde%C5%88\/ko%c5%a1ice_slovensk%c3%a1-republika_724443?utm_source=weather_widget&amp;utm_medium=linkus&amp;utm_content=three&amp;utm_campaign=Weather%2BWidget\" target=\"_blank\" rel=\"noopener\">meteoblue<\/a><\/div>\n","protected":false},"excerpt":{"rendered":"<p>Podkateg\u00f3ria: Lokaliz\u00e1cia: Ko\u0161ice a M\u010c Star\u00e9 mesto Kde sa nach\u00e1dza a \u010do je Pam\u00e4tn\u00edk Medzin\u00e1rodn\u00e9ho marat\u00f3nu mieru? Pam\u00e4tn\u00edk Medzin\u00e1rodn\u00e9ho marat\u00f3nu mieru\u00a0sa nach\u00e1dza v par\u010d\u00edku pred historickou budovou\u00a0V\u00fdchodoslovensk\u00e9ho m\u00fazea\u00a0v Ko\u0161iciach. Toto [&hellip;]<\/p>\n","protected":false},"author":1,"featured_media":37868,"parent":51,"menu_order":0,"comment_status":"closed","ping_status":"closed","template":"","meta":{"_uag_custom_page_level_css":"","_monsterinsights_skip_tracking":false,"_monsterinsights_sitenote_active":false,"_monsterinsights_sitenote_note":"","_monsterinsights_sitenote_category":0,"footnotes":""},"class_list":["post-504","page","type-page","status-publish","has-post-thumbnail","hentry"],"featured_image_src":"https:\/\/www.keturist.sk\/info\/wp-content\/uploads\/2021\/01\/maratonec1.jpg","featured_image_src_square":"https:\/\/www.keturist.sk\/info\/wp-content\/uploads\/2021\/01\/maratonec1.jpg","rbea_author_info":{"display_name":"admin","author_link":"https:\/\/www.keturist.sk\/info\/author\/admin\/"},"rbea_excerpt_info":"Podkateg\u00f3ria: Lokaliz\u00e1cia: Ko\u0161ice a M\u010c Star\u00e9 mesto Kde sa nach\u00e1dza a \u010do je Pam\u00e4tn\u00edk Medzin\u00e1rodn\u00e9ho marat\u00f3nu mieru? Pam\u00e4tn\u00edk Medzin\u00e1rodn\u00e9ho marat\u00f3nu mieru\u00a0sa nach\u00e1dza v par\u010d\u00edku pred historickou budovou\u00a0V\u00fdchodoslovensk\u00e9ho m\u00fazea\u00a0v Ko\u0161iciach. Toto [&hellip;]","uagb_featured_image_src":{"full":["https:\/\/www.keturist.sk\/info\/wp-content\/uploads\/2021\/01\/maratonec1.jpg",1000,750,false],"thumbnail":["https:\/\/www.keturist.sk\/info\/wp-content\/uploads\/2021\/01\/maratonec1-240x180.jpg",240,180,true],"medium":["https:\/\/www.keturist.sk\/info\/wp-content\/uploads\/2021\/01\/maratonec1-800x600.jpg",800,600,true],"medium_large":["https:\/\/www.keturist.sk\/info\/wp-content\/uploads\/2021\/01\/maratonec1-768x576.jpg",768,576,true],"large":["https:\/\/www.keturist.sk\/info\/wp-content\/uploads\/2021\/01\/maratonec1.jpg",1000,750,false],"1536x1536":["https:\/\/www.keturist.sk\/info\/wp-content\/uploads\/2021\/01\/maratonec1.jpg",1000,750,false],"2048x2048":["https:\/\/www.keturist.sk\/info\/wp-content\/uploads\/2021\/01\/maratonec1.jpg",1000,750,false]},"uagb_author_info":{"display_name":"admin","author_link":"https:\/\/www.keturist.sk\/info\/author\/admin\/"},"uagb_comment_info":0,"uagb_excerpt":"Podkateg\u00f3ria: Lokaliz\u00e1cia: Ko\u0161ice a M\u010c Star\u00e9 mesto Kde sa nach\u00e1dza a \u010do je Pam\u00e4tn\u00edk Medzin\u00e1rodn\u00e9ho marat\u00f3nu mieru? Pam\u00e4tn\u00edk Medzin\u00e1rodn\u00e9ho marat\u00f3nu mieru\u00a0sa nach\u00e1dza v par\u010d\u00edku pred historickou budovou\u00a0V\u00fdchodoslovensk\u00e9ho m\u00fazea\u00a0v Ko\u0161iciach. Toto [&hellip;]","_links":{"self":[{"href":"https:\/\/www.keturist.sk\/info\/wp-json\/wp\/v2\/pages\/504","targetHints":{"allow":["GET"]}}],"collection":[{"href":"https:\/\/www.keturist.sk\/info\/wp-json\/wp\/v2\/pages"}],"about":[{"href":"https:\/\/www.keturist.sk\/info\/wp-json\/wp\/v2\/types\/page"}],"author":[{"embeddable":true,"href":"https:\/\/www.keturist.sk\/info\/wp-json\/wp\/v2\/users\/1"}],"replies":[{"embeddable":true,"href":"https:\/\/www.keturist.sk\/info\/wp-json\/wp\/v2\/comments?post=504"}],"version-history":[{"count":3,"href":"https:\/\/www.keturist.sk\/info\/wp-json\/wp\/v2\/pages\/504\/revisions"}],"predecessor-version":[{"id":73309,"href":"https:\/\/www.keturist.sk\/info\/wp-json\/wp\/v2\/pages\/504\/revisions\/73309"}],"up":[{"embeddable":true,"href":"https:\/\/www.keturist.sk\/info\/wp-json\/wp\/v2\/pages\/51"}],"wp:featuredmedia":[{"embeddable":true,"href":"https:\/\/www.keturist.sk\/info\/wp-json\/wp\/v2\/media\/37868"}],"wp:attachment":[{"href":"https:\/\/www.keturist.sk\/info\/wp-json\/wp\/v2\/media?parent=504"}],"curies":[{"name":"wp","href":"https:\/\/api.w.org\/{rel}","templated":true}]}}