{"id":49604,"date":"2022-07-06T17:07:03","date_gmt":"2022-07-06T15:07:03","guid":{"rendered":"https:\/\/www.keturist.sk\/info\/?page_id=49604"},"modified":"2026-02-05T06:04:56","modified_gmt":"2026-02-05T05:04:56","slug":"zemplinske-hradisko","status":"publish","type":"page","link":"https:\/\/www.keturist.sk\/info\/kam-za-pamiatkami\/kam-za-pamiatkami-smer-zemplin\/hrady-a-kastiele\/zemplinske-hradisko\/","title":{"rendered":"Zempl\u00ednsky hrad &#8211; Hrad Zempl\u00edn &#8211; Zempl\u00ednske hradisko"},"content":{"rendered":"<a href=\"https:\/\/www.keturist.sk\/info\/\" class=\"su-button su-button-style-default\" style=\"color:#000000;background-color:#FFCF2F;border-color:#cca626;border-radius:5px\" target=\"_self\"><span style=\"color:#000000;padding:6px 16px;font-size:13px;line-height:20px;border-color:#ffde6e;border-radius:5px;text-shadow:none\"><i class=\"sui sui-arrow-right\" style=\"font-size:13px;color:#000000\"><\/i>  Spravodaj <\/span><\/a>\n<a href=\"https:\/\/www.keturist.sk\/info\/tipy-na-vylety\/\" class=\"su-button su-button-style-default\" style=\"color:#000000;background-color:#FFCF2F;border-color:#cca626;border-radius:5px\" target=\"_self\"><span style=\"color:#000000;padding:6px 16px;font-size:13px;line-height:20px;border-color:#ffde6e;border-radius:5px;text-shadow:none\"><i class=\"sui sui-arrow-right\" style=\"font-size:13px;color:#000000\"><\/i>  TIPY NA V\u00ddLETY <\/span><\/a>\n<a href=\"https:\/\/www.keturist.sk\/info\/kam-za-pamiatkami\/\" class=\"su-button su-button-style-default\" style=\"color:#000000;background-color:#FFCF2F;border-color:#cca626;border-radius:5px\" target=\"_self\"><span style=\"color:#000000;padding:6px 16px;font-size:13px;line-height:20px;border-color:#ffde6e;border-radius:5px;text-shadow:none\"><i class=\"sui sui-arrow-right\" style=\"font-size:13px;color:#000000\"><\/i>  Kam za pamiatkami <\/span><\/a>\n<a href=\"https:\/\/www.keturist.sk\/info\/kam-za-pamiatkami\/kam-za-pamiatkami-smer-zemplin\/\" class=\"su-button su-button-style-default\" style=\"color:#000000;background-color:#FFCF2F;border-color:#cca626;border-radius:5px\" target=\"_self\"><span style=\"color:#000000;padding:6px 16px;font-size:13px;line-height:20px;border-color:#ffde6e;border-radius:5px;text-shadow:none\"><i class=\"sui sui-arrow-right\" style=\"font-size:13px;color:#000000\"><\/i>  smer Doln\u00fd Zempl\u00edn <\/span><\/a>\n<div class=\"su-divider su-divider-style-default\" style=\"margin:15px 0;border-width:0px;border-color:#000000\"><\/div>\n<p><strong>Podkateg\u00f3ria: <\/strong> <a href=\"https:\/\/www.keturist.sk\/info\/kam-za-pamiatkami\/kam-za-pamiatkami-smer-zemplin\/hrady-a-kastiele\/\" class=\"su-button su-button-style-default\" style=\"color:#000000;background-color:#afd144;border-color:#8ca837;border-radius:5px\" target=\"_self\"><span style=\"color:#000000;padding:6px 16px;font-size:13px;line-height:20px;border-color:#c7df7d;border-radius:5px;text-shadow:none\"><i class=\"sui sui-arrow-right\" style=\"font-size:13px;color:#000000\"><\/i>  Hrady a ka\u0161tiele <\/span><\/a>\n<div class=\"su-divider su-divider-style-default\" style=\"margin:15px 0;border-width:0px;border-color:#000000\"><\/div>\n<p><strong>Lokaliz\u00e1cia: <\/strong> <a href=\"https:\/\/www.keturist.sk\/info\/vseobecne-informacie\/zemplin\/\">Doln\u00fd Zempl\u00edn<\/a><\/p>\n<div class=\"su-divider su-divider-style-default\" style=\"margin:15px 0;border-width:2px;border-color:#000000\"><\/div>\n<figure id=\"attachment_49635\" aria-describedby=\"caption-attachment-49635\" style=\"width: 900px\" class=\"wp-caption aligncenter\"><a href=\"https:\/\/www.keturist.sk\/info\/wp-content\/uploads\/2022\/07\/Zemplinske-hradisko1.jpg\"><img loading=\"lazy\" decoding=\"async\" class=\"wp-image-49635\" src=\"https:\/\/www.keturist.sk\/info\/wp-content\/uploads\/2022\/07\/Zemplinske-hradisko1-800x534.jpg\" alt=\"Zempl\u00ednsky hrad\" width=\"900\" height=\"600\" srcset=\"https:\/\/www.keturist.sk\/info\/wp-content\/uploads\/2022\/07\/Zemplinske-hradisko1-800x534.jpg 800w, https:\/\/www.keturist.sk\/info\/wp-content\/uploads\/2022\/07\/Zemplinske-hradisko1-270x180.jpg 270w, https:\/\/www.keturist.sk\/info\/wp-content\/uploads\/2022\/07\/Zemplinske-hradisko1-768x512.jpg 768w, https:\/\/www.keturist.sk\/info\/wp-content\/uploads\/2022\/07\/Zemplinske-hradisko1.jpg 1000w\" sizes=\"auto, (max-width: 900px) 100vw, 900px\" \/><\/a><figcaption id=\"caption-attachment-49635\" class=\"wp-caption-text\">Hrad Zempl\u00edn (hradisko) , Fotograf: Jozef Mare\u010dek (https:\/\/www.facebook.com\/jozef.marecek.94)<\/figcaption><\/figure>\n<div class=\"su-divider su-divider-style-default\" style=\"margin:15px 0;border-width:2px;border-color:#000000\"><\/div>\n<h2 data-start=\"75\" data-end=\"112\"><span style=\"color: #800000;\">Miesto, kde hrad \u017eije v tichu<\/span><\/h2>\n<p data-start=\"114\" data-end=\"425\">Ke\u010f som vy\u0161iel na mierne n\u00e1vr\u0161ie nad obcou <strong data-start=\"157\" data-end=\"168\">Zempl\u00edn<\/strong>, najsk\u00f4r ma prekvapilo <strong data-start=\"192\" data-end=\"201\">ticho<\/strong>. Ne\u010dakal som hrad v podobe m\u00farov a ve\u017e\u00ed, ale sk\u00f4r <strong data-start=\"252\" data-end=\"269\">n\u00e1znak miesta<\/strong>, ktor\u00e9 tu bolo d\u00e1vno predo mnou. Tr\u00e1va, stromy, star\u00e9 n\u00e1hrobky a medzi nimi pocit, \u017ee stoj\u00edm na p\u00f4de, ktor\u00fa kedysi chr\u00e1nili valy a str\u00e1\u017eili cel\u00e9 gener\u00e1cie. <strong>Toto je miesto, kde st\u00e1l Zempl\u00ednsky hrad.<\/strong><\/p>\n<p data-start=\"427\" data-end=\"723\">Zastal som a rozhliadol sa. Podo mnou sa rozprestierala dedina, pokojn\u00e1 a nen\u00e1padn\u00e1. Len \u0165a\u017eko si dnes predstavi\u0165, \u017ee pr\u00e1ve tu sa kedysi rozhodovalo o spr\u00e1ve kraja a bezpe\u010d\u00ed regi\u00f3nu. Sk\u00fasil som si predstavi\u0165 hlasy Keltov, Slovanov a nesk\u00f4r \u013eud\u00ed, ktor\u00ed po tomto mieste kr\u00e1\u010dali st\u00e1ro\u010dia predo mnou.<\/p>\n<p data-start=\"725\" data-end=\"1028\">Dnes z hradu zostali u\u017e len <strong data-start=\"753\" data-end=\"772\">stopy v krajine<\/strong>. No pr\u00e1ve tie mu dod\u00e1vaj\u00fa zvl\u00e1\u0161tnu silu. Nie je to miesto, ktor\u00e9 ohrom\u00ed ve\u013ekos\u0165ou, ale tak\u00e9, ktor\u00e9 \u010dloveka prin\u00fati <strong data-start=\"888\" data-end=\"900\">spomali\u0165<\/strong>. Medzi kostolmi a stromami som pochopil, \u017ee Zempl\u00ednsky hrad tu st\u00e1le je \u2013 nie ako stavba, ale ako <strong data-start=\"999\" data-end=\"1027\">pr\u00edbeh ukryt\u00fd pod nohami<\/strong>.<\/p>\n<p data-start=\"1030\" data-end=\"1132\">Odch\u00e1dzal som potichu, s re\u0161pektom. Niektor\u00e9 miesta toti\u017e netreba vidie\u0165 cel\u00e9. Sta\u010d\u00ed ich <strong data-start=\"1119\" data-end=\"1131\">prec\u00edti\u0165<\/strong>.<\/p>\n<h2 class=\"ds-markdown-paragraph\"><span style=\"color: #800000;\">\u010co je Zempl\u00ednsky hrad a kde ho n\u00e1jdete?<\/span><\/h2>\n<p class=\"ds-markdown-paragraph\"><strong>Zempl\u00ednsky hrad<\/strong>, zn\u00e1my aj ako hrad Zempl\u00edn, je dnes u\u017e len\u00a0<strong>stredovekou hradnou zr\u00facaninou<\/strong>\u00a0nach\u00e1dzaj\u00facou sa priamo v obci Zempl\u00edn v okrese Trebi\u0161ov. Le\u017e\u00ed na\u00a0<strong>n\u00e1vr\u0161\u00ed<\/strong>\u00a0nad touto obcou. Jeho\u00a0<strong>pozostatky a zvy\u0161ky z\u00e1kladov<\/strong>\u00a0le\u017eia na v\u00fdchodnom okraji obce, na miernom\u00a0<strong>n\u00e1vr\u0161\u00ed<\/strong>\u00a0v nadmorskej v\u00fd\u0161ke 121 metrov, odkia\u013e sa otv\u00e1ra poh\u013ead na dedinku pod n\u00edm. V s\u00fa\u010dasnom\u00a0<strong>are\u00e1li hradu<\/strong>\u00a0sa nach\u00e1dzaj\u00fa\u00a0<strong>dva kostoly<\/strong>\u00a0(gr\u00e9ckokatol\u00edcky a evanjelick\u00fd) a\u00a0<strong>modern\u00fd cintor\u00edn<\/strong>.<\/p>\n<h2 class=\"ds-markdown-paragraph\"><span style=\"color: #800000;\">Ak\u00e1 je hist\u00f3ria tohto opevnen\u00e9ho miesta?<\/span><\/h2>\n<p class=\"ds-markdown-paragraph\">Dejiny <strong>Zempl\u00ednskeho hradu<\/strong>\u00a0s\u00fa mimoriadne dlh\u00e9 a bohat\u00e9. P\u00f4vodne tu st\u00e1lo\u00a0<strong>keltsk\u00e9 hradisko<\/strong>, ktor\u00e9ho\u00a0<strong>vznik<\/strong>\u00a0sa datuje na koniec 1. storo\u010dia pred Kristom. Toto\u00a0<strong>opevnen\u00e9 hradisko<\/strong>\u00a0bolo obohnan\u00e9\u00a0<strong>valom<\/strong>\u00a0s rozlohou pribli\u017ene 250 x 150 metrov a tvoril ho\u00a0<strong>komplex<\/strong>\u00a0centr\u00e1lneho hradiska obklopen\u00e9ho men\u0161\u00edmi osadami. Zaniklo v 1. storo\u010d\u00ed n\u00e1\u0161ho letopo\u010dtu po napadnut\u00ed\u00a0<strong>Germ\u00e1nmi<\/strong>. Miesto v\u0161ak neostalo dlho pr\u00e1zdne \u2013 od konca 9. do 11. storo\u010dia si tu vybudovali svoje\u00a0<strong>slovansk\u00e9 hradisko<\/strong>. Slovania znovu vyu\u017eili star\u0161ie hradby, roz\u0161\u00edrili ich a posilnili drevenou kon\u0161trukciou, pri\u010dom\u00a0<strong>ve\u013ekomoravsk\u00e9 hradisko<\/strong> bolo obklopen\u00e9 \u010fal\u0161\u00edmi osadami.<\/p>\n<h2 class=\"ds-markdown-paragraph\"><span style=\"color: #800000;\">Kedy a pre\u010do tu vyr\u00e1stol stredovek\u00fd hrad a kto ho vlastnil?<\/span><\/h2>\n<p class=\"ds-markdown-paragraph\">Na mieste <strong>slovansk\u00e9ho hradiska<\/strong>\u00a0bol na prelome 11. a 12. storo\u010dia postaven\u00fd stredovek\u00fd\u00a0<strong>kamenn\u00fd hrad<\/strong>. Medzi 11. a 13. storo\u010d\u00edm bol vo vlastn\u00edctve uhorsk\u00fdch kr\u00e1\u013eov, no nesk\u00f4r pre\u0161iel do r\u00fak v\u00fdznamn\u00fdch \u0161\u013eachtick\u00fdch rod\u00edn. Za\u010diatkom 14. storo\u010dia sa jeho p\u00e1nmi stala vplyvn\u00e1\u00a0<strong>rodina Drugethovcov<\/strong>. T\u00e1to p\u00f4vodom talianska \u0161\u013eachta (de genere Druget) pri\u0161la do Uhorska s Anjouovcami a na v\u00fdchodnom Slovensku si vybudovala rozsiahle panstv\u00e1. Ich vl\u00e1da na Zempl\u00edne trvala nieko\u013eko gener\u00e1ci\u00ed. Nesk\u00f4r, v 16. storo\u010d\u00ed, ich na hrade vystriedala mocn\u00e1\u00a0<strong>rodina Per\u00e9nyiovcov<\/strong>, ktor\u00e1 patrila k v\u00fdznamn\u00fdm magn\u00e1tskym rodom a hrala k\u013e\u00fa\u010dov\u00fa \u00falohu v dejin\u00e1ch cel\u00e9ho regi\u00f3nu.<\/p>\n<h2 class=\"ds-markdown-paragraph\"><span style=\"color: #800000;\">\u010co vieme o podobe a osude hradu?<\/span><\/h2>\n<p class=\"ds-markdown-paragraph\"><strong>Obraz hradu<\/strong>\u00a0pozn\u00e1me ve\u013emi m\u00e1lo. Pravdepodobne zodpovedal\u00a0<strong>be\u017en\u00fdm typom hradov<\/strong>\u00a012.-13. storo\u010dia a po\u010das existencie pre\u0161iel viacer\u00fdmi\u00a0<strong>stavebn\u00fdmi \u00fapravami<\/strong>. Postavili tu\u00a0<strong>kamenn\u00fa administrat\u00edvnu budovu s ve\u017eou<\/strong>\u00a0a\u00a0<strong>mal\u00fd kostol\u00edk<\/strong>.\u00a0<strong>Najstar\u0161ia p\u00edsomn\u00e1 zmienka<\/strong>\u00a0o \u0148om poch\u00e1dza z roku 1214, kedy tu s\u00eddlil z\u00e1stupca zempl\u00ednskeho \u017eupana. V 13. storo\u010d\u00ed sa\u00a0<strong>Zempl\u00ednsky hrad<\/strong>\u00a0stal\u00a0<strong>s\u00eddlom zempl\u00ednskej \u017eupy<\/strong>\u00a0a v\u00fdznamn\u00fdm\u00a0<strong>administrat\u00edvnym centrom<\/strong>\u00a0aj\u00a0<strong>c\u00edrkevn\u00fdm centrom<\/strong>\u00a0regi\u00f3nu, pravdepodobne s\u00eddlom archidiakon\u00e1tu. Pod\u013ea \u00fadajov z roku 1232 bol na hrade\u00a0<strong>rom\u00e1nsky kostol<\/strong>\u00a0zasv\u00e4ten\u00fd sv. Jurajovi, ochrancovi opevnen\u00fdch s\u00eddl. K tomuto kostolu patril aj\u00a0<strong>cintor\u00edn<\/strong>. Jeho z\u00e1klady sa v\u0161ak ani\u00a0<strong>archeologick\u00fdm v\u00fdskumom<\/strong>\u00a0nepodarilo objavi\u0165; odkrylo sa len nieko\u013eko \u010dast\u00ed m\u00farov.<\/p>\n<h2 class=\"ds-markdown-paragraph\"><span style=\"color: #800000;\">Ako a kedy bol hrad zni\u010den\u00fd?<\/span><\/h2>\n<p class=\"ds-markdown-paragraph\">Jeho <strong>funkcia<\/strong>\u00a0ako\u00a0<strong>\u017eupn\u00e9ho s\u00eddla<\/strong>\u00a0postupne upadala a \u00farady sa pres\u00favali do okolit\u00fdch miest. Osudn\u00fd \u00fader mu v\u0161ak zasadili\u00a0<strong>protihabsbursk\u00e9 stavovsk\u00e9 povstania<\/strong>\u00a0v 17. a za\u010diatku 18. storo\u010dia. Tieto ozbrojen\u00e9 konflikty uhorskej \u0161\u013eachty priamo zasiahli v\u00fdchodn\u00e9 Slovensko vr\u00e1tane Zempl\u00edna. Hrad bol po\u010das t\u00fdchto nepokojov\u00a0<strong>vyp\u00e1len\u00fd<\/strong>\u00a0a zrejme u\u017e nikdy nebol obnoven\u00fd. Konkr\u00e9tne sa na jeho po\u0161koden\u00ed mohli podie\u013ea\u0165 nasledovn\u00e9 hlavn\u00e9 povstania:<\/p>\n<ul>\n<li>\n<p class=\"ds-markdown-paragraph\"><strong>Bo\u010dkajovo povstanie (1604\u20131606)<\/strong>: Povstalci pod veden\u00edm \u0160tefana Bo\u010dkaja obsadili Ko\u0161ice a ve\u013ek\u00fa \u010das\u0165 v\u00fdchodn\u00e9ho Slovenska, vr\u00e1tane Zempl\u00edna, vzb\u00farenci bojovali proti rekatoliz\u00e1cii a konfi\u0161k\u00e1ci\u00e1m majetkov.<\/p>\n<\/li>\n<li>\n<p class=\"ds-markdown-paragraph\"><strong>Bethlenovo povstanie (1619\u20131626)<\/strong>: Gabriel Bethlen ovl\u00e1dol v\u00fdchodn\u00e9 \u00fazemia, vr\u00e1tane Ko\u0161\u00edc, \u010do mohlo op\u00e4\u0165 vystavi\u0165 hrad vojensk\u00fdm oper\u00e1ci\u00e1m.<\/p>\n<\/li>\n<li>\n<p class=\"ds-markdown-paragraph\"><strong>T\u00f6k\u00f6lyho povstanie (1678\u20131685)<\/strong>: Imrich T\u00f6k\u00f6li \u00fato\u010dil na v\u00fdchodn\u00e9 Slovensko z ke\u017emarskej z\u00e1kladne.<\/p>\n<\/li>\n<li>\n<p class=\"ds-markdown-paragraph\"><strong>R\u00e1kociho vojna za slobodu (1703\u20131711)<\/strong>: Franti\u0161ek II. R\u00e1koci dobyl bansk\u00e9 mest\u00e1 a cel\u00e9 Slovensko, \u010do pravdepodobne predstavovalo posledn\u00fd fat\u00e1lny tlak na u\u017e po\u0161koden\u00fd hrad.<\/p>\n<\/li>\n<\/ul>\n<p class=\"ds-markdown-paragraph\">Po t\u00fdchto udalostiach hrad definit\u00edvne\u00a0<strong>pustol<\/strong>. Koncom 18. storo\u010dia z neho zostala u\u017e len\u00a0<strong>ruina<\/strong>; kame\u0148 bol pou\u017eit\u00fd na stavbu evanjelick\u00e9ho kostola a e\u0161te roku 1872 bola zb\u00faran\u00e1 asi 15 metrov vysok\u00e1\u00a0<strong>hradn\u00e1 ve\u017ea<\/strong>.<\/p>\n<h2 class=\"ds-markdown-paragraph\"><span style=\"color: #800000;\">\u010co dnes uvid\u00ed n\u00e1v\u0161tevn\u00edk na mieste a \u010do sa tam deje?<\/span><\/h2>\n<p class=\"ds-markdown-paragraph\">Do dne\u0161n\u00fdch dn\u00ed sa zachovali u\u017e len <strong>nepatrn\u00e9 zvy\u0161ky<\/strong>\u00a0hradu, ktor\u00e9 prirodzene\u00a0<strong>spl\u00fdvaj\u00fa s okolit\u00fdm ter\u00e9nom<\/strong>\u00a0a s\u00fa takmer \u00faplne\u00a0<strong>zakryt\u00e9 veget\u00e1ciou<\/strong>. N\u00e1v\u0161teva lokality tak vy\u017eaduje trochu predstavivosti. Na mieste v\u0161ak n\u00e1v\u0161tevn\u00edk n\u00e1jde dva kostoly a cintor\u00edn. Pozit\u00edvnym aspektom je, \u017ee v\u00a0<strong>are\u00e1li hradiska<\/strong>\u00a0v s\u00fa\u010dasnosti prebieha\u00a0<strong>archeologick\u00fd v\u00fdskum<\/strong>, ktor\u00fd m\u00f4\u017ee prispie\u0165 k objasneniu jeho podoby. Pr\u00e1ve t\u00e1to autentick\u00e1 a pokojn\u00e1 atmosf\u00e9ra v spojen\u00ed s tis\u00edcro\u010dnou\u00a0<strong>hist\u00f3riou<\/strong>\u00a0z nej rob\u00ed v\u00fdnimo\u010dn\u00e9 a tich\u00e9\u00a0<strong>miesto<\/strong>\u00a0pre zamyslenie.<\/p>\n<h2 data-start=\"145\" data-end=\"188\"><span style=\"color: #800000;\"><strong data-start=\"149\" data-end=\"188\">Poves\u0165 o rozkaze, ktor\u00fd uml\u010dal hrad<\/strong><\/span><\/h2>\n<p data-start=\"190\" data-end=\"483\">Ke\u010f bolo <strong data-start=\"199\" data-end=\"221\">T\u00f6k\u00f6lyho povstanie<\/strong> definit\u00edvne porazen\u00e9 a cis\u00e1rska moc znovu upevnila svoje postavenie, dorazil do Zempl\u00edna rozkaz, ktor\u00fd sa nedal odvola\u0165. <strong data-start=\"343\" data-end=\"374\">Zempl\u00ednsky hrad mal zmizn\u00fa\u0165<\/strong>. Nie preto, \u017ee by e\u0161te kl\u00e1dol odpor, ale preto, aby sa u\u017e nikdy nemohol sta\u0165 \u00fato\u010diskom pre \u010fal\u0161ie povstanie.<\/p>\n<p data-start=\"485\" data-end=\"734\">Poves\u0165 hovor\u00ed, \u017ee cis\u00e1rski vojaci pri\u0161li skoro r\u00e1no. Hrad bol tich\u00fd, opusten\u00fd, akoby tu\u0161il svoj osud. Kamene, ktor\u00e9 st\u00e1ro\u010dia chr\u00e1nili kraj, teraz padali jeden po druhom pod rukami t\u00fdch, ktor\u00ed mali zabezpe\u010di\u0165 poriadok a pokoj \u2013 aj za cenu zabudnutia.<\/p>\n<p data-start=\"736\" data-end=\"992\">Vraj v de\u0148, ke\u010f zb\u00farali posledn\u00fa ve\u017eu, sa nad n\u00e1vr\u0161\u00edm zdvihol siln\u00fd vietor. Star\u00ed \u013eudia verili, \u017ee to <strong data-start=\"838\" data-end=\"865\">hrad vyd\u00fdchol naposledy<\/strong>. Odvtedy sa hovor\u00ed, \u017ee zem na tomto mieste nikdy \u00faplne neut\u00edchla. Pod tr\u00e1vou a kore\u0148mi stromov zostala ukryt\u00e1 <strong data-start=\"976\" data-end=\"991\">pam\u00e4\u0165 m\u00farov<\/strong>.<\/p>\n<p data-start=\"994\" data-end=\"1234\">A tak hrad nezanikol v boji, ale v tichu po \u0148om. Zmizol z obzoru, no nie z pr\u00edbehov. Kto sa dnes postav\u00ed na n\u00e1vr\u0161ie nad obcou Zempl\u00edn, stoj\u00ed vraj presne tam, kde cis\u00e1rsky rozkaz ukon\u010dil jednu kapitolu dej\u00edn \u2013 a z\u00e1rove\u0148 dal vznikn\u00fa\u0165 legende.<\/p>\n<h2><span style=\"color: #800000;\">Fotogal\u00e9ria<\/span><\/h2>\n<style type=\"text\/css\">\n#foogallery-gallery-73790 .fg-image { width: 200px; }<\/style>\n\t\t\t<div class=\"foogallery foogallery-container foogallery-carousel foogallery-lightbox-foogallery fg-carousel fg-ready fg-light fg-border-medium fg-round-small fg-shadow-medium fg-loading-default fg-loaded-fade-in fg-hover-semi-zoomed fg-hover-fade fg-hover-circle-plus2\" id=\"foogallery-gallery-73790\" data-foogallery=\"{&quot;item&quot;:{&quot;showCaptionTitle&quot;:true,&quot;showCaptionDescription&quot;:true},&quot;lazy&quot;:true,&quot;template&quot;:{&quot;maxItems&quot;:5,&quot;scale&quot;:0.11999999999999999555910790149937383830547332763671875,&quot;gutter&quot;:{&quot;min&quot;:-40,&quot;max&quot;:-20,&quot;unit&quot;:&quot;%&quot;},&quot;autoplay&quot;:{&quot;time&quot;:0,&quot;interaction&quot;:&quot;pause&quot;},&quot;centerOnClick&quot;:true,&quot;align&quot;:&quot;center&quot;,&quot;activePosition&quot;:&quot;center&quot;}}\" data-foogallery-lightbox=\"{&quot;thumbs&quot;:&quot;bottom&quot;,&quot;thumbsCaptions&quot;:false,&quot;thumbsBestFit&quot;:false,&quot;thumbsSmall&quot;:false,&quot;thumbsCaptionsAlign&quot;:&quot;default&quot;,&quot;info&quot;:&quot;bottom&quot;,&quot;infoVisible&quot;:true,&quot;infoOverlay&quot;:true,&quot;infoAlign&quot;:&quot;default&quot;,&quot;transition&quot;:&quot;fade&quot;,&quot;hoverButtons&quot;:false,&quot;fitMedia&quot;:false,&quot;noScrollbars&quot;:true,&quot;preserveButtonSpace&quot;:true,&quot;buttons&quot;:{&quot;fullscreen&quot;:true,&quot;info&quot;:true,&quot;thumbs&quot;:false},&quot;video&quot;:{&quot;autoPlay&quot;:true}}\" style=\"--fg-title-line-clamp: 1; --fg-description-line-clamp: 2;\" >\n\t<button type=\"button\" class=\"fg-carousel-prev\" title=\"Previous\"><\/button>\n\t<div class=\"fg-carousel-inner\">\n\t\t<div class=\"fg-carousel-center\"><\/div>\n\t\t<div class=\"fg-item fg-type-image fg-idle\"><figure class=\"fg-item-inner\"><a href=\"https:\/\/www.keturist.sk\/info\/wp-content\/uploads\/2022\/07\/zemplin-hrad12.jpg\" data-caption-title=\"Zempl\u00ednsky hrad\" data-caption-desc=\"Hrad Zempl\u00edn (hradisko) , Fotograf: Jozef Mare\u010dek (https:\/\/www.facebook.com\/jozef.marecek.94)\" data-attachment-id=\"49699\" data-type=\"image\" class=\"fg-thumb\"><span class=\"fg-image-wrap\"><img decoding=\"async\" alt=\"Zempl\u00ednsky hrad\" title=\"Zempl\u00ednsky hrad\" width=\"200\" height=\"200\" class=\"skip-lazy fg-image\" data-src-fg=\"https:\/\/www.keturist.sk\/info\/wp-content\/uploads\/cache\/2022\/07\/zemplin-hrad12\/389067547.jpg\" src=\"data:image\/svg+xml,%3Csvg%20xmlns%3D%22http%3A%2F%2Fwww.w3.org%2F2000%2Fsvg%22%20width%3D%22200%22%20height%3D%22200%22%20viewBox%3D%220%200%20200%20200%22%3E%3C%2Fsvg%3E\" loading=\"eager\"><\/span><span class=\"fg-image-overlay\"><\/span><\/a><figcaption class=\"fg-caption\"><div class=\"fg-caption-inner\"><div class=\"fg-caption-title\">Zempl\u00ednsky hrad<\/div><div class=\"fg-caption-desc\">Hrad Zempl\u00edn (hradisko) , Fotograf: Jozef Mare\u010dek (https:\/\/www.facebook.com\/jozef.marecek.94)<\/div><\/div><\/figcaption><\/figure><div class=\"fg-loader\"><\/div><\/div><div class=\"fg-item fg-type-image fg-idle\"><figure class=\"fg-item-inner\"><a href=\"https:\/\/www.keturist.sk\/info\/wp-content\/uploads\/2022\/07\/Zemplinske-hradisko2.jpg\" data-caption-title=\"Zempl\u00ednsky hrad\" data-caption-desc=\"Hrad Zempl\u00edn (hradisko) , Fotograf: Jozef Mare\u010dek (https:\/\/www.facebook.com\/jozef.marecek.94)\" data-attachment-id=\"49636\" data-type=\"image\" class=\"fg-thumb\"><span class=\"fg-image-wrap\"><img decoding=\"async\" alt=\"Zempl\u00ednsky hrad\" title=\"Zempl\u00ednsky hrad\" width=\"200\" height=\"200\" class=\"skip-lazy fg-image\" data-src-fg=\"https:\/\/www.keturist.sk\/info\/wp-content\/uploads\/cache\/2022\/07\/Zemplinske-hradisko2\/3317986034.jpg\" src=\"data:image\/svg+xml,%3Csvg%20xmlns%3D%22http%3A%2F%2Fwww.w3.org%2F2000%2Fsvg%22%20width%3D%22200%22%20height%3D%22200%22%20viewBox%3D%220%200%20200%20200%22%3E%3C%2Fsvg%3E\" loading=\"eager\"><\/span><span class=\"fg-image-overlay\"><\/span><\/a><figcaption class=\"fg-caption\"><div class=\"fg-caption-inner\"><div class=\"fg-caption-title\">Zempl\u00ednsky hrad<\/div><div class=\"fg-caption-desc\">Hrad Zempl\u00edn (hradisko) , Fotograf: Jozef Mare\u010dek (https:\/\/www.facebook.com\/jozef.marecek.94)<\/div><\/div><\/figcaption><\/figure><div class=\"fg-loader\"><\/div><\/div><div class=\"fg-item fg-type-image fg-idle\"><figure class=\"fg-item-inner\"><a href=\"https:\/\/www.keturist.sk\/info\/wp-content\/uploads\/2022\/07\/Zemplinske-hradisko1.jpg\" data-caption-title=\"Zempl\u00ednsky hrad\" data-caption-desc=\"Hrad Zempl\u00edn (hradisko) , Fotograf: Jozef Mare\u010dek (https:\/\/www.facebook.com\/jozef.marecek.94)\" data-attachment-id=\"49635\" data-type=\"image\" class=\"fg-thumb\"><span class=\"fg-image-wrap\"><img decoding=\"async\" alt=\"Zempl\u00ednsky hrad\" title=\"Zempl\u00ednsky hrad\" width=\"200\" height=\"200\" class=\"skip-lazy fg-image\" data-src-fg=\"https:\/\/www.keturist.sk\/info\/wp-content\/uploads\/cache\/2022\/07\/Zemplinske-hradisko1\/1400889723.jpg\" src=\"data:image\/svg+xml,%3Csvg%20xmlns%3D%22http%3A%2F%2Fwww.w3.org%2F2000%2Fsvg%22%20width%3D%22200%22%20height%3D%22200%22%20viewBox%3D%220%200%20200%20200%22%3E%3C%2Fsvg%3E\" loading=\"eager\"><\/span><span class=\"fg-image-overlay\"><\/span><\/a><figcaption class=\"fg-caption\"><div class=\"fg-caption-inner\"><div class=\"fg-caption-title\">Zempl\u00ednsky hrad<\/div><div class=\"fg-caption-desc\">Hrad Zempl\u00edn (hradisko) , Fotograf: Jozef Mare\u010dek (https:\/\/www.facebook.com\/jozef.marecek.94)<\/div><\/div><\/figcaption><\/figure><div class=\"fg-loader\"><\/div><\/div>\t<\/div>\n\t<div class=\"fg-carousel-bottom\"><\/div>\n\t<div class=\"fg-carousel-progress\"><\/div>\n\t<button type=\"button\" class=\"fg-carousel-next\" title=\"Next\"><\/button>\n<\/div>\n<h2><span style=\"color: #800000;\">Zauj\u00edmav\u00e9 odkazy<\/span><\/h2>\n<h3><span style=\"color: #808000;\">Bl\u00edzke stredisko, turistick\u00e9 centrum, obec alebo mesto:<\/span><\/h3>\n<ul>\n<li>Obec Ve\u013ek\u00fd Kamenec (\u010d\u00edtaj viac&#8230;)<\/li>\n<\/ul>\n<h2><span style=\"color: #800000;\">Mapy<\/span><\/h2>\n<p><strong>Vrstvy: <\/strong>Turistick\u00e1 mapa, Automapa, Cyklomapa, Ly\u017eiarska mapa, Satelitn\u00e1 mapa a OpenStreetMap.<\/p>\n<p><strong>Kliknut\u00edm na logo &#8222;Freemap.sk&#8220; sa V\u00e1m mapa zobraz\u00ed na celej ploche obrazovky.<\/strong><\/p>\n<p><iframe style=\"width: 900px; height: 500px; border: 0;\" src=\"https:\/\/www.freemap.sk\/?map=14\/48.438099\/21.810501&amp;info-point=48.438099\/21.810501,obec Zempl\u00edn&amp;layers=X&amp;embed=search\" allowfullscreen=\"allowfullscreen\"><span data-mce-type=\"bookmark\" style=\"display: inline-block; width: 0px; overflow: hidden; line-height: 0;\" class=\"mce_SELRES_start\">\ufeff<\/span><\/iframe><\/p>\n<h2><span style=\"color: #800000;\">Po\u010dasie<\/span><\/h2>\n<p><iframe style=\"width: 900px; height: 623px;\" src=\"https:\/\/www.meteoblue.com\/sk\/po%C4%8Dasie\/widget\/three\/zempl%c3%adn_slovensk%c3%a1-republika_723070?geoloc=fixed&amp;nocurrent=0&amp;noforecast=0&amp;days=7&amp;tempunit=CELSIUS&amp;windunit=KILOMETER_PER_HOUR&amp;layout=image\" frameborder=\"0\" scrolling=\"NO\" sandbox=\"allow-same-origin allow-scripts allow-popups allow-popups-to-escape-sandbox\"><\/iframe><\/p>\n<div><!-- DO NOT REMOVE THIS LINK --><a href=\"https:\/\/www.meteoblue.com\/sk\/po%C4%8Dasie\/t%C3%BD%C5%BEde%C5%88\/zempl%c3%adn_slovensk%c3%a1-republika_723070?utm_source=weather_widget&amp;utm_medium=linkus&amp;utm_content=three&amp;utm_campaign=Weather%2BWidget\" target=\"_blank\" rel=\"noopener\">meteoblue<\/a><\/div>\n","protected":false},"excerpt":{"rendered":"<p>Podkateg\u00f3ria: Lokaliz\u00e1cia: Doln\u00fd Zempl\u00edn Miesto, kde hrad \u017eije v tichu Ke\u010f som vy\u0161iel na mierne n\u00e1vr\u0161ie nad obcou Zempl\u00edn, najsk\u00f4r ma prekvapilo ticho. Ne\u010dakal som hrad v podobe m\u00farov a [&hellip;]<\/p>\n","protected":false},"author":1,"featured_media":49699,"parent":39934,"menu_order":0,"comment_status":"closed","ping_status":"closed","template":"","meta":{"_uag_custom_page_level_css":"","_monsterinsights_skip_tracking":false,"_monsterinsights_sitenote_active":false,"_monsterinsights_sitenote_note":"","_monsterinsights_sitenote_category":0,"footnotes":""},"class_list":["post-49604","page","type-page","status-publish","has-post-thumbnail","hentry"],"featured_image_src":"https:\/\/www.keturist.sk\/info\/wp-content\/uploads\/2022\/07\/zemplin-hrad12.jpg","featured_image_src_square":"https:\/\/www.keturist.sk\/info\/wp-content\/uploads\/2022\/07\/zemplin-hrad12.jpg","rbea_author_info":{"display_name":"admin","author_link":"https:\/\/www.keturist.sk\/info\/author\/admin\/"},"rbea_excerpt_info":"Podkateg\u00f3ria: Lokaliz\u00e1cia: Doln\u00fd Zempl\u00edn Miesto, kde hrad \u017eije v tichu Ke\u010f som vy\u0161iel na mierne n\u00e1vr\u0161ie nad obcou Zempl\u00edn, najsk\u00f4r ma prekvapilo ticho. Ne\u010dakal som hrad v podobe m\u00farov a [&hellip;]","uagb_featured_image_src":{"full":["https:\/\/www.keturist.sk\/info\/wp-content\/uploads\/2022\/07\/zemplin-hrad12.jpg",1000,667,false],"thumbnail":["https:\/\/www.keturist.sk\/info\/wp-content\/uploads\/2022\/07\/zemplin-hrad12-270x180.jpg",270,180,true],"medium":["https:\/\/www.keturist.sk\/info\/wp-content\/uploads\/2022\/07\/zemplin-hrad12-800x534.jpg",800,534,true],"medium_large":["https:\/\/www.keturist.sk\/info\/wp-content\/uploads\/2022\/07\/zemplin-hrad12-768x512.jpg",768,512,true],"large":["https:\/\/www.keturist.sk\/info\/wp-content\/uploads\/2022\/07\/zemplin-hrad12.jpg",1000,667,false],"1536x1536":["https:\/\/www.keturist.sk\/info\/wp-content\/uploads\/2022\/07\/zemplin-hrad12.jpg",1000,667,false],"2048x2048":["https:\/\/www.keturist.sk\/info\/wp-content\/uploads\/2022\/07\/zemplin-hrad12.jpg",1000,667,false]},"uagb_author_info":{"display_name":"admin","author_link":"https:\/\/www.keturist.sk\/info\/author\/admin\/"},"uagb_comment_info":0,"uagb_excerpt":"Podkateg\u00f3ria: Lokaliz\u00e1cia: Doln\u00fd Zempl\u00edn Miesto, kde hrad \u017eije v tichu Ke\u010f som vy\u0161iel na mierne n\u00e1vr\u0161ie nad obcou Zempl\u00edn, najsk\u00f4r ma prekvapilo ticho. Ne\u010dakal som hrad v podobe m\u00farov a [&hellip;]","_links":{"self":[{"href":"https:\/\/www.keturist.sk\/info\/wp-json\/wp\/v2\/pages\/49604","targetHints":{"allow":["GET"]}}],"collection":[{"href":"https:\/\/www.keturist.sk\/info\/wp-json\/wp\/v2\/pages"}],"about":[{"href":"https:\/\/www.keturist.sk\/info\/wp-json\/wp\/v2\/types\/page"}],"author":[{"embeddable":true,"href":"https:\/\/www.keturist.sk\/info\/wp-json\/wp\/v2\/users\/1"}],"replies":[{"embeddable":true,"href":"https:\/\/www.keturist.sk\/info\/wp-json\/wp\/v2\/comments?post=49604"}],"version-history":[{"count":21,"href":"https:\/\/www.keturist.sk\/info\/wp-json\/wp\/v2\/pages\/49604\/revisions"}],"predecessor-version":[{"id":73801,"href":"https:\/\/www.keturist.sk\/info\/wp-json\/wp\/v2\/pages\/49604\/revisions\/73801"}],"up":[{"embeddable":true,"href":"https:\/\/www.keturist.sk\/info\/wp-json\/wp\/v2\/pages\/39934"}],"wp:featuredmedia":[{"embeddable":true,"href":"https:\/\/www.keturist.sk\/info\/wp-json\/wp\/v2\/media\/49699"}],"wp:attachment":[{"href":"https:\/\/www.keturist.sk\/info\/wp-json\/wp\/v2\/media?parent=49604"}],"curies":[{"name":"wp","href":"https:\/\/api.w.org\/{rel}","templated":true}]}}