{"id":4960,"date":"2014-01-19T15:05:13","date_gmt":"2014-01-19T13:05:13","guid":{"rendered":"https:\/\/www.keturist.sk\/info\/?page_id=4960"},"modified":"2026-08-05T08:24:28","modified_gmt":"2026-08-05T06:24:28","slug":"klasicisticky-kastiel-v-budumire-vysunuta-expozicia-stm-v-kosiciach","status":"publish","type":"page","link":"https:\/\/www.keturist.sk\/info\/klasicisticky-kastiel-v-budumire-vysunuta-expozicia-stm-v-kosiciach\/","title":{"rendered":"Klasicistick\u00fd ka\u0161tie\u013e v Budim\u00edre"},"content":{"rendered":"<a href=\"https:\/\/www.keturist.sk\/info\/\" class=\"su-button su-button-style-default\" style=\"color:#000000;background-color:#FFCF2F;border-color:#cca626;border-radius:5px\" target=\"_self\"><span style=\"color:#000000;padding:6px 16px;font-size:13px;line-height:20px;border-color:#ffde6e;border-radius:5px;text-shadow:none\"><i class=\"sui sui-arrow-right\" style=\"font-size:13px;color:#000000\"><\/i>  Spravodaj <\/span><\/a>\n<a href=\"https:\/\/www.keturist.sk\/info\/kam-za-pamiatkami\/\" class=\"su-button su-button-style-default\" style=\"color:#000000;background-color:#FFCF2F;border-color:#cca626;border-radius:5px\" target=\"_self\"><span style=\"color:#000000;padding:6px 16px;font-size:13px;line-height:20px;border-color:#ffde6e;border-radius:5px;text-shadow:none\"><i class=\"sui sui-arrow-right\" style=\"font-size:13px;color:#000000\"><\/i>  Kam za pamiatkami <\/span><\/a>\n<a href=\"https:\/\/www.keturist.sk\/info\/kam-za-pamiatkami\/kam-za-pamiatkami-kosicka-kotlina\/\" class=\"su-button su-button-style-default\" style=\"color:#000000;background-color:#FFCF2F;border-color:#cca626;border-radius:5px\" target=\"_self\"><span style=\"color:#000000;padding:6px 16px;font-size:13px;line-height:20px;border-color:#ffde6e;border-radius:5px;text-shadow:none\"><i class=\"sui sui-arrow-right\" style=\"font-size:13px;color:#000000\"><\/i>  smer Ko\u0161ick\u00e1 kotlina <\/span><\/a>\n<div class=\"su-divider su-divider-style-default\" style=\"margin:15px 0;border-width:0px;border-color:#000000\"><\/div>\n<p><strong>Podkateg\u00f3ria:<\/strong> <span style=\"color: #ff0000;\"><strong>Hrady a ka\u0161tiele<\/strong><\/span><br \/>\n<div class=\"su-divider su-divider-style-default\" style=\"margin:15px 0;border-width:0px;border-color:#000000\"><\/div>\n<strong>Lokaliz\u00e1cia: <\/strong><a href=\"https:\/\/www.keturist.sk\/info\/kam-do-prirody\/kosicka-kotlina\/\">Ko\u0161ick\u00e1 kotlina<\/a><br \/>\n<div class=\"su-divider su-divider-style-default\" style=\"margin:15px 0;border-width:2px;border-color:#000000\"><\/div>\n<figure id=\"attachment_79019\" aria-describedby=\"caption-attachment-79019\" style=\"width: 900px\" class=\"wp-caption aligncenter\"><a href=\"https:\/\/www.keturist.sk\/info\/wp-content\/uploads\/2026\/02\/budimir29.jpeg\" data-src=\"https:\/\/www.keturist.sk\/info\/wp-content\/uploads\/2026\/02\/budimir29.jpeg\" data-thumb=\"https:\/\/www.keturist.sk\/info\/wp-content\/uploads\/2026\/02\/budimir29-800x447.jpeg\" class=\"ml-lightbox-enabled\"><img loading=\"lazy\" decoding=\"async\" class=\"wp-image-79019\" src=\"https:\/\/www.keturist.sk\/info\/wp-content\/uploads\/2026\/02\/budimir29-800x447.jpeg\" alt=\"Klasicistick\u00fd ka\u0161tie\u013e v Budim\u00edre\" width=\"900\" height=\"502\" srcset=\"https:\/\/www.keturist.sk\/info\/wp-content\/uploads\/2026\/02\/budimir29-800x447.jpeg 800w, https:\/\/www.keturist.sk\/info\/wp-content\/uploads\/2026\/02\/budimir29-270x151.jpeg 270w, https:\/\/www.keturist.sk\/info\/wp-content\/uploads\/2026\/02\/budimir29-768x429.jpeg 768w, https:\/\/www.keturist.sk\/info\/wp-content\/uploads\/2026\/02\/budimir29.jpeg 1376w\" sizes=\"auto, (max-width: 900px) 100vw, 900px\" \/><\/a><figcaption id=\"caption-attachment-79019\" class=\"wp-caption-text\">Klasicistick\u00fd ka\u0161tie\u013e v Budim\u00edre<\/figcaption><\/figure>\n<div class=\"su-divider su-divider-style-default\" style=\"margin:15px 0;border-width:2px;border-color:#000000\"><\/div>\n<h2 data-path-to-node=\"2\"><span style=\"color: #800000;\">Vedeli ste, \u017ee len p\u00e1r metrov od hlavn\u00e9ho \u0165ahu na Ko\u0161ice sa zastavil \u010das?<\/span><\/h2>\n<p data-path-to-node=\"3\">Architektonicky pozoruhodn\u00fd objekt ka\u0161tie\u013ea v <a href=\"https:\/\/www.keturist.sk\/info\/turisticke-vychodiska\/smer-kosicka-kotlina\/obec-budimir\/\">Budim\u00edre<\/a> je svojou polohou a impozantnos\u0165ou dobre vidite\u013en\u00fd v smere pr\u00edchodu do Ko\u0161\u00edc.<\/p>\n<p data-path-to-node=\"3\">V\u00e4\u010d\u0161ina cestovate\u013eov ho len ne\u010dinne minie poh\u013eadom z okna auta, no t\u00ed, ktor\u00ed odbo\u010dia, objavia svet, kde minulos\u0165 st\u00e1le d\u00fdcha.<\/p>\n<p data-path-to-node=\"3\"><b data-path-to-node=\"3\" data-index-in-node=\"126\">Klasicistick\u00fd ka\u0161tie\u013e v Budim\u00edre<\/b> nie je len \u010fal\u0161ou historickou budovou \u2013 je to br\u00e1na do \u00e9ry aristokratickej noblesy a fascinuj\u00facej techniky.<\/p>\n<p data-path-to-node=\"3\">Ak\u00e9 tajomstv\u00e1 \u0161\u013eachtick\u00e9ho rodu Ujh\u00e1zyovcov ukr\u00fdvaj\u00fa jeho m\u00fary a pre\u010do sa pr\u00e1ve tu nach\u00e1dzalo unik\u00e1tne <b data-path-to-node=\"3\" data-index-in-node=\"368\">M\u00fazeum historick\u00fdch hod\u00edn<\/b>?<\/p>\n<p data-path-to-node=\"4\">Nechajte sa vtiahnu\u0165 do pr\u00edbehu o niekdaj\u0161om emp\u00edrovom luxuse a pokoji franc\u00fazskeho parku, ktor\u00fd v\u00e1s prin\u00fati na chv\u00ed\u013eu vypn\u00fa\u0165 telef\u00f3n a zapo\u010d\u00fava\u0165 sa do pr\u00edbehov dej\u00edn.<\/p>\n<p data-path-to-node=\"5\"><b data-path-to-node=\"5\" data-index-in-node=\"0\">Pre\u010d\u00edtajte si, pre\u010do by tento klasicistick\u00fd skvost mal by\u0165 va\u0161\u00edm \u010fal\u0161\u00edm cie\u013eom a \u010do v\u0161etko v jeho komnat\u00e1ch objav\u00edte.<\/b><\/p>\n<h2 data-path-to-node=\"2\"><span style=\"color: #800000;\">Pre\u010do je Klasicistick\u00fd ka\u0161tie\u013e v Budim\u00edre povinnou zast\u00e1vkou pri va\u0161ej ceste do Ko\u0161\u00edc?<\/span><\/h2>\n<p data-path-to-node=\"3\">Zastavte \u010das a nechajte sa pohlti\u0165 eleganciou hist\u00f3rie, ktor\u00fa str\u00e1\u017ei <b data-path-to-node=\"3\" data-index-in-node=\"69\">Klasicistick\u00fd ka\u0161tie\u013e v Budim\u00edre<\/b>, architektonicky pozoruhodn\u00fd objekt, ktor\u00fd je v\u010faka svojej strategickej polohe a nesmiernej impozantnosti dokonale vidite\u013en\u00fd u\u017e pri pr\u00edchode smerom do metropoly v\u00fdchodu.<\/p>\n<p data-path-to-node=\"3\">Tento klenot sa nach\u00e1dza v juhov\u00fdchodnej \u010dasti samotnej obce Budim\u00edr, le\u017eiacej v malebnej Ko\u0161ickej kotline v \u00fadol\u00ed rieky Torysy, len k\u00fasok od k\u013e\u00fa\u010dovej dia\u013eni\u010dnej odbo\u010dky sp\u00e1jaj\u00facej mest\u00e1 Ko\u0161ice a Pre\u0161ov.<\/p>\n<h2 data-path-to-node=\"4\"><span style=\"color: #800000;\">Ak\u00e1 je historick\u00e1 hodina vzniku tejto pamiatky?<\/span><\/h2>\n<p data-path-to-node=\"5\">Samotn\u00fa budovu ka\u0161tie\u013ea postavili v druhej tretine 18. storo\u010dia, pri\u010dom ide o vzne\u0161en\u00fa klasicistick\u00fa terezi\u00e1nsku stavbu, ktor\u00e1 pre\u0161la neskor\u0161\u00edmi vn\u00fatorn\u00fdmi \u00fapravami v roku 1812.<\/p>\n<p data-path-to-node=\"5\">T\u00e1to dvojpodla\u017en\u00e1 trojtraktov\u00e1 budova disponuje dev\u00e4\u0165osovou hlavnou fas\u00e1dou a n\u00e1v\u0161tevn\u00edkov zaujme najm\u00e4 svoj\u00edm trojtraktov\u00fdm \u0161t\u00edtom, ktor\u00fd zdob\u00ed architektonicky cenn\u00fd plastick\u00fd erb.<\/p>\n<h2 data-path-to-node=\"6\"><span style=\"color: #800000;\">Kto v minulosti ob\u00fdval Klasicistick\u00fd ka\u0161tie\u013e v Budim\u00edre?<\/span><\/h2>\n<p data-path-to-node=\"7\">Ako honosn\u00e9 pansk\u00e9 s\u00eddlo sl\u00fa\u017eil tento <b data-path-to-node=\"7\" data-index-in-node=\"38\">Klasicistick\u00fd ka\u0161tie\u013e v Budim\u00edre<\/b> prim\u00e1rne vetve zn\u00e1mej rodiny Ujh\u00e1zyovcov.<\/p>\n<p data-path-to-node=\"7\">neskor\u0161om obdob\u00ed v\u0161ak \u010das\u0165 priestorov ka\u0161tie\u013ea u\u017e\u00edvala aj miestna \u0161kola, a\u017e k\u00fdm v roku 1985 neprist\u00fapilo Slovensk\u00e9 technick\u00e9 m\u00fazeum v Ko\u0161iciach k jeho d\u00f4kladnej rekon\u0161trukcii.<\/p>\n<p data-path-to-node=\"7\">Svoju dne\u0161n\u00fa reprezentat\u00edvnu podobu ka\u0161tie\u013e definit\u00edvne z\u00edskal v roku 1990, kedy bola \u0161irokej verejnosti sl\u00e1vnostne spr\u00edstupnen\u00e1 prv\u00e1 m\u00fazejn\u00e1 expoz\u00edcia.<\/p>\n<h2 data-path-to-node=\"2\"><span style=\"color: #800000;\">\u010co pon\u00fakal Klasicistick\u00fd ka\u0161tie\u013e v Budim\u00edre n\u00e1v\u0161tevn\u00edkom?<\/span><\/h2>\n<p data-path-to-node=\"3\">Hlavn\u00fdm l\u00e1kadlom bola v minulosti Expoz\u00edcia historick\u00fdch hod\u00edn Slovensk\u00e9ho technick\u00e9ho m\u00fazea, v ktorej sa nach\u00e1dzala kolekcia expon\u00e1tov zo zbierkov\u00e9ho fondu Slovensk\u00e9ho technick\u00e9ho m\u00fazea a V\u00fdchodoslovensk\u00e9ho m\u00fazea v Ko\u0161iciach.<\/p>\n<p data-path-to-node=\"3\">In\u0161tal\u00e1cia bola umiestnen\u00e1 v niekdaj\u0161ej reprezenta\u010dnej miestnosti objektu s dobovo zariaden\u00fdm interi\u00e9rom (historick\u00fd n\u00e1bytok, obrazy, \u0161t\u00fdlov\u00e9 doplnky) a zachovan\u00fdm p\u00f4vodn\u00fdm stropom s emp\u00edrovou v\u00fdzdobou.<\/p>\n<p data-path-to-node=\"4\"><b data-path-to-node=\"4\" data-index-in-node=\"0\">Aktu\u00e1lny stav:<\/b> Od 13. novembra 2024 je expoz\u00edcia pre verejnos\u0165 zatvoren\u00e1 a expon\u00e1ty sa v ka\u0161tieli u\u017e nenach\u00e1dzaj\u00fa.<\/p>\n<h2 data-path-to-node=\"5\"><span style=\"color: #800000;\">Ak\u00e9 \u010fal\u0161ie v\u00fdstavy prezentoval ka\u0161tie\u013e?<\/span><\/h2>\n<p data-path-to-node=\"6\">Vo v\u00fdstavn\u00fdch priestoroch sa v pravideln\u00fdch \u010dasov\u00fdch intervaloch striedali v\u00fdstavy zameran\u00e9 na dejiny techniky, hist\u00f3riu, umenie \u010di zberate\u013estvo, pripravovan\u00e9 v spolupr\u00e1ci s partnersk\u00fdmi, region\u00e1lnymi aj zahrani\u010dn\u00fdmi m\u00fazeami.<\/p>\n<p data-path-to-node=\"6\">Vzh\u013eadom na zatvorenie objektu od novembra 2024 sa tu u\u017e m\u00fazejn\u00e9 v\u00fdstavy nekonaj\u00fa.<\/p>\n<h2 data-path-to-node=\"7\"><span style=\"color: #800000;\">Ak\u00e9 je vyu\u017eitie Klasicistick\u00e9ho ka\u0161tie\u013ea v Budim\u00edre a jeho are\u00e1lu dnes?<\/span><\/h2>\n<p data-path-to-node=\"8\"><em>M\u00fazejn\u00e1 \u010dinnos\u0165 bola v objekte ukon\u010den\u00e1 a ka\u0161tie\u013e je od novembra 2024 pre verejnos\u0165 zatvoren\u00fd. Budova v\u0161ak na\u0161la nov\u00e9 vyu\u017eitie \u2013 obec Budim\u00edr m\u00e1 v objekte od j\u00fana 2026 zriaden\u00fa obradn\u00fa sie\u0148 pre civiln\u00e9 sob\u00e1\u0161e. Pre verejnos\u0165 tak zost\u00e1va vo\u013ene pr\u00edstupn\u00fd predov\u0161etk\u00fdm pri\u013eahl\u00fd franc\u00fazsky park s mo\u017enos\u0165ou pr\u00edjemn\u00e9ho posedenia a prech\u00e1dzky.<\/em><\/p>\n<h2><span style=\"color: #800000;\">Fotogal\u00e9ria<\/span><\/h2>\n<style type=\"text\/css\">\n#foogallery-gallery-74092 .fg-image { width: 200px; }<\/style>\n\t\t\t<div class=\"foogallery foogallery-container foogallery-carousel foogallery-lightbox-foogallery fg-carousel fg-ready fg-light fg-border-medium fg-round-small fg-shadow-medium fg-loading-default fg-loaded-fade-in fg-hover-semi-zoomed fg-hover-fade fg-hover-circle-plus2\" id=\"foogallery-gallery-74092\" data-foogallery=\"{&quot;panel&quot;:{&quot;buttons&quot;:{&quot;download&quot;:false}},&quot;item&quot;:{&quot;showCaptionTitle&quot;:true,&quot;showCaptionDescription&quot;:true},&quot;lazy&quot;:false,&quot;src&quot;:&quot;src&quot;,&quot;srcset&quot;:&quot;srcset&quot;,&quot;template&quot;:{&quot;maxItems&quot;:5,&quot;scale&quot;:0.11999999999999999555910790149937383830547332763671875,&quot;gutter&quot;:{&quot;min&quot;:-40,&quot;max&quot;:-20,&quot;unit&quot;:&quot;%&quot;},&quot;autoplay&quot;:{&quot;time&quot;:0,&quot;interaction&quot;:&quot;pause&quot;},&quot;centerOnClick&quot;:true,&quot;align&quot;:&quot;center&quot;,&quot;activePosition&quot;:&quot;center&quot;}}\" data-foogallery-lightbox=\"{&quot;thumbs&quot;:&quot;bottom&quot;,&quot;thumbsCaptions&quot;:false,&quot;thumbsBestFit&quot;:false,&quot;thumbsSmall&quot;:false,&quot;thumbsCaptionsAlign&quot;:&quot;default&quot;,&quot;info&quot;:&quot;bottom&quot;,&quot;infoVisible&quot;:true,&quot;infoOverlay&quot;:true,&quot;infoAlign&quot;:&quot;default&quot;,&quot;transition&quot;:&quot;fade&quot;,&quot;hoverButtons&quot;:false,&quot;fitMedia&quot;:false,&quot;noScrollbars&quot;:true,&quot;preserveButtonSpace&quot;:true,&quot;buttons&quot;:{&quot;fullscreen&quot;:true,&quot;info&quot;:true,&quot;thumbs&quot;:false,&quot;download&quot;:false},&quot;video&quot;:{&quot;autoPlay&quot;:true}}\" style=\"--fg-title-line-clamp: 1; --fg-description-line-clamp: 2;\" >\n\t<button type=\"button\" class=\"fg-carousel-prev\" title=\"Previous\"><\/button>\n\t<div class=\"fg-carousel-inner\">\n\t\t<div class=\"fg-carousel-center\"><\/div>\n\t\t<div class=\"fg-item fg-type-image fg-loaded\"><figure class=\"fg-item-inner\"><a href=\"https:\/\/www.keturist.sk\/info\/wp-content\/uploads\/2020\/12\/budim.jpg\" data-src=\"https:\/\/www.keturist.sk\/info\/wp-content\/uploads\/2020\/12\/budim.jpg\" data-thumb=\"https:\/\/www.keturist.sk\/info\/wp-content\/uploads\/cache\/2020\/12\/budim\/1833871712.jpg\" class=\"ml-lightbox-enabled\"><span class=\"fg-image-wrap\"><img decoding=\"async\" src=\"https:\/\/www.keturist.sk\/info\/wp-content\/uploads\/cache\/2020\/12\/budim\/1833871712.jpg\" alt=\"Klasicistick\u00fd ka\u0161tie\u013e v Budim\u00edre \u2013 M\u00fazeum historick\u00fdch hod\u00edn\" title=\"Klasicistick\u00fd ka\u0161tie\u013e v Budim\u00edre \u2013 M\u00fazeum historick\u00fdch hod\u00edn\" width=\"200\" height=\"200\" class=\"skip-lazy fg-image\" loading=\"eager\"><\/span><span class=\"fg-image-overlay\"><\/span><\/a><figcaption class=\"fg-caption\"><div class=\"fg-caption-inner\"><div class=\"fg-caption-title\">Klasicistick\u00fd ka\u0161tie\u013e v Budim\u00edre \u2013 M\u00fazeum historick\u00fdch hod\u00edn<\/div><\/div><\/figcaption><\/figure><div class=\"fg-loader\"><\/div><\/div><div class=\"fg-item fg-type-image fg-loaded\"><figure class=\"fg-item-inner\"><a href=\"https:\/\/www.keturist.sk\/info\/wp-content\/uploads\/2020\/12\/budimir21.jpg\" data-src=\"https:\/\/www.keturist.sk\/info\/wp-content\/uploads\/2020\/12\/budimir21.jpg\" data-thumb=\"https:\/\/www.keturist.sk\/info\/wp-content\/uploads\/cache\/2020\/12\/budimir21\/3946275648.jpg\" class=\"ml-lightbox-enabled\"><span class=\"fg-image-wrap\"><img decoding=\"async\" src=\"https:\/\/www.keturist.sk\/info\/wp-content\/uploads\/cache\/2020\/12\/budimir21\/3946275648.jpg\" alt=\"Klasicistick\u00fd ka\u0161tie\u013e v Budim\u00edre \u2013 M\u00fazeum historick\u00fdch hod\u00edn\" title=\"Klasicistick\u00fd ka\u0161tie\u013e v Budim\u00edre \u2013 M\u00fazeum historick\u00fdch hod\u00edn\" width=\"200\" height=\"200\" class=\"skip-lazy fg-image\" loading=\"eager\"><\/span><span class=\"fg-image-overlay\"><\/span><\/a><figcaption class=\"fg-caption\"><div class=\"fg-caption-inner\"><div class=\"fg-caption-title\">Klasicistick\u00fd ka\u0161tie\u013e v Budim\u00edre \u2013 M\u00fazeum historick\u00fdch hod\u00edn<\/div><\/div><\/figcaption><\/figure><div class=\"fg-loader\"><\/div><\/div><div class=\"fg-item fg-type-image fg-loaded\"><figure class=\"fg-item-inner\"><a href=\"https:\/\/www.keturist.sk\/info\/wp-content\/uploads\/2020\/06\/budimir3.jpg\" data-src=\"https:\/\/www.keturist.sk\/info\/wp-content\/uploads\/2020\/06\/budimir3.jpg\" data-thumb=\"https:\/\/www.keturist.sk\/info\/wp-content\/uploads\/cache\/2020\/06\/budimir3\/2920640797.jpg\" class=\"ml-lightbox-enabled\"><span class=\"fg-image-wrap\"><img decoding=\"async\" src=\"https:\/\/www.keturist.sk\/info\/wp-content\/uploads\/cache\/2020\/06\/budimir3\/2920640797.jpg\" alt=\"Klasicistick\u00fd ka\u0161tie\u013e v Budim\u00edre \u2013 M\u00fazeum historick\u00fdch hod\u00edn\" title=\"Klasicistick\u00fd ka\u0161tie\u013e v Budim\u00edre \u2013 M\u00fazeum historick\u00fdch hod\u00edn\" width=\"200\" height=\"200\" class=\"skip-lazy fg-image\" loading=\"eager\"><\/span><span class=\"fg-image-overlay\"><\/span><\/a><figcaption class=\"fg-caption\"><div class=\"fg-caption-inner\"><div class=\"fg-caption-title\">Klasicistick\u00fd ka\u0161tie\u013e v Budim\u00edre \u2013 M\u00fazeum historick\u00fdch hod\u00edn<\/div><\/div><\/figcaption><\/figure><div class=\"fg-loader\"><\/div><\/div><div class=\"fg-item fg-type-image fg-loaded\"><figure class=\"fg-item-inner\"><a href=\"https:\/\/www.keturist.sk\/info\/wp-content\/uploads\/2026\/02\/budimir-22.jpg\" data-src=\"https:\/\/www.keturist.sk\/info\/wp-content\/uploads\/2026\/02\/budimir-22.jpg\" data-thumb=\"https:\/\/www.keturist.sk\/info\/wp-content\/uploads\/cache\/2026\/02\/budimir-22\/2913085645.jpg\" class=\"ml-lightbox-enabled\"><span class=\"fg-image-wrap\"><img decoding=\"async\" src=\"https:\/\/www.keturist.sk\/info\/wp-content\/uploads\/cache\/2026\/02\/budimir-22\/2913085645.jpg\" alt=\"Klasicistick\u00fd ka\u0161tie\u013e v Budim\u00edre\" title=\"Klasicistick\u00fd ka\u0161tie\u013e v Budim\u00edre\" width=\"200\" height=\"200\" class=\"skip-lazy fg-image\" loading=\"eager\"><\/span><span class=\"fg-image-overlay\"><\/span><\/a><figcaption class=\"fg-caption\"><div class=\"fg-caption-inner\"><div class=\"fg-caption-title\">Klasicistick\u00fd ka\u0161tie\u013e v Budim\u00edre<\/div><\/div><\/figcaption><\/figure><div class=\"fg-loader\"><\/div><\/div><div class=\"fg-item fg-type-image fg-loaded\"><figure class=\"fg-item-inner\"><a href=\"https:\/\/www.keturist.sk\/info\/wp-content\/uploads\/2026\/02\/budimir-23.jpg\" data-src=\"https:\/\/www.keturist.sk\/info\/wp-content\/uploads\/2026\/02\/budimir-23.jpg\" data-thumb=\"https:\/\/www.keturist.sk\/info\/wp-content\/uploads\/cache\/2026\/02\/budimir-23\/2114192526.jpg\" class=\"ml-lightbox-enabled\"><span class=\"fg-image-wrap\"><img decoding=\"async\" src=\"https:\/\/www.keturist.sk\/info\/wp-content\/uploads\/cache\/2026\/02\/budimir-23\/2114192526.jpg\" alt=\"Klasicistick\u00fd ka\u0161tie\u013e v Budim\u00edre\" title=\"Klasicistick\u00fd ka\u0161tie\u013e v Budim\u00edre\" width=\"200\" height=\"200\" class=\"skip-lazy fg-image\" loading=\"eager\"><\/span><span class=\"fg-image-overlay\"><\/span><\/a><figcaption class=\"fg-caption\"><div class=\"fg-caption-inner\"><div class=\"fg-caption-title\">Klasicistick\u00fd ka\u0161tie\u013e v Budim\u00edre<\/div><\/div><\/figcaption><\/figure><div class=\"fg-loader\"><\/div><\/div><div class=\"fg-item fg-type-image fg-loaded\"><figure class=\"fg-item-inner\"><a href=\"https:\/\/www.keturist.sk\/info\/wp-content\/uploads\/2026\/02\/budimir-24.jpg\" data-src=\"https:\/\/www.keturist.sk\/info\/wp-content\/uploads\/2026\/02\/budimir-24.jpg\" data-thumb=\"https:\/\/www.keturist.sk\/info\/wp-content\/uploads\/cache\/2026\/02\/budimir-24\/1440053488.jpg\" class=\"ml-lightbox-enabled\"><span class=\"fg-image-wrap\"><img decoding=\"async\" src=\"https:\/\/www.keturist.sk\/info\/wp-content\/uploads\/cache\/2026\/02\/budimir-24\/1440053488.jpg\" alt=\"Klasicistick\u00fd ka\u0161tie\u013e v Budim\u00edre\" title=\"Klasicistick\u00fd ka\u0161tie\u013e v Budim\u00edre\" width=\"200\" height=\"200\" class=\"skip-lazy fg-image\" loading=\"eager\"><\/span><span class=\"fg-image-overlay\"><\/span><\/a><figcaption class=\"fg-caption\"><div class=\"fg-caption-inner\"><div class=\"fg-caption-title\">Klasicistick\u00fd ka\u0161tie\u013e v Budim\u00edre<\/div><\/div><\/figcaption><\/figure><div class=\"fg-loader\"><\/div><\/div><div class=\"fg-item fg-type-image fg-loaded\"><figure class=\"fg-item-inner\"><a href=\"https:\/\/www.keturist.sk\/info\/wp-content\/uploads\/2026\/02\/budimir-25.jpg\" data-src=\"https:\/\/www.keturist.sk\/info\/wp-content\/uploads\/2026\/02\/budimir-25.jpg\" data-thumb=\"https:\/\/www.keturist.sk\/info\/wp-content\/uploads\/cache\/2026\/02\/budimir-25\/2255705267.jpg\" class=\"ml-lightbox-enabled\"><span class=\"fg-image-wrap\"><img decoding=\"async\" src=\"https:\/\/www.keturist.sk\/info\/wp-content\/uploads\/cache\/2026\/02\/budimir-25\/2255705267.jpg\" alt=\"Klasicistick\u00fd ka\u0161tie\u013e v Budim\u00edre\" title=\"Klasicistick\u00fd ka\u0161tie\u013e v Budim\u00edre\" width=\"200\" height=\"200\" class=\"skip-lazy fg-image\" loading=\"eager\"><\/span><span class=\"fg-image-overlay\"><\/span><\/a><figcaption class=\"fg-caption\"><div class=\"fg-caption-inner\"><div class=\"fg-caption-title\">Klasicistick\u00fd ka\u0161tie\u013e v Budim\u00edre<\/div><\/div><\/figcaption><\/figure><div class=\"fg-loader\"><\/div><\/div><div class=\"fg-item fg-type-image fg-loaded\"><figure class=\"fg-item-inner\"><a href=\"https:\/\/www.keturist.sk\/info\/wp-content\/uploads\/2026\/02\/budimir29.jpeg\" data-src=\"https:\/\/www.keturist.sk\/info\/wp-content\/uploads\/2026\/02\/budimir29.jpeg\" data-thumb=\"https:\/\/www.keturist.sk\/info\/wp-content\/uploads\/cache\/2026\/02\/budimir29\/2401397313.jpeg\" class=\"ml-lightbox-enabled\"><span class=\"fg-image-wrap\"><img decoding=\"async\" src=\"https:\/\/www.keturist.sk\/info\/wp-content\/uploads\/cache\/2026\/02\/budimir29\/2401397313.jpeg\" alt=\"Klasicistick\u00fd ka\u0161tie\u013e v Budim\u00edre\" title=\"Klasicistick\u00fd ka\u0161tie\u013e v Budim\u00edre\" width=\"200\" height=\"200\" class=\"skip-lazy fg-image\" loading=\"eager\"><\/span><span class=\"fg-image-overlay\"><\/span><\/a><figcaption class=\"fg-caption\"><div class=\"fg-caption-inner\"><div class=\"fg-caption-title\">Klasicistick\u00fd ka\u0161tie\u013e v Budim\u00edre<\/div><\/div><\/figcaption><\/figure><div class=\"fg-loader\"><\/div><\/div>\t<\/div>\n\t<div class=\"fg-carousel-bottom\"><\/div>\n\t<div class=\"fg-carousel-progress\"><\/div>\n\t<button type=\"button\" class=\"fg-carousel-next\" title=\"Next\"><\/button>\n<\/div>\n\n<h2><span style=\"color: #800000;\">Zauj\u00edmav\u00e9 odkazy<\/span><\/h2>\n<h3><span style=\"color: #808000;\">Bl\u00edzke stredisko, turistick\u00e9 centrum, obec alebo mesto: <\/span><\/h3>\n<ul>\n<li><a href=\"https:\/\/www.keturist.sk\/info\/smer-kosicka-kotlina\/obec-budimir\/\">Obec Budim\u00edr (\u010d\u00edtaj viac&#8230;)<\/a><\/li>\n<\/ul>\n<div><\/div>\n<h2><span style=\"color: #800000;\">Mapy<\/span><\/h2>\n<p><strong>Vrstvy: <\/strong>Turistick\u00e1 mapa, Automapa, Cyklomapa, Ly\u017eiarska mapa, Satelitn\u00e1 mapa a OpenStreetMap.<\/p>\n<p><strong>Kliknut\u00edm na logo &#8222;Freemap.sk&#8220; sa V\u00e1m mapa zobraz\u00ed na celej ploche obrazovky.<\/strong><\/p>\n<p><iframe style=\"width: 800px; height: 500px; border: 0;\" src=\"https:\/\/www.freemap.sk\/?map=14\/48.799882\/21.303563&amp;info-point=48.799882\/21.303563,Budim\u00edr&amp;layers=T&amp;embed=search\" allowfullscreen=\"allowfullscreen\"><span data-mce-type=\"bookmark\" style=\"display: inline-block; width: 0px; overflow: hidden; line-height: 0;\" class=\"mce_SELRES_start\">\ufeff<\/span><\/iframe><\/p>\n<h2><span style=\"color: #800000;\">Po\u010dasie<\/span><\/h2>\n<p><iframe style=\"width: 800px; height: 607px;\" src=\"https:\/\/www.meteoblue.com\/sk\/po%C4%8Dasie\/widget\/three\/budim%c3%adr_slovensk%c3%a1-republika_725056?geoloc=fixed&amp;nocurrent=0&amp;noforecast=0&amp;days=5&amp;tempunit=CELSIUS&amp;windunit=KILOMETER_PER_HOUR&amp;layout=image\" frameborder=\"0\" scrolling=\"NO\" sandbox=\"allow-same-origin allow-scripts allow-popups allow-popups-to-escape-sandbox\"><\/iframe><\/p>\n<div><!-- DO NOT REMOVE THIS LINK --><a href=\"https:\/\/www.meteoblue.com\/sk\/po%C4%8Dasie\/predpove%C4%8F\/t%C3%BD%C5%BEde%C5%88\/budim%c3%adr_slovensk%c3%a1-republika_725056?utm_source=weather_widget&amp;utm_medium=linkus&amp;utm_content=three&amp;utm_campaign=Weather%2BWidget\" target=\"_blank\" rel=\"noopener noreferrer\">meteoblue<\/a><\/div>\n","protected":false},"excerpt":{"rendered":"<p>Podkateg\u00f3ria: Hrady a ka\u0161tiele Lokaliz\u00e1cia: Ko\u0161ick\u00e1 kotlina Vedeli ste, \u017ee len p\u00e1r metrov od hlavn\u00e9ho \u0165ahu na Ko\u0161ice sa zastavil \u010das? Architektonicky pozoruhodn\u00fd objekt ka\u0161tie\u013ea v Budim\u00edre je svojou polohou [&hellip;]<\/p>\n","protected":false},"author":1,"featured_media":79019,"parent":0,"menu_order":0,"comment_status":"closed","ping_status":"closed","template":"","meta":{"_uag_custom_page_level_css":"","_monsterinsights_skip_tracking":false,"footnotes":""},"class_list":["post-4960","page","type-page","status-publish","has-post-thumbnail","hentry"],"featured_image_src":"https:\/\/www.keturist.sk\/info\/wp-content\/uploads\/2026\/02\/budimir29.jpeg","featured_image_src_square":"https:\/\/www.keturist.sk\/info\/wp-content\/uploads\/2026\/02\/budimir29.jpeg","rbea_author_info":{"display_name":"admin","author_link":"https:\/\/www.keturist.sk\/info\/author\/admin\/"},"rbea_excerpt_info":"Podkateg\u00f3ria: Hrady a ka\u0161tiele Lokaliz\u00e1cia: Ko\u0161ick\u00e1 kotlina Vedeli ste, \u017ee len p\u00e1r metrov od hlavn\u00e9ho \u0165ahu na Ko\u0161ice sa zastavil \u010das? Architektonicky pozoruhodn\u00fd objekt ka\u0161tie\u013ea v Budim\u00edre je svojou polohou [&hellip;]","uagb_featured_image_src":{"full":["https:\/\/www.keturist.sk\/info\/wp-content\/uploads\/2026\/02\/budimir29.jpeg",1376,768,false],"thumbnail":["https:\/\/www.keturist.sk\/info\/wp-content\/uploads\/2026\/02\/budimir29-270x151.jpeg",270,151,true],"medium":["https:\/\/www.keturist.sk\/info\/wp-content\/uploads\/2026\/02\/budimir29-800x447.jpeg",800,447,true],"medium_large":["https:\/\/www.keturist.sk\/info\/wp-content\/uploads\/2026\/02\/budimir29-768x429.jpeg",768,429,true],"large":["https:\/\/www.keturist.sk\/info\/wp-content\/uploads\/2026\/02\/budimir29.jpeg",1376,768,false],"1536x1536":["https:\/\/www.keturist.sk\/info\/wp-content\/uploads\/2026\/02\/budimir29.jpeg",1376,768,false],"2048x2048":["https:\/\/www.keturist.sk\/info\/wp-content\/uploads\/2026\/02\/budimir29.jpeg",1376,768,false],"ultp_layout_landscape_large":["https:\/\/www.keturist.sk\/info\/wp-content\/uploads\/2026\/02\/budimir29.jpeg",1200,670,false],"ultp_layout_landscape":["https:\/\/www.keturist.sk\/info\/wp-content\/uploads\/2026\/02\/budimir29.jpeg",870,486,false],"ultp_layout_portrait":["https:\/\/www.keturist.sk\/info\/wp-content\/uploads\/2026\/02\/budimir29.jpeg",600,335,false],"ultp_layout_square":["https:\/\/www.keturist.sk\/info\/wp-content\/uploads\/2026\/02\/budimir29.jpeg",600,335,false]},"uagb_author_info":{"display_name":"admin","author_link":"https:\/\/www.keturist.sk\/info\/author\/admin\/"},"uagb_comment_info":0,"uagb_excerpt":"Podkateg\u00f3ria: Hrady a ka\u0161tiele Lokaliz\u00e1cia: Ko\u0161ick\u00e1 kotlina Vedeli ste, \u017ee len p\u00e1r metrov od hlavn\u00e9ho \u0165ahu na Ko\u0161ice sa zastavil \u010das? Architektonicky pozoruhodn\u00fd objekt ka\u0161tie\u013ea v Budim\u00edre je svojou polohou [&hellip;]","_links":{"self":[{"href":"https:\/\/www.keturist.sk\/info\/wp-json\/wp\/v2\/pages\/4960","targetHints":{"allow":["GET"]}}],"collection":[{"href":"https:\/\/www.keturist.sk\/info\/wp-json\/wp\/v2\/pages"}],"about":[{"href":"https:\/\/www.keturist.sk\/info\/wp-json\/wp\/v2\/types\/page"}],"author":[{"embeddable":true,"href":"https:\/\/www.keturist.sk\/info\/wp-json\/wp\/v2\/users\/1"}],"replies":[{"embeddable":true,"href":"https:\/\/www.keturist.sk\/info\/wp-json\/wp\/v2\/comments?post=4960"}],"version-history":[{"count":6,"href":"https:\/\/www.keturist.sk\/info\/wp-json\/wp\/v2\/pages\/4960\/revisions"}],"predecessor-version":[{"id":79053,"href":"https:\/\/www.keturist.sk\/info\/wp-json\/wp\/v2\/pages\/4960\/revisions\/79053"}],"wp:featuredmedia":[{"embeddable":true,"href":"https:\/\/www.keturist.sk\/info\/wp-json\/wp\/v2\/media\/79019"}],"wp:attachment":[{"href":"https:\/\/www.keturist.sk\/info\/wp-json\/wp\/v2\/media?parent=4960"}],"curies":[{"name":"wp","href":"https:\/\/api.w.org\/{rel}","templated":true}]}}