{"id":48527,"date":"2022-05-28T15:32:07","date_gmt":"2022-05-28T13:32:07","guid":{"rendered":"https:\/\/www.keturist.sk\/info\/?page_id=48527"},"modified":"2026-02-05T06:05:38","modified_gmt":"2026-02-05T05:05:38","slug":"klasicisticky-kastiel-v-obci-velky-kamenec","status":"publish","type":"page","link":"https:\/\/www.keturist.sk\/info\/kam-za-pamiatkami\/kam-za-pamiatkami-smer-zemplin\/hrady-a-kastiele\/klasicisticky-kastiel-v-obci-velky-kamenec\/","title":{"rendered":"Klasicistick\u00fd ka\u0161tie\u013e v obci Ve\u013ek\u00fd Kamenec"},"content":{"rendered":"<a href=\"https:\/\/www.keturist.sk\/info\/\" class=\"su-button su-button-style-default\" style=\"color:#000000;background-color:#FFCF2F;border-color:#cca626;border-radius:5px\" target=\"_self\"><span style=\"color:#000000;padding:6px 16px;font-size:13px;line-height:20px;border-color:#ffde6e;border-radius:5px;text-shadow:none\"><i class=\"sui sui-arrow-right\" style=\"font-size:13px;color:#000000\"><\/i>  Spravodaj <\/span><\/a>\n<a href=\"https:\/\/www.keturist.sk\/info\/tipy-na-vylety\/\" class=\"su-button su-button-style-default\" style=\"color:#000000;background-color:#FFCF2F;border-color:#cca626;border-radius:5px\" target=\"_self\"><span style=\"color:#000000;padding:6px 16px;font-size:13px;line-height:20px;border-color:#ffde6e;border-radius:5px;text-shadow:none\"><i class=\"sui sui-arrow-right\" style=\"font-size:13px;color:#000000\"><\/i>  TIPY NA V\u00ddLETY <\/span><\/a>\n<a href=\"https:\/\/www.keturist.sk\/info\/kam-za-pamiatkami\/\" class=\"su-button su-button-style-default\" style=\"color:#000000;background-color:#FFCF2F;border-color:#cca626;border-radius:5px\" target=\"_self\"><span style=\"color:#000000;padding:6px 16px;font-size:13px;line-height:20px;border-color:#ffde6e;border-radius:5px;text-shadow:none\"><i class=\"sui sui-arrow-right\" style=\"font-size:13px;color:#000000\"><\/i>  Kam za pamiatkami <\/span><\/a>\n<a href=\"https:\/\/www.keturist.sk\/info\/kam-za-pamiatkami\/kam-za-pamiatkami-smer-zemplin\/\" class=\"su-button su-button-style-default\" style=\"color:#000000;background-color:#FFCF2F;border-color:#cca626;border-radius:5px\" target=\"_self\"><span style=\"color:#000000;padding:6px 16px;font-size:13px;line-height:20px;border-color:#ffde6e;border-radius:5px;text-shadow:none\"><i class=\"sui sui-arrow-right\" style=\"font-size:13px;color:#000000\"><\/i>  smer Doln\u00fd Zempl\u00edn <\/span><\/a>\n<div class=\"su-divider su-divider-style-default\" style=\"margin:15px 0;border-width:0px;border-color:#000000\"><\/div>\n<p><strong>Podkateg\u00f3ria: <\/strong> <a href=\"https:\/\/www.keturist.sk\/info\/kam-za-pamiatkami\/kam-za-pamiatkami-smer-zemplin\/hrady-a-kastiele\/\" class=\"su-button su-button-style-default\" style=\"color:#000000;background-color:#afd144;border-color:#8ca837;border-radius:5px\" target=\"_self\"><span style=\"color:#000000;padding:6px 16px;font-size:13px;line-height:20px;border-color:#c7df7d;border-radius:5px;text-shadow:none\"><i class=\"sui sui-arrow-right\" style=\"font-size:13px;color:#000000\"><\/i>  Hrady a ka\u0161tiele <\/span><\/a>\n<div class=\"su-divider su-divider-style-default\" style=\"margin:15px 0;border-width:0px;border-color:#000000\"><\/div>\n<p><strong>Lokaliz\u00e1cia: <\/strong> <a href=\"https:\/\/www.keturist.sk\/info\/vseobecne-informacie\/zemplin\/\">Doln\u00fd Zempl\u00edn<\/a><\/p>\n<div class=\"su-divider su-divider-style-default\" style=\"margin:15px 0;border-width:2px;border-color:#000000\"><\/div>\n<figure id=\"attachment_48549\" aria-describedby=\"caption-attachment-48549\" style=\"width: 900px\" class=\"wp-caption aligncenter\"><a style=\"font-weight: bold; background-color: transparent;\" href=\"https:\/\/www.keturist.sk\/info\/wp-content\/uploads\/2022\/05\/kastiel-velky-kamenec1-1.jpg\"><img loading=\"lazy\" decoding=\"async\" class=\"wp-image-48549\" src=\"https:\/\/www.keturist.sk\/info\/wp-content\/uploads\/2022\/05\/kastiel-velky-kamenec1-1-800x534.jpg\" alt=\"Klasicistick\u00fd ka\u0161tie\u013e v obci Ve\u013ek\u00fd Kamenec\" width=\"900\" height=\"600\" srcset=\"https:\/\/www.keturist.sk\/info\/wp-content\/uploads\/2022\/05\/kastiel-velky-kamenec1-1-800x534.jpg 800w, https:\/\/www.keturist.sk\/info\/wp-content\/uploads\/2022\/05\/kastiel-velky-kamenec1-1-270x180.jpg 270w, https:\/\/www.keturist.sk\/info\/wp-content\/uploads\/2022\/05\/kastiel-velky-kamenec1-1-768x512.jpg 768w, https:\/\/www.keturist.sk\/info\/wp-content\/uploads\/2022\/05\/kastiel-velky-kamenec1-1.jpg 1000w\" sizes=\"auto, (max-width: 900px) 100vw, 900px\" \/><\/a><figcaption id=\"caption-attachment-48549\" class=\"wp-caption-text\">Klasicistick\u00fd ka\u0161tie\u013e v obci Ve\u013ek\u00fd Kamenec, Fotograf: Jozef Mare\u010dek (https:\/\/www.facebook.com\/jozef.marecek.94)<\/figcaption><\/figure>\n<div class=\"su-divider su-divider-style-default\" style=\"margin:15px 0;border-width:2px;border-color:#000000\"><\/div>\n<h2><span style=\"color: #800000;\">Ticho pod hradom Ve\u013ek\u00e9ho Kamenca<\/span><\/h2>\n<p data-start=\"225\" data-end=\"602\">Ke\u010f sa v podve\u010der nad <strong data-start=\"247\" data-end=\"266\">Ve\u013ek\u00fdm Kamencom<\/strong> za\u010dne us\u00e1dza\u0165 <strong data-start=\"281\" data-end=\"290\">ticho<\/strong> a <strong data-start=\"293\" data-end=\"302\">tiene<\/strong> sa predl\u017euj\u00fa smerom k \u00fap\u00e4tiu kopca, kde kedysi st\u00e1l <strong data-start=\"355\" data-end=\"374\">stredovek\u00fd hrad<\/strong>, miestni hovoria, \u017ee <strong data-start=\"396\" data-end=\"422\">krajina si pam\u00e4t\u00e1 viac<\/strong>, ne\u017e sa zd\u00e1. <strong data-start=\"436\" data-end=\"446\">Kamene<\/strong>, z ktor\u00fdch dnes vyrast\u00e1 <strong data-start=\"471\" data-end=\"482\">ka\u0161tie\u013e<\/strong>, vraj neboli nikdy \u00faplne m\u0155tve. Pam\u00e4taj\u00fa si \u010dasy <strong data-start=\"532\" data-end=\"544\">str\u00e1\u017ecov<\/strong>, <strong data-start=\"546\" data-end=\"559\">obliehan\u00ed<\/strong> aj tich\u00e9 <strong data-start=\"569\" data-end=\"601\">dohody uzavret\u00e9 v \u0161ere fakl\u00ed<\/strong>.<\/p>\n<p data-start=\"604\" data-end=\"906\">Legenda vrav\u00ed, \u017ee ke\u010f star\u00fd <strong data-start=\"632\" data-end=\"640\">hrad<\/strong> definit\u00edvne stratil svoj v\u00fdznam, jeho <strong data-start=\"679\" data-end=\"709\">kamene dostali druh\u00fa \u0161ancu<\/strong>. Neodi\u0161li do zabudnutia \u2013 boli prenesen\u00e9 ni\u017e\u0161ie, bli\u017e\u0161ie k \u013eu\u010fom. Tam z nich vyr\u00e1stlo <strong data-start=\"796\" data-end=\"810\">nov\u00e9 s\u00eddlo<\/strong>, pokojnej\u0161ie, ale s rovnakou <strong data-start=\"840\" data-end=\"861\">pam\u00e4\u0165ou minulosti<\/strong>. Akoby si <strong data-start=\"872\" data-end=\"882\">dejiny<\/strong> len obliekli in\u00fd kab\u00e1t.<\/p>\n<p data-start=\"908\" data-end=\"1304\">V <strong data-start=\"910\" data-end=\"925\">19. storo\u010d\u00ed<\/strong> sa miesto zmenilo. \u0164a\u017ek\u00e1 <strong data-start=\"951\" data-end=\"970\">hradn\u00e1 pr\u00edsnos\u0165<\/strong> ust\u00fapila <strong data-start=\"980\" data-end=\"993\">rovnov\u00e1he<\/strong>, <strong data-start=\"995\" data-end=\"1007\">poriadku<\/strong> a <strong data-start=\"1010\" data-end=\"1020\">svetlu<\/strong>. Hovor\u00ed sa, \u017ee pr\u00e1ve vtedy sa v ka\u0161tieli za\u010dala zjavova\u0165 <strong data-start=\"1078\" data-end=\"1097\">tajomn\u00e1 postava<\/strong> \u2013 nie ako stra\u0161idlo, ale ako <strong data-start=\"1127\" data-end=\"1148\">tich\u00fd pozorovate\u013e<\/strong>. Objavuje sa vraj len t\u00fdm, ktor\u00ed sem nepr\u00eddu n\u00e1hodou, ale so skuto\u010dn\u00fdm <strong data-start=\"1220\" data-end=\"1242\">z\u00e1ujmom o hist\u00f3riu<\/strong>. Prejde <strong data-start=\"1251\" data-end=\"1262\">chodbou<\/strong>, dotkne sa <strong data-start=\"1274\" data-end=\"1294\">chladn\u00e9ho muriva<\/strong> a zmizne.<\/p>\n<p data-start=\"1306\" data-end=\"1434\">Niektor\u00ed veria, \u017ee ide o <strong data-start=\"1331\" data-end=\"1350\">ducha stavite\u013ea<\/strong>, in\u00ed zas o <strong data-start=\"1362\" data-end=\"1380\">str\u00e1\u017ecu miesta<\/strong>, ktor\u00fd dohliada, aby sa na jeho <strong data-start=\"1413\" data-end=\"1423\">pr\u00edbeh<\/strong> nezabudlo.<\/p>\n<p data-start=\"1436\" data-end=\"1700\">Po <strong data-start=\"1439\" data-end=\"1452\">roku 1946<\/strong> ka\u0161tie\u013e za\u017eil obdobie, ke\u010f sa jeho <strong data-start=\"1488\" data-end=\"1508\">tv\u00e1r op\u00e4\u0165 menila<\/strong>. Mnoh\u00ed tvrdia, \u017ee vtedy bol najtich\u0161\u00ed. No aj v tom <strong data-start=\"1560\" data-end=\"1576\">tichu pre\u017eil<\/strong> \u2013 a pr\u00e1ve to mu dodalo zvl\u00e1\u0161tnu <strong data-start=\"1609\" data-end=\"1624\">silu miesta<\/strong>. Dnes stoj\u00ed ako <strong data-start=\"1641\" data-end=\"1659\">svedok st\u00e1ro\u010d\u00ed<\/strong>, <strong data-start=\"1661\" data-end=\"1677\">vrstiev \u010dasu<\/strong> a <strong data-start=\"1680\" data-end=\"1699\">\u013eudsk\u00fdch osudov<\/strong>.<\/p>\n<p data-start=\"1702\" data-end=\"2022\">Pre <strong data-start=\"1706\" data-end=\"1721\">n\u00e1v\u0161tevn\u00edka<\/strong> nie je len <strong data-start=\"1733\" data-end=\"1763\">architektonickou pamiatkou<\/strong>. Je <strong data-start=\"1768\" data-end=\"1793\">miestom na spomalenie<\/strong>, kde sa d\u00e1 na chv\u00ed\u013eu zastavi\u0165. Sta\u010d\u00ed sa <strong data-start=\"1834\" data-end=\"1847\">zapo\u010d\u00fava\u0165<\/strong>, dotkn\u00fa\u0165 sa <strong data-start=\"1860\" data-end=\"1869\">stien<\/strong>, pozrie\u0165 sa smerom k <strong data-start=\"1891\" data-end=\"1918\">zr\u00facanine nad ka\u0161tie\u013eom<\/strong> \u2013 a \u010dlovek pochop\u00ed, \u017ee niektor\u00e9 miesta nie s\u00fa len o tom, <strong data-start=\"1976\" data-end=\"1989\">\u010do vid\u00edme<\/strong>, ale najm\u00e4 o tom, <strong data-start=\"2008\" data-end=\"2021\">\u010do c\u00edtime<\/strong>.<\/p>\n<p data-start=\"2024\" data-end=\"2104\">A mo\u017eno, ak sa zdr\u017e\u00ed\u0161 o \u010dosi dlh\u0161ie, <strong data-start=\"2061\" data-end=\"2103\">ka\u0161tie\u013e ti po\u0161epk\u00e1 svoj vlastn\u00fd pr\u00edbeh<\/strong>.<\/p>\n<h2 class=\"ds-markdown-paragraph\"><span style=\"color: #800000;\">Ako vyzer\u00e1 a ak\u00e1 je hist\u00f3ria klasicistick\u00e9ho ka\u0161tie\u013ea v obci Ve\u013ek\u00fd Kamenec?<\/span><\/h2>\n<p class=\"ds-markdown-paragraph\"><strong>Klasicistick\u00fd ka\u0161tie\u013e v obci Ve\u013ek\u00fd Kamenec<\/strong>, zn\u00e1my aj ako\u00a0<strong>Fischerov<\/strong>\u00a0alebo\u00a0<strong>Szirmay-Fischer ka\u0161tie\u013e<\/strong>, je fascinuj\u00facou stavbou s bohatou hist\u00f3riou. Jeho p\u00f4vod siaha a\u017e do\u00a0<strong>konca 17. storo\u010dia<\/strong>, kedy bol postaven\u00fd v\u00a0<strong>barokovom slohu<\/strong>. V\u00fdznamn\u00fdm prvkom jeho polohy je to, \u017ee vyrast\u00e1 v bezprostrednej bl\u00edzkosti\u00a0<strong>zr\u00facaniny stredovek\u00e9ho hradu<\/strong>, ktor\u00e1 na vrchu nad obcou\u00a0<strong>dodnes stoj\u00ed<\/strong>\u00a0a tvor\u00ed jeho majest\u00e1tne historick\u00e9 pozadie.<\/p>\n<h2 class=\"ds-markdown-paragraph\"><span style=\"color: #800000;\">Ako vznikol a z ak\u00e9ho materi\u00e1lu bol postaven\u00fd ka\u0161tie\u013e?<\/span><\/h2>\n<p class=\"ds-markdown-paragraph\">Na jeho v\u00fdstavbu bol priamo pou\u017eit\u00fd <strong>kame\u0148 a materi\u00e1l<\/strong>\u00a0zo spom\u00ednan\u00e9ho, u\u017e zb\u00faran\u00e9ho\u00a0<strong>stredovek\u00e9ho hradu<\/strong>. Svoju s\u00fa\u010dasn\u00fa podobu z\u00edskal pri \u00faprav\u00e1ch na\u00a0<strong>za\u010diatku 19. storo\u010dia<\/strong>, kedy bol prestavan\u00fd a z\u00edskal svoj charakteristick\u00fd\u00a0<strong>klasicistick\u00fd vzh\u013ead<\/strong>.<\/p>\n<h2 class=\"ds-markdown-paragraph\"><span style=\"color: #800000;\">Ako je ka\u0161tie\u013e stavebne a architektonicky usporiadan\u00fd?<\/span><\/h2>\n<p class=\"ds-markdown-paragraph\">Ide o <strong>dvojpodla\u017en\u00fa stavbu s podpivni\u010den\u00edm<\/strong>, ktor\u00e1 stoj\u00ed na\u00a0<strong>p\u00f4doryse obd\u013a\u017enika<\/strong>. Dominantn\u00fdm prvkom je\u00a0<strong>vysunut\u00fd stredn\u00fd rizalit<\/strong>, ukon\u010den\u00fd\u00a0<strong>trojuholn\u00edkov\u00fdm \u0161t\u00edtom<\/strong>\u00a0a\u00a0<strong>sedlovou strie\u0161kou<\/strong>. Cel\u00fa budovu kryje\u00a0<strong>valbov\u00e1 strecha<\/strong>\u00a0poch\u00e1dzaj\u00faca pr\u00e1ve z obdobia klasicistickej prestavby.\u00a0<strong>Fas\u00e1dy ka\u0161tie\u013ea<\/strong>\u00a0s\u00fa charakteristick\u00e9\u00a0<strong>\u010dlenen\u00edm<\/strong>\u00a0p\u00f4vodn\u00fdmi\u00a0<strong>\u0161paletov\u00fdmi oknami<\/strong>, ktor\u00e9 maj\u00fa typick\u00e9\u00a0<strong>skrinkov\u00e9<\/strong>\u00a0kon\u0161trukcie a s\u00fa ozdoben\u00e9\u00a0<strong>\u0161ambr\u00e1nami v tvare obl\u00faka<\/strong>.<\/p>\n<h2 class=\"ds-markdown-paragraph\"><span style=\"color: #800000;\">M\u00f4\u017eem vidie\u0165 aj zr\u00facaninu p\u00f4vodn\u00e9ho hradu?<\/span><\/h2>\n<p class=\"ds-markdown-paragraph\">\u00c1no, <strong>zr\u00facanina stredovek\u00e9ho hradu<\/strong>\u00a0je neoddelite\u013enou s\u00fa\u010das\u0165ou tohto miesta. Jej\u00a0<strong>pozostatky na vrchu nad obcou<\/strong>\u00a0s\u00fa dodnes dobre zachovan\u00e9 a vidite\u013en\u00e9, \u010d\u00edm priamo dotv\u00e1raj\u00fa autentick\u00fa a p\u00f4sobn\u00fa historick\u00fa atmosf\u00e9ru cel\u00e9ho are\u00e1lu.<\/p>\n<h2 class=\"ds-markdown-paragraph\"><span style=\"color: #800000;\">Pre\u0161iel ka\u0161tie\u013e v modernej dobe nejak\u00fdmi zmenami?<\/span><\/h2>\n<p class=\"ds-markdown-paragraph\">\u00c1no, <strong>ve\u013ek\u00fdmi \u00fapravami<\/strong>\u00a0pre\u0161iel objekt\u00a0<strong>po roku 1946<\/strong>, \u010d\u00edm sa nap\u00edsala \u010fal\u0161ia kapitola jeho dlh\u00e9ho pr\u00edbehu.<\/p>\n<h2><span style=\"color: #800000;\">Fotogal\u00e9ria<\/span><\/h2>\n<style type=\"text\/css\">\n#foogallery-gallery-73787 .fg-image { width: 200px; }<\/style>\n\t\t\t<div class=\"foogallery foogallery-container foogallery-carousel foogallery-lightbox-foogallery fg-carousel fg-ready fg-light fg-border-medium fg-round-small fg-shadow-medium fg-loading-default fg-loaded-fade-in fg-hover-semi-zoomed fg-hover-fade fg-hover-circle-plus2\" id=\"foogallery-gallery-73787\" data-foogallery=\"{&quot;item&quot;:{&quot;showCaptionTitle&quot;:true,&quot;showCaptionDescription&quot;:true},&quot;lazy&quot;:true,&quot;template&quot;:{&quot;maxItems&quot;:5,&quot;scale&quot;:0.11999999999999999555910790149937383830547332763671875,&quot;gutter&quot;:{&quot;min&quot;:-40,&quot;max&quot;:-20,&quot;unit&quot;:&quot;%&quot;},&quot;autoplay&quot;:{&quot;time&quot;:0,&quot;interaction&quot;:&quot;pause&quot;},&quot;centerOnClick&quot;:true,&quot;align&quot;:&quot;center&quot;,&quot;activePosition&quot;:&quot;center&quot;}}\" data-foogallery-lightbox=\"{&quot;thumbs&quot;:&quot;bottom&quot;,&quot;thumbsCaptions&quot;:false,&quot;thumbsBestFit&quot;:false,&quot;thumbsSmall&quot;:false,&quot;thumbsCaptionsAlign&quot;:&quot;default&quot;,&quot;info&quot;:&quot;bottom&quot;,&quot;infoVisible&quot;:true,&quot;infoOverlay&quot;:true,&quot;infoAlign&quot;:&quot;default&quot;,&quot;transition&quot;:&quot;fade&quot;,&quot;hoverButtons&quot;:false,&quot;fitMedia&quot;:false,&quot;noScrollbars&quot;:true,&quot;preserveButtonSpace&quot;:true,&quot;buttons&quot;:{&quot;fullscreen&quot;:true,&quot;info&quot;:true,&quot;thumbs&quot;:false},&quot;video&quot;:{&quot;autoPlay&quot;:true}}\" style=\"--fg-title-line-clamp: 1; --fg-description-line-clamp: 2;\" >\n\t<button type=\"button\" class=\"fg-carousel-prev\" title=\"Previous\"><\/button>\n\t<div class=\"fg-carousel-inner\">\n\t\t<div class=\"fg-carousel-center\"><\/div>\n\t\t<div class=\"fg-item fg-type-image fg-idle\"><figure class=\"fg-item-inner\"><a href=\"https:\/\/www.keturist.sk\/info\/wp-content\/uploads\/2022\/05\/kastiel-velky-kamenec1-1.jpg\" data-caption-title=\"Ka\u0161tie\u013e Ve\u013ek\u00fd Kamenec\" data-caption-desc=\"Fotograf: Jozef Mare\u010dek (https:\/\/www.facebook.com\/jozef.marecek.94)\" data-attachment-id=\"48549\" data-type=\"image\" class=\"fg-thumb\"><span class=\"fg-image-wrap\"><img decoding=\"async\" alt=\"Ka\u0161tie\u013e Ve\u013ek\u00fd Kamenec\" title=\"Ka\u0161tie\u013e Ve\u013ek\u00fd Kamenec\" width=\"200\" height=\"200\" class=\"skip-lazy fg-image\" data-src-fg=\"https:\/\/www.keturist.sk\/info\/wp-content\/uploads\/cache\/2022\/05\/kastiel-velky-kamenec1-1\/1137115191.jpg\" src=\"data:image\/svg+xml,%3Csvg%20xmlns%3D%22http%3A%2F%2Fwww.w3.org%2F2000%2Fsvg%22%20width%3D%22200%22%20height%3D%22200%22%20viewBox%3D%220%200%20200%20200%22%3E%3C%2Fsvg%3E\" loading=\"eager\"><\/span><span class=\"fg-image-overlay\"><\/span><\/a><figcaption class=\"fg-caption\"><div class=\"fg-caption-inner\"><div class=\"fg-caption-title\">Ka\u0161tie\u013e Ve\u013ek\u00fd Kamenec<\/div><div class=\"fg-caption-desc\">Fotograf: Jozef Mare\u010dek (https:\/\/www.facebook.com\/jozef.marecek.94)<\/div><\/div><\/figcaption><\/figure><div class=\"fg-loader\"><\/div><\/div><div class=\"fg-item fg-type-image fg-idle\"><figure class=\"fg-item-inner\"><a href=\"https:\/\/www.keturist.sk\/info\/wp-content\/uploads\/2022\/05\/kastiel-velky-kamenec3-1.jpg\" data-caption-title=\"Hrad a ka\u0161tie\u013e Ve\u013ek\u00fd Kamenec\" data-caption-desc=\"Fotograf: Jozef Mare\u010dek (https:\/\/www.facebook.com\/jozef.marecek.94)\" data-attachment-id=\"48555\" data-type=\"image\" class=\"fg-thumb\"><span class=\"fg-image-wrap\"><img decoding=\"async\" alt=\"Hrad a ka\u0161tie\u013e Ve\u013ek\u00fd Kamenec\" title=\"Hrad a ka\u0161tie\u013e Ve\u013ek\u00fd Kamenec\" width=\"200\" height=\"200\" class=\"skip-lazy fg-image\" data-src-fg=\"https:\/\/www.keturist.sk\/info\/wp-content\/uploads\/cache\/2022\/05\/kastiel-velky-kamenec3-1\/1424905071.jpg\" src=\"data:image\/svg+xml,%3Csvg%20xmlns%3D%22http%3A%2F%2Fwww.w3.org%2F2000%2Fsvg%22%20width%3D%22200%22%20height%3D%22200%22%20viewBox%3D%220%200%20200%20200%22%3E%3C%2Fsvg%3E\" loading=\"eager\"><\/span><span class=\"fg-image-overlay\"><\/span><\/a><figcaption class=\"fg-caption\"><div class=\"fg-caption-inner\"><div class=\"fg-caption-title\">Hrad a ka\u0161tie\u013e Ve\u013ek\u00fd Kamenec<\/div><div class=\"fg-caption-desc\">Fotograf: Jozef Mare\u010dek (https:\/\/www.facebook.com\/jozef.marecek.94)<\/div><\/div><\/figcaption><\/figure><div class=\"fg-loader\"><\/div><\/div><div class=\"fg-item fg-type-image fg-idle\"><figure class=\"fg-item-inner\"><a href=\"https:\/\/www.keturist.sk\/info\/wp-content\/uploads\/2022\/05\/kastiel-velky-kamenec2-1.jpg\" data-caption-title=\"Hrad a ka\u0161tie\u013e Ve\u013ek\u00fd Kamenec\" data-caption-desc=\"Fotograf: Jozef Mare\u010dek (https:\/\/www.facebook.com\/jozef.marecek.94)\" data-attachment-id=\"48550\" data-type=\"image\" class=\"fg-thumb\"><span class=\"fg-image-wrap\"><img decoding=\"async\" alt=\"Hrad a ka\u0161tie\u013e Ve\u013ek\u00fd Kamenec\" title=\"Hrad a ka\u0161tie\u013e Ve\u013ek\u00fd Kamenec\" width=\"200\" height=\"200\" class=\"skip-lazy fg-image\" data-src-fg=\"https:\/\/www.keturist.sk\/info\/wp-content\/uploads\/cache\/2022\/05\/kastiel-velky-kamenec2-1\/2959445359.jpg\" src=\"data:image\/svg+xml,%3Csvg%20xmlns%3D%22http%3A%2F%2Fwww.w3.org%2F2000%2Fsvg%22%20width%3D%22200%22%20height%3D%22200%22%20viewBox%3D%220%200%20200%20200%22%3E%3C%2Fsvg%3E\" loading=\"eager\"><\/span><span class=\"fg-image-overlay\"><\/span><\/a><figcaption class=\"fg-caption\"><div class=\"fg-caption-inner\"><div class=\"fg-caption-title\">Hrad a ka\u0161tie\u013e Ve\u013ek\u00fd Kamenec<\/div><div class=\"fg-caption-desc\">Fotograf: Jozef Mare\u010dek (https:\/\/www.facebook.com\/jozef.marecek.94)<\/div><\/div><\/figcaption><\/figure><div class=\"fg-loader\"><\/div><\/div>\t<\/div>\n\t<div class=\"fg-carousel-bottom\"><\/div>\n\t<div class=\"fg-carousel-progress\"><\/div>\n\t<button type=\"button\" class=\"fg-carousel-next\" title=\"Next\"><\/button>\n<\/div>\n<h3><span style=\"color: #808000;\">Bl\u00edzke stredisko, turistick\u00e9 centrum, obec alebo mesto:<\/span><\/h3>\n<ul>\n<li>Obec Ve\u013ek\u00fd Kamenec (\u010d\u00edtaj viac&#8230;)<\/li>\n<\/ul>\n<h2><span style=\"color: #800000;\">Mapy<\/span><\/h2>\n<p><strong>Vrstvy: <\/strong>Turistick\u00e1 mapa, Automapa, Cyklomapa, Ly\u017eiarska mapa, Satelitn\u00e1 mapa a OpenStreetMap.<\/p>\n<p><strong>Kliknut\u00edm na logo &#8222;Freemap.sk&#8220; sa V\u00e1m mapa zobraz\u00ed na celej ploche obrazovky.<\/strong><\/p>\n<p><iframe style=\"width: 900px; height: 500px; border: 0;\" src=\"https:\/\/www.freemap.sk\/?map=14\/48.358528\/21.807183&amp;info-point=48.358528\/21.807183,Klasicistick\u00fd ka\u0161tie\u013e&amp;layers=X&amp;embed=search\" allowfullscreen=\"allowfullscreen\"><\/iframe><\/p>\n<h2><span style=\"color: #800000;\">Po\u010dasie<\/span><\/h2>\n<p><iframe style=\"width: 900px; height: 624px;\" src=\"https:\/\/www.meteoblue.com\/sk\/po%C4%8Dasie\/widget\/three\/ve%c4%bek%c3%bd-kamenec_slovensk%c3%a1-republika_723251?geoloc=fixed&amp;nocurrent=0&amp;noforecast=0&amp;days=7&amp;tempunit=CELSIUS&amp;windunit=KILOMETER_PER_HOUR&amp;layout=image\" frameborder=\"0\" scrolling=\"NO\" sandbox=\"allow-same-origin allow-scripts allow-popups allow-popups-to-escape-sandbox\"><\/iframe><\/p>\n<div><!-- DO NOT REMOVE THIS LINK --><a href=\"https:\/\/www.meteoblue.com\/sk\/po%C4%8Dasie\/t%C3%BD%C5%BEde%C5%88\/ve%c4%bek%c3%bd-kamenec_slovensk%c3%a1-republika_723251?utm_source=weather_widget&amp;utm_medium=linkus&amp;utm_content=three&amp;utm_campaign=Weather%2BWidget\" target=\"_blank\" rel=\"noopener\">meteoblue<\/a><\/div>\n","protected":false},"excerpt":{"rendered":"<p>Podkateg\u00f3ria: Lokaliz\u00e1cia: Doln\u00fd Zempl\u00edn Ticho pod hradom Ve\u013ek\u00e9ho Kamenca Ke\u010f sa v podve\u010der nad Ve\u013ek\u00fdm Kamencom za\u010dne us\u00e1dza\u0165 ticho a tiene sa predl\u017euj\u00fa smerom k \u00fap\u00e4tiu kopca, kde kedysi st\u00e1l [&hellip;]<\/p>\n","protected":false},"author":1,"featured_media":48549,"parent":39934,"menu_order":0,"comment_status":"closed","ping_status":"closed","template":"","meta":{"_uag_custom_page_level_css":"","_monsterinsights_skip_tracking":false,"_monsterinsights_sitenote_active":false,"_monsterinsights_sitenote_note":"","_monsterinsights_sitenote_category":0,"footnotes":""},"class_list":["post-48527","page","type-page","status-publish","has-post-thumbnail","hentry"],"featured_image_src":"https:\/\/www.keturist.sk\/info\/wp-content\/uploads\/2022\/05\/kastiel-velky-kamenec1-1.jpg","featured_image_src_square":"https:\/\/www.keturist.sk\/info\/wp-content\/uploads\/2022\/05\/kastiel-velky-kamenec1-1.jpg","rbea_author_info":{"display_name":"admin","author_link":"https:\/\/www.keturist.sk\/info\/author\/admin\/"},"rbea_excerpt_info":"Podkateg\u00f3ria: Lokaliz\u00e1cia: Doln\u00fd Zempl\u00edn Ticho pod hradom Ve\u013ek\u00e9ho Kamenca Ke\u010f sa v podve\u010der nad Ve\u013ek\u00fdm Kamencom za\u010dne us\u00e1dza\u0165 ticho a tiene sa predl\u017euj\u00fa smerom k \u00fap\u00e4tiu kopca, kde kedysi st\u00e1l [&hellip;]","uagb_featured_image_src":{"full":["https:\/\/www.keturist.sk\/info\/wp-content\/uploads\/2022\/05\/kastiel-velky-kamenec1-1.jpg",1000,667,false],"thumbnail":["https:\/\/www.keturist.sk\/info\/wp-content\/uploads\/2022\/05\/kastiel-velky-kamenec1-1-270x180.jpg",270,180,true],"medium":["https:\/\/www.keturist.sk\/info\/wp-content\/uploads\/2022\/05\/kastiel-velky-kamenec1-1-800x534.jpg",800,534,true],"medium_large":["https:\/\/www.keturist.sk\/info\/wp-content\/uploads\/2022\/05\/kastiel-velky-kamenec1-1-768x512.jpg",768,512,true],"large":["https:\/\/www.keturist.sk\/info\/wp-content\/uploads\/2022\/05\/kastiel-velky-kamenec1-1.jpg",1000,667,false],"1536x1536":["https:\/\/www.keturist.sk\/info\/wp-content\/uploads\/2022\/05\/kastiel-velky-kamenec1-1.jpg",1000,667,false],"2048x2048":["https:\/\/www.keturist.sk\/info\/wp-content\/uploads\/2022\/05\/kastiel-velky-kamenec1-1.jpg",1000,667,false]},"uagb_author_info":{"display_name":"admin","author_link":"https:\/\/www.keturist.sk\/info\/author\/admin\/"},"uagb_comment_info":0,"uagb_excerpt":"Podkateg\u00f3ria: Lokaliz\u00e1cia: Doln\u00fd Zempl\u00edn Ticho pod hradom Ve\u013ek\u00e9ho Kamenca Ke\u010f sa v podve\u010der nad Ve\u013ek\u00fdm Kamencom za\u010dne us\u00e1dza\u0165 ticho a tiene sa predl\u017euj\u00fa smerom k \u00fap\u00e4tiu kopca, kde kedysi st\u00e1l [&hellip;]","_links":{"self":[{"href":"https:\/\/www.keturist.sk\/info\/wp-json\/wp\/v2\/pages\/48527","targetHints":{"allow":["GET"]}}],"collection":[{"href":"https:\/\/www.keturist.sk\/info\/wp-json\/wp\/v2\/pages"}],"about":[{"href":"https:\/\/www.keturist.sk\/info\/wp-json\/wp\/v2\/types\/page"}],"author":[{"embeddable":true,"href":"https:\/\/www.keturist.sk\/info\/wp-json\/wp\/v2\/users\/1"}],"replies":[{"embeddable":true,"href":"https:\/\/www.keturist.sk\/info\/wp-json\/wp\/v2\/comments?post=48527"}],"version-history":[{"count":23,"href":"https:\/\/www.keturist.sk\/info\/wp-json\/wp\/v2\/pages\/48527\/revisions"}],"predecessor-version":[{"id":73802,"href":"https:\/\/www.keturist.sk\/info\/wp-json\/wp\/v2\/pages\/48527\/revisions\/73802"}],"up":[{"embeddable":true,"href":"https:\/\/www.keturist.sk\/info\/wp-json\/wp\/v2\/pages\/39934"}],"wp:featuredmedia":[{"embeddable":true,"href":"https:\/\/www.keturist.sk\/info\/wp-json\/wp\/v2\/media\/48549"}],"wp:attachment":[{"href":"https:\/\/www.keturist.sk\/info\/wp-json\/wp\/v2\/media?parent=48527"}],"curies":[{"name":"wp","href":"https:\/\/api.w.org\/{rel}","templated":true}]}}