{"id":48357,"date":"2022-05-18T04:23:51","date_gmt":"2022-05-18T02:23:51","guid":{"rendered":"https:\/\/www.keturist.sk\/info\/?page_id=48357"},"modified":"2026-02-04T06:38:04","modified_gmt":"2026-02-04T05:38:04","slug":"hrad-velky-kamenec-zrucanina","status":"publish","type":"page","link":"https:\/\/www.keturist.sk\/info\/kam-za-pamiatkami\/kam-za-pamiatkami-smer-zemplin\/hrady-a-kastiele\/hrad-velky-kamenec-zrucanina\/","title":{"rendered":"Hrad Ve\u013ek\u00fd Kamenec &#8211; zr\u00facanina"},"content":{"rendered":"<a href=\"https:\/\/www.keturist.sk\/info\/\" class=\"su-button su-button-style-default\" style=\"color:#000000;background-color:#FFCF2F;border-color:#cca626;border-radius:5px\" target=\"_self\"><span style=\"color:#000000;padding:6px 16px;font-size:13px;line-height:20px;border-color:#ffde6e;border-radius:5px;text-shadow:none\"><i class=\"sui sui-arrow-right\" style=\"font-size:13px;color:#000000\"><\/i>  Spravodaj <\/span><\/a>\n<a href=\"https:\/\/www.keturist.sk\/info\/tipy-na-vylety\/\" class=\"su-button su-button-style-default\" style=\"color:#000000;background-color:#FFCF2F;border-color:#cca626;border-radius:5px\" target=\"_self\"><span style=\"color:#000000;padding:6px 16px;font-size:13px;line-height:20px;border-color:#ffde6e;border-radius:5px;text-shadow:none\"><i class=\"sui sui-arrow-right\" style=\"font-size:13px;color:#000000\"><\/i>  TIPY NA V\u00ddLETY <\/span><\/a>\n<a href=\"https:\/\/www.keturist.sk\/info\/kam-za-pamiatkami\/\" class=\"su-button su-button-style-default\" style=\"color:#000000;background-color:#FFCF2F;border-color:#cca626;border-radius:5px\" target=\"_self\"><span style=\"color:#000000;padding:6px 16px;font-size:13px;line-height:20px;border-color:#ffde6e;border-radius:5px;text-shadow:none\"><i class=\"sui sui-arrow-right\" style=\"font-size:13px;color:#000000\"><\/i>  Kam za pamiatkami <\/span><\/a>\n<a href=\"https:\/\/www.keturist.sk\/info\/kam-za-pamiatkami\/kam-za-pamiatkami-smer-zemplin\/\" class=\"su-button su-button-style-default\" style=\"color:#000000;background-color:#FFCF2F;border-color:#cca626;border-radius:5px\" target=\"_self\"><span style=\"color:#000000;padding:6px 16px;font-size:13px;line-height:20px;border-color:#ffde6e;border-radius:5px;text-shadow:none\"><i class=\"sui sui-arrow-right\" style=\"font-size:13px;color:#000000\"><\/i>  smer Doln\u00fd Zempl\u00edn <\/span><\/a>\n<div class=\"su-divider su-divider-style-default\" style=\"margin:15px 0;border-width:0px;border-color:#000000\"><\/div>\n<p><strong>Podkateg\u00f3ria: <\/strong> <a href=\"https:\/\/www.keturist.sk\/info\/kam-za-pamiatkami\/kam-za-pamiatkami-smer-zemplin\/hrady-a-kastiele\/\" class=\"su-button su-button-style-default\" style=\"color:#000000;background-color:#afd144;border-color:#8ca837;border-radius:5px\" target=\"_self\"><span style=\"color:#000000;padding:6px 16px;font-size:13px;line-height:20px;border-color:#c7df7d;border-radius:5px;text-shadow:none\"><i class=\"sui sui-arrow-right\" style=\"font-size:13px;color:#000000\"><\/i>  Hrady a ka\u0161tiele <\/span><\/a>\n<div class=\"su-divider su-divider-style-default\" style=\"margin:15px 0;border-width:0px;border-color:#000000\"><\/div>\n<p><strong>Lokaliz\u00e1cia: <\/strong> <a href=\"https:\/\/www.keturist.sk\/info\/vseobecne-informacie\/zemplin\/\">Doln\u00fd Zempl\u00edn<\/a><\/p>\n<div class=\"su-divider su-divider-style-default\" style=\"margin:15px 0;border-width:2px;border-color:#000000\"><\/div>\n<figure id=\"attachment_48552\" aria-describedby=\"caption-attachment-48552\" style=\"width: 900px\" class=\"wp-caption aligncenter\"><a href=\"https:\/\/www.keturist.sk\/info\/wp-content\/uploads\/2022\/05\/hrad-velky-kamenc2.jpg\"><img loading=\"lazy\" decoding=\"async\" class=\"wp-image-48552\" src=\"https:\/\/www.keturist.sk\/info\/wp-content\/uploads\/2022\/05\/hrad-velky-kamenc2-800x534.jpg\" alt=\"Hrad Ve\u013ek\u00fd Kamenec\" width=\"900\" height=\"600\" srcset=\"https:\/\/www.keturist.sk\/info\/wp-content\/uploads\/2022\/05\/hrad-velky-kamenc2-800x534.jpg 800w, https:\/\/www.keturist.sk\/info\/wp-content\/uploads\/2022\/05\/hrad-velky-kamenc2-270x180.jpg 270w, https:\/\/www.keturist.sk\/info\/wp-content\/uploads\/2022\/05\/hrad-velky-kamenc2-768x512.jpg 768w, https:\/\/www.keturist.sk\/info\/wp-content\/uploads\/2022\/05\/hrad-velky-kamenc2.jpg 1000w\" sizes=\"auto, (max-width: 900px) 100vw, 900px\" \/><\/a><figcaption id=\"caption-attachment-48552\" class=\"wp-caption-text\">Hrad Ve\u013ek\u00fd Kamenec , Fotograf: Jozef Mare\u010dek (https:\/\/www.facebook.com\/jozef.marecek.94)<\/figcaption><\/figure>\n<div class=\"su-divider su-divider-style-default\" style=\"margin:15px 0;border-width:2px;border-color:#000000\"><\/div>\n<h2 class=\"text-text-100 mt-3 -mb-1 text-[1.375rem] font-bold\"><span style=\"color: #800000;\">\u010co v\u0161etko pre\u017eil hrad Ve\u013ek\u00fd Kamenec a pre\u010do by nemal ch\u00fdba\u0165 na va\u0161om v\u00fdlete?<\/span><\/h2>\n<div>\n<div class=\"standard-markdown grid-cols-1 grid [&amp;_&gt;_*]:min-w-0 gap-3\">\n<p class=\"font-claude-response-body break-words whitespace-normal leading-[1.7]\">Predstavte si rok 1458. Na hradnom n\u00e1dvor\u00ed sa oz\u00fdvaj\u00fa kroky ozbrojen\u00fdch mu\u017eov \u2013 <strong>bratr\u00edckych vojakov<\/strong> kapit\u00e1na <a href=\"https:\/\/sk.wikipedia.org\/wiki\/Peter_Aksamit\" target=\"_blank\" rel=\"noopener\">Petra Aksamita<\/a>, ktor\u00ed pr\u00e1ve dobyli tento strategick\u00fd <strong>hrad<\/strong>. T\u00edto \u017eoldnieri, p\u00f4vodne najat\u00ed na ochranu Uhorska pred Turkami, sa zmenili na ob\u00e1van\u00fa bojov\u00fa silu, ktor\u00e1 sa nevzd\u00e1vala ani najopevnenej\u0161\u00edch <strong>hradov<\/strong>.\u00a0M\u00fary e\u0161te d\u00fdchaj\u00fa stopami boja, no nov\u00ed pano\u0161i u\u017e pl\u00e1nuj\u00fa opravy. O rok nesk\u00f4r v\u0161ak pred br\u00e1nami zaznie dunenie kop\u00fdt kr\u00e1\u013eovsk\u00e9ho vojska&#8230; Takto turbulentne sa p\u00edsal pr\u00edbeh <strong>hradu Ve\u013ek\u00fd Kamenec<\/strong>, ktor\u00fd sa za st\u00e1ro\u010dia menil z r\u00fak do r\u00fak, pre\u017eil vp\u00e1dy, sprisahania aj cis\u00e1rsky hnev.<\/p>\n<\/div>\n<\/div>\n<div>\n<div class=\"standard-markdown grid-cols-1 grid [&amp;_&gt;_*]:min-w-0 gap-3\">\n<p class=\"font-claude-response-body break-words whitespace-normal leading-[1.7]\"><strong>Hrad Ve\u013ek\u00fd Kamenec<\/strong> patr\u00ed medzi fascinuj\u00face <strong>gotick\u00e9 pamiatky<\/strong> stredn\u00e9ho Slovenska, ktor\u00e9 si zasl\u00fa\u017eia va\u0161u pozornos\u0165. T\u00e1to <strong>zr\u00facanina stredovek\u00e9ho hradu<\/strong> z polovice 13. storo\u010dia sa nach\u00e1dza v malebnej obci <strong>Ve\u013ek\u00fd Kamenec<\/strong> a pon\u00faka n\u00e1v\u0161tevn\u00edkom jedine\u010dn\u00fd poh\u013ead do turbulentnej hist\u00f3rie regi\u00f3nu.<\/p>\n<\/div>\n<\/div>\n<h2 class=\"text-text-100 mt-3 -mb-1 text-[1.125rem] font-bold\"><span style=\"color: #800000;\">Kde n\u00e1jdete hrad Ve\u013ek\u00fd Kamenec a kedy bol postaven\u00fd?<\/span><\/h2>\n<p class=\"font-claude-response-body break-words whitespace-normal leading-[1.7]\"><strong>Hrad Ve\u013ek\u00fd Kamenec<\/strong> sa t\u00fd\u010di v rovnomennej obci Ve\u013ek\u00fd Kamenec. Strategicky umiestnen\u00fd <strong>str\u00e1\u017eny hrad<\/strong> bol postaven\u00fd po mongolskom vp\u00e1de, no prv\u00e1 p\u00edsomn\u00e1 spr\u00e1va o tomto <strong>historickom objekte<\/strong> poch\u00e1dza a\u017e z roku 1323.<\/p>\n<h2 class=\"text-text-100 mt-3 -mb-1 text-[1.125rem] font-bold\"><span style=\"color: #800000;\">Ktor\u00e9 \u0161\u013eachtick\u00e9 rody vlastnili hrad Ve\u013ek\u00fd Kamenec?<\/span><\/h2>\n<p class=\"font-claude-response-body break-words whitespace-normal leading-[1.7]\">V roku 1323 <strong>hrad<\/strong> pripadol vplyvn\u00fdm <strong>\u0161\u013eachtick\u00fdm rodom \u0160\u00f3\u0161ovcom<\/strong> (So\u00f3sovcom) a <strong>Zerdaheliovcom<\/strong> (Szerdahelyovcom). V roku 1438 v\u0161ak u\u017e bol <strong>hrad<\/strong> kv\u00f4li nezhod\u00e1m teraj\u0161\u00edch majite\u013eov vo ve\u013emi zlom stave.<\/p>\n<p class=\"font-claude-response-body break-words whitespace-normal leading-[1.7]\">V roku 1458 sa <strong>hrad<\/strong> dostal do r\u00fak <strong>bratr\u00edckych vojsk<\/strong> kapit\u00e1na <a href=\"https:\/\/sk.wikipedia.org\/wiki\/Peter_Aksamit\" target=\"_blank\" rel=\"noopener\">Petra Aksamita<\/a>. Pos\u00e1dka <strong>bratr\u00edckych vojsk hrad<\/strong> opravila a ostala tu a\u017e do roku 1459. V tomto roku ho z\u00edskalo nasp\u00e4\u0165 vojsko kr\u00e1\u013ea <a href=\"https:\/\/sk.wikipedia.org\/wiki\/Matej_I.\" target=\"_blank\" rel=\"noopener\">Mateja I. (Korv\u00edna)<\/a>, ktor\u00e9 viedol kapit\u00e1n \u0160tefan z Rozhanoviec.<\/p>\n<p class=\"font-claude-response-body break-words whitespace-normal leading-[1.7]\">N\u00e1sledne koncom 15. storo\u010dia vykonali <strong>\u0160\u00f3\u0161ovci<\/strong> (So\u00f3sovci) na <strong>hrade<\/strong> ve\u013ek\u00e9 opravy a vybudovali nov\u00e9 mas\u00edvne <strong>opevnenie<\/strong>.<\/p>\n<h2 class=\"text-text-100 mt-3 -mb-1 text-[1.125rem] font-bold\"><span style=\"color: #800000;\">Pre\u010do cis\u00e1rske vojsko zb\u00faralo hrad Ve\u013ek\u00fd Kamenec?<\/span><\/h2>\n<p class=\"font-claude-response-body break-words whitespace-normal leading-[1.7]\">V 17. storo\u010d\u00ed ho obsadilo cis\u00e1rske vojsko v roku 1672 a o rok nesk\u00f4r zb\u00faralo. Jeho vtedaj\u0161\u00ed majite\u013e Juraj \u0160\u00f3\u0161 (So\u00f3s) sa akt\u00edvne z\u00fa\u010dastnil <a href=\"https:\/\/sk.wikipedia.org\/wiki\/Ve%C5%A1el%C3%A9niho_sprisahanie\" target=\"_blank\" rel=\"noopener\"><strong>Ve\u0161el\u00e9niho<\/strong> (Wessel\u00e9nyiho) <strong>sprisahania<\/strong><\/a>, \u010do bolo <strong>protihabsbursk\u00e9 \u0161\u013eachtick\u00e9 povstanie<\/strong>.<\/p>\n<p class=\"font-claude-response-body break-words whitespace-normal leading-[1.7]\">V roku 1690 <strong>hrad<\/strong> aj s majetkom vr\u00e1tili s povolen\u00edm cis\u00e1ra Jozef I. Habsbursk\u00fd vdove po Jurajovi \u0160\u00f3\u0161ovi. Spom\u00ednan\u00e1 zemepansk\u00e1 rodina dala koncom 17. storo\u010dia pod <strong>ruinami hradu<\/strong> vystava\u0165 <a href=\"https:\/\/www.keturist.sk\/info\/kam-za-pamiatkami\/kam-za-pamiatkami-smer-zemplin\/hrady-a-kastiele\/klasicisticky-kastiel-v-obci-velky-kamenec\/\"><strong>ka\u0161tie\u013e<\/strong><\/a>.<\/p>\n<h2 class=\"text-text-100 mt-3 -mb-1 text-[1.125rem] font-bold\"><span style=\"color: #800000;\">\u010co zostalo zachovan\u00e9 na zr\u00facanine hradu Ve\u013ek\u00fd Kamenec?<\/span><\/h2>\n<p class=\"font-claude-response-body break-words whitespace-normal leading-[1.7]\">Z <strong>hradu<\/strong>, ktor\u00fd m\u00e1 <strong>trojuholn\u00edkov\u00fd p\u00f4dorys<\/strong>, sa zachovalo nieko\u013eko m\u00farov, n\u00e1ro\u017en\u00e1 p\u00e4\u0165bok\u00e1 mas\u00edvna <strong>ba\u0161ta<\/strong> a zna\u010dne zni\u010den\u00e1 okr\u00fahla delov\u00e1 <strong>ba\u0161ta<\/strong>. Na <strong>polygon\u00e1lnej ba\u0161te<\/strong> s pri\u013eahl\u00fdm m\u00farom sa zachovali <strong>delov\u00e9 strie\u013ene<\/strong> a otvory okien. Na mieste, kde bolo n\u00e1dvorie, je do kame\u0148a vysekan\u00e1 <strong>cisterna<\/strong>.<\/p>\n<h2 class=\"text-text-100 mt-3 -mb-1 text-[1.125rem] font-bold\"><span style=\"color: #800000;\">Ak\u00e9 v\u00fdh\u013eady m\u00f4\u017eete o\u010dak\u00e1va\u0165 z hradu Ve\u013ek\u00fd Kamenec?<\/span><\/h2>\n<p class=\"font-claude-response-body break-words whitespace-normal leading-[1.7]\"><strong>Hradn\u00e9 n\u00e1vr\u0161ie<\/strong> pon\u00faka n\u00e1v\u0161tevn\u00edkom <strong>kr\u00e1sne v\u00fdh\u013eady<\/strong> na obec <strong>Ve\u013ek\u00fd Kamenec<\/strong> a okolit\u00fa <strong>malebn\u00fa krajinu<\/strong>. Tento <strong>turistick\u00fd cie\u013e<\/strong> je ide\u00e1lny pre milovn\u00edkov <strong>hist\u00f3rie<\/strong>, <strong>architekt\u00fary<\/strong> a <strong>panoramatick\u00fdch v\u00fdh\u013eadov<\/strong>.<\/p>\n<h2 class=\"text-text-100 mt-3 -mb-1 text-[1.125rem] font-bold\"><span style=\"color: #800000;\">Ako sa dosta\u0165 na hrad Ve\u013ek\u00fd Kamenec?<\/span><\/h2>\n<p class=\"font-claude-response-body break-words whitespace-normal leading-[1.7]\"><strong>Pr\u00edstup k zr\u00facanine<\/strong> je z obce <strong>Ve\u013ek\u00fd Kamenec<\/strong>. Zaparkova\u0165 mo\u017eno pod <strong>hradom<\/strong> pri <strong>ka\u0161tieli<\/strong>, odkia\u013e sa vyd\u00e1te po kr\u00e1tkom v\u00fdstupe na <strong>hradn\u00e9 n\u00e1vr\u0161ie<\/strong>.<\/p>\n<h2><span style=\"color: #800000;\">Fotogal\u00e9ria<\/span><\/h2>\n<style type=\"text\/css\">\n#foogallery-gallery-73696 .fg-image { width: 200px; }<\/style>\n\t\t\t<div class=\"foogallery foogallery-container foogallery-carousel foogallery-lightbox-foogallery fg-carousel fg-ready fg-light fg-border-medium fg-round-small fg-shadow-medium fg-loading-default fg-loaded-fade-in fg-hover-semi-zoomed fg-hover-fade fg-hover-circle-plus2\" id=\"foogallery-gallery-73696\" data-foogallery=\"{&quot;item&quot;:{&quot;showCaptionTitle&quot;:true,&quot;showCaptionDescription&quot;:true},&quot;lazy&quot;:true,&quot;template&quot;:{&quot;maxItems&quot;:5,&quot;scale&quot;:0.11999999999999999555910790149937383830547332763671875,&quot;gutter&quot;:{&quot;min&quot;:-40,&quot;max&quot;:-20,&quot;unit&quot;:&quot;%&quot;},&quot;autoplay&quot;:{&quot;time&quot;:0,&quot;interaction&quot;:&quot;pause&quot;},&quot;centerOnClick&quot;:true,&quot;align&quot;:&quot;center&quot;,&quot;activePosition&quot;:&quot;center&quot;}}\" data-foogallery-lightbox=\"{&quot;thumbs&quot;:&quot;bottom&quot;,&quot;thumbsCaptions&quot;:false,&quot;thumbsBestFit&quot;:false,&quot;thumbsSmall&quot;:false,&quot;thumbsCaptionsAlign&quot;:&quot;default&quot;,&quot;info&quot;:&quot;bottom&quot;,&quot;infoVisible&quot;:true,&quot;infoOverlay&quot;:true,&quot;infoAlign&quot;:&quot;default&quot;,&quot;transition&quot;:&quot;fade&quot;,&quot;hoverButtons&quot;:false,&quot;fitMedia&quot;:false,&quot;noScrollbars&quot;:true,&quot;preserveButtonSpace&quot;:true,&quot;buttons&quot;:{&quot;fullscreen&quot;:true,&quot;info&quot;:true,&quot;thumbs&quot;:false},&quot;video&quot;:{&quot;autoPlay&quot;:true}}\" style=\"--fg-title-line-clamp: 1; --fg-description-line-clamp: 2;\" >\n\t<button type=\"button\" class=\"fg-carousel-prev\" title=\"Previous\"><\/button>\n\t<div class=\"fg-carousel-inner\">\n\t\t<div class=\"fg-carousel-center\"><\/div>\n\t\t<div class=\"fg-item fg-type-image fg-idle\"><figure class=\"fg-item-inner\"><a href=\"https:\/\/www.keturist.sk\/info\/wp-content\/uploads\/2022\/05\/hrad-velky-kamenc2.jpg\" data-caption-title=\"Hrad Ve\u013ek\u00fd Kamenec \u2013 zr\u00facanina\" data-caption-desc=\"Fotograf: Jozef Mare\u010dek (https:\/\/www.facebook.com\/jozef.marecek.94)\" data-attachment-id=\"48552\" data-type=\"image\" class=\"fg-thumb\"><span class=\"fg-image-wrap\"><img decoding=\"async\" alt=\"Hrad Ve\u013ek\u00fd Kamenec \u2013 zr\u00facanina\" title=\"Hrad Ve\u013ek\u00fd Kamenec \u2013 zr\u00facanina\" width=\"200\" height=\"200\" class=\"skip-lazy fg-image\" data-src-fg=\"https:\/\/www.keturist.sk\/info\/wp-content\/uploads\/cache\/2022\/05\/hrad-velky-kamenc2\/3513806815.jpg\" src=\"data:image\/svg+xml,%3Csvg%20xmlns%3D%22http%3A%2F%2Fwww.w3.org%2F2000%2Fsvg%22%20width%3D%22200%22%20height%3D%22200%22%20viewBox%3D%220%200%20200%20200%22%3E%3C%2Fsvg%3E\" loading=\"eager\"><\/span><span class=\"fg-image-overlay\"><\/span><\/a><figcaption class=\"fg-caption\"><div class=\"fg-caption-inner\"><div class=\"fg-caption-title\">Hrad Ve\u013ek\u00fd Kamenec \u2013 zr\u00facanina<\/div><div class=\"fg-caption-desc\">Fotograf: Jozef Mare\u010dek (https:\/\/www.facebook.com\/jozef.marecek.94)<\/div><\/div><\/figcaption><\/figure><div class=\"fg-loader\"><\/div><\/div><div class=\"fg-item fg-type-image fg-idle\"><figure class=\"fg-item-inner\"><a href=\"https:\/\/www.keturist.sk\/info\/wp-content\/uploads\/2022\/05\/hrad-velky-kamenc1.jpg\" data-caption-title=\"Hrad Ve\u013ek\u00fd Kamenec \u2013 zr\u00facanina\" data-caption-desc=\"Fotograf: Jozef Mare\u010dek (https:\/\/www.facebook.com\/jozef.marecek.94)\" data-attachment-id=\"48551\" data-type=\"image\" class=\"fg-thumb\"><span class=\"fg-image-wrap\"><img decoding=\"async\" alt=\"Hrad Ve\u013ek\u00fd Kamenec \u2013 zr\u00facanina\" title=\"Hrad Ve\u013ek\u00fd Kamenec \u2013 zr\u00facanina\" width=\"200\" height=\"200\" class=\"skip-lazy fg-image\" data-src-fg=\"https:\/\/www.keturist.sk\/info\/wp-content\/uploads\/cache\/2022\/05\/hrad-velky-kamenc1\/2436746115.jpg\" src=\"data:image\/svg+xml,%3Csvg%20xmlns%3D%22http%3A%2F%2Fwww.w3.org%2F2000%2Fsvg%22%20width%3D%22200%22%20height%3D%22200%22%20viewBox%3D%220%200%20200%20200%22%3E%3C%2Fsvg%3E\" loading=\"eager\"><\/span><span class=\"fg-image-overlay\"><\/span><\/a><figcaption class=\"fg-caption\"><div class=\"fg-caption-inner\"><div class=\"fg-caption-title\">Hrad Ve\u013ek\u00fd Kamenec \u2013 zr\u00facanina<\/div><div class=\"fg-caption-desc\">Fotograf: Jozef Mare\u010dek (https:\/\/www.facebook.com\/jozef.marecek.94)<\/div><\/div><\/figcaption><\/figure><div class=\"fg-loader\"><\/div><\/div><div class=\"fg-item fg-type-image fg-idle\"><figure class=\"fg-item-inner\"><a href=\"https:\/\/www.keturist.sk\/info\/wp-content\/uploads\/2022\/05\/kastiel-velky-kamenec2-1.jpg\" data-caption-title=\"Hrad a ka\u0161tie\u013e Ve\u013ek\u00fd Kamenec\" data-caption-desc=\"Fotograf: Jozef Mare\u010dek (https:\/\/www.facebook.com\/jozef.marecek.94)\" data-attachment-id=\"48550\" data-type=\"image\" class=\"fg-thumb\"><span class=\"fg-image-wrap\"><img decoding=\"async\" alt=\"Hrad a ka\u0161tie\u013e Ve\u013ek\u00fd Kamenec\" title=\"Hrad a ka\u0161tie\u013e Ve\u013ek\u00fd Kamenec\" width=\"200\" height=\"200\" class=\"skip-lazy fg-image\" data-src-fg=\"https:\/\/www.keturist.sk\/info\/wp-content\/uploads\/cache\/2022\/05\/kastiel-velky-kamenec2-1\/2130840132.jpg\" src=\"data:image\/svg+xml,%3Csvg%20xmlns%3D%22http%3A%2F%2Fwww.w3.org%2F2000%2Fsvg%22%20width%3D%22200%22%20height%3D%22200%22%20viewBox%3D%220%200%20200%20200%22%3E%3C%2Fsvg%3E\" loading=\"eager\"><\/span><span class=\"fg-image-overlay\"><\/span><\/a><figcaption class=\"fg-caption\"><div class=\"fg-caption-inner\"><div class=\"fg-caption-title\">Hrad a ka\u0161tie\u013e Ve\u013ek\u00fd Kamenec<\/div><div class=\"fg-caption-desc\">Fotograf: Jozef Mare\u010dek (https:\/\/www.facebook.com\/jozef.marecek.94)<\/div><\/div><\/figcaption><\/figure><div class=\"fg-loader\"><\/div><\/div><div class=\"fg-item fg-type-image fg-idle\"><figure class=\"fg-item-inner\"><a href=\"https:\/\/www.keturist.sk\/info\/wp-content\/uploads\/2022\/05\/hrad-velky-kamenc4.jpg\" data-caption-title=\"Hrad Ve\u013ek\u00fd Kamenec \u2013 zr\u00facanina\" data-caption-desc=\"Fotograf: Jozef Mare\u010dek (https:\/\/www.facebook.com\/jozef.marecek.94)\" data-attachment-id=\"48554\" data-type=\"image\" class=\"fg-thumb\"><span class=\"fg-image-wrap\"><img decoding=\"async\" alt=\"Hrad Ve\u013ek\u00fd Kamenec \u2013 zr\u00facanina\" title=\"Hrad Ve\u013ek\u00fd Kamenec \u2013 zr\u00facanina\" width=\"200\" height=\"200\" class=\"skip-lazy fg-image\" data-src-fg=\"https:\/\/www.keturist.sk\/info\/wp-content\/uploads\/cache\/2022\/05\/hrad-velky-kamenc4\/3631609310.jpg\" src=\"data:image\/svg+xml,%3Csvg%20xmlns%3D%22http%3A%2F%2Fwww.w3.org%2F2000%2Fsvg%22%20width%3D%22200%22%20height%3D%22200%22%20viewBox%3D%220%200%20200%20200%22%3E%3C%2Fsvg%3E\" loading=\"eager\"><\/span><span class=\"fg-image-overlay\"><\/span><\/a><figcaption class=\"fg-caption\"><div class=\"fg-caption-inner\"><div class=\"fg-caption-title\">Hrad Ve\u013ek\u00fd Kamenec \u2013 zr\u00facanina<\/div><div class=\"fg-caption-desc\">Fotograf: Jozef Mare\u010dek (https:\/\/www.facebook.com\/jozef.marecek.94)<\/div><\/div><\/figcaption><\/figure><div class=\"fg-loader\"><\/div><\/div><div class=\"fg-item fg-type-image fg-idle\"><figure class=\"fg-item-inner\"><a href=\"https:\/\/www.keturist.sk\/info\/wp-content\/uploads\/2022\/05\/hrad-velky-kamenc3.jpg\" data-caption-title=\"Hrad Ve\u013ek\u00fd Kamenec \u2013 zr\u00facanina\" data-caption-desc=\"Fotograf: Jozef Mare\u010dek (https:\/\/www.facebook.com\/jozef.marecek.94)\" data-attachment-id=\"48553\" data-type=\"image\" class=\"fg-thumb\"><span class=\"fg-image-wrap\"><img decoding=\"async\" alt=\"Hrad Ve\u013ek\u00fd Kamenec \u2013 zr\u00facanina\" title=\"Hrad Ve\u013ek\u00fd Kamenec \u2013 zr\u00facanina\" width=\"200\" height=\"200\" class=\"skip-lazy fg-image\" data-src-fg=\"https:\/\/www.keturist.sk\/info\/wp-content\/uploads\/cache\/2022\/05\/hrad-velky-kamenc3\/3556191460.jpg\" src=\"data:image\/svg+xml,%3Csvg%20xmlns%3D%22http%3A%2F%2Fwww.w3.org%2F2000%2Fsvg%22%20width%3D%22200%22%20height%3D%22200%22%20viewBox%3D%220%200%20200%20200%22%3E%3C%2Fsvg%3E\" loading=\"eager\"><\/span><span class=\"fg-image-overlay\"><\/span><\/a><figcaption class=\"fg-caption\"><div class=\"fg-caption-inner\"><div class=\"fg-caption-title\">Hrad Ve\u013ek\u00fd Kamenec \u2013 zr\u00facanina<\/div><div class=\"fg-caption-desc\">Fotograf: Jozef Mare\u010dek (https:\/\/www.facebook.com\/jozef.marecek.94)<\/div><\/div><\/figcaption><\/figure><div class=\"fg-loader\"><\/div><\/div><div class=\"fg-item fg-type-image fg-idle\"><figure class=\"fg-item-inner\"><a href=\"https:\/\/www.keturist.sk\/info\/wp-content\/uploads\/2022\/05\/kastiel-velky-kamenec3-1.jpg\" data-caption-title=\"Hrad a ka\u0161tie\u013e Ve\u013ek\u00fd Kamenec\" data-caption-desc=\"Fotograf: Jozef Mare\u010dek (https:\/\/www.facebook.com\/jozef.marecek.94)\" data-attachment-id=\"48555\" data-type=\"image\" class=\"fg-thumb\"><span class=\"fg-image-wrap\"><img decoding=\"async\" alt=\"Hrad a ka\u0161tie\u013e Ve\u013ek\u00fd Kamenec\" title=\"Hrad a ka\u0161tie\u013e Ve\u013ek\u00fd Kamenec\" width=\"200\" height=\"200\" class=\"skip-lazy fg-image\" data-src-fg=\"https:\/\/www.keturist.sk\/info\/wp-content\/uploads\/cache\/2022\/05\/kastiel-velky-kamenec3-1\/2609501252.jpg\" src=\"data:image\/svg+xml,%3Csvg%20xmlns%3D%22http%3A%2F%2Fwww.w3.org%2F2000%2Fsvg%22%20width%3D%22200%22%20height%3D%22200%22%20viewBox%3D%220%200%20200%20200%22%3E%3C%2Fsvg%3E\" loading=\"eager\"><\/span><span class=\"fg-image-overlay\"><\/span><\/a><figcaption class=\"fg-caption\"><div class=\"fg-caption-inner\"><div class=\"fg-caption-title\">Hrad a ka\u0161tie\u013e Ve\u013ek\u00fd Kamenec<\/div><div class=\"fg-caption-desc\">Fotograf: Jozef Mare\u010dek (https:\/\/www.facebook.com\/jozef.marecek.94)<\/div><\/div><\/figcaption><\/figure><div class=\"fg-loader\"><\/div><\/div>\t<\/div>\n\t<div class=\"fg-carousel-bottom\"><\/div>\n\t<div class=\"fg-carousel-progress\"><\/div>\n\t<button type=\"button\" class=\"fg-carousel-next\" title=\"Next\"><\/button>\n<\/div>\n<h2><span style=\"color: #800000;\">Zauj\u00edmav\u00e9 odkazy<\/span><\/h2>\n<h3><span style=\"color: #808000;\">Bl\u00edzke stredisko, turistick\u00e9 centrum, obec alebo mesto:<\/span><\/h3>\n<ul>\n<li>Obec Ve\u013ek\u00fd Kamenec (\u010d\u00edtaj viac&#8230;)<\/li>\n<\/ul>\n<h2><span style=\"color: #800000;\">Mapy<\/span><\/h2>\n<p><strong>Vrstvy: <\/strong>Turistick\u00e1 mapa, Automapa, Cyklomapa, Ly\u017eiarska mapa, Satelitn\u00e1 mapa a OpenStreetMap.<\/p>\n<p><strong>Kliknut\u00edm na logo &#8222;Freemap.sk&#8220; sa V\u00e1m mapa zobraz\u00ed na celej ploche obrazovky.<\/strong><\/p>\n<p><iframe style=\"width: 900px; height: 500px; border: 0;\" src=\"https:\/\/www.freemap.sk\/?map=14\/48.358732\/21.808014&amp;info-point=48.358732\/21.808014,Hrad Ve\u013ek\u00fd Kamenec&amp;layers=X&amp;embed=search\" allowfullscreen=\"allowfullscreen\"><\/iframe><\/p>\n<h2><span style=\"color: #800000;\">Po\u010dasie<\/span><\/h2>\n<p><iframe style=\"width: 900px; height: 624px;\" src=\"https:\/\/www.meteoblue.com\/sk\/po%C4%8Dasie\/widget\/three\/ve%c4%bek%c3%bd-kamenec_slovensk%c3%a1-republika_723251?geoloc=fixed&amp;nocurrent=0&amp;noforecast=0&amp;days=7&amp;tempunit=CELSIUS&amp;windunit=KILOMETER_PER_HOUR&amp;layout=image\" frameborder=\"0\" scrolling=\"NO\" sandbox=\"allow-same-origin allow-scripts allow-popups allow-popups-to-escape-sandbox\"><\/iframe><\/p>\n<div><!-- DO NOT REMOVE THIS LINK --><a href=\"https:\/\/www.meteoblue.com\/sk\/po%C4%8Dasie\/t%C3%BD%C5%BEde%C5%88\/ve%c4%bek%c3%bd-kamenec_slovensk%c3%a1-republika_723251?utm_source=weather_widget&amp;utm_medium=linkus&amp;utm_content=three&amp;utm_campaign=Weather%2BWidget\" target=\"_blank\" rel=\"noopener\">meteoblue<\/a><\/div>\n","protected":false},"excerpt":{"rendered":"<p>Podkateg\u00f3ria: Lokaliz\u00e1cia: Doln\u00fd Zempl\u00edn \u010co v\u0161etko pre\u017eil hrad Ve\u013ek\u00fd Kamenec a pre\u010do by nemal ch\u00fdba\u0165 na va\u0161om v\u00fdlete? Predstavte si rok 1458. Na hradnom n\u00e1dvor\u00ed sa oz\u00fdvaj\u00fa kroky ozbrojen\u00fdch mu\u017eov [&hellip;]<\/p>\n","protected":false},"author":1,"featured_media":48552,"parent":39934,"menu_order":0,"comment_status":"closed","ping_status":"closed","template":"","meta":{"_uag_custom_page_level_css":"","_monsterinsights_skip_tracking":false,"_monsterinsights_sitenote_active":false,"_monsterinsights_sitenote_note":"","_monsterinsights_sitenote_category":0,"footnotes":""},"class_list":["post-48357","page","type-page","status-publish","has-post-thumbnail","hentry"],"featured_image_src":"https:\/\/www.keturist.sk\/info\/wp-content\/uploads\/2022\/05\/hrad-velky-kamenc2.jpg","featured_image_src_square":"https:\/\/www.keturist.sk\/info\/wp-content\/uploads\/2022\/05\/hrad-velky-kamenc2.jpg","rbea_author_info":{"display_name":"admin","author_link":"https:\/\/www.keturist.sk\/info\/author\/admin\/"},"rbea_excerpt_info":"Podkateg\u00f3ria: Lokaliz\u00e1cia: Doln\u00fd Zempl\u00edn \u010co v\u0161etko pre\u017eil hrad Ve\u013ek\u00fd Kamenec a pre\u010do by nemal ch\u00fdba\u0165 na va\u0161om v\u00fdlete? Predstavte si rok 1458. Na hradnom n\u00e1dvor\u00ed sa oz\u00fdvaj\u00fa kroky ozbrojen\u00fdch mu\u017eov [&hellip;]","uagb_featured_image_src":{"full":["https:\/\/www.keturist.sk\/info\/wp-content\/uploads\/2022\/05\/hrad-velky-kamenc2.jpg",1000,667,false],"thumbnail":["https:\/\/www.keturist.sk\/info\/wp-content\/uploads\/2022\/05\/hrad-velky-kamenc2-270x180.jpg",270,180,true],"medium":["https:\/\/www.keturist.sk\/info\/wp-content\/uploads\/2022\/05\/hrad-velky-kamenc2-800x534.jpg",800,534,true],"medium_large":["https:\/\/www.keturist.sk\/info\/wp-content\/uploads\/2022\/05\/hrad-velky-kamenc2-768x512.jpg",768,512,true],"large":["https:\/\/www.keturist.sk\/info\/wp-content\/uploads\/2022\/05\/hrad-velky-kamenc2.jpg",1000,667,false],"1536x1536":["https:\/\/www.keturist.sk\/info\/wp-content\/uploads\/2022\/05\/hrad-velky-kamenc2.jpg",1000,667,false],"2048x2048":["https:\/\/www.keturist.sk\/info\/wp-content\/uploads\/2022\/05\/hrad-velky-kamenc2.jpg",1000,667,false]},"uagb_author_info":{"display_name":"admin","author_link":"https:\/\/www.keturist.sk\/info\/author\/admin\/"},"uagb_comment_info":0,"uagb_excerpt":"Podkateg\u00f3ria: Lokaliz\u00e1cia: Doln\u00fd Zempl\u00edn \u010co v\u0161etko pre\u017eil hrad Ve\u013ek\u00fd Kamenec a pre\u010do by nemal ch\u00fdba\u0165 na va\u0161om v\u00fdlete? Predstavte si rok 1458. Na hradnom n\u00e1dvor\u00ed sa oz\u00fdvaj\u00fa kroky ozbrojen\u00fdch mu\u017eov [&hellip;]","_links":{"self":[{"href":"https:\/\/www.keturist.sk\/info\/wp-json\/wp\/v2\/pages\/48357","targetHints":{"allow":["GET"]}}],"collection":[{"href":"https:\/\/www.keturist.sk\/info\/wp-json\/wp\/v2\/pages"}],"about":[{"href":"https:\/\/www.keturist.sk\/info\/wp-json\/wp\/v2\/types\/page"}],"author":[{"embeddable":true,"href":"https:\/\/www.keturist.sk\/info\/wp-json\/wp\/v2\/users\/1"}],"replies":[{"embeddable":true,"href":"https:\/\/www.keturist.sk\/info\/wp-json\/wp\/v2\/comments?post=48357"}],"version-history":[{"count":32,"href":"https:\/\/www.keturist.sk\/info\/wp-json\/wp\/v2\/pages\/48357\/revisions"}],"predecessor-version":[{"id":73786,"href":"https:\/\/www.keturist.sk\/info\/wp-json\/wp\/v2\/pages\/48357\/revisions\/73786"}],"up":[{"embeddable":true,"href":"https:\/\/www.keturist.sk\/info\/wp-json\/wp\/v2\/pages\/39934"}],"wp:featuredmedia":[{"embeddable":true,"href":"https:\/\/www.keturist.sk\/info\/wp-json\/wp\/v2\/media\/48552"}],"wp:attachment":[{"href":"https:\/\/www.keturist.sk\/info\/wp-json\/wp\/v2\/media?parent=48357"}],"curies":[{"name":"wp","href":"https:\/\/api.w.org\/{rel}","templated":true}]}}