{"id":48045,"date":"2022-04-26T11:45:30","date_gmt":"2022-04-26T09:45:30","guid":{"rendered":"https:\/\/www.keturist.sk\/info\/?page_id=48045"},"modified":"2026-02-15T08:11:44","modified_gmt":"2026-02-15T07:11:44","slug":"premonstratsky-klastor-v-obci-leles","status":"publish","type":"page","link":"https:\/\/www.keturist.sk\/info\/kam-za-pamiatkami\/kam-za-pamiatkami-smer-zemplin\/nabozenske-pamiatky\/premonstratsky-klastor-v-obci-leles\/","title":{"rendered":"Premon\u0161tr\u00e1tsky kl\u00e1\u0161tor v obci Leles"},"content":{"rendered":"<a href=\"https:\/\/www.keturist.sk\/info\/\" class=\"su-button su-button-style-default\" style=\"color:#000000;background-color:#FFCF2F;border-color:#cca626;border-radius:5px\" target=\"_self\"><span style=\"color:#000000;padding:6px 16px;font-size:13px;line-height:20px;border-color:#ffde6e;border-radius:5px;text-shadow:none\"><i class=\"sui sui-arrow-right\" style=\"font-size:13px;color:#000000\"><\/i>  Spravodaj <\/span><\/a>\n<a href=\"https:\/\/www.keturist.sk\/info\/tipy-na-vylety\/\" class=\"su-button su-button-style-default\" style=\"color:#000000;background-color:#FFCF2F;border-color:#cca626;border-radius:5px\" target=\"_self\"><span style=\"color:#000000;padding:6px 16px;font-size:13px;line-height:20px;border-color:#ffde6e;border-radius:5px;text-shadow:none\"><i class=\"sui sui-arrow-right\" style=\"font-size:13px;color:#000000\"><\/i>  TIPY NA V\u00ddLETY <\/span><\/a>\n<a href=\"https:\/\/www.keturist.sk\/info\/kam-za-pamiatkami\/\" class=\"su-button su-button-style-default\" style=\"color:#000000;background-color:#FFCF2F;border-color:#cca626;border-radius:5px\" target=\"_self\"><span style=\"color:#000000;padding:6px 16px;font-size:13px;line-height:20px;border-color:#ffde6e;border-radius:5px;text-shadow:none\"><i class=\"sui sui-arrow-right\" style=\"font-size:13px;color:#000000\"><\/i>  Kam za pamiatkami <\/span><\/a>\n<a href=\"https:\/\/www.keturist.sk\/info\/kam-za-pamiatkami\/kam-za-pamiatkami-smer-zemplin\/\" class=\"su-button su-button-style-default\" style=\"color:#000000;background-color:#FFCF2F;border-color:#cca626;border-radius:5px\" target=\"_self\"><span style=\"color:#000000;padding:6px 16px;font-size:13px;line-height:20px;border-color:#ffde6e;border-radius:5px;text-shadow:none\"><i class=\"sui sui-arrow-right\" style=\"font-size:13px;color:#000000\"><\/i>  smer Doln\u00fd Zempl\u00edn <\/span><\/a>\n<div class=\"su-divider su-divider-style-default\" style=\"margin:15px 0;border-width:0px;border-color:#000000\"><\/div>\n<p><strong>Podkateg\u00f3ria: <\/strong> <a href=\"https:\/\/www.keturist.sk\/info\/kam-za-pamiatkami\/kam-za-pamiatkami-smer-zemplin\/nabozenske-pamiatky\/\" class=\"su-button su-button-style-default\" style=\"color:#000000;background-color:#afd144;border-color:#8ca837;border-radius:5px\" target=\"_self\"><span style=\"color:#000000;padding:6px 16px;font-size:13px;line-height:20px;border-color:#c7df7d;border-radius:5px;text-shadow:none\"><i class=\"sui sui-arrow-right\" style=\"font-size:13px;color:#000000\"><\/i>  N\u00e1bo\u017eensk\u00e9 pamiatky<\/span><\/a>\n<div class=\"su-divider su-divider-style-default\" style=\"margin:15px 0;border-width:0px;border-color:#000000\"><\/div>\n<p><strong>Lokaliz\u00e1cia: <\/strong> <a href=\"https:\/\/www.keturist.sk\/info\/vseobecne-informacie\/zemplin\/\">Doln\u00fd Zempl\u00edn<\/a><\/p>\n<div class=\"su-divider su-divider-style-default\" style=\"margin:15px 0;border-width:2px;border-color:#000000\"><\/div>\n<figure id=\"attachment_48179\" aria-describedby=\"caption-attachment-48179\" style=\"width: 900px\" class=\"wp-caption aligncenter\"><a href=\"https:\/\/www.keturist.sk\/info\/wp-content\/uploads\/2022\/05\/leles4.jpg\" data-src=\"https:\/\/www.keturist.sk\/info\/wp-content\/uploads\/2022\/05\/leles4.jpg\" data-thumb=\"https:\/\/www.keturist.sk\/info\/wp-content\/uploads\/2022\/05\/leles4-800x534.jpg\" class=\"ml-lightbox-enabled\"><img loading=\"lazy\" decoding=\"async\" class=\"wp-image-48179\" src=\"https:\/\/www.keturist.sk\/info\/wp-content\/uploads\/2022\/05\/leles4-800x534.jpg\" alt=\"Premon\u0161tr\u00e1tsky kl\u00e1\u0161tor v obci Leles\" width=\"900\" height=\"600\" srcset=\"https:\/\/www.keturist.sk\/info\/wp-content\/uploads\/2022\/05\/leles4-800x534.jpg 800w, https:\/\/www.keturist.sk\/info\/wp-content\/uploads\/2022\/05\/leles4-270x180.jpg 270w, https:\/\/www.keturist.sk\/info\/wp-content\/uploads\/2022\/05\/leles4-768x512.jpg 768w, https:\/\/www.keturist.sk\/info\/wp-content\/uploads\/2022\/05\/leles4.jpg 1000w\" sizes=\"auto, (max-width: 900px) 100vw, 900px\" \/><\/a><figcaption id=\"caption-attachment-48179\" class=\"wp-caption-text\">Premon\u0161tr\u00e1tsky kl\u00e1\u0161tor v obci Leles, Fotograf: Jozef Mare\u010dek (https:\/\/www.facebook.com\/jozef.marecek.94)<\/figcaption><\/figure>\n<div class=\"su-divider su-divider-style-default\" style=\"margin:15px 0;border-width:2px;border-color:#000000\"><\/div>\n<h2 data-path-to-node=\"2\"><span style=\"color: #800000;\">Kde sa nach\u00e1dza Premon\u0161tr\u00e1tsky kl\u00e1\u0161tor v obci Leles a ak\u00fd je jeho historick\u00fd p\u00f4vod?<\/span><\/h2>\n<p data-path-to-node=\"3\"><b data-path-to-node=\"3\" data-index-in-node=\"0\">Premon\u0161tr\u00e1tsky kl\u00e1\u0161tor v obci Leles<\/b> predstavuje dominantn\u00fd sakr\u00e1lny komplex z 12. storo\u010dia, situovan\u00fd na okraji obce Leles v okrese Trebi\u0161ov v r\u00e1mci Ko\u0161ick\u00e9ho kraja.<\/p>\n<p data-path-to-node=\"3\">Tento <b data-path-to-node=\"3\" data-index-in-node=\"172\">v\u00fdznamn\u00fd kl\u00e1\u0161tor<\/b> p\u00f4vodne zalo\u017eil uhorsk\u00fd \u0161\u013eachtic Pet\u0151fi v roku 1198 ako v\u00f4bec prv\u00fd premon\u0161tr\u00e1tsky kl\u00e1\u0161tor na \u00fazem\u00ed dne\u0161n\u00e9ho Slovenska.<\/p>\n<p data-path-to-node=\"3\">S\u00fa\u010das\u0165ou tohto historick\u00e9ho are\u00e1lu s\u00fa kl\u00e1\u0161torn\u00fd kostol N\u00e1jdenia sv. Kr\u00ed\u017ea a kaplnka sv. Michala, ktor\u00e9 tvoria jadro tejto <b data-path-to-node=\"3\" data-index-in-node=\"432\">n\u00e1rodnej kult\u00farnej pamiatky<\/b> vyhl\u00e1senej v roku 1963.<\/p>\n<h2 data-path-to-node=\"4\"><span style=\"color: #800000;\">Ak\u00fd fascinuj\u00faci pr\u00edbeh sa via\u017ee k hist\u00f3rii tohto magick\u00e9ho miesta?<\/span><\/h2>\n<p data-path-to-node=\"5\">Traduje sa, \u017ee <b data-path-to-node=\"5\" data-index-in-node=\"15\">Premon\u0161tr\u00e1tsky kl\u00e1\u0161tor v Lelesi<\/b> nebol len centrom viery, ale aj str\u00e1\u017ecom spravodlivosti ako takzvan\u00e9 \u201ehodnovern\u00e9 miesto\u201c.<\/p>\n<p data-path-to-node=\"5\">Legendy hovoria o tajomn\u00fdch chodb\u00e1ch a vz\u00e1cnych listin\u00e1ch, ktor\u00e9 tu mn\u00edsi chr\u00e1nili pred plame\u0148mi po\u010das husitsk\u00fdch vp\u00e1dov a tureck\u00fdch n\u00e1jazdov.<\/p>\n<p data-path-to-node=\"5\">Pr\u00e1ve v tieni jeho m\u00farov sa rozhodovalo o osudoch \u0161\u013eachtick\u00fdch majetkov cel\u00e9ho Horn\u00e9ho Uhorska, pri\u010dom pe\u010da\u0165 lelesk\u00e9ho konventu mala v stredoveku v\u00e1hu kr\u00e1\u013eovsk\u00e9ho slova.<\/p>\n<p data-path-to-node=\"5\">N\u00e1v\u0161teva tohto miesta nie je len prehliadkou architekt\u00fary, ale doslova dotykom s \u010dasmi, kedy tu ml\u010danliv\u00ed mn\u00edsi v bielych habitoch p\u00edsali dejiny na\u0161ej krajiny.<\/p>\n<h2 data-path-to-node=\"6\"><span style=\"color: #800000;\">Ak\u00fa architektonick\u00fa \u0161trukt\u00faru a p\u00f4dorys m\u00e1 tento sakr\u00e1lny komplex?<\/span><\/h2>\n<p data-path-to-node=\"7\">Celkov\u00fd p\u00f4dorys tvor\u00ed \u0161tvorosov\u00fd mas\u00edv s \u00fastredn\u00fdm dvorom, ktor\u00fd bol kedysi obklopen\u00fd ark\u00e1dami kr\u00ed\u017eovej chodby, pri\u010dom dnes s\u00fa na dvore zachovan\u00e9 renesan\u010dn\u00e9 ark\u00e1dy.<\/p>\n<p data-path-to-node=\"7\">T\u00e1to <b data-path-to-node=\"7\" data-index-in-node=\"170\">trojpodla\u017en\u00e1 stavba<\/b> je trojpriestorov\u00e1 a z ju\u017enej strany ju uzatv\u00e1ra gotick\u00e9 kr\u00eddlo.<\/p>\n<p data-path-to-node=\"7\"><b data-path-to-node=\"7\" data-index-in-node=\"255\">Gotick\u00fd kostol<\/b> postaven\u00fd v rokoch 1315 a\u017e 1366 je koncipovan\u00fd ako jednolo\u010fov\u00fd objekt s polygon\u00e1lnym presbyt\u00e9riom, pri\u010dom z ju\u017enej strany harmonicky uzatv\u00e1ra cel\u00fd komplex.<\/p>\n<h2 data-path-to-node=\"8\"><span style=\"color: #800000;\">Ak\u00e9 detaily charakterizuj\u00fa kaplnku a exteri\u00e9rov\u00e9 prvky kl\u00e1\u0161tora?<\/span><\/h2>\n<p data-path-to-node=\"9\"><b data-path-to-node=\"9\" data-index-in-node=\"0\">Kaplnka sv. Michala<\/b> sa nach\u00e1dza v ju\u017enom kr\u00eddle spolu s kostolom a vyzna\u010duje sa polygon\u00e1lnou apsidou, ktor\u00fa podopieraj\u00fa mas\u00edvne oporn\u00e9 piliere.<\/p>\n<p data-path-to-node=\"9\">Tieto <b data-path-to-node=\"9\" data-index-in-node=\"150\">architektonick\u00e9 prvky<\/b> \u010dlenia fas\u00e1du a pokra\u010duj\u00fa aj v exteri\u00e9ri kostola na v\u00fdchodnej strane, kde zabezpe\u010duj\u00fa stabilitu kon\u0161trukcie. Na z\u00e1padnej strane are\u00e1lu dominuje trojpodla\u017en\u00e1 ve\u017ea, ktor\u00e1 bola barokovo prestavan\u00e1 a je osaden\u00e1 charakteristickou zvonicovou strechou.<\/p>\n<h2 data-path-to-node=\"10\"><span style=\"color: #800000;\">Ak\u00fdmi dejinn\u00fdmi zvratmi pre\u0161iel Premon\u0161tr\u00e1tsky kl\u00e1\u0161tor v Lelesi?<\/span><\/h2>\n<p data-path-to-node=\"11\">Tento <b data-path-to-node=\"11\" data-index-in-node=\"6\">duchovn\u00fd st\u00e1nok<\/b> sl\u00fa\u017eil r\u00e1du premon\u0161tr\u00e1tov a\u017e do obdobia reform\u00e1cie v 16. storo\u010d\u00ed, kedy bol are\u00e1l \u010diasto\u010dne zni\u010den\u00fd husitsk\u00fdmi vp\u00e1dmi a neskor\u0161\u00edmi \u00fatokmi Turkov.<\/p>\n<p data-path-to-node=\"11\">V 18. storo\u010d\u00ed pre\u0161iel komplex rozsiahlou barokovou obnovou, ktor\u00e1 mu vtla\u010dila s\u00fa\u010dasn\u00fa tv\u00e1r. V interi\u00e9ri kostola sa dodnes s \u00factou zachovali vz\u00e1cne <b data-path-to-node=\"11\" data-index-in-node=\"314\">gotick\u00e9 fresky<\/b> a renesan\u010dn\u00e9 kr\u00ed\u017eov\u00e9 rebr\u00e1, v\u010faka \u010domu je kl\u00e1\u0161tor ob\u013e\u00faben\u00fdm cie\u013eom turizmu v Tokajskej oblasti.<\/p>\n<h2><span style=\"color: #800000;\">Fotogal\u00e9ria<\/span><\/h2>\n<style type=\"text\/css\">\n#foogallery-gallery-73962 .fg-image { width: 200px; }<\/style>\n\t\t\t<div class=\"foogallery foogallery-container foogallery-carousel foogallery-lightbox-foogallery fg-carousel fg-ready fg-light fg-border-medium fg-round-small fg-shadow-medium fg-loading-default fg-loaded-fade-in fg-hover-semi-zoomed fg-hover-fade fg-hover-circle-plus2\" id=\"foogallery-gallery-73962\" data-foogallery=\"{&quot;item&quot;:{&quot;showCaptionTitle&quot;:true,&quot;showCaptionDescription&quot;:true},&quot;lazy&quot;:false,&quot;src&quot;:&quot;src&quot;,&quot;srcset&quot;:&quot;srcset&quot;,&quot;template&quot;:{&quot;maxItems&quot;:5,&quot;scale&quot;:0.11999999999999999555910790149937383830547332763671875,&quot;gutter&quot;:{&quot;min&quot;:-40,&quot;max&quot;:-20,&quot;unit&quot;:&quot;%&quot;},&quot;autoplay&quot;:{&quot;time&quot;:0,&quot;interaction&quot;:&quot;pause&quot;},&quot;centerOnClick&quot;:true,&quot;align&quot;:&quot;center&quot;,&quot;activePosition&quot;:&quot;center&quot;}}\" data-foogallery-lightbox=\"{&quot;thumbs&quot;:&quot;bottom&quot;,&quot;thumbsCaptions&quot;:false,&quot;thumbsBestFit&quot;:false,&quot;thumbsSmall&quot;:false,&quot;thumbsCaptionsAlign&quot;:&quot;default&quot;,&quot;info&quot;:&quot;bottom&quot;,&quot;infoVisible&quot;:true,&quot;infoOverlay&quot;:true,&quot;infoAlign&quot;:&quot;default&quot;,&quot;transition&quot;:&quot;fade&quot;,&quot;hoverButtons&quot;:false,&quot;fitMedia&quot;:false,&quot;noScrollbars&quot;:true,&quot;preserveButtonSpace&quot;:true,&quot;buttons&quot;:{&quot;fullscreen&quot;:true,&quot;info&quot;:true,&quot;thumbs&quot;:false},&quot;video&quot;:{&quot;autoPlay&quot;:true}}\" style=\"--fg-title-line-clamp: 1; --fg-description-line-clamp: 2;\" >\n\t<button type=\"button\" class=\"fg-carousel-prev\" title=\"Previous\"><\/button>\n\t<div class=\"fg-carousel-inner\">\n\t\t<div class=\"fg-carousel-center\"><\/div>\n\t\t<div class=\"fg-item fg-type-image fg-loaded\"><figure class=\"fg-item-inner\"><a href=\"https:\/\/www.keturist.sk\/info\/wp-content\/uploads\/2025\/07\/leles-kostol2.jpg\" data-src=\"https:\/\/www.keturist.sk\/info\/wp-content\/uploads\/2025\/07\/leles-kostol2.jpg\" data-thumb=\"https:\/\/www.keturist.sk\/info\/wp-content\/uploads\/cache\/2025\/07\/leles-kostol2\/659104722.jpg\" class=\"ml-lightbox-enabled\"><span class=\"fg-image-wrap\"><img decoding=\"async\" src=\"https:\/\/www.keturist.sk\/info\/wp-content\/uploads\/cache\/2025\/07\/leles-kostol2\/659104722.jpg\" alt=\"Prepo\u0161tsk\u00fd chr\u00e1m sv. Kr\u00ed\u017ea v Lelese\" title=\"Premon\u0161tr\u00e1tsky kl\u00e1\u0161tor v obci Leles\" width=\"200\" height=\"200\" class=\"skip-lazy fg-image\" loading=\"eager\"><\/span><span class=\"fg-image-overlay\"><\/span><\/a><figcaption class=\"fg-caption\"><div class=\"fg-caption-inner\"><div class=\"fg-caption-title\">Premon\u0161tr\u00e1tsky kl\u00e1\u0161tor v obci Leles<\/div><div class=\"fg-caption-desc\">Fotograf: Jozef Mare\u010dek (https:\/\/www.facebook.com\/jozef.marecek.94)<\/div><\/div><\/figcaption><\/figure><div class=\"fg-loader\"><\/div><\/div><div class=\"fg-item fg-type-image fg-loaded\"><figure class=\"fg-item-inner\"><a href=\"https:\/\/www.keturist.sk\/info\/wp-content\/uploads\/2022\/05\/leles4.jpg\" data-src=\"https:\/\/www.keturist.sk\/info\/wp-content\/uploads\/2022\/05\/leles4.jpg\" data-thumb=\"https:\/\/www.keturist.sk\/info\/wp-content\/uploads\/cache\/2022\/05\/leles4\/3870225297.jpg\" class=\"ml-lightbox-enabled\"><span class=\"fg-image-wrap\"><img decoding=\"async\" src=\"https:\/\/www.keturist.sk\/info\/wp-content\/uploads\/cache\/2022\/05\/leles4\/3870225297.jpg\" alt=\"Premon\u0161tr\u00e1tsky kl\u00e1\u0161tor v obci Leles\" title=\"Premon\u0161tr\u00e1tsky kl\u00e1\u0161tor v obci Leles\" width=\"200\" height=\"200\" class=\"skip-lazy fg-image\" loading=\"eager\"><\/span><span class=\"fg-image-overlay\"><\/span><\/a><figcaption class=\"fg-caption\"><div class=\"fg-caption-inner\"><div class=\"fg-caption-title\">Premon\u0161tr\u00e1tsky kl\u00e1\u0161tor v obci Leles<\/div><div class=\"fg-caption-desc\">Fotograf: Jozef Mare\u010dek (https:\/\/www.facebook.com\/jozef.marecek.94)<\/div><\/div><\/figcaption><\/figure><div class=\"fg-loader\"><\/div><\/div><div class=\"fg-item fg-type-image fg-loaded\"><figure class=\"fg-item-inner\"><a href=\"https:\/\/www.keturist.sk\/info\/wp-content\/uploads\/2022\/05\/leles1.jpg\" data-src=\"https:\/\/www.keturist.sk\/info\/wp-content\/uploads\/2022\/05\/leles1.jpg\" data-thumb=\"https:\/\/www.keturist.sk\/info\/wp-content\/uploads\/cache\/2022\/05\/leles1\/557670721.jpg\" class=\"ml-lightbox-enabled\"><span class=\"fg-image-wrap\"><img decoding=\"async\" src=\"https:\/\/www.keturist.sk\/info\/wp-content\/uploads\/cache\/2022\/05\/leles1\/557670721.jpg\" alt=\"Premon\u0161tr\u00e1tsky kl\u00e1\u0161tor v obci Leles\" title=\"Premon\u0161tr\u00e1tsky kl\u00e1\u0161tor v obci Leles\" width=\"200\" height=\"200\" class=\"skip-lazy fg-image\" loading=\"eager\"><\/span><span class=\"fg-image-overlay\"><\/span><\/a><figcaption class=\"fg-caption\"><div class=\"fg-caption-inner\"><div class=\"fg-caption-title\">Premon\u0161tr\u00e1tsky kl\u00e1\u0161tor v obci Leles<\/div><div class=\"fg-caption-desc\">Fotograf: Jozef Mare\u010dek (https:\/\/www.facebook.com\/jozef.marecek.94)<\/div><\/div><\/figcaption><\/figure><div class=\"fg-loader\"><\/div><\/div><div class=\"fg-item fg-type-image fg-loaded\"><figure class=\"fg-item-inner\"><a href=\"https:\/\/www.keturist.sk\/info\/wp-content\/uploads\/2022\/05\/klastor-leles3-1.jpg\" data-src=\"https:\/\/www.keturist.sk\/info\/wp-content\/uploads\/2022\/05\/klastor-leles3-1.jpg\" data-thumb=\"https:\/\/www.keturist.sk\/info\/wp-content\/uploads\/cache\/2022\/05\/klastor-leles3-1\/4103476165.jpg\" class=\"ml-lightbox-enabled\"><span class=\"fg-image-wrap\"><img decoding=\"async\" src=\"https:\/\/www.keturist.sk\/info\/wp-content\/uploads\/cache\/2022\/05\/klastor-leles3-1\/4103476165.jpg\" alt=\"Premon\u0161tr\u00e1tsky kl\u00e1\u0161tor v obci Leles\" title=\"Premon\u0161tr\u00e1tsky kl\u00e1\u0161tor v obci Leles\" width=\"200\" height=\"200\" class=\"skip-lazy fg-image\" loading=\"eager\"><\/span><span class=\"fg-image-overlay\"><\/span><\/a><figcaption class=\"fg-caption\"><div class=\"fg-caption-inner\"><div class=\"fg-caption-title\">Premon\u0161tr\u00e1tsky kl\u00e1\u0161tor v obci Leles<\/div><div class=\"fg-caption-desc\">Fotograf: Jozef Mare\u010dek (https:\/\/www.facebook.com\/jozef.marecek.94)<\/div><\/div><\/figcaption><\/figure><div class=\"fg-loader\"><\/div><\/div><div class=\"fg-item fg-type-image fg-loaded\"><figure class=\"fg-item-inner\"><a href=\"https:\/\/www.keturist.sk\/info\/wp-content\/uploads\/2022\/05\/klastor-leles2.jpg\" data-src=\"https:\/\/www.keturist.sk\/info\/wp-content\/uploads\/2022\/05\/klastor-leles2.jpg\" data-thumb=\"https:\/\/www.keturist.sk\/info\/wp-content\/uploads\/cache\/2022\/05\/klastor-leles2\/2324670295.jpg\" class=\"ml-lightbox-enabled\"><span class=\"fg-image-wrap\"><img decoding=\"async\" src=\"https:\/\/www.keturist.sk\/info\/wp-content\/uploads\/cache\/2022\/05\/klastor-leles2\/2324670295.jpg\" alt=\"Premon\u0161tr\u00e1tsky kl\u00e1\u0161tor v obci Leles\" title=\"Premon\u0161tr\u00e1tsky kl\u00e1\u0161tor v obci Leles\" width=\"200\" height=\"200\" class=\"skip-lazy fg-image\" loading=\"eager\"><\/span><span class=\"fg-image-overlay\"><\/span><\/a><figcaption class=\"fg-caption\"><div class=\"fg-caption-inner\"><div class=\"fg-caption-title\">Premon\u0161tr\u00e1tsky kl\u00e1\u0161tor v obci Leles<\/div><div class=\"fg-caption-desc\">Fotograf: Jozef Mare\u010dek (https:\/\/www.facebook.com\/jozef.marecek.94)<\/div><\/div><\/figcaption><\/figure><div class=\"fg-loader\"><\/div><\/div>\t<\/div>\n\t<div class=\"fg-carousel-bottom\"><\/div>\n\t<div class=\"fg-carousel-progress\"><\/div>\n\t<button type=\"button\" class=\"fg-carousel-next\" title=\"Next\"><\/button>\n<\/div>\n\n<h2><span style=\"color: #800000;\">Zauj\u00edmav\u00e9 odkazy<\/span><\/h2>\n<h3><span style=\"color: #808000;\">Bl\u00edzke stredisko, turistick\u00e9 centrum, obec alebo mesto:<\/span><\/h3>\n<ul>\n<li>Obec Leles (\u010d\u00edtaj viac&#8230;)<\/li>\n<\/ul>\n<h2><span style=\"color: #800000;\">Mapy<\/span><\/h2>\n<p><strong>Vrstvy: <\/strong>Turistick\u00e1 mapa, Automapa, Cyklomapa, Ly\u017eiarska mapa, Satelitn\u00e1 mapa a OpenStreetMap.<\/p>\n<p><strong>Kliknut\u00edm na logo &#8222;Freemap.sk&#8220; sa V\u00e1m mapa zobraz\u00ed na celej ploche obrazovky.<\/strong><\/p>\n<p><iframe style=\"width: 900px; height: 500px; border: 0;\" src=\"https:\/\/www.freemap.sk\/?map=14\/48.467255\/22.016317&amp;info-point=48.467255\/22.016317,Most sv. Gottharda&amp;layers=X&amp;embed=search\" allowfullscreen=\"allowfullscreen\"><\/iframe><\/p>\n<h2><span style=\"color: #800000;\">Po\u010dasie<\/span><\/h2>\n<p><iframe style=\"width: 900px; height: 626px;\" src=\"https:\/\/www.meteoblue.com\/sk\/po%C4%8Dasie\/widget\/three\/leles_slovensk%c3%a1-republika_724305?geoloc=fixed&amp;nocurrent=0&amp;noforecast=0&amp;days=7&amp;tempunit=CELSIUS&amp;windunit=KILOMETER_PER_HOUR&amp;layout=image\" frameborder=\"0\" scrolling=\"NO\" sandbox=\"allow-same-origin allow-scripts allow-popups allow-popups-to-escape-sandbox\"><\/iframe><\/p>\n<div><!-- DO NOT REMOVE THIS LINK --><a href=\"https:\/\/www.meteoblue.com\/sk\/po%C4%8Dasie\/t%C3%BD%C5%BEde%C5%88\/leles_slovensk%c3%a1-republika_724305?utm_source=weather_widget&amp;utm_medium=linkus&amp;utm_content=three&amp;utm_campaign=Weather%2BWidget\" target=\"_blank\" rel=\"noopener\">meteoblue<\/a><\/div>\n","protected":false},"excerpt":{"rendered":"<p>Podkateg\u00f3ria: Lokaliz\u00e1cia: Doln\u00fd Zempl\u00edn Kde sa nach\u00e1dza Premon\u0161tr\u00e1tsky kl\u00e1\u0161tor v obci Leles a ak\u00fd je jeho historick\u00fd p\u00f4vod? Premon\u0161tr\u00e1tsky kl\u00e1\u0161tor v obci Leles predstavuje dominantn\u00fd sakr\u00e1lny komplex z 12. storo\u010dia, [&hellip;]<\/p>\n","protected":false},"author":1,"featured_media":48179,"parent":42266,"menu_order":0,"comment_status":"closed","ping_status":"closed","template":"","meta":{"_uag_custom_page_level_css":"","_monsterinsights_skip_tracking":false,"footnotes":""},"class_list":["post-48045","page","type-page","status-publish","has-post-thumbnail","hentry"],"featured_image_src":"https:\/\/www.keturist.sk\/info\/wp-content\/uploads\/2022\/05\/leles4.jpg","featured_image_src_square":"https:\/\/www.keturist.sk\/info\/wp-content\/uploads\/2022\/05\/leles4.jpg","rbea_author_info":{"display_name":"admin","author_link":"https:\/\/www.keturist.sk\/info\/author\/admin\/"},"rbea_excerpt_info":"Podkateg\u00f3ria: Lokaliz\u00e1cia: Doln\u00fd Zempl\u00edn Kde sa nach\u00e1dza Premon\u0161tr\u00e1tsky kl\u00e1\u0161tor v obci Leles a ak\u00fd je jeho historick\u00fd p\u00f4vod? Premon\u0161tr\u00e1tsky kl\u00e1\u0161tor v obci Leles predstavuje dominantn\u00fd sakr\u00e1lny komplex z 12. storo\u010dia, [&hellip;]","uagb_featured_image_src":{"full":["https:\/\/www.keturist.sk\/info\/wp-content\/uploads\/2022\/05\/leles4.jpg",1000,667,false],"thumbnail":["https:\/\/www.keturist.sk\/info\/wp-content\/uploads\/2022\/05\/leles4-270x180.jpg",270,180,true],"medium":["https:\/\/www.keturist.sk\/info\/wp-content\/uploads\/2022\/05\/leles4-800x534.jpg",800,534,true],"medium_large":["https:\/\/www.keturist.sk\/info\/wp-content\/uploads\/2022\/05\/leles4-768x512.jpg",768,512,true],"large":["https:\/\/www.keturist.sk\/info\/wp-content\/uploads\/2022\/05\/leles4.jpg",1000,667,false],"1536x1536":["https:\/\/www.keturist.sk\/info\/wp-content\/uploads\/2022\/05\/leles4.jpg",1000,667,false],"2048x2048":["https:\/\/www.keturist.sk\/info\/wp-content\/uploads\/2022\/05\/leles4.jpg",1000,667,false],"ultp_layout_landscape_large":["https:\/\/www.keturist.sk\/info\/wp-content\/uploads\/2022\/05\/leles4.jpg",1000,667,false],"ultp_layout_landscape":["https:\/\/www.keturist.sk\/info\/wp-content\/uploads\/2022\/05\/leles4.jpg",855,570,false],"ultp_layout_portrait":["https:\/\/www.keturist.sk\/info\/wp-content\/uploads\/2022\/05\/leles4.jpg",600,400,false],"ultp_layout_square":["https:\/\/www.keturist.sk\/info\/wp-content\/uploads\/2022\/05\/leles4.jpg",600,400,false]},"uagb_author_info":{"display_name":"admin","author_link":"https:\/\/www.keturist.sk\/info\/author\/admin\/"},"uagb_comment_info":0,"uagb_excerpt":"Podkateg\u00f3ria: Lokaliz\u00e1cia: Doln\u00fd Zempl\u00edn Kde sa nach\u00e1dza Premon\u0161tr\u00e1tsky kl\u00e1\u0161tor v obci Leles a ak\u00fd je jeho historick\u00fd p\u00f4vod? Premon\u0161tr\u00e1tsky kl\u00e1\u0161tor v obci Leles predstavuje dominantn\u00fd sakr\u00e1lny komplex z 12. storo\u010dia, [&hellip;]","_links":{"self":[{"href":"https:\/\/www.keturist.sk\/info\/wp-json\/wp\/v2\/pages\/48045","targetHints":{"allow":["GET"]}}],"collection":[{"href":"https:\/\/www.keturist.sk\/info\/wp-json\/wp\/v2\/pages"}],"about":[{"href":"https:\/\/www.keturist.sk\/info\/wp-json\/wp\/v2\/types\/page"}],"author":[{"embeddable":true,"href":"https:\/\/www.keturist.sk\/info\/wp-json\/wp\/v2\/users\/1"}],"replies":[{"embeddable":true,"href":"https:\/\/www.keturist.sk\/info\/wp-json\/wp\/v2\/comments?post=48045"}],"version-history":[{"count":11,"href":"https:\/\/www.keturist.sk\/info\/wp-json\/wp\/v2\/pages\/48045\/revisions"}],"predecessor-version":[{"id":73964,"href":"https:\/\/www.keturist.sk\/info\/wp-json\/wp\/v2\/pages\/48045\/revisions\/73964"}],"up":[{"embeddable":true,"href":"https:\/\/www.keturist.sk\/info\/wp-json\/wp\/v2\/pages\/42266"}],"wp:featuredmedia":[{"embeddable":true,"href":"https:\/\/www.keturist.sk\/info\/wp-json\/wp\/v2\/media\/48179"}],"wp:attachment":[{"href":"https:\/\/www.keturist.sk\/info\/wp-json\/wp\/v2\/media?parent=48045"}],"curies":[{"name":"wp","href":"https:\/\/api.w.org\/{rel}","templated":true}]}}