{"id":47096,"date":"2022-02-14T17:47:54","date_gmt":"2022-02-14T16:47:54","guid":{"rendered":"https:\/\/www.keturist.sk\/info\/?page_id=47096"},"modified":"2026-01-01T15:50:56","modified_gmt":"2026-01-01T14:50:56","slug":"npp-markusovske-steny-a-markusovsky-skalny-hrib","status":"publish","type":"page","link":"https:\/\/www.keturist.sk\/info\/kam-do-prirody\/kam-do-prirody-smer-volovske-vrchy\/ochrana-prirody\/npp-markusovske-steny-a-markusovsky-skalny-hrib\/","title":{"rendered":"NPP Marku\u0161ovsk\u00e9 steny a Marku\u0161ovsk\u00fd skaln\u00fd hr\u00edb"},"content":{"rendered":"<a href=\"https:\/\/www.keturist.sk\/info\/\" class=\"su-button su-button-style-default\" style=\"color:#000000;background-color:#FFCF2F;border-color:#cca626;border-radius:5px\" target=\"_self\"><span style=\"color:#000000;padding:6px 16px;font-size:13px;line-height:20px;border-color:#ffde6e;border-radius:5px;text-shadow:none\"><i class=\"sui sui-arrow-right\" style=\"font-size:13px;color:#000000\"><\/i>  Spravodaj <\/span><\/a>\n<a href=\"https:\/\/www.keturist.sk\/info\/tipy-na-vylety\/\" class=\"su-button su-button-style-default\" style=\"color:#000000;background-color:#FFCF2F;border-color:#cca626;border-radius:5px\" target=\"_self\"><span style=\"color:#000000;padding:6px 16px;font-size:13px;line-height:20px;border-color:#ffde6e;border-radius:5px;text-shadow:none\"><i class=\"sui sui-arrow-right\" style=\"font-size:13px;color:#000000\"><\/i>  TIPY NA V\u00ddLETY <\/span><\/a>\n<a href=\"https:\/\/www.keturist.sk\/info\/kam-do-prirody\/\" class=\"su-button su-button-style-default\" style=\"color:#000000;background-color:#FFCF2F;border-color:#cca626;border-radius:5px\" target=\"_self\"><span style=\"color:#000000;padding:6px 16px;font-size:13px;line-height:20px;border-color:#ffde6e;border-radius:5px;text-shadow:none\"><i class=\"sui sui-arrow-right\" style=\"font-size:13px;color:#000000\"><\/i>  Kam do pr\u00edrody <\/span><\/a>\n<a href=\"https:\/\/www.keturist.sk\/info\/kam-do-prirody\/kam-do-prirody-smer-volovske-vrchy\/\" class=\"su-button su-button-style-default\" style=\"color:#000000;background-color:#FFCF2F;border-color:#cca626;border-radius:5px\" target=\"_self\"><span style=\"color:#000000;padding:6px 16px;font-size:13px;line-height:20px;border-color:#ffde6e;border-radius:5px;text-shadow:none\"><i class=\"sui sui-arrow-right\" style=\"font-size:13px;color:#000000\"><\/i>  Smer Volovsk\u00e9 vrchy <\/span><\/a>\n<div class=\"su-divider su-divider-style-default\" style=\"margin:15px 0;border-width:0px;border-color:#000000\"><\/div>\n<strong>Podkateg\u00f3ria: <\/strong> <a href=\"https:\/\/www.keturist.sk\/info\/kam-do-prirody\/kam-do-prirody-smer-volovske-vrchy\/ochrana-prirody\/\" class=\"su-button su-button-style-default\" style=\"color:#000000;background-color:#C5ED2C;border-color:#9ebe24;border-radius:5px\" target=\"_self\"><span style=\"color:#000000;padding:6px 16px;font-size:13px;line-height:20px;border-color:#d7f36c;border-radius:5px;text-shadow:none\"><i class=\"sui sui-arrow-right\" style=\"font-size:13px;color:#000000\"><\/i>  Ochrana pr\u00edrody <\/span><\/a>\n<p><strong>Lokaliz\u00e1cia: <\/strong><a href=\"https:\/\/www.keturist.sk\/info\/okolite-hory\/volovske-vrchy\/\">Volovsk\u00e9 vrchy<\/a><\/p>\n<div class=\"su-divider su-divider-style-default\" style=\"margin:15px 0;border-width:2px;border-color:#000000\"><\/div>\n<figure id=\"attachment_47102\" aria-describedby=\"caption-attachment-47102\" style=\"width: 900px\" class=\"wp-caption aligncenter\"><a href=\"https:\/\/www.keturist.sk\/info\/wp-content\/uploads\/2022\/02\/kamenny-hrib2.jpg\"><img loading=\"lazy\" decoding=\"async\" class=\"wp-image-47102\" src=\"https:\/\/www.keturist.sk\/info\/wp-content\/uploads\/2022\/02\/kamenny-hrib2-800x534.jpg\" alt=\"Marku\u0161ovsk\u00fd skaln\u00fd hr\u00edb\" width=\"900\" height=\"600\" srcset=\"https:\/\/www.keturist.sk\/info\/wp-content\/uploads\/2022\/02\/kamenny-hrib2-800x534.jpg 800w, https:\/\/www.keturist.sk\/info\/wp-content\/uploads\/2022\/02\/kamenny-hrib2-270x180.jpg 270w, https:\/\/www.keturist.sk\/info\/wp-content\/uploads\/2022\/02\/kamenny-hrib2-768x512.jpg 768w, https:\/\/www.keturist.sk\/info\/wp-content\/uploads\/2022\/02\/kamenny-hrib2.jpg 1000w\" sizes=\"auto, (max-width: 900px) 100vw, 900px\" \/><\/a><figcaption id=\"caption-attachment-47102\" class=\"wp-caption-text\">Marku\u0161ovsk\u00fd skaln\u00fd hr\u00edb, Fotograf: Jozef Mare\u010dek (https:\/\/www.facebook.com\/jozef.marecek.94)<\/figcaption><\/figure>\n<div class=\"su-divider su-divider-style-default\" style=\"margin:15px 0;border-width:2px;border-color:#000000\"><\/div>\n<h2 class=\"ds-markdown-paragraph\"><span style=\"color: #800000;\">Marku\u0161ovsk\u00e9 steny a Marku\u0161ovsk\u00fd skaln\u00fd hr\u00edb, kde ich n\u00e1jdete a \u010do s\u00fa?<\/span><\/h2>\n<p class=\"ds-markdown-paragraph\"><strong>Marku\u0161ovsk\u00e9 steny<\/strong>\u00a0je n\u00e1rodn\u00e1 pr\u00edrodn\u00e1 pamiatka, ktor\u00e1 sa nach\u00e1dza v katastr\u00e1lnom \u00fazem\u00ed obc\u00ed\u00a0<strong>Marku\u0161ovce<\/strong>\u00a0a Odor\u00edn v okrese Spi\u0161sk\u00e1 Nov\u00e1 Ves. Jej s\u00fa\u010das\u0165ou je aj\u00a0<strong>Marku\u0161ovsk\u00fd skaln\u00fd hr\u00edb<\/strong>.<\/p>\n<h2 class=\"ds-markdown-paragraph\"><span style=\"color: #800000;\"><strong>Ak\u00e1 je rozloha a ochrana tohto \u00fazemia?<\/strong><\/span><\/h2>\n<p class=\"ds-markdown-paragraph\">Rozloha rezerv\u00e1cie je 134 400 m\u00b2, ochrann\u00e9 p\u00e1smo nie je stanoven\u00e9. Ochrann\u00fd stupe\u0148 je \u010d\u00edslo 4. Pamiatka bola vyhl\u00e1sen\u00e1 v roku 1976 Okresn\u00fdm n\u00e1rodn\u00fdm v\u00fdborom v Spi\u0161skej Novej Vsi. V s\u00fa\u010dasnosti ju spravuje \u0160t\u00e1tna ochrana pr\u00edrody Spr\u00e1va N\u00e1rodn\u00e9ho parku Slovensk\u00fd raj.<\/p>\n<h2 class=\"ds-markdown-paragraph\"><span style=\"color: #800000;\"><strong>Pre\u010do bolo toto miesto vyhl\u00e1sen\u00e9 za chr\u00e1nen\u00e9?<\/strong><\/span><\/h2>\n<p class=\"ds-markdown-paragraph\">\u00da\u010delom je ochrana &#8222;v\u00fdrazn\u00fdch geomorfologick\u00fdch \u00fatvarov v paleog\u00e9nnych vrstv\u00e1ch Horn\u00e1dskej kotliny, d\u00f4le\u017eit\u00fdch z vedeckov\u00fdskumn\u00e9ho, n\u00e1u\u010dn\u00e9ho a kult\u00farno-v\u00fdchovn\u00e9ho h\u013eadiska. V\u00fdsledkom nerovnomern\u00e9ho zvetr\u00e1vania vrstiev s\u00fa esteticky v\u00fdznamn\u00e9 skaln\u00e9 \u00fatvary&#8220;.<\/p>\n<h2 class=\"ds-markdown-paragraph\"><span style=\"color: #800000;\">\u010co je Marku\u0161ovsk\u00fd skaln\u00fd hr\u00edb a ako vznikol?<\/span><\/h2>\n<p class=\"ds-markdown-paragraph\"><strong>Marku\u0161ovsk\u00fd skaln\u00fd hr\u00edb<\/strong>\u00a0je ikonick\u00fd pr\u00edrodn\u00fd skaln\u00fd \u00fatvar v podobe obrovsk\u00e9ho hr\u00edbu, nach\u00e1dzaj\u00faci sa v Horn\u00e1dskej doline pribli\u017ene 5 km v\u00fdchodne od obce\u00a0<strong>Marku\u0161ovce<\/strong>\u00a0v okrese Spi\u0161sk\u00e1 Nov\u00e1 Ves. V NPP sa nach\u00e1dza Marku\u0161ovsk\u00fd skaln\u00fd hr\u00edb, vysok\u00fd 8 metrov. B\u00e1za hr\u00edbu je tvoren\u00e1 zlepencami.<\/p>\n<p class=\"ds-markdown-paragraph\">Vytvorilo ho zvetr\u00e1vanie ako aj rie\u010dna er\u00f3zia Horn\u00e1du. Tento \u00fatvar vysok\u00fd a\u017e 8 metrov s klob\u00fakom o priemere 3 metre vznikol er\u00f3ziou, kde menej odoln\u00fd zlepencov\u00fd podklad nohy zvetr\u00e1va r\u00fdchlej\u0161ie ako tvrd\u0161\u00ed pieskovcov\u00fd klob\u00fak.<\/p>\n<h2 class=\"ds-markdown-paragraph\"><span style=\"color: #800000;\">Ako sa dostanem k Marku\u0161ovsk\u00e9mu skaln\u00e9mu hr\u00edbu?<\/span><\/h2>\n<p class=\"ds-markdown-paragraph\">Ku skaln\u00e9mu hr\u00edbu vedie n\u00e1u\u010dn\u00fd chodn\u00edk. Pamiatka je pr\u00edstupn\u00e1 <img loading=\"lazy\" decoding=\"async\" class=\"alignnone size-full wp-image-21625\" src=\"https:\/\/www.keturist.sk\/info\/wp-content\/uploads\/2013\/11\/zlta.png\" alt=\"\" width=\"20\" height=\"21\" srcset=\"https:\/\/www.keturist.sk\/info\/wp-content\/uploads\/2013\/11\/zlta.png 20w, https:\/\/www.keturist.sk\/info\/wp-content\/uploads\/2013\/11\/zlta-19x20.png 19w\" sizes=\"auto, (max-width: 20px) 100vw, 20px\" \/> \u017eltou turistickou zna\u010dkou z Marku\u0161oviec alebo Matejoviec nad Horn\u00e1dom.<\/p>\n<h2><span style=\"color: #800000;\">Fotogal\u00e9ria<\/span><\/h2>\n<style type=\"text\/css\">\n#foogallery-gallery-72881 .fg-image { width: 200px; }<\/style>\n\t\t\t<div class=\"foogallery foogallery-container foogallery-carousel foogallery-lightbox-foogallery fg-carousel fg-ready fg-light fg-border-medium fg-round-small fg-shadow-medium fg-loading-default fg-loaded-fade-in fg-hover-semi-zoomed fg-hover-fade fg-hover-circle-plus2\" id=\"foogallery-gallery-72881\" data-foogallery=\"{&quot;item&quot;:{&quot;showCaptionTitle&quot;:true,&quot;showCaptionDescription&quot;:true},&quot;lazy&quot;:true,&quot;template&quot;:{&quot;maxItems&quot;:5,&quot;scale&quot;:0.11999999999999999555910790149937383830547332763671875,&quot;gutter&quot;:{&quot;min&quot;:-40,&quot;max&quot;:-20,&quot;unit&quot;:&quot;%&quot;},&quot;autoplay&quot;:{&quot;time&quot;:0,&quot;interaction&quot;:&quot;pause&quot;},&quot;centerOnClick&quot;:true,&quot;align&quot;:&quot;center&quot;,&quot;activePosition&quot;:&quot;center&quot;}}\" data-foogallery-lightbox=\"{&quot;thumbs&quot;:&quot;bottom&quot;,&quot;thumbsCaptions&quot;:false,&quot;thumbsBestFit&quot;:false,&quot;thumbsSmall&quot;:false,&quot;thumbsCaptionsAlign&quot;:&quot;default&quot;,&quot;info&quot;:&quot;bottom&quot;,&quot;infoVisible&quot;:true,&quot;infoOverlay&quot;:true,&quot;infoAlign&quot;:&quot;default&quot;,&quot;transition&quot;:&quot;fade&quot;,&quot;hoverButtons&quot;:false,&quot;fitMedia&quot;:false,&quot;noScrollbars&quot;:true,&quot;preserveButtonSpace&quot;:true,&quot;buttons&quot;:{&quot;fullscreen&quot;:true,&quot;info&quot;:true,&quot;thumbs&quot;:false},&quot;video&quot;:{&quot;autoPlay&quot;:true}}\" style=\"--fg-title-line-clamp: 1; --fg-description-line-clamp: 2;\" >\n\t<button type=\"button\" class=\"fg-carousel-prev\" title=\"Previous\"><\/button>\n\t<div class=\"fg-carousel-inner\">\n\t\t<div class=\"fg-carousel-center\"><\/div>\n\t\t<div class=\"fg-item fg-type-image fg-idle\"><figure class=\"fg-item-inner\"><a href=\"https:\/\/www.keturist.sk\/info\/wp-content\/uploads\/2022\/02\/kamenny-hrib5.jpg\" data-caption-title=\"NPP Marku\u0161ovsk\u00e9 steny a Marku\u0161ovsk\u00fd skaln\u00fd hr\u00edb\" data-caption-desc=\"NPP Marku\u0161ovsk\u00e9 steny \u2013 pietne miesto, Fotograf: Jozef Mare\u010dek (https:\/\/www.facebook.com\/jozef.marecek.94)\" data-attachment-id=\"47105\" data-type=\"image\" class=\"fg-thumb\"><span class=\"fg-image-wrap\"><img decoding=\"async\" alt=\"NPP Marku\u0161ovsk\u00e9 steny a Marku\u0161ovsk\u00fd skaln\u00fd hr\u00edb\" title=\"NPP Marku\u0161ovsk\u00e9 steny a Marku\u0161ovsk\u00fd skaln\u00fd hr\u00edb\" width=\"200\" height=\"200\" class=\"skip-lazy fg-image\" data-src-fg=\"https:\/\/www.keturist.sk\/info\/wp-content\/uploads\/cache\/2022\/02\/kamenny-hrib5\/3103401152.jpg\" src=\"data:image\/svg+xml,%3Csvg%20xmlns%3D%22http%3A%2F%2Fwww.w3.org%2F2000%2Fsvg%22%20width%3D%22200%22%20height%3D%22200%22%20viewBox%3D%220%200%20200%20200%22%3E%3C%2Fsvg%3E\" loading=\"eager\"><\/span><span class=\"fg-image-overlay\"><\/span><\/a><figcaption class=\"fg-caption\"><div class=\"fg-caption-inner\"><div class=\"fg-caption-title\">NPP Marku\u0161ovsk\u00e9 steny a Marku\u0161ovsk\u00fd skaln\u00fd hr\u00edb<\/div><div class=\"fg-caption-desc\">NPP Marku\u0161ovsk\u00e9 steny \u2013 pietne miesto, Fotograf: Jozef Mare\u010dek (https:\/\/www.facebook.com\/jozef.marecek.94)<\/div><\/div><\/figcaption><\/figure><div class=\"fg-loader\"><\/div><\/div><div class=\"fg-item fg-type-image fg-idle\"><figure class=\"fg-item-inner\"><a href=\"https:\/\/www.keturist.sk\/info\/wp-content\/uploads\/2022\/02\/kamenny-hrib4.jpg\" data-caption-title=\"NPP Marku\u0161ovsk\u00e9 steny \u2013 Horn\u00e1d, Fotograf: Jozef Mare\u010dek (https:\/\/www.facebook.com\/jozef.marecek.94)\" data-caption-desc=\"NPP Marku\u0161ovsk\u00e9 steny \u2013 Horn\u00e1d, Fotograf: Jozef Mare\u010dek (https:\/\/www.facebook.com\/jozef.marecek.94)\" data-attachment-id=\"47104\" data-type=\"image\" class=\"fg-thumb\"><span class=\"fg-image-wrap\"><img decoding=\"async\" alt=\"NPP Marku\u0161ovsk\u00e9 steny \u2013 Horn\u00e1d, Fotograf: Jozef Mare\u010dek (https:\/\/www.facebook.com\/jozef.marecek.94)\" title=\"NPP Marku\u0161ovsk\u00e9 steny \u2013 Horn\u00e1d, Fotograf: Jozef Mare\u010dek (https:\/\/www.facebook.com\/jozef.marecek.94)\" width=\"200\" height=\"200\" class=\"skip-lazy fg-image\" data-src-fg=\"https:\/\/www.keturist.sk\/info\/wp-content\/uploads\/cache\/2022\/02\/kamenny-hrib4\/3595669533.jpg\" src=\"data:image\/svg+xml,%3Csvg%20xmlns%3D%22http%3A%2F%2Fwww.w3.org%2F2000%2Fsvg%22%20width%3D%22200%22%20height%3D%22200%22%20viewBox%3D%220%200%20200%20200%22%3E%3C%2Fsvg%3E\" loading=\"eager\"><\/span><span class=\"fg-image-overlay\"><\/span><\/a><figcaption class=\"fg-caption\"><div class=\"fg-caption-inner\"><div class=\"fg-caption-title\">NPP Marku\u0161ovsk\u00e9 steny \u2013 Horn\u00e1d, Fotograf: Jozef Mare\u010dek (https:\/\/www.facebook.com\/jozef.marecek.94)<\/div><div class=\"fg-caption-desc\">NPP Marku\u0161ovsk\u00e9 steny \u2013 Horn\u00e1d, Fotograf: Jozef Mare\u010dek (https:\/\/www.facebook.com\/jozef.marecek.94)<\/div><\/div><\/figcaption><\/figure><div class=\"fg-loader\"><\/div><\/div><div class=\"fg-item fg-type-image fg-idle\"><figure class=\"fg-item-inner\"><a href=\"https:\/\/www.keturist.sk\/info\/wp-content\/uploads\/2022\/02\/kamenny-hrib3.jpg\" data-caption-title=\"NPP Marku\u0161ovsk\u00e9 steny \u2013 Horn\u00e1d, Fotograf: Jozef Mare\u010dek (https:\/\/www.facebook.com\/jozef.marecek.94)\" data-caption-desc=\"NPP Marku\u0161ovsk\u00e9 steny \u2013 Horn\u00e1d, Fotograf: Jozef Mare\u010dek (https:\/\/www.facebook.com\/jozef.marecek.94)\" data-attachment-id=\"47103\" data-type=\"image\" class=\"fg-thumb\"><span class=\"fg-image-wrap\"><img decoding=\"async\" alt=\"NPP Marku\u0161ovsk\u00e9 steny \u2013 Horn\u00e1d, Fotograf: Jozef Mare\u010dek (https:\/\/www.facebook.com\/jozef.marecek.94)\" title=\"NPP Marku\u0161ovsk\u00e9 steny \u2013 Horn\u00e1d, Fotograf: Jozef Mare\u010dek (https:\/\/www.facebook.com\/jozef.marecek.94)\" width=\"200\" height=\"200\" class=\"skip-lazy fg-image\" data-src-fg=\"https:\/\/www.keturist.sk\/info\/wp-content\/uploads\/cache\/2022\/02\/kamenny-hrib3\/1666650217.jpg\" src=\"data:image\/svg+xml,%3Csvg%20xmlns%3D%22http%3A%2F%2Fwww.w3.org%2F2000%2Fsvg%22%20width%3D%22200%22%20height%3D%22200%22%20viewBox%3D%220%200%20200%20200%22%3E%3C%2Fsvg%3E\" loading=\"eager\"><\/span><span class=\"fg-image-overlay\"><\/span><\/a><figcaption class=\"fg-caption\"><div class=\"fg-caption-inner\"><div class=\"fg-caption-title\">NPP Marku\u0161ovsk\u00e9 steny \u2013 Horn\u00e1d, Fotograf: Jozef Mare\u010dek (https:\/\/www.facebook.com\/jozef.marecek.94)<\/div><div class=\"fg-caption-desc\">NPP Marku\u0161ovsk\u00e9 steny \u2013 Horn\u00e1d, Fotograf: Jozef Mare\u010dek (https:\/\/www.facebook.com\/jozef.marecek.94)<\/div><\/div><\/figcaption><\/figure><div class=\"fg-loader\"><\/div><\/div><div class=\"fg-item fg-type-image fg-idle\"><figure class=\"fg-item-inner\"><a href=\"https:\/\/www.keturist.sk\/info\/wp-content\/uploads\/2022\/02\/kamenny-hrib2.jpg\" data-caption-title=\"NPP Marku\u0161ovsk\u00e9 steny a Marku\u0161ovsk\u00fd skaln\u00fd hr\u00edb\" data-caption-desc=\"Marku\u0161ovsk\u00fd skaln\u00fd hr\u00edb, Fotograf: Jozef Mare\u010dek (https:\/\/www.facebook.com\/jozef.marecek.94)\" data-attachment-id=\"47102\" data-type=\"image\" class=\"fg-thumb\"><span class=\"fg-image-wrap\"><img decoding=\"async\" alt=\"NPP Marku\u0161ovsk\u00e9 steny a Marku\u0161ovsk\u00fd skaln\u00fd hr\u00edb\" title=\"NPP Marku\u0161ovsk\u00e9 steny a Marku\u0161ovsk\u00fd skaln\u00fd hr\u00edb\" width=\"200\" height=\"200\" class=\"skip-lazy fg-image\" data-src-fg=\"https:\/\/www.keturist.sk\/info\/wp-content\/uploads\/cache\/2022\/02\/kamenny-hrib2\/439062798.jpg\" src=\"data:image\/svg+xml,%3Csvg%20xmlns%3D%22http%3A%2F%2Fwww.w3.org%2F2000%2Fsvg%22%20width%3D%22200%22%20height%3D%22200%22%20viewBox%3D%220%200%20200%20200%22%3E%3C%2Fsvg%3E\" loading=\"eager\"><\/span><span class=\"fg-image-overlay\"><\/span><\/a><figcaption class=\"fg-caption\"><div class=\"fg-caption-inner\"><div class=\"fg-caption-title\">NPP Marku\u0161ovsk\u00e9 steny a Marku\u0161ovsk\u00fd skaln\u00fd hr\u00edb<\/div><div class=\"fg-caption-desc\">Marku\u0161ovsk\u00fd skaln\u00fd hr\u00edb, Fotograf: Jozef Mare\u010dek (https:\/\/www.facebook.com\/jozef.marecek.94)<\/div><\/div><\/figcaption><\/figure><div class=\"fg-loader\"><\/div><\/div><div class=\"fg-item fg-type-image fg-idle\"><figure class=\"fg-item-inner\"><a href=\"https:\/\/www.keturist.sk\/info\/wp-content\/uploads\/2022\/02\/kamenny-hrib1.jpg\" data-caption-title=\"NPP Marku\u0161ovsk\u00e9 steny a Marku\u0161ovsk\u00fd skaln\u00fd hr\u00edb\" data-caption-desc=\"Marku\u0161ovsk\u00fd skaln\u00fd hr\u00edb, Fotograf: Jozef Mare\u010dek (https:\/\/www.facebook.com\/jozef.marecek.94)\" data-attachment-id=\"47101\" data-type=\"image\" class=\"fg-thumb\"><span class=\"fg-image-wrap\"><img decoding=\"async\" alt=\"NPP Marku\u0161ovsk\u00e9 steny a Marku\u0161ovsk\u00fd skaln\u00fd hr\u00edb\" title=\"NPP Marku\u0161ovsk\u00e9 steny a Marku\u0161ovsk\u00fd skaln\u00fd hr\u00edb\" width=\"200\" height=\"200\" class=\"skip-lazy fg-image\" data-src-fg=\"https:\/\/www.keturist.sk\/info\/wp-content\/uploads\/cache\/2022\/02\/kamenny-hrib1\/2444104359.jpg\" src=\"data:image\/svg+xml,%3Csvg%20xmlns%3D%22http%3A%2F%2Fwww.w3.org%2F2000%2Fsvg%22%20width%3D%22200%22%20height%3D%22200%22%20viewBox%3D%220%200%20200%20200%22%3E%3C%2Fsvg%3E\" loading=\"eager\"><\/span><span class=\"fg-image-overlay\"><\/span><\/a><figcaption class=\"fg-caption\"><div class=\"fg-caption-inner\"><div class=\"fg-caption-title\">NPP Marku\u0161ovsk\u00e9 steny a Marku\u0161ovsk\u00fd skaln\u00fd hr\u00edb<\/div><div class=\"fg-caption-desc\">Marku\u0161ovsk\u00fd skaln\u00fd hr\u00edb, Fotograf: Jozef Mare\u010dek (https:\/\/www.facebook.com\/jozef.marecek.94)<\/div><\/div><\/figcaption><\/figure><div class=\"fg-loader\"><\/div><\/div>\t<\/div>\n\t<div class=\"fg-carousel-bottom\"><\/div>\n\t<div class=\"fg-carousel-progress\"><\/div>\n\t<button type=\"button\" class=\"fg-carousel-next\" title=\"Next\"><\/button>\n<\/div>\n<h2><span style=\"color: #800000;\">Zauj\u00edmav\u00e9 odkazy<\/span><\/h2>\n<h3><span style=\"color: #808000;\">Okolit\u00e9 Stredisk\u00e1 a centr\u00e1:<\/span><\/h3>\n<ul>\n<li>Obec Matejovce nad Horn\u00e1dom<\/li>\n<\/ul>\n<h2><span style=\"color: #800000;\">Mapy<\/span><\/h2>\n<p><strong>Vrstvy: <\/strong>Turistick\u00e1 mapa, Automapa, Cyklomapa, Ly\u017eiarska mapa, Satelitn\u00e1 mapa a OpenStreetMap.<\/p>\n<p><strong>Kliknut\u00edm na logo &#8222;Freemap.sk&#8220; sa V\u00e1m mapa zobraz\u00ed na celej ploche obrazovky.<\/strong><\/p>\n<h2><iframe style=\"width: 900px; height: 500px; border: 0;\" src=\"https:\/\/www.freemap.sk\/?map=17\/48.916523\/20.649241&amp;info-point=48.916523\/20.649241,Marku\u0161ovsk\u00fd skaln\u00fd hr\u00edb&amp;layers=X&amp;embed=search\" allowfullscreen=\"allowfullscreen\"><span data-mce-type=\"bookmark\" style=\"display: inline-block; width: 0px; overflow: hidden; line-height: 0;\" class=\"mce_SELRES_start\">\ufeff<\/span><\/iframe><br \/>\n<span style=\"color: #800000;\">Po\u010dasie<\/span><\/h2>\n<p><iframe style=\"width: 900px; height: 625px;\" src=\"https:\/\/www.meteoblue.com\/sk\/po%C4%8Dasie\/widget\/three\/marku%c5%a1ovce_slovensk%c3%a1-republika_724177?geoloc=fixed&amp;nocurrent=0&amp;noforecast=0&amp;days=7&amp;tempunit=CELSIUS&amp;windunit=KILOMETER_PER_HOUR&amp;layout=image\" frameborder=\"0\" scrolling=\"NO\" sandbox=\"allow-same-origin allow-scripts allow-popups allow-popups-to-escape-sandbox\"><\/iframe><\/p>\n<div><!-- DO NOT REMOVE THIS LINK --><a href=\"https:\/\/www.meteoblue.com\/sk\/po%C4%8Dasie\/t%C3%BD%C5%BEde%C5%88\/marku%c5%a1ovce_slovensk%c3%a1-republika_724177?utm_source=weather_widget&amp;utm_medium=linkus&amp;utm_content=three&amp;utm_campaign=Weather%2BWidget\" target=\"_blank\" rel=\"noopener\">meteoblue<\/a><\/div>\n","protected":false},"excerpt":{"rendered":"<p>Podkateg\u00f3ria: Lokaliz\u00e1cia: Volovsk\u00e9 vrchy Marku\u0161ovsk\u00e9 steny a Marku\u0161ovsk\u00fd skaln\u00fd hr\u00edb, kde ich n\u00e1jdete a \u010do s\u00fa? Marku\u0161ovsk\u00e9 steny\u00a0je n\u00e1rodn\u00e1 pr\u00edrodn\u00e1 pamiatka, ktor\u00e1 sa nach\u00e1dza v katastr\u00e1lnom \u00fazem\u00ed obc\u00ed\u00a0Marku\u0161ovce\u00a0a Odor\u00edn v [&hellip;]<\/p>\n","protected":false},"author":1,"featured_media":47102,"parent":19282,"menu_order":0,"comment_status":"closed","ping_status":"closed","template":"","meta":{"_uag_custom_page_level_css":"","_monsterinsights_skip_tracking":false,"_monsterinsights_sitenote_active":false,"_monsterinsights_sitenote_note":"","_monsterinsights_sitenote_category":0,"footnotes":""},"class_list":["post-47096","page","type-page","status-publish","has-post-thumbnail","hentry"],"featured_image_src":"https:\/\/www.keturist.sk\/info\/wp-content\/uploads\/2022\/02\/kamenny-hrib2.jpg","featured_image_src_square":"https:\/\/www.keturist.sk\/info\/wp-content\/uploads\/2022\/02\/kamenny-hrib2.jpg","rbea_author_info":{"display_name":"admin","author_link":"https:\/\/www.keturist.sk\/info\/author\/admin\/"},"rbea_excerpt_info":"Podkateg\u00f3ria: Lokaliz\u00e1cia: Volovsk\u00e9 vrchy Marku\u0161ovsk\u00e9 steny a Marku\u0161ovsk\u00fd skaln\u00fd hr\u00edb, kde ich n\u00e1jdete a \u010do s\u00fa? Marku\u0161ovsk\u00e9 steny\u00a0je n\u00e1rodn\u00e1 pr\u00edrodn\u00e1 pamiatka, ktor\u00e1 sa nach\u00e1dza v katastr\u00e1lnom \u00fazem\u00ed obc\u00ed\u00a0Marku\u0161ovce\u00a0a Odor\u00edn v [&hellip;]","uagb_featured_image_src":{"full":["https:\/\/www.keturist.sk\/info\/wp-content\/uploads\/2022\/02\/kamenny-hrib2.jpg",1000,667,false],"thumbnail":["https:\/\/www.keturist.sk\/info\/wp-content\/uploads\/2022\/02\/kamenny-hrib2-270x180.jpg",270,180,true],"medium":["https:\/\/www.keturist.sk\/info\/wp-content\/uploads\/2022\/02\/kamenny-hrib2-800x534.jpg",800,534,true],"medium_large":["https:\/\/www.keturist.sk\/info\/wp-content\/uploads\/2022\/02\/kamenny-hrib2-768x512.jpg",768,512,true],"large":["https:\/\/www.keturist.sk\/info\/wp-content\/uploads\/2022\/02\/kamenny-hrib2.jpg",1000,667,false],"1536x1536":["https:\/\/www.keturist.sk\/info\/wp-content\/uploads\/2022\/02\/kamenny-hrib2.jpg",1000,667,false],"2048x2048":["https:\/\/www.keturist.sk\/info\/wp-content\/uploads\/2022\/02\/kamenny-hrib2.jpg",1000,667,false]},"uagb_author_info":{"display_name":"admin","author_link":"https:\/\/www.keturist.sk\/info\/author\/admin\/"},"uagb_comment_info":0,"uagb_excerpt":"Podkateg\u00f3ria: Lokaliz\u00e1cia: Volovsk\u00e9 vrchy Marku\u0161ovsk\u00e9 steny a Marku\u0161ovsk\u00fd skaln\u00fd hr\u00edb, kde ich n\u00e1jdete a \u010do s\u00fa? Marku\u0161ovsk\u00e9 steny\u00a0je n\u00e1rodn\u00e1 pr\u00edrodn\u00e1 pamiatka, ktor\u00e1 sa nach\u00e1dza v katastr\u00e1lnom \u00fazem\u00ed obc\u00ed\u00a0Marku\u0161ovce\u00a0a Odor\u00edn v [&hellip;]","_links":{"self":[{"href":"https:\/\/www.keturist.sk\/info\/wp-json\/wp\/v2\/pages\/47096","targetHints":{"allow":["GET"]}}],"collection":[{"href":"https:\/\/www.keturist.sk\/info\/wp-json\/wp\/v2\/pages"}],"about":[{"href":"https:\/\/www.keturist.sk\/info\/wp-json\/wp\/v2\/types\/page"}],"author":[{"embeddable":true,"href":"https:\/\/www.keturist.sk\/info\/wp-json\/wp\/v2\/users\/1"}],"replies":[{"embeddable":true,"href":"https:\/\/www.keturist.sk\/info\/wp-json\/wp\/v2\/comments?post=47096"}],"version-history":[{"count":12,"href":"https:\/\/www.keturist.sk\/info\/wp-json\/wp\/v2\/pages\/47096\/revisions"}],"predecessor-version":[{"id":72883,"href":"https:\/\/www.keturist.sk\/info\/wp-json\/wp\/v2\/pages\/47096\/revisions\/72883"}],"up":[{"embeddable":true,"href":"https:\/\/www.keturist.sk\/info\/wp-json\/wp\/v2\/pages\/19282"}],"wp:featuredmedia":[{"embeddable":true,"href":"https:\/\/www.keturist.sk\/info\/wp-json\/wp\/v2\/media\/47102"}],"wp:attachment":[{"href":"https:\/\/www.keturist.sk\/info\/wp-json\/wp\/v2\/media?parent=47096"}],"curies":[{"name":"wp","href":"https:\/\/api.w.org\/{rel}","templated":true}]}}