{"id":45686,"date":"2022-01-08T20:14:22","date_gmt":"2022-01-08T19:14:22","guid":{"rendered":"https:\/\/www.keturist.sk\/info\/?page_id=45686"},"modified":"2026-04-09T08:28:22","modified_gmt":"2026-04-09T06:28:22","slug":"ludova-architektura-vo-vysnom-medzeve","status":"publish","type":"page","link":"https:\/\/www.keturist.sk\/info\/kam-za-pamiatkami\/kam-za-pamiatkami-smer-volovske-vrchy\/ludova-architektura\/ludova-architektura-vo-vysnom-medzeve\/","title":{"rendered":"\u013dudov\u00e1 architekt\u00fara vo Vy\u0161nom Medzeve"},"content":{"rendered":"<a href=\"https:\/\/www.keturist.sk\/info\/\" class=\"su-button su-button-style-default\" style=\"color:#000000;background-color:#FFCF2F;border-color:#cca626;border-radius:5px\" target=\"_self\"><span style=\"color:#000000;padding:6px 16px;font-size:13px;line-height:20px;border-color:#ffde6e;border-radius:5px;text-shadow:none\"><i class=\"sui sui-arrow-right\" style=\"font-size:13px;color:#000000\"><\/i>  Spravodaj <\/span><\/a>\n<a href=\"https:\/\/www.keturist.sk\/info\/tipy-na-vylety\/\" class=\"su-button su-button-style-default\" style=\"color:#000000;background-color:#FFCF2F;border-color:#cca626;border-radius:5px\" target=\"_self\"><span style=\"color:#000000;padding:6px 16px;font-size:13px;line-height:20px;border-color:#ffde6e;border-radius:5px;text-shadow:none\"><i class=\"sui sui-arrow-right\" style=\"font-size:13px;color:#000000\"><\/i>  TIPY NA V\u00ddLETY <\/span><\/a>\n<a href=\"https:\/\/www.keturist.sk\/info\/kam-za-pamiatkami\/\" class=\"su-button su-button-style-default\" style=\"color:#000000;background-color:#FFCF2F;border-color:#cca626;border-radius:5px\" target=\"_self\"><span style=\"color:#000000;padding:6px 16px;font-size:13px;line-height:20px;border-color:#ffde6e;border-radius:5px;text-shadow:none\"><i class=\"sui sui-arrow-right\" style=\"font-size:13px;color:#000000\"><\/i>  Kam za pamiatkami <\/span><\/a>\n<a href=\"https:\/\/www.keturist.sk\/info\/kam-za-pamiatkami\/kam-za-pamiatkami-smer-volovske-vrchy\/\" class=\"su-button su-button-style-default\" style=\"color:#000000;background-color:#FFCF2F;border-color:#cca626;border-radius:5px\" target=\"_self\"><span style=\"color:#000000;padding:6px 16px;font-size:13px;line-height:20px;border-color:#ffde6e;border-radius:5px;text-shadow:none\"><i class=\"sui sui-arrow-right\" style=\"font-size:13px;color:#000000\"><\/i>  smer Volovsk\u00e9 vrchy <\/span><\/a>\n<div class=\"su-divider su-divider-style-default\" style=\"margin:15px 0;border-width:0px;border-color:#000000\"><\/div>\n<strong>Podkateg\u00f3ria: <\/strong> <a href=\"https:\/\/www.keturist.sk\/info\/kam-za-pamiatkami\/kam-za-pamiatkami-smer-volovske-vrchy\/ludova-architektura\/\" class=\"su-button su-button-style-default\" style=\"color:#000000;background-color:#afd144;border-color:#8ca837;border-radius:5px\" target=\"_self\"><span style=\"color:#000000;padding:6px 16px;font-size:13px;line-height:20px;border-color:#c7df7d;border-radius:5px;text-shadow:none\"><i class=\"sui sui-arrow-right\" style=\"font-size:13px;color:#000000\"><\/i>  \u013dudov\u00e1 architekt\u00fara <\/span><\/a>\n<p><strong>Lokaliz\u00e1cia: <\/strong><a href=\"https:\/\/www.keturist.sk\/info\/okolite-hory\/volovske-vrchy\/\">Volovsk\u00e9 vrchy<\/a><\/p>\n<div class=\"su-divider su-divider-style-default\" style=\"margin:15px 0;border-width:2px;border-color:#000000\"><\/div>\n<figure id=\"attachment_74267\" aria-describedby=\"caption-attachment-74267\" style=\"width: 900px\" class=\"wp-caption aligncenter\"><a href=\"https:\/\/www.keturist.sk\/info\/wp-content\/uploads\/2026\/03\/vysny-medzev-leto.jpeg\"><img loading=\"lazy\" decoding=\"async\" class=\"wp-image-74267\" src=\"https:\/\/www.keturist.sk\/info\/wp-content\/uploads\/2026\/03\/vysny-medzev-leto-800x447.jpeg\" alt=\"\u013dudov\u00e1 architekt\u00fara vo Vy\u0161nom Medzeve\" width=\"900\" height=\"502\" srcset=\"https:\/\/www.keturist.sk\/info\/wp-content\/uploads\/2026\/03\/vysny-medzev-leto-800x447.jpeg 800w, https:\/\/www.keturist.sk\/info\/wp-content\/uploads\/2026\/03\/vysny-medzev-leto-270x151.jpeg 270w, https:\/\/www.keturist.sk\/info\/wp-content\/uploads\/2026\/03\/vysny-medzev-leto-768x429.jpeg 768w, https:\/\/www.keturist.sk\/info\/wp-content\/uploads\/2026\/03\/vysny-medzev-leto.jpeg 1376w\" sizes=\"auto, (max-width: 900px) 100vw, 900px\" \/><\/a><figcaption id=\"caption-attachment-74267\" class=\"wp-caption-text\">\u013dudov\u00e1 architekt\u00fara vo Vy\u0161nom Medzeve<\/figcaption><\/figure>\n<div class=\"su-divider su-divider-style-default\" style=\"margin:15px 0;border-width:2px;border-color:#000000\"><\/div>\n<h2 data-path-to-node=\"2\"><span style=\"color: #800000;\">Pre\u010do v\u00e1s atmosf\u00e9ra Vy\u0161n\u00e9ho Medzeva chyt\u00ed za srdce?<\/span><\/h2>\n<p data-path-to-node=\"3\">Predstavte si rann\u00fa hmlu, ktor\u00e1 sa lenivo preva\u013euje nad hladinou Opusten\u00e9ho potoka. Kr\u00e1\u010date po starej kamennej dla\u017ebe a jedin\u00e9, \u010do po\u010du\u0165, je tlmen\u00fd zvuk va\u0161ich krokov a vzdialen\u00e9 cinknutie kladiva o n\u00e1kovu, ktor\u00e9 akoby prich\u00e1dzalo z minul\u00fdch storo\u010d\u00ed. Zastanete pred domom s vysok\u00fdm dreven\u00fdm \u0161t\u00edtom. Jeho okn\u00e1, or\u00e1movan\u00e9 ozdobn\u00fdmi \u0161ambr\u00e1nami, vyzeraj\u00fa ako o\u010di star\u00e9ho kronik\u00e1ra, ktor\u00fd videl pr\u00edchod nemeck\u00fdch kolonistov, bohatstvo ban\u00edckych rod\u00edn aj pot a drinu miestnych h\u00e1morn\u00edkov.<\/p>\n<p data-path-to-node=\"4\">Pr\u00e1ve tu, vo Vy\u0161nom Medzeve, sa zastavil \u010das v tej najkraj\u0161ej podobe. Sta\u010d\u00ed natiahnu\u0165 ruku a dotkn\u00fa\u0165 sa drsn\u00e9ho kame\u0148a barokovej s\u00fdpky alebo nazrie\u0165 cez obl\u00fakov\u00fa br\u00e1nu do dvora, kde kedysi parkovali \u0165a\u017ek\u00e9 vozy nalo\u017een\u00e9 rudou. Toto nie je len m\u00fazeum pod hol\u00fdm nebom \u2013 je to \u017eiv\u00e1 mapa osudov vp\u00edsan\u00e1 do p\u00e1lenej tehly a ru\u010dne tesan\u00fdch tr\u00e1mov. Ak chcete zisti\u0165, pre\u010do maj\u00fa tunaj\u0161ie domy tri okn\u00e1 a \u010do skr\u00fdva tajomn\u00e1 podlomenica, vydajte sa s nami na cestu po stop\u00e1ch predkov, kde <b data-path-to-node=\"4\" data-index-in-node=\"476\">\u013eudov\u00e1 architekt\u00fara vo Vy\u0161nom Medzeve<\/b> odha\u013euje svoje tajomstv\u00e1.<\/p>\n<h2 data-path-to-node=\"6\"><span style=\"color: #800000;\">\u010c\u00edm je definovan\u00e1 unik\u00e1tna \u013eudov\u00e1 architekt\u00fara vo Vy\u0161nom Medzeve?<\/span><\/h2>\n<p data-path-to-node=\"7\"><b data-path-to-node=\"7\" data-index-in-node=\"0\">\u013dudov\u00e1 architekt\u00fara vo Vy\u0161nom Medzeve<\/b> predstavuje obec s radovou poto\u010dnou z\u00e1stavbou, ktor\u00fa prirodzene formuje <strong>Opusten\u00fd potok<\/strong>. Opusten\u00fd potok pramen\u00ed vo Volovsk\u00fdch vrchoch na ju\u017en\u00fdch svahoch\u00a0<strong>Str\u00e1\u017eneho vrchu<\/strong>.\u00a0 V centre, v tesnej bl\u00edzkosti kostola a radnice, nadobudla obec charakter mestskej radovej z\u00e1stavby, kde sa a\u017e na niektor\u00e9 v\u00fdnimky nach\u00e1dzaj\u00fa <b data-path-to-node=\"7\" data-index-in-node=\"267\">pr\u00edzemn\u00e9 me\u0161tianske domy<\/b>.<\/p>\n<p data-path-to-node=\"8\">Zvy\u0161ok obce m\u00e1 u\u017e charakter poto\u010dnej radovej dediny. Tu sa u\u017e nach\u00e1dzaj\u00fa <b data-path-to-node=\"8\" data-index-in-node=\"73\">murovan\u00e9 domy<\/b> b\u00fdval\u00fdch ban\u00edkov, h\u00e1morn\u00edkov a sedliakov, ktor\u00e9 dotv\u00e1raj\u00fa <b data-path-to-node=\"8\" data-index-in-node=\"145\">historick\u00e9 stavby<\/b> a kolorit miesta.<\/p>\n<p data-path-to-node=\"8\">Cel\u00e9 \u00fazemie tejto historickej obce bolo pre svoje nesporn\u00e9 kult\u00farne hodnoty v roku\u00a0<b data-path-to-node=\"2\" data-index-in-node=\"220\">1993 vyhl\u00e1sen\u00e9 za <a href=\"https:\/\/www.keturist.sk\/info\/kam-za-pamiatkami\/kam-za-pamiatkami-smer-volovske-vrchy\/pamiatkove-zony\/pamiatkova-zona-vysny-medzev\/\">pamiatkov\u00fa z\u00f3nu<\/a><\/b>.<\/p>\n<h2 data-path-to-node=\"10\"><span style=\"color: #800000;\">Ako spozn\u00e1te tradi\u010dn\u00e9 \u013eudov\u00e9 domy spi\u0161sk\u00e9ho typu?<\/span><\/h2>\n<p data-path-to-node=\"11\">Pre <b data-path-to-node=\"11\" data-index-in-node=\"4\">medzevsk\u00e9 \u013eudov\u00e9 domy<\/b> je typick\u00e9, \u017ee stavby mali v prednej \u010dasti tri, niekedy aj \u0161tyri okn\u00e1, \u010do je jav v\u0161eobecne charakteristick\u00fd pre nemeck\u00e9 os\u00eddlenie. Tak\u00e9to <b data-path-to-node=\"11\" data-index-in-node=\"164\">tradi\u010dn\u00e9 domy<\/b> prevl\u00e1dali hlavne na \u00fazem\u00ed Spi\u0161a, kde sa od 13. storo\u010dia us\u00e1dzali takzvan\u00ed spi\u0161sk\u00ed Nemci. Mimo Spi\u0161a sa tak\u00e9to <b data-path-to-node=\"11\" data-index-in-node=\"289\">objekty \u013eudovej architekt\u00fary<\/b> <span class=\"citation-3862 citation-3863 citation-3864 citation-end-3864\">stavali aj v obciach Vy\u0161n\u00fd Medzev, Ni\u017en\u00fd Medzev a \u0160t\u00f3s, kde taktie\u017e \u017eili nemeck\u00ed kolonisti.<\/span><\/p>\n<p data-path-to-node=\"12\"><b data-path-to-node=\"12\" data-index-in-node=\"0\"><span class=\"citation-3859 citation-3860 citation-3861\">Murovan\u00e9 domy<\/span><\/b><span class=\"citation-3859 citation-3860 citation-3861\"> tohto typu sa zachovali a\u017e do dne\u0161n\u00fdch \u010dias a vyskytovali sa najm\u00e4 na n\u00e1mest\u00ed okolo kostola. <\/span><b data-path-to-node=\"12\" data-index-in-node=\"107\"><span class=\"citation-3859 citation-3860 citation-3861 citation-end-3861\">Dre<\/span><span class=\"citation-3859 citation-3860\">ven\u00e9 zrubov\u00e9 stavby<\/span><\/b><span class=\"citation-3859 citation-3860 citation-end-3860\"> preva\u017eovali e\u0161te v druhej polovici 19. storo\u010dia a tie sa nach\u00e1dzali mimo spom\u00ed<\/span><span class=\"citation-3859\">nan\u00e9ho n\u00e1mestia. Spom\u00ednan\u00e9 <\/span><b data-path-to-node=\"12\" data-index-in-node=\"235\"><span class=\"citation-3859\">zrubov\u00e9 \u013eudov\u00e9 domy<\/span><\/b><span class=\"citation-3859 citation-end-3859\"> sa v obci nezachoval<\/span>i, ke\u010f\u017ee niektor\u00e9 pretrvali len do druhej polovice 20. storo\u010dia.<\/p>\n<p data-path-to-node=\"13\">Hlavn\u00fdm znakom t\u00fdchto <b data-path-to-node=\"13\" data-index-in-node=\"22\">historick\u00fdch obydl\u00ed<\/b> <span class=\"citation-3855 citation-3856 citation-3857 citation-3858 citation-end-3858\">v 18. a\u017e 19. storo\u010d\u00ed bola sedlov\u00e1 strecha s vysok\u00fdm doskov\u00fdm \u0161t\u00edtom alebo sedlov\u00e1 strecha s podlomenicou. Strie\u0161ka na spodnej \u010dasti \u0161t\u00edtu, naz\u00fdvan\u00e1 ako podlomenica, chr\u00e1nila hlavn\u00fa fas\u00e1du pre<\/span><span class=\"citation-3855 citation-3856 citation-3857 citation-end-3857\">d da\u017e\u010fom. V 20. storo\u010d\u00ed sa za\u010dala pou\u017e\u00edva\u0165 valbov\u00e1 strecha. Krov bol tvoren\u00fd z ru\u010dne t<\/span><span class=\"citation-3855 citation-3856 citation-end-3856\">esan\u00fdch tr\u00e1mov a do 20. storo\u010dia boli strechy pokryt\u00e9 so \u0161ind\u013eovou krytinou.<\/span><\/p>\n<p data-path-to-node=\"14\"><span class=\"citation-3853 citation-3854 citation-end-3854\">Potom sa za\u010da<\/span><span class=\"citation-3853\">li vyu\u017e\u00edva\u0165 p\u00e1len\u00e9 krytiny, bridlicov\u00e9 krytiny, krytiny z eternitu a plechov\u00e9 p\u00e1sy. <\/span><b data-path-to-node=\"14\" data-index-in-node=\"97\"><span class=\"citation-3853 citation-end-3853\">Murov<\/span>an\u00e9 domy<\/b> vlastnili bohat\u0161\u00ed gazdovia alebo majitelia h\u00e1mrov a ban\u00ed. Ako materi\u00e1l sa pou\u017e\u00edvali kamene z okolia a p\u00e1len\u00e9 tehly. Bola pre netypick\u00e1 ve\u013ek\u00e1 zastre\u0161en\u00e1 rovn\u00e1 alebo obl\u00fakov\u00e1 br\u00e1na. Pre tieto <b data-path-to-node=\"14\" data-index-in-node=\"302\">nemeck\u00e9 <span class=\"citation-3851 citation-3852\">domy<\/span><\/b><span class=\"citation-3851 citation-3852 citation-end-3852\"> platilo, \u017ee vpredu sa nach\u00e1dzali dve ve\u013ek\u00e9 izby, alebo jedna ve\u013ek\u00e1 a jedna \u00fazka izba, ktor\u00e1 je typick\u00e1 pre nemeck\u00fa architekt\u00faru.<\/span><\/p>\n<p data-path-to-node=\"15\"><span class=\"citation-3849 citation-3850 citation-end-3850\">Potom nasledovala priestrann\u00e1 kuchy\u0148a a za \u0148ou nasledovala zadn<\/span><span class=\"citation-3849\">\u00e1 izba, komora a <\/span><b data-path-to-node=\"15\" data-index-in-node=\"80\"><span class=\"citation-3849\">hospod\u00e1rske budovy<\/span><\/b><span class=\"citation-3849 citation-end-3849\">. <\/span>Zadn\u00e1 \u010das\u0165, teda <b data-path-to-node=\"15\" data-index-in-node=\"117\">hospod\u00e1rska stavba<\/b>, bola zhotoven\u00e1 z nep\u00e1len\u00fdch teh\u00e1l, kame\u0148a a dreva.<\/p>\n<h2 data-path-to-node=\"17\"><span style=\"color: #800000;\">Ak\u00e9 zauj\u00edmavosti ukr\u00fdva pamiatkovo chr\u00e1nen\u00fd Dom \u013eudov\u00fd \u010d. 58?<\/span><\/h2>\n<p data-path-to-node=\"18\"><b data-path-to-node=\"18\" data-index-in-node=\"0\"><span class=\"citation-3847 citation-3848\">Dom \u013eudov\u00fd \u010d. 58<\/span><\/b><span class=\"citation-3847 citation-3848\"> spi\u0161sk\u00e9ho typu bol postaven\u00fd koncom 18. storo\u010dia a je <\/span><b data-path-to-node=\"18\" data-index-in-node=\"71\"><span class=\"citation-3847 citation-3848\">kult\u00farnou pamiatkou<\/span><\/b><span class=\"citation-3847 citation-3848\"> od roku 1986. Je to <\/span><b data-path-to-node=\"18\" data-index-in-node=\"111\"><span class=\"citation-3847 citation-3848\">jednopodla\u017en\u00e1 stavba<\/span><\/b><span class=\"citation-3847 citation-3848 citation-end-3848\"> so sedlovou strechou s doskov\u00fdm \u0161t\u00edtom a podlomenicou. Do 20. storo\u010dia bola<\/span><span class=\"citation-3847 citation-end-3847\"> strecha obytn\u00e9ho objektu pokry<\/span>t\u00e1 so \u0161ind\u013eovou krytinou, ale za\u010diatkom 20. storo\u010dia dostala strecha krytinu z eternitu.<\/p>\n<figure id=\"attachment_74984\" aria-describedby=\"caption-attachment-74984\" style=\"width: 900px\" class=\"wp-caption aligncenter\"><a href=\"https:\/\/www.keturist.sk\/info\/wp-content\/uploads\/2026\/04\/vysny-medzev-7.jpeg\"><img loading=\"lazy\" decoding=\"async\" class=\"wp-image-74984\" src=\"https:\/\/www.keturist.sk\/info\/wp-content\/uploads\/2026\/04\/vysny-medzev-7-800x447.jpeg\" alt=\"Pamiatkov\u00e1 z\u00f3na Vy\u0161n\u00fd Medzev\" width=\"900\" height=\"502\" srcset=\"https:\/\/www.keturist.sk\/info\/wp-content\/uploads\/2026\/04\/vysny-medzev-7-800x447.jpeg 800w, https:\/\/www.keturist.sk\/info\/wp-content\/uploads\/2026\/04\/vysny-medzev-7-270x151.jpeg 270w, https:\/\/www.keturist.sk\/info\/wp-content\/uploads\/2026\/04\/vysny-medzev-7-768x429.jpeg 768w, https:\/\/www.keturist.sk\/info\/wp-content\/uploads\/2026\/04\/vysny-medzev-7.jpeg 1376w\" sizes=\"auto, (max-width: 900px) 100vw, 900px\" \/><\/a><figcaption id=\"caption-attachment-74984\" class=\"wp-caption-text\">Dom \u013eudov\u00fd \u010d. 58<\/figcaption><\/figure>\n<p data-path-to-node=\"19\">Doskov\u00fd \u0161t\u00edt je taktie\u017e pokryt\u00fd krytinou z eternitu. Na hlavnej fas\u00e1de <b data-path-to-node=\"19\" data-index-in-node=\"71\">pamiatkovo chr\u00e1nen\u00e9ho domu<\/b> s\u00fa umiestnen\u00e9 tri p\u00f4vodn\u00e9 \u0161paletov\u00e9 okn\u00e1. V\u0161etky p\u00f4vodn\u00e9 okn\u00e1 s\u00fa dvojkr\u00eddlov\u00e9, tvoren\u00e9 so \u0161iestimi okenn\u00fdmi tabu\u013eami. Za l\u00edcom fas\u00e1dy je zasunut\u00e1 murovan\u00e1 br\u00e1na do usadlosti so sedlovou strie\u0161kou.<\/p>\n<h2 data-path-to-node=\"21\"><span style=\"color: #800000;\">\u010c\u00edm sa l\u00ed\u0161ia murovan\u00e9 domy \u013eudovej architekt\u00fary z oblasti Abova?<\/span><\/h2>\n<p data-path-to-node=\"22\">V obci sa zachovali aj <b data-path-to-node=\"22\" data-index-in-node=\"23\">murovan\u00e9 domy<\/b>, ktor\u00e9 s\u00fa typick\u00e9 pre oblas\u0165 ju\u017en\u00e9ho Spi\u0161a, Gemera, Malohontu a Abova. Spom\u00ednan\u00e9 objekty predstavuj\u00fa <b data-path-to-node=\"22\" data-index-in-node=\"138\">typick\u00fa \u013eudov\u00fa architekt\u00faru<\/b> sedliackych domov z konca 19. storo\u010dia a\u017e zo za\u010diatku 20. storo\u010dia. Niektor\u00e9 <b data-path-to-node=\"22\" data-index-in-node=\"243\">vidiecke <span class=\"citation-3846\">domy<\/span><\/b><span class=\"citation-3846 citation-end-3846\"> maj\u00fa e\u0161te dodnes zdoben\u00e9, vyrez\u00e1van\u00e9 p\u00f4vodn\u00e9 okn\u00e1, a to bu\u010f \u0161paletov\u00e9 alebo kastlov\u00e9.<\/span><\/p>\n<p data-path-to-node=\"23\"><span class=\"citation-3841 citation-3842 citation-3843 citation-3844 citation-3845 citation-end-3845\">\u0160paletov\u00e9 a kastlov\u00e9 okn\u00e1 s\u00fa dvojdielne okn\u00e1, ktor\u00e9 maj\u00fa vonkaj\u0161ie aj vn\u00fatorn\u00e9 kr\u00eddla a medzi nimi je \u010d<\/span><span class=\"citation-3841 citation-3842 citation-3843 citation-3844 citation-end-3844\">as\u0165 okenn\u00e9ho v\u00fdklenku (\u0161paleta). Pri kastlov\u00fdch okn\u00e1ch sa otv\u00e1raj\u00fa vonkaj\u0161ie kr\u00eddla dovn\u00fatra, pri \u0161paletov\u00fdch von. \u0160pa<\/span><span class=\"citation-3841 citation-3842 citation-3843 citation-end-3843\">letov\u00e9 (skrinkov\u00e9) okn\u00e1 maj\u00fa z\u00e1sadn\u00fa v\u00fdhodu vo vyu\u017eite\u013enosti medziokenn\u00e9ho priestoru, napr\u00edklad na<\/span><span class=\"citation-3841 citation-3842 citation-end-3842\"> kvety.<\/span><\/p>\n<p data-path-to-node=\"24\"><span class=\"citation-3839 citation-3840\">V izb\u00e1ch bola hlinen\u00e1 podlaha vymazan\u00e1 blatom s plevami. <\/span><b data-path-to-node=\"24\" data-index-in-node=\"57\"><span class=\"citation-3839 citation-3840 citation-end-3840\">Dvojpriestoro<\/span><span class=\"citation-3839\">v\u00fd dom<\/span><\/b><span class=\"citation-3839 citation-end-3839\"> pozost\u00e1val z jednej izby a pitvora. S\u00fa\u010das\u0165ou pitvora mohla by\u0165 aj <\/span>takzvan\u00e1 pitvorov\u00e1 kom\u00f4rka, ktor\u00e1 vznikla predelen\u00edm priestoru pozd\u013a\u017enou prie\u010dkou zo zadn\u00e9ho priestoru (\u010d\u00edm vznikol tret\u00ed priestor). <b data-path-to-node=\"24\" data-index-in-node=\"276\">Trojpriestorov\u00fd dom<\/b> pozost\u00e1val z izby, pitvora (bud\u00facej kuchyne) a komory, s raden\u00edm do h\u013abky pozemku alebo miestami aj s orient\u00e1ciou pozd\u013a\u017e ulice.<\/p>\n<p data-path-to-node=\"25\">Vstupn\u00fdm priestorom bol pitvor s pecou <span class=\"citation-3837 citation-3838\">a otvoren\u00fdm ohniskom, z ktor\u00e9ho dym vych\u00e1dzal na povalu. Z pitvora sa vch\u00e1dzalo do prednej izby a do komory. Za\u010diatkom 20. storo\u010dia <\/span><span class=\"citation-3836 citation-3837 citation-3838 citation-end-3838\">bolo zau\u017e\u00edvan\u00e9 stavanie domov so \u0161tvordielnym priestorov<\/span><span class=\"citation-3836 citation-3837 citation-end-3837\">\u00fdm \u010dlenen\u00edm (predn\u00e1 izba \u2013 kuchy\u0148a \u2013 zadn\u00e1 izba \u2013 komor<\/span><span class=\"citation-3836\">a). Potom nasledovali <\/span><b data-path-to-node=\"25\" data-index-in-node=\"304\"><span class=\"citation-3836\">hospod\u00e1rske budovy<\/span><\/b><span class=\"citation-3836\">. Na niektor\u00fdch domoch sa zachovala aj <\/span><b data-path-to-node=\"25\" data-index-in-node=\"361\"><span class=\"citation-3836 citation-end-3836\">ornament\u00e1lna v\u00fdzdoba prie\u010deli<\/span>a<\/b>.<\/p>\n<h2 data-path-to-node=\"27\"><span style=\"color: #800000;\">Ktor\u00e9 hospod\u00e1rske stavby dotv\u00e1raj\u00fa r\u00e1z obce?<\/span><\/h2>\n<p data-path-to-node=\"28\">V obci sa zachovali <b data-path-to-node=\"28\" data-index-in-node=\"20\">stavebn\u00e9 objekty ur\u010den\u00e9 pre hospod\u00e1rsku \u010dinnos\u0165<\/b> jej obyvate\u013eov, konkr\u00e9tne stodola, senn\u00edk, pivnica, ma\u0161ta\u013e, chliev, kur\u00edn, v\u010del\u00edn, k\u00f4l\u0148a, voziare\u0148, stud\u0148a a udiare\u0148. Zachovala sa tu aj jedna <b data-path-to-node=\"28\" data-index-in-node=\"211\">s\u00fdpka<\/b>, ktor\u00e1 je v s\u00fa\u010dasnosti chr\u00e1nen\u00e1 ako <b data-path-to-node=\"28\" data-index-in-node=\"253\">kult\u00farna pamiatka<\/b>.<\/p>\n<h2 data-path-to-node=\"30\"><span style=\"color: #800000;\">V \u010dom spo\u010d\u00edva historick\u00e1 hodnota medzevskej s\u00fdpky?<\/span><\/h2>\n<p data-path-to-node=\"31\"><b data-path-to-node=\"31\" data-index-in-node=\"0\">S\u00fdpka<\/b> ako <b data-path-to-node=\"31\" data-index-in-node=\"10\">hospod\u00e1rska budova<\/b> z konca 18. storo\u010dia je <b data-path-to-node=\"31\" data-index-in-node=\"53\">dvojpodla\u017en\u00e1 stavba<\/b> na obd\u013a\u017enikovom p\u00f4doryse. Je to <b data-path-to-node=\"31\" data-index-in-node=\"105\">murovan\u00e1 barokov\u00e1 kamenn\u00e1 stavba<\/b>. Na pr\u00edzem\u00ed s\u00fa dve <span class=\"citation-3835 citation-end-3835\">obd\u013a\u017enikov\u00e9 okn\u00e1 postaven\u00e9 na v\u00fd\u0161ku, na poschod\u00ed s\u00fa ni\u017e\u0161ie obd\u013a\u017enikov\u00e9 okn\u00e1 postaven\u00e9 na \u0161\u00edrku. Okn\u00e1 s\u00fa r\u00e1movan\u00e9 jednoduch\u00fdmi p\u00e1sov\u00fdmi \u0161ambr\u00e1nami.<\/span><\/p>\n<p id=\"p-rc_68eee749bf625990-79\" data-path-to-node=\"32\"><span class=\"citation-3834 citation-end-3834\">V\u00fdplne okien s\u00fa dreven\u00e9, bez \u010dl<\/span>enenia, pri\u010dom <span class=\"citation-3833 citation-end-3833\">na pr\u00edzem\u00ed je pred nimi prevliekan\u00e1 mre\u017ea. S\u00fa\u010das\u0165ou hlavnej fas\u00e1dy je i murovan\u00e9 oplotenie dvora s vlo\u017een\u00fdm vystupuj\u00facim murovan\u00fdm obl\u00fakov\u00fdm telesom br\u00e1ny. V\u00fdpl\u0148 br\u00e1ny je dreven\u00e1, dvojkr\u00eddlov<\/span>\u00e1 a pravdepodobne p\u00f4vodn\u00e1. T\u00e1to <b data-path-to-node=\"32\" data-index-in-node=\"269\">historick\u00e1 stavba<\/b> m\u00e1 sedlov\u00fa strechu s murovan\u00fdm \u0161t\u00edtom.<\/p>\n<h2><span style=\"color: #800000;\">Fotogal\u00e9ria<\/span><\/h2>\n<style type=\"text\/css\">\n#foogallery-gallery-74263 .fg-image { width: 200px; }<\/style>\n\t\t\t<div class=\"foogallery foogallery-container foogallery-carousel foogallery-lightbox-foogallery fg-carousel fg-ready fg-light fg-border-medium fg-round-small fg-shadow-medium fg-loading-default fg-loaded-fade-in fg-hover-semi-zoomed fg-hover-fade fg-hover-circle-plus2\" id=\"foogallery-gallery-74263\" data-foogallery=\"{&quot;item&quot;:{&quot;showCaptionTitle&quot;:true,&quot;showCaptionDescription&quot;:true},&quot;lazy&quot;:true,&quot;template&quot;:{&quot;maxItems&quot;:5,&quot;scale&quot;:0.11999999999999999555910790149937383830547332763671875,&quot;gutter&quot;:{&quot;min&quot;:-40,&quot;max&quot;:-20,&quot;unit&quot;:&quot;%&quot;},&quot;autoplay&quot;:{&quot;time&quot;:0,&quot;interaction&quot;:&quot;pause&quot;},&quot;centerOnClick&quot;:true,&quot;align&quot;:&quot;center&quot;,&quot;activePosition&quot;:&quot;center&quot;}}\" data-foogallery-lightbox=\"{&quot;thumbs&quot;:&quot;bottom&quot;,&quot;thumbsCaptions&quot;:false,&quot;thumbsBestFit&quot;:false,&quot;thumbsSmall&quot;:false,&quot;thumbsCaptionsAlign&quot;:&quot;default&quot;,&quot;info&quot;:&quot;bottom&quot;,&quot;infoVisible&quot;:true,&quot;infoOverlay&quot;:true,&quot;infoAlign&quot;:&quot;default&quot;,&quot;transition&quot;:&quot;fade&quot;,&quot;hoverButtons&quot;:false,&quot;fitMedia&quot;:false,&quot;noScrollbars&quot;:true,&quot;preserveButtonSpace&quot;:true,&quot;buttons&quot;:{&quot;fullscreen&quot;:true,&quot;info&quot;:true,&quot;thumbs&quot;:false},&quot;video&quot;:{&quot;autoPlay&quot;:true}}\" style=\"--fg-title-line-clamp: 1; --fg-description-line-clamp: 2;\" >\n\t<button type=\"button\" class=\"fg-carousel-prev\" title=\"Previous\"><\/button>\n\t<div class=\"fg-carousel-inner\">\n\t\t<div class=\"fg-carousel-center\"><\/div>\n\t\t<div class=\"fg-item fg-type-image fg-idle\"><figure class=\"fg-item-inner\"><a href=\"https:\/\/www.keturist.sk\/info\/wp-content\/uploads\/2026\/03\/vysny-medzev-zima.jpeg\" data-caption-title=\"\u013dudov\u00e1 architekt\u00fara vo Vy\u0161nom Medzeve\" data-attachment-id=\"74265\" data-type=\"image\" class=\"fg-thumb\"><span class=\"fg-image-wrap\"><img decoding=\"async\" alt=\"\u013dudov\u00e1 architekt\u00fara vo Vy\u0161nom Medzeve\" title=\"\u013dudov\u00e1 architekt\u00fara vo Vy\u0161nom Medzeve\" width=\"200\" height=\"200\" class=\"skip-lazy fg-image\" data-src-fg=\"https:\/\/www.keturist.sk\/info\/wp-content\/uploads\/cache\/2026\/03\/vysny-medzev-zima\/3333732903.jpeg\" src=\"data:image\/svg+xml,%3Csvg%20xmlns%3D%22http%3A%2F%2Fwww.w3.org%2F2000%2Fsvg%22%20width%3D%22200%22%20height%3D%22200%22%20viewBox%3D%220%200%20200%20200%22%3E%3C%2Fsvg%3E\" loading=\"eager\"><\/span><span class=\"fg-image-overlay\"><\/span><\/a><figcaption class=\"fg-caption\"><div class=\"fg-caption-inner\"><div class=\"fg-caption-title\">\u013dudov\u00e1 architekt\u00fara vo Vy\u0161nom Medzeve<\/div><\/div><\/figcaption><\/figure><div class=\"fg-loader\"><\/div><\/div><div class=\"fg-item fg-type-image fg-idle\"><figure class=\"fg-item-inner\"><a href=\"https:\/\/www.keturist.sk\/info\/wp-content\/uploads\/2026\/04\/vysna-medzev-6.jpeg\" data-caption-title=\"Pamiatkov\u00e1 z\u00f3na Vy\u0161n\u00fd Medzev\" data-attachment-id=\"74985\" data-type=\"image\" class=\"fg-thumb\"><span class=\"fg-image-wrap\"><img decoding=\"async\" alt=\"Pamiatkov\u00e1 z\u00f3na Vy\u0161n\u00fd Medzev\" title=\"Pamiatkov\u00e1 z\u00f3na Vy\u0161n\u00fd Medzev\" width=\"200\" height=\"200\" class=\"skip-lazy fg-image\" data-src-fg=\"https:\/\/www.keturist.sk\/info\/wp-content\/uploads\/cache\/2026\/04\/vysna-medzev-6\/3691489924.jpeg\" src=\"data:image\/svg+xml,%3Csvg%20xmlns%3D%22http%3A%2F%2Fwww.w3.org%2F2000%2Fsvg%22%20width%3D%22200%22%20height%3D%22200%22%20viewBox%3D%220%200%20200%20200%22%3E%3C%2Fsvg%3E\" loading=\"eager\"><\/span><span class=\"fg-image-overlay\"><\/span><\/a><figcaption class=\"fg-caption\"><div class=\"fg-caption-inner\"><div class=\"fg-caption-title\">Pamiatkov\u00e1 z\u00f3na Vy\u0161n\u00fd Medzev<\/div><\/div><\/figcaption><\/figure><div class=\"fg-loader\"><\/div><\/div><div class=\"fg-item fg-type-image fg-idle\"><figure class=\"fg-item-inner\"><a href=\"https:\/\/www.keturist.sk\/info\/wp-content\/uploads\/2022\/01\/vysny-medzev36.jpg\" data-caption-title=\"\u013dudov\u00e1 architekt\u00fara vo Vy\u0161nom Medzeve\" data-attachment-id=\"45754\" data-type=\"image\" class=\"fg-thumb\"><span class=\"fg-image-wrap\"><img decoding=\"async\" alt=\"\u013dudov\u00e1 architekt\u00fara vo Vy\u0161nom Medzeve\" title=\"\u013dudov\u00e1 architekt\u00fara vo Vy\u0161nom Medzeve\" width=\"200\" height=\"200\" class=\"skip-lazy fg-image\" data-src-fg=\"https:\/\/www.keturist.sk\/info\/wp-content\/uploads\/cache\/2022\/01\/vysny-medzev36\/3163182683.jpg\" src=\"data:image\/svg+xml,%3Csvg%20xmlns%3D%22http%3A%2F%2Fwww.w3.org%2F2000%2Fsvg%22%20width%3D%22200%22%20height%3D%22200%22%20viewBox%3D%220%200%20200%20200%22%3E%3C%2Fsvg%3E\" loading=\"eager\"><\/span><span class=\"fg-image-overlay\"><\/span><\/a><figcaption class=\"fg-caption\"><div class=\"fg-caption-inner\"><div class=\"fg-caption-title\">\u013dudov\u00e1 architekt\u00fara vo Vy\u0161nom Medzeve<\/div><\/div><\/figcaption><\/figure><div class=\"fg-loader\"><\/div><\/div><div class=\"fg-item fg-type-image fg-idle\"><figure class=\"fg-item-inner\"><a href=\"https:\/\/www.keturist.sk\/info\/wp-content\/uploads\/2020\/11\/vysny-medzev.jpg\" data-caption-title=\"Dom \u013eudov\u00fd \u010d. 58\" data-caption-desc=\"Dom \u013eudov\u00fd \u010d. 58\" data-attachment-id=\"35261\" data-type=\"image\" class=\"fg-thumb\"><span class=\"fg-image-wrap\"><img decoding=\"async\" alt=\"\u013dudov\u00e1 architekt\u00fara vo Vy\u0161nom Medzeve\" title=\"Dom \u013eudov\u00fd \u010d. 58\" width=\"200\" height=\"200\" class=\"skip-lazy fg-image\" data-src-fg=\"https:\/\/www.keturist.sk\/info\/wp-content\/uploads\/cache\/2020\/11\/vysny-medzev\/3259342029.jpg\" src=\"data:image\/svg+xml,%3Csvg%20xmlns%3D%22http%3A%2F%2Fwww.w3.org%2F2000%2Fsvg%22%20width%3D%22200%22%20height%3D%22200%22%20viewBox%3D%220%200%20200%20200%22%3E%3C%2Fsvg%3E\" loading=\"eager\"><\/span><span class=\"fg-image-overlay\"><\/span><\/a><figcaption class=\"fg-caption\"><div class=\"fg-caption-inner\"><div class=\"fg-caption-title\">Dom \u013eudov\u00fd \u010d. 58<\/div><div class=\"fg-caption-desc\">Dom \u013eudov\u00fd \u010d. 58<\/div><\/div><\/figcaption><\/figure><div class=\"fg-loader\"><\/div><\/div><div class=\"fg-item fg-type-image fg-idle\"><figure class=\"fg-item-inner\"><a href=\"https:\/\/www.keturist.sk\/info\/wp-content\/uploads\/2026\/03\/vysny-medzev-leto.jpeg\" data-caption-title=\"\u013dudov\u00e1 architekt\u00fara vo Vy\u0161nom Medzeve\" data-attachment-id=\"74267\" data-type=\"image\" class=\"fg-thumb\"><span class=\"fg-image-wrap\"><img decoding=\"async\" alt=\"\u013dudov\u00e1 architekt\u00fara vo Vy\u0161nom Medzeve\" title=\"\u013dudov\u00e1 architekt\u00fara vo Vy\u0161nom Medzeve\" width=\"200\" height=\"200\" class=\"skip-lazy fg-image\" data-src-fg=\"https:\/\/www.keturist.sk\/info\/wp-content\/uploads\/cache\/2026\/03\/vysny-medzev-leto\/114568723.jpeg\" src=\"data:image\/svg+xml,%3Csvg%20xmlns%3D%22http%3A%2F%2Fwww.w3.org%2F2000%2Fsvg%22%20width%3D%22200%22%20height%3D%22200%22%20viewBox%3D%220%200%20200%20200%22%3E%3C%2Fsvg%3E\" loading=\"eager\"><\/span><span class=\"fg-image-overlay\"><\/span><\/a><figcaption class=\"fg-caption\"><div class=\"fg-caption-inner\"><div class=\"fg-caption-title\">\u013dudov\u00e1 architekt\u00fara vo Vy\u0161nom Medzeve<\/div><\/div><\/figcaption><\/figure><div class=\"fg-loader\"><\/div><\/div><div class=\"fg-item fg-type-image fg-idle\"><figure class=\"fg-item-inner\"><a href=\"https:\/\/www.keturist.sk\/info\/wp-content\/uploads\/2026\/04\/vysny-medzev-3.jpeg\" data-caption-title=\"Pamiatkov\u00e1 z\u00f3na Vy\u0161n\u00fd Medzev\" data-attachment-id=\"74988\" data-type=\"image\" class=\"fg-thumb\"><span class=\"fg-image-wrap\"><img decoding=\"async\" alt=\"Pamiatkov\u00e1 z\u00f3na Vy\u0161n\u00fd Medzev\" title=\"Pamiatkov\u00e1 z\u00f3na Vy\u0161n\u00fd Medzev\" width=\"200\" height=\"200\" class=\"skip-lazy fg-image\" data-src-fg=\"https:\/\/www.keturist.sk\/info\/wp-content\/uploads\/cache\/2026\/04\/vysny-medzev-3\/3343833913.jpeg\" src=\"data:image\/svg+xml,%3Csvg%20xmlns%3D%22http%3A%2F%2Fwww.w3.org%2F2000%2Fsvg%22%20width%3D%22200%22%20height%3D%22200%22%20viewBox%3D%220%200%20200%20200%22%3E%3C%2Fsvg%3E\" loading=\"eager\"><\/span><span class=\"fg-image-overlay\"><\/span><\/a><figcaption class=\"fg-caption\"><div class=\"fg-caption-inner\"><div class=\"fg-caption-title\">Pamiatkov\u00e1 z\u00f3na Vy\u0161n\u00fd Medzev<\/div><\/div><\/figcaption><\/figure><div class=\"fg-loader\"><\/div><\/div><div class=\"fg-item fg-type-image fg-idle\"><figure class=\"fg-item-inner\"><a href=\"https:\/\/www.keturist.sk\/info\/wp-content\/uploads\/2026\/04\/vysny-medzev-4.jpeg\" data-caption-title=\"Pamiatkov\u00e1 z\u00f3na Vy\u0161n\u00fd Medzev\" data-attachment-id=\"74987\" data-type=\"image\" class=\"fg-thumb\"><span class=\"fg-image-wrap\"><img decoding=\"async\" alt=\"Pamiatkov\u00e1 z\u00f3na Vy\u0161n\u00fd Medzev\" title=\"Pamiatkov\u00e1 z\u00f3na Vy\u0161n\u00fd Medzev\" width=\"200\" height=\"200\" class=\"skip-lazy fg-image\" data-src-fg=\"https:\/\/www.keturist.sk\/info\/wp-content\/uploads\/cache\/2026\/04\/vysny-medzev-4\/1954662718.jpeg\" src=\"data:image\/svg+xml,%3Csvg%20xmlns%3D%22http%3A%2F%2Fwww.w3.org%2F2000%2Fsvg%22%20width%3D%22200%22%20height%3D%22200%22%20viewBox%3D%220%200%20200%20200%22%3E%3C%2Fsvg%3E\" loading=\"eager\"><\/span><span class=\"fg-image-overlay\"><\/span><\/a><figcaption class=\"fg-caption\"><div class=\"fg-caption-inner\"><div class=\"fg-caption-title\">Pamiatkov\u00e1 z\u00f3na Vy\u0161n\u00fd Medzev<\/div><\/div><\/figcaption><\/figure><div class=\"fg-loader\"><\/div><\/div><div class=\"fg-item fg-type-image fg-idle\"><figure class=\"fg-item-inner\"><a href=\"https:\/\/www.keturist.sk\/info\/wp-content\/uploads\/2026\/03\/vysny-medzev-jar.jpeg\" data-caption-title=\"\u013dudov\u00e1 architekt\u00fara vo Vy\u0161nom Medzeve\" data-attachment-id=\"74268\" data-type=\"image\" class=\"fg-thumb\"><span class=\"fg-image-wrap\"><img decoding=\"async\" alt=\"\u013dudov\u00e1 architekt\u00fara vo Vy\u0161nom Medzeve\" title=\"\u013dudov\u00e1 architekt\u00fara vo Vy\u0161nom Medzeve\" width=\"200\" height=\"200\" class=\"skip-lazy fg-image\" data-src-fg=\"https:\/\/www.keturist.sk\/info\/wp-content\/uploads\/cache\/2026\/03\/vysny-medzev-jar\/2029843995.jpeg\" src=\"data:image\/svg+xml,%3Csvg%20xmlns%3D%22http%3A%2F%2Fwww.w3.org%2F2000%2Fsvg%22%20width%3D%22200%22%20height%3D%22200%22%20viewBox%3D%220%200%20200%20200%22%3E%3C%2Fsvg%3E\" loading=\"eager\"><\/span><span class=\"fg-image-overlay\"><\/span><\/a><figcaption class=\"fg-caption\"><div class=\"fg-caption-inner\"><div class=\"fg-caption-title\">\u013dudov\u00e1 architekt\u00fara vo Vy\u0161nom Medzeve<\/div><\/div><\/figcaption><\/figure><div class=\"fg-loader\"><\/div><\/div><div class=\"fg-item fg-type-image fg-idle\"><figure class=\"fg-item-inner\"><a href=\"https:\/\/www.keturist.sk\/info\/wp-content\/uploads\/2026\/04\/vysny-medzev-5.jpeg\" data-caption-title=\"Pamiatkov\u00e1 z\u00f3na Vy\u0161n\u00fd Medzev\" data-attachment-id=\"74986\" data-type=\"image\" class=\"fg-thumb\"><span class=\"fg-image-wrap\"><img decoding=\"async\" alt=\"Pamiatkov\u00e1 z\u00f3na Vy\u0161n\u00fd Medzev\" title=\"Pamiatkov\u00e1 z\u00f3na Vy\u0161n\u00fd Medzev\" width=\"200\" height=\"200\" class=\"skip-lazy fg-image\" data-src-fg=\"https:\/\/www.keturist.sk\/info\/wp-content\/uploads\/cache\/2026\/04\/vysny-medzev-5\/1010532841.jpeg\" src=\"data:image\/svg+xml,%3Csvg%20xmlns%3D%22http%3A%2F%2Fwww.w3.org%2F2000%2Fsvg%22%20width%3D%22200%22%20height%3D%22200%22%20viewBox%3D%220%200%20200%20200%22%3E%3C%2Fsvg%3E\" loading=\"eager\"><\/span><span class=\"fg-image-overlay\"><\/span><\/a><figcaption class=\"fg-caption\"><div class=\"fg-caption-inner\"><div class=\"fg-caption-title\">Pamiatkov\u00e1 z\u00f3na Vy\u0161n\u00fd Medzev<\/div><\/div><\/figcaption><\/figure><div class=\"fg-loader\"><\/div><\/div><div class=\"fg-item fg-type-image fg-idle\"><figure class=\"fg-item-inner\"><a href=\"https:\/\/www.keturist.sk\/info\/wp-content\/uploads\/2026\/04\/vysny-medzev-7.jpeg\" data-caption-title=\"Pamiatkov\u00e1 z\u00f3na Vy\u0161n\u00fd Medzev\" data-attachment-id=\"74984\" data-type=\"image\" class=\"fg-thumb\"><span class=\"fg-image-wrap\"><img decoding=\"async\" alt=\"Pamiatkov\u00e1 z\u00f3na Vy\u0161n\u00fd Medzev\" title=\"Pamiatkov\u00e1 z\u00f3na Vy\u0161n\u00fd Medzev\" width=\"200\" height=\"200\" class=\"skip-lazy fg-image\" data-src-fg=\"https:\/\/www.keturist.sk\/info\/wp-content\/uploads\/cache\/2026\/04\/vysny-medzev-7\/2907639879.jpeg\" src=\"data:image\/svg+xml,%3Csvg%20xmlns%3D%22http%3A%2F%2Fwww.w3.org%2F2000%2Fsvg%22%20width%3D%22200%22%20height%3D%22200%22%20viewBox%3D%220%200%20200%20200%22%3E%3C%2Fsvg%3E\" loading=\"eager\"><\/span><span class=\"fg-image-overlay\"><\/span><\/a><figcaption class=\"fg-caption\"><div class=\"fg-caption-inner\"><div class=\"fg-caption-title\">Pamiatkov\u00e1 z\u00f3na Vy\u0161n\u00fd Medzev<\/div><\/div><\/figcaption><\/figure><div class=\"fg-loader\"><\/div><\/div><div class=\"fg-item fg-type-image fg-idle\"><figure class=\"fg-item-inner\"><a href=\"https:\/\/www.keturist.sk\/info\/wp-content\/uploads\/2026\/03\/vysny-medev-jesen.jpeg\" data-caption-title=\"\u013dudov\u00e1 architekt\u00fara vo Vy\u0161nom Medzeve\" data-attachment-id=\"74266\" data-type=\"image\" class=\"fg-thumb\"><span class=\"fg-image-wrap\"><img decoding=\"async\" alt=\"\u013dudov\u00e1 architekt\u00fara vo Vy\u0161nom Medzeve\" title=\"\u013dudov\u00e1 architekt\u00fara vo Vy\u0161nom Medzeve\" width=\"200\" height=\"200\" class=\"skip-lazy fg-image\" data-src-fg=\"https:\/\/www.keturist.sk\/info\/wp-content\/uploads\/cache\/2026\/03\/vysny-medev-jesen\/2537676675.jpeg\" src=\"data:image\/svg+xml,%3Csvg%20xmlns%3D%22http%3A%2F%2Fwww.w3.org%2F2000%2Fsvg%22%20width%3D%22200%22%20height%3D%22200%22%20viewBox%3D%220%200%20200%20200%22%3E%3C%2Fsvg%3E\" loading=\"eager\"><\/span><span class=\"fg-image-overlay\"><\/span><\/a><figcaption class=\"fg-caption\"><div class=\"fg-caption-inner\"><div class=\"fg-caption-title\">\u013dudov\u00e1 architekt\u00fara vo Vy\u0161nom Medzeve<\/div><\/div><\/figcaption><\/figure><div class=\"fg-loader\"><\/div><\/div>\t<\/div>\n\t<div class=\"fg-carousel-bottom\"><\/div>\n\t<div class=\"fg-carousel-progress\"><\/div>\n\t<button type=\"button\" class=\"fg-carousel-next\" title=\"Next\"><\/button>\n<\/div>\n<h2><span style=\"color: #800000;\">Zauj\u00edmav\u00e9 odkazy<\/span><\/h2>\n<h3><span style=\"color: #808000;\">Bl\u00edzke stredisko, turistick\u00e9 centrum, obec alebo mesto:<\/span><\/h3>\n<ul>\n<li><a href=\"https:\/\/www.keturist.sk\/info\/turisticke-vychodiska\/smer-volovske-vrchy\/obec-vysny-medzev\/\">Obec Vy\u0161n\u00fd Medzev (\u010d\u00edtaj viac&#8230;)<\/a><\/li>\n<\/ul>\n<h2><span style=\"color: #800000;\">Mapy<\/span><\/h2>\n<p><strong>Vrstvy: <\/strong>Turistick\u00e1 mapa, Automapa, Cyklomapa, Ly\u017eiarska mapa, Satelitn\u00e1 mapa a OpenStreetMap.<\/p>\n<p><strong>Kliknut\u00edm na logo &#8222;Freemap.sk&#8220; sa V\u00e1m mapa zobraz\u00ed na celej ploche obrazovky.<\/strong><\/p>\n<p><iframe style=\"width: 900px; height: 500px; border: 0;\" src=\"https:\/\/www.freemap.sk\/?map=13\/48.714468\/20.902777&amp;info-point=48.714468\/20.902777,Obec Vy\u0161n\u00fd Medzev&amp;layers=X&amp;embed=search\" allowfullscreen=\"allowfullscreen\"><span data-mce-type=\"bookmark\" style=\"display: inline-block; width: 0px; overflow: hidden; line-height: 0;\" class=\"mce_SELRES_start\">\ufeff<\/span><span data-mce-type=\"bookmark\" style=\"display: inline-block; width: 0px; overflow: hidden; line-height: 0;\" class=\"mce_SELRES_start\">\ufeff<\/span><\/iframe><\/p>\n<h2><span style=\"color: #800000;\">Po\u010dasie<\/span><\/h2>\n<p><iframe style=\"width: 900px; height: 607px;\" src=\"https:\/\/www.meteoblue.com\/sk\/po%C4%8Dasie\/widget\/three\/vy%c5%a1n%c3%bd-medzev_slovensk%c3%a1-republika_723130?geoloc=fixed&amp;nocurrent=0&amp;noforecast=0&amp;days=5&amp;tempunit=CELSIUS&amp;windunit=KILOMETER_PER_HOUR&amp;layout=image\" frameborder=\"0\" scrolling=\"NO\" sandbox=\"allow-same-origin allow-scripts allow-popups allow-popups-to-escape-sandbox\"><\/iframe><\/p>\n<div><!-- DO NOT REMOVE THIS LINK --><a href=\"https:\/\/www.meteoblue.com\/sk\/po%C4%8Dasie\/predpove%C4%8F\/t%C3%BD%C5%BEde%C5%88\/vy%c5%a1n%c3%bd-medzev_slovensk%c3%a1-republika_723130?utm_source=weather_widget&amp;utm_medium=linkus&amp;utm_content=three&amp;utm_campaign=Weather%2BWidget\" target=\"_blank\" rel=\"noopener noreferrer\">meteoblue<\/a><\/div>\n","protected":false},"excerpt":{"rendered":"<p>Podkateg\u00f3ria: Lokaliz\u00e1cia: Volovsk\u00e9 vrchy Pre\u010do v\u00e1s atmosf\u00e9ra Vy\u0161n\u00e9ho Medzeva chyt\u00ed za srdce? Predstavte si rann\u00fa hmlu, ktor\u00e1 sa lenivo preva\u013euje nad hladinou Opusten\u00e9ho potoka. Kr\u00e1\u010date po starej kamennej dla\u017ebe a [&hellip;]<\/p>\n","protected":false},"author":1,"featured_media":74267,"parent":19774,"menu_order":0,"comment_status":"closed","ping_status":"closed","template":"","meta":{"_uag_custom_page_level_css":"","_monsterinsights_skip_tracking":false,"_monsterinsights_sitenote_active":false,"_monsterinsights_sitenote_note":"","_monsterinsights_sitenote_category":0,"footnotes":""},"class_list":["post-45686","page","type-page","status-publish","has-post-thumbnail","hentry"],"featured_image_src":"https:\/\/www.keturist.sk\/info\/wp-content\/uploads\/2026\/03\/vysny-medzev-leto.jpeg","featured_image_src_square":"https:\/\/www.keturist.sk\/info\/wp-content\/uploads\/2026\/03\/vysny-medzev-leto.jpeg","rbea_author_info":{"display_name":"admin","author_link":"https:\/\/www.keturist.sk\/info\/author\/admin\/"},"rbea_excerpt_info":"Podkateg\u00f3ria: Lokaliz\u00e1cia: Volovsk\u00e9 vrchy Pre\u010do v\u00e1s atmosf\u00e9ra Vy\u0161n\u00e9ho Medzeva chyt\u00ed za srdce? Predstavte si rann\u00fa hmlu, ktor\u00e1 sa lenivo preva\u013euje nad hladinou Opusten\u00e9ho potoka. Kr\u00e1\u010date po starej kamennej dla\u017ebe a [&hellip;]","uagb_featured_image_src":{"full":["https:\/\/www.keturist.sk\/info\/wp-content\/uploads\/2026\/03\/vysny-medzev-leto.jpeg",1376,768,false],"thumbnail":["https:\/\/www.keturist.sk\/info\/wp-content\/uploads\/2026\/03\/vysny-medzev-leto-270x151.jpeg",270,151,true],"medium":["https:\/\/www.keturist.sk\/info\/wp-content\/uploads\/2026\/03\/vysny-medzev-leto-800x447.jpeg",800,447,true],"medium_large":["https:\/\/www.keturist.sk\/info\/wp-content\/uploads\/2026\/03\/vysny-medzev-leto-768x429.jpeg",768,429,true],"large":["https:\/\/www.keturist.sk\/info\/wp-content\/uploads\/2026\/03\/vysny-medzev-leto.jpeg",1376,768,false],"1536x1536":["https:\/\/www.keturist.sk\/info\/wp-content\/uploads\/2026\/03\/vysny-medzev-leto.jpeg",1376,768,false],"2048x2048":["https:\/\/www.keturist.sk\/info\/wp-content\/uploads\/2026\/03\/vysny-medzev-leto.jpeg",1376,768,false]},"uagb_author_info":{"display_name":"admin","author_link":"https:\/\/www.keturist.sk\/info\/author\/admin\/"},"uagb_comment_info":0,"uagb_excerpt":"Podkateg\u00f3ria: Lokaliz\u00e1cia: Volovsk\u00e9 vrchy Pre\u010do v\u00e1s atmosf\u00e9ra Vy\u0161n\u00e9ho Medzeva chyt\u00ed za srdce? Predstavte si rann\u00fa hmlu, ktor\u00e1 sa lenivo preva\u013euje nad hladinou Opusten\u00e9ho potoka. Kr\u00e1\u010date po starej kamennej dla\u017ebe a [&hellip;]","_links":{"self":[{"href":"https:\/\/www.keturist.sk\/info\/wp-json\/wp\/v2\/pages\/45686","targetHints":{"allow":["GET"]}}],"collection":[{"href":"https:\/\/www.keturist.sk\/info\/wp-json\/wp\/v2\/pages"}],"about":[{"href":"https:\/\/www.keturist.sk\/info\/wp-json\/wp\/v2\/types\/page"}],"author":[{"embeddable":true,"href":"https:\/\/www.keturist.sk\/info\/wp-json\/wp\/v2\/users\/1"}],"replies":[{"embeddable":true,"href":"https:\/\/www.keturist.sk\/info\/wp-json\/wp\/v2\/comments?post=45686"}],"version-history":[{"count":38,"href":"https:\/\/www.keturist.sk\/info\/wp-json\/wp\/v2\/pages\/45686\/revisions"}],"predecessor-version":[{"id":74996,"href":"https:\/\/www.keturist.sk\/info\/wp-json\/wp\/v2\/pages\/45686\/revisions\/74996"}],"up":[{"embeddable":true,"href":"https:\/\/www.keturist.sk\/info\/wp-json\/wp\/v2\/pages\/19774"}],"wp:featuredmedia":[{"embeddable":true,"href":"https:\/\/www.keturist.sk\/info\/wp-json\/wp\/v2\/media\/74267"}],"wp:attachment":[{"href":"https:\/\/www.keturist.sk\/info\/wp-json\/wp\/v2\/media?parent=45686"}],"curies":[{"name":"wp","href":"https:\/\/api.w.org\/{rel}","templated":true}]}}