{"id":44006,"date":"2021-11-23T13:42:30","date_gmt":"2021-11-23T12:42:30","guid":{"rendered":"https:\/\/www.keturist.sk\/info\/?page_id=44006"},"modified":"2026-02-15T07:46:27","modified_gmt":"2026-02-15T06:46:27","slug":"drevena-zvonica-male-ozorovce","status":"publish","type":"page","link":"https:\/\/www.keturist.sk\/info\/kam-za-pamiatkami\/kam-za-pamiatkami-smer-zemplin\/nabozenske-pamiatky\/drevena-zvonica-male-ozorovce\/","title":{"rendered":"Dreven\u00e1 zvonica a kostol sv\u00e4tej M\u00e1rie Magdal\u00e9ny Mal\u00e9 Ozorovce"},"content":{"rendered":"<a href=\"https:\/\/www.keturist.sk\/info\/\" class=\"su-button su-button-style-default\" style=\"color:#000000;background-color:#FFCF2F;border-color:#cca626;border-radius:5px\" target=\"_self\"><span style=\"color:#000000;padding:6px 16px;font-size:13px;line-height:20px;border-color:#ffde6e;border-radius:5px;text-shadow:none\"><i class=\"sui sui-arrow-right\" style=\"font-size:13px;color:#000000\"><\/i>  Spravodaj <\/span><\/a>\n<a href=\"https:\/\/www.keturist.sk\/info\/tipy-na-vylety\/\" class=\"su-button su-button-style-default\" style=\"color:#000000;background-color:#FFCF2F;border-color:#cca626;border-radius:5px\" target=\"_self\"><span style=\"color:#000000;padding:6px 16px;font-size:13px;line-height:20px;border-color:#ffde6e;border-radius:5px;text-shadow:none\"><i class=\"sui sui-arrow-right\" style=\"font-size:13px;color:#000000\"><\/i>  TIPY NA V\u00ddLETY <\/span><\/a>\n<a href=\"https:\/\/www.keturist.sk\/info\/kam-za-pamiatkami\/\" class=\"su-button su-button-style-default\" style=\"color:#000000;background-color:#FFCF2F;border-color:#cca626;border-radius:5px\" target=\"_self\"><span style=\"color:#000000;padding:6px 16px;font-size:13px;line-height:20px;border-color:#ffde6e;border-radius:5px;text-shadow:none\"><i class=\"sui sui-arrow-right\" style=\"font-size:13px;color:#000000\"><\/i>  Kam za pamiatkami <\/span><\/a>\n<a href=\"https:\/\/www.keturist.sk\/info\/kam-za-pamiatkami\/kam-za-pamiatkami-smer-zemplin\/\" class=\"su-button su-button-style-default\" style=\"color:#000000;background-color:#FFCF2F;border-color:#cca626;border-radius:5px\" target=\"_self\"><span style=\"color:#000000;padding:6px 16px;font-size:13px;line-height:20px;border-color:#ffde6e;border-radius:5px;text-shadow:none\"><i class=\"sui sui-arrow-right\" style=\"font-size:13px;color:#000000\"><\/i>  smer Doln\u00fd Zempl\u00edn <\/span><\/a>\n<div class=\"su-divider su-divider-style-default\" style=\"margin:15px 0;border-width:0px;border-color:#000000\"><\/div>\n<p><strong>Podkateg\u00f3ria: <\/strong> <a href=\"https:\/\/www.keturist.sk\/info\/kam-za-pamiatkami\/kam-za-pamiatkami-smer-zemplin\/nabozenske-pamiatky\/\" class=\"su-button su-button-style-default\" style=\"color:#000000;background-color:#afd144;border-color:#8ca837;border-radius:5px\" target=\"_self\"><span style=\"color:#000000;padding:6px 16px;font-size:13px;line-height:20px;border-color:#c7df7d;border-radius:5px;text-shadow:none\"><i class=\"sui sui-arrow-right\" style=\"font-size:13px;color:#000000\"><\/i>  N\u00e1bo\u017eensk\u00e9 pamiatky<\/span><\/a>\n<div class=\"su-divider su-divider-style-default\" style=\"margin:15px 0;border-width:0px;border-color:#000000\"><\/div>\n<p><strong>Lokaliz\u00e1cia: <\/strong> <a href=\"https:\/\/www.keturist.sk\/info\/vseobecne-informacie\/zemplin\/\">Doln\u00fd Zempl\u00edn<\/a><\/p>\n<div class=\"su-divider su-divider-style-default\" style=\"margin:15px 0;border-width:2px;border-color:#000000\"><\/div>\n<figure id=\"attachment_44056\" aria-describedby=\"caption-attachment-44056\" style=\"width: 900px\" class=\"wp-caption aligncenter\"><a href=\"https:\/\/www.keturist.sk\/info\/wp-content\/uploads\/2021\/11\/male-ozorovce-kostol.jpg\" data-src=\"https:\/\/www.keturist.sk\/info\/wp-content\/uploads\/2021\/11\/male-ozorovce-kostol.jpg\" data-thumb=\"https:\/\/www.keturist.sk\/info\/wp-content\/uploads\/2021\/11\/male-ozorovce-kostol-800x534.jpg\" class=\"ml-lightbox-enabled\"><img loading=\"lazy\" decoding=\"async\" class=\"wp-image-44056\" src=\"https:\/\/www.keturist.sk\/info\/wp-content\/uploads\/2021\/11\/male-ozorovce-kostol-800x534.jpg\" alt=\"Dreven\u00e1 zvonica a kostol sv\u00e4tej M\u00e1rie Magdal\u00e9ny Mal\u00e9 Ozorovce\" width=\"900\" height=\"600\" srcset=\"https:\/\/www.keturist.sk\/info\/wp-content\/uploads\/2021\/11\/male-ozorovce-kostol-800x534.jpg 800w, https:\/\/www.keturist.sk\/info\/wp-content\/uploads\/2021\/11\/male-ozorovce-kostol-270x180.jpg 270w, https:\/\/www.keturist.sk\/info\/wp-content\/uploads\/2021\/11\/male-ozorovce-kostol-768x512.jpg 768w, https:\/\/www.keturist.sk\/info\/wp-content\/uploads\/2021\/11\/male-ozorovce-kostol.jpg 1000w\" sizes=\"auto, (max-width: 900px) 100vw, 900px\" \/><\/a><figcaption id=\"caption-attachment-44056\" class=\"wp-caption-text\">Dreven\u00e1 zvonica a kostol sv\u00e4tej M\u00e1rie Magdal\u00e9ny Mal\u00e9 Ozorovce, Fotograf: Jozef Mare\u010dek (https:\/\/www.facebook.com\/jozef.marecek.94)<\/figcaption><\/figure>\n<div class=\"su-divider su-divider-style-default\" style=\"margin:15px 0;border-width:2px;border-color:#000000\"><\/div>\n<h2 data-path-to-node=\"2\"><span style=\"color: #800000;\">Pr\u00edbeh, ktor\u00fd pre\u017eil zemetrasenie aj st\u00e1ro\u010dia bez jedin\u00e9ho klinca<\/span><\/h2>\n<p data-path-to-node=\"3\">Predstavte si rok 1619. V malej dedinke pod \u00fap\u00e4t\u00edm Slansk\u00fdch vrchov sa oz\u00fdva tich\u00e9 b\u00fachanie dreven\u00fdch klad\u00edv.<\/p>\n<p data-path-to-node=\"3\">Majstri tes\u00e1ri, bez pou\u017eitia jedin\u00e9ho kovov\u00e9ho klinca, stavaj\u00fa dielo, ktor\u00e9 m\u00e1 pretrva\u0165 veky.<\/p>\n<p data-path-to-node=\"3\">Pod\u013ea miestnej legendy je t\u00e1to stavba tak\u00e1 pevn\u00e1 a z\u00e1rove\u0148 pru\u017en\u00e1, \u017ee ke\u010f sa v 19. storo\u010d\u00ed zatriasla zem a okolit\u00e9 m\u00fary praskali, star\u00e1 <b data-path-to-node=\"3\" data-index-in-node=\"340\">dreven\u00e1 zvonica<\/b> sa len ticho rozk\u00fdvala a zostala hrdo st\u00e1\u0165.<\/p>\n<p data-path-to-node=\"3\">Ke\u010f ju nesk\u00f4r obyvatelia pren\u00e1\u0161ali na jej s\u00fa\u010dasn\u00e9 miesto, brali ju ako symbol nezlomnosti.<\/p>\n<p data-path-to-node=\"3\">Dnes tam stoj\u00ed bok po boku s tich\u00fdm str\u00e1\u017ecom hist\u00f3rie \u2013 gotick\u00fdm chr\u00e1mom, a spolo\u010dne rozpr\u00e1vaj\u00fa pr\u00edbeh o majstrovstve predkov, ktor\u00ed dok\u00e1zali spoji\u0165 dubov\u00e9 tr\u00e1my tak dokonale, \u017ee ich nerozdelil \u010das, pr\u00edrodn\u00e9 \u017eivly ani modern\u00e1 doba.<\/p>\n<p data-path-to-node=\"3\">Vst\u00fapte do are\u00e1lu, kde sa zastavil \u010das a kde ka\u017ed\u00fd \u0161inde\u013e d\u00fdcha hist\u00f3riou.<\/p>\n<h2 data-path-to-node=\"5\"><span style=\"color: #800000;\">Pre\u010do s\u00fa dreven\u00e1 zvonica a kostol sv\u00e4tej M\u00e1rie Magdal\u00e9ny Mal\u00e9 Ozorovce unik\u00e1tnym cie\u013eom pre turistov?<\/span><\/h2>\n<p data-path-to-node=\"6\"><b data-path-to-node=\"6\" data-index-in-node=\"0\">Dreven\u00e1 zvonica a kostol sv\u00e4tej M\u00e1rie Magdal\u00e9ny Mal\u00e9 Ozorovce<\/b> predstavuj\u00fa mimoriadny architektonick\u00fd s\u00fabor, pri\u010dom v are\u00e1li tohto sakr\u00e1lneho objektu v obci Mal\u00e9 Ozorovce sa nach\u00e1dza vz\u00e1cna kult\u00farna pamiatka \u2013 renesan\u010dn\u00e1 <b data-path-to-node=\"6\" data-index-in-node=\"220\">celodreven\u00e1 zvonica<\/b> poch\u00e1dzaj\u00faca z roku 1619.<\/p>\n<p data-path-to-node=\"6\">Hoci t\u00e1to <b data-path-to-node=\"6\" data-index-in-node=\"276\">historick\u00e1 dreven\u00e1 stavba<\/b> p\u00f4vodne st\u00e1la na inom mieste, na svoje teraj\u0161ie p\u00f4sobisko bola prenesen\u00e1 v 19. storo\u010d\u00ed, kedy \u00faspe\u0161ne odolala aj siln\u00e9mu zemetraseniu.<\/p>\n<h2 data-path-to-node=\"7\"><span style=\"color: #800000;\">Ak\u00e9 technick\u00e9 zauj\u00edmavosti pon\u00faka t\u00e1to renesan\u010dn\u00e1 dreven\u00e1 zvonica?<\/span><\/h2>\n<p data-path-to-node=\"8\">Fascinuj\u00facim faktom je, \u017ee na stavbu jej mas\u00edvnej tr\u00e1movej kon\u0161trukcie z dubov\u00e9ho dreva nebol pou\u017eit\u00fd ani jeden jedin\u00fd klinec.<\/p>\n<p data-path-to-node=\"8\">T\u00e1to <b data-path-to-node=\"8\" data-index-in-node=\"132\">tradi\u010dn\u00e1 zvonica<\/b> postaven\u00e1 v autentickom \u0161t\u00fdle <b data-path-to-node=\"8\" data-index-in-node=\"179\">\u013eudov\u00e9ho stavite\u013estva<\/b> disponuje nad otvoren\u00fdm pr\u00edzem\u00edm pultovou strechou a jej vrchol zdob\u00ed ihlanovit\u00e1 strecha.<\/p>\n<p data-path-to-node=\"8\">Obe tieto stre\u0161n\u00e9 kon\u0161trukcie pokr\u00fdva <b data-path-to-node=\"8\" data-index-in-node=\"329\">\u0161tiepan\u00fd \u0161inde\u013e<\/b>, ktor\u00fd pozost\u00e1va z prec\u00edzne vyrez\u00e1van\u00fdch a do seba zapadaj\u00facich latiek.<\/p>\n<p data-path-to-node=\"8\"><b data-path-to-node=\"8\" data-index-in-node=\"417\">St\u013apikov\u00e1 dreven\u00e1 stavba<\/b> m\u00e1 hranolovit\u00fd stred ve\u017ee, ktor\u00fd je esteticky obit\u00fd zvisl\u00fdmi doskami.<\/p>\n<h2 data-path-to-node=\"9\"><span style=\"color: #800000;\">\u010c\u00edm je charakteristick\u00fd r\u00edmskokatol\u00edcky kostol sv\u00e4tej M\u00e1rie Magdal\u00e9ny?<\/span><\/h2>\n<p data-path-to-node=\"10\">Samotn\u00fd r\u00edmskokatol\u00edcky <b data-path-to-node=\"10\" data-index-in-node=\"24\">kostol sv\u00e4tej M\u00e1rie Magdal\u00e9ny<\/b> je koncipovan\u00fd ako jednolo\u010fov\u00e1, p\u00f4vodne <b data-path-to-node=\"10\" data-index-in-node=\"94\">gotick\u00e1 stavba<\/b> bez ve\u017ee, ktorej vznik sa datuje do za\u010diatku 15. storo\u010dia.<\/p>\n<p data-path-to-node=\"10\">Tento <b data-path-to-node=\"10\" data-index-in-node=\"174\">historick\u00fd chr\u00e1m<\/b> pre\u0161iel v\u00fdznamnou barokovou \u00fapravou v roku 1761 a nesk\u00f4r, v roku 1904, z\u00edskal svoju podobu v r\u00e1mci historizuj\u00facej prestavby.<\/p>\n<p data-path-to-node=\"10\">Fas\u00e1dy objektu s\u00fa vertik\u00e1lne \u010dlenen\u00e9 oporn\u00fdmi piliermi a oknami s osten\u00edm a typick\u00fdm lomen\u00fdm obl\u00fakom.<\/p>\n<p data-path-to-node=\"10\">Vstup do <b data-path-to-node=\"10\" data-index-in-node=\"427\">sakr\u00e1lnej pamiatky<\/b> je rie\u0161en\u00fd ako port\u00e1l s kamenn\u00fdm osten\u00edm a lomen\u00fdm obl\u00fakom, ktor\u00fd je lemovan\u00fd r\u00e1movan\u00edm v tvare sedlov\u00e9ho port\u00e1lu. Cel\u00fd are\u00e1l dop\u013a\u0148a nov\u00e1 murovan\u00e1 zvonica, ktor\u00e1 bola pri kostole postaven\u00e1 v rokoch 1994 \u2013 1995.<\/p>\n<h2><span style=\"color: #800000;\">Fotogal\u00e9ria<\/span><\/h2>\n<style type=\"text\/css\">\n#foogallery-gallery-73958 .fg-image { width: 200px; }<\/style>\n\t\t\t<div class=\"foogallery foogallery-container foogallery-carousel foogallery-lightbox-foogallery fg-carousel fg-ready fg-light fg-border-medium fg-round-small fg-shadow-medium fg-loading-default fg-loaded-fade-in fg-hover-semi-zoomed fg-hover-fade fg-hover-circle-plus2\" id=\"foogallery-gallery-73958\" data-foogallery=\"{&quot;item&quot;:{&quot;showCaptionTitle&quot;:true,&quot;showCaptionDescription&quot;:true},&quot;lazy&quot;:false,&quot;src&quot;:&quot;src&quot;,&quot;srcset&quot;:&quot;srcset&quot;,&quot;template&quot;:{&quot;maxItems&quot;:5,&quot;scale&quot;:0.11999999999999999555910790149937383830547332763671875,&quot;gutter&quot;:{&quot;min&quot;:-40,&quot;max&quot;:-20,&quot;unit&quot;:&quot;%&quot;},&quot;autoplay&quot;:{&quot;time&quot;:0,&quot;interaction&quot;:&quot;pause&quot;},&quot;centerOnClick&quot;:true,&quot;align&quot;:&quot;center&quot;,&quot;activePosition&quot;:&quot;center&quot;}}\" data-foogallery-lightbox=\"{&quot;thumbs&quot;:&quot;bottom&quot;,&quot;thumbsCaptions&quot;:false,&quot;thumbsBestFit&quot;:false,&quot;thumbsSmall&quot;:false,&quot;thumbsCaptionsAlign&quot;:&quot;default&quot;,&quot;info&quot;:&quot;bottom&quot;,&quot;infoVisible&quot;:true,&quot;infoOverlay&quot;:true,&quot;infoAlign&quot;:&quot;default&quot;,&quot;transition&quot;:&quot;fade&quot;,&quot;hoverButtons&quot;:false,&quot;fitMedia&quot;:false,&quot;noScrollbars&quot;:true,&quot;preserveButtonSpace&quot;:true,&quot;buttons&quot;:{&quot;fullscreen&quot;:true,&quot;info&quot;:true,&quot;thumbs&quot;:false},&quot;video&quot;:{&quot;autoPlay&quot;:true}}\" style=\"--fg-title-line-clamp: 1; --fg-description-line-clamp: 2;\" >\n\t<button type=\"button\" class=\"fg-carousel-prev\" title=\"Previous\"><\/button>\n\t<div class=\"fg-carousel-inner\">\n\t\t<div class=\"fg-carousel-center\"><\/div>\n\t\t<div class=\"fg-item fg-type-image fg-loaded\"><figure class=\"fg-item-inner\"><a href=\"https:\/\/www.keturist.sk\/info\/wp-content\/uploads\/2021\/11\/zvonica-male-ozorovce4.jpg\" data-src=\"https:\/\/www.keturist.sk\/info\/wp-content\/uploads\/2021\/11\/zvonica-male-ozorovce4.jpg\" data-thumb=\"https:\/\/www.keturist.sk\/info\/wp-content\/uploads\/cache\/2021\/11\/zvonica-male-ozorovce4\/3929854856.jpg\" class=\"ml-lightbox-enabled\"><span class=\"fg-image-wrap\"><img decoding=\"async\" src=\"https:\/\/www.keturist.sk\/info\/wp-content\/uploads\/cache\/2021\/11\/zvonica-male-ozorovce4\/3929854856.jpg\" alt=\"Dreven\u00e1 zvonica a kostol sv\u00e4tej M\u00e1rie Magdal\u00e9ny Mal\u00e9 Ozorovce\" title=\"Dreven\u00e1 zvonica a kostol sv\u00e4tej M\u00e1rie Magdal\u00e9ny Mal\u00e9 Ozorovce\" width=\"200\" height=\"200\" class=\"skip-lazy fg-image\" loading=\"eager\"><\/span><span class=\"fg-image-overlay\"><\/span><\/a><figcaption class=\"fg-caption\"><div class=\"fg-caption-inner\"><div class=\"fg-caption-title\">Dreven\u00e1 zvonica a kostol sv\u00e4tej M\u00e1rie Magdal\u00e9ny Mal\u00e9 Ozorovce<\/div><div class=\"fg-caption-desc\">Fotograf: Jozef Mare\u010dek (https:\/\/www.facebook.com\/jozef.marecek.94)<\/div><\/div><\/figcaption><\/figure><div class=\"fg-loader\"><\/div><\/div><div class=\"fg-item fg-type-image fg-loaded\"><figure class=\"fg-item-inner\"><a href=\"https:\/\/www.keturist.sk\/info\/wp-content\/uploads\/2021\/11\/zvonica-male-ozorovce3.jpg\" data-src=\"https:\/\/www.keturist.sk\/info\/wp-content\/uploads\/2021\/11\/zvonica-male-ozorovce3.jpg\" data-thumb=\"https:\/\/www.keturist.sk\/info\/wp-content\/uploads\/cache\/2021\/11\/zvonica-male-ozorovce3\/1532023957.jpg\" class=\"ml-lightbox-enabled\"><span class=\"fg-image-wrap\"><img decoding=\"async\" src=\"https:\/\/www.keturist.sk\/info\/wp-content\/uploads\/cache\/2021\/11\/zvonica-male-ozorovce3\/1532023957.jpg\" alt=\"Dreven\u00e1 zvonica a kostol sv\u00e4tej M\u00e1rie Magdal\u00e9ny Mal\u00e9 Ozorovce\" title=\"Dreven\u00e1 zvonica a kostol sv\u00e4tej M\u00e1rie Magdal\u00e9ny Mal\u00e9 Ozorovce\" width=\"200\" height=\"200\" class=\"skip-lazy fg-image\" loading=\"eager\"><\/span><span class=\"fg-image-overlay\"><\/span><\/a><figcaption class=\"fg-caption\"><div class=\"fg-caption-inner\"><div class=\"fg-caption-title\">Dreven\u00e1 zvonica a kostol sv\u00e4tej M\u00e1rie Magdal\u00e9ny Mal\u00e9 Ozorovce<\/div><div class=\"fg-caption-desc\">Fotograf: Jozef Mare\u010dek (https:\/\/www.facebook.com\/jozef.marecek.94)<\/div><\/div><\/figcaption><\/figure><div class=\"fg-loader\"><\/div><\/div><div class=\"fg-item fg-type-image fg-loaded\"><figure class=\"fg-item-inner\"><a href=\"https:\/\/www.keturist.sk\/info\/wp-content\/uploads\/2021\/11\/zvonica-male-ozorovce2.jpg\" data-src=\"https:\/\/www.keturist.sk\/info\/wp-content\/uploads\/2021\/11\/zvonica-male-ozorovce2.jpg\" data-thumb=\"https:\/\/www.keturist.sk\/info\/wp-content\/uploads\/cache\/2021\/11\/zvonica-male-ozorovce2\/2955579447.jpg\" class=\"ml-lightbox-enabled\"><span class=\"fg-image-wrap\"><img decoding=\"async\" src=\"https:\/\/www.keturist.sk\/info\/wp-content\/uploads\/cache\/2021\/11\/zvonica-male-ozorovce2\/2955579447.jpg\" alt=\"Dreven\u00e1 zvonica a kostol sv\u00e4tej M\u00e1rie Magdal\u00e9ny Mal\u00e9 Ozorovce\" title=\"Dreven\u00e1 zvonica a kostol sv\u00e4tej M\u00e1rie Magdal\u00e9ny Mal\u00e9 Ozorovce\" width=\"200\" height=\"200\" class=\"skip-lazy fg-image\" loading=\"eager\"><\/span><span class=\"fg-image-overlay\"><\/span><\/a><figcaption class=\"fg-caption\"><div class=\"fg-caption-inner\"><div class=\"fg-caption-title\">Dreven\u00e1 zvonica a kostol sv\u00e4tej M\u00e1rie Magdal\u00e9ny Mal\u00e9 Ozorovce<\/div><div class=\"fg-caption-desc\">Fotograf: Jozef Mare\u010dek (https:\/\/www.facebook.com\/jozef.marecek.94)<\/div><\/div><\/figcaption><\/figure><div class=\"fg-loader\"><\/div><\/div><div class=\"fg-item fg-type-image fg-loaded\"><figure class=\"fg-item-inner\"><a href=\"https:\/\/www.keturist.sk\/info\/wp-content\/uploads\/2021\/11\/zvonica-male-ozorovce1.jpg\" data-src=\"https:\/\/www.keturist.sk\/info\/wp-content\/uploads\/2021\/11\/zvonica-male-ozorovce1.jpg\" data-thumb=\"https:\/\/www.keturist.sk\/info\/wp-content\/uploads\/cache\/2021\/11\/zvonica-male-ozorovce1\/744975553.jpg\" class=\"ml-lightbox-enabled\"><span class=\"fg-image-wrap\"><img decoding=\"async\" src=\"https:\/\/www.keturist.sk\/info\/wp-content\/uploads\/cache\/2021\/11\/zvonica-male-ozorovce1\/744975553.jpg\" alt=\"Dreven\u00e1 zvonica a kostol sv\u00e4tej M\u00e1rie Magdal\u00e9ny Mal\u00e9 Ozorovce\" title=\"Dreven\u00e1 zvonica a kostol sv\u00e4tej M\u00e1rie Magdal\u00e9ny Mal\u00e9 Ozorovce\" width=\"200\" height=\"200\" class=\"skip-lazy fg-image\" loading=\"eager\"><\/span><span class=\"fg-image-overlay\"><\/span><\/a><figcaption class=\"fg-caption\"><div class=\"fg-caption-inner\"><div class=\"fg-caption-title\">Dreven\u00e1 zvonica a kostol sv\u00e4tej M\u00e1rie Magdal\u00e9ny Mal\u00e9 Ozorovce<\/div><div class=\"fg-caption-desc\">Fotograf: Jozef Mare\u010dek (https:\/\/www.facebook.com\/jozef.marecek.94)<\/div><\/div><\/figcaption><\/figure><div class=\"fg-loader\"><\/div><\/div><div class=\"fg-item fg-type-image fg-loaded\"><figure class=\"fg-item-inner\"><a href=\"https:\/\/www.keturist.sk\/info\/wp-content\/uploads\/2021\/11\/male-ozorovce-kostol.jpg\" data-src=\"https:\/\/www.keturist.sk\/info\/wp-content\/uploads\/2021\/11\/male-ozorovce-kostol.jpg\" data-thumb=\"https:\/\/www.keturist.sk\/info\/wp-content\/uploads\/cache\/2021\/11\/male-ozorovce-kostol\/337920741.jpg\" class=\"ml-lightbox-enabled\"><span class=\"fg-image-wrap\"><img decoding=\"async\" src=\"https:\/\/www.keturist.sk\/info\/wp-content\/uploads\/cache\/2021\/11\/male-ozorovce-kostol\/337920741.jpg\" alt=\"Dreven\u00e1 zvonica a kostol sv\u00e4tej M\u00e1rie Magdal\u00e9ny Mal\u00e9 Ozorovce\" title=\"Dreven\u00e1 zvonica a kostol sv\u00e4tej M\u00e1rie Magdal\u00e9ny Mal\u00e9 Ozorovce\" width=\"200\" height=\"200\" class=\"skip-lazy fg-image\" loading=\"eager\"><\/span><span class=\"fg-image-overlay\"><\/span><\/a><figcaption class=\"fg-caption\"><div class=\"fg-caption-inner\"><div class=\"fg-caption-title\">Dreven\u00e1 zvonica a kostol sv\u00e4tej M\u00e1rie Magdal\u00e9ny Mal\u00e9 Ozorovce<\/div><div class=\"fg-caption-desc\">Fotograf: Jozef Mare\u010dek (https:\/\/www.facebook.com\/jozef.marecek.94)<\/div><\/div><\/figcaption><\/figure><div class=\"fg-loader\"><\/div><\/div>\t<\/div>\n\t<div class=\"fg-carousel-bottom\"><\/div>\n\t<div class=\"fg-carousel-progress\"><\/div>\n\t<button type=\"button\" class=\"fg-carousel-next\" title=\"Next\"><\/button>\n<\/div>\n\n<h2><span style=\"color: #800000;\">Zauj\u00edmav\u00e9 odkazy<\/span><\/h2>\n<h3><span style=\"color: #808000;\">Bl\u00edzke stredisko, turistick\u00e9 centrum, obec alebo mesto<\/span><\/h3>\n<ul>\n<li><a>Obec Mal\u00e9 Ozorovce (\u010d\u00edtaj viac&#8230;)<\/a><\/li>\n<\/ul>\n<h2><span style=\"color: #800000;\">Mapy<\/span><\/h2>\n<p><strong>Vrstvy: <\/strong>Turistick\u00e1 mapa, Automapa, Cyklomapa, Ly\u017eiarska mapa, Satelitn\u00e1 mapa a OpenStreetMap.<\/p>\n<p><strong>Kliknut\u00edm na logo &#8222;Freemap.sk&#8220; sa V\u00e1m mapa zobraz\u00ed na celej ploche obrazovky.<\/strong><\/p>\n<p><iframe style=\"width: 900px; height: 500px; border: 0;\" src=\"https:\/\/www.freemap.sk\/?map=13\/48.681364\/21.615872&amp;info-point=48.681364\/21.615872,Dreven\u00e1 zvonica a kostol sv\u00e4tej M\u00e1rie Magdal\u00e9ny&amp;layers=X&amp;embed=search\" allowfullscreen=\"allowfullscreen\"><span data-mce-type=\"bookmark\" style=\"display: inline-block; width: 0px; overflow: hidden; line-height: 0;\" class=\"mce_SELRES_start\">\ufeff<\/span><span data-mce-type=\"bookmark\" style=\"display: inline-block; width: 0px; overflow: hidden; line-height: 0;\" class=\"mce_SELRES_start\">\ufeff<\/span><\/iframe><\/p>\n<h2><span style=\"color: #800000;\">Po\u010dasie<\/span><\/h2>\n<p><iframe style=\"width: 900px; height: 627px;\" src=\"https:\/\/www.meteoblue.com\/sk\/po%C4%8Dasie\/widget\/three\/mal%c3%a9-ozorovce_slovensko_724201?geoloc=fixed&amp;nocurrent=0&amp;noforecast=0&amp;days=7&amp;tempunit=CELSIUS&amp;windunit=KILOMETER_PER_HOUR&amp;layout=image\" frameborder=\"0\" scrolling=\"NO\" sandbox=\"allow-same-origin allow-scripts allow-popups allow-popups-to-escape-sandbox\"><\/iframe><\/p>\n<div><!-- DO NOT REMOVE THIS LINK --><a href=\"https:\/\/www.meteoblue.com\/sk\/po%C4%8Dasie\/t%C3%BD%C5%BEde%C5%88\/mal%c3%a9-ozorovce_slovensko_724201?utm_source=weather_widget&amp;utm_medium=linkus&amp;utm_content=three&amp;utm_campaign=Weather%2BWidget\" target=\"_blank\" rel=\"noopener\">meteoblue<\/a><\/div>\n","protected":false},"excerpt":{"rendered":"<p>Podkateg\u00f3ria: Lokaliz\u00e1cia: Doln\u00fd Zempl\u00edn Pr\u00edbeh, ktor\u00fd pre\u017eil zemetrasenie aj st\u00e1ro\u010dia bez jedin\u00e9ho klinca Predstavte si rok 1619. V malej dedinke pod \u00fap\u00e4t\u00edm Slansk\u00fdch vrchov sa oz\u00fdva tich\u00e9 b\u00fachanie dreven\u00fdch klad\u00edv. [&hellip;]<\/p>\n","protected":false},"author":1,"featured_media":44056,"parent":42266,"menu_order":0,"comment_status":"closed","ping_status":"closed","template":"","meta":{"_uag_custom_page_level_css":"","_monsterinsights_skip_tracking":false,"footnotes":""},"class_list":["post-44006","page","type-page","status-publish","has-post-thumbnail","hentry"],"featured_image_src":"https:\/\/www.keturist.sk\/info\/wp-content\/uploads\/2021\/11\/male-ozorovce-kostol.jpg","featured_image_src_square":"https:\/\/www.keturist.sk\/info\/wp-content\/uploads\/2021\/11\/male-ozorovce-kostol.jpg","rbea_author_info":{"display_name":"admin","author_link":"https:\/\/www.keturist.sk\/info\/author\/admin\/"},"rbea_excerpt_info":"Podkateg\u00f3ria: Lokaliz\u00e1cia: Doln\u00fd Zempl\u00edn Pr\u00edbeh, ktor\u00fd pre\u017eil zemetrasenie aj st\u00e1ro\u010dia bez jedin\u00e9ho klinca Predstavte si rok 1619. V malej dedinke pod \u00fap\u00e4t\u00edm Slansk\u00fdch vrchov sa oz\u00fdva tich\u00e9 b\u00fachanie dreven\u00fdch klad\u00edv. [&hellip;]","uagb_featured_image_src":{"full":["https:\/\/www.keturist.sk\/info\/wp-content\/uploads\/2021\/11\/male-ozorovce-kostol.jpg",1000,667,false],"thumbnail":["https:\/\/www.keturist.sk\/info\/wp-content\/uploads\/2021\/11\/male-ozorovce-kostol-270x180.jpg",270,180,true],"medium":["https:\/\/www.keturist.sk\/info\/wp-content\/uploads\/2021\/11\/male-ozorovce-kostol-800x534.jpg",800,534,true],"medium_large":["https:\/\/www.keturist.sk\/info\/wp-content\/uploads\/2021\/11\/male-ozorovce-kostol-768x512.jpg",768,512,true],"large":["https:\/\/www.keturist.sk\/info\/wp-content\/uploads\/2021\/11\/male-ozorovce-kostol.jpg",1000,667,false],"1536x1536":["https:\/\/www.keturist.sk\/info\/wp-content\/uploads\/2021\/11\/male-ozorovce-kostol.jpg",1000,667,false],"2048x2048":["https:\/\/www.keturist.sk\/info\/wp-content\/uploads\/2021\/11\/male-ozorovce-kostol.jpg",1000,667,false],"ultp_layout_landscape_large":["https:\/\/www.keturist.sk\/info\/wp-content\/uploads\/2021\/11\/male-ozorovce-kostol.jpg",1000,667,false],"ultp_layout_landscape":["https:\/\/www.keturist.sk\/info\/wp-content\/uploads\/2021\/11\/male-ozorovce-kostol.jpg",855,570,false],"ultp_layout_portrait":["https:\/\/www.keturist.sk\/info\/wp-content\/uploads\/2021\/11\/male-ozorovce-kostol.jpg",600,400,false],"ultp_layout_square":["https:\/\/www.keturist.sk\/info\/wp-content\/uploads\/2021\/11\/male-ozorovce-kostol.jpg",600,400,false]},"uagb_author_info":{"display_name":"admin","author_link":"https:\/\/www.keturist.sk\/info\/author\/admin\/"},"uagb_comment_info":0,"uagb_excerpt":"Podkateg\u00f3ria: Lokaliz\u00e1cia: Doln\u00fd Zempl\u00edn Pr\u00edbeh, ktor\u00fd pre\u017eil zemetrasenie aj st\u00e1ro\u010dia bez jedin\u00e9ho klinca Predstavte si rok 1619. V malej dedinke pod \u00fap\u00e4t\u00edm Slansk\u00fdch vrchov sa oz\u00fdva tich\u00e9 b\u00fachanie dreven\u00fdch klad\u00edv. [&hellip;]","_links":{"self":[{"href":"https:\/\/www.keturist.sk\/info\/wp-json\/wp\/v2\/pages\/44006","targetHints":{"allow":["GET"]}}],"collection":[{"href":"https:\/\/www.keturist.sk\/info\/wp-json\/wp\/v2\/pages"}],"about":[{"href":"https:\/\/www.keturist.sk\/info\/wp-json\/wp\/v2\/types\/page"}],"author":[{"embeddable":true,"href":"https:\/\/www.keturist.sk\/info\/wp-json\/wp\/v2\/users\/1"}],"replies":[{"embeddable":true,"href":"https:\/\/www.keturist.sk\/info\/wp-json\/wp\/v2\/comments?post=44006"}],"version-history":[{"count":34,"href":"https:\/\/www.keturist.sk\/info\/wp-json\/wp\/v2\/pages\/44006\/revisions"}],"predecessor-version":[{"id":73960,"href":"https:\/\/www.keturist.sk\/info\/wp-json\/wp\/v2\/pages\/44006\/revisions\/73960"}],"up":[{"embeddable":true,"href":"https:\/\/www.keturist.sk\/info\/wp-json\/wp\/v2\/pages\/42266"}],"wp:featuredmedia":[{"embeddable":true,"href":"https:\/\/www.keturist.sk\/info\/wp-json\/wp\/v2\/media\/44056"}],"wp:attachment":[{"href":"https:\/\/www.keturist.sk\/info\/wp-json\/wp\/v2\/media?parent=44006"}],"curies":[{"name":"wp","href":"https:\/\/api.w.org\/{rel}","templated":true}]}}