{"id":42698,"date":"2021-10-12T05:55:38","date_gmt":"2021-10-12T03:55:38","guid":{"rendered":"https:\/\/www.keturist.sk\/info\/?page_id=42698"},"modified":"2025-12-16T18:22:29","modified_gmt":"2025-12-16T17:22:29","slug":"chraneny-areal-zemplinska-sirava","status":"publish","type":"page","link":"https:\/\/www.keturist.sk\/info\/kam-do-prirody\/kam-do-prirody-smer-zemplin\/ochrana-prirody\/chraneny-areal-zemplinska-sirava\/","title":{"rendered":"Chr\u00e1nen\u00fd are\u00e1l Zempl\u00ednska \u0161\u00edrava"},"content":{"rendered":"<a href=\"https:\/\/www.keturist.sk\/info\/\" class=\"su-button su-button-style-default\" style=\"color:#000000;background-color:#FFCF2F;border-color:#cca626;border-radius:5px\" target=\"_self\"><span style=\"color:#000000;padding:6px 16px;font-size:13px;line-height:20px;border-color:#ffde6e;border-radius:5px;text-shadow:none\"><i class=\"sui sui-arrow-right\" style=\"font-size:13px;color:#000000\"><\/i>  Spravodaj <\/span><\/a>\n<a href=\"https:\/\/www.keturist.sk\/info\/tipy-na-vylety\/\" class=\"su-button su-button-style-default\" style=\"color:#000000;background-color:#FFCF2F;border-color:#cca626;border-radius:5px\" target=\"_self\"><span style=\"color:#000000;padding:6px 16px;font-size:13px;line-height:20px;border-color:#ffde6e;border-radius:5px;text-shadow:none\"><i class=\"sui sui-arrow-right\" style=\"font-size:13px;color:#000000\"><\/i>  TIPY NA V\u00ddLETY <\/span><\/a>\n<a href=\"https:\/\/www.keturist.sk\/info\/kam-do-prirody\/\" class=\"su-button su-button-style-default\" style=\"color:#000000;background-color:#FFCF2F;border-color:#cca626;border-radius:5px\" target=\"_self\"><span style=\"color:#000000;padding:6px 16px;font-size:13px;line-height:20px;border-color:#ffde6e;border-radius:5px;text-shadow:none\"><i class=\"sui sui-arrow-right\" style=\"font-size:13px;color:#000000\"><\/i>  Kam do pr\u00edrody <\/span><\/a>\n<a href=\"https:\/\/www.keturist.sk\/info\/kam-do-prirody\/kam-do-prirody-smer-zemplin\/\" class=\"su-button su-button-style-default\" style=\"color:#000000;background-color:#FFCF2F;border-color:#cca626;border-radius:5px\" target=\"_self\"><span style=\"color:#000000;padding:6px 16px;font-size:13px;line-height:20px;border-color:#ffde6e;border-radius:5px;text-shadow:none\"><i class=\"sui sui-arrow-right\" style=\"font-size:13px;color:#000000\"><\/i>  Smer Doln\u00fd Zempl\u00edn <\/span><\/a>\n<div class=\"su-divider su-divider-style-default\" style=\"margin:15px 0;border-width:0px;border-color:#000000\"><\/div>\n<strong>Podkateg\u00f3ria: <\/strong> <a href=\"https:\/\/www.keturist.sk\/info\/kam-do-prirody\/kam-do-prirody-smer-zemplin\/ochrana-prirody\/\" class=\"su-button su-button-style-default\" style=\"color:#000000;background-color:#afd144;border-color:#8ca837;border-radius:5px\" target=\"_self\"><span style=\"color:#000000;padding:6px 16px;font-size:13px;line-height:20px;border-color:#c7df7d;border-radius:5px;text-shadow:none\"><i class=\"sui sui-arrow-right\" style=\"font-size:13px;color:#000000\"><\/i>  Ochrana pr\u00edrody <\/span><\/a>\n<p><strong>Lokaliz\u00e1cia: <\/strong><a href=\"https:\/\/www.keturist.sk\/info\/vseobecne-informacie\/zemplin\/\"> Doln\u00fd Zempl\u00edn<\/a><\/p>\n<div class=\"su-divider su-divider-style-default\" style=\"margin:15px 0;border-width:2px;border-color:#000000\"><\/div>\n<figure id=\"attachment_42740\" aria-describedby=\"caption-attachment-42740\" style=\"width: 900px\" class=\"wp-caption aligncenter\"><a href=\"https:\/\/www.keturist.sk\/info\/wp-content\/uploads\/2020\/05\/sirava2.jpg\"><img loading=\"lazy\" decoding=\"async\" class=\"wp-image-42740\" src=\"https:\/\/www.keturist.sk\/info\/wp-content\/uploads\/2020\/05\/sirava2-800x534.jpg\" alt=\"Zempl\u00ednska \u0161\u00edrava\" width=\"900\" height=\"600\" srcset=\"https:\/\/www.keturist.sk\/info\/wp-content\/uploads\/2020\/05\/sirava2-800x534.jpg 800w, https:\/\/www.keturist.sk\/info\/wp-content\/uploads\/2020\/05\/sirava2-270x180.jpg 270w, https:\/\/www.keturist.sk\/info\/wp-content\/uploads\/2020\/05\/sirava2-768x512.jpg 768w, https:\/\/www.keturist.sk\/info\/wp-content\/uploads\/2020\/05\/sirava2.jpg 1000w\" sizes=\"auto, (max-width: 900px) 100vw, 900px\" \/><\/a><figcaption id=\"caption-attachment-42740\" class=\"wp-caption-text\">Zempl\u00ednska \u0161\u00edrava<\/figcaption><\/figure>\n<div class=\"su-divider su-divider-style-default\" style=\"margin:15px 0;border-width:2px;border-color:#000000\"><\/div>\n<h2 class=\"ds-markdown-paragraph\"><span style=\"color: #800000;\">\u010co je Chr\u00e1nen\u00fd are\u00e1l Zempl\u00ednska \u0161\u00edrava a kde sa nach\u00e1dza?<\/span><\/h2>\n<p class=\"ds-markdown-paragraph\"><strong>Chr\u00e1nen\u00fd are\u00e1l Zempl\u00ednska \u0161\u00edrava<\/strong>\u00a0je pr\u00edrodn\u00e1 rezerv\u00e1cia vyhl\u00e1sen\u00e1 v roku 1968 s rozlohou 622 ha. Nach\u00e1dza sa vo v\u00fdchodnej \u010dasti vodnej n\u00e1dr\u017ee Zempl\u00ednska \u0161\u00edrava, medzi obcami Kus\u00edn, Hnojn\u00e9 a Jovsa.<\/p>\n<p class=\"ds-markdown-paragraph\">Z geomorfologick\u00e9ho h\u013eadiska patr\u00ed do oblasti\u00a0<strong>V\u00fdchodoslovenskej n\u00ed\u017einy<\/strong>, konkr\u00e9tne do celku\u00a0<strong>V\u00fdchodoslovensk\u00e1 pahorkatina<\/strong>\u00a0(podcelok Zalu\u017eick\u00e1 pahorkatina).<\/p>\n<h2 class=\"ds-markdown-paragraph\"><span style=\"color: #800000;\">Pre\u010do bol Chr\u00e1nen\u00fd are\u00e1l Zempl\u00ednska \u0161\u00edrava vyhl\u00e1sen\u00fd?<\/span><\/h2>\n<p class=\"ds-markdown-paragraph\">Hlavn\u00fdm d\u00f4vodom je ochrana mimoriadne <strong>v\u00fdznamnej ornitologickej lokality<\/strong>. T\u00e1to oblas\u0165, zarasten\u00e1 t\u0155st\u00edm, sl\u00fa\u017ei ako chr\u00e1nen\u00e1 \u0161tudijn\u00e1 plocha pre odborn\u00edkov. Jej \u00fa\u010delom je chr\u00e1ni\u0165 zaznamenan\u00fd v\u00fdskyt pribli\u017ene\u00a0<strong>160 vta\u010d\u00edch foriem<\/strong>, z ktor\u00fdch je 37 vz\u00e1cnych. \u010eal\u0161\u00edm k\u013e\u00fa\u010dov\u00fdm d\u00f4vodom bolo vytvorenie nevyhnutnej\u00a0<strong>z\u00f3ny k\u013eudu<\/strong>, najm\u00e4 pre migruj\u00face vt\u00e1ctvo.<\/p>\n<h2 class=\"ds-markdown-paragraph\"><span style=\"color: #800000;\">Pre\u010do je Zempl\u00ednska \u0161\u00edrava tak v\u00fdznamn\u00e1 pre vt\u00e1ky?<\/span><\/h2>\n<p class=\"ds-markdown-paragraph\">T\u00e1to lokalita je <strong>kritick\u00fdm migra\u010dn\u00fdm bodom<\/strong>\u00a0a\u00a0<strong>v\u00fdznamn\u00fdm zimoviskom<\/strong>. Ide o\u00a0<strong>mimoriadne d\u00f4le\u017eit\u00fa migra\u010dn\u00fa lokalitu<\/strong>\u00a0jarn\u00e9ho aj jesenn\u00e9ho \u0165ahu vodn\u00e9ho a pri vode \u017eij\u00faceho vt\u00e1ctva a hniezdi\u010dov na v\u00fdchodnom Slovensku.<\/p>\n<p class=\"ds-markdown-paragraph\">Jej\u00a0<strong>hlavn\u00fd v\u00fdznam pre vt\u00e1ky<\/strong>\u00a0je v mimohniezdnom obdob\u00ed, kedy predstavuje\u00a0<strong>k\u013e\u00fa\u010dov\u00e9 ref\u00fagium<\/strong>\u00a0pre migruj\u00face a zimuj\u00face druhy.<br \/>\nJesenn\u00e1 migr\u00e1cia za\u010d\u00edna u\u017e v auguste (bahniaky), pokra\u010duje v okt\u00f3bri (r\u00f4zne druhy ka\u010d\u00edc) a novembri (husi). Lokalita n\u00e1sledne sl\u00fa\u017ei na\u00a0<strong>zimovanie ka\u010d\u00edc a hus\u00ed<\/strong>. Jarn\u00e1 migr\u00e1cia prebieha a\u017e do konca marca.<\/p>\n<p class=\"ds-markdown-paragraph\">Z <strong>celoslovensk\u00e9ho h\u013eadiska<\/strong>\u00a0patr\u00ed\u00a0<strong>Zempl\u00ednska \u0161\u00edrava<\/strong>\u00a0po\u010dtom druhov i jedincov medzi\u00a0<strong>jedno z najv\u00fdznamnej\u0161\u00edch zimov\u00edsk vodn\u00e9ho vt\u00e1ctva<\/strong>\u00a0(v\u0161etky druhy u n\u00e1s \u017eij\u00facich a zimuj\u00facich ka\u010d\u00edc vr\u00e1tane vz\u00e1cnych seversk\u00fdch druhov). Z\u00e1rove\u0148 je to\u00a0<strong>jedno z troch najv\u00fdznamnej\u0161\u00edch zhroma\u017ed\u00edsk a nocov\u00edsk hus\u00ed<\/strong>\u00a0po\u010das migr\u00e1cie.<\/p>\n<h2 class=\"ds-markdown-paragraph\"><span style=\"color: #800000;\">Ak\u00e9 platia pravidl\u00e1 a obmedzenia v chr\u00e1nenom \u00fazem\u00ed?<\/span><\/h2>\n<p class=\"ds-markdown-paragraph\">V <strong>chr\u00e1nenom are\u00e1li<\/strong>\u00a0plat\u00ed najpr\u00edsnej\u0161\u00ed,\u00a0<strong>\u0161tvrt\u00fd stupe\u0148 ochrany<\/strong>. To znamen\u00e1, \u017ee\u00a0<strong>ak\u00e9ko\u013evek vyu\u017e\u00edvanie vodnej plochy<\/strong>\u00a0na tomto \u00fazem\u00ed je\u00a0<strong>pr\u00edsne zak\u00e1zan\u00e9<\/strong>. T\u00fdka sa to\u00a0<strong>pl\u00e1vania, \u010dlnkovania<\/strong>\u00a0alebo ak\u00fdchko\u013evek in\u00fdch vodn\u00fdch aktiv\u00edt.\u00a0<strong>Hranice chr\u00e1nen\u00e9ho are\u00e1lu<\/strong>\u00a0s\u00fa preh\u013eadne\u00a0<strong>ozna\u010den\u00e9 b\u00f3jami<\/strong>, aby ich ka\u017ed\u00fd n\u00e1v\u0161tevn\u00edk mohol jasne identifikova\u0165 a re\u0161pektova\u0165.<\/p>\n<h2><span style=\"color: #800000;\">Fotogal\u00e9ria<\/span><\/h2>\n<style type=\"text\/css\">\n#foogallery-gallery-72158 .fg-image { width: 200px; }<\/style>\n\t\t\t<div class=\"foogallery foogallery-container foogallery-carousel foogallery-lightbox-foogallery fg-carousel fg-ready fg-light fg-border-medium fg-round-small fg-shadow-medium fg-loading-default fg-loaded-fade-in fg-hover-semi-zoomed fg-hover-fade fg-hover-circle-plus2\" id=\"foogallery-gallery-72158\" data-foogallery=\"{&quot;item&quot;:{&quot;showCaptionTitle&quot;:true,&quot;showCaptionDescription&quot;:true},&quot;lazy&quot;:true,&quot;template&quot;:{&quot;maxItems&quot;:5,&quot;scale&quot;:0.11999999999999999555910790149937383830547332763671875,&quot;gutter&quot;:{&quot;min&quot;:-40,&quot;max&quot;:-20,&quot;unit&quot;:&quot;%&quot;},&quot;autoplay&quot;:{&quot;time&quot;:0,&quot;interaction&quot;:&quot;pause&quot;},&quot;centerOnClick&quot;:true,&quot;align&quot;:&quot;center&quot;,&quot;activePosition&quot;:&quot;center&quot;}}\" data-foogallery-lightbox=\"{&quot;thumbs&quot;:&quot;bottom&quot;,&quot;thumbsCaptions&quot;:false,&quot;thumbsBestFit&quot;:false,&quot;thumbsSmall&quot;:false,&quot;thumbsCaptionsAlign&quot;:&quot;default&quot;,&quot;info&quot;:&quot;bottom&quot;,&quot;infoVisible&quot;:true,&quot;infoOverlay&quot;:true,&quot;infoAlign&quot;:&quot;default&quot;,&quot;transition&quot;:&quot;fade&quot;,&quot;hoverButtons&quot;:false,&quot;fitMedia&quot;:false,&quot;noScrollbars&quot;:true,&quot;preserveButtonSpace&quot;:true,&quot;buttons&quot;:{&quot;fullscreen&quot;:true,&quot;info&quot;:true,&quot;thumbs&quot;:false},&quot;video&quot;:{&quot;autoPlay&quot;:true}}\" style=\"--fg-title-line-clamp: 1; --fg-description-line-clamp: 2;\" >\n\t<button type=\"button\" class=\"fg-carousel-prev\" title=\"Previous\"><\/button>\n\t<div class=\"fg-carousel-inner\">\n\t\t<div class=\"fg-carousel-center\"><\/div>\n\t\t<div class=\"fg-item fg-type-image fg-idle\"><figure class=\"fg-item-inner\"><a href=\"https:\/\/www.keturist.sk\/info\/wp-content\/uploads\/2020\/05\/sirava7.jpg\" data-caption-title=\"Zempl\u00ednska \u0161\u00edrava\" data-caption-desc=\"Zempl\u00ednska \u0161\u00edrava, Fotograf: Jozef Mare\u010dek (https:\/\/www.facebook.com\/jozef.marecek.94)\" data-attachment-id=\"42745\" data-type=\"image\" class=\"fg-thumb\"><span class=\"fg-image-wrap\"><img decoding=\"async\" alt=\"Zempl\u00ednska \u0161\u00edrava\" title=\"Zempl\u00ednska \u0161\u00edrava\" width=\"200\" height=\"200\" class=\"skip-lazy fg-image\" data-src-fg=\"https:\/\/www.keturist.sk\/info\/wp-content\/uploads\/cache\/2020\/05\/sirava7\/680528513.jpg\" src=\"data:image\/svg+xml,%3Csvg%20xmlns%3D%22http%3A%2F%2Fwww.w3.org%2F2000%2Fsvg%22%20width%3D%22200%22%20height%3D%22200%22%20viewBox%3D%220%200%20200%20200%22%3E%3C%2Fsvg%3E\" loading=\"eager\"><\/span><span class=\"fg-image-overlay\"><\/span><\/a><figcaption class=\"fg-caption\"><div class=\"fg-caption-inner\"><div class=\"fg-caption-title\">Zempl\u00ednska \u0161\u00edrava<\/div><div class=\"fg-caption-desc\">Zempl\u00ednska \u0161\u00edrava, Fotograf: Jozef Mare\u010dek (https:\/\/www.facebook.com\/jozef.marecek.94)<\/div><\/div><\/figcaption><\/figure><div class=\"fg-loader\"><\/div><\/div><div class=\"fg-item fg-type-image fg-idle\"><figure class=\"fg-item-inner\"><a href=\"https:\/\/www.keturist.sk\/info\/wp-content\/uploads\/2020\/05\/sirava6.jpg\" data-caption-title=\"Zempl\u00ednska \u0161\u00edrava\" data-caption-desc=\"Zempl\u00ednska \u0161\u00edrava, Fotograf: Jozef Mare\u010dek (https:\/\/www.facebook.com\/jozef.marecek.94)\" data-attachment-id=\"42744\" data-type=\"image\" class=\"fg-thumb\"><span class=\"fg-image-wrap\"><img decoding=\"async\" alt=\"Zempl\u00ednska \u0161\u00edrava\" title=\"Zempl\u00ednska \u0161\u00edrava\" width=\"200\" height=\"200\" class=\"skip-lazy fg-image\" data-src-fg=\"https:\/\/www.keturist.sk\/info\/wp-content\/uploads\/cache\/2020\/05\/sirava6\/2485552053.jpg\" src=\"data:image\/svg+xml,%3Csvg%20xmlns%3D%22http%3A%2F%2Fwww.w3.org%2F2000%2Fsvg%22%20width%3D%22200%22%20height%3D%22200%22%20viewBox%3D%220%200%20200%20200%22%3E%3C%2Fsvg%3E\" loading=\"eager\"><\/span><span class=\"fg-image-overlay\"><\/span><\/a><figcaption class=\"fg-caption\"><div class=\"fg-caption-inner\"><div class=\"fg-caption-title\">Zempl\u00ednska \u0161\u00edrava<\/div><div class=\"fg-caption-desc\">Zempl\u00ednska \u0161\u00edrava, Fotograf: Jozef Mare\u010dek (https:\/\/www.facebook.com\/jozef.marecek.94)<\/div><\/div><\/figcaption><\/figure><div class=\"fg-loader\"><\/div><\/div><div class=\"fg-item fg-type-image fg-idle\"><figure class=\"fg-item-inner\"><a href=\"https:\/\/www.keturist.sk\/info\/wp-content\/uploads\/2020\/05\/sirava5.jpg\" data-caption-title=\"Zempl\u00ednska \u0161\u00edrava\" data-caption-desc=\"Zempl\u00ednska \u0161\u00edrava, Fotograf: Jozef Mare\u010dek (https:\/\/www.facebook.com\/jozef.marecek.94)\" data-attachment-id=\"42743\" data-type=\"image\" class=\"fg-thumb\"><span class=\"fg-image-wrap\"><img decoding=\"async\" alt=\"Zempl\u00ednska \u0161\u00edrava\" title=\"Zempl\u00ednska \u0161\u00edrava\" width=\"200\" height=\"200\" class=\"skip-lazy fg-image\" data-src-fg=\"https:\/\/www.keturist.sk\/info\/wp-content\/uploads\/cache\/2020\/05\/sirava5\/280203946.jpg\" src=\"data:image\/svg+xml,%3Csvg%20xmlns%3D%22http%3A%2F%2Fwww.w3.org%2F2000%2Fsvg%22%20width%3D%22200%22%20height%3D%22200%22%20viewBox%3D%220%200%20200%20200%22%3E%3C%2Fsvg%3E\" loading=\"eager\"><\/span><span class=\"fg-image-overlay\"><\/span><\/a><figcaption class=\"fg-caption\"><div class=\"fg-caption-inner\"><div class=\"fg-caption-title\">Zempl\u00ednska \u0161\u00edrava<\/div><div class=\"fg-caption-desc\">Zempl\u00ednska \u0161\u00edrava, Fotograf: Jozef Mare\u010dek (https:\/\/www.facebook.com\/jozef.marecek.94)<\/div><\/div><\/figcaption><\/figure><div class=\"fg-loader\"><\/div><\/div><div class=\"fg-item fg-type-image fg-idle\"><figure class=\"fg-item-inner\"><a href=\"https:\/\/www.keturist.sk\/info\/wp-content\/uploads\/2020\/05\/sirava4.jpg\" data-caption-title=\"Zempl\u00ednska \u0161\u00edrava\" data-caption-desc=\"Zempl\u00ednska \u0161\u00edrava, Fotograf: Jozef Mare\u010dek (https:\/\/www.facebook.com\/jozef.marecek.94)\" data-attachment-id=\"42742\" data-type=\"image\" class=\"fg-thumb\"><span class=\"fg-image-wrap\"><img decoding=\"async\" alt=\"Zempl\u00ednska \u0161\u00edrava\" title=\"Zempl\u00ednska \u0161\u00edrava\" width=\"200\" height=\"200\" class=\"skip-lazy fg-image\" data-src-fg=\"https:\/\/www.keturist.sk\/info\/wp-content\/uploads\/cache\/2020\/05\/sirava4\/278566461.jpg\" src=\"data:image\/svg+xml,%3Csvg%20xmlns%3D%22http%3A%2F%2Fwww.w3.org%2F2000%2Fsvg%22%20width%3D%22200%22%20height%3D%22200%22%20viewBox%3D%220%200%20200%20200%22%3E%3C%2Fsvg%3E\" loading=\"eager\"><\/span><span class=\"fg-image-overlay\"><\/span><\/a><figcaption class=\"fg-caption\"><div class=\"fg-caption-inner\"><div class=\"fg-caption-title\">Zempl\u00ednska \u0161\u00edrava<\/div><div class=\"fg-caption-desc\">Zempl\u00ednska \u0161\u00edrava, Fotograf: Jozef Mare\u010dek (https:\/\/www.facebook.com\/jozef.marecek.94)<\/div><\/div><\/figcaption><\/figure><div class=\"fg-loader\"><\/div><\/div><div class=\"fg-item fg-type-image fg-idle\"><figure class=\"fg-item-inner\"><a href=\"https:\/\/www.keturist.sk\/info\/wp-content\/uploads\/2020\/05\/sirava3.jpg\" data-caption-title=\"Zempl\u00ednska \u0161\u00edrava\" data-caption-desc=\"Zempl\u00ednska \u0161\u00edrava, Fotograf: Jozef Mare\u010dek (https:\/\/www.facebook.com\/jozef.marecek.94)\" data-attachment-id=\"42741\" data-type=\"image\" class=\"fg-thumb\"><span class=\"fg-image-wrap\"><img decoding=\"async\" alt=\"Zempl\u00ednska \u0161\u00edrava\" title=\"Zempl\u00ednska \u0161\u00edrava\" width=\"200\" height=\"200\" class=\"skip-lazy fg-image\" data-src-fg=\"https:\/\/www.keturist.sk\/info\/wp-content\/uploads\/cache\/2020\/05\/sirava3\/2494272894.jpg\" src=\"data:image\/svg+xml,%3Csvg%20xmlns%3D%22http%3A%2F%2Fwww.w3.org%2F2000%2Fsvg%22%20width%3D%22200%22%20height%3D%22200%22%20viewBox%3D%220%200%20200%20200%22%3E%3C%2Fsvg%3E\" loading=\"eager\"><\/span><span class=\"fg-image-overlay\"><\/span><\/a><figcaption class=\"fg-caption\"><div class=\"fg-caption-inner\"><div class=\"fg-caption-title\">Zempl\u00ednska \u0161\u00edrava<\/div><div class=\"fg-caption-desc\">Zempl\u00ednska \u0161\u00edrava, Fotograf: Jozef Mare\u010dek (https:\/\/www.facebook.com\/jozef.marecek.94)<\/div><\/div><\/figcaption><\/figure><div class=\"fg-loader\"><\/div><\/div><div class=\"fg-item fg-type-image fg-idle\"><figure class=\"fg-item-inner\"><a href=\"https:\/\/www.keturist.sk\/info\/wp-content\/uploads\/2020\/05\/sirava2.jpg\" data-caption-title=\"Zempl\u00ednska \u0161\u00edrava\" data-caption-desc=\"Zempl\u00ednska \u0161\u00edrava, Fotograf: Jozef Mare\u010dek (https:\/\/www.facebook.com\/jozef.marecek.94)\" data-attachment-id=\"42740\" data-type=\"image\" class=\"fg-thumb\"><span class=\"fg-image-wrap\"><img decoding=\"async\" alt=\"Zempl\u00ednska \u0161\u00edrava\" title=\"Zempl\u00ednska \u0161\u00edrava\" width=\"200\" height=\"200\" class=\"skip-lazy fg-image\" data-src-fg=\"https:\/\/www.keturist.sk\/info\/wp-content\/uploads\/cache\/2020\/05\/sirava2\/2491585001.jpg\" src=\"data:image\/svg+xml,%3Csvg%20xmlns%3D%22http%3A%2F%2Fwww.w3.org%2F2000%2Fsvg%22%20width%3D%22200%22%20height%3D%22200%22%20viewBox%3D%220%200%20200%20200%22%3E%3C%2Fsvg%3E\" loading=\"eager\"><\/span><span class=\"fg-image-overlay\"><\/span><\/a><figcaption class=\"fg-caption\"><div class=\"fg-caption-inner\"><div class=\"fg-caption-title\">Zempl\u00ednska \u0161\u00edrava<\/div><div class=\"fg-caption-desc\">Zempl\u00ednska \u0161\u00edrava, Fotograf: Jozef Mare\u010dek (https:\/\/www.facebook.com\/jozef.marecek.94)<\/div><\/div><\/figcaption><\/figure><div class=\"fg-loader\"><\/div><\/div><div class=\"fg-item fg-type-image fg-idle\"><figure class=\"fg-item-inner\"><a href=\"https:\/\/www.keturist.sk\/info\/wp-content\/uploads\/2020\/05\/sirava1.jpg\" data-caption-title=\"Zempl\u00ednska \u0161\u00edrava\" data-caption-desc=\"Zempl\u00ednska \u0161\u00edrava, Fotograf: Jozef Mare\u010dek (https:\/\/www.facebook.com\/jozef.marecek.94)\" data-attachment-id=\"42739\" data-type=\"image\" class=\"fg-thumb\"><span class=\"fg-image-wrap\"><img decoding=\"async\" alt=\"Zempl\u00ednska \u0161\u00edrava\" title=\"Zempl\u00ednska \u0161\u00edrava\" width=\"200\" height=\"200\" class=\"skip-lazy fg-image\" data-src-fg=\"https:\/\/www.keturist.sk\/info\/wp-content\/uploads\/cache\/2020\/05\/sirava1\/2955020591.jpg\" src=\"data:image\/svg+xml,%3Csvg%20xmlns%3D%22http%3A%2F%2Fwww.w3.org%2F2000%2Fsvg%22%20width%3D%22200%22%20height%3D%22200%22%20viewBox%3D%220%200%20200%20200%22%3E%3C%2Fsvg%3E\" loading=\"eager\"><\/span><span class=\"fg-image-overlay\"><\/span><\/a><figcaption class=\"fg-caption\"><div class=\"fg-caption-inner\"><div class=\"fg-caption-title\">Zempl\u00ednska \u0161\u00edrava<\/div><div class=\"fg-caption-desc\">Zempl\u00ednska \u0161\u00edrava, Fotograf: Jozef Mare\u010dek (https:\/\/www.facebook.com\/jozef.marecek.94)<\/div><\/div><\/figcaption><\/figure><div class=\"fg-loader\"><\/div><\/div><div class=\"fg-item fg-type-image fg-idle\"><figure class=\"fg-item-inner\"><a href=\"https:\/\/www.keturist.sk\/info\/wp-content\/uploads\/2020\/05\/zemplin.jpg\" data-caption-title=\"Zempl\u00ednska \u0161\u00edrava\" data-caption-desc=\"Zempl\u00ednska \u0161\u00edrava, Fotograf: Jozef Mare\u010dek (https:\/\/www.facebook.com\/jozef.marecek.94)\" data-attachment-id=\"39792\" data-type=\"image\" class=\"fg-thumb\"><span class=\"fg-image-wrap\"><img decoding=\"async\" title=\"Zempl\u00ednska \u0161\u00edrava\" width=\"200\" height=\"200\" class=\"skip-lazy fg-image\" data-src-fg=\"https:\/\/www.keturist.sk\/info\/wp-content\/uploads\/cache\/2020\/05\/zemplin\/535073091.jpg\" src=\"data:image\/svg+xml,%3Csvg%20xmlns%3D%22http%3A%2F%2Fwww.w3.org%2F2000%2Fsvg%22%20width%3D%22200%22%20height%3D%22200%22%20viewBox%3D%220%200%20200%20200%22%3E%3C%2Fsvg%3E\" loading=\"eager\"><\/span><span class=\"fg-image-overlay\"><\/span><\/a><figcaption class=\"fg-caption\"><div class=\"fg-caption-inner\"><div class=\"fg-caption-title\">Zempl\u00ednska \u0161\u00edrava<\/div><div class=\"fg-caption-desc\">Zempl\u00ednska \u0161\u00edrava, Fotograf: Jozef Mare\u010dek (https:\/\/www.facebook.com\/jozef.marecek.94)<\/div><\/div><\/figcaption><\/figure><div class=\"fg-loader\"><\/div><\/div>\t<\/div>\n\t<div class=\"fg-carousel-bottom\"><\/div>\n\t<div class=\"fg-carousel-progress\"><\/div>\n\t<button type=\"button\" class=\"fg-carousel-next\" title=\"Next\"><\/button>\n<\/div>\n<h2><span style=\"color: #800000;\">Zauj\u00edmav\u00e9 odkazy<\/span><\/h2>\n<h3><span style=\"color: #808000;\">Okolit\u00e9 Stredisk\u00e1 a centr\u00e1:<\/span><\/h3>\n<ul>\n<li>Mesto Michalovce (\u010d\u00edtaj viac&#8230;)<\/li>\n<\/ul>\n<h2><span style=\"color: #800000;\">Mapy<\/span><\/h2>\n<p><strong>Vrstvy: <\/strong>Turistick\u00e1 mapa, Automapa, Cyklomapa, Ly\u017eiarska mapa, Satelitn\u00e1 mapa a OpenStreetMap.<\/p>\n<p><strong>Kliknut\u00edm na logo &#8222;Freemap.sk&#8220; sa V\u00e1m mapa zobraz\u00ed na celej ploche obrazovky.<\/strong><\/p>\n<p><iframe style=\"width: 900px; height: 500px; border: 0;\" src=\"https:\/\/www.freemap.sk\/?map=13\/48.802468\/22.060268&amp;info-point=48.802468\/22.060268,Chr\u00e1nen\u00fd are\u00e1l Zempl\u00ednska \u0161\u00edrava&amp;layers=X&amp;embed=search\" allowfullscreen=\"allowfullscreen\"><span data-mce-type=\"bookmark\" style=\"display: inline-block; width: 0px; overflow: hidden; line-height: 0;\" class=\"mce_SELRES_start\">\ufeff<\/span><\/iframe><\/p>\n<h2><span style=\"color: #800000;\">Po\u010dasie<\/span><\/h2>\n<p><iframe style=\"width: 900px; height: 622px;\" src=\"https:\/\/www.meteoblue.com\/sk\/po%C4%8Dasie\/widget\/three\/michalovce_slovensko_724144?geoloc=fixed&amp;nocurrent=0&amp;noforecast=0&amp;days=7&amp;tempunit=CELSIUS&amp;windunit=KILOMETER_PER_HOUR&amp;layout=image\" frameborder=\"0\" scrolling=\"NO\" sandbox=\"allow-same-origin allow-scripts allow-popups allow-popups-to-escape-sandbox\"><\/iframe><\/p>\n<div><!-- DO NOT REMOVE THIS LINK --><a href=\"https:\/\/www.meteoblue.com\/sk\/po%C4%8Dasie\/t%C3%BD%C5%BEde%C5%88\/michalovce_slovensko_724144?utm_source=weather_widget&amp;utm_medium=linkus&amp;utm_content=three&amp;utm_campaign=Weather%2BWidget\" target=\"_blank\" rel=\"noopener\">meteoblue<\/a><\/div>\n<p><strong>Viac info a zdroj inform\u00e1ci\u00ed: <\/strong><a href=\"http:\/\/chkovihorlat.sopsr.sk\/hranice-chraneneho-arealu-zemplinska-sirava-oznacene-bojami\/\" target=\"_blank\" rel=\"noopener\">http:\/\/chkovihorlat.sopsr.sk\/hranice-chraneneho-arealu-zemplinska-sirava-oznacene-bojami\/<\/a><\/p>\n","protected":false},"excerpt":{"rendered":"<p>Podkateg\u00f3ria: Lokaliz\u00e1cia: Doln\u00fd Zempl\u00edn \u010co je Chr\u00e1nen\u00fd are\u00e1l Zempl\u00ednska \u0161\u00edrava a kde sa nach\u00e1dza? Chr\u00e1nen\u00fd are\u00e1l Zempl\u00ednska \u0161\u00edrava\u00a0je pr\u00edrodn\u00e1 rezerv\u00e1cia vyhl\u00e1sen\u00e1 v roku 1968 s rozlohou 622 ha. Nach\u00e1dza sa [&hellip;]<\/p>\n","protected":false},"author":1,"featured_media":42742,"parent":40815,"menu_order":0,"comment_status":"closed","ping_status":"closed","template":"","meta":{"_uag_custom_page_level_css":"","_monsterinsights_skip_tracking":false,"_monsterinsights_sitenote_active":false,"_monsterinsights_sitenote_note":"","_monsterinsights_sitenote_category":0,"footnotes":""},"class_list":["post-42698","page","type-page","status-publish","has-post-thumbnail","hentry"],"featured_image_src":"https:\/\/www.keturist.sk\/info\/wp-content\/uploads\/2020\/05\/sirava4.jpg","featured_image_src_square":"https:\/\/www.keturist.sk\/info\/wp-content\/uploads\/2020\/05\/sirava4.jpg","rbea_author_info":{"display_name":"admin","author_link":"https:\/\/www.keturist.sk\/info\/author\/admin\/"},"rbea_excerpt_info":"Podkateg\u00f3ria: Lokaliz\u00e1cia: Doln\u00fd Zempl\u00edn \u010co je Chr\u00e1nen\u00fd are\u00e1l Zempl\u00ednska \u0161\u00edrava a kde sa nach\u00e1dza? Chr\u00e1nen\u00fd are\u00e1l Zempl\u00ednska \u0161\u00edrava\u00a0je pr\u00edrodn\u00e1 rezerv\u00e1cia vyhl\u00e1sen\u00e1 v roku 1968 s rozlohou 622 ha. Nach\u00e1dza sa [&hellip;]","uagb_featured_image_src":{"full":["https:\/\/www.keturist.sk\/info\/wp-content\/uploads\/2020\/05\/sirava4.jpg",1000,667,false],"thumbnail":["https:\/\/www.keturist.sk\/info\/wp-content\/uploads\/2020\/05\/sirava4-270x180.jpg",270,180,true],"medium":["https:\/\/www.keturist.sk\/info\/wp-content\/uploads\/2020\/05\/sirava4-800x534.jpg",800,534,true],"medium_large":["https:\/\/www.keturist.sk\/info\/wp-content\/uploads\/2020\/05\/sirava4-768x512.jpg",768,512,true],"large":["https:\/\/www.keturist.sk\/info\/wp-content\/uploads\/2020\/05\/sirava4.jpg",1000,667,false],"1536x1536":["https:\/\/www.keturist.sk\/info\/wp-content\/uploads\/2020\/05\/sirava4.jpg",1000,667,false],"2048x2048":["https:\/\/www.keturist.sk\/info\/wp-content\/uploads\/2020\/05\/sirava4.jpg",1000,667,false]},"uagb_author_info":{"display_name":"admin","author_link":"https:\/\/www.keturist.sk\/info\/author\/admin\/"},"uagb_comment_info":0,"uagb_excerpt":"Podkateg\u00f3ria: Lokaliz\u00e1cia: Doln\u00fd Zempl\u00edn \u010co je Chr\u00e1nen\u00fd are\u00e1l Zempl\u00ednska \u0161\u00edrava a kde sa nach\u00e1dza? Chr\u00e1nen\u00fd are\u00e1l Zempl\u00ednska \u0161\u00edrava\u00a0je pr\u00edrodn\u00e1 rezerv\u00e1cia vyhl\u00e1sen\u00e1 v roku 1968 s rozlohou 622 ha. Nach\u00e1dza sa [&hellip;]","_links":{"self":[{"href":"https:\/\/www.keturist.sk\/info\/wp-json\/wp\/v2\/pages\/42698","targetHints":{"allow":["GET"]}}],"collection":[{"href":"https:\/\/www.keturist.sk\/info\/wp-json\/wp\/v2\/pages"}],"about":[{"href":"https:\/\/www.keturist.sk\/info\/wp-json\/wp\/v2\/types\/page"}],"author":[{"embeddable":true,"href":"https:\/\/www.keturist.sk\/info\/wp-json\/wp\/v2\/users\/1"}],"replies":[{"embeddable":true,"href":"https:\/\/www.keturist.sk\/info\/wp-json\/wp\/v2\/comments?post=42698"}],"version-history":[{"count":13,"href":"https:\/\/www.keturist.sk\/info\/wp-json\/wp\/v2\/pages\/42698\/revisions"}],"predecessor-version":[{"id":72218,"href":"https:\/\/www.keturist.sk\/info\/wp-json\/wp\/v2\/pages\/42698\/revisions\/72218"}],"up":[{"embeddable":true,"href":"https:\/\/www.keturist.sk\/info\/wp-json\/wp\/v2\/pages\/40815"}],"wp:featuredmedia":[{"embeddable":true,"href":"https:\/\/www.keturist.sk\/info\/wp-json\/wp\/v2\/media\/42742"}],"wp:attachment":[{"href":"https:\/\/www.keturist.sk\/info\/wp-json\/wp\/v2\/media?parent=42698"}],"curies":[{"name":"wp","href":"https:\/\/api.w.org\/{rel}","templated":true}]}}