{"id":42329,"date":"2021-10-02T07:55:33","date_gmt":"2021-10-02T05:55:33","guid":{"rendered":"https:\/\/www.keturist.sk\/info\/?page_id=42329"},"modified":"2026-02-11T16:28:42","modified_gmt":"2026-02-11T15:28:42","slug":"rimskokatolicky-kostol-navstivenia-panny-marie-v-trebisove","status":"publish","type":"page","link":"https:\/\/www.keturist.sk\/info\/kam-za-pamiatkami\/kam-za-pamiatkami-smer-zemplin\/nabozenske-pamiatky\/rimskokatolicky-kostol-navstivenia-panny-marie-v-trebisove\/","title":{"rendered":"R\u00edmskokatol\u00edcky kostol Nav\u0161t\u00edvenia Panny M\u00e1rie v Trebi\u0161ove"},"content":{"rendered":"<a href=\"https:\/\/www.keturist.sk\/info\/\" class=\"su-button su-button-style-default\" style=\"color:#000000;background-color:#FFCF2F;border-color:#cca626;border-radius:5px\" target=\"_self\"><span style=\"color:#000000;padding:6px 16px;font-size:13px;line-height:20px;border-color:#ffde6e;border-radius:5px;text-shadow:none\"><i class=\"sui sui-arrow-right\" style=\"font-size:13px;color:#000000\"><\/i>  Spravodaj <\/span><\/a>\n<a href=\"https:\/\/www.keturist.sk\/info\/tipy-na-vylety\/\" class=\"su-button su-button-style-default\" style=\"color:#000000;background-color:#FFCF2F;border-color:#cca626;border-radius:5px\" target=\"_self\"><span style=\"color:#000000;padding:6px 16px;font-size:13px;line-height:20px;border-color:#ffde6e;border-radius:5px;text-shadow:none\"><i class=\"sui sui-arrow-right\" style=\"font-size:13px;color:#000000\"><\/i>  TIPY NA V\u00ddLETY <\/span><\/a>\n<a href=\"https:\/\/www.keturist.sk\/info\/kam-za-pamiatkami\/\" class=\"su-button su-button-style-default\" style=\"color:#000000;background-color:#FFCF2F;border-color:#cca626;border-radius:5px\" target=\"_self\"><span style=\"color:#000000;padding:6px 16px;font-size:13px;line-height:20px;border-color:#ffde6e;border-radius:5px;text-shadow:none\"><i class=\"sui sui-arrow-right\" style=\"font-size:13px;color:#000000\"><\/i>  Kam za pamiatkami <\/span><\/a>\n<a href=\"https:\/\/www.keturist.sk\/info\/kam-za-pamiatkami\/kam-za-pamiatkami-smer-zemplin\/\" class=\"su-button su-button-style-default\" style=\"color:#000000;background-color:#FFCF2F;border-color:#cca626;border-radius:5px\" target=\"_self\"><span style=\"color:#000000;padding:6px 16px;font-size:13px;line-height:20px;border-color:#ffde6e;border-radius:5px;text-shadow:none\"><i class=\"sui sui-arrow-right\" style=\"font-size:13px;color:#000000\"><\/i>  smer Doln\u00fd Zempl\u00edn <\/span><\/a>\n<div class=\"su-divider su-divider-style-default\" style=\"margin:15px 0;border-width:0px;border-color:#000000\"><\/div>\n<p><strong>Podkateg\u00f3ria: <\/strong> <a href=\"https:\/\/www.keturist.sk\/info\/kam-za-pamiatkami\/kam-za-pamiatkami-smer-zemplin\/nabozenske-pamiatky\/\" class=\"su-button su-button-style-default\" style=\"color:#000000;background-color:#afd144;border-color:#8ca837;border-radius:5px\" target=\"_self\"><span style=\"color:#000000;padding:6px 16px;font-size:13px;line-height:20px;border-color:#c7df7d;border-radius:5px;text-shadow:none\"><i class=\"sui sui-arrow-right\" style=\"font-size:13px;color:#000000\"><\/i>  N\u00e1bo\u017eensk\u00e9 pamiatky<\/span><\/a>\n<div class=\"su-divider su-divider-style-default\" style=\"margin:15px 0;border-width:0px;border-color:#000000\"><\/div>\n<figure id=\"attachment_42421\" aria-describedby=\"caption-attachment-42421\" style=\"width: 900px\" class=\"wp-caption aligncenter\"><a href=\"https:\/\/www.keturist.sk\/info\/wp-content\/uploads\/2021\/10\/Rimskokatolicky-kostol-Navstevy-Panny-Marie-v-Trebisov1.jpg\" data-src=\"https:\/\/www.keturist.sk\/info\/wp-content\/uploads\/2021\/10\/Rimskokatolicky-kostol-Navstevy-Panny-Marie-v-Trebisov1.jpg\" data-thumb=\"https:\/\/www.keturist.sk\/info\/wp-content\/uploads\/2021\/10\/Rimskokatolicky-kostol-Navstevy-Panny-Marie-v-Trebisov1-800x534.jpg\" class=\"ml-lightbox-enabled\"><img loading=\"lazy\" decoding=\"async\" class=\"wp-image-42421\" src=\"https:\/\/www.keturist.sk\/info\/wp-content\/uploads\/2021\/10\/Rimskokatolicky-kostol-Navstevy-Panny-Marie-v-Trebisov1-800x534.jpg\" alt=\"R\u00edmskokatol\u00edcky kostol Nav\u0161t\u00edvenia Panny M\u00e1rie v Trebi\u0161ove\" width=\"900\" height=\"600\" srcset=\"https:\/\/www.keturist.sk\/info\/wp-content\/uploads\/2021\/10\/Rimskokatolicky-kostol-Navstevy-Panny-Marie-v-Trebisov1-800x534.jpg 800w, https:\/\/www.keturist.sk\/info\/wp-content\/uploads\/2021\/10\/Rimskokatolicky-kostol-Navstevy-Panny-Marie-v-Trebisov1-270x180.jpg 270w, https:\/\/www.keturist.sk\/info\/wp-content\/uploads\/2021\/10\/Rimskokatolicky-kostol-Navstevy-Panny-Marie-v-Trebisov1-768x512.jpg 768w, https:\/\/www.keturist.sk\/info\/wp-content\/uploads\/2021\/10\/Rimskokatolicky-kostol-Navstevy-Panny-Marie-v-Trebisov1.jpg 1000w\" sizes=\"auto, (max-width: 900px) 100vw, 900px\" \/><\/a><figcaption id=\"caption-attachment-42421\" class=\"wp-caption-text\">R\u00edmskokatol\u00edcky kostol Nav\u0161t\u00edvenia Panny M\u00e1rie v Trebi\u0161ove Fotograf: Jozef Mare\u010dek (https:\/\/www.facebook.com\/jozef.marecek.94)<\/figcaption><\/figure>\n<div class=\"su-divider su-divider-style-default\" style=\"margin:15px 0;border-width:0px;border-color:#000000\"><\/div>\n<p><strong>Lokaliz\u00e1cia: <\/strong> <a href=\"https:\/\/www.keturist.sk\/info\/vseobecne-informacie\/zemplin\/\">Doln\u00fd Zempl\u00edn<\/a><\/p>\n<div class=\"su-divider su-divider-style-default\" style=\"margin:15px 0;border-width:2px;border-color:#000000\"><\/div>\n<h2 data-path-to-node=\"2\"><span style=\"color: #800000;\">Tam, kde sa cis\u00e1rska noblesa stret\u00e1va s tichom vekov<\/span><\/h2>\n<p data-path-to-node=\"3\">Predstavte si, \u017ee kr\u00e1\u010date uli\u010dkami Trebi\u0161ova, kde sa vzduch chveje ozvenami d\u00e1vnych \u010dias. Odrazu pred vami zastane \u010das. Stoj\u00edte pred br\u00e1nami miesta, ktor\u00e9 hostilo kr\u00e1\u013eov, ukr\u00fdvalo tajomstv\u00e1<strong> bielych mn\u00edchov<\/strong> a pre\u017eilo b\u00farky vojen. Ke\u010f vst\u00fapite dnu, svetlo prenikaj\u00face cez gotick\u00e9 kru\u017eby dopad\u00e1 na vyrez\u00e1van\u00e9 <strong>kreslo<\/strong>, ktor\u00e9 kedysi \u010dakalo na samotn\u00e9ho <strong>cis\u00e1ra Franti\u0161ka Jozefa I.<\/strong><\/p>\n<p data-path-to-node=\"3\">C\u00edtite ten pokoj? Pod va\u0161imi nohami spia v krypt\u00e1ch \u0161\u013eachtici a nad vami sa klenie sie\u0165ov\u00e1 obloha z kame\u0148a, ktor\u00e1 pam\u00e4t\u00e1 stredovek. Toto nie je len prehliadka architekt\u00fary, je to pozvanie do pr\u00edbehu, ktor\u00e9ho s\u00fa\u010das\u0165ou sa teraz st\u00e1vate aj vy.<\/p>\n<h2 data-path-to-node=\"2\"><span style=\"color: #800000;\">Kde sa nach\u00e1dza R\u00edmskokatol\u00edcky kostol Nav\u0161t\u00edvenia Panny M\u00e1rie v Trebi\u0161ove a \u010d\u00edm je v\u00fdnimo\u010dn\u00fd?<\/span><\/h2>\n<p data-path-to-node=\"3\"><b data-path-to-node=\"3\" data-index-in-node=\"0\">R\u00edmskokatol\u00edcky kostol Nav\u0161t\u00edvenia Panny M\u00e1rie v Trebi\u0161ove<\/b> predstavuje unik\u00e1tnu <b data-path-to-node=\"3\" data-index-in-node=\"80\">jednolo\u010fov\u00fa gotick\u00fa stavbu<\/b> s charakteristick\u00fdm <b data-path-to-node=\"3\" data-index-in-node=\"127\">polygon\u00e1lnym ukon\u010den\u00edm presbyt\u00e9ria<\/b>.<\/p>\n<p data-path-to-node=\"3\">Tento <b data-path-to-node=\"3\" data-index-in-node=\"169\">historick\u00fd chr\u00e1m<\/b> bol postaven\u00fd v roku 1404 a a\u017e do roku 1504 plnil funkciu <b data-path-to-node=\"3\" data-index-in-node=\"244\">farsk\u00e9ho kostola<\/b>.<\/p>\n<p data-path-to-node=\"3\">Zauj\u00edmavos\u0165ou je, \u017ee t\u00e1to <b data-path-to-node=\"3\" data-index-in-node=\"288\">stredovek\u00e1 pamiatka<\/b> stoj\u00ed na mieste e\u0161te <b data-path-to-node=\"3\" data-index-in-node=\"329\">star\u0161ej rom\u00e1nskej stavby<\/b> poch\u00e1dzaj\u00facej z konca 13. storo\u010dia.<\/p>\n<h2 data-path-to-node=\"4\"><span style=\"color: #800000;\">Ak\u00e1 je hist\u00f3ria a n\u00e1bo\u017eensk\u00fd v\u00fdznam tejto sakr\u00e1lnej pamiatky?<\/span><\/h2>\n<p data-path-to-node=\"5\">V roku 1502 bol k objektu pri\u010dlenen\u00fd <b data-path-to-node=\"5\" data-index-in-node=\"37\">kl\u00e1\u0161torn\u00fd celok<\/b>. Od roku 1504 patr\u00ed <b data-path-to-node=\"5\" data-index-in-node=\"73\">r\u00edmskokatol\u00edcky kostol<\/b> aj s pri\u013eahl\u00fdm <b data-path-to-node=\"5\" data-index-in-node=\"111\">kl\u00e1\u0161torom<\/b> r\u00e1du <b data-path-to-node=\"5\" data-index-in-node=\"126\">Pavl\u00ednov<\/b>, ktor\u00fdch do mesta pozval <b data-path-to-node=\"5\" data-index-in-node=\"160\">gr\u00f3f Imrich Per\u00e9nyi (Imrich Per\u00e9ni)<\/b>.<\/p>\n<p data-path-to-node=\"5\">Tento <b data-path-to-node=\"5\" data-index-in-node=\"203\">duchovn\u00fd st\u00e1nok<\/b> im patril v obdobiach rokov 1504 \u2013 1530 a n\u00e1sledne 1650 \u2013 1786, pri\u010dom do\u010dasn\u00e1 prest\u00e1vka v ich p\u00f4soben\u00ed bola sp\u00f4soben\u00e1 <b data-path-to-node=\"5\" data-index-in-node=\"338\">reform\u00e1ciou<\/b>.<\/p>\n<p data-path-to-node=\"5\">Po\u010das ich \u00e9ry pre\u0161la <b data-path-to-node=\"5\" data-index-in-node=\"372\">gotick\u00e1 sakr\u00e1lna stavba<\/b> v polovici 15. storo\u010dia a na za\u010diatku 16. storo\u010dia stavebn\u00fdmi \u00fapravami, v roku 1696 bola obnoven\u00e1 a nesk\u00f4r v roku 1770 z\u00edskala fin\u00e1lne <b data-path-to-node=\"5\" data-index-in-node=\"531\">interi\u00e9rov\u00e9 barokov\u00e9 dotvorenie<\/b>.<\/p>\n<h2 data-path-to-node=\"6\"><span style=\"color: #800000;\">\u010co pon\u00faka interi\u00e9r a architekt\u00fara kostola pre milovn\u00edkov umenia?<\/span><\/h2>\n<p data-path-to-node=\"7\">Objekt pozost\u00e1va z <b data-path-to-node=\"7\" data-index-in-node=\"19\">hlavnej lode<\/b> a neskor\u0161ie pristavan\u00fdch <b data-path-to-node=\"7\" data-index-in-node=\"57\">bo\u010dn\u00fdch kaplniek<\/b>, pri\u010dom cel\u00fd <b data-path-to-node=\"7\" data-index-in-node=\"87\">interi\u00e9r<\/b> je esteticky zaklenut\u00fd <b data-path-to-node=\"7\" data-index-in-node=\"119\">sie\u0165ovou klenbou<\/b>.<\/p>\n<p data-path-to-node=\"7\">Vn\u00fatri sa nach\u00e1dza vz\u00e1cna <b data-path-to-node=\"7\" data-index-in-node=\"163\">rokokov\u00e1 v\u00fdma\u013eba<\/b> z roku 1777, ktor\u00e1 zobrazuje v\u00fdjavy <b data-path-to-node=\"7\" data-index-in-node=\"216\">Videnie Sobieskeho pri obliehan\u00ed Viedne<\/b> a <b data-path-to-node=\"7\" data-index-in-node=\"258\">Hold pred M\u00e1riou Ter\u00e9ziou<\/b>.<\/p>\n<p data-path-to-node=\"7\"><b data-path-to-node=\"7\" data-index-in-node=\"285\">Vn\u00fatorn\u00e9 priestory chr\u00e1mu<\/b> harmonicky dotv\u00e1raj\u00fa viacer\u00e9 <b data-path-to-node=\"7\" data-index-in-node=\"340\">olt\u00e1re<\/b>, <b data-path-to-node=\"7\" data-index-in-node=\"348\">n\u00e1stenn\u00e9 ma\u013eby<\/b> a majest\u00e1tny <b data-path-to-node=\"7\" data-index-in-node=\"376\">triumf\u00e1lny obl\u00fak<\/b>.<\/p>\n<p data-path-to-node=\"7\">K cenn\u00e9mu vybaveniu patr\u00ed aj <b data-path-to-node=\"7\" data-index-in-node=\"423\">krstite\u013enica<\/b> z konca 18. storo\u010dia a dva <b data-path-to-node=\"7\" data-index-in-node=\"463\">stredovek\u00e9 epitafy<\/b> J\u00e1na a Imricha Per\u00e9niovcov z rokov 1400 a 1519.<\/p>\n<h2 data-path-to-node=\"8\"><span style=\"color: #800000;\">Ak\u00e9 detaily si v\u0161imn\u00fa\u0165 na exteri\u00e9ri a v\u00fdzdobe sv\u00e4tyne?<\/span><\/h2>\n<p data-path-to-node=\"9\"><b data-path-to-node=\"9\" data-index-in-node=\"0\">Fas\u00e1da kostola<\/b> je rytmicky \u010dlenen\u00e1 <b data-path-to-node=\"9\" data-index-in-node=\"35\">oporn\u00fdmi piliermi<\/b> a <b data-path-to-node=\"9\" data-index-in-node=\"55\">oknami s lomen\u00fdm obl\u00fakom<\/b> s prec\u00edznymi <b data-path-to-node=\"9\" data-index-in-node=\"93\">gotick\u00fdmi kru\u017ebami<\/b>.<\/p>\n<p data-path-to-node=\"9\">Pri poh\u013eade nahor na <b data-path-to-node=\"9\" data-index-in-node=\"134\">strope sv\u00e4tyne<\/b> objav\u00edte umelecky stv\u00e1rnen\u00e9 sc\u00e9ny zo \u017eivota <b data-path-to-node=\"9\" data-index-in-node=\"193\">Panny M\u00e1rie<\/b>.<\/p>\n<p data-path-to-node=\"9\">Dominantn\u00e1 <b data-path-to-node=\"9\" data-index-in-node=\"217\">ve\u017ea<\/b> je lemovan\u00e1 estetick\u00fdm <b data-path-to-node=\"9\" data-index-in-node=\"245\">n\u00e1ro\u017en\u00fdm kv\u00e1drovan\u00edm<\/b> a zakon\u010den\u00e1 <b data-path-to-node=\"9\" data-index-in-node=\"278\">ihlancovou helmicou<\/b>. <b data-path-to-node=\"9\" data-index-in-node=\"299\">Bo\u010dn\u00e9 steny lode<\/b> navy\u0161e skr\u00e1\u0161\u013euj\u00fa dva <b data-path-to-node=\"9\" data-index-in-node=\"337\">monument\u00e1lne obrazy<\/b> z roku 1777, op\u00e4tovne zobrazuj\u00face t\u00e9my <b data-path-to-node=\"9\" data-index-in-node=\"396\">Videnie Sobieskeho pri obliehan\u00ed Viedne<\/b> a <b data-path-to-node=\"9\" data-index-in-node=\"438\">Hold pred M\u00e1riou Ter\u00e9ziou<\/b>.<\/p>\n<h2 data-path-to-node=\"10\"><span style=\"color: #800000;\">Ktor\u00e9 historick\u00e9 zauj\u00edmavosti a vz\u00e1cne predmety ukr\u00fdva tento chr\u00e1m?<\/span><\/h2>\n<p data-path-to-node=\"11\">V kronike mesta <b data-path-to-node=\"11\" data-index-in-node=\"16\">Trebi\u0161ov<\/b> je zaznamenan\u00e9, \u017ee v roku 1887 sa v okol\u00ed konali ve\u013ek\u00e9 <b data-path-to-node=\"11\" data-index-in-node=\"80\">vojensk\u00e9 man\u00e9vre<\/b>, na ktor\u00fdch sa z\u00fa\u010dastnil samotn\u00fd <b data-path-to-node=\"11\" data-index-in-node=\"130\">cis\u00e1r Franti\u0161ek Jozef I.<\/b><\/p>\n<p data-path-to-node=\"11\">Na jeho po\u010des\u0165 nechal <b data-path-to-node=\"11\" data-index-in-node=\"177\">gr\u00f3f J\u00falius Andr\u00e1ssy<\/b>, hostite\u013e panovn\u00edka v <b data-path-to-node=\"11\" data-index-in-node=\"220\">trebi\u0161ovskom ka\u0161tieli<\/b>, zhotovi\u0165 n\u00e1dhern\u00e9 <b data-path-to-node=\"11\" data-index-in-node=\"261\">vyrez\u00e1van\u00e9 dreven\u00e9 kreslo<\/b> s bohatou <b data-path-to-node=\"11\" data-index-in-node=\"297\">mu\u0161\u013eovou i rozvilinovou v\u00fdzdobou<\/b>.<\/p>\n<p data-path-to-node=\"11\">Po skon\u010den\u00ed man\u00e9vrov bolo toto <b data-path-to-node=\"11\" data-index-in-node=\"362\">vz\u00e1cne kreslo<\/b> darovan\u00e9 pr\u00e1ve pre <b data-path-to-node=\"11\" data-index-in-node=\"395\">r\u00edmskokatol\u00edcky kostol<\/b> a dodnes v \u0148om sedia k\u0148azi po\u010das <b data-path-to-node=\"11\" data-index-in-node=\"451\">sl\u00fa\u017eenia sv\u00e4tej om\u0161e<\/b>.<\/p>\n<h2 data-path-to-node=\"12\"><span style=\"color: #800000;\">Ako ovplyvnili kostol modern\u00e9 dejiny a vojnov\u00e9 obdobia?<\/span><\/h2>\n<p data-path-to-node=\"13\">V roku 1926 bola na objekte nanovo pokryt\u00e1 <b data-path-to-node=\"13\" data-index-in-node=\"43\">strecha ve\u017ee<\/b> a osaden\u00fd <b data-path-to-node=\"13\" data-index-in-node=\"66\">nov\u00fd kr\u00ed\u017e<\/b>.<\/p>\n<p data-path-to-node=\"13\">Po\u010das <b data-path-to-node=\"13\" data-index-in-node=\"83\">prvej svetovej vojny<\/b> v\u0161ak <b data-path-to-node=\"13\" data-index-in-node=\"109\">p\u00f4vodn\u00e9 zvony<\/b> postihol smutn\u00fd osud \u2013 boli <b data-path-to-node=\"13\" data-index-in-node=\"151\">zrekv\u00edrovan\u00e9 (zhaban\u00e9)<\/b> kv\u00f4li ak\u00fatnemu nedostatku <b data-path-to-node=\"13\" data-index-in-node=\"200\">farebn\u00fdch kovov<\/b>, ke\u010f\u017ee <b data-path-to-node=\"13\" data-index-in-node=\"223\">zvony<\/b> \u0161tandardne obsahuj\u00fa <b data-path-to-node=\"13\" data-index-in-node=\"249\">78 % medi a 22 % c\u00ednu<\/b>. Na mieste zostal zachovan\u00fd iba <b data-path-to-node=\"13\" data-index-in-node=\"303\">najv\u00e4\u010d\u0161\u00ed zvon<\/b>.<\/p>\n<p data-path-to-node=\"13\">V 20. rokoch 20. storo\u010dia boli n\u00e1sledne zak\u00fapen\u00e9 dva <b data-path-to-node=\"13\" data-index-in-node=\"371\">men\u0161ie zvony<\/b> od zn\u00e1meho <b data-path-to-node=\"13\" data-index-in-node=\"395\">zvonolej\u00e1ra E. Ferencza<\/b> z Kisgejocso. Mimoriadne fascinuj\u00facou a tajomnou kapitolou s\u00fa tie\u017e <b data-path-to-node=\"13\" data-index-in-node=\"486\">podzemn\u00e9 krypty<\/b> nach\u00e1dzaj\u00face sa pod <b data-path-to-node=\"13\" data-index-in-node=\"522\">podlahou kostola<\/b>.<\/p>\n<h2><span style=\"color: #800000;\">Fotogal\u00e9ria<\/span><\/h2>\n<style type=\"text\/css\">\n#foogallery-gallery-73923 .fg-image { width: 200px; }<\/style>\n\t\t\t<div class=\"foogallery foogallery-container foogallery-carousel foogallery-lightbox-foogallery fg-carousel fg-ready fg-light fg-border-medium fg-round-small fg-shadow-medium fg-loading-default fg-loaded-fade-in fg-hover-semi-zoomed fg-hover-fade fg-hover-circle-plus2\" id=\"foogallery-gallery-73923\" data-foogallery=\"{&quot;item&quot;:{&quot;showCaptionTitle&quot;:true,&quot;showCaptionDescription&quot;:true},&quot;lazy&quot;:false,&quot;src&quot;:&quot;src&quot;,&quot;srcset&quot;:&quot;srcset&quot;,&quot;template&quot;:{&quot;maxItems&quot;:5,&quot;scale&quot;:0.11999999999999999555910790149937383830547332763671875,&quot;gutter&quot;:{&quot;min&quot;:-40,&quot;max&quot;:-20,&quot;unit&quot;:&quot;%&quot;},&quot;autoplay&quot;:{&quot;time&quot;:0,&quot;interaction&quot;:&quot;pause&quot;},&quot;centerOnClick&quot;:true,&quot;align&quot;:&quot;center&quot;,&quot;activePosition&quot;:&quot;center&quot;}}\" data-foogallery-lightbox=\"{&quot;thumbs&quot;:&quot;bottom&quot;,&quot;thumbsCaptions&quot;:false,&quot;thumbsBestFit&quot;:false,&quot;thumbsSmall&quot;:false,&quot;thumbsCaptionsAlign&quot;:&quot;default&quot;,&quot;info&quot;:&quot;bottom&quot;,&quot;infoVisible&quot;:true,&quot;infoOverlay&quot;:true,&quot;infoAlign&quot;:&quot;default&quot;,&quot;transition&quot;:&quot;fade&quot;,&quot;hoverButtons&quot;:false,&quot;fitMedia&quot;:false,&quot;noScrollbars&quot;:true,&quot;preserveButtonSpace&quot;:true,&quot;buttons&quot;:{&quot;fullscreen&quot;:true,&quot;info&quot;:true,&quot;thumbs&quot;:false},&quot;video&quot;:{&quot;autoPlay&quot;:true}}\" style=\"--fg-title-line-clamp: 1; --fg-description-line-clamp: 2;\" >\n\t<button type=\"button\" class=\"fg-carousel-prev\" title=\"Previous\"><\/button>\n\t<div class=\"fg-carousel-inner\">\n\t\t<div class=\"fg-carousel-center\"><\/div>\n\t\t<div class=\"fg-item fg-type-image fg-loaded\"><figure class=\"fg-item-inner\"><a href=\"https:\/\/www.keturist.sk\/info\/wp-content\/uploads\/2021\/10\/Rimskokatolicky-kostol-Navstevy-Panny-Marie-v-Trebisov2.jpg\" data-src=\"https:\/\/www.keturist.sk\/info\/wp-content\/uploads\/2021\/10\/Rimskokatolicky-kostol-Navstevy-Panny-Marie-v-Trebisov2.jpg\" data-thumb=\"https:\/\/www.keturist.sk\/info\/wp-content\/uploads\/cache\/2021\/10\/Rimskokatolicky-kostol-Navstevy-Panny-Marie-v-Trebisov2\/4213114720.jpg\" class=\"ml-lightbox-enabled\"><span class=\"fg-image-wrap\"><img decoding=\"async\" src=\"https:\/\/www.keturist.sk\/info\/wp-content\/uploads\/cache\/2021\/10\/Rimskokatolicky-kostol-Navstevy-Panny-Marie-v-Trebisov2\/4213114720.jpg\" alt=\"R\u00edmskokatol\u00edcky kostol Nav\u0161t\u00edvenia Panny M\u00e1rie v Trebi\u0161ove\" title=\"R\u00edmskokatol\u00edcky kostol Nav\u0161t\u00edvenia Panny M\u00e1rie v Trebi\u0161ove\" width=\"200\" height=\"200\" class=\"skip-lazy fg-image\" loading=\"eager\"><\/span><span class=\"fg-image-overlay\"><\/span><\/a><figcaption class=\"fg-caption\"><div class=\"fg-caption-inner\"><div class=\"fg-caption-title\">R\u00edmskokatol\u00edcky kostol Nav\u0161t\u00edvenia Panny M\u00e1rie v Trebi\u0161ove<\/div><div class=\"fg-caption-desc\">Fotograf: Jozef Mare\u010dek (https:\/\/www.facebook.com\/jozef.marecek.94)<\/div><\/div><\/figcaption><\/figure><div class=\"fg-loader\"><\/div><\/div><div class=\"fg-item fg-type-image fg-loaded\"><figure class=\"fg-item-inner\"><a href=\"https:\/\/www.keturist.sk\/info\/wp-content\/uploads\/2021\/10\/Rimskokatolicky-kostol-Navstevy-Panny-Marie-v-Trebisov1.jpg\" data-src=\"https:\/\/www.keturist.sk\/info\/wp-content\/uploads\/2021\/10\/Rimskokatolicky-kostol-Navstevy-Panny-Marie-v-Trebisov1.jpg\" data-thumb=\"https:\/\/www.keturist.sk\/info\/wp-content\/uploads\/cache\/2021\/10\/Rimskokatolicky-kostol-Navstevy-Panny-Marie-v-Trebisov1\/2606176974.jpg\" class=\"ml-lightbox-enabled\"><span class=\"fg-image-wrap\"><img decoding=\"async\" src=\"https:\/\/www.keturist.sk\/info\/wp-content\/uploads\/cache\/2021\/10\/Rimskokatolicky-kostol-Navstevy-Panny-Marie-v-Trebisov1\/2606176974.jpg\" alt=\"R\u00edmskokatol\u00edcky kostol Nav\u0161t\u00edvenia Panny M\u00e1rie v Trebi\u0161ove\" title=\"R\u00edmskokatol\u00edcky kostol Nav\u0161t\u00edvenia Panny M\u00e1rie v Trebi\u0161ove\" width=\"200\" height=\"200\" class=\"skip-lazy fg-image\" loading=\"eager\"><\/span><span class=\"fg-image-overlay\"><\/span><\/a><figcaption class=\"fg-caption\"><div class=\"fg-caption-inner\"><div class=\"fg-caption-title\">R\u00edmskokatol\u00edcky kostol Nav\u0161t\u00edvenia Panny M\u00e1rie v Trebi\u0161ove<\/div><\/div><\/figcaption><\/figure><div class=\"fg-loader\"><\/div><\/div><div class=\"fg-item fg-type-image fg-loaded\"><figure class=\"fg-item-inner\"><a href=\"https:\/\/www.keturist.sk\/info\/wp-content\/uploads\/2021\/10\/kostol-trebisov.jpg\" data-src=\"https:\/\/www.keturist.sk\/info\/wp-content\/uploads\/2021\/10\/kostol-trebisov.jpg\" data-thumb=\"https:\/\/www.keturist.sk\/info\/wp-content\/uploads\/cache\/2021\/10\/kostol-trebisov\/3186815705.jpg\" class=\"ml-lightbox-enabled\"><span class=\"fg-image-wrap\"><img decoding=\"async\" src=\"https:\/\/www.keturist.sk\/info\/wp-content\/uploads\/cache\/2021\/10\/kostol-trebisov\/3186815705.jpg\" alt=\"R\u00edmskokatol\u00edcky kostol Nav\u0161t\u00edvenia Panny M\u00e1rie v Trebi\u0161ove\" title=\"R\u00edmskokatol\u00edcky kostol Nav\u0161t\u00edvenia Panny M\u00e1rie v Trebi\u0161ove\" width=\"200\" height=\"200\" class=\"skip-lazy fg-image\" loading=\"eager\"><\/span><span class=\"fg-image-overlay\"><\/span><\/a><figcaption class=\"fg-caption\"><div class=\"fg-caption-inner\"><div class=\"fg-caption-title\">R\u00edmskokatol\u00edcky kostol Nav\u0161t\u00edvenia Panny M\u00e1rie v Trebi\u0161ove<\/div><div class=\"fg-caption-desc\">Fotograf: Jozef Mare\u010dek (https:\/\/www.facebook.com\/jozef.marecek.94)<\/div><\/div><\/figcaption><\/figure><div class=\"fg-loader\"><\/div><\/div><div class=\"fg-item fg-type-image fg-loaded\"><figure class=\"fg-item-inner\"><a href=\"https:\/\/www.keturist.sk\/info\/wp-content\/uploads\/2021\/10\/klastor-trebisov3.jpg\" data-src=\"https:\/\/www.keturist.sk\/info\/wp-content\/uploads\/2021\/10\/klastor-trebisov3.jpg\" data-thumb=\"https:\/\/www.keturist.sk\/info\/wp-content\/uploads\/cache\/2021\/10\/klastor-trebisov3\/3939923379.jpg\" class=\"ml-lightbox-enabled\"><span class=\"fg-image-wrap\"><img decoding=\"async\" src=\"https:\/\/www.keturist.sk\/info\/wp-content\/uploads\/cache\/2021\/10\/klastor-trebisov3\/3939923379.jpg\" alt=\"Mari\u00e1nske s\u00faso\u0161ie, Pavl\u00ednsky kl\u00e1\u0161tora a R\u00edmskokatol\u00edcky kostol Nav\u0161t\u00edvenia Panny M\u00e1rie v Trebi\u0161ove\" title=\"Mari\u00e1nske s\u00faso\u0161ie, Pavl\u00ednsky kl\u00e1\u0161tora a R\u00edmskokatol\u00edcky kostol Nav\u0161t\u00edvenia Panny M\u00e1rie v Trebi\u0161ove\" width=\"200\" height=\"200\" class=\"skip-lazy fg-image\" loading=\"eager\"><\/span><span class=\"fg-image-overlay\"><\/span><\/a><figcaption class=\"fg-caption\"><div class=\"fg-caption-inner\"><div class=\"fg-caption-title\">Mari\u00e1nske s\u00faso\u0161ie, Pavl\u00ednsky kl\u00e1\u0161tora a R\u00edmskokatol\u00edcky kostol Nav\u0161t\u00edvenia Panny M\u00e1rie v Trebi\u0161ove<\/div><div class=\"fg-caption-desc\">Fotograf: Jozef Mare\u010dek (https:\/\/www.facebook.com\/jozef.marecek.94)<\/div><\/div><\/figcaption><\/figure><div class=\"fg-loader\"><\/div><\/div>\t<\/div>\n\t<div class=\"fg-carousel-bottom\"><\/div>\n\t<div class=\"fg-carousel-progress\"><\/div>\n\t<button type=\"button\" class=\"fg-carousel-next\" title=\"Next\"><\/button>\n<\/div>\n\n<h2><span style=\"color: #800000;\">Zauj\u00edmav\u00e9 odkazy<\/span><\/h2>\n<h3><span style=\"color: #808000;\">Bl\u00edzke stredisko, turistick\u00e9 centrum, obec alebo mesto:<\/span><\/h3>\n<ul>\n<li>Mesto trebi\u0161ov (\u010d\u00edtaj viac&#8230;)<\/li>\n<\/ul>\n<h2><span style=\"color: #800000;\">Mapy<\/span><\/h2>\n<p><strong>Vrstvy: <\/strong>Turistick\u00e1 mapa, Automapa, Cyklomapa, Ly\u017eiarska mapa, Satelitn\u00e1 mapa a OpenStreetMap.<\/p>\n<p><strong>Kliknut\u00edm na logo &#8222;Freemap.sk&#8220; sa V\u00e1m mapa zobraz\u00ed na celej ploche obrazovky.<\/strong><\/p>\n<p><iframe style=\"width: 900px; height: 500px; border: 0;\" src=\"https:\/\/www.freemap.sk\/?map=14\/48.622165\/21.720740&amp;info-point=48.622165\/21.720740,R\u00edmskokatol\u00edcky kostol Nav\u0161t\u00edvenia Panny M\u00e1rie&amp;layers=X&amp;embed=search\" allowfullscreen=\"allowfullscreen\"><span data-mce-type=\"bookmark\" style=\"display: inline-block; width: 0px; overflow: hidden; line-height: 0;\" class=\"mce_SELRES_start\">\ufeff<\/span><\/iframe><\/p>\n<h2><span style=\"color: #800000;\">Po\u010dasie<\/span><\/h2>\n<p><iframe style=\"width: 900px; height: 618px;\" src=\"https:\/\/www.meteoblue.com\/sk\/po%C4%8Dasie\/widget\/three\/trebi%c5%a1ov_slovensko_723358?geoloc=fixed&amp;nocurrent=0&amp;noforecast=0&amp;days=7&amp;tempunit=CELSIUS&amp;windunit=KILOMETER_PER_HOUR&amp;layout=image\" frameborder=\"0\" scrolling=\"NO\" sandbox=\"allow-same-origin allow-scripts allow-popups allow-popups-to-escape-sandbox\"><\/iframe><\/p>\n<div><!-- DO NOT REMOVE THIS LINK --><a href=\"https:\/\/www.meteoblue.com\/sk\/po%C4%8Dasie\/t%C3%BD%C5%BEde%C5%88\/trebi%c5%a1ov_slovensko_723358?utm_source=weather_widget&amp;utm_medium=linkus&amp;utm_content=three&amp;utm_campaign=Weather%2BWidget\" target=\"_blank\" rel=\"noopener\">meteoblue<\/a><\/div>\n<p><strong>Zdroj info:<\/strong> <a href=\"https:\/\/www.trebisov.sk\/\" target=\"_blank\" rel=\"noopener\">https:\/\/www.trebisov.sk\/<\/a><\/p>\n","protected":false},"excerpt":{"rendered":"<p>Podkateg\u00f3ria: Lokaliz\u00e1cia: Doln\u00fd Zempl\u00edn Tam, kde sa cis\u00e1rska noblesa stret\u00e1va s tichom vekov Predstavte si, \u017ee kr\u00e1\u010date uli\u010dkami Trebi\u0161ova, kde sa vzduch chveje ozvenami d\u00e1vnych \u010dias. Odrazu pred vami zastane [&hellip;]<\/p>\n","protected":false},"author":1,"featured_media":42421,"parent":42266,"menu_order":0,"comment_status":"closed","ping_status":"closed","template":"","meta":{"_uag_custom_page_level_css":"","_monsterinsights_skip_tracking":false,"footnotes":""},"class_list":["post-42329","page","type-page","status-publish","has-post-thumbnail","hentry"],"featured_image_src":"https:\/\/www.keturist.sk\/info\/wp-content\/uploads\/2021\/10\/Rimskokatolicky-kostol-Navstevy-Panny-Marie-v-Trebisov1.jpg","featured_image_src_square":"https:\/\/www.keturist.sk\/info\/wp-content\/uploads\/2021\/10\/Rimskokatolicky-kostol-Navstevy-Panny-Marie-v-Trebisov1.jpg","rbea_author_info":{"display_name":"admin","author_link":"https:\/\/www.keturist.sk\/info\/author\/admin\/"},"rbea_excerpt_info":"Podkateg\u00f3ria: Lokaliz\u00e1cia: Doln\u00fd Zempl\u00edn Tam, kde sa cis\u00e1rska noblesa stret\u00e1va s tichom vekov Predstavte si, \u017ee kr\u00e1\u010date uli\u010dkami Trebi\u0161ova, kde sa vzduch chveje ozvenami d\u00e1vnych \u010dias. Odrazu pred vami zastane [&hellip;]","uagb_featured_image_src":{"full":["https:\/\/www.keturist.sk\/info\/wp-content\/uploads\/2021\/10\/Rimskokatolicky-kostol-Navstevy-Panny-Marie-v-Trebisov1.jpg",1000,667,false],"thumbnail":["https:\/\/www.keturist.sk\/info\/wp-content\/uploads\/2021\/10\/Rimskokatolicky-kostol-Navstevy-Panny-Marie-v-Trebisov1-270x180.jpg",270,180,true],"medium":["https:\/\/www.keturist.sk\/info\/wp-content\/uploads\/2021\/10\/Rimskokatolicky-kostol-Navstevy-Panny-Marie-v-Trebisov1-800x534.jpg",800,534,true],"medium_large":["https:\/\/www.keturist.sk\/info\/wp-content\/uploads\/2021\/10\/Rimskokatolicky-kostol-Navstevy-Panny-Marie-v-Trebisov1-768x512.jpg",768,512,true],"large":["https:\/\/www.keturist.sk\/info\/wp-content\/uploads\/2021\/10\/Rimskokatolicky-kostol-Navstevy-Panny-Marie-v-Trebisov1.jpg",1000,667,false],"1536x1536":["https:\/\/www.keturist.sk\/info\/wp-content\/uploads\/2021\/10\/Rimskokatolicky-kostol-Navstevy-Panny-Marie-v-Trebisov1.jpg",1000,667,false],"2048x2048":["https:\/\/www.keturist.sk\/info\/wp-content\/uploads\/2021\/10\/Rimskokatolicky-kostol-Navstevy-Panny-Marie-v-Trebisov1.jpg",1000,667,false],"ultp_layout_landscape_large":["https:\/\/www.keturist.sk\/info\/wp-content\/uploads\/2021\/10\/Rimskokatolicky-kostol-Navstevy-Panny-Marie-v-Trebisov1.jpg",1000,667,false],"ultp_layout_landscape":["https:\/\/www.keturist.sk\/info\/wp-content\/uploads\/2021\/10\/Rimskokatolicky-kostol-Navstevy-Panny-Marie-v-Trebisov1.jpg",855,570,false],"ultp_layout_portrait":["https:\/\/www.keturist.sk\/info\/wp-content\/uploads\/2021\/10\/Rimskokatolicky-kostol-Navstevy-Panny-Marie-v-Trebisov1.jpg",600,400,false],"ultp_layout_square":["https:\/\/www.keturist.sk\/info\/wp-content\/uploads\/2021\/10\/Rimskokatolicky-kostol-Navstevy-Panny-Marie-v-Trebisov1.jpg",600,400,false]},"uagb_author_info":{"display_name":"admin","author_link":"https:\/\/www.keturist.sk\/info\/author\/admin\/"},"uagb_comment_info":0,"uagb_excerpt":"Podkateg\u00f3ria: Lokaliz\u00e1cia: Doln\u00fd Zempl\u00edn Tam, kde sa cis\u00e1rska noblesa stret\u00e1va s tichom vekov Predstavte si, \u017ee kr\u00e1\u010date uli\u010dkami Trebi\u0161ova, kde sa vzduch chveje ozvenami d\u00e1vnych \u010dias. Odrazu pred vami zastane [&hellip;]","_links":{"self":[{"href":"https:\/\/www.keturist.sk\/info\/wp-json\/wp\/v2\/pages\/42329","targetHints":{"allow":["GET"]}}],"collection":[{"href":"https:\/\/www.keturist.sk\/info\/wp-json\/wp\/v2\/pages"}],"about":[{"href":"https:\/\/www.keturist.sk\/info\/wp-json\/wp\/v2\/types\/page"}],"author":[{"embeddable":true,"href":"https:\/\/www.keturist.sk\/info\/wp-json\/wp\/v2\/users\/1"}],"replies":[{"embeddable":true,"href":"https:\/\/www.keturist.sk\/info\/wp-json\/wp\/v2\/comments?post=42329"}],"version-history":[{"count":21,"href":"https:\/\/www.keturist.sk\/info\/wp-json\/wp\/v2\/pages\/42329\/revisions"}],"predecessor-version":[{"id":73925,"href":"https:\/\/www.keturist.sk\/info\/wp-json\/wp\/v2\/pages\/42329\/revisions\/73925"}],"up":[{"embeddable":true,"href":"https:\/\/www.keturist.sk\/info\/wp-json\/wp\/v2\/pages\/42266"}],"wp:featuredmedia":[{"embeddable":true,"href":"https:\/\/www.keturist.sk\/info\/wp-json\/wp\/v2\/media\/42421"}],"wp:attachment":[{"href":"https:\/\/www.keturist.sk\/info\/wp-json\/wp\/v2\/media?parent=42329"}],"curies":[{"name":"wp","href":"https:\/\/api.w.org\/{rel}","templated":true}]}}