{"id":42265,"date":"2021-09-30T11:07:32","date_gmt":"2021-09-30T09:07:32","guid":{"rendered":"https:\/\/www.keturist.sk\/info\/?page_id=42265"},"modified":"2026-02-11T07:58:24","modified_gmt":"2026-02-11T06:58:24","slug":"greckokatolicky-chram-zosnutia-presvatej-bohorodicky-v-trebisove","status":"publish","type":"page","link":"https:\/\/www.keturist.sk\/info\/kam-za-pamiatkami\/kam-za-pamiatkami-smer-zemplin\/nabozenske-pamiatky\/greckokatolicky-chram-zosnutia-presvatej-bohorodicky-v-trebisove\/","title":{"rendered":"Gr\u00e9ckokatol\u00edcky chr\u00e1m Zosnutia presv\u00e4tej Bohorodi\u010dky v Trebi\u0161ove"},"content":{"rendered":"<a href=\"https:\/\/www.keturist.sk\/info\/\" class=\"su-button su-button-style-default\" style=\"color:#000000;background-color:#FFCF2F;border-color:#cca626;border-radius:5px\" target=\"_self\"><span style=\"color:#000000;padding:6px 16px;font-size:13px;line-height:20px;border-color:#ffde6e;border-radius:5px;text-shadow:none\"><i class=\"sui sui-arrow-right\" style=\"font-size:13px;color:#000000\"><\/i>  Spravodaj <\/span><\/a>\n<a href=\"https:\/\/www.keturist.sk\/info\/tipy-na-vylety\/\" class=\"su-button su-button-style-default\" style=\"color:#000000;background-color:#FFCF2F;border-color:#cca626;border-radius:5px\" target=\"_self\"><span style=\"color:#000000;padding:6px 16px;font-size:13px;line-height:20px;border-color:#ffde6e;border-radius:5px;text-shadow:none\"><i class=\"sui sui-arrow-right\" style=\"font-size:13px;color:#000000\"><\/i>  TIPY NA V\u00ddLETY <\/span><\/a>\n<a href=\"https:\/\/www.keturist.sk\/info\/kam-za-pamiatkami\/\" class=\"su-button su-button-style-default\" style=\"color:#000000;background-color:#FFCF2F;border-color:#cca626;border-radius:5px\" target=\"_self\"><span style=\"color:#000000;padding:6px 16px;font-size:13px;line-height:20px;border-color:#ffde6e;border-radius:5px;text-shadow:none\"><i class=\"sui sui-arrow-right\" style=\"font-size:13px;color:#000000\"><\/i>  Kam za pamiatkami <\/span><\/a>\n<a href=\"https:\/\/www.keturist.sk\/info\/kam-za-pamiatkami\/kam-za-pamiatkami-smer-zemplin\/\" class=\"su-button su-button-style-default\" style=\"color:#000000;background-color:#FFCF2F;border-color:#cca626;border-radius:5px\" target=\"_self\"><span style=\"color:#000000;padding:6px 16px;font-size:13px;line-height:20px;border-color:#ffde6e;border-radius:5px;text-shadow:none\"><i class=\"sui sui-arrow-right\" style=\"font-size:13px;color:#000000\"><\/i>  smer Doln\u00fd Zempl\u00edn <\/span><\/a>\n<div class=\"su-divider su-divider-style-default\" style=\"margin:15px 0;border-width:0px;border-color:#000000\"><\/div>\n<p><strong>Podkateg\u00f3ria: <\/strong> <a href=\"https:\/\/www.keturist.sk\/info\/kam-za-pamiatkami\/kam-za-pamiatkami-smer-zemplin\/nabozenske-pamiatky\/\" class=\"su-button su-button-style-default\" style=\"color:#000000;background-color:#afd144;border-color:#8ca837;border-radius:5px\" target=\"_self\"><span style=\"color:#000000;padding:6px 16px;font-size:13px;line-height:20px;border-color:#c7df7d;border-radius:5px;text-shadow:none\"><i class=\"sui sui-arrow-right\" style=\"font-size:13px;color:#000000\"><\/i>  N\u00e1bo\u017eensk\u00e9 pamiatky<\/span><\/a>\n<div class=\"su-divider su-divider-style-default\" style=\"margin:15px 0;border-width:0px;border-color:#000000\"><\/div>\n<p><strong>Lokaliz\u00e1cia: <\/strong> <a href=\"https:\/\/www.keturist.sk\/info\/vseobecne-informacie\/zemplin\/\">Doln\u00fd Zempl\u00edn<\/a><\/p>\n<div class=\"su-divider su-divider-style-default\" style=\"margin:15px 0;border-width:2px;border-color:#000000\"><\/div>\n<figure id=\"attachment_42412\" aria-describedby=\"caption-attachment-42412\" style=\"width: 900px\" class=\"wp-caption aligncenter\"><a href=\"https:\/\/www.keturist.sk\/info\/wp-content\/uploads\/2021\/10\/Zosnutia-presvatej-Bohorodicky1.jpg\"><img loading=\"lazy\" decoding=\"async\" class=\"wp-image-42412\" src=\"https:\/\/www.keturist.sk\/info\/wp-content\/uploads\/2021\/10\/Zosnutia-presvatej-Bohorodicky1-800x539.jpg\" alt=\"Gr\u00e9ckokatol\u00edcky chr\u00e1m Zosnutia presv\u00e4tej Bohorodi\u010dky a Mari\u00e1nske s\u00faso\u0161ie v Trebi\u0161ove\" width=\"900\" height=\"607\" srcset=\"https:\/\/www.keturist.sk\/info\/wp-content\/uploads\/2021\/10\/Zosnutia-presvatej-Bohorodicky1-800x539.jpg 800w, https:\/\/www.keturist.sk\/info\/wp-content\/uploads\/2021\/10\/Zosnutia-presvatej-Bohorodicky1-267x180.jpg 267w, https:\/\/www.keturist.sk\/info\/wp-content\/uploads\/2021\/10\/Zosnutia-presvatej-Bohorodicky1-768x518.jpg 768w, https:\/\/www.keturist.sk\/info\/wp-content\/uploads\/2021\/10\/Zosnutia-presvatej-Bohorodicky1.jpg 1000w\" sizes=\"auto, (max-width: 900px) 100vw, 900px\" \/><\/a><figcaption id=\"caption-attachment-42412\" class=\"wp-caption-text\">Gr\u00e9ckokatol\u00edcky chr\u00e1m Zosnutia presv\u00e4tej Bohorodi\u010dky a Mari\u00e1nske s\u00faso\u0161ie v Trebi\u0161ove , Fotograf: Jozef Mare\u010dek (https:\/\/www.facebook.com\/jozef.marecek.94)<\/figcaption><\/figure>\n<div class=\"su-divider su-divider-style-default\" style=\"margin:15px 0;border-width:2px;border-color:#000000\"><\/div>\n<h2 data-path-to-node=\"3\"><span style=\"color: #800000;\">Pre\u010do sa oplat\u00ed nav\u0161t\u00edvi\u0165 Gr\u00e9ckokatol\u00edcky chr\u00e1m Zosnutia presv\u00e4tej Bohorodi\u010dky v Trebi\u0161ove a spozna\u0165 jeho tajomstv\u00e1?<\/span><\/h2>\n<p data-path-to-node=\"4\">Existuj\u00fa miesta, ktor\u00e9 na map\u00e1ch vyzeraj\u00fa len ako body, no v skuto\u010dnosti s\u00fa to stroje \u010dasu. Ke\u010f sa povie <b data-path-to-node=\"4\" data-index-in-node=\"105\">Gr\u00e9ckokatol\u00edcky chr\u00e1m Zosnutia presv\u00e4tej Bohorodi\u010dky v Trebi\u0161ove<\/b>, mo\u017eno si predstav\u00edte len tich\u00e9 m\u00fary. Pravdou v\u0161ak je, \u017ee tento chr\u00e1m je najv\u00e4\u010d\u0161\u00edm dobrodruhom Zempl\u00edna.<\/p>\n<p data-path-to-node=\"5\">Vyr\u00e1stol zo skromnej slamy a dreva v roku 1825, aby ust\u00e1l rany, ktor\u00e9 by in\u00e9 stavby polo\u017eili na kolen\u00e1. Pre\u017eil zr\u00fatenie ve\u017ee, drviv\u00e9 po\u017eiare aj obdobie, ke\u010f jeho zvony roztavili na zbrane. Napriek tomu v jeho vn\u00fatri dodnes n\u00e1jdete prec\u00edzny <b data-path-to-node=\"5\" data-index-in-node=\"240\">ikonostas<\/b> a atmosf\u00e9ru, ktor\u00fa do\u0148 vlo\u017eili kolonisti prich\u00e1dzaj\u00faci z hlbok\u00fdch lesov severov\u00fdchodu. Nie je to len <b data-path-to-node=\"5\" data-index-in-node=\"351\">gr\u00e9ckokatol\u00edcky kostol v meste Trebi\u0161ov<\/b>; je to pam\u00e4tn\u00edk odhodlania, ktor\u00fd \u010dak\u00e1, k\u00fdm v \u0148om objav\u00edte kus vlastnej hist\u00f3rie.<\/p>\n<h2 data-path-to-node=\"2\"><span style=\"color: #800000;\">Kedy bol postaven\u00fd Gr\u00e9ckokatol\u00edcky chr\u00e1m Zosnutia presv\u00e4tej Bohorodi\u010dky v Trebi\u0161ove a ak\u00e1 je jeho hist\u00f3ria?<\/span><\/h2>\n<p data-path-to-node=\"3\"><b data-path-to-node=\"3\" data-index-in-node=\"0\">Gr\u00e9ckokatol\u00edcky chr\u00e1m Zosnutia presv\u00e4tej Bohorodi\u010dky v Trebi\u0161ove<\/b>, tento v\u00fdznamn\u00fd <b data-path-to-node=\"3\" data-index-in-node=\"81\">gr\u00e9ckokatol\u00edcky kostol v meste Trebi\u0161ov<\/b>, bol postaven\u00fd v roku 1825.<\/p>\n<p data-path-to-node=\"3\">Svoj architektonick\u00fd v\u00fdraz z\u00edskal v <b data-path-to-node=\"3\" data-index-in-node=\"185\">klasicistickom \u0161t\u00fdle<\/b>, pri\u010dom vyr\u00e1stol na mieste p\u00f4vodnej <b data-path-to-node=\"3\" data-index-in-node=\"242\">starej drevenej cerkvi so slamenou strechou<\/b>. T\u00e1to <b data-path-to-node=\"3\" data-index-in-node=\"292\">star\u00e1 dreven\u00e1 cerkev<\/b> tu st\u00e1la u\u017e od konca 18. storo\u010dia, kedy vznikla po\u010das <b data-path-to-node=\"3\" data-index-in-node=\"367\">ruth\u00e9nskej a slovenskej koloniz\u00e1cie<\/b>.<\/p>\n<h2 data-path-to-node=\"4\"><span style=\"color: #800000;\">Kto boli kolonisti, ktor\u00ed os\u00eddlili t\u00fato oblas\u0165 Zempl\u00edna?<\/span><\/h2>\n<p data-path-to-node=\"5\">Kolonistami boli predov\u0161etk\u00fdm <b data-path-to-node=\"5\" data-index-in-node=\"30\">Slov\u00e1ci a Ruth\u00e9ni (Rus\u00edni)<\/b>, ktor\u00ed prich\u00e1dzali do <b data-path-to-node=\"5\" data-index-in-node=\"79\">zempl\u00ednskych obc\u00ed<\/b> ako pris\u0165ahovalci zo severov\u00fdchodu vtedaj\u0161ieho horn\u00e9ho Uhorska (dne\u0161n\u00e9ho Slovenska). Hlavn\u00fdm d\u00f4vodom ich pr\u00edchodu na prelome 18. a 19. storo\u010dia boli n\u00e1sledky <b data-path-to-node=\"5\" data-index-in-node=\"255\">morovej epid\u00e9mie<\/b>, <b data-path-to-node=\"5\" data-index-in-node=\"273\">tureckej okup\u00e1cie<\/b> a <b data-path-to-node=\"5\" data-index-in-node=\"293\">protihabsbursk\u00fdch povstan\u00ed<\/b>, ktor\u00e9 sp\u00f4sobili, \u017ee takmer cel\u00fd <b data-path-to-node=\"5\" data-index-in-node=\"353\">Zempl\u00edn<\/b> zostal celkom vy\u013eudnen\u00fd.<\/p>\n<p data-path-to-node=\"5\"><b data-path-to-node=\"5\" data-index-in-node=\"386\">Ruth\u00e9nske a slovensk\u00e9 obyvate\u013estvo<\/b> v tejto lokalite bolo preva\u017ene <b data-path-to-node=\"5\" data-index-in-node=\"452\">gr\u00e9ckokatol\u00edckeho vierovyznania<\/b>. Samotn\u00e1 <b data-path-to-node=\"5\" data-index-in-node=\"493\">koloniz\u00e1cia<\/b> sa realizovala v nieko\u013ek\u00fdch migra\u010dn\u00fdch vln\u00e1ch na konci 18. a za\u010diatku 19. storo\u010dia.<\/p>\n<h2 data-path-to-node=\"6\"><span style=\"color: #800000;\">Kto navrhol tento gr\u00e9ckokatol\u00edcky chr\u00e1m a kedy bol vysv\u00e4ten\u00fd?<\/span><\/h2>\n<p data-path-to-node=\"7\">Projektantom tejto <b data-path-to-node=\"7\" data-index-in-node=\"19\">novej gr\u00e9ckokatol\u00edckej cerkvi<\/b> bol uzn\u00e1van\u00fd stavite\u013e <b data-path-to-node=\"7\" data-index-in-node=\"71\">Jozef Tur\u010d\u00e1ni (Turcs\u00e1nyi J\u00f3zsef)<\/b>. Sl\u00e1vnostn\u00e1 vysviacka sakr\u00e1lneho objektu sa uskuto\u010dnila 28. augusta 1825, symbolicky na <b data-path-to-node=\"7\" data-index-in-node=\"192\">sviatok nanebovzatia Presv\u00e4tej Bohorodi\u010dky<\/b>.<\/p>\n<h2 data-path-to-node=\"8\"><span style=\"color: #800000;\">Ak\u00e9 pohromy a rekon\u0161trukcie ovplyvnili vzh\u013ead chr\u00e1mu v Trebi\u0161ove?<\/span><\/h2>\n<p data-path-to-node=\"9\">Hist\u00f3ria stavby bola pozna\u010den\u00e1 viacer\u00fdmi udalos\u0165ami. V roku 1844 zapr\u00ed\u010dinila \u017eiveln\u00e1 pohroma <b data-path-to-node=\"9\" data-index-in-node=\"93\">zr\u00fatenie kostolnej ve\u017ee<\/b>, ktor\u00e1 v\u0161ak bola op\u00e4tovne obnoven\u00e1 v roku 1855.<\/p>\n<p data-path-to-node=\"9\">Nesk\u00f4r, v roku 1876, vypukol siln\u00fd po\u017eiar, ktor\u00e9mu padli za obe\u0165 <b data-path-to-node=\"9\" data-index-in-node=\"230\">zvony vo ve\u017ei<\/b> aj <b data-path-to-node=\"9\" data-index-in-node=\"247\">interi\u00e9r kostola<\/b>.<\/p>\n<p data-path-to-node=\"9\">Celkov\u00e1 obnova interi\u00e9ru chr\u00e1mu sa zav\u0155\u0161ila v roku 1886. V tomto obdob\u00ed rezb\u00e1r <b data-path-to-node=\"9\" data-index-in-node=\"344\">Peter Kovaliczk\u00fd<\/b> zhotovil a postavil nov\u00fd <b data-path-to-node=\"9\" data-index-in-node=\"386\">ikonostas a kazate\u013enicu<\/b>. K \u010fal\u0161iemu roz\u0161irovaniu do\u0161lo v roku 1901, ke\u010f bola pristavan\u00e1 <b data-path-to-node=\"9\" data-index-in-node=\"474\">sakristia<\/b>, a v roku 1903 pribudlo <b data-path-to-node=\"9\" data-index-in-node=\"508\">oplotenie s kovanou ozdobnou ve\u017eou<\/b>.<\/p>\n<h2 data-path-to-node=\"10\"><span style=\"color: #800000;\">\u010co sa stalo so zvonmi chr\u00e1mu po\u010das svetov\u00fdch vojen?<\/span><\/h2>\n<p data-path-to-node=\"11\">Po\u010das prvej svetovej vojny postihol <b data-path-to-node=\"11\" data-index-in-node=\"36\">chr\u00e1m<\/b> nepriazniv\u00fd osud, ke\u010f boli p\u00f4vodn\u00e9 tri <b data-path-to-node=\"11\" data-index-in-node=\"81\">zvony zrekv\u00edrovan\u00e9 (zhaban\u00e9)<\/b> pre vojensk\u00e9 \u00fa\u010dely kv\u00f4li ak\u00fatnemu nedostatku farebn\u00fdch kovov, ke\u010f\u017ee <b data-path-to-node=\"11\" data-index-in-node=\"178\">zvony<\/b> \u0161tandardne obsahuj\u00fa 78 % medi a 22 % c\u00ednu. N\u00e1hrada pri\u0161la v 20. rokoch 20. storo\u010dia, kedy bol zak\u00fapen\u00fd nov\u00fd <b data-path-to-node=\"11\" data-index-in-node=\"292\">ve\u013ek\u00fd zvon<\/b>, ktor\u00fd nesie meno <b data-path-to-node=\"11\" data-index-in-node=\"321\">Georgij<\/b>.<\/p>\n<h2 data-path-to-node=\"12\"><span style=\"color: #800000;\">Ak\u00e9 s\u00fa architektonick\u00e9 \u0161pecifik\u00e1 tejto barokovo-klasicistickej pamiatky?<\/span><\/h2>\n<p data-path-to-node=\"13\">T\u00e1to <b data-path-to-node=\"13\" data-index-in-node=\"5\">barokovo-klasicistick\u00e1 stavba<\/b>, ktor\u00e1 pre\u0161la opravami aj v rokoch 1947 \u2013 1948, predstavuje <b data-path-to-node=\"13\" data-index-in-node=\"95\">jednolo\u010fov\u00fd priestor<\/b> s charakteristick\u00fdm <b data-path-to-node=\"13\" data-index-in-node=\"136\">mnohouholn\u00edkov\u00fdm uz\u00e1verom presbyt\u00e9ria<\/b> (\u010do je priestor v chr\u00e1me vyhraden\u00fd pre k\u0148azov) a m\u00e1 <b data-path-to-node=\"13\" data-index-in-node=\"226\">vstavan\u00fa ve\u017eu<\/b>. Vn\u00fatorn\u00fd <b data-path-to-node=\"13\" data-index-in-node=\"250\">interi\u00e9r<\/b> chr\u00e1nia a zdobia <b data-path-to-node=\"13\" data-index-in-node=\"276\">prusk\u00e9 klenby<\/b>.<\/p>\n<p data-path-to-node=\"13\">Z h\u013eadiska exteri\u00e9ru s\u00fa <b data-path-to-node=\"13\" data-index-in-node=\"315\">fas\u00e1dy chr\u00e1mu<\/b> elegantne \u010dlenen\u00e9 <b data-path-to-node=\"13\" data-index-in-node=\"347\">liz\u00e9nami<\/b>. Samotn\u00e1 <b data-path-to-node=\"13\" data-index-in-node=\"365\">ve\u017ea<\/b>, ktor\u00e1 vyrast\u00e1 z <b data-path-to-node=\"13\" data-index-in-node=\"387\">rizalitu<\/b>, je \u010dlenen\u00e1 <b data-path-to-node=\"13\" data-index-in-node=\"408\">pilastrami<\/b> a esteticky ukon\u010den\u00e1 <b data-path-to-node=\"13\" data-index-in-node=\"440\">korunnou r\u00edmsou s ter\u010d\u00edkom<\/b> a <b data-path-to-node=\"13\" data-index-in-node=\"469\">barokovou helmicou s laternou<\/b>.<\/p>\n<p data-path-to-node=\"13\">Posledn\u00e1 ve\u013ek\u00e1 <b data-path-to-node=\"13\" data-index-in-node=\"515\">rekon\u0161trukcia<\/b> tohto historick\u00e9ho objektu sa uskuto\u010dnila v roku 2001.<\/p>\n<h2><span style=\"color: #800000;\">Fotogal\u00e9ria<\/span><\/h2>\n<style type=\"text\/css\">\n#foogallery-gallery-73919 .fg-image { width: 200px; }<\/style>\n\t\t\t<div class=\"foogallery foogallery-container foogallery-carousel foogallery-lightbox-foogallery fg-carousel fg-ready fg-light fg-border-medium fg-round-small fg-shadow-medium fg-loading-default fg-loaded-fade-in fg-hover-semi-zoomed fg-hover-fade fg-hover-circle-plus2\" id=\"foogallery-gallery-73919\" data-foogallery=\"{&quot;item&quot;:{&quot;showCaptionTitle&quot;:true,&quot;showCaptionDescription&quot;:true},&quot;lazy&quot;:true,&quot;template&quot;:{&quot;maxItems&quot;:5,&quot;scale&quot;:0.11999999999999999555910790149937383830547332763671875,&quot;gutter&quot;:{&quot;min&quot;:-40,&quot;max&quot;:-20,&quot;unit&quot;:&quot;%&quot;},&quot;autoplay&quot;:{&quot;time&quot;:0,&quot;interaction&quot;:&quot;pause&quot;},&quot;centerOnClick&quot;:true,&quot;align&quot;:&quot;center&quot;,&quot;activePosition&quot;:&quot;center&quot;}}\" data-foogallery-lightbox=\"{&quot;thumbs&quot;:&quot;bottom&quot;,&quot;thumbsCaptions&quot;:false,&quot;thumbsBestFit&quot;:false,&quot;thumbsSmall&quot;:false,&quot;thumbsCaptionsAlign&quot;:&quot;default&quot;,&quot;info&quot;:&quot;bottom&quot;,&quot;infoVisible&quot;:true,&quot;infoOverlay&quot;:true,&quot;infoAlign&quot;:&quot;default&quot;,&quot;transition&quot;:&quot;fade&quot;,&quot;hoverButtons&quot;:false,&quot;fitMedia&quot;:false,&quot;noScrollbars&quot;:true,&quot;preserveButtonSpace&quot;:true,&quot;buttons&quot;:{&quot;fullscreen&quot;:true,&quot;info&quot;:true,&quot;thumbs&quot;:false},&quot;video&quot;:{&quot;autoPlay&quot;:true}}\" style=\"--fg-title-line-clamp: 1; --fg-description-line-clamp: 2;\" >\n\t<button type=\"button\" class=\"fg-carousel-prev\" title=\"Previous\"><\/button>\n\t<div class=\"fg-carousel-inner\">\n\t\t<div class=\"fg-carousel-center\"><\/div>\n\t\t<div class=\"fg-item fg-type-image fg-idle\"><figure class=\"fg-item-inner\"><a href=\"https:\/\/www.keturist.sk\/info\/wp-content\/uploads\/2021\/10\/Zosnutia-presvatej-Bohorodicky3.jpg\" data-caption-title=\"Gr\u00e9ckokatol\u00edcky chr\u00e1m Zosnutia presv\u00e4tej Bohorodi\u010dky v Trebi\u0161ove\" data-caption-desc=\"Fotograf: Jozef Mare\u010dek (https:\/\/www.facebook.com\/jozef.marecek.94)\" data-attachment-id=\"42414\" data-type=\"image\" class=\"fg-thumb\"><span class=\"fg-image-wrap\"><img decoding=\"async\" alt=\"Gr\u00e9ckokatol\u00edcky chr\u00e1m Zosnutia presv\u00e4tej Bohorodi\u010dky v Trebi\u0161ove\" title=\"Gr\u00e9ckokatol\u00edcky chr\u00e1m Zosnutia presv\u00e4tej Bohorodi\u010dky v Trebi\u0161ove\" width=\"200\" height=\"200\" class=\"skip-lazy fg-image\" data-src-fg=\"https:\/\/www.keturist.sk\/info\/wp-content\/uploads\/cache\/2021\/10\/Zosnutia-presvatej-Bohorodicky3\/767339725.jpg\" src=\"data:image\/svg+xml,%3Csvg%20xmlns%3D%22http%3A%2F%2Fwww.w3.org%2F2000%2Fsvg%22%20width%3D%22200%22%20height%3D%22200%22%20viewBox%3D%220%200%20200%20200%22%3E%3C%2Fsvg%3E\" loading=\"eager\"><\/span><span class=\"fg-image-overlay\"><\/span><\/a><figcaption class=\"fg-caption\"><div class=\"fg-caption-inner\"><div class=\"fg-caption-title\">Gr\u00e9ckokatol\u00edcky chr\u00e1m Zosnutia presv\u00e4tej Bohorodi\u010dky v Trebi\u0161ove<\/div><div class=\"fg-caption-desc\">Fotograf: Jozef Mare\u010dek (https:\/\/www.facebook.com\/jozef.marecek.94)<\/div><\/div><\/figcaption><\/figure><div class=\"fg-loader\"><\/div><\/div><div class=\"fg-item fg-type-image fg-idle\"><figure class=\"fg-item-inner\"><a href=\"https:\/\/www.keturist.sk\/info\/wp-content\/uploads\/2021\/10\/Zosnutia-presvatej-Bohorodicky2.jpg\" data-caption-title=\"Gr\u00e9ckokatol\u00edcky chr\u00e1m Zosnutia presv\u00e4tej Bohorodi\u010dky v Trebi\u0161ove\" data-caption-desc=\"Fotograf: Jozef Mare\u010dek (https:\/\/www.facebook.com\/jozef.marecek.94)\" data-attachment-id=\"42413\" data-type=\"image\" class=\"fg-thumb\"><span class=\"fg-image-wrap\"><img decoding=\"async\" alt=\"Gr\u00e9ckokatol\u00edcky chr\u00e1m Zosnutia presv\u00e4tej Bohorodi\u010dky v Trebi\u0161ove\" title=\"Gr\u00e9ckokatol\u00edcky chr\u00e1m Zosnutia presv\u00e4tej Bohorodi\u010dky v Trebi\u0161ove\" width=\"200\" height=\"200\" class=\"skip-lazy fg-image\" data-src-fg=\"https:\/\/www.keturist.sk\/info\/wp-content\/uploads\/cache\/2021\/10\/Zosnutia-presvatej-Bohorodicky2\/3680923881.jpg\" src=\"data:image\/svg+xml,%3Csvg%20xmlns%3D%22http%3A%2F%2Fwww.w3.org%2F2000%2Fsvg%22%20width%3D%22200%22%20height%3D%22200%22%20viewBox%3D%220%200%20200%20200%22%3E%3C%2Fsvg%3E\" loading=\"eager\"><\/span><span class=\"fg-image-overlay\"><\/span><\/a><figcaption class=\"fg-caption\"><div class=\"fg-caption-inner\"><div class=\"fg-caption-title\">Gr\u00e9ckokatol\u00edcky chr\u00e1m Zosnutia presv\u00e4tej Bohorodi\u010dky v Trebi\u0161ove<\/div><div class=\"fg-caption-desc\">Fotograf: Jozef Mare\u010dek (https:\/\/www.facebook.com\/jozef.marecek.94)<\/div><\/div><\/figcaption><\/figure><div class=\"fg-loader\"><\/div><\/div><div class=\"fg-item fg-type-image fg-idle\"><figure class=\"fg-item-inner\"><a href=\"https:\/\/www.keturist.sk\/info\/wp-content\/uploads\/2021\/10\/Zosnutia-presvatej-Bohorodicky1.jpg\" data-caption-title=\"Gr\u00e9ckokatol\u00edcky chr\u00e1m Zosnutia presv\u00e4tej Bohorodi\u010dky v Trebi\u0161ove\" data-caption-desc=\"Fotograf: Jozef Mare\u010dek (https:\/\/www.facebook.com\/jozef.marecek.94)\" data-attachment-id=\"42412\" data-type=\"image\" class=\"fg-thumb\"><span class=\"fg-image-wrap\"><img decoding=\"async\" alt=\"Gr\u00e9ckokatol\u00edcky chr\u00e1m Zosnutia presv\u00e4tej Bohorodi\u010dky v Trebi\u0161ove\" title=\"Gr\u00e9ckokatol\u00edcky chr\u00e1m Zosnutia presv\u00e4tej Bohorodi\u010dky v Trebi\u0161ove\" width=\"200\" height=\"200\" class=\"skip-lazy fg-image\" data-src-fg=\"https:\/\/www.keturist.sk\/info\/wp-content\/uploads\/cache\/2021\/10\/Zosnutia-presvatej-Bohorodicky1\/2169617936.jpg\" src=\"data:image\/svg+xml,%3Csvg%20xmlns%3D%22http%3A%2F%2Fwww.w3.org%2F2000%2Fsvg%22%20width%3D%22200%22%20height%3D%22200%22%20viewBox%3D%220%200%20200%20200%22%3E%3C%2Fsvg%3E\" loading=\"eager\"><\/span><span class=\"fg-image-overlay\"><\/span><\/a><figcaption class=\"fg-caption\"><div class=\"fg-caption-inner\"><div class=\"fg-caption-title\">Gr\u00e9ckokatol\u00edcky chr\u00e1m Zosnutia presv\u00e4tej Bohorodi\u010dky v Trebi\u0161ove<\/div><div class=\"fg-caption-desc\">Fotograf: Jozef Mare\u010dek (https:\/\/www.facebook.com\/jozef.marecek.94)<\/div><\/div><\/figcaption><\/figure><div class=\"fg-loader\"><\/div><\/div>\t<\/div>\n\t<div class=\"fg-carousel-bottom\"><\/div>\n\t<div class=\"fg-carousel-progress\"><\/div>\n\t<button type=\"button\" class=\"fg-carousel-next\" title=\"Next\"><\/button>\n<\/div>\n<h2><span style=\"color: #800000;\">Zauj\u00edmav\u00e9 odkazy<\/span><\/h2>\n<h3><span style=\"color: #808000;\">Bl\u00edzke stredisko, turistick\u00e9 centrum, obec alebo mesto:<\/span><\/h3>\n<ul>\n<li>Mesto trebi\u0161ov (\u010d\u00edtaj viac&#8230;)<\/li>\n<\/ul>\n<h2><span style=\"color: #800000;\">Mapy<\/span><\/h2>\n<p><strong>Vrstvy: <\/strong>Turistick\u00e1 mapa, Automapa, Cyklomapa, Ly\u017eiarska mapa, Satelitn\u00e1 mapa a OpenStreetMap.<\/p>\n<p><strong>Kliknut\u00edm na logo &#8222;Freemap.sk&#8220; sa V\u00e1m mapa zobraz\u00ed na celej ploche obrazovky.<\/strong><\/p>\n<p><iframe style=\"width: 900px; height: 500px; border: 0;\" src=\"https:\/\/www.freemap.sk\/?map=14\/48.623172\/21.720649&amp;info-point=48.623172\/21.720649,Gr\u00e9ckokatol\u00edcky chr\u00e1m Zosnutia presv\u00e4tej Bohorodi\u010dky&amp;layers=X&amp;embed=search\" allowfullscreen=\"allowfullscreen\"><span data-mce-type=\"bookmark\" style=\"display: inline-block; width: 0px; overflow: hidden; line-height: 0;\" class=\"mce_SELRES_start\">\ufeff<\/span><\/iframe><\/p>\n<h2><span style=\"color: #800000;\">Po\u010dasie<\/span><\/h2>\n<p><iframe style=\"width: 900px; height: 618px;\" src=\"https:\/\/www.meteoblue.com\/sk\/po%C4%8Dasie\/widget\/three\/trebi%c5%a1ov_slovensko_723358?geoloc=fixed&amp;nocurrent=0&amp;noforecast=0&amp;days=7&amp;tempunit=CELSIUS&amp;windunit=KILOMETER_PER_HOUR&amp;layout=image\" frameborder=\"0\" scrolling=\"NO\" sandbox=\"allow-same-origin allow-scripts allow-popups allow-popups-to-escape-sandbox\"><\/iframe><\/p>\n<div><!-- DO NOT REMOVE THIS LINK --><a href=\"https:\/\/www.meteoblue.com\/sk\/po%C4%8Dasie\/t%C3%BD%C5%BEde%C5%88\/trebi%c5%a1ov_slovensko_723358?utm_source=weather_widget&amp;utm_medium=linkus&amp;utm_content=three&amp;utm_campaign=Weather%2BWidget\" target=\"_blank\" rel=\"noopener\">meteoblue<\/a><\/div>\n<p><strong>Zdroj info:<\/strong> <a href=\"https:\/\/www.trebisov.sk\/\" target=\"_blank\" rel=\"noopener\">https:\/\/www.trebisov.sk\/<\/a><\/p>\n","protected":false},"excerpt":{"rendered":"<p>Podkateg\u00f3ria: Lokaliz\u00e1cia: Doln\u00fd Zempl\u00edn Pre\u010do sa oplat\u00ed nav\u0161t\u00edvi\u0165 Gr\u00e9ckokatol\u00edcky chr\u00e1m Zosnutia presv\u00e4tej Bohorodi\u010dky v Trebi\u0161ove a spozna\u0165 jeho tajomstv\u00e1? Existuj\u00fa miesta, ktor\u00e9 na map\u00e1ch vyzeraj\u00fa len ako body, no v [&hellip;]<\/p>\n","protected":false},"author":1,"featured_media":42412,"parent":42266,"menu_order":0,"comment_status":"closed","ping_status":"closed","template":"","meta":{"_uag_custom_page_level_css":"","_monsterinsights_skip_tracking":false,"_monsterinsights_sitenote_active":false,"_monsterinsights_sitenote_note":"","_monsterinsights_sitenote_category":0,"footnotes":""},"class_list":["post-42265","page","type-page","status-publish","has-post-thumbnail","hentry"],"featured_image_src":"https:\/\/www.keturist.sk\/info\/wp-content\/uploads\/2021\/10\/Zosnutia-presvatej-Bohorodicky1.jpg","featured_image_src_square":"https:\/\/www.keturist.sk\/info\/wp-content\/uploads\/2021\/10\/Zosnutia-presvatej-Bohorodicky1.jpg","rbea_author_info":{"display_name":"admin","author_link":"https:\/\/www.keturist.sk\/info\/author\/admin\/"},"rbea_excerpt_info":"Podkateg\u00f3ria: Lokaliz\u00e1cia: Doln\u00fd Zempl\u00edn Pre\u010do sa oplat\u00ed nav\u0161t\u00edvi\u0165 Gr\u00e9ckokatol\u00edcky chr\u00e1m Zosnutia presv\u00e4tej Bohorodi\u010dky v Trebi\u0161ove a spozna\u0165 jeho tajomstv\u00e1? Existuj\u00fa miesta, ktor\u00e9 na map\u00e1ch vyzeraj\u00fa len ako body, no v [&hellip;]","uagb_featured_image_src":{"full":["https:\/\/www.keturist.sk\/info\/wp-content\/uploads\/2021\/10\/Zosnutia-presvatej-Bohorodicky1.jpg",1000,674,false],"thumbnail":["https:\/\/www.keturist.sk\/info\/wp-content\/uploads\/2021\/10\/Zosnutia-presvatej-Bohorodicky1-267x180.jpg",267,180,true],"medium":["https:\/\/www.keturist.sk\/info\/wp-content\/uploads\/2021\/10\/Zosnutia-presvatej-Bohorodicky1-800x539.jpg",800,539,true],"medium_large":["https:\/\/www.keturist.sk\/info\/wp-content\/uploads\/2021\/10\/Zosnutia-presvatej-Bohorodicky1-768x518.jpg",768,518,true],"large":["https:\/\/www.keturist.sk\/info\/wp-content\/uploads\/2021\/10\/Zosnutia-presvatej-Bohorodicky1.jpg",1000,674,false],"1536x1536":["https:\/\/www.keturist.sk\/info\/wp-content\/uploads\/2021\/10\/Zosnutia-presvatej-Bohorodicky1.jpg",1000,674,false],"2048x2048":["https:\/\/www.keturist.sk\/info\/wp-content\/uploads\/2021\/10\/Zosnutia-presvatej-Bohorodicky1.jpg",1000,674,false]},"uagb_author_info":{"display_name":"admin","author_link":"https:\/\/www.keturist.sk\/info\/author\/admin\/"},"uagb_comment_info":0,"uagb_excerpt":"Podkateg\u00f3ria: Lokaliz\u00e1cia: Doln\u00fd Zempl\u00edn Pre\u010do sa oplat\u00ed nav\u0161t\u00edvi\u0165 Gr\u00e9ckokatol\u00edcky chr\u00e1m Zosnutia presv\u00e4tej Bohorodi\u010dky v Trebi\u0161ove a spozna\u0165 jeho tajomstv\u00e1? Existuj\u00fa miesta, ktor\u00e9 na map\u00e1ch vyzeraj\u00fa len ako body, no v [&hellip;]","_links":{"self":[{"href":"https:\/\/www.keturist.sk\/info\/wp-json\/wp\/v2\/pages\/42265","targetHints":{"allow":["GET"]}}],"collection":[{"href":"https:\/\/www.keturist.sk\/info\/wp-json\/wp\/v2\/pages"}],"about":[{"href":"https:\/\/www.keturist.sk\/info\/wp-json\/wp\/v2\/types\/page"}],"author":[{"embeddable":true,"href":"https:\/\/www.keturist.sk\/info\/wp-json\/wp\/v2\/users\/1"}],"replies":[{"embeddable":true,"href":"https:\/\/www.keturist.sk\/info\/wp-json\/wp\/v2\/comments?post=42265"}],"version-history":[{"count":25,"href":"https:\/\/www.keturist.sk\/info\/wp-json\/wp\/v2\/pages\/42265\/revisions"}],"predecessor-version":[{"id":73921,"href":"https:\/\/www.keturist.sk\/info\/wp-json\/wp\/v2\/pages\/42265\/revisions\/73921"}],"up":[{"embeddable":true,"href":"https:\/\/www.keturist.sk\/info\/wp-json\/wp\/v2\/pages\/42266"}],"wp:featuredmedia":[{"embeddable":true,"href":"https:\/\/www.keturist.sk\/info\/wp-json\/wp\/v2\/media\/42412"}],"wp:attachment":[{"href":"https:\/\/www.keturist.sk\/info\/wp-json\/wp\/v2\/media?parent=42265"}],"curies":[{"name":"wp","href":"https:\/\/api.w.org\/{rel}","templated":true}]}}