{"id":41841,"date":"2021-09-11T08:00:51","date_gmt":"2021-09-11T06:00:51","guid":{"rendered":"https:\/\/www.keturist.sk\/info\/?page_id=41841"},"modified":"2026-01-28T08:51:28","modified_gmt":"2026-01-28T07:51:28","slug":"barokovo-klasicisticky-kastiel-rodu-staraj-sztaray-v-michalovciach","status":"publish","type":"page","link":"https:\/\/www.keturist.sk\/info\/barokovo-klasicisticky-kastiel-rodu-staraj-sztaray-v-michalovciach\/","title":{"rendered":"Ka\u0161tie\u013e v Michalovciach"},"content":{"rendered":"<a href=\"https:\/\/www.keturist.sk\/info\/\" class=\"su-button su-button-style-default\" style=\"color:#000000;background-color:#FFCF2F;border-color:#cca626;border-radius:5px\" target=\"_self\"><span style=\"color:#000000;padding:6px 16px;font-size:13px;line-height:20px;border-color:#ffde6e;border-radius:5px;text-shadow:none\"><i class=\"sui sui-arrow-right\" style=\"font-size:13px;color:#000000\"><\/i>  Spravodaj <\/span><\/a>\n<a href=\"https:\/\/www.keturist.sk\/info\/tipy-na-vylety\/\" class=\"su-button su-button-style-default\" style=\"color:#000000;background-color:#FFCF2F;border-color:#cca626;border-radius:5px\" target=\"_self\"><span style=\"color:#000000;padding:6px 16px;font-size:13px;line-height:20px;border-color:#ffde6e;border-radius:5px;text-shadow:none\"><i class=\"sui sui-arrow-right\" style=\"font-size:13px;color:#000000\"><\/i>  TIPY NA V\u00ddLETY <\/span><\/a>\n<a href=\"https:\/\/www.keturist.sk\/info\/kam-za-pamiatkami\/\" class=\"su-button su-button-style-default\" style=\"color:#000000;background-color:#FFCF2F;border-color:#cca626;border-radius:5px\" target=\"_self\"><span style=\"color:#000000;padding:6px 16px;font-size:13px;line-height:20px;border-color:#ffde6e;border-radius:5px;text-shadow:none\"><i class=\"sui sui-arrow-right\" style=\"font-size:13px;color:#000000\"><\/i>  Kam za pamiatkami <\/span><\/a>\n<a href=\"https:\/\/www.keturist.sk\/info\/kam-za-pamiatkami\/kam-za-pamiatkami-smer-zemplin\/\" class=\"su-button su-button-style-default\" style=\"color:#000000;background-color:#FFCF2F;border-color:#cca626;border-radius:5px\" target=\"_self\"><span style=\"color:#000000;padding:6px 16px;font-size:13px;line-height:20px;border-color:#ffde6e;border-radius:5px;text-shadow:none\"><i class=\"sui sui-arrow-right\" style=\"font-size:13px;color:#000000\"><\/i>  smer Doln\u00fd Zempl\u00edn <\/span><\/a>\n<div class=\"su-divider su-divider-style-default\" style=\"margin:15px 0;border-width:0px;border-color:#000000\"><\/div>\n<p><strong>Podkateg\u00f3ria: <\/strong> <a href=\"https:\/\/www.keturist.sk\/info\/kam-za-pamiatkami\/kam-za-pamiatkami-smer-zemplin\/hrady-a-kastiele\/\" class=\"su-button su-button-style-default\" style=\"color:#000000;background-color:#afd144;border-color:#8ca837;border-radius:5px\" target=\"_self\"><span style=\"color:#000000;padding:6px 16px;font-size:13px;line-height:20px;border-color:#c7df7d;border-radius:5px;text-shadow:none\"><i class=\"sui sui-arrow-right\" style=\"font-size:13px;color:#000000\"><\/i>  Hrady a ka\u0161tiele <\/span><\/a>\n<div class=\"su-divider su-divider-style-default\" style=\"margin:15px 0;border-width:0px;border-color:#000000\"><\/div>\n<p><strong>Lokaliz\u00e1cia: <\/strong> <a href=\"https:\/\/www.keturist.sk\/info\/vseobecne-informacie\/zemplin\/\">Doln\u00fd Zempl\u00edn<\/a><\/p>\n<div class=\"su-divider su-divider-style-default\" style=\"margin:15px 0;border-width:2px;border-color:#000000\"><\/div>\n<figure id=\"attachment_41845\" aria-describedby=\"caption-attachment-41845\" style=\"width: 900px\" class=\"wp-caption aligncenter\"><a href=\"https:\/\/www.keturist.sk\/info\/wp-content\/uploads\/2020\/05\/kastiel-michalovce1.jpg\"><img loading=\"lazy\" decoding=\"async\" class=\"wp-image-41845\" src=\"https:\/\/www.keturist.sk\/info\/wp-content\/uploads\/2020\/05\/kastiel-michalovce1-800x534.jpg\" alt=\"Barokovo-klasicistick\u00fd ka\u0161tie\u013e rodu St\u00e1raj (Szt\u00e1ray) v Michalovciach\" width=\"900\" height=\"600\" srcset=\"https:\/\/www.keturist.sk\/info\/wp-content\/uploads\/2020\/05\/kastiel-michalovce1-800x534.jpg 800w, https:\/\/www.keturist.sk\/info\/wp-content\/uploads\/2020\/05\/kastiel-michalovce1-270x180.jpg 270w, https:\/\/www.keturist.sk\/info\/wp-content\/uploads\/2020\/05\/kastiel-michalovce1-768x512.jpg 768w, https:\/\/www.keturist.sk\/info\/wp-content\/uploads\/2020\/05\/kastiel-michalovce1.jpg 1000w\" sizes=\"auto, (max-width: 900px) 100vw, 900px\" \/><\/a><figcaption id=\"caption-attachment-41845\" class=\"wp-caption-text\">Barokovo-klasicistick\u00fd ka\u0161tie\u013e v Michalovciach, Fotograf: Jozef Mare\u010dek (https:\/\/www.facebook.com\/jozef.marecek.94)<\/figcaption><\/figure>\n<div class=\"su-divider su-divider-style-default\" style=\"margin:15px 0;border-width:2px;border-color:#000000\"><\/div>\n<h2 class=\"text-text-100 mt-3 -mb-1 text-[1.375rem] font-bold\"><span style=\"color: #800000;\">\u010co v\u00e1s \u010dak\u00e1 v Ka\u0161tieli v Michalovciach?<\/span><\/h2>\n<p class=\"font-claude-response-body break-words whitespace-normal leading-[1.7]\"><strong>Predstavte si:<\/strong> Je rok 1780 a v sal\u00f3ne ka\u0161tie\u013ea pr\u00e1ve sed\u00ed bar\u00f3n <strong>Imrich St\u00e1raj<\/strong> (Imricha Szt\u00e1ray), ktor\u00e9ho portr\u00e9t dnes obdivujete v m\u00fazeu. Okolo neho sa prech\u00e1dzaj\u00fa sluhovia v honosn\u00fdch uniform\u00e1ch, z ved\u013eaj\u0161ej miestnosti po\u010du\u0165 smiech \u0161\u013eachtickej spolo\u010dnosti a z okien vidno jazdeck\u00e9 konsk\u00e9 v\u00fdcviky pri honosnej koniarni.<\/p>\n<p class=\"font-claude-response-body break-words whitespace-normal leading-[1.7]\">O storo\u010die nesk\u00f4r tu vyr\u00e1stli deti gr\u00f3fa Alexandra St\u00e1raja \u2013 M\u00e1ria, Anton, Michal a Magdal\u00e9na \u2013 ktor\u00e9 sa prech\u00e1dzali po t\u00fdch ist\u00fdch schodoch, po ktor\u00fdch dnes kr\u00e1\u010date aj vy. A ke\u010f sa poobzer\u00e1te okolo, uvedom\u00edte si, \u017ee t\u00e1to budova pre\u017eila gotick\u00fd hrad, barokov\u00e9 prestavby, klasicistick\u00e9 \u00fapravy i dramatick\u00e9 historick\u00e9 zmeny 20. storo\u010dia. Dnes v\u00e1s poz\u00fdva, aby ste sa stali s\u00fa\u010das\u0165ou jej pr\u00edbehu.<\/p>\n<p class=\"font-claude-response-body break-words whitespace-normal leading-[1.7]\"><strong>Ka\u0161tie\u013e v Michalovciach<\/strong> je barokovo-klasicistick\u00e1 \u0161\u013eachtick\u00e1 rezidencia rodu St\u00e1raj, ktor\u00e1 l\u00e1ka n\u00e1v\u0161tevn\u00edkov svojou bohatou hist\u00f3riou a architektonickou kr\u00e1sou. Tento historick\u00fd skvost s komplexom pri\u013eahl\u00fdch hospod\u00e1rskych budov je n\u00e1rodnou kult\u00farnou pamiatkou a dnes sl\u00fa\u017ei ako s\u00eddlo <strong>Zempl\u00ednskeho m\u00fazea<\/strong> s rozsiahlymi zbierkami dokumentuj\u00facimi pr\u00edrodu, hist\u00f3riu a kult\u00faru regi\u00f3nu.<\/p>\n<h2 class=\"text-text-100 mt-3 -mb-1 text-[1.125rem] font-bold\"><span style=\"color: #800000;\">Ak\u00e1 je hist\u00f3ria Ka\u0161tie\u013ea v Michalovciach?<\/span><\/h2>\n<p class=\"font-claude-response-body break-words whitespace-normal leading-[1.7]\"><strong>Ka\u0161tie\u013e v Michalovciach<\/strong> vznikol za\u010diatkom 17. storo\u010dia prebudovan\u00edm star\u0161ieho gotick\u00e9ho hradu. Prebudovan\u00fd bol \u0161\u013eachtickou rodinou B\u00e1nfiovcov (B\u00e1nffy), ktor\u00ed ho vlastnili do konca 17. storo\u010dia. Nov\u00fdmi majite\u013emi sa stali Sirmajovci (Szirmay), ktor\u00ed ho od B\u00e1nfiovcov dostali do z\u00e1lohy.<\/p>\n<p class=\"font-claude-response-body break-words whitespace-normal leading-[1.7]\">Rodina St\u00e1rajovcov ho z\u00edskala v druhej polovici 18. storo\u010dia po vyplaten\u00ed z\u00e1lohu Sirmajovcom. Presnej\u0161ie ho z\u00edskal bar\u00f3n Imrich St\u00e1raj (ma\u010f. Imre Szt\u00e1ray de Szt\u00e1ra et Nagymih\u00e1ly) (1698-1769), ktor\u00e9ho portr\u00e9t sa nach\u00e1dza v zbierkovom fonde m\u00fazea. Od t\u00fdch \u010dias sa stal ka\u0161tie\u013e s\u00eddlom \u0161\u013eachtickej rodiny St\u00e1rajovcov (Szt\u00e1rayovcov).<\/p>\n<h2 class=\"text-text-100 mt-3 -mb-1 text-[1.125rem] font-bold\"><span style=\"color: #800000;\">Ako sa menila architekt\u00fara ka\u0161tie\u013ea?<\/span><\/h2>\n<p class=\"font-claude-response-body break-words whitespace-normal leading-[1.7]\">V 18. storo\u010d\u00ed pre\u0161iel ka\u0161tie\u013e prestavbou a z\u00edskal <strong>barokov\u00fa podobu<\/strong>. Po\u010das tejto prestavby tu bolo pristavan\u00e9 prv\u00e9 poschodie i ve\u017ee k \u010delnej fas\u00e1de a zhotovili sa aj nov\u00e9 schodi\u0161tia.<\/p>\n<p class=\"font-claude-response-body break-words whitespace-normal leading-[1.7]\">V 30. rokoch 19. storo\u010dia pre\u0161iel ka\u0161tie\u013e <strong>klasicistickou prestavbou<\/strong>, kedy tu boli pristavan\u00e9 pr\u00edzemn\u00e9 bo\u010dn\u00e9 kr\u00eddla, \u010d\u00edm ka\u0161tie\u013e dostal p\u00f4dorys nepravideln\u00e9ho p\u00edsmena U. V bl\u00edzkosti ka\u0161tie\u013ea postavili objekt honosnej koniarne s bytmi pre slu\u017eobn\u00edctvo po stran\u00e1ch.<\/p>\n<h2 class=\"text-text-100 mt-3 -mb-1 text-[1.125rem] font-bold\"><span style=\"color: #800000;\">Kto boli posledn\u00ed majitelia ka\u0161tie\u013ea?<\/span><\/h2>\n<p class=\"font-claude-response-body break-words whitespace-normal leading-[1.7]\">Posledn\u00fdmi vlastn\u00edkmi ka\u0161tie\u013ea boli Alexander St\u00e1raj (S\u00e1ndor Szt\u00e1ray) (1862-1948) s man\u017eelkou Paul\u00ednou Ve\u010dejovou (Paulina Leontina V\u00e9csey) (1871-1931) a svojimi \u0161tyrmi de\u0165mi M\u00e1riou, Antonom, Michalom a Magdalenou. Gr\u00f3f so svojimi de\u0165mi tu b\u00fdvali a\u017e do roku 1944. N\u00e1sledne bol ka\u0161tie\u013e zn\u00e1rodnen\u00fd.<\/p>\n<h2 class=\"text-text-100 mt-3 -mb-1 text-[1.125rem] font-bold\"><span style=\"color: #800000;\">\u010co dnes n\u00e1jdete v Ka\u0161tieli v Michalovciach?<\/span><\/h2>\n<p class=\"font-claude-response-body break-words whitespace-normal leading-[1.7]\">Od roku 1957 je <strong>Ka\u0161tie\u013e v Michalovciach<\/strong> s\u00eddlom <strong>Zempl\u00ednskeho m\u00fazea<\/strong>. M\u00fazeum sa od svojho vzniku zameriava na v\u00fdskum a dokument\u00e1ciu pr\u00edrody, pravek\u00fdch a stredovek\u00fdch dej\u00edn, hist\u00f3rie, kult\u00fary a umenia regi\u00f3nu Zempl\u00edna. \u0160pecializuje sa na oblas\u0165 zool\u00f3gie stavovcov, pravek\u00fdch dej\u00edn, cirkevnej hist\u00f3rie, agr\u00e1rnej etnografie, v\u00fdtvarn\u00e9ho umenia a umeleck\u00fdch remesiel 19. \u2013 20. storo\u010dia.<\/p>\n<h2 class=\"text-text-100 mt-3 -mb-1 text-[1.125rem] font-bold\"><span style=\"color: #800000;\">\u010co je to star\u00fd ka\u0161tie\u013e v are\u00e1li?<\/span><\/h2>\n<p class=\"font-claude-response-body break-words whitespace-normal leading-[1.7]\">Neskororenesan\u010dn\u00e1 budova takzvan\u00e9ho <strong>star\u00e9ho ka\u0161tie\u013ea<\/strong>, ktor\u00e1 je situovan\u00e1 v parku, bola postaven\u00e1 v druhej polovici 16. storo\u010dia. P\u00f4vodne sl\u00fa\u017eila na obytn\u00e9 \u00fa\u010dely ako samostatn\u00fd ka\u0161tie\u013e, nesk\u00f4r sa za\u010dala vyu\u017e\u00edva\u0165 na hospod\u00e1rske \u00fa\u010dely.<\/p>\n<h2 class=\"text-text-100 mt-3 -mb-1 text-[1.125rem] font-bold\"><span style=\"color: #800000;\">Ak\u00e9 expoz\u00edcie pon\u00faka Zempl\u00ednske m\u00fazeum?<\/span><\/h2>\n<p class=\"font-claude-response-body break-words whitespace-normal leading-[1.7]\">Dnes tu s\u00eddli <strong>Zempl\u00ednske m\u00fazeum<\/strong> s expoz\u00edciami hist\u00f3rie, umeleckej hist\u00f3rie regi\u00f3nu a pr\u00edrodn\u00fdch pokladov Zempl\u00edna, s viac ako 70 000 zbierkov\u00fdmi predmetmi.<\/p>\n<h2 class=\"text-text-100 mt-3 -mb-1 text-[1.125rem] font-bold\"><span style=\"color: #800000;\">\u010co jedine\u010dn\u00e9 n\u00e1jdete v parku okolo ka\u0161tie\u013ea?<\/span><\/h2>\n<p class=\"font-claude-response-body break-words whitespace-normal leading-[1.7]\">Park okolo obsahuje najv\u00fdchodnej\u0161iu <strong>rotundu<\/strong> na Slovensku z \u010dias <strong>Ve\u013ekej Moravy<\/strong>.<\/p>\n<h2 class=\"text-text-100 mt-3 -mb-1 text-[1.125rem] font-bold\"><span style=\"color: #800000;\">Kde n\u00e1jdete Ka\u0161tie\u013e v Michalovciach a ako ho kontaktova\u0165?<\/span><\/h2>\n<p class=\"font-claude-response-body break-words whitespace-normal leading-[1.7]\"><strong>Kontakt:<\/strong> Zempl\u00ednsk\u00e9 m\u00fazeum<br \/>\nKostoln\u00e9 n\u00e1mestie 1,<br \/>\nMichalovce<\/p>\n<p class=\"font-claude-response-body break-words whitespace-normal leading-[1.7]\"><span style=\"color: #800000;\">Web:<\/span> <a class=\"underline underline underline-offset-2 decoration-1 decoration-current\/40 hover:decoration-current focus:decoration-current\" href=\"https:\/\/zemplinskemuzeum.sk\/\" target=\"_blank\" rel=\"noopener\">https:\/\/zemplinskemuzeum.sk\/<\/a><\/p>\n<h2><span style=\"color: #800000;\">Fotogal\u00e9ria<\/span><\/h2>\n<style type=\"text\/css\">\n#foogallery-gallery-73693 .fg-image { width: 200px; }<\/style>\n\t\t\t<div class=\"foogallery foogallery-container foogallery-carousel foogallery-lightbox-foogallery fg-carousel fg-ready fg-light fg-border-medium fg-round-small fg-shadow-medium fg-loading-default fg-loaded-fade-in fg-hover-semi-zoomed fg-hover-fade fg-hover-circle-plus2\" id=\"foogallery-gallery-73693\" data-foogallery=\"{&quot;item&quot;:{&quot;showCaptionTitle&quot;:true,&quot;showCaptionDescription&quot;:true},&quot;lazy&quot;:true,&quot;template&quot;:{&quot;maxItems&quot;:5,&quot;scale&quot;:0.11999999999999999555910790149937383830547332763671875,&quot;gutter&quot;:{&quot;min&quot;:-40,&quot;max&quot;:-20,&quot;unit&quot;:&quot;%&quot;},&quot;autoplay&quot;:{&quot;time&quot;:0,&quot;interaction&quot;:&quot;pause&quot;},&quot;centerOnClick&quot;:true,&quot;align&quot;:&quot;center&quot;,&quot;activePosition&quot;:&quot;center&quot;}}\" data-foogallery-lightbox=\"{&quot;thumbs&quot;:&quot;bottom&quot;,&quot;thumbsCaptions&quot;:false,&quot;thumbsBestFit&quot;:false,&quot;thumbsSmall&quot;:false,&quot;thumbsCaptionsAlign&quot;:&quot;default&quot;,&quot;info&quot;:&quot;bottom&quot;,&quot;infoVisible&quot;:true,&quot;infoOverlay&quot;:true,&quot;infoAlign&quot;:&quot;default&quot;,&quot;transition&quot;:&quot;fade&quot;,&quot;hoverButtons&quot;:false,&quot;fitMedia&quot;:false,&quot;noScrollbars&quot;:true,&quot;preserveButtonSpace&quot;:true,&quot;buttons&quot;:{&quot;fullscreen&quot;:true,&quot;info&quot;:true,&quot;thumbs&quot;:false},&quot;video&quot;:{&quot;autoPlay&quot;:true}}\" style=\"--fg-title-line-clamp: 1; --fg-description-line-clamp: 2;\" >\n\t<button type=\"button\" class=\"fg-carousel-prev\" title=\"Previous\"><\/button>\n\t<div class=\"fg-carousel-inner\">\n\t\t<div class=\"fg-carousel-center\"><\/div>\n\t\t<div class=\"fg-item fg-type-image fg-idle\"><figure class=\"fg-item-inner\"><a href=\"https:\/\/www.keturist.sk\/info\/wp-content\/uploads\/2020\/05\/kastiel-michalovce2.jpg\" data-caption-title=\"Barokovo-klasicistick\u00fd ka\u0161tie\u013e rodu St\u00e1raj (Szt\u00e1ray) v Michalovciach\" data-caption-desc=\"Barokovo-klasicistick\u00fd ka\u0161tie\u013e v Michalovciach, Fotograf: Jozef Mare\u010dek (https:\/\/www.facebook.com\/jozef.marecek.94)\" data-attachment-id=\"41846\" data-type=\"image\" class=\"fg-thumb\"><span class=\"fg-image-wrap\"><img decoding=\"async\" alt=\"Barokovo-klasicistick\u00fd ka\u0161tie\u013e rodu St\u00e1raj (Szt\u00e1ray) v Michalovciach\" title=\"Barokovo-klasicistick\u00fd ka\u0161tie\u013e rodu St\u00e1raj (Szt\u00e1ray) v Michalovciach\" width=\"200\" height=\"200\" class=\"skip-lazy fg-image\" data-src-fg=\"https:\/\/www.keturist.sk\/info\/wp-content\/uploads\/cache\/2020\/05\/kastiel-michalovce2\/2014196637.jpg\" src=\"data:image\/svg+xml,%3Csvg%20xmlns%3D%22http%3A%2F%2Fwww.w3.org%2F2000%2Fsvg%22%20width%3D%22200%22%20height%3D%22200%22%20viewBox%3D%220%200%20200%20200%22%3E%3C%2Fsvg%3E\" loading=\"eager\"><\/span><span class=\"fg-image-overlay\"><\/span><\/a><figcaption class=\"fg-caption\"><div class=\"fg-caption-inner\"><div class=\"fg-caption-title\">Barokovo-klasicistick\u00fd ka\u0161tie\u013e rodu St\u00e1raj (Szt\u00e1ray) v Michalovciach<\/div><div class=\"fg-caption-desc\">Barokovo-klasicistick\u00fd ka\u0161tie\u013e v Michalovciach, Fotograf: Jozef Mare\u010dek (https:\/\/www.facebook.com\/jozef.marecek.94)<\/div><\/div><\/figcaption><\/figure><div class=\"fg-loader\"><\/div><\/div><div class=\"fg-item fg-type-image fg-idle\"><figure class=\"fg-item-inner\"><a href=\"https:\/\/www.keturist.sk\/info\/wp-content\/uploads\/2020\/05\/kastiel-michalovce1.jpg\" data-caption-title=\"Barokovo-klasicistick\u00fd ka\u0161tie\u013e rodu St\u00e1raj (Szt\u00e1ray) v Michalovciach\" data-caption-desc=\"Barokovo-klasicistick\u00fd ka\u0161tie\u013e v Michalovciach, Fotograf: Jozef Mare\u010dek (https:\/\/www.facebook.com\/jozef.marecek.94)\" data-attachment-id=\"41845\" data-type=\"image\" class=\"fg-thumb\"><span class=\"fg-image-wrap\"><img decoding=\"async\" alt=\"Barokovo-klasicistick\u00fd ka\u0161tie\u013e rodu St\u00e1raj (Szt\u00e1ray) v Michalovciach\" title=\"Barokovo-klasicistick\u00fd ka\u0161tie\u013e rodu St\u00e1raj (Szt\u00e1ray) v Michalovciach\" width=\"200\" height=\"200\" class=\"skip-lazy fg-image\" data-src-fg=\"https:\/\/www.keturist.sk\/info\/wp-content\/uploads\/cache\/2020\/05\/kastiel-michalovce1\/464993259.jpg\" src=\"data:image\/svg+xml,%3Csvg%20xmlns%3D%22http%3A%2F%2Fwww.w3.org%2F2000%2Fsvg%22%20width%3D%22200%22%20height%3D%22200%22%20viewBox%3D%220%200%20200%20200%22%3E%3C%2Fsvg%3E\" loading=\"eager\"><\/span><span class=\"fg-image-overlay\"><\/span><\/a><figcaption class=\"fg-caption\"><div class=\"fg-caption-inner\"><div class=\"fg-caption-title\">Barokovo-klasicistick\u00fd ka\u0161tie\u013e rodu St\u00e1raj (Szt\u00e1ray) v Michalovciach<\/div><div class=\"fg-caption-desc\">Barokovo-klasicistick\u00fd ka\u0161tie\u013e v Michalovciach, Fotograf: Jozef Mare\u010dek (https:\/\/www.facebook.com\/jozef.marecek.94)<\/div><\/div><\/figcaption><\/figure><div class=\"fg-loader\"><\/div><\/div><div class=\"fg-item fg-type-image fg-idle\"><figure class=\"fg-item-inner\"><a href=\"https:\/\/www.keturist.sk\/info\/wp-content\/uploads\/2020\/05\/kastiel-michalovce-3.jpg\" data-caption-title=\"Barokovo-klasicistick\u00fd ka\u0161tie\u013e rodu St\u00e1raj (Szt\u00e1ray) v Michalovciach\" data-caption-desc=\"Barokovo-klasicistick\u00fd ka\u0161tie\u013e v Michalovciach, Fotograf: Jozef Mare\u010dek (https:\/\/www.facebook.com\/jozef.marecek.94)\" data-attachment-id=\"41844\" data-type=\"image\" class=\"fg-thumb\"><span class=\"fg-image-wrap\"><img decoding=\"async\" alt=\"Barokovo-klasicistick\u00fd ka\u0161tie\u013e rodu St\u00e1raj (Szt\u00e1ray) v Michalovciach\" title=\"Barokovo-klasicistick\u00fd ka\u0161tie\u013e rodu St\u00e1raj (Szt\u00e1ray) v Michalovciach\" width=\"200\" height=\"200\" class=\"skip-lazy fg-image\" data-src-fg=\"https:\/\/www.keturist.sk\/info\/wp-content\/uploads\/cache\/2020\/05\/kastiel-michalovce-3\/938145081.jpg\" src=\"data:image\/svg+xml,%3Csvg%20xmlns%3D%22http%3A%2F%2Fwww.w3.org%2F2000%2Fsvg%22%20width%3D%22200%22%20height%3D%22200%22%20viewBox%3D%220%200%20200%20200%22%3E%3C%2Fsvg%3E\" loading=\"eager\"><\/span><span class=\"fg-image-overlay\"><\/span><\/a><figcaption class=\"fg-caption\"><div class=\"fg-caption-inner\"><div class=\"fg-caption-title\">Barokovo-klasicistick\u00fd ka\u0161tie\u013e rodu St\u00e1raj (Szt\u00e1ray) v Michalovciach<\/div><div class=\"fg-caption-desc\">Barokovo-klasicistick\u00fd ka\u0161tie\u013e v Michalovciach, Fotograf: Jozef Mare\u010dek (https:\/\/www.facebook.com\/jozef.marecek.94)<\/div><\/div><\/figcaption><\/figure><div class=\"fg-loader\"><\/div><\/div>\t<\/div>\n\t<div class=\"fg-carousel-bottom\"><\/div>\n\t<div class=\"fg-carousel-progress\"><\/div>\n\t<button type=\"button\" class=\"fg-carousel-next\" title=\"Next\"><\/button>\n<\/div>\n<h2><span style=\"color: #800000;\">Zauj\u00edmav\u00e9 odkazy<\/span><\/h2>\n<h3><span style=\"color: #808000;\">Bl\u00edzke stredisko, turistick\u00e9 centrum, obec alebo mesto:<\/span><\/h3>\n<ul>\n<li>Obec Vinn\u00e9 (\u010d\u00edtaj viac&#8230;)<\/li>\n<\/ul>\n<h2><span style=\"color: #800000;\">Mapy<\/span><\/h2>\n<p><strong>Vrstvy: <\/strong>Turistick\u00e1 mapa, Automapa, Cyklomapa, Ly\u017eiarska mapa, Satelitn\u00e1 mapa a OpenStreetMap.<\/p>\n<p><strong>Kliknut\u00edm na logo &#8222;Freemap.sk&#8220; sa V\u00e1m mapa zobraz\u00ed na celej ploche obrazovky.<\/strong><\/p>\n<p><iframe style=\"width: 900px; height: 500px; border: 0;\" src=\"https:\/\/www.freemap.sk\/?map=14\/48.757967\/21.924739&amp;info-point=48.757967\/21.924739,Barokovo-klasicistick\u00fd ka\u0161tie\u013e v Michalovciach&amp;layers=X&amp;embed=search\" allowfullscreen=\"allowfullscreen\"><\/iframe><\/p>\n<h2><span style=\"color: #800000;\">Po\u010dasie<\/span><\/h2>\n<p><iframe style=\"width: 900px; height: 618px;\" src=\"https:\/\/www.meteoblue.com\/sk\/po%C4%8Dasie\/widget\/three\/michalovce_slovensko_724144?geoloc=fixed&amp;nocurrent=0&amp;noforecast=0&amp;days=7&amp;tempunit=CELSIUS&amp;windunit=KILOMETER_PER_HOUR&amp;layout=image\" frameborder=\"0\" scrolling=\"NO\" sandbox=\"allow-same-origin allow-scripts allow-popups allow-popups-to-escape-sandbox\"><\/iframe><\/p>\n<div><!-- DO NOT REMOVE THIS LINK --><a href=\"https:\/\/www.meteoblue.com\/sk\/po%C4%8Dasie\/t%C3%BD%C5%BEde%C5%88\/michalovce_slovensko_724144?utm_source=weather_widget&amp;utm_medium=linkus&amp;utm_content=three&amp;utm_campaign=Weather%2BWidget\" target=\"_blank\" rel=\"noopener\">meteoblue<\/a><\/div>\n","protected":false},"excerpt":{"rendered":"<p>Podkateg\u00f3ria: Lokaliz\u00e1cia: Doln\u00fd Zempl\u00edn \u010co v\u00e1s \u010dak\u00e1 v Ka\u0161tieli v Michalovciach? Predstavte si: Je rok 1780 a v sal\u00f3ne ka\u0161tie\u013ea pr\u00e1ve sed\u00ed bar\u00f3n Imrich St\u00e1raj (Imricha Szt\u00e1ray), ktor\u00e9ho portr\u00e9t dnes [&hellip;]<\/p>\n","protected":false},"author":1,"featured_media":41845,"parent":0,"menu_order":0,"comment_status":"closed","ping_status":"closed","template":"","meta":{"_uag_custom_page_level_css":"","_monsterinsights_skip_tracking":false,"_monsterinsights_sitenote_active":false,"_monsterinsights_sitenote_note":"","_monsterinsights_sitenote_category":0,"footnotes":""},"class_list":["post-41841","page","type-page","status-publish","has-post-thumbnail","hentry"],"featured_image_src":"https:\/\/www.keturist.sk\/info\/wp-content\/uploads\/2020\/05\/kastiel-michalovce1.jpg","featured_image_src_square":"https:\/\/www.keturist.sk\/info\/wp-content\/uploads\/2020\/05\/kastiel-michalovce1.jpg","rbea_author_info":{"display_name":"admin","author_link":"https:\/\/www.keturist.sk\/info\/author\/admin\/"},"rbea_excerpt_info":"Podkateg\u00f3ria: Lokaliz\u00e1cia: Doln\u00fd Zempl\u00edn \u010co v\u00e1s \u010dak\u00e1 v Ka\u0161tieli v Michalovciach? Predstavte si: Je rok 1780 a v sal\u00f3ne ka\u0161tie\u013ea pr\u00e1ve sed\u00ed bar\u00f3n Imrich St\u00e1raj (Imricha Szt\u00e1ray), ktor\u00e9ho portr\u00e9t dnes [&hellip;]","uagb_featured_image_src":{"full":["https:\/\/www.keturist.sk\/info\/wp-content\/uploads\/2020\/05\/kastiel-michalovce1.jpg",1000,667,false],"thumbnail":["https:\/\/www.keturist.sk\/info\/wp-content\/uploads\/2020\/05\/kastiel-michalovce1-270x180.jpg",270,180,true],"medium":["https:\/\/www.keturist.sk\/info\/wp-content\/uploads\/2020\/05\/kastiel-michalovce1-800x534.jpg",800,534,true],"medium_large":["https:\/\/www.keturist.sk\/info\/wp-content\/uploads\/2020\/05\/kastiel-michalovce1-768x512.jpg",768,512,true],"large":["https:\/\/www.keturist.sk\/info\/wp-content\/uploads\/2020\/05\/kastiel-michalovce1.jpg",1000,667,false],"1536x1536":["https:\/\/www.keturist.sk\/info\/wp-content\/uploads\/2020\/05\/kastiel-michalovce1.jpg",1000,667,false],"2048x2048":["https:\/\/www.keturist.sk\/info\/wp-content\/uploads\/2020\/05\/kastiel-michalovce1.jpg",1000,667,false]},"uagb_author_info":{"display_name":"admin","author_link":"https:\/\/www.keturist.sk\/info\/author\/admin\/"},"uagb_comment_info":0,"uagb_excerpt":"Podkateg\u00f3ria: Lokaliz\u00e1cia: Doln\u00fd Zempl\u00edn \u010co v\u00e1s \u010dak\u00e1 v Ka\u0161tieli v Michalovciach? Predstavte si: Je rok 1780 a v sal\u00f3ne ka\u0161tie\u013ea pr\u00e1ve sed\u00ed bar\u00f3n Imrich St\u00e1raj (Imricha Szt\u00e1ray), ktor\u00e9ho portr\u00e9t dnes [&hellip;]","_links":{"self":[{"href":"https:\/\/www.keturist.sk\/info\/wp-json\/wp\/v2\/pages\/41841","targetHints":{"allow":["GET"]}}],"collection":[{"href":"https:\/\/www.keturist.sk\/info\/wp-json\/wp\/v2\/pages"}],"about":[{"href":"https:\/\/www.keturist.sk\/info\/wp-json\/wp\/v2\/types\/page"}],"author":[{"embeddable":true,"href":"https:\/\/www.keturist.sk\/info\/wp-json\/wp\/v2\/users\/1"}],"replies":[{"embeddable":true,"href":"https:\/\/www.keturist.sk\/info\/wp-json\/wp\/v2\/comments?post=41841"}],"version-history":[{"count":20,"href":"https:\/\/www.keturist.sk\/info\/wp-json\/wp\/v2\/pages\/41841\/revisions"}],"predecessor-version":[{"id":73701,"href":"https:\/\/www.keturist.sk\/info\/wp-json\/wp\/v2\/pages\/41841\/revisions\/73701"}],"wp:featuredmedia":[{"embeddable":true,"href":"https:\/\/www.keturist.sk\/info\/wp-json\/wp\/v2\/media\/41845"}],"wp:attachment":[{"href":"https:\/\/www.keturist.sk\/info\/wp-json\/wp\/v2\/media?parent=41841"}],"curies":[{"name":"wp","href":"https:\/\/api.w.org\/{rel}","templated":true}]}}