{"id":40779,"date":"2021-07-21T15:55:21","date_gmt":"2021-07-21T13:55:21","guid":{"rendered":"https:\/\/www.keturist.sk\/info\/?page_id=40779"},"modified":"2021-07-22T06:22:09","modified_gmt":"2021-07-22T04:22:09","slug":"naucny-chodnik-vtacim-rajom","status":"publish","type":"page","link":"https:\/\/www.keturist.sk\/info\/tipy-na-vylety\/naucne-chodniky\/naucny-chodnik-vtacim-rajom\/","title":{"rendered":"N\u00e1u\u010dn\u00fd chodn\u00edk  &#8222;Vt\u00e1\u010d\u00edm rajom&#8220;"},"content":{"rendered":"<a href=\"https:\/\/www.keturist.sk\/info\/\" class=\"su-button su-button-style-default\" style=\"color:#000000;background-color:#FFCF2F;border-color:#cca626;border-radius:5px\" target=\"_self\"><span style=\"color:#000000;padding:6px 16px;font-size:13px;line-height:20px;border-color:#ffde6e;border-radius:5px;text-shadow:none\"><i class=\"sui sui-arrow-right\" style=\"font-size:13px;color:#000000\"><\/i>  Spravodaj <\/span><\/a><a href=\"https:\/\/www.keturist.sk\/info\/tipy-na-vylety\/\" class=\"su-button su-button-style-default\" style=\"color:#000000;background-color:#FFCF2F;border-color:#cca626;border-radius:5px\" target=\"_self\"><span style=\"color:#000000;padding:6px 16px;font-size:13px;line-height:20px;border-color:#ffde6e;border-radius:5px;text-shadow:none\"><i class=\"sui sui-arrow-right\" style=\"font-size:13px;color:#000000\"><\/i>  Tipy na v\u00fdlety <\/span><\/a>\n<div class=\"su-divider su-divider-style-default\" style=\"margin:15px 0;border-width:0px;border-color:#000000\"><\/div>\n<strong>Podkateg\u00f3ria: <\/strong> <a href=\"https:\/\/www.keturist.sk\/info\/aktivity\/naucne-chodniky\/\" class=\"su-button su-button-style-default\" style=\"color:#000000;background-color:#afd144;border-color:#8ca837;border-radius:5px\" target=\"_self\"><span style=\"color:#000000;padding:6px 16px;font-size:13px;line-height:20px;border-color:#c7df7d;border-radius:5px;text-shadow:none\"><i class=\"sui sui-arrow-right\" style=\"font-size:13px;color:#000000\"><\/i>  Nau\u010dn\u00e9 chodn\u00edky <\/span><\/a>\n<div class=\"su-divider su-divider-style-default\" style=\"margin:15px 0;border-width:0px;border-color:#000000\"><\/div>\n<strong>Lokaliz\u00e1cia: <\/strong>Doln\u00fd Zempl\u00edn<br \/>\n<div class=\"su-divider su-divider-style-default\" style=\"margin:15px 0;border-width:2px;border-color:#000000\"><\/div>\n<h3><span style=\"color: #808000;\">V\u0161eobecn\u00e9 inform\u00e1cie<\/span><\/h3>\n<p>N\u00e1u\u010dn\u00fd chodn\u00edk vt\u00e1\u010d\u00edm rajom je samoobslu\u017en\u00fd, l\u00edniov\u00fd, obojsmern\u00fd, pe\u0161\u00ed a celoro\u010dn\u00fd n\u00e1u\u010dn\u00fd chodn\u00edk (NCH) s pr\u00edrodovedn\u00fdm, ochran\u00e1rskym a historick\u00fdm zameran\u00edm.<\/p>\n<figure id=\"attachment_40712\" aria-describedby=\"caption-attachment-40712\" style=\"width: 800px\" class=\"wp-caption aligncenter\"><a href=\"https:\/\/www.keturist.sk\/info\/wp-content\/uploads\/2021\/07\/senne-rybniky3.jpg\"><img loading=\"lazy\" decoding=\"async\" class=\"wp-image-40712 size-medium\" src=\"https:\/\/www.keturist.sk\/info\/wp-content\/uploads\/2021\/07\/senne-rybniky3-800x534.jpg\" alt=\"\" width=\"800\" height=\"534\" srcset=\"https:\/\/www.keturist.sk\/info\/wp-content\/uploads\/2021\/07\/senne-rybniky3-800x534.jpg 800w, https:\/\/www.keturist.sk\/info\/wp-content\/uploads\/2021\/07\/senne-rybniky3-270x180.jpg 270w, https:\/\/www.keturist.sk\/info\/wp-content\/uploads\/2021\/07\/senne-rybniky3-768x512.jpg 768w, https:\/\/www.keturist.sk\/info\/wp-content\/uploads\/2021\/07\/senne-rybniky3.jpg 1000w\" sizes=\"auto, (max-width: 800px) 100vw, 800px\" \/><\/a><figcaption id=\"caption-attachment-40712\" class=\"wp-caption-text\">Senianske rybn\u00edky, Fotograf: Jozef Mare\u010dek (https:\/\/www.facebook.com\/jozef.marecek.94)<\/figcaption><\/figure>\n<p>N\u00e1u\u010dn\u00fd chodn\u00edk je s\u00fa\u010das\u0165ou N\u00e1rodnej pr\u00edrodnej rezerv\u00e1cie Senianske rybn\u00edky.<\/p>\n<p><a href=\"https:\/\/www.keturist.sk\/info\/kam-do-prirody\/kam-do-prirody-smer-zemplin\/vodopady-jazierka-rieky\/senianske-rybniky\/\">Senianske rybn\u00edky<\/a> (naz\u00fdvan\u00e9 aj ako Senn\u00e9 rybn\u00edky alebo Rybni\u010dn\u00e1 s\u00fastava Senn\u00e9-I\u0148a\u010dovce) s\u00fa s\u00fastavou rybn\u00edkov r\u00f4znej ve\u013ekosti o rozlohe pribli\u017ene 750ha.<\/p>\n<figure id=\"attachment_40711\" aria-describedby=\"caption-attachment-40711\" style=\"width: 800px\" class=\"wp-caption aligncenter\"><a href=\"https:\/\/www.keturist.sk\/info\/wp-content\/uploads\/2021\/07\/senne-rybniky2.jpg\"><img loading=\"lazy\" decoding=\"async\" class=\"wp-image-40711 size-medium\" src=\"https:\/\/www.keturist.sk\/info\/wp-content\/uploads\/2021\/07\/senne-rybniky2-800x534.jpg\" alt=\"\" width=\"800\" height=\"534\" srcset=\"https:\/\/www.keturist.sk\/info\/wp-content\/uploads\/2021\/07\/senne-rybniky2-800x534.jpg 800w, https:\/\/www.keturist.sk\/info\/wp-content\/uploads\/2021\/07\/senne-rybniky2-270x180.jpg 270w, https:\/\/www.keturist.sk\/info\/wp-content\/uploads\/2021\/07\/senne-rybniky2-768x512.jpg 768w, https:\/\/www.keturist.sk\/info\/wp-content\/uploads\/2021\/07\/senne-rybniky2.jpg 1000w\" sizes=\"auto, (max-width: 800px) 100vw, 800px\" \/><\/a><figcaption id=\"caption-attachment-40711\" class=\"wp-caption-text\">Senianske rybn\u00edky, Fotograf: Jozef Mare\u010dek (https:\/\/www.facebook.com\/jozef.marecek.94)<\/figcaption><\/figure>\n<p>Celkov\u00e1 d\u013a\u017eka nau\u010dn\u00e9ho chodn\u00edka je pribli\u017ene 17km a m\u00e1 desa\u0165 informa\u010dn\u00fdch panelov.<\/p>\n<p>Ornitologicky zameran\u00fd n\u00e1u\u010dn\u00fd chodn\u00edk sp\u00e1ja \u0161tyri obce v okol\u00ed <a href=\"https:\/\/www.keturist.sk\/info\/kam-do-prirody\/kam-do-prirody-smer-zemplin\/vodopady-jazierka-rieky\/senianske-rybniky\/\">Seniansk\u00fdch rybn\u00edkov<\/a>.<\/p>\n<p>Spom\u00ednan\u00e9 rybn\u00edky sa nach\u00e1dzaj\u00fa medzi obcami Senn\u00e9, Ina\u010dovce, Blatn\u00e9 Remety a Blatn\u00e1 Polianka v nadmorskej v\u00fd\u0161ke 92 \u2013 105 m n.m.<\/p>\n<p>Medzi spom\u00ednan\u00fdmi obcami sa nach\u00e1dza takzvan\u00e1 Senianska depresia.<\/p>\n<figure id=\"attachment_40715\" aria-describedby=\"caption-attachment-40715\" style=\"width: 800px\" class=\"wp-caption aligncenter\"><a href=\"https:\/\/www.keturist.sk\/info\/wp-content\/uploads\/2021\/07\/senne-rybniky7.jpg\"><img loading=\"lazy\" decoding=\"async\" class=\"wp-image-40715 size-medium\" src=\"https:\/\/www.keturist.sk\/info\/wp-content\/uploads\/2021\/07\/senne-rybniky7-800x534.jpg\" alt=\"\" width=\"800\" height=\"534\" srcset=\"https:\/\/www.keturist.sk\/info\/wp-content\/uploads\/2021\/07\/senne-rybniky7-800x534.jpg 800w, https:\/\/www.keturist.sk\/info\/wp-content\/uploads\/2021\/07\/senne-rybniky7-270x180.jpg 270w, https:\/\/www.keturist.sk\/info\/wp-content\/uploads\/2021\/07\/senne-rybniky7-768x513.jpg 768w, https:\/\/www.keturist.sk\/info\/wp-content\/uploads\/2021\/07\/senne-rybniky7.jpg 1000w\" sizes=\"auto, (max-width: 800px) 100vw, 800px\" \/><\/a><figcaption id=\"caption-attachment-40715\" class=\"wp-caption-text\">Senianske rybn\u00edky, Fotograf: Jozef Mare\u010dek (https:\/\/www.facebook.com\/jozef.marecek.94)<\/figcaption><\/figure>\n<p>Senianska depresia je zn\u00ed\u017eenina, ktor\u00e1 bola po st\u00e1ro\u010dia podm\u00e1\u010dan\u00e1 a mo\u010darist\u00e1.<\/p>\n<p>Senianske rybn\u00edky pozost\u00e1vaj\u00fa s hospod\u00e1rskych rybn\u00edkov a n\u00e1rodnej pr\u00edrodnej rezerv\u00e1cie.<\/p>\n<p>Spolu s okolit\u00fdmi l\u00fakami tvoria lokalitu o rozlohe pribli\u017ene\u00a01500 ha.<\/p>\n<p>S\u00fa\u010das\u0165ou rybn\u00edkov s\u00fa aj pribli\u017ene 10 metrov vysok\u00e9 dreven\u00e9 rozh\u013eadne (Ostrovik, Avescentrum, Pozorovate\u013e\u0148a vt\u00e1ctva I, Pozorovate\u013e\u0148a vt\u00e1ctva II a pozorovate\u013e\u0148a vt\u00e1ctva Sirmajky), ktor\u00e9 boli postaven\u00e9 v roku 2010.<\/p>\n<p>Toto \u00fazemie je v\u00fdznamn\u00e9 hniezdisko pre vodn\u00e9 a pri vode \u017eij\u00face vt\u00e1ky.<\/p>\n<p>Hniezdi tu vy\u0161e 50 druhov vt\u00e1ctva a zdr\u017eiava sa tu pribli\u017ene a\u017e 150 druhov vt\u00e1ctva.<\/p>\n<p>V lokalite Ostrov\u00edk zachovan\u00fdch viacero mal\u00fdch vodn\u00fdch pl\u00f4ch s bujnou veget\u00e1ciou a mokr\u00e1 l\u00faka.<\/p>\n<p>Mokr\u00e9 l\u00faky s\u00fa l\u00faky s nadbytkom vlahy alebo vysokou hladinou podzemnej vody.<\/p>\n<p>Chodn\u00edk tu vedie nad mo\u010darinou na dreven\u00fdch dosk\u00e1ch.<\/p>\n<p>S\u00fa\u010das\u0165ou lokality s\u00fa aj vahadlov\u00e9 studne, ktor\u00e9 kedysi sl\u00fa\u017eili na nap\u00e1janie dobytka.<\/p>\n<p>Jednou z nich je aj pribli\u017ene sto rokov star\u00e1 I\u0148a\u010dovsk\u00e1 stud\u0148a, ktor\u00e1 bola vyhl\u00e1sen\u00e1 za Obecn\u00fa pamiatku.<\/p>\n<p>Druhou je Karpatsk\u00e1 vahadlov\u00e1 stud\u0148a, ktor\u00fa tu obnovili v roku 2017.<\/p>\n<p>Spom\u00ednan\u00fd n\u00e1u\u010dn\u00fd chodn\u00edk prech\u00e1dza popri neskororenesan\u010dnom ka\u0161tieli v obci Senn\u00e9.<\/p>\n<h3><span style=\"color: #808000;\">Zoznam informa\u010dn\u00fdch panelov:<\/span><\/h3>\n<p>1.) Hist\u00f3ria obce I\u0148a\u010dovce<br \/>\n2.) Ve\u013ek\u00e1 mapa \u00fazemia<br \/>\n3.) Zrekon\u0161truovan\u00e1 vahadlov\u00e1 stud\u0148a<br \/>\n4.) Hist\u00f3ria pastierstva v kraji<br \/>\n5.) Vyhliadkov\u00e1 ve\u017ea<br \/>\n6.) Druhy vt\u00e1ctva v lokalite<br \/>\n7.) Hist\u00f3ria ryb\u00e1rstva v kraji<br \/>\n8.) Pr\u00ednos ve\u013ek\u00fdch l\u00fak pre pr\u00edrodu a \u013eud\u00ed<br \/>\n9.) Historick\u00fd ka\u0161tie\u013e Senn\u00e9<br \/>\n10.) Obec Senn\u00e9<\/p>\n<h3><span style=\"color: #808000;\">Bl\u00edzke stredisko, turistick\u00e9 centrum, obec alebo mesto:<\/span><\/h3>\n<ul>\n<li>Obec Senn\u00e9 (\u010d\u00edtaj viac&#8230;)<\/li>\n<\/ul>\n<h3><span style=\"color: #808000;\">Mapy<\/span><\/h3>\n<p><strong>Vrstvy: <\/strong>Turistick\u00e1 mapa, Automapa, Cyklomapa, Ly\u017eiarska mapa, Satelitn\u00e1 mapa a OpenStreetMap.<\/p>\n<p><strong>Kliknut\u00edm na logo &#8222;Freemap.sk&#8220; sa V\u00e1m mapa zobraz\u00ed na celej ploche obrazovky.<\/strong><\/p>\n<p><iframe style=\"width: 805px; height: 617px;\" src=\"https:\/\/www.freemap.sk\/?map=14\/48.685068\/22.065268&amp;info-point=48.685068\/22.065268,Senianske rybn\u00edky&amp;layers=X&amp;embed=search\" allowfullscreen=\"allowfullscreen\"><\/iframe><\/p>\n<div>\n<h3><span style=\"color: #808000;\">Po\u010dasie<\/span><\/h3>\n<p><iframe style=\"width: 805px; height: 617px;\" src=\"https:\/\/www.meteoblue.com\/sk\/po%C4%8Dasie\/widget\/three\/senn%c3%a9_slovensko_723625?geoloc=fixed&amp;nocurrent=0&amp;noforecast=0&amp;days=7&amp;tempunit=CELSIUS&amp;windunit=KILOMETER_PER_HOUR&amp;layout=image\" frameborder=\"0\" scrolling=\"NO\" sandbox=\"allow-same-origin allow-scripts allow-popups allow-popups-to-escape-sandbox\"><\/iframe><\/p>\n<div><!-- DO NOT REMOVE THIS LINK --><a href=\"https:\/\/www.meteoblue.com\/sk\/po%C4%8Dasie\/t%C3%BD%C5%BEde%C5%88\/senn%c3%a9_slovensko_723625?utm_source=weather_widget&amp;utm_medium=linkus&amp;utm_content=three&amp;utm_campaign=Weather%2BWidget\" target=\"_blank\" rel=\"noopener\">meteoblue<\/a><\/div>\n<\/div>\n","protected":false},"excerpt":{"rendered":"<p>Podkateg\u00f3ria: Lokaliz\u00e1cia: Doln\u00fd Zempl\u00edn V\u0161eobecn\u00e9 inform\u00e1cie N\u00e1u\u010dn\u00fd chodn\u00edk vt\u00e1\u010d\u00edm rajom je samoobslu\u017en\u00fd, l\u00edniov\u00fd, obojsmern\u00fd, pe\u0161\u00ed a celoro\u010dn\u00fd n\u00e1u\u010dn\u00fd chodn\u00edk (NCH) s pr\u00edrodovedn\u00fdm, ochran\u00e1rskym a historick\u00fdm zameran\u00edm. N\u00e1u\u010dn\u00fd chodn\u00edk je s\u00fa\u010das\u0165ou [&hellip;]<\/p>\n","protected":false},"author":1,"featured_media":0,"parent":40742,"menu_order":0,"comment_status":"closed","ping_status":"closed","template":"","meta":{"_uag_custom_page_level_css":"","_monsterinsights_skip_tracking":false,"_monsterinsights_sitenote_active":false,"_monsterinsights_sitenote_note":"","_monsterinsights_sitenote_category":0,"footnotes":""},"class_list":["post-40779","page","type-page","status-publish","hentry"],"featured_image_src":"","featured_image_src_square":false,"rbea_author_info":{"display_name":"admin","author_link":"https:\/\/www.keturist.sk\/info\/author\/admin\/"},"rbea_excerpt_info":"Podkateg\u00f3ria: Lokaliz\u00e1cia: Doln\u00fd Zempl\u00edn V\u0161eobecn\u00e9 inform\u00e1cie N\u00e1u\u010dn\u00fd chodn\u00edk vt\u00e1\u010d\u00edm rajom je samoobslu\u017en\u00fd, l\u00edniov\u00fd, obojsmern\u00fd, pe\u0161\u00ed a celoro\u010dn\u00fd n\u00e1u\u010dn\u00fd chodn\u00edk (NCH) s pr\u00edrodovedn\u00fdm, ochran\u00e1rskym a historick\u00fdm zameran\u00edm. N\u00e1u\u010dn\u00fd chodn\u00edk je s\u00fa\u010das\u0165ou [&hellip;]","uagb_featured_image_src":{"full":false,"thumbnail":false,"medium":false,"medium_large":false,"large":false,"1536x1536":false,"2048x2048":false},"uagb_author_info":{"display_name":"admin","author_link":"https:\/\/www.keturist.sk\/info\/author\/admin\/"},"uagb_comment_info":0,"uagb_excerpt":"Podkateg\u00f3ria: Lokaliz\u00e1cia: Doln\u00fd Zempl\u00edn V\u0161eobecn\u00e9 inform\u00e1cie N\u00e1u\u010dn\u00fd chodn\u00edk vt\u00e1\u010d\u00edm rajom je samoobslu\u017en\u00fd, l\u00edniov\u00fd, obojsmern\u00fd, pe\u0161\u00ed a celoro\u010dn\u00fd n\u00e1u\u010dn\u00fd chodn\u00edk (NCH) s pr\u00edrodovedn\u00fdm, ochran\u00e1rskym a historick\u00fdm zameran\u00edm. N\u00e1u\u010dn\u00fd chodn\u00edk je s\u00fa\u010das\u0165ou [&hellip;]","_links":{"self":[{"href":"https:\/\/www.keturist.sk\/info\/wp-json\/wp\/v2\/pages\/40779","targetHints":{"allow":["GET"]}}],"collection":[{"href":"https:\/\/www.keturist.sk\/info\/wp-json\/wp\/v2\/pages"}],"about":[{"href":"https:\/\/www.keturist.sk\/info\/wp-json\/wp\/v2\/types\/page"}],"author":[{"embeddable":true,"href":"https:\/\/www.keturist.sk\/info\/wp-json\/wp\/v2\/users\/1"}],"replies":[{"embeddable":true,"href":"https:\/\/www.keturist.sk\/info\/wp-json\/wp\/v2\/comments?post=40779"}],"version-history":[{"count":17,"href":"https:\/\/www.keturist.sk\/info\/wp-json\/wp\/v2\/pages\/40779\/revisions"}],"predecessor-version":[{"id":40811,"href":"https:\/\/www.keturist.sk\/info\/wp-json\/wp\/v2\/pages\/40779\/revisions\/40811"}],"up":[{"embeddable":true,"href":"https:\/\/www.keturist.sk\/info\/wp-json\/wp\/v2\/pages\/40742"}],"wp:attachment":[{"href":"https:\/\/www.keturist.sk\/info\/wp-json\/wp\/v2\/media?parent=40779"}],"curies":[{"name":"wp","href":"https:\/\/api.w.org\/{rel}","templated":true}]}}