{"id":40655,"date":"2021-07-20T06:28:32","date_gmt":"2021-07-20T04:28:32","guid":{"rendered":"https:\/\/www.keturist.sk\/info\/?page_id=40655"},"modified":"2026-01-21T17:56:33","modified_gmt":"2026-01-21T16:56:33","slug":"neskororenesancny-kastiel-v-obci-senne","status":"publish","type":"page","link":"https:\/\/www.keturist.sk\/info\/kam-za-pamiatkami\/kam-za-pamiatkami-smer-zemplin\/neskororenesancny-kastiel-v-obci-senne\/","title":{"rendered":"Neskororenesan\u010dn\u00fd ka\u0161tie\u013e v obci Senn\u00e9"},"content":{"rendered":"<a href=\"https:\/\/www.keturist.sk\/info\/\" class=\"su-button su-button-style-default\" style=\"color:#000000;background-color:#FFCF2F;border-color:#cca626;border-radius:5px\" target=\"_self\"><span style=\"color:#000000;padding:6px 16px;font-size:13px;line-height:20px;border-color:#ffde6e;border-radius:5px;text-shadow:none\"><i class=\"sui sui-arrow-right\" style=\"font-size:13px;color:#000000\"><\/i>  Spravodaj <\/span><\/a>\n<a href=\"https:\/\/www.keturist.sk\/info\/tipy-na-vylety\/\" class=\"su-button su-button-style-default\" style=\"color:#000000;background-color:#FFCF2F;border-color:#cca626;border-radius:5px\" target=\"_self\"><span style=\"color:#000000;padding:6px 16px;font-size:13px;line-height:20px;border-color:#ffde6e;border-radius:5px;text-shadow:none\"><i class=\"sui sui-arrow-right\" style=\"font-size:13px;color:#000000\"><\/i>  TIPY NA V\u00ddLETY <\/span><\/a>\n<a href=\"https:\/\/www.keturist.sk\/info\/kam-za-pamiatkami\/\" class=\"su-button su-button-style-default\" style=\"color:#000000;background-color:#FFCF2F;border-color:#cca626;border-radius:5px\" target=\"_self\"><span style=\"color:#000000;padding:6px 16px;font-size:13px;line-height:20px;border-color:#ffde6e;border-radius:5px;text-shadow:none\"><i class=\"sui sui-arrow-right\" style=\"font-size:13px;color:#000000\"><\/i>  Kam za pamiatkami <\/span><\/a>\n<a href=\"https:\/\/www.keturist.sk\/info\/kam-za-pamiatkami\/kam-za-pamiatkami-smer-zemplin\/\" class=\"su-button su-button-style-default\" style=\"color:#000000;background-color:#FFCF2F;border-color:#cca626;border-radius:5px\" target=\"_self\"><span style=\"color:#000000;padding:6px 16px;font-size:13px;line-height:20px;border-color:#ffde6e;border-radius:5px;text-shadow:none\"><i class=\"sui sui-arrow-right\" style=\"font-size:13px;color:#000000\"><\/i>  smer Doln\u00fd Zempl\u00edn <\/span><\/a>\n<div class=\"su-divider su-divider-style-default\" style=\"margin:15px 0;border-width:0px;border-color:#000000\"><\/div>\n<p><strong>Podkateg\u00f3ria: <\/strong> <a href=\"https:\/\/www.keturist.sk\/info\/kam-za-pamiatkami\/kam-za-pamiatkami-smer-zemplin\/hrady-a-kastiele\/\" class=\"su-button su-button-style-default\" style=\"color:#000000;background-color:#afd144;border-color:#8ca837;border-radius:5px\" target=\"_self\"><span style=\"color:#000000;padding:6px 16px;font-size:13px;line-height:20px;border-color:#c7df7d;border-radius:5px;text-shadow:none\"><i class=\"sui sui-arrow-right\" style=\"font-size:13px;color:#000000\"><\/i>  Hrady a ka\u0161tiele <\/span><\/a>\n<div class=\"su-divider su-divider-style-default\" style=\"margin:15px 0;border-width:0px;border-color:#000000\"><\/div>\n<p><strong>Lokaliz\u00e1cia: <\/strong> <a href=\"https:\/\/www.keturist.sk\/info\/vseobecne-informacie\/zemplin\/\">Doln\u00fd Zempl\u00edn<\/a><\/p>\n<div class=\"su-divider su-divider-style-default\" style=\"margin:15px 0;border-width:2px;border-color:#000000\"><\/div>\n<figure id=\"attachment_40674\" aria-describedby=\"caption-attachment-40674\" style=\"width: 900px\" class=\"wp-caption aligncenter\"><a href=\"https:\/\/www.keturist.sk\/info\/wp-content\/uploads\/2020\/05\/senne.jpg\"><img loading=\"lazy\" decoding=\"async\" class=\"wp-image-40674\" src=\"https:\/\/www.keturist.sk\/info\/wp-content\/uploads\/2020\/05\/senne-800x534.jpg\" alt=\"Neskororenesan\u010dn\u00fd ka\u0161tie\u013e v obci Senn\u00e9\" width=\"900\" height=\"600\" srcset=\"https:\/\/www.keturist.sk\/info\/wp-content\/uploads\/2020\/05\/senne-800x534.jpg 800w, https:\/\/www.keturist.sk\/info\/wp-content\/uploads\/2020\/05\/senne-270x180.jpg 270w, https:\/\/www.keturist.sk\/info\/wp-content\/uploads\/2020\/05\/senne-768x512.jpg 768w, https:\/\/www.keturist.sk\/info\/wp-content\/uploads\/2020\/05\/senne.jpg 1000w\" sizes=\"auto, (max-width: 900px) 100vw, 900px\" \/><\/a><figcaption id=\"caption-attachment-40674\" class=\"wp-caption-text\">Neskororenesan\u010dn\u00fd ka\u0161tie\u013e v obci Senn\u00e9, Fotograf: Jozef Mare\u010dek (https:\/\/www.facebook.com\/jozef.marecek.94)<\/figcaption><\/figure>\n<div class=\"su-divider su-divider-style-default\" style=\"margin:15px 0;border-width:2px;border-color:#000000\"><\/div>\n<h2 data-start=\"0\" data-end=\"46\"><span style=\"color: #800000;\"><strong data-start=\"4\" data-end=\"46\">Ka\u0161tie\u013e Senn\u00e9 \u2013 br\u00e1na do vt\u00e1\u010dieho raja<\/strong><\/span><\/h2>\n<p data-start=\"48\" data-end=\"437\">Na okraji tich\u00e9ho <strong data-start=\"66\" data-end=\"89\">krajin\u00e1rskeho parku<\/strong> v obci <strong data-start=\"97\" data-end=\"106\">Senn\u00e9<\/strong> stoj\u00ed nen\u00e1padn\u00fd, no v\u00fdnimo\u010dn\u00fd <strong data-start=\"137\" data-end=\"148\">ka\u0161tie\u013e<\/strong>, ktor\u00e9ho m\u00fary si pam\u00e4taj\u00fa \u0161\u013eachtu, po\u013eovn\u00edcke sl\u00e1vnosti aj dramatick\u00e9 zvraty dej\u00edn. Tento <strong data-start=\"239\" data-end=\"268\">neskororenesan\u010dn\u00fd ka\u0161tie\u013e<\/strong> bol postaven\u00fd v <strong data-start=\"285\" data-end=\"316\">prvej polovici 17. storo\u010dia<\/strong> na z\u00e1kladoch star\u0161ej <strong data-start=\"338\" data-end=\"363\">k\u00farie zo 16. storo\u010dia<\/strong> a dodnes p\u00f4sob\u00ed pevne a pokojne \u2013 s m\u00farmi hrub\u00fdmi takmer <strong data-start=\"421\" data-end=\"436\">jeden meter<\/strong>.<\/p>\n<p data-start=\"439\" data-end=\"829\">Dvojpodla\u017en\u00e1 budova s <strong data-start=\"461\" data-end=\"487\">obd\u013a\u017enikov\u00fdm p\u00f4dorysom<\/strong> je doplnen\u00e1 v\u00fdraznou <strong data-start=\"509\" data-end=\"534\">trojposchodovou ve\u017eou<\/strong>, ktorej vstup zdob\u00ed <strong data-start=\"555\" data-end=\"580\">rokokov\u00e1 kovan\u00e1 mre\u017ea<\/strong> z 18. storo\u010dia. V interi\u00e9ri n\u00e1v\u0161tevn\u00edka o\u010daria <strong data-start=\"628\" data-end=\"646\">kr\u00ed\u017eov\u00e9 klenby<\/strong>, <strong data-start=\"648\" data-end=\"667\">vstavan\u00e9 skrine<\/strong> a <strong data-start=\"670\" data-end=\"713\">klasicistick\u00e9 pece s reli\u00e9fnou v\u00fdzdobou<\/strong>, ktor\u00e9 pripom\u00ednaj\u00fa \u010dasy, ke\u010f ka\u0161tie\u013e sl\u00fa\u017eil \u0161\u013eachtick\u00fdm rodom <strong data-start=\"776\" data-end=\"806\">V\u00e9cseyovcov a Szt\u00e1rayovcov<\/strong> ako <strong data-start=\"811\" data-end=\"828\">loveck\u00e9 s\u00eddlo<\/strong>.<\/p>\n<p data-start=\"831\" data-end=\"1047\">Po <strong data-start=\"834\" data-end=\"860\">zn\u00e1rodnen\u00ed v roku 1945<\/strong> sa jeho osud zmenil \u2013 bol <strong data-start=\"887\" data-end=\"919\">\u0161k\u00f4lkou, \u0161kolou aj ubytov\u0148ou<\/strong>. Po roku <strong data-start=\"929\" data-end=\"937\">1989<\/strong> za\u010dal ch\u00e1tra\u0165 a hrozilo mu zr\u00fatenie. N\u00e1dej v\u0161ak pri\u0161la v roku <strong data-start=\"1000\" data-end=\"1008\">2011<\/strong>, ke\u010f sa za\u010dala jeho <strong data-start=\"1029\" data-end=\"1046\">rekon\u0161trukcia<\/strong>.<\/p>\n<p data-start=\"1049\" data-end=\"1322\">Dnes je ka\u0161tie\u013e <strong data-start=\"1065\" data-end=\"1132\">vstupnou br\u00e1nou do Chr\u00e1nen\u00e9ho vt\u00e1\u010dieho \u00fazemia Senianske rybn\u00edky<\/strong> \u2013 jedn\u00e9ho z najv\u00fdznamnej\u0161\u00edch \u00fato\u010d\u00edsk vt\u00e1ctva na Slovensku. Popri \u0148om vedie n\u00e1u\u010dn\u00fd chodn\u00edk <strong data-start=\"1223\" data-end=\"1241\">\u201eVt\u00e1\u010d\u00edm rajom\u201c<\/strong> s d\u013a\u017ekou pribli\u017ene <strong data-start=\"1261\" data-end=\"1270\">17 km<\/strong>, ktor\u00fd sp\u00e1ja <strong data-start=\"1284\" data-end=\"1321\">hist\u00f3riu, pr\u00edrodu a ticho mokrad\u00ed<\/strong>.<\/p>\n<p data-start=\"1324\" data-end=\"1462\" data-is-last-node=\"\" data-is-only-node=\"\">Ak h\u013ead\u00e1\u0161 miesto, kde sa <strong data-start=\"1349\" data-end=\"1381\">dejiny stret\u00e1vaj\u00fa s pr\u00edrodou<\/strong> a kde m\u00f4\u017ee\u0161 spomali\u0165 krok, <strong data-start=\"1409\" data-end=\"1426\">ka\u0161tie\u013e Senn\u00e9<\/strong> je ide\u00e1lnym za\u010diatkom tvojej cesty.<\/p>\n<h2 class=\"text-text-100 mt-3 -mb-1 text-[1.375rem] font-bold\"><span style=\"color: #800000;\">\u010co je neskororenesan\u010dn\u00fd ka\u0161tie\u013e v obci Senn\u00e9 a ak\u00e1 je jeho hist\u00f3ria?<\/span><\/h2>\n<p class=\"font-claude-response-body break-words whitespace-normal leading-[1.7]\"><strong>Neskororenesan\u010dn\u00fd ka\u0161tie\u013e v obci Senn\u00e9<\/strong> patr\u00ed medzi v\u00fdznamn\u00e9 architektonick\u00e9 skvosty v\u00fdchodn\u00e9ho Slovenska. T\u00e1to n\u00e1rodn\u00e1 kult\u00farna pamiatka bola postaven\u00e1 v <strong>slohu neskorej renesancie<\/strong> v prvej polovici 17. storo\u010dia na star\u0161om z\u00e1klade p\u00f4vodnej k\u00farie zo 16. storo\u010dia.<\/p>\n<h2 class=\"text-text-100 mt-3 -mb-1 text-[1.125rem] font-bold\"><span style=\"color: #800000;\">Ak\u00e1 je architektonick\u00e1 charakteristika ka\u0161tie\u013ea v Sennom?<\/span><\/h2>\n<p class=\"font-claude-response-body break-words whitespace-normal leading-[1.7]\"><strong>Ka\u0161tie\u013e v Sennom<\/strong> predstavuje dvojpodla\u017en\u00fa budovu s obd\u013a\u017en\u00edkov\u00fdm p\u00f4dorysom, ktorej dominantou je trojposchodov\u00e1 ve\u017ea. Stavba sa vyzna\u010duje takmer meter hrub\u00fdmi m\u00farmi, ktor\u00e9 dod\u00e1vaj\u00fa objektu pevn\u00fd a monument\u00e1lny vzh\u013ead. Miestnosti s\u00fa prekryt\u00e9 kr\u00ed\u017cov\u00fdmi klenbami, \u010do pod\u010diarkuje historick\u00fd charakter interi\u00e9rov.<\/p>\n<p class=\"font-claude-response-body break-words whitespace-normal leading-[1.7]\">V polovici 18. storo\u010dia bol vstupn\u00fd port\u00e1l ve\u017ee osaden\u00fd umelecky kovanou <strong>rokokovou mre\u017eou<\/strong>, ktor\u00e1 dod\u00e1va stavbe v\u00fdnimo\u010dn\u00fd umeleck\u00fd rozmer. Po\u010das 19. storo\u010dia pre\u0161iel <strong>ka\u0161tie\u013e<\/strong> rozsiahlymi \u00fapravami \u2013 roz\u0161\u00edrili sa v\u0161etky okn\u00e1 a dekorat\u00edvne or\u00e1movali \u0161tukov\u00fdmi \u0161ambr\u00e1nami. Na prelome 18. a 19. storo\u010dia boli v miestnostiach osaden\u00e9 vstavan\u00e9 skrine a klasicistick\u00e9 pece s reli\u00e9fnou v\u00fdzdobou. Na severnej strane budovy sa nach\u00e1dza podstre\u0161n\u00e1 dvojokenn\u00e1 miestnos\u0165.<\/p>\n<h2 class=\"text-text-100 mt-3 -mb-1 text-[1.125rem] font-bold\"><span style=\"color: #800000;\">Kto vlastnil ka\u0161tie\u013e v Sennom a na ak\u00e9 \u00fa\u010dely sl\u00fa\u017eil?<\/span><\/h2>\n<p class=\"font-claude-response-body break-words whitespace-normal leading-[1.7]\">Historick\u00fd <strong>ka\u0161tie\u013e<\/strong> vyu\u017e\u00edvali \u0161\u013eachtick\u00e9 rody V\u00e9\u010dejovcov (V\u00e9cseyovcov) a St\u00e1rajovcov (Szt\u00e1rayovcov) ako <strong>loveck\u00fd ka\u0161tie\u013e<\/strong>. V roku 1945 bol ka\u0161tie\u013e zn\u00e1rodnen\u00fd a za\u010dal sl\u00fa\u017ei\u0165 na r\u00f4zne \u00fa\u010dely \u2013 ako \u0161k\u00f4lka, \u0161kola a nesk\u00f4r ako ubytov\u0148a pre \u0161of\u00e9rov SAD i ornitol\u00f3gov.<\/p>\n<h2 class=\"text-text-100 mt-3 -mb-1 text-[1.125rem] font-bold\"><span style=\"color: #800000;\">Ak\u00fd je s\u00fa\u010dasn\u00fd stav ka\u0161tie\u013ea v Sennom?<\/span><\/h2>\n<p class=\"font-claude-response-body break-words whitespace-normal leading-[1.7]\">Po roku 1989 za\u010dal <strong>ka\u0161tie\u013e<\/strong> ch\u00e1tral a hrozilo mu zr\u00fatenie. Od roku 2011 prebieha na <strong>ka\u0161tieli rekon\u0161trukcia<\/strong>, ktor\u00e1 m\u00e1 za cie\u013e zachr\u00e1ni\u0165 t\u00fato cenn\u00fa pamiatku pre bud\u00face gener\u00e1cie.<\/p>\n<h2 class=\"text-text-100 mt-3 -mb-1 text-[1.125rem] font-bold\"><span style=\"color: #800000;\">\u010co m\u00f4\u017eu n\u00e1v\u0161tevn\u00edci za\u017ei\u0165 pri ka\u0161tieli v Sennom?<\/span><\/h2>\n<p class=\"font-claude-response-body break-words whitespace-normal leading-[1.7]\">V s\u00fa\u010dasnosti je <strong>ka\u0161tie\u013e v obci Senn\u00e9<\/strong> vstupnou br\u00e1nou do <a href=\"https:\/\/www.keturist.sk\/info\/kam-do-prirody\/kam-do-prirody-smer-zemplin\/ochrana-prirody\/chranene-vtacie-uzemie-senianske-rybniky\/\"><strong>Chr\u00e1nen\u00e9ho vt\u00e1\u010dieho \u00fazemia Senianske rybn\u00edky<\/strong><\/a>, \u010do z neho rob\u00ed ide\u00e1lne miesto pre milovn\u00edkov pr\u00edrody a ornitol\u00f3gie. Ka\u0161tie\u013e obkolesuj\u00fa zvy\u0161ky hospod\u00e1rskych budov a jednoduch\u00fd dreven\u00fd plot. Nie je nijako zdoben\u00fd, \u010do umoc\u0148uje jeho autentick\u00fd historick\u00fd charakter.<\/p>\n<p class=\"font-claude-response-body break-words whitespace-normal leading-[1.7]\">V are\u00e1li <strong>ka\u0161tie\u013ea<\/strong> sa nach\u00e1dza rozsiahly <strong>krajin\u00e1rsky park<\/strong>, ktor\u00fd vytv\u00e1ra pr\u00edjemn\u00e9 prostredie na prech\u00e1dzky a oddych. Popri <strong>ka\u0161tieli<\/strong> prech\u00e1dza <a href=\"https:\/\/www.keturist.sk\/info\/tipy-na-vylety\/naucne-chodniky\/naucny-chodnik-vtacim-rajom\/\"><strong>n\u00e1u\u010dn\u00fd chodn\u00edk &#8222;VT\u00c1\u010c\u00cdM RAJOM&#8220;<\/strong><\/a> o celkovej d\u013a\u017eke pribli\u017ene 17 km, ktor\u00fd pon\u00faka n\u00e1v\u0161tevn\u00edkom jedine\u010dn\u00fa pr\u00edle\u017eitos\u0165 spozna\u0165 bohat\u00e9 vt\u00e1\u010die spolo\u010denstv\u00e1 a pr\u00edrodu tohto v\u00fdnimo\u010dn\u00e9ho regi\u00f3nu.<\/p>\n<h2><span style=\"color: #800000;\">Fotogal\u00e9ria<\/span><\/h2>\n<style type=\"text\/css\">\n#foogallery-gallery-73546 .fg-image { width: 200px; }<\/style>\n\t\t\t<div class=\"foogallery foogallery-container foogallery-carousel foogallery-lightbox-foogallery fg-carousel fg-ready fg-light fg-border-medium fg-round-small fg-shadow-medium fg-loading-default fg-loaded-fade-in fg-hover-semi-zoomed fg-hover-fade fg-hover-circle-plus2\" id=\"foogallery-gallery-73546\" data-foogallery=\"{&quot;item&quot;:{&quot;showCaptionTitle&quot;:true,&quot;showCaptionDescription&quot;:true},&quot;lazy&quot;:true,&quot;template&quot;:{&quot;maxItems&quot;:5,&quot;scale&quot;:0.11999999999999999555910790149937383830547332763671875,&quot;gutter&quot;:{&quot;min&quot;:-40,&quot;max&quot;:-20,&quot;unit&quot;:&quot;%&quot;},&quot;autoplay&quot;:{&quot;time&quot;:0,&quot;interaction&quot;:&quot;pause&quot;},&quot;centerOnClick&quot;:true,&quot;align&quot;:&quot;center&quot;,&quot;activePosition&quot;:&quot;center&quot;}}\" data-foogallery-lightbox=\"{&quot;thumbs&quot;:&quot;bottom&quot;,&quot;thumbsCaptions&quot;:false,&quot;thumbsBestFit&quot;:false,&quot;thumbsSmall&quot;:false,&quot;thumbsCaptionsAlign&quot;:&quot;default&quot;,&quot;info&quot;:&quot;bottom&quot;,&quot;infoVisible&quot;:true,&quot;infoOverlay&quot;:true,&quot;infoAlign&quot;:&quot;default&quot;,&quot;transition&quot;:&quot;fade&quot;,&quot;hoverButtons&quot;:false,&quot;fitMedia&quot;:false,&quot;noScrollbars&quot;:true,&quot;preserveButtonSpace&quot;:true,&quot;buttons&quot;:{&quot;fullscreen&quot;:true,&quot;info&quot;:true,&quot;thumbs&quot;:false},&quot;video&quot;:{&quot;autoPlay&quot;:true}}\" style=\"--fg-title-line-clamp: 1; --fg-description-line-clamp: 2;\" >\n\t<button type=\"button\" class=\"fg-carousel-prev\" title=\"Previous\"><\/button>\n\t<div class=\"fg-carousel-inner\">\n\t\t<div class=\"fg-carousel-center\"><\/div>\n\t\t<div class=\"fg-item fg-type-image fg-idle\"><figure class=\"fg-item-inner\"><a href=\"https:\/\/www.keturist.sk\/info\/wp-content\/uploads\/2020\/05\/senne2.jpg\" data-caption-title=\"Neskororenesan\u010dn\u00fd ka\u0161tie\u013e v obci Senn\u00e9\" data-caption-desc=\"Neskororenesan\u010dn\u00fd ka\u0161tie\u013e v obci Senn\u00e9, Fotograf: Jozef Mare\u010dek (https:\/\/www.facebook.com\/jozef.marecek.94)\" data-attachment-id=\"40675\" data-type=\"image\" class=\"fg-thumb\"><span class=\"fg-image-wrap\"><img decoding=\"async\" alt=\"Neskororenesan\u010dn\u00fd ka\u0161tie\u013e v obci Senn\u00e9\" title=\"Neskororenesan\u010dn\u00fd ka\u0161tie\u013e v obci Senn\u00e9\" width=\"200\" height=\"200\" class=\"skip-lazy fg-image\" data-src-fg=\"https:\/\/www.keturist.sk\/info\/wp-content\/uploads\/cache\/2020\/05\/senne2\/999760923.jpg\" src=\"data:image\/svg+xml,%3Csvg%20xmlns%3D%22http%3A%2F%2Fwww.w3.org%2F2000%2Fsvg%22%20width%3D%22200%22%20height%3D%22200%22%20viewBox%3D%220%200%20200%20200%22%3E%3C%2Fsvg%3E\" loading=\"eager\"><\/span><span class=\"fg-image-overlay\"><\/span><\/a><figcaption class=\"fg-caption\"><div class=\"fg-caption-inner\"><div class=\"fg-caption-title\">Neskororenesan\u010dn\u00fd ka\u0161tie\u013e v obci Senn\u00e9<\/div><div class=\"fg-caption-desc\">Neskororenesan\u010dn\u00fd ka\u0161tie\u013e v obci Senn\u00e9, Fotograf: Jozef Mare\u010dek (https:\/\/www.facebook.com\/jozef.marecek.94)<\/div><\/div><\/figcaption><\/figure><div class=\"fg-loader\"><\/div><\/div><div class=\"fg-item fg-type-image fg-idle\"><figure class=\"fg-item-inner\"><a href=\"https:\/\/www.keturist.sk\/info\/wp-content\/uploads\/2020\/05\/senne.jpg\" data-caption-title=\"Neskororenesan\u010dn\u00fd ka\u0161tie\u013e v obci Senn\u00e9\" data-caption-desc=\"Neskororenesan\u010dn\u00fd ka\u0161tie\u013e v obci Senn\u00e9, Fotograf: Jozef Mare\u010dek (https:\/\/www.facebook.com\/jozef.marecek.94)\" data-attachment-id=\"40674\" data-type=\"image\" class=\"fg-thumb\"><span class=\"fg-image-wrap\"><img decoding=\"async\" alt=\"Neskororenesan\u010dn\u00fd ka\u0161tie\u013e v obci Senn\u00e9\" title=\"Neskororenesan\u010dn\u00fd ka\u0161tie\u013e v obci Senn\u00e9\" width=\"200\" height=\"200\" class=\"skip-lazy fg-image\" data-src-fg=\"https:\/\/www.keturist.sk\/info\/wp-content\/uploads\/cache\/2020\/05\/senne\/4200455037.jpg\" src=\"data:image\/svg+xml,%3Csvg%20xmlns%3D%22http%3A%2F%2Fwww.w3.org%2F2000%2Fsvg%22%20width%3D%22200%22%20height%3D%22200%22%20viewBox%3D%220%200%20200%20200%22%3E%3C%2Fsvg%3E\" loading=\"eager\"><\/span><span class=\"fg-image-overlay\"><\/span><\/a><figcaption class=\"fg-caption\"><div class=\"fg-caption-inner\"><div class=\"fg-caption-title\">Neskororenesan\u010dn\u00fd ka\u0161tie\u013e v obci Senn\u00e9<\/div><div class=\"fg-caption-desc\">Neskororenesan\u010dn\u00fd ka\u0161tie\u013e v obci Senn\u00e9, Fotograf: Jozef Mare\u010dek (https:\/\/www.facebook.com\/jozef.marecek.94)<\/div><\/div><\/figcaption><\/figure><div class=\"fg-loader\"><\/div><\/div>\t<\/div>\n\t<div class=\"fg-carousel-bottom\"><\/div>\n\t<div class=\"fg-carousel-progress\"><\/div>\n\t<button type=\"button\" class=\"fg-carousel-next\" title=\"Next\"><\/button>\n<\/div>\n<h2><span style=\"color: #800000;\">Zauj\u00edmav\u00e9 odkazy<\/span><\/h2>\n<h3><span style=\"color: #808000;\">Bl\u00edzke stredisko, turistick\u00e9 centrum, obec alebo mesto:<\/span><\/h3>\n<ul>\n<li>Obec Senn\u00e9 (\u010d\u00edtaj viac&#8230;)<\/li>\n<\/ul>\n<h2><span style=\"color: #800000;\">Mapy<\/span><\/h2>\n<p><strong>Vrstvy: <\/strong>Turistick\u00e1 mapa, Automapa, Cyklomapa, Ly\u017eiarska mapa, Satelitn\u00e1 mapa a OpenStreetMap.<\/p>\n<p><strong>Kliknut\u00edm na logo &#8222;Freemap.sk&#8220; sa V\u00e1m mapa zobraz\u00ed na celej ploche obrazovky.<\/strong><\/p>\n<p><iframe style=\"width: 805px; height: 617px;\" src=\"https:\/\/www.freemap.sk\/?map=14\/48.666383\/22.032510&amp;info-point=48.666383\/22.032510,ka\u0161tie\u013e v obci Senn\u00e9&amp;layers=T&amp;embed=search\" allowfullscreen=\"allowfullscreen\"><\/iframe><\/p>\n<div>\n<h2><span style=\"color: #800000;\">Po\u010dasie<\/span><\/h2>\n<p><iframe style=\"width: 805px; height: 617px;\" src=\"https:\/\/www.meteoblue.com\/sk\/po%C4%8Dasie\/widget\/three\/senn%c3%a9_slovensko_723625?geoloc=fixed&amp;nocurrent=0&amp;noforecast=0&amp;days=7&amp;tempunit=CELSIUS&amp;windunit=KILOMETER_PER_HOUR&amp;layout=image\" frameborder=\"0\" scrolling=\"NO\" sandbox=\"allow-same-origin allow-scripts allow-popups allow-popups-to-escape-sandbox\"><\/iframe><\/p>\n<div><!-- DO NOT REMOVE THIS LINK --><a href=\"https:\/\/www.meteoblue.com\/sk\/po%C4%8Dasie\/t%C3%BD%C5%BEde%C5%88\/senn%c3%a9_slovensko_723625?utm_source=weather_widget&amp;utm_medium=linkus&amp;utm_content=three&amp;utm_campaign=Weather%2BWidget\" target=\"_blank\" rel=\"noopener\">meteoblue<\/a><\/div>\n<\/div>\n","protected":false},"excerpt":{"rendered":"<p>Podkateg\u00f3ria: Lokaliz\u00e1cia: Doln\u00fd Zempl\u00edn Ka\u0161tie\u013e Senn\u00e9 \u2013 br\u00e1na do vt\u00e1\u010dieho raja Na okraji tich\u00e9ho krajin\u00e1rskeho parku v obci Senn\u00e9 stoj\u00ed nen\u00e1padn\u00fd, no v\u00fdnimo\u010dn\u00fd ka\u0161tie\u013e, ktor\u00e9ho m\u00fary si pam\u00e4taj\u00fa \u0161\u013eachtu, po\u013eovn\u00edcke [&hellip;]<\/p>\n","protected":false},"author":1,"featured_media":40674,"parent":39938,"menu_order":0,"comment_status":"closed","ping_status":"closed","template":"","meta":{"_uag_custom_page_level_css":"","_monsterinsights_skip_tracking":false,"_monsterinsights_sitenote_active":false,"_monsterinsights_sitenote_note":"","_monsterinsights_sitenote_category":0,"footnotes":""},"class_list":["post-40655","page","type-page","status-publish","has-post-thumbnail","hentry"],"featured_image_src":"https:\/\/www.keturist.sk\/info\/wp-content\/uploads\/2020\/05\/senne.jpg","featured_image_src_square":"https:\/\/www.keturist.sk\/info\/wp-content\/uploads\/2020\/05\/senne.jpg","rbea_author_info":{"display_name":"admin","author_link":"https:\/\/www.keturist.sk\/info\/author\/admin\/"},"rbea_excerpt_info":"Podkateg\u00f3ria: Lokaliz\u00e1cia: Doln\u00fd Zempl\u00edn Ka\u0161tie\u013e Senn\u00e9 \u2013 br\u00e1na do vt\u00e1\u010dieho raja Na okraji tich\u00e9ho krajin\u00e1rskeho parku v obci Senn\u00e9 stoj\u00ed nen\u00e1padn\u00fd, no v\u00fdnimo\u010dn\u00fd ka\u0161tie\u013e, ktor\u00e9ho m\u00fary si pam\u00e4taj\u00fa \u0161\u013eachtu, po\u013eovn\u00edcke [&hellip;]","uagb_featured_image_src":{"full":["https:\/\/www.keturist.sk\/info\/wp-content\/uploads\/2020\/05\/senne.jpg",1000,667,false],"thumbnail":["https:\/\/www.keturist.sk\/info\/wp-content\/uploads\/2020\/05\/senne-270x180.jpg",270,180,true],"medium":["https:\/\/www.keturist.sk\/info\/wp-content\/uploads\/2020\/05\/senne-800x534.jpg",800,534,true],"medium_large":["https:\/\/www.keturist.sk\/info\/wp-content\/uploads\/2020\/05\/senne-768x512.jpg",768,512,true],"large":["https:\/\/www.keturist.sk\/info\/wp-content\/uploads\/2020\/05\/senne.jpg",1000,667,false],"1536x1536":["https:\/\/www.keturist.sk\/info\/wp-content\/uploads\/2020\/05\/senne.jpg",1000,667,false],"2048x2048":["https:\/\/www.keturist.sk\/info\/wp-content\/uploads\/2020\/05\/senne.jpg",1000,667,false]},"uagb_author_info":{"display_name":"admin","author_link":"https:\/\/www.keturist.sk\/info\/author\/admin\/"},"uagb_comment_info":0,"uagb_excerpt":"Podkateg\u00f3ria: Lokaliz\u00e1cia: Doln\u00fd Zempl\u00edn Ka\u0161tie\u013e Senn\u00e9 \u2013 br\u00e1na do vt\u00e1\u010dieho raja Na okraji tich\u00e9ho krajin\u00e1rskeho parku v obci Senn\u00e9 stoj\u00ed nen\u00e1padn\u00fd, no v\u00fdnimo\u010dn\u00fd ka\u0161tie\u013e, ktor\u00e9ho m\u00fary si pam\u00e4taj\u00fa \u0161\u013eachtu, po\u013eovn\u00edcke [&hellip;]","_links":{"self":[{"href":"https:\/\/www.keturist.sk\/info\/wp-json\/wp\/v2\/pages\/40655","targetHints":{"allow":["GET"]}}],"collection":[{"href":"https:\/\/www.keturist.sk\/info\/wp-json\/wp\/v2\/pages"}],"about":[{"href":"https:\/\/www.keturist.sk\/info\/wp-json\/wp\/v2\/types\/page"}],"author":[{"embeddable":true,"href":"https:\/\/www.keturist.sk\/info\/wp-json\/wp\/v2\/users\/1"}],"replies":[{"embeddable":true,"href":"https:\/\/www.keturist.sk\/info\/wp-json\/wp\/v2\/comments?post=40655"}],"version-history":[{"count":24,"href":"https:\/\/www.keturist.sk\/info\/wp-json\/wp\/v2\/pages\/40655\/revisions"}],"predecessor-version":[{"id":73547,"href":"https:\/\/www.keturist.sk\/info\/wp-json\/wp\/v2\/pages\/40655\/revisions\/73547"}],"up":[{"embeddable":true,"href":"https:\/\/www.keturist.sk\/info\/wp-json\/wp\/v2\/pages\/39938"}],"wp:featuredmedia":[{"embeddable":true,"href":"https:\/\/www.keturist.sk\/info\/wp-json\/wp\/v2\/media\/40674"}],"wp:attachment":[{"href":"https:\/\/www.keturist.sk\/info\/wp-json\/wp\/v2\/media?parent=40655"}],"curies":[{"name":"wp","href":"https:\/\/api.w.org\/{rel}","templated":true}]}}