{"id":4065,"date":"2013-11-27T19:06:49","date_gmt":"2013-11-27T17:06:49","guid":{"rendered":"https:\/\/www.keturist.sk\/info\/?page_id=4065"},"modified":"2025-12-22T06:36:47","modified_gmt":"2025-12-22T05:36:47","slug":"trat-cervena-skala-margecany","status":"publish","type":"page","link":"https:\/\/www.keturist.sk\/info\/zaujimavosti\/trat-cervena-skala-margecany\/","title":{"rendered":"\u017delezni\u010dn\u00e1 tra\u0165 \u010cerven\u00e1 Skala \u2013 Margecany"},"content":{"rendered":"<a href=\"https:\/\/www.keturist.sk\/info\/\" class=\"su-button su-button-style-default\" style=\"color:#000000;background-color:#FFCF2F;border-color:#cca626;border-radius:5px\" target=\"_self\"><span style=\"color:#000000;padding:6px 16px;font-size:13px;line-height:20px;border-color:#ffde6e;border-radius:5px;text-shadow:none\"><i class=\"sui sui-arrow-right\" style=\"font-size:13px;color:#000000\"><\/i>  Spravodaj <\/span><\/a>\n<a href=\"https:\/\/www.keturist.sk\/info\/tipy-na-vylety\/\" class=\"su-button su-button-style-default\" style=\"color:#000000;background-color:#FFCF2F;border-color:#cca626;border-radius:5px\" target=\"_self\"><span style=\"color:#000000;padding:6px 16px;font-size:13px;line-height:20px;border-color:#ffde6e;border-radius:5px;text-shadow:none\"><i class=\"sui sui-arrow-right\" style=\"font-size:13px;color:#000000\"><\/i>  TIPY NA V\u00ddLETY <\/span><\/a>\n<a href=\"https:\/\/www.keturist.sk\/info\/zaujimavosti\/\" class=\"su-button su-button-style-default\" style=\"color:#000000;background-color:#FFCF2F;border-color:#cca626;border-radius:5px\" target=\"_self\"><span style=\"color:#000000;padding:6px 16px;font-size:13px;line-height:20px;border-color:#ffde6e;border-radius:5px;text-shadow:none\"><i class=\"sui sui-arrow-right\" style=\"font-size:13px;color:#000000\"><\/i>  Zauj\u00edmavosti <\/span><\/a>\n<div class=\"su-divider su-divider-style-default\" style=\"margin:15px 0;border-width:2px;border-color:#000000\"><\/div>\n<figure id=\"attachment_71950\" aria-describedby=\"caption-attachment-71950\" style=\"width: 900px\" class=\"wp-caption aligncenter\"><a href=\"https:\/\/www.keturist.sk\/info\/wp-content\/uploads\/2025\/12\/viadukt-1.jpg\"><img loading=\"lazy\" decoding=\"async\" class=\"wp-image-71950\" src=\"https:\/\/www.keturist.sk\/info\/wp-content\/uploads\/2025\/12\/viadukt-1-800x447.jpg\" alt=\"\u017delezni\u010dn\u00e1 tra\u0165 \u010cerven\u00e1 Skala \u2013 Margecany\" width=\"900\" height=\"503\" srcset=\"https:\/\/www.keturist.sk\/info\/wp-content\/uploads\/2025\/12\/viadukt-1-800x447.jpg 800w, https:\/\/www.keturist.sk\/info\/wp-content\/uploads\/2025\/12\/viadukt-1-270x151.jpg 270w, https:\/\/www.keturist.sk\/info\/wp-content\/uploads\/2025\/12\/viadukt-1-768x429.jpg 768w, https:\/\/www.keturist.sk\/info\/wp-content\/uploads\/2025\/12\/viadukt-1.jpg 1200w\" sizes=\"auto, (max-width: 900px) 100vw, 900px\" \/><\/a><figcaption id=\"caption-attachment-71950\" class=\"wp-caption-text\">\u017delezni\u010dn\u00e1 tra\u0165 \u010cerven\u00e1 Skala \u2013 Margecany : Chmaro\u0161sk\u00fd viadukt pri Telg\u00e1rte<\/figcaption><\/figure>\n<div class=\"su-divider su-divider-style-default\" style=\"margin:15px 0;border-width:2px;border-color:#000000\"><\/div>\n<p class=\"ds-markdown-paragraph\"><strong>\u017delezni\u010dn\u00e1 tra\u0165 \u010cerven\u00e1 Skala \u2013 Margecany<\/strong>\u00a0je jednoko\u013eajov\u00e1 a neelektrifikovan\u00e1 \u017eelezni\u010dn\u00e1 tra\u0165, pova\u017eovan\u00e1 za jednu z\u00a0<strong>najkraj\u0161\u00edch na Slovensku<\/strong>. V cestovnom poriadku je pre verejnos\u0165 ozna\u010den\u00e1 ako \u017eelezni\u010dn\u00e1 tra\u0165 \u010d\u00edslo 173.<\/p>\n<h2><span style=\"color: #800000;\">Ak\u00fa n\u00e1dhern\u00fa pr\u00edrodu tra\u0165 \u010cerven\u00e1 Skala \u2013 Margecany prech\u00e1dza?<\/span><\/h2>\n<p class=\"ds-markdown-paragraph\">Tra\u0165 prech\u00e1dza\u00a0<strong>malebnou pr\u00edrodou N\u00e1rodn\u00e9ho parku Slovensk\u00fd raj<\/strong>,\u00a0<strong>Volovsk\u00fdch vrchov<\/strong>,\u00a0<strong>\u010ciernej hory<\/strong>, popri\u00a0<strong>Ru\u017einskej priehrade<\/strong>,\u00a0<strong>N\u00edzkych Tatier<\/strong>,\u00a0<strong>Mur\u00e1nskej planiny<\/strong>, cez\u00a0<strong>Stratensk\u00fa dolinu<\/strong>,\u00a0<strong>dolinu Hnilca<\/strong>\u00a0a popri vodnej n\u00e1dr\u017ei\u00a0<strong>Palcmansk\u00e1 Ma\u0161a<\/strong>.<\/p>\n<h2><span style=\"color: #800000;\">Ak\u00e1 je d\u013a\u017eka a \u00fa\u010del trate \u010cerven\u00e1 Skala \u2013 Margecany?<\/span><\/h2>\n<p class=\"ds-markdown-paragraph\">Celkov\u00e1 d\u013a\u017eka trate je\u00a0<strong>95 km<\/strong>. Tra\u0165 bola postaven\u00e1 ako posledn\u00fd \u00fasek\u00a0<strong>stredoslovenskej transverz\u00e1ly<\/strong>, ktor\u00e1 mala za cie\u013e spoji\u0165\u00a0<strong>Ko\u0161icko-bohum\u00ednsku \u017eeleznicu<\/strong>\u00a0s\u00a0<strong>pohronskou \u017eeleznicou<\/strong>.<\/p>\n<h2><span style=\"color: #800000;\">Ak\u00e1 je hist\u00f3ria a \u010do bolo zauj\u00edmav\u00e9 na p\u00f4vodnej sieti?<\/span><\/h2>\n<p class=\"ds-markdown-paragraph\">Tra\u0165 \u010cerven\u00e1 Skala \u2013 Margecany je historicky spojen\u00e1 s \u00fasekom\u00a0<strong>Margecany \u2013 Gelnica \u2013 Mn\u00ed\u0161ek nad Hnilcom \u2013 Smoln\u00edcka Huta (Smoln\u00edk)<\/strong>, ktor\u00fd bol vybudovan\u00fd a odovzdan\u00fd do prev\u00e1dzky\u00a0<strong>31. decembra 1884<\/strong>. Zauj\u00edmavos\u0165ou tejto trate je, \u017ee zatia\u013e \u010do \u00fasek\u00a0<strong>Margecany \u2013 Gelnica<\/strong>\u00a0mal be\u017en\u00fd\u00a0<strong>rozchod 1435 mm<\/strong>, \u00fasek\u00a0<strong>Gelnica \u2013 Smoln\u00edcka Huta (Smoln\u00edk)<\/strong>\u00a0bol prev\u00e1dzkovan\u00fd na\u00a0<strong>rozchode 1000 mm<\/strong>. Na \u017eelezni\u010dnej stanici\u00a0<strong>Gelnica<\/strong>\u00a0sa teda stretli dva odli\u0161n\u00e9 rozchody, \u010do sved\u010d\u00ed o\u00a0<strong>technickej zlo\u017eitosti<\/strong>\u00a0tejto \u017eelezni\u010dnej siete.<\/p>\n<h2><span style=\"color: #800000;\">Kedy sa stavala tra\u0165 \u010cerven\u00e1 Skala \u2013 Margecany a ak\u00e9 boli podmienky?<\/span><\/h2>\n<p class=\"ds-markdown-paragraph\">Pr\u00e1ce na stavbe trate\u00a0<strong>\u010cerven\u00e1 Skala \u2013 Margecany<\/strong>\u00a0sa za\u010dali na jar roku\u00a0<strong>1931<\/strong>\u00a0a po piatich rokoch, v lete roku\u00a0<strong>1936<\/strong>, bola tra\u0165 odovzdan\u00e1 do prev\u00e1dzky. Vzh\u013eadom na\u00a0<strong>horsk\u00fd charakter ter\u00e9nu<\/strong>\u00a0sa jednalo o n\u00e1ro\u010dn\u00fa a komplikovan\u00fa stavbu, ktor\u00e1 bola motivovan\u00e1 strategick\u00fdmi, hospod\u00e1rskymi i soci\u00e1lnymi faktormi.<\/p>\n<p class=\"ds-markdown-paragraph\">Na projekte pracovalo takmer\u00a0<strong>10 000 robotn\u00edkov<\/strong>, ktor\u00ed \u010delili zl\u00fdm soci\u00e1lnym podmienkam, \u010do mnohokr\u00e1t viedlo k \u0161trajkom. Stavba sa stala dejiskom protestov proti n\u00edzkym mzd\u00e1m a zl\u00fdm podmienkam pr\u00e1ce za prvej \u010cSR. Policajn\u00e9 z\u00e1sahy proti \u0161trajkuj\u00facim \u010dasto vy\u00fastili do n\u00e1silia, pri\u010dom pri jednom z incidentov bol usmrten\u00fd\u00a0<strong>28-ro\u010dn\u00fd robotn\u00edk J\u00e1n Chlapovi\u010d<\/strong>.<\/p>\n<p class=\"ds-markdown-paragraph\">Celkovo pri stavbe zahynulo \u0161es\u0165 robotn\u00edkov.<\/p>\n<h2><span style=\"color: #800000;\">Ak\u00e9 technick\u00e9 z\u00e1zraky a unik\u00e1ty t\u00e1to tra\u0165 obsahuje?<\/span><\/h2>\n<p class=\"ds-markdown-paragraph\">Tra\u0165 je zn\u00e1ma svojimi\u00a0<strong>technicky zauj\u00edmav\u00fdmi objektmi<\/strong>, najm\u00e4 v okol\u00ed obce\u00a0<strong>Telg\u00e1rt<\/strong>. Bolo tu vybudovan\u00fdch\u00a0<strong>dev\u00e4\u0165 tunelov<\/strong>\u00a0(Telg\u00e1rtsky, Hronsk\u00fd, Besnick\u00fd, Jarabsk\u00fd I, Jarabsk\u00fd II, Stratensk\u00fd, Hamrick\u00fd, Mlyneck\u00fd a Gelnick\u00fd) a pribli\u017ene\u00a0<strong>410 mostn\u00fdch objektov<\/strong>, cestn\u00fdch nadjazdov a potrubn\u00fdch priepustov.<\/p>\n<p class=\"ds-markdown-paragraph\">Najpozoruhodnej\u0161ou stavbou celej trate je\u00a0<strong>\u0161piralovit\u00e1 slu\u010dka pri Telg\u00e1rte<\/strong>, ktor\u00e1 je jedinou svojho druhu v b\u00fdvalom \u010ceskoslovensku. Dlh\u00e1\u00a0<strong>2,3 km<\/strong>, prekon\u00e1va v\u00fd\u0161kov\u00fd rozdiel\u00a0<strong>31 metrov<\/strong>. Polomer obl\u00faka tunela je\u00a0<strong>400 m<\/strong>\u00a0so st\u00fapan\u00edm\u00a0<strong>12,5 \u2030<\/strong>. V tejto slu\u010dke sa nach\u00e1dza aj\u00a0<strong>najdlh\u0161\u00ed tunel<\/strong>\u00a0trate,\u00a0<strong>Telg\u00e1rtsky tunel<\/strong>, dlh\u00fd\u00a0<strong>1239 m<\/strong>.<\/p>\n<h2><span style=\"color: #800000;\">\u010co je Telg\u00e1rtsky tunel a ako funguje \u0161ikm\u00e9 st\u00fapanie?<\/span><\/h2>\n<p class=\"ds-markdown-paragraph\"><strong>Telg\u00e1rtsky tunel<\/strong>\u00a0alebo hovorovo aj\u00a0<strong>Telg\u00e1rtska slu\u010dka<\/strong>\u00a0je \u017eelezni\u010dn\u00fd tunel, ktor\u00fd sa nach\u00e1dza na v\u00fdchodnom okraji spom\u00ednanej obce. St\u00fapan\u00edm pred sedlom Besn\u00edk, ktor\u00e9 vyrie\u0161ili vytvoren\u00edm slu\u010dky \u2013 \u010das\u0165 tejto slu\u010dky prech\u00e1dza tunelom. Tra\u0165 je veden\u00e1 v obl\u00faku s polomerom\u00a0<strong>400 m<\/strong>, pri\u010dom \u010das\u0165 z nej tvor\u00ed prechodnica.<\/p>\n<p class=\"ds-markdown-paragraph\">Toto rie\u0161enie s prijate\u013en\u00fdm sklonom\u00a0<strong>12,5 \u2030<\/strong>\u00a0umo\u017enilo zv\u00fd\u0161enie nadmorskej v\u00fd\u0161ky o\u00a0<strong>31 m<\/strong>, \u010do pomohlo prekona\u0165 n\u00e1ro\u010dn\u00e9 st\u00fapanie v tomto \u00faseku.<\/p>\n<h2><span style=\"color: #800000;\">Ak\u00e9 v\u00fdznamn\u00e9 viadukty sa na trati nach\u00e1dzaj\u00fa?<\/span><\/h2>\n<p class=\"ds-markdown-paragraph\">Tesne za Telg\u00e1rtskym tunelom tra\u0165 prekon\u00e1va \u00fadolie\u00a0<strong>22 m vysok\u00fdm<\/strong>\u00a0a\u00a0<strong>86 m dlh\u00fdm Telg\u00e1rtskym viaduktom<\/strong>\u00a0so sklonom pribli\u017ene\u00a0<strong>17 \u2030<\/strong>, ktor\u00fd je prvou \u010dlenenou obl\u00fakovou kon\u0161trukciou zo \u017eelezobet\u00f3nu. Telg\u00e1rtsky viadukt je charakterizovan\u00fd dvoma kamenn\u00fdmi obl\u00fakmi s rozp\u00e4t\u00edm\u00a0<strong>9 m<\/strong>\u00a0a strednou \u010das\u0165ou preklenutou elegantn\u00fdm obl\u00fakom s rozp\u00e4t\u00edm\u00a0<strong>32 m<\/strong>. \u010eal\u0161\u00edm zauj\u00edmav\u00fdm stavebn\u00fdm dielom je\u00a0<strong>Chmaro\u0161sk\u00fd viadukt<\/strong>, ktor\u00fd dosahuje v\u00fd\u0161ku\u00a0<strong>18 m<\/strong>\u00a0a m\u00e1 dev\u00e4\u0165 kamenn\u00fdch obl\u00fakov. V\u00a0<strong>Besnickom tuneli<\/strong>, nach\u00e1dzaj\u00facom sa v nadmorskej v\u00fd\u0161ke\u00a0<strong>955,5 m<\/strong>, sa nach\u00e1dza\u00a0<strong>najvy\u0161\u0161ie polo\u017een\u00fd bod<\/strong>\u00a0tejto trate.<\/p>\n<h2><span style=\"color: #800000;\">Ktor\u00e9 stanice a zast\u00e1vky le\u017eia na trati?<\/span><\/h2>\n<h3 class=\"ds-markdown-paragraph\"><span style=\"color: #808000;\">Stanice na trati:<\/span><\/h3>\n<ul>\n<li>\n<p class=\"ds-markdown-paragraph\"><strong>\u010cerven\u00e1 Skala<\/strong>\u00a0\u2013 osobn\u00e1 stanica (nadv\u00e4zuje na tra\u0165 172 &#8211; Bansk\u00e1 Bystrica \u2013 \u010cerven\u00e1 Skala)<\/p>\n<\/li>\n<li>\n<p class=\"ds-markdown-paragraph\">Telg\u00e1rt<\/p>\n<\/li>\n<li>\n<p class=\"ds-markdown-paragraph\">Dob\u0161insk\u00e1 \u013eadov\u00e1 jasky\u0148a<\/p>\n<\/li>\n<li>\n<p class=\"ds-markdown-paragraph\">Straten\u00e1<\/p>\n<\/li>\n<li>\n<p class=\"ds-markdown-paragraph\">Dedinky<\/p>\n<\/li>\n<li>\n<p class=\"ds-markdown-paragraph\">Mlynky<\/p>\n<\/li>\n<li>\n<p class=\"ds-markdown-paragraph\">Mlynky (zast\u00e1vka)<\/p>\n<\/li>\n<li>\n<p class=\"ds-markdown-paragraph\">Rakovec<\/p>\n<\/li>\n<li>\n<p class=\"ds-markdown-paragraph\">Sykavka<\/p>\n<\/li>\n<li>\n<p class=\"ds-markdown-paragraph\">Hnilec<\/p>\n<\/li>\n<li>\n<p class=\"ds-markdown-paragraph\">N\u00e1lepkovo-Peklisko<\/p>\n<\/li>\n<li>\n<p class=\"ds-markdown-paragraph\">Tret\u00ed H\u00e1mor<\/p>\n<\/li>\n<li>\n<p class=\"ds-markdown-paragraph\">N\u00e1lepkovo<\/p>\n<\/li>\n<li>\n<p class=\"ds-markdown-paragraph\">Star\u00e1 Voda<\/p>\n<\/li>\n<li>\n<p class=\"ds-markdown-paragraph\">\u0160vedl\u00e1r<\/p>\n<\/li>\n<li>\n<p class=\"ds-markdown-paragraph\">\u0160vedl\u00e1r (zast\u00e1vka)<\/p>\n<\/li>\n<li>\n<p class=\"ds-markdown-paragraph\">Mn\u00ed\u0161ek nad Hnilcom<\/p>\n<\/li>\n<li>\n<p class=\"ds-markdown-paragraph\">Helcmanovce<\/p>\n<\/li>\n<li>\n<p class=\"ds-markdown-paragraph\">Prakovce<\/p>\n<\/li>\n<li>\n<p class=\"ds-markdown-paragraph\">Prakovce (zast\u00e1vka)<\/p>\n<\/li>\n<li>\n<p class=\"ds-markdown-paragraph\">Gelnica (zast\u00e1vka)<\/p>\n<\/li>\n<li>\n<p class=\"ds-markdown-paragraph\">Gelnica mesto<\/p>\n<\/li>\n<li>\n<p class=\"ds-markdown-paragraph\">Gelnica<\/p>\n<\/li>\n<li>\n<p class=\"ds-markdown-paragraph\">\u017dakarovce<\/p>\n<\/li>\n<li>\n<p class=\"ds-markdown-paragraph\">Jaklovce<\/p>\n<\/li>\n<li>\n<p class=\"ds-markdown-paragraph\"><strong>Margecany<\/strong>\u00a0\u2013 kri\u017eovatka s tra\u0165ou 180 (\u017dilina \u2013 Ko\u0161ice)<\/p>\n<\/li>\n<\/ul>\n<h2><span style=\"color: #800000;\">Ktor\u00e9 technick\u00e9 objekty s\u00fa najzauj\u00edmavej\u0161ie?<\/span><\/h2>\n<h3 class=\"ds-markdown-paragraph\"><span style=\"color: #808000;\">Zauj\u00edmav\u00e9 technick\u00e9 objekty na trati:<\/span><\/h3>\n<ul>\n<li>\n<p class=\"ds-markdown-paragraph\"><strong>Telg\u00e1rtsky tunel<\/strong>\u00a0\u2013 \u0161pir\u00e1lovit\u00fd tunel s d\u013a\u017ekou\u00a0<strong>1239,4 m<\/strong><\/p>\n<\/li>\n<li>\n<p class=\"ds-markdown-paragraph\"><strong>Hronsk\u00fd tunel<\/strong>\u00a0\u2013 dlh\u00fd\u00a0<strong>250 m<\/strong><\/p>\n<\/li>\n<li>\n<p class=\"ds-markdown-paragraph\"><strong>Besnick\u00fd tunel<\/strong>\u00a0\u2013 vrcholov\u00fd tunel s d\u013a\u017ekou\u00a0<strong>848 m<\/strong>, dosahuj\u00faci najvy\u0161\u0161ie polo\u017een\u00e9 miesto norm\u00e1lnorozchodnej siete (<strong>955,5 m n. m.<\/strong>)<\/p>\n<\/li>\n<li>\n<p class=\"ds-markdown-paragraph\"><strong>Telg\u00e1rtsky viadukt<\/strong>\u00a0\u2013\u00a0<strong>86,2 m<\/strong>\u00a0dlh\u00fd a\u00a0<strong>22 m<\/strong>\u00a0vysok\u00fd \u017eelezobet\u00f3nov\u00fd objekt<\/p>\n<\/li>\n<li>\n<p class=\"ds-markdown-paragraph\"><strong>Chmaro\u0161sk\u00fd viadukt<\/strong>\u00a0\u2013 kamenn\u00fd objekt, dlh\u00fd\u00a0<strong>112,6 m<\/strong>\u00a0a\u00a0<strong>18 m<\/strong>\u00a0vysok\u00fd<\/p>\n<\/li>\n<\/ul>\n<h2><span style=\"color: #800000;\">Ak\u00fa d\u00f4le\u017eit\u00fa historick\u00fa \u00falohu tra\u0165 zohrala?<\/span><\/h2>\n<p class=\"ds-markdown-paragraph\"><strong>D\u00f4le\u017eit\u00e1 historick\u00e1 \u00faloha trate<\/strong>: Tra\u0165 \u010cerven\u00e1 Skala \u2013 Margecany hrala k\u013e\u00fa\u010dov\u00fa \u00falohu pri ekonomickom a soci\u00e1lnom rozvoji regi\u00f3nov, cez ktor\u00e9 prech\u00e1dza. V obdob\u00ed prvej \u010ceskoslovenskej republiky (\u010cSR) bola t\u00e1to \u017eeleznica jedn\u00fdm z najd\u00f4le\u017eitej\u0161\u00edch projektov na strednom Slovensku, pri\u010dom prispela k rozvoju priemyslu, najm\u00e4\u00a0<strong>ban\u00edctva<\/strong>\u00a0a\u00a0<strong>drev\u00e1rstva<\/strong>, ktor\u00e9 boli pre t\u00fato oblas\u0165 typick\u00e9.<\/p>\n<h2><span style=\"color: #800000;\">Ako tra\u0165 zabezpe\u010dila prepojenie s Ko\u0161icko-bohuminskou \u017eeleznicou?<\/span><\/h2>\n<p class=\"ds-markdown-paragraph\"><strong>Prepojenie s Ko\u0161icko-bohuminskou \u017eeleznicou<\/strong>: Ako s\u00fa\u010das\u0165 \u0161ir\u0161ieho prepojenia v r\u00e1mci stredoslovenskej transverz\u00e1ly bola tra\u0165 koncipovan\u00e1 na zabezpe\u010denie spojenia medzi\u00a0<strong>Ko\u0161icko-bohuminskou \u017eeleznicou<\/strong>\u00a0a\u00a0<strong>Pohronskou \u017eeleznicou<\/strong>, \u010d\u00edm sa vytvoril nov\u00fd tranzitn\u00fd koridor pre n\u00e1kladn\u00fa i osobn\u00fa dopravu. To zn\u00ed\u017eilo dopravn\u00e9 n\u00e1klady na prepravu tovaru, \u010d\u00edm podporilo rast miestnych firiem a zv\u00fd\u0161ilo dostupnos\u0165 regi\u00f3nu.<\/p>\n<h2><span style=\"color: #800000;\">Ak\u00e9 v\u00fdznamn\u00e9 technick\u00e9 rie\u0161enia stavba obsahovala?<\/span><\/h2>\n<p class=\"ds-markdown-paragraph\"><strong>V\u00fdznamn\u00e9 technick\u00e9 rie\u0161enia<\/strong>: Vzh\u013eadom na zlo\u017eit\u00fd ter\u00e9n museli in\u017einieri a robotn\u00edci \u010deli\u0165 viacer\u00fdm v\u00fdzvam, ktor\u00e9 si vy\u017eadovali pokrokov\u00e9 stavebn\u00e9 rie\u0161enia. Napr\u00edklad,\u00a0<strong>\u0161pir\u00e1lovit\u00e1 slu\u010dka pri Telg\u00e1rte<\/strong>\u00a0bola navrhnut\u00e1 tak, aby sa prekonal ve\u013ek\u00fd v\u00fd\u0161kov\u00fd rozdiel na kr\u00e1tkej vzdialenosti, pri\u010dom tra\u0165 doslova obieha sama seba, \u010do bolo v tom \u010dase mimoriadne inovat\u00edvne.<\/p>\n<h2><span style=\"color: #800000;\">Ak\u00fd je ekologick\u00fd v\u00fdznam trate?<\/span><\/h2>\n<p class=\"ds-markdown-paragraph\"><strong>Ekologick\u00fd v\u00fdznam trate<\/strong>: Prech\u00e1dzaj\u00fac n\u00e1rodn\u00fdmi parkmi a pr\u00edrodn\u00fdmi rezerv\u00e1ciami, tra\u0165 pon\u00faka v\u00fdnimo\u010dn\u00e9 v\u00fdh\u013eady na slovensk\u00e9 pr\u00edrodn\u00e9 scen\u00e9rie, vr\u00e1tane lesov, horsk\u00fdch dol\u00edn a vodn\u00fdch pl\u00f4ch. T\u00e1to tra\u0165 je ob\u013e\u00faben\u00e1 nielen medzi turistami, ale aj fotografmi, ke\u010f\u017ee poskytuje mno\u017estvo miest na fotografovanie zauj\u00edmav\u00fdch poh\u013eadov, ako s\u00fa napr\u00edklad\u00a0<strong>Chmaro\u0161sk\u00fd<\/strong>\u00a0a\u00a0<strong>Telg\u00e1rtsky viadukt<\/strong>.<\/p>\n<h2><span style=\"color: #800000;\">Ak\u00fd je v\u00fdznam trate pre dopravu a turistick\u00fd ruch?<\/span><\/h2>\n<p class=\"ds-markdown-paragraph\"><strong>Doprava a turistick\u00fd ruch<\/strong>: Okrem historick\u00e9ho a hospod\u00e1rskeho v\u00fdznamu je tra\u0165 dnes d\u00f4le\u017eit\u00fdm prvkom pre turistick\u00fd ruch v regi\u00f3ne. Vedie okolo turisticky atrakt\u00edvnych miest, ak\u00fdmi s\u00fa\u00a0<strong>Dob\u0161insk\u00e1 \u013eadov\u00e1 jasky\u0148a<\/strong>, ktor\u00e1 patr\u00ed do svetov\u00e9ho dedi\u010dstva UNESCO,\u00a0<strong>Stratensk\u00e1 dolina<\/strong>, a rekrea\u010dn\u00e1 oblas\u0165\u00a0<strong>Dedinky<\/strong>\u00a0pri\u00a0<strong>Palcmanskej Ma\u0161i<\/strong>.<\/p>\n<h2><span style=\"color: #800000;\">Kde sa m\u00f4\u017eem ob\u010derstvi\u0165 s v\u00fdh\u013eadom na tra\u0165?<\/span><\/h2>\n<p class=\"ds-markdown-paragraph\">Na tejto trase n\u00e1jdu n\u00e1v\u0161tevn\u00edci aj unik\u00e1tnu kaviare\u0148\u00a0<a href=\"https:\/\/www.depocafetelgart.sk\/\" target=\"_blank\" rel=\"noopener\"><strong>Depo Caf\u00e9 Telg\u00e1rt<\/strong><\/a>, ktor\u00e1 sa nach\u00e1dza priamo pri \u017eelezni\u010dnej trati. Depo Caf\u00e9 je zn\u00e1me svoj\u00edm p\u00f4sobiv\u00fdm prostred\u00edm, kde n\u00e1v\u0161tevn\u00edci m\u00f4\u017eu pri \u0161\u00e1lke k\u00e1vy sledova\u0165 vlakov\u00fa dopravu na trati \u010cerven\u00e1 Skala \u2013 Margecany a z\u00e1rove\u0148 si vychutn\u00e1va\u0165 v\u00fdh\u013eady na okolit\u00fa pr\u00edrodu.<\/p>\n<p class=\"ds-markdown-paragraph\">Toto origin\u00e1lne miesto dotv\u00e1ra autentick\u00fa atmosf\u00e9ru trate a l\u00e1ka turistov, milovn\u00edkov \u017eelezn\u00edc aj rodiny s de\u0165mi.<\/p>\n<h2><span style=\"color: #800000;\">Ak\u00e9 kult\u00farne pamiatky mo\u017eno v okol\u00ed trate nav\u0161t\u00edvi\u0165?<\/span><\/h2>\n<p class=\"ds-markdown-paragraph\"><strong>Kult\u00farne pamiatky v okol\u00ed trate<\/strong>: Tra\u0165 vedie cez regi\u00f3ny s bohat\u00fdm kult\u00farnym dedi\u010dstvom, ktor\u00e9 zah\u0155\u0148a historick\u00e9 ban\u00edcke mest\u00e1 ako\u00a0<strong>Gelnica<\/strong>\u00a0a\u00a0<strong>Prakovce<\/strong>, kde si n\u00e1v\u0161tevn\u00edci m\u00f4\u017eu pozrie\u0165 zachovan\u00e9 \u010dasti ban\u00edckej hist\u00f3rie, vr\u00e1tane star\u00fdch \u0161t\u00f4ln\u00ed a historick\u00fdch budov. Okrem toho niektor\u00e9 stanice v okol\u00ed boli postaven\u00e9 v tradi\u010dnom \u0161t\u00fdle, ktor\u00fd dotv\u00e1ra autentick\u00fa atmosf\u00e9ru trate.<\/p>\n<h2><span style=\"color: #800000;\">Fotogal\u00e9ria<\/span><\/h2>\n<style type=\"text\/css\">\n#foogallery-gallery-72373 .fg-image { width: 200px; }<\/style>\n\t\t\t<div class=\"foogallery foogallery-container foogallery-carousel foogallery-lightbox-foogallery fg-carousel fg-ready fg-light fg-border-medium fg-round-small fg-shadow-medium fg-loading-default fg-loaded-fade-in fg-hover-semi-zoomed fg-hover-fade fg-hover-circle-plus2\" id=\"foogallery-gallery-72373\" data-foogallery=\"{&quot;item&quot;:{&quot;showCaptionTitle&quot;:true,&quot;showCaptionDescription&quot;:true},&quot;lazy&quot;:true,&quot;template&quot;:{&quot;maxItems&quot;:5,&quot;scale&quot;:0.11999999999999999555910790149937383830547332763671875,&quot;gutter&quot;:{&quot;min&quot;:-40,&quot;max&quot;:-20,&quot;unit&quot;:&quot;%&quot;},&quot;autoplay&quot;:{&quot;time&quot;:0,&quot;interaction&quot;:&quot;pause&quot;},&quot;centerOnClick&quot;:true,&quot;align&quot;:&quot;center&quot;,&quot;activePosition&quot;:&quot;center&quot;}}\" data-foogallery-lightbox=\"{&quot;thumbs&quot;:&quot;bottom&quot;,&quot;thumbsCaptions&quot;:false,&quot;thumbsBestFit&quot;:false,&quot;thumbsSmall&quot;:false,&quot;thumbsCaptionsAlign&quot;:&quot;default&quot;,&quot;info&quot;:&quot;bottom&quot;,&quot;infoVisible&quot;:true,&quot;infoOverlay&quot;:true,&quot;infoAlign&quot;:&quot;default&quot;,&quot;transition&quot;:&quot;fade&quot;,&quot;hoverButtons&quot;:false,&quot;fitMedia&quot;:false,&quot;noScrollbars&quot;:true,&quot;preserveButtonSpace&quot;:true,&quot;buttons&quot;:{&quot;fullscreen&quot;:true,&quot;info&quot;:true,&quot;thumbs&quot;:false},&quot;video&quot;:{&quot;autoPlay&quot;:true}}\" style=\"--fg-title-line-clamp: 1; --fg-description-line-clamp: 2;\" >\n\t<button type=\"button\" class=\"fg-carousel-prev\" title=\"Previous\"><\/button>\n\t<div class=\"fg-carousel-inner\">\n\t\t<div class=\"fg-carousel-center\"><\/div>\n\t\t<div class=\"fg-item fg-type-image fg-idle\"><figure class=\"fg-item-inner\"><a href=\"https:\/\/www.keturist.sk\/info\/wp-content\/uploads\/2025\/12\/viadukt-1.jpg\" data-caption-title=\"Chmaro\u0161sk\u00fd viadukt pri Telg\u00e1rte\" data-caption-desc=\"Chmaro\u0161sk\u00fd viadukt pri Telg\u00e1rte\" data-attachment-id=\"71950\" data-type=\"image\" class=\"fg-thumb\"><span class=\"fg-image-wrap\"><img decoding=\"async\" alt=\"Chmaro\u0161sk\u00fd viadukt pri Telg\u00e1rte\" title=\"Chmaro\u0161sk\u00fd viadukt pri Telg\u00e1rte\" width=\"200\" height=\"200\" class=\"skip-lazy fg-image\" data-src-fg=\"https:\/\/www.keturist.sk\/info\/wp-content\/uploads\/cache\/2025\/12\/viadukt-1\/3646884583.jpg\" src=\"data:image\/svg+xml,%3Csvg%20xmlns%3D%22http%3A%2F%2Fwww.w3.org%2F2000%2Fsvg%22%20width%3D%22200%22%20height%3D%22200%22%20viewBox%3D%220%200%20200%20200%22%3E%3C%2Fsvg%3E\" loading=\"eager\"><\/span><span class=\"fg-image-overlay\"><\/span><\/a><figcaption class=\"fg-caption\"><div class=\"fg-caption-inner\"><div class=\"fg-caption-title\">Chmaro\u0161sk\u00fd viadukt pri Telg\u00e1rte<\/div><div class=\"fg-caption-desc\">Chmaro\u0161sk\u00fd viadukt pri Telg\u00e1rte<\/div><\/div><\/figcaption><\/figure><div class=\"fg-loader\"><\/div><\/div><div class=\"fg-item fg-type-image fg-idle\"><figure class=\"fg-item-inner\"><a href=\"https:\/\/www.keturist.sk\/info\/wp-content\/uploads\/2024\/10\/Chmarossky-viadukt3.jpg\" data-caption-title=\"\u017delezni\u010dn\u00e1 tra\u0165 \u010cerven\u00e1 Skala \u2013 Margecany\" data-caption-desc=\"Chmaro\u0161sk\u00fd viadukt , Fotograf: Jozef Mare\u010dek (https:\/\/www.facebook.com\/jozef.marecek.94)\" data-attachment-id=\"67357\" data-type=\"image\" class=\"fg-thumb\"><span class=\"fg-image-wrap\"><img decoding=\"async\" alt=\"\u017delezni\u010dn\u00e1 tra\u0165 \u010cerven\u00e1 Skala \u2013 Margecany\" title=\"\u017delezni\u010dn\u00e1 tra\u0165 \u010cerven\u00e1 Skala \u2013 Margecany\" width=\"200\" height=\"200\" class=\"skip-lazy fg-image\" data-src-fg=\"https:\/\/www.keturist.sk\/info\/wp-content\/uploads\/cache\/2024\/10\/Chmarossky-viadukt3\/3403306299.jpg\" src=\"data:image\/svg+xml,%3Csvg%20xmlns%3D%22http%3A%2F%2Fwww.w3.org%2F2000%2Fsvg%22%20width%3D%22200%22%20height%3D%22200%22%20viewBox%3D%220%200%20200%20200%22%3E%3C%2Fsvg%3E\" loading=\"eager\"><\/span><span class=\"fg-image-overlay\"><\/span><\/a><figcaption class=\"fg-caption\"><div class=\"fg-caption-inner\"><div class=\"fg-caption-title\">\u017delezni\u010dn\u00e1 tra\u0165 \u010cerven\u00e1 Skala \u2013 Margecany<\/div><div class=\"fg-caption-desc\">Chmaro\u0161sk\u00fd viadukt , Fotograf: Jozef Mare\u010dek (https:\/\/www.facebook.com\/jozef.marecek.94)<\/div><\/div><\/figcaption><\/figure><div class=\"fg-loader\"><\/div><\/div><div class=\"fg-item fg-type-image fg-idle\"><figure class=\"fg-item-inner\"><a href=\"https:\/\/www.keturist.sk\/info\/wp-content\/uploads\/2024\/10\/Chmarossky-viadukt2.jpg\" data-caption-title=\"\u017delezni\u010dn\u00e1 tra\u0165 \u010cerven\u00e1 Skala \u2013 Margecany\" data-caption-desc=\"Chmaro\u0161sk\u00fd viadukt , Fotograf: Jozef Mare\u010dek (https:\/\/www.facebook.com\/jozef.marecek.94)\" data-attachment-id=\"67356\" data-type=\"image\" class=\"fg-thumb\"><span class=\"fg-image-wrap\"><img decoding=\"async\" alt=\"\u017delezni\u010dn\u00e1 tra\u0165 \u010cerven\u00e1 Skala \u2013 Margecany\" title=\"\u017delezni\u010dn\u00e1 tra\u0165 \u010cerven\u00e1 Skala \u2013 Margecany\" width=\"200\" height=\"200\" class=\"skip-lazy fg-image\" data-src-fg=\"https:\/\/www.keturist.sk\/info\/wp-content\/uploads\/cache\/2024\/10\/Chmarossky-viadukt2\/2025938664.jpg\" src=\"data:image\/svg+xml,%3Csvg%20xmlns%3D%22http%3A%2F%2Fwww.w3.org%2F2000%2Fsvg%22%20width%3D%22200%22%20height%3D%22200%22%20viewBox%3D%220%200%20200%20200%22%3E%3C%2Fsvg%3E\" loading=\"eager\"><\/span><span class=\"fg-image-overlay\"><\/span><\/a><figcaption class=\"fg-caption\"><div class=\"fg-caption-inner\"><div class=\"fg-caption-title\">\u017delezni\u010dn\u00e1 tra\u0165 \u010cerven\u00e1 Skala \u2013 Margecany<\/div><div class=\"fg-caption-desc\">Chmaro\u0161sk\u00fd viadukt , Fotograf: Jozef Mare\u010dek (https:\/\/www.facebook.com\/jozef.marecek.94)<\/div><\/div><\/figcaption><\/figure><div class=\"fg-loader\"><\/div><\/div><div class=\"fg-item fg-type-image fg-idle\"><figure class=\"fg-item-inner\"><a href=\"https:\/\/www.keturist.sk\/info\/wp-content\/uploads\/2024\/10\/Chmarossky-viadukt.jpg\" data-caption-title=\"\u017delezni\u010dn\u00e1 tra\u0165 \u010cerven\u00e1 Skala \u2013 Margecany\" data-caption-desc=\"Chmaro\u0161sk\u00fd viadukt , Fotograf: Jozef Mare\u010dek (https:\/\/www.facebook.com\/jozef.marecek.94)\" data-attachment-id=\"67355\" data-type=\"image\" class=\"fg-thumb\"><span class=\"fg-image-wrap\"><img decoding=\"async\" alt=\"\u017delezni\u010dn\u00e1 tra\u0165 \u010cerven\u00e1 Skala \u2013 Margecany\" title=\"\u017delezni\u010dn\u00e1 tra\u0165 \u010cerven\u00e1 Skala \u2013 Margecany\" width=\"200\" height=\"200\" class=\"skip-lazy fg-image\" data-src-fg=\"https:\/\/www.keturist.sk\/info\/wp-content\/uploads\/cache\/2024\/10\/Chmarossky-viadukt\/1653554051.jpg\" src=\"data:image\/svg+xml,%3Csvg%20xmlns%3D%22http%3A%2F%2Fwww.w3.org%2F2000%2Fsvg%22%20width%3D%22200%22%20height%3D%22200%22%20viewBox%3D%220%200%20200%20200%22%3E%3C%2Fsvg%3E\" loading=\"eager\"><\/span><span class=\"fg-image-overlay\"><\/span><\/a><figcaption class=\"fg-caption\"><div class=\"fg-caption-inner\"><div class=\"fg-caption-title\">\u017delezni\u010dn\u00e1 tra\u0165 \u010cerven\u00e1 Skala \u2013 Margecany<\/div><div class=\"fg-caption-desc\">Chmaro\u0161sk\u00fd viadukt , Fotograf: Jozef Mare\u010dek (https:\/\/www.facebook.com\/jozef.marecek.94)<\/div><\/div><\/figcaption><\/figure><div class=\"fg-loader\"><\/div><\/div><div class=\"fg-item fg-type-image fg-idle\"><figure class=\"fg-item-inner\"><a href=\"https:\/\/www.keturist.sk\/info\/wp-content\/uploads\/2024\/10\/Telgarsta-slucka.jpg\" data-caption-title=\"\u017delezni\u010dn\u00e1 tra\u0165 \u010cerven\u00e1 Skala \u2013 Margecany\" data-caption-desc=\"Telg\u00e1rtsky viadukt, Fotograf: Jozef Mare\u010dek (https:\/\/www.facebook.com\/jozef.marecek.94)\" data-attachment-id=\"67358\" data-type=\"image\" class=\"fg-thumb\"><span class=\"fg-image-wrap\"><img decoding=\"async\" title=\"\u017delezni\u010dn\u00e1 tra\u0165 \u010cerven\u00e1 Skala \u2013 Margecany\" width=\"200\" height=\"200\" class=\"skip-lazy fg-image\" data-src-fg=\"https:\/\/www.keturist.sk\/info\/wp-content\/uploads\/cache\/2024\/10\/Telgarsta-slucka\/2100011949.jpg\" src=\"data:image\/svg+xml,%3Csvg%20xmlns%3D%22http%3A%2F%2Fwww.w3.org%2F2000%2Fsvg%22%20width%3D%22200%22%20height%3D%22200%22%20viewBox%3D%220%200%20200%20200%22%3E%3C%2Fsvg%3E\" loading=\"eager\"><\/span><span class=\"fg-image-overlay\"><\/span><\/a><figcaption class=\"fg-caption\"><div class=\"fg-caption-inner\"><div class=\"fg-caption-title\">\u017delezni\u010dn\u00e1 tra\u0165 \u010cerven\u00e1 Skala \u2013 Margecany<\/div><div class=\"fg-caption-desc\">Telg\u00e1rtsky viadukt, Fotograf: Jozef Mare\u010dek (https:\/\/www.facebook.com\/jozef.marecek.94)<\/div><\/div><\/figcaption><\/figure><div class=\"fg-loader\"><\/div><\/div><div class=\"fg-item fg-type-image fg-idle\"><figure class=\"fg-item-inner\"><a href=\"https:\/\/www.keturist.sk\/info\/wp-content\/uploads\/2019\/04\/most.jpeg\" data-caption-title=\"\u017delezni\u010dn\u00e1 tra\u0165 \u010cerven\u00e1 Skala \u2013 Margecany\" data-caption-desc=\"\u010cerven\u00e1 skala (735 m n.m.), fotograf: Marcin\u010din Jozef\" data-attachment-id=\"29174\" data-type=\"image\" class=\"fg-thumb\"><span class=\"fg-image-wrap\"><img decoding=\"async\" alt=\"\u017delezni\u010dn\u00e1 tra\u0165 \u010cerven\u00e1 Skala \u2013 Margecany\" title=\"\u017delezni\u010dn\u00e1 tra\u0165 \u010cerven\u00e1 Skala \u2013 Margecany\" width=\"200\" height=\"200\" class=\"skip-lazy fg-image\" data-src-fg=\"https:\/\/www.keturist.sk\/info\/wp-content\/uploads\/cache\/2019\/04\/most\/2121573782.jpeg\" src=\"data:image\/svg+xml,%3Csvg%20xmlns%3D%22http%3A%2F%2Fwww.w3.org%2F2000%2Fsvg%22%20width%3D%22200%22%20height%3D%22200%22%20viewBox%3D%220%200%20200%20200%22%3E%3C%2Fsvg%3E\" loading=\"eager\"><\/span><span class=\"fg-image-overlay\"><\/span><\/a><figcaption class=\"fg-caption\"><div class=\"fg-caption-inner\"><div class=\"fg-caption-title\">\u017delezni\u010dn\u00e1 tra\u0165 \u010cerven\u00e1 Skala \u2013 Margecany<\/div><div class=\"fg-caption-desc\">\u010cerven\u00e1 skala (735 m n.m.), fotograf: Marcin\u010din Jozef<\/div><\/div><\/figcaption><\/figure><div class=\"fg-loader\"><\/div><\/div><div class=\"fg-item fg-type-image fg-idle\"><figure class=\"fg-item-inner\"><a href=\"https:\/\/www.keturist.sk\/info\/wp-content\/uploads\/2024\/10\/Telgartsky-tunel-1.jpg\" data-caption-title=\"\u017delezni\u010dn\u00e1 tra\u0165 \u010cerven\u00e1 Skala \u2013 Margecany\" data-caption-desc=\"Telg\u00e1rtsky tunel, Fotograf: Jozef Mare\u010dek (https:\/\/www.facebook.com\/jozef.marecek.94)\" data-attachment-id=\"67361\" data-type=\"image\" class=\"fg-thumb\"><span class=\"fg-image-wrap\"><img decoding=\"async\" title=\"\u017delezni\u010dn\u00e1 tra\u0165 \u010cerven\u00e1 Skala \u2013 Margecany\" width=\"200\" height=\"200\" class=\"skip-lazy fg-image\" data-src-fg=\"https:\/\/www.keturist.sk\/info\/wp-content\/uploads\/cache\/2024\/10\/Telgartsky-tunel-1\/3804003299.jpg\" src=\"data:image\/svg+xml,%3Csvg%20xmlns%3D%22http%3A%2F%2Fwww.w3.org%2F2000%2Fsvg%22%20width%3D%22200%22%20height%3D%22200%22%20viewBox%3D%220%200%20200%20200%22%3E%3C%2Fsvg%3E\" loading=\"eager\"><\/span><span class=\"fg-image-overlay\"><\/span><\/a><figcaption class=\"fg-caption\"><div class=\"fg-caption-inner\"><div class=\"fg-caption-title\">\u017delezni\u010dn\u00e1 tra\u0165 \u010cerven\u00e1 Skala \u2013 Margecany<\/div><div class=\"fg-caption-desc\">Telg\u00e1rtsky tunel, Fotograf: Jozef Mare\u010dek (https:\/\/www.facebook.com\/jozef.marecek.94)<\/div><\/div><\/figcaption><\/figure><div class=\"fg-loader\"><\/div><\/div><div class=\"fg-item fg-type-image fg-idle\"><figure class=\"fg-item-inner\"><a href=\"https:\/\/www.keturist.sk\/info\/wp-content\/uploads\/2024\/10\/Depo-Cafe-Telgart-Unikatna-kaviaren.jpg\" data-caption-title=\"Depo Caf\u00e9 Telg\u00e1rt - Unikatn\u00e1 kaviare\u0148\" data-caption-desc=\"Depo Caf\u00e9 Telg\u00e1rt - Unikatn\u00e1 kaviare\u0148, Fotograf: Jozef Mare\u010dek (https:\/\/www.facebook.com\/jozef.marecek.94)\" data-attachment-id=\"67364\" data-type=\"image\" class=\"fg-thumb\"><span class=\"fg-image-wrap\"><img decoding=\"async\" title=\"Depo Caf\u00e9 Telg\u00e1rt - Unikatn\u00e1 kaviare\u0148\" width=\"200\" height=\"200\" class=\"skip-lazy fg-image\" data-src-fg=\"https:\/\/www.keturist.sk\/info\/wp-content\/uploads\/cache\/2024\/10\/Depo-Cafe-Telgart-Unikatna-kaviaren\/3732593400.jpg\" src=\"data:image\/svg+xml,%3Csvg%20xmlns%3D%22http%3A%2F%2Fwww.w3.org%2F2000%2Fsvg%22%20width%3D%22200%22%20height%3D%22200%22%20viewBox%3D%220%200%20200%20200%22%3E%3C%2Fsvg%3E\" loading=\"eager\"><\/span><span class=\"fg-image-overlay\"><\/span><\/a><figcaption class=\"fg-caption\"><div class=\"fg-caption-inner\"><div class=\"fg-caption-title\">Depo Caf\u00e9 Telg\u00e1rt - Unikatn\u00e1 kaviare\u0148<\/div><div class=\"fg-caption-desc\">Depo Caf\u00e9 Telg\u00e1rt - Unikatn\u00e1 kaviare\u0148, Fotograf: Jozef Mare\u010dek (https:\/\/www.facebook.com\/jozef.marecek.94)<\/div><\/div><\/figcaption><\/figure><div class=\"fg-loader\"><\/div><\/div>\t<\/div>\n\t<div class=\"fg-carousel-bottom\"><\/div>\n\t<div class=\"fg-carousel-progress\"><\/div>\n\t<button type=\"button\" class=\"fg-carousel-next\" title=\"Next\"><\/button>\n<\/div>\n","protected":false},"excerpt":{"rendered":"<p>\u017delezni\u010dn\u00e1 tra\u0165 \u010cerven\u00e1 Skala \u2013 Margecany\u00a0je jednoko\u013eajov\u00e1 a neelektrifikovan\u00e1 \u017eelezni\u010dn\u00e1 tra\u0165, pova\u017eovan\u00e1 za jednu z\u00a0najkraj\u0161\u00edch na Slovensku. V cestovnom poriadku je pre verejnos\u0165 ozna\u010den\u00e1 ako \u017eelezni\u010dn\u00e1 tra\u0165 \u010d\u00edslo 173. Ak\u00fa [&hellip;]<\/p>\n","protected":false},"author":1,"featured_media":71950,"parent":260,"menu_order":0,"comment_status":"closed","ping_status":"closed","template":"","meta":{"_uag_custom_page_level_css":"","_monsterinsights_skip_tracking":false,"_monsterinsights_sitenote_active":false,"_monsterinsights_sitenote_note":"","_monsterinsights_sitenote_category":0,"footnotes":""},"class_list":["post-4065","page","type-page","status-publish","has-post-thumbnail","hentry"],"featured_image_src":"https:\/\/www.keturist.sk\/info\/wp-content\/uploads\/2025\/12\/viadukt-1.jpg","featured_image_src_square":"https:\/\/www.keturist.sk\/info\/wp-content\/uploads\/2025\/12\/viadukt-1.jpg","rbea_author_info":{"display_name":"admin","author_link":"https:\/\/www.keturist.sk\/info\/author\/admin\/"},"rbea_excerpt_info":"\u017delezni\u010dn\u00e1 tra\u0165 \u010cerven\u00e1 Skala \u2013 Margecany\u00a0je jednoko\u013eajov\u00e1 a neelektrifikovan\u00e1 \u017eelezni\u010dn\u00e1 tra\u0165, pova\u017eovan\u00e1 za jednu z\u00a0najkraj\u0161\u00edch na Slovensku. V cestovnom poriadku je pre verejnos\u0165 ozna\u010den\u00e1 ako \u017eelezni\u010dn\u00e1 tra\u0165 \u010d\u00edslo 173. Ak\u00fa [&hellip;]","uagb_featured_image_src":{"full":["https:\/\/www.keturist.sk\/info\/wp-content\/uploads\/2025\/12\/viadukt-1.jpg",1200,670,false],"thumbnail":["https:\/\/www.keturist.sk\/info\/wp-content\/uploads\/2025\/12\/viadukt-1-270x151.jpg",270,151,true],"medium":["https:\/\/www.keturist.sk\/info\/wp-content\/uploads\/2025\/12\/viadukt-1-800x447.jpg",800,447,true],"medium_large":["https:\/\/www.keturist.sk\/info\/wp-content\/uploads\/2025\/12\/viadukt-1-768x429.jpg",768,429,true],"large":["https:\/\/www.keturist.sk\/info\/wp-content\/uploads\/2025\/12\/viadukt-1.jpg",1200,670,false],"1536x1536":["https:\/\/www.keturist.sk\/info\/wp-content\/uploads\/2025\/12\/viadukt-1.jpg",1200,670,false],"2048x2048":["https:\/\/www.keturist.sk\/info\/wp-content\/uploads\/2025\/12\/viadukt-1.jpg",1200,670,false]},"uagb_author_info":{"display_name":"admin","author_link":"https:\/\/www.keturist.sk\/info\/author\/admin\/"},"uagb_comment_info":0,"uagb_excerpt":"\u017delezni\u010dn\u00e1 tra\u0165 \u010cerven\u00e1 Skala \u2013 Margecany\u00a0je jednoko\u013eajov\u00e1 a neelektrifikovan\u00e1 \u017eelezni\u010dn\u00e1 tra\u0165, pova\u017eovan\u00e1 za jednu z\u00a0najkraj\u0161\u00edch na Slovensku. V cestovnom poriadku je pre verejnos\u0165 ozna\u010den\u00e1 ako \u017eelezni\u010dn\u00e1 tra\u0165 \u010d\u00edslo 173. Ak\u00fa [&hellip;]","_links":{"self":[{"href":"https:\/\/www.keturist.sk\/info\/wp-json\/wp\/v2\/pages\/4065","targetHints":{"allow":["GET"]}}],"collection":[{"href":"https:\/\/www.keturist.sk\/info\/wp-json\/wp\/v2\/pages"}],"about":[{"href":"https:\/\/www.keturist.sk\/info\/wp-json\/wp\/v2\/types\/page"}],"author":[{"embeddable":true,"href":"https:\/\/www.keturist.sk\/info\/wp-json\/wp\/v2\/users\/1"}],"replies":[{"embeddable":true,"href":"https:\/\/www.keturist.sk\/info\/wp-json\/wp\/v2\/comments?post=4065"}],"version-history":[{"count":18,"href":"https:\/\/www.keturist.sk\/info\/wp-json\/wp\/v2\/pages\/4065\/revisions"}],"predecessor-version":[{"id":72375,"href":"https:\/\/www.keturist.sk\/info\/wp-json\/wp\/v2\/pages\/4065\/revisions\/72375"}],"up":[{"embeddable":true,"href":"https:\/\/www.keturist.sk\/info\/wp-json\/wp\/v2\/pages\/260"}],"wp:featuredmedia":[{"embeddable":true,"href":"https:\/\/www.keturist.sk\/info\/wp-json\/wp\/v2\/media\/71950"}],"wp:attachment":[{"href":"https:\/\/www.keturist.sk\/info\/wp-json\/wp\/v2\/media?parent=4065"}],"curies":[{"name":"wp","href":"https:\/\/api.w.org\/{rel}","templated":true}]}}