{"id":40204,"date":"2021-06-23T06:28:10","date_gmt":"2021-06-23T04:28:10","guid":{"rendered":"https:\/\/www.keturist.sk\/info\/?page_id=40204"},"modified":"2026-01-21T17:42:14","modified_gmt":"2026-01-21T16:42:14","slug":"hrad-paric-zrucanina","status":"publish","type":"page","link":"https:\/\/www.keturist.sk\/info\/kam-za-pamiatkami\/kam-za-pamiatkami-smer-zemplin\/hrady-a-kastiele\/hrad-paric-zrucanina\/","title":{"rendered":"Hrad Pari\u010d (zr\u00facanina)"},"content":{"rendered":"<a href=\"https:\/\/www.keturist.sk\/info\/\" class=\"su-button su-button-style-default\" style=\"color:#000000;background-color:#FFCF2F;border-color:#cca626;border-radius:5px\" target=\"_self\"><span style=\"color:#000000;padding:6px 16px;font-size:13px;line-height:20px;border-color:#ffde6e;border-radius:5px;text-shadow:none\"><i class=\"sui sui-arrow-right\" style=\"font-size:13px;color:#000000\"><\/i>  Spravodaj <\/span><\/a>\n<a href=\"https:\/\/www.keturist.sk\/info\/tipy-na-vylety\/\" class=\"su-button su-button-style-default\" style=\"color:#000000;background-color:#FFCF2F;border-color:#cca626;border-radius:5px\" target=\"_self\"><span style=\"color:#000000;padding:6px 16px;font-size:13px;line-height:20px;border-color:#ffde6e;border-radius:5px;text-shadow:none\"><i class=\"sui sui-arrow-right\" style=\"font-size:13px;color:#000000\"><\/i>  TIPY NA V\u00ddLETY <\/span><\/a>\n<a href=\"https:\/\/www.keturist.sk\/info\/kam-za-pamiatkami\/\" class=\"su-button su-button-style-default\" style=\"color:#000000;background-color:#FFCF2F;border-color:#cca626;border-radius:5px\" target=\"_self\"><span style=\"color:#000000;padding:6px 16px;font-size:13px;line-height:20px;border-color:#ffde6e;border-radius:5px;text-shadow:none\"><i class=\"sui sui-arrow-right\" style=\"font-size:13px;color:#000000\"><\/i>  Kam za pamiatkami <\/span><\/a>\n<a href=\"https:\/\/www.keturist.sk\/info\/kam-za-pamiatkami\/kam-za-pamiatkami-smer-zemplin\/\" class=\"su-button su-button-style-default\" style=\"color:#000000;background-color:#FFCF2F;border-color:#cca626;border-radius:5px\" target=\"_self\"><span style=\"color:#000000;padding:6px 16px;font-size:13px;line-height:20px;border-color:#ffde6e;border-radius:5px;text-shadow:none\"><i class=\"sui sui-arrow-right\" style=\"font-size:13px;color:#000000\"><\/i>  smer Doln\u00fd Zempl\u00edn <\/span><\/a>\n<div class=\"su-divider su-divider-style-default\" style=\"margin:15px 0;border-width:0px;border-color:#000000\"><\/div>\n<p><strong>Podkateg\u00f3ria: <\/strong> <a href=\"https:\/\/www.keturist.sk\/info\/kam-za-pamiatkami\/kam-za-pamiatkami-smer-zemplin\/hrady-a-kastiele\/\" class=\"su-button su-button-style-default\" style=\"color:#000000;background-color:#afd144;border-color:#8ca837;border-radius:5px\" target=\"_self\"><span style=\"color:#000000;padding:6px 16px;font-size:13px;line-height:20px;border-color:#c7df7d;border-radius:5px;text-shadow:none\"><i class=\"sui sui-arrow-right\" style=\"font-size:13px;color:#000000\"><\/i>  Hrady a ka\u0161tiele <\/span><\/a>\n<div class=\"su-divider su-divider-style-default\" style=\"margin:15px 0;border-width:0px;border-color:#000000\"><\/div>\n<p><strong>Lokaliz\u00e1cia: <\/strong> <a href=\"https:\/\/www.keturist.sk\/info\/vseobecne-informacie\/zemplin\/\">Doln\u00fd Zempl\u00edn<\/a><\/p>\n<div class=\"su-divider su-divider-style-default\" style=\"margin:15px 0;border-width:2px;border-color:#000000\"><\/div>\n<figure id=\"attachment_40240\" aria-describedby=\"caption-attachment-40240\" style=\"width: 900px\" class=\"wp-caption aligncenter\"><a href=\"https:\/\/www.keturist.sk\/info\/wp-content\/uploads\/2020\/05\/hrad-paric1.jpg\"><img loading=\"lazy\" decoding=\"async\" class=\"wp-image-40240\" src=\"https:\/\/www.keturist.sk\/info\/wp-content\/uploads\/2020\/05\/hrad-paric1-800x534.jpg\" alt=\"Hrad Pari\u010d\" width=\"900\" height=\"600\" srcset=\"https:\/\/www.keturist.sk\/info\/wp-content\/uploads\/2020\/05\/hrad-paric1-800x534.jpg 800w, https:\/\/www.keturist.sk\/info\/wp-content\/uploads\/2020\/05\/hrad-paric1-270x180.jpg 270w, https:\/\/www.keturist.sk\/info\/wp-content\/uploads\/2020\/05\/hrad-paric1-768x512.jpg 768w, https:\/\/www.keturist.sk\/info\/wp-content\/uploads\/2020\/05\/hrad-paric1.jpg 1000w\" sizes=\"auto, (max-width: 900px) 100vw, 900px\" \/><\/a><figcaption id=\"caption-attachment-40240\" class=\"wp-caption-text\">Hrad Pari\u010d (zr\u00facanina),\u00a0 Fotograf: Jozef Mare\u010dek (https:\/\/www.facebook.com\/jozef.marecek.94)<\/figcaption><\/figure>\n<div class=\"su-divider su-divider-style-default\" style=\"margin:15px 0;border-width:2px;border-color:#000000\"><\/div>\n<h2 data-start=\"0\" data-end=\"29\"><span style=\"color: #800000;\">Tajomstvo hradu Pari\u010d<\/span><\/h2>\n<p data-start=\"31\" data-end=\"295\">Uprostred zelen\u00e9ho srdca mesta <strong data-start=\"62\" data-end=\"74\">Trebi\u0161ov<\/strong>, v najv\u00e4\u010d\u0161om <strong data-start=\"88\" data-end=\"124\">mestskom parku v strednej Eur\u00f3pe<\/strong>, stoj\u00ed tich\u00fd svedok b\u00farliv\u00fdch dej\u00edn \u2013 <strong data-start=\"163\" data-end=\"177\">hrad Pari\u010d<\/strong>. Kedysi mocn\u00fd <strong data-start=\"192\" data-end=\"206\">vodn\u00fd hrad<\/strong>, dnes u\u017e len nen\u00e1padn\u00e1 <strong data-start=\"230\" data-end=\"246\">jedin\u00e1 stena<\/strong>, ktor\u00e1 v\u0161ak rozpr\u00e1va pr\u00edbeh star\u00fd cel\u00e9 st\u00e1ro\u010dia.<\/p>\n<p data-start=\"297\" data-end=\"637\">Hrad vznikol v <strong data-start=\"312\" data-end=\"327\">13. storo\u010d\u00ed<\/strong>, kr\u00e1tko po <strong data-start=\"339\" data-end=\"370\">mongolskom vp\u00e1de do Uhorska<\/strong>, ako symbol ochrany a moci. Prv\u00e1 p\u00edsomn\u00e1 zmienka z roku <strong data-start=\"427\" data-end=\"435\">1327<\/strong> ho uv\u00e1dza pod menom <strong data-start=\"456\" data-end=\"473\">Castrum Parys<\/strong>. Za \u010dias rodu <strong data-start=\"488\" data-end=\"504\">Drugethovcov<\/strong> z\u00edskal hrad pevn\u00e9 <strong data-start=\"523\" data-end=\"547\">opevnenie s cimbur\u00edm<\/strong>, <strong data-start=\"549\" data-end=\"565\">vstupn\u00fa ve\u017eu<\/strong>, kamenn\u00fa <strong data-start=\"575\" data-end=\"585\">stud\u0148u<\/strong> a honosn\u00fd <strong data-start=\"596\" data-end=\"636\">ranogotick\u00fd pal\u00e1c s troma podla\u017eiami<\/strong>.<\/p>\n<p data-start=\"639\" data-end=\"993\">Osud v\u0161ak hradu neprial. Po dobyt\u00ed vojskami <strong data-start=\"683\" data-end=\"704\">Imricha Th\u00f6k\u00f6lyho<\/strong> bol v roku <strong data-start=\"716\" data-end=\"724\">1686<\/strong> vyhoden\u00fd do vzduchu. Jeho tehly \u2013 <strong data-start=\"759\" data-end=\"844\">v\u00fdnimo\u010dn\u00e9, ke\u010f\u017ee hrad bol postaven\u00fd z teh\u00e1l ako pravdepodobne jedin\u00fd na Slovensku<\/strong> \u2013 posl\u00fa\u017eili nesk\u00f4r na v\u00fdstavbu <strong data-start=\"876\" data-end=\"909\">barokov\u00e9ho z\u00e1mku Andr\u00e1\u0161iovcov<\/strong>. Posledn\u00fa ranu mu zasadilo <strong data-start=\"937\" data-end=\"953\">20. storo\u010die<\/strong>, ke\u010f sa stal ter\u010dom vojensk\u00fdch cvi\u010den\u00ed.<\/p>\n<p data-start=\"995\" data-end=\"1302\" data-is-last-node=\"\" data-is-only-node=\"\">Dnes je <strong data-start=\"1003\" data-end=\"1017\">hrad Pari\u010d<\/strong> miestom, kde sa <strong data-start=\"1034\" data-end=\"1070\">hist\u00f3ria stret\u00e1va s tichom parku<\/strong>. Ak sa tu na chv\u00ed\u013eu zastav\u00ed\u0161, mo\u017eno v \u0161ume stromov za\u010duje\u0161 ozvenu d\u00e1vnych pr\u00edbehov o rytieroch, vodn\u00fdch priekop\u00e1ch a stratenej sl\u00e1ve. Je to miesto, ktor\u00e9 neoh\u00fari ve\u013ekos\u0165ou, ale <strong data-start=\"1248\" data-end=\"1273\">atmosf\u00e9rou a pr\u00edbehom<\/strong>, ktor\u00fd si odnesie\u0161 so sebou.<\/p>\n<h2 class=\"text-text-100 mt-3 -mb-1 text-[1.125rem] font-bold\"><span style=\"color: #800000;\">Kde n\u00e1jdete pozostatky Hradu Pari\u010d a pre\u010do je tak\u00fd v\u00fdnimo\u010dn\u00fd?<\/span><\/h2>\n<p class=\"font-claude-response-body break-words whitespace-normal leading-[1.7]\"><strong>Hrad Pari\u010d<\/strong> (zn\u00e1my aj ako Pari\u010dov hrad, Trebi\u0161ovsk\u00fd hrad alebo hrad Trebi\u0161ov) predstavuje <strong>zr\u00facaninu vodn\u00e9ho hradu<\/strong>, ktor\u00e1 sa nach\u00e1dza priamo v parku mesta Trebi\u0161ov. Tento park je z\u00e1rove\u0148 najv\u00e4\u010d\u0161\u00edm mestsk\u00fdm parkom v strednej Eur\u00f3pe, \u010do z neho rob\u00ed ide\u00e1lne miesto pre spojenie hist\u00f3rie s pr\u00edrodou.<\/p>\n<h2 class=\"text-text-100 mt-3 -mb-1 text-[1.125rem] font-bold\"><span style=\"color: #800000;\">Kedy a pre\u010do bol Hrad Pari\u010d postaven\u00fd?<\/span><\/h2>\n<p class=\"font-claude-response-body break-words whitespace-normal leading-[1.7]\"><strong>Hrad Pari\u010d<\/strong> bol postaven\u00fd v 13. storo\u010d\u00ed, bezprostredne po <strong>mongolskom vp\u00e1de do Uhorska<\/strong>. Jeho stavba bola reakciou na potrebu ochrany \u00fazemia pred \u010fal\u0161\u00edmi mo\u017en\u00fdmi inv\u00e1ziami. Prv\u00e1 p\u00edsomn\u00e1 zmienka o hrade poch\u00e1dza z darovacej listiny z roku 1327, kde je ozna\u010den\u00fd ako <strong>Castrum Parys<\/strong>.<\/p>\n<h2 class=\"text-text-100 mt-3 -mb-1 text-[1.125rem] font-bold\"><span style=\"color: #800000;\">Ak\u00e1 bola turbulentn\u00e1 hist\u00f3ria Hradu Pari\u010d?<\/span><\/h2>\n<p class=\"font-claude-response-body break-words whitespace-normal leading-[1.7]\">Hist\u00f3ria <strong>Trebi\u0161ovsk\u00e9ho hradu<\/strong> je pozna\u010den\u00e1 dramatick\u00fdmi udalos\u0165ami. V roku 1684 bol dobyt\u00fd povstaleck\u00fdm vojskom Imricha Th\u00f6k\u00f6lyho a o dva roky nesk\u00f4r, v roku 1686, bol vyhoden\u00fd do vzduchu streln\u00fdm prachom. Roku 1786 boli jeho zvy\u0161ky pou\u017eit\u00e9 ako stavebn\u00fd materi\u00e1l pre <a href=\"https:\/\/www.keturist.sk\/info\/kam-za-pamiatkami\/kam-za-pamiatkami-smer-zemplin\/hrady-a-kastiele\/barokovo-klasicisticky-kastiel\/\"><strong>barokov\u00fd z\u00e1mok rodu Andr\u00e1\u0161iovcov<\/strong><\/a> (Andr\u00e1ssyovcov). Posledn\u00e9 dielo skazy na \u0148om dokonala \u010deskoslovensk\u00e1 a sovietska arm\u00e1da v druhej polovici 20. storo\u010dia, ktor\u00e1 si z neho urobila cvi\u010dn\u00fa strelnicu. Dnes z neho zostala len jedna stena.<\/p>\n<h2 class=\"text-text-100 mt-3 -mb-1 text-[1.125rem] font-bold\"><span style=\"color: #800000;\">\u010co odhalil archeologick\u00fd v\u00fdskum o architekt\u00fare Hradu Pari\u010d?<\/span><\/h2>\n<p class=\"font-claude-response-body break-words whitespace-normal leading-[1.7]\"><strong>Archeologick\u00fd v\u00fdskum<\/strong> potvrdil, \u017ee s\u00fa\u010dasne s opevnen\u00edm bol na z\u00e1padnej strane vybudovan\u00fd aj <strong>ranogotick\u00fd pal\u00e1c<\/strong>. Pod\u013ea \u00farovne podlahy hornej klenby mo\u017eno predpoklada\u0165, \u017ee objekt mal tri podla\u017eia. Na v\u00fdchodnej strane <strong>hradn\u00e9ho are\u00e1lu<\/strong> bola vystavan\u00e1 \u0161tvoruholn\u00edkov\u00e1 vstupn\u00e1 ve\u017ea a na n\u00e1dvor\u00ed stud\u0148a obmurovan\u00e1 kame\u0148om s vn\u00fatorn\u00fdm priemerom 160 cm.<\/p>\n<h2 class=\"text-text-100 mt-3 -mb-1 text-[1.125rem] font-bold\"><span style=\"color: #800000;\">Ak\u00e9 bolo opevnenie a kto hrad roz\u0161iroval?<\/span><\/h2>\n<p class=\"font-claude-response-body break-words whitespace-normal leading-[1.7]\"><strong>Hrad Pari\u010d<\/strong> mal vysok\u00e9 a hrub\u00e9 opevnenie ukon\u010den\u00e9 cimbur\u00edm s hradobnou ochodzou. T\u00e1to druh\u00e1 etapa v\u00fdstavby hradu bola realizovan\u00e1 Filipom a Viliamom Drugethom v prvej polovici 14. storo\u010dia. \u010eal\u0161ou v\u00fdstavbou nov\u00fdch predsunut\u00fdch opevnen\u00ed, <strong>vodn\u00fdch priekop<\/strong> a in\u00fdch obrann\u00fdch prvkov hrad nadobudol za Per\u00e9niovcov (Per\u00e9niyovcov) v 15. storo\u010d\u00ed podobu rozsiahlej\u0161ieho <strong>pansk\u00e9ho s\u00eddla<\/strong>.<\/p>\n<h2 class=\"text-text-100 mt-3 -mb-1 text-[1.125rem] font-bold\"><span style=\"color: #800000;\">\u010c\u00edm je Hrad Pari\u010d jedine\u010dn\u00fd v r\u00e1mci Slovenska?<\/span><\/h2>\n<p class=\"font-claude-response-body break-words whitespace-normal leading-[1.7]\">V\u00fdnimo\u010dnos\u0165 <strong>Hradu Pari\u010d<\/strong> spo\u010d\u00edva v tom, \u017ee bol postaven\u00fd z teh\u00e1l, pravdepodobne ako jedin\u00fd na Slovensku. T\u00e1to architektonick\u00e1 zvl\u00e1\u0161tnos\u0165 ho odli\u0161uje od ostatn\u00fdch <strong>stredovek\u00fdch hradov<\/strong> na na\u0161om \u00fazem\u00ed a rob\u00ed z nej unik\u00e1tnu historick\u00fa pamiatku.<\/p>\n<h2><span style=\"color: #800000;\">Fotogal\u00e9ria<\/span><\/h2>\n<style type=\"text\/css\">\n#foogallery-gallery-73544 .fg-image { width: 200px; }<\/style>\n\t\t\t<div class=\"foogallery foogallery-container foogallery-carousel foogallery-lightbox-foogallery fg-carousel fg-ready fg-light fg-border-medium fg-round-small fg-shadow-medium fg-loading-default fg-loaded-fade-in fg-hover-semi-zoomed fg-hover-fade fg-hover-circle-plus2\" id=\"foogallery-gallery-73544\" data-foogallery=\"{&quot;item&quot;:{&quot;showCaptionTitle&quot;:true,&quot;showCaptionDescription&quot;:true},&quot;lazy&quot;:true,&quot;template&quot;:{&quot;maxItems&quot;:5,&quot;scale&quot;:0.11999999999999999555910790149937383830547332763671875,&quot;gutter&quot;:{&quot;min&quot;:-40,&quot;max&quot;:-20,&quot;unit&quot;:&quot;%&quot;},&quot;autoplay&quot;:{&quot;time&quot;:0,&quot;interaction&quot;:&quot;pause&quot;},&quot;centerOnClick&quot;:true,&quot;align&quot;:&quot;center&quot;,&quot;activePosition&quot;:&quot;center&quot;}}\" data-foogallery-lightbox=\"{&quot;thumbs&quot;:&quot;bottom&quot;,&quot;thumbsCaptions&quot;:false,&quot;thumbsBestFit&quot;:false,&quot;thumbsSmall&quot;:false,&quot;thumbsCaptionsAlign&quot;:&quot;default&quot;,&quot;info&quot;:&quot;bottom&quot;,&quot;infoVisible&quot;:true,&quot;infoOverlay&quot;:true,&quot;infoAlign&quot;:&quot;default&quot;,&quot;transition&quot;:&quot;fade&quot;,&quot;hoverButtons&quot;:false,&quot;fitMedia&quot;:false,&quot;noScrollbars&quot;:true,&quot;preserveButtonSpace&quot;:true,&quot;buttons&quot;:{&quot;fullscreen&quot;:true,&quot;info&quot;:true,&quot;thumbs&quot;:false},&quot;video&quot;:{&quot;autoPlay&quot;:true}}\" style=\"--fg-title-line-clamp: 1; --fg-description-line-clamp: 2;\" >\n\t<button type=\"button\" class=\"fg-carousel-prev\" title=\"Previous\"><\/button>\n\t<div class=\"fg-carousel-inner\">\n\t\t<div class=\"fg-carousel-center\"><\/div>\n\t\t<div class=\"fg-item fg-type-image fg-idle\"><figure class=\"fg-item-inner\"><a href=\"https:\/\/www.keturist.sk\/info\/wp-content\/uploads\/2021\/06\/hrad-paric3.jpg\" data-caption-title=\"Hrad Pari\u010d (zr\u00facanina)\" data-caption-desc=\"Hrad Pari\u010d (zr\u00facanina),  Fotograf: Jozef Mare\u010dek (https:\/\/www.facebook.com\/jozef.marecek.94)\" data-attachment-id=\"40256\" data-type=\"image\" class=\"fg-thumb\"><span class=\"fg-image-wrap\"><img decoding=\"async\" alt=\"Hrad Pari\u010d (zr\u00facanina)\" title=\"Hrad Pari\u010d (zr\u00facanina)\" width=\"200\" height=\"200\" class=\"skip-lazy fg-image\" data-src-fg=\"https:\/\/www.keturist.sk\/info\/wp-content\/uploads\/cache\/2021\/06\/hrad-paric3\/892099242.jpg\" src=\"data:image\/svg+xml,%3Csvg%20xmlns%3D%22http%3A%2F%2Fwww.w3.org%2F2000%2Fsvg%22%20width%3D%22200%22%20height%3D%22200%22%20viewBox%3D%220%200%20200%20200%22%3E%3C%2Fsvg%3E\" loading=\"eager\"><\/span><span class=\"fg-image-overlay\"><\/span><\/a><figcaption class=\"fg-caption\"><div class=\"fg-caption-inner\"><div class=\"fg-caption-title\">Hrad Pari\u010d (zr\u00facanina)<\/div><div class=\"fg-caption-desc\">Hrad Pari\u010d (zr\u00facanina),  Fotograf: Jozef Mare\u010dek (https:\/\/www.facebook.com\/jozef.marecek.94)<\/div><\/div><\/figcaption><\/figure><div class=\"fg-loader\"><\/div><\/div><div class=\"fg-item fg-type-image fg-idle\"><figure class=\"fg-item-inner\"><a href=\"https:\/\/www.keturist.sk\/info\/wp-content\/uploads\/2021\/06\/hrad-paric2.jpg\" data-caption-title=\"Park mesta Trebi\u0161ov\" data-caption-desc=\"Park mesta Trebi\u0161ov, Fotograf: Jozef Mare\u010dek (https:\/\/www.facebook.com\/jozef.marecek.94)\" data-attachment-id=\"40255\" data-type=\"image\" class=\"fg-thumb\"><span class=\"fg-image-wrap\"><img decoding=\"async\" alt=\"Park mesta Trebi\u0161ov\" title=\"Park mesta Trebi\u0161ov\" width=\"200\" height=\"200\" class=\"skip-lazy fg-image\" data-src-fg=\"https:\/\/www.keturist.sk\/info\/wp-content\/uploads\/cache\/2021\/06\/hrad-paric2\/2946896546.jpg\" src=\"data:image\/svg+xml,%3Csvg%20xmlns%3D%22http%3A%2F%2Fwww.w3.org%2F2000%2Fsvg%22%20width%3D%22200%22%20height%3D%22200%22%20viewBox%3D%220%200%20200%20200%22%3E%3C%2Fsvg%3E\" loading=\"eager\"><\/span><span class=\"fg-image-overlay\"><\/span><\/a><figcaption class=\"fg-caption\"><div class=\"fg-caption-inner\"><div class=\"fg-caption-title\">Park mesta Trebi\u0161ov<\/div><div class=\"fg-caption-desc\">Park mesta Trebi\u0161ov, Fotograf: Jozef Mare\u010dek (https:\/\/www.facebook.com\/jozef.marecek.94)<\/div><\/div><\/figcaption><\/figure><div class=\"fg-loader\"><\/div><\/div><div class=\"fg-item fg-type-image fg-idle\"><figure class=\"fg-item-inner\"><a href=\"https:\/\/www.keturist.sk\/info\/wp-content\/uploads\/2020\/05\/hrad-paric1.jpg\" data-caption-title=\"Hrad Pari\u010d (zr\u00facanina)\" data-caption-desc=\"Hrad Pari\u010d (zr\u00facanina),  Fotograf: Jozef Mare\u010dek (https:\/\/www.facebook.com\/jozef.marecek.94)\" data-attachment-id=\"40240\" data-type=\"image\" class=\"fg-thumb\"><span class=\"fg-image-wrap\"><img decoding=\"async\" alt=\"Hrad Pari\u010d (zr\u00facanina)\" title=\"Hrad Pari\u010d (zr\u00facanina)\" width=\"200\" height=\"200\" class=\"skip-lazy fg-image\" data-src-fg=\"https:\/\/www.keturist.sk\/info\/wp-content\/uploads\/cache\/2020\/05\/hrad-paric1\/3168034097.jpg\" src=\"data:image\/svg+xml,%3Csvg%20xmlns%3D%22http%3A%2F%2Fwww.w3.org%2F2000%2Fsvg%22%20width%3D%22200%22%20height%3D%22200%22%20viewBox%3D%220%200%20200%20200%22%3E%3C%2Fsvg%3E\" loading=\"eager\"><\/span><span class=\"fg-image-overlay\"><\/span><\/a><figcaption class=\"fg-caption\"><div class=\"fg-caption-inner\"><div class=\"fg-caption-title\">Hrad Pari\u010d (zr\u00facanina)<\/div><div class=\"fg-caption-desc\">Hrad Pari\u010d (zr\u00facanina),  Fotograf: Jozef Mare\u010dek (https:\/\/www.facebook.com\/jozef.marecek.94)<\/div><\/div><\/figcaption><\/figure><div class=\"fg-loader\"><\/div><\/div>\t<\/div>\n\t<div class=\"fg-carousel-bottom\"><\/div>\n\t<div class=\"fg-carousel-progress\"><\/div>\n\t<button type=\"button\" class=\"fg-carousel-next\" title=\"Next\"><\/button>\n<\/div>\n<h2><span style=\"color: #800000;\">Zauj\u00edmav\u00e9 odkazy<\/span><\/h2>\n<h3><span style=\"color: #808000;\">Bl\u00edzke stredisko, turistick\u00e9 centrum, obec alebo mesto:<\/span><\/h3>\n<ul>\n<li>Mesto trebi\u0161ov (\u010d\u00edtaj viac&#8230;)<\/li>\n<\/ul>\n<h2><span style=\"color: #800000;\">Mapy<\/span><\/h2>\n<p><strong>Vrstvy: <\/strong>Turistick\u00e1 mapa, Automapa, Cyklomapa, Ly\u017eiarska mapa, Satelitn\u00e1 mapa a OpenStreetMap.<\/p>\n<p><strong>Kliknut\u00edm na logo &#8222;Freemap.sk&#8220; sa V\u00e1m mapa zobraz\u00ed na celej ploche obrazovky.<\/strong><\/p>\n<p><iframe style=\"width: 900px; height: 500px; border: 0;\" src=\"https:\/\/www.freemap.sk\/?map=14\/48.621328\/21.727562&amp;info-point=48.621328\/21.727562,Hrad Pari\u010d (zr\u00facanina)&amp;layers=X&amp;embed=search\" allowfullscreen=\"allowfullscreen\"><span data-mce-type=\"bookmark\" style=\"display: inline-block; width: 0px; overflow: hidden; line-height: 0;\" class=\"mce_SELRES_start\">\ufeff<\/span><\/iframe><\/p>\n<h2><span style=\"color: #800000;\">Po\u010dasie<\/span><\/h2>\n<p><iframe style=\"width: 900px; height: 618px;\" src=\"https:\/\/www.meteoblue.com\/sk\/po%C4%8Dasie\/widget\/three\/trebi%c5%a1ov_slovensko_723358?geoloc=fixed&amp;nocurrent=0&amp;noforecast=0&amp;days=7&amp;tempunit=CELSIUS&amp;windunit=KILOMETER_PER_HOUR&amp;layout=image\" frameborder=\"0\" scrolling=\"NO\" sandbox=\"allow-same-origin allow-scripts allow-popups allow-popups-to-escape-sandbox\"><\/iframe><\/p>\n<div><!-- DO NOT REMOVE THIS LINK --><a href=\"https:\/\/www.meteoblue.com\/sk\/po%C4%8Dasie\/t%C3%BD%C5%BEde%C5%88\/trebi%c5%a1ov_slovensko_723358?utm_source=weather_widget&amp;utm_medium=linkus&amp;utm_content=three&amp;utm_campaign=Weather%2BWidget\" target=\"_blank\" rel=\"noopener\">meteoblue<\/a><\/div>\n<p><strong>Zdroj info:<\/strong> <a href=\"https:\/\/www.trebisov.sk\/\" target=\"_blank\" rel=\"noopener\">https:\/\/www.trebisov.sk\/<\/a><\/p>\n","protected":false},"excerpt":{"rendered":"<p>Podkateg\u00f3ria: Lokaliz\u00e1cia: Doln\u00fd Zempl\u00edn Tajomstvo hradu Pari\u010d Uprostred zelen\u00e9ho srdca mesta Trebi\u0161ov, v najv\u00e4\u010d\u0161om mestskom parku v strednej Eur\u00f3pe, stoj\u00ed tich\u00fd svedok b\u00farliv\u00fdch dej\u00edn \u2013 hrad Pari\u010d. Kedysi mocn\u00fd vodn\u00fd [&hellip;]<\/p>\n","protected":false},"author":1,"featured_media":40240,"parent":39934,"menu_order":0,"comment_status":"closed","ping_status":"closed","template":"","meta":{"_uag_custom_page_level_css":"","_monsterinsights_skip_tracking":false,"_monsterinsights_sitenote_active":false,"_monsterinsights_sitenote_note":"","_monsterinsights_sitenote_category":0,"footnotes":""},"class_list":["post-40204","page","type-page","status-publish","has-post-thumbnail","hentry"],"featured_image_src":"https:\/\/www.keturist.sk\/info\/wp-content\/uploads\/2020\/05\/hrad-paric1.jpg","featured_image_src_square":"https:\/\/www.keturist.sk\/info\/wp-content\/uploads\/2020\/05\/hrad-paric1.jpg","rbea_author_info":{"display_name":"admin","author_link":"https:\/\/www.keturist.sk\/info\/author\/admin\/"},"rbea_excerpt_info":"Podkateg\u00f3ria: Lokaliz\u00e1cia: Doln\u00fd Zempl\u00edn Tajomstvo hradu Pari\u010d Uprostred zelen\u00e9ho srdca mesta Trebi\u0161ov, v najv\u00e4\u010d\u0161om mestskom parku v strednej Eur\u00f3pe, stoj\u00ed tich\u00fd svedok b\u00farliv\u00fdch dej\u00edn \u2013 hrad Pari\u010d. Kedysi mocn\u00fd vodn\u00fd [&hellip;]","uagb_featured_image_src":{"full":["https:\/\/www.keturist.sk\/info\/wp-content\/uploads\/2020\/05\/hrad-paric1.jpg",1000,667,false],"thumbnail":["https:\/\/www.keturist.sk\/info\/wp-content\/uploads\/2020\/05\/hrad-paric1-270x180.jpg",270,180,true],"medium":["https:\/\/www.keturist.sk\/info\/wp-content\/uploads\/2020\/05\/hrad-paric1-800x534.jpg",800,534,true],"medium_large":["https:\/\/www.keturist.sk\/info\/wp-content\/uploads\/2020\/05\/hrad-paric1-768x512.jpg",768,512,true],"large":["https:\/\/www.keturist.sk\/info\/wp-content\/uploads\/2020\/05\/hrad-paric1.jpg",1000,667,false],"1536x1536":["https:\/\/www.keturist.sk\/info\/wp-content\/uploads\/2020\/05\/hrad-paric1.jpg",1000,667,false],"2048x2048":["https:\/\/www.keturist.sk\/info\/wp-content\/uploads\/2020\/05\/hrad-paric1.jpg",1000,667,false]},"uagb_author_info":{"display_name":"admin","author_link":"https:\/\/www.keturist.sk\/info\/author\/admin\/"},"uagb_comment_info":0,"uagb_excerpt":"Podkateg\u00f3ria: Lokaliz\u00e1cia: Doln\u00fd Zempl\u00edn Tajomstvo hradu Pari\u010d Uprostred zelen\u00e9ho srdca mesta Trebi\u0161ov, v najv\u00e4\u010d\u0161om mestskom parku v strednej Eur\u00f3pe, stoj\u00ed tich\u00fd svedok b\u00farliv\u00fdch dej\u00edn \u2013 hrad Pari\u010d. Kedysi mocn\u00fd vodn\u00fd [&hellip;]","_links":{"self":[{"href":"https:\/\/www.keturist.sk\/info\/wp-json\/wp\/v2\/pages\/40204","targetHints":{"allow":["GET"]}}],"collection":[{"href":"https:\/\/www.keturist.sk\/info\/wp-json\/wp\/v2\/pages"}],"about":[{"href":"https:\/\/www.keturist.sk\/info\/wp-json\/wp\/v2\/types\/page"}],"author":[{"embeddable":true,"href":"https:\/\/www.keturist.sk\/info\/wp-json\/wp\/v2\/users\/1"}],"replies":[{"embeddable":true,"href":"https:\/\/www.keturist.sk\/info\/wp-json\/wp\/v2\/comments?post=40204"}],"version-history":[{"count":18,"href":"https:\/\/www.keturist.sk\/info\/wp-json\/wp\/v2\/pages\/40204\/revisions"}],"predecessor-version":[{"id":73545,"href":"https:\/\/www.keturist.sk\/info\/wp-json\/wp\/v2\/pages\/40204\/revisions\/73545"}],"up":[{"embeddable":true,"href":"https:\/\/www.keturist.sk\/info\/wp-json\/wp\/v2\/pages\/39934"}],"wp:featuredmedia":[{"embeddable":true,"href":"https:\/\/www.keturist.sk\/info\/wp-json\/wp\/v2\/media\/40240"}],"wp:attachment":[{"href":"https:\/\/www.keturist.sk\/info\/wp-json\/wp\/v2\/media?parent=40204"}],"curies":[{"name":"wp","href":"https:\/\/api.w.org\/{rel}","templated":true}]}}