{"id":40199,"date":"2021-06-23T06:22:04","date_gmt":"2021-06-23T04:22:04","guid":{"rendered":"https:\/\/www.keturist.sk\/info\/?page_id=40199"},"modified":"2026-01-21T17:32:13","modified_gmt":"2026-01-21T16:32:13","slug":"barokovo-klasicisticky-kastiel","status":"publish","type":"page","link":"https:\/\/www.keturist.sk\/info\/kam-za-pamiatkami\/kam-za-pamiatkami-smer-zemplin\/hrady-a-kastiele\/barokovo-klasicisticky-kastiel\/","title":{"rendered":"Barokovo-klasicistick\u00fd ka\u0161tie\u013e v Trebi\u0161ove"},"content":{"rendered":"<a href=\"https:\/\/www.keturist.sk\/info\/\" class=\"su-button su-button-style-default\" style=\"color:#000000;background-color:#FFCF2F;border-color:#cca626;border-radius:5px\" target=\"_self\"><span style=\"color:#000000;padding:6px 16px;font-size:13px;line-height:20px;border-color:#ffde6e;border-radius:5px;text-shadow:none\"><i class=\"sui sui-arrow-right\" style=\"font-size:13px;color:#000000\"><\/i>  Spravodaj <\/span><\/a>\n<a href=\"https:\/\/www.keturist.sk\/info\/tipy-na-vylety\/\" class=\"su-button su-button-style-default\" style=\"color:#000000;background-color:#FFCF2F;border-color:#cca626;border-radius:5px\" target=\"_self\"><span style=\"color:#000000;padding:6px 16px;font-size:13px;line-height:20px;border-color:#ffde6e;border-radius:5px;text-shadow:none\"><i class=\"sui sui-arrow-right\" style=\"font-size:13px;color:#000000\"><\/i>  TIPY NA V\u00ddLETY <\/span><\/a>\n<a href=\"https:\/\/www.keturist.sk\/info\/kam-za-pamiatkami\/\" class=\"su-button su-button-style-default\" style=\"color:#000000;background-color:#FFCF2F;border-color:#cca626;border-radius:5px\" target=\"_self\"><span style=\"color:#000000;padding:6px 16px;font-size:13px;line-height:20px;border-color:#ffde6e;border-radius:5px;text-shadow:none\"><i class=\"sui sui-arrow-right\" style=\"font-size:13px;color:#000000\"><\/i>  Kam za pamiatkami <\/span><\/a>\n<a href=\"https:\/\/www.keturist.sk\/info\/kam-za-pamiatkami\/kam-za-pamiatkami-smer-zemplin\/\" class=\"su-button su-button-style-default\" style=\"color:#000000;background-color:#FFCF2F;border-color:#cca626;border-radius:5px\" target=\"_self\"><span style=\"color:#000000;padding:6px 16px;font-size:13px;line-height:20px;border-color:#ffde6e;border-radius:5px;text-shadow:none\"><i class=\"sui sui-arrow-right\" style=\"font-size:13px;color:#000000\"><\/i>  smer Doln\u00fd Zempl\u00edn <\/span><\/a>\n<div class=\"su-divider su-divider-style-default\" style=\"margin:15px 0;border-width:0px;border-color:#000000\"><\/div>\n<p><strong>Podkateg\u00f3ria: <\/strong> <a href=\"https:\/\/www.keturist.sk\/info\/kam-za-pamiatkami\/kam-za-pamiatkami-smer-zemplin\/hrady-a-kastiele\/\" class=\"su-button su-button-style-default\" style=\"color:#000000;background-color:#afd144;border-color:#8ca837;border-radius:5px\" target=\"_self\"><span style=\"color:#000000;padding:6px 16px;font-size:13px;line-height:20px;border-color:#c7df7d;border-radius:5px;text-shadow:none\"><i class=\"sui sui-arrow-right\" style=\"font-size:13px;color:#000000\"><\/i>  Hrady a ka\u0161tiele <\/span><\/a>\n<div class=\"su-divider su-divider-style-default\" style=\"margin:15px 0;border-width:0px;border-color:#000000\"><\/div>\n<p><strong>Lokaliz\u00e1cia: <\/strong> <a href=\"https:\/\/www.keturist.sk\/info\/vseobecne-informacie\/zemplin\/\">Doln\u00fd Zempl\u00edn<\/a><\/p>\n<div class=\"su-divider su-divider-style-default\" style=\"margin:15px 0;border-width:2px;border-color:#000000\"><\/div>\n<figure id=\"attachment_42553\" aria-describedby=\"caption-attachment-42553\" style=\"width: 900px\" class=\"wp-caption aligncenter\"><a href=\"https:\/\/www.keturist.sk\/info\/wp-content\/uploads\/2021\/10\/kastiel-trebisov5.jpg\" data-src=\"https:\/\/www.keturist.sk\/info\/wp-content\/uploads\/2021\/10\/kastiel-trebisov5.jpg\" data-thumb=\"https:\/\/www.keturist.sk\/info\/wp-content\/uploads\/2021\/10\/kastiel-trebisov5-800x534.jpg\" class=\"ml-lightbox-enabled\"><img loading=\"lazy\" decoding=\"async\" class=\"wp-image-42553\" src=\"https:\/\/www.keturist.sk\/info\/wp-content\/uploads\/2021\/10\/kastiel-trebisov5-800x534.jpg\" alt=\"Barokovo-klasicistick\u00fd ka\u0161tie\u013e v Trebi\u0161ove\" width=\"900\" height=\"600\" srcset=\"https:\/\/www.keturist.sk\/info\/wp-content\/uploads\/2021\/10\/kastiel-trebisov5-800x534.jpg 800w, https:\/\/www.keturist.sk\/info\/wp-content\/uploads\/2021\/10\/kastiel-trebisov5-270x180.jpg 270w, https:\/\/www.keturist.sk\/info\/wp-content\/uploads\/2021\/10\/kastiel-trebisov5-768x512.jpg 768w, https:\/\/www.keturist.sk\/info\/wp-content\/uploads\/2021\/10\/kastiel-trebisov5.jpg 1000w\" sizes=\"auto, (max-width: 900px) 100vw, 900px\" \/><\/a><figcaption id=\"caption-attachment-42553\" class=\"wp-caption-text\">Barokovo-klasicistick\u00fd ka\u0161tie\u013e v Trebi\u0161ove, Fotograf: Jozef Mare\u010dek (https:\/\/www.facebook.com\/jozef.marecek.94)<\/figcaption><\/figure>\n<div class=\"su-divider su-divider-style-default\" style=\"margin:15px 0;border-width:2px;border-color:#000000\"><\/div>\n<h2 data-start=\"0\" data-end=\"62\"><span style=\"color: #800000;\">Ka\u0161tie\u013e, ktor\u00fd vyr\u00e1stol z ru\u00edn a str\u00e1\u017ei pam\u00e4\u0165 Zempl\u00edna<\/span><\/h2>\n<p data-start=\"64\" data-end=\"461\">Ke\u010f v roku <strong data-start=\"75\" data-end=\"83\">1786<\/strong> gr\u00f3f <strong data-start=\"89\" data-end=\"104\">Imrich \u010c\u00e1ki<\/strong> nechal postavi\u0165 <strong data-start=\"121\" data-end=\"167\">barokovo-klasicistick\u00fd ka\u0161tie\u013e v Trebi\u0161ove<\/strong>, urobil to z kame\u0148ov zaniknut\u00e9ho <strong data-start=\"201\" data-end=\"216\">hradu Pari\u010d<\/strong>. Hovor\u00ed sa, \u017ee spolu s nimi do m\u00farov preniesol aj jeho <strong data-start=\"272\" data-end=\"281\">pam\u00e4\u0165<\/strong>. V tich\u00fdch ve\u010deroch, ke\u010f sa <strong data-start=\"310\" data-end=\"329\">historick\u00fd park<\/strong> ponor\u00ed do tie\u0148ov a <strong data-start=\"349\" data-end=\"360\">jazerko<\/strong> zrkadl\u00ed ve\u017ee ka\u0161tie\u013ea, vraj mo\u017eno e\u0161te za\u010du\u0165 <strong data-start=\"406\" data-end=\"431\">ozvenu konsk\u00fdch kop\u00fdt<\/strong> a vzdialen\u00e9 <strong data-start=\"444\" data-end=\"460\">loveck\u00e9 rohy<\/strong>.<\/p>\n<p data-start=\"463\" data-end=\"747\">Ka\u0161tie\u013e bol svedkom <strong data-start=\"483\" data-end=\"528\">ve\u013ekolep\u00fdch po\u013eova\u010diek na sv\u00e4t\u00e9ho Huberta<\/strong>, ke\u010f sa \u0161\u013eachta stret\u00e1vala pod <strong data-start=\"560\" data-end=\"587\">reprezenta\u010dn\u00fdm balk\u00f3nom<\/strong> so <strong data-start=\"591\" data-end=\"601\">st\u013apmi<\/strong> a park o\u017e\u00edval <strong data-start=\"616\" data-end=\"633\">svetlom fakl\u00ed<\/strong>. V zime sa na jazierku <strong data-start=\"657\" data-end=\"672\">kor\u010du\u013eovalo<\/strong>, v lete sa po jeho hladine ticho k\u013azali <strong data-start=\"713\" data-end=\"746\">\u010dlny medzi kvitn\u00facimi leknami<\/strong>.<\/p>\n<p data-start=\"749\" data-end=\"1118\" data-is-last-node=\"\" data-is-only-node=\"\">\u010casy sa menili \u2013 ka\u0161tie\u013e sl\u00fa\u017eil aj ako <strong data-start=\"788\" data-end=\"801\">nemocnica<\/strong>, nesk\u00f4r <strong data-start=\"810\" data-end=\"821\">ch\u00e1tral<\/strong>, no na svoj pr\u00edbeh <strong data-start=\"841\" data-end=\"854\">nezabudol<\/strong>. Dnes stoj\u00ed <strong data-start=\"867\" data-end=\"886\">zrekon\u0161truovan\u00fd<\/strong>, pokojn\u00fd a d\u00f4stojn\u00fd, ako <strong data-start=\"912\" data-end=\"946\">str\u00e1\u017eca dej\u00edn ju\u017en\u00e9ho Zempl\u00edna<\/strong>. N\u00e1v\u0161tevn\u00edkom nepon\u00faka len <strong data-start=\"974\" data-end=\"996\">m\u00fazeum a expoz\u00edcie<\/strong>, ale aj tich\u00e9 posolstvo: \u017ee <strong data-start=\"1025\" data-end=\"1061\">minulos\u0165 nikdy celkom neodch\u00e1dza<\/strong> \u2013 iba \u010dak\u00e1, k\u00fdm sa pri nej niekto na chv\u00ed\u013eu <strong data-start=\"1106\" data-end=\"1117\">zastav\u00ed<\/strong>.<\/p>\n<h2 class=\"text-text-100 mt-3 -mb-1 text-[1.375rem] font-bold\"><span style=\"color: #800000;\">\u010co je Barokovo-klasicistick\u00fd ka\u0161tie\u013e v Trebi\u0161ove?<\/span><\/h2>\n<p class=\"font-claude-response-body break-words whitespace-normal leading-[1.7]\"><strong>Barokovo-klasicistick\u00fd ka\u0161tie\u013e v Trebi\u0161ove<\/strong> je unik\u00e1tna kult\u00farna pamiatka, ktor\u00e1 sa nach\u00e1dza v srdci mesta Trebi\u0161ov. Tento <strong>neskorobarokov\u00fd ka\u0161tie\u013e<\/strong>, nesk\u00f4r <strong>klasicisticky upraven\u00fd<\/strong>, dal postavi\u0165 v roku 1786 gr\u00f3f Imrich \u010c\u00e1ki (Cs\u00e1ky).<\/p>\n<h2 class=\"text-text-100 mt-3 -mb-1 text-[1.125rem] font-bold\"><span style=\"color: #800000;\">Ak\u00e1 je hist\u00f3ria a architekt\u00fara ka\u0161tie\u013ea?<\/span><\/h2>\n<h3 class=\"text-text-100 mt-2 -mb-1 text-base font-bold\"><span style=\"color: #808000;\">Kedy a pre\u010do bol ka\u0161tie\u013e postaven\u00fd?<\/span><\/h3>\n<p class=\"font-claude-response-body break-words whitespace-normal leading-[1.7]\"><strong>Ka\u0161tie\u013e v Trebi\u0161ove<\/strong> vznikol v roku 1786 ako dvojpodla\u017en\u00e1 stavba, ktor\u00e1 bola postaven\u00e1 presne 100 rokov po zni\u010den\u00ed <a href=\"https:\/\/www.keturist.sk\/info\/kam-za-pamiatkami\/kam-za-pamiatkami-smer-zemplin\/hrady-a-kastiele\/hrad-paric-zrucanina\/\">hradu Pari\u010d<\/a>. \u010cas\u0165 materi\u00e1lu z tohto <strong>zr\u00facan\u00e9ho hradu<\/strong> bola pou\u017eit\u00e1 pri jeho v\u00fdstavbe, \u010d\u00edm sa hist\u00f3ria prepojila s novou architektonickou skvostnou pamiatkou.<\/p>\n<h3 class=\"text-text-100 mt-2 -mb-1 text-base font-bold\"><span style=\"color: #808000;\">Ak\u00e9 s\u00fa charakteristick\u00e9 architektonick\u00e9 prvky ka\u0161tie\u013ea?<\/span><\/h3>\n<p class=\"font-claude-response-body break-words whitespace-normal leading-[1.7]\"><strong>Barokov\u00fd ka\u0161tie\u013e<\/strong> m\u00e1 na prie\u010del\u00ed dve postrann\u00e9 <strong>barokov\u00e9 ve\u017ee<\/strong>, ktor\u00e9 boli pristaven\u00e9 v poslednej tretine 19. storo\u010dia. Fas\u00e1du objektu \u010dlenia lizeny, pri\u010dom jej dominantn\u00e9 prvky tvoria <strong>barokov\u00fd \u0161t\u00edt<\/strong> a reprezenta\u010dn\u00fd <strong>balk\u00f3n<\/strong>, ktor\u00fd podopiera osem <strong>klasicistick\u00fdch st\u013apov<\/strong>.<\/p>\n<p class=\"font-claude-response-body break-words whitespace-normal leading-[1.7]\">V <strong>barokovom \u0161t\u00edte<\/strong> stredn\u00e9ho rizalitu n\u00e1jdete plastick\u00fd <strong>erb rodiny \u010c\u00e1kiovcov<\/strong> (Cs\u00e1kyovcov). Paralelne s n\u00edm sa nach\u00e1dza plastick\u00fd znak, ktor\u00fd je symbolom lovu. Z tohto h\u013eadiska sa pravdepodobne jednalo o <strong>loveck\u00fd ka\u0161tie\u013e<\/strong>.<\/p>\n<h3 class=\"text-text-100 mt-2 -mb-1 text-base font-bold\"><span style=\"color: #808000;\">\u010co potvrdzuje funkciu ka\u0161tie\u013ea ako loveck\u00e9ho s\u00eddla?<\/span><\/h3>\n<p class=\"font-claude-response-body break-words whitespace-normal leading-[1.7]\">T\u00fato skuto\u010dnos\u0165 potvrdzuje K. K\u00e1rolyiov\u00e1-Andr\u00e1\u0161iov\u00e1 (Andr\u00e1ssyov\u00e1) v knihe \u010cerven\u00e1 gr\u00f3fka spom\u00edna. Z jej spomienok vypl\u00fdva, \u017ee ka\u017edoro\u010dne 3. novembra na sv\u00e4t\u00e9ho Huberta sa za\u010d\u00ednali v <strong>Trebi\u0161ove<\/strong> a jeho okol\u00ed ve\u013ekolep\u00e9 hony na l\u00ed\u0161ku.<\/p>\n<h3 class=\"text-text-100 mt-2 -mb-1 text-base font-bold\"><span style=\"color: #808000;\">Ako vyzer\u00e1 zadn\u00e1 \u010das\u0165 ka\u0161tie\u013ea?<\/span><\/h3>\n<p class=\"font-claude-response-body break-words whitespace-normal leading-[1.7]\">Zadn\u00fa \u010das\u0165 <strong>ka\u0161tie\u013ea<\/strong> tvoria dve bo\u010dn\u00e9 kr\u00eddla so \u0161t\u00edtov\u00fdmi fas\u00e1dami, ktor\u00e9 maj\u00fa charakter \u010destn\u00e9ho dvora.<\/p>\n<h2 class=\"text-text-100 mt-3 -mb-1 text-[1.125rem] font-bold\"><span style=\"color: #800000;\">Ak\u00fd bol p\u00f4vodn\u00fd interi\u00e9r a v\u00fdbava ka\u0161tie\u013ea?<\/span><\/h2>\n<p class=\"font-claude-response-body break-words whitespace-normal leading-[1.7]\">V interi\u00e9roch <strong>ka\u0161tie\u013ea v Trebi\u0161ove<\/strong> boli p\u00f4vodne mozaikov\u00e9 parkety, intarzovan\u00fd dobov\u00fd n\u00e1bytok, cenn\u00e9 umeleck\u00e9 diela, plastiky, drah\u00e9 umeleck\u00e9 v\u00fdrobky, tkan\u00e9 z\u00e1vesy, cenn\u00e9 koberce, porcel\u00e1n, striebro, c\u00edn a in\u00e9 luxusn\u00e9 v\u00fdrobky.<\/p>\n<p class=\"font-claude-response-body break-words whitespace-normal leading-[1.7]\">Nech\u00fdbali ani umelecky kovan\u00e9 mre\u017ee, plot okolo <strong>ka\u0161tie\u013ea<\/strong>, balustr\u00e1da, font\u00e1ny a in\u00e9 architektonick\u00e9 prvky v exteri\u00e9roch.<\/p>\n<h3 class=\"text-text-100 mt-2 -mb-1 text-base font-bold\"><span style=\"color: #808000;\">Kde sa nach\u00e1dza p\u00f4vodn\u00e9 vybavenie ka\u0161tie\u013ea?<\/span><\/h3>\n<p class=\"font-claude-response-body break-words whitespace-normal leading-[1.7]\">Najcennej\u0161ie \u010dasti interi\u00e9ru boli v roku 1914 odvezen\u00e9 do Budape\u0161ti a \u010das\u0165 do Tiszadobu v Sabol\u010dskej \u017eupe.<\/p>\n<h2 class=\"text-text-100 mt-3 -mb-1 text-[1.125rem] font-bold\"><span style=\"color: #800000;\">Ako sa ka\u0161tie\u013e vyu\u017e\u00edval po\u010das 20. storo\u010dia?<\/span><\/h2>\n<p class=\"font-claude-response-body break-words whitespace-normal leading-[1.7]\">O are\u00e1l s <strong>ka\u0161tie\u013eom<\/strong> dbal do rozpadu Rak\u00fasko-Uhorska a aj po vzniku medzivojnovej \u010cSR spr\u00e1vca andr\u00e1\u0161iovsk\u00e9ho majetku Franti\u0161ek Malonay.<\/p>\n<h3 class=\"text-text-100 mt-2 -mb-1 text-base font-bold\"><span style=\"color: #808000;\">Ak\u00e9 funkcie ka\u0161tie\u013e plnil v modernej hist\u00f3rii?<\/span><\/h3>\n<p class=\"font-claude-response-body break-words whitespace-normal leading-[1.7]\">V rokoch 1949 \u2013 1978 sl\u00fa\u017eil <strong>ka\u0161tie\u013e<\/strong> s are\u00e1lom Nemocnici s poliklinikou v <strong>Trebi\u0161ove<\/strong>. Jeho p\u00f4vodn\u00fd interi\u00e9r bol zna\u010dne naru\u0161en\u00fd a prisp\u00f4soben\u00fd potreb\u00e1m zdravotn\u00edctva.<\/p>\n<p class=\"font-claude-response-body break-words whitespace-normal leading-[1.7]\">Po vys\u0165ahovan\u00ed nemocnice s poliklinikou <strong>ka\u0161tie\u013e<\/strong> nieko\u013eko rokov ch\u00e1tral.<\/p>\n<h2 class=\"text-text-100 mt-3 -mb-1 text-[1.125rem] font-bold\"><span style=\"color: #800000;\">Ako prebehla rekon\u0161trukcia ka\u0161tie\u013ea?<\/span><\/h2>\n<h3 class=\"text-text-100 mt-2 -mb-1 text-base font-bold\"><span style=\"color: #808000;\">Kedy a ako sa ka\u0161tie\u013e zrekon\u0161truoval?<\/span><\/h3>\n<p class=\"font-claude-response-body break-words whitespace-normal leading-[1.7]\">V roku 1982 za\u010dal Pamiatkostav \u0161.p. \u017dilina <strong>rekon\u0161trukciu objektu<\/strong> na z\u00e1klade projektovej dokument\u00e1cie spracovanej Projektov\u00fdm \u00fastavom kult\u00fary v Pre\u0161ove.<\/p>\n<p class=\"font-claude-response-body break-words whitespace-normal leading-[1.7]\">Projektov\u00fa dokument\u00e1ciu schv\u00e1lil a <strong>rekon\u0161trukciu<\/strong> financoval Krajsk\u00fd \u00fastav \u0161t\u00e1tnej pamiatkovej starostlivosti a ochrany pr\u00edrody v Pre\u0161ove.<\/p>\n<p class=\"font-claude-response-body break-words whitespace-normal leading-[1.7]\">Prv\u00e1 etapa <strong>rekon\u0161trukcie<\/strong> bola ukon\u010den\u00e1 k 1. 12. 1987, ke\u010f bola v <strong>ka\u0161tieli<\/strong> sl\u00e1vnostne otvoren\u00e1 expoz\u00edcia Cestami pr\u00e1ce a bojov za chlieb, ktor\u00e1 dokumentovala dejiny po\u013enohospod\u00e1rstva na V\u00fdchodnom Slovensku od neolitu po s\u00fa\u010dasnos\u0165.<\/p>\n<h2 class=\"text-text-100 mt-3 -mb-1 text-[1.125rem] font-bold\"><span style=\"color: #800000;\">\u010co m\u00f4\u017eete nav\u0161t\u00edvi\u0165 v ka\u0161tieli dnes?<\/span><\/h2>\n<p class=\"font-claude-response-body break-words whitespace-normal leading-[1.7]\">V s\u00fa\u010dasnosti je <strong>ka\u0161tie\u013e<\/strong> s\u00eddlom <strong>Vlastivedn\u00e9ho m\u00fazea<\/strong>, ktor\u00e9 m\u00e1 v \u0148om a v pri\u013eahl\u00fdch pamiatkovo chr\u00e1nen\u00fdch objektoch svoje expoz\u00edcie.<\/p>\n<h3 class=\"text-text-100 mt-2 -mb-1 text-base font-bold\"><span style=\"color: #808000;\">Ak\u00e9 je s\u00fa\u010dasn\u00e9 vyu\u017eitie ka\u0161tie\u013ea?<\/span><\/h3>\n<p class=\"font-claude-response-body break-words whitespace-normal leading-[1.7]\">Dnes je <strong>ka\u0161tie\u013e<\/strong> s\u00eddlom <strong>M\u00fazea a Kult\u00farneho centra ju\u017en\u00e9ho Zempl\u00edna<\/strong> s expoz\u00edciami o <strong>region\u00e1lnej hist\u00f3rii<\/strong>. N\u00e1v\u0161tevn\u00edci m\u00f4\u017eu presk\u00fama\u0165 interi\u00e9ry a <strong>park<\/strong>; otv\u00e1racie hodiny s\u00fa limitovan\u00e9, s vstupom na cel\u00e9 hodiny.<\/p>\n<h2 class=\"text-text-100 mt-3 -mb-1 text-[1.125rem] font-bold\"><span style=\"color: #800000;\">Ak\u00e9 \u010fal\u0161ie budovy patria k are\u00e1lu ka\u0161tie\u013ea?<\/span><\/h2>\n<p class=\"font-claude-response-body break-words whitespace-normal leading-[1.7]\">S\u00fa\u010das\u0165ou are\u00e1lu <strong>ka\u0161tie\u013ea<\/strong> s\u00fa aj pr\u00edzemn\u00e9 p\u00f4vodne <strong>barokov\u00e9 budovy<\/strong> so \u0161t\u00edtov\u00fdmi fas\u00e1dami, ktor\u00e9 boli nesk\u00f4r upravovan\u00e9.<\/p>\n<p class=\"font-claude-response-body break-words whitespace-normal leading-[1.7]\"><strong>Are\u00e1l ka\u0161tie\u013ea<\/strong> zah\u0155\u0148a <strong>barokov\u00e9 stavby<\/strong> ako jazdiare\u0148, ma\u0161ta\u013e (koniare\u0148), \u010de\u013eadinec, hospod\u00e1rska budova a kuchy\u0148a, ktor\u00e9 si a\u017e na ma\u0161ta\u013e (koniare\u0148) zachovali svoje <strong>barokov\u00e9 slohov\u00e9 prvky<\/strong> a s\u00fa prirodzenou s\u00fa\u010das\u0165ou tohto <strong>\u0161\u013eachtick\u00e9ho s\u00eddla<\/strong>.<\/p>\n<h2 class=\"text-text-100 mt-3 -mb-1 text-[1.125rem] font-bold\"><span style=\"color: #800000;\">Ak\u00fd park obklopuje ka\u0161tie\u013e?<\/span><\/h2>\n<h3 class=\"text-text-100 mt-2 -mb-1 text-base font-bold\"><span style=\"color: #808000;\">Kedy a ako vznikol historick\u00fd park?<\/span><\/h3>\n<p class=\"font-claude-response-body break-words whitespace-normal leading-[1.7]\">Koncom 18. storo\u010dia sa s\u00fa\u010dasne s v\u00fdstavbou <strong>ka\u0161tie\u013ea<\/strong> za\u010dal z <strong>lu\u017en\u00e9ho lesa<\/strong> vytv\u00e1ra\u0165 <strong>historick\u00fd park<\/strong>.<\/p>\n<p class=\"font-claude-response-body break-words whitespace-normal leading-[1.7]\">Postupne vznikol <strong>rozsiahly anglick\u00fd krajin\u00e1rsky park<\/strong> (62 ha) vytvoren\u00fd od konca 18. storo\u010dia z <strong>lu\u017en\u00e9ho lesa<\/strong>, s <strong>cudzokrajn\u00fdmi drevinami<\/strong> a \u00fapravami vr\u00e1tane <strong>franc\u00fazskej z\u00e1hrady<\/strong> v rokoch 1890 \u2013 1905, ke\u010f do\u0161lo k \u00faprave \u010destn\u00e9ho dvora.<\/p>\n<h3 class=\"text-text-100 mt-2 -mb-1 text-base font-bold\"><span style=\"color: #808000;\">Ak\u00e9 prvky zdobili park?<\/span><\/h3>\n<p class=\"font-claude-response-body break-words whitespace-normal leading-[1.7]\">V niektor\u00fdch \u010dastiach <strong>parku<\/strong> boli postaven\u00e9 alt\u00e1nky, font\u00e1ny, akv\u00e1ri\u00e1, koncertn\u00e9 terasy, antick\u00e9 plastiky, ktor\u00e9 mu dod\u00e1vali kultivovanej\u0161\u00ed charakter.<\/p>\n<h3 class=\"text-text-100 mt-2 -mb-1 text-base font-bold\"><span style=\"color: #808000;\">Nach\u00e1dza sa v parku jazierko?<\/span><\/h3>\n<p class=\"font-claude-response-body break-words whitespace-normal leading-[1.7]\">\u00c1no, v <strong>parku<\/strong> okolo <strong>barokovo-klasicistick\u00e9ho ka\u0161tie\u013ea v Trebi\u0161ove<\/strong> sa nach\u00e1dza <strong>jazierko<\/strong>.<\/p>\n<p class=\"font-claude-response-body break-words whitespace-normal leading-[1.7]\"><strong>Jazierko<\/strong> je s\u00fa\u010das\u0165ou pr\u00edrodno-krajin\u00e1rskej \u010dasti rozsiahleho <strong>anglick\u00e9ho parku<\/strong> (62 ha), pridanej v 19. storo\u010d\u00ed. M\u00e1 ostrov, zrkadlov\u00fa plochu odr\u00e1\u017eaj\u00facu okolit\u00e9 porasty, a nach\u00e1dza sa pri \u0148om <strong>pseudogotick\u00e9 mauz\u00f3leum rodiny Andr\u00e1ssyovcov<\/strong> postaven\u00e9 z vy\u0165a\u017eenej zeme.<\/p>\n<h3 class=\"text-text-100 mt-2 -mb-1 text-base font-bold\"><span style=\"color: #808000;\">Ako sa jazierko vyu\u017e\u00edvalo historicky?<\/span><\/h3>\n<p class=\"font-claude-response-body break-words whitespace-normal leading-[1.7]\">P\u00f4vodne sl\u00fa\u017eilo na \u010dlnkovanie, bolo doplnen\u00e9 font\u00e1nami, most\u00edkmi a pot\u00f4\u010dikmi pod\u013ea <strong>anglick\u00e9ho \u0161t\u00fdlu<\/strong>. V lete kvitn\u00fa lekn\u00e1 a v zime sa vyu\u017e\u00edva na kor\u010du\u013eovanie.<\/p>\n<h3 class=\"text-text-100 mt-2 -mb-1 text-base font-bold\"><span style=\"color: #808000;\">Na \u010do sl\u00fa\u017ei jazierko dnes?<\/span><\/h3>\n<p class=\"font-claude-response-body break-words whitespace-normal leading-[1.7]\"><strong>Jazierko v parku<\/strong> pri <strong>ka\u0161tieli v Trebi\u0161ove<\/strong> sl\u00fa\u017ei dnes predov\u0161etk\u00fdm na rekrea\u010dn\u00e9 a oddychov\u00e9 \u00fa\u010dely v r\u00e1mci <strong>mestsk\u00e9ho parku<\/strong>.<\/p>\n<h3 class=\"text-text-100 mt-2 -mb-1 text-base font-bold\"><span style=\"color: #808000;\">Ak\u00e9 letn\u00e9 aktivity pon\u00faka jazierko?<\/span><\/h3>\n<p class=\"font-claude-response-body break-words whitespace-normal leading-[1.7]\">Po\u010das tepl\u00fdch mesiacov umo\u017e\u0148uje \u010dlnkovanie a pozorovanie pr\u00edrody, vr\u00e1tane lekn\u00ed a vt\u00e1kov; <strong>park<\/strong> je otvoren\u00fd nepretr\u017eite pre verejnos\u0165.<\/p>\n<h3 class=\"text-text-100 mt-2 -mb-1 text-base font-bold\"><span style=\"color: #808000;\">Ako sa jazierko vyu\u017e\u00edva v zime?<\/span><\/h3>\n<p class=\"font-claude-response-body break-words whitespace-normal leading-[1.7]\">V tuhej zime sa men\u00ed na kor\u010duliarske ihrisko, s pravidelnou \u00fadr\u017ebou ako prevzdu\u0161\u0148ovanie pre bezpe\u010dnos\u0165.<\/p>\n<h3 class=\"text-text-100 mt-2 -mb-1 text-base font-bold\"><span style=\"color: #808000;\">Ak\u00fa ekologick\u00fa \u00falohu m\u00e1 jazierko?<\/span><\/h3>\n<p class=\"font-claude-response-body break-words whitespace-normal leading-[1.7]\">Prispieva k biodiverzite <strong>parku<\/strong> s rybami a oboj\u017eiveln\u00edkmi, hoci niektor\u00e9 zdroje spom\u00ednaj\u00fa potrebu \u010distenia vody.<\/p>\n<h3 class=\"text-text-100 mt-2 -mb-1 text-base font-bold\"><span style=\"color: #808000;\">Ako prebehla rekon\u0161trukcia parku?<\/span><\/h3>\n<p class=\"font-claude-response-body break-words whitespace-normal leading-[1.7]\">S\u00fa\u010dasne s <strong>rekon\u0161trukciou<\/strong> a prestavbou <strong>ka\u0161tie\u013ea<\/strong> na muze\u00e1lne \u00fa\u010dely zabezpe\u010doval Krajsk\u00fd \u00fastav \u0161t\u00e1tnej pamiatkovej starostlivosti a ochrany pr\u00edrody v Pre\u0161ove biologick\u00fa <strong>rekon\u0161trukciu<\/strong> muze\u00e1lnej \u010dasti mestsk\u00e9ho parku.<\/p>\n<h2 class=\"text-text-100 mt-3 -mb-1 text-[1.125rem] font-bold\"><span style=\"color: #800000;\">Ak\u00e9 s\u00fa rozmery a charakteristiky parku?<\/span><\/h2>\n<p class=\"font-claude-response-body break-words whitespace-normal leading-[1.7]\"><strong>Park<\/strong> vznikol z p\u00f4vodn\u00e9ho z\u00e1topov\u00e9ho <strong>lu\u017en\u00e9ho lesa<\/strong> a roz\u0161\u00edril sa na ploche 62 ha, \u010d\u00edm patr\u00ed medzi najv\u00e4\u010d\u0161ie <strong>parkov\u00e9 are\u00e1ly<\/strong> regi\u00f3nu.<\/p>\n<p class=\"font-claude-response-body break-words whitespace-normal leading-[1.7]\">Nach\u00e1dza sa v \u0148om historick\u00e1 i n\u00e1letov\u00e1 zele\u0148, ktor\u00fa tvoria ihli\u010dnat\u00e9, <strong>listnat\u00e9 stromy<\/strong>, kroviny a rastliny.<\/p>\n<h3 class=\"text-text-100 mt-2 -mb-1 text-base font-bold\"><span style=\"color: #808000;\">Ak\u00e9 vz\u00e1cne dreviny n\u00e1jdete v parku?<\/span><\/h3>\n<p class=\"font-claude-response-body break-words whitespace-normal leading-[1.7]\">Ve\u013emi cenn\u00fd je najm\u00e4 tis oby\u010dajn\u00fd, roz\u0161\u00edren\u00e9 s\u00fa tuja v\u00fdchodn\u00e1, tuja z\u00e1padn\u00e1, borovica \u010dierna, borovica sosna, smrek oby\u010dajn\u00fd, smrek pich\u013eav\u00fd a in\u00e9.<\/p>\n<p class=\"font-claude-response-body break-words whitespace-normal leading-[1.7]\">Z <strong>listnat\u00fdch stromov<\/strong> je najv\u00fdznamnej\u0161\u00ed platan javorolist\u00fd, paga\u0161tan konsk\u00fd, \u010dremcha strapcovit\u00e1, jase\u0148 \u0161t\u00edhly, dub letn\u00fd, dub zimn\u00fd, buk lesn\u00fd, hrab oby\u010dajn\u00fd, brest hrabolist\u00fd, lipa malolist\u00e1, jel\u0161a lepkav\u00e1, ag\u00e1t biely, r\u00f4zne druhy javorov, topo\u013eov a in\u00e9.<\/p>\n<h2 class=\"text-text-100 mt-3 -mb-1 text-[1.125rem] font-bold\"><span style=\"color: #800000;\">Ak\u00fd je s\u00fa\u010dasn\u00fd stav parku?<\/span><\/h2>\n<p class=\"font-claude-response-body break-words whitespace-normal leading-[1.7]\">V s\u00fa\u010dasnosti m\u00e1 kultivovan\u00fd charakter <strong>muze\u00e1lna \u010das\u0165 parku<\/strong> a jeho \u010dasti, ktor\u00e9 udr\u017eiavaj\u00fa Technick\u00e9 slu\u017eby mesta Trebi\u0161ov.<\/p>\n<p class=\"font-claude-response-body break-words whitespace-normal leading-[1.7]\">Ostatn\u00e9 \u010dasti <strong>mestsk\u00e9ho parku<\/strong> maj\u00fa charakter lesoparku.<\/p>\n<h3 class=\"text-text-100 mt-2 -mb-1 text-base font-bold\"><span style=\"color: #808000;\">\u010co je s\u00fa\u010das\u0165ou lesoparku?<\/span><\/h3>\n<p class=\"font-claude-response-body break-words whitespace-normal leading-[1.7]\">S\u00fa\u010das\u0165ou <strong>lesoparku<\/strong> je aj are\u00e1l zdravia Bu\u010dov les, ktor\u00fd sl\u00fa\u017ei ob\u010danom i n\u00e1v\u0161tevn\u00edkom <strong>Trebi\u0161ova<\/strong> v r\u00e1mci cykloturistiky.<\/p>\n<h2><span style=\"color: #800000;\">Fotogal\u00e9ria<\/span><\/h2>\n<style type=\"text\/css\">\n#foogallery-gallery-73541 .fg-image { width: 200px; }<\/style>\n\t\t\t<div class=\"foogallery foogallery-container foogallery-carousel foogallery-lightbox-foogallery fg-carousel fg-ready fg-light fg-border-medium fg-round-small fg-shadow-medium fg-loading-default fg-loaded-fade-in fg-hover-semi-zoomed fg-hover-fade fg-hover-circle-plus2\" id=\"foogallery-gallery-73541\" data-foogallery=\"{&quot;item&quot;:{&quot;showCaptionTitle&quot;:true,&quot;showCaptionDescription&quot;:true},&quot;lazy&quot;:false,&quot;src&quot;:&quot;src&quot;,&quot;srcset&quot;:&quot;srcset&quot;,&quot;template&quot;:{&quot;maxItems&quot;:5,&quot;scale&quot;:0.11999999999999999555910790149937383830547332763671875,&quot;gutter&quot;:{&quot;min&quot;:-40,&quot;max&quot;:-20,&quot;unit&quot;:&quot;%&quot;},&quot;autoplay&quot;:{&quot;time&quot;:0,&quot;interaction&quot;:&quot;pause&quot;},&quot;centerOnClick&quot;:true,&quot;align&quot;:&quot;center&quot;,&quot;activePosition&quot;:&quot;center&quot;}}\" data-foogallery-lightbox=\"{&quot;thumbs&quot;:&quot;bottom&quot;,&quot;thumbsCaptions&quot;:false,&quot;thumbsBestFit&quot;:false,&quot;thumbsSmall&quot;:false,&quot;thumbsCaptionsAlign&quot;:&quot;default&quot;,&quot;info&quot;:&quot;bottom&quot;,&quot;infoVisible&quot;:true,&quot;infoOverlay&quot;:true,&quot;infoAlign&quot;:&quot;default&quot;,&quot;transition&quot;:&quot;fade&quot;,&quot;hoverButtons&quot;:false,&quot;fitMedia&quot;:false,&quot;noScrollbars&quot;:true,&quot;preserveButtonSpace&quot;:true,&quot;buttons&quot;:{&quot;fullscreen&quot;:true,&quot;info&quot;:true,&quot;thumbs&quot;:false},&quot;video&quot;:{&quot;autoPlay&quot;:true}}\" style=\"--fg-title-line-clamp: 1; --fg-description-line-clamp: 2;\" >\n\t<button type=\"button\" class=\"fg-carousel-prev\" title=\"Previous\"><\/button>\n\t<div class=\"fg-carousel-inner\">\n\t\t<div class=\"fg-carousel-center\"><\/div>\n\t\t<div class=\"fg-item fg-type-image fg-loaded\"><figure class=\"fg-item-inner\"><a href=\"https:\/\/www.keturist.sk\/info\/wp-content\/uploads\/2021\/10\/kastiel-trebisov5.jpg\" data-src=\"https:\/\/www.keturist.sk\/info\/wp-content\/uploads\/2021\/10\/kastiel-trebisov5.jpg\" data-thumb=\"https:\/\/www.keturist.sk\/info\/wp-content\/uploads\/cache\/2021\/10\/kastiel-trebisov5\/1150166624.jpg\" class=\"ml-lightbox-enabled\"><span class=\"fg-image-wrap\"><img decoding=\"async\" src=\"https:\/\/www.keturist.sk\/info\/wp-content\/uploads\/cache\/2021\/10\/kastiel-trebisov5\/1150166624.jpg\" alt=\"Barokovo-klasicistick\u00fd ka\u0161tie\u013e v Trebi\u0161ove\" title=\"Barokovo-klasicistick\u00fd ka\u0161tie\u013e v Trebi\u0161ove\" width=\"200\" height=\"200\" class=\"skip-lazy fg-image\" loading=\"eager\"><\/span><span class=\"fg-image-overlay\"><\/span><\/a><figcaption class=\"fg-caption\"><div class=\"fg-caption-inner\"><div class=\"fg-caption-title\">Barokovo-klasicistick\u00fd ka\u0161tie\u013e v Trebi\u0161ove<\/div><div class=\"fg-caption-desc\">Barokovo-klasicistick\u00fd ka\u0161tie\u013e v Trebi\u0161ove, Fotograf: Jozef Mare\u010dek (https:\/\/www.facebook.com\/jozef.marecek.94)<\/div><\/div><\/figcaption><\/figure><div class=\"fg-loader\"><\/div><\/div><div class=\"fg-item fg-type-image fg-loaded\"><figure class=\"fg-item-inner\"><a href=\"https:\/\/www.keturist.sk\/info\/wp-content\/uploads\/2021\/10\/kastiel-trebisov4.jpg\" data-src=\"https:\/\/www.keturist.sk\/info\/wp-content\/uploads\/2021\/10\/kastiel-trebisov4.jpg\" data-thumb=\"https:\/\/www.keturist.sk\/info\/wp-content\/uploads\/cache\/2021\/10\/kastiel-trebisov4\/1410493764.jpg\" class=\"ml-lightbox-enabled\"><span class=\"fg-image-wrap\"><img decoding=\"async\" src=\"https:\/\/www.keturist.sk\/info\/wp-content\/uploads\/cache\/2021\/10\/kastiel-trebisov4\/1410493764.jpg\" alt=\"Barokovo-klasicistick\u00fd ka\u0161tie\u013e v Trebi\u0161ove\" title=\"Barokovo-klasicistick\u00fd ka\u0161tie\u013e v Trebi\u0161ove\" width=\"200\" height=\"200\" class=\"skip-lazy fg-image\" loading=\"eager\"><\/span><span class=\"fg-image-overlay\"><\/span><\/a><figcaption class=\"fg-caption\"><div class=\"fg-caption-inner\"><div class=\"fg-caption-title\">Barokovo-klasicistick\u00fd ka\u0161tie\u013e v Trebi\u0161ove<\/div><div class=\"fg-caption-desc\">Barokovo-klasicistick\u00fd ka\u0161tie\u013e v Trebi\u0161ove, Fotograf: Jozef Mare\u010dek (https:\/\/www.facebook.com\/jozef.marecek.94)<\/div><\/div><\/figcaption><\/figure><div class=\"fg-loader\"><\/div><\/div><div class=\"fg-item fg-type-image fg-loaded\"><figure class=\"fg-item-inner\"><a href=\"https:\/\/www.keturist.sk\/info\/wp-content\/uploads\/2021\/06\/kastiel-trebisov3.jpg\" data-src=\"https:\/\/www.keturist.sk\/info\/wp-content\/uploads\/2021\/06\/kastiel-trebisov3.jpg\" data-thumb=\"https:\/\/www.keturist.sk\/info\/wp-content\/uploads\/cache\/2021\/06\/kastiel-trebisov3\/770781154.jpg\" class=\"ml-lightbox-enabled\"><span class=\"fg-image-wrap\"><img decoding=\"async\" src=\"https:\/\/www.keturist.sk\/info\/wp-content\/uploads\/cache\/2021\/06\/kastiel-trebisov3\/770781154.jpg\" alt=\"Barokovo-klasicistick\u00fd ka\u0161tie\u013e v Trebi\u0161ove\" title=\"Barokovo-klasicistick\u00fd ka\u0161tie\u013e v Trebi\u0161ove\" width=\"200\" height=\"200\" class=\"skip-lazy fg-image\" loading=\"eager\"><\/span><span class=\"fg-image-overlay\"><\/span><\/a><figcaption class=\"fg-caption\"><div class=\"fg-caption-inner\"><div class=\"fg-caption-title\">Barokovo-klasicistick\u00fd ka\u0161tie\u013e v Trebi\u0161ove<\/div><div class=\"fg-caption-desc\">Barokovo-klasicistick\u00fd ka\u0161tie\u013e v Trebi\u0161ove, Fotograf: Jozef Mare\u010dek (https:\/\/www.facebook.com\/jozef.marecek.94)<\/div><\/div><\/figcaption><\/figure><div class=\"fg-loader\"><\/div><\/div><div class=\"fg-item fg-type-image fg-loaded\"><figure class=\"fg-item-inner\"><a href=\"https:\/\/www.keturist.sk\/info\/wp-content\/uploads\/2021\/06\/kastiel-trebisov2.jpg\" data-src=\"https:\/\/www.keturist.sk\/info\/wp-content\/uploads\/2021\/06\/kastiel-trebisov2.jpg\" data-thumb=\"https:\/\/www.keturist.sk\/info\/wp-content\/uploads\/cache\/2021\/06\/kastiel-trebisov2\/2527797884.jpg\" class=\"ml-lightbox-enabled\"><span class=\"fg-image-wrap\"><img decoding=\"async\" src=\"https:\/\/www.keturist.sk\/info\/wp-content\/uploads\/cache\/2021\/06\/kastiel-trebisov2\/2527797884.jpg\" alt=\"Barokovo-klasicistick\u00fd ka\u0161tie\u013e v Trebi\u0161ove\" title=\"Barokovo-klasicistick\u00fd ka\u0161tie\u013e v Trebi\u0161ove\" width=\"200\" height=\"200\" class=\"skip-lazy fg-image\" loading=\"eager\"><\/span><span class=\"fg-image-overlay\"><\/span><\/a><figcaption class=\"fg-caption\"><div class=\"fg-caption-inner\"><div class=\"fg-caption-title\">Barokovo-klasicistick\u00fd ka\u0161tie\u013e v Trebi\u0161ove<\/div><div class=\"fg-caption-desc\">Barokovo-klasicistick\u00fd ka\u0161tie\u013e v Trebi\u0161ove, Fotograf: Jozef Mare\u010dek (https:\/\/www.facebook.com\/jozef.marecek.94)<\/div><\/div><\/figcaption><\/figure><div class=\"fg-loader\"><\/div><\/div><div class=\"fg-item fg-type-image fg-loaded\"><figure class=\"fg-item-inner\"><a href=\"https:\/\/www.keturist.sk\/info\/wp-content\/uploads\/2021\/06\/kastiel-trebisov1.jpg\" data-src=\"https:\/\/www.keturist.sk\/info\/wp-content\/uploads\/2021\/06\/kastiel-trebisov1.jpg\" data-thumb=\"https:\/\/www.keturist.sk\/info\/wp-content\/uploads\/cache\/2021\/06\/kastiel-trebisov1\/2380751964.jpg\" class=\"ml-lightbox-enabled\"><span class=\"fg-image-wrap\"><img decoding=\"async\" src=\"https:\/\/www.keturist.sk\/info\/wp-content\/uploads\/cache\/2021\/06\/kastiel-trebisov1\/2380751964.jpg\" alt=\"Barokovo-klasicistick\u00fd ka\u0161tie\u013e v Trebi\u0161ove\" title=\"Barokovo-klasicistick\u00fd ka\u0161tie\u013e v Trebi\u0161ove\" width=\"200\" height=\"200\" class=\"skip-lazy fg-image\" loading=\"eager\"><\/span><span class=\"fg-image-overlay\"><\/span><\/a><figcaption class=\"fg-caption\"><div class=\"fg-caption-inner\"><div class=\"fg-caption-title\">Barokovo-klasicistick\u00fd ka\u0161tie\u013e v Trebi\u0161ove<\/div><div class=\"fg-caption-desc\">Barokovo-klasicistick\u00fd ka\u0161tie\u013e v Trebi\u0161ove, Fotograf: Jozef Mare\u010dek (https:\/\/www.facebook.com\/jozef.marecek.94)<\/div><\/div><\/figcaption><\/figure><div class=\"fg-loader\"><\/div><\/div><div class=\"fg-item fg-type-image fg-loaded\"><figure class=\"fg-item-inner\"><a href=\"https:\/\/www.keturist.sk\/info\/wp-content\/uploads\/2026\/01\/kastiel-trebisov-old-19.stor_.png\" data-src=\"https:\/\/www.keturist.sk\/info\/wp-content\/uploads\/2026\/01\/kastiel-trebisov-old-19.stor_.png\" data-thumb=\"https:\/\/www.keturist.sk\/info\/wp-content\/uploads\/cache\/2026\/01\/kastiel-trebisov-old-19_stor_\/145191517.png\" class=\"ml-lightbox-enabled\"><span class=\"fg-image-wrap\"><img decoding=\"async\" src=\"https:\/\/www.keturist.sk\/info\/wp-content\/uploads\/cache\/2026\/01\/kastiel-trebisov-old-19_stor_\/145191517.png\" alt=\"Barokovo-klasicistick\u00fd ka\u0161tie\u013e v Trebi\u0161ove\" title=\"Barokovo-klasicistick\u00fd ka\u0161tie\u013e v Trebi\u0161ove\" width=\"200\" height=\"200\" class=\"skip-lazy fg-image\" loading=\"eager\"><\/span><span class=\"fg-image-overlay\"><\/span><\/a><figcaption class=\"fg-caption\"><div class=\"fg-caption-inner\"><div class=\"fg-caption-title\">Barokovo-klasicistick\u00fd ka\u0161tie\u013e v Trebi\u0161ove<\/div><div class=\"fg-caption-desc\">Barokovo-klasicistick\u00fd ka\u0161tie\u013e v Trebi\u0161ove v 19. storo\u010d\u00ed Obr\u00e1zok bol vygenerovan\u00fd pomocou umelej inteligencie (AI) ako vizualiz\u00e1cia pravdepodobnej podoby hradu.<\/div><\/div><\/figcaption><\/figure><div class=\"fg-loader\"><\/div><\/div>\t<\/div>\n\t<div class=\"fg-carousel-bottom\"><\/div>\n\t<div class=\"fg-carousel-progress\"><\/div>\n\t<button type=\"button\" class=\"fg-carousel-next\" title=\"Next\"><\/button>\n<\/div>\n\n<h2><span style=\"color: #800000;\">Zauj\u00edmav\u00e9 odlkazy<\/span><\/h2>\n<h3><span style=\"color: #808000;\">Bl\u00edzke stredisko, turistick\u00e9 centrum, obec alebo mesto:<\/span><\/h3>\n<ul>\n<li>Mesto trebi\u0161ov (\u010d\u00edtaj viac&#8230;)<\/li>\n<\/ul>\n<h2><span style=\"color: #800000;\">Mapy<\/span><\/h2>\n<p><strong>Vrstvy: <\/strong>Turistick\u00e1 mapa, Automapa, Cyklomapa, Ly\u017eiarska mapa, Satelitn\u00e1 mapa a OpenStreetMap.<\/p>\n<p><strong>Kliknut\u00edm na logo &#8222;Freemap.sk&#8220; sa V\u00e1m mapa zobraz\u00ed na celej ploche obrazovky.<\/strong><\/p>\n<p><iframe style=\"width: 900px; height: 500px; border: 0;\" src=\"https:\/\/www.freemap.sk\/?map=14\/48.619606\/21.721121&amp;info-point=48.619606\/21.721121,Barokovo-klasicistick\u00fd ka\u0161tie\u013e&amp;layers=X&amp;embed=search\" allowfullscreen=\"allowfullscreen\"><span data-mce-type=\"bookmark\" style=\"display: inline-block; width: 0px; overflow: hidden; line-height: 0;\" class=\"mce_SELRES_start\">\ufeff<\/span><\/iframe><\/p>\n<h2><span style=\"color: #800000;\">Po\u010dasie<\/span><\/h2>\n<p><iframe style=\"width: 900px; height: 618px;\" src=\"https:\/\/www.meteoblue.com\/sk\/po%C4%8Dasie\/widget\/three\/trebi%c5%a1ov_slovensko_723358?geoloc=fixed&amp;nocurrent=0&amp;noforecast=0&amp;days=7&amp;tempunit=CELSIUS&amp;windunit=KILOMETER_PER_HOUR&amp;layout=image\" frameborder=\"0\" scrolling=\"NO\" sandbox=\"allow-same-origin allow-scripts allow-popups allow-popups-to-escape-sandbox\"><\/iframe><\/p>\n<div><!-- DO NOT REMOVE THIS LINK --><a href=\"https:\/\/www.meteoblue.com\/sk\/po%C4%8Dasie\/t%C3%BD%C5%BEde%C5%88\/trebi%c5%a1ov_slovensko_723358?utm_source=weather_widget&amp;utm_medium=linkus&amp;utm_content=three&amp;utm_campaign=Weather%2BWidget\" target=\"_blank\" rel=\"noopener\">meteoblue<\/a><\/div>\n<p><strong>Zdroj info:<\/strong> <a href=\"https:\/\/www.trebisov.sk\/\" target=\"_blank\" rel=\"noopener\">https:\/\/www.trebisov.sk\/<\/a><\/p>\n","protected":false},"excerpt":{"rendered":"<p>Podkateg\u00f3ria: Lokaliz\u00e1cia: Doln\u00fd Zempl\u00edn Ka\u0161tie\u013e, ktor\u00fd vyr\u00e1stol z ru\u00edn a str\u00e1\u017ei pam\u00e4\u0165 Zempl\u00edna Ke\u010f v roku 1786 gr\u00f3f Imrich \u010c\u00e1ki nechal postavi\u0165 barokovo-klasicistick\u00fd ka\u0161tie\u013e v Trebi\u0161ove, urobil to z kame\u0148ov [&hellip;]<\/p>\n","protected":false},"author":1,"featured_media":42553,"parent":39934,"menu_order":0,"comment_status":"closed","ping_status":"closed","template":"","meta":{"_uag_custom_page_level_css":"","_monsterinsights_skip_tracking":false,"footnotes":""},"class_list":["post-40199","page","type-page","status-publish","has-post-thumbnail","hentry"],"featured_image_src":"https:\/\/www.keturist.sk\/info\/wp-content\/uploads\/2021\/10\/kastiel-trebisov5.jpg","featured_image_src_square":"https:\/\/www.keturist.sk\/info\/wp-content\/uploads\/2021\/10\/kastiel-trebisov5.jpg","rbea_author_info":{"display_name":"admin","author_link":"https:\/\/www.keturist.sk\/info\/author\/admin\/"},"rbea_excerpt_info":"Podkateg\u00f3ria: Lokaliz\u00e1cia: Doln\u00fd Zempl\u00edn Ka\u0161tie\u013e, ktor\u00fd vyr\u00e1stol z ru\u00edn a str\u00e1\u017ei pam\u00e4\u0165 Zempl\u00edna Ke\u010f v roku 1786 gr\u00f3f Imrich \u010c\u00e1ki nechal postavi\u0165 barokovo-klasicistick\u00fd ka\u0161tie\u013e v Trebi\u0161ove, urobil to z kame\u0148ov [&hellip;]","uagb_featured_image_src":{"full":["https:\/\/www.keturist.sk\/info\/wp-content\/uploads\/2021\/10\/kastiel-trebisov5.jpg",1000,667,false],"thumbnail":["https:\/\/www.keturist.sk\/info\/wp-content\/uploads\/2021\/10\/kastiel-trebisov5-270x180.jpg",270,180,true],"medium":["https:\/\/www.keturist.sk\/info\/wp-content\/uploads\/2021\/10\/kastiel-trebisov5-800x534.jpg",800,534,true],"medium_large":["https:\/\/www.keturist.sk\/info\/wp-content\/uploads\/2021\/10\/kastiel-trebisov5-768x512.jpg",768,512,true],"large":["https:\/\/www.keturist.sk\/info\/wp-content\/uploads\/2021\/10\/kastiel-trebisov5.jpg",1000,667,false],"1536x1536":["https:\/\/www.keturist.sk\/info\/wp-content\/uploads\/2021\/10\/kastiel-trebisov5.jpg",1000,667,false],"2048x2048":["https:\/\/www.keturist.sk\/info\/wp-content\/uploads\/2021\/10\/kastiel-trebisov5.jpg",1000,667,false],"ultp_layout_landscape_large":["https:\/\/www.keturist.sk\/info\/wp-content\/uploads\/2021\/10\/kastiel-trebisov5.jpg",1000,667,false],"ultp_layout_landscape":["https:\/\/www.keturist.sk\/info\/wp-content\/uploads\/2021\/10\/kastiel-trebisov5.jpg",855,570,false],"ultp_layout_portrait":["https:\/\/www.keturist.sk\/info\/wp-content\/uploads\/2021\/10\/kastiel-trebisov5.jpg",600,400,false],"ultp_layout_square":["https:\/\/www.keturist.sk\/info\/wp-content\/uploads\/2021\/10\/kastiel-trebisov5.jpg",600,400,false]},"uagb_author_info":{"display_name":"admin","author_link":"https:\/\/www.keturist.sk\/info\/author\/admin\/"},"uagb_comment_info":0,"uagb_excerpt":"Podkateg\u00f3ria: Lokaliz\u00e1cia: Doln\u00fd Zempl\u00edn Ka\u0161tie\u013e, ktor\u00fd vyr\u00e1stol z ru\u00edn a str\u00e1\u017ei pam\u00e4\u0165 Zempl\u00edna Ke\u010f v roku 1786 gr\u00f3f Imrich \u010c\u00e1ki nechal postavi\u0165 barokovo-klasicistick\u00fd ka\u0161tie\u013e v Trebi\u0161ove, urobil to z kame\u0148ov [&hellip;]","_links":{"self":[{"href":"https:\/\/www.keturist.sk\/info\/wp-json\/wp\/v2\/pages\/40199","targetHints":{"allow":["GET"]}}],"collection":[{"href":"https:\/\/www.keturist.sk\/info\/wp-json\/wp\/v2\/pages"}],"about":[{"href":"https:\/\/www.keturist.sk\/info\/wp-json\/wp\/v2\/types\/page"}],"author":[{"embeddable":true,"href":"https:\/\/www.keturist.sk\/info\/wp-json\/wp\/v2\/users\/1"}],"replies":[{"embeddable":true,"href":"https:\/\/www.keturist.sk\/info\/wp-json\/wp\/v2\/comments?post=40199"}],"version-history":[{"count":18,"href":"https:\/\/www.keturist.sk\/info\/wp-json\/wp\/v2\/pages\/40199\/revisions"}],"predecessor-version":[{"id":73543,"href":"https:\/\/www.keturist.sk\/info\/wp-json\/wp\/v2\/pages\/40199\/revisions\/73543"}],"up":[{"embeddable":true,"href":"https:\/\/www.keturist.sk\/info\/wp-json\/wp\/v2\/pages\/39934"}],"wp:featuredmedia":[{"embeddable":true,"href":"https:\/\/www.keturist.sk\/info\/wp-json\/wp\/v2\/media\/42553"}],"wp:attachment":[{"href":"https:\/\/www.keturist.sk\/info\/wp-json\/wp\/v2\/media?parent=40199"}],"curies":[{"name":"wp","href":"https:\/\/api.w.org\/{rel}","templated":true}]}}