{"id":39949,"date":"2021-06-14T10:24:20","date_gmt":"2021-06-14T08:24:20","guid":{"rendered":"https:\/\/www.keturist.sk\/info\/?page_id=39949"},"modified":"2026-01-21T07:58:33","modified_gmt":"2026-01-21T06:58:33","slug":"kastiel-frantiska-ii-rakociho-v-obci-borsa","status":"publish","type":"page","link":"https:\/\/www.keturist.sk\/info\/kam-za-pamiatkami\/kam-za-pamiatkami-smer-zemplin\/hrady-a-kastiele\/kastiel-frantiska-ii-rakociho-v-obci-borsa\/","title":{"rendered":"Ka\u0161tie\u013e Franti\u0161ka II. R\u00e1kociho v obci Bor\u0161a"},"content":{"rendered":"<a href=\"https:\/\/www.keturist.sk\/info\/\" class=\"su-button su-button-style-default\" style=\"color:#000000;background-color:#FFCF2F;border-color:#cca626;border-radius:5px\" target=\"_self\"><span style=\"color:#000000;padding:6px 16px;font-size:13px;line-height:20px;border-color:#ffde6e;border-radius:5px;text-shadow:none\"><i class=\"sui sui-arrow-right\" style=\"font-size:13px;color:#000000\"><\/i>  Spravodaj <\/span><\/a>\n<a href=\"https:\/\/www.keturist.sk\/info\/tipy-na-vylety\/\" class=\"su-button su-button-style-default\" style=\"color:#000000;background-color:#FFCF2F;border-color:#cca626;border-radius:5px\" target=\"_self\"><span style=\"color:#000000;padding:6px 16px;font-size:13px;line-height:20px;border-color:#ffde6e;border-radius:5px;text-shadow:none\"><i class=\"sui sui-arrow-right\" style=\"font-size:13px;color:#000000\"><\/i>  TIPY NA V\u00ddLETY <\/span><\/a>\n<a href=\"https:\/\/www.keturist.sk\/info\/kam-za-pamiatkami\/\" class=\"su-button su-button-style-default\" style=\"color:#000000;background-color:#FFCF2F;border-color:#cca626;border-radius:5px\" target=\"_self\"><span style=\"color:#000000;padding:6px 16px;font-size:13px;line-height:20px;border-color:#ffde6e;border-radius:5px;text-shadow:none\"><i class=\"sui sui-arrow-right\" style=\"font-size:13px;color:#000000\"><\/i>  Kam za pamiatkami <\/span><\/a>\n<a href=\"https:\/\/www.keturist.sk\/info\/kam-za-pamiatkami\/kam-za-pamiatkami-smer-zemplin\/\" class=\"su-button su-button-style-default\" style=\"color:#000000;background-color:#FFCF2F;border-color:#cca626;border-radius:5px\" target=\"_self\"><span style=\"color:#000000;padding:6px 16px;font-size:13px;line-height:20px;border-color:#ffde6e;border-radius:5px;text-shadow:none\"><i class=\"sui sui-arrow-right\" style=\"font-size:13px;color:#000000\"><\/i>  smer Doln\u00fd Zempl\u00edn <\/span><\/a>\n<div class=\"su-divider su-divider-style-default\" style=\"margin:15px 0;border-width:0px;border-color:#000000\"><\/div>\n<p><strong>Podkateg\u00f3ria: <\/strong> <a href=\"https:\/\/www.keturist.sk\/info\/kam-za-pamiatkami\/kam-za-pamiatkami-smer-zemplin\/hrady-a-kastiele\/\" class=\"su-button su-button-style-default\" style=\"color:#000000;background-color:#afd144;border-color:#8ca837;border-radius:5px\" target=\"_self\"><span style=\"color:#000000;padding:6px 16px;font-size:13px;line-height:20px;border-color:#c7df7d;border-radius:5px;text-shadow:none\"><i class=\"sui sui-arrow-right\" style=\"font-size:13px;color:#000000\"><\/i>  Hrady a ka\u0161tiele <\/span><\/a>\n<div class=\"su-divider su-divider-style-default\" style=\"margin:15px 0;border-width:0px;border-color:#000000\"><\/div>\n<p><strong>Lokaliz\u00e1cia: <\/strong> <a href=\"https:\/\/www.keturist.sk\/info\/vseobecne-informacie\/zemplin\/\">Doln\u00fd Zempl\u00edn<\/a><\/p>\n<div class=\"su-divider su-divider-style-default\" style=\"margin:15px 0;border-width:2px;border-color:#000000\"><\/div>\n<figure id=\"attachment_39952\" aria-describedby=\"caption-attachment-39952\" style=\"width: 900px\" class=\"wp-caption aligncenter\"><a href=\"https:\/\/www.keturist.sk\/info\/wp-content\/uploads\/2020\/05\/borda6.jpg\"><img loading=\"lazy\" decoding=\"async\" class=\"wp-image-39952\" src=\"https:\/\/www.keturist.sk\/info\/wp-content\/uploads\/2020\/05\/borda6-800x534.jpg\" alt=\"Ka\u0161tie\u013e Franti\u0161ka II. R\u00e1kociho v obci Bor\u0161a\" width=\"900\" height=\"600\" srcset=\"https:\/\/www.keturist.sk\/info\/wp-content\/uploads\/2020\/05\/borda6-800x534.jpg 800w, https:\/\/www.keturist.sk\/info\/wp-content\/uploads\/2020\/05\/borda6-270x180.jpg 270w, https:\/\/www.keturist.sk\/info\/wp-content\/uploads\/2020\/05\/borda6-768x512.jpg 768w, https:\/\/www.keturist.sk\/info\/wp-content\/uploads\/2020\/05\/borda6.jpg 1000w\" sizes=\"auto, (max-width: 900px) 100vw, 900px\" \/><\/a><figcaption id=\"caption-attachment-39952\" class=\"wp-caption-text\">Ka\u0161tie\u013e Franti\u0161ka II. R\u00e1kociho v obci Bor\u0161a, Fotograf: Jozef Mare\u010dek (https:\/\/www.facebook.com\/jozef.marecek.94)<\/figcaption><\/figure>\n<div class=\"su-divider su-divider-style-default\" style=\"margin:15px 0;border-width:2px;border-color:#000000\"><\/div>\n<h2 data-start=\"83\" data-end=\"147\"><span style=\"color: #800000;\">Ka\u0161tie\u013e Franti\u0161ka II. R\u00e1kociho \u2013 Rodisko odvahy a hist\u00f3rie<\/span><\/h2>\n<p data-start=\"149\" data-end=\"515\">Predstavte si miesto, kde sa <strong data-start=\"178\" data-end=\"190\">hist\u00f3ria<\/strong> dot\u00fdka ka\u017edej steny a ka\u017ed\u00fd kame\u0148 rozpr\u00e1va svoj <strong data-start=\"239\" data-end=\"249\">pr\u00edbeh<\/strong>. Na ju\u017enom okraji obce <strong data-start=\"273\" data-end=\"282\">Bor\u0161a<\/strong> stoj\u00ed <strong data-start=\"289\" data-end=\"323\">Ka\u0161tie\u013e Franti\u0161ka II. R\u00e1kociho<\/strong>, <strong data-start=\"325\" data-end=\"348\">renesan\u010dn\u00e1 pamiatka<\/strong> postaven\u00e1 v druhej polovici <strong data-start=\"377\" data-end=\"393\">16. storo\u010dia<\/strong> na mieste p\u00f4vodn\u00e9ho <strong data-start=\"414\" data-end=\"444\">stredovek\u00e9ho vodn\u00e9ho hradu<\/strong>, ktor\u00fd kedysi po <strong data-start=\"462\" data-end=\"482\">mongolskom vp\u00e1de<\/strong> dal postavi\u0165 <strong data-start=\"496\" data-end=\"513\">kr\u00e1\u013e Belo IV.<\/strong><\/p>\n<p data-start=\"517\" data-end=\"783\">Tu sa 27. marca 1676 narodil <strong data-start=\"546\" data-end=\"570\">Franti\u0161ek II. R\u00e1koci<\/strong>, <strong data-start=\"572\" data-end=\"595\">sedmohradsk\u00e9 knie\u017ea<\/strong> a vodca <strong data-start=\"604\" data-end=\"658\">posledn\u00e9ho protihabsbursk\u00e9ho stavovsk\u00e9ho povstania<\/strong>. Jeho meno sa sp\u00e1ja s <strong data-start=\"681\" data-end=\"715\">bojom za slobodu a nez\u00e1vislos\u0165<\/strong>, a pr\u00e1ve tento <strong data-start=\"731\" data-end=\"742\">ka\u0161tie\u013e<\/strong> je miestom, kde jeho <strong data-start=\"764\" data-end=\"774\">pr\u00edbeh<\/strong> za\u010dal.<\/p>\n<p data-start=\"785\" data-end=\"1115\"><strong data-start=\"785\" data-end=\"796\">Ka\u0161tie\u013e<\/strong>, obklopen\u00fd roz\u013eahl\u00fdm <strong data-start=\"818\" data-end=\"828\">parkom<\/strong> a pokojnou hladinou <strong data-start=\"849\" data-end=\"861\">jazierka<\/strong>, v\u00e1s o\u010dar\u00ed svoj\u00edm <strong data-start=\"880\" data-end=\"908\">architektonick\u00fdm p\u00f4vabom<\/strong> \u2013 od <strong data-start=\"914\" data-end=\"938\">polkruhov\u00e9ho port\u00e1lu<\/strong> a\u017e po <strong data-start=\"945\" data-end=\"970\">ark\u00e1dy z 18. storo\u010dia<\/strong> a <strong data-start=\"973\" data-end=\"994\">renesan\u010dn\u00e9 klenby<\/strong> star\u0161\u00edch \u010dast\u00ed. <strong data-start=\"1011\" data-end=\"1028\">N\u00e1ro\u017en\u00e1 ba\u0161ta<\/strong>, ktor\u00e1 pripom\u00edna <strong data-start=\"1046\" data-end=\"1078\">ve\u017eu p\u00f4vodn\u00e9ho vodn\u00e9ho hradu<\/strong>, je tich\u00fdm str\u00e1\u017ecom <strong data-start=\"1099\" data-end=\"1112\" data-is-only-node=\"\">minulosti<\/strong>.<\/p>\n<p data-start=\"1117\" data-end=\"1476\">Po\u010das n\u00e1v\u0161tevy <strong data-start=\"1132\" data-end=\"1141\">m\u00fazea<\/strong> si m\u00f4\u017eete prezrie\u0165 <strong data-start=\"1161\" data-end=\"1191\">artefakty rodu R\u00e1kociovcov<\/strong>, <strong data-start=\"1193\" data-end=\"1226\">dobovo zariaden\u00e9 pam\u00e4tn\u00e9 izby<\/strong> a spozna\u0165 \u017eivot <strong data-start=\"1243\" data-end=\"1260\">Franti\u0161ka II.<\/strong>, ktor\u00fd tu pre\u017eil svoje <strong data-start=\"1284\" data-end=\"1295\">detstvo<\/strong>. Ka\u017ed\u00e1 <strong data-start=\"1303\" data-end=\"1313\">chodba<\/strong> a <strong data-start=\"1316\" data-end=\"1333\">izba ka\u0161tie\u013ea<\/strong> v\u00e1s zavedie sp\u00e4\u0165 do \u010dias, ke\u010f tento objekt pulzoval <strong data-start=\"1386\" data-end=\"1395\">\u017eit\u00edm<\/strong>, <strong data-start=\"1397\" data-end=\"1407\">pl\u00e1nmi<\/strong> a <strong data-start=\"1410\" data-end=\"1421\">odvahou<\/strong> jedn\u00e9ho z najv\u00fdznamnej\u0161\u00edch <strong data-start=\"1449\" data-end=\"1473\">uhorsk\u00fdch \u0161\u013eachticov<\/strong>.<\/p>\n<p data-start=\"1478\" data-end=\"1664\"><strong data-start=\"1478\" data-end=\"1512\">Ka\u0161tie\u013e Franti\u0161ka II. R\u00e1kociho<\/strong> je miestom, kde <strong data-start=\"1529\" data-end=\"1547\">hist\u00f3ria o\u017e\u00edva<\/strong> a ka\u017ed\u00fd n\u00e1v\u0161tevn\u00edk sa m\u00f4\u017ee sta\u0165 svedkom <strong data-start=\"1588\" data-end=\"1599\">pr\u00edbehu<\/strong>, ktor\u00fd za\u010dal pred viac ako <strong data-start=\"1627\" data-end=\"1640\">300 rokmi<\/strong> v malebnej <strong data-start=\"1652\" data-end=\"1661\">Bor\u0161i<\/strong>.<\/p>\n<h2 class=\"text-text-100 mt-3 -mb-1 text-[1.125rem] font-bold\"><span style=\"color: #800000;\">Kde sa nach\u00e1dza Ka\u0161tie\u013e Franti\u0161ka II. R\u00e1kociho a s k\u00fdm je spojen\u00fd?<\/span><\/h2>\n<p class=\"font-claude-response-body break-words whitespace-normal leading-[1.7]\"><strong>Ka\u0161tie\u013e Franti\u0161ka II. R\u00e1kociho v obci Bor\u0161a<\/strong> je renesan\u010dn\u00e1 pamiatka z druhej polovice 16. storo\u010dia, ktor\u00e1 bola postaven\u00e1 na mieste p\u00f4vodn\u00e9ho stredovek\u00e9ho vodn\u00e9ho hradu.<\/p>\n<p class=\"font-claude-response-body break-words whitespace-normal leading-[1.7]\">Nach\u00e1dza sa na ju\u017enom okraji obce <a href=\"https:\/\/www.keturist.sk\/info\/turisticke-vychodiska\/smer-dolny-zemplin\/obec-borsa\/\"><strong>Bor\u0161a<\/strong><\/a>, ktor\u00e1 je rodiskom gr\u00f3fa <a href=\"https:\/\/sk.wikipedia.org\/wiki\/Franti%C5%A1ek_II._R%C3%A1koci#%C5%BDivotopis\" target=\"_blank\" rel=\"noopener\">Franti\u0161ka R\u00e1kociho II<\/a>. (ma\u010f. II. R\u00e1k\u00f3czi Ferenc) (* 27. marec 1676, Bor\u0161a \u2013 \u2020 8. apr\u00edl 1735, Tekirda\u011f, Osmansk\u00e1 r\u00ed\u0161a).<\/p>\n<p class=\"font-claude-response-body break-words whitespace-normal leading-[1.7]\"><strong>Franti\u0161ek II. R\u00e1koci<\/strong> bol sedmohradsk\u00e9 knie\u017ea, \u0161ari\u0161sk\u00fd \u017eupan a vodca posledn\u00e9ho protihabsbursk\u00e9ho stavovsk\u00e9ho povstania v rokoch 1703 a\u017e 1711.<\/p>\n<h2 class=\"text-text-100 mt-3 -mb-1 text-[1.125rem] font-bold\"><span style=\"color: #800000;\">Ak\u00e1 je hist\u00f3ria p\u00f4vodn\u00e9ho vodn\u00e9ho hradu na mieste ka\u0161tie\u013ea?<\/span><\/h2>\n<p class=\"font-claude-response-body break-words whitespace-normal leading-[1.7]\">P\u00f4vodn\u00fd stredovek\u00fd <strong>vodn\u00fd hrad<\/strong> bol postaven\u00fd kr\u00e1\u013eom <a href=\"https:\/\/sk.wikipedia.org\/wiki\/Belo_IV.\" target=\"_blank\" rel=\"noopener\">Belom IV.<\/a> po mongolskom vp\u00e1de.<\/p>\n<p class=\"font-claude-response-body break-words whitespace-normal leading-[1.7]\"><a href=\"https:\/\/www.keturist.sk\/info\/sport-a-kultura\/historia\/nespravne-pomenovanie-mongolov-ako-tatari-v-historii\/\">Mongolsk\u00fd (nespr\u00e1vne tat\u00e1rsky*) vp\u00e1d<\/a> do Uhorska bol vp\u00e1d mongolsk\u00fdch vojsk na \u00fazemie Uhorsk\u00e9ho kr\u00e1\u013eovstva v rokoch 1241 \u2013 1242 s\u00favisiaci s roz\u0161irovan\u00edm Mongolskej r\u00ed\u0161e smerom na z\u00e1pad.<\/p>\n<p class=\"font-claude-response-body break-words whitespace-normal leading-[1.7]\">\u017dia\u013e, o hist\u00f3rii hradu sa n\u00e1m ve\u013ea inform\u00e1ci\u00ed nezachovalo. P\u00edsomn\u00e9 dokumenty len poukazuj\u00fa na to, \u017ee hrad bol v dr\u017ebe viacer\u00fdch rodov (Per\u00ednovcov, Pol\u00f3nyovcov a <strong>R\u00e1kocziovcov<\/strong>).<\/p>\n<h2 class=\"text-text-100 mt-3 -mb-1 text-[1.125rem] font-bold\"><span style=\"color: #800000;\">\u010co obklopuje ka\u0161tie\u013e a ak\u00fd m\u00e1 architektonick\u00fd p\u00f4dorys?<\/span><\/h2>\n<p class=\"font-claude-response-body break-words whitespace-normal leading-[1.7]\"><strong>Ka\u0161tie\u013e<\/strong> je obkolesen\u00fd rozsiahlym parkom a jazierkom.<\/p>\n<p class=\"font-claude-response-body break-words whitespace-normal leading-[1.7]\">P\u00f4vodn\u00e1 ka\u0161tie\u013en\u00e1 \u010das\u0165 objektu mala v minulosti p\u00f4dorys v tvare p\u00edsmena L.<\/p>\n<p class=\"font-claude-response-body break-words whitespace-normal leading-[1.7]\">Na mieste, kde sa sp\u00e1jaj\u00fa dve p\u00f4vodn\u00e9 kr\u00eddla ka\u0161tie\u013ea, sa nach\u00e1dza n\u00e1ro\u017en\u00e1 hranolov\u00e1 ba\u0161ta. T\u00e1to ba\u0161ta je pozostatkom b\u00fdvalej ve\u017ee vodn\u00e9ho hradu.<\/p>\n<h2 class=\"text-text-100 mt-3 -mb-1 text-[1.125rem] font-bold\"><span style=\"color: #800000;\">Ak\u00e9 architektonick\u00e9 prvky m\u00f4\u017eete na ka\u0161tieli obdivova\u0165?<\/span><\/h2>\n<p class=\"font-claude-response-body break-words whitespace-normal leading-[1.7]\">Prie\u010delie <strong>ka\u0161tie\u013ea<\/strong> m\u00e1 v strede pr\u00edzemia ve\u013ek\u00fd polkruhov\u00fd port\u00e1l s pravouhl\u00fdm or\u00e1movan\u00edm.<\/p>\n<p class=\"font-claude-response-body break-words whitespace-normal leading-[1.7]\">Kr\u00eddla do dvora maj\u00fa ark\u00e1dy z 18. storo\u010dia.<\/p>\n<p class=\"font-claude-response-body break-words whitespace-normal leading-[1.7]\">Star\u0161ie \u010dasti ka\u0161tie\u013ea maj\u00fa zv\u00e4\u010d\u0161a rovn\u00e9 stropy a <strong>renesan\u010dn\u00e9 klenby<\/strong>.<\/p>\n<h2 class=\"text-text-100 mt-3 -mb-1 text-[1.125rem] font-bold\"><span style=\"color: #800000;\">Ako prebehla rekon\u0161trukcia ka\u0161tie\u013ea v minulosti?<\/span><\/h2>\n<p class=\"font-claude-response-body break-words whitespace-normal leading-[1.7]\"><strong>Ka\u0161tie\u013e<\/strong> bol prer\u00e1ban\u00fd a rekon\u0161truovan\u00fd v rokoch 1939 \u2013 1943, kedy p\u00f4vodn\u00fd p\u00f4dorys v tvare p\u00edsmena L z\u00edskal pribudnut\u00edm \u010fal\u0161\u00edch traktov tvar nepravideln\u00e9ho p\u00edsmena U.<\/p>\n<p class=\"font-claude-response-body break-words whitespace-normal leading-[1.7]\">Objekt bol v roku 1945 zn\u00e1rodnen\u00fd a bol vyu\u017e\u00edvan\u00fd pre \u00fa\u010dely \u0161koly, ubytovne \u010di skladu. N\u00e1sledne za\u010dal cel\u00fd objekt ch\u00e1tra\u0165.<\/p>\n<p class=\"font-claude-response-body break-words whitespace-normal leading-[1.7]\">V roku 1990 pre\u0161iel do vlastn\u00edctva obce, za\u010dala sa rekon\u0161trukcia, no \u010doskoro bola preru\u0161en\u00e1. V roku 2000 sa znova za\u010dala, ale v roku 2006 do\u0161lo k pozastaveniu pr\u00e1c.<\/p>\n<h2 class=\"text-text-100 mt-3 -mb-1 text-[1.125rem] font-bold\"><span style=\"color: #800000;\">Kedy prebehla posledn\u00e1 komplexn\u00e1 rekon\u0161trukcia ka\u0161tie\u013ea?<\/span><\/h2>\n<p class=\"font-claude-response-body break-words whitespace-normal leading-[1.7]\">V roku 2018 na <strong>ka\u0161tieli<\/strong> za\u010dala komplexn\u00e1 <strong>rekon\u0161trukcia<\/strong>, ktor\u00e1 trvala do roku 2021.<\/p>\n<h2 class=\"text-text-100 mt-3 -mb-1 text-[1.125rem] font-bold\"><span style=\"color: #800000;\">\u010co m\u00f4\u017eete vidie\u0165 v m\u00fazeu v ka\u0161tieli?<\/span><\/h2>\n<p class=\"font-claude-response-body break-words whitespace-normal leading-[1.7]\">V s\u00fa\u010dasnosti je v <strong>ka\u0161tieli<\/strong> zriaden\u00e9 <strong>m\u00fazeum<\/strong> s artefaktmi dokumentuj\u00facimi dejiny ka\u0161tie\u013ea a rodu <strong>R\u00e1kociovcov<\/strong>.<\/p>\n<p class=\"font-claude-response-body break-words whitespace-normal leading-[1.7]\">Viacer\u00e9 zozbieran\u00e9 artefakty pripom\u00ednaj\u00fa najm\u00e4 \u017eivot a p\u00f4sobenie <strong>Franti\u0161ka II. R\u00e1kociho<\/strong>, ktor\u00fd sa v tomto ka\u0161tieli aj narodil.<\/p>\n<p class=\"font-claude-response-body break-words whitespace-normal leading-[1.7]\">S\u00fa tu dobovo zariaden\u00e9 pam\u00e4tn\u00e9 izby, ktor\u00e9 pripom\u00ednaj\u00fa \u010dasy, ke\u010f tu \u017eil Franti\u0161ek II. R\u00e1koci.<\/p>\n<p class=\"font-claude-response-body break-words whitespace-normal leading-[1.7]\">Expoz\u00edciu je mo\u017en\u00e9 nav\u0161t\u00edvi\u0165 po telefonickom dohovore.<\/p>\n<h2 class=\"text-text-100 mt-3 -mb-1 text-[1.125rem] font-bold\"><span style=\"color: #800000;\">Ak\u00e1 socha sa nach\u00e1dza pred ka\u0161tie\u013eom?<\/span><\/h2>\n<p class=\"font-claude-response-body break-words whitespace-normal leading-[1.7]\">Pred hlavn\u00fdm vchodom je umiestnen\u00e1 bronzov\u00e1 busta <strong>Franti\u0161ka II. R\u00e1kociho<\/strong> od soch\u00e1ra J. Mayera z roku 1907.<\/p>\n<h2 class=\"text-text-100 mt-3 -mb-1 text-[1.125rem] font-bold\"><span style=\"color: #800000;\">Pre koho je ka\u0161tie\u013e R\u00e1k\u00f3czi ide\u00e1lnou destin\u00e1ciou?<\/span><\/h2>\n<p class=\"font-claude-response-body break-words whitespace-normal leading-[1.7]\">Perla <strong>renesan\u010dnej architekt\u00fary<\/strong>, <strong>ka\u0161tie\u013e R\u00e1k\u00f3czi<\/strong> srde\u010dne o\u010dak\u00e1va z\u00e1ujemcov o kult\u00faru, nad\u0161encov hist\u00f3rie, labu\u017en\u00edkov a v neposlednom rade ka\u017ed\u00e9ho n\u00e1v\u0161tevn\u00edka, ktor\u00fd sem zav\u00edta, \u010di u\u017e za cie\u013eom stravovania, ubytovania, alebo n\u00e1v\u0161tevy na\u0161ich kult\u00farnych a turistick\u00fdch produktov.<\/p>\n<h2 class=\"text-text-100 mt-3 -mb-1 text-[1.125rem] font-bold\"><span style=\"color: #800000;\">\u010co sa zachovalo z p\u00f4vodn\u00e9ho mo\u010diara okolo ka\u0161tie\u013ea?<\/span><\/h2>\n<p class=\"font-claude-response-body break-words whitespace-normal leading-[1.7]\">V minulosti bol <strong>ka\u0161tie\u013e<\/strong> chr\u00e1nen\u00fd mo\u010diarom, doteraz sa zachovali niektor\u00e9 \u010dasti \u2013 <a href=\"https:\/\/www.keturist.sk\/info\/kam-do-prirody\/kam-do-prirody-smer-zemplin\/ochrana-prirody\/chraneny-areal-borsiansky-les\/\">Chr\u00e1nen\u00fd are\u00e1l Bor\u0161iansky les<\/a>.<\/p>\n<p class=\"font-claude-response-body break-words whitespace-normal leading-[1.7]\">Viac inform\u00e1ci\u00ed tu: <a class=\"underline underline underline-offset-2 decoration-1 decoration-current\/40 hover:decoration-current focus:decoration-current\" href=\"https:\/\/www.borsikastely.eu\/sk\/\" target=\"_blank\" rel=\"noopener\">https:\/\/www.borsikastely.eu\/sk\/<\/a><\/p>\n<h2><span style=\"color: #800000;\">Fotogal\u00e9ria<\/span><\/h2>\n<style type=\"text\/css\">\n#foogallery-gallery-73531 .fg-image { width: 200px; }<\/style>\n\t\t\t<div class=\"foogallery foogallery-container foogallery-carousel foogallery-lightbox-foogallery fg-carousel fg-ready fg-light fg-border-medium fg-round-small fg-shadow-medium fg-loading-default fg-loaded-fade-in fg-hover-semi-zoomed fg-hover-fade fg-hover-circle-plus2\" id=\"foogallery-gallery-73531\" data-foogallery=\"{&quot;item&quot;:{&quot;showCaptionTitle&quot;:true,&quot;showCaptionDescription&quot;:true},&quot;lazy&quot;:true,&quot;template&quot;:{&quot;maxItems&quot;:5,&quot;scale&quot;:0.11999999999999999555910790149937383830547332763671875,&quot;gutter&quot;:{&quot;min&quot;:-40,&quot;max&quot;:-20,&quot;unit&quot;:&quot;%&quot;},&quot;autoplay&quot;:{&quot;time&quot;:0,&quot;interaction&quot;:&quot;pause&quot;},&quot;centerOnClick&quot;:true,&quot;align&quot;:&quot;center&quot;,&quot;activePosition&quot;:&quot;center&quot;}}\" data-foogallery-lightbox=\"{&quot;thumbs&quot;:&quot;bottom&quot;,&quot;thumbsCaptions&quot;:false,&quot;thumbsBestFit&quot;:false,&quot;thumbsSmall&quot;:false,&quot;thumbsCaptionsAlign&quot;:&quot;default&quot;,&quot;info&quot;:&quot;bottom&quot;,&quot;infoVisible&quot;:true,&quot;infoOverlay&quot;:true,&quot;infoAlign&quot;:&quot;default&quot;,&quot;transition&quot;:&quot;fade&quot;,&quot;hoverButtons&quot;:false,&quot;fitMedia&quot;:false,&quot;noScrollbars&quot;:true,&quot;preserveButtonSpace&quot;:true,&quot;buttons&quot;:{&quot;fullscreen&quot;:true,&quot;info&quot;:true,&quot;thumbs&quot;:false},&quot;video&quot;:{&quot;autoPlay&quot;:true}}\" style=\"--fg-title-line-clamp: 1; --fg-description-line-clamp: 2;\" >\n\t<button type=\"button\" class=\"fg-carousel-prev\" title=\"Previous\"><\/button>\n\t<div class=\"fg-carousel-inner\">\n\t\t<div class=\"fg-carousel-center\"><\/div>\n\t\t<div class=\"fg-item fg-type-image fg-idle\"><figure class=\"fg-item-inner\"><a href=\"https:\/\/www.keturist.sk\/info\/wp-content\/uploads\/2021\/06\/borda1.jpg\" data-caption-title=\"Ka\u0161tie\u013e Franti\u0161ka II. R\u00e1kociho v obci Bor\u0161a\" data-caption-desc=\"Ka\u0161tie\u013e Franti\u0161ka II. R\u00e1kociho v obci Bor\u0161a, Fotograf: Jozef Mare\u010dek (https:\/\/www.facebook.com\/jozef.marecek.94)\" data-attachment-id=\"39996\" data-type=\"image\" class=\"fg-thumb\"><span class=\"fg-image-wrap\"><img decoding=\"async\" alt=\"Ka\u0161tie\u013e Franti\u0161ka II. R\u00e1kociho v obci Bor\u0161a\" title=\"Ka\u0161tie\u013e Franti\u0161ka II. R\u00e1kociho v obci Bor\u0161a\" width=\"200\" height=\"200\" class=\"skip-lazy fg-image\" data-src-fg=\"https:\/\/www.keturist.sk\/info\/wp-content\/uploads\/cache\/2021\/06\/borda1\/2217176369.jpg\" src=\"data:image\/svg+xml,%3Csvg%20xmlns%3D%22http%3A%2F%2Fwww.w3.org%2F2000%2Fsvg%22%20width%3D%22200%22%20height%3D%22200%22%20viewBox%3D%220%200%20200%20200%22%3E%3C%2Fsvg%3E\" loading=\"eager\"><\/span><span class=\"fg-image-overlay\"><\/span><\/a><figcaption class=\"fg-caption\"><div class=\"fg-caption-inner\"><div class=\"fg-caption-title\">Ka\u0161tie\u013e Franti\u0161ka II. R\u00e1kociho v obci Bor\u0161a<\/div><div class=\"fg-caption-desc\">Ka\u0161tie\u013e Franti\u0161ka II. R\u00e1kociho v obci Bor\u0161a, Fotograf: Jozef Mare\u010dek (https:\/\/www.facebook.com\/jozef.marecek.94)<\/div><\/div><\/figcaption><\/figure><div class=\"fg-loader\"><\/div><\/div><div class=\"fg-item fg-type-image fg-idle\"><figure class=\"fg-item-inner\"><a href=\"https:\/\/www.keturist.sk\/info\/wp-content\/uploads\/2021\/06\/borda2.jpg\" data-caption-title=\"Ka\u0161tie\u013e Franti\u0161ka II. R\u00e1kociho v obci Bor\u0161a\" data-caption-desc=\"Ka\u0161tie\u013e Franti\u0161ka II. R\u00e1kociho v obci Bor\u0161a, Fotograf: Jozef Mare\u010dek (https:\/\/www.facebook.com\/jozef.marecek.94)\" data-attachment-id=\"39995\" data-type=\"image\" class=\"fg-thumb\"><span class=\"fg-image-wrap\"><img decoding=\"async\" alt=\"Ka\u0161tie\u013e Franti\u0161ka II. R\u00e1kociho v obci Bor\u0161a\" title=\"Ka\u0161tie\u013e Franti\u0161ka II. R\u00e1kociho v obci Bor\u0161a\" width=\"200\" height=\"200\" class=\"skip-lazy fg-image\" data-src-fg=\"https:\/\/www.keturist.sk\/info\/wp-content\/uploads\/cache\/2021\/06\/borda2\/2747006281.jpg\" src=\"data:image\/svg+xml,%3Csvg%20xmlns%3D%22http%3A%2F%2Fwww.w3.org%2F2000%2Fsvg%22%20width%3D%22200%22%20height%3D%22200%22%20viewBox%3D%220%200%20200%20200%22%3E%3C%2Fsvg%3E\" loading=\"eager\"><\/span><span class=\"fg-image-overlay\"><\/span><\/a><figcaption class=\"fg-caption\"><div class=\"fg-caption-inner\"><div class=\"fg-caption-title\">Ka\u0161tie\u013e Franti\u0161ka II. R\u00e1kociho v obci Bor\u0161a<\/div><div class=\"fg-caption-desc\">Ka\u0161tie\u013e Franti\u0161ka II. R\u00e1kociho v obci Bor\u0161a, Fotograf: Jozef Mare\u010dek (https:\/\/www.facebook.com\/jozef.marecek.94)<\/div><\/div><\/figcaption><\/figure><div class=\"fg-loader\"><\/div><\/div><div class=\"fg-item fg-type-image fg-idle\"><figure class=\"fg-item-inner\"><a href=\"https:\/\/www.keturist.sk\/info\/wp-content\/uploads\/2021\/06\/borda3.jpg\" data-caption-title=\"Ka\u0161tie\u013e Franti\u0161ka II. R\u00e1kociho v obci Bor\u0161a\" data-caption-desc=\"Ka\u0161tie\u013e Franti\u0161ka II. R\u00e1kociho v obci Bor\u0161a, Fotograf: Jozef Mare\u010dek (https:\/\/www.facebook.com\/jozef.marecek.94)\" data-attachment-id=\"39994\" data-type=\"image\" class=\"fg-thumb\"><span class=\"fg-image-wrap\"><img decoding=\"async\" alt=\"Ka\u0161tie\u013e Franti\u0161ka II. R\u00e1kociho v obci Bor\u0161a\" title=\"Ka\u0161tie\u013e Franti\u0161ka II. R\u00e1kociho v obci Bor\u0161a\" width=\"200\" height=\"200\" class=\"skip-lazy fg-image\" data-src-fg=\"https:\/\/www.keturist.sk\/info\/wp-content\/uploads\/cache\/2021\/06\/borda3\/3764543843.jpg\" src=\"data:image\/svg+xml,%3Csvg%20xmlns%3D%22http%3A%2F%2Fwww.w3.org%2F2000%2Fsvg%22%20width%3D%22200%22%20height%3D%22200%22%20viewBox%3D%220%200%20200%20200%22%3E%3C%2Fsvg%3E\" loading=\"eager\"><\/span><span class=\"fg-image-overlay\"><\/span><\/a><figcaption class=\"fg-caption\"><div class=\"fg-caption-inner\"><div class=\"fg-caption-title\">Ka\u0161tie\u013e Franti\u0161ka II. R\u00e1kociho v obci Bor\u0161a<\/div><div class=\"fg-caption-desc\">Ka\u0161tie\u013e Franti\u0161ka II. R\u00e1kociho v obci Bor\u0161a, Fotograf: Jozef Mare\u010dek (https:\/\/www.facebook.com\/jozef.marecek.94)<\/div><\/div><\/figcaption><\/figure><div class=\"fg-loader\"><\/div><\/div><div class=\"fg-item fg-type-image fg-idle\"><figure class=\"fg-item-inner\"><a href=\"https:\/\/www.keturist.sk\/info\/wp-content\/uploads\/2021\/06\/borda4.jpg\" data-caption-title=\"Ka\u0161tie\u013e Franti\u0161ka II. R\u00e1kociho v obci Bor\u0161a\" data-caption-desc=\"Ka\u0161tie\u013e Franti\u0161ka II. R\u00e1kociho v obci Bor\u0161a, Fotograf: Jozef Mare\u010dek (https:\/\/www.facebook.com\/jozef.marecek.94)\" data-attachment-id=\"39993\" data-type=\"image\" class=\"fg-thumb\"><span class=\"fg-image-wrap\"><img decoding=\"async\" alt=\"Ka\u0161tie\u013e Franti\u0161ka II. R\u00e1kociho v obci Bor\u0161a\" title=\"Ka\u0161tie\u013e Franti\u0161ka II. R\u00e1kociho v obci Bor\u0161a\" width=\"200\" height=\"200\" class=\"skip-lazy fg-image\" data-src-fg=\"https:\/\/www.keturist.sk\/info\/wp-content\/uploads\/cache\/2021\/06\/borda4\/4028609524.jpg\" src=\"data:image\/svg+xml,%3Csvg%20xmlns%3D%22http%3A%2F%2Fwww.w3.org%2F2000%2Fsvg%22%20width%3D%22200%22%20height%3D%22200%22%20viewBox%3D%220%200%20200%20200%22%3E%3C%2Fsvg%3E\" loading=\"eager\"><\/span><span class=\"fg-image-overlay\"><\/span><\/a><figcaption class=\"fg-caption\"><div class=\"fg-caption-inner\"><div class=\"fg-caption-title\">Ka\u0161tie\u013e Franti\u0161ka II. R\u00e1kociho v obci Bor\u0161a<\/div><div class=\"fg-caption-desc\">Ka\u0161tie\u013e Franti\u0161ka II. R\u00e1kociho v obci Bor\u0161a, Fotograf: Jozef Mare\u010dek (https:\/\/www.facebook.com\/jozef.marecek.94)<\/div><\/div><\/figcaption><\/figure><div class=\"fg-loader\"><\/div><\/div><div class=\"fg-item fg-type-image fg-idle\"><figure class=\"fg-item-inner\"><a href=\"https:\/\/www.keturist.sk\/info\/wp-content\/uploads\/2020\/05\/borda6.jpg\" data-caption-title=\"Ka\u0161tie\u013e Franti\u0161ka II. R\u00e1kociho v obci Bor\u0161a\" data-caption-desc=\"Ka\u0161tie\u013e Franti\u0161ka II. R\u00e1kociho v obci Bor\u0161a, Fotograf: Jozef Mare\u010dek (https:\/\/www.facebook.com\/jozef.marecek.94)\" data-attachment-id=\"39952\" data-type=\"image\" class=\"fg-thumb\"><span class=\"fg-image-wrap\"><img decoding=\"async\" alt=\"Ka\u0161tie\u013e Franti\u0161ka II. R\u00e1kociho v obci Bor\u0161a\" title=\"Ka\u0161tie\u013e Franti\u0161ka II. R\u00e1kociho v obci Bor\u0161a\" width=\"200\" height=\"200\" class=\"skip-lazy fg-image\" data-src-fg=\"https:\/\/www.keturist.sk\/info\/wp-content\/uploads\/cache\/2020\/05\/borda6\/2502285070.jpg\" src=\"data:image\/svg+xml,%3Csvg%20xmlns%3D%22http%3A%2F%2Fwww.w3.org%2F2000%2Fsvg%22%20width%3D%22200%22%20height%3D%22200%22%20viewBox%3D%220%200%20200%20200%22%3E%3C%2Fsvg%3E\" loading=\"eager\"><\/span><span class=\"fg-image-overlay\"><\/span><\/a><figcaption class=\"fg-caption\"><div class=\"fg-caption-inner\"><div class=\"fg-caption-title\">Ka\u0161tie\u013e Franti\u0161ka II. R\u00e1kociho v obci Bor\u0161a<\/div><div class=\"fg-caption-desc\">Ka\u0161tie\u013e Franti\u0161ka II. R\u00e1kociho v obci Bor\u0161a, Fotograf: Jozef Mare\u010dek (https:\/\/www.facebook.com\/jozef.marecek.94)<\/div><\/div><\/figcaption><\/figure><div class=\"fg-loader\"><\/div><\/div><div class=\"fg-item fg-type-image fg-idle\"><figure class=\"fg-item-inner\"><a href=\"https:\/\/www.keturist.sk\/info\/wp-content\/uploads\/2020\/05\/borda5.jpg\" data-caption-title=\"Ka\u0161tie\u013e Franti\u0161ka II. R\u00e1kociho v obci Bor\u0161a\" data-caption-desc=\"Ka\u0161tie\u013e Franti\u0161ka II. R\u00e1kociho v obci Bor\u0161a, Fotograf: Jozef Mare\u010dek (https:\/\/www.facebook.com\/jozef.marecek.94)\" data-attachment-id=\"39944\" data-type=\"image\" class=\"fg-thumb\"><span class=\"fg-image-wrap\"><img decoding=\"async\" alt=\"Ka\u0161tie\u013e Franti\u0161ka II. R\u00e1kociho v obci Bor\u0161a\" title=\"Ka\u0161tie\u013e Franti\u0161ka II. R\u00e1kociho v obci Bor\u0161a\" width=\"200\" height=\"200\" class=\"skip-lazy fg-image\" data-src-fg=\"https:\/\/www.keturist.sk\/info\/wp-content\/uploads\/cache\/2020\/05\/borda5\/1122145246.jpg\" src=\"data:image\/svg+xml,%3Csvg%20xmlns%3D%22http%3A%2F%2Fwww.w3.org%2F2000%2Fsvg%22%20width%3D%22200%22%20height%3D%22200%22%20viewBox%3D%220%200%20200%20200%22%3E%3C%2Fsvg%3E\" loading=\"eager\"><\/span><span class=\"fg-image-overlay\"><\/span><\/a><figcaption class=\"fg-caption\"><div class=\"fg-caption-inner\"><div class=\"fg-caption-title\">Ka\u0161tie\u013e Franti\u0161ka II. R\u00e1kociho v obci Bor\u0161a<\/div><div class=\"fg-caption-desc\">Ka\u0161tie\u013e Franti\u0161ka II. R\u00e1kociho v obci Bor\u0161a, Fotograf: Jozef Mare\u010dek (https:\/\/www.facebook.com\/jozef.marecek.94)<\/div><\/div><\/figcaption><\/figure><div class=\"fg-loader\"><\/div><\/div>\t<\/div>\n\t<div class=\"fg-carousel-bottom\"><\/div>\n\t<div class=\"fg-carousel-progress\"><\/div>\n\t<button type=\"button\" class=\"fg-carousel-next\" title=\"Next\"><\/button>\n<\/div>\n<h2><span style=\"color: #800000;\">Zauj\u00edmav\u00e9 odkazy<\/span><\/h2>\n<h3><span style=\"color: #808000;\">Bl\u00edzke stredisko, turistick\u00e9 centrum, obec alebo mesto:<\/span><\/h3>\n<ul>\n<li><a href=\"https:\/\/www.keturist.sk\/info\/turisticke-vychodiska\/smer-dolny-zemplin\/obec-borsa\/\">Obec Bor\u0161a (\u010d\u00edtaj viac&#8230;)<\/a><\/li>\n<\/ul>\n<h2><span style=\"color: #800000;\">Mapy<\/span><\/h2>\n<p><strong>Vrstvy: <\/strong>Turistick\u00e1 mapa, Automapa, Cyklomapa, Ly\u017eiarska mapa, Satelitn\u00e1 mapa a OpenStreetMap.<\/p>\n<p><strong>Kliknut\u00edm na logo &#8222;Freemap.sk&#8220; sa V\u00e1m mapa zobraz\u00ed na celej ploche obrazovky.<\/strong><\/p>\n<p><iframe style=\"width: 900px; height: 500px; border: 0;\" src=\"https:\/\/www.freemap.sk\/?map=14\/48.389152\/21.705861&amp;info-point=48.389152\/21.705861,Ka\u0161tie\u013e Franti\u0161ka II. R\u00e1kociho&amp;layers=X&amp;embed=search\" allowfullscreen=\"allowfullscreen\"><span data-mce-type=\"bookmark\" style=\"display: inline-block; width: 0px; overflow: hidden; line-height: 0;\" class=\"mce_SELRES_start\">\ufeff<\/span><\/iframe><\/p>\n<h2><span style=\"color: #800000;\">Po\u010dasie<\/span><\/h2>\n<p><iframe style=\"width: 900px; height: 618px;\" src=\"https:\/\/www.meteoblue.com\/sk\/po%C4%8Dasie\/widget\/three\/bor%c5%a1a_slovensko_725096?geoloc=fixed&amp;nocurrent=0&amp;noforecast=0&amp;days=7&amp;tempunit=CELSIUS&amp;windunit=KILOMETER_PER_HOUR&amp;layout=image\" frameborder=\"0\" scrolling=\"NO\" sandbox=\"allow-same-origin allow-scripts allow-popups allow-popups-to-escape-sandbox\"><\/iframe><\/p>\n<div><!-- DO NOT REMOVE THIS LINK --><a href=\"https:\/\/www.meteoblue.com\/sk\/po%C4%8Dasie\/t%C3%BD%C5%BEde%C5%88\/bor%c5%a1a_slovensko_725096?utm_source=weather_widget&amp;utm_medium=linkus&amp;utm_content=three&amp;utm_campaign=Weather%2BWidget\" target=\"_blank\" rel=\"noopener\">meteoblue<\/a><\/div>\n","protected":false},"excerpt":{"rendered":"<p>Podkateg\u00f3ria: Lokaliz\u00e1cia: Doln\u00fd Zempl\u00edn Ka\u0161tie\u013e Franti\u0161ka II. R\u00e1kociho \u2013 Rodisko odvahy a hist\u00f3rie Predstavte si miesto, kde sa hist\u00f3ria dot\u00fdka ka\u017edej steny a ka\u017ed\u00fd kame\u0148 rozpr\u00e1va svoj pr\u00edbeh. Na ju\u017enom [&hellip;]<\/p>\n","protected":false},"author":1,"featured_media":39952,"parent":39934,"menu_order":0,"comment_status":"closed","ping_status":"closed","template":"","meta":{"_uag_custom_page_level_css":"","_monsterinsights_skip_tracking":false,"_monsterinsights_sitenote_active":false,"_monsterinsights_sitenote_note":"","_monsterinsights_sitenote_category":0,"footnotes":""},"class_list":["post-39949","page","type-page","status-publish","has-post-thumbnail","hentry"],"featured_image_src":"https:\/\/www.keturist.sk\/info\/wp-content\/uploads\/2020\/05\/borda6.jpg","featured_image_src_square":"https:\/\/www.keturist.sk\/info\/wp-content\/uploads\/2020\/05\/borda6.jpg","rbea_author_info":{"display_name":"admin","author_link":"https:\/\/www.keturist.sk\/info\/author\/admin\/"},"rbea_excerpt_info":"Podkateg\u00f3ria: Lokaliz\u00e1cia: Doln\u00fd Zempl\u00edn Ka\u0161tie\u013e Franti\u0161ka II. R\u00e1kociho \u2013 Rodisko odvahy a hist\u00f3rie Predstavte si miesto, kde sa hist\u00f3ria dot\u00fdka ka\u017edej steny a ka\u017ed\u00fd kame\u0148 rozpr\u00e1va svoj pr\u00edbeh. Na ju\u017enom [&hellip;]","uagb_featured_image_src":{"full":["https:\/\/www.keturist.sk\/info\/wp-content\/uploads\/2020\/05\/borda6.jpg",1000,667,false],"thumbnail":["https:\/\/www.keturist.sk\/info\/wp-content\/uploads\/2020\/05\/borda6-270x180.jpg",270,180,true],"medium":["https:\/\/www.keturist.sk\/info\/wp-content\/uploads\/2020\/05\/borda6-800x534.jpg",800,534,true],"medium_large":["https:\/\/www.keturist.sk\/info\/wp-content\/uploads\/2020\/05\/borda6-768x512.jpg",768,512,true],"large":["https:\/\/www.keturist.sk\/info\/wp-content\/uploads\/2020\/05\/borda6.jpg",1000,667,false],"1536x1536":["https:\/\/www.keturist.sk\/info\/wp-content\/uploads\/2020\/05\/borda6.jpg",1000,667,false],"2048x2048":["https:\/\/www.keturist.sk\/info\/wp-content\/uploads\/2020\/05\/borda6.jpg",1000,667,false]},"uagb_author_info":{"display_name":"admin","author_link":"https:\/\/www.keturist.sk\/info\/author\/admin\/"},"uagb_comment_info":0,"uagb_excerpt":"Podkateg\u00f3ria: Lokaliz\u00e1cia: Doln\u00fd Zempl\u00edn Ka\u0161tie\u013e Franti\u0161ka II. R\u00e1kociho \u2013 Rodisko odvahy a hist\u00f3rie Predstavte si miesto, kde sa hist\u00f3ria dot\u00fdka ka\u017edej steny a ka\u017ed\u00fd kame\u0148 rozpr\u00e1va svoj pr\u00edbeh. Na ju\u017enom [&hellip;]","_links":{"self":[{"href":"https:\/\/www.keturist.sk\/info\/wp-json\/wp\/v2\/pages\/39949","targetHints":{"allow":["GET"]}}],"collection":[{"href":"https:\/\/www.keturist.sk\/info\/wp-json\/wp\/v2\/pages"}],"about":[{"href":"https:\/\/www.keturist.sk\/info\/wp-json\/wp\/v2\/types\/page"}],"author":[{"embeddable":true,"href":"https:\/\/www.keturist.sk\/info\/wp-json\/wp\/v2\/users\/1"}],"replies":[{"embeddable":true,"href":"https:\/\/www.keturist.sk\/info\/wp-json\/wp\/v2\/comments?post=39949"}],"version-history":[{"count":48,"href":"https:\/\/www.keturist.sk\/info\/wp-json\/wp\/v2\/pages\/39949\/revisions"}],"predecessor-version":[{"id":73533,"href":"https:\/\/www.keturist.sk\/info\/wp-json\/wp\/v2\/pages\/39949\/revisions\/73533"}],"up":[{"embeddable":true,"href":"https:\/\/www.keturist.sk\/info\/wp-json\/wp\/v2\/pages\/39934"}],"wp:featuredmedia":[{"embeddable":true,"href":"https:\/\/www.keturist.sk\/info\/wp-json\/wp\/v2\/media\/39952"}],"wp:attachment":[{"href":"https:\/\/www.keturist.sk\/info\/wp-json\/wp\/v2\/media?parent=39949"}],"curies":[{"name":"wp","href":"https:\/\/api.w.org\/{rel}","templated":true}]}}