{"id":39934,"date":"2021-06-14T09:58:22","date_gmt":"2021-06-14T07:58:22","guid":{"rendered":"https:\/\/www.keturist.sk\/info\/?page_id=39934"},"modified":"2023-09-07T17:35:17","modified_gmt":"2023-09-07T15:35:17","slug":"hrady-a-kastiele","status":"publish","type":"page","link":"https:\/\/www.keturist.sk\/info\/kam-za-pamiatkami\/kam-za-pamiatkami-smer-zemplin\/hrady-a-kastiele\/","title":{"rendered":"Hrady a ka\u0161tiele"},"content":{"rendered":"<a href=\"https:\/\/www.keturist.sk\/info\/\" class=\"su-button su-button-style-default\" style=\"color:#000000;background-color:#FFCF2F;border-color:#cca626;border-radius:5px\" target=\"_self\"><span style=\"color:#000000;padding:6px 16px;font-size:13px;line-height:20px;border-color:#ffde6e;border-radius:5px;text-shadow:none\"><i class=\"sui sui-arrow-right\" style=\"font-size:13px;color:#000000\"><\/i>  Spravodaj <\/span><\/a>\n<a href=\"https:\/\/www.keturist.sk\/info\/tipy-na-vylety\/\" class=\"su-button su-button-style-default\" style=\"color:#000000;background-color:#FFCF2F;border-color:#cca626;border-radius:5px\" target=\"_self\"><span style=\"color:#000000;padding:6px 16px;font-size:13px;line-height:20px;border-color:#ffde6e;border-radius:5px;text-shadow:none\"><i class=\"sui sui-arrow-right\" style=\"font-size:13px;color:#000000\"><\/i>  TIPY NA V\u00ddLETY <\/span><\/a>\n<a href=\"https:\/\/www.keturist.sk\/info\/kam-za-pamiatkami\/\" class=\"su-button su-button-style-default\" style=\"color:#000000;background-color:#FFCF2F;border-color:#cca626;border-radius:5px\" target=\"_self\"><span style=\"color:#000000;padding:6px 16px;font-size:13px;line-height:20px;border-color:#ffde6e;border-radius:5px;text-shadow:none\"><i class=\"sui sui-arrow-right\" style=\"font-size:13px;color:#000000\"><\/i>  Kam za pamiatkami <\/span><\/a>\n<a href=\"https:\/\/www.keturist.sk\/info\/kam-za-pamiatkami\/kam-za-pamiatkami-smer-zemplin\/\" class=\"su-button su-button-style-default\" style=\"color:#000000;background-color:#FFCF2F;border-color:#cca626;border-radius:5px\" target=\"_self\"><span style=\"color:#000000;padding:6px 16px;font-size:13px;line-height:20px;border-color:#ffde6e;border-radius:5px;text-shadow:none\"><i class=\"sui sui-arrow-right\" style=\"font-size:13px;color:#000000\"><\/i>  smer Doln\u00fd Zempl\u00edn <\/span><\/a>\n<div class=\"su-divider su-divider-style-default\" style=\"margin:15px 0;border-width:0px;border-color:#000000\"><\/div>\n<p><strong>Podkateg\u00f3ria: <\/strong> <a href=\"https:\/\/www.keturist.sk\/info\/kam-za-pamiatkami\/kam-za-pamiatkami-smer-zemplin\/hrady-a-kastiele\/\" class=\"su-button su-button-style-default\" style=\"color:#000000;background-color:#afd144;border-color:#8ca837;border-radius:5px\" target=\"_self\"><span style=\"color:#000000;padding:6px 16px;font-size:13px;line-height:20px;border-color:#c7df7d;border-radius:5px;text-shadow:none\"><i class=\"sui sui-arrow-right\" style=\"font-size:13px;color:#000000\"><\/i>  Hrady a ka\u0161tiele <\/span><\/a>\n<div class=\"su-divider su-divider-style-default\" style=\"margin:15px 0;border-width:3px;border-color:#000000\"><\/div>\n<div id=\"metaslider-id-39951\" style=\"max-width: 800px; margin: 0 auto;\" class=\"ml-slider-3-108-0 metaslider metaslider-flex metaslider-39951 ml-slider ms-theme-default nav-hidden\" role=\"region\" aria-label=\"Ka\u0161tie\u013e Franti\u0161ka II. R\u00e1kociho v obci Bor\u0161a\" data-height=\"250\" data-width=\"800\">\n    <div id=\"metaslider_container_39951\">\n        <div id=\"metaslider_39951\" class=\"flexslider\">\n            <ul class='slides'>\n                <li style=\"display: block; width: 100%;\" class=\"slide-39953 ms-image \" aria-roledescription=\"slide\" data-date=\"2021-06-14 10:25:24\" data-filename=\"borda6-800x250.jpg\" data-slide-type=\"image\"><a href=\"https:\/\/www.keturist.sk\/info\/kam-za-pamiatkami\/kam-za-pamiatkami-smer-zemplin\/hrady-a-kastiele\/kastiel-frantiska-ii-rakociho-v-obci-borsa\/\" target=\"_self\" aria-label=\"View Slide Details\" class=\"metaslider_image_link\"><img loading=\"lazy\" decoding=\"async\" src=\"https:\/\/www.keturist.sk\/info\/wp-content\/uploads\/2020\/05\/borda6-800x250.jpg\" height=\"250\" width=\"800\" alt=\"Ka\u0161tie\u013e Franti\u0161ka II. R\u00e1kociho v obci Bor\u0161a\" class=\"slider-39951 slide-39953 msDefaultImage\" title=\"Ka\u0161tie\u013e Franti\u0161ka II. R\u00e1kociho v obci Bor\u0161a\" \/><\/a><div class=\"caption-wrap\"><div class=\"caption\"><b><a href=\"https:\/\/www.keturist.sk\/info\/kam-za-pamiatkami\/kam-za-pamiatkami-smer-zemplin\/hrady-a-kastiele\/kastiel-frantiska-ii-rakociho-v-obci-borsa\/\"><span style=\"color:#FFFF00;\">Ka\u0161tie\u013e Franti\u0161ka II. R\u00e1kociho v obci Bor\u0161a<\/span><\/a><\/b><\/div><\/div><\/li>\n            <\/ul>\n        <\/div>\n        \n    <\/div>\n<\/div>\n<div id=\"metaslider-id-40235\" style=\"max-width: 800px; margin: 0 auto;\" class=\"ml-slider-3-108-0 metaslider metaslider-flex metaslider-40235 ml-slider ms-theme-default nav-hidden nav-hidden\" role=\"region\" aria-label=\"Barokovo-klasicistick\u00fd ka\u0161tie\u013e v Trebi\u0161ove\" data-height=\"250\" data-width=\"800\">\n    <div id=\"metaslider_container_40235\">\n        <div id=\"metaslider_40235\" class=\"flexslider\">\n            <ul class='slides'>\n                <li style=\"display: block; width: 100%;\" class=\"slide-40236 ms-image \" aria-roledescription=\"slide\" data-date=\"2021-06-23 18:01:44\" data-filename=\"kastiel-trebisov3-800x250.jpg\" data-slide-type=\"image\"><a href=\"https:\/\/www.keturist.sk\/info\/kam-za-pamiatkami\/kam-za-pamiatkami-smer-zemplin\/hrady-a-kastiele\/barokovo-klasicisticky-kastiel\/\" target=\"_self\" aria-label=\"View Slide Details\" class=\"metaslider_image_link\"><img loading=\"lazy\" decoding=\"async\" src=\"https:\/\/www.keturist.sk\/info\/wp-content\/uploads\/2021\/06\/kastiel-trebisov3-800x250.jpg\" height=\"250\" width=\"800\" alt=\"Barokovo-klasicistick\u00fd ka\u0161tie\u013e v Trebi\u0161ove\" class=\"slider-40235 slide-40236 msDefaultImage\" title=\"Barokovo-klasicistick\u00fd ka\u0161tie\u013e v Trebi\u0161ove\" \/><\/a><div class=\"caption-wrap\"><div class=\"caption\"><b><a href=\"https:\/\/www.keturist.sk\/info\/kam-za-pamiatkami\/kam-za-pamiatkami-smer-zemplin\/hrady-a-kastiele\/barokovo-klasicisticky-kastiel\/\"><span style=\"color:#FFFF00;\">Barokovo-klasicistick\u00fd ka\u0161tie\u013e v Trebi\u0161ove<\/span><\/a><\/b><\/div><\/div><\/li>\n            <\/ul>\n        <\/div>\n        \n    <\/div>\n<\/div>\n<div id=\"metaslider-id-40239\" style=\"max-width: 800px; margin: 0 auto;\" class=\"ml-slider-3-108-0 metaslider metaslider-flex metaslider-40239 ml-slider ms-theme-default nav-hidden nav-hidden nav-hidden\" role=\"region\" aria-label=\"Hrad Pari\u010d (zr\u00facanina)\" data-height=\"250\" data-width=\"800\">\n    <div id=\"metaslider_container_40239\">\n        <div id=\"metaslider_40239\" class=\"flexslider\">\n            <ul class='slides'>\n                <li style=\"display: block; width: 100%;\" class=\"slide-40241 ms-image \" aria-roledescription=\"slide\" data-date=\"2021-06-23 18:04:34\" data-filename=\"hrad-paric1-800x250.jpg\" data-slide-type=\"image\"><a href=\"https:\/\/www.keturist.sk\/info\/kam-za-pamiatkami\/kam-za-pamiatkami-smer-zemplin\/hrady-a-kastiele\/hrad-paric-zrucanina\/\" target=\"_self\" aria-label=\"View Slide Details\" class=\"metaslider_image_link\"><img loading=\"lazy\" decoding=\"async\" src=\"https:\/\/www.keturist.sk\/info\/wp-content\/uploads\/2020\/05\/hrad-paric1-800x250.jpg\" height=\"250\" width=\"800\" alt=\"Hrad Pari\u010d (zr\u00facanina)\" class=\"slider-40239 slide-40241 msDefaultImage\" title=\"Hrad Pari\u010d (zr\u00facanina)\" \/><\/a><div class=\"caption-wrap\"><div class=\"caption\"><b><a href=\"https:\/\/www.keturist.sk\/info\/kam-za-pamiatkami\/kam-za-pamiatkami-smer-zemplin\/hrady-a-kastiele\/hrad-paric-zrucanina\/\"><span style=\"color:#FFFF00;\">Hrad Pari\u010d (zr\u00facanina)<\/span><\/a><\/b><\/div><\/div><\/li>\n            <\/ul>\n        <\/div>\n        \n    <\/div>\n<\/div>\n<div id=\"metaslider-id-40673\" style=\"max-width: 800px; margin: 0 auto;\" class=\"ml-slider-3-108-0 metaslider metaslider-flex metaslider-40673 ml-slider ms-theme-default nav-hidden nav-hidden nav-hidden nav-hidden\" role=\"region\" aria-label=\"Neskororenesan\u010dn\u00fd ka\u0161tie\u013e v obci Senn\u00e9\" data-height=\"250\" data-width=\"800\">\n    <div id=\"metaslider_container_40673\">\n        <div id=\"metaslider_40673\" class=\"flexslider\">\n            <ul class='slides'>\n                <li style=\"display: block; width: 100%;\" class=\"slide-40676 ms-image \" aria-roledescription=\"slide\" data-date=\"2021-07-20 17:02:03\" data-filename=\"senne-800x250.jpg\" data-slide-type=\"image\"><a href=\"https:\/\/www.keturist.sk\/info\/kam-za-pamiatkami\/kam-za-pamiatkami-smer-zemplin\/neskororenesancny-kastiel-v-obci-senne\/\" target=\"_self\" aria-label=\"View Slide Details\" class=\"metaslider_image_link\"><img loading=\"lazy\" decoding=\"async\" src=\"https:\/\/www.keturist.sk\/info\/wp-content\/uploads\/2020\/05\/senne-800x250.jpg\" height=\"250\" width=\"800\" alt=\"Neskororenesan\u010dn\u00fd ka\u0161tie\u013e v obci Senn\u00e9\" class=\"slider-40673 slide-40676 msDefaultImage\" title=\"Neskororenesan\u010dn\u00fd ka\u0161tie\u013e v obci Senn\u00e9\" \/><\/a><div class=\"caption-wrap\"><div class=\"caption\"><b><a href=\"https:\/\/www.keturist.sk\/info\/kam-za-pamiatkami\/kam-za-pamiatkami-smer-zemplin\/neskororenesancny-kastiel-v-obci-senne\/\"><span style=\"color:#FFFF00;\">Neskororenesan\u010dn\u00fd ka\u0161tie\u013e v obci Senn\u00e9\n<\/span><\/a><\/b><\/div><\/div><\/li>\n            <\/ul>\n        <\/div>\n        \n    <\/div>\n<\/div><div id=\"metaslider-id-41836\" style=\"max-width: 800px; margin: 0 auto;\" class=\"ml-slider-3-108-0 metaslider metaslider-flex metaslider-41836 ml-slider ms-theme-default nav-hidden nav-hidden nav-hidden nav-hidden nav-hidden\" role=\"region\" aria-label=\"Viniansky hrad ( hrad Vinn\u00e9 ) \u2013 zr\u00facanina\" data-height=\"250\" data-width=\"800\">\n    <div id=\"metaslider_container_41836\">\n        <div id=\"metaslider_41836\" class=\"flexslider\">\n            <ul class='slides'>\n                <li style=\"display: block; width: 100%;\" class=\"slide-41837 ms-image \" aria-roledescription=\"slide\" data-date=\"2021-09-11 07:22:16\" data-filename=\"vinne-hrad-3-800x250.jpg\" data-slide-type=\"image\"><a href=\"https:\/\/www.keturist.sk\/info\/kam-za-pamiatkami\/kam-za-pamiatkami-smer-zemplin\/hrady-a-kastiele\/viniansky-hrad-hrad-vinne-zrucanina\/\" target=\"_self\" aria-label=\"View Slide Details\" class=\"metaslider_image_link\"><img loading=\"lazy\" decoding=\"async\" src=\"https:\/\/www.keturist.sk\/info\/wp-content\/uploads\/2021\/09\/vinne-hrad-3-800x250.jpg\" height=\"250\" width=\"800\" alt=\"Viniansky hrad ( hrad Vinn\u00e9 ) \u2013 zr\u00facanina\" class=\"slider-41836 slide-41837 msDefaultImage\" title=\"Viniansky hrad ( hrad Vinn\u00e9 ) \u2013 zr\u00facanina\" \/><\/a><div class=\"caption-wrap\"><div class=\"caption\"><b><a href=\"https:\/\/www.keturist.sk\/info\/kam-za-pamiatkami\/kam-za-pamiatkami-smer-zemplin\/hrady-a-kastiele\/viniansky-hrad-hrad-vinne-zrucanina\/\"><span style=\"color:#FFFF00;\">Viniansky hrad ( hrad Vinn\u00e9 ) \u2013 zr\u00facanina<\/span><\/a><\/b><\/div><\/div><\/li>\n            <\/ul>\n        <\/div>\n        \n    <\/div>\n<\/div> <div id=\"metaslider-id-41843\" style=\"max-width: 800px; margin: 0 auto;\" class=\"ml-slider-3-108-0 metaslider metaslider-flex metaslider-41843 ml-slider ms-theme-default nav-hidden nav-hidden nav-hidden nav-hidden nav-hidden nav-hidden\" role=\"region\" aria-label=\"Barokovo-klasicistick\u00fd ka\u0161tie\u013e rodu St\u00e1raj (Szt\u00e1ray) v Michalovciach\" data-height=\"250\" data-width=\"800\">\n    <div id=\"metaslider_container_41843\">\n        <div id=\"metaslider_41843\" class=\"flexslider\">\n            <ul class='slides'>\n                <li style=\"display: block; width: 100%;\" class=\"slide-41847 ms-image \" aria-roledescription=\"slide\" data-date=\"2021-09-11 08:04:09\" data-filename=\"kastiel-michalovce1-800x250.jpg\" data-slide-type=\"image\"><a href=\"https:\/\/www.keturist.sk\/info\/barokovo-klasicisticky-kastiel-rodu-staraj-sztaray-v-michalovciach\/\" target=\"_self\" aria-label=\"View Slide Details\" class=\"metaslider_image_link\"><img loading=\"lazy\" decoding=\"async\" src=\"https:\/\/www.keturist.sk\/info\/wp-content\/uploads\/2020\/05\/kastiel-michalovce1-800x250.jpg\" height=\"250\" width=\"800\" alt=\"Barokovo-klasicistick\u00fd ka\u0161tie\u013e rodu St\u00e1raj (Szt\u00e1ray) v Michalovciach\" class=\"slider-41843 slide-41847 msDefaultImage\" title=\"Barokovo-klasicistick\u00fd ka\u0161tie\u013e rodu St\u00e1raj (Szt\u00e1ray) v Michalovciach\" \/><\/a><div class=\"caption-wrap\"><div class=\"caption\"><b><a href=\"https:\/\/www.keturist.sk\/info\/barokovo-klasicisticky-kastiel-rodu-staraj-sztaray-v-michalovciach\/\"><span style=\"color:#FFFF00;\">Barokovo-klasicistick\u00fd ka\u0161tie\u013e rodu St\u00e1raj (Szt\u00e1ray) v Michalovciach<\/span><\/a><\/b><\/div><\/div><\/li>\n            <\/ul>\n        <\/div>\n        \n    <\/div>\n<\/div>\n<div id=\"metaslider-id-48613\" style=\"max-width: 800px; margin: 0 auto;\" class=\"ml-slider-3-108-0 metaslider metaslider-flex metaslider-48613 ml-slider ms-theme-default nav-hidden nav-hidden nav-hidden nav-hidden nav-hidden nav-hidden nav-hidden\" role=\"region\" aria-label=\"Hrad Ve\u013ek\u00fd Kamenec \u2013 zr\u00facanina\" data-height=\"250\" data-width=\"800\">\n    <div id=\"metaslider_container_48613\">\n        <div id=\"metaslider_48613\" class=\"flexslider\">\n            <ul class='slides'>\n                <li style=\"display: block; width: 100%;\" class=\"slide-48614 ms-image \" aria-roledescription=\"slide\" data-date=\"2022-05-30 11:58:13\" data-filename=\"hrad-velky-kamenc1-800x250.jpg\" data-slide-type=\"image\"><a href=\"https:\/\/www.keturist.sk\/info\/kam-za-pamiatkami\/kam-za-pamiatkami-smer-zemplin\/hrady-a-kastiele\/hrad-velky-kamenec-zrucanina\/\" target=\"_self\" aria-label=\"View Slide Details\" class=\"metaslider_image_link\"><img loading=\"lazy\" decoding=\"async\" src=\"https:\/\/www.keturist.sk\/info\/wp-content\/uploads\/2022\/05\/hrad-velky-kamenc1-800x250.jpg\" height=\"250\" width=\"800\" alt=\"Hrad Ve\u013ek\u00fd Kamenec \u2013 zr\u00facanina\" class=\"slider-48613 slide-48614 msDefaultImage\" title=\"Hrad Ve\u013ek\u00fd Kamenec \u2013 zr\u00facanina\" \/><\/a><div class=\"caption-wrap\"><div class=\"caption\"><b><a href=\"https:\/\/www.keturist.sk\/info\/kam-za-pamiatkami\/kam-za-pamiatkami-smer-zemplin\/hrady-a-kastiele\/hrad-velky-kamenec-zrucanina\/\"><span style=\"color:#FFFF00;\">Hrad Ve\u013ek\u00fd Kamenec \u2013 zr\u00facanina\n<\/span><\/a><\/b><\/div><\/div><\/li>\n            <\/ul>\n        <\/div>\n        \n    <\/div>\n<\/div>\n<div id=\"metaslider-id-48559\" style=\"max-width: 800px; margin: 0 auto;\" class=\"ml-slider-3-108-0 metaslider metaslider-flex metaslider-48559 ml-slider ms-theme-default nav-hidden nav-hidden nav-hidden nav-hidden nav-hidden nav-hidden nav-hidden nav-hidden\" role=\"region\" aria-label=\"Klasicistick\u00fd ka\u0161tie\u013e v obci Ve\u013ek\u00fd Kamenec\" data-height=\"250\" data-width=\"800\">\n    <div id=\"metaslider_container_48559\">\n        <div id=\"metaslider_48559\" class=\"flexslider\">\n            <ul class='slides'>\n                <li style=\"display: block; width: 100%;\" class=\"slide-48560 ms-image \" aria-roledescription=\"slide\" data-date=\"2022-05-28 17:46:31\" data-filename=\"kastiel-velky-kamenec1-1-800x250.jpg\" data-slide-type=\"image\"><a href=\"https:\/\/www.keturist.sk\/info\/kam-za-pamiatkami\/kam-za-pamiatkami-smer-zemplin\/hrady-a-kastiele\/klasicisticky-kastiel-v-obci-velky-kamenec\/\" target=\"_self\" aria-label=\"View Slide Details\" class=\"metaslider_image_link\"><img loading=\"lazy\" decoding=\"async\" src=\"https:\/\/www.keturist.sk\/info\/wp-content\/uploads\/2022\/05\/kastiel-velky-kamenec1-1-800x250.jpg\" height=\"250\" width=\"800\" alt=\"Ka\u0161tie\u013e Ve\u013ek\u00fd Kamenec\" class=\"slider-48559 slide-48560 msDefaultImage\" title=\"Ka\u0161tie\u013e Ve\u013ek\u00fd Kamenec\" \/><\/a><div class=\"caption-wrap\"><div class=\"caption\"><b><a href=\"https:\/\/www.keturist.sk\/info\/kam-za-pamiatkami\/kam-za-pamiatkami-smer-zemplin\/hrady-a-kastiele\/klasicisticky-kastiel-v-obci-velky-kamenec\/\"><span style=\"color:#FFFF00;\">Klasicistick\u00fd ka\u0161tie\u013e v obci Ve\u013ek\u00fd Kamenec\n\n<\/span><\/a><\/b><\/div><\/div><\/li>\n            <\/ul>\n        <\/div>\n        \n    <\/div>\n<\/div> <div id=\"metaslider-id-49638\" style=\"max-width: 800px; margin: 0 auto;\" class=\"ml-slider-3-108-0 metaslider metaslider-flex metaslider-49638 ml-slider ms-theme-default nav-hidden nav-hidden nav-hidden nav-hidden nav-hidden nav-hidden nav-hidden nav-hidden nav-hidden\" role=\"region\" aria-label=\"Hrad Zempl\u00edn (hradisko)\" data-height=\"250\" data-width=\"800\">\n    <div id=\"metaslider_container_49638\">\n        <div id=\"metaslider_49638\" class=\"flexslider\">\n            <ul class='slides'>\n                <li style=\"display: block; width: 100%;\" class=\"slide-49639 ms-image \" aria-roledescription=\"slide\" data-date=\"2022-07-06 18:39:12\" data-filename=\"Zemplinske-hradisko2-800x250.jpg\" data-slide-type=\"image\"><a href=\"https:\/\/www.keturist.sk\/info\/kam-za-pamiatkami\/kam-za-pamiatkami-smer-zemplin\/hrady-a-kastiele\/zemplinske-hradisko\/\" target=\"_self\" aria-label=\"View Slide Details\" class=\"metaslider_image_link\"><img loading=\"lazy\" decoding=\"async\" src=\"https:\/\/www.keturist.sk\/info\/wp-content\/uploads\/2022\/07\/Zemplinske-hradisko2-800x250.jpg\" height=\"250\" width=\"800\" alt=\"Zempl\u00ednsky hrad\" class=\"slider-49638 slide-49639 msDefaultImage\" title=\"Zempl\u00ednsky hrad\" \/><\/a><div class=\"caption-wrap\"><div class=\"caption\"><b><a href=\"https:\/\/www.keturist.sk\/info\/kam-za-pamiatkami\/kam-za-pamiatkami-smer-zemplin\/hrady-a-kastiele\/zemplinske-hradisko\/\"><span style=\"color:#FFFF00;\">Hrad Zempl\u00edn (hradisko)\n<\/span><\/a><\/b> <\/div><\/div><\/li>\n            <\/ul>\n        <\/div>\n        \n    <\/div>\n<\/div> <div id=\"metaslider-id-59405\" style=\"max-width: 800px; margin: 0 auto;\" class=\"ml-slider-3-108-0 metaslider metaslider-flex metaslider-59405 ml-slider ms-theme-default nav-hidden nav-hidden nav-hidden nav-hidden nav-hidden nav-hidden nav-hidden nav-hidden nav-hidden nav-hidden\" role=\"region\" aria-label=\"Zr\u00facanina hradu \u010conkav\u00e1r (Csonkav\u00e1r)\" data-height=\"250\" data-width=\"800\">\n    <div id=\"metaslider_container_59405\">\n        <div id=\"metaslider_59405\" class=\"flexslider\">\n            <ul class='slides'>\n                <li style=\"display: block; width: 100%;\" class=\"slide-59406 ms-image \" aria-roledescription=\"slide\" data-date=\"2023-09-06 19:39:32\" data-filename=\"Conkavar-Csonkavar1-800x250.jpg\" data-slide-type=\"image\"><a href=\"https:\/\/www.keturist.sk\/info\/kam-za-pamiatkami\/kam-za-pamiatkami-smer-zemplin\/hrady-a-kastiele\/zrucanina-hradu-conkavar-csonkavar\/\" target=\"_self\" aria-label=\"View Slide Details\" class=\"metaslider_image_link\"><img loading=\"lazy\" decoding=\"async\" src=\"https:\/\/www.keturist.sk\/info\/wp-content\/uploads\/2023\/09\/Conkavar-Csonkavar1-800x250.jpg\" height=\"250\" width=\"800\" alt=\"\" class=\"slider-59405 slide-59406 msDefaultImage\" title=\"Zr\u00facanina hradu \u010conkav\u00e1r (Csonkav\u00e1r)\" \/><\/a><div class=\"caption-wrap\"><div class=\"caption\"><b><a href=\"https:\/\/www.keturist.sk\/info\/kam-za-pamiatkami\/kam-za-pamiatkami-smer-zemplin\/hrady-a-kastiele\/zrucanina-hradu-conkavar-csonkavar\/\"><span style=\"color:#FFFF00;\">Zr\u00facanina hradu \u010conkav\u00e1r (Csonkav\u00e1r)<\/span><\/a><\/b><\/div><\/div><\/li>\n            <\/ul>\n        <\/div>\n        \n    <\/div>\n<\/div> <div id=\"metaslider-id-59520\" style=\"max-width: 800px; margin: 0 auto;\" class=\"ml-slider-3-108-0 metaslider metaslider-flex metaslider-59520 ml-slider ms-theme-default nav-hidden nav-hidden nav-hidden nav-hidden nav-hidden nav-hidden nav-hidden nav-hidden nav-hidden nav-hidden nav-hidden\" role=\"region\" aria-label=\"Hrad Kazim\u00edr (zr\u00facanina)\" data-height=\"250\" data-width=\"800\">\n    <div id=\"metaslider_container_59520\">\n        <div id=\"metaslider_59520\" class=\"flexslider\">\n            <ul class='slides'>\n                <li style=\"display: block; width: 100%;\" class=\"slide-59521 ms-image \" aria-roledescription=\"slide\" data-date=\"2023-09-07 17:34:05\" data-filename=\"hrad-kazimir-800x250.jpg\" data-slide-type=\"image\"><a href=\"https:\/\/www.keturist.sk\/info\/kam-za-pamiatkami\/kam-za-pamiatkami-smer-zemplin\/hrady-a-kastiele\/hrad-kazimir-zrucanina\/\" target=\"_self\" aria-label=\"View Slide Details\" class=\"metaslider_image_link\"><img loading=\"lazy\" decoding=\"async\" src=\"https:\/\/www.keturist.sk\/info\/wp-content\/uploads\/2023\/09\/hrad-kazimir-800x250.jpg\" height=\"250\" width=\"800\" alt=\"Hrad Kazim\u00edr (zr\u00facanina)\" class=\"slider-59520 slide-59521 msDefaultImage\" title=\"Hrad Kazim\u00edr (zr\u00facanina)\" \/><\/a><div class=\"caption-wrap\"><div class=\"caption\"><b><a href=\"https:\/\/www.keturist.sk\/info\/kam-za-pamiatkami\/kam-za-pamiatkami-smer-zemplin\/hrady-a-kastiele\/hrad-kazimir-zrucanina\/\"><span style=\"color:#FFFF00;\">Hrad Kazim\u00edr (zr\u00facanina)<\/span><\/a><\/b><\/div><\/div><\/li>\n            <\/ul>\n        <\/div>\n        \n    <\/div>\n<\/div>\n<div class=\"su-divider su-divider-style-default\" style=\"margin:15px 0;border-width:3px;border-color:#000000\"><\/div>\n","protected":false},"excerpt":{"rendered":"<p>Podkateg\u00f3ria:<\/p>\n","protected":false},"author":1,"featured_media":0,"parent":39938,"menu_order":0,"comment_status":"closed","ping_status":"closed","template":"","meta":{"_uag_custom_page_level_css":"","_monsterinsights_skip_tracking":false,"_monsterinsights_sitenote_active":false,"_monsterinsights_sitenote_note":"","_monsterinsights_sitenote_category":0,"footnotes":""},"class_list":["post-39934","page","type-page","status-publish","hentry"],"featured_image_src":"","featured_image_src_square":false,"rbea_author_info":{"display_name":"admin","author_link":"https:\/\/www.keturist.sk\/info\/author\/admin\/"},"rbea_excerpt_info":"Podkateg\u00f3ria:","uagb_featured_image_src":{"full":false,"thumbnail":false,"medium":false,"medium_large":false,"large":false,"1536x1536":false,"2048x2048":false},"uagb_author_info":{"display_name":"admin","author_link":"https:\/\/www.keturist.sk\/info\/author\/admin\/"},"uagb_comment_info":0,"uagb_excerpt":"Podkateg\u00f3ria:","_links":{"self":[{"href":"https:\/\/www.keturist.sk\/info\/wp-json\/wp\/v2\/pages\/39934","targetHints":{"allow":["GET"]}}],"collection":[{"href":"https:\/\/www.keturist.sk\/info\/wp-json\/wp\/v2\/pages"}],"about":[{"href":"https:\/\/www.keturist.sk\/info\/wp-json\/wp\/v2\/types\/page"}],"author":[{"embeddable":true,"href":"https:\/\/www.keturist.sk\/info\/wp-json\/wp\/v2\/users\/1"}],"replies":[{"embeddable":true,"href":"https:\/\/www.keturist.sk\/info\/wp-json\/wp\/v2\/comments?post=39934"}],"version-history":[{"count":28,"href":"https:\/\/www.keturist.sk\/info\/wp-json\/wp\/v2\/pages\/39934\/revisions"}],"predecessor-version":[{"id":59522,"href":"https:\/\/www.keturist.sk\/info\/wp-json\/wp\/v2\/pages\/39934\/revisions\/59522"}],"up":[{"embeddable":true,"href":"https:\/\/www.keturist.sk\/info\/wp-json\/wp\/v2\/pages\/39938"}],"wp:attachment":[{"href":"https:\/\/www.keturist.sk\/info\/wp-json\/wp\/v2\/media?parent=39934"}],"curies":[{"name":"wp","href":"https:\/\/api.w.org\/{rel}","templated":true}]}}