{"id":386,"date":"2013-08-02T20:07:45","date_gmt":"2013-08-02T18:07:45","guid":{"rendered":"https:\/\/www.keturist.sk\/info\/?page_id=386"},"modified":"2026-01-06T11:53:20","modified_gmt":"2026-01-06T10:53:20","slug":"budova-zeleznicneho-riaditelstva","status":"publish","type":"page","link":"https:\/\/www.keturist.sk\/info\/kam-za-pamiatkami\/budova-zeleznicneho-riaditelstva\/","title":{"rendered":"Budova \u017eelezni\u010dn\u00e9ho riadite\u013estva"},"content":{"rendered":"<a href=\"https:\/\/www.keturist.sk\/info\/\" class=\"su-button su-button-style-default\" style=\"color:#000000;background-color:#FFCF2F;border-color:#cca626;border-radius:5px\" target=\"_self\"><span style=\"color:#000000;padding:6px 16px;font-size:13px;line-height:20px;border-color:#ffde6e;border-radius:5px;text-shadow:none\"><i class=\"sui sui-arrow-right\" style=\"font-size:13px;color:#000000\"><\/i>  Spravodaj <\/span><\/a>\n<a href=\"https:\/\/www.keturist.sk\/info\/tipy-na-vylety\/\" class=\"su-button su-button-style-default\" style=\"color:#000000;background-color:#FFCF2F;border-color:#cca626;border-radius:5px\" target=\"_self\"><span style=\"color:#000000;padding:6px 16px;font-size:13px;line-height:20px;border-color:#ffde6e;border-radius:5px;text-shadow:none\"><i class=\"sui sui-arrow-right\" style=\"font-size:13px;color:#000000\"><\/i>  TIPY NA V\u00ddLETY <\/span><\/a>\n<a href=\"https:\/\/www.keturist.sk\/info\/kam-za-pamiatkami\/\" class=\"su-button su-button-style-default\" style=\"color:#000000;background-color:#FFCF2F;border-color:#cca626;border-radius:5px\" target=\"_self\"><span style=\"color:#000000;padding:6px 16px;font-size:13px;line-height:20px;border-color:#ffde6e;border-radius:5px;text-shadow:none\"><i class=\"sui sui-arrow-right\" style=\"font-size:13px;color:#000000\"><\/i>  Kam za pamiatkami <\/span><\/a>\n<a href=\"https:\/\/www.keturist.sk\/info\/kam-za-pamiatkami\/kam-za-pamiatkami-smer-kosice\/\" class=\"su-button su-button-style-default\" style=\"color:#000000;background-color:#FFCF2F;border-color:#cca626;border-radius:5px\" target=\"_self\"><span style=\"color:#000000;padding:6px 16px;font-size:13px;line-height:20px;border-color:#ffde6e;border-radius:5px;text-shadow:none\"><i class=\"sui sui-arrow-right\" style=\"font-size:13px;color:#000000\"><\/i>  smer Ko\u0161ice <\/span><\/a>\n<div class=\"su-divider su-divider-style-default\" style=\"margin:15px 0;border-width:0px;border-color:#000000\"><\/div>\n<p><strong>Podkateg\u00f3ria: <\/strong> <a href=\"https:\/\/www.keturist.sk\/info\/kam-za-pamiatkami\/kam-za-pamiatkami-smer-kosice\/historicke-centrum\/\" class=\"su-button su-button-style-default\" style=\"color:#000000;background-color:#afd144;border-color:#8ca837;border-radius:5px\" target=\"_self\"><span style=\"color:#000000;padding:6px 16px;font-size:13px;line-height:20px;border-color:#c7df7d;border-radius:5px;text-shadow:none\"><i class=\"sui sui-arrow-right\" style=\"font-size:13px;color:#000000\"><\/i>  Historick\u00e9 centrum <\/span><\/a>\n<div class=\"su-divider su-divider-style-default\" style=\"margin:15px 0;border-width:0px;border-color:#000000\"><\/div>\n<strong>Lokaliz\u00e1cia: <\/strong><a href=\"https:\/\/www.keturist.sk\/info\/vseobecne-informacie\/\">Ko\u0161ice<\/a> a <a href=\"https:\/\/www.keturist.sk\/info\/turisticke-vychodiska\/strediska-a-centra\/m\">M\u010c Star\u00e9 mesto<\/a><br \/>\n<div class=\"su-divider su-divider-style-default\" style=\"margin:15px 0;border-width:2px;border-color:#000000\"><\/div>\n<figure id=\"attachment_38022\" aria-describedby=\"caption-attachment-38022\" style=\"width: 900px\" class=\"wp-caption aligncenter\"><a href=\"https:\/\/www.keturist.sk\/info\/wp-content\/uploads\/2021\/01\/budva-zele.jpg\"><img loading=\"lazy\" decoding=\"async\" class=\"wp-image-38022\" src=\"https:\/\/www.keturist.sk\/info\/wp-content\/uploads\/2021\/01\/budva-zele.jpg\" alt=\"Budova \u017eelezni\u010dn\u00e9ho riadite\u013estva\" width=\"900\" height=\"675\" srcset=\"https:\/\/www.keturist.sk\/info\/wp-content\/uploads\/2021\/01\/budva-zele.jpg 800w, https:\/\/www.keturist.sk\/info\/wp-content\/uploads\/2021\/01\/budva-zele-240x180.jpg 240w, https:\/\/www.keturist.sk\/info\/wp-content\/uploads\/2021\/01\/budva-zele-768x576.jpg 768w\" sizes=\"auto, (max-width: 900px) 100vw, 900px\" \/><\/a><figcaption id=\"caption-attachment-38022\" class=\"wp-caption-text\">Budova \u017eelezni\u010dn\u00e9ho riadite\u013estva<\/figcaption><\/figure>\n<div class=\"su-divider su-divider-style-default\" style=\"margin:15px 0;border-width:2px;border-color:#000000\"><\/div>\n<h2 class=\"ds-markdown-paragraph\"><span style=\"color: #800000;\">\u010co je a kde sa nach\u00e1dza Budova \u017eelezni\u010dn\u00e9ho riadite\u013estva v Ko\u0161iciach?<\/span><\/h2>\n<p class=\"ds-markdown-paragraph\"><strong>Budova b\u00fdval\u00e9ho \u017eelezni\u010dn\u00e9ho riadite\u013estva<\/strong>\u00a0v Ko\u0161iciach sa nach\u00e1dza priamo za budovou Vojensk\u00e9ho velite\u013estva. T\u00e1to impozantn\u00e1 historick\u00e1 stavba je v\u00fdznamn\u00fdm architektonick\u00fdm a historick\u00fdm bodom mesta s\u00a0<strong>bohatou hist\u00f3riou spojenou s rozvojom \u017eelezni\u010dnej dopravy<\/strong>\u00a0v regi\u00f3ne.<\/p>\n<h2 class=\"ds-markdown-paragraph\"><span style=\"color: #800000;\">Ako vznikla a kto navrhol Budovu \u017eelezni\u010dn\u00e9ho riadite\u013estva?<\/span><\/h2>\n<p class=\"ds-markdown-paragraph\">T\u00e1to\u00a0<strong>historick\u00e1 budova<\/strong>\u00a0bola postaven\u00e1 na prelome 19. a 20. storo\u010dia ako s\u00eddlo administrat\u00edvy\u00a0<strong>Ko\u0161icko-bohum\u00ednskej \u017eeleznice<\/strong>. Samotn\u00e1 v\u00fdstavba za\u010dala v roku\u00a0<strong>1913<\/strong>\u00a0na mieste b\u00fdval\u00fdch kas\u00e1rn\u00ed Franti\u0161ka Jozefa pod\u013ea projektu\u00a0<strong>budape\u0161tianskeho architekta Jozefa Huberta<\/strong>. Prv\u00e1 etapa bola dokon\u010den\u00e1 v roku\u00a0<strong>1915<\/strong>\u00a0a poskytovala 147 kancel\u00e1ri\u00ed plus obytn\u00e9 priestory. Stavebn\u00e9 pr\u00e1ce tejto \u010dasti vykonal J\u00e1n Koz\u00e1k.<\/p>\n<h2 class=\"ds-markdown-paragraph\"><span style=\"color: #800000;\">Ako pokra\u010dovala stavba a roz\u0161irovanie budovy?<\/span><\/h2>\n<p class=\"ds-markdown-paragraph\">Po vzniku \u010cSR v roku\u00a0<strong>1918<\/strong>\u00a0nasledovala d\u00f4le\u017eit\u00e1 dostavba. V rokoch\u00a0<strong>1921 a\u017e 1926<\/strong>\u00a0pribudlo v\u00fdchodn\u00e9 kr\u00eddlo, \u010d\u00edm sa\u00a0<strong>kapacita budovy<\/strong>\u00a0zv\u00fd\u0161ila o \u010fal\u0161\u00edch 195 kancel\u00e1ri\u00ed. V tomto obdob\u00ed sl\u00fa\u017eila ako\u00a0<strong>riadite\u013estvo \u0161t\u00e1tnych \u017eelezn\u00edc<\/strong>\u00a0a do\u010dasne aj mestsk\u00fdm \u00faradom. Celkov\u00e1 v\u00fdstavba hlavnej \u010dasti, tak ako bola p\u00f4vodne pl\u00e1novan\u00e1, prebiehala v rokoch 1913-1916.<\/p>\n<h2 class=\"ds-markdown-paragraph\"><span style=\"color: #800000;\">Pre\u010do je Budova \u017eelezni\u010dn\u00e9ho riadite\u013estva historicky v\u00fdznamn\u00e1?<\/span><\/h2>\n<p class=\"ds-markdown-paragraph\">T\u00e1to\u00a0<strong>kult\u00farna pamiatka<\/strong>\u00a0bola svedkom zlomov\u00fdch udalost\u00ed. Po\u010das druhej svetovej vojny tu s\u00eddlilo ma\u010farsk\u00e9 \u017eelezni\u010dn\u00e9 riadite\u013estvo a Uhorsk\u00e9 technick\u00e9 m\u00fazeum. Na jej v\u00fdchodnej fas\u00e1de je osaden\u00e1 v\u00fdnimo\u010dn\u00e1\u00a0<strong>pam\u00e4tn\u00e1 tabu\u013ea<\/strong>, ktor\u00e1 pripom\u00edna, \u017ee pr\u00e1ve tu do\u010dasne s\u00eddlila v roku\u00a0<strong>1945 prv\u00e1 vl\u00e1da obnoven\u00e9ho \u010ceskoslovenska<\/strong>\u00a0na v\u00fdchode krajiny. Autorkou umelecky cenejnej tabule je\u00a0<strong>akademick\u00e1 soch\u00e1rka M\u00e1ria Bartuszov\u00e1<\/strong>\u00a0a na miesto bola osaden\u00e1 v roku\u00a0<strong>1970<\/strong>.<\/p>\n<h2 class=\"ds-markdown-paragraph\"><span style=\"color: #800000;\">Ako sa dnes vyu\u017e\u00edva Budova b\u00fdval\u00e9ho \u017eelezni\u010dn\u00e9ho riadite\u013estva?<\/span><\/h2>\n<p class=\"ds-markdown-paragraph\">Budova m\u00e1 kontinu\u00e1lne administrat\u00edvne vyu\u017eitie. V minulosti tu dlhodobo s\u00eddlila\u00a0<strong>\u017delezni\u010dn\u00e1 spolo\u010dnos\u0165 Cargo<\/strong>. Po rozsiahlej\u00a0<strong>rekon\u0161trukcii od roku 2014<\/strong>\u00a0tu v s\u00fa\u010dasnosti s\u00eddli\u00a0<strong>da\u0148ov\u00fd \u00farad<\/strong>\u00a0pre mesto Ko\u0161ice. Napriek zmene funkcie si stavba zachov\u00e1va svoj historick\u00fd a architektonick\u00fd \u0161arm, \u010d\u00edm sa rad\u00ed medzi zauj\u00edmav\u00e9\u00a0<strong>pamiatky Ko\u0161\u00edc<\/strong>.<\/p>\n<h2><span style=\"color: #800000;\">Zauj\u00edmav\u00e9 odkazy<\/span><\/h2>\n<h3><span style=\"color: #808000;\">Kontakt<\/span><\/h3>\n<p><strong>Da\u0148ov\u00fd \u00farad Ko\u0161ice<\/strong><br \/>\n\u017delezni\u010dn\u00e1 1<br \/>\n041 79 Ko\u0161ice<br \/>\n<strong>Email:<\/strong> <a href=\"mailto:duke-ke.kontakt@financnasprava.sk\" target=\"_blank\" rel=\"noopener\">duke-ke.kontakt@financnasprava.sk<\/a><\/p>\n<h3><span style=\"color: #808000;\">Bl\u00edzke stredisko, turistick\u00e9 centrum, obec alebo mesto:<\/span><\/h3>\n<ul>\n<li><a href=\"https:\/\/www.keturist.sk\/info\/strediska-a-centra\/mc-stare-mesto\/\">Ko\u0161ice &#8211; M\u010c Star\u00e9 mesto (\u010d\u00edtaj viac&#8230;)<\/a><\/li>\n<\/ul>\n<h2><span style=\"color: #800000;\">Mapy<\/span><\/h2>\n<p><strong>Vrstvy: <\/strong>Turistick\u00e1 mapa, Automapa, Cyklomapa, Ly\u017eiarska mapa, Satelitn\u00e1 mapa a OpenStreetMap.<\/p>\n<p><strong>Kliknut\u00edm na logo &#8222;Freemap.sk&#8220; sa V\u00e1m mapa zobraz\u00ed na celej ploche obrazovky.<\/strong><\/p>\n<p><iframe style=\"width: 900px; height: 500px; border: 0;\" src=\"https:\/\/www.freemap.sk\/?map=16\/48.727867\/21.255959&amp;info-point=48.727867\/21.255959,Budova \u017eelezni\u010dn\u00e9ho riadite\u013estva&amp;layers=X&amp;embed=search\" allowfullscreen=\"allowfullscreen\"><span data-mce-type=\"bookmark\" style=\"display: inline-block; width: 0px; overflow: hidden; line-height: 0;\" class=\"mce_SELRES_start\">\ufeff<\/span><\/iframe><\/p>\n<h2><span style=\"color: #800000;\">Po\u010dasie<\/span><\/h2>\n<p><iframe style=\"width: 900px; height: 600px;\" src=\"https:\/\/www.meteoblue.com\/sk\/po%C4%8Dasie\/widget\/three\/ko%c5%a1ice_slovensk%c3%a1-republika_724443?geoloc=fixed&amp;nocurrent=0&amp;noforecast=0&amp;days=5&amp;tempunit=CELSIUS&amp;windunit=KILOMETER_PER_HOUR&amp;layout=image\" frameborder=\"0\" scrolling=\"NO\" sandbox=\"allow-same-origin allow-scripts allow-popups allow-popups-to-escape-sandbox\"><span data-mce-type=\"bookmark\" style=\"display: inline-block; width: 0px; overflow: hidden; line-height: 0;\" class=\"mce_SELRES_start\">\ufeff<\/span><\/iframe><\/p>\n<div><!-- DO NOT REMOVE THIS LINK --><a href=\"https:\/\/www.meteoblue.com\/sk\/po%C4%8Dasie\/predpove%C4%8F\/t%C3%BD%C5%BEde%C5%88\/ko%c5%a1ice_slovensk%c3%a1-republika_724443?utm_source=weather_widget&amp;utm_medium=linkus&amp;utm_content=three&amp;utm_campaign=Weather%2BWidget\" target=\"_blank\" rel=\"noopener\">meteoblue<\/a><\/div>\n","protected":false},"excerpt":{"rendered":"<p>Podkateg\u00f3ria: Lokaliz\u00e1cia: Ko\u0161ice a M\u010c Star\u00e9 mesto \u010co je a kde sa nach\u00e1dza Budova \u017eelezni\u010dn\u00e9ho riadite\u013estva v Ko\u0161iciach? Budova b\u00fdval\u00e9ho \u017eelezni\u010dn\u00e9ho riadite\u013estva\u00a0v Ko\u0161iciach sa nach\u00e1dza priamo za budovou Vojensk\u00e9ho velite\u013estva. [&hellip;]<\/p>\n","protected":false},"author":1,"featured_media":38022,"parent":51,"menu_order":0,"comment_status":"closed","ping_status":"closed","template":"","meta":{"_uag_custom_page_level_css":"","_monsterinsights_skip_tracking":false,"_monsterinsights_sitenote_active":false,"_monsterinsights_sitenote_note":"","_monsterinsights_sitenote_category":0,"footnotes":""},"class_list":["post-386","page","type-page","status-publish","has-post-thumbnail","hentry"],"featured_image_src":"https:\/\/www.keturist.sk\/info\/wp-content\/uploads\/2021\/01\/budva-zele.jpg","featured_image_src_square":"https:\/\/www.keturist.sk\/info\/wp-content\/uploads\/2021\/01\/budva-zele.jpg","rbea_author_info":{"display_name":"admin","author_link":"https:\/\/www.keturist.sk\/info\/author\/admin\/"},"rbea_excerpt_info":"Podkateg\u00f3ria: Lokaliz\u00e1cia: Ko\u0161ice a M\u010c Star\u00e9 mesto \u010co je a kde sa nach\u00e1dza Budova \u017eelezni\u010dn\u00e9ho riadite\u013estva v Ko\u0161iciach? Budova b\u00fdval\u00e9ho \u017eelezni\u010dn\u00e9ho riadite\u013estva\u00a0v Ko\u0161iciach sa nach\u00e1dza priamo za budovou Vojensk\u00e9ho velite\u013estva. [&hellip;]","uagb_featured_image_src":{"full":["https:\/\/www.keturist.sk\/info\/wp-content\/uploads\/2021\/01\/budva-zele.jpg",800,600,false],"thumbnail":["https:\/\/www.keturist.sk\/info\/wp-content\/uploads\/2021\/01\/budva-zele-240x180.jpg",240,180,true],"medium":["https:\/\/www.keturist.sk\/info\/wp-content\/uploads\/2021\/01\/budva-zele.jpg",800,600,false],"medium_large":["https:\/\/www.keturist.sk\/info\/wp-content\/uploads\/2021\/01\/budva-zele-768x576.jpg",768,576,true],"large":["https:\/\/www.keturist.sk\/info\/wp-content\/uploads\/2021\/01\/budva-zele.jpg",800,600,false],"1536x1536":["https:\/\/www.keturist.sk\/info\/wp-content\/uploads\/2021\/01\/budva-zele.jpg",800,600,false],"2048x2048":["https:\/\/www.keturist.sk\/info\/wp-content\/uploads\/2021\/01\/budva-zele.jpg",800,600,false]},"uagb_author_info":{"display_name":"admin","author_link":"https:\/\/www.keturist.sk\/info\/author\/admin\/"},"uagb_comment_info":0,"uagb_excerpt":"Podkateg\u00f3ria: Lokaliz\u00e1cia: Ko\u0161ice a M\u010c Star\u00e9 mesto \u010co je a kde sa nach\u00e1dza Budova \u017eelezni\u010dn\u00e9ho riadite\u013estva v Ko\u0161iciach? Budova b\u00fdval\u00e9ho \u017eelezni\u010dn\u00e9ho riadite\u013estva\u00a0v Ko\u0161iciach sa nach\u00e1dza priamo za budovou Vojensk\u00e9ho velite\u013estva. [&hellip;]","_links":{"self":[{"href":"https:\/\/www.keturist.sk\/info\/wp-json\/wp\/v2\/pages\/386","targetHints":{"allow":["GET"]}}],"collection":[{"href":"https:\/\/www.keturist.sk\/info\/wp-json\/wp\/v2\/pages"}],"about":[{"href":"https:\/\/www.keturist.sk\/info\/wp-json\/wp\/v2\/types\/page"}],"author":[{"embeddable":true,"href":"https:\/\/www.keturist.sk\/info\/wp-json\/wp\/v2\/users\/1"}],"replies":[{"embeddable":true,"href":"https:\/\/www.keturist.sk\/info\/wp-json\/wp\/v2\/comments?post=386"}],"version-history":[{"count":4,"href":"https:\/\/www.keturist.sk\/info\/wp-json\/wp\/v2\/pages\/386\/revisions"}],"predecessor-version":[{"id":73091,"href":"https:\/\/www.keturist.sk\/info\/wp-json\/wp\/v2\/pages\/386\/revisions\/73091"}],"up":[{"embeddable":true,"href":"https:\/\/www.keturist.sk\/info\/wp-json\/wp\/v2\/pages\/51"}],"wp:featuredmedia":[{"embeddable":true,"href":"https:\/\/www.keturist.sk\/info\/wp-json\/wp\/v2\/media\/38022"}],"wp:attachment":[{"href":"https:\/\/www.keturist.sk\/info\/wp-json\/wp\/v2\/media?parent=386"}],"curies":[{"name":"wp","href":"https:\/\/api.w.org\/{rel}","templated":true}]}}