{"id":3768,"date":"2013-11-15T15:24:00","date_gmt":"2013-11-15T13:24:00","guid":{"rendered":"https:\/\/www.keturist.sk\/info\/?page_id=3768"},"modified":"2022-02-01T14:42:41","modified_gmt":"2022-02-01T13:42:41","slug":"obec-poproc","status":"publish","type":"page","link":"https:\/\/www.keturist.sk\/info\/turisticke-vychodiska\/smer-volovske-vrchy\/obec-poproc\/","title":{"rendered":"Obec Popro\u010d"},"content":{"rendered":"<a href=\"https:\/\/www.keturist.sk\/info\/\" class=\"su-button su-button-style-default\" style=\"color:#000000;background-color:#FFCF2F;border-color:#cca626;border-radius:5px\" target=\"_self\"><span style=\"color:#000000;padding:6px 16px;font-size:13px;line-height:20px;border-color:#ffde6e;border-radius:5px;text-shadow:none\"><i class=\"sui sui-arrow-right\" style=\"font-size:13px;color:#000000\"><\/i>  Spravodaj <\/span><\/a>\n<a href=\"https:\/\/www.keturist.sk\/info\/tipy-na-vylety\/\" class=\"su-button su-button-style-default\" style=\"color:#000000;background-color:#FFCF2F;border-color:#cca626;border-radius:5px\" target=\"_self\"><span style=\"color:#000000;padding:6px 16px;font-size:13px;line-height:20px;border-color:#ffde6e;border-radius:5px;text-shadow:none\"><i class=\"sui sui-arrow-right\" style=\"font-size:13px;color:#000000\"><\/i>  TIPY NA V\u00ddLETY <\/span><\/a>\n<a href=\"https:\/\/www.keturist.sk\/info\/turisticke-vychodiska\/\" class=\"su-button su-button-style-default\" style=\"color:#000000;background-color:#FFCF2F;border-color:#cca626;border-radius:5px\" target=\"_self\"><span style=\"color:#000000;padding:6px 16px;font-size:13px;line-height:20px;border-color:#ffde6e;border-radius:5px;text-shadow:none\"><i class=\"sui sui-arrow-right\" style=\"font-size:13px;color:#000000\"><\/i>  Turistick\u00e9 v\u00fdchodisk\u00e1 <\/span><\/a>\n<a href=\"https:\/\/www.keturist.sk\/info\/turisticke-vychodiska\/smer-volovske-vrchy\/\" class=\"su-button su-button-style-default\" style=\"color:#000000;background-color:#FFCF2F;border-color:#cca626;border-radius:5px\" target=\"_self\"><span style=\"color:#000000;padding:6px 16px;font-size:13px;line-height:20px;border-color:#ffde6e;border-radius:5px;text-shadow:none\"><i class=\"sui sui-arrow-right\" style=\"font-size:13px;color:#000000\"><\/i>  Smer Volovsk\u00e9 vrchy <\/span><\/a>\n<div class=\"su-divider su-divider-style-default\" style=\"margin:15px 0;border-width:2px;border-color:#000000\"><\/div>\n<div class=\"su-accordion su-u-trim\">\n<div class=\"su-spoiler su-spoiler-style-fancy su-spoiler-icon-plus su-spoiler-closed\" data-scroll-offset=\"0\" data-anchor-in-url=\"no\"><div class=\"su-spoiler-title\" tabindex=\"0\" role=\"button\"><span class=\"su-spoiler-icon\"><\/span>Textov\u00e9 menu - Turistick\u00e9 v\u00fdchodisk\u00e1 - Volovsk\u00e9 vrchy<\/div><div class=\"su-spoiler-content su-u-clearfix su-u-trim\">\n<code><div class=\"column-group columns-2\"><div class=\"column column-number-1 column-span-1\"><p><\/code><strong>\u0160portovo-rekrea\u010dn\u00e9 stredisk\u00e1: <\/strong><br \/>\n<a href=\"https:\/\/www.keturist.sk\/info\/turisticke-vychodiska\/smer-volovske-vrchy\/sportovo-relaxacne-stredisko-porac-park-poracska-dolina\/\">\u0160portovo-relaxa\u010dn\u00e9 stredisko Pora\u010d PARK<\/a><br \/>\n<a href=\"https:\/\/www.keturist.sk\/info\/turisticke-vychodiska\/smer-volovske-vrchy\/stredisko-jahodna\/\">Stredisko Jahodn\u00e1<\/a><br \/>\n<a href=\"https:\/\/www.keturist.sk\/info\/smer-volovske-vrchy\/rekreacna-oblast-kojsovska-hola\/\">Rekrea\u010dn\u00e1 oblas\u0165 Koj\u0161ov\u00e1 Ho\u013ea<\/a><br \/>\n<a href=\"https:\/\/www.keturist.sk\/info\/smer-volovske-vrchy\/mesto-krompachy-stredisko-plejsy\/\">Mesto Krompachy &#8211; Plejsy<\/a><br \/>\n<a href=\"https:\/\/www.keturist.sk\/info\/turisticke-vychodiska\/smer-volovske-vrchy\/rekreacna-oblast-ruzin-kosicke-hamre\/\">Ru\u017e\u00edn-Ko\u0161ick\u00e9 H\u00e1mre<\/a><br \/>\n<a href=\"https:\/\/www.keturist.sk\/info\/smer-volovske-vrchy\/rekreacna-oblast-thurzov\/\">Rekrea\u010dn\u00e1 oblas\u0165 Turzov<\/a><br \/>\n<strong>Turistick\u00e9 oblasti Ko\u0161\u00edc<\/strong><br \/>\n<a href=\"https:\/\/www.keturist.sk\/info\/turisticke-vychodiska\/smer-volovske-vrchy\/stredisko-cermel\/\">Stredisko \u010cerme\u013e<\/a><br \/>\n<a href=\"https:\/\/www.keturist.sk\/info\/turisticke-vychodiska\/smer-volovske-vrchy\/stredisko-alpinka\/\">Stredisko Alpinka<\/a><br \/>\n<a href=\"https:\/\/www.keturist.sk\/info\/turisticke-vychodiska\/smer-volovske-vrchy\/stredisko-bankov\/\">Stredisko Bankov<\/a><br \/>\n<a href=\"https:\/\/www.keturist.sk\/info\/turisticke-vychodiska\/smer-volovske-vrchy\/mc-myslava\/\">M\u010c Myslava<\/a><br \/>\n<strong>Mest\u00e1<\/strong><br \/>\n<a href=\"https:\/\/www.keturist.sk\/info\/turisticke-vychodiska\/smer-volovske-vrchy\/mesto-gelnica\/\">Mesto Gelnica<\/a><br \/>\n<a href=\"https:\/\/www.keturist.sk\/info\/turisticke-vychodiska\/smer-volovske-vrchy\/mesto-medzev\/\">Mesto Medzev<\/a><br \/>\n<strong>Obce:<\/strong><br \/>\n<a href=\"https:\/\/www.keturist.sk\/info\/turisticke-vychodiska\/smer-volovske-vrchy\/obec-betliar\/\">Betliar<\/a><br \/>\n<a href=\"https:\/\/www.keturist.sk\/info\/turisticke-vychodiska\/smer-volovske-vrchy\/obec-bukovec-rekreacna-oblast-bukovec\/\">Bukovec<\/a><br \/>\n<a href=\"https:\/\/www.keturist.sk\/info\/turisticke-vychodiska\/smer-volovske-vrchy\/obec-cucma\/\">\u010cu\u010dma<\/a><br \/>\n<a href=\"https:\/\/www.keturist.sk\/info\/turisticke-vychodiska\/smer-volovske-vrchy\/obec-chrast-nad-hornadom\/\">Chras\u0165 nad Horn\u00e1dom<\/a><br \/>\n<a href=\"https:\/\/www.keturist.sk\/info\/turisticke-vychodiska\/smer-volovske-vrchy\/obec-dedinky\/\">Dedinky<\/a><br \/>\n<a href=\"https:\/\/www.keturist.sk\/info\/turisticke-vychodiska\/smer-volovske-vrchy\/obec-jaklovce\/\">Jaklovce<\/a><br \/>\n<a href=\"https:\/\/www.keturist.sk\/info\/turisticke-vychodiska\/smer-volovske-vrchy\/obec-henclova\/\">Henclov\u00e1<\/a><br \/>\n<a href=\"https:\/\/www.keturist.sk\/info\/turisticke-vychodiska\/smer-volovske-vrchy\/obec-hnilcik\/\">Hnil\u010d\u00edk<\/a><\/p>\n<\/div>\n<div class=\"column column-number-2 last column-span-1\"><p><a href=\"https:\/\/www.keturist.sk\/info\/turisticke-vychodiska\/smer-volovske-vrchy\/obec-hylov\/\">H\u00fd\u013eov<\/a><br \/>\n<a href=\"https:\/\/www.keturist.sk\/info\/turisticke-vychodiska\/smer-volovske-vrchy\/obec-kojsov\/\">Koj\u0161ov<\/a><br \/>\n<a href=\"https:\/\/www.keturist.sk\/info\/turisticke-vychodiska\/smer-volovske-vrchy\/obec-kosicka-bela\/\">Ko\u0161ick\u00e1 Bel\u00e1<\/a><br \/>\n<a href=\"https:\/\/www.keturist.sk\/info\/turisticke-vychodiska\/smer-volovske-vrchy\/obec-mnisek-nad-hnilcom\/\">Mn\u00ed\u0161ek nad Hnilcom<\/a><br \/>\n<a href=\"https:\/\/www.keturist.sk\/info\/turisticke-vychodiska\/smer-volovske-vrchy\/obec-nalepkovo\/\">N\u00e1lepkovo<\/a><br \/>\n<a href=\"https:\/\/www.keturist.sk\/info\/turisticke-vychodiska\/smer-volovske-vrchy\/obec-nizny-klatov\/\">Ni\u017en\u00fd Klatov<\/a><br \/>\n<a href=\"https:\/\/www.keturist.sk\/info\/turisticke-vychodiska\/smer-volovske-vrchy\/obec-novacany\/\">Nova\u010dany<\/a><br \/>\n<a href=\"https:\/\/www.keturist.sk\/info\/turisticke-vychodiska\/smer-volovske-vrchy\/obec-olcnava\/\">Olcnava<\/a><br \/>\n<a href=\"https:\/\/www.keturist.sk\/info\/turisticke-vychodiska\/smer-volovske-vrchy\/obec-opatka\/\">Op\u00e1tka<\/a><br \/>\n<a href=\"https:\/\/www.keturist.sk\/info\/turisticke-vychodiska\/smer-volovske-vrchy\/obec-paca\/\">Pa\u010da<\/a><br \/>\n<a href=\"https:\/\/www.keturist.sk\/info\/turisticke-vychodiska\/smer-volovske-vrchy\/obec-poproc\/\">Popro\u010d<\/a><br \/>\n<a href=\"https:\/\/www.keturist.sk\/info\/turisticke-vychodiska\/smer-volovske-vrchy\/obec-porac\/\">Por\u00e1\u010d<\/a><br \/>\n<a href=\"https:\/\/www.keturist.sk\/info\/turisticke-vychodiska\/smer-volovske-vrchy\/obec-slovinky\/\">Slovinky<\/a><br \/>\n<a href=\"https:\/\/www.keturist.sk\/info\/turisticke-vychodiska\/smer-volovske-vrchy\/obec-smolnik\/\">Smoln\u00edk<\/a><br \/>\n<a href=\"https:\/\/www.keturist.sk\/info\/turisticke-vychodiska\/smer-volovske-vrchy\/smolnicka-huta\/\">Smoln\u00edcka Huta<\/a><br \/>\n<a href=\"https:\/\/www.keturist.sk\/info\/turisticke-vychodiska\/smer-volovske-vrchy\/obec-stara-voda\/\">Star\u00e1 voda<\/a><br \/>\n<a href=\"https:\/\/www.keturist.sk\/info\/turisticke-vychodiska\/smer-volovske-vrchy\/obec-semsa\/\">\u0160em\u0161a<\/a><br \/>\n<a href=\"https:\/\/www.keturist.sk\/info\/turisticke-vychodiska\/smer-volovske-vrchy\/obec-stos-stos-kupele\/\">\u0160t\u00f3s &#8211; \u0160t\u00f3ske k\u00fapele<\/a><br \/>\n<a href=\"https:\/\/www.keturist.sk\/info\/turisticke-vychodiska\/smer-volovske-vrchy\/obec-svedlar\/\">\u0160vedl\u00e1r<\/a><br \/>\n<a href=\"https:\/\/www.keturist.sk\/info\/turisticke-vychodiska\/smer-volovske-vrchy\/obec-vysny-medzev\/\">Vysn\u00fd Medzev<\/a><br \/>\n<a href=\"https:\/\/www.keturist.sk\/info\/turisticke-vychodiska\/smer-volovske-vrchy\/obec-vysny-klatov\/\">Vy\u0161n\u00fd Klatov<\/a><br \/>\n<a href=\"https:\/\/www.keturist.sk\/info\/turisticke-vychodiska\/smer-volovske-vrchy\/obec-uhorna\/\">\u00dahorn\u00e1<\/a><br \/>\n<a href=\"https:\/\/www.keturist.sk\/info\/turisticke-vychodiska\/smer-volovske-vrchy\/obec-zavadka\/\">Z\u00e1vadka<\/a><br \/>\n<a href=\"https:\/\/www.keturist.sk\/info\/turisticke-vychodiska\/smer-volovske-vrchy\/obec-zlata-idka\/\">Zlat\u00e1 Idka<\/a><\/p>\n<\/div><\/div>\n<\/div><\/div>\n<\/div>\n<div class=\"su-divider su-divider-style-default\" style=\"margin:15px 0;border-width:2px;border-color:#000000\"><\/div>\n<h3><span style=\"color: #808000;\">V\u0161eobecn\u00e9 inform\u00e1cie<\/span><\/h3>\n<p>Popro\u010d (ma\u010f. J\u00e1sz\u00f3mindszent) je obec na v\u00fdchodnom Slovensku v okrese Ko\u0161ice-okolie.<\/p>\n<figure id=\"attachment_46086\" aria-describedby=\"caption-attachment-46086\" style=\"width: 800px\" class=\"wp-caption aligncenter\"><a href=\"https:\/\/www.keturist.sk\/info\/wp-content\/uploads\/2022\/01\/poproc1.jpg\"><img loading=\"lazy\" decoding=\"async\" class=\"wp-image-46086 size-full\" src=\"https:\/\/www.keturist.sk\/info\/wp-content\/uploads\/2022\/01\/poproc1.jpg\" alt=\"\" width=\"800\" height=\"600\" srcset=\"https:\/\/www.keturist.sk\/info\/wp-content\/uploads\/2022\/01\/poproc1.jpg 800w, https:\/\/www.keturist.sk\/info\/wp-content\/uploads\/2022\/01\/poproc1-240x180.jpg 240w, https:\/\/www.keturist.sk\/info\/wp-content\/uploads\/2022\/01\/poproc1-768x576.jpg 768w\" sizes=\"auto, (max-width: 800px) 100vw, 800px\" \/><\/a><figcaption id=\"caption-attachment-46086\" class=\"wp-caption-text\">Obec Popro\u010d<\/figcaption><\/figure>\n<p>Nadmorsk\u00e1 v\u00fd\u0161ka v strede obce je 356 m, 305-1129 m v chot\u00e1ri.<\/p>\n<p>Obec Popro\u010d le\u017e\u00ed v juhov\u00fdchodnej \u010dasti <a href=\"https:\/\/www.keturist.sk\/info\/okolite-hory\/volovske-vrchy\/\">Volovsk\u00fdch vrchov<\/a> na \u013eavej strane rieky Bodvy.<\/p>\n<p>Z pamiatok sa v obci zachovalo nieko\u013eko domov zo za\u010diatku 20. storo\u010dia, <strong>kaplnka Ru\u017eencovej Panny M\u00e1rie<\/strong> a r\u00edmsko katol\u00edcky <a href=\"https:\/\/www.keturist.sk\/info\/nabozenske-pamiatky\/rimsko-katolicky-kostol-vsetkych-svatych-v-poproci\/\">kostol V\u0161etk\u00fdch sv\u00e4t\u00fdch<\/a>.<\/p>\n<h4><span style=\"color: #993300;\">R\u00edmsko katol\u00edcky kostol V\u0161etk\u00fdch sv\u00e4t\u00fdch<\/span><\/h4>\n<p>R\u00edmsko katol\u00edcky kostol V\u0161etk\u00fdch sv\u00e4t\u00fdch je jednolo\u010fov\u00e1 stavba barokovo klasicistick\u00e9ho slohu.<\/p>\n<figure id=\"attachment_37071\" aria-describedby=\"caption-attachment-37071\" style=\"width: 800px\" class=\"wp-caption aligncenter\"><a href=\"https:\/\/www.keturist.sk\/info\/wp-content\/uploads\/2020\/12\/poproc-kostol.jpg\"><img loading=\"lazy\" decoding=\"async\" class=\"wp-image-37071 size-full\" src=\"https:\/\/www.keturist.sk\/info\/wp-content\/uploads\/2020\/12\/poproc-kostol.jpg\" alt=\"\" width=\"800\" height=\"600\" srcset=\"https:\/\/www.keturist.sk\/info\/wp-content\/uploads\/2020\/12\/poproc-kostol.jpg 800w, https:\/\/www.keturist.sk\/info\/wp-content\/uploads\/2020\/12\/poproc-kostol-240x180.jpg 240w, https:\/\/www.keturist.sk\/info\/wp-content\/uploads\/2020\/12\/poproc-kostol-768x576.jpg 768w\" sizes=\"auto, (max-width: 800px) 100vw, 800px\" \/><\/a><figcaption id=\"caption-attachment-37071\" class=\"wp-caption-text\">kostol V\u0161etk\u00fdch sv\u00e4t\u00fdch<\/figcaption><\/figure>\n<p>Dal ho postavi\u0165 jasovsk\u00fd prepo\u0161t Andrej Sauber.<\/p>\n<p><strong>Viac info o kostole sa do\u010d\u00edtate tu:<\/strong><\/p>\n<ul>\n<li><a href=\"https:\/\/www.keturist.sk\/info\/rimsko-katolicky-kostol-vsetkych-svatych-v-poproci\/\" target=\"_blank\" rel=\"noopener\">Kostol V\u0161etk\u00fdch sv\u00e4t\u00fdch (\u010d\u00edtaj viac v novom okne&#8230;)<\/a><\/li>\n<\/ul>\n<h4><span style=\"color: #993300;\">Kaplnka Ru\u017eencovej Panny M\u00e1rie<\/span><\/h4>\n<p>Kaplnka Ru\u017eencovej Panny M\u00e1rie je murovan\u00e1 stavba s dekorat\u00edvnou drevenou l\u00f3d\u017eiou z roku 1875.<\/p>\n<figure id=\"attachment_35136\" aria-describedby=\"caption-attachment-35136\" style=\"width: 800px\" class=\"wp-caption aligncenter\"><a href=\"https:\/\/www.keturist.sk\/info\/wp-content\/uploads\/2020\/11\/poproc-kaplnka.jpg\"><img loading=\"lazy\" decoding=\"async\" class=\"wp-image-35136 size-full\" src=\"https:\/\/www.keturist.sk\/info\/wp-content\/uploads\/2020\/11\/poproc-kaplnka.jpg\" alt=\"\" width=\"800\" height=\"600\" srcset=\"https:\/\/www.keturist.sk\/info\/wp-content\/uploads\/2020\/11\/poproc-kaplnka.jpg 800w, https:\/\/www.keturist.sk\/info\/wp-content\/uploads\/2020\/11\/poproc-kaplnka-240x180.jpg 240w, https:\/\/www.keturist.sk\/info\/wp-content\/uploads\/2020\/11\/poproc-kaplnka-768x576.jpg 768w\" sizes=\"auto, (max-width: 800px) 100vw, 800px\" \/><\/a><figcaption id=\"caption-attachment-35136\" class=\"wp-caption-text\">kaplnka Ru\u017eencovej Panny M\u00e1rie<\/figcaption><\/figure>\n<p>\u010ealej tu turisti m\u00f4\u017eu nav\u0161t\u00edvi\u0165 mati\u010dn\u00fa a bansk\u00fa expoz\u00edciu.<\/p>\n<h4><span style=\"color: #993300;\">Bansk\u00e1 expoz\u00edcia<\/span><\/h4>\n<p><strong>Bansk\u00e1 expoz\u00edcia<\/strong> sa nach\u00e1dza v parku pod kostolom.<\/p>\n<figure id=\"attachment_46083\" aria-describedby=\"caption-attachment-46083\" style=\"width: 800px\" class=\"wp-caption aligncenter\"><a href=\"https:\/\/www.keturist.sk\/info\/wp-content\/uploads\/2022\/01\/banska-poproc.jpg\"><img loading=\"lazy\" decoding=\"async\" class=\"wp-image-46083 size-full\" src=\"https:\/\/www.keturist.sk\/info\/wp-content\/uploads\/2022\/01\/banska-poproc.jpg\" alt=\"\" width=\"800\" height=\"600\" srcset=\"https:\/\/www.keturist.sk\/info\/wp-content\/uploads\/2022\/01\/banska-poproc.jpg 800w, https:\/\/www.keturist.sk\/info\/wp-content\/uploads\/2022\/01\/banska-poproc-240x180.jpg 240w, https:\/\/www.keturist.sk\/info\/wp-content\/uploads\/2022\/01\/banska-poproc-768x576.jpg 768w\" sizes=\"auto, (max-width: 800px) 100vw, 800px\" \/><\/a><figcaption id=\"caption-attachment-46083\" class=\"wp-caption-text\">Bansk\u00e1 expoz\u00edcia, zdroj: https:\/\/www.poproc.sk\/<\/figcaption><\/figure>\n<p>S\u00fa\u010das\u0165ou expoz\u00edcie je mal\u00fd les\u00edk, bansk\u00e1 klopa\u010dka, maketa \u0161t\u00f4lne s voz\u00edkom pln\u00fdm \u017eeleznej rudy a bansk\u00fdm naklada\u010dom.<\/p>\n<h4><span style=\"color: #993300;\">\u013dudov\u00e1 architekt\u00fara<\/span><\/h4>\n<p>V \u0164ahanovciach sa zachovali aj murovan\u00e9 domy, ktor\u00e9 s\u00fa typick\u00e9 pre oblas\u0165 ju\u017en\u00e9ho Spi\u0161a, Gemera, Malohotu a Abova.<\/p>\n<figure id=\"attachment_46087\" aria-describedby=\"caption-attachment-46087\" style=\"width: 800px\" class=\"wp-caption aligncenter\"><a href=\"https:\/\/www.keturist.sk\/info\/wp-content\/uploads\/2022\/01\/poproc2.jpg\"><img loading=\"lazy\" decoding=\"async\" class=\"wp-image-46087 size-full\" src=\"https:\/\/www.keturist.sk\/info\/wp-content\/uploads\/2022\/01\/poproc2.jpg\" alt=\"\" width=\"800\" height=\"600\" srcset=\"https:\/\/www.keturist.sk\/info\/wp-content\/uploads\/2022\/01\/poproc2.jpg 800w, https:\/\/www.keturist.sk\/info\/wp-content\/uploads\/2022\/01\/poproc2-240x180.jpg 240w, https:\/\/www.keturist.sk\/info\/wp-content\/uploads\/2022\/01\/poproc2-768x576.jpg 768w\" sizes=\"auto, (max-width: 800px) 100vw, 800px\" \/><\/a><figcaption id=\"caption-attachment-46087\" class=\"wp-caption-text\">\u013dudov\u00e1 architekt\u00fara<\/figcaption><\/figure>\n<p>Spom\u00ednan\u00e9 objekty predstavuj\u00fa typick\u00fa \u013eudov\u00fa architekt\u00faru sedliackych domov z konca 19. storo\u010dia a\u017e zo za\u010diatku 20. storo\u010dia.<\/p>\n<p>P\u00f4vodn\u00e9 obytn\u00e9 domy boli pr\u00edzemn\u00e9, s pitvorom, s izbou do ulice, zakryt\u00e9 va\u013ebovou strechou, s hlavnou fas\u00e1dou s dvomi okenn\u00fdmi osami.<\/p>\n<p>Tak\u00e9to domy mali spravidla predn\u00fa izbu, pitvor, otvoren\u00fa kuchy\u0148u, komoru a zadn\u00fa izbu.<\/p>\n<p>Potom nasledovali hospod\u00e1rske budovy.<\/p>\n<h4><span style=\"color: #993300;\">Mati\u010dn\u00e1 expoz\u00edcia<\/span><\/h4>\n<p><strong>Mati\u010dn\u00e1 expoz\u00edcia<\/strong> sa nach\u00e1dza v Miestnom kult\u00farnom stredisku v Popro\u010di.<\/p>\n<figure id=\"attachment_46082\" aria-describedby=\"caption-attachment-46082\" style=\"width: 800px\" class=\"wp-caption aligncenter\"><a href=\"https:\/\/www.keturist.sk\/info\/wp-content\/uploads\/2022\/01\/poproc-matica.jpg\"><img loading=\"lazy\" decoding=\"async\" class=\"wp-image-46082 size-full\" src=\"https:\/\/www.keturist.sk\/info\/wp-content\/uploads\/2022\/01\/poproc-matica.jpg\" alt=\"\" width=\"800\" height=\"600\" srcset=\"https:\/\/www.keturist.sk\/info\/wp-content\/uploads\/2022\/01\/poproc-matica.jpg 800w, https:\/\/www.keturist.sk\/info\/wp-content\/uploads\/2022\/01\/poproc-matica-240x180.jpg 240w, https:\/\/www.keturist.sk\/info\/wp-content\/uploads\/2022\/01\/poproc-matica-768x576.jpg 768w\" sizes=\"auto, (max-width: 800px) 100vw, 800px\" \/><\/a><figcaption id=\"caption-attachment-46082\" class=\"wp-caption-text\">Mati\u010dn\u00e1 expoz\u00edcia, zdroj: https:\/\/www.poproc.sk\/<\/figcaption><\/figure>\n<p>St\u00e1la expoz\u00edcia je rozdelen\u00e1 do nieko\u013ek\u00fdch \u010dast\u00ed, v ktor\u00fdch expon\u00e1ty charakterizuj\u00fa, \u010d\u00edm sa p\u00f4vodn\u00e9 obyvate\u013estvo na\u0161ej obce \u017eivilo a ak\u00fdmi remeslami zaoberalo.<\/p>\n<p>Je tu k\u00fatik po\u013enohospod\u00e1rsky, ban\u00edcky, hodin\u00e1rsky, drot\u00e1rsky, k\u00fatik uk\u00e1\u017eok pr\u00e1ce s drevom i v\u00fdstava v\u00fd\u0161iviek.<\/p>\n<p>M\u00f4\u017eete si tu pozrie\u0165 aj expon\u00e1ty p\u00f4vodn\u00fdch popro\u010dsk\u00fdch krojov, \u010di u\u017e sviato\u010dn\u00e9ho, svadobn\u00e9ho, detsk\u00e9ho diev\u010densk\u00e9ho i chlap\u010densk\u00e9ho.<\/p>\n<h3><span style=\"color: #808000;\">Turistick\u00e9 ciele<\/span><\/h3>\n<h4><span style=\"color: #993300;\">Turistick\u00e9 trasy<\/span><\/h4>\n<p>V obci za\u010d\u00edna\u00a0<img loading=\"lazy\" decoding=\"async\" class=\"alignnone wp-image-21626 size-full\" src=\"https:\/\/www.keturist.sk\/info\/wp-content\/uploads\/2013\/11\/zelena.png\" alt=\"\" width=\"20\" height=\"21\" \/> zelen\u00e1 turistick\u00e1 trasa, ktor\u00e1 pokra\u010duje k r\u00e1zcestn\u00edku <strong>Sedlo podkova (525 m n.m.)<\/strong>.<\/p>\n<figure id=\"attachment_36934\" aria-describedby=\"caption-attachment-36934\" style=\"width: 800px\" class=\"wp-caption aligncenter\"><a href=\"https:\/\/www.keturist.sk\/info\/wp-content\/uploads\/2020\/12\/chata-rudnik2.jpg\"><img loading=\"lazy\" decoding=\"async\" class=\"wp-image-36934 size-full\" src=\"https:\/\/www.keturist.sk\/info\/wp-content\/uploads\/2020\/12\/chata-rudnik2.jpg\" alt=\"\" width=\"800\" height=\"600\" srcset=\"https:\/\/www.keturist.sk\/info\/wp-content\/uploads\/2020\/12\/chata-rudnik2.jpg 800w, https:\/\/www.keturist.sk\/info\/wp-content\/uploads\/2020\/12\/chata-rudnik2-240x180.jpg 240w, https:\/\/www.keturist.sk\/info\/wp-content\/uploads\/2020\/12\/chata-rudnik2-768x576.jpg 768w\" sizes=\"auto, (max-width: 800px) 100vw, 800px\" \/><\/a><figcaption id=\"caption-attachment-36934\" class=\"wp-caption-text\">Kamenn\u00e1 chata, prame\u0148 sv. Anny a kaplnka so sochou sv. J\u00e1na Nepomuck\u00e9ho<\/figcaption><\/figure>\n<p>Na tejto trase sa nach\u00e1dza <a href=\"https:\/\/www.keturist.sk\/info\/nabozenske-pamiatky\/kaplnka-sv-anny-v-horach-nad-rudnikom\/\">kaplnka sv.Anny<\/a>, <a href=\"https:\/\/www.keturist.sk\/info\/horske-chaty-a-utulne\/kamenna-chata-pri-prameni-sv-anny\/\">turistick\u00e1 Kamenn\u00e1 chata<\/a> a zaniknut\u00e9 <a href=\"https:\/\/www.keturist.sk\/info\/zaujimavosti\/rudnicke-kupele\/\">Rudn\u00edcke k\u00fapele<\/a>.<\/p>\n<figure id=\"attachment_25700\" aria-describedby=\"caption-attachment-25700\" style=\"width: 800px\" class=\"wp-caption aligncenter\"><a href=\"https:\/\/www.keturist.sk\/info\/wp-content\/uploads\/2018\/07\/kupele-rudnik-old1.jpg\"><img loading=\"lazy\" decoding=\"async\" class=\"wp-image-25700 size-medium\" src=\"https:\/\/www.keturist.sk\/info\/wp-content\/uploads\/2018\/07\/kupele-rudnik-old1-800x486.jpg\" alt=\"\" width=\"800\" height=\"486\" srcset=\"https:\/\/www.keturist.sk\/info\/wp-content\/uploads\/2018\/07\/kupele-rudnik-old1-800x486.jpg 800w, https:\/\/www.keturist.sk\/info\/wp-content\/uploads\/2018\/07\/kupele-rudnik-old1-270x164.jpg 270w, https:\/\/www.keturist.sk\/info\/wp-content\/uploads\/2018\/07\/kupele-rudnik-old1-768x467.jpg 768w, https:\/\/www.keturist.sk\/info\/wp-content\/uploads\/2018\/07\/kupele-rudnik-old1-400x243.jpg 400w, https:\/\/www.keturist.sk\/info\/wp-content\/uploads\/2018\/07\/kupele-rudnik-old1.jpg 1000w\" sizes=\"auto, (max-width: 800px) 100vw, 800px\" \/><\/a><figcaption id=\"caption-attachment-25700\" class=\"wp-caption-text\">Rudn\u00edcke k\u00fapele na za\u010diatku 20. storo\u010dia<\/figcaption><\/figure>\n<p>Taktie\u017e tu za\u010d\u00edna\u00a0<img loading=\"lazy\" decoding=\"async\" class=\"alignnone wp-image-21627 size-full\" src=\"https:\/\/www.keturist.sk\/info\/wp-content\/uploads\/2013\/11\/modra.png\" alt=\"\" width=\"20\" height=\"21\" \/> modr\u00e1 turistick\u00e1 trasa, ktor\u00e1 pokra\u010duje a\u017e k r\u00e1zcestn\u00edku <strong>Rozs\u00fdpan\u00fd kame\u0148 (1060m n.m)<\/strong> a kon\u010d\u00ed v meste <a href=\"https:\/\/www.keturist.sk\/info\/turisticke-vychodiska\/smer-volovske-vrchy\/mesto-gelnica\/\">Gelnica<\/a>.<\/p>\n<h4><span style=\"color: #993300;\">Kombinovan\u00e9 trasy<\/span><\/h4>\n<p>Obec je dobr\u00fdm v\u00fdchodiskom na v\u00fdh\u013eadov\u00fd vrch <a href=\"https:\/\/www.keturist.sk\/info\/vrchy-skaly-a-sedla\/kojsovska-hola-1246-m-n-m\/\">Koj\u0161ovsk\u00e1 ho\u013ea (1246 m n.m)<\/a> a k horskej <a href=\"https:\/\/www.keturist.sk\/info\/horske-chaty-a-utulne\/chata-erika\/\">chate Erika<\/a>, ktor\u00e1 sa nach\u00e1dza v nadmorskej v\u00fd\u0161ke 1045 m n.m.<\/p>\n<figure id=\"attachment_36415\" aria-describedby=\"caption-attachment-36415\" style=\"width: 800px\" class=\"wp-caption aligncenter\"><a href=\"https:\/\/www.keturist.sk\/info\/wp-content\/uploads\/2020\/12\/kojsovka1.jpg\"><img loading=\"lazy\" decoding=\"async\" class=\"wp-image-36415 size-medium\" src=\"https:\/\/www.keturist.sk\/info\/wp-content\/uploads\/2020\/12\/kojsovka1-800x533.jpg\" alt=\"\" width=\"800\" height=\"533\" srcset=\"https:\/\/www.keturist.sk\/info\/wp-content\/uploads\/2020\/12\/kojsovka1-800x533.jpg 800w, https:\/\/www.keturist.sk\/info\/wp-content\/uploads\/2020\/12\/kojsovka1-270x180.jpg 270w, https:\/\/www.keturist.sk\/info\/wp-content\/uploads\/2020\/12\/kojsovka1-768x512.jpg 768w, https:\/\/www.keturist.sk\/info\/wp-content\/uploads\/2020\/12\/kojsovka1.jpg 900w\" sizes=\"auto, (max-width: 800px) 100vw, 800px\" \/><\/a><figcaption id=\"caption-attachment-36415\" class=\"wp-caption-text\">Poh\u013ead z Koj\u0161ovej Hole na Zlatoidsk\u00fa horu<\/figcaption><\/figure>\n<h3><span style=\"color: #808000;\">Hist\u00f3ria<\/span><\/h3>\n<p>Prv\u00e1 p\u00edsomn\u00e1 zmienka o obci Popro\u010d poch\u00e1dza z roku 1255, ke\u010f jej desiatky pripadli kl\u00e1\u0161toru v Jasove.<\/p>\n<figure id=\"attachment_36419\" aria-describedby=\"caption-attachment-36419\" style=\"width: 800px\" class=\"wp-caption aligncenter\"><a href=\"https:\/\/www.keturist.sk\/info\/wp-content\/uploads\/2020\/12\/kosovka8.jpg\"><img loading=\"lazy\" decoding=\"async\" class=\"wp-image-36419 size-medium\" src=\"https:\/\/www.keturist.sk\/info\/wp-content\/uploads\/2020\/12\/kosovka8-800x533.jpg\" alt=\"\" width=\"800\" height=\"533\" srcset=\"https:\/\/www.keturist.sk\/info\/wp-content\/uploads\/2020\/12\/kosovka8-800x533.jpg 800w, https:\/\/www.keturist.sk\/info\/wp-content\/uploads\/2020\/12\/kosovka8-270x180.jpg 270w, https:\/\/www.keturist.sk\/info\/wp-content\/uploads\/2020\/12\/kosovka8-768x512.jpg 768w, https:\/\/www.keturist.sk\/info\/wp-content\/uploads\/2020\/12\/kosovka8.jpg 900w\" sizes=\"auto, (max-width: 800px) 100vw, 800px\" \/><\/a><figcaption id=\"caption-attachment-36419\" class=\"wp-caption-text\">Meteorologick\u00e1 stanica<\/figcaption><\/figure>\n<p>Pod\u013ea obecnej kroniky u\u017e v roku 1603 obsadili dedinu kuruci Juraja S\u00e9\u010diho.<\/p>\n<p>Koncom 16. storo\u010dia bol Popro\u010d v\u00fdlu\u010dne slovenskou dedinou.<\/p>\n<figure id=\"attachment_36424\" aria-describedby=\"caption-attachment-36424\" style=\"width: 800px\" class=\"wp-caption aligncenter\"><a href=\"https:\/\/www.keturist.sk\/info\/wp-content\/uploads\/2020\/12\/kojsovka-erika.jpg\"><img loading=\"lazy\" decoding=\"async\" class=\"wp-image-36424 size-medium\" src=\"https:\/\/www.keturist.sk\/info\/wp-content\/uploads\/2020\/12\/kojsovka-erika-800x533.jpg\" alt=\"\" width=\"800\" height=\"533\" srcset=\"https:\/\/www.keturist.sk\/info\/wp-content\/uploads\/2020\/12\/kojsovka-erika-800x533.jpg 800w, https:\/\/www.keturist.sk\/info\/wp-content\/uploads\/2020\/12\/kojsovka-erika-270x180.jpg 270w, https:\/\/www.keturist.sk\/info\/wp-content\/uploads\/2020\/12\/kojsovka-erika-768x512.jpg 768w, https:\/\/www.keturist.sk\/info\/wp-content\/uploads\/2020\/12\/kojsovka-erika.jpg 900w\" sizes=\"auto, (max-width: 800px) 100vw, 800px\" \/><\/a><figcaption id=\"caption-attachment-36424\" class=\"wp-caption-text\">Chata Erika<\/figcaption><\/figure>\n<p>Tesne po vypuknut\u00ed posledn\u00e9ho stavovsk\u00e9ho povstania veden\u00e9ho Franti\u0161kom R\u00e1koczim II. (1703- 1711) postihla obec Mindzenth ve\u013ek\u00e1 epid\u00e9mia moru.<\/p>\n<p>V Lexikone os\u00e1d z roku 1773 sa uv\u00e1dza Popro\u010d ako slovensk\u00e1 dedina.<\/p>\n<figure id=\"attachment_36929\" aria-describedby=\"caption-attachment-36929\" style=\"width: 800px\" class=\"wp-caption aligncenter\"><a href=\"https:\/\/www.keturist.sk\/info\/wp-content\/uploads\/2020\/12\/rudnik-kaplnka1.jpg\"><img loading=\"lazy\" decoding=\"async\" class=\"wp-image-36929 size-full\" src=\"https:\/\/www.keturist.sk\/info\/wp-content\/uploads\/2020\/12\/rudnik-kaplnka1.jpg\" alt=\"\" width=\"800\" height=\"600\" srcset=\"https:\/\/www.keturist.sk\/info\/wp-content\/uploads\/2020\/12\/rudnik-kaplnka1.jpg 800w, https:\/\/www.keturist.sk\/info\/wp-content\/uploads\/2020\/12\/rudnik-kaplnka1-240x180.jpg 240w, https:\/\/www.keturist.sk\/info\/wp-content\/uploads\/2020\/12\/rudnik-kaplnka1-768x576.jpg 768w\" sizes=\"auto, (max-width: 800px) 100vw, 800px\" \/><\/a><figcaption id=\"caption-attachment-36929\" class=\"wp-caption-text\">Kostol sv. Anny<\/figcaption><\/figure>\n<p>Za vl\u00e1dy M\u00e1rie Ter\u00e9zie v roku 1766 bol v obci prestavan\u00fd p\u00f4vodn\u00fd neskorogotick\u00fd kostol zasv\u00e4ten\u00fd V\u0161etk\u00fdm sv\u00e4t\u00fdm zo za\u010diatku 16. storo\u010dia do barokovo-klasicisstick\u00e9ho \u0161t\u00fdlu.<\/p>\n<p>Nedostatok \u00farodnej p\u00f4dy a slab\u00e9 pracovn\u00e9 pr\u00edle\u017eitosti za\u010diatkom 20. storo\u010dia prin\u00fatili desiatky Popro\u010danov od\u00eds\u0165 h\u013eada\u0165 pr\u00e1cu za more.<\/p>\n<p>Obyvatelia v minulosti \u017eivili ban\u00edctvom, obr\u00e1bali p\u00f4du, pracovali v lese, boli pastiermi, uhliarmi a remeseln\u00edkmi.<\/p>\n<p>Privyr\u00e1bali si aj vozen\u00edm obilia z kr\u00e1\u013eovsk\u00fdch skladov do Smoln\u00edka.<\/p>\n<p>Po 1. svetovej vojne sa obyvatelia zaoberali op\u00e4\u0165 pr\u00e1cou v bani, v po\u013enohospod\u00e1rstve a v lese.<\/p>\n<p>V roku 1939 &#8211; 1945 bola obec pri\u010dlenen\u00e1 k Ma\u010farsku.<\/p>\n<p>V 50. rokoch 20. storo\u010dia za\u010dalo obdobie prudk\u00e9ho rozvoja obce Popro\u010d.<\/p>\n<p>Zv\u00fd\u0161ila sa starostlivos\u0165 o zdravie, bola zriaden\u00e1 zdravotn\u00e1 ambulancia \u017eeleznorudn\u00fdch ban\u00ed v Popro\u010di.<\/p>\n<h3><span style=\"color: #808000;\">Pamiatky<\/span><\/h3>\n<ul>\n<li><a href=\"https:\/\/www.keturist.sk\/info\/nabozenske-pamiatky\/rimsko-katolicky-kostol-vsetkych-svatych-v-poproci\/\">R\u00edmsko katol\u00edcky kostol V\u0161etk\u00fdch sv\u00e4t\u00fdch v Popro\u010di (\u010d\u00edtaj viac&#8230;)<\/a><\/li>\n<\/ul>\n<ul>\n<li>Kaplnka Ru\u017eencovej Panny M\u00e1rie<\/li>\n<\/ul>\n<h3><span style=\"color: #808000;\">Kult\u00fara a umenie<\/span><\/h3>\n<ul>\n<li>Mati\u010dn\u00e1 expoz\u00edcia v Popro\u010di (\u010d\u00edtaj viac&#8230;)<\/li>\n<\/ul>\n<ul>\n<li>Bansk\u00e1 expoz\u00edcia v Popro\u010di (\u010d\u00edtaj viac&#8230;)<\/li>\n<\/ul>\n<h3><span style=\"color: #808000;\">Ubytovanie a stravovanie<\/span><\/h3>\n<ul>\n<li><a href=\"http:\/\/keturist.sk\/shop\/kategoria-produktu\/ubytovanie\/volovske-vrchy\/\" target=\"_blank\" rel=\"noopener\">Ubytovanie (\u010d\u00edtaj viac v novom okne&#8230;)<\/a><\/li>\n<\/ul>\n<ul>\n<li><a href=\"http:\/\/keturist.sk\/shop\/kategoria-produktu\/stravovanie\/volovske-vrchy-stravovanie\/\" target=\"_blank\" rel=\"noopener\">Stravovanie (\u010d\u00edtaj viac v novom okne&#8230;)<\/a><\/li>\n<\/ul>\n<ul>\n<li><a href=\"http:\/\/keturist.sk\/shop\/kategoria-produktu\/sluzby\/wellness\/volovske-vrchy-w\/\" target=\"_blank\" rel=\"noopener\">Wellness (\u010d\u00edtaj viac v novom okne&#8230;)<\/a><\/li>\n<\/ul>\n<h3><span style=\"color: #808000;\">Mapy<\/span><\/h3>\n<p><strong>Vrstvy: <\/strong>Turistick\u00e1 mapa, Automapa, Cyklomapa, Ly\u017eiarska mapa, Satelitn\u00e1 mapa a OpenStreetMap.<\/p>\n<p><strong>Kliknut\u00edm na logo &#8222;Freemap.sk&#8220; sa V\u00e1m mapa zobraz\u00ed na celej ploche obrazovky.<\/strong><\/p>\n<p><iframe style=\"width: 800px; height: 500px; border: 0;\" src=\"https:\/\/www.freemap.sk\/?map=13\/48.709654\/20.973415&amp;info-point=48.709654\/20.973415,Obec Popro\u010d&amp;layers=T&amp;embed=search\" allowfullscreen=\"allowfullscreen\"><span data-mce-type=\"bookmark\" style=\"display: inline-block; width: 0px; overflow: hidden; line-height: 0;\" class=\"mce_SELRES_start\">\ufeff<\/span><\/iframe><\/p>\n<h3><span style=\"color: #808000;\">Po\u010dasie<\/span><\/h3>\n<p><iframe style=\"width: 800px; height: 607px;\" src=\"https:\/\/www.meteoblue.com\/sk\/po%C4%8Dasie\/widget\/three\/popro%c4%8d_slovensk%c3%a1-republika_723840?geoloc=fixed&amp;nocurrent=0&amp;noforecast=0&amp;days=5&amp;tempunit=CELSIUS&amp;windunit=KILOMETER_PER_HOUR&amp;layout=image\" frameborder=\"0\" scrolling=\"NO\" sandbox=\"allow-same-origin allow-scripts allow-popups allow-popups-to-escape-sandbox\"><\/iframe><\/p>\n<div><!-- DO NOT REMOVE THIS LINK --><a href=\"https:\/\/www.meteoblue.com\/sk\/po%C4%8Dasie\/predpove%C4%8F\/t%C3%BD%C5%BEde%C5%88\/popro%c4%8d_slovensk%c3%a1-republika_723840?utm_source=weather_widget&amp;utm_medium=linkus&amp;utm_content=three&amp;utm_campaign=Weather%2BWidget\" target=\"_blank\" rel=\"noopener noreferrer\">meteoblue<\/a><\/div>\n","protected":false},"excerpt":{"rendered":"<p>V\u0161eobecn\u00e9 inform\u00e1cie Popro\u010d (ma\u010f. J\u00e1sz\u00f3mindszent) je obec na v\u00fdchodnom Slovensku v okrese Ko\u0161ice-okolie. Nadmorsk\u00e1 v\u00fd\u0161ka v strede obce je 356 m, 305-1129 m v chot\u00e1ri. Obec Popro\u010d le\u017e\u00ed v juhov\u00fdchodnej [&hellip;]<\/p>\n","protected":false},"author":1,"featured_media":0,"parent":1776,"menu_order":0,"comment_status":"closed","ping_status":"closed","template":"","meta":{"_uag_custom_page_level_css":"","_monsterinsights_skip_tracking":false,"_monsterinsights_sitenote_active":false,"_monsterinsights_sitenote_note":"","_monsterinsights_sitenote_category":0,"footnotes":""},"class_list":["post-3768","page","type-page","status-publish","hentry"],"featured_image_src":"","featured_image_src_square":false,"rbea_author_info":{"display_name":"admin","author_link":"https:\/\/www.keturist.sk\/info\/author\/admin\/"},"rbea_excerpt_info":"V\u0161eobecn\u00e9 inform\u00e1cie Popro\u010d (ma\u010f. J\u00e1sz\u00f3mindszent) je obec na v\u00fdchodnom Slovensku v okrese Ko\u0161ice-okolie. Nadmorsk\u00e1 v\u00fd\u0161ka v strede obce je 356 m, 305-1129 m v chot\u00e1ri. Obec Popro\u010d le\u017e\u00ed v juhov\u00fdchodnej [&hellip;]","uagb_featured_image_src":{"full":false,"thumbnail":false,"medium":false,"medium_large":false,"large":false,"1536x1536":false,"2048x2048":false},"uagb_author_info":{"display_name":"admin","author_link":"https:\/\/www.keturist.sk\/info\/author\/admin\/"},"uagb_comment_info":0,"uagb_excerpt":"V\u0161eobecn\u00e9 inform\u00e1cie Popro\u010d (ma\u010f. J\u00e1sz\u00f3mindszent) je obec na v\u00fdchodnom Slovensku v okrese Ko\u0161ice-okolie. Nadmorsk\u00e1 v\u00fd\u0161ka v strede obce je 356 m, 305-1129 m v chot\u00e1ri. Obec Popro\u010d le\u017e\u00ed v juhov\u00fdchodnej [&hellip;]","_links":{"self":[{"href":"https:\/\/www.keturist.sk\/info\/wp-json\/wp\/v2\/pages\/3768","targetHints":{"allow":["GET"]}}],"collection":[{"href":"https:\/\/www.keturist.sk\/info\/wp-json\/wp\/v2\/pages"}],"about":[{"href":"https:\/\/www.keturist.sk\/info\/wp-json\/wp\/v2\/types\/page"}],"author":[{"embeddable":true,"href":"https:\/\/www.keturist.sk\/info\/wp-json\/wp\/v2\/users\/1"}],"replies":[{"embeddable":true,"href":"https:\/\/www.keturist.sk\/info\/wp-json\/wp\/v2\/comments?post=3768"}],"version-history":[{"count":12,"href":"https:\/\/www.keturist.sk\/info\/wp-json\/wp\/v2\/pages\/3768\/revisions"}],"predecessor-version":[{"id":46780,"href":"https:\/\/www.keturist.sk\/info\/wp-json\/wp\/v2\/pages\/3768\/revisions\/46780"}],"up":[{"embeddable":true,"href":"https:\/\/www.keturist.sk\/info\/wp-json\/wp\/v2\/pages\/1776"}],"wp:attachment":[{"href":"https:\/\/www.keturist.sk\/info\/wp-json\/wp\/v2\/media?parent=3768"}],"curies":[{"name":"wp","href":"https:\/\/api.w.org\/{rel}","templated":true}]}}