{"id":360,"date":"2013-08-02T19:37:42","date_gmt":"2013-08-02T17:37:42","guid":{"rendered":"https:\/\/www.keturist.sk\/info\/?page_id=360"},"modified":"2026-01-05T14:11:49","modified_gmt":"2026-01-05T13:11:49","slug":"muzeum-archeologie-dolna-brana","status":"publish","type":"page","link":"https:\/\/www.keturist.sk\/info\/kam-za-pamiatkami\/muzeum-archeologie-dolna-brana\/","title":{"rendered":"M\u00fazeum archeol\u00f3gie \u2013 Doln\u00e1 br\u00e1na"},"content":{"rendered":"<a href=\"https:\/\/www.keturist.sk\/info\/\" class=\"su-button su-button-style-default\" style=\"color:#000000;background-color:#FFCF2F;border-color:#cca626;border-radius:5px\" target=\"_self\"><span style=\"color:#000000;padding:6px 16px;font-size:13px;line-height:20px;border-color:#ffde6e;border-radius:5px;text-shadow:none\"><i class=\"sui sui-arrow-right\" style=\"font-size:13px;color:#000000\"><\/i>  Spravodaj <\/span><\/a>\n<a href=\"https:\/\/www.keturist.sk\/info\/sport-a-kultura\/\" class=\"su-button su-button-style-default\" style=\"color:#000000;background-color:#FFCF2F;border-color:#cca626;border-radius:5px\" target=\"_self\"><span style=\"color:#000000;padding:6px 16px;font-size:13px;line-height:20px;border-color:#ffde6e;border-radius:5px;text-shadow:none\"><i class=\"sui sui-arrow-right\" style=\"font-size:13px;color:#000000\"><\/i>  Aktivity, kult\u00fara, hist\u00f3ria&#8230; <\/span><\/a>\n<a href=\"https:\/\/www.keturist.sk\/info\/sport-a-kultura\/muzea-kultura\/\" class=\"su-button su-button-style-default\" style=\"color:#000000;background-color:#FFCF2F;border-color:#cca626;border-radius:5px\" target=\"_self\"><span style=\"color:#000000;padding:6px 16px;font-size:13px;line-height:20px;border-color:#ffde6e;border-radius:5px;text-shadow:none\"><i class=\"sui sui-arrow-right\" style=\"font-size:13px;color:#000000\"><\/i>  M\u00faze\u00e1, kult\u00fara&#8230; <\/span><\/a>\n<div class=\"su-divider su-divider-style-default\" style=\"margin:15px 0;border-width:0px;border-color:#000000\"><\/div>\n<p><strong>Podkateg\u00f3ria: <\/strong> <a href=\"https:\/\/www.keturist.sk\/info\/sport-a-kultura\/muzea-kultura\/muzea\/\" class=\"su-button su-button-style-default\" style=\"color:#000000;background-color:#afd144;border-color:#8ca837;border-radius:5px\" target=\"_self\"><span style=\"color:#000000;padding:6px 16px;font-size:13px;line-height:20px;border-color:#c7df7d;border-radius:5px;text-shadow:none\"><i class=\"sui sui-arrow-right\" style=\"font-size:13px;color:#000000\"><\/i>  M\u00faze\u00e1 <\/span><\/a>\n<p><strong>Lokaliz\u00e1cia: <\/strong><a href=\"https:\/\/www.keturist.sk\/info\/vseobecne-informacie\/mesto-kosice\/\">Ko\u0161ice<\/a><\/p>\n<div class=\"su-divider su-divider-style-default\" style=\"margin:15px 0;border-width:2px;border-color:#000000\"><\/div>\n<a href=\"https:\/\/www.keturist.sk\/info\/\" class=\"su-button su-button-style-default\" style=\"color:#000000;background-color:#FFCF2F;border-color:#cca626;border-radius:5px\" target=\"_self\"><span style=\"color:#000000;padding:6px 16px;font-size:13px;line-height:20px;border-color:#ffde6e;border-radius:5px;text-shadow:none\"><i class=\"sui sui-arrow-right\" style=\"font-size:13px;color:#000000\"><\/i>  Spravodaj <\/span><\/a>\n<a href=\"https:\/\/www.keturist.sk\/info\/tipy-na-vylety\/\" class=\"su-button su-button-style-default\" style=\"color:#000000;background-color:#FFCF2F;border-color:#cca626;border-radius:5px\" target=\"_self\"><span style=\"color:#000000;padding:6px 16px;font-size:13px;line-height:20px;border-color:#ffde6e;border-radius:5px;text-shadow:none\"><i class=\"sui sui-arrow-right\" style=\"font-size:13px;color:#000000\"><\/i>  TIPY NA V\u00ddLETY <\/span><\/a>\n<a href=\"https:\/\/www.keturist.sk\/info\/kam-za-pamiatkami\/\" class=\"su-button su-button-style-default\" style=\"color:#000000;background-color:#FFCF2F;border-color:#cca626;border-radius:5px\" target=\"_self\"><span style=\"color:#000000;padding:6px 16px;font-size:13px;line-height:20px;border-color:#ffde6e;border-radius:5px;text-shadow:none\"><i class=\"sui sui-arrow-right\" style=\"font-size:13px;color:#000000\"><\/i>  Kam za pamiatkami <\/span><\/a>\n<a href=\"https:\/\/www.keturist.sk\/info\/kam-za-pamiatkami\/kam-za-pamiatkami-smer-kosice\/\" class=\"su-button su-button-style-default\" style=\"color:#000000;background-color:#FFCF2F;border-color:#cca626;border-radius:5px\" target=\"_self\"><span style=\"color:#000000;padding:6px 16px;font-size:13px;line-height:20px;border-color:#ffde6e;border-radius:5px;text-shadow:none\"><i class=\"sui sui-arrow-right\" style=\"font-size:13px;color:#000000\"><\/i>  smer Ko\u0161ice <\/span><\/a>\n<div class=\"su-divider su-divider-style-default\" style=\"margin:15px 0;border-width:0px;border-color:#000000\"><\/div>\n<p><strong>Podkateg\u00f3ria: <\/strong> <a href=\"https:\/\/www.keturist.sk\/info\/kam-za-pamiatkami\/kam-za-pamiatkami-smer-kosice\/historicke-centrum\/\" class=\"su-button su-button-style-default\" style=\"color:#000000;background-color:#afd144;border-color:#8ca837;border-radius:5px\" target=\"_self\"><span style=\"color:#000000;padding:6px 16px;font-size:13px;line-height:20px;border-color:#c7df7d;border-radius:5px;text-shadow:none\"><i class=\"sui sui-arrow-right\" style=\"font-size:13px;color:#000000\"><\/i>  Historick\u00e9 centrum <\/span><\/a>\n<div class=\"su-divider su-divider-style-default\" style=\"margin:15px 0;border-width:0px;border-color:#000000\"><\/div>\n<strong>Lokaliz\u00e1cia: <\/strong><a href=\"https:\/\/www.keturist.sk\/info\/vseobecne-informacie\/\">Ko\u0161ice<\/a> a <a href=\"https:\/\/www.keturist.sk\/info\/turisticke-vychodiska\/strediska-a-centra\/m\">M\u010c Star\u00e9 mesto<\/a><br \/>\n<div class=\"su-divider su-divider-style-default\" style=\"margin:15px 0;border-width:2px;border-color:#000000\"><\/div>\n<figure id=\"attachment_51944\" aria-describedby=\"caption-attachment-51944\" style=\"width: 900px\" class=\"wp-caption aligncenter\"><a href=\"https:\/\/www.keturist.sk\/info\/wp-content\/uploads\/2022\/10\/dolna-brana7.jpg\"><img loading=\"lazy\" decoding=\"async\" class=\"wp-image-51944\" src=\"https:\/\/www.keturist.sk\/info\/wp-content\/uploads\/2022\/10\/dolna-brana7-800x534.jpg\" alt=\"M\u00fazeum archeol\u00f3gie \u2013 Doln\u00e1 br\u00e1na\" width=\"900\" height=\"600\" srcset=\"https:\/\/www.keturist.sk\/info\/wp-content\/uploads\/2022\/10\/dolna-brana7-800x534.jpg 800w, https:\/\/www.keturist.sk\/info\/wp-content\/uploads\/2022\/10\/dolna-brana7-270x180.jpg 270w, https:\/\/www.keturist.sk\/info\/wp-content\/uploads\/2022\/10\/dolna-brana7-768x512.jpg 768w, https:\/\/www.keturist.sk\/info\/wp-content\/uploads\/2022\/10\/dolna-brana7.jpg 1000w\" sizes=\"auto, (max-width: 900px) 100vw, 900px\" \/><\/a><figcaption id=\"caption-attachment-51944\" class=\"wp-caption-text\">M\u00fazeum archeol\u00f3gie \u2013 Doln\u00e1 br\u00e1na Fotograf: Jozef Mare\u010dek (https:\/\/www.facebook.com\/jozef.marecek.94)<\/figcaption><\/figure>\n<div class=\"su-divider su-divider-style-default\" style=\"margin:15px 0;border-width:2px;border-color:#000000\"><\/div>\n<h2><span style=\"color: #800000;\">\u010co je a \u010do pon\u00faka M\u00fazeum archeol\u00f3gie \u2013 Doln\u00e1 br\u00e1na v Ko\u0161iciach?<\/span><\/h2>\n<p class=\"ds-markdown-paragraph\"><strong>M\u00fazeum archeol\u00f3gie \u2013 Doln\u00e1 br\u00e1na<\/strong>\u00a0je unik\u00e1tny historick\u00fd poklad v srdci Ko\u0161\u00edc. Ide o\u00a0<strong>Podzemn\u00e9 archeologick\u00e9 m\u00fazeum Doln\u00e1 br\u00e1na Ko\u0161ice<\/strong>, ktor\u00e9 v\u00e1s o storo\u010dia prenesie priamo pod dla\u017ebu hlavnej ulice.<\/p>\n<h2><span style=\"color: #800000;\">Pre\u010do je M\u00fazeum archeol\u00f3gie \u2013 Doln\u00e1 br\u00e1na tak v\u00fdnimo\u010dn\u00e9?<\/span><\/h2>\n<p class=\"ds-markdown-paragraph\">V stredoveku bolo mesto\u00a0<strong>Ko\u0161ice<\/strong>\u00a0obohnan\u00e9 d\u00f4myseln\u00fdm <a href=\"https:\/\/www.keturist.sk\/info\/kam-za-pamiatkami\/mestske-hradby\/\">fortifika\u010dn\u00fdm syst\u00e9mom<\/a>. Z tohto opevnenia sa do dne\u0161n\u00fdch \u010dias zachovali u\u017e len fragmenty, medzi ktor\u00e9 patr\u00ed pr\u00e1ve\u00a0<strong>archeologick\u00fd komplex Doln\u00e1 br\u00e1na<\/strong>. Toto miesto ukr\u00fdva autentick\u00fa \u010das\u0165 <a href=\"https:\/\/www.keturist.sk\/info\/kam-za-pamiatkami\/mestske-hradby\/\">mestsk\u00e9ho opevnenia<\/a> z\u00a0<strong>13. storo\u010dia<\/strong>.<\/p>\n<h2><span style=\"color: #800000;\">Ako a kedy bolo m\u00fazeum objaven\u00e9?<\/span><\/h2>\n<p class=\"ds-markdown-paragraph\">Pri rozsiahlej\u00a0<strong>rekon\u0161trukcii Hlavnej ulice v Ko\u0161iciach<\/strong>\u00a0v rokoch 1996 a\u017e 1998 sa ne\u010dakane objavili pozostatky\u00a0<strong>Dolnej br\u00e1ny<\/strong>. Mesto sa n\u00e1sledne rozhodlo zriadi\u0165 na tomto mieste unik\u00e1tne\u00a0<strong>podzemn\u00e9 m\u00fazeum<\/strong>.<\/p>\n<h2><span style=\"color: #800000;\">\u010co presne n\u00e1v\u0161tevn\u00edci v podzemnom m\u00fazeu uvidia?<\/span><\/h2>\n<p class=\"ds-markdown-paragraph\"><strong>Podzemn\u00e9 archeologick\u00e9 m\u00fazeum<\/strong>\u00a0pon\u00faka fascinuj\u00facu mo\u017enos\u0165 pozrie\u0165 si niekdaj\u0161iu ju\u017en\u00fa \u010das\u0165 opevnenia s barbakanmi a br\u00e1nou, a to nieko\u013eko metrov\u00a0<strong>pod \u00farov\u0148ou s\u00fa\u010dasnej ulice<\/strong>. Okrem\u00a0<strong>historick\u00fdch opevnen\u00ed Ko\u0161\u00edc<\/strong>\u00a0s\u00fa tu spr\u00edstupnen\u00e9 aj \u010dasti b\u00fdvalej\u00a0<strong>mestskej kanaliz\u00e1cie<\/strong>. V objekte s\u00fa umiestnen\u00e9 aj cenn\u00e9\u00a0<strong>artefakty z <a href=\"https:\/\/www.keturist.sk\/info\/kam-za-pamiatkami\/dom-sv-alzbety\/\">D\u00f3mu sv. Al\u017ebety<\/a><\/strong>.<\/p>\n<h2><span style=\"color: #800000;\">Kto st\u00e1l za v\u00fdskumom a projektom m\u00fazea?<\/span><\/h2>\n<p class=\"ds-markdown-paragraph\"><strong>Archeologick\u00fd a stavebno-historick\u00fd v\u00fdskum<\/strong>\u00a0na mieste zabezpe\u010dili popredn\u00ed ko\u0161ick\u00ed pamiatk\u00e1ri\u00a0<strong>PhDr. Marcela \u010euri\u0161ov\u00e1<\/strong>\u00a0a\u00a0<strong>Akad. arch. Jozef Ducho\u0148<\/strong>. Samotn\u00fd projekt\u00a0<strong>m\u00fazea<\/strong>\u00a0je dielom\u00a0<strong>Ing. arch. Alexandra Lamiho<\/strong>.<\/p>\n<h2><span style=\"color: #800000;\">Kde sa m\u00fazeum presne nach\u00e1dza a kto ho spravuje?<\/span><\/h2>\n<p class=\"ds-markdown-paragraph\"><strong>M\u00fazeum<\/strong>\u00a0sa nach\u00e1dza v\u00a0<strong>podzem\u00ed Hlavnej ulice<\/strong>, ju\u017ene od\u00a0<strong>D\u00f3mu sv. Al\u017ebety<\/strong>. Objekt bol v rokoch 2002 a\u017e 2013 zveren\u00fd do spr\u00e1vy SMMK, s.r.o. V s\u00fa\u010dasnosti je\u00a0<strong>majite\u013eom objektu Mesto Ko\u0161ice<\/strong>\u00a0a spr\u00e1vu zastre\u0161uje pr\u00edspevkov\u00e1 organiz\u00e1cia\u00a0<strong>K 13 \u2013 Ko\u0161ick\u00e9 kult\u00farne centr\u00e1<\/strong>.<\/p>\n<h2><span style=\"color: #800000;\">\u010co nov\u00e9ho priniesla posledn\u00e1 rekon\u0161trukcia v roku 2021?<\/span><\/h2>\n<p class=\"ds-markdown-paragraph\"><strong>Archeologick\u00fd komplex<\/strong>\u00a0pre\u0161iel rozsiahlou\u00a0<strong>rekon\u0161trukciou v roku 2021<\/strong>. Odvtedy pon\u00faka n\u00e1v\u0161tevn\u00edkom modern\u00fa a atrakt\u00edvnu\u00a0<strong>expoz\u00edciu ko\u0161ick\u00e9ho mestsk\u00e9ho opevnenia<\/strong>\u00a0obohaten\u00fa o r\u00f4zne\u00a0<strong>multimedi\u00e1lne prezent\u00e1cie, infokiosky, \u0161peci\u00e1lne efekty, 3D archeomodelmi<\/strong>\u00a0a\u00a0<strong>interakt\u00edvne prvky<\/strong>.<\/p>\n<h2><span style=\"color: #800000;\">Ak\u00e9 jazyky a tematick\u00e9 \u010dasti expoz\u00edcia pon\u00faka?<\/span><\/h2>\n<p class=\"ds-markdown-paragraph\"><strong>Expoz\u00edcia<\/strong>\u00a0je pr\u00edstupn\u00e1 vo viacer\u00fdch jazykov\u00fdch mut\u00e1ci\u00e1ch \u2013 okrem\u00a0<strong>sloven\u010diny<\/strong>\u00a0aj v\u00a0<strong>angli\u010dtine<\/strong>\u00a0a\u00a0<strong>ma\u010far\u010dine<\/strong>. Pozost\u00e1va z \u010dast\u00ed venovan\u00fdch\u00a0<strong>opevneniu Ko\u0161\u00edc, vodn\u00e9mu re\u017eimu a kanaliz\u00e1cii v Dolnej br\u00e1ne, hist\u00f3rii mesta<\/strong>\u00a0a\u00a0<strong>vojensk\u00fdm aspektom<\/strong>.<\/p>\n<h2><span style=\"color: #800000;\">Na ak\u00e9 konkr\u00e9tne z\u00e1\u017eitky a expon\u00e1ty sa m\u00f4\u017eu n\u00e1v\u0161tevn\u00edci te\u0161i\u0165?<\/span><\/h2>\n<p class=\"ds-markdown-paragraph\">N\u00e1v\u0161tevn\u00edci tu uvidia okrem autentick\u00fdch m\u00farov aj\u00a0<strong>3D modely, projek\u010dn\u00e9 premietanie, infokiosky, poh\u013eady do strie\u013en\u00ed, hologram<\/strong>\u00a0a p\u00f4sobiv\u00e9\u00a0<strong>zvukov\u00e9 efekty<\/strong>.\u00a0<strong>Hlavn\u00fdm expon\u00e1tom<\/strong>\u00a0s\u00fa v\u0161ak samotn\u00e9\u00a0<strong>muriv\u00e1 odkryt\u00e9 pri archeologickom v\u00fdskume<\/strong>, ktor\u00e9 tvoria neoddelite\u013en\u00fa s\u00fa\u010das\u0165 m\u00fazea.<\/p>\n<h2><span style=\"color: #800000;\">Ak\u00e9 konkr\u00e9tne historick\u00e9 objekty boli archeologick\u00fdm v\u00fdskumom odkryt\u00e9 a spr\u00edstupnen\u00e9?<\/span><\/h2>\n<h3 class=\"ds-markdown-paragraph\"><span style=\"color: #808000;\">Verejnosti s\u00fa pr\u00edstupn\u00e9 tieto unik\u00e1ty:<\/span><\/h3>\n<ul>\n<li>\n<p class=\"ds-markdown-paragraph\"><strong>Arp\u00e1dovsk\u00e1 ve\u017ea Dolnej br\u00e1ny<\/strong>\u00a0z druhej polovice 13. storo\u010dia.<\/p>\n<\/li>\n<li>\n<p class=\"ds-markdown-paragraph\"><strong>Arp\u00e1dovsk\u00e1 hradba<\/strong>, ako najstar\u0161ia hradba mesta so syst\u00e9mom ark\u00e1d z konca 13. storo\u010dia.<\/p>\n<\/li>\n<li>\n<p class=\"ds-markdown-paragraph\"><strong>Luxembursk\u00e1 ve\u017ea Dolnej br\u00e1ny<\/strong>\u00a0s kamenn\u00fdm mostom cez prv\u00fa vodn\u00fa priekopu zo za\u010diatku 15. storo\u010dia.<\/p>\n<\/li>\n<li>\n<p class=\"ds-markdown-paragraph\"><strong>Luxembursk\u00e1 park\u00e1nov\u00e1 hradba<\/strong>\u00a0zo za\u010diatku 15. storo\u010dia.<\/p>\n<\/li>\n<li>\n<p class=\"ds-markdown-paragraph\"><strong>Kamenn\u00e1 kanaliz\u00e1cia<\/strong>\u00a0na odvedenie vody z priekopy z 15. storo\u010dia.<\/p>\n<\/li>\n<li>\n<p class=\"ds-markdown-paragraph\"><strong>Korv\u00ednovsk\u00fd barbak\u00e1n<\/strong>\u00a0a most ved\u00faci k jeho v\u00fdchodnej br\u00e1ne z prelomu 15. a 16. storo\u010dia.<\/p>\n<\/li>\n<li>\n<p class=\"ds-markdown-paragraph\"><strong>Korv\u00ednovsk\u00fd kamenn\u00fd most<\/strong>\u00a0s klenut\u00fdmi obl\u00fakmi ved\u00faci ku barbak\u00e1nu z prelomu 15. a 16. storo\u010dia.<\/p>\n<\/li>\n<li>\n<p class=\"ds-markdown-paragraph\"><strong>Betlenov basti\u00f3n<\/strong>\u00a0z 1. polovice 17. storo\u010dia.<\/p>\n<\/li>\n<li>\n<p class=\"ds-markdown-paragraph\"><strong>Z\u00e1klady Doln\u00fdch kas\u00e1rni<\/strong>\u00a0z roku 1713, ktor\u00e9 boli zb\u00faran\u00e9 v roku 1830.<\/p>\n<\/li>\n<\/ul>\n<h2><span style=\"color: #800000;\">Ak\u00e9 je vstupn\u00e9 a otv\u00e1racia doba M\u00fazea archeol\u00f3gie \u2013 Doln\u00e1 br\u00e1na?<\/span><\/h2>\n<ul>\n<li><a href=\"https:\/\/www.keturist.sk\/info\/otvorenie-dolnej-brany\/\" target=\"_self\" rel=\"noopener\">M\u00fazeum archeol\u00f3gie- Doln\u00e1 br\u00e1na (\u010d\u00edtaj viac&#8230;)<\/a><\/li>\n<\/ul>\n<h2><span style=\"color: #800000;\">Fotogal\u00e9ria<\/span><\/h2>\n<style type=\"text\/css\">\n#foogallery-gallery-73055 .fg-image { width: 200px; }<\/style>\n\t\t\t<div class=\"foogallery foogallery-container foogallery-carousel foogallery-lightbox-foogallery fg-carousel fg-ready fg-light fg-border-medium fg-round-small fg-shadow-medium fg-loading-default fg-loaded-fade-in fg-hover-semi-zoomed fg-hover-fade fg-hover-circle-plus2\" id=\"foogallery-gallery-73055\" data-foogallery=\"{&quot;item&quot;:{&quot;showCaptionTitle&quot;:true,&quot;showCaptionDescription&quot;:true},&quot;lazy&quot;:true,&quot;template&quot;:{&quot;maxItems&quot;:5,&quot;scale&quot;:0.11999999999999999555910790149937383830547332763671875,&quot;gutter&quot;:{&quot;min&quot;:-40,&quot;max&quot;:-20,&quot;unit&quot;:&quot;%&quot;},&quot;autoplay&quot;:{&quot;time&quot;:0,&quot;interaction&quot;:&quot;pause&quot;},&quot;centerOnClick&quot;:true,&quot;align&quot;:&quot;center&quot;,&quot;activePosition&quot;:&quot;center&quot;}}\" data-foogallery-lightbox=\"{&quot;thumbs&quot;:&quot;bottom&quot;,&quot;thumbsCaptions&quot;:false,&quot;thumbsBestFit&quot;:false,&quot;thumbsSmall&quot;:false,&quot;thumbsCaptionsAlign&quot;:&quot;default&quot;,&quot;info&quot;:&quot;bottom&quot;,&quot;infoVisible&quot;:true,&quot;infoOverlay&quot;:true,&quot;infoAlign&quot;:&quot;default&quot;,&quot;transition&quot;:&quot;fade&quot;,&quot;hoverButtons&quot;:false,&quot;fitMedia&quot;:false,&quot;noScrollbars&quot;:true,&quot;preserveButtonSpace&quot;:true,&quot;buttons&quot;:{&quot;fullscreen&quot;:true,&quot;info&quot;:true,&quot;thumbs&quot;:false},&quot;video&quot;:{&quot;autoPlay&quot;:true}}\" style=\"--fg-title-line-clamp: 1; --fg-description-line-clamp: 2;\" >\n\t<button type=\"button\" class=\"fg-carousel-prev\" title=\"Previous\"><\/button>\n\t<div class=\"fg-carousel-inner\">\n\t\t<div class=\"fg-carousel-center\"><\/div>\n\t\t<div class=\"fg-item fg-type-image fg-idle\"><figure class=\"fg-item-inner\"><a href=\"https:\/\/www.keturist.sk\/info\/wp-content\/uploads\/2022\/10\/dolna-brana10.jpg\" data-caption-title=\"M\u00fazeum archeol\u00f3gie \u2013 Doln\u00e1 br\u00e1na\" data-caption-desc=\"M\u00fazeum archeol\u00f3gie \u2013 Doln\u00e1 br\u00e1na Fotograf: Jozef Mare\u010dek (https:\/\/www.facebook.com\/jozef.marecek.94)\" data-attachment-id=\"51947\" data-type=\"image\" class=\"fg-thumb\"><span class=\"fg-image-wrap\"><img decoding=\"async\" alt=\"M\u00fazeum archeol\u00f3gie \u2013 Doln\u00e1 br\u00e1na\" title=\"M\u00fazeum archeol\u00f3gie \u2013 Doln\u00e1 br\u00e1na\" width=\"200\" height=\"200\" class=\"skip-lazy fg-image\" data-src-fg=\"https:\/\/www.keturist.sk\/info\/wp-content\/uploads\/cache\/2022\/10\/dolna-brana10\/1239642635.jpg\" src=\"data:image\/svg+xml,%3Csvg%20xmlns%3D%22http%3A%2F%2Fwww.w3.org%2F2000%2Fsvg%22%20width%3D%22200%22%20height%3D%22200%22%20viewBox%3D%220%200%20200%20200%22%3E%3C%2Fsvg%3E\" loading=\"eager\"><\/span><span class=\"fg-image-overlay\"><\/span><\/a><figcaption class=\"fg-caption\"><div class=\"fg-caption-inner\"><div class=\"fg-caption-title\">M\u00fazeum archeol\u00f3gie \u2013 Doln\u00e1 br\u00e1na<\/div><div class=\"fg-caption-desc\">M\u00fazeum archeol\u00f3gie \u2013 Doln\u00e1 br\u00e1na Fotograf: Jozef Mare\u010dek (https:\/\/www.facebook.com\/jozef.marecek.94)<\/div><\/div><\/figcaption><\/figure><div class=\"fg-loader\"><\/div><\/div><div class=\"fg-item fg-type-image fg-idle\"><figure class=\"fg-item-inner\"><a href=\"https:\/\/www.keturist.sk\/info\/wp-content\/uploads\/2022\/10\/dolna-brana9.jpg\" data-caption-title=\"M\u00fazeum archeol\u00f3gie \u2013 Doln\u00e1 br\u00e1na\" data-caption-desc=\"M\u00fazeum archeol\u00f3gie \u2013 Doln\u00e1 br\u00e1na Fotograf: Jozef Mare\u010dek (https:\/\/www.facebook.com\/jozef.marecek.94)\" data-attachment-id=\"51946\" data-type=\"image\" class=\"fg-thumb\"><span class=\"fg-image-wrap\"><img decoding=\"async\" alt=\"M\u00fazeum archeol\u00f3gie \u2013 Doln\u00e1 br\u00e1na\" title=\"M\u00fazeum archeol\u00f3gie \u2013 Doln\u00e1 br\u00e1na\" width=\"200\" height=\"200\" class=\"skip-lazy fg-image\" data-src-fg=\"https:\/\/www.keturist.sk\/info\/wp-content\/uploads\/cache\/2022\/10\/dolna-brana9\/3266344929.jpg\" src=\"data:image\/svg+xml,%3Csvg%20xmlns%3D%22http%3A%2F%2Fwww.w3.org%2F2000%2Fsvg%22%20width%3D%22200%22%20height%3D%22200%22%20viewBox%3D%220%200%20200%20200%22%3E%3C%2Fsvg%3E\" loading=\"eager\"><\/span><span class=\"fg-image-overlay\"><\/span><\/a><figcaption class=\"fg-caption\"><div class=\"fg-caption-inner\"><div class=\"fg-caption-title\">M\u00fazeum archeol\u00f3gie \u2013 Doln\u00e1 br\u00e1na<\/div><div class=\"fg-caption-desc\">M\u00fazeum archeol\u00f3gie \u2013 Doln\u00e1 br\u00e1na Fotograf: Jozef Mare\u010dek (https:\/\/www.facebook.com\/jozef.marecek.94)<\/div><\/div><\/figcaption><\/figure><div class=\"fg-loader\"><\/div><\/div><div class=\"fg-item fg-type-image fg-idle\"><figure class=\"fg-item-inner\"><a href=\"https:\/\/www.keturist.sk\/info\/wp-content\/uploads\/2022\/10\/dolna-brana8.jpg\" data-caption-title=\"M\u00fazeum archeol\u00f3gie \u2013 Doln\u00e1 br\u00e1na\" data-caption-desc=\"M\u00fazeum archeol\u00f3gie \u2013 Doln\u00e1 br\u00e1na Fotograf: Jozef Mare\u010dek (https:\/\/www.facebook.com\/jozef.marecek.94)\" data-attachment-id=\"51945\" data-type=\"image\" class=\"fg-thumb\"><span class=\"fg-image-wrap\"><img decoding=\"async\" alt=\"M\u00fazeum archeol\u00f3gie \u2013 Doln\u00e1 br\u00e1na\" title=\"M\u00fazeum archeol\u00f3gie \u2013 Doln\u00e1 br\u00e1na\" width=\"200\" height=\"200\" class=\"skip-lazy fg-image\" data-src-fg=\"https:\/\/www.keturist.sk\/info\/wp-content\/uploads\/cache\/2022\/10\/dolna-brana8\/80293560.jpg\" src=\"data:image\/svg+xml,%3Csvg%20xmlns%3D%22http%3A%2F%2Fwww.w3.org%2F2000%2Fsvg%22%20width%3D%22200%22%20height%3D%22200%22%20viewBox%3D%220%200%20200%20200%22%3E%3C%2Fsvg%3E\" loading=\"eager\"><\/span><span class=\"fg-image-overlay\"><\/span><\/a><figcaption class=\"fg-caption\"><div class=\"fg-caption-inner\"><div class=\"fg-caption-title\">M\u00fazeum archeol\u00f3gie \u2013 Doln\u00e1 br\u00e1na<\/div><div class=\"fg-caption-desc\">M\u00fazeum archeol\u00f3gie \u2013 Doln\u00e1 br\u00e1na Fotograf: Jozef Mare\u010dek (https:\/\/www.facebook.com\/jozef.marecek.94)<\/div><\/div><\/figcaption><\/figure><div class=\"fg-loader\"><\/div><\/div><div class=\"fg-item fg-type-image fg-idle\"><figure class=\"fg-item-inner\"><a href=\"https:\/\/www.keturist.sk\/info\/wp-content\/uploads\/2022\/10\/dolna-brana7.jpg\" data-caption-title=\"M\u00fazeum archeol\u00f3gie \u2013 Doln\u00e1 br\u00e1na\" data-caption-desc=\"M\u00fazeum archeol\u00f3gie \u2013 Doln\u00e1 br\u00e1na Fotograf: Jozef Mare\u010dek (https:\/\/www.facebook.com\/jozef.marecek.94)\" data-attachment-id=\"51944\" data-type=\"image\" class=\"fg-thumb\"><span class=\"fg-image-wrap\"><img decoding=\"async\" alt=\"M\u00fazeum archeol\u00f3gie \u2013 Doln\u00e1 br\u00e1na\" title=\"M\u00fazeum archeol\u00f3gie \u2013 Doln\u00e1 br\u00e1na\" width=\"200\" height=\"200\" class=\"skip-lazy fg-image\" data-src-fg=\"https:\/\/www.keturist.sk\/info\/wp-content\/uploads\/cache\/2022\/10\/dolna-brana7\/3685217449.jpg\" src=\"data:image\/svg+xml,%3Csvg%20xmlns%3D%22http%3A%2F%2Fwww.w3.org%2F2000%2Fsvg%22%20width%3D%22200%22%20height%3D%22200%22%20viewBox%3D%220%200%20200%20200%22%3E%3C%2Fsvg%3E\" loading=\"eager\"><\/span><span class=\"fg-image-overlay\"><\/span><\/a><figcaption class=\"fg-caption\"><div class=\"fg-caption-inner\"><div class=\"fg-caption-title\">M\u00fazeum archeol\u00f3gie \u2013 Doln\u00e1 br\u00e1na<\/div><div class=\"fg-caption-desc\">M\u00fazeum archeol\u00f3gie \u2013 Doln\u00e1 br\u00e1na Fotograf: Jozef Mare\u010dek (https:\/\/www.facebook.com\/jozef.marecek.94)<\/div><\/div><\/figcaption><\/figure><div class=\"fg-loader\"><\/div><\/div><div class=\"fg-item fg-type-image fg-idle\"><figure class=\"fg-item-inner\"><a href=\"https:\/\/www.keturist.sk\/info\/wp-content\/uploads\/2022\/10\/dolna-brana6.jpg\" data-caption-title=\"M\u00fazeum archeol\u00f3gie \u2013 Doln\u00e1 br\u00e1na\" data-caption-desc=\"M\u00fazeum archeol\u00f3gie \u2013 Doln\u00e1 br\u00e1na Fotograf: Jozef Mare\u010dek (https:\/\/www.facebook.com\/jozef.marecek.94)\" data-attachment-id=\"51943\" data-type=\"image\" class=\"fg-thumb\"><span class=\"fg-image-wrap\"><img decoding=\"async\" alt=\"M\u00fazeum archeol\u00f3gie \u2013 Doln\u00e1 br\u00e1na\" title=\"M\u00fazeum archeol\u00f3gie \u2013 Doln\u00e1 br\u00e1na\" width=\"200\" height=\"200\" class=\"skip-lazy fg-image\" data-src-fg=\"https:\/\/www.keturist.sk\/info\/wp-content\/uploads\/cache\/2022\/10\/dolna-brana6\/82153220.jpg\" src=\"data:image\/svg+xml,%3Csvg%20xmlns%3D%22http%3A%2F%2Fwww.w3.org%2F2000%2Fsvg%22%20width%3D%22200%22%20height%3D%22200%22%20viewBox%3D%220%200%20200%20200%22%3E%3C%2Fsvg%3E\" loading=\"eager\"><\/span><span class=\"fg-image-overlay\"><\/span><\/a><figcaption class=\"fg-caption\"><div class=\"fg-caption-inner\"><div class=\"fg-caption-title\">M\u00fazeum archeol\u00f3gie \u2013 Doln\u00e1 br\u00e1na<\/div><div class=\"fg-caption-desc\">M\u00fazeum archeol\u00f3gie \u2013 Doln\u00e1 br\u00e1na Fotograf: Jozef Mare\u010dek (https:\/\/www.facebook.com\/jozef.marecek.94)<\/div><\/div><\/figcaption><\/figure><div class=\"fg-loader\"><\/div><\/div><div class=\"fg-item fg-type-image fg-idle\"><figure class=\"fg-item-inner\"><a href=\"https:\/\/www.keturist.sk\/info\/wp-content\/uploads\/2022\/10\/dolna-brana5.jpg\" data-caption-title=\"M\u00fazeum archeol\u00f3gie \u2013 Doln\u00e1 br\u00e1na\" data-caption-desc=\"M\u00fazeum archeol\u00f3gie \u2013 Doln\u00e1 br\u00e1na Fotograf: Jozef Mare\u010dek (https:\/\/www.facebook.com\/jozef.marecek.94)\" data-attachment-id=\"51942\" data-type=\"image\" class=\"fg-thumb\"><span class=\"fg-image-wrap\"><img decoding=\"async\" alt=\"M\u00fazeum archeol\u00f3gie \u2013 Doln\u00e1 br\u00e1na\" title=\"M\u00fazeum archeol\u00f3gie \u2013 Doln\u00e1 br\u00e1na\" width=\"200\" height=\"200\" class=\"skip-lazy fg-image\" data-src-fg=\"https:\/\/www.keturist.sk\/info\/wp-content\/uploads\/cache\/2022\/10\/dolna-brana5\/2351186010.jpg\" src=\"data:image\/svg+xml,%3Csvg%20xmlns%3D%22http%3A%2F%2Fwww.w3.org%2F2000%2Fsvg%22%20width%3D%22200%22%20height%3D%22200%22%20viewBox%3D%220%200%20200%20200%22%3E%3C%2Fsvg%3E\" loading=\"eager\"><\/span><span class=\"fg-image-overlay\"><\/span><\/a><figcaption class=\"fg-caption\"><div class=\"fg-caption-inner\"><div class=\"fg-caption-title\">M\u00fazeum archeol\u00f3gie \u2013 Doln\u00e1 br\u00e1na<\/div><div class=\"fg-caption-desc\">M\u00fazeum archeol\u00f3gie \u2013 Doln\u00e1 br\u00e1na Fotograf: Jozef Mare\u010dek (https:\/\/www.facebook.com\/jozef.marecek.94)<\/div><\/div><\/figcaption><\/figure><div class=\"fg-loader\"><\/div><\/div><div class=\"fg-item fg-type-image fg-idle\"><figure class=\"fg-item-inner\"><a href=\"https:\/\/www.keturist.sk\/info\/wp-content\/uploads\/2022\/10\/dolna-brana4.jpg\" data-caption-title=\"M\u00fazeum archeol\u00f3gie \u2013 Doln\u00e1 br\u00e1na\" data-caption-desc=\"M\u00fazeum archeol\u00f3gie \u2013 Doln\u00e1 br\u00e1na Fotograf: Jozef Mare\u010dek (https:\/\/www.facebook.com\/jozef.marecek.94)\" data-attachment-id=\"51941\" data-type=\"image\" class=\"fg-thumb\"><span class=\"fg-image-wrap\"><img decoding=\"async\" alt=\"M\u00fazeum archeol\u00f3gie \u2013 Doln\u00e1 br\u00e1na\" title=\"M\u00fazeum archeol\u00f3gie \u2013 Doln\u00e1 br\u00e1na\" width=\"200\" height=\"200\" class=\"skip-lazy fg-image\" data-src-fg=\"https:\/\/www.keturist.sk\/info\/wp-content\/uploads\/cache\/2022\/10\/dolna-brana4\/1247615235.jpg\" src=\"data:image\/svg+xml,%3Csvg%20xmlns%3D%22http%3A%2F%2Fwww.w3.org%2F2000%2Fsvg%22%20width%3D%22200%22%20height%3D%22200%22%20viewBox%3D%220%200%20200%20200%22%3E%3C%2Fsvg%3E\" loading=\"eager\"><\/span><span class=\"fg-image-overlay\"><\/span><\/a><figcaption class=\"fg-caption\"><div class=\"fg-caption-inner\"><div class=\"fg-caption-title\">M\u00fazeum archeol\u00f3gie \u2013 Doln\u00e1 br\u00e1na<\/div><div class=\"fg-caption-desc\">M\u00fazeum archeol\u00f3gie \u2013 Doln\u00e1 br\u00e1na Fotograf: Jozef Mare\u010dek (https:\/\/www.facebook.com\/jozef.marecek.94)<\/div><\/div><\/figcaption><\/figure><div class=\"fg-loader\"><\/div><\/div><div class=\"fg-item fg-type-image fg-idle\"><figure class=\"fg-item-inner\"><a href=\"https:\/\/www.keturist.sk\/info\/wp-content\/uploads\/2022\/10\/dolna-brana3.jpg\" data-caption-title=\"M\u00fazeum archeol\u00f3gie \u2013 Doln\u00e1 br\u00e1na\" data-caption-desc=\"M\u00fazeum archeol\u00f3gie \u2013 Doln\u00e1 br\u00e1na Fotograf: Jozef Mare\u010dek (https:\/\/www.facebook.com\/jozef.marecek.94)\" data-attachment-id=\"51940\" data-type=\"image\" class=\"fg-thumb\"><span class=\"fg-image-wrap\"><img decoding=\"async\" alt=\"M\u00fazeum archeol\u00f3gie \u2013 Doln\u00e1 br\u00e1na\" title=\"M\u00fazeum archeol\u00f3gie \u2013 Doln\u00e1 br\u00e1na\" width=\"200\" height=\"200\" class=\"skip-lazy fg-image\" data-src-fg=\"https:\/\/www.keturist.sk\/info\/wp-content\/uploads\/cache\/2022\/10\/dolna-brana3\/1188485287.jpg\" src=\"data:image\/svg+xml,%3Csvg%20xmlns%3D%22http%3A%2F%2Fwww.w3.org%2F2000%2Fsvg%22%20width%3D%22200%22%20height%3D%22200%22%20viewBox%3D%220%200%20200%20200%22%3E%3C%2Fsvg%3E\" loading=\"eager\"><\/span><span class=\"fg-image-overlay\"><\/span><\/a><figcaption class=\"fg-caption\"><div class=\"fg-caption-inner\"><div class=\"fg-caption-title\">M\u00fazeum archeol\u00f3gie \u2013 Doln\u00e1 br\u00e1na<\/div><div class=\"fg-caption-desc\">M\u00fazeum archeol\u00f3gie \u2013 Doln\u00e1 br\u00e1na Fotograf: Jozef Mare\u010dek (https:\/\/www.facebook.com\/jozef.marecek.94)<\/div><\/div><\/figcaption><\/figure><div class=\"fg-loader\"><\/div><\/div><div class=\"fg-item fg-type-image fg-idle\"><figure class=\"fg-item-inner\"><a href=\"https:\/\/www.keturist.sk\/info\/wp-content\/uploads\/2022\/10\/dolna-brana2.jpg\" data-caption-title=\"M\u00fazeum archeol\u00f3gie \u2013 Doln\u00e1 br\u00e1na\" data-caption-desc=\"M\u00fazeum archeol\u00f3gie \u2013 Doln\u00e1 br\u00e1na Fotograf: Jozef Mare\u010dek (https:\/\/www.facebook.com\/jozef.marecek.94)\" data-attachment-id=\"51939\" data-type=\"image\" class=\"fg-thumb\"><span class=\"fg-image-wrap\"><img decoding=\"async\" alt=\"M\u00fazeum archeol\u00f3gie \u2013 Doln\u00e1 br\u00e1na\" title=\"M\u00fazeum archeol\u00f3gie \u2013 Doln\u00e1 br\u00e1na\" width=\"200\" height=\"200\" class=\"skip-lazy fg-image\" data-src-fg=\"https:\/\/www.keturist.sk\/info\/wp-content\/uploads\/cache\/2022\/10\/dolna-brana2\/25680897.jpg\" src=\"data:image\/svg+xml,%3Csvg%20xmlns%3D%22http%3A%2F%2Fwww.w3.org%2F2000%2Fsvg%22%20width%3D%22200%22%20height%3D%22200%22%20viewBox%3D%220%200%20200%20200%22%3E%3C%2Fsvg%3E\" loading=\"eager\"><\/span><span class=\"fg-image-overlay\"><\/span><\/a><figcaption class=\"fg-caption\"><div class=\"fg-caption-inner\"><div class=\"fg-caption-title\">M\u00fazeum archeol\u00f3gie \u2013 Doln\u00e1 br\u00e1na<\/div><div class=\"fg-caption-desc\">M\u00fazeum archeol\u00f3gie \u2013 Doln\u00e1 br\u00e1na Fotograf: Jozef Mare\u010dek (https:\/\/www.facebook.com\/jozef.marecek.94)<\/div><\/div><\/figcaption><\/figure><div class=\"fg-loader\"><\/div><\/div><div class=\"fg-item fg-type-image fg-idle\"><figure class=\"fg-item-inner\"><a href=\"https:\/\/www.keturist.sk\/info\/wp-content\/uploads\/2022\/10\/dolna-brana1.jpg\" data-caption-title=\"M\u00fazeum archeol\u00f3gie \u2013 Doln\u00e1 br\u00e1na\" data-caption-desc=\"M\u00fazeum archeol\u00f3gie \u2013 Doln\u00e1 br\u00e1na Fotograf: Jozef Mare\u010dek (https:\/\/www.facebook.com\/jozef.marecek.94)\" data-attachment-id=\"51938\" data-type=\"image\" class=\"fg-thumb\"><span class=\"fg-image-wrap\"><img decoding=\"async\" alt=\"M\u00fazeum archeol\u00f3gie \u2013 Doln\u00e1 br\u00e1na\" title=\"M\u00fazeum archeol\u00f3gie \u2013 Doln\u00e1 br\u00e1na\" width=\"200\" height=\"200\" class=\"skip-lazy fg-image\" data-src-fg=\"https:\/\/www.keturist.sk\/info\/wp-content\/uploads\/cache\/2022\/10\/dolna-brana1\/2303071071.jpg\" src=\"data:image\/svg+xml,%3Csvg%20xmlns%3D%22http%3A%2F%2Fwww.w3.org%2F2000%2Fsvg%22%20width%3D%22200%22%20height%3D%22200%22%20viewBox%3D%220%200%20200%20200%22%3E%3C%2Fsvg%3E\" loading=\"eager\"><\/span><span class=\"fg-image-overlay\"><\/span><\/a><figcaption class=\"fg-caption\"><div class=\"fg-caption-inner\"><div class=\"fg-caption-title\">M\u00fazeum archeol\u00f3gie \u2013 Doln\u00e1 br\u00e1na<\/div><div class=\"fg-caption-desc\">M\u00fazeum archeol\u00f3gie \u2013 Doln\u00e1 br\u00e1na Fotograf: Jozef Mare\u010dek (https:\/\/www.facebook.com\/jozef.marecek.94)<\/div><\/div><\/figcaption><\/figure><div class=\"fg-loader\"><\/div><\/div><div class=\"fg-item fg-type-image fg-idle\"><figure class=\"fg-item-inner\"><a href=\"https:\/\/www.keturist.sk\/info\/wp-content\/uploads\/2022\/04\/dolna-brana.jpg\" data-caption-title=\"M\u00fazeum archeol\u00f3gie \u2013 Doln\u00e1 br\u00e1na\" data-attachment-id=\"48076\" data-type=\"image\" class=\"fg-thumb\"><span class=\"fg-image-wrap\"><img decoding=\"async\" alt=\"M\u00fazeum archeol\u00f3gie \u2013 Doln\u00e1 br\u00e1na\" title=\"M\u00fazeum archeol\u00f3gie \u2013 Doln\u00e1 br\u00e1na\" width=\"200\" height=\"200\" class=\"skip-lazy fg-image\" data-src-fg=\"https:\/\/www.keturist.sk\/info\/wp-content\/uploads\/cache\/2022\/04\/dolna-brana\/24103536.jpg\" src=\"data:image\/svg+xml,%3Csvg%20xmlns%3D%22http%3A%2F%2Fwww.w3.org%2F2000%2Fsvg%22%20width%3D%22200%22%20height%3D%22200%22%20viewBox%3D%220%200%20200%20200%22%3E%3C%2Fsvg%3E\" loading=\"eager\"><\/span><span class=\"fg-image-overlay\"><\/span><\/a><figcaption class=\"fg-caption\"><div class=\"fg-caption-inner\"><div class=\"fg-caption-title\">M\u00fazeum archeol\u00f3gie \u2013 Doln\u00e1 br\u00e1na<\/div><\/div><\/figcaption><\/figure><div class=\"fg-loader\"><\/div><\/div><div class=\"fg-item fg-type-image fg-idle\"><figure class=\"fg-item-inner\"><a href=\"https:\/\/www.keturist.sk\/info\/wp-content\/uploads\/2021\/01\/dolna.jpg\" data-caption-title=\"M\u00fazeum archeol\u00f3gie \u2013 Doln\u00e1 br\u00e1na\" data-attachment-id=\"37979\" data-type=\"image\" class=\"fg-thumb\"><span class=\"fg-image-wrap\"><img decoding=\"async\" alt=\"M\u00fazeum archeol\u00f3gie \u2013 Doln\u00e1 br\u00e1na\" title=\"M\u00fazeum archeol\u00f3gie \u2013 Doln\u00e1 br\u00e1na\" width=\"200\" height=\"200\" class=\"skip-lazy fg-image\" data-src-fg=\"https:\/\/www.keturist.sk\/info\/wp-content\/uploads\/cache\/2021\/01\/dolna\/1119120673.jpg\" src=\"data:image\/svg+xml,%3Csvg%20xmlns%3D%22http%3A%2F%2Fwww.w3.org%2F2000%2Fsvg%22%20width%3D%22200%22%20height%3D%22200%22%20viewBox%3D%220%200%20200%20200%22%3E%3C%2Fsvg%3E\" loading=\"eager\"><\/span><span class=\"fg-image-overlay\"><\/span><\/a><figcaption class=\"fg-caption\"><div class=\"fg-caption-inner\"><div class=\"fg-caption-title\">M\u00fazeum archeol\u00f3gie \u2013 Doln\u00e1 br\u00e1na<\/div><\/div><\/figcaption><\/figure><div class=\"fg-loader\"><\/div><\/div>\t<\/div>\n\t<div class=\"fg-carousel-bottom\"><\/div>\n\t<div class=\"fg-carousel-progress\"><\/div>\n\t<button type=\"button\" class=\"fg-carousel-next\" title=\"Next\"><\/button>\n<\/div>\n<h2><span style=\"color: #800000;\">Zauj\u00edmav\u00e9 odkazy<\/span><\/h2>\n<h3><span style=\"color: #808000;\">Kontakt:<\/span><\/h3>\n<p><strong>M\u00fazeum archeol\u00f3gie \u2013 Doln\u00e1 br\u00e1na<\/strong><br \/>\nHlavn\u00e1 10\/14,<br \/>\n040 01 Ko\u0161ice<\/p>\n<ul>\n<li>\n<p class=\"ds-markdown-paragraph\"><strong>E-mail:<\/strong>\u00a0<a href=\"https:\/\/mailto:dolnabrana@k13.sk\/\" target=\"_blank\" rel=\"noopener noreferrer\">dolnabrana@k13.sk<\/a><\/p>\n<\/li>\n<li>\n<p class=\"ds-markdown-paragraph\"><strong>Web:<\/strong>\u00a0<a href=\"https:\/\/k13.sk\/\" target=\"_blank\" rel=\"noopener noreferrer\">https:\/\/k13.sk\/<\/a><\/p>\n<\/li>\n<\/ul>\n<h3><span style=\"color: #808000;\">Bl\u00edzke stredisko, turistick\u00e9 centrum, obec alebo mesto:<\/span><\/h3>\n<ul>\n<li><a href=\"https:\/\/www.keturist.sk\/info\/strediska-a-centra\/mc-stare-mesto\/\">Ko\u0161ice &#8211; M\u010c Star\u00e9 mesto (\u010d\u00edtaj viac&#8230;)<\/a><\/li>\n<\/ul>\n<h2><span style=\"color: #800000;\">Mapy<\/span><\/h2>\n<p><strong>Vrstvy: <\/strong>Turistick\u00e1 mapa, Automapa, Cyklomapa, Ly\u017eiarska mapa, Satelitn\u00e1 mapa a OpenStreetMap.<br \/>\n<strong>Kliknut\u00edm na logo &#8222;Freemap.sk&#8220; sa V\u00e1m mapa zobraz\u00ed na celej ploche obrazovky.<\/strong><\/p>\n<p><iframe style=\"width: 900px; height: 500px; border: 0;\" src=\"https:\/\/www.freemap.sk\/?map=16\/48.718680\/21.259114&amp;info-point=48.718680\/21.259114,M\u00fazeum archeol\u00f3gie \u2013 Doln\u00e1 br\u00e1na&amp;layers=X&amp;embed=search\" allowfullscreen=\"allowfullscreen\"><span data-mce-type=\"bookmark\" style=\"display: inline-block; width: 0px; overflow: hidden; line-height: 0;\" class=\"mce_SELRES_start\">\ufeff<\/span><\/iframe><\/p>\n<h2><span style=\"color: #800000;\">Po\u010dasie<\/span><\/h2>\n<p><iframe style=\"width: 900px; height: 600px;\" src=\"https:\/\/www.meteoblue.com\/sk\/po%C4%8Dasie\/widget\/three\/ko%c5%a1ice_slovensk%c3%a1-republika_724443?geoloc=fixed&amp;nocurrent=0&amp;noforecast=0&amp;days=5&amp;tempunit=CELSIUS&amp;windunit=KILOMETER_PER_HOUR&amp;layout=image\" frameborder=\"0\" scrolling=\"NO\" sandbox=\"allow-same-origin allow-scripts allow-popups allow-popups-to-escape-sandbox\"><\/iframe><\/p>\n<div><!-- DO NOT REMOVE THIS LINK --><a href=\"https:\/\/www.meteoblue.com\/sk\/po%C4%8Dasie\/predpove%C4%8F\/t%C3%BD%C5%BEde%C5%88\/ko%c5%a1ice_slovensk%c3%a1-republika_724443?utm_source=weather_widget&amp;utm_medium=linkus&amp;utm_content=three&amp;utm_campaign=Weather%2BWidget\" target=\"_blank\" rel=\"noopener noreferrer\">meteoblue<\/a><\/div>\n<p>&nbsp;<\/p>\n","protected":false},"excerpt":{"rendered":"<p>Podkateg\u00f3ria: Lokaliz\u00e1cia: Ko\u0161ice Podkateg\u00f3ria: Lokaliz\u00e1cia: Ko\u0161ice a M\u010c Star\u00e9 mesto \u010co je a \u010do pon\u00faka M\u00fazeum archeol\u00f3gie \u2013 Doln\u00e1 br\u00e1na v Ko\u0161iciach? M\u00fazeum archeol\u00f3gie \u2013 Doln\u00e1 br\u00e1na\u00a0je unik\u00e1tny historick\u00fd poklad [&hellip;]<\/p>\n","protected":false},"author":1,"featured_media":51940,"parent":51,"menu_order":0,"comment_status":"closed","ping_status":"closed","template":"","meta":{"_uag_custom_page_level_css":"","_monsterinsights_skip_tracking":false,"_monsterinsights_sitenote_active":false,"_monsterinsights_sitenote_note":"","_monsterinsights_sitenote_category":0,"footnotes":""},"class_list":["post-360","page","type-page","status-publish","has-post-thumbnail","hentry"],"featured_image_src":"https:\/\/www.keturist.sk\/info\/wp-content\/uploads\/2022\/10\/dolna-brana3.jpg","featured_image_src_square":"https:\/\/www.keturist.sk\/info\/wp-content\/uploads\/2022\/10\/dolna-brana3.jpg","rbea_author_info":{"display_name":"admin","author_link":"https:\/\/www.keturist.sk\/info\/author\/admin\/"},"rbea_excerpt_info":"Podkateg\u00f3ria: Lokaliz\u00e1cia: Ko\u0161ice Podkateg\u00f3ria: Lokaliz\u00e1cia: Ko\u0161ice a M\u010c Star\u00e9 mesto \u010co je a \u010do pon\u00faka M\u00fazeum archeol\u00f3gie \u2013 Doln\u00e1 br\u00e1na v Ko\u0161iciach? M\u00fazeum archeol\u00f3gie \u2013 Doln\u00e1 br\u00e1na\u00a0je unik\u00e1tny historick\u00fd poklad [&hellip;]","uagb_featured_image_src":{"full":["https:\/\/www.keturist.sk\/info\/wp-content\/uploads\/2022\/10\/dolna-brana3.jpg",1000,667,false],"thumbnail":["https:\/\/www.keturist.sk\/info\/wp-content\/uploads\/2022\/10\/dolna-brana3-270x180.jpg",270,180,true],"medium":["https:\/\/www.keturist.sk\/info\/wp-content\/uploads\/2022\/10\/dolna-brana3-800x534.jpg",800,534,true],"medium_large":["https:\/\/www.keturist.sk\/info\/wp-content\/uploads\/2022\/10\/dolna-brana3-768x512.jpg",768,512,true],"large":["https:\/\/www.keturist.sk\/info\/wp-content\/uploads\/2022\/10\/dolna-brana3.jpg",1000,667,false],"1536x1536":["https:\/\/www.keturist.sk\/info\/wp-content\/uploads\/2022\/10\/dolna-brana3.jpg",1000,667,false],"2048x2048":["https:\/\/www.keturist.sk\/info\/wp-content\/uploads\/2022\/10\/dolna-brana3.jpg",1000,667,false]},"uagb_author_info":{"display_name":"admin","author_link":"https:\/\/www.keturist.sk\/info\/author\/admin\/"},"uagb_comment_info":0,"uagb_excerpt":"Podkateg\u00f3ria: Lokaliz\u00e1cia: Ko\u0161ice Podkateg\u00f3ria: Lokaliz\u00e1cia: Ko\u0161ice a M\u010c Star\u00e9 mesto \u010co je a \u010do pon\u00faka M\u00fazeum archeol\u00f3gie \u2013 Doln\u00e1 br\u00e1na v Ko\u0161iciach? M\u00fazeum archeol\u00f3gie \u2013 Doln\u00e1 br\u00e1na\u00a0je unik\u00e1tny historick\u00fd poklad [&hellip;]","_links":{"self":[{"href":"https:\/\/www.keturist.sk\/info\/wp-json\/wp\/v2\/pages\/360","targetHints":{"allow":["GET"]}}],"collection":[{"href":"https:\/\/www.keturist.sk\/info\/wp-json\/wp\/v2\/pages"}],"about":[{"href":"https:\/\/www.keturist.sk\/info\/wp-json\/wp\/v2\/types\/page"}],"author":[{"embeddable":true,"href":"https:\/\/www.keturist.sk\/info\/wp-json\/wp\/v2\/users\/1"}],"replies":[{"embeddable":true,"href":"https:\/\/www.keturist.sk\/info\/wp-json\/wp\/v2\/comments?post=360"}],"version-history":[{"count":16,"href":"https:\/\/www.keturist.sk\/info\/wp-json\/wp\/v2\/pages\/360\/revisions"}],"predecessor-version":[{"id":73058,"href":"https:\/\/www.keturist.sk\/info\/wp-json\/wp\/v2\/pages\/360\/revisions\/73058"}],"up":[{"embeddable":true,"href":"https:\/\/www.keturist.sk\/info\/wp-json\/wp\/v2\/pages\/51"}],"wp:featuredmedia":[{"embeddable":true,"href":"https:\/\/www.keturist.sk\/info\/wp-json\/wp\/v2\/media\/51940"}],"wp:attachment":[{"href":"https:\/\/www.keturist.sk\/info\/wp-json\/wp\/v2\/media?parent=360"}],"curies":[{"name":"wp","href":"https:\/\/api.w.org\/{rel}","templated":true}]}}