{"id":3532,"date":"2013-11-10T08:50:53","date_gmt":"2013-11-10T06:50:53","guid":{"rendered":"https:\/\/www.keturist.sk\/info\/?page_id=3532"},"modified":"2021-11-18T18:11:08","modified_gmt":"2021-11-18T17:11:08","slug":"obec-slanec","status":"publish","type":"page","link":"https:\/\/www.keturist.sk\/info\/turisticke-vychodiska\/smer-slanske-vrchy\/obec-slanec\/","title":{"rendered":"Obec Slanec"},"content":{"rendered":"<a href=\"https:\/\/www.keturist.sk\/info\/\" class=\"su-button su-button-style-default\" style=\"color:#000000;background-color:#FFCF2F;border-color:#cca626;border-radius:5px\" target=\"_self\"><span style=\"color:#000000;padding:6px 16px;font-size:13px;line-height:20px;border-color:#ffde6e;border-radius:5px;text-shadow:none\"><i class=\"sui sui-arrow-right\" style=\"font-size:13px;color:#000000\"><\/i>  Spravodaj <\/span><\/a>\n<a href=\"https:\/\/www.keturist.sk\/info\/tipy-na-vylety\/\" class=\"su-button su-button-style-default\" style=\"color:#000000;background-color:#FFCF2F;border-color:#cca626;border-radius:5px\" target=\"_self\"><span style=\"color:#000000;padding:6px 16px;font-size:13px;line-height:20px;border-color:#ffde6e;border-radius:5px;text-shadow:none\"><i class=\"sui sui-arrow-right\" style=\"font-size:13px;color:#000000\"><\/i>  TIPY NA V\u00ddLETY <\/span><\/a>\n<a href=\"https:\/\/www.keturist.sk\/info\/turisticke-vychodiska\/\" class=\"su-button su-button-style-default\" style=\"color:#000000;background-color:#FFCF2F;border-color:#cca626;border-radius:5px\" target=\"_self\"><span style=\"color:#000000;padding:6px 16px;font-size:13px;line-height:20px;border-color:#ffde6e;border-radius:5px;text-shadow:none\"><i class=\"sui sui-arrow-right\" style=\"font-size:13px;color:#000000\"><\/i>  Turistick\u00e9 v\u00fdchodisk\u00e1 <\/span><\/a>\n<a href=\"https:\/\/www.keturist.sk\/info\/turisticke-vychodiska\/smer-slanske-vrchy\/\" class=\"su-button su-button-style-default\" style=\"color:#000000;background-color:#FFCF2F;border-color:#cca626;border-radius:5px\" target=\"_self\"><span style=\"color:#000000;padding:6px 16px;font-size:13px;line-height:20px;border-color:#ffde6e;border-radius:5px;text-shadow:none\"><i class=\"sui sui-arrow-right\" style=\"font-size:13px;color:#000000\"><\/i>  Smer Slansk\u00e9 vrchy <\/span><\/a>\n<div class=\"su-divider su-divider-style-default\" style=\"margin:15px 0;border-width:2px;border-color:#000000\"><\/div>\n<div class=\"su-accordion su-u-trim\">\n<div class=\"su-spoiler su-spoiler-style-fancy su-spoiler-icon-plus su-spoiler-closed\" data-scroll-offset=\"0\" data-anchor-in-url=\"no\"><div class=\"su-spoiler-title\" tabindex=\"0\" role=\"button\"><span class=\"su-spoiler-icon\"><\/span>Textov\u00e9 menu - Turistick\u00e9 v\u00fdchodisk\u00e1 - Slansk\u00e9 vrchy - juh<\/div><div class=\"su-spoiler-content su-u-clearfix su-u-trim\">\n<code><div class=\"column-group columns-2\"><div class=\"column column-number-1 column-span-1\"><p><\/code><strong>\u0160portovo-rekrea\u010dn\u00e9 stredisk\u00e1: <\/strong><br \/>\n<a href=\"https:\/\/www.keturist.sk\/info\/smer-slanske-vrchy\/kupele-borda\/\">K\u00fapele Borda<\/a><br \/>\n<a href=\"https:\/\/www.keturist.sk\/info\/smer-slanske-vrchy\/obec-bysta-bysta-kupele\/\">K\u00fapele By\u0161ta-Obec By\u0161ta<\/a><br \/>\n<a href=\"https:\/\/www.keturist.sk\/info\/smer-slanske-vrchy\/rekreacne-stredisko-izra\/\">Stredisko Izra<\/a><br \/>\n<strong>Obce:<\/strong><br \/>\n<a href=\"https:\/\/www.keturist.sk\/info\/smer-slanske-vrchy\/obec-dargov\/\">Dargov<\/a><br \/>\n<a href=\"https:\/\/www.keturist.sk\/info\/smer-slanske-vrchy\/obec-herlany\/\">Her\u013eany<\/a><\/p>\n<\/div><div class=\"column column-number-2 last column-span-1\"><p><a href=\"https:\/\/www.keturist.sk\/info\/smer-slanske-vrchy\/obec-kalsa\/\">Obec Kal\u0161a<\/a><br \/>\n<a href=\"https:\/\/www.keturist.sk\/info\/kam-za-pamiatkami\/kam-za-pamiatkami-smer-slanske-vrchy\/obec-nizna-mysla\/\">Ni\u017en\u00e1 My\u0161\u013ea<\/a><br \/>\n<a href=\"https:\/\/www.keturist.sk\/info\/smer-slanske-vrchy\/obec-ruskov\/\">Ruskov<\/a><br \/>\n<a href=\"https:\/\/www.keturist.sk\/info\/smer-slanske-vrchy\/obec-skaros\/\">Sk\u00e1ro\u0161<\/a><br \/>\n<a href=\"https:\/\/www.keturist.sk\/info\/smer-slanske-vrchy\/obec-slanec\/\">Slanec<\/a><br \/>\n<a href=\"https:\/\/www.keturist.sk\/info\/smer-slanske-vrchy\/obec-slanska-huta\/\">Slansk\u00e1 Huta<\/a><br \/>\n<a href=\"https:\/\/www.keturist.sk\/info\/smer-slanske-vrchy\/obec-vysna-mysla\/\">Vy\u0161n\u00e1 My\u0161\u013ea<\/a><\/p>\n<\/div><\/div><\/div><\/div><\/div>\n<div class=\"su-divider su-divider-style-default\" style=\"margin:15px 0;border-width:2px;border-color:#000000\"><\/div>\n<h3><span style=\"color: #808000;\">V\u0161eobecn\u00e9 inform\u00e1cie<\/span><\/h3>\n<p>Nadmorsk\u00e1 v\u00fd\u0161ka v strede obce je 345 m, 202-700 m v chot\u00e1ri.<\/p>\n<figure id=\"attachment_35886\" aria-describedby=\"caption-attachment-35886\" style=\"width: 800px\" class=\"wp-caption aligncenter\"><a href=\"https:\/\/www.keturist.sk\/info\/wp-content\/uploads\/2020\/11\/slanec1.jpg\"><img loading=\"lazy\" decoding=\"async\" class=\"wp-image-35886 size-full\" src=\"https:\/\/www.keturist.sk\/info\/wp-content\/uploads\/2020\/11\/slanec1.jpg\" alt=\"\" width=\"800\" height=\"600\" srcset=\"https:\/\/www.keturist.sk\/info\/wp-content\/uploads\/2020\/11\/slanec1.jpg 800w, https:\/\/www.keturist.sk\/info\/wp-content\/uploads\/2020\/11\/slanec1-240x180.jpg 240w, https:\/\/www.keturist.sk\/info\/wp-content\/uploads\/2020\/11\/slanec1-768x576.jpg 768w\" sizes=\"auto, (max-width: 800px) 100vw, 800px\" \/><\/a><figcaption id=\"caption-attachment-35886\" class=\"wp-caption-text\">Obec Slanec<\/figcaption><\/figure>\n<p>Obec le\u017e\u00ed na rozhran\u00ed V\u00fdchodoslovenskej pahorkatiny a <a href=\"https:\/\/www.keturist.sk\/info\/okolite-hory\/slanske-vrchy\/\">Slansk\u00fdch vrchov<\/a>, 27 km od mesta <a href=\"https:\/\/www.keturist.sk\/info\/vseobecne-informacie\/\">Ko\u0161ice<\/a>.<\/p>\n<p>Celoro\u010dne je turistami nav\u0161tevovan\u00e1 hlavne kv\u00f4li zr\u00facanin\u00e1m <a href=\"https:\/\/www.keturist.sk\/info\/hrady-a-kastiele\/slansky-hrad\/\">hradu Slanec<\/a>.<\/p>\n<figure id=\"attachment_35888\" aria-describedby=\"caption-attachment-35888\" style=\"width: 800px\" class=\"wp-caption aligncenter\"><a href=\"https:\/\/www.keturist.sk\/info\/wp-content\/uploads\/2020\/11\/slanec3.jpg\"><img loading=\"lazy\" decoding=\"async\" class=\"wp-image-35888 size-full\" src=\"https:\/\/www.keturist.sk\/info\/wp-content\/uploads\/2020\/11\/slanec3.jpg\" alt=\"\" width=\"800\" height=\"600\" srcset=\"https:\/\/www.keturist.sk\/info\/wp-content\/uploads\/2020\/11\/slanec3.jpg 800w, https:\/\/www.keturist.sk\/info\/wp-content\/uploads\/2020\/11\/slanec3-240x180.jpg 240w, https:\/\/www.keturist.sk\/info\/wp-content\/uploads\/2020\/11\/slanec3-768x576.jpg 768w\" sizes=\"auto, (max-width: 800px) 100vw, 800px\" \/><\/a><figcaption id=\"caption-attachment-35888\" class=\"wp-caption-text\">Obec Slanec<\/figcaption><\/figure>\n<p>V s\u00fa\u010dastnosti sa o obnovu tejto kult\u00farnej pamiatky star\u00e1 <a href=\"http:\/\/www.hradslanec.sk\" target=\"_self\" rel=\"noopener noreferrer\">OZ Zachr\u00e1\u0148me hrad Slanec<\/a>.<\/p>\n<p>\u010eal\u0161\u00edmi v\u00fdznamn\u00fdmi pamiatkami s\u00fa r\u00edmskokatol\u00edcky <strong>kostol sv. \u0160tefana kr\u00e1\u013ea<\/strong> z roku 1754, <strong>reformovan\u00fd kostol<\/strong> z roku 1784, <strong>pam\u00e4tn\u00edk obetiam z druhej svetovej vojny <\/strong>a nieko\u013eko <strong>sedliackych domov<\/strong> zo za\u010diatku 20. storo\u010dia.<\/p>\n<figure id=\"attachment_35889\" aria-describedby=\"caption-attachment-35889\" style=\"width: 800px\" class=\"wp-caption aligncenter\"><a href=\"https:\/\/www.keturist.sk\/info\/wp-content\/uploads\/2020\/11\/slanec2.jpg\"><img loading=\"lazy\" decoding=\"async\" class=\"wp-image-35889 size-full\" src=\"https:\/\/www.keturist.sk\/info\/wp-content\/uploads\/2020\/11\/slanec2.jpg\" alt=\"\" width=\"800\" height=\"600\" srcset=\"https:\/\/www.keturist.sk\/info\/wp-content\/uploads\/2020\/11\/slanec2.jpg 800w, https:\/\/www.keturist.sk\/info\/wp-content\/uploads\/2020\/11\/slanec2-240x180.jpg 240w, https:\/\/www.keturist.sk\/info\/wp-content\/uploads\/2020\/11\/slanec2-768x576.jpg 768w\" sizes=\"auto, (max-width: 800px) 100vw, 800px\" \/><\/a><figcaption id=\"caption-attachment-35889\" class=\"wp-caption-text\">R\u00edmskokatol\u00edcky kostol sv. \u0160tefana kr\u00e1\u013ea<\/figcaption><\/figure>\n<p>R\u00edmskokatol\u00edcky kostol sv. \u0160tefana kr\u00e1\u013ea je jednoduch\u00e1 jednolo\u010fov\u00e1 stavba so segmentovo ukon\u010den\u00fdm presbyt\u00e9riom a predstavanou ve\u017eou z roku 1754.<\/p>\n<p>Kostol m\u00e1 hladk\u00e9 fas\u00e1dy a polkruhovo ukon\u010den\u00e9 okn\u00e1.<\/p>\n<figure id=\"attachment_35890\" aria-describedby=\"caption-attachment-35890\" style=\"width: 800px\" class=\"wp-caption aligncenter\"><a href=\"https:\/\/www.keturist.sk\/info\/wp-content\/uploads\/2020\/11\/slanec4.jpg\"><img loading=\"lazy\" decoding=\"async\" class=\"wp-image-35890 size-full\" src=\"https:\/\/www.keturist.sk\/info\/wp-content\/uploads\/2020\/11\/slanec4.jpg\" alt=\"\" width=\"800\" height=\"600\" srcset=\"https:\/\/www.keturist.sk\/info\/wp-content\/uploads\/2020\/11\/slanec4.jpg 800w, https:\/\/www.keturist.sk\/info\/wp-content\/uploads\/2020\/11\/slanec4-240x180.jpg 240w, https:\/\/www.keturist.sk\/info\/wp-content\/uploads\/2020\/11\/slanec4-768x576.jpg 768w\" sizes=\"auto, (max-width: 800px) 100vw, 800px\" \/><\/a><figcaption id=\"caption-attachment-35890\" class=\"wp-caption-text\">Reformovan\u00fd kostol<\/figcaption><\/figure>\n<p>Ve\u017ea je ukon\u010den\u00e1 ihlancovou helmicou.<\/p>\n<p>Reformovan\u00fd kostol je jednolo\u010fov\u00e1 toleran\u010dn\u00e1 stavba so segmentov\u00fdm z\u00e1verom a predstavanou ve\u017eou z roku 1784.<\/p>\n<figure id=\"attachment_32517\" aria-describedby=\"caption-attachment-32517\" style=\"width: 800px\" class=\"wp-caption aligncenter\"><a href=\"https:\/\/www.keturist.sk\/info\/wp-content\/uploads\/2020\/03\/kastiel-Slanec.png\"><img loading=\"lazy\" decoding=\"async\" class=\"wp-image-32517 size-full\" src=\"https:\/\/www.keturist.sk\/info\/wp-content\/uploads\/2020\/03\/kastiel-Slanec.png\" alt=\"\" width=\"800\" height=\"572\" srcset=\"https:\/\/www.keturist.sk\/info\/wp-content\/uploads\/2020\/03\/kastiel-Slanec.png 800w, https:\/\/www.keturist.sk\/info\/wp-content\/uploads\/2020\/03\/kastiel-Slanec-252x180.png 252w, https:\/\/www.keturist.sk\/info\/wp-content\/uploads\/2020\/03\/kastiel-Slanec-768x549.png 768w\" sizes=\"auto, (max-width: 800px) 100vw, 800px\" \/><\/a><figcaption id=\"caption-attachment-32517\" class=\"wp-caption-text\">Ka\u0161tie\u013e v obci Slanec zo za\u010diatku 20. storo\u010dia<\/figcaption><\/figure>\n<p>V interi\u00e9ri sa nach\u00e1dzaj\u00fa dve proti\u013eahl\u00e9 dreven\u00e9 empory a centr\u00e1lne umiestnen\u00e1 kazate\u013enica.<\/p>\n<p>Strop je zaklenut\u00fd pruskou klenbou.<\/p>\n<figure id=\"attachment_35893\" aria-describedby=\"caption-attachment-35893\" style=\"width: 800px\" class=\"wp-caption aligncenter\"><a href=\"https:\/\/www.keturist.sk\/info\/wp-content\/uploads\/2020\/11\/slanec5.jpg\"><img loading=\"lazy\" decoding=\"async\" class=\"wp-image-35893 size-full\" src=\"https:\/\/www.keturist.sk\/info\/wp-content\/uploads\/2020\/11\/slanec5.jpg\" alt=\"\" width=\"800\" height=\"600\" srcset=\"https:\/\/www.keturist.sk\/info\/wp-content\/uploads\/2020\/11\/slanec5.jpg 800w, https:\/\/www.keturist.sk\/info\/wp-content\/uploads\/2020\/11\/slanec5-240x180.jpg 240w, https:\/\/www.keturist.sk\/info\/wp-content\/uploads\/2020\/11\/slanec5-768x576.jpg 768w\" sizes=\"auto, (max-width: 800px) 100vw, 800px\" \/><\/a><figcaption id=\"caption-attachment-35893\" class=\"wp-caption-text\">historick\u00fd park<\/figcaption><\/figure>\n<p>Fas\u00e1da kostola je hladk\u00e1 s polkruhovo ukon\u010den\u00fdmi oknami.<\/p>\n<p>Ve\u017ea je \u010dlenen\u00e1 pilastrami a ukon\u010den\u00e1 zvonovitou helmicou s laternou.<\/p>\n<figure id=\"attachment_35894\" aria-describedby=\"caption-attachment-35894\" style=\"width: 800px\" class=\"wp-caption aligncenter\"><a href=\"https:\/\/www.keturist.sk\/info\/wp-content\/uploads\/2020\/11\/slanec6.jpg\"><img loading=\"lazy\" decoding=\"async\" class=\"wp-image-35894 size-full\" src=\"https:\/\/www.keturist.sk\/info\/wp-content\/uploads\/2020\/11\/slanec6.jpg\" alt=\"\" width=\"800\" height=\"600\" srcset=\"https:\/\/www.keturist.sk\/info\/wp-content\/uploads\/2020\/11\/slanec6.jpg 800w, https:\/\/www.keturist.sk\/info\/wp-content\/uploads\/2020\/11\/slanec6-240x180.jpg 240w, https:\/\/www.keturist.sk\/info\/wp-content\/uploads\/2020\/11\/slanec6-768x576.jpg 768w\" sizes=\"auto, (max-width: 800px) 100vw, 800px\" \/><\/a><figcaption id=\"caption-attachment-35894\" class=\"wp-caption-text\">pam\u00e4tn\u00edk \u010cervenej arm\u00e1de.<\/figcaption><\/figure>\n<p>V obci sa v minulosti nach\u00e1dzal klasicistick\u00fd <a href=\"https:\/\/www.keturist.sk\/info\/kam-za-pamiatkami\/kam-za-pamiatkami-smer-slanske-vrchy\/kastiel-v-obci-slanec-zaniknuty\/\">ka\u0161tie\u013e rodiny Forg\u00e1\u010dovcov<\/a>, ktor\u00fd bol postaven\u00fd v polovici 19.storo\u010dia.<\/p>\n<p>V roku 1945 bol vyrabovan\u00fd a v roku 1947 zb\u00faran\u00fd Lesn\u00fdm z\u00e1vodom v Slanci.<\/p>\n<p>Zachoval sa len <strong>historick\u00fd park <\/strong>o\u00a0rozlohe 8,5 hekt\u00e1ra.<\/p>\n<p>Dnes sa v\u00a0<strong>historickom parku\u00a0<\/strong>z 19. storo\u010dia nach\u00e1dza viacero budov z\u00a0v\u00fdstavby z druhej polovice 20. storo\u010dia: z\u00e1kladn\u00e1 \u0161kola, kult\u00farny dom a\u00a0zdravotn\u00e9 stredisko.<\/p>\n<p>V parku bol v roku 1945 postaven\u00fd <strong>pam\u00e4tn\u00edk \u010cervenej arm\u00e1de<\/strong>.<\/p>\n<p>Do katastra obce zasahuje <a href=\"https:\/\/www.keturist.sk\/info\/ochrana-prirody\/trstinove-jazero\/\"><strong>PR Trstinov\u00e9 jazero<\/strong><\/a>,\u00a0 <a href=\"https:\/\/www.keturist.sk\/info\/ochrana-prirody\/pr-slansky-hradny-vrch\/\">PR Slansk\u00fd hradn\u00fd vrch<\/a> a <a href=\"https:\/\/www.keturist.sk\/info\/vodopady-jazierka-rieky\/dolne-trstinove-jazero\/\">Doln\u00e9 trstinov\u00e9 jazero<\/a>.<\/p>\n<h3><span style=\"color: #808000;\">Turistick\u00e9 mo\u017enosti a zauj\u00edmavosti<\/span><\/h3>\n<p><a href=\"https:\/\/www.keturist.sk\/info\/vodopady-jazierka-rieky\/dolne-trstinove-jazero\/\">Doln\u00e9 trstinov\u00e9 jazero<\/a>\u00a0sa nach\u00e1dza hne\u010f za <a href=\"https:\/\/www.keturist.sk\/info\/smer-slanske-vrchy\/obec-slanec\/\">obcou Slanec<\/a> v nadmorskej v\u00fd\u0161ke 410 m n.m. .<\/p>\n<figure id=\"attachment_38650\" aria-describedby=\"caption-attachment-38650\" style=\"width: 800px\" class=\"wp-caption aligncenter\"><a href=\"https:\/\/www.keturist.sk\/info\/wp-content\/uploads\/2021\/02\/slanec7.jpg\"><img loading=\"lazy\" decoding=\"async\" class=\"wp-image-38650 size-full\" src=\"https:\/\/www.keturist.sk\/info\/wp-content\/uploads\/2021\/02\/slanec7.jpg\" alt=\"\" width=\"800\" height=\"600\" srcset=\"https:\/\/www.keturist.sk\/info\/wp-content\/uploads\/2021\/02\/slanec7.jpg 800w, https:\/\/www.keturist.sk\/info\/wp-content\/uploads\/2021\/02\/slanec7-240x180.jpg 240w, https:\/\/www.keturist.sk\/info\/wp-content\/uploads\/2021\/02\/slanec7-768x576.jpg 768w\" sizes=\"auto, (max-width: 800px) 100vw, 800px\" \/><\/a><figcaption id=\"caption-attachment-38650\" class=\"wp-caption-text\">Doln\u00e9 trstinov\u00e9 jazero a poh\u013ead na Slaneck\u00fd hrad<\/figcaption><\/figure>\n<p><span id=\"ctl00_ContentBody_LongDescription\"><a href=\"https:\/\/www.keturist.sk\/info\/ochrana-prirody\/trstinove-jazero\/\"><strong>PR Trstinov\u00e9 jazero<\/strong><\/a>\u00a0sa nach\u00e1dza za <a href=\"https:\/\/www.keturist.sk\/info\/smer-slanske-vrchy\/obec-slanec\/\">obcou Slanec<\/a> na \u00fap\u00e4t\u00ed <a href=\"https:\/\/www.keturist.sk\/info\/ochrana-prirody\/pr-slansky-hradny-vrch\/\">Slansk\u00e9ho hradn\u00e9ho vrchu<\/a> asi 250 metrov od prv\u00e9ho nechr\u00e1nen\u00e9ho <a href=\"https:\/\/www.keturist.sk\/info\/vodopady-jazierka-rieky\/dolne-trstinove-jazero\/\">Doln\u00e9ho trstinov\u00e9ho jazera<\/a> v bl\u00edzkosti \u010dervenej turistickej trasy v nadmorskej v\u00fd\u0161ke 437 m n.m..<\/span><\/p>\n<p>Lokalita Trstinov\u00e9ho jazera m\u00e1 zoogeografick\u00fd v\u00fdznam.<\/p>\n<figure id=\"attachment_37167\" aria-describedby=\"caption-attachment-37167\" style=\"width: 800px\" class=\"wp-caption aligncenter\"><a href=\"https:\/\/www.keturist.sk\/info\/wp-content\/uploads\/2020\/12\/trstinove-jazero2.jpg\"><img loading=\"lazy\" decoding=\"async\" class=\"wp-image-37167 size-full\" src=\"https:\/\/www.keturist.sk\/info\/wp-content\/uploads\/2020\/12\/trstinove-jazero2.jpg\" alt=\"\" width=\"800\" height=\"600\" srcset=\"https:\/\/www.keturist.sk\/info\/wp-content\/uploads\/2020\/12\/trstinove-jazero2.jpg 800w, https:\/\/www.keturist.sk\/info\/wp-content\/uploads\/2020\/12\/trstinove-jazero2-240x180.jpg 240w, https:\/\/www.keturist.sk\/info\/wp-content\/uploads\/2020\/12\/trstinove-jazero2-768x576.jpg 768w\" sizes=\"auto, (max-width: 800px) 100vw, 800px\" \/><\/a><figcaption id=\"caption-attachment-37167\" class=\"wp-caption-text\">Trstinov\u00e9 jazero<\/figcaption><\/figure>\n<p>V obci za\u010d\u00edna <a href=\"https:\/\/www.keturist.sk\/info\/aktivity\/naucny-chodnik-marovka-bodo-lu\/\">N\u00e1u\u010dn\u00fd chodn\u00edk Marovka \u2013 Bod\u00f3 l\u00faka<\/a>, ktor\u00fd kon\u010di v ma\u010farskej obci F\u00fcz\u00e9r a m\u00e1 aj vlastn\u00e9 m\u00fazeum s informa\u010dn\u00fdm centrom.<\/p>\n<p>Obce Slanec a <a href=\"http:\/\/www.fuzer.hu\/\" target=\"_blank\" rel=\"noopener noreferrer\">F\u00fcz\u00e9r <\/a>sp\u00e1ja hist\u00f3ria, ich vidiecky charakter, prihrani\u010dn\u00e1 oblas\u0165, pr\u00edrodn\u00e9 a kult\u00farne dedi\u010dstvo, obe obce s\u00fa pod hradom.<\/p>\n<p><strong>Turistick\u00e9 trasy<\/strong><\/p>\n<p>V obci za\u010d\u00edna\u00a0<img loading=\"lazy\" decoding=\"async\" class=\"alignnone wp-image-21433 size-full\" src=\"https:\/\/www.keturist.sk\/info\/wp-content\/uploads\/2013\/11\/cervena-1.png\" alt=\"\" width=\"20\" height=\"21\" \/> \u010derven\u00e1 turistick\u00e1 zna\u010dka, ktor\u00e1 vedie na ne\u010falek\u00fd <a href=\"https:\/\/www.keturist.sk\/info\/slansky-hrad\/\">hrad Slanec<\/a>.<\/p>\n<figure id=\"attachment_37195\" aria-describedby=\"caption-attachment-37195\" style=\"width: 800px\" class=\"wp-caption aligncenter\"><a href=\"https:\/\/www.keturist.sk\/info\/wp-content\/uploads\/2020\/12\/hrad-slanec2.jpg\"><img loading=\"lazy\" decoding=\"async\" class=\"wp-image-37195 size-medium\" src=\"https:\/\/www.keturist.sk\/info\/wp-content\/uploads\/2020\/12\/hrad-slanec2-800x533.jpg\" alt=\"\" width=\"800\" height=\"533\" srcset=\"https:\/\/www.keturist.sk\/info\/wp-content\/uploads\/2020\/12\/hrad-slanec2-800x533.jpg 800w, https:\/\/www.keturist.sk\/info\/wp-content\/uploads\/2020\/12\/hrad-slanec2-270x180.jpg 270w, https:\/\/www.keturist.sk\/info\/wp-content\/uploads\/2020\/12\/hrad-slanec2-768x511.jpg 768w, https:\/\/www.keturist.sk\/info\/wp-content\/uploads\/2020\/12\/hrad-slanec2.jpg 960w\" sizes=\"auto, (max-width: 800px) 100vw, 800px\" \/><\/a><figcaption id=\"caption-attachment-37195\" class=\"wp-caption-text\">Slansk\u00fd hrad &#8211; Hrad Slanec &#8211; Slaneck\u00fd hrad<\/figcaption><\/figure>\n<p>T\u00e1to trasa sa nap\u00e1ja na hlavn\u00fa <img loading=\"lazy\" decoding=\"async\" class=\"alignnone wp-image-21433 size-full\" src=\"https:\/\/www.keturist.sk\/info\/wp-content\/uploads\/2013\/11\/cervena-1.png\" alt=\"\" width=\"20\" height=\"21\" \/> <strong>\u010derven\u00fa turistick\u00fa zna\u010dku E3<\/strong> v r\u00e1zcestn\u00edku <strong>Slanec (355 m n.m.)<\/strong>.<\/p>\n<p>Celkov\u00fd \u010das na hrad trv\u00e1 pribli\u017ene 0:20 h (nasp\u00e4\u0165 0:15 h).<\/p>\n<p>Od r\u00e1zcestn\u00edka <strong>Slanec (355 m n.m.)<\/strong> pokra\u010duje <img loading=\"lazy\" decoding=\"async\" class=\"alignnone wp-image-21433 size-full\" src=\"https:\/\/www.keturist.sk\/info\/wp-content\/uploads\/2013\/11\/cervena-1.png\" alt=\"\" width=\"20\" height=\"21\" \/> \u010derven\u00e1 turistick\u00e1 zna\u010dka smerom vpravo k hor\u00e1rni a r\u00e1zcestn\u00edku <strong>Regeta h\u00e1jov\u0148a (340 m n.m.)<\/strong>.<\/p>\n<p>Celkov\u00fd \u010das k r\u00e1zcestn\u00edku <strong>Regeta h\u00e1jov\u0148a (340 m n.m.)<\/strong> trv\u00e1 pribli\u017ene 1:30 h (nasp\u00e4\u0165 1:45 h).<\/p>\n<p>Tu sa v minulosti nach\u00e1dzala obec Regeta, ktor\u00e1 bola zalo\u017een\u00e1 koncom 13. storo\u010dia.<\/p>\n<p>V 14. a 15. storo\u010d\u00ed bola m\u00fdtnou obcou.<\/p>\n<p>Koncom 17. storo\u010dia je u\u017e obec \u013eudopr\u00e1zdna a jej posledn\u00ed obyvatelia sa pres\u00eddlili do Ruskova.<\/p>\n<p>Dnes sa na mieste p\u00f4vodnej obce Regeta nach\u00e1dza samota rovnak\u00e9ho n\u00e1zvu, kde sa pod star\u00fdmi dubmi nach\u00e1dza hor\u00e1re\u0148.<\/p>\n<p>Od r\u00e1zcestn\u00edka <strong>Slanec (355 m n.m.)<\/strong> pokra\u010duje <img loading=\"lazy\" decoding=\"async\" class=\"alignnone wp-image-21433 size-full\" src=\"https:\/\/www.keturist.sk\/info\/wp-content\/uploads\/2013\/11\/cervena-1.png\" alt=\"\" width=\"20\" height=\"21\" \/> \u010derven\u00e1 turistick\u00e1 zna\u010dka smerom v\u013eavo k r\u00e1zcestn\u00edku <strong>DOBR\u00c1K (670 m n.m.)<\/strong>.<\/p>\n<p>Celkov\u00fd \u010das k r\u00e1zcestn\u00edku <strong>DOBR\u00c1K (670 m n.m.)<\/strong> trv\u00e1 pribli\u017ene 1:25 h (nasp\u00e4\u0165 1:40 h).<\/p>\n<p><strong>Cykloturistick\u00e9 trasy<\/strong><\/p>\n<p>Obcou prech\u00e1dza \u010derven\u00e1 a zelen\u00e1 cyklotrasa.<\/p>\n<h3><span style=\"color: #808000;\">INFOCENTRUM a M\u00daZEUM<\/span><\/h3>\n<p>Expoz\u00edcie m\u00fazea s\u00fa venovan\u00e9 artefaktom II.svetovej vojny, etnografii, hist\u00f3rii obce a hradu Slanec.<\/p>\n<p>V budove sa nach\u00e1dza tzv. slanecka izba, ktor\u00e1 je zariaden\u00e1 s predmetmi potrebn\u00e9 na ka\u017edodenn\u00fd \u017eivot vtedaj\u0161\u00edch obyvate\u013eov obce.<\/p>\n<figure id=\"attachment_35896\" aria-describedby=\"caption-attachment-35896\" style=\"width: 800px\" class=\"wp-caption aligncenter\"><a href=\"https:\/\/www.keturist.sk\/info\/wp-content\/uploads\/2020\/11\/slanec7.jpg\"><img loading=\"lazy\" decoding=\"async\" class=\"wp-image-35896 size-full\" src=\"https:\/\/www.keturist.sk\/info\/wp-content\/uploads\/2020\/11\/slanec7.jpg\" alt=\"\" width=\"800\" height=\"600\" srcset=\"https:\/\/www.keturist.sk\/info\/wp-content\/uploads\/2020\/11\/slanec7.jpg 800w, https:\/\/www.keturist.sk\/info\/wp-content\/uploads\/2020\/11\/slanec7-240x180.jpg 240w, https:\/\/www.keturist.sk\/info\/wp-content\/uploads\/2020\/11\/slanec7-768x576.jpg 768w\" sizes=\"auto, (max-width: 800px) 100vw, 800px\" \/><\/a><figcaption id=\"caption-attachment-35896\" class=\"wp-caption-text\">INFOCENTRUM a M\u00daZEUM<\/figcaption><\/figure>\n<p><span style=\"color: #800000;\"><strong>Otv\u00e1racia doba<\/strong><\/span><\/p>\n<p><strong>Pondelok:<\/strong> zatvoren\u00e9<br \/>\n<strong>Utorok:<\/strong> 9:00 &#8211; 12:00 13:00 &#8211; 16:00<br \/>\n<strong>Streda:<\/strong> 9:00 &#8211; 12:00 13:00 &#8211; 16:00<br \/>\n<strong>\u0160tvrtok:<\/strong> zatvoren\u00e9<br \/>\n<strong>Piatok:<\/strong> 9:00 &#8211; 12:00 13:00 &#8211; 16:00<br \/>\n<strong>Sobota:<\/strong> na objedn\u00e1vku<br \/>\n<strong>Nede\u013ea:<\/strong> zatvoren\u00e9<\/p>\n<p><strong>kontakt:<\/strong> 0911 930 582<\/p>\n<h3><span style=\"color: #808000;\">Hist\u00f3ria<\/span><strong><br \/>\n<\/strong><\/h3>\n<p>Obec vznikla z podhradia hradu Slanec v 13. storo\u010d\u00ed.<\/p>\n<figure id=\"attachment_37210\" aria-describedby=\"caption-attachment-37210\" style=\"width: 800px\" class=\"wp-caption aligncenter\"><a href=\"https:\/\/www.keturist.sk\/info\/wp-content\/uploads\/2020\/12\/hrad-slanec10.jpg\"><img loading=\"lazy\" decoding=\"async\" class=\"wp-image-37210 size-full\" src=\"https:\/\/www.keturist.sk\/info\/wp-content\/uploads\/2020\/12\/hrad-slanec10.jpg\" alt=\"\" width=\"800\" height=\"522\" srcset=\"https:\/\/www.keturist.sk\/info\/wp-content\/uploads\/2020\/12\/hrad-slanec10.jpg 800w, https:\/\/www.keturist.sk\/info\/wp-content\/uploads\/2020\/12\/hrad-slanec10-270x176.jpg 270w, https:\/\/www.keturist.sk\/info\/wp-content\/uploads\/2020\/12\/hrad-slanec10-768x501.jpg 768w\" sizes=\"auto, (max-width: 800px) 100vw, 800px\" \/><\/a><figcaption id=\"caption-attachment-37210\" class=\"wp-caption-text\">koniec 19. storo\u010dia<\/figcaption><\/figure>\n<p>Dejiny obce s\u00fa \u00fazko sp\u00e4t\u00e9 so Slansk\u00fdm hradom, o ktorom je prv\u00fd p\u00edsomn\u00fd z\u00e1znam z roku 1281.<\/p>\n<p>P\u00f4vodn\u00ed obyvatelia sa \u017eivili po\u013enohospod\u00e1rstvom, boli tes\u00e1rmi, tk\u00e1\u010dmi a pracovali aj v miestom kame\u0148olome.<\/p>\n<p>V Slanci si a\u017e do polovice 20. storo\u010dia tkan\u00edm na\u0161i predkovia zabezpe\u010dovali potrebn\u00e9 text\u00edlie na odev, bytov\u00e9 a hospod\u00e1rske \u00fa\u010dely.<\/p>\n<p>V roku 1831 bola obec Slanec po\u010das <a href=\"https:\/\/sk.wikipedia.org\/wiki\/V%C3%BDchodoslovensk%C3%A9_ro%C4%BEn%C3%ADcke_povstanie\" target=\"_blank\" rel=\"noopener noreferrer\">V\u00fdchodoslovensk\u00e9ho\u00a0ro\u013en\u00edckeho povstania <\/a>jedn\u00fdm z jeho stred\u00edsk.<\/p>\n<p>Rodili sa tu, \u017eili a p\u00f4sobili v\u00fdznamn\u00e9 osobnosti kult\u00farneho a spolo\u010densk\u00e9ho ako s\u00fa <a href=\"http:\/\/www.eszakzemplen.hu\/sk\/partner\/partnerinfo\/szalanc\/slavni-udia\/grof-tefan-forgach.html\" target=\"_blank\" rel=\"noopener noreferrer\">gr\u00f3f \u0160tefan Forg\u00e1ch <\/a>(1854 \u2013 1916) a v\u00fdtvarn\u00edk a krajin\u00e1r <a href=\"http:\/\/www.eszakzemplen.hu\/sk\/partner\/partnerinfo\/szalanc\/slavni-udia\/udovit-ordak.html\" target=\"_blank\" rel=\"noopener noreferrer\">\u013dudov\u00edt \u010cord\u00e1k <\/a>(*8.2.1864 Ko\u0161ice &#8211; \u202028.6.1937 Ko\u0161ice).<\/p>\n<p>Obce Slanec sa po\u010das II. svetovej vojny dotkli tie najtvrd\u0161ie boje.<\/p>\n<p>Na jednej strane st\u00e1li nemeck\u00ed a\u00a0ma\u010farsk\u00ed vojaci, na\u00a0druhej strane sovietski vojaci\u00a0<a href=\"https:\/\/sk.wikipedia.org\/wiki\/%C4%8Cerven%C3%A1_arm%C3%A1da\" target=\"_blank\" rel=\"noopener\">\u010dervenej arm\u00e1dy<\/a>.<\/p>\n<p>Priamo na\u00a0bojoch o\u00a0Slanec sa pri oslobodzovan\u00ed podie\u013eal 491. gardov\u00fd pr\u00e1por I. gardovej arm\u00e1dy gener\u00e1lplukovn\u00edka <strong><a href=\"https:\/\/www.hamelika.cz\/?cz_andrej-antonovic-grecko-(1903-1976),310\" target=\"_blank\" rel=\"noopener noreferrer\">Antona Antonovi\u010da Gre\u010dka<\/a><\/strong>.<\/p>\n<h3><span style=\"color: #808000;\">Pamiatky<\/span><strong><br \/>\n<\/strong><\/h3>\n<ul>\n<li><a href=\"https:\/\/www.keturist.sk\/info\/hrady-a-kastiele\/slansky-hrad\/\">Slansk\u00fd hrad (\u010d\u00edtaj viac&#8230;)<\/a><\/li>\n<\/ul>\n<ul>\n<li><a href=\"https:\/\/www.keturist.sk\/info\/kam-za-pamiatkami\/kam-za-pamiatkami-smer-slanske-vrchy\/kastiel-v-obci-slanec-zaniknuty\/\">Ka\u0161tie\u013e v obci Slanec \u2013 zaniknut\u00fd (\u010d\u00edtaj viac&#8230;)<\/a><\/li>\n<\/ul>\n<ul>\n<li>R\u00edmskokatol\u00edcky Kostol sv. \u0160tefana kr\u00e1\u013ea z roku 1754 (\u010d\u00edtaj viac&#8230;)<\/li>\n<\/ul>\n<ul>\n<li>Reformovan\u00fd kostol z roku 1784 (\u010d\u00edtaj viac&#8230;)<\/li>\n<\/ul>\n<ul>\n<li>Pam\u00e4tn\u00edk obetiam z druhej svetovej vojny (\u010d\u00edtaj viac&#8230;)<\/li>\n<\/ul>\n<h3><span style=\"color: #808000;\">Pr\u00edroda<\/span><strong><br \/>\n<\/strong><\/h3>\n<ul>\n<li><a href=\"https:\/\/www.keturist.sk\/info\/ochrana-prirody\/pr-slansky-hradny-vrch\/\">PR Slansk\u00fd hradn\u00fd vrch (\u010d\u00edtaj viac&#8230;)<\/a><\/li>\n<\/ul>\n<ul>\n<li><a href=\"https:\/\/www.keturist.sk\/info\/ochrana-prirody\/pp-trstinove-jazero\/\">PR Trstinov\u00e9 jazero (\u010d\u00edtaj viac&#8230;)<\/a><\/li>\n<\/ul>\n<ul>\n<li><a href=\"https:\/\/www.keturist.sk\/info\/vodopady-jazierka-rieky\/dolne-trstinove-jazero\/\">Doln\u00e9 trstinov\u00e9 jazero (\u010d\u00edtaj viac&#8230;)<\/a><\/li>\n<\/ul>\n<h3><span style=\"color: #808000;\">Aktivity<\/span><\/h3>\n<ul>\n<li><a href=\"https:\/\/www.keturist.sk\/info\/aktivity\/naucny-chodnik-marovka-bodo-lu\/\">N\u00e1u\u010dn\u00fd chodn\u00edk Marovka \u2013 Bod\u00f3 l\u00faka (\u010d\u00edtaj viac&#8230;)<\/a><\/li>\n<\/ul>\n<h3><span style=\"color: #808000;\">Mapy<\/span><\/h3>\n<p><strong>Vrstvy: <\/strong>Turistick\u00e1 mapa, Automapa, Cyklomapa, Ly\u017eiarska mapa, Satelitn\u00e1 mapa a OpenStreetMap.<\/p>\n<p><strong>Kliknut\u00edm na logo &#8222;Freemap.sk&#8220; sa V\u00e1m mapa zobraz\u00ed na celej ploche obrazovky.<\/strong><\/p>\n<p><iframe style=\"width: 800px; height: 500px; border: 0;\" src=\"https:\/\/www.freemap.sk\/?map=13\/48.636028\/21.478357&amp;info-point=48.636028\/21.478357,Obec Slanec&amp;layers=T&amp;embed=search\" allowfullscreen=\"allowfullscreen\"><\/iframe><\/p>\n<h3><strong><span style=\"color: #808000;\"><br \/>\n<\/span><\/strong><span style=\"color: #808000;\">Po\u010dasie<\/span><\/h3>\n<p><iframe style=\"width: 800px; height: 605px;\" src=\"https:\/\/www.meteoblue.com\/sk\/po%C4%8Dasie\/widget\/three\/slanec_slovensk%c3%a1-republika_723595?geoloc=fixed&amp;nocurrent=0&amp;noforecast=0&amp;days=5&amp;tempunit=CELSIUS&amp;windunit=KILOMETER_PER_HOUR&amp;layout=image\" frameborder=\"0\" scrolling=\"NO\" sandbox=\"allow-same-origin allow-scripts allow-popups allow-popups-to-escape-sandbox\"><\/iframe><\/p>\n<div><!-- DO NOT REMOVE THIS LINK --><a href=\"https:\/\/www.meteoblue.com\/sk\/po%C4%8Dasie\/predpove%C4%8F\/t%C3%BD%C5%BEde%C5%88\/slanec_slovensk%c3%a1-republika_723595?utm_source=weather_widget&amp;utm_medium=linkus&amp;utm_content=three&amp;utm_campaign=Weather%2BWidget\" target=\"_blank\" rel=\"noopener noreferrer\">meteoblue<\/a><\/div>\n<h3><span style=\"color: #808000;\">Kontakt<\/span><\/h3>\n<p><strong>OBEC SLANEC<\/strong><br \/>\nObecn\u00fd \u00farad Slanec<br \/>\nHlavn\u00e1 55\/114<br \/>\n044 17 Slanec<br \/>\n<strong>tel.\/fax:<\/strong> +421 55 6968 223<br \/>\n<strong>mobil:<\/strong> +421 908 490 170<br \/>\n<strong>e-mail:<\/strong> infocentrumslanec@mail.telekom.sk<br \/>\n<strong>web: <\/strong><a href=\"http:\/\/www.slanec.sk\" target=\"_blank\" rel=\"noopener noreferrer\">www.slanec.sk<\/a><\/p>\n","protected":false},"excerpt":{"rendered":"<p>V\u0161eobecn\u00e9 inform\u00e1cie Nadmorsk\u00e1 v\u00fd\u0161ka v strede obce je 345 m, 202-700 m v chot\u00e1ri. Obec le\u017e\u00ed na rozhran\u00ed V\u00fdchodoslovenskej pahorkatiny a Slansk\u00fdch vrchov, 27 km od mesta Ko\u0161ice. Celoro\u010dne je [&hellip;]<\/p>\n","protected":false},"author":1,"featured_media":0,"parent":1782,"menu_order":0,"comment_status":"closed","ping_status":"closed","template":"","meta":{"_uag_custom_page_level_css":"","_monsterinsights_skip_tracking":false,"_monsterinsights_sitenote_active":false,"_monsterinsights_sitenote_note":"","_monsterinsights_sitenote_category":0,"footnotes":""},"class_list":["post-3532","page","type-page","status-publish","hentry"],"featured_image_src":"","featured_image_src_square":false,"rbea_author_info":{"display_name":"admin","author_link":"https:\/\/www.keturist.sk\/info\/author\/admin\/"},"rbea_excerpt_info":"V\u0161eobecn\u00e9 inform\u00e1cie Nadmorsk\u00e1 v\u00fd\u0161ka v strede obce je 345 m, 202-700 m v chot\u00e1ri. Obec le\u017e\u00ed na rozhran\u00ed V\u00fdchodoslovenskej pahorkatiny a Slansk\u00fdch vrchov, 27 km od mesta Ko\u0161ice. Celoro\u010dne je [&hellip;]","uagb_featured_image_src":{"full":false,"thumbnail":false,"medium":false,"medium_large":false,"large":false,"1536x1536":false,"2048x2048":false},"uagb_author_info":{"display_name":"admin","author_link":"https:\/\/www.keturist.sk\/info\/author\/admin\/"},"uagb_comment_info":0,"uagb_excerpt":"V\u0161eobecn\u00e9 inform\u00e1cie Nadmorsk\u00e1 v\u00fd\u0161ka v strede obce je 345 m, 202-700 m v chot\u00e1ri. Obec le\u017e\u00ed na rozhran\u00ed V\u00fdchodoslovenskej pahorkatiny a Slansk\u00fdch vrchov, 27 km od mesta Ko\u0161ice. Celoro\u010dne je [&hellip;]","_links":{"self":[{"href":"https:\/\/www.keturist.sk\/info\/wp-json\/wp\/v2\/pages\/3532","targetHints":{"allow":["GET"]}}],"collection":[{"href":"https:\/\/www.keturist.sk\/info\/wp-json\/wp\/v2\/pages"}],"about":[{"href":"https:\/\/www.keturist.sk\/info\/wp-json\/wp\/v2\/types\/page"}],"author":[{"embeddable":true,"href":"https:\/\/www.keturist.sk\/info\/wp-json\/wp\/v2\/users\/1"}],"replies":[{"embeddable":true,"href":"https:\/\/www.keturist.sk\/info\/wp-json\/wp\/v2\/comments?post=3532"}],"version-history":[{"count":10,"href":"https:\/\/www.keturist.sk\/info\/wp-json\/wp\/v2\/pages\/3532\/revisions"}],"predecessor-version":[{"id":43960,"href":"https:\/\/www.keturist.sk\/info\/wp-json\/wp\/v2\/pages\/3532\/revisions\/43960"}],"up":[{"embeddable":true,"href":"https:\/\/www.keturist.sk\/info\/wp-json\/wp\/v2\/pages\/1782"}],"wp:attachment":[{"href":"https:\/\/www.keturist.sk\/info\/wp-json\/wp\/v2\/media?parent=3532"}],"curies":[{"name":"wp","href":"https:\/\/api.w.org\/{rel}","templated":true}]}}