{"id":3528,"date":"2013-11-10T08:42:02","date_gmt":"2013-11-10T06:42:02","guid":{"rendered":"https:\/\/www.keturist.sk\/info\/?page_id=3528"},"modified":"2021-11-18T18:10:20","modified_gmt":"2021-11-18T17:10:20","slug":"obec-skaros","status":"publish","type":"page","link":"https:\/\/www.keturist.sk\/info\/turisticke-vychodiska\/smer-slanske-vrchy\/obec-skaros\/","title":{"rendered":"Obec Sk\u00e1ro\u0161"},"content":{"rendered":"<a href=\"https:\/\/www.keturist.sk\/info\/\" class=\"su-button su-button-style-default\" style=\"color:#000000;background-color:#FFCF2F;border-color:#cca626;border-radius:5px\" target=\"_self\"><span style=\"color:#000000;padding:6px 16px;font-size:13px;line-height:20px;border-color:#ffde6e;border-radius:5px;text-shadow:none\"><i class=\"sui sui-arrow-right\" style=\"font-size:13px;color:#000000\"><\/i>  Spravodaj <\/span><\/a>\n<a href=\"https:\/\/www.keturist.sk\/info\/tipy-na-vylety\/\" class=\"su-button su-button-style-default\" style=\"color:#000000;background-color:#FFCF2F;border-color:#cca626;border-radius:5px\" target=\"_self\"><span style=\"color:#000000;padding:6px 16px;font-size:13px;line-height:20px;border-color:#ffde6e;border-radius:5px;text-shadow:none\"><i class=\"sui sui-arrow-right\" style=\"font-size:13px;color:#000000\"><\/i>  TIPY NA V\u00ddLETY <\/span><\/a>\n<a href=\"https:\/\/www.keturist.sk\/info\/turisticke-vychodiska\/\" class=\"su-button su-button-style-default\" style=\"color:#000000;background-color:#FFCF2F;border-color:#cca626;border-radius:5px\" target=\"_self\"><span style=\"color:#000000;padding:6px 16px;font-size:13px;line-height:20px;border-color:#ffde6e;border-radius:5px;text-shadow:none\"><i class=\"sui sui-arrow-right\" style=\"font-size:13px;color:#000000\"><\/i>  Turistick\u00e9 v\u00fdchodisk\u00e1 <\/span><\/a>\n<a href=\"https:\/\/www.keturist.sk\/info\/turisticke-vychodiska\/smer-slanske-vrchy\/\" class=\"su-button su-button-style-default\" style=\"color:#000000;background-color:#FFCF2F;border-color:#cca626;border-radius:5px\" target=\"_self\"><span style=\"color:#000000;padding:6px 16px;font-size:13px;line-height:20px;border-color:#ffde6e;border-radius:5px;text-shadow:none\"><i class=\"sui sui-arrow-right\" style=\"font-size:13px;color:#000000\"><\/i>  Smer Slansk\u00e9 vrchy <\/span><\/a>\n<div class=\"su-divider su-divider-style-default\" style=\"margin:15px 0;border-width:2px;border-color:#000000\"><\/div>\n<div class=\"su-accordion su-u-trim\">\n<div class=\"su-spoiler su-spoiler-style-fancy su-spoiler-icon-plus su-spoiler-closed\" data-scroll-offset=\"0\" data-anchor-in-url=\"no\"><div class=\"su-spoiler-title\" tabindex=\"0\" role=\"button\"><span class=\"su-spoiler-icon\"><\/span>Textov\u00e9 menu - Turistick\u00e9 v\u00fdchodisk\u00e1 - Slansk\u00e9 vrchy - juh<\/div><div class=\"su-spoiler-content su-u-clearfix su-u-trim\">\n<code><div class=\"column-group columns-2\"><div class=\"column column-number-1 column-span-1\"><p><\/code><strong>\u0160portovo-rekrea\u010dn\u00e9 stredisk\u00e1: <\/strong><br \/>\n<a href=\"https:\/\/www.keturist.sk\/info\/smer-slanske-vrchy\/kupele-borda\/\">K\u00fapele Borda<\/a><br \/>\n<a href=\"https:\/\/www.keturist.sk\/info\/smer-slanske-vrchy\/obec-bysta-bysta-kupele\/\">K\u00fapele By\u0161ta-Obec By\u0161ta<\/a><br \/>\n<a href=\"https:\/\/www.keturist.sk\/info\/smer-slanske-vrchy\/rekreacne-stredisko-izra\/\">Stredisko Izra<\/a><br \/>\n<strong>Obce:<\/strong><br \/>\n<a href=\"https:\/\/www.keturist.sk\/info\/smer-slanske-vrchy\/obec-dargov\/\">Dargov<\/a><br \/>\n<a href=\"https:\/\/www.keturist.sk\/info\/smer-slanske-vrchy\/obec-herlany\/\">Her\u013eany<\/a><\/p>\n<\/div><div class=\"column column-number-2 last column-span-1\"><p><a href=\"https:\/\/www.keturist.sk\/info\/smer-slanske-vrchy\/obec-kalsa\/\">Obec Kal\u0161a<\/a><br \/>\n<a href=\"https:\/\/www.keturist.sk\/info\/kam-za-pamiatkami\/kam-za-pamiatkami-smer-slanske-vrchy\/obec-nizna-mysla\/\">Ni\u017en\u00e1 My\u0161\u013ea<\/a><br \/>\n<a href=\"https:\/\/www.keturist.sk\/info\/smer-slanske-vrchy\/obec-ruskov\/\">Ruskov<\/a><br \/>\n<a href=\"https:\/\/www.keturist.sk\/info\/smer-slanske-vrchy\/obec-skaros\/\">Sk\u00e1ro\u0161<\/a><br \/>\n<a href=\"https:\/\/www.keturist.sk\/info\/smer-slanske-vrchy\/obec-slanec\/\">Slanec<\/a><br \/>\n<a href=\"https:\/\/www.keturist.sk\/info\/smer-slanske-vrchy\/obec-slanska-huta\/\">Slansk\u00e1 Huta<\/a><br \/>\n<a href=\"https:\/\/www.keturist.sk\/info\/smer-slanske-vrchy\/obec-vysna-mysla\/\">Vy\u0161n\u00e1 My\u0161\u013ea<\/a><\/p>\n<\/div><\/div><\/div><\/div><\/div>\n<div class=\"su-divider su-divider-style-default\" style=\"margin:15px 0;border-width:2px;border-color:#000000\"><\/div>\n<h3><span style=\"color: #808000;\">V\u0161eobecn\u00e9 inform\u00e1cie<\/span><\/h3>\n<p>Obec Sk\u00e1ro\u0161 sa nach\u00e1dza asi 20 km ju\u017ene od okresn\u00e9ho a krajsk\u00e9ho mesta <a href=\"https:\/\/www.keturist.sk\/info\/vseobecne-informacie\/\">Ko\u0161ice<\/a> bezprostredne pri ma\u010farskej \u0161t\u00e1tnej hranici.<\/p>\n<figure id=\"attachment_38648\" aria-describedby=\"caption-attachment-38648\" style=\"width: 800px\" class=\"wp-caption aligncenter\"><a href=\"https:\/\/www.keturist.sk\/info\/wp-content\/uploads\/2021\/02\/skaros2.jpg\"><img loading=\"lazy\" decoding=\"async\" class=\"wp-image-38648 size-medium\" src=\"https:\/\/www.keturist.sk\/info\/wp-content\/uploads\/2021\/02\/skaros2-800x541.jpg\" alt=\"\" width=\"800\" height=\"541\" srcset=\"https:\/\/www.keturist.sk\/info\/wp-content\/uploads\/2021\/02\/skaros2-800x541.jpg 800w, https:\/\/www.keturist.sk\/info\/wp-content\/uploads\/2021\/02\/skaros2-266x180.jpg 266w, https:\/\/www.keturist.sk\/info\/wp-content\/uploads\/2021\/02\/skaros2-768x519.jpg 768w, https:\/\/www.keturist.sk\/info\/wp-content\/uploads\/2021\/02\/skaros2.jpg 873w\" sizes=\"auto, (max-width: 800px) 100vw, 800px\" \/><\/a><figcaption id=\"caption-attachment-38648\" class=\"wp-caption-text\">Obec Sk\u00e1ro\u0161<\/figcaption><\/figure>\n<p>Le\u017e\u00ed v juhov\u00fdchodnej \u010dasti <a href=\"https:\/\/www.keturist.sk\/info\/kam-do-prirody\/kosicka-kotlina\/\">Ko\u0161ickej kotliny<\/a> v podhor\u00ed <a href=\"https:\/\/www.keturist.sk\/info\/okolite-hory\/slanske-vrchy\/\">Slansk\u00fdch vrchov<\/a> v\u00fdchodne od vodn\u00e9ho toku <a href=\"https:\/\/www.keturist.sk\/info\/vodopady-jazierka-rieky\/rieka-hornad\/\">Horn\u00e1d<\/a>.<\/p>\n<p>Stred obce Sk\u00e1ro\u0161 le\u017e\u00ed na k\u00f3te 244 m.n.m..<\/p>\n<figure id=\"attachment_28614\" aria-describedby=\"caption-attachment-28614\" style=\"width: 800px\" class=\"wp-caption aligncenter\"><a href=\"https:\/\/www.keturist.sk\/info\/wp-content\/uploads\/2019\/01\/skaros-pamatnik.jpg\"><img loading=\"lazy\" decoding=\"async\" class=\"wp-image-28614\" src=\"https:\/\/www.keturist.sk\/info\/wp-content\/uploads\/2019\/01\/skaros-pamatnik-800x450.jpg\" alt=\"\" width=\"800\" height=\"450\" srcset=\"https:\/\/www.keturist.sk\/info\/wp-content\/uploads\/2019\/01\/skaros-pamatnik-800x450.jpg 800w, https:\/\/www.keturist.sk\/info\/wp-content\/uploads\/2019\/01\/skaros-pamatnik-270x152.jpg 270w, https:\/\/www.keturist.sk\/info\/wp-content\/uploads\/2019\/01\/skaros-pamatnik-768x432.jpg 768w, https:\/\/www.keturist.sk\/info\/wp-content\/uploads\/2019\/01\/skaros-pamatnik-400x225.jpg 400w, https:\/\/www.keturist.sk\/info\/wp-content\/uploads\/2019\/01\/skaros-pamatnik.jpg 1920w\" sizes=\"auto, (max-width: 800px) 100vw, 800px\" \/><\/a><figcaption id=\"caption-attachment-28614\" class=\"wp-caption-text\">Pam\u00e4tn\u00edk II. svetovej vojny nad obcou Sk\u00e1ro\u0161<\/figcaption><\/figure>\n<p>\u00dazemie obce Sk\u00e1ro\u0161 je s\u00fa\u010das\u0165ou okresu Ko\u0161ice-okolie a Ko\u0161ick\u00e9ho samospr\u00e1vneho kraja.<\/p>\n<p>Men\u0161ia \u010das\u0165 chot\u00e1ra je odlesnenou pahorkatinou, v severnej a v\u00fdchodnej \u010dasti sa nach\u00e1dza rozsiahli dubov\u00fd les.<\/p>\n<p>Obec Sk\u00e1ro\u0161 je s\u00fa\u010das\u0165ou \u0161ir\u0161ieho urbaniza\u010dn\u00e9ho priestoru Ko\u0161\u00edc, s okolit\u00fdmi obcami vytv\u00e1ra <a href=\"http:\/\/www.regionhornad.sk\/\" target=\"_blank\" rel=\"noopener noreferrer\">Zdru\u017eenie obc\u00ed Horn\u00e1d<\/a>.<\/p>\n<p>V tomto priestore pln\u00ed obec Sk\u00e1ro\u0161 funkciu b\u00fdvania a nesk\u00f4r v\u00fdchodiska do rozsiahlych lesn\u00fdch parti\u00ed <strong>Mili\u010da<\/strong> s cestn\u00fdm priechodom do jeho Ma\u010farsk\u00fdch \u010dast\u00ed.<\/p>\n<p>V obci Sk\u00e1ro\u0161 sa nach\u00e1dza k\u00faria z 18.storo\u010dia p\u00f4vodne patriaci rodine Feketeov\u00fdch, ktor\u00fd je dominantou obce.<\/p>\n<p>V katastri obce sa nach\u00e1dza aj archeologick\u00e1 lokalita zr\u00facaniny hradu <strong>V\u00e1r <\/strong>(naz\u00fdvan\u00fd aj ako <strong>hrad Sk\u00e1ro\u0161<\/strong>).<\/p>\n<p>V\u00fdrazn\u00fdmi architektonick\u00fdmi dominantami obce s\u00fa r\u00edmskokatol\u00edcky kostol, postaven\u00fd po vojne, a kostol reformovan\u00fd postaven\u00fd v roku 1800.<\/p>\n<p>Nad obcou sa nach\u00e1dza aj pomn\u00edk hrdinov druhej svetovej vojny s are\u00e1lom pr\u00edrodn\u00e9ho m\u00fazea zbran\u00ed (obkolesen\u00e9ho tankami a delami).<\/p>\n<p>K\u00faria rodiny Fekete je jednopodla\u017en\u00e1 klasicistick\u00e1 dvojtraktov\u00e1 stavba na p\u00f4doryse obd\u013a\u017enika z prvej tretiny 19. storo\u010dia.<\/p>\n<p>Fas\u00e1de k\u00farie dominuje trojosov\u00fd portikus s prelamovan\u00fdm \u0161t\u00edtom s erbom rodu.<\/p>\n<p>V s\u00fa\u010dasnosti je objekt v dezol\u00e1tnom stave a ch\u00e1tra.<\/p>\n<p>Reformovan\u00fd kostol je jednolo\u010fov\u00e1 p\u00f4vodne toleran\u010dn\u00e1 stavba s polygon\u00e1lnym z\u00e1verom a predstavanou ve\u017eou z konca 18. storo\u010dia.<\/p>\n<p>Z\u00e1sadnou prestavbou pre\u0161iel v roku 1932.<\/p>\n<p>Interi\u00e9r je plochostrop\u00fd, nach\u00e1dza sa tu dreven\u00e1 trojramenn\u00e1 empora.<\/p>\n<p>Kostol m\u00e1 hladk\u00e9 fas\u00e1dy, polkruhovo ukon\u010den\u00e9 okn\u00e1.<\/p>\n<p>Ve\u017ea je ukon\u010den\u00e1 ihlancovou helmicou.<\/p>\n<p>R\u00edmskokatol\u00edcky kostol Ru\u017eencovej Panny M\u00e1rie je jednolo\u010fov\u00e1 modernistick\u00e1 stavba so segmentovo ukon\u010den\u00fdm presbyt\u00e9riom a ve\u017eou tvoriacou s\u00fa\u010das\u0165 jej hmoty z roku 1939.<\/p>\n<p>Kostol m\u00e1 hladk\u00e9 fas\u00e1dy s polkruhovo ukon\u010den\u00fdmi oknami.<\/p>\n<p>Ploch\u00e1 hranolov\u00e1 ve\u017ea je dekorovan\u00e1 reli\u00e9fnym kr\u00ed\u017eom nad mark\u00edzou vstupu.<\/p>\n<h3><span style=\"color: #808000;\">Turistick\u00e9 ciele<\/span><\/h3>\n<p>Krajin\u00e1rsky hodnotn\u00e9 a p\u00f4sobiv\u00e9 okolie obce z neho rob\u00ed dobr\u00e9 v\u00fdchodisko do jeho okolia (<a href=\"https:\/\/www.keturist.sk\/info\/ochrana-prirody\/npr-marocka-hola\/\">NPR Marock\u00e1 ho\u013ea<\/a>, <a href=\"https:\/\/www.keturist.sk\/info\/ochrana-prirody\/npr-velky-milic\/\">NPR Ve\u013ek\u00fd Mili\u010d<\/a>, <a href=\"https:\/\/www.keturist.sk\/info\/ochrana-prirody\/prirodna-pamiatka-milicska-skala\/\">Pr\u00edrodn\u00e1 pamiatka Mili\u010dsk\u00e1 skala<\/a>, <a href=\"https:\/\/www.keturist.sk\/info\/vodopady-jazierka-rieky\/jazero-mala-izra\/\">Jazero Mal\u00e1 Izra<\/a> a <a href=\"https:\/\/www.keturist.sk\/info\/ochrana-prirody\/npr-maly-milic\/\">NPR Mal\u00fd Mili\u010d<\/a>).<\/p>\n<figure id=\"attachment_27481\" aria-describedby=\"caption-attachment-27481\" style=\"width: 800px\" class=\"wp-caption aligncenter\"><a href=\"https:\/\/www.keturist.sk\/info\/wp-content\/uploads\/2019\/01\/karolovci1-1.jpeg\"><img loading=\"lazy\" decoding=\"async\" class=\"wp-image-27481 size-medium\" src=\"https:\/\/www.keturist.sk\/info\/wp-content\/uploads\/2019\/01\/karolovci1-1-800x532.jpeg\" alt=\"\" width=\"800\" height=\"532\" srcset=\"https:\/\/www.keturist.sk\/info\/wp-content\/uploads\/2019\/01\/karolovci1-1-800x532.jpeg 800w, https:\/\/www.keturist.sk\/info\/wp-content\/uploads\/2019\/01\/karolovci1-1-270x180.jpeg 270w, https:\/\/www.keturist.sk\/info\/wp-content\/uploads\/2019\/01\/karolovci1-1-768x511.jpeg 768w, https:\/\/www.keturist.sk\/info\/wp-content\/uploads\/2019\/01\/karolovci1-1-400x266.jpeg 400w, https:\/\/www.keturist.sk\/info\/wp-content\/uploads\/2019\/01\/karolovci1-1.jpeg 868w\" sizes=\"auto, (max-width: 800px) 100vw, 800px\" \/><\/a><figcaption id=\"caption-attachment-27481\" class=\"wp-caption-text\">Rozh\u013ead\u0148a Karolyiovcov<\/figcaption><\/figure>\n<p>Ved\u00fa odtia\u013e zna\u010den\u00e9 turistick\u00e9 trasy do <strong>podcelku Mili\u010d<\/strong> (\u017elt\u00e1 trasa a zelen\u00e1 trasa).<\/p>\n<p><img loading=\"lazy\" decoding=\"async\" class=\"alignnone size-full wp-image-21626\" src=\"https:\/\/www.keturist.sk\/info\/wp-content\/uploads\/2013\/11\/zelena.png\" alt=\"\" width=\"20\" height=\"21\" \/> Zelen\u00e1 turistick\u00e1 trasa v\u00e1s zavedie ku r\u00e1zcestn\u00edku <strong>Vla\u0161sk\u00e1 l\u00faka (663 m n.m.)<\/strong>.<\/p>\n<figure id=\"attachment_15478\" aria-describedby=\"caption-attachment-15478\" style=\"width: 800px\" class=\"wp-caption aligncenter\"><a href=\"https:\/\/www.keturist.sk\/info\/wp-content\/uploads\/2016\/01\/skaros-1.jpg\"><img loading=\"lazy\" decoding=\"async\" class=\"wp-image-15478 size-full\" src=\"https:\/\/www.keturist.sk\/info\/wp-content\/uploads\/2016\/01\/skaros-1.jpg\" alt=\"skaros\" width=\"800\" height=\"530\" srcset=\"https:\/\/www.keturist.sk\/info\/wp-content\/uploads\/2016\/01\/skaros-1.jpg 800w, https:\/\/www.keturist.sk\/info\/wp-content\/uploads\/2016\/01\/skaros-1-768x509.jpg 768w\" sizes=\"auto, (max-width: 800px) 100vw, 800px\" \/><\/a><figcaption id=\"caption-attachment-15478\" class=\"wp-caption-text\">v\u00fdh\u013ead zo Sk\u00e1ro\u0161skej vyhliadky<\/figcaption><\/figure>\n<p>Odtia\u013e m\u00f4\u017eete pokra\u010dova\u0165 po <img loading=\"lazy\" decoding=\"async\" class=\"alignnone size-full wp-image-21625\" src=\"https:\/\/www.keturist.sk\/info\/wp-content\/uploads\/2013\/11\/zlta.png\" alt=\"\" width=\"20\" height=\"21\" srcset=\"https:\/\/www.keturist.sk\/info\/wp-content\/uploads\/2013\/11\/zlta.png 20w, https:\/\/www.keturist.sk\/info\/wp-content\/uploads\/2013\/11\/zlta-19x20.png 19w\" sizes=\"auto, (max-width: 20px) 100vw, 20px\" \/> \u017eltej turistickej trase, ktor\u00e1 v\u00e1s zavedie ku v\u00fdh\u013eadovej <a href=\"https:\/\/www.keturist.sk\/info\/kam-do-prirody\/kam-do-prirody-smer-slanske-vrchy\/skarosska-vyhliadka-795-m-n-m\/\">Sk\u00e1ro\u0161skej vyhliadke (795 m n.m.)<\/a>,\u00a0 potom ku hrani\u010dn\u00e9mu vrchu <a href=\"https:\/\/www.keturist.sk\/info\/vrchy-skaly-a-sedla\/vrch-velky-milic-895-m-n-m\/\">Ve\u013ek\u00fd Mili\u010d (895 m n.m.)<\/a> a n\u00e1sledne ku pribli\u017ene 17 metrov vysokej vyhliadkovej ve\u017ei <a href=\"https:\/\/www.keturist.sk\/info\/rozhladna-pod-velkym-milicom\/\">Rozh\u013ead\u0148a Karolyiovcov<\/a> (ma\u010f. K\u00e1rolyi-kil\u00e1t\u00f3).<\/p>\n<figure id=\"attachment_34865\" aria-describedby=\"caption-attachment-34865\" style=\"width: 800px\" class=\"wp-caption aligncenter\"><a href=\"https:\/\/www.keturist.sk\/info\/wp-content\/uploads\/2020\/11\/velky-milic2.jpg\"><img loading=\"lazy\" decoding=\"async\" class=\"wp-image-34865 size-medium\" src=\"https:\/\/www.keturist.sk\/info\/wp-content\/uploads\/2020\/11\/velky-milic2-800x450.jpg\" alt=\"\" width=\"800\" height=\"450\" srcset=\"https:\/\/www.keturist.sk\/info\/wp-content\/uploads\/2020\/11\/velky-milic2-800x450.jpg 800w, https:\/\/www.keturist.sk\/info\/wp-content\/uploads\/2020\/11\/velky-milic2-270x152.jpg 270w, https:\/\/www.keturist.sk\/info\/wp-content\/uploads\/2020\/11\/velky-milic2-768x432.jpg 768w, https:\/\/www.keturist.sk\/info\/wp-content\/uploads\/2020\/11\/velky-milic2.jpg 1000w\" sizes=\"auto, (max-width: 800px) 100vw, 800px\" \/><\/a><figcaption id=\"caption-attachment-34865\" class=\"wp-caption-text\">Vrch Ve\u013ek\u00fd Mili\u010d (895 m n.m.), fotograf: Marcin\u010din Jozef<\/figcaption><\/figure>\n<p><img loading=\"lazy\" decoding=\"async\" class=\"alignnone size-full wp-image-21625\" src=\"https:\/\/www.keturist.sk\/info\/wp-content\/uploads\/2013\/11\/zlta.png\" alt=\"\" width=\"20\" height=\"21\" srcset=\"https:\/\/www.keturist.sk\/info\/wp-content\/uploads\/2013\/11\/zlta.png 20w, https:\/\/www.keturist.sk\/info\/wp-content\/uploads\/2013\/11\/zlta-19x20.png 19w\" sizes=\"auto, (max-width: 20px) 100vw, 20px\" \/> \u017dlt\u00e1 turistick\u00e1 trasa v\u00e1s zavedie ku r\u00e1zcestn\u00edku <strong>Ve\u013ek\u00e1 M\u00e1rovka (660 m n.m.)<\/strong>.<\/p>\n<p>Obcou prech\u00e1dza <strong>N\u00e1u\u010dn\u00fd chodn\u00edk Horn\u00fd Abov &#8211; Ko\u0161ick\u00e1 rovina, Slansk\u00e9 vrchy<\/strong>.<\/p>\n<p>Nen\u00e1ro\u010dn\u00e1 trasa n\u00e1u\u010dn\u00e9ho chodn\u00edka prech\u00e1dza juhov\u00fdchodnou \u010das\u0165ou Ko\u0161ickej kotliny na styku s <strong>pohor\u00edm Mili\u010d<\/strong> le\u017eiacim v ju\u017enej \u010dasti <a href=\"https:\/\/www.keturist.sk\/info\/okolite-hory\/slanske-vrchy\/\">Slansk\u00fdch vrchov<\/a>.<\/p>\n<p>Trasa m\u00e1 d\u013a\u017eku okolo 22 km a m\u00e1 11 zast\u00e1vok.<\/p>\n<h3><span style=\"color: #808000;\">Hist\u00f3ria<\/span><\/h3>\n<p>Spom\u00edna sa u\u017e v roku 1270 pri opise hran\u00edc panstva <a href=\"http:\/\/sk.wikipedia.org\/wiki\/F%C3%BCz%C3%A9r_%28hrad%29\" target=\"_blank\" rel=\"noopener noreferrer\">hradu F\u00fcz\u00e9r<\/a> ako zem Sk\u00e1ro\u0161.<\/p>\n<p>Zmienka vznikla na z\u00e1klade opisu hran\u00edc panstva patriaceho pod hrad, preto\u017ee zem Sk\u00e1ro\u0161 sa nach\u00e1dzala na hranici a patrila u\u017e Mikul\u00e1\u0161ovi, synovi Abu.<\/p>\n<p>Druh\u00fa p\u00edsomn\u00fa zmienku pozn\u00e1me z roku 1327, ke\u010f sa Sk\u00e1ro\u0161 uv\u00e1dza pri opise zeme Kal\u0161a, s ktorou tie\u017e susedil.<\/p>\n<p>Toto \u00fazemie boli os\u00eddlen\u00e9 a kultivovan\u00e9 u\u017e v 13. storo\u010d\u00ed.<\/p>\n<p>V roku 1415 v\u0161ak u\u017e Sk\u00e1ro\u0161 patril b\u00e1novi Petrovi a jeho bratovi \u0160tefanovi, ktor\u00fdch rod sa ozna\u010doval ako Zudar z Oln\u00f3du.<\/p>\n<p>Im dedina patrila aj za port\u00e1lneho s\u00fapisu v roku 1427, kedy tam bolo 15 port.<\/p>\n<p>V roku 1746 sa v Sk\u00e1ro\u0161i rozpr\u00e1valo dvoma re\u010dami, ma\u010farsky a slovensky, ma\u010farsk\u00fd jazyk preva\u017eoval u kalv\u00ednov.<\/p>\n<p>Kniesza vysvet\u013euje n\u00e1zov dediny Sk\u00e1ro\u0161 od slovansk\u00e9ho osobn\u00e9ho mena Skaro\u0161, ktor\u00e9 m\u00f4\u017ee poch\u00e1dza\u0165 zo slovansk\u00e9ho kme\u0148a Skar.<\/p>\n<h3><span style=\"color: #808000;\">Pamiatky<\/span><\/h3>\n<ul>\n<li>Ka\u0161tie\u013e z 18.storo\u010dia p\u00f4vodne patriaci rodine Feketeov\u00fdch<\/li>\n<\/ul>\n<ul>\n<li>Archeologick\u00e1 lokalita zr\u00facaniny hradu V\u00e1r<\/li>\n<\/ul>\n<ul>\n<li>Kostol reformovan\u00fd postaven\u00fd v roku 1800<\/li>\n<\/ul>\n<ul>\n<li>R\u00edmskokatol\u00edcky kostol, postaven\u00fd po vojne<\/li>\n<\/ul>\n<ul>\n<li>Pomn\u00edk s are\u00e1lom pr\u00edrodn\u00e9ho m\u00fazea zbran\u00ed<\/li>\n<\/ul>\n<h3><span style=\"color: #808000;\">Mapy<\/span><\/h3>\n<p><strong>Vrstvy: <\/strong>Turistick\u00e1 mapa, Automapa, Cyklomapa, Ly\u017eiarska mapa, Satelitn\u00e1 mapa a OpenStreetMap.<\/p>\n<p><strong>Kliknut\u00edm na logo &#8222;Freemap.sk&#8220; sa V\u00e1m mapa zobraz\u00ed na celej ploche obrazovky.<\/strong><\/p>\n<p><iframe style=\"width: 800px; height: 500px; border: 0;\" src=\"https:\/\/www.freemap.sk\/?map=13\/48.588134\/21.376219&amp;info-point=48.588134\/21.376219,Obec Sk\u00e1ro\u0161&amp;layers=T&amp;embed=search\" allowfullscreen=\"allowfullscreen\"><\/iframe><\/p>\n<h3><span style=\"color: #808000;\">Po\u010dasie<\/span><\/h3>\n<p><iframe style=\"width: 800px; height: 606px;\" src=\"https:\/\/www.meteoblue.com\/sk\/po%C4%8Dasie\/widget\/three\/sk%c3%a1ro%c5%a1_slovensk%c3%a1-republika_723601?geoloc=fixed&amp;nocurrent=0&amp;noforecast=0&amp;days=5&amp;tempunit=CELSIUS&amp;windunit=KILOMETER_PER_HOUR&amp;layout=image\" frameborder=\"0\" scrolling=\"NO\" sandbox=\"allow-same-origin allow-scripts allow-popups allow-popups-to-escape-sandbox\"><\/iframe><\/p>\n<div><!-- DO NOT REMOVE THIS LINK --><a href=\"https:\/\/www.meteoblue.com\/sk\/po%C4%8Dasie\/predpove%C4%8F\/t%C3%BD%C5%BEde%C5%88\/sk%c3%a1ro%c5%a1_slovensk%c3%a1-republika_723601?utm_source=weather_widget&amp;utm_medium=linkus&amp;utm_content=three&amp;utm_campaign=Weather%2BWidget\" target=\"_blank\" rel=\"noopener noreferrer\">meteoblue<\/a><\/div>\n<p><strong>Zdroj inform\u00e1ci\u00ed :<\/strong> <a href=\"http:\/\/www.skaros.sk\" target=\"_blank\" rel=\"noopener noreferrer\">www.skaros.sk<\/a><\/p>\n","protected":false},"excerpt":{"rendered":"<p>V\u0161eobecn\u00e9 inform\u00e1cie Obec Sk\u00e1ro\u0161 sa nach\u00e1dza asi 20 km ju\u017ene od okresn\u00e9ho a krajsk\u00e9ho mesta Ko\u0161ice bezprostredne pri ma\u010farskej \u0161t\u00e1tnej hranici. Le\u017e\u00ed v juhov\u00fdchodnej \u010dasti Ko\u0161ickej kotliny v podhor\u00ed Slansk\u00fdch [&hellip;]<\/p>\n","protected":false},"author":1,"featured_media":0,"parent":1782,"menu_order":0,"comment_status":"closed","ping_status":"closed","template":"","meta":{"_uag_custom_page_level_css":"","_monsterinsights_skip_tracking":false,"_monsterinsights_sitenote_active":false,"_monsterinsights_sitenote_note":"","_monsterinsights_sitenote_category":0,"footnotes":""},"class_list":["post-3528","page","type-page","status-publish","hentry"],"featured_image_src":"","featured_image_src_square":false,"rbea_author_info":{"display_name":"admin","author_link":"https:\/\/www.keturist.sk\/info\/author\/admin\/"},"rbea_excerpt_info":"V\u0161eobecn\u00e9 inform\u00e1cie Obec Sk\u00e1ro\u0161 sa nach\u00e1dza asi 20 km ju\u017ene od okresn\u00e9ho a krajsk\u00e9ho mesta Ko\u0161ice bezprostredne pri ma\u010farskej \u0161t\u00e1tnej hranici. Le\u017e\u00ed v juhov\u00fdchodnej \u010dasti Ko\u0161ickej kotliny v podhor\u00ed Slansk\u00fdch [&hellip;]","uagb_featured_image_src":{"full":false,"thumbnail":false,"medium":false,"medium_large":false,"large":false,"1536x1536":false,"2048x2048":false},"uagb_author_info":{"display_name":"admin","author_link":"https:\/\/www.keturist.sk\/info\/author\/admin\/"},"uagb_comment_info":0,"uagb_excerpt":"V\u0161eobecn\u00e9 inform\u00e1cie Obec Sk\u00e1ro\u0161 sa nach\u00e1dza asi 20 km ju\u017ene od okresn\u00e9ho a krajsk\u00e9ho mesta Ko\u0161ice bezprostredne pri ma\u010farskej \u0161t\u00e1tnej hranici. Le\u017e\u00ed v juhov\u00fdchodnej \u010dasti Ko\u0161ickej kotliny v podhor\u00ed Slansk\u00fdch [&hellip;]","_links":{"self":[{"href":"https:\/\/www.keturist.sk\/info\/wp-json\/wp\/v2\/pages\/3528","targetHints":{"allow":["GET"]}}],"collection":[{"href":"https:\/\/www.keturist.sk\/info\/wp-json\/wp\/v2\/pages"}],"about":[{"href":"https:\/\/www.keturist.sk\/info\/wp-json\/wp\/v2\/types\/page"}],"author":[{"embeddable":true,"href":"https:\/\/www.keturist.sk\/info\/wp-json\/wp\/v2\/users\/1"}],"replies":[{"embeddable":true,"href":"https:\/\/www.keturist.sk\/info\/wp-json\/wp\/v2\/comments?post=3528"}],"version-history":[{"count":10,"href":"https:\/\/www.keturist.sk\/info\/wp-json\/wp\/v2\/pages\/3528\/revisions"}],"predecessor-version":[{"id":43959,"href":"https:\/\/www.keturist.sk\/info\/wp-json\/wp\/v2\/pages\/3528\/revisions\/43959"}],"up":[{"embeddable":true,"href":"https:\/\/www.keturist.sk\/info\/wp-json\/wp\/v2\/pages\/1782"}],"wp:attachment":[{"href":"https:\/\/www.keturist.sk\/info\/wp-json\/wp\/v2\/media?parent=3528"}],"curies":[{"name":"wp","href":"https:\/\/api.w.org\/{rel}","templated":true}]}}