{"id":351,"date":"2013-08-02T19:29:39","date_gmt":"2013-08-02T17:29:39","guid":{"rendered":"https:\/\/www.keturist.sk\/info\/?page_id=351"},"modified":"2026-01-05T13:41:58","modified_gmt":"2026-01-05T12:41:58","slug":"mlynska-basta","status":"publish","type":"page","link":"https:\/\/www.keturist.sk\/info\/kam-za-pamiatkami\/mlynska-basta\/","title":{"rendered":"Mlynsk\u00e1 ba\u0161ta"},"content":{"rendered":"<a href=\"https:\/\/www.keturist.sk\/info\/\" class=\"su-button su-button-style-default\" style=\"color:#000000;background-color:#FFCF2F;border-color:#cca626;border-radius:5px\" target=\"_self\"><span style=\"color:#000000;padding:6px 16px;font-size:13px;line-height:20px;border-color:#ffde6e;border-radius:5px;text-shadow:none\"><i class=\"sui sui-arrow-right\" style=\"font-size:13px;color:#000000\"><\/i>  Spravodaj <\/span><\/a>\n<a href=\"https:\/\/www.keturist.sk\/info\/tipy-na-vylety\/\" class=\"su-button su-button-style-default\" style=\"color:#000000;background-color:#FFCF2F;border-color:#cca626;border-radius:5px\" target=\"_self\"><span style=\"color:#000000;padding:6px 16px;font-size:13px;line-height:20px;border-color:#ffde6e;border-radius:5px;text-shadow:none\"><i class=\"sui sui-arrow-right\" style=\"font-size:13px;color:#000000\"><\/i>  TIPY NA V\u00ddLETY <\/span><\/a>\n<a href=\"https:\/\/www.keturist.sk\/info\/kam-za-pamiatkami\/\" class=\"su-button su-button-style-default\" style=\"color:#000000;background-color:#FFCF2F;border-color:#cca626;border-radius:5px\" target=\"_self\"><span style=\"color:#000000;padding:6px 16px;font-size:13px;line-height:20px;border-color:#ffde6e;border-radius:5px;text-shadow:none\"><i class=\"sui sui-arrow-right\" style=\"font-size:13px;color:#000000\"><\/i>  Kam za pamiatkami <\/span><\/a>\n<a href=\"https:\/\/www.keturist.sk\/info\/kam-za-pamiatkami\/kam-za-pamiatkami-smer-kosice\/\" class=\"su-button su-button-style-default\" style=\"color:#000000;background-color:#FFCF2F;border-color:#cca626;border-radius:5px\" target=\"_self\"><span style=\"color:#000000;padding:6px 16px;font-size:13px;line-height:20px;border-color:#ffde6e;border-radius:5px;text-shadow:none\"><i class=\"sui sui-arrow-right\" style=\"font-size:13px;color:#000000\"><\/i>  smer Ko\u0161ice <\/span><\/a>\n<div class=\"su-divider su-divider-style-default\" style=\"margin:15px 0;border-width:0px;border-color:#000000\"><\/div>\n<p><strong>Podkateg\u00f3ria: <\/strong> <a href=\"https:\/\/www.keturist.sk\/info\/kam-za-pamiatkami\/kam-za-pamiatkami-smer-kosice\/historicke-centrum\/\" class=\"su-button su-button-style-default\" style=\"color:#000000;background-color:#afd144;border-color:#8ca837;border-radius:5px\" target=\"_self\"><span style=\"color:#000000;padding:6px 16px;font-size:13px;line-height:20px;border-color:#c7df7d;border-radius:5px;text-shadow:none\"><i class=\"sui sui-arrow-right\" style=\"font-size:13px;color:#000000\"><\/i>  Historick\u00e9 centrum <\/span><\/a>\n<div class=\"su-divider su-divider-style-default\" style=\"margin:15px 0;border-width:0px;border-color:#000000\"><\/div>\n<strong>Lokaliz\u00e1cia: <\/strong><a href=\"https:\/\/www.keturist.sk\/info\/vseobecne-informacie\/\">Ko\u0161ice<\/a> a <a href=\"https:\/\/www.keturist.sk\/info\/turisticke-vychodiska\/strediska-a-centra\/m\">M\u010c Star\u00e9 mesto<\/a><br \/>\n<div class=\"su-divider su-divider-style-default\" style=\"margin:15px 0;border-width:2px;border-color:#000000\"><\/div>\n<figure id=\"attachment_73050\" aria-describedby=\"caption-attachment-73050\" style=\"width: 900px\" class=\"wp-caption aligncenter\"><a href=\"https:\/\/www.keturist.sk\/info\/wp-content\/uploads\/2026\/01\/mlynska-basta4.jpeg\"><img loading=\"lazy\" decoding=\"async\" class=\"wp-image-73050\" src=\"https:\/\/www.keturist.sk\/info\/wp-content\/uploads\/2026\/01\/mlynska-basta4-800x561.jpeg\" alt=\"Mlynsk\u00e1 ba\u0161ta\" width=\"900\" height=\"631\" srcset=\"https:\/\/www.keturist.sk\/info\/wp-content\/uploads\/2026\/01\/mlynska-basta4-800x561.jpeg 800w, https:\/\/www.keturist.sk\/info\/wp-content\/uploads\/2026\/01\/mlynska-basta4-257x180.jpeg 257w, https:\/\/www.keturist.sk\/info\/wp-content\/uploads\/2026\/01\/mlynska-basta4-768x538.jpeg 768w, https:\/\/www.keturist.sk\/info\/wp-content\/uploads\/2026\/01\/mlynska-basta4.jpeg 1524w\" sizes=\"auto, (max-width: 900px) 100vw, 900px\" \/><\/a><figcaption id=\"caption-attachment-73050\" class=\"wp-caption-text\">Mlynsk\u00e1 ba\u0161ta<\/figcaption><\/figure>\n<div class=\"su-divider su-divider-style-default\" style=\"margin:15px 0;border-width:2px;border-color:#000000\"><\/div>\n<h2 class=\"ds-markdown-paragraph\"><span style=\"color: #800000;\">\u010co je a kde sa nach\u00e1dza Mlynsk\u00e1 ba\u0161ta v Ko\u0161iciach?<\/span><\/h2>\n<p class=\"ds-markdown-paragraph\">Mlynsk\u00e1 ba\u0161ta je pomerne dobre zachovan\u00e1 pamiatka stredovek\u00e9ho opevnenia Ko\u0161\u00edc. Nach\u00e1dza sa na rohu Tov\u00e1renskej a \u0160tef\u00e1nikovej ulice.\u00a0<strong>Mlynsk\u00e1 ba\u0161ta v Ko\u0161iciach je v s\u00fa\u010dasnosti skolaudovan\u00fdm reziden\u010dn\u00fdm komplexom s obnovenou n\u00e1rodnou kult\u00farnou pamiatkou.<\/strong><\/p>\n<h2 class=\"ds-markdown-paragraph\"><span style=\"color: #800000;\">Bola Mlynsk\u00e1 ba\u0161ta skuto\u010dne ba\u0161tou?<\/span><\/h2>\n<p class=\"ds-markdown-paragraph\">V skuto\u010dnosti to nebola klasick\u00e1 ba\u0161ta, ale\u00a0<strong>basti\u00f3n<\/strong>. Tento bol s\u00fa\u010das\u0165ou v porad\u00ed tretieho pevnostn\u00e9ho kruhu mesta z druhej polovice 17. storo\u010dia. <strong>Basti\u00f3n<\/strong>\u00a0je novovek\u00fd druh \u010di variant ba\u0161ty, vysunut\u00e1 \u010das\u0165 opevnenia pevnosti. Tento prvok\u00a0<strong>basti\u00f3novej s\u00fastavy<\/strong>\u00a0u\u013eah\u010duje obranu opevnenia pomocou obrannej pa\u013eby strelcov alebo diel.<\/p>\n<h2 class=\"ds-markdown-paragraph\"><span style=\"color: #800000;\">Ak\u00fa funkciu a hist\u00f3riu mala t\u00e1to pevnostn\u00e1 stavba?<\/span><\/h2>\n<p class=\"ds-markdown-paragraph\"><strong>Mlynsk\u00e1 ba\u0161ta stoj\u00ed na l\u00ednii mestsk\u00e9ho opevnenia vytvoren\u00e9ho v 15. storo\u010d\u00ed za vl\u00e1dy Mateja Korv\u00edna.<\/strong>\u00a0Tvorila severov\u00fdchodn\u00fd roh\u00a0<strong>fortifika\u010dn\u00e9ho syst\u00e9mu<\/strong>\u00a0mestsk\u00fdch hradieb a z\u00e1rove\u0148 sl\u00fa\u017eila ako zbrojnica mestsk\u00fdch kan\u00f3nov.\u00a0<strong>\u00dalohou basti\u00f3nu bolo chr\u00e1ni\u0165 vstup do mesta zo severnej strany. <\/strong><\/p>\n<p class=\"ds-markdown-paragraph\"><strong>Osobitne kryl vtedaj\u0161iu Horn\u00fa br\u00e1nu, od ktorej bol vzdialen\u00fd len asi 55 metrov.<\/strong> Jeho m\u00fary boli viac ako dva metre hrub\u00e9, v 18. storo\u010d\u00ed ich dokonca spevnili hlinen\u00fdm n\u00e1sypom z vn\u00fatornej strany.<\/p>\n<p class=\"ds-markdown-paragraph\">Mas\u00edvna a rozmern\u00e1 stavba vystavan\u00e1 z tesan\u00fdch kame\u0148ov so ostr\u00fdmi armovan\u00fdmi n\u00e1ro\u017eiami je charakteristick\u00fdm pr\u00edkladom\u00a0<strong>pevnostn\u00e9ho barokov\u00e9ho stavite\u013estva<\/strong>. Vo vy\u0161\u0161ej \u010dasti dvora bola\u00a0<strong>ba\u0161ta<\/strong>\u00a0nesk\u00f4r zaklenut\u00e1 prusk\u00fdmi klenbami a ark\u00e1dou.<\/p>\n<h2 class=\"ds-markdown-paragraph\"><span style=\"color: #800000;\">\u010co sa nach\u00e1dzalo v Mlynskej ba\u0161te po z\u00e1niku hradieb?<\/span><\/h2>\n<p class=\"ds-markdown-paragraph\">Po zru\u0161en\u00ed mestsk\u00fdch hradieb bola v jej priestoroch v rokoch 1802-1836 umiestnen\u00e1 prv\u00e1 ko\u0161ick\u00e1\u00a0<strong>kameninov\u00e1 manufakt\u00fara<\/strong>. Pripom\u00edna ju tabu\u013ea s nemeck\u00fdm textom osaden\u00e1 na m\u00fare na v\u00fdchodnej strane budovy. Vyr\u00e1bali tu kvalitn\u00fd riad, ktor\u00e9ho uk\u00e1\u017eky s\u00fa zast\u00fapen\u00e9 vo V\u00fdchodoslovenskom m\u00fazeu i v troch ma\u010farsk\u00fdch m\u00faze\u00e1ch. V druhej polovici 19. storo\u010dia bola v budove tov\u00e1re\u0148 na sprac\u00favanie ko\u017ee.<\/p>\n<h2 class=\"ds-markdown-paragraph\"><span style=\"color: #800000;\">Ako sa Mlynsk\u00e1 ba\u0161ta dostala do s\u00fakromn\u00fdch r\u00fak a ak\u00fd dostala n\u00e1zov?<\/span><\/h2>\n<p class=\"ds-markdown-paragraph\">Koncom toho ist\u00e9ho storo\u010dia ju upravili na ob\u00fdvanie, ke\u010f objekt aj s pri\u013eahl\u00fdmi stavbami a dvorom odk\u00fapil ko\u0161ick\u00fd lek\u00e1r Jozef Wojnarovits. Cel\u00e9mu komplexu dal n\u00e1zov Mari\u00e1nsky dvor (M\u00e1ria udvar) na po\u010des\u0165 svojej man\u017eelky M\u00e1rie.<\/p>\n<h2 class=\"ds-markdown-paragraph\"><span style=\"color: #800000;\">Odkia\u013e poch\u00e1dza n\u00e1zov Mlynsk\u00e1 ba\u0161ta?<\/span><\/h2>\n<p class=\"ds-markdown-paragraph\">N\u00e1zov\u00a0<strong>ba\u0161ty<\/strong>\u00a0odvodili od bl\u00edzkeho mlyna, ktor\u00fd st\u00e1l pri b\u00fdvalom mlynskom n\u00e1hone.<\/p>\n<h2 class=\"ds-markdown-paragraph\"><span style=\"color: #800000;\">\u010co sa dialo s Mlynskou ba\u0161tou v 20. storo\u010d\u00ed?<\/span><\/h2>\n<p class=\"ds-markdown-paragraph\">Po roku 1945 zriadilo mesto v objekte na\u010das ateli\u00e9ry pre ko\u0161ick\u00fdch maliarov. Pracovali tu vtedy aj v\u00fdznamn\u00ed ko\u0161ick\u00ed maliari E. Hal\u00e1sz-Hradil a J\u00falius Bukovinsk\u00fd.\u00a0<strong>Mlynsk\u00e1 ba\u0161ta<\/strong>\u00a0vyhorela v roku 1991 a t\u00e1to vz\u00e1cna stavba bola opusten\u00e1 a ch\u00e1trala.<\/p>\n<h2 class=\"ds-markdown-paragraph\"><span style=\"color: #800000;\">Ak\u00e1 je s\u00fa\u010dasnos\u0165 a \u010do zah\u0155\u0148a projekt lokality Mlynskej ba\u0161ty?<\/span><\/h2>\n<p class=\"ds-markdown-paragraph\">V roku 2017 v tejto lokalite za\u010dala v\u00fdstavba modern\u00e9ho\u00a0<strong>reziden\u010dn\u00e9ho komplexu<\/strong>. Tento projekt predstavuje spojenie modern\u00e9ho, nad\u0161tandardn\u00e9ho b\u00fdvania a lokality so zauj\u00edmavou hist\u00f3riou v ko\u0161ickom Starom Meste.<\/p>\n<p class=\"ds-markdown-paragraph\"><strong>Projekt zah\u0155\u0148a 134 bytov, obchodn\u00e9 priestory a revitalizovan\u00fd vn\u00fatroblok s historick\u00fdmi prvkami ako torzo ba\u0161ty, Laborat\u00f3rium a m\u00far kontraescarpa.<\/strong><\/p>\n<p><span dir=\"auto\">Kontraeskarpa je architektonick\u00fd prvok pevnostn\u00fdch syst\u00e9mov, ktor\u00fd posil\u0148uje vonkaj\u0161\u00ed svah priekopy opevnenia. Ide o druh priekopov\u00e9ho m\u00faru proti\u013eahl\u00fd eskarpe (vn\u00fatorn\u00e9mu svahu priekopy), ktor\u00fd chr\u00e1ni pred \u00fatokmi a er\u00f3ziou.<\/span><\/p>\n<p class=\"ds-markdown-paragraph\">Historick\u00fd objekt <strong>Mlynskej ba\u0161ty<\/strong>\u00a0sa nach\u00e1dza priamo medzi bytov\u00fdmi domami. V\u0161etky historick\u00e9 \u010dasti pre\u0161li rekon\u0161trukciou a s\u00fa z\u00e1rove\u0148 vo\u013ene pr\u00edstupn\u00e9 aj pre v\u0161etk\u00fdch Ko\u0161i\u010danov a n\u00e1v\u0161tevn\u00edkov mesta.<\/p>\n<h2><span style=\"color: #800000;\">Fotogal\u00e9ria<\/span><\/h2>\n<style type=\"text\/css\">\n#foogallery-gallery-73042 .fg-image { width: 200px; }<\/style>\n\t\t\t<div class=\"foogallery foogallery-container foogallery-carousel foogallery-lightbox-foogallery fg-carousel fg-ready fg-light fg-border-medium fg-round-small fg-shadow-medium fg-loading-default fg-loaded-fade-in fg-hover-semi-zoomed fg-hover-fade fg-hover-circle-plus2\" id=\"foogallery-gallery-73042\" data-foogallery=\"{&quot;item&quot;:{&quot;showCaptionTitle&quot;:true,&quot;showCaptionDescription&quot;:true},&quot;lazy&quot;:true,&quot;template&quot;:{&quot;maxItems&quot;:5,&quot;scale&quot;:0.11999999999999999555910790149937383830547332763671875,&quot;gutter&quot;:{&quot;min&quot;:-40,&quot;max&quot;:-20,&quot;unit&quot;:&quot;%&quot;},&quot;autoplay&quot;:{&quot;time&quot;:0,&quot;interaction&quot;:&quot;pause&quot;},&quot;centerOnClick&quot;:true,&quot;align&quot;:&quot;center&quot;,&quot;activePosition&quot;:&quot;center&quot;}}\" data-foogallery-lightbox=\"{&quot;thumbs&quot;:&quot;bottom&quot;,&quot;thumbsCaptions&quot;:false,&quot;thumbsBestFit&quot;:false,&quot;thumbsSmall&quot;:false,&quot;thumbsCaptionsAlign&quot;:&quot;default&quot;,&quot;info&quot;:&quot;bottom&quot;,&quot;infoVisible&quot;:true,&quot;infoOverlay&quot;:true,&quot;infoAlign&quot;:&quot;default&quot;,&quot;transition&quot;:&quot;fade&quot;,&quot;hoverButtons&quot;:false,&quot;fitMedia&quot;:false,&quot;noScrollbars&quot;:true,&quot;preserveButtonSpace&quot;:true,&quot;buttons&quot;:{&quot;fullscreen&quot;:true,&quot;info&quot;:true,&quot;thumbs&quot;:false},&quot;video&quot;:{&quot;autoPlay&quot;:true}}\" style=\"--fg-title-line-clamp: 1; --fg-description-line-clamp: 2;\" >\n\t<button type=\"button\" class=\"fg-carousel-prev\" title=\"Previous\"><\/button>\n\t<div class=\"fg-carousel-inner\">\n\t\t<div class=\"fg-carousel-center\"><\/div>\n\t\t<div class=\"fg-item fg-type-image fg-idle\"><figure class=\"fg-item-inner\"><a href=\"https:\/\/www.keturist.sk\/info\/wp-content\/uploads\/2021\/01\/mlynskabasta.jpg\" data-caption-title=\"Mlynsk\u00e1 ba\u0161ta\" data-caption-desc=\"Mlynsk\u00e1 ba\u0161ta v roku 2009\" data-attachment-id=\"37969\" data-type=\"image\" class=\"fg-thumb\"><span class=\"fg-image-wrap\"><img decoding=\"async\" alt=\"Mlynsk\u00e1 ba\u0161ta\" title=\"Mlynsk\u00e1 ba\u0161ta\" width=\"200\" height=\"200\" class=\"skip-lazy fg-image\" data-src-fg=\"https:\/\/www.keturist.sk\/info\/wp-content\/uploads\/cache\/2021\/01\/mlynskabasta\/2481374776.jpg\" src=\"data:image\/svg+xml,%3Csvg%20xmlns%3D%22http%3A%2F%2Fwww.w3.org%2F2000%2Fsvg%22%20width%3D%22200%22%20height%3D%22200%22%20viewBox%3D%220%200%20200%20200%22%3E%3C%2Fsvg%3E\" loading=\"eager\"><\/span><span class=\"fg-image-overlay\"><\/span><\/a><figcaption class=\"fg-caption\"><div class=\"fg-caption-inner\"><div class=\"fg-caption-title\">Mlynsk\u00e1 ba\u0161ta<\/div><div class=\"fg-caption-desc\">Mlynsk\u00e1 ba\u0161ta v roku 2009<\/div><\/div><\/figcaption><\/figure><div class=\"fg-loader\"><\/div><\/div><div class=\"fg-item fg-type-image fg-idle\"><figure class=\"fg-item-inner\"><a href=\"https:\/\/www.keturist.sk\/info\/wp-content\/uploads\/2026\/01\/mlynska-basta1a-1.jpeg\" data-caption-title=\"Mlynsk\u00e1 ba\u0161ta\" data-attachment-id=\"73047\" data-type=\"image\" class=\"fg-thumb\"><span class=\"fg-image-wrap\"><img decoding=\"async\" alt=\"Mlynsk\u00e1 ba\u0161ta\" title=\"Mlynsk\u00e1 ba\u0161ta\" width=\"200\" height=\"200\" class=\"skip-lazy fg-image\" data-src-fg=\"https:\/\/www.keturist.sk\/info\/wp-content\/uploads\/cache\/2026\/01\/mlynska-basta1a-1\/1265477385.jpeg\" src=\"data:image\/svg+xml,%3Csvg%20xmlns%3D%22http%3A%2F%2Fwww.w3.org%2F2000%2Fsvg%22%20width%3D%22200%22%20height%3D%22200%22%20viewBox%3D%220%200%20200%20200%22%3E%3C%2Fsvg%3E\" loading=\"eager\"><\/span><span class=\"fg-image-overlay\"><\/span><\/a><figcaption class=\"fg-caption\"><div class=\"fg-caption-inner\"><div class=\"fg-caption-title\">Mlynsk\u00e1 ba\u0161ta<\/div><\/div><\/figcaption><\/figure><div class=\"fg-loader\"><\/div><\/div><div class=\"fg-item fg-type-image fg-idle\"><figure class=\"fg-item-inner\"><a href=\"https:\/\/www.keturist.sk\/info\/wp-content\/uploads\/2026\/01\/mlynska-basta1a-2.jpeg\" data-caption-title=\"Mlynsk\u00e1 ba\u0161ta\" data-attachment-id=\"73048\" data-type=\"image\" class=\"fg-thumb\"><span class=\"fg-image-wrap\"><img decoding=\"async\" alt=\"Mlynsk\u00e1 ba\u0161ta\" title=\"Mlynsk\u00e1 ba\u0161ta\" width=\"200\" height=\"200\" class=\"skip-lazy fg-image\" data-src-fg=\"https:\/\/www.keturist.sk\/info\/wp-content\/uploads\/cache\/2026\/01\/mlynska-basta1a-2\/1880673159.jpeg\" src=\"data:image\/svg+xml,%3Csvg%20xmlns%3D%22http%3A%2F%2Fwww.w3.org%2F2000%2Fsvg%22%20width%3D%22200%22%20height%3D%22200%22%20viewBox%3D%220%200%20200%20200%22%3E%3C%2Fsvg%3E\" loading=\"eager\"><\/span><span class=\"fg-image-overlay\"><\/span><\/a><figcaption class=\"fg-caption\"><div class=\"fg-caption-inner\"><div class=\"fg-caption-title\">Mlynsk\u00e1 ba\u0161ta<\/div><\/div><\/figcaption><\/figure><div class=\"fg-loader\"><\/div><\/div><div class=\"fg-item fg-type-image fg-idle\"><figure class=\"fg-item-inner\"><a href=\"https:\/\/www.keturist.sk\/info\/wp-content\/uploads\/2026\/01\/mlynska-basta1a-3.jpeg\" data-caption-title=\"Mlynsk\u00e1 ba\u0161ta\" data-attachment-id=\"73049\" data-type=\"image\" class=\"fg-thumb\"><span class=\"fg-image-wrap\"><img decoding=\"async\" alt=\"Mlynsk\u00e1 ba\u0161ta\" title=\"Mlynsk\u00e1 ba\u0161ta\" width=\"200\" height=\"200\" class=\"skip-lazy fg-image\" data-src-fg=\"https:\/\/www.keturist.sk\/info\/wp-content\/uploads\/cache\/2026\/01\/mlynska-basta1a-3\/1729376201.jpeg\" src=\"data:image\/svg+xml,%3Csvg%20xmlns%3D%22http%3A%2F%2Fwww.w3.org%2F2000%2Fsvg%22%20width%3D%22200%22%20height%3D%22200%22%20viewBox%3D%220%200%20200%20200%22%3E%3C%2Fsvg%3E\" loading=\"eager\"><\/span><span class=\"fg-image-overlay\"><\/span><\/a><figcaption class=\"fg-caption\"><div class=\"fg-caption-inner\"><div class=\"fg-caption-title\">Mlynsk\u00e1 ba\u0161ta<\/div><\/div><\/figcaption><\/figure><div class=\"fg-loader\"><\/div><\/div><div class=\"fg-item fg-type-image fg-idle\"><figure class=\"fg-item-inner\"><a href=\"https:\/\/www.keturist.sk\/info\/wp-content\/uploads\/2026\/01\/mlynska-basta4.jpeg\" data-caption-title=\"Mlynsk\u00e1 ba\u0161ta\" data-attachment-id=\"73050\" data-type=\"image\" class=\"fg-thumb\"><span class=\"fg-image-wrap\"><img decoding=\"async\" alt=\"Mlynsk\u00e1 ba\u0161ta\" title=\"Mlynsk\u00e1 ba\u0161ta\" width=\"200\" height=\"200\" class=\"skip-lazy fg-image\" data-src-fg=\"https:\/\/www.keturist.sk\/info\/wp-content\/uploads\/cache\/2026\/01\/mlynska-basta4\/4111801083.jpeg\" src=\"data:image\/svg+xml,%3Csvg%20xmlns%3D%22http%3A%2F%2Fwww.w3.org%2F2000%2Fsvg%22%20width%3D%22200%22%20height%3D%22200%22%20viewBox%3D%220%200%20200%20200%22%3E%3C%2Fsvg%3E\" loading=\"eager\"><\/span><span class=\"fg-image-overlay\"><\/span><\/a><figcaption class=\"fg-caption\"><div class=\"fg-caption-inner\"><div class=\"fg-caption-title\">Mlynsk\u00e1 ba\u0161ta<\/div><\/div><\/figcaption><\/figure><div class=\"fg-loader\"><\/div><\/div>\t<\/div>\n\t<div class=\"fg-carousel-bottom\"><\/div>\n\t<div class=\"fg-carousel-progress\"><\/div>\n\t<button type=\"button\" class=\"fg-carousel-next\" title=\"Next\"><\/button>\n<\/div>\n<h2><span style=\"color: #800000;\">Zauj\u00edmav\u00e9 odkazy<\/span><\/h2>\n<h3><span style=\"color: #808000;\">Bl\u00edzke stredisko, turistick\u00e9 centrum, obec alebo mesto:<\/span><\/h3>\n<ul>\n<li><a href=\"https:\/\/www.keturist.sk\/info\/strediska-a-centra\/mc-stare-mesto\/\">Ko\u0161ice &#8211; M\u010c Star\u00e9 mesto (\u010d\u00edtaj viac&#8230;)<\/a><\/li>\n<\/ul>\n<h2><span style=\"color: #800000;\">Mapy<\/span><\/h2>\n<p><strong>Vrstvy: <\/strong>Turistick\u00e1 mapa, Automapa, Cyklomapa, Ly\u017eiarska mapa, Satelitn\u00e1 mapa a OpenStreetMap.<\/p>\n<p><strong>Kliknut\u00edm na logo &#8222;Freemap.sk&#8220; sa V\u00e1m mapa zobraz\u00ed na celej ploche obrazovky.<\/strong><\/p>\n<p><iframe style=\"width: 900px; height: 500px; border: 0;\" src=\"https:\/\/www.freemap.sk\/?map=16\/48.726834\/21.256968&amp;info-point=48.726834\/21.256968,Mlynsk\u00e1 ba\u0161ta&amp;layers=X&amp;embed=search\" allowfullscreen=\"allowfullscreen\"><span data-mce-type=\"bookmark\" style=\"display: inline-block; width: 0px; overflow: hidden; line-height: 0;\" class=\"mce_SELRES_start\">\ufeff<\/span><\/iframe><\/p>\n<h2><span style=\"color: #800000;\">Po\u010dasie<\/span><\/h2>\n<p><iframe style=\"width: 900px; height: 600px;\" src=\"https:\/\/www.meteoblue.com\/sk\/po%C4%8Dasie\/widget\/three\/ko%c5%a1ice_slovensk%c3%a1-republika_724443?geoloc=fixed&amp;nocurrent=0&amp;noforecast=0&amp;days=5&amp;tempunit=CELSIUS&amp;windunit=KILOMETER_PER_HOUR&amp;layout=image\" frameborder=\"0\" scrolling=\"NO\" sandbox=\"allow-same-origin allow-scripts allow-popups allow-popups-to-escape-sandbox\"><\/iframe><\/p>\n<div><!-- DO NOT REMOVE THIS LINK --><a href=\"https:\/\/www.meteoblue.com\/sk\/po%C4%8Dasie\/predpove%C4%8F\/t%C3%BD%C5%BEde%C5%88\/ko%c5%a1ice_slovensk%c3%a1-republika_724443?utm_source=weather_widget&amp;utm_medium=linkus&amp;utm_content=three&amp;utm_campaign=Weather%2BWidget\" target=\"_blank\" rel=\"noopener\">meteoblue<\/a><\/div>\n","protected":false},"excerpt":{"rendered":"<p>Podkateg\u00f3ria: Lokaliz\u00e1cia: Ko\u0161ice a M\u010c Star\u00e9 mesto \u010co je a kde sa nach\u00e1dza Mlynsk\u00e1 ba\u0161ta v Ko\u0161iciach? Mlynsk\u00e1 ba\u0161ta je pomerne dobre zachovan\u00e1 pamiatka stredovek\u00e9ho opevnenia Ko\u0161\u00edc. Nach\u00e1dza sa na [&hellip;]<\/p>\n","protected":false},"author":1,"featured_media":73050,"parent":51,"menu_order":0,"comment_status":"closed","ping_status":"closed","template":"","meta":{"_uag_custom_page_level_css":"","_monsterinsights_skip_tracking":false,"_monsterinsights_sitenote_active":false,"_monsterinsights_sitenote_note":"","_monsterinsights_sitenote_category":0,"footnotes":""},"class_list":["post-351","page","type-page","status-publish","has-post-thumbnail","hentry"],"featured_image_src":"https:\/\/www.keturist.sk\/info\/wp-content\/uploads\/2026\/01\/mlynska-basta4.jpeg","featured_image_src_square":"https:\/\/www.keturist.sk\/info\/wp-content\/uploads\/2026\/01\/mlynska-basta4.jpeg","rbea_author_info":{"display_name":"admin","author_link":"https:\/\/www.keturist.sk\/info\/author\/admin\/"},"rbea_excerpt_info":"Podkateg\u00f3ria: Lokaliz\u00e1cia: Ko\u0161ice a M\u010c Star\u00e9 mesto \u010co je a kde sa nach\u00e1dza Mlynsk\u00e1 ba\u0161ta v Ko\u0161iciach? Mlynsk\u00e1 ba\u0161ta je pomerne dobre zachovan\u00e1 pamiatka stredovek\u00e9ho opevnenia Ko\u0161\u00edc. Nach\u00e1dza sa na [&hellip;]","uagb_featured_image_src":{"full":["https:\/\/www.keturist.sk\/info\/wp-content\/uploads\/2026\/01\/mlynska-basta4.jpeg",1524,1068,false],"thumbnail":["https:\/\/www.keturist.sk\/info\/wp-content\/uploads\/2026\/01\/mlynska-basta4-257x180.jpeg",257,180,true],"medium":["https:\/\/www.keturist.sk\/info\/wp-content\/uploads\/2026\/01\/mlynska-basta4-800x561.jpeg",800,561,true],"medium_large":["https:\/\/www.keturist.sk\/info\/wp-content\/uploads\/2026\/01\/mlynska-basta4-768x538.jpeg",768,538,true],"large":["https:\/\/www.keturist.sk\/info\/wp-content\/uploads\/2026\/01\/mlynska-basta4.jpeg",1524,1068,false],"1536x1536":["https:\/\/www.keturist.sk\/info\/wp-content\/uploads\/2026\/01\/mlynska-basta4.jpeg",1524,1068,false],"2048x2048":["https:\/\/www.keturist.sk\/info\/wp-content\/uploads\/2026\/01\/mlynska-basta4.jpeg",1524,1068,false]},"uagb_author_info":{"display_name":"admin","author_link":"https:\/\/www.keturist.sk\/info\/author\/admin\/"},"uagb_comment_info":0,"uagb_excerpt":"Podkateg\u00f3ria: Lokaliz\u00e1cia: Ko\u0161ice a M\u010c Star\u00e9 mesto \u010co je a kde sa nach\u00e1dza Mlynsk\u00e1 ba\u0161ta v Ko\u0161iciach? Mlynsk\u00e1 ba\u0161ta je pomerne dobre zachovan\u00e1 pamiatka stredovek\u00e9ho opevnenia Ko\u0161\u00edc. Nach\u00e1dza sa na [&hellip;]","_links":{"self":[{"href":"https:\/\/www.keturist.sk\/info\/wp-json\/wp\/v2\/pages\/351","targetHints":{"allow":["GET"]}}],"collection":[{"href":"https:\/\/www.keturist.sk\/info\/wp-json\/wp\/v2\/pages"}],"about":[{"href":"https:\/\/www.keturist.sk\/info\/wp-json\/wp\/v2\/types\/page"}],"author":[{"embeddable":true,"href":"https:\/\/www.keturist.sk\/info\/wp-json\/wp\/v2\/users\/1"}],"replies":[{"embeddable":true,"href":"https:\/\/www.keturist.sk\/info\/wp-json\/wp\/v2\/comments?post=351"}],"version-history":[{"count":4,"href":"https:\/\/www.keturist.sk\/info\/wp-json\/wp\/v2\/pages\/351\/revisions"}],"predecessor-version":[{"id":73051,"href":"https:\/\/www.keturist.sk\/info\/wp-json\/wp\/v2\/pages\/351\/revisions\/73051"}],"up":[{"embeddable":true,"href":"https:\/\/www.keturist.sk\/info\/wp-json\/wp\/v2\/pages\/51"}],"wp:featuredmedia":[{"embeddable":true,"href":"https:\/\/www.keturist.sk\/info\/wp-json\/wp\/v2\/media\/73050"}],"wp:attachment":[{"href":"https:\/\/www.keturist.sk\/info\/wp-json\/wp\/v2\/media?parent=351"}],"curies":[{"name":"wp","href":"https:\/\/api.w.org\/{rel}","templated":true}]}}