{"id":3499,"date":"2013-11-09T19:50:15","date_gmt":"2013-11-09T17:50:15","guid":{"rendered":"https:\/\/www.keturist.sk\/info\/?page_id=3499"},"modified":"2021-11-18T18:06:07","modified_gmt":"2021-11-18T17:06:07","slug":"obec-herlany","status":"publish","type":"page","link":"https:\/\/www.keturist.sk\/info\/turisticke-vychodiska\/smer-slanske-vrchy\/obec-herlany\/","title":{"rendered":"Obec Her\u013eany"},"content":{"rendered":"<a href=\"https:\/\/www.keturist.sk\/info\/\" class=\"su-button su-button-style-default\" style=\"color:#000000;background-color:#FFCF2F;border-color:#cca626;border-radius:5px\" target=\"_self\"><span style=\"color:#000000;padding:6px 16px;font-size:13px;line-height:20px;border-color:#ffde6e;border-radius:5px;text-shadow:none\"><i class=\"sui sui-arrow-right\" style=\"font-size:13px;color:#000000\"><\/i>  Spravodaj <\/span><\/a>\n<a href=\"https:\/\/www.keturist.sk\/info\/tipy-na-vylety\/\" class=\"su-button su-button-style-default\" style=\"color:#000000;background-color:#FFCF2F;border-color:#cca626;border-radius:5px\" target=\"_self\"><span style=\"color:#000000;padding:6px 16px;font-size:13px;line-height:20px;border-color:#ffde6e;border-radius:5px;text-shadow:none\"><i class=\"sui sui-arrow-right\" style=\"font-size:13px;color:#000000\"><\/i>  TIPY NA V\u00ddLETY <\/span><\/a>\n<a href=\"https:\/\/www.keturist.sk\/info\/turisticke-vychodiska\/\" class=\"su-button su-button-style-default\" style=\"color:#000000;background-color:#FFCF2F;border-color:#cca626;border-radius:5px\" target=\"_self\"><span style=\"color:#000000;padding:6px 16px;font-size:13px;line-height:20px;border-color:#ffde6e;border-radius:5px;text-shadow:none\"><i class=\"sui sui-arrow-right\" style=\"font-size:13px;color:#000000\"><\/i>  Turistick\u00e9 v\u00fdchodisk\u00e1 <\/span><\/a>\n<a href=\"https:\/\/www.keturist.sk\/info\/turisticke-vychodiska\/smer-slanske-vrchy\/\" class=\"su-button su-button-style-default\" style=\"color:#000000;background-color:#FFCF2F;border-color:#cca626;border-radius:5px\" target=\"_self\"><span style=\"color:#000000;padding:6px 16px;font-size:13px;line-height:20px;border-color:#ffde6e;border-radius:5px;text-shadow:none\"><i class=\"sui sui-arrow-right\" style=\"font-size:13px;color:#000000\"><\/i>  Smer Slansk\u00e9 vrchy <\/span><\/a>\n<div class=\"su-divider su-divider-style-default\" style=\"margin:15px 0;border-width:2px;border-color:#000000\"><\/div>\n<div class=\"su-accordion su-u-trim\">\n<div class=\"su-spoiler su-spoiler-style-fancy su-spoiler-icon-plus su-spoiler-closed\" data-scroll-offset=\"0\" data-anchor-in-url=\"no\"><div class=\"su-spoiler-title\" tabindex=\"0\" role=\"button\"><span class=\"su-spoiler-icon\"><\/span>Textov\u00e9 menu - Turistick\u00e9 v\u00fdchodisk\u00e1 - Slansk\u00e9 vrchy - juh<\/div><div class=\"su-spoiler-content su-u-clearfix su-u-trim\">\n<code><div class=\"column-group columns-2\"><div class=\"column column-number-1 column-span-1\"><p><\/code><strong>\u0160portovo-rekrea\u010dn\u00e9 stredisk\u00e1: <\/strong><br \/>\n<a href=\"https:\/\/www.keturist.sk\/info\/smer-slanske-vrchy\/kupele-borda\/\">K\u00fapele Borda<\/a><br \/>\n<a href=\"https:\/\/www.keturist.sk\/info\/smer-slanske-vrchy\/obec-bysta-bysta-kupele\/\">K\u00fapele By\u0161ta-Obec By\u0161ta<\/a><br \/>\n<a href=\"https:\/\/www.keturist.sk\/info\/smer-slanske-vrchy\/rekreacne-stredisko-izra\/\">Stredisko Izra<\/a><br \/>\n<strong>Obce:<\/strong><br \/>\n<a href=\"https:\/\/www.keturist.sk\/info\/smer-slanske-vrchy\/obec-dargov\/\">Dargov<\/a><br \/>\n<a href=\"https:\/\/www.keturist.sk\/info\/smer-slanske-vrchy\/obec-herlany\/\">Her\u013eany<\/a><\/p>\n<\/div><div class=\"column column-number-2 last column-span-1\"><p><a href=\"https:\/\/www.keturist.sk\/info\/smer-slanske-vrchy\/obec-kalsa\/\">Obec Kal\u0161a<\/a><br \/>\n<a href=\"https:\/\/www.keturist.sk\/info\/kam-za-pamiatkami\/kam-za-pamiatkami-smer-slanske-vrchy\/obec-nizna-mysla\/\">Ni\u017en\u00e1 My\u0161\u013ea<\/a><br \/>\n<a href=\"https:\/\/www.keturist.sk\/info\/smer-slanske-vrchy\/obec-ruskov\/\">Ruskov<\/a><br \/>\n<a href=\"https:\/\/www.keturist.sk\/info\/smer-slanske-vrchy\/obec-skaros\/\">Sk\u00e1ro\u0161<\/a><br \/>\n<a href=\"https:\/\/www.keturist.sk\/info\/smer-slanske-vrchy\/obec-slanec\/\">Slanec<\/a><br \/>\n<a href=\"https:\/\/www.keturist.sk\/info\/smer-slanske-vrchy\/obec-slanska-huta\/\">Slansk\u00e1 Huta<\/a><br \/>\n<a href=\"https:\/\/www.keturist.sk\/info\/smer-slanske-vrchy\/obec-vysna-mysla\/\">Vy\u0161n\u00e1 My\u0161\u013ea<\/a><\/p>\n<\/div><\/div><\/div><\/div><\/div>\n<div class=\"su-divider su-divider-style-default\" style=\"margin:15px 0;border-width:2px;border-color:#000000\"><\/div>\n<h3><span style=\"color: #808000;\">Video<\/span><\/h3>\n<p><iframe loading=\"lazy\" src=\"https:\/\/www.youtube.com\/embed\/ntmztIfa0zo\" width=\"800\" height=\"515\" frameborder=\"0\" allowfullscreen=\"allowfullscreen\"><\/iframe><\/p>\n<h3><span style=\"color: #808000;\">V\u0161eobecn\u00e9 inform\u00e1cie<\/span><\/h3>\n<p>Obec pod z\u00e1padn\u00fdmi v\u00fdbe\u017ekami <a href=\"https:\/\/www.keturist.sk\/info\/okolite-hory\/slanske-vrchy\/\">Slansk\u00fdch vrchov<\/a>, v doline herliansk\u00e9ho potoka, 25 km severoz\u00e1padne od <a href=\"https:\/\/www.keturist.sk\/info\/vseobecne-informacie\/\">Ko\u0161\u00edc<\/a>.<\/p>\n<figure id=\"attachment_31218\" aria-describedby=\"caption-attachment-31218\" style=\"width: 800px\" class=\"wp-caption aligncenter\"><a href=\"https:\/\/www.keturist.sk\/info\/wp-content\/uploads\/2019\/12\/herlany1.jpg\"><img loading=\"lazy\" decoding=\"async\" class=\"wp-image-31218 size-medium\" src=\"https:\/\/www.keturist.sk\/info\/wp-content\/uploads\/2019\/12\/herlany1-800x450.jpg\" alt=\"\" width=\"800\" height=\"450\" srcset=\"https:\/\/www.keturist.sk\/info\/wp-content\/uploads\/2019\/12\/herlany1-800x450.jpg 800w, https:\/\/www.keturist.sk\/info\/wp-content\/uploads\/2019\/12\/herlany1-270x152.jpg 270w, https:\/\/www.keturist.sk\/info\/wp-content\/uploads\/2019\/12\/herlany1-768x432.jpg 768w, https:\/\/www.keturist.sk\/info\/wp-content\/uploads\/2019\/12\/herlany1.jpg 1000w\" sizes=\"auto, (max-width: 800px) 100vw, 800px\" \/><\/a><figcaption id=\"caption-attachment-31218\" class=\"wp-caption-text\">Her\u013eansk\u00fd gejz\u00edr<\/figcaption><\/figure>\n<p>Nadmorsk\u00e1 v\u00fd\u0161ka v strede obce je 365 m, 356-702 m v chot\u00e1ri.<\/p>\n<p>V obci sa nach\u00e1dzaj\u00fa pramene miner\u00e1lnej vodyz\u00e1saditej, slanej, uhli\u010ditej, \u017eelezitej a j\u00f3dovej &#8211; Gejz\u00edr a Pitn\u00fd prame\u0148.<\/p>\n<figure id=\"attachment_35816\" aria-describedby=\"caption-attachment-35816\" style=\"width: 800px\" class=\"wp-caption aligncenter\"><a href=\"https:\/\/www.keturist.sk\/info\/wp-content\/uploads\/2020\/11\/herlany2.jpg\"><img loading=\"lazy\" decoding=\"async\" class=\"wp-image-35816 size-medium\" src=\"https:\/\/www.keturist.sk\/info\/wp-content\/uploads\/2020\/11\/herlany2-800x473.jpg\" alt=\"\" width=\"800\" height=\"473\" srcset=\"https:\/\/www.keturist.sk\/info\/wp-content\/uploads\/2020\/11\/herlany2-800x473.jpg 800w, https:\/\/www.keturist.sk\/info\/wp-content\/uploads\/2020\/11\/herlany2-270x160.jpg 270w, https:\/\/www.keturist.sk\/info\/wp-content\/uploads\/2020\/11\/herlany2-768x454.jpg 768w, https:\/\/www.keturist.sk\/info\/wp-content\/uploads\/2020\/11\/herlany2.jpg 1000w\" sizes=\"auto, (max-width: 800px) 100vw, 800px\" \/><\/a><figcaption id=\"caption-attachment-35816\" class=\"wp-caption-text\">Obec Her\u013eany<\/figcaption><\/figure>\n<p>Obec m\u00e1 charakter rekrea\u010dn\u00e9ho strediska.<\/p>\n<p><a href=\"https:\/\/www.keturist.sk\/info\/vodopady-jazierka-rieky\/herlansky-gejzir\/\">Her\u013eansk\u00fd gejz\u00edr<\/a> je chr\u00e1nen\u00fdm pr\u00edrodn\u00fdm v\u00fdtvorom.<\/p>\n<figure id=\"attachment_38636\" aria-describedby=\"caption-attachment-38636\" style=\"width: 800px\" class=\"wp-caption aligncenter\"><a href=\"https:\/\/www.keturist.sk\/info\/wp-content\/uploads\/2021\/02\/herlany33.jpg\"><img loading=\"lazy\" decoding=\"async\" class=\"wp-image-38636 size-full\" src=\"https:\/\/www.keturist.sk\/info\/wp-content\/uploads\/2021\/02\/herlany33.jpg\" alt=\"\" width=\"800\" height=\"600\" srcset=\"https:\/\/www.keturist.sk\/info\/wp-content\/uploads\/2021\/02\/herlany33.jpg 800w, https:\/\/www.keturist.sk\/info\/wp-content\/uploads\/2021\/02\/herlany33-240x180.jpg 240w, https:\/\/www.keturist.sk\/info\/wp-content\/uploads\/2021\/02\/herlany33-768x576.jpg 768w\" sizes=\"auto, (max-width: 800px) 100vw, 800px\" \/><\/a><figcaption id=\"caption-attachment-38636\" class=\"wp-caption-text\">k\u00fape\u013en\u00fd are\u00e1l<\/figcaption><\/figure>\n<p>Sakr\u00e1lnou dominantou obce je <strong>r\u00edmskokatol\u00edcky Kostol sv. Petra a Pavla<\/strong> z roku 1859.<\/p>\n<p>V obci sa zachovalo nieko\u013eko <strong>sedliackych domov<\/strong> z konca 19.storo\u010dia a za\u010diatku 20. storo\u010dia a <strong>k\u00fape\u013en\u00e1 architekt\u00fara <\/strong>(klasick\u00e1 k\u00fape\u013en\u00e1 budova z polovice 19.storo\u010dia \u201eDargov\u201c, \u010falej objekty \u201eBranisko\u201c, \u201eGejz\u00edr\u201c a \u201eHorn\u00e1d\u201c).<\/p>\n<figure id=\"attachment_35817\" aria-describedby=\"caption-attachment-35817\" style=\"width: 800px\" class=\"wp-caption aligncenter\"><a href=\"https:\/\/www.keturist.sk\/info\/wp-content\/uploads\/2020\/11\/herlany.jpg\"><img loading=\"lazy\" decoding=\"async\" class=\"wp-image-35817 size-medium\" src=\"https:\/\/www.keturist.sk\/info\/wp-content\/uploads\/2020\/11\/herlany-800x454.jpg\" alt=\"\" width=\"800\" height=\"454\" srcset=\"https:\/\/www.keturist.sk\/info\/wp-content\/uploads\/2020\/11\/herlany-800x454.jpg 800w, https:\/\/www.keturist.sk\/info\/wp-content\/uploads\/2020\/11\/herlany-270x153.jpg 270w, https:\/\/www.keturist.sk\/info\/wp-content\/uploads\/2020\/11\/herlany-768x435.jpg 768w, https:\/\/www.keturist.sk\/info\/wp-content\/uploads\/2020\/11\/herlany.jpg 1000w\" sizes=\"auto, (max-width: 800px) 100vw, 800px\" \/><\/a><figcaption id=\"caption-attachment-35817\" class=\"wp-caption-text\">Obec Her\u013eany<\/figcaption><\/figure>\n<p>Dodnes tu funguje nieko\u013eko rekrea\u010dn\u00fdch zariaden\u00ed.<\/p>\n<p>Nach\u00e1dza sa tu turistick\u00e9 ubytovne Gejz\u00edr a Branisko, ktor\u00e9 patria Technickej univerzite.<\/p>\n<p>Dva kilometre od Herlian sa na zalesnenom kopci na k\u00f3te \u201e<strong>Hradisko<\/strong>\u201c zachovali chab\u00e9 zvy\u0161ky <strong>stredovek\u00e9ho hradu<\/strong> z 13. storo\u010dia.<\/p>\n<p>Na severoz\u00e1pade katastra obce sa nach\u00e1dza <strong>\u0161t\u00e1tna pr\u00edrodn\u00e1 rezerv\u00e1cia Mal\u00e9 Brdo<\/strong>.<\/p>\n<p>Na ploche 56 ha je tu prirodzen\u00e9 spolo\u010denstvo bukov\u00fdch , dubov\u00fdch lesov a l\u00fa\u010din.<\/p>\n<p>V okol\u00ed obce sa vyskytuj\u00fa r\u00f4zne druhy op\u00e1lov.<\/p>\n<p>Asi najzn\u00e1mej\u0161\u00ed je v\u00fdskyt tzv. m\u00e4sov\u00fdch op\u00e1lov, ktor\u00fd sa nach\u00e1dza pribli\u017ene 4km SV od obce ne\u010faleko cesty ved\u00facej do <strong>Bansk\u00e9ho<\/strong>.<\/p>\n<p>V\u00fdchod op\u00e1lovej \u017eily sa nach\u00e1dza ne\u010faleko <a href=\"https:\/\/www.keturist.sk\/info\/vrchy-skaly-a-sedla\/herlianske-sedlo-660-m-n-m\/\">Herlianskeho sedla<\/a> v nadmorskej v\u00fd\u0161ke 700m.<\/p>\n<h3><span style=\"color: #808000;\">Turistick\u00e9 ciele a mo\u017enosti<\/span><\/h3>\n<p><strong>Turistick\u00e9 trasy<\/strong><\/p>\n<p>V obci za\u010d\u00edna\u00a0<img loading=\"lazy\" decoding=\"async\" class=\"alignnone wp-image-21627 size-full\" src=\"https:\/\/www.keturist.sk\/info\/wp-content\/uploads\/2013\/11\/modra.png\" alt=\"\" width=\"20\" height=\"21\" \/> modr\u00e1 turistick\u00e1 trasa ved\u00faca do <a href=\"https:\/\/www.keturist.sk\/info\/vrchy-skaly-a-sedla\/dargovsky-priesmyk\/\">Dargovsk\u00e9ho priesmyku (474 m n.m.).<\/a><\/p>\n<figure id=\"attachment_33149\" aria-describedby=\"caption-attachment-33149\" style=\"width: 800px\" class=\"wp-caption aligncenter\"><a href=\"https:\/\/www.keturist.sk\/info\/wp-content\/uploads\/2020\/06\/dar4.jpg\"><img loading=\"lazy\" decoding=\"async\" class=\"wp-image-33149 size-medium\" src=\"https:\/\/www.keturist.sk\/info\/wp-content\/uploads\/2020\/06\/dar4-800x451.jpg\" alt=\"\" width=\"800\" height=\"451\" srcset=\"https:\/\/www.keturist.sk\/info\/wp-content\/uploads\/2020\/06\/dar4-800x451.jpg 800w, https:\/\/www.keturist.sk\/info\/wp-content\/uploads\/2020\/06\/dar4-2000x1127.jpg 2000w, https:\/\/www.keturist.sk\/info\/wp-content\/uploads\/2020\/06\/dar4-270x152.jpg 270w, https:\/\/www.keturist.sk\/info\/wp-content\/uploads\/2020\/06\/dar4-768x433.jpg 768w, https:\/\/www.keturist.sk\/info\/wp-content\/uploads\/2020\/06\/dar4-1536x866.jpg 1536w, https:\/\/www.keturist.sk\/info\/wp-content\/uploads\/2020\/06\/dar4-1200x676.jpg 1200w, https:\/\/www.keturist.sk\/info\/wp-content\/uploads\/2020\/06\/dar4.jpg 2048w\" sizes=\"auto, (max-width: 800px) 100vw, 800px\" \/><\/a><figcaption id=\"caption-attachment-33149\" class=\"wp-caption-text\">Pam\u00e4tn\u00edk oslobodenia a v\u00ed\u0165azstva a Sie\u0148 bojovej sl\u00e1vy na Dargove Fotograf: Ondrej Liker<\/figcaption><\/figure>\n<p>V sedle sa nach\u00e1dza are\u00e1l pam\u00e4tn\u00edka naz\u00fdvan\u00fd \u201c<strong>Pam\u00e4tn\u00edk v Dargovskom priesmyku<\/strong>\u201c, pozostavajuc\u00e9ho zo s\u00faso\u0161ia pam\u00e4tn\u00edka Oslobodenia a v\u00ed\u0165azstva, expoz\u00edcie oslobodite\u013esk\u00fdch tankov a z pam\u00e4tnej siene bojovej sl\u00e1vy.<\/p>\n<p>\u010ealej v obci za\u010dina\u00a0<img loading=\"lazy\" decoding=\"async\" class=\"alignnone wp-image-21626 size-full\" src=\"https:\/\/www.keturist.sk\/info\/wp-content\/uploads\/2013\/11\/zelena.png\" alt=\"\" width=\"20\" height=\"21\" \/> zelen\u00e1 turistick\u00e1 trasa ved\u00faca na v\u00fdh\u013eadov\u00e9 <a href=\"https:\/\/www.keturist.sk\/info\/vrchy-skaly-a-sedla\/rankovske-skaly-780-m-n-m\/\">Rankovsk\u00e9 skaly (780 m n.m.)<\/a>.<\/p>\n<figure id=\"attachment_37141\" aria-describedby=\"caption-attachment-37141\" style=\"width: 800px\" class=\"wp-caption aligncenter\"><a href=\"https:\/\/www.keturist.sk\/info\/wp-content\/uploads\/2020\/12\/rank2.jpg\"><img loading=\"lazy\" decoding=\"async\" class=\"wp-image-37141 size-full\" src=\"https:\/\/www.keturist.sk\/info\/wp-content\/uploads\/2020\/12\/rank2.jpg\" alt=\"\" width=\"800\" height=\"600\" srcset=\"https:\/\/www.keturist.sk\/info\/wp-content\/uploads\/2020\/12\/rank2.jpg 800w, https:\/\/www.keturist.sk\/info\/wp-content\/uploads\/2020\/12\/rank2-240x180.jpg 240w, https:\/\/www.keturist.sk\/info\/wp-content\/uploads\/2020\/12\/rank2-768x576.jpg 768w\" sizes=\"auto, (max-width: 800px) 100vw, 800px\" \/><\/a><figcaption id=\"caption-attachment-37141\" class=\"wp-caption-text\">V\u00fdh\u013ead z Rankovsk\u00fdch sk\u00e1l<\/figcaption><\/figure>\n<p>Skaly pon\u00fakaj\u00fa v\u00fdh\u013eady na cel\u00e9 \u00fadolie Torysy, \u010das\u0165 <a href=\"https:\/\/www.keturist.sk\/info\/okolite-hory\/slanske-vrchy\/\">Slansk\u00fdch vrchov<\/a>, Zempl\u00ednskych vrchov, \u010cergov, <a href=\"https:\/\/www.keturist.sk\/info\/okolite-hory\/volovske-vrchy\/\">Volovsk\u00e9 vrchy<\/a> a <a href=\"https:\/\/www.keturist.sk\/info\/okolite-hory\/cierna-hora\/\">\u010ciernu horu<\/a>.<\/p>\n<p>Pri priaznivom po\u010das\u00ed sa d\u00e1 dovidie\u0165 a\u017e na kon\u010diare <strong>Vysok\u00fdch Tatier<\/strong>.<\/p>\n<p><strong>Cykloturistick\u00e9 trasy<\/strong><\/p>\n<p>Obcou\u00a0prech\u00e1dza \u010derven\u00e1 cyklotrasa.<\/p>\n<h3><span style=\"color: #808000;\">Hist\u00f3ria<\/span><\/h3>\n<p>Prv\u00fd p\u00edsomn\u00fd doklad o hist\u00f3rii obce Her\u013eany je z roku 1487, kde sa uv\u00e1dzaj\u00fa pod n\u00e1zvom Haryan ako s\u00fa\u010das\u0165 svinick\u00e9ho panstva.<\/p>\n<figure id=\"attachment_38637\" aria-describedby=\"caption-attachment-38637\" style=\"width: 800px\" class=\"wp-caption aligncenter\"><a href=\"https:\/\/www.keturist.sk\/info\/wp-content\/uploads\/2021\/02\/herlany_old33.jpg.jpg\"><img loading=\"lazy\" decoding=\"async\" class=\"wp-image-38637 size-medium\" src=\"https:\/\/www.keturist.sk\/info\/wp-content\/uploads\/2021\/02\/herlany_old33.jpg-800x513.jpg\" alt=\"\" width=\"800\" height=\"513\" srcset=\"https:\/\/www.keturist.sk\/info\/wp-content\/uploads\/2021\/02\/herlany_old33.jpg-800x513.jpg 800w, https:\/\/www.keturist.sk\/info\/wp-content\/uploads\/2021\/02\/herlany_old33.jpg-270x173.jpg 270w, https:\/\/www.keturist.sk\/info\/wp-content\/uploads\/2021\/02\/herlany_old33.jpg-768x493.jpg 768w, https:\/\/www.keturist.sk\/info\/wp-content\/uploads\/2021\/02\/herlany_old33.jpg.jpg 960w\" sizes=\"auto, (max-width: 800px) 100vw, 800px\" \/><\/a><figcaption id=\"caption-attachment-38637\" class=\"wp-caption-text\">Her\u013eansk\u00fd gejz\u00edr okolo roku 1910<\/figcaption><\/figure>\n<p>Na z\u00e1klade star\u0161\u00edch dokumentov v\u0161ak vieme, \u017ee dedina mohla vznikn\u00fa\u0165 niekedy v rozmedz\u00ed rokov 1431 &#8211; 1487.<\/p>\n<p>V rokoch 1384 a 1397 sa toti\u017e Her\u013eany e\u0161te neuv\u00e1dzaj\u00fa medzi majetkom svinick\u00e9ho panstva, ku ktor\u00e9mu u\u017e patrili dediny \u017d\u00edrovce a Rankovce.<\/p>\n<p>Her\u013eany s\u00fa teda mlad\u0161ie ako tieto obce, o \u010dom m\u00f4\u017ee sved\u010di\u0165 aj ich poloha.<\/p>\n<p>V roku 1601 u\u017e Her\u013eany patrili panstvu Trebi\u0161ov.<\/p>\n<p>U\u017e v 17. storo\u010d\u00ed boli zn\u00e1me ako k\u00fape\u013en\u00e9 mesto, kam chodili \u013eudia z Ko\u0161\u00edc a Zempl\u00edna.<\/p>\n<p>Av\u0161ak na prelome 17. a 18. storo\u010dia sa obec op\u00e4\u0165 vy\u013eudnila, jej obyvatelia sa vys\u0165ahovali do susedn\u00fdch ded\u00edn.<\/p>\n<p>Miner\u00e1lne pramene s\u00fa zn\u00e1me zo 17. storo\u010dia, v 18. storo\u010d\u00ed pri nich vznikli k\u00fapele, ktor\u00e9 zanikli v roku 1945.<\/p>\n<p>V roku 1870 nav\u0155tali studen\u00fd prame\u0148 &#8211; gejz\u00edr, ktor\u00fd eruptuje z h\u013abky 405 m v intervaloch 23-34 hod\u00edn pr\u00fad vody teplej 12-14\u00b0C v mno\u017estve asi 600 hl do v\u00fd\u0161ky 30-40m.<\/p>\n<h3><span style=\"color: #808000;\">Ubytovanie a stravovanie<\/span><\/h3>\n<p><strong>Penzi\u00f3n Gejz\u00edr<\/strong><br \/>\nHer\u013eany<br \/>\n04445 Her\u013eany<br \/>\n<strong>Mobil: <\/strong>+421 905 811 097<br \/>\n<strong>E-mail:<\/strong> <a href=\"mailto:marta.sabadkova@tuke.sk\" target=\"_blank\" rel=\"noopener noreferrer\">marta.sabadkova@tuke.sk<\/a><\/p>\n<h3><span style=\"color: #808000;\">Pr\u00edroda<\/span><\/h3>\n<ul>\n<li><a href=\"https:\/\/www.keturist.sk\/info\/vodopady-jazierka-rieky\/herlansky-gejzir\/\">Her\u013eansk\u00fd gejz\u00edr<\/a><\/li>\n<\/ul>\n<h3><span style=\"color: #808000;\">Pamiatky<\/span><\/h3>\n<ul>\n<li>klasicistick\u00e9 objekty b\u00fdval\u00fdch k\u00fape\u013eov<\/li>\n<\/ul>\n<h3><span style=\"color: #808000;\">Mapy<\/span><\/h3>\n<p><strong>Vrstvy: <\/strong>Turistick\u00e1 mapa, Automapa, Cyklomapa, Ly\u017eiarska mapa, Satelitn\u00e1 mapa a OpenStreetMap.<\/p>\n<p><strong>Kliknut\u00edm na logo &#8222;Freemap.sk&#8220; sa V\u00e1m mapa zobraz\u00ed na celej ploche obrazovky.<\/strong><\/p>\n<p><iframe style=\"width: 800px; height: 500px; border: 0;\" src=\"https:\/\/www.freemap.sk\/?map=13\/48.800511\/21.478282&amp;info-point=48.800511\/21.478282,Obec Her\u013eany&amp;layers=T&amp;embed=search\" allowfullscreen=\"allowfullscreen\"><\/iframe><\/p>\n<h3><span style=\"color: #808000;\">Po\u010dasie<\/span><\/h3>\n<p><iframe style=\"width: 800px; height: 605px;\" src=\"https:\/\/www.meteoblue.com\/sk\/po%C4%8Dasie\/widget\/three\/her%c4%beany_slovensk%c3%a1-republika_724717?geoloc=fixed&amp;nocurrent=0&amp;noforecast=0&amp;days=5&amp;tempunit=CELSIUS&amp;windunit=KILOMETER_PER_HOUR&amp;layout=image\" frameborder=\"0\" scrolling=\"NO\" sandbox=\"allow-same-origin allow-scripts allow-popups allow-popups-to-escape-sandbox\"><\/iframe><\/p>\n<div><!-- DO NOT REMOVE THIS LINK --><a href=\"https:\/\/www.meteoblue.com\/sk\/po%C4%8Dasie\/predpove%C4%8F\/t%C3%BD%C5%BEde%C5%88\/her%c4%beany_slovensk%c3%a1-republika_724717?utm_source=weather_widget&amp;utm_medium=linkus&amp;utm_content=three&amp;utm_campaign=Weather%2BWidget\" target=\"_blank\" rel=\"noopener noreferrer\">meteoblue<\/a><\/div>\n<p>&nbsp;<\/p>\n","protected":false},"excerpt":{"rendered":"<p>Video V\u0161eobecn\u00e9 inform\u00e1cie Obec pod z\u00e1padn\u00fdmi v\u00fdbe\u017ekami Slansk\u00fdch vrchov, v doline herliansk\u00e9ho potoka, 25 km severoz\u00e1padne od Ko\u0161\u00edc. Nadmorsk\u00e1 v\u00fd\u0161ka v strede obce je 365 m, 356-702 m v chot\u00e1ri. [&hellip;]<\/p>\n","protected":false},"author":1,"featured_media":0,"parent":1782,"menu_order":0,"comment_status":"closed","ping_status":"closed","template":"","meta":{"_uag_custom_page_level_css":"","_monsterinsights_skip_tracking":false,"_monsterinsights_sitenote_active":false,"_monsterinsights_sitenote_note":"","_monsterinsights_sitenote_category":0,"footnotes":""},"class_list":["post-3499","page","type-page","status-publish","hentry"],"featured_image_src":"","featured_image_src_square":false,"rbea_author_info":{"display_name":"admin","author_link":"https:\/\/www.keturist.sk\/info\/author\/admin\/"},"rbea_excerpt_info":"Video V\u0161eobecn\u00e9 inform\u00e1cie Obec pod z\u00e1padn\u00fdmi v\u00fdbe\u017ekami Slansk\u00fdch vrchov, v doline herliansk\u00e9ho potoka, 25 km severoz\u00e1padne od Ko\u0161\u00edc. Nadmorsk\u00e1 v\u00fd\u0161ka v strede obce je 365 m, 356-702 m v chot\u00e1ri. [&hellip;]","uagb_featured_image_src":{"full":false,"thumbnail":false,"medium":false,"medium_large":false,"large":false,"1536x1536":false,"2048x2048":false},"uagb_author_info":{"display_name":"admin","author_link":"https:\/\/www.keturist.sk\/info\/author\/admin\/"},"uagb_comment_info":0,"uagb_excerpt":"Video V\u0161eobecn\u00e9 inform\u00e1cie Obec pod z\u00e1padn\u00fdmi v\u00fdbe\u017ekami Slansk\u00fdch vrchov, v doline herliansk\u00e9ho potoka, 25 km severoz\u00e1padne od Ko\u0161\u00edc. Nadmorsk\u00e1 v\u00fd\u0161ka v strede obce je 365 m, 356-702 m v chot\u00e1ri. [&hellip;]","_links":{"self":[{"href":"https:\/\/www.keturist.sk\/info\/wp-json\/wp\/v2\/pages\/3499","targetHints":{"allow":["GET"]}}],"collection":[{"href":"https:\/\/www.keturist.sk\/info\/wp-json\/wp\/v2\/pages"}],"about":[{"href":"https:\/\/www.keturist.sk\/info\/wp-json\/wp\/v2\/types\/page"}],"author":[{"embeddable":true,"href":"https:\/\/www.keturist.sk\/info\/wp-json\/wp\/v2\/users\/1"}],"replies":[{"embeddable":true,"href":"https:\/\/www.keturist.sk\/info\/wp-json\/wp\/v2\/comments?post=3499"}],"version-history":[{"count":9,"href":"https:\/\/www.keturist.sk\/info\/wp-json\/wp\/v2\/pages\/3499\/revisions"}],"predecessor-version":[{"id":43955,"href":"https:\/\/www.keturist.sk\/info\/wp-json\/wp\/v2\/pages\/3499\/revisions\/43955"}],"up":[{"embeddable":true,"href":"https:\/\/www.keturist.sk\/info\/wp-json\/wp\/v2\/pages\/1782"}],"wp:attachment":[{"href":"https:\/\/www.keturist.sk\/info\/wp-json\/wp\/v2\/media?parent=3499"}],"curies":[{"name":"wp","href":"https:\/\/api.w.org\/{rel}","templated":true}]}}