{"id":3418,"date":"2013-11-09T16:33:17","date_gmt":"2013-11-09T14:33:17","guid":{"rendered":"https:\/\/www.keturist.sk\/info\/?page_id=3418"},"modified":"2022-02-01T15:32:56","modified_gmt":"2022-02-01T14:32:56","slug":"obec-margecany","status":"publish","type":"page","link":"https:\/\/www.keturist.sk\/info\/turisticke-vychodiska\/smer-cierna-hora\/obec-margecany\/","title":{"rendered":"Obec Margecany"},"content":{"rendered":"<a href=\"https:\/\/www.keturist.sk\/info\/\" class=\"su-button su-button-style-default\" style=\"color:#000000;background-color:#FFCF2F;border-color:#cca626;border-radius:5px\" target=\"_self\"><span style=\"color:#000000;padding:6px 16px;font-size:13px;line-height:20px;border-color:#ffde6e;border-radius:5px;text-shadow:none\"><i class=\"sui sui-arrow-right\" style=\"font-size:13px;color:#000000\"><\/i>  Spravodaj <\/span><\/a>\n<a href=\"https:\/\/www.keturist.sk\/info\/tipy-na-vylety\/\" class=\"su-button su-button-style-default\" style=\"color:#000000;background-color:#FFCF2F;border-color:#cca626;border-radius:5px\" target=\"_self\"><span style=\"color:#000000;padding:6px 16px;font-size:13px;line-height:20px;border-color:#ffde6e;border-radius:5px;text-shadow:none\"><i class=\"sui sui-arrow-right\" style=\"font-size:13px;color:#000000\"><\/i>  TIPY NA V\u00ddLETY <\/span><\/a>\n<a href=\"https:\/\/www.keturist.sk\/info\/turisticke-vychodiska\/\" class=\"su-button su-button-style-default\" style=\"color:#000000;background-color:#FFCF2F;border-color:#cca626;border-radius:5px\" target=\"_self\"><span style=\"color:#000000;padding:6px 16px;font-size:13px;line-height:20px;border-color:#ffde6e;border-radius:5px;text-shadow:none\"><i class=\"sui sui-arrow-right\" style=\"font-size:13px;color:#000000\"><\/i>  Turistick\u00e9 v\u00fdchodisk\u00e1 <\/span><\/a>\n<a href=\"https:\/\/www.keturist.sk\/info\/turisticke-vychodiska\/smer-cierna-hora\/\" class=\"su-button su-button-style-default\" style=\"color:#000000;background-color:#FFCF2F;border-color:#cca626;border-radius:5px\" target=\"_self\"><span style=\"color:#000000;padding:6px 16px;font-size:13px;line-height:20px;border-color:#ffde6e;border-radius:5px;text-shadow:none\"><i class=\"sui sui-arrow-right\" style=\"font-size:13px;color:#000000\"><\/i>  Smer \u010cierna Hora <\/span><\/a>\n<div class=\"su-divider su-divider-style-default\" style=\"margin:15px 0;border-width:2px;border-color:#000000\"><\/div>\n<div class=\"su-accordion su-u-trim\">\n<div class=\"su-spoiler su-spoiler-style-fancy su-spoiler-icon-plus su-spoiler-closed\" data-scroll-offset=\"0\" data-anchor-in-url=\"no\"><div class=\"su-spoiler-title\" tabindex=\"0\" role=\"button\"><span class=\"su-spoiler-icon\"><\/span>Textov\u00e9 menu - Turistick\u00e9 v\u00fdchodisk\u00e1 - \u010cierna hora<\/div><div class=\"su-spoiler-content su-u-clearfix su-u-trim\">\n<code><div class=\"column-group columns-2\"><div class=\"column column-number-1 column-span-1\"><p><\/code><strong>\u0160portovo-rekrea\u010dn\u00e9 stredisk\u00e1: <\/strong><br \/>\n<a href=\"https:\/\/www.keturist.sk\/info\/smer-cierna-hora\/rekreacna-oblast-ruzin-kosicke-hamre\/\">Ru\u017e\u00edn-Ko\u0161ick\u00e9 H\u00e1mre<\/a><br \/>\n<a href=\"https:\/\/www.keturist.sk\/info\/smer-cierna-hora\/ruzin-zastavka\/\">Ru\u017e\u00edn-zast\u00e1vka Ru\u017e\u00edn<\/a><br \/>\n<strong>Turistick\u00e9 oblasti Ko\u0161\u00edc<\/strong><br \/>\n<a href=\"https:\/\/www.keturist.sk\/info\/turisticke-vychodiska\/smer-cierna-hora\/stredisko-cermel\/\">Stredisko \u010cerme\u013e<\/a><br \/>\n<a href=\"https:\/\/www.keturist.sk\/info\/turisticke-vychodiska\/smer-cierna-hora\/stredisko-alpinka\/\">Stredisko Alpinka<\/a><br \/>\n<a href=\"https:\/\/www.keturist.sk\/info\/turisticke-vychodiska\/smer-cierna-hora\/stredisko-hradova\/\">Stredisko Hradov\u00e1<\/a><br \/>\n<a href=\"https:\/\/www.keturist.sk\/info\/smer-cierna-hora\/mc-kavecany-a-stredisko-hresna\/\">M\u010c Kave\u010dany, stredisko Hre\u0161n\u00e1<\/a><br \/>\n<strong>Obce:<\/strong><br \/>\n<a href=\"https:\/\/www.keturist.sk\/info\/smer-cierna-hora\/obec-druzstevna-pri-hornade\/\">Dru\u017estevn\u00e1 pri Horn\u00e1de<\/a><\/p>\n<\/div>\n<div class=\"column column-number-2 last column-span-1\"><p><a href=\"https:\/\/www.keturist.sk\/info\/smer-cierna-hora\/obec-jaklovce\/\">Jaklovce<\/a><br \/>\n<a href=\"https:\/\/www.keturist.sk\/info\/smer-cierna-hora\/obec-kluknava\/\">Kluknava-\u0160tefanska Huta<\/a><br \/>\n<a href=\"https:\/\/www.keturist.sk\/info\/smer-cierna-hora\/obec-kostolany-nad-hornadom\/\">Kosto\u013eany nad Horn\u00e1dom<\/a><br \/>\n<a href=\"https:\/\/www.keturist.sk\/info\/smer-cierna-hora\/obec-kosicka-bela\/\">Ko\u0161ick\u00e1 Bel\u00e1<\/a><br \/>\n<a href=\"https:\/\/www.keturist.sk\/info\/smer-cierna-hora\/obec-kysak\/\">Kysak<\/a><br \/>\n<a href=\"https:\/\/www.keturist.sk\/info\/smer-cierna-hora\/obec-mala-lodina\/\">Mal\u00e1 Lodina<\/a><br \/>\n<a href=\"https:\/\/www.keturist.sk\/info\/smer-cierna-hora\/obec-margecany\/\">Margecany<\/a><br \/>\n<a href=\"https:\/\/www.keturist.sk\/info\/smer-cierna-hora\/obec-obisovce\/\">Obi\u0161ovce<\/a><br \/>\n<a href=\"https:\/\/www.keturist.sk\/info\/smer-cierna-hora\/obec-sokol\/\">Soko\u013e<\/a><br \/>\n<a href=\"https:\/\/www.keturist.sk\/info\/smer-cierna-hora\/obec-velka-lodina\/\">Ve\u013ek\u00e1 Lodina<\/a><\/p>\n<\/div><\/div>\n<\/div><\/div>\n<\/div>\n<div class=\"su-divider su-divider-style-default\" style=\"margin:15px 0;border-width:2px;border-color:#000000\"><\/div>\n<h3><span style=\"color: #808000;\">V\u0161eobecn\u00e9 inform\u00e1cie<\/span><\/h3>\n<p>Margecany (ma\u010f. Margitfalva, nem. Margareten) s\u00fa obec na Slovensku v okrese Gelnica.<\/p>\n<figure id=\"attachment_42435\" aria-describedby=\"caption-attachment-42435\" style=\"width: 800px\" class=\"wp-caption aligncenter\"><a href=\"https:\/\/www.keturist.sk\/info\/wp-content\/uploads\/2021\/10\/margecany.jpg\"><img loading=\"lazy\" decoding=\"async\" class=\"wp-image-42435 size-medium\" src=\"https:\/\/www.keturist.sk\/info\/wp-content\/uploads\/2021\/10\/margecany-800x534.jpg\" alt=\"\" width=\"800\" height=\"534\" srcset=\"https:\/\/www.keturist.sk\/info\/wp-content\/uploads\/2021\/10\/margecany-800x534.jpg 800w, https:\/\/www.keturist.sk\/info\/wp-content\/uploads\/2021\/10\/margecany-270x180.jpg 270w, https:\/\/www.keturist.sk\/info\/wp-content\/uploads\/2021\/10\/margecany-768x512.jpg 768w, https:\/\/www.keturist.sk\/info\/wp-content\/uploads\/2021\/10\/margecany.jpg 1000w\" sizes=\"auto, (max-width: 800px) 100vw, 800px\" \/><\/a><figcaption id=\"caption-attachment-42435\" class=\"wp-caption-text\">Ru\u017e\u00edn a rimskokatol\u00edcky Kostol sv. Margity, Fotograf: Jozef Mare\u010dek (https:\/\/www.facebook.com\/jozef.marecek.94)<\/figcaption><\/figure>\n<p>Nadmorsk\u00e1 v\u00fd\u0161ka v strede obce je 330 m, 320-1028 m v chot\u00e1ri.<\/p>\n<p>Obec pri s\u00fatoku <a href=\"https:\/\/www.keturist.sk\/info\/vodopady-jazierka-rieky\/rieka-hnilec\/\">Hnilca<\/a> s <a href=\"https:\/\/www.keturist.sk\/info\/vodopady-jazierka-rieky\/rieka-hornad\/\">Horn\u00e1dom<\/a> v pohor\u00ed <a href=\"https:\/\/www.keturist.sk\/info\/okolite-hory\/cierna-hora\/\">\u010cierna hora<\/a> pod v\u00fdbe\u017ekami <a href=\"https:\/\/www.keturist.sk\/info\/okolite-hory\/volovske-vrchy\/\">Volovsk\u00fdch vrchov<\/a>, na \u013eavom brehu <a href=\"https:\/\/www.keturist.sk\/info\/vodopady-jazierka-rieky\/vodna-nadrz-ruzin\/\">Ru\u017e\u00ednskej priehrady<\/a> asi 10 km na SV od <a href=\"https:\/\/www.keturist.sk\/info\/smer-volovske-vrchy\/mesto-gelnica\/\">Gelnice<\/a>.<\/p>\n<figure id=\"attachment_38596\" aria-describedby=\"caption-attachment-38596\" style=\"width: 800px\" class=\"wp-caption aligncenter\"><a href=\"https:\/\/www.keturist.sk\/info\/wp-content\/uploads\/2021\/02\/margecany2.jpg\"><img loading=\"lazy\" decoding=\"async\" class=\"wp-image-38596 size-full\" src=\"https:\/\/www.keturist.sk\/info\/wp-content\/uploads\/2021\/02\/margecany2.jpg\" alt=\"\" width=\"800\" height=\"600\" srcset=\"https:\/\/www.keturist.sk\/info\/wp-content\/uploads\/2021\/02\/margecany2.jpg 800w, https:\/\/www.keturist.sk\/info\/wp-content\/uploads\/2021\/02\/margecany2-240x180.jpg 240w, https:\/\/www.keturist.sk\/info\/wp-content\/uploads\/2021\/02\/margecany2-768x576.jpg 768w\" sizes=\"auto, (max-width: 800px) 100vw, 800px\" \/><\/a><figcaption id=\"caption-attachment-38596\" class=\"wp-caption-text\">Obec Margecany &#8211; bytovka zo 60. rokoch 20. storo\u010dia<\/figcaption><\/figure>\n<p>Najvy\u0161\u0161ie miesto le\u017e\u00ed v severov\u00fdchodnom v\u00fdbe\u017eku <a href=\"https:\/\/www.keturist.sk\/info\/okolite-hory\/cierna-hora\/\">\u010ciernej hory<\/a>, je to najvy\u0161\u0161\u00ed <a href=\"https:\/\/www.keturist.sk\/info\/vrchy-skaly-a-sedla\/rohacka-1028-m-n-m\/\">vrch Roh\u00e1\u010dka<\/a> s nadmorskou v\u00fd\u0161kou 1.028 m n. m.<\/p>\n<p>Najni\u017e\u0161ie miesto 320 m n. m. sa nach\u00e1dza na nive <a href=\"https:\/\/www.keturist.sk\/info\/kam-do-prirody\/rieka-hornad\/\">Horn\u00e1du<\/a> pri <a href=\"https:\/\/www.keturist.sk\/info\/vodopady-jazierka-rieky\/vodna-nadrz-ruzin\/\">Ru\u017einskej priehrade<\/a>.<\/p>\n<figure id=\"attachment_46483\" aria-describedby=\"caption-attachment-46483\" style=\"width: 800px\" class=\"wp-caption aligncenter\"><a href=\"https:\/\/www.keturist.sk\/info\/wp-content\/uploads\/2022\/01\/margecany111.jpg\"><img loading=\"lazy\" decoding=\"async\" class=\"wp-image-46483 size-full\" src=\"https:\/\/www.keturist.sk\/info\/wp-content\/uploads\/2022\/01\/margecany111.jpg\" alt=\"\" width=\"800\" height=\"468\" srcset=\"https:\/\/www.keturist.sk\/info\/wp-content\/uploads\/2022\/01\/margecany111.jpg 800w, https:\/\/www.keturist.sk\/info\/wp-content\/uploads\/2022\/01\/margecany111-270x158.jpg 270w, https:\/\/www.keturist.sk\/info\/wp-content\/uploads\/2022\/01\/margecany111-768x449.jpg 768w\" sizes=\"auto, (max-width: 800px) 100vw, 800px\" \/><\/a><figcaption id=\"caption-attachment-46483\" class=\"wp-caption-text\">Obec Margecany<\/figcaption><\/figure>\n<p>Kataster obce sa nach\u00e1dza preva\u017ene v geomorfologickom celku <a href=\"https:\/\/www.keturist.sk\/info\/okolite-hory\/cierna-hora\/\">\u010ciernej hory<\/a>, iba mal\u00fd v\u00fdbe\u017eok na juhoz\u00e1pade patr\u00ed do <a href=\"https:\/\/www.keturist.sk\/info\/okolite-hory\/volovske-vrchy\/\">Volovsk\u00fdch vrchov<\/a>.<\/p>\n<p>Margeciany susedia na severov\u00fdchode s chot\u00e1rom Miklu\u0161oviec, Klenova a Hrabkova, na juhu a juhoz\u00e1pade hrani\u010d\u00ed s obcou <a href=\"https:\/\/www.keturist.sk\/info\/smer-volovske-vrchy\/obec-jaklovce\/\">Jaklovce<\/a>, na z\u00e1pade s obcou <a href=\"https:\/\/www.keturist.sk\/info\/smer-cierna-hora\/obec-kluknava\/\">Kluknava<\/a>\u00a0 a na v\u00fdchode\u00a0 hrani\u010d\u00ed s chot\u00e1rom <a href=\"https:\/\/www.keturist.sk\/info\/smer-cierna-hora\/obec-kosicka-bela\/\">Ko\u0161ickej Belej<\/a>.<\/p>\n<figure id=\"attachment_46484\" aria-describedby=\"caption-attachment-46484\" style=\"width: 800px\" class=\"wp-caption aligncenter\"><a href=\"https:\/\/www.keturist.sk\/info\/wp-content\/uploads\/2022\/01\/margecany112.jpg\"><img loading=\"lazy\" decoding=\"async\" class=\"wp-image-46484 size-full\" src=\"https:\/\/www.keturist.sk\/info\/wp-content\/uploads\/2022\/01\/margecany112.jpg\" alt=\"\" width=\"800\" height=\"600\" srcset=\"https:\/\/www.keturist.sk\/info\/wp-content\/uploads\/2022\/01\/margecany112.jpg 800w, https:\/\/www.keturist.sk\/info\/wp-content\/uploads\/2022\/01\/margecany112-240x180.jpg 240w, https:\/\/www.keturist.sk\/info\/wp-content\/uploads\/2022\/01\/margecany112-768x576.jpg 768w\" sizes=\"auto, (max-width: 800px) 100vw, 800px\" \/><\/a><figcaption id=\"caption-attachment-46484\" class=\"wp-caption-text\">Obec Margecany<\/figcaption><\/figure>\n<p>Nov\u00e9 Margecany dnes le\u017eia na severnom brehu vodnej n\u00e1dr\u017ee vo ve\u013emi peknom pr\u00edrodnom prostred\u00ed.<\/p>\n<p>Obec Margecany m\u00e1 dve miestne \u010dasti a to <strong>Margecany<\/strong> a <strong>Rolova huta<\/strong>.<\/p>\n<figure id=\"attachment_46485\" aria-describedby=\"caption-attachment-46485\" style=\"width: 800px\" class=\"wp-caption aligncenter\"><a href=\"https:\/\/www.keturist.sk\/info\/wp-content\/uploads\/2022\/01\/margecany113.jpg\"><img loading=\"lazy\" decoding=\"async\" class=\"wp-image-46485 size-full\" src=\"https:\/\/www.keturist.sk\/info\/wp-content\/uploads\/2022\/01\/margecany113.jpg\" alt=\"\" width=\"800\" height=\"600\" srcset=\"https:\/\/www.keturist.sk\/info\/wp-content\/uploads\/2022\/01\/margecany113.jpg 800w, https:\/\/www.keturist.sk\/info\/wp-content\/uploads\/2022\/01\/margecany113-240x180.jpg 240w, https:\/\/www.keturist.sk\/info\/wp-content\/uploads\/2022\/01\/margecany113-768x576.jpg 768w\" sizes=\"auto, (max-width: 800px) 100vw, 800px\" \/><\/a><figcaption id=\"caption-attachment-46485\" class=\"wp-caption-text\">Obec Margecany<\/figcaption><\/figure>\n<p>Z pamiatok sa v obci nach\u00e1dzaj\u00fa <strong>r\u00edmskokatol\u00edcky Kostol sv. Margity<\/strong> a <strong>pomn\u00edk obetiam 1. a 2. svetovej vojny a SNP<\/strong>.<\/p>\n<h4><span style=\"color: #993300;\">Kostol sv. Margity<\/span><\/h4>\n<p>R\u00edmskokatol\u00edcky kostol sv. Margity Antiochijskej je jednolo\u010fov\u00e1 p\u00f4vodne klasicistick\u00e1 stavba s polygon\u00e1lne ukon\u010den\u00fdm presbyt\u00e9riom a predstavanou ve\u017eou z roku 1825.<\/p>\n<figure id=\"attachment_38595\" aria-describedby=\"caption-attachment-38595\" style=\"width: 800px\" class=\"wp-caption aligncenter\"><a href=\"https:\/\/www.keturist.sk\/info\/wp-content\/uploads\/2021\/02\/margecany1.jpg\"><img loading=\"lazy\" decoding=\"async\" class=\"wp-image-38595 size-full\" src=\"https:\/\/www.keturist.sk\/info\/wp-content\/uploads\/2021\/02\/margecany1.jpg\" alt=\"\" width=\"800\" height=\"600\" srcset=\"https:\/\/www.keturist.sk\/info\/wp-content\/uploads\/2021\/02\/margecany1.jpg 800w, https:\/\/www.keturist.sk\/info\/wp-content\/uploads\/2021\/02\/margecany1-240x180.jpg 240w, https:\/\/www.keturist.sk\/info\/wp-content\/uploads\/2021\/02\/margecany1-768x576.jpg 768w\" sizes=\"auto, (max-width: 800px) 100vw, 800px\" \/><\/a><figcaption id=\"caption-attachment-38595\" class=\"wp-caption-text\">rimskokatol\u00edcky Kostol sv. Margity<\/figcaption><\/figure>\n<p>Za\u010diatkom 20. storo\u010dia bol upraven\u00fd v duchu neogotiky.<\/p>\n<p>Vn\u00fatorn\u00e9 zariadenie poch\u00e1dza z rokov 1930 \u2013 1940.<\/p>\n<p>Nach\u00e1dza sa tu bo\u010dn\u00fd olt\u00e1r Panny M\u00e1rie od V. A. Zavarsk\u00e9ho.<\/p>\n<p>Fas\u00e1da je \u010dlenen\u00e1 oporn\u00fdmi piliermi.<\/p>\n<p>Ve\u017ea je \u010dlenen\u00e1 kord\u00f3nov\u00fdmi r\u00edmsami, ukon\u010den\u00e1 r\u00edmsou s ter\u010d\u00edkom a ihlancovou helmicou.<\/p>\n<h4><span style=\"color: #993300;\">Pomn\u00edk padl\u00fdm 1. a 2. svetovej vojny a SNP<\/span><\/h4>\n<p>Pomn\u00edk padl\u00fdm I. a II. sv. vojny a SNP v obci bol zhotoven\u00fd v roku 1956.<\/p>\n<figure id=\"attachment_38597\" aria-describedby=\"caption-attachment-38597\" style=\"width: 800px\" class=\"wp-caption aligncenter\"><a href=\"https:\/\/www.keturist.sk\/info\/wp-content\/uploads\/2021\/02\/margecany3.jpg\"><img loading=\"lazy\" decoding=\"async\" class=\"wp-image-38597 size-full\" src=\"https:\/\/www.keturist.sk\/info\/wp-content\/uploads\/2021\/02\/margecany3.jpg\" alt=\"\" width=\"800\" height=\"600\" srcset=\"https:\/\/www.keturist.sk\/info\/wp-content\/uploads\/2021\/02\/margecany3.jpg 800w, https:\/\/www.keturist.sk\/info\/wp-content\/uploads\/2021\/02\/margecany3-240x180.jpg 240w, https:\/\/www.keturist.sk\/info\/wp-content\/uploads\/2021\/02\/margecany3-768x576.jpg 768w\" sizes=\"auto, (max-width: 800px) 100vw, 800px\" \/><\/a><figcaption id=\"caption-attachment-38597\" class=\"wp-caption-text\">pomn\u00edk obetiam 1. a 2. svetovej vojny a SNP<\/figcaption><\/figure>\n<p>Umeleck\u00e9 dielo pozost\u00e1va zo s\u00faso\u0161ia \u201ePartiz\u00e1n a partiz\u00e1nka\u201c od akademick\u00e9ho soch\u00e1ra Vojtecha L\u00f6fflera.<\/p>\n<h4><span style=\"color: #993300;\">\u013dudov\u00e1 architekt\u00fara<\/span><\/h4>\n<p>Ke\u010f\u017ee p\u00f4vodn\u00e1 obec bola zatopen\u00e1 pri v\u00fdstavbe <a href=\"https:\/\/www.keturist.sk\/info\/vodopady-jazierka-rieky\/vodna-nadrz-ruzin\/\">Ru\u017e\u00ednskej priehrady<\/a> a preto tu n\u00e1jdeme len ve\u013emi m\u00e1lo p\u00f4vodn\u00fdch sedliackych domov.<\/p>\n<figure id=\"attachment_38600\" aria-describedby=\"caption-attachment-38600\" style=\"width: 800px\" class=\"wp-caption aligncenter\"><a href=\"https:\/\/www.keturist.sk\/info\/wp-content\/uploads\/2021\/02\/margecany4.jpg\"><img loading=\"lazy\" decoding=\"async\" class=\"wp-image-38600 size-full\" src=\"https:\/\/www.keturist.sk\/info\/wp-content\/uploads\/2021\/02\/margecany4.jpg\" alt=\"\" width=\"800\" height=\"600\" srcset=\"https:\/\/www.keturist.sk\/info\/wp-content\/uploads\/2021\/02\/margecany4.jpg 800w, https:\/\/www.keturist.sk\/info\/wp-content\/uploads\/2021\/02\/margecany4-240x180.jpg 240w, https:\/\/www.keturist.sk\/info\/wp-content\/uploads\/2021\/02\/margecany4-768x576.jpg 768w\" sizes=\"auto, (max-width: 800px) 100vw, 800px\" \/><\/a><figcaption id=\"caption-attachment-38600\" class=\"wp-caption-text\">Margecany &#8211; sedliacky dom<\/figcaption><\/figure>\n<p>V obci sa zachovali aj murovan\u00e9 domy, ktor\u00e9 s\u00fa typick\u00e9 pre oblas\u0165 ju\u017en\u00e9ho Spi\u0161a, Gemera, Malohotu a Abova.<\/p>\n<p>Spom\u00ednan\u00e9 objekty predstavuj\u00fa typick\u00fa \u013eudov\u00fa architekt\u00faru sedliackych domov z konca 19. storo\u010dia a\u017e zo za\u010diatku 20. storo\u010dia.<\/p>\n<figure id=\"attachment_46486\" aria-describedby=\"caption-attachment-46486\" style=\"width: 800px\" class=\"wp-caption aligncenter\"><a href=\"https:\/\/www.keturist.sk\/info\/wp-content\/uploads\/2022\/01\/margecany114.jpg\"><img loading=\"lazy\" decoding=\"async\" class=\"wp-image-46486 size-full\" src=\"https:\/\/www.keturist.sk\/info\/wp-content\/uploads\/2022\/01\/margecany114.jpg\" alt=\"\" width=\"800\" height=\"600\" srcset=\"https:\/\/www.keturist.sk\/info\/wp-content\/uploads\/2022\/01\/margecany114.jpg 800w, https:\/\/www.keturist.sk\/info\/wp-content\/uploads\/2022\/01\/margecany114-240x180.jpg 240w, https:\/\/www.keturist.sk\/info\/wp-content\/uploads\/2022\/01\/margecany114-768x576.jpg 768w\" sizes=\"auto, (max-width: 800px) 100vw, 800px\" \/><\/a><figcaption id=\"caption-attachment-46486\" class=\"wp-caption-text\">Obec Margecany<\/figcaption><\/figure>\n<p>P\u00f4vodn\u00e9 obytn\u00e9 domy boli pr\u00edzemn\u00e9, s pitvorom, s izbou do ulice, zakryt\u00e9 va\u013ebovou strechou, s hlavnou fas\u00e1dou s dvomi okenn\u00fdmi osami.<\/p>\n<p>Tak\u00e9to domy mali spravidla predn\u00fa izbu, pitvor, otvoren\u00fa kuchy\u0148u, komoru a zadn\u00fa izbu.<\/p>\n<p>Potom nasledovali hospod\u00e1rske budovy.<\/p>\n<h4><span style=\"color: #993300;\">Margecansky tunel \u2013 Margeciansky tunel<\/span><\/h4>\n<p>V \u010dasti Rolova huta sa nach\u00e1dza technick\u00e1 pamiatka \u201c<a href=\"https:\/\/www.keturist.sk\/info\/technicke-pamiatky\/margecansky-tunel\/\">Margecansky tunel<\/a>\u201d (p\u00f4vodne \u017eelezni\u010dn\u00fd), ktor\u00fd sp\u00e1ja <strong>Rolov\u00fa hutu<\/strong> s <strong>rekrea\u010dnou oblas\u0165ou Kozinec<\/strong>.<\/p>\n<figure id=\"attachment_31032\" aria-describedby=\"caption-attachment-31032\" style=\"width: 800px\" class=\"wp-caption aligncenter\"><a href=\"https:\/\/www.keturist.sk\/info\/wp-content\/uploads\/2019\/12\/margecany-tunel.jpg\"><img loading=\"lazy\" decoding=\"async\" class=\"wp-image-31032 size-medium\" src=\"https:\/\/www.keturist.sk\/info\/wp-content\/uploads\/2019\/12\/margecany-tunel-800x573.jpg\" alt=\"\" width=\"800\" height=\"573\" srcset=\"https:\/\/www.keturist.sk\/info\/wp-content\/uploads\/2019\/12\/margecany-tunel-800x573.jpg 800w, https:\/\/www.keturist.sk\/info\/wp-content\/uploads\/2019\/12\/margecany-tunel-251x180.jpg 251w, https:\/\/www.keturist.sk\/info\/wp-content\/uploads\/2019\/12\/margecany-tunel-768x550.jpg 768w, https:\/\/www.keturist.sk\/info\/wp-content\/uploads\/2019\/12\/margecany-tunel-400x287.jpg 400w, https:\/\/www.keturist.sk\/info\/wp-content\/uploads\/2019\/12\/margecany-tunel.jpg 1080w\" sizes=\"auto, (max-width: 800px) 100vw, 800px\" \/><\/a><figcaption id=\"caption-attachment-31032\" class=\"wp-caption-text\">Margecansk\u00fd tunel &#8211; Margeciansky tunel<\/figcaption><\/figure>\n<p>Margecansky tunel bol postaven\u00fd na jednoko\u013eajovej trati\u00a0<strong>Ko\u0161icko-bohum\u00ednskej \u017eeleznice<\/strong>\u00a0uvedenej do prev\u00e1dzky v roku 1872.<\/p>\n<p><strong>Viac info o tunely sa do\u010d\u00edtate tu:<\/strong><\/p>\n<ul>\n<li><a href=\"https:\/\/www.keturist.sk\/info\/margecansky-tunel\/\" target=\"_blank\" rel=\"noopener\">Margecansky tunel \u2013 Margeciansky tunel (\u010d\u00edtaj viac v novom okne&#8230;)<\/a><\/li>\n<\/ul>\n<h4><span style=\"color: #993300;\">Pr\u00edrodn\u00e1 pamiatka Margecianska l\u00ednia<\/span><\/h4>\n<p>Za obcou sa nach\u00e1dza pr\u00edrodn\u00e1 pamiatka <a href=\"https:\/\/www.keturist.sk\/info\/kam-do-prirody\/prirodna-pamiatka-margecianska-linia\/\">Margecianska l\u00ednia<\/a>, ktor\u00e1 odkr\u00fdva jednu z najv\u00fdznamnej\u0161\u00edch tektonick\u00fdch l\u00edni\u00ed Z\u00e1padn\u00fdch Karp\u00e1t.<\/p>\n<figure id=\"attachment_36786\" aria-describedby=\"caption-attachment-36786\" style=\"width: 800px\" class=\"wp-caption aligncenter\"><a href=\"https:\/\/www.keturist.sk\/info\/wp-content\/uploads\/2020\/12\/margecianska-linia2.jpg\"><img loading=\"lazy\" decoding=\"async\" class=\"wp-image-36786 size-full\" src=\"https:\/\/www.keturist.sk\/info\/wp-content\/uploads\/2020\/12\/margecianska-linia2.jpg\" alt=\"\" width=\"800\" height=\"600\" srcset=\"https:\/\/www.keturist.sk\/info\/wp-content\/uploads\/2020\/12\/margecianska-linia2.jpg 800w, https:\/\/www.keturist.sk\/info\/wp-content\/uploads\/2020\/12\/margecianska-linia2-240x180.jpg 240w, https:\/\/www.keturist.sk\/info\/wp-content\/uploads\/2020\/12\/margecianska-linia2-768x576.jpg 768w\" sizes=\"auto, (max-width: 800px) 100vw, 800px\" \/><\/a><figcaption id=\"caption-attachment-36786\" class=\"wp-caption-text\">Margecianska l\u00ednia a kostolom sv. Margity<\/figcaption><\/figure>\n<p>Pr\u00edrodn\u00e1 pamiatka Margecianska l\u00ednia je vyhl\u00e1sen\u00e1 na ochranu skalnej steny, ktor\u00e1 odde\u013euje horniny Gemerika (bridlice a fylitick\u00e9 bridlice) od horn\u00edn Veporika (svory a svorov\u00e9 fylity).<\/p>\n<p><strong>Viac info o pr\u00edrodnej pamiatke sa do\u010d\u00edtate tu:<\/strong><\/p>\n<ul>\n<li><a href=\"https:\/\/www.keturist.sk\/info\/kam-do-prirody\/prirodna-pamiatka-margecianska-linia\/\" target=\"_blank\" rel=\"noopener\">Pr\u00edrodn\u00e1 pamiatka Margecianska l\u00ednia (\u010d\u00edtaj viac v novom okne&#8230;)<\/a><\/li>\n<\/ul>\n<h3><span style=\"color: #808000;\">Turistick\u00e9 ciele<\/span><\/h3>\n<p>Medzi Margecanami a <strong>Rolovou Hutou<\/strong> je zriaden\u00e1 popri <a href=\"https:\/\/www.keturist.sk\/info\/vodopady-jazierka-rieky\/vodna-nadrz-ruzin\/\">Ru\u017e\u00ednskej priehrade<\/a>\u00a0 <strong>promen\u00e1da<\/strong> s <strong>n\u00e1u\u010dn\u00fdm chodn\u00edkom<\/strong> sl\u00fa\u017eiaca pre pe\u0161iu turistiku, cykloturistiku a kolieskov\u00e9 kor\u010du\u013eovanie.<\/p>\n<figure id=\"attachment_38603\" aria-describedby=\"caption-attachment-38603\" style=\"width: 800px\" class=\"wp-caption aligncenter\"><a href=\"https:\/\/www.keturist.sk\/info\/wp-content\/uploads\/2021\/02\/margecany7.jpg\"><img loading=\"lazy\" decoding=\"async\" class=\"wp-image-38603 size-full\" src=\"https:\/\/www.keturist.sk\/info\/wp-content\/uploads\/2021\/02\/margecany7.jpg\" alt=\"\" width=\"800\" height=\"600\" srcset=\"https:\/\/www.keturist.sk\/info\/wp-content\/uploads\/2021\/02\/margecany7.jpg 800w, https:\/\/www.keturist.sk\/info\/wp-content\/uploads\/2021\/02\/margecany7-240x180.jpg 240w, https:\/\/www.keturist.sk\/info\/wp-content\/uploads\/2021\/02\/margecany7-768x576.jpg 768w\" sizes=\"auto, (max-width: 800px) 100vw, 800px\" \/><\/a><figcaption id=\"caption-attachment-38603\" class=\"wp-caption-text\">Ru\u017e\u00edn &#8211; N\u00e1u\u010dn\u00fd chodn\u00edk<\/figcaption><\/figure>\n<p>Trasa je vyasfaltovan\u00e1 a\u017e po\u00a0<a href=\"https:\/\/www.keturist.sk\/info\/technicke-pamiatky\/margecansky-tunel\/\">Margeciansky tunel<\/a> a vybaven\u00e1 oddychov\u00fdmi miestami so stolmi.<\/p>\n<p>Tunelom teraz prech\u00e1dza \u00fa\u010delov\u00e1 komunik\u00e1cia ved\u00faca do jednej z\u00a0 rekrea\u010dn\u00fdch oblast\u00ed <a href=\"https:\/\/www.keturist.sk\/info\/vodopady-jazierka-rieky\/vodna-nadrz-ruzin\/\">Ru\u017e\u00ednskej priehrady<\/a> naz\u00fdvanej <strong>Kozinec<\/strong>.<\/p>\n<figure id=\"attachment_38598\" aria-describedby=\"caption-attachment-38598\" style=\"width: 800px\" class=\"wp-caption aligncenter\"><a href=\"https:\/\/www.keturist.sk\/info\/wp-content\/uploads\/2021\/02\/kozinec.jpeg\"><img loading=\"lazy\" decoding=\"async\" class=\"wp-image-38598 size-medium\" src=\"https:\/\/www.keturist.sk\/info\/wp-content\/uploads\/2021\/02\/kozinec-800x530.jpeg\" alt=\"\" width=\"800\" height=\"530\" srcset=\"https:\/\/www.keturist.sk\/info\/wp-content\/uploads\/2021\/02\/kozinec-800x530.jpeg 800w, https:\/\/www.keturist.sk\/info\/wp-content\/uploads\/2021\/02\/kozinec-270x180.jpeg 270w, https:\/\/www.keturist.sk\/info\/wp-content\/uploads\/2021\/02\/kozinec-768x509.jpeg 768w, https:\/\/www.keturist.sk\/info\/wp-content\/uploads\/2021\/02\/kozinec.jpeg 1110w\" sizes=\"auto, (max-width: 800px) 100vw, 800px\" \/><\/a><figcaption id=\"caption-attachment-38598\" class=\"wp-caption-text\">Ru\u017e\u00edn &#8211; Kozinec<\/figcaption><\/figure>\n<p>Hne\u010f za tunelom sa nach\u00e1dza mohutn\u00e9 skaln\u00e9 bralo, ktor\u00e9 vzniklo pri stavbe <strong>Ko\u0161icko-bohum\u00ednskej \u017eeleznice<\/strong>.<\/p>\n<p>\u010ealej u\u017e pokra\u010duje trasa po pomerne \u0161irokej po\u013enej ceste v hlbokom k\u013eukatom \u00fadol\u00ed <strong>Bujanovsk\u00fdch vrchov<\/strong>\u00a0 v \u010dasti naz\u00fdvanej <strong>Doln\u00fd prielom Horn\u00e1du<\/strong>.<\/p>\n<figure id=\"attachment_36744\" aria-describedby=\"caption-attachment-36744\" style=\"width: 800px\" class=\"wp-caption aligncenter\"><a href=\"https:\/\/www.keturist.sk\/info\/wp-content\/uploads\/2020\/12\/margecany-tunel1.jpg\"><img loading=\"lazy\" decoding=\"async\" class=\"wp-image-36744 size-full\" src=\"https:\/\/www.keturist.sk\/info\/wp-content\/uploads\/2020\/12\/margecany-tunel1.jpg\" alt=\"\" width=\"800\" height=\"600\" srcset=\"https:\/\/www.keturist.sk\/info\/wp-content\/uploads\/2020\/12\/margecany-tunel1.jpg 800w, https:\/\/www.keturist.sk\/info\/wp-content\/uploads\/2020\/12\/margecany-tunel1-240x180.jpg 240w, https:\/\/www.keturist.sk\/info\/wp-content\/uploads\/2020\/12\/margecany-tunel1-768x576.jpg 768w\" sizes=\"auto, (max-width: 800px) 100vw, 800px\" \/><\/a><figcaption id=\"caption-attachment-36744\" class=\"wp-caption-text\">vstupn\u00fd port\u00e1l &#8211; Kozinec<\/figcaption><\/figure>\n<p>Trasa pokra\u010duje st\u00e1le popri <a href=\"https:\/\/www.keturist.sk\/info\/vodopady-jazierka-rieky\/vodna-nadrz-ruzin\/\">Ru\u017e\u00ednskej priehrade<\/a> a\u017e k \u017eelezni\u010dnej <a href=\"https:\/\/www.keturist.sk\/info\/smer-cierna-hora\/ruzin-zastavka\/\">zas\u00e1vke Ru\u017e\u00edn<\/a>.<\/p>\n<h4><span style=\"color: #993300;\">Turistick\u00e9 trasy<\/span><\/h4>\n<p>V obci za\u010d\u00edna\u00a0<img loading=\"lazy\" decoding=\"async\" class=\"alignnone wp-image-21625 size-full\" src=\"https:\/\/www.keturist.sk\/info\/wp-content\/uploads\/2013\/11\/zlta.png\" alt=\"\" width=\"20\" height=\"21\" srcset=\"https:\/\/www.keturist.sk\/info\/wp-content\/uploads\/2013\/11\/zlta.png 20w, https:\/\/www.keturist.sk\/info\/wp-content\/uploads\/2013\/11\/zlta-19x20.png 19w\" sizes=\"auto, (max-width: 20px) 100vw, 20px\" \/> \u017elt\u00e1 turistick\u00e1 trasa ved\u00faca cez <strong>sedlo Roh\u00e1\u010dka (900 m n.m.)<\/strong> na v\u00fdh\u013eadov\u00fd vrch<a href=\"https:\/\/www.keturist.sk\/info\/vrchy-skaly-a-sedla\/vrch-cierna-hora-1025-m-n-m-a-rozsypana-skala\/\"> \u010cierna hora (1025 m n.m.)<\/a>\u00a0a na najvy\u0161\u0161\u00ed vrch pohoria <a href=\"https:\/\/www.keturist.sk\/info\/okolite-hory\/cierna-hora\/\">\u010ciernej hory<\/a> naz\u00fdvan\u00fdm <a href=\"https:\/\/www.keturist.sk\/info\/vrchy-skaly-a-sedla\/rohacka-1028-m-n-m\/\">Roh\u00e1\u010dka (1028 m n.m.)<\/a>.<\/p>\n<figure id=\"attachment_36343\" aria-describedby=\"caption-attachment-36343\" style=\"width: 800px\" class=\"wp-caption aligncenter\"><a href=\"https:\/\/www.keturist.sk\/info\/wp-content\/uploads\/2020\/12\/rohacka4.jpg\"><img loading=\"lazy\" decoding=\"async\" class=\"wp-image-36343 size-full\" src=\"https:\/\/www.keturist.sk\/info\/wp-content\/uploads\/2020\/12\/rohacka4.jpg\" alt=\"\" width=\"800\" height=\"533\" srcset=\"https:\/\/www.keturist.sk\/info\/wp-content\/uploads\/2020\/12\/rohacka4.jpg 800w, https:\/\/www.keturist.sk\/info\/wp-content\/uploads\/2020\/12\/rohacka4-270x180.jpg 270w, https:\/\/www.keturist.sk\/info\/wp-content\/uploads\/2020\/12\/rohacka4-768x512.jpg 768w\" sizes=\"auto, (max-width: 800px) 100vw, 800px\" \/><\/a><figcaption id=\"caption-attachment-36343\" class=\"wp-caption-text\">Razcestn\u00edk na vrchole &#8211; Roh\u00e1\u010dka (1028 m n. m.)<\/figcaption><\/figure>\n<p><strong>Margecany &#8211; vrch Roha\u010dka<\/strong><br \/>\n<span class=\"edgeatext\">Margecany\u00a0 (330 m n.m.) &#8211; Roha\u010dka sedlo\u00a0 (900 m n.m.) <strong>2:00<\/strong> <strong>hod<\/strong> (\u017elt\u00e1 zna\u010dka)<br \/>\nRoha\u010dka sedlo\u00a0 (900 m n.m.) &#8211; Roh\u00e1\u010dka\u00a0(1028 m n.m.) <strong>0:30 hod<\/strong> (\u017elt\u00e1 zna\u010dka)<br \/>\n<strong>V\u00fd\u0161kov\u00e9 prev\u00fd\u0161enie :<\/strong>\u00a0 698 metrov<\/span><br \/>\n<strong>Celkov\u00fd \u010das trasy<\/strong>:\u00a0 2:30 hod<\/p>\n<p><strong>Margecany &#8211; vrch \u010cierna hora<\/strong><br \/>\n<span class=\"edgeatext\">Margecany\u00a0 (330 m n.m.) &#8211; Roha\u010dka sedlo\u00a0 (900 m n.m.)<strong> 2:00 hod<\/strong> (\u017elt\u00e1 zna\u010dka)<br \/>\nRoha\u010dka sedlo\u00a0 (900 m n.m.) &#8211; Roh\u00e1\u010dka\u00a0(1028 m n.m.) <strong>0:30 hod<\/strong> (\u017elt\u00e1 zna\u010dka)<\/span><br \/>\n<span class=\"edgeatext\">Roh\u00e1\u010dka\u00a0(1028 m n.m.) <strong>&#8211; <\/strong>vrch \u010cierna hora a Rozs\u00fdpana skala (1025 m n.m.)\u00a0<strong>0:10 hod<\/strong> (\u017elt\u00e1 zna\u010dka).<br \/>\n<strong>V\u00fd\u0161kov\u00e9 prev\u00fd\u0161enie :<\/strong> 698 metrov<\/span><br \/>\n<strong>Celkov\u00fd \u010das trasy<\/strong>: 2:40 hod<\/p>\n<p>Za\u010dina tu aj\u00a0<img loading=\"lazy\" decoding=\"async\" class=\"alignnone wp-image-21433 size-full\" src=\"https:\/\/www.keturist.sk\/info\/wp-content\/uploads\/2013\/11\/cervena-1.png\" alt=\"\" width=\"20\" height=\"21\" \/> \u010derven\u00e1 turistick\u00e1 trasa, ktor\u00e1 prech\u00e1dza obcou <a href=\"https:\/\/www.keturist.sk\/info\/smer-cierna-hora\/obec-jaklovce\/\">Jaklovce<\/a> a \u010falej pokra\u010duje <a href=\"https:\/\/www.keturist.sk\/info\/okolite-hory\/volovske-vrchy\/\">Volovsk\u00fdmi vrchmi<\/a>.<\/p>\n<figure id=\"attachment_36250\" aria-describedby=\"caption-attachment-36250\" style=\"width: 800px\" class=\"wp-caption aligncenter\"><a href=\"https:\/\/www.keturist.sk\/info\/wp-content\/uploads\/2020\/12\/cierna-hora-vrch.jpeg\"><img loading=\"lazy\" decoding=\"async\" class=\"wp-image-36250 size-medium\" src=\"https:\/\/www.keturist.sk\/info\/wp-content\/uploads\/2020\/12\/cierna-hora-vrch-800x530.jpeg\" alt=\"\" width=\"800\" height=\"530\" srcset=\"https:\/\/www.keturist.sk\/info\/wp-content\/uploads\/2020\/12\/cierna-hora-vrch-800x530.jpeg 800w, https:\/\/www.keturist.sk\/info\/wp-content\/uploads\/2020\/12\/cierna-hora-vrch-270x180.jpeg 270w, https:\/\/www.keturist.sk\/info\/wp-content\/uploads\/2020\/12\/cierna-hora-vrch-768x509.jpeg 768w, https:\/\/www.keturist.sk\/info\/wp-content\/uploads\/2020\/12\/cierna-hora-vrch.jpeg 868w\" sizes=\"auto, (max-width: 800px) 100vw, 800px\" \/><\/a><figcaption id=\"caption-attachment-36250\" class=\"wp-caption-text\">Vrch \u010cierna hora, Zdroj foto: Muro Miron Jesensky (www.eastern-slovakia.com)<\/figcaption><\/figure>\n<p>Celkov\u00fd \u010das do obce <a href=\"https:\/\/www.keturist.sk\/info\/turisticke-vychodiska\/smer-cierna-hora\/obec-jaklovce\/\">Jaklovce<\/a> trv\u00e1 pribli\u017ene 0:30 hod (nasp\u00e4\u0165 0:30hod).<\/p>\n<h4><span style=\"color: #993300;\">Cykloturistika<\/span><\/h4>\n<figure id=\"attachment_42437\" aria-describedby=\"caption-attachment-42437\" style=\"width: 800px\" class=\"wp-caption aligncenter\"><a href=\"https:\/\/www.keturist.sk\/info\/wp-content\/uploads\/2021\/10\/lavka-most-margecany.jpg\"><img loading=\"lazy\" decoding=\"async\" class=\"wp-image-42437 size-medium\" src=\"https:\/\/www.keturist.sk\/info\/wp-content\/uploads\/2021\/10\/lavka-most-margecany-800x534.jpg\" alt=\"\" width=\"800\" height=\"534\" srcset=\"https:\/\/www.keturist.sk\/info\/wp-content\/uploads\/2021\/10\/lavka-most-margecany-800x534.jpg 800w, https:\/\/www.keturist.sk\/info\/wp-content\/uploads\/2021\/10\/lavka-most-margecany-270x180.jpg 270w, https:\/\/www.keturist.sk\/info\/wp-content\/uploads\/2021\/10\/lavka-most-margecany-768x512.jpg 768w, https:\/\/www.keturist.sk\/info\/wp-content\/uploads\/2021\/10\/lavka-most-margecany.jpg 1000w\" sizes=\"auto, (max-width: 800px) 100vw, 800px\" \/><\/a><figcaption id=\"caption-attachment-42437\" class=\"wp-caption-text\">Most cez Ru\u017e\u00edn pre pe\u0161\u00edch i cyklistov, Fotograf: Jozef Mare\u010dek (https:\/\/www.facebook.com\/jozef.marecek.94)<\/figcaption><\/figure>\n<h3><span style=\"color: #808000;\">Hist\u00f3ria<\/span><\/h3>\n<h4><span style=\"color: #993300;\">Margecany<\/span><\/h4>\n<p>Najstar\u0161ia zmienka z 1235 &#8211; 1270, p\u00f4vodne ban\u00edcka osada.<\/p>\n<p>Napriek zna\u010dn\u00e9mu poklesu obyvate\u013eov n\u00e1sledkom morov\u00fdch epid\u00e9mi\u00ed v r. 1662-1710 boli Margecany na konci 18. storo\u010dia u\u017e v\u00fdznamn\u00fdm \u00fazemn\u00fdm s\u00eddlom.<\/p>\n<p>Dokazuje to aj skuto\u010dnos\u0165, \u017ee mali svoju pe\u010da\u0165.<\/p>\n<figure id=\"attachment_38601\" aria-describedby=\"caption-attachment-38601\" style=\"width: 800px\" class=\"wp-caption aligncenter\"><a href=\"https:\/\/www.keturist.sk\/info\/wp-content\/uploads\/2021\/02\/margecany5.jpg\"><img loading=\"lazy\" decoding=\"async\" class=\"wp-image-38601 size-full\" src=\"https:\/\/www.keturist.sk\/info\/wp-content\/uploads\/2021\/02\/margecany5.jpg\" alt=\"\" width=\"800\" height=\"600\" srcset=\"https:\/\/www.keturist.sk\/info\/wp-content\/uploads\/2021\/02\/margecany5.jpg 800w, https:\/\/www.keturist.sk\/info\/wp-content\/uploads\/2021\/02\/margecany5-240x180.jpg 240w, https:\/\/www.keturist.sk\/info\/wp-content\/uploads\/2021\/02\/margecany5-768x576.jpg 768w\" sizes=\"auto, (max-width: 800px) 100vw, 800px\" \/><\/a><figcaption id=\"caption-attachment-38601\" class=\"wp-caption-text\">Margecany &#8211; kostol a Horn\u00e1d<\/figcaption><\/figure>\n<p>Jej vznik je datovan\u00fd rokom 1789.<\/p>\n<p>Na pe\u010dati je zobrazen\u00e1 sv. Margita s troma margar\u00e9tami a n\u00e1pis &#8222;Sigil: Communitatis Margithfalva 1789&#8220;.<\/p>\n<p>Uveden\u00e1 pe\u010da\u0165 je uchovan\u00e1 na listine.<\/p>\n<p>Roku 1918 postihla obec epid\u00e9mia &#8222;\u0160panielskej chr\u00edpky&#8220;.<\/p>\n<p>V roku 1937 bol do obce zaveden\u00fd elektrick\u00fd pr\u00fad.<\/p>\n<p>V roku 1960 sa s obcou administrat\u00edvne spojila osada <strong>Rolov\u00e1 huta<\/strong>.<\/p>\n<p>Rok 1963 bol rokom ve\u013ek\u00fdch zmien.<\/p>\n<p>Za\u010dalo sa s\u0165ahovanie \u013eud\u00ed a v\u00fdstavba vodn\u00e9ho diela Ru\u017e\u00edn.<\/p>\n<p>P\u00f4vodn\u00e1 obec Margecany le\u017eiaca pri koryt\u00e1ch riek Horn\u00e1d a Hnilec zanikla v r.1970.<\/p>\n<p>Z p\u00f4vodn\u00fdch Margecian sa do dne\u0161n\u00fdch \u010dias zachoval len <strong>rimskokatol\u00edcky Kostol sv. Margity<\/strong> a <strong>cement\u00e1re\u0148 V\u00e1penka Margecany<\/strong>.<br \/>\nNov\u00e9 Margecany boli vybudovan\u00e9 na severnom brehu vodnej n\u00e1dr\u017ee <a href=\"https:\/\/www.keturist.sk\/info\/vodopady-jazierka-rieky\/vodna-nadrz-ruzin\/\">Ru\u017e\u00edn<\/a> v 60 rokoch 20. storo\u010dia.<\/p>\n<h4><span style=\"color: #993300;\">Rolov\u00e1 Huta<\/span><\/h4>\n<p>Za\u010diatky os\u00edd\u013eovania osady Rolova Huta nemeck\u00fdmi osadn\u00edkmi siahaj\u00fa do r. 1597 za \u00fa\u010delom zhutnenia meden\u00fdch r\u00fad.<\/p>\n<figure id=\"attachment_38602\" aria-describedby=\"caption-attachment-38602\" style=\"width: 800px\" class=\"wp-caption aligncenter\"><a href=\"https:\/\/www.keturist.sk\/info\/wp-content\/uploads\/2021\/02\/margecany6.jpg\"><img loading=\"lazy\" decoding=\"async\" class=\"wp-image-38602 size-full\" src=\"https:\/\/www.keturist.sk\/info\/wp-content\/uploads\/2021\/02\/margecany6.jpg\" alt=\"\" width=\"800\" height=\"600\" srcset=\"https:\/\/www.keturist.sk\/info\/wp-content\/uploads\/2021\/02\/margecany6.jpg 800w, https:\/\/www.keturist.sk\/info\/wp-content\/uploads\/2021\/02\/margecany6-240x180.jpg 240w, https:\/\/www.keturist.sk\/info\/wp-content\/uploads\/2021\/02\/margecany6-768x576.jpg 768w\" sizes=\"auto, (max-width: 800px) 100vw, 800px\" \/><\/a><figcaption id=\"caption-attachment-38602\" class=\"wp-caption-text\">Rolov\u00e1 Huta<\/figcaption><\/figure>\n<p>Poz\u00fdval ich Anton Roll (1537 \u2013 1612), ktor\u00fd vlastnil majetky v Bajerove, \u017dipove a Rolovej Hute.<\/p>\n<p>V polovici 18. storo\u010dia \u010fal\u0161\u00ed z rodu Rollovcov, \u2013 Anton \u2013 \u0165a\u017eil meden\u00fa rudu v \u00fadol\u00ed Horn\u00e1du poni\u017ee Margecian, kde dal na spracovanie rudy postavi\u0165 hutu.<\/p>\n<p>Osadn\u00edci zalo\u017eili obec, ktor\u00e1 sa pod\u013ea huty naz\u00fdvala F\u00f6nixhuta a\u017e do roku 1919.<\/p>\n<p>Bola to samostatn\u00e1 politick\u00e1 obec.<\/p>\n<p>U\u017e v 16. storo\u010d\u00ed medzi bansk\u00fdmi mestami mala Rolova Huta v\u00fdznamn\u00e9 postavenie, ktor\u00e9 zabezpe\u010dila Rollova rodina.<\/p>\n<p>Anton Roll, odborn\u00edk na h\u013eadanie striebronosn\u00fdch a medenonosn\u00fdch \u017e\u00edl a najv\u00fdznamnej\u0161\u00ed podnikate\u013e v spi\u0161skom medenorudnom ban\u00edctve v 60. rokoch 16. storo\u010dia, dal razi\u0165 mince s vyobrazen\u00fdm mytologick\u00fdm vt\u00e1kom f\u00e9nixom, ktor\u00fd bol symbolom v rodovom erbe Rollovcov.<\/p>\n<p>Rollovci postavili meden\u00e9 h\u00e1mre s tromi pecami.<\/p>\n<p>Bola to najv\u00e4\u010d\u0161ia fabrika na spracovanie medi s ro\u010dnou v\u00fdrobou asi 6700 kg \u010distej medi.<\/p>\n<p>Najstar\u0161\u00edm obchodn\u00edkom v Rolovej Hute bol Viktor Ba\u010dkovsk\u00fd, ktor\u00fd bol v \u010dase prvej \u010ceskoslovenskej republiky richt\u00e1rom.<\/p>\n<p>Tieto slu\u017eby po \u0148om prevzal Matej Hajdu\u010dek, po jeho smrti jeho man\u017eelka.<\/p>\n<p>Nesk\u00f4r bolo v Rolovej Hute vytvoren\u00e9 Potravn\u00e9 dru\u017estvo Jednota, ktor\u00e9 naposledy viedol Franti\u0161ek Hud\u00e1k.<\/p>\n<p>V roku 1951 sa v\u00fdstavbou Trate dru\u017eby v Rolovej Hute zapo\u010dala v\u00fdstavba staveni\u0161tn\u00e9ho zariadenia, postavili sa dielne na opravu strojov, ubytovacie bar\u00e1ky pre robotn\u00edkov, jed\u00e1le\u0148 s kuchy\u0148ou a kult\u00farnou miestnos\u0165ou, \u010dit\u00e1re\u0148 a kni\u017enica, kino.<\/p>\n<p>Bol zriaden\u00fd obchod s textilom, obuvou, potravinami a in\u00fdm spotrebn\u00fdm materi\u00e1lom, s\u00eddlila tam st\u00e1la lek\u00e1rska pohotovos\u0165 a jeden praktick\u00fd i zubn\u00fd lek\u00e1r. Ordin\u00e1cie boli ve\u013emi dobre vybaven\u00e9, mali aj r\u00f6ntgenov\u00fd pr\u00edstroj.<\/p>\n<p>Rolova Huta mala svoju obecn\u00fa spr\u00e1vu do 12. j\u00fana 1960, kedy sa stala s\u00fa\u010das\u0165ou obce Margecany.<\/p>\n<p>Nach\u00e1dzal sa tu <strong>barokov\u00fd ka\u0161tie\u013e<\/strong> z polovice 18. storo\u010dia.<\/p>\n<p>I\u0161lo o 3-kr\u00eddlov\u00fa barokov\u00fa stavbu s rizalitom a sl\u00e1vnostnou s\u00e1lou.<\/p>\n<p>V\u0161etky budovy, ka\u0161tie\u013e, kaplnka a 12 rodinn\u00fdch domov bolo asanovan\u00fdch z d\u00f4vodu v\u00fdstavby vodnej priehrady Ru\u017e\u00edn.<\/p>\n<p>V s\u00fa\u010dasnosti v osade zostala len \u017eelezni\u010dn\u00e1 budova \u2013 dnes Margecany-zast\u00e1vka.<\/p>\n<h3><span style=\"color: #808000;\">Pamiatky<\/span><\/h3>\n<ul>\n<li><a href=\"https:\/\/www.keturist.sk\/info\/technicke-pamiatky\/margecansky-tunel\/\">Margeciansky tunel (\u010d\u00edtaj viac&#8230;)<\/a><\/li>\n<\/ul>\n<ul>\n<li>rimskokatol\u00edcky Kostol sv. Margity<\/li>\n<\/ul>\n<h3><span style=\"color: #808000;\">Pr\u00edroda<\/span><\/h3>\n<ul>\n<li><a href=\"https:\/\/www.keturist.sk\/info\/kam-do-prirody\/prirodna-pamiatka-margecianska-linia\/\">Pr\u00edrodn\u00e1 pamiatka Margecianska l\u00ednia<\/a><\/li>\n<\/ul>\n<ul>\n<li><a href=\"https:\/\/www.keturist.sk\/info\/kam-do-prirody\/rieka-hornad\/\">Rieka Horn\u00e1d (\u010d\u00edtaj viac&#8230;)<\/a><\/li>\n<\/ul>\n<ul>\n<li><a href=\"https:\/\/www.keturist.sk\/info\/vodopady-jazierka-rieky\/rieka-hnilec\/\">Rieka Hnilec (\u010d\u00edtaj viac&#8230;)<\/a><\/li>\n<\/ul>\n<ul>\n<li><a href=\"https:\/\/www.keturist.sk\/info\/vodopady-jazierka-rieky\/vodna-nadrz-ruzin\/\">Ru\u017einsk\u00e1 priehrada (\u010d\u00edtaj viac&#8230;)<\/a><\/li>\n<\/ul>\n<h3><span style=\"color: #808000;\">Zauj\u00edmavosti<\/span><\/h3>\n<ul>\n<li><a href=\"https:\/\/www.keturist.sk\/info\/zaujimavosti-v-okoli\/trat-cervena-skala-margecany\/\">Tra\u0165 \u010cerven\u00e1 Skala \u2013 Margecany (\u010d\u00edtaj viac&#8230;)<\/a><\/li>\n<\/ul>\n<ul>\n<li>Slovensk\u00e1 bansk\u00e1 cesta (\u010d\u00edtaj viac&#8230;)<\/li>\n<\/ul>\n<h3><span style=\"color: #808000;\">Ubytovanie a stravovanie<\/span><\/h3>\n<ul>\n<li><a href=\"http:\/\/keturist.sk\/shop\/kategoria-produktu\/ubytovanie\/cierna-hora\/\" target=\"_blank\" rel=\"noopener\">Ubytovanie (\u010d\u00edtaj viac v novom okne&#8230;)<\/a><\/li>\n<\/ul>\n<ul>\n<li><a href=\"http:\/\/keturist.sk\/shop\/kategoria-produktu\/stravovanie\/cierna-hora-pohorie\/\" target=\"_blank\" rel=\"noopener\">Stravovanie (\u010d\u00edtaj viac v novom okne&#8230;)<\/a><\/li>\n<\/ul>\n<ul>\n<li><a href=\"http:\/\/keturist.sk\/shop\/kategoria-produktu\/sluzby\/wellness\/cierna-hora-w\/\" target=\"_blank\" rel=\"noopener\">Wellness (\u010d\u00edtaj viac v novom okne&#8230;)<\/a><\/li>\n<\/ul>\n<h3><span style=\"color: #808000;\">Mapy<\/span><\/h3>\n<p><strong>Vrstvy: <\/strong>Turistick\u00e1 mapa, Automapa, Cyklomapa, Ly\u017eiarska mapa, Satelitn\u00e1 mapa a OpenStreetMap.<\/p>\n<p><strong>Kliknut\u00edm na logo &#8222;Freemap.sk&#8220; sa V\u00e1m mapa zobraz\u00ed na celej ploche obrazovky.<\/strong><\/p>\n<p><iframe style=\"width: 800px; height: 500px; border: 0;\" src=\"https:\/\/www.freemap.sk\/?map=14\/48.893644\/21.014571&amp;info-point=48.893644\/21.014571,Margecany&amp;layers=T&amp;embed=search\" allowfullscreen=\"allowfullscreen\"><\/iframe>b<\/p>\n<h3><strong><br \/>\n<\/strong><span style=\"color: #808000;\">Po\u010dasie<\/span><\/h3>\n<p><iframe style=\"width: 800px; height: 607px;\" src=\"https:\/\/www.meteoblue.com\/sk\/po%C4%8Dasie\/widget\/three\/margecany_slovensk%c3%a1-republika_724182?geoloc=fixed&amp;nocurrent=0&amp;noforecast=0&amp;days=5&amp;tempunit=CELSIUS&amp;windunit=KILOMETER_PER_HOUR&amp;layout=image\" frameborder=\"0\" scrolling=\"NO\" sandbox=\"allow-same-origin allow-scripts allow-popups allow-popups-to-escape-sandbox\"><span data-mce-type=\"bookmark\" style=\"display: inline-block; width: 0px; overflow: hidden; line-height: 0;\" class=\"mce_SELRES_start\">\ufeff<\/span><\/iframe><\/p>\n<div><!-- DO NOT REMOVE THIS LINK --><a href=\"https:\/\/www.meteoblue.com\/sk\/po%C4%8Dasie\/predpove%C4%8F\/t%C3%BD%C5%BEde%C5%88\/margecany_slovensk%c3%a1-republika_724182?utm_source=weather_widget&amp;utm_medium=linkus&amp;utm_content=three&amp;utm_campaign=Weather%2BWidget\" target=\"_blank\" rel=\"noopener noreferrer\">meteoblue<\/a><\/div>\n","protected":false},"excerpt":{"rendered":"<p>V\u0161eobecn\u00e9 inform\u00e1cie Margecany (ma\u010f. Margitfalva, nem. Margareten) s\u00fa obec na Slovensku v okrese Gelnica. Nadmorsk\u00e1 v\u00fd\u0161ka v strede obce je 330 m, 320-1028 m v chot\u00e1ri. Obec pri s\u00fatoku Hnilca [&hellip;]<\/p>\n","protected":false},"author":1,"featured_media":0,"parent":1779,"menu_order":0,"comment_status":"closed","ping_status":"closed","template":"","meta":{"_uag_custom_page_level_css":"","_monsterinsights_skip_tracking":false,"_monsterinsights_sitenote_active":false,"_monsterinsights_sitenote_note":"","_monsterinsights_sitenote_category":0,"footnotes":""},"class_list":["post-3418","page","type-page","status-publish","hentry"],"featured_image_src":"","featured_image_src_square":false,"rbea_author_info":{"display_name":"admin","author_link":"https:\/\/www.keturist.sk\/info\/author\/admin\/"},"rbea_excerpt_info":"V\u0161eobecn\u00e9 inform\u00e1cie Margecany (ma\u010f. Margitfalva, nem. Margareten) s\u00fa obec na Slovensku v okrese Gelnica. Nadmorsk\u00e1 v\u00fd\u0161ka v strede obce je 330 m, 320-1028 m v chot\u00e1ri. Obec pri s\u00fatoku Hnilca [&hellip;]","uagb_featured_image_src":{"full":false,"thumbnail":false,"medium":false,"medium_large":false,"large":false,"1536x1536":false,"2048x2048":false},"uagb_author_info":{"display_name":"admin","author_link":"https:\/\/www.keturist.sk\/info\/author\/admin\/"},"uagb_comment_info":0,"uagb_excerpt":"V\u0161eobecn\u00e9 inform\u00e1cie Margecany (ma\u010f. Margitfalva, nem. Margareten) s\u00fa obec na Slovensku v okrese Gelnica. Nadmorsk\u00e1 v\u00fd\u0161ka v strede obce je 330 m, 320-1028 m v chot\u00e1ri. Obec pri s\u00fatoku Hnilca [&hellip;]","_links":{"self":[{"href":"https:\/\/www.keturist.sk\/info\/wp-json\/wp\/v2\/pages\/3418","targetHints":{"allow":["GET"]}}],"collection":[{"href":"https:\/\/www.keturist.sk\/info\/wp-json\/wp\/v2\/pages"}],"about":[{"href":"https:\/\/www.keturist.sk\/info\/wp-json\/wp\/v2\/types\/page"}],"author":[{"embeddable":true,"href":"https:\/\/www.keturist.sk\/info\/wp-json\/wp\/v2\/users\/1"}],"replies":[{"embeddable":true,"href":"https:\/\/www.keturist.sk\/info\/wp-json\/wp\/v2\/comments?post=3418"}],"version-history":[{"count":20,"href":"https:\/\/www.keturist.sk\/info\/wp-json\/wp\/v2\/pages\/3418\/revisions"}],"predecessor-version":[{"id":46809,"href":"https:\/\/www.keturist.sk\/info\/wp-json\/wp\/v2\/pages\/3418\/revisions\/46809"}],"up":[{"embeddable":true,"href":"https:\/\/www.keturist.sk\/info\/wp-json\/wp\/v2\/pages\/1779"}],"wp:attachment":[{"href":"https:\/\/www.keturist.sk\/info\/wp-json\/wp\/v2\/media?parent=3418"}],"curies":[{"name":"wp","href":"https:\/\/api.w.org\/{rel}","templated":true}]}}