{"id":339,"date":"2013-08-02T19:14:30","date_gmt":"2013-08-02T17:14:30","guid":{"rendered":"https:\/\/www.keturist.sk\/info\/?page_id=339"},"modified":"2026-01-04T09:04:11","modified_gmt":"2026-01-04T08:04:11","slug":"klastor-premonstratov-kralovsky-dom","status":"publish","type":"page","link":"https:\/\/www.keturist.sk\/info\/kam-za-pamiatkami\/klastor-premonstratov-kralovsky-dom\/","title":{"rendered":"Kl\u00e1\u0161tor premon\u0161tr\u00e1tov \u2013 Kr\u00e1\u013eovsk\u00fd dom &#8211; Ko\u0161ick\u00e1 univerzita"},"content":{"rendered":"<a href=\"https:\/\/www.keturist.sk\/info\/\" class=\"su-button su-button-style-default\" style=\"color:#000000;background-color:#FFCF2F;border-color:#cca626;border-radius:5px\" target=\"_self\"><span style=\"color:#000000;padding:6px 16px;font-size:13px;line-height:20px;border-color:#ffde6e;border-radius:5px;text-shadow:none\"><i class=\"sui sui-arrow-right\" style=\"font-size:13px;color:#000000\"><\/i>  Spravodaj <\/span><\/a>\n<a href=\"https:\/\/www.keturist.sk\/info\/tipy-na-vylety\/\" class=\"su-button su-button-style-default\" style=\"color:#000000;background-color:#FFCF2F;border-color:#cca626;border-radius:5px\" target=\"_self\"><span style=\"color:#000000;padding:6px 16px;font-size:13px;line-height:20px;border-color:#ffde6e;border-radius:5px;text-shadow:none\"><i class=\"sui sui-arrow-right\" style=\"font-size:13px;color:#000000\"><\/i>  TIPY NA V\u00ddLETY <\/span><\/a>\n<a href=\"https:\/\/www.keturist.sk\/info\/kam-za-pamiatkami\/\" class=\"su-button su-button-style-default\" style=\"color:#000000;background-color:#FFCF2F;border-color:#cca626;border-radius:5px\" target=\"_self\"><span style=\"color:#000000;padding:6px 16px;font-size:13px;line-height:20px;border-color:#ffde6e;border-radius:5px;text-shadow:none\"><i class=\"sui sui-arrow-right\" style=\"font-size:13px;color:#000000\"><\/i>  Kam za pamiatkami <\/span><\/a>\n<a href=\"https:\/\/www.keturist.sk\/info\/kam-za-pamiatkami\/kam-za-pamiatkami-smer-kosice\/\" class=\"su-button su-button-style-default\" style=\"color:#000000;background-color:#FFCF2F;border-color:#cca626;border-radius:5px\" target=\"_self\"><span style=\"color:#000000;padding:6px 16px;font-size:13px;line-height:20px;border-color:#ffde6e;border-radius:5px;text-shadow:none\"><i class=\"sui sui-arrow-right\" style=\"font-size:13px;color:#000000\"><\/i>  smer Ko\u0161ice <\/span><\/a>\n<div class=\"su-divider su-divider-style-default\" style=\"margin:15px 0;border-width:0px;border-color:#000000\"><\/div>\n<p><strong>Podkateg\u00f3ria: <\/strong> <a href=\"https:\/\/www.keturist.sk\/info\/kam-za-pamiatkami\/kam-za-pamiatkami-smer-kosice\/historicke-centrum\/\" class=\"su-button su-button-style-default\" style=\"color:#000000;background-color:#afd144;border-color:#8ca837;border-radius:5px\" target=\"_self\"><span style=\"color:#000000;padding:6px 16px;font-size:13px;line-height:20px;border-color:#c7df7d;border-radius:5px;text-shadow:none\"><i class=\"sui sui-arrow-right\" style=\"font-size:13px;color:#000000\"><\/i>  Historick\u00e9 centrum <\/span><\/a>\n<div class=\"su-divider su-divider-style-default\" style=\"margin:15px 0;border-width:0px;border-color:#000000\"><\/div>\n<strong>Lokaliz\u00e1cia: <\/strong><a href=\"https:\/\/www.keturist.sk\/info\/vseobecne-informacie\/\">Ko\u0161ice<\/a> a <a href=\"https:\/\/www.keturist.sk\/info\/turisticke-vychodiska\/strediska-a-centra\/m\">M\u010c Star\u00e9 mesto<\/a><br \/>\n<div class=\"su-divider su-divider-style-default\" style=\"margin:15px 0;border-width:2px;border-color:#000000\"><\/div>\n<figure id=\"attachment_37950\" aria-describedby=\"caption-attachment-37950\" style=\"width: 900px\" class=\"wp-caption aligncenter\"><a href=\"https:\/\/www.keturist.sk\/info\/wp-content\/uploads\/2021\/01\/kralovsky-dom1.jpg\"><img loading=\"lazy\" decoding=\"async\" class=\"wp-image-37950\" src=\"https:\/\/www.keturist.sk\/info\/wp-content\/uploads\/2021\/01\/kralovsky-dom1.jpg\" alt=\"Kl\u00e1\u0161tor premon\u0161tr\u00e1tov\" width=\"900\" height=\"675\" srcset=\"https:\/\/www.keturist.sk\/info\/wp-content\/uploads\/2021\/01\/kralovsky-dom1.jpg 800w, https:\/\/www.keturist.sk\/info\/wp-content\/uploads\/2021\/01\/kralovsky-dom1-240x180.jpg 240w, https:\/\/www.keturist.sk\/info\/wp-content\/uploads\/2021\/01\/kralovsky-dom1-768x576.jpg 768w\" sizes=\"auto, (max-width: 900px) 100vw, 900px\" \/><\/a><figcaption id=\"caption-attachment-37950\" class=\"wp-caption-text\">Kl\u00e1\u0161tor premon\u0161tr\u00e1tov<\/figcaption><\/figure>\n<div class=\"su-divider su-divider-style-default\" style=\"margin:15px 0;border-width:2px;border-color:#000000\"><\/div>\n<p class=\"ds-markdown-paragraph\"><strong>Kl\u00e1\u0161tor premon\u0161tr\u00e1tov<\/strong>\u00a0na Hlavnej ulici \u010d. 67 v Ko\u0161iciach je fascinuj\u00facou stavbou s ve\u013emi pestr\u00fdmi dejinami. P\u00f4vodne i\u0161lo o\u00a0<strong>Kr\u00e1\u013eovsk\u00fd dom<\/strong>, nesk\u00f4r bol\u00a0<strong>jezuitsk\u00fdm kl\u00e1\u0161torom<\/strong>\u00a0a dnes je s\u00eddlom\u00a0<strong>premon\u0161tr\u00e1tskeho r\u00e1du<\/strong>.<\/p>\n<p class=\"ds-markdown-paragraph\">Bol prestavan\u00fd po roku 1654, pri\u010dom bola vyu\u017eita aj p\u00f4vodn\u00e1 gotick\u00e1 stavba \u2013 s\u00eddlo kr\u00e1\u013eovsk\u00e9ho miestodr\u017eite\u013ea. Svoju p\u00f4vodn\u00fa funkciu zast\u00e1val dovtedy, k\u00fdm ju nedarovali vtedy zalo\u017eenej univerzite.<\/p>\n<h2><span style=\"color: #800000;\">Ak\u00e1 je hist\u00f3ria a architekt\u00fara Kl\u00e1\u0161tora premon\u0161tr\u00e1tov?<\/span><\/h2>\n<p class=\"ds-markdown-paragraph\">Odvtedy budovu viackr\u00e1t stavebne upravovali a roz\u0161irovali pr\u00edstavbami. Dne\u0161n\u00e1 \u00faprava\u00a0<strong>fas\u00e1dy<\/strong>\u00a0poch\u00e1dza z 19. storo\u010dia a jej v\u00fdraznej\u0161ou ozdobou je vstupn\u00fd\u00a0<strong>port\u00e1l<\/strong>\u00a0zdoben\u00fd po bokoch pilastrami. P\u00f4vodne, a\u017e do v\u00fdstavby Univerzitn\u00e9ho kostola (postaven\u00fd v rokoch 1671-1681), budova Kr\u00e1\u013eovsk\u00e9ho domu siahala a\u017e po roh ulice.<\/p>\n<h2><span style=\"color: #800000;\">\u010co v\u0161etko s\u00edd\u013ealo v tejto historickej budove?<\/span><\/h2>\n<p class=\"ds-markdown-paragraph\">Od roku 1657 tu mala s\u00eddlo\u00a0<strong>Ko\u0161ick\u00e1 jezuitsk\u00e1 univerzita<\/strong>\u00a0s fakultou teologickou, filozofickou a filologickou. Zriadil ju j\u00e1gersk\u00fd biskup Benedikt Ki\u0161dy. Vyu\u010dovac\u00edm jazykom bola latin\u010dina. P\u00f4sobil tu rad v\u00fdznamn\u00fdch osobnost\u00ed ako\u00a0<strong>Martin Palkovi\u010d, Samuel Timon, \u0160tefan Kaprinai, Karol W\u00e4gner, Juraj Sklen\u00e1r, Michal Lip\u0161ic, Gabriel Serdaheli a Franti\u0161ek Borgia K\u00e9ri<\/strong>.<\/p>\n<p class=\"ds-markdown-paragraph\">Po zru\u0161en\u00ed jezuitsk\u00e9ho r\u00e1du (1773) prevzal budovu i jezuitsk\u00fa univerzitu \u0161t\u00e1t. Nesk\u00f4r sa stala fili\u00e1lkou bud\u00ednskej univerzity s n\u00e1zvom\u00a0<strong>Ko\u0161ick\u00e1 kr\u00e1\u013eovsk\u00e1 akad\u00e9mia<\/strong>. Akad\u00e9mia mala filozofick\u00fa a pr\u00e1vnick\u00fa fakultu. Za Bachovej \u00e9ry ju premenovali na Pr\u00e1vnick\u00fa akad\u00e9miu, ktor\u00fa zru\u0161ili roku 1921.<\/p>\n<h2><span style=\"color: #800000;\">Ak\u00e9 pam\u00e4tn\u00e9 tabule n\u00e1jdeme na prie\u010del\u00ed budovy?<\/span><\/h2>\n<p class=\"ds-markdown-paragraph\">Na prie\u010del\u00ed budovy je\u00a0<strong>pam\u00e4tn\u00e1 tabu\u013ea Jon\u00e1\u0161a Z\u00e1borsk\u00e9ho<\/strong>, ktor\u00fd v rokoch 1849-1850 p\u00f4sobil ako profesor na pr\u00e1vnickej akad\u00e9mii umiestnenej v tejto budove. Tabu\u013ea je dielom akademick\u00e9ho soch\u00e1ra\u00a0<strong>Jozefa Posp\u00ed\u0161ila<\/strong>\u00a0a odhalili ju v roku 1926.<\/p>\n<p class=\"ds-markdown-paragraph\">Na prie\u010del\u00ed tejto budovy je osaden\u00e1 aj \u010fal\u0161ia\u00a0<strong>pam\u00e4tn\u00e1 tabu\u013ea<\/strong>, ktor\u00e1 pripom\u00edna, \u017ee v nej s\u00eddlila Ko\u0161ick\u00e1 univerzita zalo\u017een\u00e1 roku 1657 a potvrden\u00e1 cis\u00e1rom Leopoldom I. roku 1660. T\u00e1to pam\u00e4tn\u00e1 tabu\u013ea je dielom akademick\u00e9ho soch\u00e1ra\u00a0<strong>Alfonza Gromu<\/strong>\u00a0a odhalili ju v roku 1978.<\/p>\n<p class=\"ds-markdown-paragraph\">\u010eal\u0161\u00edmi pam\u00e4tn\u00fdmi tabu\u013eami umiestnen\u00fdmi na prie\u010del\u00ed budovy s\u00fa\u00a0<strong>pam\u00e4tn\u00e1 tabu\u013ea Bar\u00f3ti Szab\u00f3 D\u00e1vid<\/strong>\u00a0a\u00a0<strong>pam\u00e4tn\u00e1 tabu\u013ea Samuel Timon<\/strong>, ktor\u00fd tu predn\u00e1\u0161al v rokoch 1721-1730. Samuel Timon bol r\u00edmskokatol\u00edcky duchovn\u00fd, jezuita, slovensk\u00fd polyhistor, pedag\u00f3g, historik a zakladate\u013e kritickej historiografie.<\/p>\n<h2><span style=\"color: #800000;\">Kto vyu\u017e\u00edva Kl\u00e1\u0161tor premon\u0161tr\u00e1tov dnes?<\/span><\/h2>\n<p class=\"ds-markdown-paragraph\">Dnes patr\u00ed cel\u00fd komplex\u00a0<strong>premon\u0161tr\u00e1tskemu r\u00e1du<\/strong>. V\u00a0<strong>kl\u00e1\u0161tore premon\u0161tr\u00e1tov<\/strong>\u00a0na Hlavnej ulici 67 v Ko\u0161iciach s\u00eddli v roku 2025 prim\u00e1rne\u00a0<strong>premon\u0161tr\u00e1tska komunita<\/strong>\u00a0z Op\u00e1tstva Jasov, ktor\u00e1 spravuje pri\u013eahl\u00fd\u00a0<strong>Premon\u0161tr\u00e1tsky kostol Najsv\u00e4tej\u0161ej Trojice<\/strong>. V budove bol do augusta 2023 aj\u00a0<strong>Gener\u00e1lny konzul\u00e1t Ma\u010farskej republiky v Ko\u0161iciach<\/strong>. Ten sa v roku 2023 pres\u0165ahoval z Hlavnej 67 (Reho\u013en\u00fd dom premon\u0161tr\u00e1tov) do nov\u00e9ho s\u00eddla v Cs\u00e1kyho-Dessewffyho pal\u00e1ci na Hlavnej 39\/72.<\/p>\n<h2><span style=\"color: #800000;\">\u010co st\u00e1lo na mieste Kl\u00e1\u0161tora premon\u0161tr\u00e1tov predt\u00fdm? Hist\u00f3ria Kr\u00e1\u013eovsk\u00e9ho domu<\/span><\/h2>\n<p class=\"ds-markdown-paragraph\">Na mieste, kde dnes stoj\u00ed\u00a0<strong>kl\u00e1\u0161tor premon\u0161tr\u00e1tov<\/strong>\u00a0a Univerzitn\u00fd kostol, st\u00e1l v minulosti\u00a0<strong>Kr\u00e1\u013eovsk\u00fd dom<\/strong>. Prv\u00fdkr\u00e1t sa spom\u00edna u\u017e v 15. storo\u010d\u00ed. Okrem kr\u00e1\u013eovsk\u00fdch \u00faradov sa tu ubytov\u00e1vali kr\u00e1li. Okolo roku 1553 tu bola na\u010das umiestnen\u00e1 aj\u00a0<strong>ko\u0161ick\u00e1 mincov\u0148a<\/strong>.<\/p>\n<p class=\"ds-markdown-paragraph\">Ke\u010f pri \u00c1lmosde\u00a0<strong>Istv\u00e1n Bocskai (\u0160tefan Bo\u010dkaj)<\/strong>\u00a0porazil ko\u0161ick\u00e9ho kapit\u00e1na Barbiana a 28. okt\u00f3bra 1604 obsadil Ko\u0161ice, zriadil si tu svoje s\u00eddlo. Na prie\u010del\u00ed tejto budovy je umiestnen\u00e1\u00a0<strong>pam\u00e4tn\u00e1 tabu\u013ea Istv\u00e1n Bocskai<\/strong>, ktor\u00e1 pripom\u00edna t\u00fato udalos\u0165. Autorom pam\u00e4tnej tabule je soch\u00e1r\u00a0<strong>Juraj Bartusz<\/strong>. V roku 1654 darovali\u00a0<strong>Kr\u00e1\u013eovsk\u00fd dom<\/strong>\u00a0jezuitsk\u00e9mu r\u00e1du.<\/p>\n<h2><span style=\"color: #800000;\">Zauj\u00edmav\u00e9 odkazy<\/span><\/h2>\n<h3><span style=\"color: #808000;\">Kontakty<\/span><\/h3>\n<p><strong>Reho\u013en\u00fd dom premon\u0161tr\u00e1tov<\/strong><br \/>\nHlavn\u00e1 67<br \/>\n044 01 Ko\u0161ice<br \/>\n<strong>Telef\u00f3n:<\/strong> +421 (0)55\/623 36 35<\/p>\n<h3><span style=\"color: #808000;\">Bl\u00edzke stredisko, turistick\u00e9 centrum, obec alebo mesto: <\/span><\/h3>\n<ul>\n<li><a href=\"https:\/\/www.keturist.sk\/info\/strediska-a-centra\/mc-stare-mesto\/\">Ko\u0161ice &#8211; M\u010c Star\u00e9 mesto (\u010d\u00edtaj viac&#8230;)<\/a><\/li>\n<\/ul>\n<h2><span style=\"color: #800000;\">Mapy<\/span><\/h2>\n<p><strong>Vrstvy: <\/strong>Turistick\u00e1 mapa, Automapa, Cyklomapa, Ly\u017eiarska mapa, Satelitn\u00e1 mapa a OpenStreetMap.<\/p>\n<p><strong>Kliknut\u00edm na logo &#8222;Freemap.sk&#8220; sa V\u00e1m mapa zobraz\u00ed na celej ploche obrazovky.<\/strong><\/p>\n<p><iframe style=\"width: 900px; height: 500px; border: 0;\" src=\"https:\/\/www.freemap.sk\/?map=16\/48.722587\/21.257461&amp;info-point=48.722587\/21.257461,Kl\u00e1\u0161tor premon\u0161tr\u00e1tov \u2013 Kr\u00e1\u013eovsk\u00fd dom - Ko\u0161ick\u00e1 univerzita&amp;layers=X&amp;embed=search\" allowfullscreen=\"allowfullscreen\"><span data-mce-type=\"bookmark\" style=\"display: inline-block; width: 0px; overflow: hidden; line-height: 0;\" class=\"mce_SELRES_start\">\ufeff<\/span><\/iframe><\/p>\n<h2><span style=\"color: #800000;\">Po\u010dasie<\/span><\/h2>\n<p><iframe style=\"width: 900px; height: 600px;\" src=\"https:\/\/www.meteoblue.com\/sk\/po%C4%8Dasie\/widget\/three\/ko%c5%a1ice_slovensk%c3%a1-republika_724443?geoloc=fixed&amp;nocurrent=0&amp;noforecast=0&amp;days=5&amp;tempunit=CELSIUS&amp;windunit=KILOMETER_PER_HOUR&amp;layout=image\" frameborder=\"0\" scrolling=\"NO\" sandbox=\"allow-same-origin allow-scripts allow-popups allow-popups-to-escape-sandbox\"><\/iframe><\/p>\n<div><!-- DO NOT REMOVE THIS LINK --><a href=\"https:\/\/www.meteoblue.com\/sk\/po%C4%8Dasie\/predpove%C4%8F\/t%C3%BD%C5%BEde%C5%88\/ko%c5%a1ice_slovensk%c3%a1-republika_724443?utm_source=weather_widget&amp;utm_medium=linkus&amp;utm_content=three&amp;utm_campaign=Weather%2BWidget\" target=\"_blank\" rel=\"noopener\">meteoblue<\/a><\/div>\n","protected":false},"excerpt":{"rendered":"<p>Podkateg\u00f3ria: Lokaliz\u00e1cia: Ko\u0161ice a M\u010c Star\u00e9 mesto Kl\u00e1\u0161tor premon\u0161tr\u00e1tov\u00a0na Hlavnej ulici \u010d. 67 v Ko\u0161iciach je fascinuj\u00facou stavbou s ve\u013emi pestr\u00fdmi dejinami. P\u00f4vodne i\u0161lo o\u00a0Kr\u00e1\u013eovsk\u00fd dom, nesk\u00f4r bol\u00a0jezuitsk\u00fdm kl\u00e1\u0161torom\u00a0a dnes [&hellip;]<\/p>\n","protected":false},"author":1,"featured_media":37950,"parent":51,"menu_order":0,"comment_status":"closed","ping_status":"closed","template":"","meta":{"_uag_custom_page_level_css":"","_monsterinsights_skip_tracking":false,"_monsterinsights_sitenote_active":false,"_monsterinsights_sitenote_note":"","_monsterinsights_sitenote_category":0,"footnotes":""},"class_list":["post-339","page","type-page","status-publish","has-post-thumbnail","hentry"],"featured_image_src":"https:\/\/www.keturist.sk\/info\/wp-content\/uploads\/2021\/01\/kralovsky-dom1.jpg","featured_image_src_square":"https:\/\/www.keturist.sk\/info\/wp-content\/uploads\/2021\/01\/kralovsky-dom1.jpg","rbea_author_info":{"display_name":"admin","author_link":"https:\/\/www.keturist.sk\/info\/author\/admin\/"},"rbea_excerpt_info":"Podkateg\u00f3ria: Lokaliz\u00e1cia: Ko\u0161ice a M\u010c Star\u00e9 mesto Kl\u00e1\u0161tor premon\u0161tr\u00e1tov\u00a0na Hlavnej ulici \u010d. 67 v Ko\u0161iciach je fascinuj\u00facou stavbou s ve\u013emi pestr\u00fdmi dejinami. P\u00f4vodne i\u0161lo o\u00a0Kr\u00e1\u013eovsk\u00fd dom, nesk\u00f4r bol\u00a0jezuitsk\u00fdm kl\u00e1\u0161torom\u00a0a dnes [&hellip;]","uagb_featured_image_src":{"full":["https:\/\/www.keturist.sk\/info\/wp-content\/uploads\/2021\/01\/kralovsky-dom1.jpg",800,600,false],"thumbnail":["https:\/\/www.keturist.sk\/info\/wp-content\/uploads\/2021\/01\/kralovsky-dom1-240x180.jpg",240,180,true],"medium":["https:\/\/www.keturist.sk\/info\/wp-content\/uploads\/2021\/01\/kralovsky-dom1.jpg",800,600,false],"medium_large":["https:\/\/www.keturist.sk\/info\/wp-content\/uploads\/2021\/01\/kralovsky-dom1-768x576.jpg",768,576,true],"large":["https:\/\/www.keturist.sk\/info\/wp-content\/uploads\/2021\/01\/kralovsky-dom1.jpg",800,600,false],"1536x1536":["https:\/\/www.keturist.sk\/info\/wp-content\/uploads\/2021\/01\/kralovsky-dom1.jpg",800,600,false],"2048x2048":["https:\/\/www.keturist.sk\/info\/wp-content\/uploads\/2021\/01\/kralovsky-dom1.jpg",800,600,false]},"uagb_author_info":{"display_name":"admin","author_link":"https:\/\/www.keturist.sk\/info\/author\/admin\/"},"uagb_comment_info":0,"uagb_excerpt":"Podkateg\u00f3ria: Lokaliz\u00e1cia: Ko\u0161ice a M\u010c Star\u00e9 mesto Kl\u00e1\u0161tor premon\u0161tr\u00e1tov\u00a0na Hlavnej ulici \u010d. 67 v Ko\u0161iciach je fascinuj\u00facou stavbou s ve\u013emi pestr\u00fdmi dejinami. P\u00f4vodne i\u0161lo o\u00a0Kr\u00e1\u013eovsk\u00fd dom, nesk\u00f4r bol\u00a0jezuitsk\u00fdm kl\u00e1\u0161torom\u00a0a dnes [&hellip;]","_links":{"self":[{"href":"https:\/\/www.keturist.sk\/info\/wp-json\/wp\/v2\/pages\/339","targetHints":{"allow":["GET"]}}],"collection":[{"href":"https:\/\/www.keturist.sk\/info\/wp-json\/wp\/v2\/pages"}],"about":[{"href":"https:\/\/www.keturist.sk\/info\/wp-json\/wp\/v2\/types\/page"}],"author":[{"embeddable":true,"href":"https:\/\/www.keturist.sk\/info\/wp-json\/wp\/v2\/users\/1"}],"replies":[{"embeddable":true,"href":"https:\/\/www.keturist.sk\/info\/wp-json\/wp\/v2\/comments?post=339"}],"version-history":[{"count":5,"href":"https:\/\/www.keturist.sk\/info\/wp-json\/wp\/v2\/pages\/339\/revisions"}],"predecessor-version":[{"id":73016,"href":"https:\/\/www.keturist.sk\/info\/wp-json\/wp\/v2\/pages\/339\/revisions\/73016"}],"up":[{"embeddable":true,"href":"https:\/\/www.keturist.sk\/info\/wp-json\/wp\/v2\/pages\/51"}],"wp:featuredmedia":[{"embeddable":true,"href":"https:\/\/www.keturist.sk\/info\/wp-json\/wp\/v2\/media\/37950"}],"wp:attachment":[{"href":"https:\/\/www.keturist.sk\/info\/wp-json\/wp\/v2\/media?parent=339"}],"curies":[{"name":"wp","href":"https:\/\/api.w.org\/{rel}","templated":true}]}}