{"id":33182,"date":"2020-06-06T15:29:59","date_gmt":"2020-06-06T13:29:59","guid":{"rendered":"https:\/\/www.keturist.sk\/info\/?page_id=33182"},"modified":"2026-04-21T06:42:35","modified_gmt":"2026-04-21T04:42:35","slug":"zeliarsky-dom-v-budimire","status":"publish","type":"page","link":"https:\/\/www.keturist.sk\/info\/kam-za-pamiatkami\/kam-za-pamiatkami-kosicka-kotlina\/zeliarsky-dom-v-budimire\/","title":{"rendered":"\u017deliarsky dom v Budim\u00edre"},"content":{"rendered":"<a href=\"https:\/\/www.keturist.sk\/info\/\" class=\"su-button su-button-style-default\" style=\"color:#000000;background-color:#FFCF2F;border-color:#cca626;border-radius:5px\" target=\"_self\"><span style=\"color:#000000;padding:6px 16px;font-size:13px;line-height:20px;border-color:#ffde6e;border-radius:5px;text-shadow:none\"><i class=\"sui sui-arrow-right\" style=\"font-size:13px;color:#000000\"><\/i>  Spravodaj <\/span><\/a>\n<a href=\"https:\/\/www.keturist.sk\/info\/sport-a-kultura\/\" class=\"su-button su-button-style-default\" style=\"color:#000000;background-color:#FFCF2F;border-color:#cca626;border-radius:5px\" target=\"_self\"><span style=\"color:#000000;padding:6px 16px;font-size:13px;line-height:20px;border-color:#ffde6e;border-radius:5px;text-shadow:none\"><i class=\"sui sui-arrow-right\" style=\"font-size:13px;color:#000000\"><\/i>  Aktivity, kult\u00fara, hist\u00f3ria&#8230; <\/span><\/a>\n<a href=\"https:\/\/www.keturist.sk\/info\/sport-a-kultura\/muzea-kultura\/\" class=\"su-button su-button-style-default\" style=\"color:#000000;background-color:#FFCF2F;border-color:#cca626;border-radius:5px\" target=\"_self\"><span style=\"color:#000000;padding:6px 16px;font-size:13px;line-height:20px;border-color:#ffde6e;border-radius:5px;text-shadow:none\"><i class=\"sui sui-arrow-right\" style=\"font-size:13px;color:#000000\"><\/i>  M\u00faze\u00e1, kult\u00fara&#8230; <\/span><\/a>\n<div class=\"su-divider su-divider-style-default\" style=\"margin:15px 0;border-width:0px;border-color:#000000\"><\/div>\n<p><strong>Podkateg\u00f3ria: <\/strong> <a href=\"https:\/\/www.keturist.sk\/info\/sport-a-kultura\/muzea-kultura\/muzea\/\" class=\"su-button su-button-style-default\" style=\"color:#000000;background-color:#afd144;border-color:#8ca837;border-radius:5px\" target=\"_self\"><span style=\"color:#000000;padding:6px 16px;font-size:13px;line-height:20px;border-color:#c7df7d;border-radius:5px;text-shadow:none\"><i class=\"sui sui-arrow-right\" style=\"font-size:13px;color:#000000\"><\/i>  M\u00faze\u00e1 <\/span><\/a>\n<p><strong>Lokaliz\u00e1cia: <\/strong><a href=\"https:\/\/www.keturist.sk\/info\/kam-do-prirody\/kosicka-kotlina\/\">Ko\u0161ick\u00e1 kotlina<\/a><\/p>\n<div class=\"su-divider su-divider-style-default\" style=\"margin:15px 0;border-width:2px;border-color:#000000\"><\/div>\n<a href=\"https:\/\/www.keturist.sk\/info\/\" class=\"su-button su-button-style-default\" style=\"color:#000000;background-color:#FFCF2F;border-color:#cca626;border-radius:5px\" target=\"_self\"><span style=\"color:#000000;padding:6px 16px;font-size:13px;line-height:20px;border-color:#ffde6e;border-radius:5px;text-shadow:none\"><i class=\"sui sui-arrow-right\" style=\"font-size:13px;color:#000000\"><\/i>  Spravodaj <\/span><\/a>\n<a href=\"https:\/\/www.keturist.sk\/info\/kam-za-pamiatkami\/\" class=\"su-button su-button-style-default\" style=\"color:#000000;background-color:#FFCF2F;border-color:#cca626;border-radius:5px\" target=\"_self\"><span style=\"color:#000000;padding:6px 16px;font-size:13px;line-height:20px;border-color:#ffde6e;border-radius:5px;text-shadow:none\"><i class=\"sui sui-arrow-right\" style=\"font-size:13px;color:#000000\"><\/i>  Kam za pamiatkami <\/span><\/a>\n<a href=\"https:\/\/www.keturist.sk\/info\/kam-za-pamiatkami\/kam-za-pamiatkami-kosicka-kotlina\/\" class=\"su-button su-button-style-default\" style=\"color:#000000;background-color:#FFCF2F;border-color:#cca626;border-radius:5px\" target=\"_self\"><span style=\"color:#000000;padding:6px 16px;font-size:13px;line-height:20px;border-color:#ffde6e;border-radius:5px;text-shadow:none\"><i class=\"sui sui-arrow-right\" style=\"font-size:13px;color:#000000\"><\/i>  smer Ko\u0161ick\u00e1 kotlina <\/span><\/a>\n<div class=\"su-divider su-divider-style-default\" style=\"margin:15px 0;border-width:0px;border-color:#000000\"><\/div>\n<strong>Podkateg\u00f3ria:<\/strong> <span style=\"color: #ff0000;\"><strong>\u013dudov\u00e1 architekt\u00fara<\/strong><\/span><br \/>\n<div class=\"su-divider su-divider-style-default\" style=\"margin:15px 0;border-width:0px;border-color:#000000\"><\/div>\n<strong>Lokaliz\u00e1cia: <\/strong><a href=\"https:\/\/www.keturist.sk\/info\/kam-do-prirody\/kosicka-kotlina\/\">Ko\u0161ick\u00e1 kotlina<\/a><\/p>\n<div class=\"su-divider su-divider-style-default\" style=\"margin:15px 0;border-width:2px;border-color:#000000\"><\/div>\n<figure id=\"attachment_33211\" aria-describedby=\"caption-attachment-33211\" style=\"width: 900px\" class=\"wp-caption aligncenter\"><a href=\"https:\/\/www.keturist.sk\/info\/wp-content\/uploads\/2020\/06\/zeliarsky1.jpg\"><img loading=\"lazy\" decoding=\"async\" class=\"style= wp-image-33211\" src=\"https:\/\/www.keturist.sk\/info\/wp-content\/uploads\/2020\/06\/zeliarsky1-800x450.jpg\" alt=\"\u017deliarsky dom v Budim\u00edre\" width=\"900\" height=\"506\" srcset=\"https:\/\/www.keturist.sk\/info\/wp-content\/uploads\/2020\/06\/zeliarsky1-800x450.jpg 800w, https:\/\/www.keturist.sk\/info\/wp-content\/uploads\/2020\/06\/zeliarsky1-270x152.jpg 270w, https:\/\/www.keturist.sk\/info\/wp-content\/uploads\/2020\/06\/zeliarsky1-768x432.jpg 768w, https:\/\/www.keturist.sk\/info\/wp-content\/uploads\/2020\/06\/zeliarsky1-1200x675.jpg 1200w, https:\/\/www.keturist.sk\/info\/wp-content\/uploads\/2020\/06\/zeliarsky1.jpg 1440w\" sizes=\"auto, (max-width: 900px) 100vw, 900px\" \/><\/a><figcaption id=\"caption-attachment-33211\" class=\"wp-caption-text\">\u017deliarsky dom v Budim\u00edre, Fotograf: Ing. Zuzana K\u0161en\u017eighov\u00e1<\/figcaption><\/figure>\n<div class=\"su-divider su-divider-style-default\" style=\"margin:15px 0;border-width:2px;border-color:#000000\"><\/div>\n<h2 data-path-to-node=\"2\"><span style=\"color: #800000;\">Chcete za\u017ei\u0165 skuto\u010dn\u00fd stroj \u010dasu a dotkn\u00fa\u0165 sa stien, ktor\u00e9 d\u00fdchaj\u00fa hist\u00f3riou starou tristo rokov?<\/span><\/h2>\n<p data-path-to-node=\"3\">Zabudnite na nabl\u00fdskan\u00e9 skanzeny a steriln\u00e9 m\u00faze\u00e1. Predstavte si miesto, kde sa r\u00e1no nezap\u00edna k\u00e1vovar, ale prask\u00e1 drevo v peci, a kde pod nohami nec\u00edtite lamin\u00e1t, ale prav\u00fa zem upraven\u00fa tak, ako to robili na\u0161i predkovia pred st\u00e1ro\u010diami. <b data-path-to-node=\"3\" data-index-in-node=\"237\">\u017deliarsky dom v Budim\u00edre<\/b>, zn\u00e1my ako \u201ebelava chi\u0161ka\u201c, je fascinuj\u00facim \u00fakazom, ktor\u00fd pre\u017eil dynamiku modern\u00e9ho sveta bez jedinej elektrickej z\u00e1suvky \u010di vodovodn\u00e9ho koh\u00fatika.<\/p>\n<p data-path-to-node=\"4\">Je to pr\u00edbeh o nezlomnosti materi\u00e1lu a l\u00e1ske k trad\u00edcii. Ako mohla stavba bez pevn\u00fdch z\u00e1kladov, postaven\u00e1 len z kame\u0148a a blata, pre\u010dka\u0165 b\u00farliv\u00e9 storo\u010dia a n\u00e1jazdy moderniz\u00e1cie? \u010co viedlo s\u00fa\u010dasn\u00fdch majite\u013eov k tomu, aby desa\u0165 rokov hol\u00fdmi rukami zachra\u0148ovali ruinu, v ktorej kedysi \u017eili gener\u00e1cie \u017eeliarov?<\/p>\n<p data-path-to-node=\"5\">Vst\u00fapte do sveta \u201ebabki Strakovej\u201c, kde ka\u017ed\u00fd tr\u00e1m rozpr\u00e1va o drine na panskom a ka\u017ed\u00e1 \u201ecikca\u010dkov\u00e1 cifra\u201c na fas\u00e1de sved\u010d\u00ed o zmysle pre kr\u00e1su aj v tej najv\u00e4\u010d\u0161ej chudobe. <b data-path-to-node=\"5\" data-index-in-node=\"170\">Pre\u010d\u00edtajte si nasleduj\u00face riadky a objavte unik\u00e1tny \u017deliarsky dom v Budim\u00edre \u2013 miesto, ktor\u00e9 v\u00e1s nau\u010d\u00ed pokore a uk\u00e1\u017ee v\u00e1m skuto\u010dn\u00fa tv\u00e1r na\u0161ej minulosti.<\/b><\/p>\n<h2 class=\"ds-markdown-paragraph\"><span style=\"color: #800000;\">\u010co je \u017deliarsky dom v Budim\u00edre a ak\u00fa m\u00e1 hist\u00f3riu?<\/span><\/h2>\n<p class=\"ds-markdown-paragraph\"><strong>\u017deliarsky dom v Budim\u00edre<\/strong>, \u013eudovo naz\u00fdvan\u00fd aj \u201ebelava chi\u0161ka babki Strakovej\u201c, je nen\u00e1padn\u00e1 stavba ved\u013ea hlavnej cesty z Ko\u0161\u00edc do Pre\u0161ova. Poch\u00e1dza pravdepodobne z 18. alebo 19. storo\u010dia a jej presn\u00fd vek, ktor\u00fd sa m\u00f4\u017ee pohybova\u0165 od 200 do 300 a viac rokov, nie je zn\u00e1my.<\/p>\n<p class=\"ds-markdown-paragraph\">O tak\u00fdchto\u00a0<strong>\u013eudov\u00fdch objektoch<\/strong>\u00a0sa, na rozdiel od \u0161\u013eachtick\u00fdch s\u00eddiel, neved\u00fa presn\u00e9 z\u00e1znamy o v\u00fdstavbe \u010di prestavb\u00e1ch.<\/p>\n<h2 class=\"ds-markdown-paragraph\"><span style=\"color: #800000;\">Pre\u010do je \u017deliarsky dom v Budim\u00edre tak\u00fd autentick\u00fd a \u010do ho rob\u00ed unik\u00e1tnym?<\/span><\/h2>\n<p class=\"ds-markdown-paragraph\">Podstatn\u00e9 je, \u017ee t\u00e1to <strong>historick\u00e1 chalupa<\/strong>\u00a0stoj\u00ed na p\u00f4vodnom mieste a takmer v p\u00f4vodnom stave, okrem strechy. Nem\u00e1 \u017eiadne z\u00e1sadn\u00e9 modern\u00e9 \u00fapravy,\u00a0<strong>p\u00f4vodn\u00e9 dvere a okn\u00e1<\/strong>\u00a0a ch\u00fdbaj\u00fa pr\u00edpojky na elektrinu, plyn \u010di vodu. Je to\u00a0<strong>autentick\u00e1 \u013eudov\u00e1 architekt\u00fara<\/strong>.<\/p>\n<p class=\"ds-markdown-paragraph\">Medzi jej najv\u00e4\u010d\u0161ie unik\u00e1ty patr\u00ed\u00a0<strong>p\u00f4vodn\u00e1 hlinen\u00e1 podlaha<\/strong>\u00a0v prednej izbe, \u013eudovo naz\u00fdvan\u00e1 \u201ezapu\u015b\u010dana s kravencom\u201c. Je vyroben\u00e1 z udupanej hliny vyhladenej mazanicou, \u010do je zmes blata, pliev a kravsk\u00fdch lajen. Vylepen\u00e1 blatom je aj povala, kde hr\u00fabka poteru dosahuje a\u017e 10 cm.\u00a0<strong>Dom nem\u00e1 pevn\u00e9 z\u00e1klady<\/strong>\u00a0a je postaven\u00fd na \u0161tiepanej bridlici obsypanej such\u00fdm \u0161trkom.<\/p>\n<h2 class=\"ds-markdown-paragraph\"><span style=\"color: #800000;\">Ako bola postaven\u00e1 t\u00e1to tradi\u010dn\u00e1 stavba?<\/span><\/h2>\n<p class=\"ds-markdown-paragraph\">Obvodov\u00e9 m\u00fary s\u00fa z neopracovan\u00fdch <strong>pieskovcov\u00fdch kame\u0148ov<\/strong>\u00a0spevnen\u00fdch iba blatom, bez v\u00e1pnenej malty.<\/p>\n<p class=\"ds-markdown-paragraph\">Nie s\u00fa zvisl\u00e9 \u2013 s\u00fa murovan\u00e9 \u201edo konusu\u201c, tak\u017ee hore pod strechou maj\u00fa hr\u00fabku 55 cm a dole takmer 70 cm. \u010celn\u00fa fas\u00e1du a lemy oken\u00edc spestruje typick\u00fd\u00a0<strong>budim\u00edrsky \u0161tukov\u00fd ornament<\/strong>\u00a0\u201ecikca\u010dkovima ciframi\u201c. Prie\u010dna strie\u0161ka nad prie\u010del\u00edm, naz\u00fdvan\u00e1 \u201eda\u0161ek\u201c, je prikryt\u00e1\u00a0<strong>dreven\u00fdm \u0161ind\u013eom<\/strong>.<\/p>\n<h2 class=\"ds-markdown-paragraph\"><span style=\"color: #800000;\">Kto b\u00fdval v \u017deliarskom dome v Budim\u00edre a ak\u00fd mal \u00fa\u010del?<\/span><\/h2>\n<p class=\"ds-markdown-paragraph\">Aj ke\u010f to nevyzer\u00e1, ide o <strong>pansk\u00fa stavbu<\/strong>. Tak\u00fdchto domov bolo po 2. svetovej vojne v Budim\u00edre nieko\u013eko. P\u00f4vodne sl\u00fa\u017eili ako\u00a0<strong>podn\u00e1jomn\u00e9 byty pre \u017eeliarov<\/strong>\u00a0\u2013 sez\u00f3nnych robotn\u00edkov, naz\u00fdvan\u00fdch aj \u201ekomencija\u0161i\u201c. V jednom dome b\u00fdvalo aj nieko\u013eko rod\u00edn, ktor\u00e9 za n\u00e1jom (\u201ekvarte\u013e\u201c) museli odpracova\u0165 ur\u010den\u00fd po\u010det dn\u00ed na p\u00e1nskom.<\/p>\n<p class=\"ds-markdown-paragraph\">Poslednou st\u00e1lou obyvate\u013ekou bola\u00a0<strong>babka Strakov\u00e1<\/strong>\u00a0(nar. 1908), ktor\u00e1 tu \u017eila od svojho ovdovenia v roku 1958. Pr\u00e1ve v\u010faka tomu sa na dome takmer 50 rokov ni\u010d nemenilo. Po jej smrti v roku 1998 dom ch\u00e1tral.<\/p>\n<h2 class=\"ds-markdown-paragraph\"><span style=\"color: #800000;\">V akom stave bol \u017deliarsky dom v Budim\u00edre pri k\u00fape a ako prebiehala jeho obnova?<\/span><\/h2>\n<p class=\"ds-markdown-paragraph\">Ke\u010f ho v roku 2003 k\u00fapili s\u00fa\u010dasn\u00ed majitelia, i\u0161lo o <strong>staticky naru\u0161en\u00fa ruinu<\/strong>\u00a0s deravou strechou a prevalen\u00fdm stropom.\u00a0<strong>Postupn\u00e1 oprava<\/strong>\u00a0domu prebieha pribli\u017ene desa\u0165 rokov a d\u00f4sledne\u00a0<strong>v\u00fdlu\u010dne klasick\u00fdmi postupmi<\/strong>\u00a0a ru\u010dne, bez modern\u00fdch technol\u00f3gi\u00ed, energi\u00ed a s\u00fa\u010dasn\u00fdch stavebn\u00fdch materi\u00e1lov.<\/p>\n<p class=\"ds-markdown-paragraph\">Pr\u00e1chniv\u00e9 tr\u00e1my a dosky boli nahraden\u00e9\u00a0<strong>stavebn\u00fdm drevom<\/strong>\u00a0z asanovan\u00fdch star\u00fdch domov, \u0161\u00f4p a stod\u00f4l.<\/p>\n<h2 class=\"ds-markdown-paragraph\"><span style=\"color: #800000;\">\u010co v\u0161etko m\u00f4\u017eete vidie\u0165 v interi\u00e9ri a na dvore tejto \u013eudovej pamiatky?<\/span><\/h2>\n<p class=\"ds-markdown-paragraph\">V <strong>interi\u00e9ri<\/strong>\u00a0sa okrem dobov\u00e9ho zariadenia nach\u00e1dza bohat\u00e1\u00a0<strong>zbierka gazdovsk\u00e9ho n\u00e1radia a n\u00e1\u010dinia<\/strong>\u00a0\u2013 k\u00fadele, keramika, rezb\u00e1rske v\u00fdrobky, konsk\u00e9 postroje, zvonce, tk\u00e1\u010dske a kov\u00e1\u010dske v\u00fdrobky.\u00a0<strong>Pozemok<\/strong>\u00a0o rozlohe necel\u00fdch \u0161tyroch \u00e1rov je ohraden\u00fd klasick\u00fdm dreven\u00fdm \u201e\u0161tachetkovim\u201c plotom.<\/p>\n<p class=\"ds-markdown-paragraph\">Okrem domu sa tu nach\u00e1dza dvor s\u00a0<strong>klasickou stud\u0148ou na rump\u00e1l<\/strong>\u00a0(\u201estud\u0148a s korbu\u201c), \u0161opa so zbierkou po\u013enohospod\u00e1rskeho n\u00e1radia, pr\u00edprav\u0148a dreva (\u201enato\u0148\u201c), otvoren\u00e1 pec (\u201e\u0161mik\u0148a\u201c) a na brie\u017eku\u00a0<strong>tradi\u010dn\u00e1 dreven\u00e1 latr\u00edna<\/strong>\u00a0(\u201ebudar\u201c). Na ju\u017enom okraji dvora stoj\u00ed\u00a0<strong>kaplnka<\/strong>\u00a0(\u201ekap\u013ei\u010dka\u201c) so slne\u010dn\u00fdmi hodinami.<\/p>\n<h2><span style=\"color: #800000;\">Fotogal\u00e9ria<\/span><\/h2>\n<style type=\"text\/css\">\n#foogallery-gallery-72568 .fg-image { width: 200px; }<\/style>\n\t\t\t<div class=\"foogallery foogallery-container foogallery-carousel foogallery-lightbox-foogallery fg-carousel fg-ready fg-light fg-border-medium fg-round-small fg-shadow-medium fg-loading-default fg-loaded-fade-in fg-hover-semi-zoomed fg-hover-fade fg-hover-circle-plus2\" id=\"foogallery-gallery-72568\" data-foogallery=\"{&quot;item&quot;:{&quot;showCaptionTitle&quot;:true,&quot;showCaptionDescription&quot;:true},&quot;lazy&quot;:true,&quot;template&quot;:{&quot;maxItems&quot;:5,&quot;scale&quot;:0.11999999999999999555910790149937383830547332763671875,&quot;gutter&quot;:{&quot;min&quot;:-40,&quot;max&quot;:-20,&quot;unit&quot;:&quot;%&quot;},&quot;autoplay&quot;:{&quot;time&quot;:0,&quot;interaction&quot;:&quot;pause&quot;},&quot;centerOnClick&quot;:true,&quot;align&quot;:&quot;center&quot;,&quot;activePosition&quot;:&quot;center&quot;}}\" data-foogallery-lightbox=\"{&quot;thumbs&quot;:&quot;bottom&quot;,&quot;thumbsCaptions&quot;:false,&quot;thumbsBestFit&quot;:false,&quot;thumbsSmall&quot;:false,&quot;thumbsCaptionsAlign&quot;:&quot;default&quot;,&quot;info&quot;:&quot;bottom&quot;,&quot;infoVisible&quot;:true,&quot;infoOverlay&quot;:true,&quot;infoAlign&quot;:&quot;default&quot;,&quot;transition&quot;:&quot;fade&quot;,&quot;hoverButtons&quot;:false,&quot;fitMedia&quot;:false,&quot;noScrollbars&quot;:true,&quot;preserveButtonSpace&quot;:true,&quot;buttons&quot;:{&quot;fullscreen&quot;:true,&quot;info&quot;:true,&quot;thumbs&quot;:false},&quot;video&quot;:{&quot;autoPlay&quot;:true}}\" style=\"--fg-title-line-clamp: 1; --fg-description-line-clamp: 2;\" >\n\t<button type=\"button\" class=\"fg-carousel-prev\" title=\"Previous\"><\/button>\n\t<div class=\"fg-carousel-inner\">\n\t\t<div class=\"fg-carousel-center\"><\/div>\n\t\t<div class=\"fg-item fg-type-image fg-idle\"><figure class=\"fg-item-inner\"><a href=\"https:\/\/www.keturist.sk\/info\/wp-content\/uploads\/2020\/06\/zeliarsky1.jpg\" data-caption-title=\"\u017deliarsky dom v Budim\u00edre\" data-caption-desc=\"\u017deliarsky dom v Budim\u00edre, Fotograf: Ing. Zuzana K\u0161en\u017eighov\u00e1\" data-attachment-id=\"33211\" data-type=\"image\" class=\"fg-thumb\"><span class=\"fg-image-wrap\"><img decoding=\"async\" alt=\"\u017deliarsky dom v Budim\u00edre\" title=\"\u017deliarsky dom v Budim\u00edre\" width=\"200\" height=\"200\" class=\"skip-lazy fg-image\" data-src-fg=\"https:\/\/www.keturist.sk\/info\/wp-content\/uploads\/cache\/2020\/06\/zeliarsky1\/354847457.jpg\" src=\"data:image\/svg+xml,%3Csvg%20xmlns%3D%22http%3A%2F%2Fwww.w3.org%2F2000%2Fsvg%22%20width%3D%22200%22%20height%3D%22200%22%20viewBox%3D%220%200%20200%20200%22%3E%3C%2Fsvg%3E\" loading=\"eager\"><\/span><span class=\"fg-image-overlay\"><\/span><\/a><figcaption class=\"fg-caption\"><div class=\"fg-caption-inner\"><div class=\"fg-caption-title\">\u017deliarsky dom v Budim\u00edre<\/div><div class=\"fg-caption-desc\">\u017deliarsky dom v Budim\u00edre, Fotograf: Ing. Zuzana K\u0161en\u017eighov\u00e1<\/div><\/div><\/figcaption><\/figure><div class=\"fg-loader\"><\/div><\/div><div class=\"fg-item fg-type-image fg-idle\"><figure class=\"fg-item-inner\"><a href=\"https:\/\/www.keturist.sk\/info\/wp-content\/uploads\/2020\/06\/zeliarsky2.jpg\" data-caption-title=\"\u017deliarsky dom v Budim\u00edre\" data-caption-desc=\"\u017deliarsky dom v Budim\u00edre, Fotograf: Ing. Zuzana K\u0161en\u017eighov\u00e1\" data-attachment-id=\"33210\" data-type=\"image\" class=\"fg-thumb\"><span class=\"fg-image-wrap\"><img decoding=\"async\" alt=\"\u017deliarsky dom v Budim\u00edre\" title=\"\u017deliarsky dom v Budim\u00edre\" width=\"200\" height=\"200\" class=\"skip-lazy fg-image\" data-src-fg=\"https:\/\/www.keturist.sk\/info\/wp-content\/uploads\/cache\/2020\/06\/zeliarsky2\/1583497305.jpg\" src=\"data:image\/svg+xml,%3Csvg%20xmlns%3D%22http%3A%2F%2Fwww.w3.org%2F2000%2Fsvg%22%20width%3D%22200%22%20height%3D%22200%22%20viewBox%3D%220%200%20200%20200%22%3E%3C%2Fsvg%3E\" loading=\"eager\"><\/span><span class=\"fg-image-overlay\"><\/span><\/a><figcaption class=\"fg-caption\"><div class=\"fg-caption-inner\"><div class=\"fg-caption-title\">\u017deliarsky dom v Budim\u00edre<\/div><div class=\"fg-caption-desc\">\u017deliarsky dom v Budim\u00edre, Fotograf: Ing. Zuzana K\u0161en\u017eighov\u00e1<\/div><\/div><\/figcaption><\/figure><div class=\"fg-loader\"><\/div><\/div><div class=\"fg-item fg-type-image fg-idle\"><figure class=\"fg-item-inner\"><a href=\"https:\/\/www.keturist.sk\/info\/wp-content\/uploads\/2020\/06\/zeliarsky4.jpg\" data-caption-title=\"\u017deliarsky dom v Budim\u00edre\" data-caption-desc=\"\u017deliarsky dom v Budim\u00edre, Fotograf: Ing. Zuzana K\u0161en\u017eighov\u00e1\" data-attachment-id=\"33209\" data-type=\"image\" class=\"fg-thumb\"><span class=\"fg-image-wrap\"><img decoding=\"async\" alt=\"\u017deliarsky dom v Budim\u00edre\" title=\"\u017deliarsky dom v Budim\u00edre\" width=\"200\" height=\"200\" class=\"skip-lazy fg-image\" data-src-fg=\"https:\/\/www.keturist.sk\/info\/wp-content\/uploads\/cache\/2020\/06\/zeliarsky4\/2266866094.jpg\" src=\"data:image\/svg+xml,%3Csvg%20xmlns%3D%22http%3A%2F%2Fwww.w3.org%2F2000%2Fsvg%22%20width%3D%22200%22%20height%3D%22200%22%20viewBox%3D%220%200%20200%20200%22%3E%3C%2Fsvg%3E\" loading=\"eager\"><\/span><span class=\"fg-image-overlay\"><\/span><\/a><figcaption class=\"fg-caption\"><div class=\"fg-caption-inner\"><div class=\"fg-caption-title\">\u017deliarsky dom v Budim\u00edre<\/div><div class=\"fg-caption-desc\">\u017deliarsky dom v Budim\u00edre, Fotograf: Ing. Zuzana K\u0161en\u017eighov\u00e1<\/div><\/div><\/figcaption><\/figure><div class=\"fg-loader\"><\/div><\/div><div class=\"fg-item fg-type-image fg-idle\"><figure class=\"fg-item-inner\"><a href=\"https:\/\/www.keturist.sk\/info\/wp-content\/uploads\/2020\/06\/zeliarsky5.jpg\" data-caption-title=\"\u017deliarsky dom v Budim\u00edre\" data-caption-desc=\"\u017deliarsky dom v Budim\u00edre, Fotograf: Ing. Zuzana K\u0161en\u017eighov\u00e1\" data-attachment-id=\"33208\" data-type=\"image\" class=\"fg-thumb\"><span class=\"fg-image-wrap\"><img decoding=\"async\" alt=\"\u017deliarsky dom v Budim\u00edre\" title=\"\u017deliarsky dom v Budim\u00edre\" width=\"200\" height=\"200\" class=\"skip-lazy fg-image\" data-src-fg=\"https:\/\/www.keturist.sk\/info\/wp-content\/uploads\/cache\/2020\/06\/zeliarsky5\/1421577709.jpg\" src=\"data:image\/svg+xml,%3Csvg%20xmlns%3D%22http%3A%2F%2Fwww.w3.org%2F2000%2Fsvg%22%20width%3D%22200%22%20height%3D%22200%22%20viewBox%3D%220%200%20200%20200%22%3E%3C%2Fsvg%3E\" loading=\"eager\"><\/span><span class=\"fg-image-overlay\"><\/span><\/a><figcaption class=\"fg-caption\"><div class=\"fg-caption-inner\"><div class=\"fg-caption-title\">\u017deliarsky dom v Budim\u00edre<\/div><div class=\"fg-caption-desc\">\u017deliarsky dom v Budim\u00edre, Fotograf: Ing. Zuzana K\u0161en\u017eighov\u00e1<\/div><\/div><\/figcaption><\/figure><div class=\"fg-loader\"><\/div><\/div><div class=\"fg-item fg-type-image fg-idle\"><figure class=\"fg-item-inner\"><a href=\"https:\/\/www.keturist.sk\/info\/wp-content\/uploads\/2020\/06\/zeliarsky6.jpg\" data-caption-title=\"\u017deliarsky dom v Budim\u00edre\" data-caption-desc=\"\u017deliarsky dom v Budim\u00edre, Fotograf: Ing. Zuzana K\u0161en\u017eighov\u00e1\" data-attachment-id=\"33207\" data-type=\"image\" class=\"fg-thumb\"><span class=\"fg-image-wrap\"><img decoding=\"async\" alt=\"\u017deliarsky dom v Budim\u00edre\" title=\"\u017deliarsky dom v Budim\u00edre\" width=\"200\" height=\"200\" class=\"skip-lazy fg-image\" data-src-fg=\"https:\/\/www.keturist.sk\/info\/wp-content\/uploads\/cache\/2020\/06\/zeliarsky6\/2138122997.jpg\" src=\"data:image\/svg+xml,%3Csvg%20xmlns%3D%22http%3A%2F%2Fwww.w3.org%2F2000%2Fsvg%22%20width%3D%22200%22%20height%3D%22200%22%20viewBox%3D%220%200%20200%20200%22%3E%3C%2Fsvg%3E\" loading=\"eager\"><\/span><span class=\"fg-image-overlay\"><\/span><\/a><figcaption class=\"fg-caption\"><div class=\"fg-caption-inner\"><div class=\"fg-caption-title\">\u017deliarsky dom v Budim\u00edre<\/div><div class=\"fg-caption-desc\">\u017deliarsky dom v Budim\u00edre, Fotograf: Ing. Zuzana K\u0161en\u017eighov\u00e1<\/div><\/div><\/figcaption><\/figure><div class=\"fg-loader\"><\/div><\/div><div class=\"fg-item fg-type-image fg-idle\"><figure class=\"fg-item-inner\"><a href=\"https:\/\/www.keturist.sk\/info\/wp-content\/uploads\/2020\/06\/zeliarsky7.jpg\" data-caption-title=\"\u017deliarsky dom v Budim\u00edre\" data-caption-desc=\"\u017deliarsky dom v Budim\u00edre, Fotograf: Ing. Zuzana K\u0161en\u017eighov\u00e1\" data-attachment-id=\"33206\" data-type=\"image\" class=\"fg-thumb\"><span class=\"fg-image-wrap\"><img decoding=\"async\" alt=\"\u017deliarsky dom v Budim\u00edre\" title=\"\u017deliarsky dom v Budim\u00edre\" width=\"200\" height=\"200\" class=\"skip-lazy fg-image\" data-src-fg=\"https:\/\/www.keturist.sk\/info\/wp-content\/uploads\/cache\/2020\/06\/zeliarsky7\/2899773110.jpg\" src=\"data:image\/svg+xml,%3Csvg%20xmlns%3D%22http%3A%2F%2Fwww.w3.org%2F2000%2Fsvg%22%20width%3D%22200%22%20height%3D%22200%22%20viewBox%3D%220%200%20200%20200%22%3E%3C%2Fsvg%3E\" loading=\"eager\"><\/span><span class=\"fg-image-overlay\"><\/span><\/a><figcaption class=\"fg-caption\"><div class=\"fg-caption-inner\"><div class=\"fg-caption-title\">\u017deliarsky dom v Budim\u00edre<\/div><div class=\"fg-caption-desc\">\u017deliarsky dom v Budim\u00edre, Fotograf: Ing. Zuzana K\u0161en\u017eighov\u00e1<\/div><\/div><\/figcaption><\/figure><div class=\"fg-loader\"><\/div><\/div><div class=\"fg-item fg-type-image fg-idle\"><figure class=\"fg-item-inner\"><a href=\"https:\/\/www.keturist.sk\/info\/wp-content\/uploads\/2020\/06\/zeliarsky-0.jpg\" data-caption-title=\"\u017deliarsky dom v Budim\u00edre\" data-caption-desc=\"\u017deliarsky dom v Budim\u00edre, Fotograf: Ing. Zuzana K\u0161en\u017eighov\u00e1\" data-attachment-id=\"33205\" data-type=\"image\" class=\"fg-thumb\"><span class=\"fg-image-wrap\"><img decoding=\"async\" alt=\"\u017deliarsky dom v Budim\u00edre\" title=\"\u017deliarsky dom v Budim\u00edre\" width=\"200\" height=\"200\" class=\"skip-lazy fg-image\" data-src-fg=\"https:\/\/www.keturist.sk\/info\/wp-content\/uploads\/cache\/2020\/06\/zeliarsky-0\/661415993.jpg\" src=\"data:image\/svg+xml,%3Csvg%20xmlns%3D%22http%3A%2F%2Fwww.w3.org%2F2000%2Fsvg%22%20width%3D%22200%22%20height%3D%22200%22%20viewBox%3D%220%200%20200%20200%22%3E%3C%2Fsvg%3E\" loading=\"eager\"><\/span><span class=\"fg-image-overlay\"><\/span><\/a><figcaption class=\"fg-caption\"><div class=\"fg-caption-inner\"><div class=\"fg-caption-title\">\u017deliarsky dom v Budim\u00edre<\/div><div class=\"fg-caption-desc\">\u017deliarsky dom v Budim\u00edre, Fotograf: Ing. Zuzana K\u0161en\u017eighov\u00e1<\/div><\/div><\/figcaption><\/figure><div class=\"fg-loader\"><\/div><\/div>\t<\/div>\n\t<div class=\"fg-carousel-bottom\"><\/div>\n\t<div class=\"fg-carousel-progress\"><\/div>\n\t<button type=\"button\" class=\"fg-carousel-next\" title=\"Next\"><\/button>\n<\/div>\n<h2><span style=\"color: #800000;\">Zauj\u00edmav\u00e9 odkazy<\/span><\/h2>\n<h3><span style=\"color: #808000;\">Bl\u00edzke stredisko, turistick\u00e9 centrum, obec alebo mesto: <\/span><\/h3>\n<ul>\n<li><a href=\"https:\/\/www.keturist.sk\/info\/smer-kosicka-kotlina\/obec-budimir\/\">Obec Budim\u00edr (\u010d\u00edtaj viac&#8230;)<\/a><\/li>\n<\/ul>\n<p><strong>Otv\u00e1racie hodiny:<\/strong> Otvoren\u00e9 nepretr\u017eite<\/p>\n<h3><span style=\"color: #808000;\">Kontakt a adresa<\/span><\/h3>\n<p>Budim\u00edr<br \/>\n04443 Budim\u00edr<\/p>\n<p><strong>E-mail:<\/strong> <a href=\"mailto:zuzana.jedinakova@yahoo.com\" target=\"_blank\" rel=\"noopener noreferrer\">zuzana.jedinakova@yahoo.com<\/a> alebo <a href=\"mailto:zuzana.ksenzighova@gmail.com\" target=\"_blank\" rel=\"noopener\">zuzana.ksenzighova@gmail.com<\/a><br \/>\n<strong>Facebook<\/strong>: <a href=\"https:\/\/www.facebook.com\/zeliarskydombudimir\/\" target=\"_blank\" rel=\"noopener noreferrer\">https:\/\/www.facebook.com\/zeliarskydombudimir\/<\/a><\/p>\n<h2><span style=\"color: #800000;\">Mapy<\/span><\/h2>\n<p><strong>Vrstvy: <\/strong>Turistick\u00e1 mapa, Automapa, Cyklomapa, Ly\u017eiarska mapa, Satelitn\u00e1 mapa a OpenStreetMap.<\/p>\n<p><strong>Kliknut\u00edm na logo &#8222;Freemap.sk&#8220; sa V\u00e1m mapa zobraz\u00ed na celej ploche obrazovky.<\/strong><\/p>\n<p><iframe style=\"width: 900px; height: 500px; border: 0;\" src=\"https:\/\/www.freemap.sk\/?map=16\/48.800862\/21.303507&amp;info-point=48.800862\/21.303507,\u017deliarsky dom v Budim\u00edre&amp;layers=X&amp;embed=search\" allowfullscreen=\"allowfullscreen\"><span data-mce-type=\"bookmark\" style=\"display: inline-block; width: 0px; overflow: hidden; line-height: 0;\" class=\"mce_SELRES_start\">\ufeff<\/span><\/iframe><\/p>\n<h2><span style=\"color: #800000;\">Po\u010dasie<\/span><\/h2>\n<p><iframe style=\"width: 900px; height: 620px;\" src=\"https:\/\/www.meteoblue.com\/sk\/po%C4%8Dasie\/widget\/three\/budim%c3%adr_slovensko_725056?geoloc=fixed&amp;nocurrent=0&amp;noforecast=0&amp;days=7&amp;tempunit=CELSIUS&amp;windunit=KILOMETER_PER_HOUR&amp;layout=image\" frameborder=\"0\" scrolling=\"NO\" sandbox=\"allow-same-origin allow-scripts allow-popups allow-popups-to-escape-sandbox\"><\/iframe><\/p>\n<div><!-- DO NOT REMOVE THIS LINK --><a href=\"https:\/\/www.meteoblue.com\/sk\/po%C4%8Dasie\/t%C3%BD%C5%BEde%C5%88\/budim%c3%adr_slovensko_725056?utm_source=weather_widget&amp;utm_medium=linkus&amp;utm_content=three&amp;utm_campaign=Weather%2BWidget\" target=\"_blank\" rel=\"noopener noreferrer\">meteoblue<\/a><\/div>\n<h2><span style=\"color: #800000;\">Video<\/span><\/h2>\n<p><iframe loading=\"lazy\" src=\"https:\/\/www.youtube.com\/embed\/SwqsT-oqHww\" width=\"900\" height=\"550\" frameborder=\"0\" allowfullscreen=\"allowfullscreen\"><\/iframe><\/p>\n","protected":false},"excerpt":{"rendered":"<p>Podkateg\u00f3ria: Lokaliz\u00e1cia: Ko\u0161ick\u00e1 kotlina Podkateg\u00f3ria: \u013dudov\u00e1 architekt\u00fara Lokaliz\u00e1cia: Ko\u0161ick\u00e1 kotlina Chcete za\u017ei\u0165 skuto\u010dn\u00fd stroj \u010dasu a dotkn\u00fa\u0165 sa stien, ktor\u00e9 d\u00fdchaj\u00fa hist\u00f3riou starou tristo rokov? Zabudnite na nabl\u00fdskan\u00e9 skanzeny a [&hellip;]<\/p>\n","protected":false},"author":1,"featured_media":33211,"parent":11625,"menu_order":0,"comment_status":"closed","ping_status":"closed","template":"","meta":{"_uag_custom_page_level_css":"","_monsterinsights_skip_tracking":false,"_monsterinsights_sitenote_active":false,"_monsterinsights_sitenote_note":"","_monsterinsights_sitenote_category":0,"footnotes":""},"class_list":["post-33182","page","type-page","status-publish","has-post-thumbnail","hentry"],"featured_image_src":"https:\/\/www.keturist.sk\/info\/wp-content\/uploads\/2020\/06\/zeliarsky1.jpg","featured_image_src_square":"https:\/\/www.keturist.sk\/info\/wp-content\/uploads\/2020\/06\/zeliarsky1.jpg","rbea_author_info":{"display_name":"admin","author_link":"https:\/\/www.keturist.sk\/info\/author\/admin\/"},"rbea_excerpt_info":"Podkateg\u00f3ria: Lokaliz\u00e1cia: Ko\u0161ick\u00e1 kotlina Podkateg\u00f3ria: \u013dudov\u00e1 architekt\u00fara Lokaliz\u00e1cia: Ko\u0161ick\u00e1 kotlina Chcete za\u017ei\u0165 skuto\u010dn\u00fd stroj \u010dasu a dotkn\u00fa\u0165 sa stien, ktor\u00e9 d\u00fdchaj\u00fa hist\u00f3riou starou tristo rokov? Zabudnite na nabl\u00fdskan\u00e9 skanzeny a [&hellip;]","uagb_featured_image_src":{"full":["https:\/\/www.keturist.sk\/info\/wp-content\/uploads\/2020\/06\/zeliarsky1.jpg",1440,810,false],"thumbnail":["https:\/\/www.keturist.sk\/info\/wp-content\/uploads\/2020\/06\/zeliarsky1-270x152.jpg",270,152,true],"medium":["https:\/\/www.keturist.sk\/info\/wp-content\/uploads\/2020\/06\/zeliarsky1-800x450.jpg",800,450,true],"medium_large":["https:\/\/www.keturist.sk\/info\/wp-content\/uploads\/2020\/06\/zeliarsky1-768x432.jpg",768,432,true],"large":["https:\/\/www.keturist.sk\/info\/wp-content\/uploads\/2020\/06\/zeliarsky1.jpg",1440,810,false],"1536x1536":["https:\/\/www.keturist.sk\/info\/wp-content\/uploads\/2020\/06\/zeliarsky1.jpg",1440,810,false],"2048x2048":["https:\/\/www.keturist.sk\/info\/wp-content\/uploads\/2020\/06\/zeliarsky1.jpg",1440,810,false]},"uagb_author_info":{"display_name":"admin","author_link":"https:\/\/www.keturist.sk\/info\/author\/admin\/"},"uagb_comment_info":0,"uagb_excerpt":"Podkateg\u00f3ria: Lokaliz\u00e1cia: Ko\u0161ick\u00e1 kotlina Podkateg\u00f3ria: \u013dudov\u00e1 architekt\u00fara Lokaliz\u00e1cia: Ko\u0161ick\u00e1 kotlina Chcete za\u017ei\u0165 skuto\u010dn\u00fd stroj \u010dasu a dotkn\u00fa\u0165 sa stien, ktor\u00e9 d\u00fdchaj\u00fa hist\u00f3riou starou tristo rokov? Zabudnite na nabl\u00fdskan\u00e9 skanzeny a [&hellip;]","_links":{"self":[{"href":"https:\/\/www.keturist.sk\/info\/wp-json\/wp\/v2\/pages\/33182","targetHints":{"allow":["GET"]}}],"collection":[{"href":"https:\/\/www.keturist.sk\/info\/wp-json\/wp\/v2\/pages"}],"about":[{"href":"https:\/\/www.keturist.sk\/info\/wp-json\/wp\/v2\/types\/page"}],"author":[{"embeddable":true,"href":"https:\/\/www.keturist.sk\/info\/wp-json\/wp\/v2\/users\/1"}],"replies":[{"embeddable":true,"href":"https:\/\/www.keturist.sk\/info\/wp-json\/wp\/v2\/comments?post=33182"}],"version-history":[{"count":38,"href":"https:\/\/www.keturist.sk\/info\/wp-json\/wp\/v2\/pages\/33182\/revisions"}],"predecessor-version":[{"id":75342,"href":"https:\/\/www.keturist.sk\/info\/wp-json\/wp\/v2\/pages\/33182\/revisions\/75342"}],"up":[{"embeddable":true,"href":"https:\/\/www.keturist.sk\/info\/wp-json\/wp\/v2\/pages\/11625"}],"wp:featuredmedia":[{"embeddable":true,"href":"https:\/\/www.keturist.sk\/info\/wp-json\/wp\/v2\/media\/33211"}],"wp:attachment":[{"href":"https:\/\/www.keturist.sk\/info\/wp-json\/wp\/v2\/media?parent=33182"}],"curies":[{"name":"wp","href":"https:\/\/api.w.org\/{rel}","templated":true}]}}