{"id":33131,"date":"2020-06-05T18:20:49","date_gmt":"2020-06-05T16:20:49","guid":{"rendered":"https:\/\/www.keturist.sk\/info\/?page_id=33131"},"modified":"2026-02-28T09:03:54","modified_gmt":"2026-02-28T08:03:54","slug":"pamatnik-oslobodenia-a-vitazstva-a-sien-bojovej-slavy","status":"publish","type":"page","link":"https:\/\/www.keturist.sk\/info\/kam-za-pamiatkami\/kam-za-pamiatkami-smer-slanske-vrchy\/pamatnik-oslobodenia-a-vitazstva-a-sien-bojovej-slavy\/","title":{"rendered":"Pam\u00e4tn\u00edk oslobodenia a v\u00ed\u0165azstva a Sie\u0148 bojovej sl\u00e1vy na Dargove"},"content":{"rendered":"<a href=\"https:\/\/www.keturist.sk\/info\/\" class=\"su-button su-button-style-default\" style=\"color:#000000;background-color:#FFCF2F;border-color:#cca626;border-radius:5px\" target=\"_self\"><span style=\"color:#000000;padding:6px 16px;font-size:13px;line-height:20px;border-color:#ffde6e;border-radius:5px;text-shadow:none\"><i class=\"sui sui-arrow-right\" style=\"font-size:13px;color:#000000\"><\/i>  Spravodaj <\/span><\/a>\n<a href=\"https:\/\/www.keturist.sk\/info\/sport-a-kultura\/\" class=\"su-button su-button-style-default\" style=\"color:#000000;background-color:#FFCF2F;border-color:#cca626;border-radius:5px\" target=\"_self\"><span style=\"color:#000000;padding:6px 16px;font-size:13px;line-height:20px;border-color:#ffde6e;border-radius:5px;text-shadow:none\"><i class=\"sui sui-arrow-right\" style=\"font-size:13px;color:#000000\"><\/i>  Aktivity, kult\u00fara, hist\u00f3ria&#8230; <\/span><\/a>\n<a href=\"https:\/\/www.keturist.sk\/info\/sport-a-kultura\/muzea-kultura\/\" class=\"su-button su-button-style-default\" style=\"color:#000000;background-color:#FFCF2F;border-color:#cca626;border-radius:5px\" target=\"_self\"><span style=\"color:#000000;padding:6px 16px;font-size:13px;line-height:20px;border-color:#ffde6e;border-radius:5px;text-shadow:none\"><i class=\"sui sui-arrow-right\" style=\"font-size:13px;color:#000000\"><\/i>  M\u00faze\u00e1, kult\u00fara&#8230; <\/span><\/a>\n<div class=\"su-divider su-divider-style-default\" style=\"margin:15px 0;border-width:0px;border-color:#000000\"><\/div>\n<p><strong>Podkateg\u00f3ria: <\/strong> <a href=\"https:\/\/www.keturist.sk\/info\/sport-a-kultura\/muzea-kultura\/muzea\/\" class=\"su-button su-button-style-default\" style=\"color:#000000;background-color:#afd144;border-color:#8ca837;border-radius:5px\" target=\"_self\"><span style=\"color:#000000;padding:6px 16px;font-size:13px;line-height:20px;border-color:#c7df7d;border-radius:5px;text-shadow:none\"><i class=\"sui sui-arrow-right\" style=\"font-size:13px;color:#000000\"><\/i>  M\u00faze\u00e1 <\/span><\/a>\n<p><strong>Lokaliz\u00e1cia: <\/strong><a href=\"https:\/\/www.keturist.sk\/info\/okolite-hory\/slanske-vrchy\/\">Slansk\u00e9 vrchy<\/a><\/p>\n<div class=\"su-divider su-divider-style-default\" style=\"margin:15px 0;border-width:2px;border-color:#000000\"><\/div>\n<a href=\"https:\/\/www.keturist.sk\/info\/\" class=\"su-button su-button-style-default\" style=\"color:#000000;background-color:#FFCF2F;border-color:#cca626;border-radius:5px\" target=\"_self\"><span style=\"color:#000000;padding:6px 16px;font-size:13px;line-height:20px;border-color:#ffde6e;border-radius:5px;text-shadow:none\"><i class=\"sui sui-arrow-right\" style=\"font-size:13px;color:#000000\"><\/i>  Spravodaj <\/span><\/a>\n<a href=\"https:\/\/www.keturist.sk\/info\/kam-za-pamiatkami\/\" class=\"su-button su-button-style-default\" style=\"color:#000000;background-color:#FFCF2F;border-color:#cca626;border-radius:5px\" target=\"_self\"><span style=\"color:#000000;padding:6px 16px;font-size:13px;line-height:20px;border-color:#ffde6e;border-radius:5px;text-shadow:none\"><i class=\"sui sui-arrow-right\" style=\"font-size:13px;color:#000000\"><\/i>  Kam za pamiatkami <\/span><\/a>\n<a href=\"https:\/\/www.keturist.sk\/info\/kam-za-pamiatkami\/kam-za-pamiatkami-smer-slanske-vrchy\/\" class=\"su-button su-button-style-default\" style=\"color:#000000;background-color:#FFCF2F;border-color:#cca626;border-radius:5px\" target=\"_self\"><span style=\"color:#000000;padding:6px 16px;font-size:13px;line-height:20px;border-color:#ffde6e;border-radius:5px;text-shadow:none\"><i class=\"sui sui-arrow-right\" style=\"font-size:13px;color:#000000\"><\/i>  smer Slansk\u00e9 vrchy <\/span><\/a>\n<div class=\"su-divider su-divider-style-default\" style=\"margin:15px 0;border-width:0px;border-color:#000000\"><\/div>\n<p><strong>Podkateg\u00f3ria:<\/strong> <span style=\"color: #ff0000;\"><strong>Ostatn\u00e9 pamiatky<\/strong><\/span><\/p>\n<p><strong>Lokaliz\u00e1cia: <\/strong><a href=\"https:\/\/www.keturist.sk\/info\/okolite-hory\/slanske-vrchy\/\">Slansk\u00e9 vrchy<\/a><\/p>\n<div class=\"su-divider su-divider-style-default\" style=\"margin:15px 0;border-width:2px;border-color:#000000\"><\/div>\n<figure id=\"attachment_48839\" aria-describedby=\"caption-attachment-48839\" style=\"width: 900px\" class=\"wp-caption aligncenter\"><a href=\"https:\/\/www.keturist.sk\/info\/wp-content\/uploads\/2022\/06\/dargov-pametnik9.jpg\"><img loading=\"lazy\" decoding=\"async\" class=\"wp-image-48839\" src=\"https:\/\/www.keturist.sk\/info\/wp-content\/uploads\/2022\/06\/dargov-pametnik9-800x534.jpg\" alt=\"Pam\u00e4tn\u00edk oslobodenia a v\u00ed\u0165azstva a Sie\u0148 bojovej sl\u00e1vy\" width=\"900\" height=\"600\" srcset=\"https:\/\/www.keturist.sk\/info\/wp-content\/uploads\/2022\/06\/dargov-pametnik9-800x534.jpg 800w, https:\/\/www.keturist.sk\/info\/wp-content\/uploads\/2022\/06\/dargov-pametnik9-270x180.jpg 270w, https:\/\/www.keturist.sk\/info\/wp-content\/uploads\/2022\/06\/dargov-pametnik9-768x512.jpg 768w, https:\/\/www.keturist.sk\/info\/wp-content\/uploads\/2022\/06\/dargov-pametnik9.jpg 1000w\" sizes=\"auto, (max-width: 900px) 100vw, 900px\" \/><\/a><figcaption id=\"caption-attachment-48839\" class=\"wp-caption-text\">Pam\u00e4tn\u00edk v Dargovskom priesmyku, Fotograf: Jozef Mare\u010dek (https:\/\/www.facebook.com\/jozef.marecek.94)<\/figcaption><\/figure>\n<div class=\"su-divider su-divider-style-default\" style=\"margin:15px 0;border-width:2px;border-color:#000000\"><\/div>\n<h2 class=\"cdk-visually-hidden ng-star-inserted\"><span style=\"font-size: 24px; color: #800000;\">St\u00e1li ste u\u017e na mieste, kde sa triasla samotn\u00e1 zem?<\/span><\/h2>\n<div class=\"container\">\n<div id=\"model-response-message-contentr_de74d9df800cddb0\" class=\"markdown markdown-main-panel stronger enable-updated-hr-color preserve-whitespaces-in-response\" dir=\"ltr\" aria-live=\"polite\" aria-busy=\"false\">\n<p data-path-to-node=\"1\"><b data-path-to-node=\"1\" data-index-in-node=\"0\">Pam\u00e4tn\u00edk oslobodenia a v\u00ed\u0165azstva a Sie\u0148 bojovej sl\u00e1vy<\/b> nie s\u00fa len tich\u00e9 monumenty z kame\u0148a, ale ozvena mraziv\u00e9ho janu\u00e1ra 1945, kedy sa v Dargovskom priesmyku zastavil \u010das. Predstavte si nekone\u010dn\u00fdch sedem t\u00fd\u017ed\u0148ov v ne\u00faprosnom mraze, kde sa v dyme a snehu rozhodovalo o osude cel\u00e9ho v\u00fdchodn\u00e9ho Slovenska.<\/p>\n<p data-path-to-node=\"2\">Ke\u010f dnes kr\u00e1\u010date pomedzi mas\u00edvne oce\u013eov\u00e9 tanky, ktor\u00e9 tu stoja ako nehybn\u00ed str\u00e1\u017ecovia hist\u00f3rie, pod nohami c\u00edtite v\u00e1hu udalost\u00ed, ktor\u00e9 zmenili svet. Nie je to len dejepis v u\u010debnici \u2013 je to surov\u00fd pr\u00edbeh odvahy vp\u00edsan\u00fd do tv\u00e1r\u00ed bronzov\u00e9ho s\u00faso\u0161ia a do ticha Ru\u017eov\u00e9ho sadu, kde ka\u017ed\u00e1 ru\u017ea kedysi \u0161epkala meno jedn\u00e9ho hrdinu.<\/p>\n<p data-path-to-node=\"3\">Pr\u00ed\u010fte na miesto, kde sa v tieni Slansk\u00fdch vrchov stret\u00e1va hlbok\u00e1 pokora s fascinuj\u00facou silou minulosti. <b data-path-to-node=\"3\" data-index-in-node=\"105\">Pam\u00e4tn\u00edk oslobodenia a v\u00ed\u0165azstva a Sie\u0148 bojovej sl\u00e1vy<\/b> \u010dakaj\u00fa, aby v\u00e1m vyrozpr\u00e1vali pr\u00edbeh o cene slobody, ktor\u00fd v meste neza\u017eijete.<\/p>\n<\/div>\n<\/div>\n<h2 data-path-to-node=\"1\"><span style=\"color: #800000;\">Pre\u010do nav\u0161t\u00edvi\u0165 Pam\u00e4tn\u00edk oslobodenia a v\u00ed\u0165azstva a Sie\u0148 bojovej sl\u00e1vy v Dargovskom priesmyku?<\/span><\/h2>\n<p data-path-to-node=\"2\"><b data-path-to-node=\"2\" data-index-in-node=\"0\">Pam\u00e4tn\u00edk oslobodenia a v\u00ed\u0165azstva a Sie\u0148 bojovej sl\u00e1vy<\/b> predstavuj\u00fa mraziv\u00e9 svedectvo o d\u0148och, kedy sa v ne\u00faprosnom zovret\u00ed zimy rozhodovalo o osude v\u00fdchodn\u00e9ho Slovenska.<\/p>\n<p data-path-to-node=\"3\">Vst\u00fapte na miesta, kde sa p\u00edsala hist\u00f3ria krvou tis\u00edcov vojakov.<\/p>\n<p data-path-to-node=\"4\">Odha\u013ete pr\u00edbeh jednej z najv\u00e4\u010d\u0161\u00edch bitiek, ak\u00fa kedy za\u017eilo b\u00fdval\u00e9 \u010ceskoslovensko.<\/p>\n<h2 data-path-to-node=\"6\"><span style=\"color: #800000;\">Kde presne sa nach\u00e1dza Pam\u00e4tn\u00edk oslobodenia a v\u00ed\u0165azstva a Sie\u0148 bojovej sl\u00e1vy?<\/span><\/h2>\n<p data-path-to-node=\"7\">V sedle Dargovsk\u00fd priesmyk, situovanom v nadmorskej v\u00fd\u0161ke 474 m n. m., sa rozprestiera are\u00e1l naz\u00fdvan\u00fd <b data-path-to-node=\"7\" data-index-in-node=\"102\">Pam\u00e4tn\u00edk v Dargovskom priesmyku<\/b>.<\/p>\n<p data-path-to-node=\"8\">Tento komplex pozost\u00e1va zo s\u00faso\u0161ia, ktor\u00fdm je <b data-path-to-node=\"8\" data-index-in-node=\"46\">Pam\u00e4tn\u00edk oslobodenia a v\u00ed\u0165azstva<\/b>, statickej expoz\u00edcie oslobodite\u013esk\u00fdch tankov a pam\u00e4tnej siene bojovej sl\u00e1vy.<\/p>\n<p data-path-to-node=\"9\">V priestoroch siene bojovej sl\u00e1vy si m\u00f4\u017eete pozrie\u0165 uniformy, zbrane, dokumenty a \u010fal\u0161ie artefakty.<\/p>\n<h2 data-path-to-node=\"11\"><span style=\"color: #800000;\">Ak\u00fd je historick\u00fd v\u00fdznam bojov v Dargovskom priesmyku?<\/span><\/h2>\n<p data-path-to-node=\"12\">Od 9. decembra 1944 a\u017e do 18. janu\u00e1ra 1945 tu prebiehali mimoriadne \u0165a\u017ek\u00e9 boje.<\/p>\n<p data-path-to-node=\"13\">V t\u00fdchto miestach proti sebe st\u00e1li vojsk\u00e1 nemeck\u00e9ho Wehrmachtu a \u010cervenej arm\u00e1dy.<\/p>\n<p data-path-to-node=\"14\">Bitka o Dargovsk\u00fd priesmyk sa svojou d\u013a\u017ekou a intenzitou rad\u00ed medzi najv\u00e4\u010d\u0161ie na na\u0161om \u00fazem\u00ed.<\/p>\n<p data-path-to-node=\"15\">Po\u010det obet\u00ed tejto oper\u00e1cie patr\u00ed k najtragickej\u0161\u00edm v hist\u00f3rii b\u00fdval\u00e9ho \u010ceskoslovenska.<\/p>\n<h2 data-path-to-node=\"17\"><span style=\"color: #800000;\">Ako prebiehalo oslobodenie a ak\u00e9 boli straty na \u017eivotoch?<\/span><\/h2>\n<p data-path-to-node=\"18\">Prekona\u0165 strategick\u00fd priesmyk sa \u010cervenej arm\u00e1de podarilo 18. janu\u00e1ra 1945.<\/p>\n<p data-path-to-node=\"19\">Nemeck\u00e9 vojsk\u00e1 za\u010dali ustupova\u0165 na z\u00e1pad v d\u00f4sledku mohutnej sovietskej ofenz\u00edvy 4. ukrajinsk\u00e9ho frontu na Slovensku.<\/p>\n<p data-path-to-node=\"20\">\u010cerven\u00e1 arm\u00e1da tu po\u010das intenz\u00edvnych bojov stratila viac ako 3 000 vojakov.<\/p>\n<p data-path-to-node=\"21\">Straty Wehrmachtu boli, vzh\u013eadom na dobre vybudovan\u00fa obranu, nieko\u013ekokr\u00e1t ni\u017e\u0161ie.<\/p>\n<h2 data-path-to-node=\"23\"><span style=\"color: #800000;\">Ak\u00fd pr\u00edbeh rozpr\u00e1va samotn\u00fd Pam\u00e4tn\u00edk oslobodenia a v\u00ed\u0165azstva?<\/span><\/h2>\n<p data-path-to-node=\"24\">Samotn\u00fd <b data-path-to-node=\"24\" data-index-in-node=\"8\">Pam\u00e4tn\u00edk v\u00ed\u0165azstva<\/b>, le\u017eiaci ju\u017ene od hlavnej cesty, odhalili pri pr\u00edle\u017eitosti 10. v\u00fdro\u010dia bojov.<\/p>\n<p data-path-to-node=\"25\">Toto ikonick\u00e9 s\u00faso\u0161ie vytvoril zn\u00e1my akademick\u00fd soch\u00e1r Vojtech L\u00f6ffler z Ko\u0161\u00edc.<\/p>\n<p data-path-to-node=\"26\">Dielo symbolizuje priv\u00edtanie \u010dervenoarmejca v\u00fdchodoslovensk\u00fdm \u013eudom.<\/p>\n<p data-path-to-node=\"27\">\u013dud v tomto s\u00faso\u0161\u00ed reprezentuj\u00fa postavy robotn\u00edka a ro\u013en\u00ed\u010dky.<\/p>\n<h2 data-path-to-node=\"29\"><span style=\"color: #800000;\">Ak\u00e1 je pamiatkov\u00e1 hist\u00f3ria tohto are\u00e1lu?<\/span><\/h2>\n<p data-path-to-node=\"30\">Objekt bol 26. 6. 1963 zap\u00edsan\u00fd do \u0161t\u00e1tneho zoznamu kult\u00farnych pamiatok v\u00fdchodoslovensk\u00e9ho kraja.<\/p>\n<p data-path-to-node=\"31\">P\u00f4vodn\u00fd n\u00e1zov znel <b data-path-to-node=\"31\" data-index-in-node=\"19\">Pam\u00e4tn\u00edk oslobodenia v\u00fdchodn\u00e9ho Slovenska sovietskou arm\u00e1dou<\/b>.<\/p>\n<p data-path-to-node=\"32\">Nach\u00e1dza sa presne na hranici chot\u00e1rov obc\u00ed Ko\u0161ick\u00fd Kle\u010denov a Dargov.<\/p>\n<p data-path-to-node=\"33\">P\u00f4vodne st\u00e1l v tesnej bl\u00edzkosti hlavnej cesty, no v roku 1975 ho premiestnili na s\u00fa\u010dasn\u00e9 miesto.<\/p>\n<p data-path-to-node=\"34\">K presunu do\u0161lo v r\u00e1mci komplexnej v\u00fdstavby cel\u00e9ho are\u00e1lu.<\/p>\n<h2 data-path-to-node=\"36\"><span style=\"color: #800000;\">Koho si uctieva Pam\u00e4tn\u00edk oslobodenia a v\u00ed\u0165azstva a Sie\u0148 bojovej sl\u00e1vy?<\/span><\/h2>\n<p data-path-to-node=\"37\">P\u00f4vodn\u00fd n\u00e1zov pam\u00e4tn\u00edka nazna\u010duje, \u017ee uctieva v\u0161etk\u00fdch sovietskych vojakov padl\u00fdch na v\u00fdchode Slovenska.<\/p>\n<p data-path-to-node=\"38\">Nejde teda len o pamiatku padl\u00fdm priamo v Dargovskom priesmyku.<\/p>\n<p data-path-to-node=\"39\">Ofici\u00e1lne uv\u00e1dzan\u00fd po\u010det 22 000 padl\u00fdch dal vznikn\u00fa\u0165 aj pridru\u017een\u00e9mu Ru\u017eov\u00e9mu sadu.<\/p>\n<p data-path-to-node=\"40\">Tento po\u010det zodpoved\u00e1 vojakom pochovan\u00fdm na cintor\u00ednoch v Michalovciach, Ko\u0161iciach, Trebi\u0161ove a Humennom.<\/p>\n<h2 data-path-to-node=\"42\"><span style=\"color: #800000;\">S\u00favis\u00ed toto miesto s oper\u00e1ciou na Dukle?<\/span><\/h2>\n<p data-path-to-node=\"43\">Tento pam\u00e4tn\u00edk sa net\u00fdka Karpatsko-duklianskej oper\u00e1cie.<\/p>\n<p data-path-to-node=\"44\">Duklianska oper\u00e1cia m\u00e1 svoje vlastn\u00e9 pietne miesto situovan\u00e9 vo Svidn\u00edku.<\/p>\n<p data-path-to-node=\"45\">Svidn\u00edcky are\u00e1l disponuje aj vlastn\u00fdmi pri\u013eahl\u00fdmi hromadn\u00fdmi hrobmi.<\/p>\n<h2><span style=\"color: #800000;\">Ako sa dosta\u0165 na Dargovsk\u00fd priesmyk a ku pam\u00e4tn\u00edku?<\/span><\/h2>\n<p>Priesmykom vedie d\u00f4le\u017eit\u00e1 cestn\u00e1 spojnica I\/50 z <a href=\"https:\/\/www.keturist.sk\/info\/vseobecne-informacie\/\">Ko\u0161\u00edc<\/a> do Michaloviec, ktor\u00e1 je s\u00fa\u010das\u0165ou medzin\u00e1rodnej eur\u00f3pskej trasy E50.<\/p>\n<p>Pre pe\u0161\u00edch turistov tu za\u010d\u00edna <img loading=\"lazy\" decoding=\"async\" class=\"alignnone wp-image-21627 size-full\" src=\"https:\/\/www.keturist.sk\/info\/wp-content\/uploads\/2013\/11\/modra.png\" alt=\"\" width=\"20\" height=\"21\" \/> modr\u00e1 turistick\u00e1 trasa, ktor\u00e1 prech\u00e1dza b\u00fdval\u00fdm rekrea\u010dn\u00fdm strediskom <a href=\"https:\/\/www.keturist.sk\/info\/smer-slanske-vrchy\/kupele-borda\/\">Borda-k\u00fapele<\/a> a prech\u00e1dza tadia\u013e hlavn\u00e1 <img loading=\"lazy\" decoding=\"async\" class=\"alignnone wp-image-21433 size-full\" src=\"https:\/\/www.keturist.sk\/info\/wp-content\/uploads\/2013\/11\/cervena-1.png\" alt=\"\" width=\"20\" height=\"21\" \/> \u010derven\u00e1 turistick\u00e1 trasa (s\u00fa\u010das\u0165 medzin\u00e1rodnej trasy EB).<\/p>\n<p>Dargovom prech\u00e1dza aj \u010derven\u00e1 cykloturistick\u00e1 trasa a ly\u017eiarska be\u017eeck\u00e1 trasa.<\/p>\n<h2 data-path-to-node=\"43\"><span style=\"color: #800000;\">Poves\u0165 o Polno\u010dnom zmieren\u00ed<\/span><\/h2>\n<p data-path-to-node=\"44\">Ke\u010f nad Dargovom udrie dvan\u00e1sta hodina a mesiac zaleje striebrom <b data-path-to-node=\"44\" data-index-in-node=\"65\">Pam\u00e4tn\u00edk oslobodenia a v\u00ed\u0165azstva a Sie\u0148 bojovej sl\u00e1vy<\/b>, hory sa nad\u00fdchnu ozvenou minulosti.<\/p>\n<p data-path-to-node=\"45\">Hovor\u00ed sa, \u017ee v t\u00fato hodinu vystupuj\u00fa z tie\u0148ov tankov dve postavy v star\u00fdch uniform\u00e1ch \u2013 jedna nemeck\u00e1, druh\u00e1 sovietska.<\/p>\n<p data-path-to-node=\"46\">U\u017e to nie s\u00fa nepriatelia, ale unaven\u00e9 du\u0161e, ktor\u00e9 ka\u017ed\u00fa noc kr\u00e1\u010daj\u00fa k sebe cez niekdaj\u0161ie m\u00ednov\u00e9 polia.<\/p>\n<p data-path-to-node=\"47\">Ke\u010f sa ich prieh\u013eadn\u00e9 ruky spoja v geste zmierenia, lesom zaznie tich\u00fd vzdych pokoja.<\/p>\n<p data-path-to-node=\"48\">Vraj tam bud\u00fa stra\u0161i\u0165 dovtedy, k\u00fdm posledn\u00fd \u010dlovek nepochop\u00ed, \u017ee pod n\u00e1nosmi ideol\u00f3gi\u00ed boli obaja len otcami a synmi, ktor\u00fdch domov \u010dakali pla\u010d\u00face matky.<\/p>\n<h2><span style=\"color: #800000;\">Fotogal\u00e9ria<\/span><\/h2>\n<style type=\"text\/css\">\n#foogallery-gallery-72474 .fg-image { width: 200px; }<\/style>\n\t\t\t<div class=\"foogallery foogallery-container foogallery-carousel foogallery-lightbox-foogallery fg-carousel fg-ready fg-light fg-border-medium fg-round-small fg-shadow-medium fg-loading-default fg-loaded-fade-in fg-hover-semi-zoomed fg-hover-fade fg-hover-circle-plus2\" id=\"foogallery-gallery-72474\" data-foogallery=\"{&quot;item&quot;:{&quot;showCaptionTitle&quot;:true,&quot;showCaptionDescription&quot;:true},&quot;lazy&quot;:true,&quot;template&quot;:{&quot;maxItems&quot;:5,&quot;scale&quot;:0.11999999999999999555910790149937383830547332763671875,&quot;gutter&quot;:{&quot;min&quot;:-40,&quot;max&quot;:-20,&quot;unit&quot;:&quot;%&quot;},&quot;autoplay&quot;:{&quot;time&quot;:0,&quot;interaction&quot;:&quot;pause&quot;},&quot;centerOnClick&quot;:true,&quot;align&quot;:&quot;center&quot;,&quot;activePosition&quot;:&quot;center&quot;}}\" data-foogallery-lightbox=\"{&quot;thumbs&quot;:&quot;bottom&quot;,&quot;thumbsCaptions&quot;:false,&quot;thumbsBestFit&quot;:false,&quot;thumbsSmall&quot;:false,&quot;thumbsCaptionsAlign&quot;:&quot;default&quot;,&quot;info&quot;:&quot;bottom&quot;,&quot;infoVisible&quot;:true,&quot;infoOverlay&quot;:true,&quot;infoAlign&quot;:&quot;default&quot;,&quot;transition&quot;:&quot;fade&quot;,&quot;hoverButtons&quot;:false,&quot;fitMedia&quot;:false,&quot;noScrollbars&quot;:true,&quot;preserveButtonSpace&quot;:true,&quot;buttons&quot;:{&quot;fullscreen&quot;:true,&quot;info&quot;:true,&quot;thumbs&quot;:false},&quot;video&quot;:{&quot;autoPlay&quot;:true}}\" style=\"--fg-title-line-clamp: 1; --fg-description-line-clamp: 2;\" >\n\t<button type=\"button\" class=\"fg-carousel-prev\" title=\"Previous\"><\/button>\n\t<div class=\"fg-carousel-inner\">\n\t\t<div class=\"fg-carousel-center\"><\/div>\n\t\t<div class=\"fg-item fg-type-image fg-idle\"><figure class=\"fg-item-inner\"><a href=\"https:\/\/www.keturist.sk\/info\/wp-content\/uploads\/2022\/06\/dargov-pametnik9.jpg\" data-caption-title=\"Pam\u00e4tn\u00edk oslobodenia a v\u00ed\u0165azstva a Sie\u0148 bojovej sl\u00e1vy\" data-caption-desc=\"Pam\u00e4tn\u00edk v Dargovskom priesmyku, Fotograf: Jozef Mare\u010dek (https:\/\/www.facebook.com\/jozef.marecek.94)\" data-attachment-id=\"48839\" data-type=\"image\" class=\"fg-thumb\"><span class=\"fg-image-wrap\"><img decoding=\"async\" alt=\"Pam\u00e4tn\u00edk oslobodenia a v\u00ed\u0165azstva a Sie\u0148 bojovej sl\u00e1vy\" title=\"Pam\u00e4tn\u00edk oslobodenia a v\u00ed\u0165azstva a Sie\u0148 bojovej sl\u00e1vy\" width=\"200\" height=\"200\" class=\"skip-lazy fg-image\" data-src-fg=\"https:\/\/www.keturist.sk\/info\/wp-content\/uploads\/cache\/2022\/06\/dargov-pametnik9\/3834247797.jpg\" src=\"data:image\/svg+xml,%3Csvg%20xmlns%3D%22http%3A%2F%2Fwww.w3.org%2F2000%2Fsvg%22%20width%3D%22200%22%20height%3D%22200%22%20viewBox%3D%220%200%20200%20200%22%3E%3C%2Fsvg%3E\" loading=\"eager\"><\/span><span class=\"fg-image-overlay\"><\/span><\/a><figcaption class=\"fg-caption\"><div class=\"fg-caption-inner\"><div class=\"fg-caption-title\">Pam\u00e4tn\u00edk oslobodenia a v\u00ed\u0165azstva a Sie\u0148 bojovej sl\u00e1vy<\/div><div class=\"fg-caption-desc\">Pam\u00e4tn\u00edk v Dargovskom priesmyku, Fotograf: Jozef Mare\u010dek (https:\/\/www.facebook.com\/jozef.marecek.94)<\/div><\/div><\/figcaption><\/figure><div class=\"fg-loader\"><\/div><\/div><div class=\"fg-item fg-type-image fg-idle\"><figure class=\"fg-item-inner\"><a href=\"https:\/\/www.keturist.sk\/info\/wp-content\/uploads\/2022\/06\/dargov-pametnik8.jpg\" data-caption-title=\"Dargovsk\u00fd priesmyk (474 m n. m.)\" data-caption-desc=\"Pam\u00e4tn\u00edk v Dargovskom priesmyku, Fotograf: Jozef Mare\u010dek (https:\/\/www.facebook.com\/jozef.marecek.94)\" data-attachment-id=\"48838\" data-type=\"image\" class=\"fg-thumb\"><span class=\"fg-image-wrap\"><img decoding=\"async\" title=\"Dargovsk\u00fd priesmyk (474 m n. m.)\" width=\"200\" height=\"200\" class=\"skip-lazy fg-image\" data-src-fg=\"https:\/\/www.keturist.sk\/info\/wp-content\/uploads\/cache\/2022\/06\/dargov-pametnik8\/4238539702.jpg\" src=\"data:image\/svg+xml,%3Csvg%20xmlns%3D%22http%3A%2F%2Fwww.w3.org%2F2000%2Fsvg%22%20width%3D%22200%22%20height%3D%22200%22%20viewBox%3D%220%200%20200%20200%22%3E%3C%2Fsvg%3E\" loading=\"eager\"><\/span><span class=\"fg-image-overlay\"><\/span><\/a><figcaption class=\"fg-caption\"><div class=\"fg-caption-inner\"><div class=\"fg-caption-title\">Dargovsk\u00fd priesmyk (474 m n. m.)<\/div><div class=\"fg-caption-desc\">Pam\u00e4tn\u00edk v Dargovskom priesmyku, Fotograf: Jozef Mare\u010dek (https:\/\/www.facebook.com\/jozef.marecek.94)<\/div><\/div><\/figcaption><\/figure><div class=\"fg-loader\"><\/div><\/div><div class=\"fg-item fg-type-image fg-idle\"><figure class=\"fg-item-inner\"><a href=\"https:\/\/www.keturist.sk\/info\/wp-content\/uploads\/2022\/06\/dargov-pametnik7.jpg\" data-caption-title=\"Dargovsk\u00fd priesmyk (474 m n. m.)\" data-caption-desc=\"Pam\u00e4tn\u00e1 sie\u0148 bojovej sl\u00e1vy Fotograf: Jozef Mare\u010dek (https:\/\/www.facebook.com\/jozef.marecek.94)\" data-attachment-id=\"48837\" data-type=\"image\" class=\"fg-thumb\"><span class=\"fg-image-wrap\"><img decoding=\"async\" title=\"Dargovsk\u00fd priesmyk (474 m n. m.)\" width=\"200\" height=\"200\" class=\"skip-lazy fg-image\" data-src-fg=\"https:\/\/www.keturist.sk\/info\/wp-content\/uploads\/cache\/2022\/06\/dargov-pametnik7\/1502193874.jpg\" src=\"data:image\/svg+xml,%3Csvg%20xmlns%3D%22http%3A%2F%2Fwww.w3.org%2F2000%2Fsvg%22%20width%3D%22200%22%20height%3D%22200%22%20viewBox%3D%220%200%20200%20200%22%3E%3C%2Fsvg%3E\" loading=\"eager\"><\/span><span class=\"fg-image-overlay\"><\/span><\/a><figcaption class=\"fg-caption\"><div class=\"fg-caption-inner\"><div class=\"fg-caption-title\">Dargovsk\u00fd priesmyk (474 m n. m.)<\/div><div class=\"fg-caption-desc\">Pam\u00e4tn\u00e1 sie\u0148 bojovej sl\u00e1vy Fotograf: Jozef Mare\u010dek (https:\/\/www.facebook.com\/jozef.marecek.94)<\/div><\/div><\/figcaption><\/figure><div class=\"fg-loader\"><\/div><\/div><div class=\"fg-item fg-type-image fg-idle\"><figure class=\"fg-item-inner\"><a href=\"https:\/\/www.keturist.sk\/info\/wp-content\/uploads\/2022\/06\/dargov-pametnik6.jpg\" data-caption-title=\"Dargovsk\u00fd priesmyk (474 m n. m.)\" data-attachment-id=\"48836\" data-type=\"image\" class=\"fg-thumb\"><span class=\"fg-image-wrap\"><img decoding=\"async\" title=\"Dargovsk\u00fd priesmyk (474 m n. m.)\" width=\"200\" height=\"200\" class=\"skip-lazy fg-image\" data-src-fg=\"https:\/\/www.keturist.sk\/info\/wp-content\/uploads\/cache\/2022\/06\/dargov-pametnik6\/1646149197.jpg\" src=\"data:image\/svg+xml,%3Csvg%20xmlns%3D%22http%3A%2F%2Fwww.w3.org%2F2000%2Fsvg%22%20width%3D%22200%22%20height%3D%22200%22%20viewBox%3D%220%200%20200%20200%22%3E%3C%2Fsvg%3E\" loading=\"eager\"><\/span><span class=\"fg-image-overlay\"><\/span><\/a><figcaption class=\"fg-caption\"><div class=\"fg-caption-inner\"><div class=\"fg-caption-title\">Dargovsk\u00fd priesmyk (474 m n. m.)<\/div><\/div><\/figcaption><\/figure><div class=\"fg-loader\"><\/div><\/div><div class=\"fg-item fg-type-image fg-idle\"><figure class=\"fg-item-inner\"><a href=\"https:\/\/www.keturist.sk\/info\/wp-content\/uploads\/2022\/06\/dargov-pametnik5.jpg\" data-caption-title=\"Dargovsk\u00fd priesmyk (474 m n. m.)\" data-caption-desc=\"Sie\u0148 bojovej sl\u00e1vy, Fotograf: Jozef Mare\u010dek (https:\/\/www.facebook.com\/jozef.marecek.94)\" data-attachment-id=\"48835\" data-type=\"image\" class=\"fg-thumb\"><span class=\"fg-image-wrap\"><img decoding=\"async\" title=\"Dargovsk\u00fd priesmyk (474 m n. m.)\" width=\"200\" height=\"200\" class=\"skip-lazy fg-image\" data-src-fg=\"https:\/\/www.keturist.sk\/info\/wp-content\/uploads\/cache\/2022\/06\/dargov-pametnik5\/782665196.jpg\" src=\"data:image\/svg+xml,%3Csvg%20xmlns%3D%22http%3A%2F%2Fwww.w3.org%2F2000%2Fsvg%22%20width%3D%22200%22%20height%3D%22200%22%20viewBox%3D%220%200%20200%20200%22%3E%3C%2Fsvg%3E\" loading=\"eager\"><\/span><span class=\"fg-image-overlay\"><\/span><\/a><figcaption class=\"fg-caption\"><div class=\"fg-caption-inner\"><div class=\"fg-caption-title\">Dargovsk\u00fd priesmyk (474 m n. m.)<\/div><div class=\"fg-caption-desc\">Sie\u0148 bojovej sl\u00e1vy, Fotograf: Jozef Mare\u010dek (https:\/\/www.facebook.com\/jozef.marecek.94)<\/div><\/div><\/figcaption><\/figure><div class=\"fg-loader\"><\/div><\/div><div class=\"fg-item fg-type-image fg-idle\"><figure class=\"fg-item-inner\"><a href=\"https:\/\/www.keturist.sk\/info\/wp-content\/uploads\/2022\/06\/dargov-pametnik4.jpg\" data-caption-title=\"Dargovsk\u00fd priesmyk (474 m n. m.)\" data-caption-desc=\"Pam\u00e4tn\u00edk v Dargovskom priesmyku, Fotograf: Jozef Mare\u010dek (https:\/\/www.facebook.com\/jozef.marecek.94)\" data-attachment-id=\"48834\" data-type=\"image\" class=\"fg-thumb\"><span class=\"fg-image-wrap\"><img decoding=\"async\" title=\"Dargovsk\u00fd priesmyk (474 m n. m.)\" width=\"200\" height=\"200\" class=\"skip-lazy fg-image\" data-src-fg=\"https:\/\/www.keturist.sk\/info\/wp-content\/uploads\/cache\/2022\/06\/dargov-pametnik4\/355537779.jpg\" src=\"data:image\/svg+xml,%3Csvg%20xmlns%3D%22http%3A%2F%2Fwww.w3.org%2F2000%2Fsvg%22%20width%3D%22200%22%20height%3D%22200%22%20viewBox%3D%220%200%20200%20200%22%3E%3C%2Fsvg%3E\" loading=\"eager\"><\/span><span class=\"fg-image-overlay\"><\/span><\/a><figcaption class=\"fg-caption\"><div class=\"fg-caption-inner\"><div class=\"fg-caption-title\">Dargovsk\u00fd priesmyk (474 m n. m.)<\/div><div class=\"fg-caption-desc\">Pam\u00e4tn\u00edk v Dargovskom priesmyku, Fotograf: Jozef Mare\u010dek (https:\/\/www.facebook.com\/jozef.marecek.94)<\/div><\/div><\/figcaption><\/figure><div class=\"fg-loader\"><\/div><\/div><div class=\"fg-item fg-type-image fg-idle\"><figure class=\"fg-item-inner\"><a href=\"https:\/\/www.keturist.sk\/info\/wp-content\/uploads\/2022\/06\/dargov-pametnik3.jpg\" data-caption-title=\"Dargovsk\u00fd priesmyk (474 m n. m.)\" data-attachment-id=\"48833\" data-type=\"image\" class=\"fg-thumb\"><span class=\"fg-image-wrap\"><img decoding=\"async\" title=\"Dargovsk\u00fd priesmyk (474 m n. m.)\" width=\"200\" height=\"200\" class=\"skip-lazy fg-image\" data-src-fg=\"https:\/\/www.keturist.sk\/info\/wp-content\/uploads\/cache\/2022\/06\/dargov-pametnik3\/3084382894.jpg\" src=\"data:image\/svg+xml,%3Csvg%20xmlns%3D%22http%3A%2F%2Fwww.w3.org%2F2000%2Fsvg%22%20width%3D%22200%22%20height%3D%22200%22%20viewBox%3D%220%200%20200%20200%22%3E%3C%2Fsvg%3E\" loading=\"eager\"><\/span><span class=\"fg-image-overlay\"><\/span><\/a><figcaption class=\"fg-caption\"><div class=\"fg-caption-inner\"><div class=\"fg-caption-title\">Dargovsk\u00fd priesmyk (474 m n. m.)<\/div><\/div><\/figcaption><\/figure><div class=\"fg-loader\"><\/div><\/div><div class=\"fg-item fg-type-image fg-idle\"><figure class=\"fg-item-inner\"><a href=\"https:\/\/www.keturist.sk\/info\/wp-content\/uploads\/2022\/06\/dargov-pametnik2.jpg\" data-caption-title=\"Dargovsk\u00fd priesmyk (474 m n. m.)\" data-attachment-id=\"48832\" data-type=\"image\" class=\"fg-thumb\"><span class=\"fg-image-wrap\"><img decoding=\"async\" title=\"Dargovsk\u00fd priesmyk (474 m n. m.)\" width=\"200\" height=\"200\" class=\"skip-lazy fg-image\" data-src-fg=\"https:\/\/www.keturist.sk\/info\/wp-content\/uploads\/cache\/2022\/06\/dargov-pametnik2\/2353030193.jpg\" src=\"data:image\/svg+xml,%3Csvg%20xmlns%3D%22http%3A%2F%2Fwww.w3.org%2F2000%2Fsvg%22%20width%3D%22200%22%20height%3D%22200%22%20viewBox%3D%220%200%20200%20200%22%3E%3C%2Fsvg%3E\" loading=\"eager\"><\/span><span class=\"fg-image-overlay\"><\/span><\/a><figcaption class=\"fg-caption\"><div class=\"fg-caption-inner\"><div class=\"fg-caption-title\">Dargovsk\u00fd priesmyk (474 m n. m.)<\/div><\/div><\/figcaption><\/figure><div class=\"fg-loader\"><\/div><\/div><div class=\"fg-item fg-type-image fg-idle\"><figure class=\"fg-item-inner\"><a href=\"https:\/\/www.keturist.sk\/info\/wp-content\/uploads\/2022\/06\/dargov-pametnik1.jpg\" data-caption-title=\"Dargovsk\u00fd priesmyk (474 m n. m.)\" data-caption-desc=\"Dargovsk\u00fd priesmyk (474 m n. m.)\" data-attachment-id=\"48831\" data-type=\"image\" class=\"fg-thumb\"><span class=\"fg-image-wrap\"><img decoding=\"async\" title=\"Dargovsk\u00fd priesmyk (474 m n. m.)\" width=\"200\" height=\"200\" class=\"skip-lazy fg-image\" data-src-fg=\"https:\/\/www.keturist.sk\/info\/wp-content\/uploads\/cache\/2022\/06\/dargov-pametnik1\/3237535632.jpg\" src=\"data:image\/svg+xml,%3Csvg%20xmlns%3D%22http%3A%2F%2Fwww.w3.org%2F2000%2Fsvg%22%20width%3D%22200%22%20height%3D%22200%22%20viewBox%3D%220%200%20200%20200%22%3E%3C%2Fsvg%3E\" loading=\"eager\"><\/span><span class=\"fg-image-overlay\"><\/span><\/a><figcaption class=\"fg-caption\"><div class=\"fg-caption-inner\"><div class=\"fg-caption-title\">Dargovsk\u00fd priesmyk (474 m n. m.)<\/div><div class=\"fg-caption-desc\">Dargovsk\u00fd priesmyk (474 m n. m.)<\/div><\/div><\/figcaption><\/figure><div class=\"fg-loader\"><\/div><\/div><div class=\"fg-item fg-type-image fg-idle\"><figure class=\"fg-item-inner\"><a href=\"https:\/\/www.keturist.sk\/info\/wp-content\/uploads\/2020\/12\/dargov4.jpg\" data-caption-title=\"Dargovsk\u00fd priesmyk (474 m n. m.)\" data-attachment-id=\"37136\" data-type=\"image\" class=\"fg-thumb\"><span class=\"fg-image-wrap\"><img decoding=\"async\" title=\"Dargovsk\u00fd priesmyk (474 m n. m.)\" width=\"200\" height=\"200\" class=\"skip-lazy fg-image\" data-src-fg=\"https:\/\/www.keturist.sk\/info\/wp-content\/uploads\/cache\/2020\/12\/dargov4\/1475381290.jpg\" src=\"data:image\/svg+xml,%3Csvg%20xmlns%3D%22http%3A%2F%2Fwww.w3.org%2F2000%2Fsvg%22%20width%3D%22200%22%20height%3D%22200%22%20viewBox%3D%220%200%20200%20200%22%3E%3C%2Fsvg%3E\" loading=\"eager\"><\/span><span class=\"fg-image-overlay\"><\/span><\/a><figcaption class=\"fg-caption\"><div class=\"fg-caption-inner\"><div class=\"fg-caption-title\">Dargovsk\u00fd priesmyk (474 m n. m.)<\/div><\/div><\/figcaption><\/figure><div class=\"fg-loader\"><\/div><\/div><div class=\"fg-item fg-type-image fg-idle\"><figure class=\"fg-item-inner\"><a href=\"https:\/\/www.keturist.sk\/info\/wp-content\/uploads\/2018\/07\/dargov.png\" data-caption-title=\"Dargovsk\u00fd priesmyk (474 m n. m.)\" data-caption-desc=\"Dargovsk\u00fd priesmyk (zdroj: www.eastern-slovakia.com)\" data-attachment-id=\"25826\" data-type=\"image\" class=\"fg-thumb\"><span class=\"fg-image-wrap\"><img decoding=\"async\" alt=\"Dargovsk\u00fd priesmyk (474 m n. m.)\" title=\"Dargovsk\u00fd priesmyk (474 m n. m.)\" width=\"200\" height=\"200\" class=\"skip-lazy fg-image\" data-src-fg=\"https:\/\/www.keturist.sk\/info\/wp-content\/uploads\/cache\/2018\/07\/dargov\/3277180229.png\" src=\"data:image\/svg+xml,%3Csvg%20xmlns%3D%22http%3A%2F%2Fwww.w3.org%2F2000%2Fsvg%22%20width%3D%22200%22%20height%3D%22200%22%20viewBox%3D%220%200%20200%20200%22%3E%3C%2Fsvg%3E\" loading=\"eager\"><\/span><span class=\"fg-image-overlay\"><\/span><\/a><figcaption class=\"fg-caption\"><div class=\"fg-caption-inner\"><div class=\"fg-caption-title\">Dargovsk\u00fd priesmyk (474 m n. m.)<\/div><div class=\"fg-caption-desc\">Dargovsk\u00fd priesmyk (zdroj: www.eastern-slovakia.com)<\/div><\/div><\/figcaption><\/figure><div class=\"fg-loader\"><\/div><\/div>\t<\/div>\n\t<div class=\"fg-carousel-bottom\"><\/div>\n\t<div class=\"fg-carousel-progress\"><\/div>\n\t<button type=\"button\" class=\"fg-carousel-next\" title=\"Next\"><\/button>\n<\/div>\n<h2><span style=\"color: #800000;\">Zauj\u00edmav\u00e9 odkazy<\/span><\/h2>\n<p>V pr\u00edpade skupinovej n\u00e1v\u0161tevy Siene bojovej sl\u00e1vy (po\u010das cel\u00e9ho roka), pros\u00edme svoju \u00fa\u010das\u0165 nahl\u00e1si\u0165 3 dni vopred na tieto kontakty:<\/p>\n<h3><span style=\"color: #808000;\">Aktu\u00e1lne otv\u00e1racie hodiny a vstupn\u00e9<\/span><\/h3>\n<ul>\n<li><a href=\"https:\/\/www.keturist.sk\/info\/zmena-otvaracich-hodin-siene-bojovej-slavy\/\">Aktu\u00e1lne otv\u00e1racie hodiny a vstupn\u00e9 \u2013 Siene bojovej sl\u00e1vy na Dargove (\u010d\u00edtaj viac&#8230;)<\/a><\/li>\n<\/ul>\n<h3><span style=\"color: #808000;\">Kontakt<\/span><\/h3>\n<p><strong>KULT\u00daRNE CENTRUM ABOVA<\/strong><br \/>\nBidovce 206, 044 45<br \/>\n<strong> e-mail:<\/strong> <a href=\"mailto:kultura.abova@vucke.sk\" target=\"_blank\" rel=\"noopener\">kultura.abova@vucke.sk<\/a><br \/>\n<strong>tel. \u010d.:<\/strong> 055\/696 58 07<br \/>\n<strong>web: <\/strong> <a href=\"http:\/\/www.kulturaabova.sk\" target=\"_blank\" rel=\"noopener noreferrer\">www.kulturaabova.sk<\/a><\/p>\n<h3><span style=\"color: #808000;\">Bl\u00edzke stredisko, turistick\u00e9 centrum, obec alebo mesto:<\/span><\/h3>\n<ul>\n<li><a href=\"https:\/\/www.keturist.sk\/info\/smer-slanske-vrchy\/kupele-borda\/\">K\u00fapele Borda (\u010d\u00edtaj viac&#8230;)<\/a><\/li>\n<\/ul>\n<ul>\n<li><a href=\"https:\/\/www.keturist.sk\/info\/smer-slanske-vrchy\/obec-dargov\/\">Obec Dargov (\u010d\u00edtaj viac&#8230;)<\/a><\/li>\n<\/ul>\n<h2><span style=\"color: #800000;\">Mapy<\/span><\/h2>\n<p><strong>Vrstvy: <\/strong>Turistick\u00e1 mapa, Automapa, Cyklomapa, Ly\u017eiarska mapa, Satelitn\u00e1 mapa a OpenStreetMap.<\/p>\n<p><strong>Kliknut\u00edm na logo &#8222;Freemap.sk&#8220; sa V\u00e1m mapa zobraz\u00ed na celej ploche obrazovky.<\/strong><\/p>\n<p><iframe style=\"width: 900px; height: 500px; border: 0;\" src=\"https:\/\/www.freemap.sk\/?map=13\/48.739380\/21.535692&amp;info-point=48.739380\/21.535692,Dargovsk\u00fd priesmyk&amp;layers=X&amp;embed=search\" allowfullscreen=\"allowfullscreen\"><span data-mce-type=\"bookmark\" style=\"display: inline-block; width: 0px; overflow: hidden; line-height: 0;\" class=\"mce_SELRES_start\">\ufeff<\/span><\/iframe><\/p>\n<h2><span style=\"color: #800000;\">Po\u010dasie<\/span><\/h2>\n<p><iframe style=\"width: 900px; height: 611px;\" src=\"https:\/\/www.meteoblue.com\/sk\/po%C4%8Dasie\/widget\/three\/48.736N21.536E501_Europe%2FBratislava?geoloc=fixed&amp;nocurrent=0&amp;noforecast=0&amp;days=5&amp;tempunit=CELSIUS&amp;windunit=KILOMETER_PER_HOUR&amp;layout=image\" frameborder=\"0\" scrolling=\"NO\" sandbox=\"allow-same-origin allow-scripts allow-popups allow-popups-to-escape-sandbox\"><\/iframe><\/p>\n<div><!-- DO NOT REMOVE THIS LINK --><a href=\"https:\/\/www.meteoblue.com\/sk\/po%C4%8Dasie\/predpove%C4%8F\/t%C3%BD%C5%BEde%C5%88\/48.736N21.536E501_Europe%2FBratislava?utm_source=weather_widget&amp;utm_medium=linkus&amp;utm_content=three&amp;utm_campaign=Weather%2BWidget\" target=\"_blank\" rel=\"noopener noreferrer\">meteoblue<\/a><\/div>\n","protected":false},"excerpt":{"rendered":"<p>Podkateg\u00f3ria: Lokaliz\u00e1cia: Slansk\u00e9 vrchy Podkateg\u00f3ria: Ostatn\u00e9 pamiatky Lokaliz\u00e1cia: Slansk\u00e9 vrchy St\u00e1li ste u\u017e na mieste, kde sa triasla samotn\u00e1 zem? Pam\u00e4tn\u00edk oslobodenia a v\u00ed\u0165azstva a Sie\u0148 bojovej sl\u00e1vy nie s\u00fa [&hellip;]<\/p>\n","protected":false},"author":1,"featured_media":48839,"parent":11623,"menu_order":0,"comment_status":"closed","ping_status":"closed","template":"","meta":{"_uag_custom_page_level_css":"","_monsterinsights_skip_tracking":false,"_monsterinsights_sitenote_active":false,"_monsterinsights_sitenote_note":"","_monsterinsights_sitenote_category":0,"footnotes":""},"class_list":["post-33131","page","type-page","status-publish","has-post-thumbnail","hentry"],"featured_image_src":"https:\/\/www.keturist.sk\/info\/wp-content\/uploads\/2022\/06\/dargov-pametnik9.jpg","featured_image_src_square":"https:\/\/www.keturist.sk\/info\/wp-content\/uploads\/2022\/06\/dargov-pametnik9.jpg","rbea_author_info":{"display_name":"admin","author_link":"https:\/\/www.keturist.sk\/info\/author\/admin\/"},"rbea_excerpt_info":"Podkateg\u00f3ria: Lokaliz\u00e1cia: Slansk\u00e9 vrchy Podkateg\u00f3ria: Ostatn\u00e9 pamiatky Lokaliz\u00e1cia: Slansk\u00e9 vrchy St\u00e1li ste u\u017e na mieste, kde sa triasla samotn\u00e1 zem? Pam\u00e4tn\u00edk oslobodenia a v\u00ed\u0165azstva a Sie\u0148 bojovej sl\u00e1vy nie s\u00fa [&hellip;]","uagb_featured_image_src":{"full":["https:\/\/www.keturist.sk\/info\/wp-content\/uploads\/2022\/06\/dargov-pametnik9.jpg",1000,667,false],"thumbnail":["https:\/\/www.keturist.sk\/info\/wp-content\/uploads\/2022\/06\/dargov-pametnik9-270x180.jpg",270,180,true],"medium":["https:\/\/www.keturist.sk\/info\/wp-content\/uploads\/2022\/06\/dargov-pametnik9-800x534.jpg",800,534,true],"medium_large":["https:\/\/www.keturist.sk\/info\/wp-content\/uploads\/2022\/06\/dargov-pametnik9-768x512.jpg",768,512,true],"large":["https:\/\/www.keturist.sk\/info\/wp-content\/uploads\/2022\/06\/dargov-pametnik9.jpg",1000,667,false],"1536x1536":["https:\/\/www.keturist.sk\/info\/wp-content\/uploads\/2022\/06\/dargov-pametnik9.jpg",1000,667,false],"2048x2048":["https:\/\/www.keturist.sk\/info\/wp-content\/uploads\/2022\/06\/dargov-pametnik9.jpg",1000,667,false]},"uagb_author_info":{"display_name":"admin","author_link":"https:\/\/www.keturist.sk\/info\/author\/admin\/"},"uagb_comment_info":0,"uagb_excerpt":"Podkateg\u00f3ria: Lokaliz\u00e1cia: Slansk\u00e9 vrchy Podkateg\u00f3ria: Ostatn\u00e9 pamiatky Lokaliz\u00e1cia: Slansk\u00e9 vrchy St\u00e1li ste u\u017e na mieste, kde sa triasla samotn\u00e1 zem? Pam\u00e4tn\u00edk oslobodenia a v\u00ed\u0165azstva a Sie\u0148 bojovej sl\u00e1vy nie s\u00fa [&hellip;]","_links":{"self":[{"href":"https:\/\/www.keturist.sk\/info\/wp-json\/wp\/v2\/pages\/33131","targetHints":{"allow":["GET"]}}],"collection":[{"href":"https:\/\/www.keturist.sk\/info\/wp-json\/wp\/v2\/pages"}],"about":[{"href":"https:\/\/www.keturist.sk\/info\/wp-json\/wp\/v2\/types\/page"}],"author":[{"embeddable":true,"href":"https:\/\/www.keturist.sk\/info\/wp-json\/wp\/v2\/users\/1"}],"replies":[{"embeddable":true,"href":"https:\/\/www.keturist.sk\/info\/wp-json\/wp\/v2\/comments?post=33131"}],"version-history":[{"count":28,"href":"https:\/\/www.keturist.sk\/info\/wp-json\/wp\/v2\/pages\/33131\/revisions"}],"predecessor-version":[{"id":74148,"href":"https:\/\/www.keturist.sk\/info\/wp-json\/wp\/v2\/pages\/33131\/revisions\/74148"}],"up":[{"embeddable":true,"href":"https:\/\/www.keturist.sk\/info\/wp-json\/wp\/v2\/pages\/11623"}],"wp:featuredmedia":[{"embeddable":true,"href":"https:\/\/www.keturist.sk\/info\/wp-json\/wp\/v2\/media\/48839"}],"wp:attachment":[{"href":"https:\/\/www.keturist.sk\/info\/wp-json\/wp\/v2\/media?parent=33131"}],"curies":[{"name":"wp","href":"https:\/\/api.w.org\/{rel}","templated":true}]}}