{"id":32831,"date":"2020-04-29T07:34:43","date_gmt":"2020-04-29T05:34:43","guid":{"rendered":"https:\/\/www.keturist.sk\/info\/?page_id=32831"},"modified":"2026-07-17T06:22:32","modified_gmt":"2026-07-17T04:22:32","slug":"luka-pod-hradovou","status":"publish","type":"page","link":"https:\/\/www.keturist.sk\/info\/kam-do-prirody\/kam-do-prirody-smer-kosice\/luka-pod-hradovou\/","title":{"rendered":"L\u00faka pod Hradovou"},"content":{"rendered":"<a href=\"https:\/\/www.keturist.sk\/info\/\" class=\"su-button su-button-style-default\" style=\"color:#000000;background-color:#FFCF2F;border-color:#cca626;border-radius:5px\" target=\"_self\"><span style=\"color:#000000;padding:6px 16px;font-size:13px;line-height:20px;border-color:#ffde6e;border-radius:5px;text-shadow:none\"><i class=\"sui sui-arrow-right\" style=\"font-size:13px;color:#000000\"><\/i>  Spravodaj <\/span><\/a>\n<a href=\"https:\/\/www.keturist.sk\/info\/tipy-na-vylety\/\" class=\"su-button su-button-style-default\" style=\"color:#000000;background-color:#FFCF2F;border-color:#cca626;border-radius:5px\" target=\"_self\"><span style=\"color:#000000;padding:6px 16px;font-size:13px;line-height:20px;border-color:#ffde6e;border-radius:5px;text-shadow:none\"><i class=\"sui sui-arrow-right\" style=\"font-size:13px;color:#000000\"><\/i>  TIPY NA V\u00ddLETY <\/span><\/a>\n<a href=\"https:\/\/www.keturist.sk\/info\/tipy-na-vylety\/\" class=\"su-button su-button-style-default\" style=\"color:#000000;background-color:#FFCF2F;border-color:#cca626;border-radius:5px\" target=\"_self\"><span style=\"color:#000000;padding:6px 16px;font-size:13px;line-height:20px;border-color:#ffde6e;border-radius:5px;text-shadow:none\"><i class=\"sui sui-arrow-right\" style=\"font-size:13px;color:#000000\"><\/i>  TIPY NA V\u00ddLETY <\/span><\/a>\n<a href=\"https:\/\/www.keturist.sk\/info\/kam-do-prirody\/\" class=\"su-button su-button-style-default\" style=\"color:#000000;background-color:#FFCF2F;border-color:#cca626;border-radius:5px\" target=\"_self\"><span style=\"color:#000000;padding:6px 16px;font-size:13px;line-height:20px;border-color:#ffde6e;border-radius:5px;text-shadow:none\"><i class=\"sui sui-arrow-right\" style=\"font-size:13px;color:#000000\"><\/i>  Kam do pr\u00edrody <\/span><\/a>\n<a href=\"https:\/\/www.keturist.sk\/info\/kam-do-prirody\/kam-do-prirody-smer-cierna-hora\/\" class=\"su-button su-button-style-default\" style=\"color:#000000;background-color:#FFCF2F;border-color:#cca626;border-radius:5px\" target=\"_self\"><span style=\"color:#000000;padding:6px 16px;font-size:13px;line-height:20px;border-color:#ffde6e;border-radius:5px;text-shadow:none\"><i class=\"sui sui-arrow-right\" style=\"font-size:13px;color:#000000\"><\/i>  Smer \u010cierna hora <\/span><\/a>\n<div class=\"su-divider su-divider-style-default\" style=\"margin:15px 0;border-width:0px;border-color:#000000\"><\/div>\n<strong>Podkateg\u00f3ria: <\/strong> <a href=\"https:\/\/www.keturist.sk\/info\/kam-do-prirody\/kam-do-prirody-smer-cierna-hora\/planiny-a-horske-luky\/\" class=\"su-button su-button-style-default\" style=\"color:#000000;background-color:#C5ED2C;border-color:#9ebe24;border-radius:5px\" target=\"_self\"><span style=\"color:#000000;padding:6px 16px;font-size:13px;line-height:20px;border-color:#d7f36c;border-radius:5px;text-shadow:none\"><i class=\"sui sui-arrow-right\" style=\"font-size:13px;color:#000000\"><\/i>  Planiny a horsk\u00e9 l\u00faky <\/span><\/a>\n<p><strong>Lokaliz\u00e1cia: <\/strong> <a href=\"https:\/\/www.keturist.sk\/info\/vseobecne-informacie\/\">Ko\u0161ice<\/a> a <a href=\"https:\/\/www.keturist.sk\/info\/okolite-hory\/cierna-hora\/\">\u010cierna hora<\/a><\/p>\n<div class=\"su-divider su-divider-style-default\" style=\"margin:15px 0;border-width:2px;border-color:#000000\"><\/div>\n<figure id=\"attachment_77953\" aria-describedby=\"caption-attachment-77953\" style=\"width: 900px\" class=\"wp-caption aligncenter\"><a href=\"https:\/\/www.keturist.sk\/info\/wp-content\/uploads\/2026\/07\/luka-podhradova26.jpeg\" data-src=\"https:\/\/www.keturist.sk\/info\/wp-content\/uploads\/2026\/07\/luka-podhradova26.jpeg\" data-thumb=\"https:\/\/www.keturist.sk\/info\/wp-content\/uploads\/2026\/07\/luka-podhradova26-800x447.jpeg\" class=\"ml-lightbox-enabled\"><img loading=\"lazy\" decoding=\"async\" class=\"wp-image-77953\" src=\"https:\/\/www.keturist.sk\/info\/wp-content\/uploads\/2026\/07\/luka-podhradova26-800x447.jpeg\" alt=\"L\u00faka pod Hradovou\" width=\"900\" height=\"502\" srcset=\"https:\/\/www.keturist.sk\/info\/wp-content\/uploads\/2026\/07\/luka-podhradova26-800x447.jpeg 800w, https:\/\/www.keturist.sk\/info\/wp-content\/uploads\/2026\/07\/luka-podhradova26-270x151.jpeg 270w, https:\/\/www.keturist.sk\/info\/wp-content\/uploads\/2026\/07\/luka-podhradova26-768x429.jpeg 768w, https:\/\/www.keturist.sk\/info\/wp-content\/uploads\/2026\/07\/luka-podhradova26.jpeg 1376w\" sizes=\"auto, (max-width: 900px) 100vw, 900px\" \/><\/a><figcaption id=\"caption-attachment-77953\" class=\"wp-caption-text\">L\u00faka pod Hradovou<\/figcaption><\/figure>\n<div class=\"su-divider su-divider-style-default\" style=\"margin:15px 0;border-width:2px;border-color:#000000\"><\/div>\n<h2 data-path-to-node=\"0\"><span style=\"color: #800000;\">Objavte tajupln\u00fd raj: \u010carovn\u00e1 L\u00faka pod Hradovou v Ko\u0161iciach l\u00e1ka na \u00fanik z reality<\/span><\/h2>\n<p data-path-to-node=\"1\">Iba k\u00fasok nad mestsk\u00fdm ruchom sa rozprestiera vo\u0148av\u00e1 <b data-path-to-node=\"1\" data-index-in-node=\"53\">Bylinkov\u00e1 l\u00faka<\/b>, ktor\u00e1 v\u00e1s okam\u017eite o\u010dar\u00ed svojou rozmanitos\u0165ou.<\/p>\n<p data-path-to-node=\"1\">Vst\u00fapte do unik\u00e1tnej <b data-path-to-node=\"1\" data-index-in-node=\"137\">Jankovej doliny<\/b>, kde na jar rozkvit\u00e1 vz\u00e1cny, z\u00e1konom chr\u00e1nen\u00fd <b data-path-to-node=\"1\" data-index-in-node=\"199\">poniklec slovensk\u00fd<\/b> ako skuto\u010dn\u00fd posol jari.<\/p>\n<p data-path-to-node=\"1\">Prejdite sa cez romantick\u00fd <b data-path-to-node=\"1\" data-index-in-node=\"270\">brezov\u00fd h\u00e1j<\/b> a spoznajte bohatstvo <b data-path-to-node=\"1\" data-index-in-node=\"304\">chr\u00e1nen\u00fdch a vz\u00e1cnych rastl\u00edn<\/b> v tejto jedine\u010dnej lokalite.<\/p>\n<p data-path-to-node=\"1\">Na z\u00e1ver d\u0148a sa usa\u010fte a vychutnajte si dychber\u00faci panoramatick\u00fd <b data-path-to-node=\"1\" data-index-in-node=\"428\">v\u00fdh\u013ead na Ko\u0161ice<\/b> a okolit\u00e9 pohoria.<\/p>\n<h2 class=\"ds-markdown-paragraph\"><span style=\"color: #800000;\">\u010co je a kde sa nach\u00e1dza L\u00faka pod Hradovou v Ko\u0161iciach?<\/span><\/h2>\n<p class=\"ds-markdown-paragraph\">L\u00faka pod Hradovou, zn\u00e1ma aj ako <strong>Bo\u017esk\u00e1 l\u00faka<\/strong>,\u00a0<strong>l\u00faka nad Podhradovou<\/strong>\u00a0alebo\u00a0<strong>Bylinkov\u00e1 l\u00faka<\/strong>, je rozsiahla podhorsk\u00e1 l\u00faka s rozlohou pribli\u017ene 12 ha.<\/p>\n<p class=\"ds-markdown-paragraph\">Nach\u00e1dza sa na ju\u017enom svahu vrchu Hradov\u00e1 (466 m n. m.), priamo nad s\u00eddliskom Podhradov\u00e1 v mestskej \u010dasti\u00a0<strong>Ko\u0161ice-Sever<\/strong>.<\/p>\n<p class=\"ds-markdown-paragraph\">Z geomorfologick\u00e9ho h\u013eadiska patr\u00ed do oblasti\u00a0<strong>Slovensk\u00e9ho rudohoria<\/strong>, konkr\u00e9tne do celku\u00a0<strong>\u010cierna hora<\/strong>\u00a0(podcelok\u00a0<strong>Horn\u00e1dske predhorie<\/strong>).<\/p>\n<h2 class=\"ds-markdown-paragraph\"><span style=\"color: #800000;\">Ak\u00fa veget\u00e1ciu a vz\u00e1cne rastliny n\u00e1jdete na L\u00fake pod Hradovou?<\/span><\/h2>\n<p class=\"ds-markdown-paragraph\">T\u00e1to <strong>vegeta\u010dn\u00e1 form\u00e1cia<\/strong>\u00a0bez drev\u00edn je tvoren\u00e1 preva\u017ene tr\u00e1vami a bylinami.<\/p>\n<p class=\"ds-markdown-paragraph\">Ako prezr\u00e1dza u\u017e jej \u013eudov\u00fd n\u00e1zov\u00a0<strong>Bylinkov\u00e1 l\u00faka<\/strong>, je od jari do jesene pln\u00e1 l\u00fa\u010dnych byl\u00edn a tr\u00e1v.<\/p>\n<p class=\"ds-markdown-paragraph\">L\u00faka je s\u00fa\u010das\u0165ou\u00a0<strong>pr\u00edrodovedne hodnotn\u00e9ho \u00fazemia<\/strong>\u00a0Hradov\u00e1 pri Ko\u0161iciach, o ktor\u00e9 sa star\u00e1 <a href=\"https:\/\/biotophradova.sk\/\" target=\"_blank\" rel=\"noopener\">OZ Biotop Hradov\u00e1<\/a>.<\/p>\n<p class=\"ds-markdown-paragraph\">Preva\u017en\u00fa \u010das\u0165 okolia pokr\u00fdvaj\u00fa\u00a0<strong>dubovo-hrabov\u00e9 lesy<\/strong>\u00a0s drev\u00ednami ako dub letn\u00fd, dub zimn\u00fd, hrab oby\u010dajn\u00fd a menej buk lesn\u00fd.<\/p>\n<p class=\"ds-markdown-paragraph\">V okrajovom lesnom pl\u00e1\u0161ti je zast\u00fapen\u00e1 breza previsnut\u00e1 a mal\u00e9 enkl\u00e1vy tvoria porasty borovice \u010diernej a borovice lesnej.<\/p>\n<p class=\"ds-markdown-paragraph\">Z krov\u00edn si zasluhuj\u00fa pozornos\u0165 druhy ako trnka slivkov\u00e1, sv\u00edb krvav\u00fd, vi\u0161\u0148a krovit\u00e1, jarabina vt\u00e1\u010dia, br\u0161len eur\u00f3psky, zemolez oby\u010dajn\u00fd, jarabina muky\u0148ov\u00e1, kloko\u010d perovit\u00fd a drie\u0148 oby\u010dajn\u00fd.<\/p>\n<h2 class=\"ds-markdown-paragraph\"><span style=\"color: #800000;\">\u010co je unik\u00e1tna Jankova dolina na Hradovej?<\/span><\/h2>\n<p class=\"ds-markdown-paragraph\">P\u00f4vodn\u00e1 <strong>lesostepn\u00e1 veget\u00e1cia<\/strong>\u00a0sa zachovala na ju\u017en\u00fdch svahoch Hradovej v tzv.\u00a0<strong>Jankovej doline<\/strong>, ktor\u00fa charakterizujeme ako\u00a0<strong>najteplej\u0161iu tr\u00e1vnat\u00fa step v Strednom Pohorn\u00e1d\u00ed<\/strong>.<\/p>\n<p class=\"ds-markdown-paragraph\">Vznikla odlesnen\u00edm teplomilnej d\u00fabravy na v\u00e1pencovom podklade.<\/p>\n<p class=\"ds-markdown-paragraph\">Rastlinn\u00e9 spolo\u010denstv\u00e1 tvoria z\u00e1rasty kostravy \u017eliabkatej a lipnice b\u00e1denskej a spolo\u010denstv\u00e1 s ostricou n\u00edzkou.<\/p>\n<p class=\"ds-markdown-paragraph\">Z drev\u00edn tu dominuj\u00fa: breza bradavi\u010dnat\u00e1, dub plstnat\u00fd, buk lesn\u00fd a jarabina muky\u0148a.<\/p>\n<p class=\"ds-markdown-paragraph\">T\u00e1to <strong>lokalita je v\u00fdznamn\u00e1<\/strong>\u00a0hlavne v\u00fdskytom chr\u00e1nen\u00e9ho a ohrozen\u00e9ho druhu \u2013\u00a0<strong>poniklec ve\u013ekokvet\u00fd<\/strong>\u00a0spolu s mno\u017estvom in\u00fdch teplomiln\u00fdch druhov.<\/p>\n<h2 class=\"ds-markdown-paragraph\"><span style=\"color: #800000;\">Ktor\u00e9 chr\u00e1nen\u00e9 a vz\u00e1cne rastliny tu rast\u00fa?<\/span><\/h2>\n<p class=\"ds-markdown-paragraph\">Z \u010fal\u0161\u00edch z\u00e1konom <strong>chr\u00e1nen\u00fdch druhov<\/strong>\u00a0na lokalite a v bl\u00edzkom okol\u00ed rast\u00fa sinokvet m\u00e4kk\u00fd, veternica lesn\u00e1, \u013ealia zlatohlav\u00e1, orl\u00ed\u010dek oby\u010dajn\u00fd, prilbovka \u010derven\u00e1, prilbovka biela, kru\u0161t\u00edk tmavo\u010derven\u00fd, kru\u0161t\u00edk \u0161irokolist\u00fd a vemenn\u00edk dvojlist\u00fd.<\/p>\n<p class=\"ds-markdown-paragraph\">Z ve\u013ek\u00e9ho mno\u017estva\u00a0<strong>teplomiln\u00fdch botanick\u00fdch druhov<\/strong>\u00a0mo\u017eno spomen\u00fa\u0165 r\u00f4zne druhy \u013eanov, ostricu n\u00edzku, astru spi\u0161sk\u00fa, podkovku chochlat\u00fa, viacer\u00e9 druhy zvon\u010dekov, hor\u010dinku v\u00e4\u010d\u0161iu, jagavku kon\u00e1rist\u00fa, oman me\u010dolist\u00fd, \u010fatelinu alp\u00ednsku, betoniku lek\u00e1rsku, veronikovec vstava\u010dovit\u00fd, nev\u00e4dzn\u00edk hlav\u00e1\u010dovit\u00fd, \u017eltu\u0161ku men\u0161iu, \u010distec rovn\u00fd, plamienok rovn\u00fd a lusk\u00e1\u010d lek\u00e1rsky.<\/p>\n<h2 class=\"ds-markdown-paragraph\"><span style=\"color: #800000;\">Kedy tu kvitne vz\u00e1cny poniklec slovensk\u00fd?<\/span><\/h2>\n<p class=\"ds-markdown-paragraph\"><strong>Na jar<\/strong>, koncom apr\u00edla, tu rastie\u00a0<strong>vz\u00e1cny biotop eur\u00f3pskeho v\u00fdznamu<\/strong>\u00a0\u2013\u00a0<strong>Poniklec slovensk\u00fd<\/strong>.<\/p>\n<p class=\"ds-markdown-paragraph\">Ide o\u00a0<strong>z\u00e1konom chr\u00e1nen\u00fa rastlinu<\/strong>\u00a0z \u010de\u013eade iskern\u00edkovit\u00fdch, ktor\u00e1 sa pova\u017euje za symbol a posla jari.<\/p>\n<p class=\"ds-markdown-paragraph\">T\u00e1to trv\u00e1ca, cel\u00e1 chlpat\u00e1 a\u017e hu\u0148at\u00e1 bylina sa na Slovensku nach\u00e1dza hlavne vo vy\u0161\u0161\u00edch poloh\u00e1ch strednej a v\u00fdchodnej \u010dasti krajiny.<\/p>\n<h2 class=\"ds-markdown-paragraph\"><span style=\"color: #800000;\">\u010co e\u0161te pon\u00faka L\u00faka pod Hradovou n\u00e1v\u0161tevn\u00edkom?<\/span><\/h2>\n<p class=\"ds-markdown-paragraph\">Na z\u00e1padn\u00fdch svahoch l\u00faky sa nach\u00e1dza <strong>romantick\u00fd brezov\u00fd h\u00e1j<\/strong>\u00a0malej rozlohy.<\/p>\n<p class=\"ds-markdown-paragraph\">L\u00faka n\u00e1sledne pon\u00faka\u00a0<strong>n\u00e1dhern\u00e9 v\u00fdh\u013eady<\/strong>\u00a0na panor\u00e1mu mesta\u00a0<strong>Ko\u0161ice<\/strong>, z\u00e1ver\u00a0<strong>Horn\u00e1dskej doliny<\/strong>, na\u00a0<strong>Ko\u0161ick\u00fa kotlinu<\/strong> a na hrebene pohoria\u00a0<strong>\u010cierna Hora<\/strong>,\u00a0<strong>Sl\u00e1nskych vrchov<\/strong>,\u00a0<strong>Zempl\u00ednskych vrchov<\/strong>\u00a0a\u00a0<strong>Volovsk\u00fdch vrchov<\/strong>.<\/p>\n<p><strong>O okolit\u00e9 lesy sa staraj\u00fa, zve\u013ea\u010fuj\u00fa a obhospodaruj\u00fa <a href=\"https:\/\/www.meleskosice.sk\/\" target=\"_blank\" rel=\"noopener noreferrer\">Mestsk\u00e9 lesy Ko\u0161ice a.s.<\/a><\/strong><\/p>\n<h2 data-path-to-node=\"0\"><span style=\"color: #800000;\">Va\u0161a o\u00e1za pokoja na dosah ruky: Pre\u010do mus\u00edte nav\u0161t\u00edvi\u0165 L\u00faku pod Hradovou?<\/span><\/h2>\n<p data-path-to-node=\"1\"><em>Netreba cestova\u0165 \u010faleko, aby ste za\u017eili dokonal\u00e9 <b data-path-to-node=\"1\" data-index-in-node=\"49\">spojenie s pr\u00edrodou<\/b> priamo v Ko\u0161iciach. <b data-path-to-node=\"1\" data-index-in-node=\"89\">L\u00faka pod Hradovou<\/b> predstavuje ide\u00e1lny \u00fanik od ka\u017edodenn\u00e9ho stresu a perfektn\u00e9 miesto pre v\u00e1\u0161 <b data-path-to-node=\"1\" data-index-in-node=\"182\">akt\u00edvny relax<\/b>. Vydajte sa objavova\u0165 jej skryt\u00e9 botanick\u00e9 poklady alebo len tak le\u0148o\u0161te v tieni briez. Pr\u00ed\u010fte na\u010derpa\u0165 nov\u00fa energiu a vychutnajte si nezabudnute\u013en\u00fd panoramatick\u00fd <b data-path-to-node=\"1\" data-index-in-node=\"359\">v\u00fdh\u013ead na Ko\u0161ice<\/b>, ktor\u00fd si v\u00e1s okam\u017eite podman\u00ed.<\/em><\/p>\n<h2><span style=\"color: #800000;\">Fotogal\u00e9ria<\/span><\/h2>\n<style type=\"text\/css\">\n#foogallery-gallery-72134 .fg-image { width: 200px; }<\/style>\n\t\t\t<div class=\"foogallery foogallery-container foogallery-carousel foogallery-lightbox-foogallery fg-carousel fg-ready fg-light fg-border-medium fg-round-small fg-shadow-medium fg-loading-default fg-loaded-fade-in fg-hover-semi-zoomed fg-hover-fade fg-hover-circle-plus2\" id=\"foogallery-gallery-72134\" data-foogallery=\"{&quot;panel&quot;:{&quot;buttons&quot;:{&quot;download&quot;:false}},&quot;item&quot;:{&quot;showCaptionTitle&quot;:true,&quot;showCaptionDescription&quot;:true},&quot;lazy&quot;:false,&quot;src&quot;:&quot;src&quot;,&quot;srcset&quot;:&quot;srcset&quot;,&quot;template&quot;:{&quot;maxItems&quot;:5,&quot;scale&quot;:0.11999999999999999555910790149937383830547332763671875,&quot;gutter&quot;:{&quot;min&quot;:-40,&quot;max&quot;:-20,&quot;unit&quot;:&quot;%&quot;},&quot;autoplay&quot;:{&quot;time&quot;:0,&quot;interaction&quot;:&quot;pause&quot;},&quot;centerOnClick&quot;:true,&quot;align&quot;:&quot;center&quot;,&quot;activePosition&quot;:&quot;center&quot;}}\" data-foogallery-lightbox=\"{&quot;thumbs&quot;:&quot;bottom&quot;,&quot;thumbsCaptions&quot;:false,&quot;thumbsBestFit&quot;:false,&quot;thumbsSmall&quot;:false,&quot;thumbsCaptionsAlign&quot;:&quot;default&quot;,&quot;info&quot;:&quot;bottom&quot;,&quot;infoVisible&quot;:true,&quot;infoOverlay&quot;:true,&quot;infoAlign&quot;:&quot;default&quot;,&quot;transition&quot;:&quot;fade&quot;,&quot;hoverButtons&quot;:false,&quot;fitMedia&quot;:false,&quot;noScrollbars&quot;:true,&quot;preserveButtonSpace&quot;:true,&quot;buttons&quot;:{&quot;fullscreen&quot;:true,&quot;info&quot;:true,&quot;thumbs&quot;:false,&quot;download&quot;:false},&quot;video&quot;:{&quot;autoPlay&quot;:true}}\" style=\"--fg-title-line-clamp: 1; --fg-description-line-clamp: 2;\" >\n\t<button type=\"button\" class=\"fg-carousel-prev\" title=\"Previous\"><\/button>\n\t<div class=\"fg-carousel-inner\">\n\t\t<div class=\"fg-carousel-center\"><\/div>\n\t\t<div class=\"fg-item fg-type-image fg-loaded\"><figure class=\"fg-item-inner\"><a href=\"https:\/\/www.keturist.sk\/info\/wp-content\/uploads\/2020\/04\/luka-podhradova6.jpg\" data-src=\"https:\/\/www.keturist.sk\/info\/wp-content\/uploads\/2020\/04\/luka-podhradova6.jpg\" data-thumb=\"https:\/\/www.keturist.sk\/info\/wp-content\/uploads\/cache\/2020\/04\/luka-podhradova6\/1761008058.jpg\" class=\"ml-lightbox-enabled\"><span class=\"fg-image-wrap\"><img decoding=\"async\" src=\"https:\/\/www.keturist.sk\/info\/wp-content\/uploads\/cache\/2020\/04\/luka-podhradova6\/1761008058.jpg\" title=\"L\u00faka pod Hradovou\" width=\"200\" height=\"200\" class=\"skip-lazy fg-image\" loading=\"eager\"><\/span><span class=\"fg-image-overlay\"><\/span><\/a><figcaption class=\"fg-caption\"><div class=\"fg-caption-inner\"><div class=\"fg-caption-title\">L\u00faka pod Hradovou<\/div><div class=\"fg-caption-desc\">L\u00faka pod Hradovou<\/div><\/div><\/figcaption><\/figure><div class=\"fg-loader\"><\/div><\/div><div class=\"fg-item fg-type-image fg-loaded\"><figure class=\"fg-item-inner\"><a href=\"https:\/\/www.keturist.sk\/info\/wp-content\/uploads\/2020\/04\/luka-podhradova5.jpg\" data-src=\"https:\/\/www.keturist.sk\/info\/wp-content\/uploads\/2020\/04\/luka-podhradova5.jpg\" data-thumb=\"https:\/\/www.keturist.sk\/info\/wp-content\/uploads\/cache\/2020\/04\/luka-podhradova5\/351591773.jpg\" class=\"ml-lightbox-enabled\"><span class=\"fg-image-wrap\"><img decoding=\"async\" src=\"https:\/\/www.keturist.sk\/info\/wp-content\/uploads\/cache\/2020\/04\/luka-podhradova5\/351591773.jpg\" title=\"L\u00faka pod Hradovou\" width=\"200\" height=\"200\" class=\"skip-lazy fg-image\" loading=\"eager\"><\/span><span class=\"fg-image-overlay\"><\/span><\/a><figcaption class=\"fg-caption\"><div class=\"fg-caption-inner\"><div class=\"fg-caption-title\">L\u00faka pod Hradovou<\/div><div class=\"fg-caption-desc\">L\u00faka pod Hradovou<\/div><\/div><\/figcaption><\/figure><div class=\"fg-loader\"><\/div><\/div><div class=\"fg-item fg-type-image fg-loaded\"><figure class=\"fg-item-inner\"><a href=\"https:\/\/www.keturist.sk\/info\/wp-content\/uploads\/2020\/04\/luka-podhradova4.jpg\" data-src=\"https:\/\/www.keturist.sk\/info\/wp-content\/uploads\/2020\/04\/luka-podhradova4.jpg\" data-thumb=\"https:\/\/www.keturist.sk\/info\/wp-content\/uploads\/cache\/2020\/04\/luka-podhradova4\/2757073931.jpg\" class=\"ml-lightbox-enabled\"><span class=\"fg-image-wrap\"><img decoding=\"async\" src=\"https:\/\/www.keturist.sk\/info\/wp-content\/uploads\/cache\/2020\/04\/luka-podhradova4\/2757073931.jpg\" title=\"L\u00faka pod Hradovou\" width=\"200\" height=\"200\" class=\"skip-lazy fg-image\" loading=\"eager\"><\/span><span class=\"fg-image-overlay\"><\/span><\/a><figcaption class=\"fg-caption\"><div class=\"fg-caption-inner\"><div class=\"fg-caption-title\">L\u00faka pod Hradovou<\/div><div class=\"fg-caption-desc\">L\u00faka pod Hradovou<\/div><\/div><\/figcaption><\/figure><div class=\"fg-loader\"><\/div><\/div><div class=\"fg-item fg-type-image fg-loaded\"><figure class=\"fg-item-inner\"><a href=\"https:\/\/www.keturist.sk\/info\/wp-content\/uploads\/2020\/04\/luka-podhradova3.jpg\" data-src=\"https:\/\/www.keturist.sk\/info\/wp-content\/uploads\/2020\/04\/luka-podhradova3.jpg\" data-thumb=\"https:\/\/www.keturist.sk\/info\/wp-content\/uploads\/cache\/2020\/04\/luka-podhradova3\/1504510739.jpg\" class=\"ml-lightbox-enabled\"><span class=\"fg-image-wrap\"><img decoding=\"async\" src=\"https:\/\/www.keturist.sk\/info\/wp-content\/uploads\/cache\/2020\/04\/luka-podhradova3\/1504510739.jpg\" title=\"L\u00faka pod Hradovou\" width=\"200\" height=\"200\" class=\"skip-lazy fg-image\" loading=\"eager\"><\/span><span class=\"fg-image-overlay\"><\/span><\/a><figcaption class=\"fg-caption\"><div class=\"fg-caption-inner\"><div class=\"fg-caption-title\">L\u00faka pod Hradovou<\/div><div class=\"fg-caption-desc\">L\u00faka pod Hradovou<\/div><\/div><\/figcaption><\/figure><div class=\"fg-loader\"><\/div><\/div><div class=\"fg-item fg-type-image fg-loaded\"><figure class=\"fg-item-inner\"><a href=\"https:\/\/www.keturist.sk\/info\/wp-content\/uploads\/2020\/04\/luka-podhradova2.jpg\" data-src=\"https:\/\/www.keturist.sk\/info\/wp-content\/uploads\/2020\/04\/luka-podhradova2.jpg\" data-thumb=\"https:\/\/www.keturist.sk\/info\/wp-content\/uploads\/cache\/2020\/04\/luka-podhradova2\/1462812623.jpg\" class=\"ml-lightbox-enabled\"><span class=\"fg-image-wrap\"><img decoding=\"async\" src=\"https:\/\/www.keturist.sk\/info\/wp-content\/uploads\/cache\/2020\/04\/luka-podhradova2\/1462812623.jpg\" alt=\"L\u00faka pod Hradovou\" title=\"L\u00faka pod Hradovou\" width=\"200\" height=\"200\" class=\"skip-lazy fg-image\" loading=\"eager\"><\/span><span class=\"fg-image-overlay\"><\/span><\/a><figcaption class=\"fg-caption\"><div class=\"fg-caption-inner\"><div class=\"fg-caption-title\">L\u00faka pod Hradovou<\/div><div class=\"fg-caption-desc\">L\u00faka pod Hradovou<\/div><\/div><\/figcaption><\/figure><div class=\"fg-loader\"><\/div><\/div><div class=\"fg-item fg-type-image fg-loaded\"><figure class=\"fg-item-inner\"><a href=\"https:\/\/www.keturist.sk\/info\/wp-content\/uploads\/2020\/04\/luka-podhradova1.jpg\" data-src=\"https:\/\/www.keturist.sk\/info\/wp-content\/uploads\/2020\/04\/luka-podhradova1.jpg\" data-thumb=\"https:\/\/www.keturist.sk\/info\/wp-content\/uploads\/cache\/2020\/04\/luka-podhradova1\/780283437.jpg\" class=\"ml-lightbox-enabled\"><span class=\"fg-image-wrap\"><img decoding=\"async\" src=\"https:\/\/www.keturist.sk\/info\/wp-content\/uploads\/cache\/2020\/04\/luka-podhradova1\/780283437.jpg\" title=\"L\u00faka pod Hradovou\" width=\"200\" height=\"200\" class=\"skip-lazy fg-image\" loading=\"eager\"><\/span><span class=\"fg-image-overlay\"><\/span><\/a><figcaption class=\"fg-caption\"><div class=\"fg-caption-inner\"><div class=\"fg-caption-title\">L\u00faka pod Hradovou<\/div><div class=\"fg-caption-desc\">L\u00faka pod Hradovou<\/div><\/div><\/figcaption><\/figure><div class=\"fg-loader\"><\/div><\/div><div class=\"fg-item fg-type-image fg-loaded\"><figure class=\"fg-item-inner\"><a href=\"https:\/\/www.keturist.sk\/info\/wp-content\/uploads\/2026\/07\/luka-podhradova26.jpeg\" data-src=\"https:\/\/www.keturist.sk\/info\/wp-content\/uploads\/2026\/07\/luka-podhradova26.jpeg\" data-thumb=\"https:\/\/www.keturist.sk\/info\/wp-content\/uploads\/cache\/2026\/07\/luka-podhradova26\/442319746.jpeg\" class=\"ml-lightbox-enabled\"><span class=\"fg-image-wrap\"><img decoding=\"async\" src=\"https:\/\/www.keturist.sk\/info\/wp-content\/uploads\/cache\/2026\/07\/luka-podhradova26\/442319746.jpeg\" alt=\"L\u00faka pod Hradovou\" title=\"L\u00faka pod Hradovou\" width=\"200\" height=\"200\" class=\"skip-lazy fg-image\" loading=\"eager\"><\/span><span class=\"fg-image-overlay\"><\/span><\/a><figcaption class=\"fg-caption\"><div class=\"fg-caption-inner\"><div class=\"fg-caption-title\">L\u00faka pod Hradovou<\/div><div class=\"fg-caption-desc\">L\u00faka pod Hradovou<\/div><\/div><\/figcaption><\/figure><div class=\"fg-loader\"><\/div><\/div>\t<\/div>\n\t<div class=\"fg-carousel-bottom\"><\/div>\n\t<div class=\"fg-carousel-progress\"><\/div>\n\t<button type=\"button\" class=\"fg-carousel-next\" title=\"Next\"><\/button>\n<\/div>\n\n<h2><span style=\"color: #800000;\">Zauj\u00edmav\u00e9 odkazy<\/span><\/h2>\n<h3><span style=\"color: #808000;\">Kontakt<\/span><\/h3>\n<p><strong>Mestsk\u00e9 lesy Ko\u0161ice a.s.<\/strong><\/p>\n<p>Ju\u017en\u00e1 trieda \u010d.11<\/p>\n<p>040 01 Ko\u0161ice<\/p>\n<p><strong>Telef\u00f3n:<\/strong> +421 55 677 00 15 , +421 55 677 00 16<\/p>\n<p><strong>Web:<\/strong> <a href=\"https:\/\/www.meleskosice.sk\/\" target=\"_blank\" rel=\"noopener noreferrer\">www.meleskosice.sk<\/a><\/p>\n<p><strong>E-mail: <\/strong><a href=\"mailto:melesko@meleskosice.sk\" target=\"_blank\" rel=\"noopener noreferrer\">melesko@meleskosice.sk<\/a><\/p>\n<h2><span style=\"color: #800000;\">Mapy<\/span><\/h2>\n<p><strong>Vrstvy: <\/strong>Turistick\u00e1 mapa, Automapa, Cyklomapa, Ly\u017eiarska mapa, Satelitn\u00e1 mapa a OpenStreetMap. <strong>Kliknut\u00edm na logo &#8222;Freemap.sk&#8220; sa V\u00e1m mapa zobraz\u00ed na celej ploche obrazovky.<\/strong> <iframe style=\"width: 900px; height: 500px; border: 0;\" src=\"https:\/\/www.freemap.sk\/?map=14\/48.756330\/21.237774&amp;info-point=48.756330\/21.237774,L\u00faka pod Hradovou&amp;layers=X&amp;embed=search\" allowfullscreen=\"allowfullscreen\"><span data-mce-type=\"bookmark\" style=\"display: inline-block; width: 0px; overflow: hidden; line-height: 0;\" class=\"mce_SELRES_start\">\ufeff<\/span><span data-mce-type=\"bookmark\" style=\"display: inline-block; width: 0px; overflow: hidden; line-height: 0;\" class=\"mce_SELRES_start\">\ufeff<\/span><\/iframe><\/p>\n<h2><span style=\"color: #800000;\">Po\u010dasie<\/span><\/h2>\n<h3><iframe style=\"width: 900px; height: 612px;\" src=\"https:\/\/www.meteoblue.com\/sk\/po%C4%8Dasie\/widget\/three\/48.762N21.238E457_Europe%2FBratislava?geoloc=fixed&amp;nocurrent=0&amp;noforecast=0&amp;days=5&amp;tempunit=CELSIUS&amp;windunit=KILOMETER_PER_HOUR&amp;layout=image\" frameborder=\"0\" scrolling=\"NO\" sandbox=\"allow-same-origin allow-scripts allow-popups allow-popups-to-escape-sandbox\"><\/iframe><\/h3>\n<div><!-- DO NOT REMOVE THIS LINK --><a href=\"https:\/\/www.meteoblue.com\/sk\/po%C4%8Dasie\/predpove%C4%8F\/t%C3%BD%C5%BEde%C5%88\/48.762N21.238E457_Europe%2FBratislava?utm_source=weather_widget&amp;utm_medium=linkus&amp;utm_content=three&amp;utm_campaign=Weather%2BWidget\" target=\"_blank\" rel=\"noopener noreferrer\">meteoblue<\/a><\/div>\n","protected":false},"excerpt":{"rendered":"<p>Podkateg\u00f3ria: Lokaliz\u00e1cia: Ko\u0161ice a \u010cierna hora Objavte tajupln\u00fd raj: \u010carovn\u00e1 L\u00faka pod Hradovou v Ko\u0161iciach l\u00e1ka na \u00fanik z reality Iba k\u00fasok nad mestsk\u00fdm ruchom sa rozprestiera vo\u0148av\u00e1 Bylinkov\u00e1 l\u00faka, [&hellip;]<\/p>\n","protected":false},"author":1,"featured_media":77953,"parent":11574,"menu_order":0,"comment_status":"closed","ping_status":"closed","template":"","meta":{"_uag_custom_page_level_css":"","_monsterinsights_skip_tracking":false,"footnotes":""},"class_list":["post-32831","page","type-page","status-publish","has-post-thumbnail","hentry"],"featured_image_src":"https:\/\/www.keturist.sk\/info\/wp-content\/uploads\/2026\/07\/luka-podhradova26.jpeg","featured_image_src_square":"https:\/\/www.keturist.sk\/info\/wp-content\/uploads\/2026\/07\/luka-podhradova26.jpeg","rbea_author_info":{"display_name":"admin","author_link":"https:\/\/www.keturist.sk\/info\/author\/admin\/"},"rbea_excerpt_info":"Podkateg\u00f3ria: Lokaliz\u00e1cia: Ko\u0161ice a \u010cierna hora Objavte tajupln\u00fd raj: \u010carovn\u00e1 L\u00faka pod Hradovou v Ko\u0161iciach l\u00e1ka na \u00fanik z reality Iba k\u00fasok nad mestsk\u00fdm ruchom sa rozprestiera vo\u0148av\u00e1 Bylinkov\u00e1 l\u00faka, [&hellip;]","uagb_featured_image_src":{"full":["https:\/\/www.keturist.sk\/info\/wp-content\/uploads\/2026\/07\/luka-podhradova26.jpeg",1376,768,false],"thumbnail":["https:\/\/www.keturist.sk\/info\/wp-content\/uploads\/2026\/07\/luka-podhradova26-270x151.jpeg",270,151,true],"medium":["https:\/\/www.keturist.sk\/info\/wp-content\/uploads\/2026\/07\/luka-podhradova26-800x447.jpeg",800,447,true],"medium_large":["https:\/\/www.keturist.sk\/info\/wp-content\/uploads\/2026\/07\/luka-podhradova26-768x429.jpeg",768,429,true],"large":["https:\/\/www.keturist.sk\/info\/wp-content\/uploads\/2026\/07\/luka-podhradova26.jpeg",1376,768,false],"1536x1536":["https:\/\/www.keturist.sk\/info\/wp-content\/uploads\/2026\/07\/luka-podhradova26.jpeg",1376,768,false],"2048x2048":["https:\/\/www.keturist.sk\/info\/wp-content\/uploads\/2026\/07\/luka-podhradova26.jpeg",1376,768,false],"ultp_layout_landscape_large":["https:\/\/www.keturist.sk\/info\/wp-content\/uploads\/2026\/07\/luka-podhradova26.jpeg",1200,670,false],"ultp_layout_landscape":["https:\/\/www.keturist.sk\/info\/wp-content\/uploads\/2026\/07\/luka-podhradova26.jpeg",870,486,false],"ultp_layout_portrait":["https:\/\/www.keturist.sk\/info\/wp-content\/uploads\/2026\/07\/luka-podhradova26.jpeg",600,335,false],"ultp_layout_square":["https:\/\/www.keturist.sk\/info\/wp-content\/uploads\/2026\/07\/luka-podhradova26.jpeg",600,335,false]},"uagb_author_info":{"display_name":"admin","author_link":"https:\/\/www.keturist.sk\/info\/author\/admin\/"},"uagb_comment_info":0,"uagb_excerpt":"Podkateg\u00f3ria: Lokaliz\u00e1cia: Ko\u0161ice a \u010cierna hora Objavte tajupln\u00fd raj: \u010carovn\u00e1 L\u00faka pod Hradovou v Ko\u0161iciach l\u00e1ka na \u00fanik z reality Iba k\u00fasok nad mestsk\u00fdm ruchom sa rozprestiera vo\u0148av\u00e1 Bylinkov\u00e1 l\u00faka, [&hellip;]","_links":{"self":[{"href":"https:\/\/www.keturist.sk\/info\/wp-json\/wp\/v2\/pages\/32831","targetHints":{"allow":["GET"]}}],"collection":[{"href":"https:\/\/www.keturist.sk\/info\/wp-json\/wp\/v2\/pages"}],"about":[{"href":"https:\/\/www.keturist.sk\/info\/wp-json\/wp\/v2\/types\/page"}],"author":[{"embeddable":true,"href":"https:\/\/www.keturist.sk\/info\/wp-json\/wp\/v2\/users\/1"}],"replies":[{"embeddable":true,"href":"https:\/\/www.keturist.sk\/info\/wp-json\/wp\/v2\/comments?post=32831"}],"version-history":[{"count":11,"href":"https:\/\/www.keturist.sk\/info\/wp-json\/wp\/v2\/pages\/32831\/revisions"}],"predecessor-version":[{"id":77956,"href":"https:\/\/www.keturist.sk\/info\/wp-json\/wp\/v2\/pages\/32831\/revisions\/77956"}],"up":[{"embeddable":true,"href":"https:\/\/www.keturist.sk\/info\/wp-json\/wp\/v2\/pages\/11574"}],"wp:featuredmedia":[{"embeddable":true,"href":"https:\/\/www.keturist.sk\/info\/wp-json\/wp\/v2\/media\/77953"}],"wp:attachment":[{"href":"https:\/\/www.keturist.sk\/info\/wp-json\/wp\/v2\/media?parent=32831"}],"curies":[{"name":"wp","href":"https:\/\/api.w.org\/{rel}","templated":true}]}}