{"id":320,"date":"2013-08-02T18:59:20","date_gmt":"2013-08-02T16:59:20","guid":{"rendered":"https:\/\/www.keturist.sk\/info\/?page_id=320"},"modified":"2026-01-03T11:44:04","modified_gmt":"2026-01-03T10:44:04","slug":"kapitansky-palac-slovenske-technicke-muzeum","status":"publish","type":"page","link":"https:\/\/www.keturist.sk\/info\/kam-za-pamiatkami\/kapitansky-palac-slovenske-technicke-muzeum\/","title":{"rendered":"Kapit\u00e1nsky pal\u00e1c \/ R\u00e1kociho pal\u00e1c &#8211; Slovensk\u00e9 technick\u00e9 m\u00fazeum"},"content":{"rendered":"<a href=\"https:\/\/www.keturist.sk\/info\/\" class=\"su-button su-button-style-default\" style=\"color:#000000;background-color:#FFCF2F;border-color:#cca626;border-radius:5px\" target=\"_self\"><span style=\"color:#000000;padding:6px 16px;font-size:13px;line-height:20px;border-color:#ffde6e;border-radius:5px;text-shadow:none\"><i class=\"sui sui-arrow-right\" style=\"font-size:13px;color:#000000\"><\/i>  Spravodaj <\/span><\/a>\n<a href=\"https:\/\/www.keturist.sk\/info\/tipy-na-vylety\/\" class=\"su-button su-button-style-default\" style=\"color:#000000;background-color:#FFCF2F;border-color:#cca626;border-radius:5px\" target=\"_self\"><span style=\"color:#000000;padding:6px 16px;font-size:13px;line-height:20px;border-color:#ffde6e;border-radius:5px;text-shadow:none\"><i class=\"sui sui-arrow-right\" style=\"font-size:13px;color:#000000\"><\/i>  TIPY NA V\u00ddLETY <\/span><\/a>\n<a href=\"https:\/\/www.keturist.sk\/info\/kam-za-pamiatkami\/\" class=\"su-button su-button-style-default\" style=\"color:#000000;background-color:#FFCF2F;border-color:#cca626;border-radius:5px\" target=\"_self\"><span style=\"color:#000000;padding:6px 16px;font-size:13px;line-height:20px;border-color:#ffde6e;border-radius:5px;text-shadow:none\"><i class=\"sui sui-arrow-right\" style=\"font-size:13px;color:#000000\"><\/i>  Kam za pamiatkami <\/span><\/a>\n<a href=\"https:\/\/www.keturist.sk\/info\/kam-za-pamiatkami\/kam-za-pamiatkami-smer-kosice\/\" class=\"su-button su-button-style-default\" style=\"color:#000000;background-color:#FFCF2F;border-color:#cca626;border-radius:5px\" target=\"_self\"><span style=\"color:#000000;padding:6px 16px;font-size:13px;line-height:20px;border-color:#ffde6e;border-radius:5px;text-shadow:none\"><i class=\"sui sui-arrow-right\" style=\"font-size:13px;color:#000000\"><\/i>  smer Ko\u0161ice <\/span><\/a>\n<div class=\"su-divider su-divider-style-default\" style=\"margin:15px 0;border-width:0px;border-color:#000000\"><\/div>\n<p><strong>Podkateg\u00f3ria: <\/strong> <a href=\"https:\/\/www.keturist.sk\/info\/kam-za-pamiatkami\/kam-za-pamiatkami-smer-kosice\/historicke-centrum\/\" class=\"su-button su-button-style-default\" style=\"color:#000000;background-color:#afd144;border-color:#8ca837;border-radius:5px\" target=\"_self\"><span style=\"color:#000000;padding:6px 16px;font-size:13px;line-height:20px;border-color:#c7df7d;border-radius:5px;text-shadow:none\"><i class=\"sui sui-arrow-right\" style=\"font-size:13px;color:#000000\"><\/i>  Historick\u00e9 centrum <\/span><\/a>\n<div class=\"su-divider su-divider-style-default\" style=\"margin:15px 0;border-width:0px;border-color:#000000\"><\/div>\n<strong>Lokaliz\u00e1cia: <\/strong><a href=\"https:\/\/www.keturist.sk\/info\/vseobecne-informacie\/\">Ko\u0161ice<\/a> a <a href=\"https:\/\/www.keturist.sk\/info\/turisticke-vychodiska\/strediska-a-centra\/m\">M\u010c Star\u00e9 mesto<\/a><br \/>\n<div class=\"su-divider su-divider-style-default\" style=\"margin:15px 0;border-width:2px;border-color:#000000\"><\/div>\n<figure id=\"attachment_37922\" aria-describedby=\"caption-attachment-37922\" style=\"width: 900px\" class=\"wp-caption aligncenter\"><a href=\"https:\/\/www.keturist.sk\/info\/wp-content\/uploads\/2021\/01\/tech3.jpg\"><img loading=\"lazy\" decoding=\"async\" class=\"wp-image-37922\" src=\"https:\/\/www.keturist.sk\/info\/wp-content\/uploads\/2021\/01\/tech3.jpg\" alt=\"Kapit\u00e1nsky pal\u00e1c \u2013 Slovensk\u00e9 technick\u00e9 m\u00fazeum\" width=\"900\" height=\"675\" srcset=\"https:\/\/www.keturist.sk\/info\/wp-content\/uploads\/2021\/01\/tech3.jpg 800w, https:\/\/www.keturist.sk\/info\/wp-content\/uploads\/2021\/01\/tech3-240x180.jpg 240w, https:\/\/www.keturist.sk\/info\/wp-content\/uploads\/2021\/01\/tech3-768x576.jpg 768w\" sizes=\"auto, (max-width: 900px) 100vw, 900px\" \/><\/a><figcaption id=\"caption-attachment-37922\" class=\"wp-caption-text\">Kapit\u00e1nsky pal\u00e1c \u2013 Slovensk\u00e9 technick\u00e9 m\u00fazeum<\/figcaption><\/figure>\n<div class=\"su-divider su-divider-style-default\" style=\"margin:15px 0;border-width:2px;border-color:#000000\"><\/div>\n<h2 class=\"ds-markdown-paragraph\"><span style=\"color: #800000;\">\u010co je Kapit\u00e1nsky pal\u00e1c v Ko\u0161iciach a kde ho n\u00e1jdete?<\/span><\/h2>\n<p class=\"ds-markdown-paragraph\"><strong>Kapit\u00e1nsky pal\u00e1c<\/strong>\u00a0je v\u00fdznamn\u00e1\u00a0<strong>historick\u00e1 budova<\/strong>\u00a0nach\u00e1dzaj\u00faca sa na\u00a0<strong>Hlavnej ulici \u010d. 88 v Ko\u0161iciach<\/strong>. Ide o trojpodla\u017en\u00fa stavbu s dvoma br\u00e1nami.<\/p>\n<h2 class=\"ds-markdown-paragraph\"><span style=\"color: #800000;\">Ak\u00e1 je hist\u00f3ria a architekt\u00fara Kapit\u00e1nskeho pal\u00e1ca?<\/span><\/h2>\n<p class=\"ds-markdown-paragraph\">Budova vznikla postupn\u00fdmi prestavbami a pr\u00edstavbami na <strong>gotickom jadre<\/strong>\u00a0za\u010diatkom 17. storo\u010dia. Sved\u010dia o tom tri\u00a0<strong>gotick\u00e9 piliere<\/strong>\u00a0v miestnosti na pr\u00edzem\u00ed pri ju\u017enom vchode a celkov\u00e1\u00a0<strong>renesan\u010dn\u00e1 dispoz\u00edcia<\/strong>\u00a0vn\u00fatra. Pribli\u017ene roku 1653 bola roz\u0161\u00edren\u00e1 a d\u00f4kladne prestavan\u00e1, \u010d\u00edm sa stala s\u00eddlom hlavn\u00e9ho kapitan\u00e1tu. V 18. storo\u010d\u00ed bola\u00a0<strong>barokovo upraven\u00e1<\/strong>\u00a0a z\u00edskala\u00a0<strong>barokovo-klasicistick\u00fa fas\u00e1du<\/strong>.<\/p>\n<p class=\"ds-markdown-paragraph\">Barokov\u00fd klasicizmus (tie\u017e terezi\u00e1nsky klasicizmus) je architektonick\u00fd sloh, ktor\u00fd do baroka iba prid\u00e1val prvky klasicistick\u00e9, aby tak reagoval na pr\u00edli\u0161n\u00fa ozdobnos\u0165 baroka. Tento smer je v\u0161ak st\u00e1le e\u0161te raden\u00fd k barokov\u00e9mu \u0161t\u00fdlu. Budovu \u010diasto\u010dne zrekon\u0161truovali v roku 1943. V rokoch 1956-1958 ju rozsiahlej\u0161ou rekon\u0161trukciou prisp\u00f4sobili pre potreby m\u00fazea.<\/p>\n<h2 class=\"ds-markdown-paragraph\"><span style=\"color: #800000;\">Ako vyzer\u00e1 fas\u00e1da a vchody pal\u00e1ca?<\/span><\/h2>\n<p class=\"ds-markdown-paragraph\"><strong>Kapit\u00e1nsky pal\u00e1c<\/strong>\u00a0m\u00e1 pomerne bohato zdoben\u00fa fas\u00e1du. Oba vchody, z ktor\u00fdch jeden vedie do budovy a druh\u00fd priechodom do dvora a k zadn\u00e9mu traktu, zdobia\u00a0<strong>port\u00e1ly<\/strong>\u00a0kon\u010diace sa rozdvojen\u00fdmi tympan\u00f3nmi spo\u010d\u00edvaj\u00facich na pilastroch.<\/p>\n<h2 class=\"ds-markdown-paragraph\"><span style=\"color: #800000;\">\u010co zauj\u00edmav\u00e9ho sa zachovalo v interi\u00e9ri?<\/span><\/h2>\n<p class=\"ds-markdown-paragraph\">Miestnosti s\u00fa zaklenut\u00e9\u00a0<strong>barokov\u00fdmi klenbami<\/strong>. V s\u00e1le na poschod\u00ed sa zachoval\u00a0<strong>p\u00f4vodn\u00fd kamenn\u00fd kozub<\/strong>\u00a0s textom zo 17. storo\u010dia. V s\u00e1le na poschod\u00ed sa zachoval kamenn\u00fd kozub s textom zo 17.storo\u010dia.<\/p>\n<h2 class=\"ds-markdown-paragraph\"><span style=\"color: #800000;\">Pre\u010do sa niekedy hovor\u00ed aj o R\u00e1kocim pal\u00e1ci?<\/span><\/h2>\n<p class=\"ds-markdown-paragraph\"><strong>R\u00e1kociho pal\u00e1c<\/strong>\u00a0je alternat\u00edvne pomenovanie tejto budovy pod\u013ea <a href=\"https:\/\/sk.wikipedia.org\/wiki\/Franti%C5%A1ek_II._R%C3%A1koci\" target=\"_blank\" rel=\"noopener\">Franti\u0161ka R\u00e1kociho II.<\/a>, ktor\u00fd tu b\u00fdval pri pr\u00edle\u017eitosti krajinsk\u00e9ho snemu zvolan\u00e9ho do Ko\u0161\u00edc v rokoch 1706-1707.<\/p>\n<p class=\"ds-markdown-paragraph\"><strong>\u010co dnes n\u00e1v\u0161tevn\u00edk n\u00e1jde v Kapit\u00e1nskom pal\u00e1ci?<\/strong><\/p>\n<p class=\"ds-markdown-paragraph\">V budove je v s\u00fa\u010dasnosti umiestnen\u00e9\u00a0<a href=\"https:\/\/stm-ke.sk\/sk\/pobocky\/sidelna-budova-v-kosiciach\/kontakt\" target=\"_blank\" rel=\"noopener\"><strong>Slovensk\u00e9 technick\u00e9 m\u00fazeum<\/strong><\/a>\u00a0s nasleduj\u00facimi\u00a0<strong>expoz\u00edciami<\/strong>: Hutn\u00edctvo, Stroj\u00e1rstvo, Umeleck\u00e9 kov\u00e1\u010dstvo, Energetick\u00e9 oddelenie Aurela Stodolu, Oznamovacia elektrotechnika, V\u00fdvoj p\u00edsac\u00edch strojov, \u00da\u017eitkov\u00e9 a ozdobn\u00e9 predmety z kovov, Z dej\u00edn fyziky na Slovensku, Chemick\u00e1 expoz\u00edcia a Astron\u00f3mia.<\/p>\n<p class=\"ds-markdown-paragraph\">V\u00a0<strong>podzem\u00ed m\u00fazea<\/strong>\u00a0je umiestnen\u00e1\u00a0<strong>ban\u00edcka expoz\u00edcia<\/strong>. M\u00fazeum m\u00e1 svoje expoz\u00edcie aj mimo tejto budovy.<\/p>\n<h2 class=\"ds-markdown-paragraph\"><span style=\"color: #800000;\">Ak\u00e9 unik\u00e1ty m\u00fazeum pon\u00faka?<\/span><\/h2>\n<p class=\"ds-markdown-paragraph\">V m\u00fazeu bolo umiestnen\u00e9\u00a0<strong>prv\u00e9 planet\u00e1rium na Slovensku<\/strong>, ktor\u00e9 sl\u00fa\u017ei od roku 1975 a\u017e dodnes. Na prie\u010del\u00ed budovy bola v roku 1989 odhalen\u00e1\u00a0<strong>pam\u00e4tn\u00e1 tabu\u013ea <a href=\"https:\/\/sk.wikipedia.org\/wiki\/Aurel_Stodola\" target=\"_blank\" rel=\"noopener\">Aurela Stodolu<\/a><\/strong>, ktorej autorkou je akademick\u00e1 soch\u00e1rka <a href=\"https:\/\/sk.wikipedia.org\/wiki\/M%C3%A1ria_Bartuszov%C3%A1\" target=\"_blank\" rel=\"noopener\">M\u00e1ria Bartuszov\u00e1<\/a>.<\/p>\n<h2><span style=\"color: #800000;\">Fotogal\u00e9ria<\/span><\/h2>\n<style type=\"text\/css\">\n#foogallery-gallery-72988 .fg-image { width: 200px; }<\/style>\n\t\t\t<div class=\"foogallery foogallery-container foogallery-carousel foogallery-lightbox-foogallery fg-carousel fg-ready fg-light fg-border-medium fg-round-small fg-shadow-medium fg-loading-default fg-loaded-fade-in fg-hover-semi-zoomed fg-hover-fade fg-hover-circle-plus2\" id=\"foogallery-gallery-72988\" data-foogallery=\"{&quot;item&quot;:{&quot;showCaptionTitle&quot;:true,&quot;showCaptionDescription&quot;:true},&quot;lazy&quot;:true,&quot;template&quot;:{&quot;maxItems&quot;:5,&quot;scale&quot;:0.11999999999999999555910790149937383830547332763671875,&quot;gutter&quot;:{&quot;min&quot;:-40,&quot;max&quot;:-20,&quot;unit&quot;:&quot;%&quot;},&quot;autoplay&quot;:{&quot;time&quot;:0,&quot;interaction&quot;:&quot;pause&quot;},&quot;centerOnClick&quot;:true,&quot;align&quot;:&quot;center&quot;,&quot;activePosition&quot;:&quot;center&quot;}}\" data-foogallery-lightbox=\"{&quot;thumbs&quot;:&quot;bottom&quot;,&quot;thumbsCaptions&quot;:false,&quot;thumbsBestFit&quot;:false,&quot;thumbsSmall&quot;:false,&quot;thumbsCaptionsAlign&quot;:&quot;default&quot;,&quot;info&quot;:&quot;bottom&quot;,&quot;infoVisible&quot;:true,&quot;infoOverlay&quot;:true,&quot;infoAlign&quot;:&quot;default&quot;,&quot;transition&quot;:&quot;fade&quot;,&quot;hoverButtons&quot;:false,&quot;fitMedia&quot;:false,&quot;noScrollbars&quot;:true,&quot;preserveButtonSpace&quot;:true,&quot;buttons&quot;:{&quot;fullscreen&quot;:true,&quot;info&quot;:true,&quot;thumbs&quot;:false},&quot;video&quot;:{&quot;autoPlay&quot;:true}}\" style=\"--fg-title-line-clamp: 1; --fg-description-line-clamp: 2;\" >\n\t<button type=\"button\" class=\"fg-carousel-prev\" title=\"Previous\"><\/button>\n\t<div class=\"fg-carousel-inner\">\n\t\t<div class=\"fg-carousel-center\"><\/div>\n\t\t<div class=\"fg-item fg-type-image fg-idle\"><figure class=\"fg-item-inner\"><a href=\"https:\/\/www.keturist.sk\/info\/wp-content\/uploads\/2021\/01\/tech2.jpg\" data-caption-title=\"Kapit\u00e1nsky pal\u00e1c \/ R\u00e1kociho pal\u00e1c - Slovensk\u00e9 technick\u00e9 m\u00fazeum\" data-caption-desc=\"pam\u00e4tn\u00e1 tabu\u013ea Aurela Stodolu\" data-attachment-id=\"37923\" data-type=\"image\" class=\"fg-thumb\"><span class=\"fg-image-wrap\"><img decoding=\"async\" alt=\"Kapit\u00e1nsky pal\u00e1c \/ R\u00e1kociho pal\u00e1c - Slovensk\u00e9 technick\u00e9 m\u00fazeum\" title=\"Kapit\u00e1nsky pal\u00e1c \/ R\u00e1kociho pal\u00e1c - Slovensk\u00e9 technick\u00e9 m\u00fazeum\" width=\"200\" height=\"200\" class=\"skip-lazy fg-image\" data-src-fg=\"https:\/\/www.keturist.sk\/info\/wp-content\/uploads\/cache\/2021\/01\/tech2\/1720845782.jpg\" src=\"data:image\/svg+xml,%3Csvg%20xmlns%3D%22http%3A%2F%2Fwww.w3.org%2F2000%2Fsvg%22%20width%3D%22200%22%20height%3D%22200%22%20viewBox%3D%220%200%20200%20200%22%3E%3C%2Fsvg%3E\" loading=\"eager\"><\/span><span class=\"fg-image-overlay\"><\/span><\/a><figcaption class=\"fg-caption\"><div class=\"fg-caption-inner\"><div class=\"fg-caption-title\">Kapit\u00e1nsky pal\u00e1c \/ R\u00e1kociho pal\u00e1c - Slovensk\u00e9 technick\u00e9 m\u00fazeum<\/div><div class=\"fg-caption-desc\">pam\u00e4tn\u00e1 tabu\u013ea Aurela Stodolu<\/div><\/div><\/figcaption><\/figure><div class=\"fg-loader\"><\/div><\/div><div class=\"fg-item fg-type-image fg-idle\"><figure class=\"fg-item-inner\"><a href=\"https:\/\/www.keturist.sk\/info\/wp-content\/uploads\/2021\/01\/tech3.jpg\" data-caption-title=\"Kapit\u00e1nsky pal\u00e1c \/ R\u00e1kociho pal\u00e1c - Slovensk\u00e9 technick\u00e9 m\u00fazeum\" data-attachment-id=\"37922\" data-type=\"image\" class=\"fg-thumb\"><span class=\"fg-image-wrap\"><img decoding=\"async\" alt=\"Kapit\u00e1nsky pal\u00e1c \/ R\u00e1kociho pal\u00e1c - Slovensk\u00e9 technick\u00e9 m\u00fazeum\" title=\"Kapit\u00e1nsky pal\u00e1c \/ R\u00e1kociho pal\u00e1c - Slovensk\u00e9 technick\u00e9 m\u00fazeum\" width=\"200\" height=\"200\" class=\"skip-lazy fg-image\" data-src-fg=\"https:\/\/www.keturist.sk\/info\/wp-content\/uploads\/cache\/2021\/01\/tech3\/1669039579.jpg\" src=\"data:image\/svg+xml,%3Csvg%20xmlns%3D%22http%3A%2F%2Fwww.w3.org%2F2000%2Fsvg%22%20width%3D%22200%22%20height%3D%22200%22%20viewBox%3D%220%200%20200%20200%22%3E%3C%2Fsvg%3E\" loading=\"eager\"><\/span><span class=\"fg-image-overlay\"><\/span><\/a><figcaption class=\"fg-caption\"><div class=\"fg-caption-inner\"><div class=\"fg-caption-title\">Kapit\u00e1nsky pal\u00e1c \/ R\u00e1kociho pal\u00e1c - Slovensk\u00e9 technick\u00e9 m\u00fazeum<\/div><\/div><\/figcaption><\/figure><div class=\"fg-loader\"><\/div><\/div>\t<\/div>\n\t<div class=\"fg-carousel-bottom\"><\/div>\n\t<div class=\"fg-carousel-progress\"><\/div>\n\t<button type=\"button\" class=\"fg-carousel-next\" title=\"Next\"><\/button>\n<\/div>\n<h2><span style=\"color: #800000;\">Zauj\u00edmav\u00e9 odkazy<\/span><\/h2>\n<h3><span style=\"color: #808000;\">Kontakt:<\/span><\/h3>\n<p><strong>Slovensk\u00e9 technick\u00e9 m\u00fazeum<\/strong><br \/>\nHlavn\u00e1 88,<br \/>\n040 01 Ko\u0161ice<br \/>\nSLOVENSKO<br \/>\n<strong>e-mail:<\/strong> <a href=\"mailto:stmke@stm-ke.sk\">stmke@stm-ke.sk<\/a><br \/>\n<strong>web:<\/strong> <a href=\"http:\/\/www.stm-ke.sk\" target=\"_blank\" rel=\"noopener\">www.stm-ke.sk<\/a><\/p>\n<h3><span style=\"color: #808000;\">Otv\u00e1racie hodiny a vstupn\u00e9<\/span><\/h3>\n<ul>\n<li><a href=\"https:\/\/www.keturist.sk\/info\/slovenske-technicke-muzeum-nove-otvaracie-hodiny\/\" target=\"_blank\" rel=\"noopener\">S\u00eddeln\u00e1 budova v Ko\u0161iciach \u2013 otv\u00e1racie hodiny + vstupn\u00e9 (\u010d\u00edtaj viac v novom okne)<\/a><\/li>\n<\/ul>\n<h3><span style=\"color: #808000;\">Bl\u00edzke stredisko, turistick\u00e9 centrum, obec alebo mesto:<\/span><\/h3>\n<ul>\n<li><a href=\"https:\/\/www.keturist.sk\/info\/strediska-a-centra\/mc-stare-mesto\/\">Ko\u0161ice &#8211; M\u010c Star\u00e9 mesto (\u010d\u00edtaj viac&#8230;)<\/a><\/li>\n<\/ul>\n<h2><span style=\"color: #800000;\">Mapy<\/span><\/h2>\n<p><strong>Vrstvy: <\/strong>Turistick\u00e1 mapa, Automapa, Cyklomapa, Ly\u017eiarska mapa, Satelitn\u00e1 mapa a OpenStreetMap.<\/p>\n<p><strong>Kliknut\u00edm na logo &#8222;Freemap.sk&#8220; sa V\u00e1m mapa zobraz\u00ed na celej ploche obrazovky.<\/strong><\/p>\n<p><iframe style=\"width: 900px; height: 500px; border: 0;\" src=\"https:\/\/www.freemap.sk\/?map=16\/48.724187\/21.255852&amp;info-point=48.724187\/21.255852,R\u00e1kociho pal\u00e1c - Slovensk\u00e9 technick\u00e9 m\u00fazeum&amp;layers=X&amp;embed=search\" allowfullscreen=\"allowfullscreen\"><span data-mce-type=\"bookmark\" style=\"display: inline-block; width: 0px; overflow: hidden; line-height: 0;\" class=\"mce_SELRES_start\">\ufeff<\/span><\/iframe><\/p>\n<h2><span style=\"color: #800000;\">Po\u010dasie<\/span><\/h2>\n<p><iframe style=\"width: 900px; height: 600px;\" src=\"https:\/\/www.meteoblue.com\/sk\/po%C4%8Dasie\/widget\/three\/ko%c5%a1ice_slovensk%c3%a1-republika_724443?geoloc=fixed&amp;nocurrent=0&amp;noforecast=0&amp;days=5&amp;tempunit=CELSIUS&amp;windunit=KILOMETER_PER_HOUR&amp;layout=image\" frameborder=\"0\" scrolling=\"NO\" sandbox=\"allow-same-origin allow-scripts allow-popups allow-popups-to-escape-sandbox\"><\/iframe><\/p>\n<div><!-- DO NOT REMOVE THIS LINK --><a href=\"https:\/\/www.meteoblue.com\/sk\/po%C4%8Dasie\/predpove%C4%8F\/t%C3%BD%C5%BEde%C5%88\/ko%c5%a1ice_slovensk%c3%a1-republika_724443?utm_source=weather_widget&amp;utm_medium=linkus&amp;utm_content=three&amp;utm_campaign=Weather%2BWidget\" target=\"_blank\" rel=\"noopener\">meteoblue<\/a><\/div>\n","protected":false},"excerpt":{"rendered":"<p>Podkateg\u00f3ria: Lokaliz\u00e1cia: Ko\u0161ice a M\u010c Star\u00e9 mesto \u010co je Kapit\u00e1nsky pal\u00e1c v Ko\u0161iciach a kde ho n\u00e1jdete? Kapit\u00e1nsky pal\u00e1c\u00a0je v\u00fdznamn\u00e1\u00a0historick\u00e1 budova\u00a0nach\u00e1dzaj\u00faca sa na\u00a0Hlavnej ulici \u010d. 88 v Ko\u0161iciach. Ide o [&hellip;]<\/p>\n","protected":false},"author":1,"featured_media":37922,"parent":51,"menu_order":0,"comment_status":"closed","ping_status":"closed","template":"","meta":{"_uag_custom_page_level_css":"","_monsterinsights_skip_tracking":false,"_monsterinsights_sitenote_active":false,"_monsterinsights_sitenote_note":"","_monsterinsights_sitenote_category":0,"footnotes":""},"class_list":["post-320","page","type-page","status-publish","has-post-thumbnail","hentry"],"featured_image_src":"https:\/\/www.keturist.sk\/info\/wp-content\/uploads\/2021\/01\/tech3.jpg","featured_image_src_square":"https:\/\/www.keturist.sk\/info\/wp-content\/uploads\/2021\/01\/tech3.jpg","rbea_author_info":{"display_name":"admin","author_link":"https:\/\/www.keturist.sk\/info\/author\/admin\/"},"rbea_excerpt_info":"Podkateg\u00f3ria: Lokaliz\u00e1cia: Ko\u0161ice a M\u010c Star\u00e9 mesto \u010co je Kapit\u00e1nsky pal\u00e1c v Ko\u0161iciach a kde ho n\u00e1jdete? Kapit\u00e1nsky pal\u00e1c\u00a0je v\u00fdznamn\u00e1\u00a0historick\u00e1 budova\u00a0nach\u00e1dzaj\u00faca sa na\u00a0Hlavnej ulici \u010d. 88 v Ko\u0161iciach. Ide o [&hellip;]","uagb_featured_image_src":{"full":["https:\/\/www.keturist.sk\/info\/wp-content\/uploads\/2021\/01\/tech3.jpg",800,600,false],"thumbnail":["https:\/\/www.keturist.sk\/info\/wp-content\/uploads\/2021\/01\/tech3-240x180.jpg",240,180,true],"medium":["https:\/\/www.keturist.sk\/info\/wp-content\/uploads\/2021\/01\/tech3.jpg",800,600,false],"medium_large":["https:\/\/www.keturist.sk\/info\/wp-content\/uploads\/2021\/01\/tech3-768x576.jpg",768,576,true],"large":["https:\/\/www.keturist.sk\/info\/wp-content\/uploads\/2021\/01\/tech3.jpg",800,600,false],"1536x1536":["https:\/\/www.keturist.sk\/info\/wp-content\/uploads\/2021\/01\/tech3.jpg",800,600,false],"2048x2048":["https:\/\/www.keturist.sk\/info\/wp-content\/uploads\/2021\/01\/tech3.jpg",800,600,false]},"uagb_author_info":{"display_name":"admin","author_link":"https:\/\/www.keturist.sk\/info\/author\/admin\/"},"uagb_comment_info":0,"uagb_excerpt":"Podkateg\u00f3ria: Lokaliz\u00e1cia: Ko\u0161ice a M\u010c Star\u00e9 mesto \u010co je Kapit\u00e1nsky pal\u00e1c v Ko\u0161iciach a kde ho n\u00e1jdete? Kapit\u00e1nsky pal\u00e1c\u00a0je v\u00fdznamn\u00e1\u00a0historick\u00e1 budova\u00a0nach\u00e1dzaj\u00faca sa na\u00a0Hlavnej ulici \u010d. 88 v Ko\u0161iciach. Ide o [&hellip;]","_links":{"self":[{"href":"https:\/\/www.keturist.sk\/info\/wp-json\/wp\/v2\/pages\/320","targetHints":{"allow":["GET"]}}],"collection":[{"href":"https:\/\/www.keturist.sk\/info\/wp-json\/wp\/v2\/pages"}],"about":[{"href":"https:\/\/www.keturist.sk\/info\/wp-json\/wp\/v2\/types\/page"}],"author":[{"embeddable":true,"href":"https:\/\/www.keturist.sk\/info\/wp-json\/wp\/v2\/users\/1"}],"replies":[{"embeddable":true,"href":"https:\/\/www.keturist.sk\/info\/wp-json\/wp\/v2\/comments?post=320"}],"version-history":[{"count":5,"href":"https:\/\/www.keturist.sk\/info\/wp-json\/wp\/v2\/pages\/320\/revisions"}],"predecessor-version":[{"id":72989,"href":"https:\/\/www.keturist.sk\/info\/wp-json\/wp\/v2\/pages\/320\/revisions\/72989"}],"up":[{"embeddable":true,"href":"https:\/\/www.keturist.sk\/info\/wp-json\/wp\/v2\/pages\/51"}],"wp:featuredmedia":[{"embeddable":true,"href":"https:\/\/www.keturist.sk\/info\/wp-json\/wp\/v2\/media\/37922"}],"wp:attachment":[{"href":"https:\/\/www.keturist.sk\/info\/wp-json\/wp\/v2\/media?parent=320"}],"curies":[{"name":"wp","href":"https:\/\/api.w.org\/{rel}","templated":true}]}}