{"id":30600,"date":"2019-10-12T01:53:56","date_gmt":"2019-10-11T23:53:56","guid":{"rendered":"https:\/\/www.keturist.sk\/info\/?page_id=30600"},"modified":"2019-10-12T01:57:29","modified_gmt":"2019-10-11T23:57:29","slug":"parny-mlyn-v-buzici","status":"publish","type":"page","link":"https:\/\/www.keturist.sk\/info\/kam-za-pamiatkami\/kam-za-pamiatkami-kosicka-kotlina\/parny-mlyn-v-buzici\/","title":{"rendered":"Parn\u00fd mlyn v Buzici"},"content":{"rendered":"<p>********************<\/p>\n<p>Pamiatka sl\u00fa\u017ei ako m\u00fazeum, no v\u0161etko zariadenie je pod\u013ea starostu funk\u010dn\u00e9.<\/p>\n<p>P\u00f4vodne klasicistick\u00e1 s\u00fdpka bola prestavan\u00e1 na mlyn v roku 1922.<\/p>\n<p>Mleli sa tam kvalitn\u00e9 obilie a krupica, a to a\u017e do roku 1953.<\/p>\n<p>Sch\u00e1tran\u00fa budovu obec opravila v roku 2014 s pomocou eurofondov.<\/p>\n<p>\u201ePod\u013ea na\u0161ich inform\u00e1ci\u00ed na Slovensku, ale mo\u017eno aj v strednej Eur\u00f3pe, je to jedin\u00fd tak\u00fdto parn\u00fd mlyn, ktor\u00fd m\u00e1 strojn\u00e9 zariadenie na 99 percent v kompletnom stave a v\u0161etko m\u00f4\u017ee by\u0165 funk\u010dn\u00e9,&#8220; uviedol starosta Buzice Jozef Moh\u0148ansk\u00fd (SMK).<\/p>\n<p>N\u00e1v\u0161tevn\u00edci sa pri p\u00f4vodnej drevenej kon\u0161trukcii mlyna m\u00f4\u017eu dozvedie\u0165 o procese, ako sa mlelo, triedilo, \u010distilo \u010di transportovalo obilie.<\/p>\n<p>Okrem mnoh\u00fdch zachovan\u00fdch detailov uvidia napr\u00edklad aj star\u00fd ru\u010dn\u00fd hasiaci pr\u00edstroj.<\/p>\n<p>Z\u00e1chrana mlyna<br \/>\nP\u00f4vodn\u00e1 budova z roku 1811 patrila \u0161\u013eachtick\u00e9mu rodu Szentimreyovcov, v roku 1920 ju odk\u00fapil K\u00e1roly M\u00e1t\u00e9 a po prestavbe ju zmenil na \u0161tvorpodla\u017en\u00fd mlyn.<\/p>\n<p>Strojn\u00e9 zariadenie poch\u00e1dza od firmy Poledny\u00e1k z Ko\u0161\u00edc.<\/p>\n<p>Mechanizmus poh\u00e1\u0148al najprv jednovalcov\u00fd parn\u00fd stroj a nesk\u00f4r dieselov\u00fd motor.<\/p>\n<p>Budova od 50. rokov minul\u00e9ho storo\u010dia sl\u00fa\u017eila na skladov\u00e9 \u00fa\u010dely \u0161t\u00e1tneho majetku a n\u00e1sledne ch\u00e1trala.<\/p>\n<p>P\u00f4vodn\u00ed majitelia ju z\u00edskali sp\u00e4\u0165 do vlastn\u00edctva v roku 1990.<\/p>\n<p>Obec objekt odk\u00fapila a zrenovovala, v r\u00e1mci cezhrani\u010dn\u00e9ho projektu na to z\u00edskala 307 000 eur.<\/p>\n<p>\u201eBolo to, ako sa hovor\u00ed, p\u00e4\u0165 min\u00fat pred dvan\u00e1stou, lebo budova u\u017e bola staticky vo ve\u013emi zlom stave. Ale mysl\u00edm si, \u017ee sa n\u00e1m podarilo zachr\u00e1ni\u0165 ve\u013emi pekn\u00fa budovu aj pre \u010fal\u0161ie gener\u00e1cie,&#8220; skon\u0161tatoval Moh\u0148ansk\u00fd.<\/p>\n<p>Pamiatka sl\u00fa\u017ei ako m\u00fazeum, ktor\u00e9 nav\u0161tevuj\u00fa aj \u017eiaci z\u00e1kladn\u00fdch \u010di stredn\u00fdch \u0161k\u00f4l, ale aj ako \u0161koliace stredisko a miesto spolo\u010densk\u00fdch stretnut\u00ed a v\u00fdstav.<\/p>\n<p>Historick\u00fd M\u00e1t\u00e9ho mlyn nie je be\u017ene pre verejnos\u0165 pr\u00edstupn\u00fd.<\/p>\n<p>V pr\u00edpade z\u00e1ujmu o n\u00e1v\u0161tevu sa treba vopred ohl\u00e1si\u0165 na obecnom \u00farade.<\/p>\n<p>Z\u00e1ujemcovia si m\u00f4\u017eu pri mlyne z\u00e1rove\u0148 pozrie\u0165 pieskovcov\u00fd kr\u00ed\u017e so sochami sv. J\u00e1na Nepomuck\u00e9ho a Panny M\u00e1rie z roku 1739, ktor\u00e9 dal postavi\u0165 Imre Szentimrey z v\u010faky, \u017ee sa nik z jeho rodiny nestal obe\u0165ou morovej n\u00e1kazy.<\/p>\n","protected":false},"excerpt":{"rendered":"<p>******************** Pamiatka sl\u00fa\u017ei ako m\u00fazeum, no v\u0161etko zariadenie je pod\u013ea starostu funk\u010dn\u00e9. P\u00f4vodne klasicistick\u00e1 s\u00fdpka bola prestavan\u00e1 na mlyn v roku 1922. Mleli sa tam kvalitn\u00e9 obilie a krupica, a [&hellip;]<\/p>\n","protected":false},"author":1,"featured_media":0,"parent":11625,"menu_order":0,"comment_status":"closed","ping_status":"closed","template":"","meta":{"_uag_custom_page_level_css":"","_monsterinsights_skip_tracking":false,"footnotes":""},"class_list":["post-30600","page","type-page","status-publish","hentry"],"featured_image_src":"","featured_image_src_square":false,"rbea_author_info":{"display_name":"admin","author_link":"https:\/\/www.keturist.sk\/info\/author\/admin\/"},"rbea_excerpt_info":"******************** Pamiatka sl\u00fa\u017ei ako m\u00fazeum, no v\u0161etko zariadenie je pod\u013ea starostu funk\u010dn\u00e9. P\u00f4vodne klasicistick\u00e1 s\u00fdpka bola prestavan\u00e1 na mlyn v roku 1922. Mleli sa tam kvalitn\u00e9 obilie a krupica, a [&hellip;]","uagb_featured_image_src":{"full":false,"thumbnail":false,"medium":false,"medium_large":false,"large":false,"1536x1536":false,"2048x2048":false,"ultp_layout_landscape_large":false,"ultp_layout_landscape":false,"ultp_layout_portrait":false,"ultp_layout_square":false},"uagb_author_info":{"display_name":"admin","author_link":"https:\/\/www.keturist.sk\/info\/author\/admin\/"},"uagb_comment_info":0,"uagb_excerpt":"******************** Pamiatka sl\u00fa\u017ei ako m\u00fazeum, no v\u0161etko zariadenie je pod\u013ea starostu funk\u010dn\u00e9. P\u00f4vodne klasicistick\u00e1 s\u00fdpka bola prestavan\u00e1 na mlyn v roku 1922. Mleli sa tam kvalitn\u00e9 obilie a krupica, a [&hellip;]","_links":{"self":[{"href":"https:\/\/www.keturist.sk\/info\/wp-json\/wp\/v2\/pages\/30600","targetHints":{"allow":["GET"]}}],"collection":[{"href":"https:\/\/www.keturist.sk\/info\/wp-json\/wp\/v2\/pages"}],"about":[{"href":"https:\/\/www.keturist.sk\/info\/wp-json\/wp\/v2\/types\/page"}],"author":[{"embeddable":true,"href":"https:\/\/www.keturist.sk\/info\/wp-json\/wp\/v2\/users\/1"}],"replies":[{"embeddable":true,"href":"https:\/\/www.keturist.sk\/info\/wp-json\/wp\/v2\/comments?post=30600"}],"version-history":[{"count":0,"href":"https:\/\/www.keturist.sk\/info\/wp-json\/wp\/v2\/pages\/30600\/revisions"}],"up":[{"embeddable":true,"href":"https:\/\/www.keturist.sk\/info\/wp-json\/wp\/v2\/pages\/11625"}],"wp:attachment":[{"href":"https:\/\/www.keturist.sk\/info\/wp-json\/wp\/v2\/media?parent=30600"}],"curies":[{"name":"wp","href":"https:\/\/api.w.org\/{rel}","templated":true}]}}