{"id":2932,"date":"2013-11-02T14:16:18","date_gmt":"2013-11-02T12:16:18","guid":{"rendered":"https:\/\/www.keturist.sk\/info\/?page_id=2932"},"modified":"2026-02-02T18:46:20","modified_gmt":"2026-02-02T17:46:20","slug":"kastiel-v-semsi","status":"publish","type":"page","link":"https:\/\/www.keturist.sk\/info\/kastiel-v-semsi\/","title":{"rendered":"Ka\u0161tie\u013e v \u0160em\u0161i"},"content":{"rendered":"<a href=\"https:\/\/www.keturist.sk\/info\/\" class=\"su-button su-button-style-default\" style=\"color:#000000;background-color:#FFCF2F;border-color:#cca626;border-radius:5px\" target=\"_self\"><span style=\"color:#000000;padding:6px 16px;font-size:13px;line-height:20px;border-color:#ffde6e;border-radius:5px;text-shadow:none\"><i class=\"sui sui-arrow-right\" style=\"font-size:13px;color:#000000\"><\/i>  Spravodaj <\/span><\/a>\n<a href=\"https:\/\/www.keturist.sk\/info\/tipy-na-vylety\/\" class=\"su-button su-button-style-default\" style=\"color:#000000;background-color:#FFCF2F;border-color:#cca626;border-radius:5px\" target=\"_self\"><span style=\"color:#000000;padding:6px 16px;font-size:13px;line-height:20px;border-color:#ffde6e;border-radius:5px;text-shadow:none\"><i class=\"sui sui-arrow-right\" style=\"font-size:13px;color:#000000\"><\/i>  TIPY NA V\u00ddLETY <\/span><\/a>\n<a href=\"https:\/\/www.keturist.sk\/info\/kam-za-pamiatkami\/\" class=\"su-button su-button-style-default\" style=\"color:#000000;background-color:#FFCF2F;border-color:#cca626;border-radius:5px\" target=\"_self\"><span style=\"color:#000000;padding:6px 16px;font-size:13px;line-height:20px;border-color:#ffde6e;border-radius:5px;text-shadow:none\"><i class=\"sui sui-arrow-right\" style=\"font-size:13px;color:#000000\"><\/i>  Kam za pamiatkami <\/span><\/a>\n<a href=\"https:\/\/www.keturist.sk\/info\/kam-za-pamiatkami\/kam-za-pamiatkami-smer-volovske-vrchy\/\" class=\"su-button su-button-style-default\" style=\"color:#000000;background-color:#FFCF2F;border-color:#cca626;border-radius:5px\" target=\"_self\"><span style=\"color:#000000;padding:6px 16px;font-size:13px;line-height:20px;border-color:#ffde6e;border-radius:5px;text-shadow:none\"><i class=\"sui sui-arrow-right\" style=\"font-size:13px;color:#000000\"><\/i>  smer Volovsk\u00e9 vrchy <\/span><\/a>\n<div class=\"su-divider su-divider-style-default\" style=\"margin:15px 0;border-width:0px;border-color:#000000\"><\/div>\n<p><strong>Podkateg\u00f3ria: <\/strong> <a href=\"https:\/\/www.keturist.sk\/info\/kam-za-pamiatkami\/kam-za-pamiatkami-smer-volovske-vrchy\/hrady-a-kastiele\/\" class=\"su-button su-button-style-default\" style=\"color:#000000;background-color:#afd144;border-color:#8ca837;border-radius:5px\" target=\"_self\"><span style=\"color:#000000;padding:6px 16px;font-size:13px;line-height:20px;border-color:#c7df7d;border-radius:5px;text-shadow:none\"><i class=\"sui sui-arrow-right\" style=\"font-size:13px;color:#000000\"><\/i>  Hrady a ka\u0161tiele <\/span><\/a>\n<p><strong>Lokaliz\u00e1cia: <\/strong><a href=\"https:\/\/www.keturist.sk\/info\/okolite-hory\/volovske-vrchy\/\">Volovsk\u00e9 vrchy<\/a><\/p>\n<div class=\"su-divider su-divider-style-default\" style=\"margin:15px 0;border-width:2px;border-color:#000000\"><\/div>\n<figure id=\"attachment_72452\" aria-describedby=\"caption-attachment-72452\" style=\"width: 900px\" class=\"wp-caption aligncenter\"><a href=\"https:\/\/www.keturist.sk\/info\/wp-content\/uploads\/2025\/12\/kastiel-semsa.png\"><img loading=\"lazy\" decoding=\"async\" class=\"wp-image-72452\" src=\"https:\/\/www.keturist.sk\/info\/wp-content\/uploads\/2025\/12\/kastiel-semsa-800x457.png\" alt=\"Ka\u0161tie\u013e v \u0160em\u0161i\" width=\"900\" height=\"514\" srcset=\"https:\/\/www.keturist.sk\/info\/wp-content\/uploads\/2025\/12\/kastiel-semsa-800x457.png 800w, https:\/\/www.keturist.sk\/info\/wp-content\/uploads\/2025\/12\/kastiel-semsa-270x154.png 270w, https:\/\/www.keturist.sk\/info\/wp-content\/uploads\/2025\/12\/kastiel-semsa-768x439.png 768w, https:\/\/www.keturist.sk\/info\/wp-content\/uploads\/2025\/12\/kastiel-semsa.png 1344w\" sizes=\"auto, (max-width: 900px) 100vw, 900px\" \/><\/a><figcaption id=\"caption-attachment-72452\" class=\"wp-caption-text\">Ka\u0161tie\u013e v \u0160em\u0161i<\/figcaption><\/figure>\n<div class=\"su-divider su-divider-style-default\" style=\"margin:15px 0;border-width:2px;border-color:#000000\"><\/div>\n<h2 data-start=\"146\" data-end=\"199\"><span style=\"color: #800000;\">Pr\u00edbeh Ka\u0161tie\u013ea v \u0160em\u0161i<\/span><\/h2>\n<p data-start=\"201\" data-end=\"433\">V obci \u0160em\u0161a stoj\u00ed <strong data-start=\"220\" data-end=\"243\">ka\u0161tie\u013e Semseyovcov<\/strong>, ktor\u00fd akoby sa vzn\u00e1\u0161al medzi \u010dasom a pr\u00edrodou. Hoci jeho m\u00fary pre\u0161li storo\u010diami a zmenami, st\u00e1le rozpr\u00e1vaj\u00fa pr\u00edbeh o \u0161\u013eachte, tichu a k\u00fazle anglick\u00e9ho parku, ktor\u00fd kedysi obklopoval s\u00eddlo.<\/p>\n<p data-start=\"435\" data-end=\"657\">V z\u00e1hrade a pod star\u00fdmi sekvojami sa \u010dasto zdalo, \u017ee <strong data-start=\"488\" data-end=\"511\">\u010das sa tu spoma\u013euje<\/strong> \u2013 jemn\u00fd z\u00e1van vetra, \u0161epot listov alebo mihotav\u00e9 svetlo medzi stromami, ako by sa pr\u00edroda sama rozhodla <strong data-start=\"616\" data-end=\"656\">str\u00e1\u017ei\u0165 spomienky rodiny Semseyovcov<\/strong>.<\/p>\n<p data-start=\"659\" data-end=\"947\">V ov\u00e1lnom sl\u00e1vnostnom priestore ka\u0161tie\u013ea sa tie\u0148 ark\u00e1d a portikusu zdal by\u0165 \u017eiv\u00fd a ka\u017ed\u00fd krok n\u00e1v\u0161tevn\u00edka sa stal s\u00fa\u010das\u0165ou tichej hry medzi minulos\u0165ou a pr\u00edtomnos\u0165ou. Niektor\u00ed dokonca tvrdili, \u017ee <strong data-start=\"855\" data-end=\"907\">v t\u00fdchto chv\u00ed\u013each po\u010duli hudbu vzdialen\u00fdch osl\u00e1v<\/strong>, ktor\u00e9 kedysi o\u017eivovali ka\u0161tie\u013e a park.<\/p>\n<p data-start=\"949\" data-end=\"1209\">Hoci \u010das a \u013eudia pozmenili ka\u0161tie\u013e aj jeho park, <strong data-start=\"998\" data-end=\"1023\">duch miesta pretrv\u00e1va<\/strong>. Ka\u017ed\u00fd strom, ka\u017ed\u00e1 kamenn\u00e1 dla\u017eba nesie pr\u00edbeh o tajomstv\u00e1ch, l\u00e1ske a tichom str\u00e1\u017een\u00ed hist\u00f3rie. Sta\u010d\u00ed len <strong data-start=\"1131\" data-end=\"1208\">zastavi\u0165 sa, nad\u00fdchnu\u0165 sa vzduchu a necha\u0165 sa unies\u0165 \u0161epotom d\u00e1vnych \u010dias<\/strong>.<\/p>\n<h2 dir=\"auto\"><span style=\"color: #800000;\">Kde sa nach\u00e1dza Ka\u0161tie\u013e v \u0160em\u0161i a ak\u00e1 je jeho hist\u00f3ria?<\/span><\/h2>\n<p dir=\"auto\"><strong>Ka\u0161tie\u013e v \u0160em\u0161i<\/strong> je jednoposchodov\u00fd barokovo-klasicistick\u00fd ka\u0161tie\u013e, ktor\u00fd stoj\u00ed v obci \u0160em\u0161a v okrese Ko\u0161ice-okolie.<\/p>\n<p dir=\"auto\">Tento elegantn\u00fd <strong>ka\u0161tie\u013e v \u0160em\u0161i<\/strong> bol postaven\u00fd rodinou Semsey v druhej polovici 18. storo\u010dia, konkr\u00e9tne dal znovu postavi\u0165 Pavol Semsey v roku 1750 (hoci niektor\u00e9 zdroje uv\u00e1dzaj\u00fa dokon\u010denie v roku 1776), p\u00f4vodne ako pr\u00edzemn\u00e1 budova.<\/p>\n<p dir=\"auto\"><strong>Ka\u0161tie\u013e v \u0160em\u0161i<\/strong> sl\u00fa\u017eil ako \u0161\u013eachtick\u00e9 rodov\u00e9 s\u00eddlo \u0160em\u0161ejovcov (Semseyovcov), historicky patril gr\u00f3fskej rodine Semsey, ktor\u00e1 ho vlastnila a\u017e do roku 1943, ke\u010f zomrel posledn\u00fd majite\u013e Ladislav Semsey.<\/p>\n<p dir=\"auto\">Nesk\u00f4r pre\u0161iel do po\u013enohospod\u00e1rskeho vyu\u017eitia a ch\u00e1tral.<\/p>\n<p dir=\"auto\">Je prepojen\u00fd s r\u00edmskokatol\u00edckym kostolom sv. Ondreja, \u010do dod\u00e1va lokalite unik\u00e1tny historick\u00fd s\u00fazvuk.<\/p>\n<h2 dir=\"auto\"><span style=\"color: #800000;\">Ako sa vyv\u00edjala architekt\u00fara Ka\u0161tie\u013ea v \u0160em\u0161i?<\/span><\/h2>\n<p dir=\"auto\">V prvej polovici 19. storo\u010dia bol <strong>ka\u0161tie\u013e v \u0160em\u0161i<\/strong> klasicisticky upraven\u00fd vr\u00e1tanie pridania prv\u00e9ho poschodia.<\/p>\n<p dir=\"auto\">Ide o dvojpodla\u017en\u00fa dvojtraktov\u00fa stavbu na obd\u013a\u017enikovom p\u00f4doryse s manzardovou strechou, \u010dlenen\u00fa liz\u00e9nami ako dvoma rizalitmi na hlavnej fas\u00e1de.<\/p>\n<p dir=\"auto\">M\u00e1 obd\u013a\u017enikov\u00fd p\u00f4dorys s vystupuj\u00facim rizalitom na prie\u010del\u00ed smerom do z\u00e1hrady.<\/p>\n<p dir=\"auto\">V prvej polovici 19. storo\u010dia pribudlo ka\u0161tie\u013eu prv\u00e9 poschodie a nesk\u00f4r bolo k \u013eav\u00e9mu rizalitu pristaven\u00e9 bo\u010dn\u00e9 kr\u00eddlo.<\/p>\n<p dir=\"auto\">Zo strany z\u00e1hrady m\u00e1 trojosov\u00fd portikus, centr\u00e1lna \u010das\u0165 ov\u00e1lny sl\u00e1vnostn\u00fd priestor.<\/p>\n<p dir=\"auto\">Hlavn\u00e1 fas\u00e1da je ozdoben\u00e1 ark\u00e1dovou a uzavretou predsie\u0148ou s hlavn\u00fdm vchodom, nad ktorou sa t\u00fd\u010di ve\u013ek\u00fd balk\u00f3n, \u010do dod\u00e1va budove impozantn\u00fd vzh\u013ead.<\/p>\n<p dir=\"auto\">P\u00f4vodn\u00e1 barokov\u00e1 stavba bola klasicisticky upraven\u00e1 na za\u010diatku 19. storo\u010dia.<\/p>\n<h2 dir=\"auto\"><span style=\"color: #800000;\">Ak\u00fd park obklopuje Ka\u0161tie\u013e v \u0160em\u0161i?<\/span><\/h2>\n<p dir=\"auto\">Pri <strong>ka\u0161tieli v \u0160em\u0161i<\/strong> sa p\u00f4vodne rozkladal anglick\u00fd park s cudzokrajn\u00fdmi stromami a tromi jazierkami, ktor\u00fd vytv\u00e1ral ide\u00e1lne miesto na pokojn\u00e9 prech\u00e1dzky a objavovanie pr\u00edrody.<\/p>\n<p dir=\"auto\">Dnes sa z neho zachovala len men\u0161ia ohraden\u00e1 \u010das\u0165 s fragmentmi p\u00f4vodnej kompoz\u00edcie, vr\u00e1tane vz\u00e1cnych stromov ako sekvoje.<\/p>\n<p dir=\"auto\">Jazierka sa v\u0161ak nezachovali a mnoh\u00e9 p\u00f4vodn\u00e9 prvky vr\u00e1tane drobn\u00fdch stavieb u\u017e zanikli alebo s\u00fa zmenen\u00e9.<\/p>\n<p dir=\"auto\"><strong>Ka\u0161tie\u013e v \u0160em\u0161i<\/strong> spolu s \u010das\u0165ou zachoval\u00e9ho parku je vyhl\u00e1sen\u00fd za n\u00e1rodn\u00fa kult\u00farnu pamiatku, \u010do z neho rob\u00ed v\u00fdznamn\u00fd poklad slovensk\u00e9ho dedi\u010dstva.<\/p>\n<h2 dir=\"auto\"><span style=\"color: #800000;\">Ak\u00e9 zmeny pre\u017eil Ka\u0161tie\u013e v \u0160em\u0161i v 20. storo\u010d\u00ed a ak\u00e9 je jeho s\u00fa\u010dasn\u00e9 vyu\u017eitie?<\/span><\/h2>\n<p dir=\"auto\">V 20. storo\u010d\u00ed pre\u0161iel <strong>ka\u0161tie\u013e v \u0160em\u0161i<\/strong> aj nevhodn\u00fdmi \u00fapravami, ktor\u00e9 ovplyvnili jeho p\u00f4vodn\u00fd charakter.<\/p>\n<p dir=\"auto\">Od roku 1955 sl\u00fa\u017eil <strong>ka\u0161tie\u013e v \u0160em\u0161i<\/strong> ako Domov d\u00f4chodcov, od roku 1974 ako \u00dastav soci\u00e1lnej starostlivosti.<\/p>\n<h2><span style=\"color: #800000;\">Fotogal\u00e9ria<\/span><\/h2>\n<style type=\"text\/css\">\n#foogallery-gallery-72453 .fg-image { width: 200px; }<\/style>\n\t\t\t<div class=\"foogallery foogallery-container foogallery-carousel foogallery-lightbox-foogallery fg-carousel fg-ready fg-light fg-border-medium fg-round-small fg-shadow-medium fg-loading-default fg-loaded-fade-in fg-hover-semi-zoomed fg-hover-fade fg-hover-circle-plus2\" id=\"foogallery-gallery-72453\" data-foogallery=\"{&quot;item&quot;:{&quot;showCaptionTitle&quot;:true,&quot;showCaptionDescription&quot;:true},&quot;lazy&quot;:true,&quot;template&quot;:{&quot;maxItems&quot;:5,&quot;scale&quot;:0.11999999999999999555910790149937383830547332763671875,&quot;gutter&quot;:{&quot;min&quot;:-40,&quot;max&quot;:-20,&quot;unit&quot;:&quot;%&quot;},&quot;autoplay&quot;:{&quot;time&quot;:0,&quot;interaction&quot;:&quot;pause&quot;},&quot;centerOnClick&quot;:true,&quot;align&quot;:&quot;center&quot;,&quot;activePosition&quot;:&quot;center&quot;}}\" data-foogallery-lightbox=\"{&quot;thumbs&quot;:&quot;bottom&quot;,&quot;thumbsCaptions&quot;:false,&quot;thumbsBestFit&quot;:false,&quot;thumbsSmall&quot;:false,&quot;thumbsCaptionsAlign&quot;:&quot;default&quot;,&quot;info&quot;:&quot;bottom&quot;,&quot;infoVisible&quot;:true,&quot;infoOverlay&quot;:true,&quot;infoAlign&quot;:&quot;default&quot;,&quot;transition&quot;:&quot;fade&quot;,&quot;hoverButtons&quot;:false,&quot;fitMedia&quot;:false,&quot;noScrollbars&quot;:true,&quot;preserveButtonSpace&quot;:true,&quot;buttons&quot;:{&quot;fullscreen&quot;:true,&quot;info&quot;:true,&quot;thumbs&quot;:false},&quot;video&quot;:{&quot;autoPlay&quot;:true}}\" style=\"--fg-title-line-clamp: 1; --fg-description-line-clamp: 2;\" >\n\t<button type=\"button\" class=\"fg-carousel-prev\" title=\"Previous\"><\/button>\n\t<div class=\"fg-carousel-inner\">\n\t\t<div class=\"fg-carousel-center\"><\/div>\n\t\t<div class=\"fg-item fg-type-image fg-idle\"><figure class=\"fg-item-inner\"><a href=\"https:\/\/www.keturist.sk\/info\/wp-content\/uploads\/2025\/12\/kastiel-semsa.png\" data-caption-title=\"Ka\u0161tie\u013e v \u0160em\u0161i\" data-attachment-id=\"72452\" data-type=\"image\" class=\"fg-thumb\"><span class=\"fg-image-wrap\"><img decoding=\"async\" alt=\"Ka\u0161tie\u013e v \u0160em\u0161i\" title=\"Ka\u0161tie\u013e v \u0160em\u0161i\" width=\"200\" height=\"200\" class=\"skip-lazy fg-image\" data-src-fg=\"https:\/\/www.keturist.sk\/info\/wp-content\/uploads\/cache\/2025\/12\/kastiel-semsa\/4268557348.png\" src=\"data:image\/svg+xml,%3Csvg%20xmlns%3D%22http%3A%2F%2Fwww.w3.org%2F2000%2Fsvg%22%20width%3D%22200%22%20height%3D%22200%22%20viewBox%3D%220%200%20200%20200%22%3E%3C%2Fsvg%3E\" loading=\"eager\"><\/span><span class=\"fg-image-overlay\"><\/span><\/a><figcaption class=\"fg-caption\"><div class=\"fg-caption-inner\"><div class=\"fg-caption-title\">Ka\u0161tie\u013e v \u0160em\u0161i<\/div><\/div><\/figcaption><\/figure><div class=\"fg-loader\"><\/div><\/div><div class=\"fg-item fg-type-image fg-idle\"><figure class=\"fg-item-inner\"><a href=\"https:\/\/www.keturist.sk\/info\/wp-content\/uploads\/2020\/12\/semsa-1.jpg\" data-caption-title=\"Ka\u0161tie\u013e v \u0160em\u0161i\" data-attachment-id=\"36901\" data-type=\"image\" class=\"fg-thumb\"><span class=\"fg-image-wrap\"><img decoding=\"async\" alt=\"Ka\u0161tie\u013e v \u0160em\u0161i\" title=\"Ka\u0161tie\u013e v \u0160em\u0161i\" width=\"200\" height=\"200\" class=\"skip-lazy fg-image\" data-src-fg=\"https:\/\/www.keturist.sk\/info\/wp-content\/uploads\/cache\/2020\/12\/semsa-1\/470896676.jpg\" src=\"data:image\/svg+xml,%3Csvg%20xmlns%3D%22http%3A%2F%2Fwww.w3.org%2F2000%2Fsvg%22%20width%3D%22200%22%20height%3D%22200%22%20viewBox%3D%220%200%20200%20200%22%3E%3C%2Fsvg%3E\" loading=\"eager\"><\/span><span class=\"fg-image-overlay\"><\/span><\/a><figcaption class=\"fg-caption\"><div class=\"fg-caption-inner\"><div class=\"fg-caption-title\">Ka\u0161tie\u013e v \u0160em\u0161i<\/div><\/div><\/figcaption><\/figure><div class=\"fg-loader\"><\/div><\/div>\t<\/div>\n\t<div class=\"fg-carousel-bottom\"><\/div>\n\t<div class=\"fg-carousel-progress\"><\/div>\n\t<button type=\"button\" class=\"fg-carousel-next\" title=\"Next\"><\/button>\n<\/div>\n<h2><span style=\"color: #800000;\">Zauj\u00edmav\u00e9 odkazy<\/span><\/h2>\n<h3><span style=\"color: #808000;\">Okolit\u00e9 stredisk\u00e1 a centr\u00e1:<\/span><\/h3>\n<ul>\n<li><a href=\"https:\/\/www.keturist.sk\/info\/smer-volovske-vrchy\/obec-semsa\/\">Obec \u0160em\u0161a (\u010d\u00edtaj viac&#8230;)<\/a><\/li>\n<\/ul>\n<h2><span style=\"color: #800000;\">Mapy<\/span><\/h2>\n<p><strong>Vrstvy: <\/strong>Turistick\u00e1 mapa, Automapa, Cyklomapa, Ly\u017eiarska mapa, Satelitn\u00e1 mapa a OpenStreetMap.<\/p>\n<p><strong>Kliknut\u00edm na logo &#8222;Freemap.sk&#8220; sa V\u00e1m mapa zobraz\u00ed na celej ploche obrazovky.<\/strong><\/p>\n<p><iframe style=\"width: 900px; height: 500px; border: 0;\" src=\"https:\/\/www.freemap.sk\/?map=15\/48.679457\/21.112375&amp;info-point=48.679457\/21.112375,Ka\u0161tie\u013e v \u0160em\u0161i&amp;layers=X&amp;embed=search\" allowfullscreen=\"allowfullscreen\"><span data-mce-type=\"bookmark\" style=\"display: inline-block; width: 0px; overflow: hidden; line-height: 0;\" class=\"mce_SELRES_start\">\ufeff<\/span><\/iframe><\/p>\n<h2><span style=\"color: #800000;\">Po\u010dasie<\/span><\/h2>\n<p><iframe style=\"width: 900px; height: 606px;\" src=\"https:\/\/www.meteoblue.com\/sk\/po%C4%8Dasie\/widget\/three\/%c5%a0em%c5%a1a_slovensk%c3%a1-republika_723629?geoloc=fixed&amp;nocurrent=0&amp;noforecast=0&amp;days=5&amp;tempunit=CELSIUS&amp;windunit=KILOMETER_PER_HOUR&amp;layout=image\" frameborder=\"0\" scrolling=\"NO\" sandbox=\"allow-same-origin allow-scripts allow-popups allow-popups-to-escape-sandbox\"><span data-mce-type=\"bookmark\" style=\"display: inline-block; width: 0px; overflow: hidden; line-height: 0;\" class=\"mce_SELRES_start\">\ufeff<\/span><\/iframe><\/p>\n<div><!-- DO NOT REMOVE THIS LINK --><a href=\"https:\/\/www.meteoblue.com\/sk\/po%C4%8Dasie\/predpove%C4%8F\/t%C3%BD%C5%BEde%C5%88\/%c5%a0em%c5%a1a_slovensk%c3%a1-republika_723629?utm_source=weather_widget&amp;utm_medium=linkus&amp;utm_content=three&amp;utm_campaign=Weather%2BWidget\" target=\"_blank\" rel=\"noopener noreferrer\">meteoblue<\/a><\/div>\n<p><strong>Ot\u00e1zka pre JazykovaPoradna.sk: <\/strong><br \/>\nAko sa spr\u00e1vne p\u00ed\u0161e rod P\u00e1lffyovcov? Pre\u0161lo v poslednom \u010dase nejak\u00fdmi pravopisn\u00fdmi zmenami aj p\u00edsanie in\u00fdch mien, napr. Eszterh\u00e1zyovci, Zichyovci?<\/p>\n<p><strong>Odpove\u010f:<\/strong><\/p>\n<p>V 80. rokoch minul\u00e9ho storo\u010dia sa prijali z\u00e1sady p\u00edsania mien os\u00f4b vystupuj\u00facich v uhorskom obdob\u00ed slovensk\u00fdch dej\u00edn do roku 1918, ktor\u00e9 boli vypracovan\u00e9 v s\u00falade so z\u00e1vermi komisie pre historick\u00fa terminol\u00f3giu pri Historickom \u00fastave SAV. M\u00f4\u017eete si ich pre\u010d\u00edta\u0165 v Pravidl\u00e1ch slovensk\u00e9ho pravopisu (2000) v kapitole P\u00edsanie historick\u00fdch osobn\u00fdch mien z uhorsk\u00e9ho obdobia slovensk\u00fdch dej\u00edn. Pravidl\u00e1 slovensk\u00e9ho pravopisu s\u00fa spr\u00edstupnen\u00e9 aj v elektronickej verzii na str\u00e1nke Jazykovedn\u00e9ho \u00fastavu \u013d. \u0160t\u00fara SAV <a href=\"http:\/\/www.juls.savba.sk\/pravidla_sloven_pravopisu.html\" target=\"_blank\" rel=\"noopener noreferrer\">http:\/\/www.juls.savba.sk\/pravidla_sloven_pravopisu.html<\/a> (zvo\u013ete textov\u00fa \u010das\u0165). Priezvisko P\u00e1lffy\/P\u00e1lffi sa pod\u013ea z\u00e1sad slovensk\u00e9ho prepisu p\u00ed\u0161e P\u00e1lfi, tak\u017ee pomenovanie rodu m\u00e1 podobu rod P\u00e1lfiovcov a rodinn\u00e9 pomenovanie je P\u00e1lfiovci. Podobne je to pri men\u00e1ch Eszterh\u00e1zy a Zichy, ktor\u00e9 sa pod\u013ea spom\u00ednan\u00fdch z\u00e1sad p\u00ed\u0161u Esterh\u00e1zi a Zi\u010di. Rodinn\u00e9 pomenovanie m\u00e1 podobu Esterh\u00e1ziovci, Zi\u010diovci.<br \/>\n<strong>Zdroj inform\u00e1ci\u00ed:<\/strong> <a href=\"http:\/\/jazykovaporadna.sme.sk\/q\/4965\/#axzz4hOkYiI9I\" target=\"_blank\" rel=\"noopener noreferrer\">http:\/\/jazykovaporadna.sme.sk\/q\/4965\/#axzz4hOkYiI9I<\/a><\/p>\n<p><strong><br \/>\nOt\u00e1zka pre jazykov\u00fa porad\u0148u (Jazykovedn\u00fd \u00fastav \u013dudov\u00edta \u0160t\u00fara)<\/strong><\/p>\n<p>Ak potrebujete z\u00edska\u0165 odpove\u010f v kr\u00e1tkom \u010dase, odpor\u00fa\u010dame v\u00e1m vyu\u017ei\u0165 mo\u017enos\u0165 telefonickej konzult\u00e1cie na telef\u00f3nnom \u010d\u00edsle +421 2 54431761-2 v pracovn\u00fdch d\u0148och od 8.00 do 11.00 hodiny.<br \/>\n<strong><br \/>\nV pr\u00edpade technick\u00fdch probl\u00e9mov:<\/strong> <a href=\"mailto:jazykovaporadna@smeonline.sk\" target=\"_blank\" rel=\"noopener noreferrer\">jazykovaporadna@smeonline.sk<\/a><\/p>\n<p><strong>\u010c\u00edtajte viac:<\/strong> <a href=\"http:\/\/jazykovaporadna.sme.sk\/question\/add\/#axzz4hOkYiI9I\" target=\"_blank\" rel=\"noopener noreferrer\">http:\/\/jazykovaporadna.sme.sk\/question\/add\/#axzz4hOkYiI9I<\/a><\/p>\n","protected":false},"excerpt":{"rendered":"<p>Podkateg\u00f3ria: Lokaliz\u00e1cia: Volovsk\u00e9 vrchy Pr\u00edbeh Ka\u0161tie\u013ea v \u0160em\u0161i V obci \u0160em\u0161a stoj\u00ed ka\u0161tie\u013e Semseyovcov, ktor\u00fd akoby sa vzn\u00e1\u0161al medzi \u010dasom a pr\u00edrodou. Hoci jeho m\u00fary pre\u0161li storo\u010diami a zmenami, st\u00e1le [&hellip;]<\/p>\n","protected":false},"author":1,"featured_media":72452,"parent":0,"menu_order":0,"comment_status":"closed","ping_status":"closed","template":"","meta":{"_uag_custom_page_level_css":"","_monsterinsights_skip_tracking":false,"_monsterinsights_sitenote_active":false,"_monsterinsights_sitenote_note":"","_monsterinsights_sitenote_category":0,"footnotes":""},"class_list":["post-2932","page","type-page","status-publish","has-post-thumbnail","hentry"],"featured_image_src":"https:\/\/www.keturist.sk\/info\/wp-content\/uploads\/2025\/12\/kastiel-semsa.png","featured_image_src_square":"https:\/\/www.keturist.sk\/info\/wp-content\/uploads\/2025\/12\/kastiel-semsa.png","rbea_author_info":{"display_name":"admin","author_link":"https:\/\/www.keturist.sk\/info\/author\/admin\/"},"rbea_excerpt_info":"Podkateg\u00f3ria: Lokaliz\u00e1cia: Volovsk\u00e9 vrchy Pr\u00edbeh Ka\u0161tie\u013ea v \u0160em\u0161i V obci \u0160em\u0161a stoj\u00ed ka\u0161tie\u013e Semseyovcov, ktor\u00fd akoby sa vzn\u00e1\u0161al medzi \u010dasom a pr\u00edrodou. Hoci jeho m\u00fary pre\u0161li storo\u010diami a zmenami, st\u00e1le [&hellip;]","uagb_featured_image_src":{"full":["https:\/\/www.keturist.sk\/info\/wp-content\/uploads\/2025\/12\/kastiel-semsa.png",1344,768,false],"thumbnail":["https:\/\/www.keturist.sk\/info\/wp-content\/uploads\/2025\/12\/kastiel-semsa-270x154.png",270,154,true],"medium":["https:\/\/www.keturist.sk\/info\/wp-content\/uploads\/2025\/12\/kastiel-semsa-800x457.png",800,457,true],"medium_large":["https:\/\/www.keturist.sk\/info\/wp-content\/uploads\/2025\/12\/kastiel-semsa-768x439.png",768,439,true],"large":["https:\/\/www.keturist.sk\/info\/wp-content\/uploads\/2025\/12\/kastiel-semsa.png",1344,768,false],"1536x1536":["https:\/\/www.keturist.sk\/info\/wp-content\/uploads\/2025\/12\/kastiel-semsa.png",1344,768,false],"2048x2048":["https:\/\/www.keturist.sk\/info\/wp-content\/uploads\/2025\/12\/kastiel-semsa.png",1344,768,false]},"uagb_author_info":{"display_name":"admin","author_link":"https:\/\/www.keturist.sk\/info\/author\/admin\/"},"uagb_comment_info":0,"uagb_excerpt":"Podkateg\u00f3ria: Lokaliz\u00e1cia: Volovsk\u00e9 vrchy Pr\u00edbeh Ka\u0161tie\u013ea v \u0160em\u0161i V obci \u0160em\u0161a stoj\u00ed ka\u0161tie\u013e Semseyovcov, ktor\u00fd akoby sa vzn\u00e1\u0161al medzi \u010dasom a pr\u00edrodou. Hoci jeho m\u00fary pre\u0161li storo\u010diami a zmenami, st\u00e1le [&hellip;]","_links":{"self":[{"href":"https:\/\/www.keturist.sk\/info\/wp-json\/wp\/v2\/pages\/2932","targetHints":{"allow":["GET"]}}],"collection":[{"href":"https:\/\/www.keturist.sk\/info\/wp-json\/wp\/v2\/pages"}],"about":[{"href":"https:\/\/www.keturist.sk\/info\/wp-json\/wp\/v2\/types\/page"}],"author":[{"embeddable":true,"href":"https:\/\/www.keturist.sk\/info\/wp-json\/wp\/v2\/users\/1"}],"replies":[{"embeddable":true,"href":"https:\/\/www.keturist.sk\/info\/wp-json\/wp\/v2\/comments?post=2932"}],"version-history":[{"count":5,"href":"https:\/\/www.keturist.sk\/info\/wp-json\/wp\/v2\/pages\/2932\/revisions"}],"predecessor-version":[{"id":73764,"href":"https:\/\/www.keturist.sk\/info\/wp-json\/wp\/v2\/pages\/2932\/revisions\/73764"}],"wp:featuredmedia":[{"embeddable":true,"href":"https:\/\/www.keturist.sk\/info\/wp-json\/wp\/v2\/media\/72452"}],"wp:attachment":[{"href":"https:\/\/www.keturist.sk\/info\/wp-json\/wp\/v2\/media?parent=2932"}],"curies":[{"name":"wp","href":"https:\/\/api.w.org\/{rel}","templated":true}]}}