{"id":2878,"date":"2013-11-02T11:32:18","date_gmt":"2013-11-02T09:32:18","guid":{"rendered":"https:\/\/www.keturist.sk\/info\/?page_id=2878"},"modified":"2025-12-28T17:20:13","modified_gmt":"2025-12-28T16:20:13","slug":"pr-jazero-mala-izra","status":"publish","type":"page","link":"https:\/\/www.keturist.sk\/info\/pr-jazero-mala-izra\/","title":{"rendered":"PR Mal\u00e1 Izra"},"content":{"rendered":"<a href=\"https:\/\/www.keturist.sk\/info\/\" class=\"su-button su-button-style-default\" style=\"color:#000000;background-color:#FFCF2F;border-color:#cca626;border-radius:5px\" target=\"_self\"><span style=\"color:#000000;padding:6px 16px;font-size:13px;line-height:20px;border-color:#ffde6e;border-radius:5px;text-shadow:none\"><i class=\"sui sui-arrow-right\" style=\"font-size:13px;color:#000000\"><\/i>  Spravodaj <\/span><\/a>\n<a href=\"https:\/\/www.keturist.sk\/info\/tipy-na-vylety\/\" class=\"su-button su-button-style-default\" style=\"color:#000000;background-color:#FFCF2F;border-color:#cca626;border-radius:5px\" target=\"_self\"><span style=\"color:#000000;padding:6px 16px;font-size:13px;line-height:20px;border-color:#ffde6e;border-radius:5px;text-shadow:none\"><i class=\"sui sui-arrow-right\" style=\"font-size:13px;color:#000000\"><\/i>  TIPY NA V\u00ddLETY <\/span><\/a>\n<a href=\"https:\/\/www.keturist.sk\/info\/kam-do-prirody\/\" class=\"su-button su-button-style-default\" style=\"color:#000000;background-color:#FFCF2F;border-color:#cca626;border-radius:5px\" target=\"_self\"><span style=\"color:#000000;padding:6px 16px;font-size:13px;line-height:20px;border-color:#ffde6e;border-radius:5px;text-shadow:none\"><i class=\"sui sui-arrow-right\" style=\"font-size:13px;color:#000000\"><\/i>  Kam do pr\u00edrody <\/span><\/a>\n<a href=\"https:\/\/www.keturist.sk\/info\/kam-do-prirody\/kam-do-prirody-smer-slanske-vrchy\/\" class=\"su-button su-button-style-default\" style=\"color:#000000;background-color:#FFCF2F;border-color:#cca626;border-radius:5px\" target=\"_self\"><span style=\"color:#000000;padding:6px 16px;font-size:13px;line-height:20px;border-color:#ffde6e;border-radius:5px;text-shadow:none\"><i class=\"sui sui-arrow-right\" style=\"font-size:13px;color:#000000\"><\/i>  Smer Slansk\u00e9 vrchy <\/span><\/a>\n<div class=\"su-divider su-divider-style-default\" style=\"margin:15px 0;border-width:0px;border-color:#000000\"><\/div>\n<p><strong>Podkateg\u00f3ria: <\/strong> <a href=\"https:\/\/www.keturist.sk\/info\/kam-do-prirody\/kam-do-prirody-smer-slanske-vrchy\/ochrana-prirody\/\" class=\"su-button su-button-style-default\" style=\"color:#000000;background-color:#afd144;border-color:#8ca837;border-radius:5px\" target=\"_self\"><span style=\"color:#000000;padding:6px 16px;font-size:13px;line-height:20px;border-color:#c7df7d;border-radius:5px;text-shadow:none\"><i class=\"sui sui-arrow-right\" style=\"font-size:13px;color:#000000\"><\/i>  Ochrana pr\u00edrody <\/span><\/a>\n<p><strong>Lokaliz\u00e1cia: <\/strong><a href=\"https:\/\/www.keturist.sk\/info\/okolite-hory\/slanske-vrchy\/\">Slansk\u00e9 vrchy<\/a><\/p>\n<div class=\"su-divider su-divider-style-default\" style=\"margin:15px 0;border-width:2px;border-color:#000000\"><\/div>\n<figure id=\"attachment_34467\" aria-describedby=\"caption-attachment-34467\" style=\"width: 900px\" class=\"wp-caption aligncenter\"><a href=\"https:\/\/www.keturist.sk\/info\/wp-content\/uploads\/2020\/10\/mala-izra1.jpg\"><img loading=\"lazy\" decoding=\"async\" class=\"wp-image-34467\" src=\"https:\/\/www.keturist.sk\/info\/wp-content\/uploads\/2020\/10\/mala-izra1.jpg\" alt=\"Jazero Mal\u00e1 Izra\" width=\"900\" height=\"675\" srcset=\"https:\/\/www.keturist.sk\/info\/wp-content\/uploads\/2020\/10\/mala-izra1.jpg 800w, https:\/\/www.keturist.sk\/info\/wp-content\/uploads\/2020\/10\/mala-izra1-240x180.jpg 240w, https:\/\/www.keturist.sk\/info\/wp-content\/uploads\/2020\/10\/mala-izra1-768x576.jpg 768w\" sizes=\"auto, (max-width: 900px) 100vw, 900px\" \/><\/a><figcaption id=\"caption-attachment-34467\" class=\"wp-caption-text\">Jazero Mal\u00e1 Izra<\/figcaption><\/figure>\n<div class=\"su-divider su-divider-style-default\" style=\"margin:15px 0;border-width:2px;border-color:#000000\"><\/div>\n<h2 class=\"ds-markdown-paragraph\"><span style=\"color: #800000;\">\u010co je pr\u00edrodn\u00e1 rezerv\u00e1cia Mal\u00e1 Izra a pre\u010do je v\u00fdnimo\u010dn\u00e1?<\/span><\/h2>\n<p class=\"ds-markdown-paragraph\">Pr\u00edrodn\u00e1 rezerv\u00e1cia <strong>Mal\u00e1 Izra<\/strong>\u00a0sa nach\u00e1dza na v\u00fdchodnom \u00fap\u00e4t\u00ed pohrani\u010dn\u00e9ho vrchu Ve\u013ek\u00fd Mili\u010d (985 m n.m.). Z geomorfologick\u00e9ho h\u013eadiska patr\u00ed do Matransko-slanskej oblasti a horsk\u00e9ho celku\u00a0<strong>Slansk\u00e9 vrchy<\/strong>, konkr\u00e9tne do podcelku Mili\u010d.<\/p>\n<p class=\"ds-markdown-paragraph\">Toto chr\u00e1nen\u00e9 \u00fazemie bolo za\u00a0<strong>pr\u00edrodn\u00fa pamiatku<\/strong>\u00a0vyhl\u00e1sen\u00e9 na rozlohe 0,77 ha u\u017e v roku 1976, s noveliz\u00e1ciou v roku 1988. Rezerv\u00e1cia bola vyhl\u00e1sen\u00e1 na ochranu zriedkav\u00fdch prirodzen\u00fdch spolo\u010denstiev\u00a0<strong>slatinno-jel\u0161ov\u00e9ho lesa<\/strong>\u00a0Slansk\u00fdch vrchov.<\/p>\n<h2 class=\"ds-markdown-paragraph\"><span style=\"color: #800000;\"><strong>Ak\u00fd unik\u00e1tny ekosyst\u00e9m sa v rezerv\u00e1cii Mal\u00e1 Izra nach\u00e1dza?<\/strong><\/span><\/h2>\n<p class=\"ds-markdown-paragraph\">V rezerv\u00e1cii sa nach\u00e1dza <strong>mo\u010diarny jel\u0161ov\u00fd les<\/strong>\u00a0n\u00ed\u017einn\u00e9ho typu, a to v nezvyklej nadmorskej v\u00fd\u0161ke 526 m n.m. Tento\u00a0<strong>mokra\u010fov\u00fd biotop<\/strong>\u00a0host\u00ed viacer\u00e9 vz\u00e1cne druhy rastl\u00edn. S\u00fa\u010das\u0165ou\u00a0<strong>pr\u00edrodnej rezerv\u00e1cie<\/strong>\u00a0je aj pr\u00edrodn\u00e9\u00a0<strong>jazero Mal\u00e1 Izra<\/strong>\u00a0s rozlohou 0,15 hekt\u00e1ra.<\/p>\n<p class=\"ds-markdown-paragraph\">Vodn\u00e1 plocha nie je slnku priamo odkryt\u00e1, ale nach\u00e1dza sa v pr\u00edrodnej priehlbine lesa. Jazero je obklopen\u00e9\u00a0<strong>ra\u0161eliniskami a mokra\u010fami<\/strong>\u00a0a postupn\u00fdm zarastan\u00edm sa \u010diasto\u010dne men\u00ed na mokra\u010f. Vzniklo na hornom toku\u00a0<strong>potoka Mal\u00e1 Izra<\/strong>, ktor\u00fd sa po pribli\u017ene 4 km vlieva do potoka Izra.<\/p>\n<h2 class=\"ds-markdown-paragraph\"><span style=\"color: #800000;\">Ak\u00fd je stupe\u0148 ochrany pr\u00edrodnej rezerv\u00e1cie Mal\u00e1 Izra?<\/span><\/h2>\n<p class=\"ds-markdown-paragraph\">Ako <strong>pr\u00edrodn\u00e1 rezerv\u00e1cia<\/strong>\u00a0m\u00e1 toto \u00fazemie pridelen\u00fd\u00a0<strong>najpr\u00edsnej\u0161\u00ed 5. stupe\u0148 ochrany<\/strong>.<\/p>\n<h2 class=\"ds-markdown-paragraph\"><span style=\"color: #800000;\">Ako sa dosta\u0165 do pr\u00edrodnej rezerv\u00e1cie Mal\u00e1 Izra a ak\u00e9 platia pravidl\u00e1?<\/span><\/h2>\n<p class=\"ds-markdown-paragraph\">Ke\u010f\u017ee tu plat\u00ed <strong>5. stupe\u0148 ochrany<\/strong>, je pr\u00edsne zak\u00e1zan\u00e9 pohybova\u0165 sa mimo vyzna\u010den\u00e9ho turistick\u00e9ho alebo n\u00e1u\u010dn\u00e9ho chodn\u00edka za hranicami zastavan\u00e9ho \u00fazemia obce. Rovnako je zak\u00e1zan\u00e9 vch\u00e1dza\u0165 s bicyklom na pozemky za hranicami zastavan\u00e9ho \u00fazemia obce mimo dia\u013enice, cesty, miestnej komunik\u00e1cie a vyzna\u010denej cyklotrasy.<\/p>\n<h3 class=\"ds-markdown-paragraph\"><span style=\"color: #808000;\">Na vstup do\u00a0<strong>pr\u00edrodnej rezerv\u00e1cie s 5. stup\u0148om ochrany<\/strong>\u00a0je potrebn\u00e9 z\u00edska\u0165 povolenie:<\/span><\/h3>\n<ol start=\"1\">\n<li>\n<p class=\"ds-markdown-paragraph\">Je potrebn\u00e9 poda\u0165 \u017eiados\u0165 na pr\u00edslu\u0161n\u00fd okresn\u00fd \u00farad (odbor \u017eivotn\u00e9ho prostredia) o udelenie v\u00fdnimky pod\u013ea z\u00e1kona o ochrane pr\u00edrody a krajiny. \u017diados\u0165 treba riadne od\u00f4vodni\u0165.<\/p>\n<\/li>\n<li>\n<p class=\"ds-markdown-paragraph\">Podanie sa spoplat\u0148uje. Pre fyzick\u00fa osobu je spr\u00e1vny poplatok 10 Eur, pre pr\u00e1vnick\u00fa osobu 100 Eur.<\/p>\n<\/li>\n<\/ol>\n<h2 class=\"ds-markdown-paragraph\"><span style=\"color: #800000;\">Ktor\u00e9 obce s\u00fa dobr\u00fdm v\u00fdchodiskom k Malej Izre?<\/span><\/h2>\n<p>Dobr\u00fdmi v\u00fdchodiskami ku jazeru a PR s\u00fa obce <a href=\"https:\/\/www.keturist.sk\/info\/smer-slanske-vrchy\/obec-slanska-huta\/\">Slansk\u00e1 Huta<\/a>, <a href=\"https:\/\/www.keturist.sk\/info\/smer-slanske-vrchy\/obec-skaros\/\">Sk\u00e1ro\u0161<\/a>, <a href=\"https:\/\/www.keturist.sk\/info\/smer-slanske-vrchy\/obec-slanec\/\">Slanec<\/a> a <a href=\"https:\/\/www.keturist.sk\/info\/smer-slanske-vrchy\/rekreacne-stredisko-izra\/\">rekrea\u010dn\u00e9 stredisko Izra<\/a>.<\/p>\n<h2><span style=\"color: #800000;\">Ktor\u00e1 trasa je najv\u00fdhodnej\u0161ia pre pr\u00edstup k jazierku Mal\u00e1 Izra?<\/span><\/h2>\n<p>Najv\u00fdhodnej\u0161\u00ed pr\u00edstup k jazierku je od <a href=\"https:\/\/www.keturist.sk\/info\/smer-slanske-vrchy\/rekreacne-stredisko-izra\/\">rekrea\u010dn\u00e9ho stredisko Izra<\/a> po\u00a0<img loading=\"lazy\" decoding=\"async\" class=\"alignnone wp-image-21625 size-full\" src=\"https:\/\/www.keturist.sk\/info\/wp-content\/uploads\/2013\/11\/zlta.png\" alt=\"\" width=\"20\" height=\"21\" srcset=\"https:\/\/www.keturist.sk\/info\/wp-content\/uploads\/2013\/11\/zlta.png 20w, https:\/\/www.keturist.sk\/info\/wp-content\/uploads\/2013\/11\/zlta-19x20.png 19w\" sizes=\"auto, (max-width: 20px) 100vw, 20px\" \/> \u017eltej turistickej trase.\u00a0Celkov\u00fd \u010das odtia\u013e k\u00a0Malej Izre trv\u00e1 pribli\u017ene 0:20 h (nasp\u00e4\u0165 0:20 h).<\/p>\n<h2><span style=\"color: #800000;\">Fotogal\u00e9ria<\/span><\/h2>\n<style type=\"text\/css\">\n#foogallery-gallery-72532 .fg-image { width: 200px; }<\/style>\n\t\t\t<div class=\"foogallery foogallery-container foogallery-carousel foogallery-lightbox-foogallery fg-carousel fg-ready fg-light fg-border-medium fg-round-small fg-shadow-medium fg-loading-default fg-loaded-fade-in fg-hover-semi-zoomed fg-hover-fade fg-hover-circle-plus2\" id=\"foogallery-gallery-72532\" data-foogallery=\"{&quot;item&quot;:{&quot;showCaptionTitle&quot;:true,&quot;showCaptionDescription&quot;:true},&quot;lazy&quot;:true,&quot;template&quot;:{&quot;maxItems&quot;:5,&quot;scale&quot;:0.11999999999999999555910790149937383830547332763671875,&quot;gutter&quot;:{&quot;min&quot;:-40,&quot;max&quot;:-20,&quot;unit&quot;:&quot;%&quot;},&quot;autoplay&quot;:{&quot;time&quot;:0,&quot;interaction&quot;:&quot;pause&quot;},&quot;centerOnClick&quot;:true,&quot;align&quot;:&quot;center&quot;,&quot;activePosition&quot;:&quot;center&quot;}}\" data-foogallery-lightbox=\"{&quot;thumbs&quot;:&quot;bottom&quot;,&quot;thumbsCaptions&quot;:false,&quot;thumbsBestFit&quot;:false,&quot;thumbsSmall&quot;:false,&quot;thumbsCaptionsAlign&quot;:&quot;default&quot;,&quot;info&quot;:&quot;bottom&quot;,&quot;infoVisible&quot;:true,&quot;infoOverlay&quot;:true,&quot;infoAlign&quot;:&quot;default&quot;,&quot;transition&quot;:&quot;fade&quot;,&quot;hoverButtons&quot;:false,&quot;fitMedia&quot;:false,&quot;noScrollbars&quot;:true,&quot;preserveButtonSpace&quot;:true,&quot;buttons&quot;:{&quot;fullscreen&quot;:true,&quot;info&quot;:true,&quot;thumbs&quot;:false},&quot;video&quot;:{&quot;autoPlay&quot;:true}}\" style=\"--fg-title-line-clamp: 1; --fg-description-line-clamp: 2;\" >\n\t<button type=\"button\" class=\"fg-carousel-prev\" title=\"Previous\"><\/button>\n\t<div class=\"fg-carousel-inner\">\n\t\t<div class=\"fg-carousel-center\"><\/div>\n\t\t<div class=\"fg-item fg-type-image fg-idle\"><figure class=\"fg-item-inner\"><a href=\"https:\/\/www.keturist.sk\/info\/wp-content\/uploads\/2020\/10\/mala-izra2.jpg\" data-caption-title=\"Jazero Mal\u00e1 Izra\" data-attachment-id=\"34468\" data-type=\"image\" class=\"fg-thumb\"><span class=\"fg-image-wrap\"><img decoding=\"async\" alt=\"Jazero Mal\u00e1 Izra\" title=\"Jazero Mal\u00e1 Izra\" width=\"200\" height=\"200\" class=\"skip-lazy fg-image\" data-src-fg=\"https:\/\/www.keturist.sk\/info\/wp-content\/uploads\/cache\/2020\/10\/mala-izra2\/547433610.jpg\" src=\"data:image\/svg+xml,%3Csvg%20xmlns%3D%22http%3A%2F%2Fwww.w3.org%2F2000%2Fsvg%22%20width%3D%22200%22%20height%3D%22200%22%20viewBox%3D%220%200%20200%20200%22%3E%3C%2Fsvg%3E\" loading=\"eager\"><\/span><span class=\"fg-image-overlay\"><\/span><\/a><figcaption class=\"fg-caption\"><div class=\"fg-caption-inner\"><div class=\"fg-caption-title\">Jazero Mal\u00e1 Izra<\/div><\/div><\/figcaption><\/figure><div class=\"fg-loader\"><\/div><\/div><div class=\"fg-item fg-type-image fg-idle\"><figure class=\"fg-item-inner\"><a href=\"https:\/\/www.keturist.sk\/info\/wp-content\/uploads\/2020\/10\/mala-izra1.jpg\" data-caption-title=\"Jazero Mal\u00e1 Izra\" data-attachment-id=\"34467\" data-type=\"image\" class=\"fg-thumb\"><span class=\"fg-image-wrap\"><img decoding=\"async\" alt=\"Jazero Mal\u00e1 Izra\" title=\"Jazero Mal\u00e1 Izra\" width=\"200\" height=\"200\" class=\"skip-lazy fg-image\" data-src-fg=\"https:\/\/www.keturist.sk\/info\/wp-content\/uploads\/cache\/2020\/10\/mala-izra1\/3424934724.jpg\" src=\"data:image\/svg+xml,%3Csvg%20xmlns%3D%22http%3A%2F%2Fwww.w3.org%2F2000%2Fsvg%22%20width%3D%22200%22%20height%3D%22200%22%20viewBox%3D%220%200%20200%20200%22%3E%3C%2Fsvg%3E\" loading=\"eager\"><\/span><span class=\"fg-image-overlay\"><\/span><\/a><figcaption class=\"fg-caption\"><div class=\"fg-caption-inner\"><div class=\"fg-caption-title\">Jazero Mal\u00e1 Izra<\/div><\/div><\/figcaption><\/figure><div class=\"fg-loader\"><\/div><\/div>\t<\/div>\n\t<div class=\"fg-carousel-bottom\"><\/div>\n\t<div class=\"fg-carousel-progress\"><\/div>\n\t<button type=\"button\" class=\"fg-carousel-next\" title=\"Next\"><\/button>\n<\/div>\n<h2><span style=\"color: #800000;\">Zauj\u00edmav\u00e9 odkazy<\/span><\/h2>\n<h3><span style=\"color: #808000;\">Bl\u00edzke stredisko, turistick\u00e9 centrum, obec alebo mesto:<\/span><\/h3>\n<ul>\n<li><a href=\"https:\/\/www.keturist.sk\/info\/smer-slanske-vrchy\/rekreacne-stredisko-izra\/\">Stredisko Izra (\u010d\u00edtaj viac&#8230;)<\/a><\/li>\n<\/ul>\n<ul>\n<li><a href=\"https:\/\/www.keturist.sk\/info\/smer-slanske-vrchy\/obec-skaros\/\">Obec Sk\u00e1ro\u0161 (\u010d\u00edtaj viac&#8230;)<\/a><\/li>\n<\/ul>\n<ul>\n<li><a href=\"https:\/\/www.keturist.sk\/info\/smer-slanske-vrchy\/obec-slanec\/\">Obec Slanec (\u010d\u00edtaj viac&#8230;)<\/a><\/li>\n<\/ul>\n<ul>\n<li><a href=\"https:\/\/www.keturist.sk\/info\/smer-slanske-vrchy\/obec-slanska-huta\/\">Obec Slansk\u00e1 Huta (\u010d\u00edtaj viac&#8230;)<\/a><\/li>\n<\/ul>\n<h2><span style=\"color: #800000;\">Mapy<\/span><\/h2>\n<p><strong>Vrstvy: <\/strong>Turistick\u00e1 mapa, Automapa, Cyklomapa, Ly\u017eiarska mapa, Satelitn\u00e1 mapa a OpenStreetMap.<\/p>\n<p><strong>Kliknut\u00edm na logo &#8222;Freemap.sk&#8220; sa V\u00e1m mapa zobraz\u00ed na celej ploche obrazovky.<\/strong><\/p>\n<p><iframe style=\"width: 900px; height: 500px; border: 0;\" src=\"https:\/\/www.freemap.sk\/?map=15\/48.572277\/21.479924&amp;info-point=48.572277\/21.479924,PR Mal\u00e1 Izra&amp;layers=X&amp;embed=search\" allowfullscreen=\"allowfullscreen\"><span data-mce-type=\"bookmark\" style=\"display: inline-block; width: 0px; overflow: hidden; line-height: 0;\" class=\"mce_SELRES_start\">\ufeff<\/span><\/iframe><\/p>\n<h2><span style=\"color: #800000;\">Po\u010dasie<\/span><\/h2>\n<p><iframe style=\"width: 900px; height: 611px;\" src=\"https:\/\/www.meteoblue.com\/sk\/po%C4%8Dasie\/widget\/three\/48.595N21.506E397_Europe%2FBratislava?geoloc=fixed&amp;nocurrent=0&amp;noforecast=0&amp;days=5&amp;tempunit=CELSIUS&amp;windunit=KILOMETER_PER_HOUR&amp;layout=image\" frameborder=\"0\" scrolling=\"NO\" sandbox=\"allow-same-origin allow-scripts allow-popups allow-popups-to-escape-sandbox\"><span data-mce-type=\"bookmark\" style=\"display: inline-block; width: 0px; overflow: hidden; line-height: 0;\" class=\"mce_SELRES_start\">\ufeff<\/span><\/iframe><\/p>\n<div><!-- DO NOT REMOVE THIS LINK --><a href=\"https:\/\/www.meteoblue.com\/sk\/po%C4%8Dasie\/predpove%C4%8F\/t%C3%BD%C5%BEde%C5%88\/48.595N21.506E397_Europe%2FBratislava?utm_source=weather_widget&amp;utm_medium=linkus&amp;utm_content=three&amp;utm_campaign=Weather%2BWidget\" target=\"_blank\" rel=\"noopener noreferrer\">meteoblue<\/a><\/div>\n","protected":false},"excerpt":{"rendered":"<p>Podkateg\u00f3ria: Lokaliz\u00e1cia: Slansk\u00e9 vrchy \u010co je pr\u00edrodn\u00e1 rezerv\u00e1cia Mal\u00e1 Izra a pre\u010do je v\u00fdnimo\u010dn\u00e1? Pr\u00edrodn\u00e1 rezerv\u00e1cia Mal\u00e1 Izra\u00a0sa nach\u00e1dza na v\u00fdchodnom \u00fap\u00e4t\u00ed pohrani\u010dn\u00e9ho vrchu Ve\u013ek\u00fd Mili\u010d (985 m n.m.). Z [&hellip;]<\/p>\n","protected":false},"author":1,"featured_media":34467,"parent":0,"menu_order":0,"comment_status":"closed","ping_status":"closed","template":"","meta":{"_uag_custom_page_level_css":"","_monsterinsights_skip_tracking":false,"_monsterinsights_sitenote_active":false,"_monsterinsights_sitenote_note":"","_monsterinsights_sitenote_category":0,"footnotes":""},"class_list":["post-2878","page","type-page","status-publish","has-post-thumbnail","hentry"],"featured_image_src":"https:\/\/www.keturist.sk\/info\/wp-content\/uploads\/2020\/10\/mala-izra1.jpg","featured_image_src_square":"https:\/\/www.keturist.sk\/info\/wp-content\/uploads\/2020\/10\/mala-izra1.jpg","rbea_author_info":{"display_name":"admin","author_link":"https:\/\/www.keturist.sk\/info\/author\/admin\/"},"rbea_excerpt_info":"Podkateg\u00f3ria: Lokaliz\u00e1cia: Slansk\u00e9 vrchy \u010co je pr\u00edrodn\u00e1 rezerv\u00e1cia Mal\u00e1 Izra a pre\u010do je v\u00fdnimo\u010dn\u00e1? Pr\u00edrodn\u00e1 rezerv\u00e1cia Mal\u00e1 Izra\u00a0sa nach\u00e1dza na v\u00fdchodnom \u00fap\u00e4t\u00ed pohrani\u010dn\u00e9ho vrchu Ve\u013ek\u00fd Mili\u010d (985 m n.m.). Z [&hellip;]","uagb_featured_image_src":{"full":["https:\/\/www.keturist.sk\/info\/wp-content\/uploads\/2020\/10\/mala-izra1.jpg",800,600,false],"thumbnail":["https:\/\/www.keturist.sk\/info\/wp-content\/uploads\/2020\/10\/mala-izra1-240x180.jpg",240,180,true],"medium":["https:\/\/www.keturist.sk\/info\/wp-content\/uploads\/2020\/10\/mala-izra1.jpg",800,600,false],"medium_large":["https:\/\/www.keturist.sk\/info\/wp-content\/uploads\/2020\/10\/mala-izra1-768x576.jpg",768,576,true],"large":["https:\/\/www.keturist.sk\/info\/wp-content\/uploads\/2020\/10\/mala-izra1.jpg",800,600,false],"1536x1536":["https:\/\/www.keturist.sk\/info\/wp-content\/uploads\/2020\/10\/mala-izra1.jpg",800,600,false],"2048x2048":["https:\/\/www.keturist.sk\/info\/wp-content\/uploads\/2020\/10\/mala-izra1.jpg",800,600,false]},"uagb_author_info":{"display_name":"admin","author_link":"https:\/\/www.keturist.sk\/info\/author\/admin\/"},"uagb_comment_info":0,"uagb_excerpt":"Podkateg\u00f3ria: Lokaliz\u00e1cia: Slansk\u00e9 vrchy \u010co je pr\u00edrodn\u00e1 rezerv\u00e1cia Mal\u00e1 Izra a pre\u010do je v\u00fdnimo\u010dn\u00e1? Pr\u00edrodn\u00e1 rezerv\u00e1cia Mal\u00e1 Izra\u00a0sa nach\u00e1dza na v\u00fdchodnom \u00fap\u00e4t\u00ed pohrani\u010dn\u00e9ho vrchu Ve\u013ek\u00fd Mili\u010d (985 m n.m.). Z [&hellip;]","_links":{"self":[{"href":"https:\/\/www.keturist.sk\/info\/wp-json\/wp\/v2\/pages\/2878","targetHints":{"allow":["GET"]}}],"collection":[{"href":"https:\/\/www.keturist.sk\/info\/wp-json\/wp\/v2\/pages"}],"about":[{"href":"https:\/\/www.keturist.sk\/info\/wp-json\/wp\/v2\/types\/page"}],"author":[{"embeddable":true,"href":"https:\/\/www.keturist.sk\/info\/wp-json\/wp\/v2\/users\/1"}],"replies":[{"embeddable":true,"href":"https:\/\/www.keturist.sk\/info\/wp-json\/wp\/v2\/comments?post=2878"}],"version-history":[{"count":5,"href":"https:\/\/www.keturist.sk\/info\/wp-json\/wp\/v2\/pages\/2878\/revisions"}],"predecessor-version":[{"id":72601,"href":"https:\/\/www.keturist.sk\/info\/wp-json\/wp\/v2\/pages\/2878\/revisions\/72601"}],"wp:featuredmedia":[{"embeddable":true,"href":"https:\/\/www.keturist.sk\/info\/wp-json\/wp\/v2\/media\/34467"}],"wp:attachment":[{"href":"https:\/\/www.keturist.sk\/info\/wp-json\/wp\/v2\/media?parent=2878"}],"curies":[{"name":"wp","href":"https:\/\/api.w.org\/{rel}","templated":true}]}}