{"id":2817,"date":"2013-11-01T18:56:24","date_gmt":"2013-11-01T16:56:24","guid":{"rendered":"https:\/\/www.keturist.sk\/info\/?page_id=2817"},"modified":"2025-12-14T04:49:28","modified_gmt":"2025-12-14T03:49:28","slug":"narodna-prirodna-rezervacia-humenec","status":"publish","type":"page","link":"https:\/\/www.keturist.sk\/info\/narodna-prirodna-rezervacia-humenec\/","title":{"rendered":"N\u00e1rodn\u00e1 pr\u00edrodn\u00e1 rezerv\u00e1cia Humenec"},"content":{"rendered":"<a href=\"https:\/\/www.keturist.sk\/info\/\" class=\"su-button su-button-style-default\" style=\"color:#000000;background-color:#FFCF2F;border-color:#cca626;border-radius:5px\" target=\"_self\"><span style=\"color:#000000;padding:6px 16px;font-size:13px;line-height:20px;border-color:#ffde6e;border-radius:5px;text-shadow:none\"><i class=\"sui sui-arrow-right\" style=\"font-size:13px;color:#000000\"><\/i>  Spravodaj <\/span><\/a>\n<a href=\"https:\/\/www.keturist.sk\/info\/tipy-na-vylety\/\" class=\"su-button su-button-style-default\" style=\"color:#000000;background-color:#FFCF2F;border-color:#cca626;border-radius:5px\" target=\"_self\"><span style=\"color:#000000;padding:6px 16px;font-size:13px;line-height:20px;border-color:#ffde6e;border-radius:5px;text-shadow:none\"><i class=\"sui sui-arrow-right\" style=\"font-size:13px;color:#000000\"><\/i>  TIPY NA V\u00ddLETY <\/span><\/a>\n<a href=\"https:\/\/www.keturist.sk\/info\/kam-do-prirody\/\" class=\"su-button su-button-style-default\" style=\"color:#000000;background-color:#FFCF2F;border-color:#cca626;border-radius:5px\" target=\"_self\"><span style=\"color:#000000;padding:6px 16px;font-size:13px;line-height:20px;border-color:#ffde6e;border-radius:5px;text-shadow:none\"><i class=\"sui sui-arrow-right\" style=\"font-size:13px;color:#000000\"><\/i>  Kam do pr\u00edrody <\/span><\/a>\n<a href=\"https:\/\/www.keturist.sk\/info\/kam-do-prirody\/kam-do-prirody-smer-cierna-hora\/\" class=\"su-button su-button-style-default\" style=\"color:#000000;background-color:#FFCF2F;border-color:#cca626;border-radius:5px\" target=\"_self\"><span style=\"color:#000000;padding:6px 16px;font-size:13px;line-height:20px;border-color:#ffde6e;border-radius:5px;text-shadow:none\"><i class=\"sui sui-arrow-right\" style=\"font-size:13px;color:#000000\"><\/i>  Smer \u010cierna hora <\/span><\/a>\n<div class=\"su-divider su-divider-style-default\" style=\"margin:15px 0;border-width:0px;border-color:#000000\"><\/div>\n<strong>Podkateg\u00f3ria: <\/strong> <a href=\"https:\/\/www.keturist.sk\/info\/kam-do-prirody\/kam-do-prirody-smer-cierna-hora\/ochrana-prirody\/\" class=\"su-button su-button-style-default\" style=\"color:#000000;background-color:#afd144;border-color:#8ca837;border-radius:5px\" target=\"_self\"><span style=\"color:#000000;padding:6px 16px;font-size:13px;line-height:20px;border-color:#c7df7d;border-radius:5px;text-shadow:none\"><i class=\"sui sui-arrow-right\" style=\"font-size:13px;color:#000000\"><\/i>  Ochrana pr\u00edrody <\/span><\/a>\n<p><strong>Lokaliz\u00e1cia: <\/strong><a href=\"https:\/\/www.keturist.sk\/info\/okolite-hory\/cierna-hora\/\">\u010cierna hora<\/a><\/p>\n<div class=\"su-divider su-divider-style-default\" style=\"margin:15px 0;border-width:2px;border-color:#000000\"><\/div>\n<figure id=\"attachment_36866\" aria-describedby=\"caption-attachment-36866\" style=\"width: 900px\" class=\"wp-caption aligncenter\"><a href=\"https:\/\/www.keturist.sk\/info\/wp-content\/uploads\/2020\/12\/humenec-1.jpg\"><img loading=\"lazy\" decoding=\"async\" class=\"wp-image-36866\" src=\"https:\/\/www.keturist.sk\/info\/wp-content\/uploads\/2020\/12\/humenec-1.jpg\" alt=\"N\u00e1rodn\u00e1 pr\u00edrodn\u00e1 rezerv\u00e1cia Humenec\" width=\"900\" height=\"675\" srcset=\"https:\/\/www.keturist.sk\/info\/wp-content\/uploads\/2020\/12\/humenec-1.jpg 800w, https:\/\/www.keturist.sk\/info\/wp-content\/uploads\/2020\/12\/humenec-1-240x180.jpg 240w, https:\/\/www.keturist.sk\/info\/wp-content\/uploads\/2020\/12\/humenec-1-768x576.jpg 768w\" sizes=\"auto, (max-width: 900px) 100vw, 900px\" \/><\/a><figcaption id=\"caption-attachment-36866\" class=\"wp-caption-text\">vrch Humenec (618 m n.m.)<\/figcaption><\/figure>\n<div class=\"su-divider su-divider-style-default\" style=\"margin:15px 0;border-width:2px;border-color:#000000\"><\/div>\n<h2 class=\"ds-markdown-paragraph\"><span style=\"color: #800000;\">Ako vyzer\u00e1 a kde le\u017e\u00ed N\u00e1rodn\u00e1 pr\u00edrodn\u00e1 rezerv\u00e1cia Humenec?<\/span><\/h2>\n<p class=\"ds-markdown-paragraph\"><strong>N\u00e1rodn\u00e1 pr\u00edrodn\u00e1 rezerv\u00e1cia Humenec<\/strong>\u00a0sa rozprestiera na ju\u017enom svahu vrchu Humenec (618 m n.m.), ne\u010faleko obc\u00ed Kysak a Ve\u013ek\u00e1 Lodina. Ide o \u0161irok\u00fd obl\u00fd svah s juhoz\u00e1padnou a\u017e juhov\u00fdchodnou expoz\u00edciou v nadmorskej v\u00fd\u0161ke pribli\u017ene 460-613 m n. m. so sklonom 20-30\u00b0.<\/p>\n<p class=\"ds-markdown-paragraph\">Podklad tvoria\u00a0<strong>v\u00e1pencov\u00e9 podlo\u017eia<\/strong>, ktor\u00e9 formuj\u00fa jedine\u010dn\u00fd charakter \u00fazemia.<\/p>\n<h2 class=\"ds-markdown-paragraph\"><span style=\"color: #800000;\">\u010co v\u0161etko zah\u0155\u0148a N\u00e1rodn\u00e1 pr\u00edrodn\u00e1 rezerv\u00e1cia Humenec?<\/span><\/h2>\n<p class=\"ds-markdown-paragraph\">Rezerv\u00e1cia bola vyhl\u00e1sen\u00e1 v roku 1953 a novelizovan\u00e1 v roku 1988. S rozlohou 86,08 ha patr\u00ed do katastr\u00e1lneho \u00fazemia obce Ve\u013ek\u00e1 Lodina.<\/p>\n<p class=\"ds-markdown-paragraph\">Z geomorfologick\u00e9ho h\u013eadiska patr\u00ed do oblasti\u00a0<strong>Slovensk\u00e9ho rudohoria<\/strong>\u00a0a jeho horsk\u00e9ho celku \u010cierna hora, konkr\u00e9tne do podcelku Sopotnick\u00e9 vrchy. Okrem vz\u00e1cnej\u00a0<strong>xerotermnej fl\u00f3ry<\/strong>\u00a0tu n\u00e1jdete impozantn\u00e9\u00a0<strong>v\u00e1pencov\u00e9 \u00fatvary<\/strong>.<\/p>\n<p class=\"ds-markdown-paragraph\">Na z\u00e1padn\u00fdch svahoch vrchu Humenec, nad cestou III\/3354 smerom na Mal\u00fa Lodinu, sa t\u00fd\u010di majest\u00e1tna\u00a0<strong>Skala pod Humencom<\/strong>\u00a0(200-230 m n.m.). V juhov\u00fdchodnej \u010dasti svahu, v skalnom mas\u00edve vo v\u00fd\u0161ke cca 420 m n.m., sa nach\u00e1dza\u00a0<strong>priepas\u0165ovit\u00e1 jasky\u0148a Humenec<\/strong>, ktor\u00e1 je dlh\u00e1 33 metrov a hlbok\u00e1 pribli\u017ene 15 metrov.<\/p>\n<h2 class=\"ds-markdown-paragraph\"><span style=\"color: #800000;\">Pre\u010do je fl\u00f3ra v rezerv\u00e1cii Humenec tak\u00e1 v\u00fdnimo\u010dn\u00e1?<\/span><\/h2>\n<p class=\"ds-markdown-paragraph\">Toto \u00fazemie predstavuje\u00a0<strong>najbohat\u0161iu a najsevernej\u0161iu lokalitu xerotermnej fl\u00f3ry<\/strong>\u00a0v povod\u00ed Horn\u00e1du na v\u00fdchodnom Slovensku. M\u00e1 priazniv\u00fa polohu medzi centr\u00e1lnymi Karpatami a Pan\u00f3nskou n\u00ed\u017einou. Pre mnoh\u00e9 teplomiln\u00e9 druhy tu prebieha\u00a0<strong>severn\u00e1 hranica roz\u0161\u00edrenia<\/strong>.<\/p>\n<p class=\"ds-markdown-paragraph\">Medzi tak\u00e9 patria napr\u00edklad\u00a0<strong>jasenec biely (Dictamnus albus L.), dub plstnat\u00fd (Quercus pubescens), dub cerov\u00fd (Quercus cerris)<\/strong>\u00a0a\u00a0<strong>jase\u0148 mannov\u00fd (Fraxinus ornus)<\/strong>. V porastoch prevl\u00e1da\u00a0<strong>buk lesn\u00fd (Fagus silvatica)<\/strong>\u00a0nad\u00a0<strong>dubom zimn\u00fdm (Quercus petraea)<\/strong>, pri\u010dom obe dreviny poch\u00e1dzaj\u00fa preva\u017ene z v\u00fdmladkov. Ako pr\u00edmes s\u00fa pr\u00edtomn\u00e9 hlavne\u00a0<strong>hrab oby\u010dajn\u00fd (Carpinus betulus), javor horsk\u00fd (Acer pseudoplatanus)<\/strong>\u00a0a spom\u00ednan\u00e9 teplomiln\u00e9 druhy dubov a jase\u0148a.<\/p>\n<p class=\"ds-markdown-paragraph\">V\u00a0<strong>lesnom podraste<\/strong>\u00a0a na\u00a0<strong>lesostepn\u00fdch riedin\u00e1ch<\/strong>\u00a0rastie mno\u017estvo charakteristick\u00fdch rastl\u00edn:\u00a0<strong>mrvica perist\u00e1 (Brachypodium pinnatum), ostrica n\u00edzka (Carex humilis), ostru\u017eka v\u00e1pnomiln\u00e1 (Sesleria calcaria), zlatovlas lenolist\u00fd (Aster linosyris), kostrava siv\u00e1 (Festuca duriuscula), kostrava tvrd\u00e1 (Festuca pseudodalmatica), betonika lek\u00e1rska (Betonica officinalis), marulka koc\u00farnik (Calamintha clinopodium), hrdobarka horsk\u00e1 (Teucrium montanum), n\u00e1tr\u017en\u00edk pieso\u010dn\u00fd (Potentilla arenaria), lipnica h\u00e1jna (Poa nemoralis)<\/strong>\u00a0a\u00a0<strong>med\u00fanka medovkolist\u00e1 (Melitis melisophylum)<\/strong>. Viacer\u00e9 z t\u00fdchto druhov tu dosahuj\u00fa svoj\u00a0<strong>najsevernej\u0161\u00ed v\u00fdskyt<\/strong>\u00a0na v\u00fdchodnom Slovensku.<\/p>\n<h2 class=\"ds-markdown-paragraph\"><span style=\"color: #800000;\">\u010co je hlavn\u00fdm predmetom ochrany v rezerv\u00e1cii?<\/span><\/h2>\n<p class=\"ds-markdown-paragraph\">Hlavn\u00fdm\u00a0<strong>ochran\u00e1rskym zameran\u00edm<\/strong>\u00a0je ochrana cenn\u00fdch spolo\u010denstiev\u00a0<strong>dub\u00edn<\/strong>\u00a0s\u00a0<strong>dubom plstnat\u00fdm (Quercus pubescens), dubom cerov\u00fdm (Quercus cerris), jase\u0148om mannov\u00fdm (Fraxinus ornus)<\/strong>\u00a0a\u00a0<strong>jasencom bielym (Dictamnus albus L.)<\/strong>. Chr\u00e1nen\u00e9 s\u00fa aj \u010fal\u0161ie\u00a0<strong>z\u00e1konom chr\u00e1nen\u00e9<\/strong>\u00a0a\u00a0<strong>teplomiln\u00e9 druhy rastl\u00edn<\/strong>, ktor\u00e9 sa tu vyskytuj\u00fa na severe hranice ich are\u00e1lu roz\u0161\u00edrenia.<\/p>\n<h2 class=\"ds-markdown-paragraph\"><span style=\"color: #800000;\">Ako sa m\u00f4\u017ee dosta\u0165 turista do N\u00e1rodnej pr\u00edrodnej rezerv\u00e1cie Humenec?<\/span><\/h2>\n<p class=\"ds-markdown-paragraph\"><strong>N\u00e1rodn\u00e1 pr\u00edrodn\u00e1 rezerv\u00e1cia Humenec<\/strong>\u00a0m\u00e1\u00a0<strong>5. stupe\u0148 ochrany<\/strong>. To znamen\u00e1, \u017ee plat\u00ed pr\u00edsny\u00a0<strong>z\u00e1kaz pohybova\u0165 sa mimo vyzna\u010den\u00fdch turistick\u00fdch chodn\u00edkov<\/strong>\u00a0alebo n\u00e1u\u010dn\u00e9ho chodn\u00edka za hranicami zastavan\u00e9ho \u00fazemia obce. Z\u00e1rove\u0148 je\u00a0<strong>zak\u00e1zan\u00e9 vch\u00e1dza\u0165 s bicyklom<\/strong>\u00a0na pozemky za hranicami zastavan\u00e9ho \u00fazemia obce mimo dia\u013enice, cesty, miestnej komunik\u00e1cie a vyzna\u010denej cyklotrasy.<\/p>\n<p class=\"ds-markdown-paragraph\">Pre vstup do takejto chr\u00e1nenej lokality je potrebn\u00e9 z\u00edska\u0165 v\u00fdnimku.<\/p>\n<h3 class=\"ds-markdown-paragraph\"><span style=\"color: #808000;\">Postup je nasledovn\u00fd:<\/span><\/h3>\n<ol start=\"1\">\n<li>\n<p class=\"ds-markdown-paragraph\">Je potrebn\u00e9\u00a0<strong>poda\u0165 \u017eiados\u0165<\/strong>\u00a0na pr\u00edslu\u0161n\u00fd okresn\u00fd \u00farad (odbor \u017eivotn\u00e9ho prostredia) na udelenie v\u00fdnimky z \u00fazemnej ochrany pod\u013ea z\u00e1kona \u010d. 543\/2002 Z.z.<\/p>\n<\/li>\n<li>\n<p class=\"ds-markdown-paragraph\">T\u00fato\u00a0<strong>\u017eiados\u0165 treba riadne od\u00f4vodni\u0165<\/strong>\u00a0a uvies\u0165 d\u00f4vody, pre ktor\u00e9 by mala by\u0165 v\u00fdnimka udelen\u00e1.<\/p>\n<\/li>\n<li>\n<p class=\"ds-markdown-paragraph\">Podanie je spoplatnen\u00e9. Pre\u00a0<strong>fyzick\u00fa osobu<\/strong>\u00a0je spr\u00e1vny poplatok\u00a0<strong>10 Eur<\/strong>, pre\u00a0<strong>pr\u00e1vnick\u00fa osobu<\/strong>\u00a0je to\u00a0<strong>100 Eur<\/strong>\u00a0(pod\u013ea polo\u017eky 160 z\u00e1kona o spr\u00e1vnych poplatkoch).<\/p>\n<\/li>\n<\/ol>\n<h2><span style=\"color: #800000;\">Fotogal\u00e9ria<\/span><\/h2>\n<style type=\"text\/css\">\n#foogallery-gallery-72152 .fg-image { width: 200px; }<\/style>\n\t\t\t<div class=\"foogallery foogallery-container foogallery-carousel foogallery-lightbox-foogallery fg-carousel fg-ready fg-light fg-border-medium fg-round-small fg-shadow-medium fg-loading-default fg-loaded-fade-in fg-hover-semi-zoomed fg-hover-fade fg-hover-circle-plus2\" id=\"foogallery-gallery-72152\" data-foogallery=\"{&quot;item&quot;:{&quot;showCaptionTitle&quot;:true,&quot;showCaptionDescription&quot;:true},&quot;lazy&quot;:true,&quot;template&quot;:{&quot;maxItems&quot;:5,&quot;scale&quot;:0.11999999999999999555910790149937383830547332763671875,&quot;gutter&quot;:{&quot;min&quot;:-40,&quot;max&quot;:-20,&quot;unit&quot;:&quot;%&quot;},&quot;autoplay&quot;:{&quot;time&quot;:0,&quot;interaction&quot;:&quot;pause&quot;},&quot;centerOnClick&quot;:true,&quot;align&quot;:&quot;center&quot;,&quot;activePosition&quot;:&quot;center&quot;}}\" data-foogallery-lightbox=\"{&quot;thumbs&quot;:&quot;bottom&quot;,&quot;thumbsCaptions&quot;:false,&quot;thumbsBestFit&quot;:false,&quot;thumbsSmall&quot;:false,&quot;thumbsCaptionsAlign&quot;:&quot;default&quot;,&quot;info&quot;:&quot;bottom&quot;,&quot;infoVisible&quot;:true,&quot;infoOverlay&quot;:true,&quot;infoAlign&quot;:&quot;default&quot;,&quot;transition&quot;:&quot;fade&quot;,&quot;hoverButtons&quot;:false,&quot;fitMedia&quot;:false,&quot;noScrollbars&quot;:true,&quot;preserveButtonSpace&quot;:true,&quot;buttons&quot;:{&quot;fullscreen&quot;:true,&quot;info&quot;:true,&quot;thumbs&quot;:false},&quot;video&quot;:{&quot;autoPlay&quot;:true}}\" style=\"--fg-title-line-clamp: 1; --fg-description-line-clamp: 2;\" >\n\t<button type=\"button\" class=\"fg-carousel-prev\" title=\"Previous\"><\/button>\n\t<div class=\"fg-carousel-inner\">\n\t\t<div class=\"fg-carousel-center\"><\/div>\n\t\t<div class=\"fg-item fg-type-image fg-idle\"><figure class=\"fg-item-inner\"><a href=\"https:\/\/www.keturist.sk\/info\/wp-content\/uploads\/2020\/12\/humenec-1.jpg\" data-caption-title=\"N\u00e1rodn\u00e1 pr\u00edrodn\u00e1 rezerv\u00e1cia Humenec\" data-caption-desc=\"Samotn\u00fd vrch\" data-attachment-id=\"36866\" data-type=\"image\" class=\"fg-thumb\"><span class=\"fg-image-wrap\"><img decoding=\"async\" title=\"N\u00e1rodn\u00e1 pr\u00edrodn\u00e1 rezerv\u00e1cia Humenec\" width=\"200\" height=\"200\" class=\"skip-lazy fg-image\" data-src-fg=\"https:\/\/www.keturist.sk\/info\/wp-content\/uploads\/cache\/2020\/12\/humenec-1\/1007748496.jpg\" src=\"data:image\/svg+xml,%3Csvg%20xmlns%3D%22http%3A%2F%2Fwww.w3.org%2F2000%2Fsvg%22%20width%3D%22200%22%20height%3D%22200%22%20viewBox%3D%220%200%20200%20200%22%3E%3C%2Fsvg%3E\" loading=\"eager\"><\/span><span class=\"fg-image-overlay\"><\/span><\/a><figcaption class=\"fg-caption\"><div class=\"fg-caption-inner\"><div class=\"fg-caption-title\">N\u00e1rodn\u00e1 pr\u00edrodn\u00e1 rezerv\u00e1cia Humenec<\/div><div class=\"fg-caption-desc\">Samotn\u00fd vrch<\/div><\/div><\/figcaption><\/figure><div class=\"fg-loader\"><\/div><\/div><div class=\"fg-item fg-type-image fg-idle\"><figure class=\"fg-item-inner\"><a href=\"https:\/\/www.keturist.sk\/info\/wp-content\/uploads\/2020\/12\/humenec.jpg\" data-caption-title=\"N\u00e1rodn\u00e1 pr\u00edrodn\u00e1 rezerv\u00e1cia Humenec\" data-caption-desc=\"Poh\u013ead na Humenec z J\u00e1no\u0161\u00edkovej skaly\" data-attachment-id=\"36282\" data-type=\"image\" class=\"fg-thumb\"><span class=\"fg-image-wrap\"><img decoding=\"async\" title=\"N\u00e1rodn\u00e1 pr\u00edrodn\u00e1 rezerv\u00e1cia Humenec\" width=\"200\" height=\"200\" class=\"skip-lazy fg-image\" data-src-fg=\"https:\/\/www.keturist.sk\/info\/wp-content\/uploads\/cache\/2020\/12\/humenec\/1446244778.jpg\" src=\"data:image\/svg+xml,%3Csvg%20xmlns%3D%22http%3A%2F%2Fwww.w3.org%2F2000%2Fsvg%22%20width%3D%22200%22%20height%3D%22200%22%20viewBox%3D%220%200%20200%20200%22%3E%3C%2Fsvg%3E\" loading=\"eager\"><\/span><span class=\"fg-image-overlay\"><\/span><\/a><figcaption class=\"fg-caption\"><div class=\"fg-caption-inner\"><div class=\"fg-caption-title\">N\u00e1rodn\u00e1 pr\u00edrodn\u00e1 rezerv\u00e1cia Humenec<\/div><div class=\"fg-caption-desc\">Poh\u013ead na Humenec z J\u00e1no\u0161\u00edkovej skaly<\/div><\/div><\/figcaption><\/figure><div class=\"fg-loader\"><\/div><\/div><div class=\"fg-item fg-type-image fg-idle\"><figure class=\"fg-item-inner\"><a href=\"https:\/\/www.keturist.sk\/info\/wp-content\/uploads\/2019\/01\/humenec1.jpeg\" data-caption-title=\"N\u00e1rodn\u00e1 pr\u00edrodn\u00e1 rezerv\u00e1cia Humenec\" data-caption-desc=\"Dolina Horn\u00e1du - poh\u013ead z Humenca, Zdroj foto: Muro Miron Jesensky (www.eastern-slovakia.com)\" data-attachment-id=\"27764\" data-type=\"image\" class=\"fg-thumb\"><span class=\"fg-image-wrap\"><img decoding=\"async\" title=\"N\u00e1rodn\u00e1 pr\u00edrodn\u00e1 rezerv\u00e1cia Humenec\" width=\"200\" height=\"200\" class=\"skip-lazy fg-image\" data-src-fg=\"https:\/\/www.keturist.sk\/info\/wp-content\/uploads\/cache\/2019\/01\/humenec1\/3656404415.jpeg\" src=\"data:image\/svg+xml,%3Csvg%20xmlns%3D%22http%3A%2F%2Fwww.w3.org%2F2000%2Fsvg%22%20width%3D%22200%22%20height%3D%22200%22%20viewBox%3D%220%200%20200%20200%22%3E%3C%2Fsvg%3E\" loading=\"eager\"><\/span><span class=\"fg-image-overlay\"><\/span><\/a><figcaption class=\"fg-caption\"><div class=\"fg-caption-inner\"><div class=\"fg-caption-title\">N\u00e1rodn\u00e1 pr\u00edrodn\u00e1 rezerv\u00e1cia Humenec<\/div><div class=\"fg-caption-desc\">Dolina Horn\u00e1du - poh\u013ead z Humenca, Zdroj foto: Muro Miron Jesensky (www.eastern-slovakia.com)<\/div><\/div><\/figcaption><\/figure><div class=\"fg-loader\"><\/div><\/div><div class=\"fg-item fg-type-image fg-idle\"><figure class=\"fg-item-inner\"><a href=\"https:\/\/www.keturist.sk\/info\/wp-content\/uploads\/2019\/01\/humenec2.jpeg\" data-caption-title=\"N\u00e1rodn\u00e1 pr\u00edrodn\u00e1 rezerv\u00e1cia Humenec\" data-attachment-id=\"27763\" data-type=\"image\" class=\"fg-thumb\"><span class=\"fg-image-wrap\"><img decoding=\"async\" alt=\"N\u00e1rodn\u00e1 pr\u00edrodn\u00e1 rezerv\u00e1cia Humenec\" title=\"N\u00e1rodn\u00e1 pr\u00edrodn\u00e1 rezerv\u00e1cia Humenec\" width=\"200\" height=\"200\" class=\"skip-lazy fg-image\" data-src-fg=\"https:\/\/www.keturist.sk\/info\/wp-content\/uploads\/cache\/2019\/01\/humenec2\/2896191616.jpeg\" src=\"data:image\/svg+xml,%3Csvg%20xmlns%3D%22http%3A%2F%2Fwww.w3.org%2F2000%2Fsvg%22%20width%3D%22200%22%20height%3D%22200%22%20viewBox%3D%220%200%20200%20200%22%3E%3C%2Fsvg%3E\" loading=\"eager\"><\/span><span class=\"fg-image-overlay\"><\/span><\/a><figcaption class=\"fg-caption\"><div class=\"fg-caption-inner\"><div class=\"fg-caption-title\">N\u00e1rodn\u00e1 pr\u00edrodn\u00e1 rezerv\u00e1cia Humenec<\/div><\/div><\/figcaption><\/figure><div class=\"fg-loader\"><\/div><\/div>\t<\/div>\n\t<div class=\"fg-carousel-bottom\"><\/div>\n\t<div class=\"fg-carousel-progress\"><\/div>\n\t<button type=\"button\" class=\"fg-carousel-next\" title=\"Next\"><\/button>\n<\/div>\n<h2><span style=\"color: #800000;\">Zauj\u00edmav\u00e9 odkazy<\/span><\/h2>\n<h3><span style=\"color: #808000;\">Bl\u00edzke stredisko, turistick\u00e9 centrum, obec alebo mesto: <\/span><\/h3>\n<ul>\n<li><a href=\"https:\/\/www.keturist.sk\/info\/smer-cierna-hora\/obec-velka-lodina\/\">Obec Ve\u013ek\u00e1 Lodina (\u010d\u00edtaj viac&#8230;)<\/a><\/li>\n<\/ul>\n<ul>\n<li><a href=\"https:\/\/www.keturist.sk\/info\/smer-cierna-hora\/obec-kysak\/\">Obec Kysak (\u010d\u00edtaj viac&#8230;)<\/a><\/li>\n<\/ul>\n<h2><span style=\"color: #800000;\">Mapy<\/span><\/h2>\n<p><strong>Vrstvy: <\/strong>Turistick\u00e1 mapa, Automapa, Cyklomapa, Ly\u017eiarska mapa, Satelitn\u00e1 mapa a OpenStreetMap.<\/p>\n<p><strong>Kliknut\u00edm na logo &#8222;Freemap.sk&#8220; sa V\u00e1m mapa zobraz\u00ed na celej ploche obrazovky.<\/strong><\/p>\n<p><iframe style=\"width: 900px; height: 500px; border: 0;\" src=\"https:\/\/www.freemap.sk\/?map=14\/48.859209\/21.170182&amp;info-point=48.859209\/21.170182,NPR Humenec&amp;layers=X&amp;embed=search\" allowfullscreen=\"allowfullscreen\"><span data-mce-type=\"bookmark\" style=\"display: inline-block; width: 0px; overflow: hidden; line-height: 0;\" class=\"mce_SELRES_start\">\ufeff<\/span><span data-mce-type=\"bookmark\" style=\"display: inline-block; width: 0px; overflow: hidden; line-height: 0;\" class=\"mce_SELRES_start\">\ufeff<\/span><\/iframe><\/p>\n<h2><span style=\"color: #800000;\">Po\u010dasie<\/span><\/h2>\n<p><iframe style=\"width: 900px; height: 610px;\" src=\"https:\/\/www.meteoblue.com\/sk\/po%C4%8Dasie\/widget\/three\/48.862N21.17E592_Europe%2FBratislava?geoloc=fixed&amp;nocurrent=0&amp;noforecast=0&amp;days=5&amp;tempunit=CELSIUS&amp;windunit=KILOMETER_PER_HOUR&amp;layout=image\" frameborder=\"0\" scrolling=\"NO\" sandbox=\"allow-same-origin allow-scripts allow-popups allow-popups-to-escape-sandbox\"><\/iframe><\/p>\n<div><!-- DO NOT REMOVE THIS LINK --><a href=\"https:\/\/www.meteoblue.com\/sk\/po%C4%8Dasie\/predpove%C4%8F\/t%C3%BD%C5%BEde%C5%88\/48.862N21.17E592_Europe%2FBratislava?utm_source=weather_widget&amp;utm_medium=linkus&amp;utm_content=three&amp;utm_campaign=Weather%2BWidget\" target=\"_blank\" rel=\"noopener noreferrer\">meteoblue<\/a><\/div>\n<p>&nbsp;<\/p>\n","protected":false},"excerpt":{"rendered":"<p>Podkateg\u00f3ria: Lokaliz\u00e1cia: \u010cierna hora Ako vyzer\u00e1 a kde le\u017e\u00ed N\u00e1rodn\u00e1 pr\u00edrodn\u00e1 rezerv\u00e1cia Humenec? N\u00e1rodn\u00e1 pr\u00edrodn\u00e1 rezerv\u00e1cia Humenec\u00a0sa rozprestiera na ju\u017enom svahu vrchu Humenec (618 m n.m.), ne\u010faleko obc\u00ed Kysak a [&hellip;]<\/p>\n","protected":false},"author":1,"featured_media":27763,"parent":0,"menu_order":0,"comment_status":"closed","ping_status":"closed","template":"","meta":{"_uag_custom_page_level_css":"","_monsterinsights_skip_tracking":false,"_monsterinsights_sitenote_active":false,"_monsterinsights_sitenote_note":"","_monsterinsights_sitenote_category":0,"footnotes":""},"class_list":["post-2817","page","type-page","status-publish","has-post-thumbnail","hentry"],"featured_image_src":"https:\/\/www.keturist.sk\/info\/wp-content\/uploads\/2019\/01\/humenec2.jpeg","featured_image_src_square":"https:\/\/www.keturist.sk\/info\/wp-content\/uploads\/2019\/01\/humenec2.jpeg","rbea_author_info":{"display_name":"admin","author_link":"https:\/\/www.keturist.sk\/info\/author\/admin\/"},"rbea_excerpt_info":"Podkateg\u00f3ria: Lokaliz\u00e1cia: \u010cierna hora Ako vyzer\u00e1 a kde le\u017e\u00ed N\u00e1rodn\u00e1 pr\u00edrodn\u00e1 rezerv\u00e1cia Humenec? N\u00e1rodn\u00e1 pr\u00edrodn\u00e1 rezerv\u00e1cia Humenec\u00a0sa rozprestiera na ju\u017enom svahu vrchu Humenec (618 m n.m.), ne\u010faleko obc\u00ed Kysak a [&hellip;]","uagb_featured_image_src":{"full":["https:\/\/www.keturist.sk\/info\/wp-content\/uploads\/2019\/01\/humenec2.jpeg",868,577,false],"thumbnail":["https:\/\/www.keturist.sk\/info\/wp-content\/uploads\/2019\/01\/humenec2-270x180.jpeg",270,180,true],"medium":["https:\/\/www.keturist.sk\/info\/wp-content\/uploads\/2019\/01\/humenec2-800x532.jpeg",800,532,true],"medium_large":["https:\/\/www.keturist.sk\/info\/wp-content\/uploads\/2019\/01\/humenec2-768x511.jpeg",768,511,true],"large":["https:\/\/www.keturist.sk\/info\/wp-content\/uploads\/2019\/01\/humenec2.jpeg",868,577,false],"1536x1536":["https:\/\/www.keturist.sk\/info\/wp-content\/uploads\/2019\/01\/humenec2.jpeg",868,577,false],"2048x2048":["https:\/\/www.keturist.sk\/info\/wp-content\/uploads\/2019\/01\/humenec2.jpeg",868,577,false]},"uagb_author_info":{"display_name":"admin","author_link":"https:\/\/www.keturist.sk\/info\/author\/admin\/"},"uagb_comment_info":0,"uagb_excerpt":"Podkateg\u00f3ria: Lokaliz\u00e1cia: \u010cierna hora Ako vyzer\u00e1 a kde le\u017e\u00ed N\u00e1rodn\u00e1 pr\u00edrodn\u00e1 rezerv\u00e1cia Humenec? N\u00e1rodn\u00e1 pr\u00edrodn\u00e1 rezerv\u00e1cia Humenec\u00a0sa rozprestiera na ju\u017enom svahu vrchu Humenec (618 m n.m.), ne\u010faleko obc\u00ed Kysak a [&hellip;]","_links":{"self":[{"href":"https:\/\/www.keturist.sk\/info\/wp-json\/wp\/v2\/pages\/2817","targetHints":{"allow":["GET"]}}],"collection":[{"href":"https:\/\/www.keturist.sk\/info\/wp-json\/wp\/v2\/pages"}],"about":[{"href":"https:\/\/www.keturist.sk\/info\/wp-json\/wp\/v2\/types\/page"}],"author":[{"embeddable":true,"href":"https:\/\/www.keturist.sk\/info\/wp-json\/wp\/v2\/users\/1"}],"replies":[{"embeddable":true,"href":"https:\/\/www.keturist.sk\/info\/wp-json\/wp\/v2\/comments?post=2817"}],"version-history":[{"count":6,"href":"https:\/\/www.keturist.sk\/info\/wp-json\/wp\/v2\/pages\/2817\/revisions"}],"predecessor-version":[{"id":72153,"href":"https:\/\/www.keturist.sk\/info\/wp-json\/wp\/v2\/pages\/2817\/revisions\/72153"}],"wp:featuredmedia":[{"embeddable":true,"href":"https:\/\/www.keturist.sk\/info\/wp-json\/wp\/v2\/media\/27763"}],"wp:attachment":[{"href":"https:\/\/www.keturist.sk\/info\/wp-json\/wp\/v2\/media?parent=2817"}],"curies":[{"name":"wp","href":"https:\/\/api.w.org\/{rel}","templated":true}]}}