{"id":27373,"date":"2019-01-03T08:38:08","date_gmt":"2019-01-03T07:38:08","guid":{"rendered":"https:\/\/www.keturist.sk\/info\/?page_id=27373"},"modified":"2026-04-30T08:16:29","modified_gmt":"2026-04-30T06:16:29","slug":"rozhladna-pod-velkym-milicom","status":"publish","type":"page","link":"https:\/\/www.keturist.sk\/info\/rozhladna-pod-velkym-milicom\/","title":{"rendered":"Rozh\u013ead\u0148a Karolyiovcov &#8211; K\u00e1rolyi-kil\u00e1t\u00f3"},"content":{"rendered":"<a href=\"https:\/\/www.keturist.sk\/info\/\" class=\"su-button su-button-style-default\" style=\"color:#000000;background-color:#FFCF2F;border-color:#cca626;border-radius:5px\" target=\"_self\"><span style=\"color:#000000;padding:6px 16px;font-size:13px;line-height:20px;border-color:#ffde6e;border-radius:5px;text-shadow:none\"><i class=\"sui sui-arrow-right\" style=\"font-size:13px;color:#000000\"><\/i>  Spravodaj <\/span><\/a>\n<a href=\"https:\/\/www.keturist.sk\/info\/tipy-na-vylety\/\" class=\"su-button su-button-style-default\" style=\"color:#000000;background-color:#FFCF2F;border-color:#cca626;border-radius:5px\" target=\"_self\"><span style=\"color:#000000;padding:6px 16px;font-size:13px;line-height:20px;border-color:#ffde6e;border-radius:5px;text-shadow:none\"><i class=\"sui sui-arrow-right\" style=\"font-size:13px;color:#000000\"><\/i>  TIPY NA V\u00ddLETY <\/span><\/a>\n<a href=\"https:\/\/www.keturist.sk\/info\/rozhladne\/\" class=\"su-button su-button-style-default\" style=\"color:#000000;background-color:#FFCF2F;border-color:#cca626;border-radius:5px\" target=\"_self\"><span style=\"color:#000000;padding:6px 16px;font-size:13px;line-height:20px;border-color:#ffde6e;border-radius:5px;text-shadow:none\"><i class=\"sui sui-arrow-right\" style=\"font-size:13px;color:#000000\"><\/i>  Rozh\u013eadne <\/span><\/a>\n<div class=\"su-divider su-divider-style-default\" style=\"margin:15px 0;border-width:0px;border-color:#000000\"><\/div>\n<strong>Lokaliz\u00e1cia: <\/strong><a href=\"https:\/\/www.keturist.sk\/info\/okolite-hory\/slanske-vrchy\/\">Slansk\u00e9 vrchy<\/a><\/p>\n<div class=\"su-divider su-divider-style-default\" style=\"margin:15px 0;border-width:2px;border-color:#000000\"><\/div>\n<figure id=\"attachment_27481\" aria-describedby=\"caption-attachment-27481\" style=\"width: 900px\" class=\"wp-caption aligncenter\"><a href=\"https:\/\/www.keturist.sk\/info\/wp-content\/uploads\/2019\/01\/karolovci1-1.jpeg\"><img loading=\"lazy\" decoding=\"async\" class=\"wp-image-27481\" src=\"https:\/\/www.keturist.sk\/info\/wp-content\/uploads\/2019\/01\/karolovci1-1-800x532.jpeg\" alt=\"Rozh\u013ead\u0148a Karolyiovcov\" width=\"900\" height=\"598\" srcset=\"https:\/\/www.keturist.sk\/info\/wp-content\/uploads\/2019\/01\/karolovci1-1-800x532.jpeg 800w, https:\/\/www.keturist.sk\/info\/wp-content\/uploads\/2019\/01\/karolovci1-1-270x180.jpeg 270w, https:\/\/www.keturist.sk\/info\/wp-content\/uploads\/2019\/01\/karolovci1-1-768x511.jpeg 768w, https:\/\/www.keturist.sk\/info\/wp-content\/uploads\/2019\/01\/karolovci1-1-400x266.jpeg 400w, https:\/\/www.keturist.sk\/info\/wp-content\/uploads\/2019\/01\/karolovci1-1.jpeg 868w\" sizes=\"auto, (max-width: 900px) 100vw, 900px\" \/><\/a><figcaption id=\"caption-attachment-27481\" class=\"wp-caption-text\">Rozh\u013ead\u0148a Karolyiovcov<\/figcaption><\/figure>\n<div class=\"su-divider su-divider-style-default\" style=\"margin:15px 0;border-width:2px;border-color:#000000\"><\/div>\n<h2 data-path-to-node=\"0\"><span style=\"color: #800000;\">Pre\u010do je Rozh\u013ead\u0148a Karolyiovcov najlep\u0161\u00edm tajn\u00fdm tipom pre milovn\u00edkov panor\u00e1m v pohrani\u010d\u00ed?<\/span><\/h2>\n<p data-path-to-node=\"1\">H\u013ead\u00e1te miesto, kde sa hist\u00f3ria \u0161\u013eachtick\u00fdch rodov stret\u00e1va s dychber\u00facim v\u00fdh\u013eadom na slovensko-ma\u010farsk\u00e9 pomedzie? <b data-path-to-node=\"1\" data-index-in-node=\"115\">Rozh\u013ead\u0148a Karolyiovcov<\/b> predstavuje unik\u00e1tny cie\u013e pre ka\u017ed\u00e9ho turistu, ktor\u00fd t\u00fa\u017ei po dokonalom v\u00fdh\u013eade z vrcholu, kde sa kedysi rozprestieralo panstvo v\u00fdznamn\u00e9ho rodu. T\u00e1to <b data-path-to-node=\"1\" data-index-in-node=\"287\">vyhliadkov\u00e1 ve\u017ea<\/b> dosahuje v\u00fd\u0161ku pribli\u017ene <b data-path-to-node=\"1\" data-index-in-node=\"329\">17 metrov<\/b> a pon\u00faka neopakovate\u013en\u00fa perspekt\u00edvu na okolit\u00fa krajinu.<\/p>\n<h2 data-path-to-node=\"3\"><span style=\"color: #800000;\">Kde presne sa Rozh\u013ead\u0148a Karolyiovcov nach\u00e1dza a pre\u010do doch\u00e1dza k z\u00e1mene jej n\u00e1zvu?<\/span><\/h2>\n<p data-path-to-node=\"4\">Tento turistick\u00fd klenot je situovan\u00fd v malebnom prostred\u00ed <b data-path-to-node=\"4\" data-index-in-node=\"58\">ma\u010farsk\u00fdch <a href=\"https:\/\/hu.wikipedia.org\/wiki\/Zempl%C3%A9ni-hegys%C3%A9g\" target=\"_blank\" rel=\"noopener\">Zempl\u00ednskych vrchov<\/a><\/b> (ma\u010farsky <b data-path-to-node=\"4\" data-index-in-node=\"99\">Zempl\u00e9ni-hegys\u00e9g<\/b>), pri\u010dom le\u017e\u00ed v bezprostrednej bl\u00edzkosti \u0161t\u00e1tnej hranice so Slovenskom. Je d\u00f4le\u017eit\u00e9 upresni\u0165 topografick\u00e9 n\u00e1zvoslovie, preto\u017ee <b data-path-to-node=\"4\" data-index-in-node=\"243\">Rozh\u013ead\u0148a Karolyiovcov<\/b> b\u00fdva na \u00fazem\u00ed Slovenska \u010dasto nespr\u00e1vne ozna\u010dovan\u00e1 ako <b data-path-to-node=\"4\" data-index-in-node=\"321\">Rozh\u013ead\u0148a pod Ve\u013ek\u00fdm Mili\u010dom<\/b>.<\/p>\n<p data-path-to-node=\"4\">V skuto\u010dnosti je t\u00e1to stavba, zn\u00e1ma v ma\u010far\u010dine ako <b data-path-to-node=\"4\" data-index-in-node=\"403\">K\u00e1rolyi-kil\u00e1t\u00f3<\/b>, postaven\u00e1 na ma\u010farskom vrchu <b data-path-to-node=\"4\" data-index-in-node=\"448\">Mal\u00fd Mil\u00ed\u010d<\/b> (<b data-path-to-node=\"4\" data-index-in-node=\"460\">Kis-Milic<\/b>), ktor\u00fd sa t\u00fd\u010di do nadmorskej v\u00fd\u0161ky <b data-path-to-node=\"4\" data-index-in-node=\"506\">880 metrov<\/b>.<\/p>\n<h2 data-path-to-node=\"5\"><span style=\"color: #800000;\">Ak\u00e1 je historick\u00e1 identita tohto vrchu a ak\u00e9 s\u00fa rozdiely medzi slovensk\u00fdm a ma\u010farsk\u00fdm zna\u010den\u00edm?<\/span><\/h2>\n<p data-path-to-node=\"6\">Z historick\u00e9ho h\u013eadiska je zauj\u00edmav\u00e9, \u017ee a\u017e do momentu rozpadu Rak\u00fasko-Uhorska sa tento konkr\u00e9tny bod naz\u00fdval <b data-path-to-node=\"6\" data-index-in-node=\"110\">Hermanhaz vrch<\/b> (ma\u010farsky <b data-path-to-node=\"6\" data-index-in-node=\"135\">Hermanh\u00e1z-hegy<\/b>).<\/p>\n<p data-path-to-node=\"6\">Pri pl\u00e1novan\u00ed trasy je nutn\u00e9 dba\u0165 na zv\u00fd\u0161en\u00fa opatrnos\u0165 kv\u00f4li podobn\u00fdm n\u00e1zvom: <b data-path-to-node=\"6\" data-index-in-node=\"230\">slovensk\u00fd Mal\u00fd Mili\u010d<\/b> s v\u00fd\u0161kou <b data-path-to-node=\"6\" data-index-in-node=\"260\">765,2 m n. m.<\/b> sa toti\u017e nach\u00e1dza pribli\u017ene <b data-path-to-node=\"6\" data-index-in-node=\"302\">2 kilometre vzdu\u0161nou \u010diarou<\/b> smerom na severov\u00fdchod v r\u00e1mci <a href=\"https:\/\/www.keturist.sk\/info\/npr-maly-milic\/\"><b data-path-to-node=\"6\" data-index-in-node=\"361\">NPR Mal\u00fd Mili\u010d<\/b><\/a>, zatia\u013e \u010do spom\u00ednan\u00fd <b data-path-to-node=\"6\" data-index-in-node=\"397\">ma\u010farsk\u00fd Mal\u00fd Mili\u010d<\/b> dosahuje <b data-path-to-node=\"6\" data-index-in-node=\"426\">880 m n. m.<\/b><\/p>\n<p data-path-to-node=\"6\">Ak sa nach\u00e1dzate na v\u00fdznamnom pohrani\u010dnom vrchu <a href=\"https:\/\/www.keturist.sk\/info\/vrch-velky-milic-895-m-n-m\/\"><b data-path-to-node=\"6\" data-index-in-node=\"486\">Ve\u013ek\u00fd Mili\u010d<\/b> (<b data-path-to-node=\"6\" data-index-in-node=\"499\">895 m n. m.<\/b>)<\/a>, <b data-path-to-node=\"6\" data-index-in-node=\"513\">rozh\u013ead\u0148a<\/b> je od v\u00e1s vzdialen\u00e1 zhruba <b data-path-to-node=\"6\" data-index-in-node=\"550\">600 metrov juhov\u00fdchodn\u00fdm smerom<\/b>, kam v\u00e1s dovedie zna\u010den\u00e1 <img loading=\"lazy\" decoding=\"async\" class=\"alignnone size-full wp-image-21626\" src=\"https:\/\/www.keturist.sk\/info\/wp-content\/uploads\/2013\/11\/zelena.png\" alt=\"\" width=\"20\" height=\"21\" \/> <b data-path-to-node=\"6\" data-index-in-node=\"607\">zelen\u00e1 turistick\u00e1 trasa<\/b>.<\/p>\n<h2 data-path-to-node=\"7\"><span style=\"color: #800000;\">Kto stoj\u00ed za vybudovan\u00edm tejto stavby a \u010do uvid\u00edte z jej vrcholu?<\/span><\/h2>\n<p data-path-to-node=\"8\">T\u00e1to p\u00f4sobiv\u00e1 <b data-path-to-node=\"8\" data-index-in-node=\"14\">trojpodla\u017en\u00e1 rozh\u013ead\u0148a<\/b> bola vzt\u00fd\u010den\u00e1 v roku <b data-path-to-node=\"8\" data-index-in-node=\"58\">2015<\/b>, pri\u010dom na jej kon\u0161trukciu bolo pou\u017eit\u00e9 kvalitn\u00e9 <b data-path-to-node=\"8\" data-index-in-node=\"112\">borovicov\u00e9 a dubov\u00e9 drevo<\/b>. Jej vznik bol iniciovan\u00fd na po\u010des\u0165 <b data-path-to-node=\"8\" data-index-in-node=\"174\">v\u00fdznamnej \u0161\u013eachtickej rodiny K\u00e1rolyiovcov<\/b> (<b data-path-to-node=\"8\" data-index-in-node=\"217\">K\u00e1rolyi csal\u00e1d<\/b>), ktor\u00e1 bola po dlh\u00e9 st\u00e1ro\u010dia starostliv\u00fdm vlastn\u00edkom tunaj\u0161\u00edch <b data-path-to-node=\"8\" data-index-in-node=\"296\">lesov, pol\u00ed a pri\u013eahl\u00fdch os\u00e1d<\/b>.<\/p>\n<p data-path-to-node=\"8\">Samotn\u00e1 obd\u013a\u017enikov\u00e1 stavba m\u00e1 svoju najvy\u0161\u0161iu \u00farove\u0148 situovan\u00fa vo v\u00fd\u0161ke <b data-path-to-node=\"8\" data-index-in-node=\"399\">11 metrov<\/b>. Pr\u00e1ve z tohto bodu sa n\u00e1v\u0161tevn\u00edkom za jasn\u00e9ho po\u010dasia otv\u00e1ra fascinuj\u00faci poh\u013ead na ne\u010falek\u00fd <b data-path-to-node=\"8\" data-index-in-node=\"502\">regi\u00f3n <a href=\"https:\/\/hu.wikipedia.org\/wiki\/Hegyk%C3%B6z\" target=\"_blank\" rel=\"noopener\">Hegyk\u00f6z<\/a><\/b>, takmer cel\u00fa oblas\u0165 <b data-path-to-node=\"8\" data-index-in-node=\"537\">ma\u010farsk\u00fdch Zempl\u00ednskych vrchov<\/b>, majest\u00e1tny <b data-path-to-node=\"8\" data-index-in-node=\"580\">hrad <a href=\"https:\/\/hu.wikipedia.org\/wiki\/F%C3%BCz%C3%A9ri_v%C3%A1r\" target=\"_blank\" rel=\"noopener\">F\u00fcz\u00e9r<\/a><\/b> a pri optim\u00e1lnych podmienkach je mo\u017en\u00e9 pozorova\u0165 aj vzdialen\u00fd <b data-path-to-node=\"8\" data-index-in-node=\"653\">Vihorlat<\/b>.<\/p>\n<h2 data-path-to-node=\"8\"><span style=\"color: #800000;\">Kto boli K\u00e1rolyiovci a pre\u010do patrili medzi najmocnej\u0161ie rody Uhorska?<\/span><\/h2>\n<p data-start=\"91\" data-end=\"630\">K\u00e1rolyiovci s\u00fa <strong data-start=\"106\" data-end=\"138\">star\u00fd uhorsk\u00fd \u0161\u013eachtick\u00fd rod<\/strong>, ktor\u00fd sa pova\u017euje za jeden z <strong data-start=\"169\" data-end=\"194\">najstar\u0161\u00edch v regi\u00f3ne<\/strong>, pri\u010dom jeho korene siahaj\u00fa a\u017e do <strong data-start=\"229\" data-end=\"245\">13. storo\u010dia<\/strong>. Ich hlavn\u00e9 majetky sa nach\u00e1dzali v oblasti <strong data-start=\"290\" data-end=\"302\">Szatm\u00e1ra<\/strong>, najm\u00e4 v okol\u00ed <strong data-start=\"318\" data-end=\"340\">Nagyk\u00e1roly (Carei)<\/strong>, a postupne sa vypracovali medzi <strong data-start=\"374\" data-end=\"422\">najvplyvnej\u0161ie aristokratick\u00e9 rodiny Uhorska<\/strong>. Rod sa odvodzuje od star\u00e9ho rodu <strong data-start=\"457\" data-end=\"477\">Kaplon (Kaplony)<\/strong> a v prame\u0148och sa sp\u00e1ja s obdob\u00edm <strong data-start=\"511\" data-end=\"535\">arp\u00e1dovsk\u00e9ho Uhorska<\/strong>. V <strong data-start=\"539\" data-end=\"554\">17. storo\u010d\u00ed<\/strong> z\u00edskali <strong data-start=\"563\" data-end=\"581\">bar\u00f3nsky titul<\/strong> a v roku <strong data-start=\"591\" data-end=\"599\">1712<\/strong> boli pov\u00fd\u0161en\u00ed na <strong data-start=\"617\" data-end=\"627\">gr\u00f3fov<\/strong>.<\/p>\n<p data-start=\"632\" data-end=\"948\">Najv\u00fdraznej\u0161ou osobnos\u0165ou bol <strong data-start=\"662\" data-end=\"694\">K\u00e1rolyi S\u00e1ndor (1669 \u2013 1743)<\/strong>, <strong data-start=\"696\" data-end=\"713\">kuruck\u00fd vodca<\/strong> a <strong data-start=\"716\" data-end=\"736\">vojensk\u00fd velite\u013e<\/strong>, ktor\u00fd v\u00fdrazne roz\u0161\u00edril <strong data-start=\"761\" data-end=\"779\">rodov\u00e9 majetky<\/strong> a upevnil <strong data-start=\"790\" data-end=\"811\">postavenie rodiny<\/strong>. Rodina nesk\u00f4r vlastnila <strong data-start=\"837\" data-end=\"858\">rozsiahle panstv\u00e1<\/strong>, ktor\u00e9 e\u0161te na za\u010diatku <strong data-start=\"883\" data-end=\"899\">20. storo\u010dia<\/strong> dosahovali viac ako <strong data-start=\"920\" data-end=\"945\">200 000 hekt\u00e1rov p\u00f4dy<\/strong>.<\/p>\n<p data-start=\"950\" data-end=\"1221\">Medzi \u010fal\u0161\u00edch zn\u00e1mych \u010dlenov patrili <strong data-start=\"987\" data-end=\"1005\">K\u00e1rolyi Ferenc<\/strong>, <strong data-start=\"1007\" data-end=\"1024\">K\u00e1rolyi Antal<\/strong>, <strong data-start=\"1026\" data-end=\"1044\">K\u00e1rolyi J\u00f3zsef<\/strong> a <strong data-start=\"1047\" data-end=\"1065\">K\u00e1rolyi Istv\u00e1n<\/strong>, zakladate\u013e <strong data-start=\"1078\" data-end=\"1089\">\u00dajpestu<\/strong>. Medzi najzn\u00e1mej\u0161\u00edch modern\u00fdch predstavite\u013eov patr\u00ed aj <strong data-start=\"1145\" data-end=\"1163\">Mih\u00e1ly K\u00e1rolyi<\/strong>, v\u00fdznamn\u00e1 <strong data-start=\"1174\" data-end=\"1218\">politick\u00e1 osobnos\u0165 za\u010diatku 20. storo\u010dia<\/strong>.<\/p>\n<p data-start=\"1223\" data-end=\"1637\">S rodinou s\u00fa spojen\u00e9 viacer\u00e9 <strong data-start=\"1252\" data-end=\"1274\">ka\u0161tiele a panstv\u00e1<\/strong>, napr\u00edklad <strong data-start=\"1286\" data-end=\"1324\">K\u00e1rolyiov ka\u0161tie\u013e vo F\u00fcz\u00e9rradv\u00e1nyi<\/strong> a <strong data-start=\"1327\" data-end=\"1354\">ka\u0161tie\u013e K\u00e1rolyi v Carei<\/strong>. Tieto miesta s\u00fa dnes <strong data-start=\"1377\" data-end=\"1415\">d\u00f4le\u017eit\u00fdmi historick\u00fdmi pamiatkami<\/strong> a pripom\u00ednaj\u00fa <strong data-start=\"1430\" data-end=\"1473\">architektonick\u00fd aj politick\u00fd vplyv rodu<\/strong>. Rod K\u00e1rolyiov patril medzi <strong data-start=\"1502\" data-end=\"1554\">najv\u00fdznamnej\u0161ie ma\u010farsk\u00e9 aristokratick\u00e9 dynastie<\/strong> aj preto, \u017ee sa akt\u00edvne zap\u00e1jal do <strong data-start=\"1590\" data-end=\"1634\">politiky, vojenskej slu\u017eby a mecen\u00e1\u0161stva<\/strong>.<\/p>\n<h2 data-path-to-node=\"10\"><span style=\"color: #800000;\">Objavte \u010daro Mili\u010da o\u010dami \u0161\u013eachticov<\/span><\/h2>\n<p data-path-to-node=\"11\"><em>N\u00e1v\u0161teva tejto lokality nie je len o fyzickom v\u00fdkone, ale predov\u0161etk\u00fdm o hlbokom estetickom z\u00e1\u017eitku, ktor\u00fd sp\u00e1ja dve krajiny do jedn\u00e9ho panoramatick\u00e9ho celku. Prechod cez hranicu v t\u00fdchto miestach symbolizuje spojenie pr\u00edrodn\u00e9ho bohatstva a spolo\u010dnej hist\u00f3rie, ktor\u00fa rod K\u00e1rolyi po gener\u00e1cie formoval. V\u010faka prec\u00edznemu zna\u010deniu a dostupnosti z oboch str\u00e1n hranice ide o ide\u00e1lny cie\u013e pre rodinn\u00fd v\u00fdlet aj n\u00e1ro\u010dnej\u0161iu turistiku. Bonusom je eduka\u010dn\u00fd rozmer, kde priamo v ter\u00e9ne pochop\u00edte rozdiel medzi geografick\u00fdmi n\u00e1zvami, ktor\u00e9 \u010dasto m\u00e4t\u00fa aj sk\u00fasen\u00fdch kartografov. Odmenou za v\u00fdstup v\u00e1m bude ticho karpatsk\u00fdch lesov a v\u00fdh\u013ead, ktor\u00fd sa rad\u00ed k najkraj\u0161\u00edm v celom regi\u00f3ne.<\/em><\/p>\n<h2><span style=\"color: #800000;\">Ako sa dosta\u0165 na rozh\u013ead\u0148u Karolyiovcov?<\/span><\/h2>\n<p>Dobr\u00fdmi v\u00fdchodiskami na rozh\u013ead\u0148u s\u00fa obce\u00a0 <a href=\"https:\/\/www.keturist.sk\/info\/smer-slanske-vrchy\/obec-slanska-huta\/\">Slansk\u00e1 Huta<\/a>, <a href=\"https:\/\/www.keturist.sk\/info\/smer-slanske-vrchy\/obec-skaros\/\">Sk\u00e1ro\u0161<\/a>, <a href=\"https:\/\/www.keturist.sk\/info\/smer-slanske-vrchy\/obec-slanec\/\">Slanec<\/a> a rekrea\u010dn\u00e9 <a href=\"https:\/\/www.keturist.sk\/info\/smer-slanske-vrchy\/rekreacne-stredisko-izra\/\">stredisko Izra<\/a>.<\/p>\n<h2><span style=\"color: #800000;\">Fotogal\u00e9ria<\/span><\/h2>\n<style type=\"text\/css\">\n#foogallery-gallery-75638 .fg-image { width: 200px; }<\/style>\n\t\t\t<div class=\"foogallery foogallery-container foogallery-carousel foogallery-lightbox-foogallery fg-carousel fg-ready fg-light fg-border-medium fg-round-small fg-shadow-medium fg-loading-default fg-loaded-fade-in fg-hover-semi-zoomed fg-hover-fade fg-hover-circle-plus2\" id=\"foogallery-gallery-75638\" data-foogallery=\"{&quot;panel&quot;:{&quot;buttons&quot;:{&quot;download&quot;:false}},&quot;item&quot;:{&quot;showCaptionTitle&quot;:true,&quot;showCaptionDescription&quot;:true},&quot;lazy&quot;:true,&quot;template&quot;:{&quot;maxItems&quot;:5,&quot;scale&quot;:0.11999999999999999555910790149937383830547332763671875,&quot;gutter&quot;:{&quot;min&quot;:-40,&quot;max&quot;:-20,&quot;unit&quot;:&quot;%&quot;},&quot;autoplay&quot;:{&quot;time&quot;:0,&quot;interaction&quot;:&quot;pause&quot;},&quot;centerOnClick&quot;:true,&quot;align&quot;:&quot;center&quot;,&quot;activePosition&quot;:&quot;center&quot;}}\" data-foogallery-lightbox=\"{&quot;thumbs&quot;:&quot;bottom&quot;,&quot;thumbsCaptions&quot;:false,&quot;thumbsBestFit&quot;:false,&quot;thumbsSmall&quot;:false,&quot;thumbsCaptionsAlign&quot;:&quot;default&quot;,&quot;info&quot;:&quot;bottom&quot;,&quot;infoVisible&quot;:true,&quot;infoOverlay&quot;:true,&quot;infoAlign&quot;:&quot;default&quot;,&quot;transition&quot;:&quot;fade&quot;,&quot;hoverButtons&quot;:false,&quot;fitMedia&quot;:false,&quot;noScrollbars&quot;:true,&quot;preserveButtonSpace&quot;:true,&quot;buttons&quot;:{&quot;fullscreen&quot;:true,&quot;info&quot;:true,&quot;thumbs&quot;:false,&quot;download&quot;:false},&quot;video&quot;:{&quot;autoPlay&quot;:true}}\" style=\"--fg-title-line-clamp: 1; --fg-description-line-clamp: 2;\" >\n\t<button type=\"button\" class=\"fg-carousel-prev\" title=\"Previous\"><\/button>\n\t<div class=\"fg-carousel-inner\">\n\t\t<div class=\"fg-carousel-center\"><\/div>\n\t\t<div class=\"fg-item fg-type-image fg-idle\"><figure class=\"fg-item-inner\"><a href=\"https:\/\/www.keturist.sk\/info\/wp-content\/uploads\/2019\/01\/karolovci2.jpeg\" data-caption-title=\"Ma\u010farsk\u00fd vrch Mal\u00fd Mil\u00ed\u010d (ma\u010f. Kis-Milic) \u2013 vrcholov\u00e1 \u010das\u0165\" data-caption-desc=\"Zdroj foto: Muro Miron Jesensky (www.eastern-slovakia.com)\" data-attachment-id=\"27482\" data-type=\"image\" class=\"fg-thumb\"><span class=\"fg-image-wrap\"><img decoding=\"async\" alt=\"Ma\u010farsk\u00fd vrch Mal\u00fd Mil\u00ed\u010d (ma\u010f. Kis-Milic) \u2013 vrcholov\u00e1 \u010das\u0165\" title=\"Ma\u010farsk\u00fd vrch Mal\u00fd Mil\u00ed\u010d (ma\u010f. Kis-Milic) \u2013 vrcholov\u00e1 \u010das\u0165\" width=\"200\" height=\"200\" class=\"skip-lazy fg-image\" data-src-fg=\"https:\/\/www.keturist.sk\/info\/wp-content\/uploads\/cache\/2019\/01\/karolovci2\/360207492.jpeg\" src=\"data:image\/svg+xml,%3Csvg%20xmlns%3D%22http%3A%2F%2Fwww.w3.org%2F2000%2Fsvg%22%20width%3D%22200%22%20height%3D%22200%22%20viewBox%3D%220%200%20200%20200%22%3E%3C%2Fsvg%3E\" loading=\"eager\"><\/span><span class=\"fg-image-overlay\"><\/span><\/a><figcaption class=\"fg-caption\"><div class=\"fg-caption-inner\"><div class=\"fg-caption-title\">Ma\u010farsk\u00fd vrch Mal\u00fd Mil\u00ed\u010d (ma\u010f. Kis-Milic) \u2013 vrcholov\u00e1 \u010das\u0165<\/div><div class=\"fg-caption-desc\">Zdroj foto: Muro Miron Jesensky (www.eastern-slovakia.com)<\/div><\/div><\/figcaption><\/figure><div class=\"fg-loader\"><\/div><\/div><div class=\"fg-item fg-type-image fg-idle\"><figure class=\"fg-item-inner\"><a href=\"https:\/\/www.keturist.sk\/info\/wp-content\/uploads\/2021\/07\/veza-karoli.jpg\" data-caption-title=\"Rozh\u013ead\u0148a Karolyiovcov \u2013 K\u00e1rolyi-kil\u00e1t\u00f3, Fotograf: Jozef Mare\u010dek (https:\/\/www.facebook.com\/jozef.marecek.94)\" data-caption-desc=\"Rozh\u013ead\u0148a Karolyiovcov \u2013 K\u00e1rolyi-kil\u00e1t\u00f3, Fotograf: Jozef Mare\u010dek (https:\/\/www.facebook.com\/jozef.marecek.94)\" data-attachment-id=\"40634\" data-type=\"image\" class=\"fg-thumb\"><span class=\"fg-image-wrap\"><img decoding=\"async\" alt=\"Rozh\u013ead\u0148a Karolyiovcov \u2013 K\u00e1rolyi-kil\u00e1t\u00f3\" title=\"Rozh\u013ead\u0148a Karolyiovcov \u2013 K\u00e1rolyi-kil\u00e1t\u00f3, Fotograf: Jozef Mare\u010dek (https:\/\/www.facebook.com\/jozef.marecek.94)\" width=\"200\" height=\"200\" class=\"skip-lazy fg-image\" data-src-fg=\"https:\/\/www.keturist.sk\/info\/wp-content\/uploads\/cache\/2021\/07\/veza-karoli\/1818860798.jpg\" src=\"data:image\/svg+xml,%3Csvg%20xmlns%3D%22http%3A%2F%2Fwww.w3.org%2F2000%2Fsvg%22%20width%3D%22200%22%20height%3D%22200%22%20viewBox%3D%220%200%20200%20200%22%3E%3C%2Fsvg%3E\" loading=\"eager\"><\/span><span class=\"fg-image-overlay\"><\/span><\/a><figcaption class=\"fg-caption\"><div class=\"fg-caption-inner\"><div class=\"fg-caption-title\">Rozh\u013ead\u0148a Karolyiovcov \u2013 K\u00e1rolyi-kil\u00e1t\u00f3, Fotograf: Jozef Mare\u010dek (https:\/\/www.facebook.com\/jozef.marecek.94)<\/div><div class=\"fg-caption-desc\">Rozh\u013ead\u0148a Karolyiovcov \u2013 K\u00e1rolyi-kil\u00e1t\u00f3, Fotograf: Jozef Mare\u010dek (https:\/\/www.facebook.com\/jozef.marecek.94)<\/div><\/div><\/figcaption><\/figure><div class=\"fg-loader\"><\/div><\/div><div class=\"fg-item fg-type-image fg-idle\"><figure class=\"fg-item-inner\"><a href=\"https:\/\/www.keturist.sk\/info\/wp-content\/uploads\/2020\/12\/CsakyKaroly.gif\" data-caption-title=\"Karol \u010c\u00e1ky (ma\u010f. K\u00e1roly Istv\u00e1n \u00c1gost Albin Cs\u00e1ky) (1873-1945)\" data-caption-desc=\"Karol \u010c\u00e1ky (ma\u010f. K\u00e1roly Istv\u00e1n \u00c1gost Albin Cs\u00e1ky) (1873-1945)\" data-attachment-id=\"37031\" data-type=\"image\" class=\"fg-thumb\"><span class=\"fg-image-wrap\"><img decoding=\"async\" alt=\"Karol \u010c\u00e1ky (ma\u010f. K\u00e1roly Istv\u00e1n \u00c1gost Albin Cs\u00e1ky) (1873-1945)\" title=\"Karol \u010c\u00e1ky (ma\u010f. K\u00e1roly Istv\u00e1n \u00c1gost Albin Cs\u00e1ky) (1873-1945)\" width=\"200\" height=\"200\" class=\"skip-lazy fg-image\" data-src-fg=\"https:\/\/www.keturist.sk\/info\/wp-content\/uploads\/cache\/2020\/12\/CsakyKaroly\/4119083442.png\" src=\"data:image\/svg+xml,%3Csvg%20xmlns%3D%22http%3A%2F%2Fwww.w3.org%2F2000%2Fsvg%22%20width%3D%22200%22%20height%3D%22200%22%20viewBox%3D%220%200%20200%20200%22%3E%3C%2Fsvg%3E\" loading=\"eager\"><\/span><span class=\"fg-image-overlay\"><\/span><\/a><figcaption class=\"fg-caption\"><div class=\"fg-caption-inner\"><div class=\"fg-caption-title\">Karol \u010c\u00e1ky (ma\u010f. K\u00e1roly Istv\u00e1n \u00c1gost Albin Cs\u00e1ky) (1873-1945)<\/div><div class=\"fg-caption-desc\">Karol \u010c\u00e1ky (ma\u010f. K\u00e1roly Istv\u00e1n \u00c1gost Albin Cs\u00e1ky) (1873-1945)<\/div><\/div><\/figcaption><\/figure><div class=\"fg-loader\"><\/div><\/div><div class=\"fg-item fg-type-image fg-idle\"><figure class=\"fg-item-inner\"><a href=\"https:\/\/www.keturist.sk\/info\/wp-content\/uploads\/2019\/01\/karolovci6.jpeg\" data-caption-title=\"Zdroj foto: Muro Miron Jesensky (www.eastern-slovakia.com)\" data-caption-desc=\"Zdroj foto: Muro Miron Jesensky (www.eastern-slovakia.com)\" data-attachment-id=\"27484\" data-type=\"image\" class=\"fg-thumb\"><span class=\"fg-image-wrap\"><img decoding=\"async\" alt=\"Rozh\u013ead\u0148a Karolyiovcov \u2013 v\u00fdh\u013ead z rozh\u013eadne na hrad F\u00fcz\u00e9r\" title=\"Zdroj foto: Muro Miron Jesensky (www.eastern-slovakia.com)\" width=\"200\" height=\"200\" class=\"skip-lazy fg-image\" data-src-fg=\"https:\/\/www.keturist.sk\/info\/wp-content\/uploads\/cache\/2019\/01\/karolovci6\/1484433853.jpeg\" src=\"data:image\/svg+xml,%3Csvg%20xmlns%3D%22http%3A%2F%2Fwww.w3.org%2F2000%2Fsvg%22%20width%3D%22200%22%20height%3D%22200%22%20viewBox%3D%220%200%20200%20200%22%3E%3C%2Fsvg%3E\" loading=\"eager\"><\/span><span class=\"fg-image-overlay\"><\/span><\/a><figcaption class=\"fg-caption\"><div class=\"fg-caption-inner\"><div class=\"fg-caption-title\">Zdroj foto: Muro Miron Jesensky (www.eastern-slovakia.com)<\/div><div class=\"fg-caption-desc\">Zdroj foto: Muro Miron Jesensky (www.eastern-slovakia.com)<\/div><\/div><\/figcaption><\/figure><div class=\"fg-loader\"><\/div><\/div><div class=\"fg-item fg-type-image fg-idle\"><figure class=\"fg-item-inner\"><a href=\"https:\/\/www.keturist.sk\/info\/wp-content\/uploads\/2019\/01\/karolovci5.jpeg\" data-caption-title=\"Zdroj foto: Muro Miron Jesensky (www.eastern-slovakia.com)\" data-caption-desc=\"Zdroj foto: Muro Miron Jesensky (www.eastern-slovakia.com)\" data-attachment-id=\"27483\" data-type=\"image\" class=\"fg-thumb\"><span class=\"fg-image-wrap\"><img decoding=\"async\" alt=\"Rozh\u013ead\u0148a Karolyiovcov \u2013 v\u00fdh\u013ead z rozh\u013eadne na hrad F\u00fcz\u00e9r\" title=\"Zdroj foto: Muro Miron Jesensky (www.eastern-slovakia.com)\" width=\"200\" height=\"200\" class=\"skip-lazy fg-image\" data-src-fg=\"https:\/\/www.keturist.sk\/info\/wp-content\/uploads\/cache\/2019\/01\/karolovci5\/3843354720.jpeg\" src=\"data:image\/svg+xml,%3Csvg%20xmlns%3D%22http%3A%2F%2Fwww.w3.org%2F2000%2Fsvg%22%20width%3D%22200%22%20height%3D%22200%22%20viewBox%3D%220%200%20200%20200%22%3E%3C%2Fsvg%3E\" loading=\"eager\"><\/span><span class=\"fg-image-overlay\"><\/span><\/a><figcaption class=\"fg-caption\"><div class=\"fg-caption-inner\"><div class=\"fg-caption-title\">Zdroj foto: Muro Miron Jesensky (www.eastern-slovakia.com)<\/div><div class=\"fg-caption-desc\">Zdroj foto: Muro Miron Jesensky (www.eastern-slovakia.com)<\/div><\/div><\/figcaption><\/figure><div class=\"fg-loader\"><\/div><\/div><div class=\"fg-item fg-type-image fg-idle\"><figure class=\"fg-item-inner\"><a href=\"https:\/\/www.keturist.sk\/info\/wp-content\/uploads\/2019\/01\/karolovci1-1.jpeg\" data-caption-title=\"Zdroj foto: Muro Miron Jesensky (www.eastern-slovakia.com)\" data-caption-desc=\"Zdroj foto: Muro Miron Jesensky (www.eastern-slovakia.com)\" data-attachment-id=\"27481\" data-type=\"image\" class=\"fg-thumb\"><span class=\"fg-image-wrap\"><img decoding=\"async\" alt=\"Rozh\u013ead\u0148a Karolyiovcov \u2013 K\u00e1rolyi-kil\u00e1t\u00f3\" title=\"Zdroj foto: Muro Miron Jesensky (www.eastern-slovakia.com)\" width=\"200\" height=\"200\" class=\"skip-lazy fg-image\" data-src-fg=\"https:\/\/www.keturist.sk\/info\/wp-content\/uploads\/cache\/2019\/01\/karolovci1-1\/1352145058.jpeg\" src=\"data:image\/svg+xml,%3Csvg%20xmlns%3D%22http%3A%2F%2Fwww.w3.org%2F2000%2Fsvg%22%20width%3D%22200%22%20height%3D%22200%22%20viewBox%3D%220%200%20200%20200%22%3E%3C%2Fsvg%3E\" loading=\"eager\"><\/span><span class=\"fg-image-overlay\"><\/span><\/a><figcaption class=\"fg-caption\"><div class=\"fg-caption-inner\"><div class=\"fg-caption-title\">Zdroj foto: Muro Miron Jesensky (www.eastern-slovakia.com)<\/div><div class=\"fg-caption-desc\">Zdroj foto: Muro Miron Jesensky (www.eastern-slovakia.com)<\/div><\/div><\/figcaption><\/figure><div class=\"fg-loader\"><\/div><\/div>\t<\/div>\n\t<div class=\"fg-carousel-bottom\"><\/div>\n\t<div class=\"fg-carousel-progress\"><\/div>\n\t<button type=\"button\" class=\"fg-carousel-next\" title=\"Next\"><\/button>\n<\/div>\n<h2><span style=\"color: #800000;\">Zauj\u00edmav\u00e9 odkazy<\/span><\/h2>\n<h3><span style=\"color: #808000;\">Bl\u00edzke stredisko, turistick\u00e9 centrum, obec alebo mesto: <\/span><\/h3>\n<ul>\n<li><a href=\"https:\/\/www.keturist.sk\/info\/smer-slanske-vrchy\/rekreacne-stredisko-izra\/\">Stredisko Izra (\u010d\u00edtaj viac&#8230;)<\/a><\/li>\n<\/ul>\n<ul>\n<li><a href=\"https:\/\/www.keturist.sk\/info\/smer-slanske-vrchy\/obec-skaros\/\">Obec Sk\u00e1ro\u0161 (\u010d\u00edtaj viac&#8230;)<\/a><\/li>\n<\/ul>\n<ul>\n<li><a href=\"https:\/\/www.keturist.sk\/info\/smer-slanske-vrchy\/obec-slanec\/\">Obec Slanec (\u010d\u00edtaj viac&#8230;)<\/a><\/li>\n<\/ul>\n<ul>\n<li><a href=\"https:\/\/www.keturist.sk\/info\/smer-slanske-vrchy\/obec-slanska-huta\/\">Obec Slansk\u00e1 Huta (\u010d\u00edtaj viac&#8230;)<\/a><\/li>\n<\/ul>\n<h2><span style=\"color: #800000;\">Mapy<\/span><\/h2>\n<p><strong>Vrstvy: <\/strong>Turistick\u00e1 mapa, Automapa, Cyklomapa, Ly\u017eiarska mapa, Satelitn\u00e1 mapa a OpenStreetMap.<\/p>\n<p><strong>Kliknut\u00edm na logo &#8222;Freemap.sk&#8220; sa V\u00e1m mapa zobraz\u00ed na celej ploche obrazovky.<\/strong><\/p>\n<p><iframe style=\"width: 900px; height: 500px; border: 0;\" src=\"https:\/\/www.freemap.sk\/?map=15\/48.573668\/21.460623&amp;info-point=48.573668\/21.460623,Rozh\u013ead\u0148a Karolyiovcov&amp;layers=X&amp;embed=search\" allowfullscreen=\"allowfullscreen\"><span data-mce-type=\"bookmark\" style=\"display: inline-block; width: 0px; overflow: hidden; line-height: 0;\" class=\"mce_SELRES_start\">\ufeff<\/span><\/iframe><\/p>\n<h2><span style=\"color: #800000;\">Po\u010dasie<\/span><\/h2>\n<p><iframe style=\"width: 900px; height: 615px;\" src=\"https:\/\/www.meteoblue.com\/sk\/po%C4%8Dasie\/widget\/three\/48.577N21.464E803_Europe%2FBratislava?geoloc=fixed&amp;nocurrent=0&amp;noforecast=0&amp;days=5&amp;tempunit=CELSIUS&amp;windunit=KILOMETER_PER_HOUR&amp;layout=image\" frameborder=\"0\" scrolling=\"NO\" sandbox=\"allow-same-origin allow-scripts allow-popups allow-popups-to-escape-sandbox\"><\/iframe><\/p>\n<div><!-- DO NOT REMOVE THIS LINK --><a href=\"https:\/\/www.meteoblue.com\/sk\/po%C4%8Dasie\/predpove%C4%8F\/t%C3%BD%C5%BEde%C5%88\/48.577N21.464E803_Europe%2FBratislava?utm_source=weather_widget&amp;utm_medium=linkus&amp;utm_content=three&amp;utm_campaign=Weather%2BWidget\" target=\"_blank\" rel=\"noopener noreferrer\">meteoblue<\/a><\/div>\n<p>&nbsp;<\/p>\n","protected":false},"excerpt":{"rendered":"<p>Lokaliz\u00e1cia: Slansk\u00e9 vrchy Pre\u010do je Rozh\u013ead\u0148a Karolyiovcov najlep\u0161\u00edm tajn\u00fdm tipom pre milovn\u00edkov panor\u00e1m v pohrani\u010d\u00ed? H\u013ead\u00e1te miesto, kde sa hist\u00f3ria \u0161\u013eachtick\u00fdch rodov stret\u00e1va s dychber\u00facim v\u00fdh\u013eadom na slovensko-ma\u010farsk\u00e9 pomedzie? Rozh\u013ead\u0148a [&hellip;]<\/p>\n","protected":false},"author":1,"featured_media":27481,"parent":0,"menu_order":0,"comment_status":"closed","ping_status":"closed","template":"","meta":{"_uag_custom_page_level_css":"","_monsterinsights_skip_tracking":false,"_monsterinsights_sitenote_active":false,"_monsterinsights_sitenote_note":"","_monsterinsights_sitenote_category":0,"footnotes":""},"class_list":["post-27373","page","type-page","status-publish","has-post-thumbnail","hentry"],"featured_image_src":"https:\/\/www.keturist.sk\/info\/wp-content\/uploads\/2019\/01\/karolovci1-1.jpeg","featured_image_src_square":"https:\/\/www.keturist.sk\/info\/wp-content\/uploads\/2019\/01\/karolovci1-1.jpeg","rbea_author_info":{"display_name":"admin","author_link":"https:\/\/www.keturist.sk\/info\/author\/admin\/"},"rbea_excerpt_info":"Lokaliz\u00e1cia: Slansk\u00e9 vrchy Pre\u010do je Rozh\u013ead\u0148a Karolyiovcov najlep\u0161\u00edm tajn\u00fdm tipom pre milovn\u00edkov panor\u00e1m v pohrani\u010d\u00ed? H\u013ead\u00e1te miesto, kde sa hist\u00f3ria \u0161\u013eachtick\u00fdch rodov stret\u00e1va s dychber\u00facim v\u00fdh\u013eadom na slovensko-ma\u010farsk\u00e9 pomedzie? Rozh\u013ead\u0148a [&hellip;]","uagb_featured_image_src":{"full":["https:\/\/www.keturist.sk\/info\/wp-content\/uploads\/2019\/01\/karolovci1-1.jpeg",868,577,false],"thumbnail":["https:\/\/www.keturist.sk\/info\/wp-content\/uploads\/2019\/01\/karolovci1-1-270x180.jpeg",270,180,true],"medium":["https:\/\/www.keturist.sk\/info\/wp-content\/uploads\/2019\/01\/karolovci1-1-800x532.jpeg",800,532,true],"medium_large":["https:\/\/www.keturist.sk\/info\/wp-content\/uploads\/2019\/01\/karolovci1-1-768x511.jpeg",768,511,true],"large":["https:\/\/www.keturist.sk\/info\/wp-content\/uploads\/2019\/01\/karolovci1-1.jpeg",868,577,false],"1536x1536":["https:\/\/www.keturist.sk\/info\/wp-content\/uploads\/2019\/01\/karolovci1-1.jpeg",868,577,false],"2048x2048":["https:\/\/www.keturist.sk\/info\/wp-content\/uploads\/2019\/01\/karolovci1-1.jpeg",868,577,false]},"uagb_author_info":{"display_name":"admin","author_link":"https:\/\/www.keturist.sk\/info\/author\/admin\/"},"uagb_comment_info":0,"uagb_excerpt":"Lokaliz\u00e1cia: Slansk\u00e9 vrchy Pre\u010do je Rozh\u013ead\u0148a Karolyiovcov najlep\u0161\u00edm tajn\u00fdm tipom pre milovn\u00edkov panor\u00e1m v pohrani\u010d\u00ed? H\u013ead\u00e1te miesto, kde sa hist\u00f3ria \u0161\u013eachtick\u00fdch rodov stret\u00e1va s dychber\u00facim v\u00fdh\u013eadom na slovensko-ma\u010farsk\u00e9 pomedzie? Rozh\u013ead\u0148a [&hellip;]","_links":{"self":[{"href":"https:\/\/www.keturist.sk\/info\/wp-json\/wp\/v2\/pages\/27373","targetHints":{"allow":["GET"]}}],"collection":[{"href":"https:\/\/www.keturist.sk\/info\/wp-json\/wp\/v2\/pages"}],"about":[{"href":"https:\/\/www.keturist.sk\/info\/wp-json\/wp\/v2\/types\/page"}],"author":[{"embeddable":true,"href":"https:\/\/www.keturist.sk\/info\/wp-json\/wp\/v2\/users\/1"}],"replies":[{"embeddable":true,"href":"https:\/\/www.keturist.sk\/info\/wp-json\/wp\/v2\/comments?post=27373"}],"version-history":[{"count":9,"href":"https:\/\/www.keturist.sk\/info\/wp-json\/wp\/v2\/pages\/27373\/revisions"}],"predecessor-version":[{"id":75641,"href":"https:\/\/www.keturist.sk\/info\/wp-json\/wp\/v2\/pages\/27373\/revisions\/75641"}],"wp:featuredmedia":[{"embeddable":true,"href":"https:\/\/www.keturist.sk\/info\/wp-json\/wp\/v2\/media\/27481"}],"wp:attachment":[{"href":"https:\/\/www.keturist.sk\/info\/wp-json\/wp\/v2\/media?parent=27373"}],"curies":[{"name":"wp","href":"https:\/\/api.w.org\/{rel}","templated":true}]}}