{"id":26021,"date":"2018-08-16T20:10:14","date_gmt":"2018-08-16T18:10:14","guid":{"rendered":"https:\/\/www.keturist.sk\/info\/?page_id=26021"},"modified":"2026-01-27T07:51:52","modified_gmt":"2026-01-27T06:51:52","slug":"lovecky-zamocek-grofa-forgaca","status":"publish","type":"page","link":"https:\/\/www.keturist.sk\/info\/kam-za-pamiatkami\/kam-za-pamiatkami-smer-slanske-vrchy\/lovecky-zamocek-grofa-forgaca\/","title":{"rendered":"Loveck\u00fd z\u00e1mo\u010dek gr\u00f3fa Forg\u00e1\u010da (Kerekhegyi) &#8211; zaniknut\u00fd"},"content":{"rendered":"<a href=\"https:\/\/www.keturist.sk\/info\/\" class=\"su-button su-button-style-default\" style=\"color:#000000;background-color:#FFCF2F;border-color:#cca626;border-radius:5px\" target=\"_self\"><span style=\"color:#000000;padding:6px 16px;font-size:13px;line-height:20px;border-color:#ffde6e;border-radius:5px;text-shadow:none\"><i class=\"sui sui-arrow-right\" style=\"font-size:13px;color:#000000\"><\/i>  Spravodaj <\/span><\/a>\n<a href=\"https:\/\/www.keturist.sk\/info\/kam-za-pamiatkami\/\" class=\"su-button su-button-style-default\" style=\"color:#000000;background-color:#FFCF2F;border-color:#cca626;border-radius:5px\" target=\"_self\"><span style=\"color:#000000;padding:6px 16px;font-size:13px;line-height:20px;border-color:#ffde6e;border-radius:5px;text-shadow:none\"><i class=\"sui sui-arrow-right\" style=\"font-size:13px;color:#000000\"><\/i>  Kam za pamiatkami <\/span><\/a>\n<a href=\"https:\/\/www.keturist.sk\/info\/kam-za-pamiatkami\/kam-za-pamiatkami-smer-slanske-vrchy\/\" class=\"su-button su-button-style-default\" style=\"color:#000000;background-color:#FFCF2F;border-color:#cca626;border-radius:5px\" target=\"_self\"><span style=\"color:#000000;padding:6px 16px;font-size:13px;line-height:20px;border-color:#ffde6e;border-radius:5px;text-shadow:none\"><i class=\"sui sui-arrow-right\" style=\"font-size:13px;color:#000000\"><\/i>  smer Slansk\u00e9 vrchy <\/span><\/a>\n<div class=\"su-divider su-divider-style-default\" style=\"margin:15px 0;border-width:0px;border-color:#000000\"><\/div>\n<strong>Podkateg\u00f3ria:<\/strong> <span style=\"color: #ff0000;\"><strong>Hrady a ka\u0161tiele<\/strong><\/span><\/p>\n<p><strong>Lokaliz\u00e1cia: <\/strong><a href=\"https:\/\/www.keturist.sk\/info\/okolite-hory\/slanske-vrchy\/\">Slansk\u00e9 vrchy<\/a><br \/>\n<div class=\"su-divider su-divider-style-default\" style=\"margin:15px 0;border-width:2px;border-color:#000000\"><\/div>\n<figure id=\"attachment_72444\" aria-describedby=\"caption-attachment-72444\" style=\"width: 900px\" class=\"wp-caption aligncenter\"><a href=\"https:\/\/www.keturist.sk\/info\/wp-content\/uploads\/2025\/12\/lovecky-zamocek-Forgac.png\"><img loading=\"lazy\" decoding=\"async\" class=\"wp-image-72444\" src=\"https:\/\/www.keturist.sk\/info\/wp-content\/uploads\/2025\/12\/lovecky-zamocek-Forgac-800x457.png\" alt=\"Loveck\u00fd z\u00e1mo\u010dek gr\u00f3fa Forg\u00e1\u010da (Kerekhegyi)\" width=\"900\" height=\"514\" srcset=\"https:\/\/www.keturist.sk\/info\/wp-content\/uploads\/2025\/12\/lovecky-zamocek-Forgac-800x457.png 800w, https:\/\/www.keturist.sk\/info\/wp-content\/uploads\/2025\/12\/lovecky-zamocek-Forgac-270x154.png 270w, https:\/\/www.keturist.sk\/info\/wp-content\/uploads\/2025\/12\/lovecky-zamocek-Forgac-768x439.png 768w, https:\/\/www.keturist.sk\/info\/wp-content\/uploads\/2025\/12\/lovecky-zamocek-Forgac.png 1344w\" sizes=\"auto, (max-width: 900px) 100vw, 900px\" \/><\/a><figcaption id=\"caption-attachment-72444\" class=\"wp-caption-text\">Loveck\u00fd z\u00e1mo\u010dek gr\u00f3fa Forg\u00e1\u010da (Kerekhegyi)<\/figcaption><\/figure>\n<div class=\"su-divider su-divider-style-default\" style=\"margin:15px 0;border-width:2px;border-color:#000000\"><\/div>\n<h2 data-start=\"198\" data-end=\"233\"><span style=\"color: #800000;\">Pr\u00edbeh gr\u00f3fa, ktor\u00fd h\u013eadal pokoj<\/span><\/h2>\n<p data-start=\"235\" data-end=\"370\">Hovor\u00ed sa, \u017ee ka\u017ed\u00fd \u010dlovek m\u00e1 miesto, kam sa vracia, ke\u010f chce zosta\u0165 s\u00e1m so sebou. Pre <strong data-start=\"324\" data-end=\"349\">gr\u00f3fa \u0160tefana Forg\u00e1\u010da<\/strong> to bol Okr\u00fahly vrch.<\/p>\n<p data-start=\"372\" data-end=\"719\">Ke\u010f opustil doliny a cesty ved\u00face k dedin\u00e1m a vyst\u00fapal vy\u0161\u0161ie do lesa, svet akoby spomalil. Na tomto mieste, vysoko nad Slan\u010d\u00edkom, si dal postavi\u0165 svoj loveck\u00fd z\u00e1mo\u010dek \u2013 nie preto, aby ohromoval, ale aby <strong data-start=\"576\" data-end=\"598\">unikol hluku sveta<\/strong>. Prich\u00e1dzal sem v \u010dasoch, ke\u010f potreboval ticho, \u010derstv\u00fd vzduch a poh\u013ead na lesy, ktor\u00e9 sa nemenili tak r\u00fdchlo ako \u013eudia.<\/p>\n<p data-start=\"721\" data-end=\"1019\">R\u00e1no tu b\u00fdvalo in\u00e9. Hmla sa dv\u00edhala z dol\u00edn, vt\u00e1ky preru\u0161ovali ticho a gr\u00f3f vych\u00e1dzal na terasu s poh\u00e1rom tepl\u00e9ho \u010daju. Niekedy sa vybral na po\u013eova\u010dku, inokedy len kr\u00e1\u010dal lesom bez cie\u013ea. Poznal tieto miesta d\u00f4verne. Stromy, chodn\u00edky aj vyhliadky pre neho neboli len kulisou \u2013 boli <strong data-start=\"1003\" data-end=\"1018\">spolo\u010dn\u00edkmi<\/strong>.<\/p>\n<p data-start=\"1021\" data-end=\"1267\">Z\u00e1mo\u010dek \u017eil najm\u00e4 v lete. Prich\u00e1dzali hostia, rozpr\u00e1valo sa, smialo, ve\u010der sa sedelo dlho do noci. No v\u017edy, ke\u010f hostia odi\u0161li a les znovu st\u00edchol, Okr\u00fahly vrch patril len jemu. Mo\u017eno pr\u00e1ve preto si prial, aby tu raz na\u0161iel aj svoj posledn\u00fd pokoj.<\/p>\n<p data-start=\"1269\" data-end=\"1562\">Ke\u010f gr\u00f3f Forg\u00e1\u010d zomrel, svet sa pohol \u010falej. Z\u00e1mo\u010dek e\u0161te roky st\u00e1l, no bez \u010dloveka, ktor\u00fd mu d\u00e1val zmysel. Vojna ho pripravila o vn\u00fatro, \u010das o kr\u00e1su a \u013eudia ho napokon pripravili o samotn\u00fa existenciu. V jednom okamihu zmizol takmer \u00faplne \u2013 akoby si les vzal sp\u00e4\u0165 to, \u010do mu kedysi len po\u017ei\u010dal.<\/p>\n<p data-start=\"1564\" data-end=\"1781\">Dnes na Okr\u00fahlom vrchu nen\u00e1jde\u0161 z\u00e1mo\u010dek. N\u00e1jde\u0161 <strong data-start=\"1612\" data-end=\"1621\">stopy<\/strong>. Kamene v tr\u00e1ve, z\u00e1klady pod l\u00edst\u00edm, ticho, ktor\u00e9 tu nie je pr\u00e1zdne. Ne\u010faleko odpo\u010d\u00edva gr\u00f3f Forg\u00e1\u010d, pochovan\u00fd pod\u013ea svojej v\u00f4le bl\u00edzko miesta, kde bol \u0161\u0165astn\u00fd.<\/p>\n<p data-start=\"1783\" data-end=\"1937\">Sta\u010d\u00ed sa tu na chv\u00ed\u013eu zastavi\u0165 a \u010dlovek pochop\u00ed, pre\u010do si gr\u00f3f vybral pr\u00e1ve tento vrch a pre\u010do niektor\u00e9 miesta \u017eij\u00fa \u010falej, hoci ich stavby u\u017e patria minulosti.<\/p>\n<p data-start=\"1939\" data-end=\"2057\">Okr\u00fahly vrch nie je len cie\u013e t\u00fary. Je to <strong data-start=\"1982\" data-end=\"2056\">pr\u00edbeh o pokoji, ktor\u00fd si \u010dlovek nos\u00ed v sebe \u2013 a ob\u010das ho n\u00e1jde v lese<\/strong>.<\/p>\n<h2 class=\"ds-markdown-paragraph\"><span style=\"color: #800000;\">Ako sa volal a kde presne st\u00e1l Loveck\u00fd z\u00e1mo\u010dek gr\u00f3fa Forg\u00e1\u010da?<\/span><\/h2>\n<p class=\"ds-markdown-paragraph\">Loveck\u00fd z\u00e1mo\u010dek gr\u00f3fa Forg\u00e1\u010da, zn\u00e1my aj pod ma\u010farsk\u00fdm n\u00e1zvom Kerekhegyi vad\u00e1szlak, sa nach\u00e1dzal v <strong>Slansk\u00fdch vrchoch<\/strong>. Konkr\u00e9tne st\u00e1l na mieste zvanom\u00a0<a href=\"https:\/\/www.keturist.sk\/info\/okruhly-vrch-680-m-n-m\/\">Okr\u00fahly vrch<\/a>\u00a0(vo v\u00fd\u0161ke 680 m n.m.), severov\u00fdchodne od obce\u00a0<strong>Slan\u010d\u00edk<\/strong>. Po druhej svetovej vojne sa pre objekt pou\u017e\u00edval aj n\u00e1zov\u00a0<strong>Loveck\u00fd z\u00e1mok na Okr\u00fahlom vrchu<\/strong>.<\/p>\n<h2 class=\"ds-markdown-paragraph\"><span style=\"color: #800000;\">Kto a pre\u010do Loveck\u00fd z\u00e1mo\u010dek gr\u00f3fa Forg\u00e1\u010da postavil?<\/span><\/h2>\n<p class=\"ds-markdown-paragraph\">Z\u00e1mo\u010dek dal postavi\u0165 v roku 1880 <strong>Gr\u00f3f \u0160tefan Forg\u00e1\u010d (1854 \u2013 1916) (ma\u010f. Istv\u00e1n Mikl\u00f3s Forg\u00e1ch de Ghymes et G\u00e1cs)<\/strong>\u00a0ako svoje\u00a0<strong>loveck\u00e9 s\u00eddlo a letovisko<\/strong>. Stavbu realizoval po smrti svojho otca,\u00a0<strong>gr\u00f3fa K\u00e1lm\u00e1na Forg\u00e1\u010da<\/strong>\u00a0(1824-1878).<\/p>\n<h2 class=\"ds-markdown-paragraph\"><span style=\"color: #800000;\">Ako vyzeral a ak\u00fd bol architektonick\u00fd \u0161t\u00fdl Loveck\u00e9ho z\u00e1mo\u010dku gr\u00f3fa Forg\u00e1\u010da?<\/span><\/h2>\n<p class=\"ds-markdown-paragraph\">I\u0161lo o jednopodla\u017en\u00fd <strong>loveck\u00fd ka\u0161tie\u013e<\/strong>\u00a0s pozd\u013a\u017enou terasou, postaven\u00fd v duchu\u00a0<strong>eklekticizmu<\/strong>. Jeho architekt\u00fara kombinovala najm\u00e4\u00a0<strong>barokov\u00e9, renesan\u00e9, gotick\u00e9 a rom\u00e1nske prvky<\/strong>. Dominantou\u00a0<strong>murovanej stavby<\/strong>\u00a0bola dvojposchodov\u00e1\u00a0<strong>neorom\u00e1nska vyhliadkov\u00e1 ve\u017ea<\/strong>\u00a0s dreven\u00fdm\u00a0<strong>neogotick\u00fdm balk\u00f3nikom<\/strong>\u00a0na prvom poschod\u00ed. Ve\u017eu ukon\u010dovalo\u00a0<strong>cimburie<\/strong>\u00a0so z\u00fa\u017een\u00fdmi medzerami a roz\u0161\u00edren\u00fdmi zubami.<\/p>\n<p class=\"ds-markdown-paragraph\">Vpredu aj vzadu na \u013eavej strane sa nach\u00e1dzali\u00a0<strong>rizality<\/strong>\u00a0s ostr\u00fdmi trojuholn\u00edkov\u00fdmi \u0161t\u00edtmi, pri\u010dom predn\u00fd obsahoval hlavn\u00fd vstup a zadn\u00fd vchod pre person\u00e1l.<\/p>\n<p class=\"ds-markdown-paragraph\"><strong>Okn\u00e1<\/strong>\u00a0v pr\u00edzem\u00ed boly zdoben\u00e9\u00a0<strong>nadokenn\u00fdmi r\u00edmsami, \u0161ambr\u00e1nami a podokenn\u00fdmi r\u00edmsami<\/strong>.\u00a0<strong>Hlavn\u00fd vstup<\/strong>\u00a0bol or\u00e1movan\u00fd \u0161ambr\u00e1nou a ukon\u010den\u00fd\u00a0<strong>\u0161t\u00edtovym front\u00f3nom<\/strong>\u00a0v tvare rovnoramenn\u00e9ho trojuholn\u00edka.<\/p>\n<h2 class=\"ds-markdown-paragraph\"><span style=\"color: #800000;\">Ak\u00fd bol osud Loveck\u00e9ho z\u00e1mo\u010dku gr\u00f3fa Forg\u00e1\u010da v 20. storo\u010d\u00ed?<\/span><\/h2>\n<p class=\"ds-markdown-paragraph\">Po smrti gr\u00f3fa \u0160tefana Forg\u00e1\u010da bol <strong>z\u00e1mo\u010dek udr\u017eiavan\u00fd<\/strong> a\u017e do konca druhej svetovej vojny. V rokoch 1944-45 bol v\u0161ak jeho <strong>interi\u00e9r rozkradnut\u00fd<\/strong>\u00a0a po roku 1948 za\u010dal\u00a0<strong>ka\u0161tie\u013e ch\u00e1tra\u0165<\/strong>.<\/p>\n<p class=\"ds-markdown-paragraph\">K definit\u00edvnej a\u00a0<strong>barbarskej de\u0161trukcii<\/strong>\u00a0do\u0161lo v roku 1985, kedy bol objekt\u00a0<strong>vyhoden\u00fd do vzduchu<\/strong>\u00a0pre \u00fadajne ohrozovanie turistov.<\/p>\n<p class=\"ds-markdown-paragraph\">Hoci bol v tom \u010dase u\u017e pomerne\u00a0<strong>sch\u00e1tran\u00fd<\/strong>, nebol v takom stave, ktor\u00fd by si vy\u017eadoval jeho tot\u00e1lne odstr\u00e1nenie. Dnes tak na mieste ostali u\u017e len\u00a0<strong>ruiny<\/strong>, roztr\u00fasen\u00e9\u00a0<strong>zvy\u0161ky teh\u00e1l<\/strong>, \u010das\u0165\u00a0<strong>z\u00e1kladov<\/strong>\u00a0a pozostatky\u00a0<strong>dreven\u00fdch tr\u00e1mov<\/strong>.<\/p>\n<h2 class=\"ds-markdown-paragraph\"><span style=\"color: #800000;\">\u010co sa stalo s hrobkou gr\u00f3fa Forg\u00e1\u010da?<\/span><\/h2>\n<p class=\"ds-markdown-paragraph\">Pod\u013ea svojej poslednej v\u00f4le bol gr\u00f3f pochovan\u00fd do <strong>hrobky<\/strong>\u00a0ne\u010faleko svojho\u00a0<strong>loveck\u00e9ho ka\u0161tie\u013ea<\/strong>. Po\u010das socializmu bola t\u00e1to\u00a0<strong>hrobka vandalmi zneucten\u00e1 a po\u0161koden\u00e1<\/strong>. V roku 2016 bola upraven\u00e1 a umiestnili tam aj\u00a0<strong>dreven\u00fd kr\u00ed\u017e<\/strong>.<\/p>\n<h2 class=\"ds-markdown-paragraph\"><span style=\"color: #800000;\">\u010co n\u00e1jdu n\u00e1v\u0161tevn\u00edci na Okr\u00fahlom vrchu dnes?<\/span><\/h2>\n<p class=\"ds-markdown-paragraph\">V s\u00fa\u010dasnosti je na <strong>Okr\u00fahlom vrchu<\/strong>\u00a0pre turistov odhalen\u00e1\u00a0<strong>trojjazy\u010dn\u00e1 informa\u010dn\u00e1 tabu\u013ea<\/strong>. T\u00e1to\u00a0<strong>tabu\u013ea<\/strong>\u00a0poskytuje\u00a0<strong>n\u00e1v\u0161tevn\u00edkom<\/strong>\u00a0v\u0161etky d\u00f4le\u017eit\u00e9 inform\u00e1cie o\u00a0<strong>spom\u00ednanom gr\u00f3fovi<\/strong>\u00a0a hist\u00f3rii jeho\u00a0<strong>straten\u00e9ho loveck\u00e9ho z\u00e1mo\u010dku<\/strong>.<\/p>\n<h2><span style=\"color: #800000;\">Ako sa dosta\u0165 na Okr\u00fahly vrch?<\/span><\/h2>\n<p>Dobr\u00fdm v\u00fdchodiskom ku ruin\u00e1m b\u00fdval\u00e9ho loveck\u00e9ho z\u00e1mo\u010dku je\u00a0r\u00e1zcestn\u00edk\u00a0<strong>Regeta h\u00e1jov\u0148a (340 m n.m.)<\/strong>\u00a0.<\/p>\n<p>Tu sa v minulosti nach\u00e1dzala obec Regeta, ktor\u00e1 bola zalo\u017een\u00e1 koncom 13. storo\u010dia.<\/p>\n<p>V 14. a 15. storo\u010d\u00ed bola m\u00fdtnou obcou.<\/p>\n<p>Koncom 17. storo\u010dia je u\u017e obec \u013eudopr\u00e1zdna a jej posledn\u00ed obyvatelia sa pres\u00eddlili do <a href=\"https:\/\/www.keturist.sk\/info\/turisticke-vychodiska\/smer-slanske-vrchy\/obec-ruskov\/\">Ruskova<\/a>.<\/p>\n<p>Dnes sa na mieste p\u00f4vodnej obce Regeta nach\u00e1dza samota rovnak\u00e9ho n\u00e1zvu, kde sa pod star\u00fdmi dubmi nach\u00e1dza hor\u00e1re\u0148.<\/p>\n<p>Od r\u00e1zcestn\u00edka\u00a0<strong>Regeta h\u00e1jov\u0148a (340 m n.m.)<\/strong>\u00a0pokra\u010duje\u00a0<img loading=\"lazy\" decoding=\"async\" class=\"alignnone wp-image-21433 size-full\" src=\"https:\/\/www.keturist.sk\/info\/wp-content\/uploads\/2013\/11\/cervena-1.png\" alt=\"\" width=\"20\" height=\"21\" \/>\u00a0\u010derven\u00e1 turistick\u00e1 zna\u010dka smerom r\u00e1zcestn\u00edku\u00a0<strong>\u010crepn\u00edk, chata h\u00e1jov\u0148a (453 m n.m.)<\/strong>.<\/p>\n<p>Celkov\u00fd \u010das k r\u00e1zcestn\u00edku\u00a0<strong>\u010crepn\u00edk, chata h\u00e1jov\u0148a (453 m n.m.)<\/strong>\u00a0 trv\u00e1 pribli\u017ene 1:00 h (nasp\u00e4\u0165 0:55 h).<\/p>\n<p>Odtia\u0165 treba pokra\u010dova\u0165 po\u00a0\u00a0<img loading=\"lazy\" decoding=\"async\" class=\"alignnone wp-image-21433 size-full\" src=\"https:\/\/www.keturist.sk\/info\/wp-content\/uploads\/2013\/11\/cervena-1.png\" alt=\"\" width=\"20\" height=\"21\" \/>\u00a0\u010dervenej turistickej zna\u010dke a\u017e ku\u00a0\u00a0r\u00e1zcestn\u00edku\u00a0<strong>Okr\u00fahly vrch (680 m n.n.)<\/strong>.<\/p>\n<p>Celkov\u00fd \u010das k r\u00e1zcestn\u00edku\u00a0<strong>Okr\u00fahly vrch (680 m n.n.)<\/strong>\u00a0\u00a0trv\u00e1 pribli\u017ene 0:45 h (nasp\u00e4\u0165 0:50 h).<\/p>\n<h2><span style=\"color: #800000;\">Fotogal\u00e9ria<\/span><\/h2>\n<style type=\"text\/css\">\n#foogallery-gallery-72442 .fg-image { width: 200px; }<\/style>\n\t\t\t<div class=\"foogallery foogallery-container foogallery-carousel foogallery-lightbox-foogallery fg-carousel fg-ready fg-light fg-border-medium fg-round-small fg-shadow-medium fg-loading-default fg-loaded-fade-in fg-hover-semi-zoomed fg-hover-fade fg-hover-circle-plus2\" id=\"foogallery-gallery-72442\" data-foogallery=\"{&quot;item&quot;:{&quot;showCaptionTitle&quot;:true,&quot;showCaptionDescription&quot;:true},&quot;lazy&quot;:true,&quot;template&quot;:{&quot;maxItems&quot;:5,&quot;scale&quot;:0.11999999999999999555910790149937383830547332763671875,&quot;gutter&quot;:{&quot;min&quot;:-40,&quot;max&quot;:-20,&quot;unit&quot;:&quot;%&quot;},&quot;autoplay&quot;:{&quot;time&quot;:0,&quot;interaction&quot;:&quot;pause&quot;},&quot;centerOnClick&quot;:true,&quot;align&quot;:&quot;center&quot;,&quot;activePosition&quot;:&quot;center&quot;}}\" data-foogallery-lightbox=\"{&quot;thumbs&quot;:&quot;bottom&quot;,&quot;thumbsCaptions&quot;:false,&quot;thumbsBestFit&quot;:false,&quot;thumbsSmall&quot;:false,&quot;thumbsCaptionsAlign&quot;:&quot;default&quot;,&quot;info&quot;:&quot;bottom&quot;,&quot;infoVisible&quot;:true,&quot;infoOverlay&quot;:true,&quot;infoAlign&quot;:&quot;default&quot;,&quot;transition&quot;:&quot;fade&quot;,&quot;hoverButtons&quot;:false,&quot;fitMedia&quot;:false,&quot;noScrollbars&quot;:true,&quot;preserveButtonSpace&quot;:true,&quot;buttons&quot;:{&quot;fullscreen&quot;:true,&quot;info&quot;:true,&quot;thumbs&quot;:false},&quot;video&quot;:{&quot;autoPlay&quot;:true}}\" style=\"--fg-title-line-clamp: 1; --fg-description-line-clamp: 2;\" >\n\t<button type=\"button\" class=\"fg-carousel-prev\" title=\"Previous\"><\/button>\n\t<div class=\"fg-carousel-inner\">\n\t\t<div class=\"fg-carousel-center\"><\/div>\n\t\t<div class=\"fg-item fg-type-image fg-idle\"><figure class=\"fg-item-inner\"><a href=\"https:\/\/www.keturist.sk\/info\/wp-content\/uploads\/2018\/12\/okruhly-vrch3.jpg\" data-caption-title=\"Okr\u00fahly vrch (680 m n.n.)\" data-caption-desc=\"Hrobka gr\u00f3fa \u0160tefana Forg\u00e1\u010da. Fotograf: Ondrej Liker\" data-attachment-id=\"27044\" data-type=\"image\" class=\"fg-thumb\"><span class=\"fg-image-wrap\"><img decoding=\"async\" alt=\"Okr\u00fahly vrch (680 m n.n.)\" title=\"Okr\u00fahly vrch (680 m n.n.)\" width=\"200\" height=\"200\" class=\"skip-lazy fg-image\" data-src-fg=\"https:\/\/www.keturist.sk\/info\/wp-content\/uploads\/cache\/2018\/12\/okruhly-vrch3\/579634969.jpg\" src=\"data:image\/svg+xml,%3Csvg%20xmlns%3D%22http%3A%2F%2Fwww.w3.org%2F2000%2Fsvg%22%20width%3D%22200%22%20height%3D%22200%22%20viewBox%3D%220%200%20200%20200%22%3E%3C%2Fsvg%3E\" loading=\"eager\"><\/span><span class=\"fg-image-overlay\"><\/span><\/a><figcaption class=\"fg-caption\"><div class=\"fg-caption-inner\"><div class=\"fg-caption-title\">Okr\u00fahly vrch (680 m n.n.)<\/div><div class=\"fg-caption-desc\">Hrobka gr\u00f3fa \u0160tefana Forg\u00e1\u010da. Fotograf: Ondrej Liker<\/div><\/div><\/figcaption><\/figure><div class=\"fg-loader\"><\/div><\/div><div class=\"fg-item fg-type-image fg-idle\"><figure class=\"fg-item-inner\"><a href=\"https:\/\/www.keturist.sk\/info\/wp-content\/uploads\/2018\/12\/okruhly-vrch1.jpg\" data-caption-title=\"Okr\u00fahly vrch (680 m n.n.)\" data-caption-desc=\"r\u00e1zcestn\u00edk Okr\u00fahly vrch (680 m n.m.) a informa\u010dn\u00e1 tabu\u013ea. Fotograf: Ondrej Liker\" data-attachment-id=\"27042\" data-type=\"image\" class=\"fg-thumb\"><span class=\"fg-image-wrap\"><img decoding=\"async\" alt=\"Okr\u00fahly vrch (680 m n.n.)\" title=\"Okr\u00fahly vrch (680 m n.n.)\" width=\"200\" height=\"200\" class=\"skip-lazy fg-image\" data-src-fg=\"https:\/\/www.keturist.sk\/info\/wp-content\/uploads\/cache\/2018\/12\/okruhly-vrch1\/2931965087.jpg\" src=\"data:image\/svg+xml,%3Csvg%20xmlns%3D%22http%3A%2F%2Fwww.w3.org%2F2000%2Fsvg%22%20width%3D%22200%22%20height%3D%22200%22%20viewBox%3D%220%200%20200%20200%22%3E%3C%2Fsvg%3E\" loading=\"eager\"><\/span><span class=\"fg-image-overlay\"><\/span><\/a><figcaption class=\"fg-caption\"><div class=\"fg-caption-inner\"><div class=\"fg-caption-title\">Okr\u00fahly vrch (680 m n.n.)<\/div><div class=\"fg-caption-desc\">r\u00e1zcestn\u00edk Okr\u00fahly vrch (680 m n.m.) a informa\u010dn\u00e1 tabu\u013ea. Fotograf: Ondrej Liker<\/div><\/div><\/figcaption><\/figure><div class=\"fg-loader\"><\/div><\/div><div class=\"fg-item fg-type-image fg-idle\"><figure class=\"fg-item-inner\"><a href=\"https:\/\/www.keturist.sk\/info\/wp-content\/uploads\/2018\/12\/okruhly-vrch-panorama.jpg\" data-caption-title=\"Okr\u00fahly vrch (680 m n.n.)\" data-caption-desc=\"Hrobka gr\u00f3fa \u0160tefana Forg\u00e1\u010da. Fotograf: Ondrej Liker\" data-attachment-id=\"27014\" data-type=\"image\" class=\"fg-thumb\"><span class=\"fg-image-wrap\"><img decoding=\"async\" alt=\"Okr\u00fahly vrch (680 m n.n.)\" title=\"Okr\u00fahly vrch (680 m n.n.)\" width=\"200\" height=\"200\" class=\"skip-lazy fg-image\" data-src-fg=\"https:\/\/www.keturist.sk\/info\/wp-content\/uploads\/cache\/2018\/12\/okruhly-vrch-panorama\/699380501.jpg\" src=\"data:image\/svg+xml,%3Csvg%20xmlns%3D%22http%3A%2F%2Fwww.w3.org%2F2000%2Fsvg%22%20width%3D%22200%22%20height%3D%22200%22%20viewBox%3D%220%200%20200%20200%22%3E%3C%2Fsvg%3E\" loading=\"eager\"><\/span><span class=\"fg-image-overlay\"><\/span><\/a><figcaption class=\"fg-caption\"><div class=\"fg-caption-inner\"><div class=\"fg-caption-title\">Okr\u00fahly vrch (680 m n.n.)<\/div><div class=\"fg-caption-desc\">Hrobka gr\u00f3fa \u0160tefana Forg\u00e1\u010da. Fotograf: Ondrej Liker<\/div><\/div><\/figcaption><\/figure><div class=\"fg-loader\"><\/div><\/div><div class=\"fg-item fg-type-image fg-idle\"><figure class=\"fg-item-inner\"><a href=\"https:\/\/www.keturist.sk\/info\/wp-content\/uploads\/2018\/12\/okruhly-vrch2.jpg\" data-caption-title=\"Okr\u00fahly vrch (680 m n.n.)\" data-caption-desc=\"r\u00e1zcestn\u00edk Okr\u00fahly vrch (680 m n.m.) a informa\u010dn\u00e1 tabu\u013ea. Fotograf: Ondrej Liker\" data-attachment-id=\"27043\" data-type=\"image\" class=\"fg-thumb\"><span class=\"fg-image-wrap\"><img decoding=\"async\" alt=\"Okr\u00fahly vrch (680 m n.n.)\" title=\"Okr\u00fahly vrch (680 m n.n.)\" width=\"200\" height=\"200\" class=\"skip-lazy fg-image\" data-src-fg=\"https:\/\/www.keturist.sk\/info\/wp-content\/uploads\/cache\/2018\/12\/okruhly-vrch2\/2510011013.jpg\" src=\"data:image\/svg+xml,%3Csvg%20xmlns%3D%22http%3A%2F%2Fwww.w3.org%2F2000%2Fsvg%22%20width%3D%22200%22%20height%3D%22200%22%20viewBox%3D%220%200%20200%20200%22%3E%3C%2Fsvg%3E\" loading=\"eager\"><\/span><span class=\"fg-image-overlay\"><\/span><\/a><figcaption class=\"fg-caption\"><div class=\"fg-caption-inner\"><div class=\"fg-caption-title\">Okr\u00fahly vrch (680 m n.n.)<\/div><div class=\"fg-caption-desc\">r\u00e1zcestn\u00edk Okr\u00fahly vrch (680 m n.m.) a informa\u010dn\u00e1 tabu\u013ea. Fotograf: Ondrej Liker<\/div><\/div><\/figcaption><\/figure><div class=\"fg-loader\"><\/div><\/div><div class=\"fg-item fg-type-image fg-idle\"><figure class=\"fg-item-inner\"><a href=\"https:\/\/www.keturist.sk\/info\/wp-content\/uploads\/2025\/12\/lovecky-zamocek-forgac2.png\" data-caption-title=\"Loveck\u00fd z\u00e1mo\u010dek gr\u00f3fa Forg\u00e1\u010da (Kerekhegyi)\" data-attachment-id=\"72443\" data-type=\"image\" class=\"fg-thumb\"><span class=\"fg-image-wrap\"><img decoding=\"async\" alt=\"Loveck\u00fd z\u00e1mo\u010dek gr\u00f3fa Forg\u00e1\u010da (Kerekhegyi)\" title=\"Loveck\u00fd z\u00e1mo\u010dek gr\u00f3fa Forg\u00e1\u010da (Kerekhegyi)\" width=\"200\" height=\"200\" class=\"skip-lazy fg-image\" data-src-fg=\"https:\/\/www.keturist.sk\/info\/wp-content\/uploads\/cache\/2025\/12\/lovecky-zamocek-forgac2\/1929876850.png\" src=\"data:image\/svg+xml,%3Csvg%20xmlns%3D%22http%3A%2F%2Fwww.w3.org%2F2000%2Fsvg%22%20width%3D%22200%22%20height%3D%22200%22%20viewBox%3D%220%200%20200%20200%22%3E%3C%2Fsvg%3E\" loading=\"eager\"><\/span><span class=\"fg-image-overlay\"><\/span><\/a><figcaption class=\"fg-caption\"><div class=\"fg-caption-inner\"><div class=\"fg-caption-title\">Loveck\u00fd z\u00e1mo\u010dek gr\u00f3fa Forg\u00e1\u010da (Kerekhegyi)<\/div><\/div><\/figcaption><\/figure><div class=\"fg-loader\"><\/div><\/div><div class=\"fg-item fg-type-image fg-idle\"><figure class=\"fg-item-inner\"><a href=\"https:\/\/www.keturist.sk\/info\/wp-content\/uploads\/2025\/12\/lovecky-zamocek-Forgac.png\" data-caption-title=\"Loveck\u00fd z\u00e1mo\u010dek gr\u00f3fa Forg\u00e1\u010da (Kerekhegyi)\" data-attachment-id=\"72444\" data-type=\"image\" class=\"fg-thumb\"><span class=\"fg-image-wrap\"><img decoding=\"async\" alt=\"Loveck\u00fd z\u00e1mo\u010dek gr\u00f3fa Forg\u00e1\u010da (Kerekhegyi)\" title=\"Loveck\u00fd z\u00e1mo\u010dek gr\u00f3fa Forg\u00e1\u010da (Kerekhegyi)\" width=\"200\" height=\"200\" class=\"skip-lazy fg-image\" data-src-fg=\"https:\/\/www.keturist.sk\/info\/wp-content\/uploads\/cache\/2025\/12\/lovecky-zamocek-Forgac\/136483241.png\" src=\"data:image\/svg+xml,%3Csvg%20xmlns%3D%22http%3A%2F%2Fwww.w3.org%2F2000%2Fsvg%22%20width%3D%22200%22%20height%3D%22200%22%20viewBox%3D%220%200%20200%20200%22%3E%3C%2Fsvg%3E\" loading=\"eager\"><\/span><span class=\"fg-image-overlay\"><\/span><\/a><figcaption class=\"fg-caption\"><div class=\"fg-caption-inner\"><div class=\"fg-caption-title\">Loveck\u00fd z\u00e1mo\u010dek gr\u00f3fa Forg\u00e1\u010da (Kerekhegyi)<\/div><\/div><\/figcaption><\/figure><div class=\"fg-loader\"><\/div><\/div>\t<\/div>\n\t<div class=\"fg-carousel-bottom\"><\/div>\n\t<div class=\"fg-carousel-progress\"><\/div>\n\t<button type=\"button\" class=\"fg-carousel-next\" title=\"Next\"><\/button>\n<\/div>\n<h2><span style=\"color: #800000;\">Zauj\u00edmav\u00e9 odkazy<\/span><\/h2>\n<h3><span style=\"color: #808000;\">Bl\u00edzke stredisko, turistick\u00e9 centrum, obec alebo mesto:<\/span><\/h3>\n<ul>\n<li><a href=\"http:\/\/www.slancik.sk\/\" target=\"_blank\" rel=\"noopener noreferrer\">Obec Slan\u010d\u00edk (\u010d\u00edtaj viac&#8230;)<\/a><\/li>\n<\/ul>\n<h2><span style=\"color: #800000;\">Mapy<\/span><\/h2>\n<p><strong>Vrstvy: <\/strong>Turistick\u00e1 mapa, Automapa, Cyklomapa, Ly\u017eiarska mapa, Satelitn\u00e1 mapa a OpenStreetMap.<\/p>\n<p><strong>Kliknut\u00edm na logo &#8222;Freemap.sk&#8220; sa V\u00e1m mapa zobraz\u00ed na celej ploche obrazovky.<\/strong><\/p>\n<p><iframe style=\"width: 900px; height: 500px; border: 0;\" src=\"https:\/\/www.freemap.sk\/?map=15\/48.689374\/21.518762&amp;info-point=48.689374\/21.518762,Z\u00e1mok - zr\u00facanina&amp;layers=X&amp;embed=search\" allowfullscreen=\"allowfullscreen\"><span data-mce-type=\"bookmark\" style=\"display: inline-block; width: 0px; overflow: hidden; line-height: 0;\" class=\"mce_SELRES_start\">\ufeff<\/span><span data-mce-type=\"bookmark\" style=\"display: inline-block; width: 0px; overflow: hidden; line-height: 0;\" class=\"mce_SELRES_start\">\ufeff<\/span><\/iframe><\/p>\n<h2><span style=\"color: #800000;\">Po\u010dasie<\/span><\/h2>\n<p><iframe style=\"width: 900px; height: 633px;\" src=\"https:\/\/www.meteoblue.com\/sk\/po%C4%8Dasie\/widget\/three\/slansk%c3%a9-pohorie_slovensk%c3%a1-republika_723592?geoloc=fixed&amp;nocurrent=0&amp;noforecast=0&amp;days=5&amp;tempunit=CELSIUS&amp;windunit=KILOMETER_PER_HOUR&amp;layout=image\" frameborder=\"0\" scrolling=\"NO\" sandbox=\"allow-same-origin allow-scripts allow-popups allow-popups-to-escape-sandbox\"><\/iframe><\/p>\n<div><!-- DO NOT REMOVE THIS LINK --><a href=\"https:\/\/www.meteoblue.com\/sk\/po%C4%8Dasie\/predpove%C4%8F\/t%C3%BD%C5%BEde%C5%88\/slansk%c3%a9-pohorie_slovensk%c3%a1-republika_723592?utm_source=weather_widget&amp;utm_medium=linkus&amp;utm_content=three&amp;utm_campaign=Weather%2BWidget\" target=\"_blank\" rel=\"noopener noreferrer\">meteoblue<\/a><\/div>\n<div class=\"su-divider su-divider-style-default\" style=\"margin:15px 0;border-width:2px;border-color:#000000\"><\/div>\n<p>Autorom fotografi\u00ed je <a href=\"https:\/\/www.facebook.com\/ondrej.liker\" target=\"_blank\" rel=\"noopener noreferrer\">Ondrej Liker<\/a>.<\/p>\n","protected":false},"excerpt":{"rendered":"<p>Podkateg\u00f3ria: Hrady a ka\u0161tiele Lokaliz\u00e1cia: Slansk\u00e9 vrchy Pr\u00edbeh gr\u00f3fa, ktor\u00fd h\u013eadal pokoj Hovor\u00ed sa, \u017ee ka\u017ed\u00fd \u010dlovek m\u00e1 miesto, kam sa vracia, ke\u010f chce zosta\u0165 s\u00e1m so sebou. Pre gr\u00f3fa [&hellip;]<\/p>\n","protected":false},"author":1,"featured_media":72444,"parent":11623,"menu_order":0,"comment_status":"closed","ping_status":"closed","template":"","meta":{"_uag_custom_page_level_css":"","_monsterinsights_skip_tracking":false,"_monsterinsights_sitenote_active":false,"_monsterinsights_sitenote_note":"","_monsterinsights_sitenote_category":0,"footnotes":""},"class_list":["post-26021","page","type-page","status-publish","has-post-thumbnail","hentry"],"featured_image_src":"https:\/\/www.keturist.sk\/info\/wp-content\/uploads\/2025\/12\/lovecky-zamocek-Forgac.png","featured_image_src_square":"https:\/\/www.keturist.sk\/info\/wp-content\/uploads\/2025\/12\/lovecky-zamocek-Forgac.png","rbea_author_info":{"display_name":"admin","author_link":"https:\/\/www.keturist.sk\/info\/author\/admin\/"},"rbea_excerpt_info":"Podkateg\u00f3ria: Hrady a ka\u0161tiele Lokaliz\u00e1cia: Slansk\u00e9 vrchy Pr\u00edbeh gr\u00f3fa, ktor\u00fd h\u013eadal pokoj Hovor\u00ed sa, \u017ee ka\u017ed\u00fd \u010dlovek m\u00e1 miesto, kam sa vracia, ke\u010f chce zosta\u0165 s\u00e1m so sebou. Pre gr\u00f3fa [&hellip;]","uagb_featured_image_src":{"full":["https:\/\/www.keturist.sk\/info\/wp-content\/uploads\/2025\/12\/lovecky-zamocek-Forgac.png",1344,768,false],"thumbnail":["https:\/\/www.keturist.sk\/info\/wp-content\/uploads\/2025\/12\/lovecky-zamocek-Forgac-270x154.png",270,154,true],"medium":["https:\/\/www.keturist.sk\/info\/wp-content\/uploads\/2025\/12\/lovecky-zamocek-Forgac-800x457.png",800,457,true],"medium_large":["https:\/\/www.keturist.sk\/info\/wp-content\/uploads\/2025\/12\/lovecky-zamocek-Forgac-768x439.png",768,439,true],"large":["https:\/\/www.keturist.sk\/info\/wp-content\/uploads\/2025\/12\/lovecky-zamocek-Forgac.png",1344,768,false],"1536x1536":["https:\/\/www.keturist.sk\/info\/wp-content\/uploads\/2025\/12\/lovecky-zamocek-Forgac.png",1344,768,false],"2048x2048":["https:\/\/www.keturist.sk\/info\/wp-content\/uploads\/2025\/12\/lovecky-zamocek-Forgac.png",1344,768,false]},"uagb_author_info":{"display_name":"admin","author_link":"https:\/\/www.keturist.sk\/info\/author\/admin\/"},"uagb_comment_info":0,"uagb_excerpt":"Podkateg\u00f3ria: Hrady a ka\u0161tiele Lokaliz\u00e1cia: Slansk\u00e9 vrchy Pr\u00edbeh gr\u00f3fa, ktor\u00fd h\u013eadal pokoj Hovor\u00ed sa, \u017ee ka\u017ed\u00fd \u010dlovek m\u00e1 miesto, kam sa vracia, ke\u010f chce zosta\u0165 s\u00e1m so sebou. Pre gr\u00f3fa [&hellip;]","_links":{"self":[{"href":"https:\/\/www.keturist.sk\/info\/wp-json\/wp\/v2\/pages\/26021","targetHints":{"allow":["GET"]}}],"collection":[{"href":"https:\/\/www.keturist.sk\/info\/wp-json\/wp\/v2\/pages"}],"about":[{"href":"https:\/\/www.keturist.sk\/info\/wp-json\/wp\/v2\/types\/page"}],"author":[{"embeddable":true,"href":"https:\/\/www.keturist.sk\/info\/wp-json\/wp\/v2\/users\/1"}],"replies":[{"embeddable":true,"href":"https:\/\/www.keturist.sk\/info\/wp-json\/wp\/v2\/comments?post=26021"}],"version-history":[{"count":8,"href":"https:\/\/www.keturist.sk\/info\/wp-json\/wp\/v2\/pages\/26021\/revisions"}],"predecessor-version":[{"id":73651,"href":"https:\/\/www.keturist.sk\/info\/wp-json\/wp\/v2\/pages\/26021\/revisions\/73651"}],"up":[{"embeddable":true,"href":"https:\/\/www.keturist.sk\/info\/wp-json\/wp\/v2\/pages\/11623"}],"wp:featuredmedia":[{"embeddable":true,"href":"https:\/\/www.keturist.sk\/info\/wp-json\/wp\/v2\/media\/72444"}],"wp:attachment":[{"href":"https:\/\/www.keturist.sk\/info\/wp-json\/wp\/v2\/media?parent=26021"}],"curies":[{"name":"wp","href":"https:\/\/api.w.org\/{rel}","templated":true}]}}