{"id":2432,"date":"2013-10-27T13:12:16","date_gmt":"2013-10-27T11:12:16","guid":{"rendered":"https:\/\/www.keturist.sk\/info\/?page_id=2432"},"modified":"2025-12-29T15:36:56","modified_gmt":"2025-12-29T14:36:56","slug":"vysoky-vrch-824-m-n-m","status":"publish","type":"page","link":"https:\/\/www.keturist.sk\/info\/vysoky-vrch-824-m-n-m\/","title":{"rendered":"Vysok\u00fd vrch (824 m n.m.)"},"content":{"rendered":"<a href=\"https:\/\/www.keturist.sk\/info\/\" class=\"su-button su-button-style-default\" style=\"color:#000000;background-color:#FFCF2F;border-color:#cca626;border-radius:5px\" target=\"_self\"><span style=\"color:#000000;padding:6px 16px;font-size:13px;line-height:20px;border-color:#ffde6e;border-radius:5px;text-shadow:none\"><i class=\"sui sui-arrow-right\" style=\"font-size:13px;color:#000000\"><\/i>  Spravodaj <\/span><\/a>\n<a href=\"https:\/\/www.keturist.sk\/info\/tipy-na-vylety\/\" class=\"su-button su-button-style-default\" style=\"color:#000000;background-color:#FFCF2F;border-color:#cca626;border-radius:5px\" target=\"_self\"><span style=\"color:#000000;padding:6px 16px;font-size:13px;line-height:20px;border-color:#ffde6e;border-radius:5px;text-shadow:none\"><i class=\"sui sui-arrow-right\" style=\"font-size:13px;color:#000000\"><\/i>  TIPY NA V\u00ddLETY <\/span><\/a>\n<a href=\"https:\/\/www.keturist.sk\/info\/kam-do-prirody\/\" class=\"su-button su-button-style-default\" style=\"color:#000000;background-color:#FFCF2F;border-color:#cca626;border-radius:5px\" target=\"_self\"><span style=\"color:#000000;padding:6px 16px;font-size:13px;line-height:20px;border-color:#ffde6e;border-radius:5px;text-shadow:none\"><i class=\"sui sui-arrow-right\" style=\"font-size:13px;color:#000000\"><\/i>  Kam do pr\u00edrody <\/span><\/a>\n<a href=\"https:\/\/www.keturist.sk\/info\/kam-do-prirody\/kam-do-prirody-smer-volovske-vrchy\/\" class=\"su-button su-button-style-default\" style=\"color:#000000;background-color:#FFCF2F;border-color:#cca626;border-radius:5px\" target=\"_self\"><span style=\"color:#000000;padding:6px 16px;font-size:13px;line-height:20px;border-color:#ffde6e;border-radius:5px;text-shadow:none\"><i class=\"sui sui-arrow-right\" style=\"font-size:13px;color:#000000\"><\/i>  Smer Volovsk\u00e9 vrchy <\/span><\/a>\n<div class=\"su-divider su-divider-style-default\" style=\"margin:15px 0;border-width:0px;border-color:#000000\"><\/div><strong>Podkateg\u00f3ria: <\/strong> <a href=\"https:\/\/www.keturist.sk\/info\/kam-do-prirody\/kam-do-prirody-smer-volovske-vrchy\/vrchy-skaly-a-sedla\/\" class=\"su-button su-button-style-default\" style=\"color:#000000;background-color:#C5ED2C;border-color:#9ebe24;border-radius:5px\" target=\"_self\"><span style=\"color:#000000;padding:6px 16px;font-size:13px;line-height:20px;border-color:#d7f36c;border-radius:5px;text-shadow:none\"><i class=\"sui sui-arrow-right\" style=\"font-size:13px;color:#000000\"><\/i>  Vrchy, skaly a sedl\u00e1 <\/span><\/a>\n<p><strong>Lokaliz\u00e1cia: <\/strong><a href=\"https:\/\/www.keturist.sk\/info\/okolite-hory\/volovske-vrchy\/\">Volovsk\u00e9 vrchy<\/a><\/p>\n<div class=\"su-divider su-divider-style-default\" style=\"margin:15px 0;border-width:2px;border-color:#000000\"><\/div>\n<figure id=\"attachment_36535\" aria-describedby=\"caption-attachment-36535\" style=\"width: 900px\" class=\"wp-caption aligncenter\"><a href=\"https:\/\/www.keturist.sk\/info\/wp-content\/uploads\/2020\/12\/vysokyvrchporac1.jpg\"><img loading=\"lazy\" decoding=\"async\" class=\"wp-image-36535\" src=\"https:\/\/www.keturist.sk\/info\/wp-content\/uploads\/2020\/12\/vysokyvrchporac1-800x600.jpg\" alt=\"Vysok\u00fd vrch\" width=\"900\" height=\"675\" srcset=\"https:\/\/www.keturist.sk\/info\/wp-content\/uploads\/2020\/12\/vysokyvrchporac1-800x600.jpg 800w, https:\/\/www.keturist.sk\/info\/wp-content\/uploads\/2020\/12\/vysokyvrchporac1-240x180.jpg 240w, https:\/\/www.keturist.sk\/info\/wp-content\/uploads\/2020\/12\/vysokyvrchporac1-768x576.jpg 768w, https:\/\/www.keturist.sk\/info\/wp-content\/uploads\/2020\/12\/vysokyvrchporac1.jpg 900w\" sizes=\"auto, (max-width: 900px) 100vw, 900px\" \/><\/a><figcaption id=\"caption-attachment-36535\" class=\"wp-caption-text\">v\u00fdh\u013eadov\u00fd Vysok\u00fd vrch<\/figcaption><\/figure>\n<div class=\"su-divider su-divider-style-default\" style=\"margin:15px 0;border-width:2px;border-color:#000000\"><\/div>\n<h2 class=\"ds-markdown-paragraph\"><span style=\"color: #800000;\">Ako sa dostanem na Vysok\u00fd vrch a \u010do je to za\u010d?<\/span><\/h2>\n<p class=\"ds-markdown-paragraph\"><strong>Vysok\u00fd vrch<\/strong>, naz\u00fdvan\u00fd aj Vysok\u00fd v\u0155\u0161ok, sa nach\u00e1dza na planine Gamus nad obcou Por\u00e1\u010d, konkr\u00e9tne na severnej strane dediny. Ide o\u00a0<strong>v\u00fdh\u013eadov\u00fd vrch<\/strong>\u00a0s nadmorskou v\u00fd\u0161kou 824 m n.m.<\/p>\n<p class=\"ds-markdown-paragraph\">Z geomorfologick\u00e9ho h\u013eadiska patr\u00ed\u00a0<strong>Vysok\u00fd vrch<\/strong>\u00a0do oblasti Slovensk\u00e9ho rudohoria a jeho horsk\u00e9ho celku Volovsk\u00e9 vrchy, konkr\u00e9tne do podcelku Hnileck\u00e9 vrchy.<\/p>\n<h2 class=\"ds-markdown-paragraph\"><span style=\"color: #800000;\">Pre\u010do je Vysok\u00fd vrch tak\u00fd atrakt\u00edvny pre turistov?<\/span><\/h2>\n<p class=\"ds-markdown-paragraph\">Je to pomerne n\u00edzky a nen\u00e1padn\u00fd nezalesnen\u00fd <strong>l\u00fa\u010dny vrch<\/strong>, ktor\u00fd v\u0161ak prekvap\u00ed jedine\u010dn\u00fdm\u00a0<strong>kruhov\u00fdm v\u00fdh\u013eadom<\/strong>\u00a0do v\u0161etk\u00fdch str\u00e1n sveta. Z jeho vrcholu je mo\u017en\u00e9 pri dobrej vidite\u013enosti obdivova\u0165 takmer cel\u00e9 stredn\u00e9 a v\u00fdchodn\u00e9 Slovensko.<\/p>\n<h2 class=\"ds-markdown-paragraph\"><span style=\"color: #800000;\">Ak\u00fd konkr\u00e9tny v\u00fdh\u013ead sa mi z tohto miesta naskytne?<\/span><\/h2>\n<p class=\"ds-markdown-paragraph\">Z tohto <strong>v\u00fdh\u013eadov\u00e9ho miesta<\/strong>\u00a0uvid\u00edte na juhu obec Por\u00e1\u010d, vrch Bukovec (1127 m n.m.), Such\u00fd vrch, Fajfern\u00fd hrb a \u010das\u0165 Por\u00e1\u010dskej doliny.<\/p>\n<p class=\"ds-markdown-paragraph\">Na juhov\u00fdchode je planina Slovinsk\u00e1 skala a v\u00fdchodn\u00e1 \u010das\u0165 Volovsk\u00fdch vrchov s Koj\u0161ovskou ho\u013eou (1246 m n.m.).<\/p>\n<p class=\"ds-markdown-paragraph\">Na v\u00fdchode uvid\u00edte vrch Borisov\u00fa, na z\u00e1pade pohorie\u00a0<strong>Slovensk\u00fd raj<\/strong>.<\/p>\n<p class=\"ds-markdown-paragraph\">Na severe je v\u00fdh\u013ead na\u00a0<strong>Spi\u0161sk\u00fd hrad<\/strong>, pohorie Levo\u010dsk\u00e9 vrchy, Spi\u0161sk\u00fa kotlinu a mest\u00e1 Spi\u0161sk\u00e9 Podhradie a Spi\u0161sk\u00e9 Vlachy.<\/p>\n<p class=\"ds-markdown-paragraph\">Na severoz\u00e1pade s\u00fa vidite\u013en\u00e9 mest\u00e1 Spi\u0161sk\u00e1 Nov\u00e1 Ves, Poprad a Levo\u010da a na severov\u00fdchode pohorie Branisko s \u010cergovsk\u00fdm pohor\u00edm.<\/p>\n<p class=\"ds-markdown-paragraph\">Za mimoriadne\u00a0<strong>priazniv\u00e9ho po\u010dasia<\/strong>\u00a0sa v\u00e1m naskytne v\u00fdh\u013ead aj na severe na Spi\u0161sk\u00fa Maguru, na severoz\u00e1pade na\u00a0<strong>Vysok\u00e9 Tatry<\/strong>\u00a0a na z\u00e1pade na majest\u00e1tnu\u00a0<strong>Kr\u00e1\u013eov\u00fa ho\u013eu<\/strong>\u00a0(1946 m n.m.).<\/p>\n<h2 class=\"ds-markdown-paragraph\"><span style=\"color: #800000;\">\u010co v\u0161etko n\u00e1jdem priamo na vrchole Vysok\u00e9ho vrchu?<\/span><\/h2>\n<p class=\"ds-markdown-paragraph\">Na vrchole je pre pohodlie a informovanos\u0165 n\u00e1v\u0161tevn\u00edkov umiestnen\u00e1 informa\u010dn\u00e1 tabu\u013ea, vrcholov\u00e1 kniha na zaznamenanie z\u00e1\u017eitku, posed a <strong>rozh\u013eadov\u00e1 ru\u017eica<\/strong>, ktor\u00e1 v\u00e1m pom\u00f4\u017ee s orient\u00e1ciou v krajine.<\/p>\n<h2 class=\"ds-markdown-paragraph\"><span style=\"color: #800000;\">Ak\u00e9 \u010fal\u0161ie turistick\u00e9 zauj\u00edmavosti s\u00fa v okol\u00ed?<\/span><\/h2>\n<p class=\"ds-markdown-paragraph\">V tesnej bl\u00edzkosti <strong>Vysok\u00e9ho vrchu<\/strong>\u00a0sa nach\u00e1dza zn\u00e1ma\u00a0<strong>jasky\u0148a \u0160arkanov\u00e1 diera<\/strong>. V okolit\u00fdch lesoch okolo\u00a0<strong>Vysok\u00e9ho vrchu<\/strong>\u00a0prevl\u00e1daj\u00fa\u00a0<strong>bukov\u00e9 a jed\u013eovo-bukov\u00e9 lesy<\/strong>.<\/p>\n<h2 class=\"ds-markdown-paragraph\"><span style=\"color: #800000;\">Akou kl\u00edmou sa vyzna\u010duje t\u00e1to oblas\u0165?<\/span><\/h2>\n<p class=\"ds-markdown-paragraph\">Tento <strong>vrch<\/strong>\u00a0patr\u00ed do mierne chladnej a\u017e chladnej a vlhkej klimatickej oblasti so studenou zimou.<\/p>\n<p class=\"ds-markdown-paragraph\">Priemern\u00e9 mesa\u010dn\u00e9 teploty sa v zimn\u00fdch mesiacoch pohybuj\u00fa v rozmedz\u00ed -2 a\u017e -3 \u00b0C (december, marec) a -4 a\u017e -6 \u00b0C (janu\u00e1r, febru\u00e1r).<\/p>\n<p class=\"ds-markdown-paragraph\">Priemern\u00e1 v\u00fd\u0161ka\u00a0<strong>snehovej pokr\u00fdvky<\/strong>\u00a0tu kulminuje vo febru\u00e1ri (50 a\u017e 65 cm), v ostatn\u00fdch zimn\u00fdch mesiacoch dosahuje 30 a\u017e 40 cm, \u010do oblas\u0165 rob\u00ed vhodnou aj pre zimn\u00e9 v\u00fdlety.<\/p>\n<h2 class=\"ds-markdown-paragraph\"><span style=\"color: #800000;\">Ak\u00e9 \u0161pecifick\u00e9 postavenie m\u00e1 obec Por\u00e1\u010d?<\/span><\/h2>\n<p class=\"ds-markdown-paragraph\">Obec Por\u00e1\u010d, ktor\u00e1 le\u017e\u00ed pod <strong>Vysok\u00fdm vrchom<\/strong>, m\u00e1 nadmorsk\u00fa v\u00fd\u0161ku 778 m n.m. a je tak\u00a0<strong>najvy\u0161\u0161ie polo\u017eenou obcou<\/strong>\u00a0v spi\u0161skonovoveskom okrese.<\/p>\n<h2><span style=\"color: #800000;\">Ako sa dosta\u0165 na Vysok\u00fd vrch?<\/span><\/h2>\n<p>Na vrch vedie\u00a0<img loading=\"lazy\" decoding=\"async\" class=\"alignnone wp-image-21433 size-full\" src=\"https:\/\/www.keturist.sk\/info\/wp-content\/uploads\/2013\/11\/cervena-1.png\" alt=\"\" width=\"20\" height=\"21\" \/> \u010derven\u00e1 turistick\u00e1 a n\u00e1u\u010dn\u00e1 trasa z ne\u010falekej obce <a href=\"https:\/\/www.keturist.sk\/info\/smer-volovske-vrchy\/obec-porac\/\">Por\u00e1\u010d<\/a> a <img loading=\"lazy\" decoding=\"async\" class=\"alignnone wp-image-21626 size-full\" src=\"https:\/\/www.keturist.sk\/info\/wp-content\/uploads\/2013\/11\/zelena.png\" alt=\"\" width=\"20\" height=\"21\" \/> zelen\u00e1 turistick\u00e1 trasa z obce <a href=\"https:\/\/www.keturist.sk\/info\/smer-volovske-vrchy\/obec-olcnava\/\">Olcnava<\/a>.<\/p>\n<p>Vysok\u00fd vrch je s\u00fa\u010das\u0165ou miestneho turistick\u00e9ho a n\u00e1u\u010dn\u00e9ho chodn\u00edka, ktor\u00fd oboznamuje n\u00e1v\u0161tevn\u00edkov s pr\u00edrodn\u00fdmi zauj\u00edmavos\u0165ami tejto \u010dasti <a href=\"https:\/\/www.keturist.sk\/info\/okolite-hory\/volovske-vrchy\/\">Volovsk\u00fdch vrchov<\/a> naz\u00fdvanej <a href=\"https:\/\/www.keturist.sk\/info\/luky-a-horske-luky\/planina-a-pohorie-galmus\/\">Galmus<\/a>.<\/p>\n<h2><span style=\"color: #800000;\">Fotogal\u00e9ria<\/span><\/h2>\n<style type=\"text\/css\">\n#foogallery-gallery-72660 .fg-image { width: 200px; }<\/style>\n\t\t\t<div class=\"foogallery foogallery-container foogallery-carousel foogallery-lightbox-foogallery fg-carousel fg-ready fg-light fg-border-medium fg-round-small fg-shadow-medium fg-loading-default fg-loaded-fade-in fg-hover-semi-zoomed fg-hover-fade fg-hover-circle-plus2\" id=\"foogallery-gallery-72660\" data-foogallery=\"{&quot;item&quot;:{&quot;showCaptionTitle&quot;:true,&quot;showCaptionDescription&quot;:true},&quot;lazy&quot;:true,&quot;template&quot;:{&quot;maxItems&quot;:5,&quot;scale&quot;:0.11999999999999999555910790149937383830547332763671875,&quot;gutter&quot;:{&quot;min&quot;:-40,&quot;max&quot;:-20,&quot;unit&quot;:&quot;%&quot;},&quot;autoplay&quot;:{&quot;time&quot;:0,&quot;interaction&quot;:&quot;pause&quot;},&quot;centerOnClick&quot;:true,&quot;align&quot;:&quot;center&quot;,&quot;activePosition&quot;:&quot;center&quot;}}\" data-foogallery-lightbox=\"{&quot;thumbs&quot;:&quot;bottom&quot;,&quot;thumbsCaptions&quot;:false,&quot;thumbsBestFit&quot;:false,&quot;thumbsSmall&quot;:false,&quot;thumbsCaptionsAlign&quot;:&quot;default&quot;,&quot;info&quot;:&quot;bottom&quot;,&quot;infoVisible&quot;:true,&quot;infoOverlay&quot;:true,&quot;infoAlign&quot;:&quot;default&quot;,&quot;transition&quot;:&quot;fade&quot;,&quot;hoverButtons&quot;:false,&quot;fitMedia&quot;:false,&quot;noScrollbars&quot;:true,&quot;preserveButtonSpace&quot;:true,&quot;buttons&quot;:{&quot;fullscreen&quot;:true,&quot;info&quot;:true,&quot;thumbs&quot;:false},&quot;video&quot;:{&quot;autoPlay&quot;:true}}\" style=\"--fg-title-line-clamp: 1; --fg-description-line-clamp: 2;\" >\n\t<button type=\"button\" class=\"fg-carousel-prev\" title=\"Previous\"><\/button>\n\t<div class=\"fg-carousel-inner\">\n\t\t<div class=\"fg-carousel-center\"><\/div>\n\t\t<div class=\"fg-item fg-type-image fg-idle\"><figure class=\"fg-item-inner\"><a href=\"https:\/\/www.keturist.sk\/info\/wp-content\/uploads\/2020\/12\/vysokyvrchporac3.jpg\" data-caption-title=\"Vysok\u00fd vrch (824 m n.m.)\" data-attachment-id=\"36538\" data-type=\"image\" class=\"fg-thumb\"><span class=\"fg-image-wrap\"><img decoding=\"async\" alt=\"Vysok\u00fd vrch (824 m n.m.)\" title=\"Vysok\u00fd vrch (824 m n.m.)\" width=\"200\" height=\"200\" class=\"skip-lazy fg-image\" data-src-fg=\"https:\/\/www.keturist.sk\/info\/wp-content\/uploads\/cache\/2020\/12\/vysokyvrchporac3\/60174858.jpg\" src=\"data:image\/svg+xml,%3Csvg%20xmlns%3D%22http%3A%2F%2Fwww.w3.org%2F2000%2Fsvg%22%20width%3D%22200%22%20height%3D%22200%22%20viewBox%3D%220%200%20200%20200%22%3E%3C%2Fsvg%3E\" loading=\"eager\"><\/span><span class=\"fg-image-overlay\"><\/span><\/a><figcaption class=\"fg-caption\"><div class=\"fg-caption-inner\"><div class=\"fg-caption-title\">Vysok\u00fd vrch (824 m n.m.)<\/div><\/div><\/figcaption><\/figure><div class=\"fg-loader\"><\/div><\/div><div class=\"fg-item fg-type-image fg-idle\"><figure class=\"fg-item-inner\"><a href=\"https:\/\/www.keturist.sk\/info\/wp-content\/uploads\/2020\/12\/vysokyvrchporac2.jpg\" data-caption-title=\"Vysok\u00fd vrch (824 m n.m.)\" data-attachment-id=\"36537\" data-type=\"image\" class=\"fg-thumb\"><span class=\"fg-image-wrap\"><img decoding=\"async\" alt=\"Vysok\u00fd vrch (824 m n.m.)\" title=\"Vysok\u00fd vrch (824 m n.m.)\" width=\"200\" height=\"200\" class=\"skip-lazy fg-image\" data-src-fg=\"https:\/\/www.keturist.sk\/info\/wp-content\/uploads\/cache\/2020\/12\/vysokyvrchporac2\/2072617446.jpg\" src=\"data:image\/svg+xml,%3Csvg%20xmlns%3D%22http%3A%2F%2Fwww.w3.org%2F2000%2Fsvg%22%20width%3D%22200%22%20height%3D%22200%22%20viewBox%3D%220%200%20200%20200%22%3E%3C%2Fsvg%3E\" loading=\"eager\"><\/span><span class=\"fg-image-overlay\"><\/span><\/a><figcaption class=\"fg-caption\"><div class=\"fg-caption-inner\"><div class=\"fg-caption-title\">Vysok\u00fd vrch (824 m n.m.)<\/div><\/div><\/figcaption><\/figure><div class=\"fg-loader\"><\/div><\/div><div class=\"fg-item fg-type-image fg-idle\"><figure class=\"fg-item-inner\"><a href=\"https:\/\/www.keturist.sk\/info\/wp-content\/uploads\/2020\/12\/vysokyvrchporac1.jpg\" data-caption-title=\"Vysok\u00fd vrch (824 m n.m.)\" data-attachment-id=\"36535\" data-type=\"image\" class=\"fg-thumb\"><span class=\"fg-image-wrap\"><img decoding=\"async\" alt=\"Vysok\u00fd vrch (824 m n.m.)\" title=\"Vysok\u00fd vrch (824 m n.m.)\" width=\"200\" height=\"200\" class=\"skip-lazy fg-image\" data-src-fg=\"https:\/\/www.keturist.sk\/info\/wp-content\/uploads\/cache\/2020\/12\/vysokyvrchporac1\/3222047814.jpg\" src=\"data:image\/svg+xml,%3Csvg%20xmlns%3D%22http%3A%2F%2Fwww.w3.org%2F2000%2Fsvg%22%20width%3D%22200%22%20height%3D%22200%22%20viewBox%3D%220%200%20200%20200%22%3E%3C%2Fsvg%3E\" loading=\"eager\"><\/span><span class=\"fg-image-overlay\"><\/span><\/a><figcaption class=\"fg-caption\"><div class=\"fg-caption-inner\"><div class=\"fg-caption-title\">Vysok\u00fd vrch (824 m n.m.)<\/div><\/div><\/figcaption><\/figure><div class=\"fg-loader\"><\/div><\/div>\t<\/div>\n\t<div class=\"fg-carousel-bottom\"><\/div>\n\t<div class=\"fg-carousel-progress\"><\/div>\n\t<button type=\"button\" class=\"fg-carousel-next\" title=\"Next\"><\/button>\n<\/div>\n<h2><span style=\"color: #800000;\">Zauj\u00edmav\u00e9 odkazy<\/span><\/h2>\n<h3><span style=\"color: #808000;\">Okolit\u00e9 Stredisk\u00e1 a centr\u00e1<\/span><\/h3>\n<ul>\n<li><a href=\"https:\/\/www.keturist.sk\/info\/smer-volovske-vrchy\/obec-porac\/\">Obec Por\u00e1\u010d (\u010d\u00edtaj viac&#8230;)<\/a><\/li>\n<\/ul>\n<ul>\n<li><a href=\"https:\/\/www.keturist.sk\/info\/smer-volovske-vrchy\/obec-olcnava\/\">Obec Olcnava (\u010d\u00edtaj viac&#8230;)<\/a><\/li>\n<\/ul>\n<h2><span style=\"color: #800000;\">Mapy<\/span><\/h2>\n<p><strong>Vrstvy: <\/strong>Turistick\u00e1 mapa, Automapa, Cyklomapa, Ly\u017eiarska mapa, Satelitn\u00e1 mapa a OpenStreetMap.<\/p>\n<p><strong>Kliknut\u00edm na logo &#8222;Freemap.sk&#8220; sa V\u00e1m mapa zobraz\u00ed na celej ploche obrazovky.<\/strong><\/p>\n<p><iframe style=\"width: 900px; height: 500px; border: 0;\" src=\"https:\/\/www.freemap.sk\/?map=15\/48.888946\/20.725729&amp;info-point=48.888946\/20.725729,Vysok\u00fd vrch (824 m n.m.)&amp;layers=X&amp;embed=search\" allowfullscreen=\"allowfullscreen\"><span data-mce-type=\"bookmark\" style=\"display: inline-block; width: 0px; overflow: hidden; line-height: 0;\" class=\"mce_SELRES_start\">\ufeff<\/span><\/iframe><\/p>\n<h2><span style=\"color: #800000;\">Po\u010dasie<\/span><\/h2>\n<p><iframe style=\"width: 900px; height: 610px;\" src=\"https:\/\/www.meteoblue.com\/sk\/po%C4%8Dasie\/widget\/three\/48.889N20.725E850_Europe%2FBratislava?geoloc=fixed&amp;nocurrent=0&amp;noforecast=0&amp;days=5&amp;tempunit=CELSIUS&amp;windunit=KILOMETER_PER_HOUR&amp;layout=image\" frameborder=\"0\" scrolling=\"NO\" sandbox=\"allow-same-origin allow-scripts allow-popups allow-popups-to-escape-sandbox\"><\/iframe><\/p>\n<div><!-- DO NOT REMOVE THIS LINK --><a href=\"https:\/\/www.meteoblue.com\/sk\/po%C4%8Dasie\/predpove%C4%8F\/t%C3%BD%C5%BEde%C5%88\/48.889N20.725E850_Europe%2FBratislava?utm_source=weather_widget&amp;utm_medium=linkus&amp;utm_content=three&amp;utm_campaign=Weather%2BWidget\" target=\"_blank\" rel=\"noopener noreferrer\">meteoblue<\/a><\/div>\n","protected":false},"excerpt":{"rendered":"<p>Podkateg\u00f3ria: Lokaliz\u00e1cia: Volovsk\u00e9 vrchy Ako sa dostanem na Vysok\u00fd vrch a \u010do je to za\u010d? Vysok\u00fd vrch, naz\u00fdvan\u00fd aj Vysok\u00fd v\u0155\u0161ok, sa nach\u00e1dza na planine Gamus nad obcou Por\u00e1\u010d, konkr\u00e9tne [&hellip;]<\/p>\n","protected":false},"author":1,"featured_media":36535,"parent":0,"menu_order":0,"comment_status":"closed","ping_status":"closed","template":"","meta":{"_uag_custom_page_level_css":"","_monsterinsights_skip_tracking":false,"_monsterinsights_sitenote_active":false,"_monsterinsights_sitenote_note":"","_monsterinsights_sitenote_category":0,"footnotes":""},"class_list":["post-2432","page","type-page","status-publish","has-post-thumbnail","hentry"],"featured_image_src":"https:\/\/www.keturist.sk\/info\/wp-content\/uploads\/2020\/12\/vysokyvrchporac1.jpg","featured_image_src_square":"https:\/\/www.keturist.sk\/info\/wp-content\/uploads\/2020\/12\/vysokyvrchporac1.jpg","rbea_author_info":{"display_name":"admin","author_link":"https:\/\/www.keturist.sk\/info\/author\/admin\/"},"rbea_excerpt_info":"Podkateg\u00f3ria: Lokaliz\u00e1cia: Volovsk\u00e9 vrchy Ako sa dostanem na Vysok\u00fd vrch a \u010do je to za\u010d? Vysok\u00fd vrch, naz\u00fdvan\u00fd aj Vysok\u00fd v\u0155\u0161ok, sa nach\u00e1dza na planine Gamus nad obcou Por\u00e1\u010d, konkr\u00e9tne [&hellip;]","uagb_featured_image_src":{"full":["https:\/\/www.keturist.sk\/info\/wp-content\/uploads\/2020\/12\/vysokyvrchporac1.jpg",900,675,false],"thumbnail":["https:\/\/www.keturist.sk\/info\/wp-content\/uploads\/2020\/12\/vysokyvrchporac1-240x180.jpg",240,180,true],"medium":["https:\/\/www.keturist.sk\/info\/wp-content\/uploads\/2020\/12\/vysokyvrchporac1-800x600.jpg",800,600,true],"medium_large":["https:\/\/www.keturist.sk\/info\/wp-content\/uploads\/2020\/12\/vysokyvrchporac1-768x576.jpg",768,576,true],"large":["https:\/\/www.keturist.sk\/info\/wp-content\/uploads\/2020\/12\/vysokyvrchporac1.jpg",900,675,false],"1536x1536":["https:\/\/www.keturist.sk\/info\/wp-content\/uploads\/2020\/12\/vysokyvrchporac1.jpg",900,675,false],"2048x2048":["https:\/\/www.keturist.sk\/info\/wp-content\/uploads\/2020\/12\/vysokyvrchporac1.jpg",900,675,false]},"uagb_author_info":{"display_name":"admin","author_link":"https:\/\/www.keturist.sk\/info\/author\/admin\/"},"uagb_comment_info":0,"uagb_excerpt":"Podkateg\u00f3ria: Lokaliz\u00e1cia: Volovsk\u00e9 vrchy Ako sa dostanem na Vysok\u00fd vrch a \u010do je to za\u010d? Vysok\u00fd vrch, naz\u00fdvan\u00fd aj Vysok\u00fd v\u0155\u0161ok, sa nach\u00e1dza na planine Gamus nad obcou Por\u00e1\u010d, konkr\u00e9tne [&hellip;]","_links":{"self":[{"href":"https:\/\/www.keturist.sk\/info\/wp-json\/wp\/v2\/pages\/2432","targetHints":{"allow":["GET"]}}],"collection":[{"href":"https:\/\/www.keturist.sk\/info\/wp-json\/wp\/v2\/pages"}],"about":[{"href":"https:\/\/www.keturist.sk\/info\/wp-json\/wp\/v2\/types\/page"}],"author":[{"embeddable":true,"href":"https:\/\/www.keturist.sk\/info\/wp-json\/wp\/v2\/users\/1"}],"replies":[{"embeddable":true,"href":"https:\/\/www.keturist.sk\/info\/wp-json\/wp\/v2\/comments?post=2432"}],"version-history":[{"count":5,"href":"https:\/\/www.keturist.sk\/info\/wp-json\/wp\/v2\/pages\/2432\/revisions"}],"predecessor-version":[{"id":72662,"href":"https:\/\/www.keturist.sk\/info\/wp-json\/wp\/v2\/pages\/2432\/revisions\/72662"}],"wp:featuredmedia":[{"embeddable":true,"href":"https:\/\/www.keturist.sk\/info\/wp-json\/wp\/v2\/media\/36535"}],"wp:attachment":[{"href":"https:\/\/www.keturist.sk\/info\/wp-json\/wp\/v2\/media?parent=2432"}],"curies":[{"name":"wp","href":"https:\/\/api.w.org\/{rel}","templated":true}]}}