{"id":2375,"date":"2013-10-27T09:06:24","date_gmt":"2013-10-27T07:06:24","guid":{"rendered":"https:\/\/www.keturist.sk\/info\/?page_id=2375"},"modified":"2026-01-21T18:44:21","modified_gmt":"2026-01-21T17:44:21","slug":"hekerova-1260-m-n-m","status":"publish","type":"page","link":"https:\/\/www.keturist.sk\/info\/hekerova-1260-m-n-m\/","title":{"rendered":"Hekerov\u00e1 (1260 m n.m.)"},"content":{"rendered":"<a href=\"https:\/\/www.keturist.sk\/info\/\" class=\"su-button su-button-style-default\" style=\"color:#000000;background-color:#FFCF2F;border-color:#cca626;border-radius:5px\" target=\"_self\"><span style=\"color:#000000;padding:6px 16px;font-size:13px;line-height:20px;border-color:#ffde6e;border-radius:5px;text-shadow:none\"><i class=\"sui sui-arrow-right\" style=\"font-size:13px;color:#000000\"><\/i>  Spravodaj <\/span><\/a>\n<a href=\"https:\/\/www.keturist.sk\/info\/tipy-na-vylety\/\" class=\"su-button su-button-style-default\" style=\"color:#000000;background-color:#FFCF2F;border-color:#cca626;border-radius:5px\" target=\"_self\"><span style=\"color:#000000;padding:6px 16px;font-size:13px;line-height:20px;border-color:#ffde6e;border-radius:5px;text-shadow:none\"><i class=\"sui sui-arrow-right\" style=\"font-size:13px;color:#000000\"><\/i>  TIPY NA V\u00ddLETY <\/span><\/a>\n<a href=\"https:\/\/www.keturist.sk\/info\/kam-do-prirody\/\" class=\"su-button su-button-style-default\" style=\"color:#000000;background-color:#FFCF2F;border-color:#cca626;border-radius:5px\" target=\"_self\"><span style=\"color:#000000;padding:6px 16px;font-size:13px;line-height:20px;border-color:#ffde6e;border-radius:5px;text-shadow:none\"><i class=\"sui sui-arrow-right\" style=\"font-size:13px;color:#000000\"><\/i>  Kam do pr\u00edrody <\/span><\/a>\n<a href=\"https:\/\/www.keturist.sk\/info\/kam-do-prirody\/kam-do-prirody-smer-volovske-vrchy\/\" class=\"su-button su-button-style-default\" style=\"color:#000000;background-color:#FFCF2F;border-color:#cca626;border-radius:5px\" target=\"_self\"><span style=\"color:#000000;padding:6px 16px;font-size:13px;line-height:20px;border-color:#ffde6e;border-radius:5px;text-shadow:none\"><i class=\"sui sui-arrow-right\" style=\"font-size:13px;color:#000000\"><\/i>  Smer Volovsk\u00e9 vrchy <\/span><\/a>\n<div class=\"su-divider su-divider-style-default\" style=\"margin:15px 0;border-width:0px;border-color:#000000\"><\/div>\n<strong>Podkateg\u00f3ria: <\/strong> <a href=\"https:\/\/www.keturist.sk\/info\/kam-do-prirody\/kam-do-prirody-smer-volovske-vrchy\/vrchy-skaly-a-sedla\/\" class=\"su-button su-button-style-default\" style=\"color:#000000;background-color:#C5ED2C;border-color:#9ebe24;border-radius:5px\" target=\"_self\"><span style=\"color:#000000;padding:6px 16px;font-size:13px;line-height:20px;border-color:#d7f36c;border-radius:5px;text-shadow:none\"><i class=\"sui sui-arrow-right\" style=\"font-size:13px;color:#000000\"><\/i>  Vrchy, skaly a sedl\u00e1 <\/span><\/a>\n<p><strong>Lokaliz\u00e1cia: <\/strong><a href=\"https:\/\/www.keturist.sk\/info\/okolite-hory\/volovske-vrchy\/\">Volovsk\u00e9 vrchy<\/a><\/p>\n<div class=\"su-divider su-divider-style-default\" style=\"margin:15px 0;border-width:2px;border-color:#000000\"><\/div>\n<figure id=\"attachment_73551\" aria-describedby=\"caption-attachment-73551\" style=\"width: 900px\" class=\"wp-caption aligncenter\"><a href=\"https:\/\/www.keturist.sk\/info\/wp-content\/uploads\/2025\/12\/hekerova-zima.png\"><img loading=\"lazy\" decoding=\"async\" class=\"wp-image-73551\" src=\"https:\/\/www.keturist.sk\/info\/wp-content\/uploads\/2025\/12\/hekerova-zima-800x500.png\" alt=\"Hekerov\u00e1 (1260 m n.m.)\" width=\"900\" height=\"563\" srcset=\"https:\/\/www.keturist.sk\/info\/wp-content\/uploads\/2025\/12\/hekerova-zima-800x500.png 800w, https:\/\/www.keturist.sk\/info\/wp-content\/uploads\/2025\/12\/hekerova-zima-270x169.png 270w, https:\/\/www.keturist.sk\/info\/wp-content\/uploads\/2025\/12\/hekerova-zima-768x480.png 768w, https:\/\/www.keturist.sk\/info\/wp-content\/uploads\/2025\/12\/hekerova-zima.png 1280w\" sizes=\"auto, (max-width: 900px) 100vw, 900px\" \/><\/a><figcaption id=\"caption-attachment-73551\" class=\"wp-caption-text\">Hekerov\u00e1 (1260 m n.m.) v zime<\/figcaption><\/figure>\n<div class=\"su-divider su-divider-style-default\" style=\"margin:15px 0;border-width:2px;border-color:#000000\"><\/div>\n<h2 data-start=\"0\" data-end=\"47\"><span style=\"color: #800000;\">Hekerov\u00e1 \u2013 tich\u00e1 hora Volovsk\u00fdch vrchov<\/span><\/h2>\n<p data-start=\"49\" data-end=\"327\">Severne nad obcou <strong data-start=\"67\" data-end=\"77\">Uhorn\u00e1<\/strong> sa rozprestiera rozlo\u017eit\u00fd a pokojn\u00fd vrch <strong data-start=\"119\" data-end=\"146\">Hekerov\u00e1 (1260 m n. m.)<\/strong>, ukryt\u00fd v srdci <strong data-start=\"163\" data-end=\"184\">Volovsk\u00fdch vrchov<\/strong>. Tento h\u00f4\u013enat\u00fd kopec, patriaci do <strong data-start=\"219\" data-end=\"244\">Slovensk\u00e9ho rudohoria<\/strong>, je ide\u00e1lnym miestom pre t\u00fdch, ktor\u00ed h\u013eadaj\u00fa <strong data-start=\"290\" data-end=\"326\">prav\u00fa horsk\u00fa atmosf\u00e9ru bez davov<\/strong>.<\/p>\n<p data-start=\"329\" data-end=\"646\">Vrcholov\u00e9 partie Hekerovej maj\u00fa <strong data-start=\"361\" data-end=\"380\">h\u00f4\u013eny charakter<\/strong> a s\u00fa pokryt\u00e9 <strong data-start=\"394\" data-end=\"423\">brusnicami a \u010du\u010doriedkami<\/strong>, ktor\u00e9 v lete a na jese\u0148 l\u00e1kaj\u00fa turistov aj zbera\u010dov. Pr\u00e1ve odlesnen\u00e9 severn\u00e9 svahy pon\u00fakaj\u00fa <strong data-start=\"517\" data-end=\"543\">\u0161irok\u00e9 a tich\u00e9 v\u00fdh\u013eady<\/strong>.<\/p>\n<p data-start=\"648\" data-end=\"918\">Okolie vrchu je mimoriadne pestr\u00e9. N\u00e1jde\u0161 tu <strong data-start=\"693\" data-end=\"743\">horsk\u00e9 l\u00faky, pasienky, ra\u0161elinisk\u00e1, pramenisk\u00e1<\/strong> aj rozsiahle <strong data-start=\"757\" data-end=\"801\">bukov\u00e9, smrekov\u00e9 a jed\u013eovo-smrekov\u00e9 lesy<\/strong>. Ju\u017en\u00e9 svahy dop\u013a\u0148a aj <strong data-start=\"825\" data-end=\"865\">p\u00fatnick\u00e1 kaplnka Panne M\u00e1rii Sne\u017enej<\/strong>, ktor\u00e1 dotv\u00e1ra pokojn\u00fa a duchovn\u00fa atmosf\u00e9ru krajiny.<\/p>\n<p data-start=\"920\" data-end=\"1069\" data-is-last-node=\"\" data-is-only-node=\"\"><strong data-start=\"920\" data-end=\"932\">Hekerov\u00e1<\/strong> nie je vrch, ktor\u00fd ohrom\u00ed strmos\u0165ou \u2013 o\u010dar\u00ed v\u0161ak <strong data-start=\"982\" data-end=\"1015\">priestorom, tichom a v\u00fdh\u013eadmi<\/strong>, pri ktor\u00fdch m\u00e1\u0161 pocit, \u017ee hory patria len tebe.<\/p>\n<h2 class=\"ds-markdown-paragraph\"><span style=\"color: #800000;\">Odkia\u013e poch\u00e1dza n\u00e1zov a kde sa nach\u00e1dza vrch Hekerov\u00e1?<\/span><\/h2>\n<p class=\"ds-markdown-paragraph\"><strong>Hekerov\u00e1<\/strong>\u00a0patr\u00ed z geomorfologick\u00e9ho h\u013eadiska do oblasti Slovensk\u00e9ho rudohoria a jeho celku Volovsk\u00e9 vrchy, konkr\u00e9tne do podcelku Zlat\u00fd St\u00f4l. V minulosti sa tento vrch naz\u00fdval aj Cs\u00fckeresz alebo Heckerov\u00e1.<\/p>\n<h2 class=\"ds-markdown-paragraph\"><span style=\"color: #800000;\">Ak\u00fa nadmorsk\u00fa v\u00fd\u0161ku m\u00e1 vrch Hekerov\u00e1 a ak\u00fd je jeho charakter?<\/span><\/h2>\n<p class=\"ds-markdown-paragraph\">Nadmorsk\u00e1 v\u00fd\u0161ka vrchu <strong>Hekerov\u00e1<\/strong>\u00a0je 1260 m n. m. Ide o h\u00f4\u013enat\u00fd a rozlo\u017eit\u00fd kopec, ktor\u00fd le\u017e\u00ed na bo\u010dnom chrbte hlavn\u00e9ho hrebe\u0148a Volovsk\u00fdch vrchov.<\/p>\n<h2 class=\"ds-markdown-paragraph\"><span style=\"color: #800000;\">Ako sa dostanem na Hekerov\u00fa a kde sa presne nach\u00e1dza?<\/span><\/h2>\n<p class=\"ds-markdown-paragraph\">Tento vrch sa nach\u00e1dza severn\u00fdm smerom nad obcou Uhorn\u00e1. Jeho poloha je v\u00fdhodn\u00e1 pre n\u00e1v\u0161tevn\u00edkov h\u013eadaj\u00facich dostupn\u00fd, no pritom autentick\u00fd horsk\u00fd z\u00e1\u017eitok.<\/p>\n<h2 class=\"ds-markdown-paragraph\"><span style=\"color: #800000;\">Ak\u00fd je charakter vrcholovej \u010dasti a ak\u00e9 pon\u00faka v\u00fdh\u013eady?<\/span><\/h2>\n<p class=\"ds-markdown-paragraph\">Severn\u00e1 a\u017e severoz\u00e1padn\u00e1 strana vrcholovej \u010dasti <strong>Hekerovej<\/strong>\u00a0je odlesnen\u00e1 a m\u00e1 h\u00f4\u013eny charakter s po\u010detn\u00fdmi porastami\u00a0<strong>brusn\u00edc a \u010du\u010doriedok<\/strong>.<\/p>\n<p class=\"ds-markdown-paragraph\">Tieto odlesnen\u00e9 \u010dasti vrchu pon\u00fakaj\u00fa jedine\u010dn\u00e9\u00a0<strong>v\u00fdh\u013eady do okolia<\/strong>.<\/p>\n<p class=\"ds-markdown-paragraph\">Na severe je vidie\u0165 ne\u010falek\u00fd najvy\u0161\u0161\u00ed vrch Volovsk\u00fdch vrchov naz\u00fdvan\u00fd\u00a0<strong>Zlat\u00fd st\u00f4l (1322 m n. m.)<\/strong>, na severov\u00fdchode\u00a0<strong>Koj\u0161ovsk\u00fa ho\u013eu (1246 m n. m.)<\/strong>, na severoz\u00e1pade\u00a0<strong>Kr\u00e1\u013eov\u00fa ho\u013eu (1946 m n. m.)<\/strong>\u00a0a za priazniv\u00e9ho po\u010dasia na severe cel\u00e9\u00a0<strong>Vysok\u00e9 Tatry<\/strong>.<\/p>\n<h2 class=\"ds-markdown-paragraph\"><span style=\"color: #800000;\">\u010co m\u00f4\u017eem na Hekerovej a v jej okol\u00ed zbiera\u0165?<\/span><\/h2>\n<p class=\"ds-markdown-paragraph\"><strong>Hekerov\u00e1<\/strong>\u00a0ako aj okolit\u00e9 lesy a ve\u013ek\u00e9 l\u00faky s\u00fa pln\u00e9\u00a0<strong>lesn\u00fdch plodov<\/strong>. N\u00e1jdete tu mno\u017estvo\u00a0<strong>h\u00fab, \u010du\u010doriedok, brusn\u00edc, lesn\u00fdch jah\u00f4d, \u010dern\u00edc, mal\u00edn<\/strong>\u00a0a r\u00f4znych\u00a0<strong>lie\u010div\u00fdch a chr\u00e1nen\u00fdch rastl\u00edn<\/strong>.<\/p>\n<h2 class=\"ds-markdown-paragraph\"><span style=\"color: #800000;\">\u010co je typick\u00e9 pre pr\u00edrodn\u00e9 prostredie a biotopy na svahoch Hekerovej?<\/span><\/h2>\n<p class=\"ds-markdown-paragraph\">Na svahoch vrchu sa nach\u00e1dzaj\u00fa rozsiahle <strong>horsk\u00e9 ra\u0161elinisk\u00e1<\/strong>\u00a0v komplexe pramen\u00edsk a \u017eivn\u00fdch l\u00fak s ojedinel\u00fdm v\u00fdskytom niektor\u00fdch vz\u00e1cnych druhov rastl\u00edn. \u00dapln\u00fd tvar tohto prostredia dotv\u00e1raj\u00fa mohutn\u00e9 lesy, ktor\u00e9 striedaj\u00fa pekn\u00e9 horsk\u00e9 l\u00faky a pasienky.<\/p>\n<h2 class=\"ds-markdown-paragraph\"><span style=\"color: #800000;\">Ak\u00e9 s\u00fa rozdiely medzi jednotliv\u00fdmi svahmi a \u010das\u0165ami okolia?<\/span><\/h2>\n<p class=\"ds-markdown-paragraph\">V z\u00e1padnom a ju\u017enom okol\u00ed <strong>Hekerovej<\/strong>\u00a0sa nach\u00e1dzaj\u00fa \u0161irok\u00e9\u00a0<strong>horsk\u00e9 l\u00faky<\/strong>, ktor\u00e9 s\u00fa porasten\u00e9\u00a0<strong>kosodrevinou<\/strong>, porastmi\u00a0<strong>brusn\u00edc<\/strong>\u00a0a ojedinel\u00fdmi stromami. V\u00fdchodn\u00e1 a ju\u017en\u00e1 \u010das\u0165 okolia je naopak husto zalesnen\u00e1. Pokr\u00fdvaj\u00fa ju lesy, v ktor\u00fdch prevl\u00e1daj\u00fa rozli\u010dn\u00e9 typy\u00a0<strong>bu\u010d\u00edn, smrekov\u00e9 lesy a jed\u013eovo-smrekov\u00e9 lesy<\/strong>.<\/p>\n<p class=\"ds-markdown-paragraph\">V ni\u017e\u0161\u00edch poloh\u00e1ch s\u00fa zast\u00fapen\u00e9\u00a0<strong>dubovo-hrabov\u00e9 lesy<\/strong>.<\/p>\n<h2 class=\"ds-markdown-paragraph\"><span style=\"color: #800000;\">S\u00fa v okol\u00ed nejak\u00e9 \u010fal\u0161ie atrakcie \u010di v\u00fdh\u013eady?<\/span><\/h2>\n<p class=\"ds-markdown-paragraph\">Okolit\u00e9 horsk\u00e9 l\u00faky a pasienky pon\u00fakaj\u00fa n\u00e1dhern\u00e9 <strong>v\u00fdh\u013eady na okolit\u00e9 kopce a doliny<\/strong>. Pod jeho ju\u017en\u00fdm svahom sa nach\u00e1dza aj v\u00fdznamn\u00e1 kult\u00farna pamiatka \u2013\u00a0<strong>p\u00fatnick\u00e1 kaplnka Panne M\u00e1rii Sne\u017enej<\/strong>\u00a0pri obci Uhorn\u00e1.<\/p>\n<h2><span style=\"color: #800000; font-size: 24px;\">Ako sa dosta\u0165 na Hekerov\u00fa?<\/span><\/h2>\n<p><strong>Na vrch sa m\u00f4\u017eete dosta\u0165:<\/strong><\/p>\n<p><strong>1.)<\/strong> po\u00a0<img loading=\"lazy\" decoding=\"async\" class=\"alignnone wp-image-21625 size-full\" src=\"https:\/\/www.keturist.sk\/info\/wp-content\/uploads\/2013\/11\/zlta.png\" alt=\"\" width=\"20\" height=\"21\" srcset=\"https:\/\/www.keturist.sk\/info\/wp-content\/uploads\/2013\/11\/zlta.png 20w, https:\/\/www.keturist.sk\/info\/wp-content\/uploads\/2013\/11\/zlta-19x20.png 19w\" sizes=\"auto, (max-width: 20px) 100vw, 20px\" \/> \u017eltej turistickej trase\u00a0z obce <a href=\"https:\/\/www.keturist.sk\/info\/smer-volovske-vrchy\/obec-smolnik\/\">Smoln\u00edk<\/a><br \/>\n<strong>2.)<\/strong> po kombinovan\u00fdch tras\u00e1ch z <a href=\"https:\/\/www.keturist.sk\/info\/vrchy-skaly-a-sedla\/uhornianske-sedlo-999-m-n-m\/\">\u00dahorniansk\u00e9ho sedla<\/a> .<\/p>\n<h2><span style=\"color: #800000;\">Fotogal\u00e9ria<\/span><\/h2>\n<style type=\"text\/css\">\n#foogallery-gallery-72648 .fg-image { width: 200px; }<\/style>\n\t\t\t<div class=\"foogallery foogallery-container foogallery-carousel foogallery-lightbox-foogallery fg-carousel fg-ready fg-light fg-border-medium fg-round-small fg-shadow-medium fg-loading-default fg-loaded-fade-in fg-hover-semi-zoomed fg-hover-fade fg-hover-circle-plus2\" id=\"foogallery-gallery-72648\" data-foogallery=\"{&quot;item&quot;:{&quot;showCaptionTitle&quot;:true,&quot;showCaptionDescription&quot;:true},&quot;lazy&quot;:true,&quot;template&quot;:{&quot;maxItems&quot;:5,&quot;scale&quot;:0.11999999999999999555910790149937383830547332763671875,&quot;gutter&quot;:{&quot;min&quot;:-40,&quot;max&quot;:-20,&quot;unit&quot;:&quot;%&quot;},&quot;autoplay&quot;:{&quot;time&quot;:0,&quot;interaction&quot;:&quot;pause&quot;},&quot;centerOnClick&quot;:true,&quot;align&quot;:&quot;center&quot;,&quot;activePosition&quot;:&quot;center&quot;}}\" data-foogallery-lightbox=\"{&quot;thumbs&quot;:&quot;bottom&quot;,&quot;thumbsCaptions&quot;:false,&quot;thumbsBestFit&quot;:false,&quot;thumbsSmall&quot;:false,&quot;thumbsCaptionsAlign&quot;:&quot;default&quot;,&quot;info&quot;:&quot;bottom&quot;,&quot;infoVisible&quot;:true,&quot;infoOverlay&quot;:true,&quot;infoAlign&quot;:&quot;default&quot;,&quot;transition&quot;:&quot;fade&quot;,&quot;hoverButtons&quot;:false,&quot;fitMedia&quot;:false,&quot;noScrollbars&quot;:true,&quot;preserveButtonSpace&quot;:true,&quot;buttons&quot;:{&quot;fullscreen&quot;:true,&quot;info&quot;:true,&quot;thumbs&quot;:false},&quot;video&quot;:{&quot;autoPlay&quot;:true}}\" style=\"--fg-title-line-clamp: 1; --fg-description-line-clamp: 2;\" >\n\t<button type=\"button\" class=\"fg-carousel-prev\" title=\"Previous\"><\/button>\n\t<div class=\"fg-carousel-inner\">\n\t\t<div class=\"fg-carousel-center\"><\/div>\n\t\t<div class=\"fg-item fg-type-image fg-idle\"><figure class=\"fg-item-inner\"><a href=\"https:\/\/www.keturist.sk\/info\/wp-content\/uploads\/2020\/12\/hekerov5.jpeg\" data-caption-title=\"Hekerov\u00e1 (1260 m n.m.)\" data-caption-desc=\"Hekerov\u00e1 \u2013 vrcholov\u00e1 \u010das\u0165, Zdroj foto: Muro Miron Jesensky (www.eastern-slovakia.com)\" data-attachment-id=\"36490\" data-type=\"image\" class=\"fg-thumb\"><span class=\"fg-image-wrap\"><img decoding=\"async\" alt=\"Hekerov\u00e1 (1260 m n.m.)\" title=\"Hekerov\u00e1 (1260 m n.m.)\" width=\"200\" height=\"200\" class=\"skip-lazy fg-image\" data-src-fg=\"https:\/\/www.keturist.sk\/info\/wp-content\/uploads\/cache\/2020\/12\/hekerov5\/1713090794.jpeg\" src=\"data:image\/svg+xml,%3Csvg%20xmlns%3D%22http%3A%2F%2Fwww.w3.org%2F2000%2Fsvg%22%20width%3D%22200%22%20height%3D%22200%22%20viewBox%3D%220%200%20200%20200%22%3E%3C%2Fsvg%3E\" loading=\"eager\"><\/span><span class=\"fg-image-overlay\"><\/span><\/a><figcaption class=\"fg-caption\"><div class=\"fg-caption-inner\"><div class=\"fg-caption-title\">Hekerov\u00e1 (1260 m n.m.)<\/div><div class=\"fg-caption-desc\">Hekerov\u00e1 \u2013 vrcholov\u00e1 \u010das\u0165, Zdroj foto: Muro Miron Jesensky (www.eastern-slovakia.com)<\/div><\/div><\/figcaption><\/figure><div class=\"fg-loader\"><\/div><\/div><div class=\"fg-item fg-type-image fg-idle\"><figure class=\"fg-item-inner\"><a href=\"https:\/\/www.keturist.sk\/info\/wp-content\/uploads\/2020\/12\/hekerova1-1.jpg\" data-caption-title=\"Hekerov\u00e1 (1260 m n.m.)\" data-attachment-id=\"36489\" data-type=\"image\" class=\"fg-thumb\"><span class=\"fg-image-wrap\"><img decoding=\"async\" alt=\"Hekerov\u00e1 (1260 m n.m.)\" title=\"Hekerov\u00e1 (1260 m n.m.)\" width=\"200\" height=\"200\" class=\"skip-lazy fg-image\" data-src-fg=\"https:\/\/www.keturist.sk\/info\/wp-content\/uploads\/cache\/2020\/12\/hekerova1-1\/1462575005.jpg\" src=\"data:image\/svg+xml,%3Csvg%20xmlns%3D%22http%3A%2F%2Fwww.w3.org%2F2000%2Fsvg%22%20width%3D%22200%22%20height%3D%22200%22%20viewBox%3D%220%200%20200%20200%22%3E%3C%2Fsvg%3E\" loading=\"eager\"><\/span><span class=\"fg-image-overlay\"><\/span><\/a><figcaption class=\"fg-caption\"><div class=\"fg-caption-inner\"><div class=\"fg-caption-title\">Hekerov\u00e1 (1260 m n.m.)<\/div><\/div><\/figcaption><\/figure><div class=\"fg-loader\"><\/div><\/div><div class=\"fg-item fg-type-image fg-idle\"><figure class=\"fg-item-inner\"><a href=\"https:\/\/www.keturist.sk\/info\/wp-content\/uploads\/2020\/12\/hekerova3.jpg\" data-caption-title=\"Hekerov\u00e1 (1260 m n.m.)\" data-attachment-id=\"36491\" data-type=\"image\" class=\"fg-thumb\"><span class=\"fg-image-wrap\"><img decoding=\"async\" alt=\"Hekerov\u00e1 (1260 m n.m.)\" title=\"Hekerov\u00e1 (1260 m n.m.)\" width=\"200\" height=\"200\" class=\"skip-lazy fg-image\" data-src-fg=\"https:\/\/www.keturist.sk\/info\/wp-content\/uploads\/cache\/2020\/12\/hekerova3\/3944800954.jpg\" src=\"data:image\/svg+xml,%3Csvg%20xmlns%3D%22http%3A%2F%2Fwww.w3.org%2F2000%2Fsvg%22%20width%3D%22200%22%20height%3D%22200%22%20viewBox%3D%220%200%20200%20200%22%3E%3C%2Fsvg%3E\" loading=\"eager\"><\/span><span class=\"fg-image-overlay\"><\/span><\/a><figcaption class=\"fg-caption\"><div class=\"fg-caption-inner\"><div class=\"fg-caption-title\">Hekerov\u00e1 (1260 m n.m.)<\/div><\/div><\/figcaption><\/figure><div class=\"fg-loader\"><\/div><\/div><div class=\"fg-item fg-type-image fg-idle\"><figure class=\"fg-item-inner\"><a href=\"https:\/\/www.keturist.sk\/info\/wp-content\/uploads\/2020\/12\/hekerov4.jpeg\" data-caption-title=\"Hekerov\u00e1 (1260 m n.m.)\" data-caption-desc=\"Hekerov\u00e1 \u2013 vrcholov\u00e1 \u010das\u0165, Zdroj foto: Muro Miron Jesensky (www.eastern-slovakia.com)\" data-attachment-id=\"36488\" data-type=\"image\" class=\"fg-thumb\"><span class=\"fg-image-wrap\"><img decoding=\"async\" alt=\"Hekerov\u00e1 (1260 m n.m.)\" title=\"Hekerov\u00e1 (1260 m n.m.)\" width=\"200\" height=\"200\" class=\"skip-lazy fg-image\" data-src-fg=\"https:\/\/www.keturist.sk\/info\/wp-content\/uploads\/cache\/2020\/12\/hekerov4\/1144632527.jpeg\" src=\"data:image\/svg+xml,%3Csvg%20xmlns%3D%22http%3A%2F%2Fwww.w3.org%2F2000%2Fsvg%22%20width%3D%22200%22%20height%3D%22200%22%20viewBox%3D%220%200%20200%20200%22%3E%3C%2Fsvg%3E\" loading=\"eager\"><\/span><span class=\"fg-image-overlay\"><\/span><\/a><figcaption class=\"fg-caption\"><div class=\"fg-caption-inner\"><div class=\"fg-caption-title\">Hekerov\u00e1 (1260 m n.m.)<\/div><div class=\"fg-caption-desc\">Hekerov\u00e1 \u2013 vrcholov\u00e1 \u010das\u0165, Zdroj foto: Muro Miron Jesensky (www.eastern-slovakia.com)<\/div><\/div><\/figcaption><\/figure><div class=\"fg-loader\"><\/div><\/div><div class=\"fg-item fg-type-image fg-idle\"><figure class=\"fg-item-inner\"><a href=\"https:\/\/www.keturist.sk\/info\/wp-content\/uploads\/2020\/12\/hekerova.jpg\" data-caption-title=\"Hekerov\u00e1 (1260 m n.m.)\" data-caption-desc=\"Poh\u013ead z Hekerovej na Vysok\u00e9 Tatry\" data-attachment-id=\"36487\" data-type=\"image\" class=\"fg-thumb\"><span class=\"fg-image-wrap\"><img decoding=\"async\" alt=\"Hekerov\u00e1 (1260 m n.m.)\" title=\"Hekerov\u00e1 (1260 m n.m.)\" width=\"200\" height=\"200\" class=\"skip-lazy fg-image\" data-src-fg=\"https:\/\/www.keturist.sk\/info\/wp-content\/uploads\/cache\/2020\/12\/hekerova\/974918181.jpg\" src=\"data:image\/svg+xml,%3Csvg%20xmlns%3D%22http%3A%2F%2Fwww.w3.org%2F2000%2Fsvg%22%20width%3D%22200%22%20height%3D%22200%22%20viewBox%3D%220%200%20200%20200%22%3E%3C%2Fsvg%3E\" loading=\"eager\"><\/span><span class=\"fg-image-overlay\"><\/span><\/a><figcaption class=\"fg-caption\"><div class=\"fg-caption-inner\"><div class=\"fg-caption-title\">Hekerov\u00e1 (1260 m n.m.)<\/div><div class=\"fg-caption-desc\">Poh\u013ead z Hekerovej na Vysok\u00e9 Tatry<\/div><\/div><\/figcaption><\/figure><div class=\"fg-loader\"><\/div><\/div><div class=\"fg-item fg-type-image fg-idle\"><figure class=\"fg-item-inner\"><a href=\"https:\/\/www.keturist.sk\/info\/wp-content\/uploads\/2020\/11\/sedlo-pod-malo-hekerovou.jpeg\" data-caption-title=\"Hekerov\u00e1 (1260 m n.m.) - sedlo po malou Hekerovou\" data-attachment-id=\"35614\" data-type=\"image\" class=\"fg-thumb\"><span class=\"fg-image-wrap\"><img decoding=\"async\" alt=\"Hekerov\u00e1 (1260 m n.m.)\" title=\"Hekerov\u00e1 (1260 m n.m.) - sedlo po malou Hekerovou\" width=\"200\" height=\"200\" class=\"skip-lazy fg-image\" data-src-fg=\"https:\/\/www.keturist.sk\/info\/wp-content\/uploads\/cache\/2020\/11\/sedlo-pod-malo-hekerovou\/2044437113.jpeg\" src=\"data:image\/svg+xml,%3Csvg%20xmlns%3D%22http%3A%2F%2Fwww.w3.org%2F2000%2Fsvg%22%20width%3D%22200%22%20height%3D%22200%22%20viewBox%3D%220%200%20200%20200%22%3E%3C%2Fsvg%3E\" loading=\"eager\"><\/span><span class=\"fg-image-overlay\"><\/span><\/a><figcaption class=\"fg-caption\"><div class=\"fg-caption-inner\"><div class=\"fg-caption-title\">Hekerov\u00e1 (1260 m n.m.) - sedlo po malou Hekerovou<\/div><\/div><\/figcaption><\/figure><div class=\"fg-loader\"><\/div><\/div><div class=\"fg-item fg-type-image fg-idle\"><figure class=\"fg-item-inner\"><a href=\"https:\/\/www.keturist.sk\/info\/wp-content\/uploads\/2025\/12\/hekerova-zima.png\" data-caption-title=\"Hekerov\u00e1 (1260 m n.m.)\" data-caption-desc=\"Hekerov\u00e1 (1260 m n.m.) v zime\" data-attachment-id=\"73551\" data-type=\"image\" class=\"fg-thumb\"><span class=\"fg-image-wrap\"><img decoding=\"async\" alt=\"Hekerov\u00e1 (1260 m n.m.)\" title=\"Hekerov\u00e1 (1260 m n.m.)\" width=\"200\" height=\"200\" class=\"skip-lazy fg-image\" data-src-fg=\"https:\/\/www.keturist.sk\/info\/wp-content\/uploads\/cache\/2025\/12\/hekerova-zima\/3876328309.png\" src=\"data:image\/svg+xml,%3Csvg%20xmlns%3D%22http%3A%2F%2Fwww.w3.org%2F2000%2Fsvg%22%20width%3D%22200%22%20height%3D%22200%22%20viewBox%3D%220%200%20200%20200%22%3E%3C%2Fsvg%3E\" loading=\"eager\"><\/span><span class=\"fg-image-overlay\"><\/span><\/a><figcaption class=\"fg-caption\"><div class=\"fg-caption-inner\"><div class=\"fg-caption-title\">Hekerov\u00e1 (1260 m n.m.)<\/div><div class=\"fg-caption-desc\">Hekerov\u00e1 (1260 m n.m.) v zime<\/div><\/div><\/figcaption><\/figure><div class=\"fg-loader\"><\/div><\/div><div class=\"fg-item fg-type-image fg-idle\"><figure class=\"fg-item-inner\"><a href=\"https:\/\/www.keturist.sk\/info\/wp-content\/uploads\/2025\/12\/hekerova-leto.png\" data-caption-title=\"Hekerov\u00e1 (1260 m n.m.)\" data-attachment-id=\"73553\" data-type=\"image\" class=\"fg-thumb\"><span class=\"fg-image-wrap\"><img decoding=\"async\" alt=\"Hekerov\u00e1 (1260 m n.m.)\" title=\"Hekerov\u00e1 (1260 m n.m.)\" width=\"200\" height=\"200\" class=\"skip-lazy fg-image\" data-src-fg=\"https:\/\/www.keturist.sk\/info\/wp-content\/uploads\/cache\/2025\/12\/hekerova-leto\/507911896.png\" src=\"data:image\/svg+xml,%3Csvg%20xmlns%3D%22http%3A%2F%2Fwww.w3.org%2F2000%2Fsvg%22%20width%3D%22200%22%20height%3D%22200%22%20viewBox%3D%220%200%20200%20200%22%3E%3C%2Fsvg%3E\" loading=\"eager\"><\/span><span class=\"fg-image-overlay\"><\/span><\/a><figcaption class=\"fg-caption\"><div class=\"fg-caption-inner\"><div class=\"fg-caption-title\">Hekerov\u00e1 (1260 m n.m.)<\/div><\/div><\/figcaption><\/figure><div class=\"fg-loader\"><\/div><\/div>\t<\/div>\n\t<div class=\"fg-carousel-bottom\"><\/div>\n\t<div class=\"fg-carousel-progress\"><\/div>\n\t<button type=\"button\" class=\"fg-carousel-next\" title=\"Next\"><\/button>\n<\/div>\n<h2><span style=\"color: #800000;\">Zauj\u00edmav\u00e9 odkazy<\/span><\/h2>\n<h3><span style=\"color: #808000;\">Okolit\u00e9 Stredisk\u00e1 a centr\u00e1<\/span><\/h3>\n<ul>\n<li><a href=\"https:\/\/www.keturist.sk\/info\/smer-volovske-vrchy\/obec-uhorna\/\">Obec \u00dahorn\u00e1 (\u010d\u00edtaj viac&#8230;)<\/a><\/li>\n<\/ul>\n<ul>\n<li><a href=\"https:\/\/www.keturist.sk\/info\/smer-volovske-vrchy\/obec-smolnik\/\">Obec Smoln\u00edk (\u010d\u00edtaj viac&#8230;)<\/a><\/li>\n<\/ul>\n<h2><span style=\"color: #800000;\">Mapy<\/span><\/h2>\n<p><strong>Vrstvy: <\/strong>Turistick\u00e1 mapa, Automapa, Cyklomapa, Ly\u017eiarska mapa, Satelitn\u00e1 mapa a OpenStreetMap.<\/p>\n<p><strong>Kliknut\u00edm na logo &#8222;Freemap.sk&#8220; sa V\u00e1m mapa zobraz\u00ed na celej ploche obrazovky.<\/strong><\/p>\n<p><iframe style=\"width: 900px; height: 500px; border: 0;\" src=\"https:\/\/www.freemap.sk\/?map=14\/48.734908\/20.664639&amp;info-point=48.734908\/20.664639,Hekerov\u00e1 (1260 m n.m.)&amp;layers=X&amp;embed=search\" allowfullscreen=\"allowfullscreen\"><span data-mce-type=\"bookmark\" style=\"display: inline-block; width: 0px; overflow: hidden; line-height: 0;\" class=\"mce_SELRES_start\">\ufeff<\/span><span data-mce-type=\"bookmark\" style=\"display: inline-block; width: 0px; overflow: hidden; line-height: 0;\" class=\"mce_SELRES_start\">\ufeff<\/span><\/iframe><\/p>\n<h2><span style=\"color: #800000;\">Po\u010dasie<\/span><\/h2>\n<p><iframe style=\"width: 900px; height: 610px;\" src=\"https:\/\/www.meteoblue.com\/sk\/po%C4%8Dasie\/widget\/three\/48.738N20.665E1170_Europe%2FBratislava?geoloc=fixed&amp;nocurrent=0&amp;noforecast=0&amp;days=5&amp;tempunit=CELSIUS&amp;windunit=KILOMETER_PER_HOUR&amp;layout=image\" frameborder=\"0\" scrolling=\"NO\" sandbox=\"allow-same-origin allow-scripts allow-popups allow-popups-to-escape-sandbox\"><\/iframe><\/p>\n<div><!-- DO NOT REMOVE THIS LINK --><a href=\"https:\/\/www.meteoblue.com\/sk\/po%C4%8Dasie\/predpove%C4%8F\/t%C3%BD%C5%BEde%C5%88\/48.738N20.665E1170_Europe%2FBratislava?utm_source=weather_widget&amp;utm_medium=linkus&amp;utm_content=three&amp;utm_campaign=Weather%2BWidget\" target=\"_blank\" rel=\"noopener noreferrer\">meteoblue<\/a><\/div>\n<p>&nbsp;<\/p>\n","protected":false},"excerpt":{"rendered":"<p>Podkateg\u00f3ria: Lokaliz\u00e1cia: Volovsk\u00e9 vrchy Hekerov\u00e1 \u2013 tich\u00e1 hora Volovsk\u00fdch vrchov Severne nad obcou Uhorn\u00e1 sa rozprestiera rozlo\u017eit\u00fd a pokojn\u00fd vrch Hekerov\u00e1 (1260 m n. m.), ukryt\u00fd v srdci Volovsk\u00fdch vrchov. [&hellip;]<\/p>\n","protected":false},"author":1,"featured_media":73551,"parent":0,"menu_order":0,"comment_status":"closed","ping_status":"closed","template":"","meta":{"_uag_custom_page_level_css":"","_monsterinsights_skip_tracking":false,"_monsterinsights_sitenote_active":false,"_monsterinsights_sitenote_note":"","_monsterinsights_sitenote_category":0,"footnotes":""},"class_list":["post-2375","page","type-page","status-publish","has-post-thumbnail","hentry"],"featured_image_src":"https:\/\/www.keturist.sk\/info\/wp-content\/uploads\/2025\/12\/hekerova-zima.png","featured_image_src_square":"https:\/\/www.keturist.sk\/info\/wp-content\/uploads\/2025\/12\/hekerova-zima.png","rbea_author_info":{"display_name":"admin","author_link":"https:\/\/www.keturist.sk\/info\/author\/admin\/"},"rbea_excerpt_info":"Podkateg\u00f3ria: Lokaliz\u00e1cia: Volovsk\u00e9 vrchy Hekerov\u00e1 \u2013 tich\u00e1 hora Volovsk\u00fdch vrchov Severne nad obcou Uhorn\u00e1 sa rozprestiera rozlo\u017eit\u00fd a pokojn\u00fd vrch Hekerov\u00e1 (1260 m n. m.), ukryt\u00fd v srdci Volovsk\u00fdch vrchov. [&hellip;]","uagb_featured_image_src":{"full":["https:\/\/www.keturist.sk\/info\/wp-content\/uploads\/2025\/12\/hekerova-zima.png",1280,800,false],"thumbnail":["https:\/\/www.keturist.sk\/info\/wp-content\/uploads\/2025\/12\/hekerova-zima-270x169.png",270,169,true],"medium":["https:\/\/www.keturist.sk\/info\/wp-content\/uploads\/2025\/12\/hekerova-zima-800x500.png",800,500,true],"medium_large":["https:\/\/www.keturist.sk\/info\/wp-content\/uploads\/2025\/12\/hekerova-zima-768x480.png",768,480,true],"large":["https:\/\/www.keturist.sk\/info\/wp-content\/uploads\/2025\/12\/hekerova-zima.png",1280,800,false],"1536x1536":["https:\/\/www.keturist.sk\/info\/wp-content\/uploads\/2025\/12\/hekerova-zima.png",1280,800,false],"2048x2048":["https:\/\/www.keturist.sk\/info\/wp-content\/uploads\/2025\/12\/hekerova-zima.png",1280,800,false]},"uagb_author_info":{"display_name":"admin","author_link":"https:\/\/www.keturist.sk\/info\/author\/admin\/"},"uagb_comment_info":0,"uagb_excerpt":"Podkateg\u00f3ria: Lokaliz\u00e1cia: Volovsk\u00e9 vrchy Hekerov\u00e1 \u2013 tich\u00e1 hora Volovsk\u00fdch vrchov Severne nad obcou Uhorn\u00e1 sa rozprestiera rozlo\u017eit\u00fd a pokojn\u00fd vrch Hekerov\u00e1 (1260 m n. m.), ukryt\u00fd v srdci Volovsk\u00fdch vrchov. [&hellip;]","_links":{"self":[{"href":"https:\/\/www.keturist.sk\/info\/wp-json\/wp\/v2\/pages\/2375","targetHints":{"allow":["GET"]}}],"collection":[{"href":"https:\/\/www.keturist.sk\/info\/wp-json\/wp\/v2\/pages"}],"about":[{"href":"https:\/\/www.keturist.sk\/info\/wp-json\/wp\/v2\/types\/page"}],"author":[{"embeddable":true,"href":"https:\/\/www.keturist.sk\/info\/wp-json\/wp\/v2\/users\/1"}],"replies":[{"embeddable":true,"href":"https:\/\/www.keturist.sk\/info\/wp-json\/wp\/v2\/comments?post=2375"}],"version-history":[{"count":8,"href":"https:\/\/www.keturist.sk\/info\/wp-json\/wp\/v2\/pages\/2375\/revisions"}],"predecessor-version":[{"id":73552,"href":"https:\/\/www.keturist.sk\/info\/wp-json\/wp\/v2\/pages\/2375\/revisions\/73552"}],"wp:featuredmedia":[{"embeddable":true,"href":"https:\/\/www.keturist.sk\/info\/wp-json\/wp\/v2\/media\/73551"}],"wp:attachment":[{"href":"https:\/\/www.keturist.sk\/info\/wp-json\/wp\/v2\/media?parent=2375"}],"curies":[{"name":"wp","href":"https:\/\/api.w.org\/{rel}","templated":true}]}}