{"id":19309,"date":"2016-10-31T10:13:38","date_gmt":"2016-10-31T09:13:38","guid":{"rendered":"https:\/\/www.keturist.sk\/info\/?page_id=19309"},"modified":"2025-12-07T09:00:42","modified_gmt":"2025-12-07T08:00:42","slug":"vrchy-skaly-a-sedla","status":"publish","type":"page","link":"https:\/\/www.keturist.sk\/info\/kam-do-prirody\/kam-do-prirody-smer-cierna-hora\/vrchy-skaly-a-sedla\/","title":{"rendered":"Vrchy, skaly a sedl\u00e1"},"content":{"rendered":"<a href=\"https:\/\/www.keturist.sk\/info\/\" class=\"su-button su-button-style-default\" style=\"color:#000000;background-color:#FFCF2F;border-color:#cca626;border-radius:5px\" target=\"_self\"><span style=\"color:#000000;padding:6px 16px;font-size:13px;line-height:20px;border-color:#ffde6e;border-radius:5px;text-shadow:none\"><i class=\"sui sui-arrow-right\" style=\"font-size:13px;color:#000000\"><\/i>  Spravodaj <\/span><\/a>\n<a href=\"https:\/\/www.keturist.sk\/info\/tipy-na-vylety\/\" class=\"su-button su-button-style-default\" style=\"color:#000000;background-color:#FFCF2F;border-color:#cca626;border-radius:5px\" target=\"_self\"><span style=\"color:#000000;padding:6px 16px;font-size:13px;line-height:20px;border-color:#ffde6e;border-radius:5px;text-shadow:none\"><i class=\"sui sui-arrow-right\" style=\"font-size:13px;color:#000000\"><\/i>  TIPY NA V\u00ddLETY <\/span><\/a>\n<a href=\"https:\/\/www.keturist.sk\/info\/kam-do-prirody\/\" class=\"su-button su-button-style-default\" style=\"color:#000000;background-color:#FFCF2F;border-color:#cca626;border-radius:5px\" target=\"_self\"><span style=\"color:#000000;padding:6px 16px;font-size:13px;line-height:20px;border-color:#ffde6e;border-radius:5px;text-shadow:none\"><i class=\"sui sui-arrow-right\" style=\"font-size:13px;color:#000000\"><\/i>  Kam do pr\u00edrody <\/span><\/a>\n<a href=\"https:\/\/www.keturist.sk\/info\/kam-do-prirody\/kam-do-prirody-smer-cierna-hora\/\" class=\"su-button su-button-style-default\" style=\"color:#000000;background-color:#FFCF2F;border-color:#cca626;border-radius:5px\" target=\"_self\"><span style=\"color:#000000;padding:6px 16px;font-size:13px;line-height:20px;border-color:#ffde6e;border-radius:5px;text-shadow:none\"><i class=\"sui sui-arrow-right\" style=\"font-size:13px;color:#000000\"><\/i>  Smer \u010cierna hora <\/span><\/a>\n<div class=\"su-divider su-divider-style-default\" style=\"margin:15px 0;border-width:0px;border-color:#000000\"><\/div>\n<p><strong>Podkateg\u00f3ria: <\/strong> <a href=\"https:\/\/www.keturist.sk\/info\/kam-do-prirody\/kam-do-prirody-smer-cierna-hora\/vrchy-skaly-a-sedla\/\" class=\"su-button su-button-style-default\" style=\"color:#000000;background-color:#afd144;border-color:#8ca837;border-radius:5px\" target=\"_self\"><span style=\"color:#000000;padding:6px 16px;font-size:13px;line-height:20px;border-color:#c7df7d;border-radius:5px;text-shadow:none\"><i class=\"sui sui-arrow-right\" style=\"font-size:13px;color:#000000\"><\/i>  Vrchy, skaly a sedl\u00e1 <\/span><\/a>\n<div class=\"su-divider su-divider-style-default\" style=\"margin:15px 0;border-width:3px;border-color:#000000\"><\/div>\n<div id=\"metaslider-id-6117\" style=\"max-width: 800px; margin: 0 auto;\" class=\"ml-slider-3-108-0 metaslider metaslider-flex metaslider-6117 ml-slider ms-theme-default nav-hidden\" role=\"region\" aria-label=\"Bok\u0161ovsk\u00e9 skaly (720 m n.m.) a Bok\u0161ov (810 m n.m.)\" data-height=\"250\" data-width=\"800\">\n    <div id=\"metaslider_container_6117\">\n        <div id=\"metaslider_6117\" class=\"flexslider\">\n            <ul class='slides'>\n                <li style=\"display: block; width: 100%;\" class=\"slide-36323 ms-image \" aria-roledescription=\"slide\" data-date=\"2020-12-18 15:29:17\" data-filename=\"boksov3-800x250.jpg\" data-slide-type=\"image\"><a href=\"https:\/\/www.keturist.sk\/info\/vrchy-skaly-a-sedla\/boksovske-skaly-720-m-n-m-a-boksov-810-m-n-m\/\" target=\"_self\" aria-label=\"View Slide Details\" class=\"metaslider_image_link\"><img loading=\"lazy\" decoding=\"async\" src=\"https:\/\/www.keturist.sk\/info\/wp-content\/uploads\/2020\/12\/boksov3-800x250.jpg\" height=\"250\" width=\"800\" alt=\"Bok\u0161ovsk\u00e9 skaly a vrch Bok\u0161ov (810 m n.m.)\" class=\"slider-6117 slide-36323 msDefaultImage\" title=\"Bok\u0161ovsk\u00e9 skaly a vrch Bok\u0161ov (810 m n.m.)\" \/><\/a><div class=\"caption-wrap\"><div class=\"caption\"><b><a href=\"https:\/\/www.keturist.sk\/info\/vrchy-skaly-a-sedla\/boksovske-skaly-720-m-n-m-a-boksov-810-m-n-m\/\"><span style=\"color:#FFFF00;\">Bok\u0161ovsk\u00e9 skaly  a vrch Bok\u0161ov (810 m n.m.)<\/span><\/a><\/b><\/div><\/div><\/li>\n            <\/ul>\n        <\/div>\n        \n    <\/div>\n<\/div>\n<div id=\"metaslider-id-6124\" style=\"max-width: 800px; margin: 0 auto;\" class=\"ml-slider-3-108-0 metaslider metaslider-flex metaslider-6124 ml-slider ms-theme-default nav-hidden nav-hidden\" role=\"region\" aria-label=\"Sivec [781 m n.m.]\" data-height=\"250\" data-width=\"800\">\n    <div id=\"metaslider_container_6124\">\n        <div id=\"metaslider_6124\" class=\"flexslider\">\n            <ul class='slides'>\n                <li style=\"display: block; width: 100%;\" class=\"slide-36325 ms-image \" aria-roledescription=\"slide\" data-date=\"2020-12-18 15:31:42\" data-filename=\"sivec2-800x250.jpg\" data-slide-type=\"image\"><a href=\"https:\/\/www.keturist.sk\/info\/vrchy-skaly-a-sedla\/vrch-sivec-781-m-n-m\/\" target=\"_self\" aria-label=\"View Slide Details\" class=\"metaslider_image_link\"><img loading=\"lazy\" decoding=\"async\" src=\"https:\/\/www.keturist.sk\/info\/wp-content\/uploads\/2020\/12\/sivec2-800x250.jpg\" height=\"250\" width=\"800\" alt=\"\" class=\"slider-6124 slide-36325 msDefaultImage\" title=\"sivec2\" \/><\/a><div class=\"caption-wrap\"><div class=\"caption\"><b><a href=\"https:\/\/www.keturist.sk\/info\/vrchy-skaly-a-sedla\/vrch-sivec-781-m-n-m\/\"><span style=\"color:#FFFF00;\">Sivec (781 m n.m.)<\/span><\/a><\/b><\/div><\/div><\/li>\n            <\/ul>\n        <\/div>\n        \n    <\/div>\n<\/div>\n<div id=\"metaslider-id-6127\" style=\"max-width: 800px; margin: 0 auto;\" class=\"ml-slider-3-108-0 metaslider metaslider-flex metaslider-6127 ml-slider ms-theme-default nav-hidden nav-hidden nav-hidden\" role=\"region\" aria-label=\"Jano\u0161\u00edkov\u00e1 ba\u0161ta\" data-height=\"250\" data-width=\"800\">\n    <div id=\"metaslider_container_6127\">\n        <div id=\"metaslider_6127\" class=\"flexslider\">\n            <ul class='slides'>\n                <li style=\"display: block; width: 100%;\" class=\"slide-44770 ms-image \" aria-roledescription=\"slide\" data-date=\"2021-12-10 07:56:39\" data-filename=\"janosikova-basta2-800x250.jpg\" data-slide-type=\"image\"><a href=\"https:\/\/www.keturist.sk\/info\/vrchy-skaly-a-sedla\/janosikova-basta-523-m-n-m\/\" target=\"_self\" aria-label=\"View Slide Details\" class=\"metaslider_image_link\"><img loading=\"lazy\" decoding=\"async\" src=\"https:\/\/www.keturist.sk\/info\/wp-content\/uploads\/2021\/12\/janosikova-basta2-800x250.jpg\" height=\"250\" width=\"800\" alt=\"J\u00e1no\u0161\u00edkova ba\u0161ta\" class=\"slider-6127 slide-44770 msDefaultImage\" title=\"J\u00e1no\u0161\u00edkova ba\u0161ta (523 m n.m.)\" \/><\/a><div class=\"caption-wrap\"><div class=\"caption\"><b><a><span style=\"color:#FFFF00;\">J\u00e1no\u0161\u00edkova ba\u0161ta (523 m n.m.) + skalolezenie\n<\/span><\/a><\/b><\/div><\/div><\/li>\n            <\/ul>\n        <\/div>\n        \n    <\/div>\n<\/div>\n<div id=\"metaslider-id-6325\" style=\"max-width: 800px; margin: 0 auto;\" class=\"ml-slider-3-108-0 metaslider metaslider-flex metaslider-6325 ml-slider ms-theme-default nav-hidden nav-hidden nav-hidden nav-hidden\" role=\"region\" aria-label=\"Skalka\" data-height=\"250\" data-width=\"800\">\n    <div id=\"metaslider_container_6325\">\n        <div id=\"metaslider_6325\" class=\"flexslider\">\n            <ul class='slides'>\n                <li style=\"display: block; width: 100%;\" class=\"slide-44886 ms-image \" aria-roledescription=\"slide\" data-date=\"2021-12-12 03:56:24\" data-filename=\"skalka6-800x250.jpg\" data-slide-type=\"image\"><a href=\"https:\/\/www.keturist.sk\/info\/vrchy-skaly-a-sedla\/skalka-420-m\/\" target=\"_self\" aria-label=\"View Slide Details\" class=\"metaslider_image_link\"><img loading=\"lazy\" decoding=\"async\" src=\"https:\/\/www.keturist.sk\/info\/wp-content\/uploads\/2021\/12\/skalka6-800x250.jpg\" height=\"250\" width=\"800\" alt=\"Skalka (420 m n.m.)\" class=\"slider-6325 slide-44886 msDefaultImage\" title=\"Skalka (420 m n.m.)\" \/><\/a><div class=\"caption-wrap\"><div class=\"caption\"><b><a href=\"https:\/\/www.keturist.sk\/info\/vrchy-skaly-a-sedla\/skalka-420-m\/\"><span style=\"color:#FFFF00;\">Skalka (420 m n.m.)<\/span><\/a><\/b><\/div><\/div><\/li>\n            <\/ul>\n        <\/div>\n        \n    <\/div>\n<\/div>\n<div id=\"metaslider-id-6183\" style=\"max-width: 800px; margin: 0 auto;\" class=\"ml-slider-3-108-0 metaslider metaslider-flex metaslider-6183 ml-slider ms-theme-default nav-hidden nav-hidden nav-hidden nav-hidden nav-hidden\" role=\"region\" aria-label=\"Vrch Hradov\u00e1 (486 m n.m.)\" data-height=\"250\" data-width=\"800\">\n    <div id=\"metaslider_container_6183\">\n        <div id=\"metaslider_6183\" class=\"flexslider\">\n            <ul class='slides'>\n                <li style=\"display: block; width: 100%;\" class=\"slide-36329 ms-image \" aria-roledescription=\"slide\" data-date=\"2020-12-18 15:38:44\" data-filename=\"hradova4-800x250.jpg\" data-slide-type=\"image\"><a href=\"https:\/\/www.keturist.sk\/info\/vrchy-skaly-a-sedla\/vrch-hradova-486-m-n-m\/\" target=\"_self\" aria-label=\"View Slide Details\" class=\"metaslider_image_link\"><img loading=\"lazy\" decoding=\"async\" src=\"https:\/\/www.keturist.sk\/info\/wp-content\/uploads\/2020\/12\/hradova4-800x250.jpg\" height=\"250\" width=\"800\" alt=\"Ko\u0161ick\u00fd hrad \u2013 zr\u00facanina\" class=\"slider-6183 slide-36329 msDefaultImage\" title=\"Ko\u0161ick\u00fd hrad \u2013 zr\u00facanina\" \/><\/a><div class=\"caption-wrap\"><div class=\"caption\"><b><a href=\"https:\/\/www.keturist.sk\/info\/vrchy-skaly-a-sedla\/vrch-hradova-486-m-n-m\/\"><span style=\"color:#FFFF00;\">Vrch Hradov\u00e1 (466 m n.m.)<\/span><\/a><\/b><\/div><\/div><\/li>\n            <\/ul>\n        <\/div>\n        \n    <\/div>\n<\/div>\n<div id=\"metaslider-id-28988\" style=\"max-width: 800px; margin: 0 auto;\" class=\"ml-slider-3-108-0 metaslider metaslider-flex metaslider-28988 ml-slider ms-theme-default nav-hidden nav-hidden nav-hidden nav-hidden nav-hidden nav-hidden\" role=\"region\" aria-label=\"\u0160\u013euchta (781 m n.m.) a jeho vyhliadky\" data-height=\"250\" data-width=\"800\">\n    <div id=\"metaslider_container_28988\">\n        <div id=\"metaslider_28988\" class=\"flexslider\">\n            <ul class='slides'>\n                <li style=\"display: block; width: 100%;\" class=\"slide-36331 ms-image \" aria-roledescription=\"slide\" data-date=\"2020-12-18 15:43:31\" data-filename=\"sluchta-vyhliadka-1-800x250.jpeg\" data-slide-type=\"image\"><a href=\"https:\/\/www.keturist.sk\/info\/kam-do-prirody\/kam-do-prirody-smer-cierna-hora\/vrchy-skaly-a-sedla\/sluchta-781-m-n-m\/\" target=\"_self\" aria-label=\"View Slide Details\" class=\"metaslider_image_link\"><img loading=\"lazy\" decoding=\"async\" src=\"https:\/\/www.keturist.sk\/info\/wp-content\/uploads\/2019\/02\/sluchta-vyhliadka-1-800x250.jpeg\" height=\"250\" width=\"800\" alt=\"\u0160\u013euchta (781 m n.m.) a jeho vyhliadky\" class=\"slider-28988 slide-36331 msDefaultImage\" title=\"\u0160\u013euchta (781 m n.m.) a jeho vyhliadky\" \/><\/a><div class=\"caption-wrap\"><div class=\"caption\"><b><a href=\"https:\/\/www.keturist.sk\/info\/kam-do-prirody\/kam-do-prirody-smer-cierna-hora\/vrchy-skaly-a-sedla\/sluchta-781-m-n-m\/\"><span style=\"color:#FFFF00;\">Vrch \u0160\u013euchta (781 m n.m.) a jeho vyhliadky<\/span><\/a><\/b><\/div><\/div><\/li>\n            <\/ul>\n        <\/div>\n        \n    <\/div>\n<\/div>\n<div id=\"metaslider-id-30108\" style=\"max-width: 800px; margin: 0 auto;\" class=\"ml-slider-3-108-0 metaslider metaslider-flex metaslider-30108 ml-slider ms-theme-default nav-hidden nav-hidden nav-hidden nav-hidden nav-hidden nav-hidden nav-hidden\" role=\"region\" aria-label=\"Skala Moko\u0161 \u2014 vyhliadka pod Bujanovom (610-640 m n.m.)\" data-height=\"250\" data-width=\"800\">\n    <div id=\"metaslider_container_30108\">\n        <div id=\"metaslider_30108\" class=\"flexslider\">\n            <ul class='slides'>\n                <li style=\"display: block; width: 100%;\" class=\"slide-36332 ms-image \" aria-roledescription=\"slide\" data-date=\"2020-12-18 15:45:45\" data-filename=\"bujanov-1-736x230.jpeg\" data-slide-type=\"image\"><a href=\"https:\/\/www.keturist.sk\/info\/kam-do-prirody\/kam-do-prirody-smer-cierna-hora\/skala-mokos-vyhliadka-pod-bujanovom-610-640-m-n-m\/\" target=\"_self\" aria-label=\"View Slide Details\" class=\"metaslider_image_link\"><img loading=\"lazy\" decoding=\"async\" src=\"https:\/\/www.keturist.sk\/info\/wp-content\/uploads\/2019\/07\/bujanov-1-736x230.jpeg\" height=\"250\" width=\"800\" alt=\"Skala Moko\u0161 - vyhliadka pod Bujanovom (610-640 m n.m.)\" class=\"slider-30108 slide-36332 msDefaultImage\" title=\"Skala Moko\u0161 - vyhliadka pod Bujanovom (610-640 m n.m.)\" \/><\/a><div class=\"caption-wrap\"><div class=\"caption\"><b><a href=\"https:\/\/www.keturist.sk\/info\/kam-do-prirody\/kam-do-prirody-smer-cierna-hora\/skala-mokos-vyhliadka-pod-bujanovom-610-640-m-n-m\/\"><span style=\"color:#FFFF00;\">Skala Moko\u0161 \u2014 vyhliadka pod Bujanovom (610-640 m n.m.)<\/span><\/a><\/b><\/div><\/div><\/li>\n            <\/ul>\n        <\/div>\n        \n    <\/div>\n<\/div>\n<div id=\"metaslider-id-6136\" style=\"max-width: 800px; margin: 0 auto;\" class=\"ml-slider-3-108-0 metaslider metaslider-flex metaslider-6136 ml-slider ms-theme-default nav-hidden nav-hidden nav-hidden nav-hidden nav-hidden nav-hidden nav-hidden nav-hidden\" role=\"region\" aria-label=\"Holica (Napole\u00f3nov klob\u00fak) [641 m n.m.]\" data-height=\"250\" data-width=\"800\">\n    <div id=\"metaslider_container_6136\">\n        <div id=\"metaslider_6136\" class=\"flexslider\">\n            <ul class='slides'>\n                <li style=\"display: block; width: 100%;\" class=\"slide-36347 ms-image \" aria-roledescription=\"slide\" data-date=\"2020-12-18 16:17:07\" data-filename=\"napoleon-800x250.jpeg\" data-slide-type=\"image\"><a href=\"https:\/\/www.keturist.sk\/info\/vrchy-skaly-a-sedla\/holica-napoleonov-klobuk-641-m-n-m\/\" target=\"_self\" aria-label=\"View Slide Details\" class=\"metaslider_image_link\"><img loading=\"lazy\" decoding=\"async\" src=\"https:\/\/www.keturist.sk\/info\/wp-content\/uploads\/2020\/10\/napoleon-800x250.jpeg\" height=\"250\" width=\"800\" alt=\"Holica (641 m n.m.) a Ru\u017e\u00ednska skala (532 m n.m.)\" class=\"slider-6136 slide-36347 msDefaultImage\" title=\"Holica (641 m n.m.) a Ru\u017e\u00ednska skala (532 m n.m.)\" \/><\/a><div class=\"caption-wrap\"><div class=\"caption\"><b><a href=\"https:\/\/www.keturist.sk\/info\/vrchy-skaly-a-sedla\/holica-napoleonov-klobuk-641-m-n-m\/\"><span style=\"color:#FFFF00;\">Holica (Napole\u00f3nov klob\u00fak) [641 m n.m.]<\/span><\/a><\/b><\/div><\/div><\/li>\n            <\/ul>\n        <\/div>\n        \n    <\/div>\n<\/div>\n<div id=\"metaslider-id-6138\" style=\"max-width: 800px; margin: 0 auto;\" class=\"ml-slider-3-108-0 metaslider metaslider-flex metaslider-6138 ml-slider ms-theme-default nav-hidden nav-hidden nav-hidden nav-hidden nav-hidden nav-hidden nav-hidden nav-hidden nav-hidden\" role=\"region\" aria-label=\"Drienkov\u00e1 skala (550 m n.m.)\" data-height=\"250\" data-width=\"800\">\n    <div id=\"metaslider_container_6138\">\n        <div id=\"metaslider_6138\" class=\"flexslider\">\n            <ul class='slides'>\n                <li style=\"display: block; width: 100%;\" class=\"slide-36322 ms-image \" aria-roledescription=\"slide\" data-date=\"2020-12-18 15:28:02\" data-filename=\"drienkova-800x250.jpg\" data-slide-type=\"image\"><a href=\"https:\/\/www.keturist.sk\/info\/vrchy-skaly-a-sedla\/drienkova-skala-530-m-n-m\/\" target=\"_self\" aria-label=\"View Slide Details\" class=\"metaslider_image_link\"><img loading=\"lazy\" decoding=\"async\" src=\"https:\/\/www.keturist.sk\/info\/wp-content\/uploads\/2020\/12\/drienkova-800x250.jpg\" height=\"250\" width=\"800\" alt=\"Drienkov\u00e1 skala (550 m n.m.)\" class=\"slider-6138 slide-36322 msDefaultImage\" title=\"Drienkov\u00e1 skala (550 m n.m.)\" \/><\/a><div class=\"caption-wrap\"><div class=\"caption\"><b><a href=\"https:\/\/www.keturist.sk\/info\/vrchy-skaly-a-sedla\/drienkova-skala-530-m-n-m\/\"><span style=\"color:#FFFF00;\">Drienkov\u00e1 skala (550 m n.m.)<\/span><\/a><\/b><\/div><\/div><\/li>\n            <\/ul>\n        <\/div>\n        \n    <\/div>\n<\/div>\n<div id=\"metaslider-id-6141\" style=\"max-width: 800px; margin: 0 auto;\" class=\"ml-slider-3-108-0 metaslider metaslider-flex metaslider-6141 ml-slider ms-theme-default nav-hidden nav-hidden nav-hidden nav-hidden nav-hidden nav-hidden nav-hidden nav-hidden nav-hidden nav-hidden\" role=\"region\" aria-label=\"Roh\u00e1\u010dka (1028 m n. m.)\" data-height=\"250\" data-width=\"800\">\n    <div id=\"metaslider_container_6141\">\n        <div id=\"metaslider_6141\" class=\"flexslider\">\n            <ul class='slides'>\n                <li style=\"display: block; width: 100%;\" class=\"slide-36346 ms-image \" aria-roledescription=\"slide\" data-date=\"2020-12-18 16:12:35\" data-filename=\"rohacka2-800x250.jpg\" data-slide-type=\"image\"><a href=\"https:\/\/www.keturist.sk\/info\/vrchy-skaly-a-sedla\/rohacka-1028-m-n-m\/\" target=\"_self\" aria-label=\"View Slide Details\" class=\"metaslider_image_link\"><img loading=\"lazy\" decoding=\"async\" src=\"https:\/\/www.keturist.sk\/info\/wp-content\/uploads\/2020\/12\/rohacka2-800x250.jpg\" height=\"250\" width=\"800\" alt=\"\" class=\"slider-6141 slide-36346 msDefaultImage\" title=\"Roh\u00e1\u010dka \u2013 Talaf\u00fasov vrch (1028 m n. m.) a Rozsypan\u00e1 skala (1000 m n.m.)\" \/><\/a><div class=\"caption-wrap\"><div class=\"caption\"><b><a href=\"https:\/\/www.keturist.sk\/info\/vrchy-skaly-a-sedla\/rohacka-1028-m-n-m\/\"><span style=\"color:#FFFF00;\">Roh\u00e1\u010dka (1028 m n. m.) a Rozsypan\u00e1 skala (1000 m n.m.)<\/span><\/a><\/b><\/div><\/div><\/li>\n            <\/ul>\n        <\/div>\n        \n    <\/div>\n<\/div>\n<div id=\"metaslider-id-6144\" style=\"max-width: 800px; margin: 0 auto;\" class=\"ml-slider-3-108-0 metaslider metaslider-flex metaslider-6144 ml-slider ms-theme-default nav-hidden nav-hidden nav-hidden nav-hidden nav-hidden nav-hidden nav-hidden nav-hidden nav-hidden nav-hidden nav-hidden\" role=\"region\" aria-label=\"Vrch \u010cierna hora (1025 m n. m.)\" data-height=\"250\" data-width=\"800\">\n    <div id=\"metaslider_container_6144\">\n        <div id=\"metaslider_6144\" class=\"flexslider\">\n            <ul class='slides'>\n                <li style=\"display: block; width: 100%;\" class=\"slide-36338 ms-image \" aria-roledescription=\"slide\" data-date=\"2020-12-18 15:57:00\" data-filename=\"cierna1-800x250.jpg\" data-slide-type=\"image\"><a href=\"https:\/\/www.keturist.sk\/info\/vrchy-skaly-a-sedla\/vrch-cierna-hora-1025-m-n-m-a-rozsypana-skala\/\" target=\"_self\" aria-label=\"View Slide Details\" class=\"metaslider_image_link\"><img loading=\"lazy\" decoding=\"async\" src=\"https:\/\/www.keturist.sk\/info\/wp-content\/uploads\/2020\/12\/cierna1-800x250.jpg\" height=\"250\" width=\"800\" alt=\"Vrch \u010cierna hora (1025 m n. m.)\" class=\"slider-6144 slide-36338 msDefaultImage\" title=\"Vrch \u010cierna hora (1025 m n. m.)\" \/><\/a><div class=\"caption-wrap\"><div class=\"caption\"><b><a href=\"https:\/\/www.keturist.sk\/info\/vrchy-skaly-a-sedla\/vrch-cierna-hora-1025-m-n-m-a-rozsypana-skala\/\"><span style=\"color:#FFFF00;\">Vrch \u010cierna hora (1025 m n. m.) <\/span><\/a><\/b><\/div><\/div><\/li>\n            <\/ul>\n        <\/div>\n        \n    <\/div>\n<\/div>\n<div id=\"metaslider-id-6146\" style=\"max-width: 800px; margin: 0 auto;\" class=\"ml-slider-3-108-0 metaslider metaslider-flex metaslider-6146 ml-slider ms-theme-default nav-hidden nav-hidden nav-hidden nav-hidden nav-hidden nav-hidden nav-hidden nav-hidden nav-hidden nav-hidden nav-hidden nav-hidden\" role=\"region\" aria-label=\"Vrch Ko\u013evek (800 m n. m.)\" data-height=\"250\" data-width=\"800\">\n    <div id=\"metaslider_container_6146\">\n        <div id=\"metaslider_6146\" class=\"flexslider\">\n            <ul class='slides'>\n                <li style=\"display: block; width: 100%;\" class=\"slide-36334 ms-image \" aria-roledescription=\"slide\" data-date=\"2020-12-18 15:52:04\" data-filename=\"kolvek-skalne-mesto-800x250.jpg\" data-slide-type=\"image\"><a href=\"https:\/\/www.keturist.sk\/info\/vrchy-skaly-a-sedla\/vrch-kolvek-800-m-n-m\/\" target=\"_self\" aria-label=\"View Slide Details\" class=\"metaslider_image_link\"><img loading=\"lazy\" decoding=\"async\" src=\"https:\/\/www.keturist.sk\/info\/wp-content\/uploads\/2020\/11\/kolvek-skalne-mesto-800x250.jpg\" height=\"250\" width=\"800\" alt=\"[foogallery id=&quot;71954&quot;]\" class=\"slider-6146 slide-36334 msDefaultImage\" title=\"Vrch Ko\u013evek (800 m n. m.) a skaln\u00e9 mesto Ko\u013evek\" \/><\/a><div class=\"caption-wrap\"><div class=\"caption\"><b><a href=\"https:\/\/www.keturist.sk\/info\/vrchy-skaly-a-sedla\/vrch-kolvek-800-m-n-m\/\"><span style=\"color:#FFFF00;\">Vrch Ko\u013evek (800 m n. m.) a skaln\u00e9 mesto Ko\u013evek<\/span><\/a><\/b><\/div><\/div><\/li>\n            <\/ul>\n        <\/div>\n        \n    <\/div>\n<\/div>\n<div id=\"metaslider-id-6156\" style=\"max-width: 800px; margin: 0 auto;\" class=\"ml-slider-3-108-0 metaslider metaslider-flex metaslider-6156 ml-slider ms-theme-default nav-hidden nav-hidden nav-hidden nav-hidden nav-hidden nav-hidden nav-hidden nav-hidden nav-hidden nav-hidden nav-hidden nav-hidden nav-hidden\" role=\"region\" aria-label=\"Biela skala (806 m) a Artur\" data-height=\"250\" data-width=\"800\">\n    <div id=\"metaslider_container_6156\">\n        <div id=\"metaslider_6156\" class=\"flexslider\">\n            <ul class='slides'>\n                <li style=\"display: block; width: 100%;\" class=\"slide-36369 ms-image \" aria-roledescription=\"slide\" data-date=\"2020-12-18 19:11:25\" data-filename=\"artuova-2-800x250.jpg\" data-slide-type=\"image\"><a href=\"https:\/\/www.keturist.sk\/info\/vrchy-skaly-a-sedla\/arturova-skala-790-m-n-m\/\" target=\"_self\" aria-label=\"View Slide Details\" class=\"metaslider_image_link\"><img loading=\"lazy\" decoding=\"async\" src=\"https:\/\/www.keturist.sk\/info\/wp-content\/uploads\/2020\/12\/artuova-2-800x250.jpg\" height=\"250\" width=\"800\" alt=\"Biela skala (806 m) a Arturova skala (796 m)\" class=\"slider-6156 slide-36369 msDefaultImage\" title=\"Biela skala (806 m) a Arturova skala (796 m)\" \/><\/a><div class=\"caption-wrap\"><div class=\"caption\"><b><a href=\"https:\/\/www.keturist.sk\/info\/vrchy-skaly-a-sedla\/arturova-skala-790-m-n-m\/\"><span style=\"color:#FFFF00;\">Biela skala (806 m) a Arturova skala (799 m n.m.)<\/span><\/a><\/b><\/div><\/div><\/li>\n            <\/ul>\n        <\/div>\n        \n    <\/div>\n<\/div>\n<div id=\"metaslider-id-14325\" style=\"max-width: 800px; margin: 0 auto;\" class=\"ml-slider-3-108-0 metaslider metaslider-flex metaslider-14325 ml-slider ms-theme-default nav-hidden nav-hidden nav-hidden nav-hidden nav-hidden nav-hidden nav-hidden nav-hidden nav-hidden nav-hidden nav-hidden nav-hidden nav-hidden nav-hidden\" role=\"region\" aria-label=\"Ko\u0148ov\u00e1 skala 370 m n.m.\" data-height=\"250\" data-width=\"800\">\n    <div id=\"metaslider_container_14325\">\n        <div id=\"metaslider_14325\" class=\"flexslider\">\n            <ul class='slides'>\n                <li style=\"display: block; width: 100%;\" class=\"slide-36335 ms-image \" aria-roledescription=\"slide\" data-date=\"2020-12-18 15:53:48\" data-filename=\"ruzin-269-800x250.png\" data-slide-type=\"image\"><a href=\"https:\/\/www.keturist.sk\/info\/kam-do-prirody\/kam-do-prirody-smer-cierna-hora\/konova-skala\/\" target=\"_self\" aria-label=\"View Slide Details\" class=\"metaslider_image_link\"><img loading=\"lazy\" decoding=\"async\" src=\"https:\/\/www.keturist.sk\/info\/wp-content\/uploads\/2020\/02\/ruzin-269-800x250.png\" height=\"250\" width=\"800\" alt=\"Vodn\u00e1 n\u00e1dr\u017e Ru\u017e\u00edn\" class=\"slider-14325 slide-36335 msDefaultImage\" title=\"Vodn\u00e1 n\u00e1dr\u017e Ru\u017e\u00edn\" \/><\/a><div class=\"caption-wrap\"><div class=\"caption\"><b><a href=\"https:\/\/www.keturist.sk\/info\/kam-do-prirody\/kam-do-prirody-smer-cierna-hora\/konova-skala\/\"><span style=\"color:#FFFF00;\">Ko\u0148ov\u00e1 skala (370 m n.m.)<\/span><\/a><\/b><\/div><\/div><\/li>\n            <\/ul>\n        <\/div>\n        \n    <\/div>\n<\/div>\n<!-- MetaSlider 6218 not found -->\n<div id=\"metaslider-id-6121\" style=\"max-width: 800px; margin: 0 auto;\" class=\"ml-slider-3-108-0 metaslider metaslider-flex metaslider-6121 ml-slider ms-theme-default nav-hidden nav-hidden nav-hidden nav-hidden nav-hidden nav-hidden nav-hidden nav-hidden nav-hidden nav-hidden nav-hidden nav-hidden nav-hidden nav-hidden nav-hidden\" role=\"region\" aria-label=\"Vysok\u00fd vrch (851 m n.m.)\" data-height=\"250\" data-width=\"800\">\n    <div id=\"metaslider_container_6121\">\n        <div id=\"metaslider_6121\" class=\"flexslider\">\n            <ul class='slides'>\n                <li style=\"display: block; width: 100%;\" class=\"slide-36372 ms-image \" aria-roledescription=\"slide\" data-date=\"2020-12-18 19:23:25\" data-filename=\"vysoky1-800x250.jpg\" data-slide-type=\"image\"><a href=\"https:\/\/www.keturist.sk\/info\/vrchy-skaly-a-sedla\/vysoky-vrch-851-m-n-m\/\" target=\"_self\" aria-label=\"View Slide Details\" class=\"metaslider_image_link\"><img loading=\"lazy\" decoding=\"async\" src=\"https:\/\/www.keturist.sk\/info\/wp-content\/uploads\/2020\/10\/vysoky1-800x250.jpg\" height=\"250\" width=\"800\" alt=\"\" class=\"slider-6121 slide-36372 msDefaultImage\" title=\"Vysok\u00fd vrch (851 m n.m.)\" \/><\/a><div class=\"caption-wrap\"><div class=\"caption\"><b><a href=\"https:\/\/www.keturist.sk\/info\/vrchy-skaly-a-sedla\/vysoky-vrch-851-m-n-m\/\"><span style=\"color:#FFFF00;\">Vysok\u00fd vrch (851 m n.m.)<\/span><\/a><\/b><\/div><\/div><\/li>\n            <\/ul>\n        <\/div>\n        \n    <\/div>\n<\/div>\n<div id=\"metaslider-id-6149\" style=\"max-width: 800px; margin: 0 auto;\" class=\"ml-slider-3-108-0 metaslider metaslider-flex metaslider-6149 ml-slider ms-theme-default nav-hidden nav-hidden nav-hidden nav-hidden nav-hidden nav-hidden nav-hidden nav-hidden nav-hidden nav-hidden nav-hidden nav-hidden nav-hidden nav-hidden nav-hidden nav-hidden\" role=\"region\" aria-label=\"Sedlo Repy (803 m n.m.)\" data-height=\"250\" data-width=\"800\">\n    <div id=\"metaslider_container_6149\">\n        <div id=\"metaslider_6149\" class=\"flexslider\">\n            <ul class='slides'>\n                <li style=\"display: block; width: 100%;\" class=\"slide-36374 ms-image \" aria-roledescription=\"slide\" data-date=\"2020-12-18 19:28:15\" data-filename=\"repy-800x250.jpg\" data-slide-type=\"image\"><a href=\"https:\/\/www.keturist.sk\/info\/vrchy-skaly-a-sedla\/sedlo-repy-803-m-n-m\/\" target=\"_self\" aria-label=\"View Slide Details\" class=\"metaslider_image_link\"><img loading=\"lazy\" decoding=\"async\" src=\"https:\/\/www.keturist.sk\/info\/wp-content\/uploads\/2020\/10\/repy-800x250.jpg\" height=\"250\" width=\"800\" alt=\"Sedlo Repy - sedlo pod Vysok\u00fdm vrchom (803 m n.m.)\" class=\"slider-6149 slide-36374 msDefaultImage\" title=\"Sedlo Repy - sedlo pod Vysok\u00fdm vrchom (803 m n.m.)\" \/><\/a><div class=\"caption-wrap\"><div class=\"caption\"><b><a href=\"https:\/\/www.keturist.sk\/info\/vrchy-skaly-a-sedla\/sedlo-repy-803-m-n-m\/\"><span style=\"color:#FFFF00;\">Sedlo Repy (803 m n.m.)<\/span><\/a><\/b><\/div><\/div><\/li>\n            <\/ul>\n        <\/div>\n        \n    <\/div>\n<\/div>\n<div id=\"metaslider-id-14448\" style=\"max-width: 800px; margin: 0 auto;\" class=\"ml-slider-3-108-0 metaslider metaslider-flex metaslider-14448 ml-slider ms-theme-default nav-hidden nav-hidden nav-hidden nav-hidden nav-hidden nav-hidden nav-hidden nav-hidden nav-hidden nav-hidden nav-hidden nav-hidden nav-hidden nav-hidden nav-hidden nav-hidden nav-hidden\" role=\"region\" aria-label=\"Vyhliadka na Tatry pri Jano\u0161ovej L\u00fake (619 m n.m.)\" data-height=\"250\" data-width=\"800\">\n    <div id=\"metaslider_container_14448\">\n        <div id=\"metaslider_14448\" class=\"flexslider\">\n            <ul class='slides'>\n                <li style=\"display: block; width: 100%;\" class=\"slide-36376 ms-image \" aria-roledescription=\"slide\" data-date=\"2020-12-18 19:34:35\" data-filename=\"vyhliadka-na-tatry-800x250.jpeg\" data-slide-type=\"image\"><a href=\"https:\/\/www.keturist.sk\/info\/kam-do-prirody\/kam-do-prirody-smer-cierna-hora\/vyhliadka-na-tatry-pri-janosovej-luke-619-m-n-m\/\" target=\"_self\" aria-label=\"View Slide Details\" class=\"metaslider_image_link\"><img loading=\"lazy\" decoding=\"async\" src=\"https:\/\/www.keturist.sk\/info\/wp-content\/uploads\/2020\/10\/vyhliadka-na-tatry-800x250.jpeg\" height=\"250\" width=\"800\" alt=\"Vyhliadka na Vysok\u00e9 Tatry pri Jano\u0161ovej L\u00fake (619 m n.m.)\" class=\"slider-14448 slide-36376 msDefaultImage\" title=\"Vyhliadka na Vysok\u00e9 Tatry pri Jano\u0161ovej L\u00fake (619 m n.m.)\" \/><\/a><div class=\"caption-wrap\"><div class=\"caption\"><b><a href=\"https:\/\/www.keturist.sk\/info\/kam-do-prirody\/kam-do-prirody-smer-cierna-hora\/vyhliadka-na-tatry-pri-janosovej-luke-619-m-n-m\/\"><span style=\"color:#FFFF00;\">Vyhliadka na Vysok\u00e9 Tatry pri Jano\u0161ovej L\u00fake (619 m n.m.)<\/span><\/a><\/b><\/div><\/div><\/li>\n            <\/ul>\n        <\/div>\n        \n    <\/div>\n<\/div>\n<div id=\"metaslider-id-34425\" style=\"max-width: 800px; margin: 0 auto;\" class=\"ml-slider-3-108-0 metaslider metaslider-flex metaslider-34425 ml-slider ms-theme-default nav-hidden nav-hidden nav-hidden nav-hidden nav-hidden nav-hidden nav-hidden nav-hidden nav-hidden nav-hidden nav-hidden nav-hidden nav-hidden nav-hidden nav-hidden nav-hidden nav-hidden nav-hidden\" role=\"region\" aria-label=\"Vrch Prielohy (788,4 m.n.m.) a L\u00faka na Prieloh\u00e1ch\" data-height=\"250\" data-width=\"800\">\n    <div id=\"metaslider_container_34425\">\n        <div id=\"metaslider_34425\" class=\"flexslider\">\n            <ul class='slides'>\n                <li style=\"display: block; width: 100%;\" class=\"slide-34427 ms-image \" aria-roledescription=\"slide\" data-date=\"2020-10-25 07:44:17\" data-filename=\"prielohy1-800x250.jpg\" data-slide-type=\"image\"><a href=\"https:\/\/www.keturist.sk\/info\/luky-a-horske-luky\/luka-na-prielohach\/?fbclid=IwAR0628_oLacT0Hvi8etMgv_F8BZde1zi3yG0mC4IduUL0GAcMeJ9QdZpYS8\" target=\"_self\" aria-label=\"View Slide Details\" class=\"metaslider_image_link\"><img loading=\"lazy\" decoding=\"async\" src=\"https:\/\/www.keturist.sk\/info\/wp-content\/uploads\/2020\/05\/prielohy1-800x250.jpg\" height=\"250\" width=\"800\" alt=\"Vrch Prielohy (788,4 m.n.m.) a L\u00faka na Prieloh\u00e1ch (Velesov\u00e1 hora)\" class=\"slider-34425 slide-34427 msDefaultImage\" title=\"Vrch Prielohy (788,4 m.n.m.) a L\u00faka na Prieloh\u00e1ch (Velesov\u00e1 hora)\" \/><\/a><div class=\"caption-wrap\"><div class=\"caption\"><b><a href=\"https:\/\/www.keturist.sk\/info\/luky-a-horske-luky\/luka-na-prielohach\/?fbclid=IwAR0628_oLacT0Hvi8etMgv_F8BZde1zi3yG0mC4IduUL0GAcMeJ9QdZpYS8\"><span style=\"color:#FFFF00;\">Vrch Prielohy (788,4 m.n.m.) a L\u00faka na Prieloh\u00e1ch\n<\/span><\/a><\/b><\/div><\/div><\/li>\n            <\/ul>\n        <\/div>\n        \n    <\/div>\n<\/div>\n<div id=\"metaslider-id-41047\" style=\"max-width: 800px; margin: 0 auto;\" class=\"ml-slider-3-108-0 metaslider metaslider-flex metaslider-41047 ml-slider ms-theme-default nav-hidden nav-hidden nav-hidden nav-hidden nav-hidden nav-hidden nav-hidden nav-hidden nav-hidden nav-hidden nav-hidden nav-hidden nav-hidden nav-hidden nav-hidden nav-hidden nav-hidden nav-hidden nav-hidden\" role=\"region\" aria-label=\"Skala Pery\u0148 \u2014 vyhliadka pod Bujanovom (690-710 m n.m.)\" data-height=\"250\" data-width=\"800\">\n    <div id=\"metaslider_container_41047\">\n        <div id=\"metaslider_41047\" class=\"flexslider\">\n            <ul class='slides'>\n                <li style=\"display: block; width: 100%;\" class=\"slide-41048 ms-image \" aria-roledescription=\"slide\" data-date=\"2021-08-04 17:56:51\" data-filename=\"peryn1-800x250.jpg\" data-slide-type=\"image\"><a href=\"https:\/\/www.keturist.sk\/info\/kam-do-prirody\/kam-do-prirody-smer-cierna-hora\/vrchy-skaly-a-sedla\/skala-peryn-vyhliadka-pod-bujanovom-610-640-m-n-m\/\" target=\"_self\" aria-label=\"View Slide Details\" class=\"metaslider_image_link\"><img loading=\"lazy\" decoding=\"async\" src=\"https:\/\/www.keturist.sk\/info\/wp-content\/uploads\/2021\/08\/peryn1-800x250.jpg\" height=\"250\" width=\"800\" alt=\"Skala Pery\u0148 \u2014 vyhliadka pod Bujanovom (690-710 m n.m.)\" class=\"slider-41047 slide-41048 msDefaultImage\" title=\"Skala Pery\u0148 \u2014 vyhliadka pod Bujanovom (690-710 m n.m.)\" \/><\/a><div class=\"caption-wrap\"><div class=\"caption\"><b><a href=\"https:\/\/www.keturist.sk\/info\/kam-do-prirody\/kam-do-prirody-smer-cierna-hora\/vrchy-skaly-a-sedla\/skala-peryn-vyhliadka-pod-bujanovom-610-640-m-n-m\/\"><span style=\"color:#FFFF00;\">Skala Pery\u0148 \u2014 vyhliadka pod Bujanovom (690-710 m n.m.)<\/span><\/a><\/b><\/div><\/div><\/li>\n            <\/ul>\n        <\/div>\n        \n    <\/div>\n<\/div>\n<div id=\"metaslider-id-25349\" style=\"max-width: 800px; margin: 0 auto;\" class=\"ml-slider-3-108-0 metaslider metaslider-flex metaslider-25349 ml-slider ms-theme-default nav-hidden nav-hidden nav-hidden nav-hidden nav-hidden nav-hidden nav-hidden nav-hidden nav-hidden nav-hidden nav-hidden nav-hidden nav-hidden nav-hidden nav-hidden nav-hidden nav-hidden nav-hidden nav-hidden nav-hidden\" role=\"region\" aria-label=\"Pokryvy (888 m n.m.)\" data-height=\"250\" data-width=\"800\">\n    <div id=\"metaslider_container_25349\">\n        <div id=\"metaslider_25349\" class=\"flexslider\">\n            <ul class='slides'>\n                <li style=\"display: block; width: 100%;\" class=\"slide-36382 ms-image \" aria-roledescription=\"slide\" data-date=\"2020-12-18 19:53:03\" data-filename=\"pokryvy-800x250.jpg\" data-slide-type=\"image\"><a href=\"https:\/\/www.keturist.sk\/info\/vrchy-skaly-a-sedla\/pokryvy-888-m-n-m\/\" target=\"_self\" aria-label=\"View Slide Details\" class=\"metaslider_image_link\"><img loading=\"lazy\" decoding=\"async\" src=\"https:\/\/www.keturist.sk\/info\/wp-content\/uploads\/2020\/10\/pokryvy-800x250.jpg\" height=\"250\" width=\"800\" alt=\"\" class=\"slider-25349 slide-36382 msDefaultImage\" title=\"Pokryvy \u2013 Koprivy (888 m n.m.)\" \/><\/a><div class=\"caption-wrap\"><div class=\"caption\"><b><a href=\"https:\/\/www.keturist.sk\/info\/vrchy-skaly-a-sedla\/pokryvy-888-m-n-m\/\"><span style=\"color:#FFFF00;\">Pokryvy (888 m n.m.)<\/span><\/a><\/b><\/div><\/div><\/li>\n            <\/ul>\n        <\/div>\n        \n    <\/div>\n<\/div>\n<div id=\"metaslider-id-6152\" style=\"max-width: 800px; margin: 0 auto;\" class=\"ml-slider-3-108-0 metaslider metaslider-flex metaslider-6152 ml-slider ms-theme-default nav-hidden nav-hidden nav-hidden nav-hidden nav-hidden nav-hidden nav-hidden nav-hidden nav-hidden nav-hidden nav-hidden nav-hidden nav-hidden nav-hidden nav-hidden nav-hidden nav-hidden nav-hidden nav-hidden nav-hidden nav-hidden\" role=\"region\" aria-label=\"Andrejova skala (430 m n.m.)\" data-height=\"250\" data-width=\"800\">\n    <div id=\"metaslider_container_6152\">\n        <div id=\"metaslider_6152\" class=\"flexslider\">\n            <ul class='slides'>\n                <li style=\"display: block; width: 100%;\" class=\"slide-36381 ms-image \" aria-roledescription=\"slide\" data-date=\"2020-12-18 19:51:20\" data-filename=\"andrejova-800x250.jpg\" data-slide-type=\"image\"><a href=\"https:\/\/www.keturist.sk\/info\/vrchy-skaly-a-sedla\/andrejova-skala-430-m-n-m\/\" target=\"_self\" aria-label=\"View Slide Details\" class=\"metaslider_image_link\"><img loading=\"lazy\" decoding=\"async\" src=\"https:\/\/www.keturist.sk\/info\/wp-content\/uploads\/2020\/10\/andrejova-800x250.jpg\" height=\"250\" width=\"800\" alt=\"Andrejova skala (430 \u2013 500 m n.m.)\" class=\"slider-6152 slide-36381 msDefaultImage\" title=\"Andrejova skala (430 \u2013 500 m n.m.)\" \/><\/a><div class=\"caption-wrap\"><div class=\"caption\"><b><a href=\"https:\/\/www.keturist.sk\/info\/vrchy-skaly-a-sedla\/andrejova-skala-430-m-n-m\/\"><span style=\"color:#FFFF00;\">Andrejova skala (430 m n.m.)<\/span><\/a><\/b><\/div><\/div><\/li>\n            <\/ul>\n        <\/div>\n        \n    <\/div>\n<\/div>\n<div id=\"metaslider-id-6157\" style=\"max-width: 800px; margin: 0 auto;\" class=\"ml-slider-3-108-0 metaslider metaslider-flex metaslider-6157 ml-slider ms-theme-default nav-hidden nav-hidden nav-hidden nav-hidden nav-hidden nav-hidden nav-hidden nav-hidden nav-hidden nav-hidden nav-hidden nav-hidden nav-hidden nav-hidden nav-hidden nav-hidden nav-hidden nav-hidden nav-hidden nav-hidden nav-hidden nav-hidden\" role=\"region\" aria-label=\"Priehyba pod Sivcom (640 m n. m.)\" data-height=\"250\" data-width=\"800\">\n    <div id=\"metaslider_container_6157\">\n        <div id=\"metaslider_6157\" class=\"flexslider\">\n            <ul class='slides'>\n                <li style=\"display: block; width: 100%;\" class=\"slide-36385 ms-image \" aria-roledescription=\"slide\" data-date=\"2020-12-18 19:59:40\" data-filename=\"priehyba-800x250.jpg\" data-slide-type=\"image\"><a href=\"https:\/\/www.keturist.sk\/info\/vrchy-skaly-a-sedla\/priehyba-pod-sivcom-640-m-n-m\/\" target=\"_self\" aria-label=\"View Slide Details\" class=\"metaslider_image_link\"><img loading=\"lazy\" decoding=\"async\" src=\"https:\/\/www.keturist.sk\/info\/wp-content\/uploads\/2020\/10\/priehyba-800x250.jpg\" height=\"250\" width=\"800\" alt=\"Priehyba pod Sivcom (640 m n. m.)\" class=\"slider-6157 slide-36385 msDefaultImage\" title=\"Priehyba pod Sivcom (640 m n. m.)\" \/><\/a><div class=\"caption-wrap\"><div class=\"caption\"><b><a href=\"https:\/\/www.keturist.sk\/info\/vrchy-skaly-a-sedla\/priehyba-pod-sivcom-640-m-n-m\/\"><span style=\"color:#FFFF00;\">Priehyba pod Sivcom (640 m n. m.)<\/span><\/a><\/b><\/div><\/div><\/li>\n            <\/ul>\n        <\/div>\n        \n    <\/div>\n<\/div>\n<div id=\"metaslider-id-6158\" style=\"max-width: 800px; margin: 0 auto;\" class=\"ml-slider-3-108-0 metaslider metaslider-flex metaslider-6158 ml-slider ms-theme-default nav-hidden nav-hidden nav-hidden nav-hidden nav-hidden nav-hidden nav-hidden nav-hidden nav-hidden nav-hidden nav-hidden nav-hidden nav-hidden nav-hidden nav-hidden nav-hidden nav-hidden nav-hidden nav-hidden nav-hidden nav-hidden nav-hidden nav-hidden\" role=\"region\" aria-label=\"Kr\u00e1\u013eov\u00e1 stud\u0148a (700 m n.m.)\" data-height=\"250\" data-width=\"800\">\n    <div id=\"metaslider_container_6158\">\n        <div id=\"metaslider_6158\" class=\"flexslider\">\n            <ul class='slides'>\n                <li style=\"display: block; width: 100%;\" class=\"slide-44878 ms-image \" aria-roledescription=\"slide\" data-date=\"2021-12-12 03:32:17\" data-filename=\"kralova-studna5-800x250.jpg\" data-slide-type=\"image\"><a href=\"https:\/\/www.keturist.sk\/info\/vrchy-skaly-a-sedla\/kralova-studna\/\" target=\"_self\" aria-label=\"View Slide Details\" class=\"metaslider_image_link\"><img loading=\"lazy\" decoding=\"async\" src=\"https:\/\/www.keturist.sk\/info\/wp-content\/uploads\/2021\/12\/kralova-studna5-800x250.jpg\" height=\"250\" width=\"800\" alt=\"Kr\u00e1\u013eov\u00e1 stud\u0148a (700 m n.m.)\" class=\"slider-6158 slide-44878 msDefaultImage\" title=\"Kr\u00e1\u013eov\u00e1 stud\u0148a (700 m n.m.)\" \/><\/a><div class=\"caption-wrap\"><div class=\"caption\"><b><a href=\"https:\/\/www.keturist.sk\/info\/vrchy-skaly-a-sedla\/kralova-studna\/\"><span style=\"color:#FFFF00;\">Kr\u00e1\u013eov\u00e1 stud\u0148a (700 m n.m.)<\/span><\/a><\/b><\/div><\/div><\/li>\n            <\/ul>\n        <\/div>\n        \n    <\/div>\n<\/div>\n<div id=\"metaslider-id-6130\" style=\"max-width: 800px; margin: 0 auto;\" class=\"ml-slider-3-108-0 metaslider metaslider-flex metaslider-6130 ml-slider ms-theme-default nav-hidden nav-hidden nav-hidden nav-hidden nav-hidden nav-hidden nav-hidden nav-hidden nav-hidden nav-hidden nav-hidden nav-hidden nav-hidden nav-hidden nav-hidden nav-hidden nav-hidden nav-hidden nav-hidden nav-hidden nav-hidden nav-hidden nav-hidden nav-hidden\" role=\"region\" aria-label=\"Rozlomity (805 m n.m.)\" data-height=\"250\" data-width=\"800\">\n    <div id=\"metaslider_container_6130\">\n        <div id=\"metaslider_6130\" class=\"flexslider\">\n            <ul class='slides'>\n                <li style=\"display: block; width: 100%;\" class=\"slide-34397 ms-image \" aria-roledescription=\"slide\" data-date=\"2020-10-24 20:07:55\" data-filename=\"rozlomity-800x250.jpg\" data-slide-type=\"image\"><a href=\"https:\/\/www.keturist.sk\/info\/vrchy-skaly-a-sedla\/rozlomity-805-m-n-m\/\" target=\"_self\" aria-label=\"View Slide Details\" class=\"metaslider_image_link\"><img loading=\"lazy\" decoding=\"async\" src=\"https:\/\/www.keturist.sk\/info\/wp-content\/uploads\/2019\/06\/rozlomity-800x250.jpg\" height=\"250\" width=\"800\" alt=\"Rozlomity (805 m n.m.) + skalolezenie\" class=\"slider-6130 slide-34397 msDefaultImage\" title=\"Rozlomity (805 m n.m.) + skalolezenie\" \/><\/a><div class=\"caption-wrap\"><div class=\"caption\"><b><a href=\"https:\/\/www.keturist.sk\/info\/vrchy-skaly-a-sedla\/rozlomity-805-m-n-m\/\"><span style=\"color:#FFFF00;\">Rozlomity (805 m n.m.) + skalolezenie<\/span><\/a><\/b><\/div><\/div><\/li>\n            <\/ul>\n        <\/div>\n        \n    <\/div>\n<\/div>\n<div id=\"metaslider-id-41246\" style=\"max-width: 800px; margin: 0 auto;\" class=\"ml-slider-3-108-0 metaslider metaslider-flex metaslider-41246 ml-slider ms-theme-default nav-hidden nav-hidden nav-hidden nav-hidden nav-hidden nav-hidden nav-hidden nav-hidden nav-hidden nav-hidden nav-hidden nav-hidden nav-hidden nav-hidden nav-hidden nav-hidden nav-hidden nav-hidden nav-hidden nav-hidden nav-hidden nav-hidden nav-hidden nav-hidden nav-hidden\" role=\"region\" aria-label=\"V\u00fdh\u013eadov\u00e1 \u010certov\u00e1 skala nad Ru\u017e\u00ednom (354 m n.m.)\" data-height=\"250\" data-width=\"800\">\n    <div id=\"metaslider_container_41246\">\n        <div id=\"metaslider_41246\" class=\"flexslider\">\n            <ul class='slides'>\n                <li style=\"display: block; width: 100%;\" class=\"slide-41247 ms-image \" aria-roledescription=\"slide\" data-date=\"2021-08-12 16:57:08\" data-filename=\"certova-skala2-800x250.jpeg\" data-slide-type=\"image\"><a href=\"https:\/\/www.keturist.sk\/info\/kam-do-prirody\/kam-do-prirody-smer-cierna-hora\/vrchy-skaly-a-sedla\/vyhladova-certova-skala-nad-ruzinom-354-m-n-m\/\" target=\"_self\" aria-label=\"View Slide Details\" class=\"metaslider_image_link\"><img loading=\"lazy\" decoding=\"async\" src=\"https:\/\/www.keturist.sk\/info\/wp-content\/uploads\/2021\/08\/certova-skala2-800x250.jpeg\" height=\"250\" width=\"800\" alt=\"V\u00fdh\u013eadov\u00e1 \u010certova skala nad Ru\u017e\u00ednom (354 m n.m.)\" class=\"slider-41246 slide-41247 msDefaultImage\" title=\"V\u00fdh\u013eadov\u00e1 \u010certova skala nad Ru\u017e\u00ednom (354 m n.m.)\" \/><\/a><div class=\"caption-wrap\"><div class=\"caption\"><b><a href=\"https:\/\/www.keturist.sk\/info\/kam-do-prirody\/kam-do-prirody-smer-cierna-hora\/vrchy-skaly-a-sedla\/vyhladova-certova-skala-nad-ruzinom-354-m-n-m\/\"><span style=\"color:#FFFF00;\">V\u00fdh\u013eadov\u00e1 \u010certov\u00e1 skala nad Ru\u017e\u00ednom (354 m n.m.)<\/span><\/a><\/b><\/div><\/div><\/li>\n            <\/ul>\n        <\/div>\n        \n    <\/div>\n<\/div>\n<div id=\"metaslider-id-44918\" style=\"max-width: 800px; margin: 0 auto;\" class=\"ml-slider-3-108-0 metaslider metaslider-flex metaslider-44918 ml-slider ms-theme-default nav-hidden nav-hidden nav-hidden nav-hidden nav-hidden nav-hidden nav-hidden nav-hidden nav-hidden nav-hidden nav-hidden nav-hidden nav-hidden nav-hidden nav-hidden nav-hidden nav-hidden nav-hidden nav-hidden nav-hidden nav-hidden nav-hidden nav-hidden nav-hidden nav-hidden nav-hidden\" role=\"region\" aria-label=\"Vyhliadka na kopci Lys\u00e1 ne\u010faleko obce Dru\u017estevn\u00e1 pri Horn\u00e1de\" data-height=\"250\" data-width=\"800\">\n    <div id=\"metaslider_container_44918\">\n        <div id=\"metaslider_44918\" class=\"flexslider\">\n            <ul class='slides'>\n                <li style=\"display: block; width: 100%;\" class=\"slide-44919 ms-image \" aria-roledescription=\"slide\" data-date=\"2021-12-12 19:16:53\" data-filename=\"kriz-drzstevna3-800x250.jpg\" data-slide-type=\"image\"><a href=\"https:\/\/www.keturist.sk\/info\/kam-do-prirody\/kam-do-prirody-smer-cierna-hora\/vrchy-skaly-a-sedla\/vyhliadka-na-kopci-lysa-pri-druzstevnej-nad-hornadom\/\" target=\"_self\" aria-label=\"View Slide Details\" class=\"metaslider_image_link\"><img loading=\"lazy\" decoding=\"async\" src=\"https:\/\/www.keturist.sk\/info\/wp-content\/uploads\/2021\/12\/kriz-drzstevna3-800x250.jpg\" height=\"250\" width=\"800\" alt=\"Vyhliadka na kopci Lys\u00e1 (318 m n.m.)\" class=\"slider-44918 slide-44919 msDefaultImage\" title=\"Vyhliadka na kopci Lys\u00e1 (318 m n.m.)\" \/><\/a><div class=\"caption-wrap\"><div class=\"caption\"><b><a href=\"https:\/\/www.keturist.sk\/info\/kam-do-prirody\/kam-do-prirody-smer-cierna-hora\/vrchy-skaly-a-sedla\/vyhliadka-na-kopci-lysa-pri-druzstevnej-nad-hornadom\/\"><span style=\"color:#FFFF00;\">Vyhliadka na kopci Lys\u00e1 ne\u010faleko obce Dru\u017estevn\u00e1 pri Horn\u00e1de<\/span><\/a><\/b><\/div><\/div><\/li>\n            <\/ul>\n        <\/div>\n        \n    <\/div>\n<\/div>\n<div class=\"su-divider su-divider-style-default\" style=\"margin:15px 0;border-width:3px;border-color:#000000\"><\/div>\n","protected":false},"excerpt":{"rendered":"<p>Podkateg\u00f3ria:<\/p>\n","protected":false},"author":1,"featured_media":0,"parent":11570,"menu_order":0,"comment_status":"closed","ping_status":"closed","template":"","meta":{"_uag_custom_page_level_css":"","_monsterinsights_skip_tracking":false,"_monsterinsights_sitenote_active":false,"_monsterinsights_sitenote_note":"","_monsterinsights_sitenote_category":0,"footnotes":""},"class_list":["post-19309","page","type-page","status-publish","hentry"],"featured_image_src":"","featured_image_src_square":false,"rbea_author_info":{"display_name":"admin","author_link":"https:\/\/www.keturist.sk\/info\/author\/admin\/"},"rbea_excerpt_info":"Podkateg\u00f3ria:","uagb_featured_image_src":{"full":false,"thumbnail":false,"medium":false,"medium_large":false,"large":false,"1536x1536":false,"2048x2048":false},"uagb_author_info":{"display_name":"admin","author_link":"https:\/\/www.keturist.sk\/info\/author\/admin\/"},"uagb_comment_info":0,"uagb_excerpt":"Podkateg\u00f3ria:","_links":{"self":[{"href":"https:\/\/www.keturist.sk\/info\/wp-json\/wp\/v2\/pages\/19309","targetHints":{"allow":["GET"]}}],"collection":[{"href":"https:\/\/www.keturist.sk\/info\/wp-json\/wp\/v2\/pages"}],"about":[{"href":"https:\/\/www.keturist.sk\/info\/wp-json\/wp\/v2\/types\/page"}],"author":[{"embeddable":true,"href":"https:\/\/www.keturist.sk\/info\/wp-json\/wp\/v2\/users\/1"}],"replies":[{"embeddable":true,"href":"https:\/\/www.keturist.sk\/info\/wp-json\/wp\/v2\/comments?post=19309"}],"version-history":[{"count":47,"href":"https:\/\/www.keturist.sk\/info\/wp-json\/wp\/v2\/pages\/19309\/revisions"}],"predecessor-version":[{"id":71916,"href":"https:\/\/www.keturist.sk\/info\/wp-json\/wp\/v2\/pages\/19309\/revisions\/71916"}],"up":[{"embeddable":true,"href":"https:\/\/www.keturist.sk\/info\/wp-json\/wp\/v2\/pages\/11570"}],"wp:attachment":[{"href":"https:\/\/www.keturist.sk\/info\/wp-json\/wp\/v2\/media?parent=19309"}],"curies":[{"name":"wp","href":"https:\/\/api.w.org\/{rel}","templated":true}]}}