{"id":15765,"date":"2016-01-30T12:46:45","date_gmt":"2016-01-30T11:46:45","guid":{"rendered":"https:\/\/www.keturist.sk\/info\/?page_id=15765"},"modified":"2026-02-02T18:40:08","modified_gmt":"2026-02-02T17:40:08","slug":"hrad-bukovec","status":"publish","type":"page","link":"https:\/\/www.keturist.sk\/info\/kam-za-pamiatkami\/kam-za-pamiatkami-smer-volovske-vrchy\/hrad-bukovec\/","title":{"rendered":"Hrad BUKOVEC &#8211; zr\u00facanina"},"content":{"rendered":"<a href=\"https:\/\/www.keturist.sk\/info\/\" class=\"su-button su-button-style-default\" style=\"color:#000000;background-color:#FFCF2F;border-color:#cca626;border-radius:5px\" target=\"_self\"><span style=\"color:#000000;padding:6px 16px;font-size:13px;line-height:20px;border-color:#ffde6e;border-radius:5px;text-shadow:none\"><i class=\"sui sui-arrow-right\" style=\"font-size:13px;color:#000000\"><\/i>  Spravodaj <\/span><\/a>\n<a href=\"https:\/\/www.keturist.sk\/info\/tipy-na-vylety\/\" class=\"su-button su-button-style-default\" style=\"color:#000000;background-color:#FFCF2F;border-color:#cca626;border-radius:5px\" target=\"_self\"><span style=\"color:#000000;padding:6px 16px;font-size:13px;line-height:20px;border-color:#ffde6e;border-radius:5px;text-shadow:none\"><i class=\"sui sui-arrow-right\" style=\"font-size:13px;color:#000000\"><\/i>  TIPY NA V\u00ddLETY <\/span><\/a>\n<a href=\"https:\/\/www.keturist.sk\/info\/kam-za-pamiatkami\/\" class=\"su-button su-button-style-default\" style=\"color:#000000;background-color:#FFCF2F;border-color:#cca626;border-radius:5px\" target=\"_self\"><span style=\"color:#000000;padding:6px 16px;font-size:13px;line-height:20px;border-color:#ffde6e;border-radius:5px;text-shadow:none\"><i class=\"sui sui-arrow-right\" style=\"font-size:13px;color:#000000\"><\/i>  Kam za pamiatkami <\/span><\/a>\n<a href=\"https:\/\/www.keturist.sk\/info\/kam-za-pamiatkami\/kam-za-pamiatkami-smer-volovske-vrchy\/\" class=\"su-button su-button-style-default\" style=\"color:#000000;background-color:#FFCF2F;border-color:#cca626;border-radius:5px\" target=\"_self\"><span style=\"color:#000000;padding:6px 16px;font-size:13px;line-height:20px;border-color:#ffde6e;border-radius:5px;text-shadow:none\"><i class=\"sui sui-arrow-right\" style=\"font-size:13px;color:#000000\"><\/i>  smer Volovsk\u00e9 vrchy <\/span><\/a>\n<div class=\"su-divider su-divider-style-default\" style=\"margin:15px 0;border-width:0px;border-color:#000000\"><\/div>\n<strong>Podkateg\u00f3ria: <\/strong> <a href=\"https:\/\/www.keturist.sk\/info\/kam-za-pamiatkami\/kam-za-pamiatkami-smer-volovske-vrchy\/hrady-a-kastiele\/\" class=\"su-button su-button-style-default\" style=\"color:#000000;background-color:#afd144;border-color:#8ca837;border-radius:5px\" target=\"_self\"><span style=\"color:#000000;padding:6px 16px;font-size:13px;line-height:20px;border-color:#c7df7d;border-radius:5px;text-shadow:none\"><i class=\"sui sui-arrow-right\" style=\"font-size:13px;color:#000000\"><\/i>  Hrady a ka\u0161tiele <\/span><\/a>\n<p><strong>Lokaliz\u00e1cia: <\/strong><a href=\"https:\/\/www.keturist.sk\/info\/okolite-hory\/volovske-vrchy\/\">Volovsk\u00e9 vrchy<\/a><\/p>\n<div class=\"su-divider su-divider-style-default\" style=\"margin:15px 0;border-width:2px;border-color:#000000\"><\/div>\n<figure id=\"attachment_36915\" aria-describedby=\"caption-attachment-36915\" style=\"width: 900px\" class=\"wp-caption aligncenter\"><a href=\"https:\/\/www.keturist.sk\/info\/wp-content\/uploads\/2020\/12\/bukovec-hrad1.jpg\"><img loading=\"lazy\" decoding=\"async\" class=\"wp-image-36915\" src=\"https:\/\/www.keturist.sk\/info\/wp-content\/uploads\/2020\/12\/bukovec-hrad1.jpg\" alt=\"Hrad BUKOVEC - zr\u00facanina\" width=\"900\" height=\"675\" srcset=\"https:\/\/www.keturist.sk\/info\/wp-content\/uploads\/2020\/12\/bukovec-hrad1.jpg 800w, https:\/\/www.keturist.sk\/info\/wp-content\/uploads\/2020\/12\/bukovec-hrad1-240x180.jpg 240w, https:\/\/www.keturist.sk\/info\/wp-content\/uploads\/2020\/12\/bukovec-hrad1-768x576.jpg 768w\" sizes=\"auto, (max-width: 900px) 100vw, 900px\" \/><\/a><figcaption id=\"caption-attachment-36915\" class=\"wp-caption-text\">Hrad BUKOVEC &#8211; zvy\u0161ky hlavnej ve\u017ee<\/figcaption><\/figure>\n<div class=\"su-divider su-divider-style-default\" style=\"margin:15px 0;border-width:2px;border-color:#000000\"><\/div>\n<h2 data-start=\"202\" data-end=\"259\"><span style=\"color: #800000;\">Poves\u0165 o v\u00edle a bratr\u00edckom vojakovi z hradu Bukovec<\/span><\/h2>\n<p data-start=\"261\" data-end=\"466\">V tich\u00fdch Volovsk\u00fdch vrchoch, nad obcou Bukovec, st\u00e1li kedysi <strong data-start=\"323\" data-end=\"361\">neve\u013ek\u00e9 kamenn\u00e9 m\u00fary hradu Bukovec<\/strong>. Hoci hrad nikdy nezohral ve\u013ek\u00fa \u00falohu v dejin\u00e1ch, rozpr\u00e1vaj\u00fa sa o \u0148om pr\u00edbehy, ktor\u00e9 pretrvali st\u00e1ro\u010dia.<\/p>\n<p data-start=\"468\" data-end=\"677\">Hovor\u00ed sa, \u017ee pri ruin\u00e1ch \u017eila <strong data-start=\"499\" data-end=\"512\">v\u00edla lesa<\/strong>, str\u00e1\u017eky\u0148a bukoveck\u00fdch vrchov, s vlasmi ako ticho lesa a o\u010dami \u017eiariacimi v mesa\u010dnom svetle. V\u00edla milovala pokoj, ale aj odvahu a \u010destnos\u0165 t\u00fdch, ktor\u00ed sem zav\u00edtali.<\/p>\n<p data-start=\"679\" data-end=\"929\">Jedn\u00e9ho ve\u010dera sa k hradu pribl\u00ed\u017eil <strong data-start=\"715\" data-end=\"740\">mlad\u00fd bratr\u00edcky vojak<\/strong>, \u010dlen dru\u017einy Jiskrovcov, ktor\u00e1 prepad\u00e1vala t\u00e1bory a strategick\u00e9 miesta v okol\u00ed Ko\u0161\u00edc. V jeho o\u010diach v\u0161ak v\u00edla uvidela \u010dist\u00e9 srdce a odvahu, ktor\u00e1 nebola len bojom a chamtivos\u0165ou naplnen\u00e1.<\/p>\n<p data-start=\"931\" data-end=\"1320\">V\u00edla sa mu zjavila pri ruin\u00e1ch a \u0161epkala mu tajomn\u00e9 rady, ako <strong data-start=\"993\" data-end=\"1066\">chr\u00e1ni\u0165 hrad a jeho tich\u00e9 z\u00e1kutia pred zni\u010den\u00edm \u010di zneu\u017eit\u00edm dru\u017einou<\/strong>. V\u010faka jej varovaniam vojak ochr\u00e1nil <strong data-start=\"1104\" data-end=\"1131\">tajomstv\u00e1 hradu a lesov<\/strong>, ktor\u00e9 mali zosta\u0165 nedotknut\u00e9. Na pamiatku mu v\u00edla zanechala <strong data-start=\"1193\" data-end=\"1261\">mal\u00fd poklad \u2013 truhli\u010dku so strieborn\u00fdmi mincami a listami z lesa<\/strong>, pripomienku, \u017ee odvaha a \u010destnos\u0165 s\u00fa cennej\u0161ie ne\u017e zlato.<\/p>\n<p data-start=\"1322\" data-end=\"1610\">Hrad Bukovec zanikol na rozhran\u00ed 15. a 16. storo\u010dia, no legenda vrav\u00ed, \u017ee <strong data-start=\"1396\" data-end=\"1426\">v\u00edla st\u00e1le bdie nad horami<\/strong>. Kto sa pri ruin\u00e1ch zastav\u00ed s \u00factou a \u010dist\u00fdm \u00famyslom, mo\u017eno zac\u00edti jemn\u00fd lesn\u00fd z\u00e1van a poh\u013ead dobrej str\u00e1\u017ekyne, ktor\u00e1 st\u00e1le str\u00e1\u017ei miesto a spomienky na stato\u010dn\u00e9ho bratr\u00edckeho vojaka.<\/p>\n<h2 dir=\"auto\"><span style=\"color: #800000;\">Kde presne sa nach\u00e1dza hrad Bukovec? <\/span><\/h2>\n<p dir=\"auto\"><strong>Hrad Bukovec<\/strong> s\u00fa zvy\u0161ky neve\u013ek\u00e9ho stredovek\u00e9ho hradu vo <strong>Volovsk\u00fdch vrchoch<\/strong> (podcelok Holi\u010dka) v nadmorskej v\u00fd\u0161ke pribli\u017ene <strong>440 m n. m.<\/strong>. Le\u017e\u00ed z\u00e1padne od obce Bukovec a ju\u017ene od ve\u013ekej <strong>Bukoveckej umelej n\u00e1dr\u017ee<\/strong>, ktor\u00e1 sl\u00fa\u017ei ako z\u00e1sob\u00e1re\u0148 pitnej vody pre Ko\u0161ice a okolie. Samotn\u00e1 n\u00e1dr\u017e nie je pr\u00edstupn\u00e1 verejnosti.<\/p>\n<h2 dir=\"auto\"><span style=\"color: #800000;\">Ak\u00e9 je historick\u00e9 pozadie hradu Bukovec? <\/span><\/h2>\n<p dir=\"auto\"><strong>Hrad Bukovec<\/strong> sa prv\u00fdkr\u00e1t spom\u00edna u\u017e v roku <strong>1330<\/strong> v s\u00favislosti s panstvom \u0160tefana \u010curku (ma\u010f. Istv\u00e1n Csirke Churka \/ Cyhrke \/ Chyrke) z rodu Aba. Ide o <strong>mal\u00fd kamenn\u00fd hrad<\/strong> z konca 12. storo\u010dia \u2013 kamenn\u00e9 hrady sa na na\u0161om \u00fazem\u00ed za\u010dali stava\u0165 najm\u00e4 po tat\u00e1rskom (spr\u00e1vne mongolskom) vp\u00e1de v roku 1241. Hrad nikdy nezohral v\u00fdznamn\u00fa \u00falohu v dejin\u00e1ch.<\/p>\n<p dir=\"auto\">Vlastnili ho \u010curkovci z Malej Idy a\u017e do roku 1401, ke\u010f ho spolu s obcami Bukovec a H\u00fd\u013eov prevzal do svojho majetku kr\u00e1\u013e <strong>\u017digmund Luxembursk\u00fd<\/strong> (<em>1368 \u2013 +1437<\/em>). V roku 1427 ho kr\u00e1\u013e \u017digmund dal do dr\u017eby zemanovi \u0160ebastianovi z Ge\u010de (Sebastian de Gecche \/ Geche). Hrad pravdepodobne zanikol na rozhran\u00ed 15. a 16. storo\u010dia, v obdob\u00ed tzv. hradoborectva.<\/p>\n<h2 dir=\"auto\"><span style=\"color: #800000;\">Ako vyzeral hrad Bukovec a \u010do z neho zostalo? <\/span><\/h2>\n<p dir=\"auto\">Bol to typick\u00fd <strong>mal\u00fd kamenn\u00fd hrad<\/strong> zo za\u010diatku vrcholn\u00e9ho stredoveku. Dominantou bola <strong>ov\u00e1lna obytn\u00e1 ve\u017ea<\/strong> s priemerom pribli\u017ene <strong>17\u201320 m<\/strong> a hr\u00fabkou muriva a\u017e <strong>2,5 m<\/strong>. Cel\u00fa plo\u0161inu obklopoval asi <strong>1,5 m hrub\u00fd obrann\u00fd m\u00far<\/strong>. Pred n\u00edm sa nach\u00e1dzala ve\u013ek\u00e1 <strong>priekopa<\/strong>, na ju\u017enej strane premosten\u00e1 n\u00e1stupn\u00fdm pahorkom.<\/p>\n<p dir=\"auto\">Dnes sa zachovala najm\u00e4 <strong>ve\u013ek\u00e1 priekopa<\/strong>, zvy\u0161ky <strong>obvodov\u00e9ho opevnenia ov\u00e1lneho tvaru<\/strong> a z\u00e1klady ve\u017eovitej stavby. \u017dia\u013e, cel\u00e1 severn\u00e1 \u010das\u0165 hradiska s valom bola v roku 1973 odstr\u00e1nen\u00e1 pri stavbe lesnej cesty pre <strong>Bukovsk\u00fa umel\u00fa n\u00e1dr\u017e<\/strong>.<\/p>\n<h2 dir=\"auto\"><span style=\"color: #800000;\">Pre\u010do na hrade Bukovec e\u0161te nebol archeologick\u00fd v\u00fdskum? <\/span><\/h2>\n<p dir=\"auto\">Na <strong>hrade Bukovec<\/strong> doteraz nebol vykonan\u00fd \u017eiadny archeologick\u00fd v\u00fdskum.<\/p>\n<h2 dir=\"auto\"><span style=\"color: #800000;\">Ak\u00e9 s\u00fa najkraj\u0161ie v\u00fdh\u013eady z hradu Bukovec? <\/span><\/h2>\n<p dir=\"auto\">Z okraja hradn\u00e9ho v\u0155\u0161ku sa naskyt\u00e1 <strong>kr\u00e1sny v\u00fdh\u013ead<\/strong> na hr\u00e1dzu a \u010das\u0165 <strong>Bukoveckej umelej n\u00e1dr\u017ee<\/strong>. Pozor \u2013 priehrada je str\u00e1\u017een\u00e1 a s\u00fa na nej umiestnen\u00e9 kamery.<\/p>\n<h2 dir=\"auto\"><span style=\"color: #800000;\">Ako sa naj\u013eah\u0161ie dosta\u0165 na hrad Bukovec? <\/span><\/h2>\n<p dir=\"auto\">Najr\u00fdchlej\u0161ia a najpr\u00edjemnej\u0161ia cesta vedie po <strong>modrej turistickej zna\u010dke<\/strong>. Od r\u00e1zcestn\u00edka <strong>Bukovec vodn\u00e1 n\u00e1dr\u017e<\/strong> (365 m n. m.) to trv\u00e1 pribli\u017ene <strong>10 min\u00fat<\/strong> v smere na obec \u0160em\u0161a.<\/p>\n<p dir=\"auto\">Hrad sa nach\u00e1dza v prudkej z\u00e1krute lesnej cesty \u2013 za touto z\u00e1krutou modr\u00e1 zna\u010dka odbo\u010duje doprava na u\u017e\u0161\u00ed lesn\u00fd chodn\u00ed\u010dek.<\/p>\n<h2><span style=\"color: #800000; font-size: 24px;\">Fotogal\u00e9ria<\/span><\/h2>\n<style type=\"text\/css\">\n#foogallery-gallery-72347 .fg-image { width: 200px; }<\/style>\n\t\t\t<div class=\"foogallery foogallery-container foogallery-carousel foogallery-lightbox-foogallery fg-carousel fg-ready fg-light fg-border-medium fg-round-small fg-shadow-medium fg-loading-default fg-loaded-fade-in fg-hover-semi-zoomed fg-hover-fade fg-hover-circle-plus2\" id=\"foogallery-gallery-72347\" data-foogallery=\"{&quot;item&quot;:{&quot;showCaptionTitle&quot;:true,&quot;showCaptionDescription&quot;:true},&quot;lazy&quot;:true,&quot;template&quot;:{&quot;maxItems&quot;:5,&quot;scale&quot;:0.11999999999999999555910790149937383830547332763671875,&quot;gutter&quot;:{&quot;min&quot;:-40,&quot;max&quot;:-20,&quot;unit&quot;:&quot;%&quot;},&quot;autoplay&quot;:{&quot;time&quot;:0,&quot;interaction&quot;:&quot;pause&quot;},&quot;centerOnClick&quot;:true,&quot;align&quot;:&quot;center&quot;,&quot;activePosition&quot;:&quot;center&quot;}}\" data-foogallery-lightbox=\"{&quot;thumbs&quot;:&quot;bottom&quot;,&quot;thumbsCaptions&quot;:false,&quot;thumbsBestFit&quot;:false,&quot;thumbsSmall&quot;:false,&quot;thumbsCaptionsAlign&quot;:&quot;default&quot;,&quot;info&quot;:&quot;bottom&quot;,&quot;infoVisible&quot;:true,&quot;infoOverlay&quot;:true,&quot;infoAlign&quot;:&quot;default&quot;,&quot;transition&quot;:&quot;fade&quot;,&quot;hoverButtons&quot;:false,&quot;fitMedia&quot;:false,&quot;noScrollbars&quot;:true,&quot;preserveButtonSpace&quot;:true,&quot;buttons&quot;:{&quot;fullscreen&quot;:true,&quot;info&quot;:true,&quot;thumbs&quot;:false},&quot;video&quot;:{&quot;autoPlay&quot;:true}}\" style=\"--fg-title-line-clamp: 1; --fg-description-line-clamp: 2;\" >\n\t<button type=\"button\" class=\"fg-carousel-prev\" title=\"Previous\"><\/button>\n\t<div class=\"fg-carousel-inner\">\n\t\t<div class=\"fg-carousel-center\"><\/div>\n\t\t<div class=\"fg-item fg-type-image fg-idle\"><figure class=\"fg-item-inner\"><a href=\"https:\/\/www.keturist.sk\/info\/wp-content\/uploads\/2020\/12\/bukovec-hrad3.jpg\" data-caption-title=\"Hrad BUKOVEC \u2013 zr\u00facanina\" data-caption-desc=\"Hrad Bukovec \u2013 poh\u013ead z hradu\" data-attachment-id=\"36917\" data-type=\"image\" class=\"fg-thumb\"><span class=\"fg-image-wrap\"><img decoding=\"async\" alt=\"Hrad BUKOVEC \u2013 zr\u00facanina\" title=\"Hrad BUKOVEC \u2013 zr\u00facanina\" width=\"200\" height=\"200\" class=\"skip-lazy fg-image\" data-src-fg=\"https:\/\/www.keturist.sk\/info\/wp-content\/uploads\/cache\/2020\/12\/bukovec-hrad3\/1593846837.jpg\" src=\"data:image\/svg+xml,%3Csvg%20xmlns%3D%22http%3A%2F%2Fwww.w3.org%2F2000%2Fsvg%22%20width%3D%22200%22%20height%3D%22200%22%20viewBox%3D%220%200%20200%20200%22%3E%3C%2Fsvg%3E\" loading=\"eager\"><\/span><span class=\"fg-image-overlay\"><\/span><\/a><figcaption class=\"fg-caption\"><div class=\"fg-caption-inner\"><div class=\"fg-caption-title\">Hrad BUKOVEC \u2013 zr\u00facanina<\/div><div class=\"fg-caption-desc\">Hrad Bukovec \u2013 poh\u013ead z hradu<\/div><\/div><\/figcaption><\/figure><div class=\"fg-loader\"><\/div><\/div><div class=\"fg-item fg-type-image fg-idle\"><figure class=\"fg-item-inner\"><a href=\"https:\/\/www.keturist.sk\/info\/wp-content\/uploads\/2020\/12\/bukovec-hrad2.jpg\" data-caption-title=\"Hrad BUKOVEC \u2013 zr\u00facanina\" data-caption-desc=\"Hrad Bukovec \u2013 hradn\u00e1 priekopa\" data-attachment-id=\"36916\" data-type=\"image\" class=\"fg-thumb\"><span class=\"fg-image-wrap\"><img decoding=\"async\" alt=\"Hrad BUKOVEC \u2013 zr\u00facanina\" title=\"Hrad BUKOVEC \u2013 zr\u00facanina\" width=\"200\" height=\"200\" class=\"skip-lazy fg-image\" data-src-fg=\"https:\/\/www.keturist.sk\/info\/wp-content\/uploads\/cache\/2020\/12\/bukovec-hrad2\/1421294228.jpg\" src=\"data:image\/svg+xml,%3Csvg%20xmlns%3D%22http%3A%2F%2Fwww.w3.org%2F2000%2Fsvg%22%20width%3D%22200%22%20height%3D%22200%22%20viewBox%3D%220%200%20200%20200%22%3E%3C%2Fsvg%3E\" loading=\"eager\"><\/span><span class=\"fg-image-overlay\"><\/span><\/a><figcaption class=\"fg-caption\"><div class=\"fg-caption-inner\"><div class=\"fg-caption-title\">Hrad BUKOVEC \u2013 zr\u00facanina<\/div><div class=\"fg-caption-desc\">Hrad Bukovec \u2013 hradn\u00e1 priekopa<\/div><\/div><\/figcaption><\/figure><div class=\"fg-loader\"><\/div><\/div><div class=\"fg-item fg-type-image fg-idle\"><figure class=\"fg-item-inner\"><a href=\"https:\/\/www.keturist.sk\/info\/wp-content\/uploads\/2020\/12\/bukovec-hrad1.jpg\" data-caption-title=\"Hrad BUKOVEC \u2013 zr\u00facanina\" data-caption-desc=\"Hrad BUKOVEC \u2013 zvy\u0161ky hlavnej ve\u017ee\" data-attachment-id=\"36915\" data-type=\"image\" class=\"fg-thumb\"><span class=\"fg-image-wrap\"><img decoding=\"async\" alt=\"Hrad BUKOVEC \u2013 zr\u00facanina\" title=\"Hrad BUKOVEC \u2013 zr\u00facanina\" width=\"200\" height=\"200\" class=\"skip-lazy fg-image\" data-src-fg=\"https:\/\/www.keturist.sk\/info\/wp-content\/uploads\/cache\/2020\/12\/bukovec-hrad1\/3744643389.jpg\" src=\"data:image\/svg+xml,%3Csvg%20xmlns%3D%22http%3A%2F%2Fwww.w3.org%2F2000%2Fsvg%22%20width%3D%22200%22%20height%3D%22200%22%20viewBox%3D%220%200%20200%20200%22%3E%3C%2Fsvg%3E\" loading=\"eager\"><\/span><span class=\"fg-image-overlay\"><\/span><\/a><figcaption class=\"fg-caption\"><div class=\"fg-caption-inner\"><div class=\"fg-caption-title\">Hrad BUKOVEC \u2013 zr\u00facanina<\/div><div class=\"fg-caption-desc\">Hrad BUKOVEC \u2013 zvy\u0161ky hlavnej ve\u017ee<\/div><\/div><\/figcaption><\/figure><div class=\"fg-loader\"><\/div><\/div><div class=\"fg-item fg-type-image fg-idle\"><figure class=\"fg-item-inner\"><a href=\"https:\/\/www.keturist.sk\/info\/wp-content\/uploads\/2020\/12\/bukovec-hrad4.jpg\" data-caption-title=\"Hrad BUKOVEC \u2013 zr\u00facanina\" data-caption-desc=\"Bukoveck\u00fa umel\u00fa n\u00e1dr\u017e (hr\u00e1dza) a v \u013eavo kopec, kde sa nach\u00e1dza hrad Bukovec\" data-attachment-id=\"36918\" data-type=\"image\" class=\"fg-thumb\"><span class=\"fg-image-wrap\"><img decoding=\"async\" alt=\"Hrad BUKOVEC \u2013 zr\u00facanina\" title=\"Hrad BUKOVEC \u2013 zr\u00facanina\" width=\"200\" height=\"200\" class=\"skip-lazy fg-image\" data-src-fg=\"https:\/\/www.keturist.sk\/info\/wp-content\/uploads\/cache\/2020\/12\/bukovec-hrad4\/908994440.jpg\" src=\"data:image\/svg+xml,%3Csvg%20xmlns%3D%22http%3A%2F%2Fwww.w3.org%2F2000%2Fsvg%22%20width%3D%22200%22%20height%3D%22200%22%20viewBox%3D%220%200%20200%20200%22%3E%3C%2Fsvg%3E\" loading=\"eager\"><\/span><span class=\"fg-image-overlay\"><\/span><\/a><figcaption class=\"fg-caption\"><div class=\"fg-caption-inner\"><div class=\"fg-caption-title\">Hrad BUKOVEC \u2013 zr\u00facanina<\/div><div class=\"fg-caption-desc\">Bukoveck\u00fa umel\u00fa n\u00e1dr\u017e (hr\u00e1dza) a v \u013eavo kopec, kde sa nach\u00e1dza hrad Bukovec<\/div><\/div><\/figcaption><\/figure><div class=\"fg-loader\"><\/div><\/div><div class=\"fg-item fg-type-image fg-idle\"><figure class=\"fg-item-inner\"><a href=\"https:\/\/www.keturist.sk\/info\/wp-content\/uploads\/2025\/12\/hrad-bukovec-OLD.png\" data-caption-title=\"Hrad BUKOVEC \u2013 zr\u00facanina\" data-caption-desc=\"Hrad BUKOVEC \u2013 13 . storo\u010die\" data-attachment-id=\"72350\" data-type=\"image\" class=\"fg-thumb\"><span class=\"fg-image-wrap\"><img decoding=\"async\" alt=\"Hrad BUKOVEC \u2013 zr\u00facanina\" title=\"Hrad BUKOVEC \u2013 zr\u00facanina\" width=\"200\" height=\"200\" class=\"skip-lazy fg-image\" data-src-fg=\"https:\/\/www.keturist.sk\/info\/wp-content\/uploads\/cache\/2025\/12\/hrad-bukovec-OLD\/3505642972.png\" src=\"data:image\/svg+xml,%3Csvg%20xmlns%3D%22http%3A%2F%2Fwww.w3.org%2F2000%2Fsvg%22%20width%3D%22200%22%20height%3D%22200%22%20viewBox%3D%220%200%20200%20200%22%3E%3C%2Fsvg%3E\" loading=\"eager\"><\/span><span class=\"fg-image-overlay\"><\/span><\/a><figcaption class=\"fg-caption\"><div class=\"fg-caption-inner\"><div class=\"fg-caption-title\">Hrad BUKOVEC \u2013 zr\u00facanina<\/div><div class=\"fg-caption-desc\">Hrad BUKOVEC \u2013 13 . storo\u010die<\/div><\/div><\/figcaption><\/figure><div class=\"fg-loader\"><\/div><\/div>\t<\/div>\n\t<div class=\"fg-carousel-bottom\"><\/div>\n\t<div class=\"fg-carousel-progress\"><\/div>\n\t<button type=\"button\" class=\"fg-carousel-next\" title=\"Next\"><\/button>\n<\/div>\n<h2><span style=\"color: #800000;\">Zauj\u00edmav\u00e9 odkazy<\/span><\/h2>\n<h3><span style=\"color: #808000;\">Bl\u00edzke stredisko, turistick\u00e9 centrum, obec alebo mesto:<\/span><\/h3>\n<ul>\n<li><a href=\"https:\/\/www.keturist.sk\/info\/smer-volovske-vrchy\/obec-bukovec-rekreacna-oblast-bukovec\/\">Obec Bukovec (\u010d\u00edtaj viac&#8230;)<\/a><\/li>\n<\/ul>\n<h2><span style=\"color: #800000;\">Mapy<\/span><\/h2>\n<p><strong>Vrstvy: <\/strong>Turistick\u00e1 mapa, Automapa, Cyklomapa, Ly\u017eiarska mapa, Satelitn\u00e1 mapa a OpenStreetMap.<\/p>\n<p><strong>Kliknut\u00edm na logo &#8222;Freemap.sk&#8220; sa V\u00e1m mapa zobraz\u00ed na celej ploche obrazovky.<\/strong><\/p>\n<p><iframe style=\"width: 900px; height: 500px; border: 0;\" src=\"https:\/\/www.freemap.sk\/?map=15\/48.715134\/21.128361&amp;info-point=48.715134\/21.128361,Hrad BUKOVEC - zr\u00facanina&amp;layers=X&amp;embed=search\" allowfullscreen=\"allowfullscreen\"><span data-mce-type=\"bookmark\" style=\"display: inline-block; width: 0px; overflow: hidden; line-height: 0;\" class=\"mce_SELRES_start\">\ufeff<\/span><span data-mce-type=\"bookmark\" style=\"display: inline-block; width: 0px; overflow: hidden; line-height: 0;\" class=\"mce_SELRES_start\">\ufeff<\/span><\/iframe><\/p>\n<h2><span style=\"color: #800000;\">Po\u010dasie<\/span><\/h2>\n<p><iframe style=\"width: 900px; height: 605px;\" src=\"https:\/\/www.meteoblue.com\/sk\/po%C4%8Dasie\/widget\/three\/bukovec_slovensk%c3%a1-republika_725047?geoloc=fixed&amp;nocurrent=0&amp;noforecast=0&amp;days=5&amp;tempunit=CELSIUS&amp;windunit=KILOMETER_PER_HOUR&amp;layout=image\" frameborder=\"0\" scrolling=\"NO\" sandbox=\"allow-same-origin allow-scripts allow-popups allow-popups-to-escape-sandbox\"><\/iframe><\/p>\n<div><!-- DO NOT REMOVE THIS LINK --><a href=\"https:\/\/www.meteoblue.com\/sk\/po%C4%8Dasie\/predpove%C4%8F\/t%C3%BD%C5%BEde%C5%88\/bukovec_slovensk%c3%a1-republika_725047?utm_source=weather_widget&amp;utm_medium=linkus&amp;utm_content=three&amp;utm_campaign=Weather%2BWidget\" target=\"_blank\" rel=\"noopener noreferrer\">meteoblue<\/a><\/div>\n","protected":false},"excerpt":{"rendered":"<p>Podkateg\u00f3ria: Lokaliz\u00e1cia: Volovsk\u00e9 vrchy Poves\u0165 o v\u00edle a bratr\u00edckom vojakovi z hradu Bukovec V tich\u00fdch Volovsk\u00fdch vrchoch, nad obcou Bukovec, st\u00e1li kedysi neve\u013ek\u00e9 kamenn\u00e9 m\u00fary hradu Bukovec. Hoci hrad nikdy [&hellip;]<\/p>\n","protected":false},"author":1,"featured_media":36915,"parent":11613,"menu_order":0,"comment_status":"closed","ping_status":"closed","template":"","meta":{"_uag_custom_page_level_css":"","_monsterinsights_skip_tracking":false,"_monsterinsights_sitenote_active":false,"_monsterinsights_sitenote_note":"","_monsterinsights_sitenote_category":0,"footnotes":""},"class_list":["post-15765","page","type-page","status-publish","has-post-thumbnail","hentry"],"featured_image_src":"https:\/\/www.keturist.sk\/info\/wp-content\/uploads\/2020\/12\/bukovec-hrad1.jpg","featured_image_src_square":"https:\/\/www.keturist.sk\/info\/wp-content\/uploads\/2020\/12\/bukovec-hrad1.jpg","rbea_author_info":{"display_name":"admin","author_link":"https:\/\/www.keturist.sk\/info\/author\/admin\/"},"rbea_excerpt_info":"Podkateg\u00f3ria: Lokaliz\u00e1cia: Volovsk\u00e9 vrchy Poves\u0165 o v\u00edle a bratr\u00edckom vojakovi z hradu Bukovec V tich\u00fdch Volovsk\u00fdch vrchoch, nad obcou Bukovec, st\u00e1li kedysi neve\u013ek\u00e9 kamenn\u00e9 m\u00fary hradu Bukovec. Hoci hrad nikdy [&hellip;]","uagb_featured_image_src":{"full":["https:\/\/www.keturist.sk\/info\/wp-content\/uploads\/2020\/12\/bukovec-hrad1.jpg",800,600,false],"thumbnail":["https:\/\/www.keturist.sk\/info\/wp-content\/uploads\/2020\/12\/bukovec-hrad1-240x180.jpg",240,180,true],"medium":["https:\/\/www.keturist.sk\/info\/wp-content\/uploads\/2020\/12\/bukovec-hrad1.jpg",800,600,false],"medium_large":["https:\/\/www.keturist.sk\/info\/wp-content\/uploads\/2020\/12\/bukovec-hrad1-768x576.jpg",768,576,true],"large":["https:\/\/www.keturist.sk\/info\/wp-content\/uploads\/2020\/12\/bukovec-hrad1.jpg",800,600,false],"1536x1536":["https:\/\/www.keturist.sk\/info\/wp-content\/uploads\/2020\/12\/bukovec-hrad1.jpg",800,600,false],"2048x2048":["https:\/\/www.keturist.sk\/info\/wp-content\/uploads\/2020\/12\/bukovec-hrad1.jpg",800,600,false]},"uagb_author_info":{"display_name":"admin","author_link":"https:\/\/www.keturist.sk\/info\/author\/admin\/"},"uagb_comment_info":0,"uagb_excerpt":"Podkateg\u00f3ria: Lokaliz\u00e1cia: Volovsk\u00e9 vrchy Poves\u0165 o v\u00edle a bratr\u00edckom vojakovi z hradu Bukovec V tich\u00fdch Volovsk\u00fdch vrchoch, nad obcou Bukovec, st\u00e1li kedysi neve\u013ek\u00e9 kamenn\u00e9 m\u00fary hradu Bukovec. Hoci hrad nikdy [&hellip;]","_links":{"self":[{"href":"https:\/\/www.keturist.sk\/info\/wp-json\/wp\/v2\/pages\/15765","targetHints":{"allow":["GET"]}}],"collection":[{"href":"https:\/\/www.keturist.sk\/info\/wp-json\/wp\/v2\/pages"}],"about":[{"href":"https:\/\/www.keturist.sk\/info\/wp-json\/wp\/v2\/types\/page"}],"author":[{"embeddable":true,"href":"https:\/\/www.keturist.sk\/info\/wp-json\/wp\/v2\/users\/1"}],"replies":[{"embeddable":true,"href":"https:\/\/www.keturist.sk\/info\/wp-json\/wp\/v2\/comments?post=15765"}],"version-history":[{"count":8,"href":"https:\/\/www.keturist.sk\/info\/wp-json\/wp\/v2\/pages\/15765\/revisions"}],"predecessor-version":[{"id":73763,"href":"https:\/\/www.keturist.sk\/info\/wp-json\/wp\/v2\/pages\/15765\/revisions\/73763"}],"up":[{"embeddable":true,"href":"https:\/\/www.keturist.sk\/info\/wp-json\/wp\/v2\/pages\/11613"}],"wp:featuredmedia":[{"embeddable":true,"href":"https:\/\/www.keturist.sk\/info\/wp-json\/wp\/v2\/media\/36915"}],"wp:attachment":[{"href":"https:\/\/www.keturist.sk\/info\/wp-json\/wp\/v2\/media?parent=15765"}],"curies":[{"name":"wp","href":"https:\/\/api.w.org\/{rel}","templated":true}]}}